{"id":21963,"date":"2023-09-18T16:36:17","date_gmt":"2023-09-18T14:36:17","guid":{"rendered":"https:\/\/edublog.educastur.es\/ixuxu\/?page_id=21963"},"modified":"2023-09-18T16:36:17","modified_gmt":"2023-09-18T14:36:17","slug":"mirasturies","status":"publish","type":"page","link":"https:\/\/edublog.educastur.es\/ixuxu\/tv\/mirasturies\/","title":{"rendered":"MirAsturies"},"content":{"rendered":"<p style=\"text-align: center\"><a href=\"https:\/\/www.rtpa.es\/fotos\/\/10\/07\/20100722132004_mirasturies.jpg\"><img loading=\"lazy\" decoding=\"async\" class=\"aligncenter size-full\" src=\"https:\/\/www.rtpa.es\/fotos\/\/10\/07\/20100722132004_mirasturies.jpg\" width=\"320\" height=\"240\" \/><\/a><\/p>\n<ul>\n<li>Enllaz a TPA<\/li>\n<\/ul>\n<p style=\"text-align: center\"><span style=\"color: #008080\"><strong><span style=\"font-size: 20px\">Documentales sobre temes relacionados con Asturies.<\/span><\/strong><\/span><\/p>\n<p>&nbsp;<\/p>\n<div id=\"temporadas\">\n<div class=\"col-xs-12\">\n<h1 class=\"text-trans-u display-b font-weight-b font-size-m color-w-090\">M\u00e1s de Mirasturies: el pas\u00e1u reci\u00e9n<\/h1>\n<\/div>\n<div class=\"col-xs-12 padding-t-10\">\n<header class=\"display-t width-0100 padding-t-8 padding-b-8\">\n<div class=\"display-tc vertical-align-m\"><span class=\"display-b font-weight-b font-size-m color-w-090\">Mirasturies: el pas\u00e1u reci\u00e9n 2011<\/span><span id=\"numero_en_archivo numero_en_archivo_2011\" class=\"display-b font-weight-b font-size-m  color-w-060\">57 programas<\/span><\/div>\n<div class=\"display-tc vertical-align-m text-align-r\"><\/div>\n<\/header>\n<div class=\"table-responsive content-temporada font-size-m border-l-2 border-color-w-0100 border-solid\" data-temporada=\"2011\">\n<table id=\"ac_archive ac_archive_2011\" class=\"width-0100\" style=\"width: 67.8066%;height: 1718px\">\n<thead>\n<tr class=\"border-b-1 border-solid  border-color-w-020 font-size-xs\">\n<th class=\"padding-t-5 padding-b-5 padding-l-10 font-weight-b text-trans-u  color-w-080\">Programa<\/th>\n<th class=\"padding-t-5 padding-b-5 font-weight-b text-trans-u color-w-080\">Duraci\u00f3n<\/th>\n<th class=\"padding-t-5 padding-b-5 font-weight-b text-trans-u color-w-080\">Emisi\u00f3n<\/th>\n<th class=\"padding-t-5 padding-b-5 font-weight-b text-trans-u color-w-080 text-align-r\"><\/th>\n<\/tr>\n<\/thead>\n<tbody>\n<tr class=\"border-b-1 border-solid  border-color-w-020 \">\n<td class=\"padding-t-8 padding-b-8 padding-r-5 padding-l-10\"><span style=\"font-size: 20px\"><a class=\"enlace-programa-temporada\" href=\"https:\/\/www.rtpa.es\/video:Mirasturies: el pasau recien_551323992927.html\"> Obras son amores<\/a><\/span><\/td>\n<td class=\"padding-t-8 padding-b-8 color-w-080\">50 mins.<\/td>\n<td class=\"padding-t-8 padding-b-8 color-w-080\">15 dic. 2011<\/td>\n<td class=\"padding-t-8 padding-b-8 text-align-r td-valoracion color-w-080\"><\/td>\n<\/tr>\n<tr class=\"border-b-1 border-solid  border-color-w-020 \">\n<td class=\"padding-t-8 padding-b-8 padding-r-5 padding-l-10\"><span style=\"font-size: 20px\"><a class=\"enlace-programa-temporada\" href=\"https:\/\/www.rtpa.es\/video:Mirasturies: el pasau recien_551323906318.html\"> Tal como \u00e9ramos. Eran tiempos duros, II<\/a><\/span><\/td>\n<td class=\"padding-t-8 padding-b-8 color-w-080\">50 mins.<\/td>\n<td class=\"padding-t-8 padding-b-8 color-w-080\">14 dic. 2011<\/td>\n<td class=\"padding-t-8 padding-b-8 text-align-r td-valoracion color-w-080\"><\/td>\n<\/tr>\n<tr class=\"border-b-1 border-solid  border-color-w-020 \">\n<td class=\"padding-t-8 padding-b-8 padding-r-5 padding-l-10\"><span style=\"font-size: 20px\"><a class=\"enlace-programa-temporada\" href=\"https:\/\/www.rtpa.es\/video:Mirasturies: el pasau recien_551323877696.html\"> Instrumentos musicales de Asturias<\/a><\/span><\/td>\n<td class=\"padding-t-8 padding-b-8 color-w-080\">50 mins.<\/td>\n<td class=\"padding-t-8 padding-b-8 color-w-080\">13 dic. 2011<\/td>\n<td class=\"padding-t-8 padding-b-8 text-align-r td-valoracion color-w-080\"><\/td>\n<\/tr>\n<tr class=\"border-b-1 border-solid  border-color-w-020 \">\n<td class=\"padding-t-8 padding-b-8 padding-r-5 padding-l-10\"><span style=\"font-size: 20px\"><a class=\"enlace-programa-temporada\" href=\"https:\/\/www.rtpa.es\/video:Mirasturies: el pasau recien_551323387802.html\"> Tal como \u00e9ramos. Asturias en cambio, I<\/a><\/span><\/td>\n<td class=\"padding-t-8 padding-b-8 color-w-080\">50 mins.<\/td>\n<td class=\"padding-t-8 padding-b-8 color-w-080\">08 dic. 2011<\/td>\n<td class=\"padding-t-8 padding-b-8 text-align-r td-valoracion color-w-080\"><\/td>\n<\/tr>\n<tr class=\"border-b-1 border-solid  border-color-w-020 \">\n<td class=\"padding-t-8 padding-b-8 padding-r-5 padding-l-10\"><span style=\"font-size: 20px\"><a class=\"enlace-programa-temporada\" href=\"https:\/\/www.rtpa.es\/video:Mirasturies: el pasau recien_551323214460.html\"> R\u00edos d&#8217;Asturies<\/a><\/span><\/td>\n<td class=\"padding-t-8 padding-b-8 color-w-080\">50 mins.<\/td>\n<td class=\"padding-t-8 padding-b-8 color-w-080\">06 dic. 2011<\/td>\n<td class=\"padding-t-8 padding-b-8 text-align-r td-valoracion color-w-080\"><\/td>\n<\/tr>\n<tr class=\"border-b-1 border-solid  border-color-w-020 \">\n<td class=\"padding-t-8 padding-b-8 padding-r-5 padding-l-10\"><span style=\"font-size: 20px\"><a class=\"enlace-programa-temporada\" href=\"https:\/\/www.rtpa.es\/video:Mirasturies: el pasau recien_551322696010.html\"> Indumentaria tradicional, I<\/a><\/span><\/td>\n<td class=\"padding-t-8 padding-b-8 color-w-080\">50 mins.<\/td>\n<td class=\"padding-t-8 padding-b-8 color-w-080\">30 nov. 2011<\/td>\n<td class=\"padding-t-8 padding-b-8 text-align-r td-valoracion color-w-080\"><\/td>\n<\/tr>\n<tr class=\"border-b-1 border-solid  border-color-w-020 \">\n<td class=\"padding-t-8 padding-b-8 padding-r-5 padding-l-10\"><span style=\"font-size: 20px\"><a class=\"enlace-programa-temporada\" href=\"https:\/\/www.rtpa.es\/video:Mirasturies: el pasau recien_551322609721.html\"> Costera del bonitu<\/a><\/span><\/td>\n<td class=\"padding-t-8 padding-b-8 color-w-080\">50 mins.<\/td>\n<td class=\"padding-t-8 padding-b-8 color-w-080\">29 nov. 2011<\/td>\n<td class=\"padding-t-8 padding-b-8 text-align-r td-valoracion color-w-080\"><\/td>\n<\/tr>\n<tr class=\"border-b-1 border-solid  border-color-w-020 \">\n<td class=\"padding-t-8 padding-b-8 padding-r-5 padding-l-10\"><span style=\"font-size: 20px\"><a class=\"enlace-programa-temporada\" href=\"https:\/\/www.rtpa.es\/video:Mirasturies: el pasau recien_551322091051.html\"> Soplu d&#8217;Eolo<\/a><\/span><\/td>\n<td class=\"padding-t-8 padding-b-8 color-w-080\">50 mins.<\/td>\n<td class=\"padding-t-8 padding-b-8 color-w-080\">23 nov. 2011<\/td>\n<td class=\"padding-t-8 padding-b-8 text-align-r td-valoracion color-w-080\"><\/td>\n<\/tr>\n<tr class=\"border-b-1 border-solid  border-color-w-020 \">\n<td class=\"padding-t-8 padding-b-8 padding-r-5 padding-l-10\"><span style=\"font-size: 20px\"><a class=\"enlace-programa-temporada\" href=\"https:\/\/www.rtpa.es\/video:Mirasturies: el pasau recien_551321601711.html\"> La ruta del Cares, I<\/a><\/span><\/td>\n<td class=\"padding-t-8 padding-b-8 color-w-080\">25 mins.<\/td>\n<td class=\"padding-t-8 padding-b-8 color-w-080\">17 nov. 2011<\/td>\n<td class=\"padding-t-8 padding-b-8 text-align-r td-valoracion color-w-080\"><\/td>\n<\/tr>\n<tr class=\"border-b-1 border-solid  border-color-w-020 \">\n<td class=\"padding-t-8 padding-b-8 padding-r-5 padding-l-10\"><span style=\"font-size: 20px\"><a class=\"enlace-programa-temporada\" href=\"https:\/\/www.rtpa.es\/video:Mirasturies: el pasau recien_551321399827.html\"> Ruta&#8217;l Navia<\/a><\/span><\/td>\n<td class=\"padding-t-8 padding-b-8 color-w-080\">25 mins.<\/td>\n<td class=\"padding-t-8 padding-b-8 color-w-080\">15 nov. 2011<\/td>\n<td class=\"padding-t-8 padding-b-8 text-align-r td-valoracion color-w-080\"><\/td>\n<\/tr>\n<tr class=\"border-b-1 border-solid  border-color-w-020 \">\n<td class=\"padding-t-8 padding-b-8 padding-r-5 padding-l-10\"><span style=\"font-size: 20px\"><a class=\"enlace-programa-temporada\" href=\"https:\/\/www.rtpa.es\/video:Mirasturies: el pasau recien_551320968329.html\"> La puerta&#8217;l cielo, arte prerrom\u00e1nico asturiano, I<\/a><\/span><\/td>\n<td class=\"padding-t-8 padding-b-8 color-w-080\">50 mins.<\/td>\n<td class=\"padding-t-8 padding-b-8 color-w-080\">10 nov. 2011<\/td>\n<td class=\"padding-t-8 padding-b-8 text-align-r td-valoracion color-w-080\"><\/td>\n<\/tr>\n<tr class=\"border-b-1 border-solid  border-color-w-020 \">\n<td class=\"padding-t-8 padding-b-8 padding-r-5 padding-l-10\"><span style=\"font-size: 20px\"><a class=\"enlace-programa-temporada\" href=\"https:\/\/www.rtpa.es\/video:Mirasturies: el pasau recien_551320881773.html\"> Rom\u00e1nicu n&#8217;Asturies,I<\/a><\/span><\/td>\n<td class=\"padding-t-8 padding-b-8 color-w-080\">50 mins.<\/td>\n<td class=\"padding-t-8 padding-b-8 color-w-080\">09 nov. 2011<\/td>\n<td class=\"padding-t-8 padding-b-8 text-align-r td-valoracion color-w-080\"><\/td>\n<\/tr>\n<tr class=\"border-b-1 border-solid  border-color-w-020 \">\n<td class=\"padding-t-8 padding-b-8 padding-r-5 padding-l-10\"><span style=\"font-size: 20px\"><a class=\"enlace-programa-temporada\" href=\"https:\/\/www.rtpa.es\/video:Mirasturies: el pasau recien_551320363159.html\"> Artes de mariscar<\/a><\/span><\/td>\n<td class=\"padding-t-8 padding-b-8 color-w-080\">50 mins.<\/td>\n<td class=\"padding-t-8 padding-b-8 color-w-080\">03 nov. 2011<\/td>\n<td class=\"padding-t-8 padding-b-8 text-align-r td-valoracion color-w-080\"><\/td>\n<\/tr>\n<tr class=\"border-b-1 border-solid  border-color-w-020 \">\n<td class=\"padding-t-8 padding-b-8 padding-r-5 padding-l-10\"><span style=\"font-size: 20px\"><a class=\"enlace-programa-temporada\" href=\"https:\/\/www.rtpa.es\/video:Mirasturies: el pasau recien_551320277116.html\"> La puerta&#8217;l cielo, arte prerrom\u00e1nico asturiano, II<\/a><\/span><\/td>\n<td class=\"padding-t-8 padding-b-8 color-w-080\">50 mins.<\/td>\n<td class=\"padding-t-8 padding-b-8 color-w-080\">02 nov. 2011<\/td>\n<td class=\"padding-t-8 padding-b-8 text-align-r td-valoracion color-w-080\"><\/td>\n<\/tr>\n<tr class=\"border-b-1 border-solid  border-color-w-020 \">\n<td class=\"padding-t-8 padding-b-8 padding-r-5 padding-l-10\"><span style=\"font-size: 20px\"><a class=\"enlace-programa-temporada\" href=\"https:\/\/www.rtpa.es\/video:Mirasturies: el pasau recien_551320190766.html\"> Misteriu de los primeros artistes, I<\/a><\/span><\/td>\n<td class=\"padding-t-8 padding-b-8 color-w-080\">50 mins.<\/td>\n<td class=\"padding-t-8 padding-b-8 color-w-080\">01 nov. 2011<\/td>\n<td class=\"padding-t-8 padding-b-8 text-align-r td-valoracion color-w-080\"><\/td>\n<\/tr>\n<tr class=\"border-b-1 border-solid  border-color-w-020 \">\n<td class=\"padding-t-8 padding-b-8 padding-r-5 padding-l-10\"><span style=\"font-size: 20px\"><a class=\"enlace-programa-temporada\" href=\"https:\/\/www.rtpa.es\/video:Mirasturies: el pasau recien_551319755274.html\"> Muniellos, la seronda na viesca <\/a><\/span><\/td>\n<td class=\"padding-t-8 padding-b-8 color-w-080\">50 mins.<\/td>\n<td class=\"padding-t-8 padding-b-8 color-w-080\">27 oct. 2011<\/td>\n<td class=\"padding-t-8 padding-b-8 text-align-r td-valoracion color-w-080\"><\/td>\n<\/tr>\n<tr class=\"border-b-1 border-solid  border-color-w-020 \">\n<td class=\"padding-t-8 padding-b-8 padding-r-5 padding-l-10\"><span style=\"font-size: 20px\"><a class=\"enlace-programa-temporada\" href=\"https:\/\/www.rtpa.es\/video:Mirasturies: el pasau recien_551319669443.html\"> Museos d&#8217;Asturies<\/a><\/span><\/td>\n<td class=\"padding-t-8 padding-b-8 color-w-080\">50 mins.<\/td>\n<td class=\"padding-t-8 padding-b-8 color-w-080\">26 oct. 2011<\/td>\n<td class=\"padding-t-8 padding-b-8 text-align-r td-valoracion color-w-080\"><\/td>\n<\/tr>\n<tr class=\"border-b-1 border-solid  border-color-w-020 \">\n<td class=\"padding-t-8 padding-b-8 padding-r-5 padding-l-10\"><span style=\"font-size: 20px\"><a class=\"enlace-programa-temporada\" href=\"https:\/\/www.rtpa.es\/video:Mirasturies: el pasau recien_551319582194.html\"> Bra\u00f1as, moraes de la monta\u00f1a, I<\/a><\/span><\/td>\n<td class=\"padding-t-8 padding-b-8 color-w-080\">50 mins.<\/td>\n<td class=\"padding-t-8 padding-b-8 color-w-080\">25 oct. 2011<\/td>\n<td class=\"padding-t-8 padding-b-8 text-align-r td-valoracion color-w-080\"><\/td>\n<\/tr>\n<tr class=\"border-b-1 border-solid  border-color-w-020 \">\n<td class=\"padding-t-8 padding-b-8 padding-r-5 padding-l-10\"><span style=\"font-size: 20px\"><a class=\"enlace-programa-temporada\" href=\"https:\/\/www.rtpa.es\/video:Mirasturies: el pasau recien_551319150451.html\"> La costa asturiana, II<\/a><\/span><\/td>\n<td class=\"padding-t-8 padding-b-8 color-w-080\">50 mins.<\/td>\n<td class=\"padding-t-8 padding-b-8 color-w-080\">20 oct. 2011<\/td>\n<td class=\"padding-t-8 padding-b-8 text-align-r td-valoracion color-w-080\"><\/td>\n<\/tr>\n<tr class=\"border-b-1 border-solid  border-color-w-020 \">\n<td class=\"padding-t-8 padding-b-8 padding-r-5 padding-l-10\"><span style=\"font-size: 20px\"><a class=\"enlace-programa-temporada\" href=\"https:\/\/www.rtpa.es\/video:Mirasturies: el pasau recien_551319063912.html\"> Sienda del Arcedianu, I<\/a><\/span><\/td>\n<td class=\"padding-t-8 padding-b-8 color-w-080\">50 mins.<\/td>\n<td class=\"padding-t-8 padding-b-8 color-w-080\">19 oct. 2011<\/td>\n<td class=\"padding-t-8 padding-b-8 text-align-r td-valoracion color-w-080\"><\/td>\n<\/tr>\n<tr class=\"border-b-1 border-solid  border-color-w-020 \">\n<td class=\"padding-t-8 padding-b-8 padding-r-5 padding-l-10\"><span style=\"font-size: 20px\"><a class=\"enlace-programa-temporada\" href=\"https:\/\/www.rtpa.es\/video:Mirasturies: el pasau recien_551318977597.html\"> Mirasturies: el pas\u00e1u reci\u00e9n<\/a><\/span><\/td>\n<td class=\"padding-t-8 padding-b-8 color-w-080\">50 mins.<\/td>\n<td class=\"padding-t-8 padding-b-8 color-w-080\">18 oct. 2011<\/td>\n<td class=\"padding-t-8 padding-b-8 text-align-r td-valoracion color-w-080\"><\/td>\n<\/tr>\n<tr class=\"border-b-1 border-solid  border-color-w-020 \">\n<td class=\"padding-t-8 padding-b-8 padding-r-5 padding-l-10\"><span style=\"font-size: 20px\"><a class=\"enlace-programa-temporada\" href=\"https:\/\/www.rtpa.es\/video:Mirasturies: el pasau recien_551318632075.html\"> Nicanor Pi\u00f1ole, I<\/a><\/span><\/td>\n<td class=\"padding-t-8 padding-b-8 color-w-080\">50 mins.<\/td>\n<td class=\"padding-t-8 padding-b-8 color-w-080\">14 oct. 2011<\/td>\n<td class=\"padding-t-8 padding-b-8 text-align-r td-valoracion color-w-080\"><\/td>\n<\/tr>\n<tr class=\"border-b-1 border-solid  border-color-w-020 \">\n<td class=\"padding-t-8 padding-b-8 padding-r-5 padding-l-10\"><span style=\"font-size: 20px\"><a class=\"enlace-programa-temporada\" href=\"https:\/\/www.rtpa.es\/video:Mirasturies: el pasau recien_551318545303.html\"> Memoria de la senda, I<\/a><\/span><\/td>\n<td class=\"padding-t-8 padding-b-8 color-w-080\">50 mins.<\/td>\n<td class=\"padding-t-8 padding-b-8 color-w-080\">13 oct. 2011<\/td>\n<td class=\"padding-t-8 padding-b-8 text-align-r td-valoracion color-w-080\"><\/td>\n<\/tr>\n<tr class=\"border-b-1 border-solid  border-color-w-020 \">\n<td class=\"padding-t-8 padding-b-8 padding-r-5 padding-l-10\"><span style=\"font-size: 20px\"><a class=\"enlace-programa-temporada\" href=\"https:\/\/www.rtpa.es\/video:Mirasturies: el pasau recien_551318373486.html\"> Los mundos de Luis Fern\u00e1ndez, II<\/a><\/span><\/td>\n<td class=\"padding-t-8 padding-b-8 color-w-080\">50 mins.<\/td>\n<td class=\"padding-t-8 padding-b-8 color-w-080\">11 oct. 2011<\/td>\n<td class=\"padding-t-8 padding-b-8 text-align-r td-valoracion color-w-080\"><\/td>\n<\/tr>\n<tr class=\"border-b-1 border-solid  border-color-w-020 \">\n<td class=\"padding-t-8 padding-b-8 padding-r-5 padding-l-10\"><span style=\"font-size: 20px\"><a class=\"enlace-programa-temporada\" href=\"https:\/\/www.rtpa.es\/video:Mirasturies: el pasau recien_551318026824.html\"> Oficios escaec\u00edos<\/a><\/span><\/td>\n<td class=\"padding-t-8 padding-b-8 color-w-080\">50 mins.<\/td>\n<td class=\"padding-t-8 padding-b-8 color-w-080\">07 oct. 2011<\/td>\n<td class=\"padding-t-8 padding-b-8 text-align-r td-valoracion color-w-080\"><\/td>\n<\/tr>\n<tr class=\"border-b-1 border-solid  border-color-w-020 \">\n<td class=\"padding-t-8 padding-b-8 padding-r-5 padding-l-10\"><span style=\"font-size: 20px\"><a class=\"enlace-programa-temporada\" href=\"https:\/\/www.rtpa.es\/video:Mirasturies: el pasau recien_551317940932.html\"> Asturc\u00f3n, el caballo astur<\/a><\/span><\/td>\n<td class=\"padding-t-8 padding-b-8 color-w-080\">50 mins.<\/td>\n<td class=\"padding-t-8 padding-b-8 color-w-080\">06 oct. 2011<\/td>\n<td class=\"padding-t-8 padding-b-8 text-align-r td-valoracion color-w-080\"><\/td>\n<\/tr>\n<tr class=\"border-b-1 border-solid  border-color-w-020 \">\n<td class=\"padding-t-8 padding-b-8 padding-r-5 padding-l-10\"><span style=\"font-size: 20px\"><a class=\"enlace-programa-temporada\" href=\"https:\/\/www.rtpa.es\/video:Mirasturies: el pasau recien_551317854038.html\"> Madera, l&#8217;atributu de la biesca<\/a><\/span><\/td>\n<td class=\"padding-t-8 padding-b-8 color-w-080\">50 mins.<\/td>\n<td class=\"padding-t-8 padding-b-8 color-w-080\">05 oct. 2011<\/td>\n<td class=\"padding-t-8 padding-b-8 text-align-r td-valoracion color-w-080\"><\/td>\n<\/tr>\n<tr class=\"border-b-1 border-solid  border-color-w-020 \">\n<td class=\"padding-t-8 padding-b-8 padding-r-5 padding-l-10\"><span style=\"font-size: 20px\"><a class=\"enlace-programa-temporada\" href=\"https:\/\/www.rtpa.es\/video:Mirasturies: el pasau recien_551317767953.html\"> Bolos<\/a><\/span><\/td>\n<td class=\"padding-t-8 padding-b-8 color-w-080\">50 mins.<\/td>\n<td class=\"padding-t-8 padding-b-8 color-w-080\">04 oct. 2011<\/td>\n<td class=\"padding-t-8 padding-b-8 text-align-r td-valoracion color-w-080\"><\/td>\n<\/tr>\n<tr class=\"border-b-1 border-solid  border-color-w-020 \">\n<td class=\"padding-t-8 padding-b-8 padding-r-5 padding-l-10\"><span style=\"font-size: 20px\"><a class=\"enlace-programa-temporada\" href=\"https:\/\/www.rtpa.es\/video:Mirasturies: el pasau recien_551317421714.html\"> La ruta del Angliru<\/a><\/span><\/td>\n<td class=\"padding-t-8 padding-b-8 color-w-080\">50 mins.<\/td>\n<td class=\"padding-t-8 padding-b-8 color-w-080\">30 sep. 2011<\/td>\n<td class=\"padding-t-8 padding-b-8 text-align-r td-valoracion color-w-080\"><\/td>\n<\/tr>\n<tr class=\"border-b-1 border-solid  border-color-w-020 \">\n<td class=\"padding-t-8 padding-b-8 padding-r-5 padding-l-10\"><span style=\"font-size: 20px\"><a class=\"enlace-programa-temporada\" href=\"https:\/\/www.rtpa.es\/video:Mirasturies: el pasau recien_551317335634.html\"> Asturies ne&#8217;l Cam\u00edn de Santiago<\/a><\/span><\/td>\n<td class=\"padding-t-8 padding-b-8 color-w-080\">50 mins.<\/td>\n<td class=\"padding-t-8 padding-b-8 color-w-080\">29 sep. 2011<\/td>\n<td class=\"padding-t-8 padding-b-8 text-align-r td-valoracion color-w-080\"><\/td>\n<\/tr>\n<tr class=\"border-b-1 border-solid  border-color-w-020 \">\n<td class=\"padding-t-8 padding-b-8 padding-r-5 padding-l-10\"><span style=\"font-size: 20px\"><a class=\"enlace-programa-temporada\" href=\"https:\/\/www.rtpa.es\/video:Mirasturies: el pasau recien_551317249548.html\"> Arte G\u00f3tico n&#8217;Asturies<\/a><\/span><\/td>\n<td class=\"padding-t-8 padding-b-8 color-w-080\">50 mins.<\/td>\n<td class=\"padding-t-8 padding-b-8 color-w-080\">28 sep. 2011<\/td>\n<td class=\"padding-t-8 padding-b-8 text-align-r td-valoracion color-w-080\"><\/td>\n<\/tr>\n<tr class=\"border-b-1 border-solid  border-color-w-020 \">\n<td class=\"padding-t-8 padding-b-8 padding-r-5 padding-l-10\"><span style=\"font-size: 20px\"><a class=\"enlace-programa-temporada\" href=\"https:\/\/www.rtpa.es\/video:Mirasturies: el pasau recien_551317204387.html\"> Les r\u00edes, fonte de vida<\/a><\/span><\/td>\n<td class=\"padding-t-8 padding-b-8 color-w-080\">50 mins.<\/td>\n<td class=\"padding-t-8 padding-b-8 color-w-080\">27 sep. 2011<\/td>\n<td class=\"padding-t-8 padding-b-8 text-align-r td-valoracion color-w-080\"><\/td>\n<\/tr>\n<tr class=\"border-b-1 border-solid  border-color-w-020 \">\n<td class=\"padding-t-8 padding-b-8 padding-r-5 padding-l-10\"><span style=\"font-size: 20px\"><a class=\"enlace-programa-temporada\" href=\"https:\/\/www.rtpa.es\/video:Mirasturies: el pasau recien_551316772665.html\"> Fiestas tradicionales y L&#8217;agua, vida y cultura n&#8217;Asturies<\/a><\/span><\/td>\n<td class=\"padding-t-8 padding-b-8 color-w-080\">50 mins.<\/td>\n<td class=\"padding-t-8 padding-b-8 color-w-080\">22 sep. 2011<\/td>\n<td class=\"padding-t-8 padding-b-8 text-align-r td-valoracion color-w-080\"><\/td>\n<\/tr>\n<tr class=\"border-b-1 border-solid  border-color-w-020 \">\n<td class=\"padding-t-8 padding-b-8 padding-r-5 padding-l-10\"><span style=\"font-size: 20px\"><a class=\"enlace-programa-temporada\" href=\"https:\/\/www.rtpa.es\/video:Mirasturies: el pasau recien_551316163070.html\"> L&#8217;abareque<\/a><\/span><\/td>\n<td class=\"padding-t-8 padding-b-8 color-w-080\">50 mins.<\/td>\n<td class=\"padding-t-8 padding-b-8 color-w-080\">15 sep. 2011<\/td>\n<td class=\"padding-t-8 padding-b-8 text-align-r td-valoracion color-w-080\"><\/td>\n<\/tr>\n<tr class=\"border-b-1 border-solid  border-color-w-020 \">\n<td class=\"padding-t-8 padding-b-8 padding-r-5 padding-l-10\"><span style=\"font-size: 20px\"><a class=\"enlace-programa-temporada\" href=\"https:\/\/www.rtpa.es\/video:Mirasturies: el pasau recien_551316070443.html\"> Instrumentos musicales d&#8217;Asturies y La saga d&#8217;Icaro<\/a><\/span><\/td>\n<td class=\"padding-t-8 padding-b-8 color-w-080\">50 mins.<\/td>\n<td class=\"padding-t-8 padding-b-8 color-w-080\">14 sep. 2011<\/td>\n<td class=\"padding-t-8 padding-b-8 text-align-r td-valoracion color-w-080\"><\/td>\n<\/tr>\n<tr class=\"border-b-1 border-solid  border-color-w-020 \">\n<td class=\"padding-t-8 padding-b-8 padding-r-5 padding-l-10\"><span style=\"font-size: 20px\"><a class=\"enlace-programa-temporada\" href=\"https:\/\/www.rtpa.es\/video:Mirasturies: el pasau recien_551315608136.html\"> El ciclu&#8217;l pan<\/a><\/span><\/td>\n<td class=\"padding-t-8 padding-b-8 color-w-080\">50 mins.<\/td>\n<td class=\"padding-t-8 padding-b-8 color-w-080\">09 sep. 2011<\/td>\n<td class=\"padding-t-8 padding-b-8 text-align-r td-valoracion color-w-080\"><\/td>\n<\/tr>\n<tr class=\"border-b-1 border-solid  border-color-w-020 \">\n<td class=\"padding-t-8 padding-b-8 padding-r-5 padding-l-10\"><span style=\"font-size: 20px\"><a class=\"enlace-programa-temporada\" href=\"https:\/\/www.rtpa.es\/video:Mirasturies: el pasau recien_551315436130.html\"> Catedral d&#8217;Uvieu<\/a><\/span><\/td>\n<td class=\"padding-t-8 padding-b-8 color-w-080\">50 mins.<\/td>\n<td class=\"padding-t-8 padding-b-8 color-w-080\">07 sep. 2011<\/td>\n<td class=\"padding-t-8 padding-b-8 text-align-r td-valoracion color-w-080\"><\/td>\n<\/tr>\n<tr class=\"border-b-1 border-solid  border-color-w-020 \">\n<td class=\"padding-t-8 padding-b-8 padding-r-5 padding-l-10\"><span style=\"font-size: 20px\"><a class=\"enlace-programa-temporada\" href=\"https:\/\/www.rtpa.es\/video:Mirasturies: el pasau recien_551314916834.html\"> Aves acu\u00e1tiques<\/a><\/span><\/td>\n<td class=\"padding-t-8 padding-b-8 color-w-080\">50 mins.<\/td>\n<td class=\"padding-t-8 padding-b-8 color-w-080\">01 sep. 2011<\/td>\n<td class=\"padding-t-8 padding-b-8 text-align-r td-valoracion color-w-080\"><\/td>\n<\/tr>\n<tr class=\"border-b-1 border-solid  border-color-w-020 \">\n<td class=\"padding-t-8 padding-b-8 padding-r-5 padding-l-10\"><span style=\"font-size: 20px\"><a class=\"enlace-programa-temporada\" href=\"https:\/\/www.rtpa.es\/video:Mirasturies: el pasau recien_551314831047.html\"> Paseos per Ovieu<\/a><\/span><\/td>\n<td class=\"padding-t-8 padding-b-8 color-w-080\">50 mins.<\/td>\n<td class=\"padding-t-8 padding-b-8 color-w-080\">31 ago. 2011<\/td>\n<td class=\"padding-t-8 padding-b-8 text-align-r td-valoracion color-w-080\"><\/td>\n<\/tr>\n<tr class=\"border-b-1 border-solid  border-color-w-020 \">\n<td class=\"padding-t-8 padding-b-8 padding-r-5 padding-l-10\"><span style=\"font-size: 20px\"><a class=\"enlace-programa-temporada\" href=\"https:\/\/www.rtpa.es\/video:Mirasturies: el pasau recien_551314398328.html\"> Vestimientos tradicionales<\/a><\/span><\/td>\n<td class=\"padding-t-8 padding-b-8 color-w-080\">50 mins.<\/td>\n<td class=\"padding-t-8 padding-b-8 color-w-080\">26 ago. 2011<\/td>\n<td class=\"padding-t-8 padding-b-8 text-align-r td-valoracion color-w-080\"><\/td>\n<\/tr>\n<tr class=\"border-b-1 border-solid  border-color-w-020 \">\n<td class=\"padding-t-8 padding-b-8 padding-r-5 padding-l-10\"><span style=\"font-size: 20px\"><a class=\"enlace-programa-temporada\" href=\"https:\/\/www.rtpa.es\/video:Mirasturies: el pasau recien_551314313161.html\"> Asturies: Cr\u00f3nica d&#8217;un sieglu<\/a><\/span><\/td>\n<td class=\"padding-t-8 padding-b-8 color-w-080\">50 mins.<\/td>\n<td class=\"padding-t-8 padding-b-8 color-w-080\">25 ago. 2011<\/td>\n<td class=\"padding-t-8 padding-b-8 text-align-r td-valoracion color-w-080\"><\/td>\n<\/tr>\n<tr class=\"border-b-1 border-solid  border-color-w-020 \">\n<td class=\"padding-t-8 padding-b-8 padding-r-5 padding-l-10\"><span style=\"font-size: 20px\"><a class=\"enlace-programa-temporada\" href=\"https:\/\/www.rtpa.es\/video:Mirasturies: el pasau recien_551314225722.html\"> Castros: Les primeres estructures urbanes<\/a><\/span><\/td>\n<td class=\"padding-t-8 padding-b-8 color-w-080\">50 mins.<\/td>\n<td class=\"padding-t-8 padding-b-8 color-w-080\">24 ago. 2011<\/td>\n<td class=\"padding-t-8 padding-b-8 text-align-r td-valoracion color-w-080\"><\/td>\n<\/tr>\n<tr class=\"border-b-1 border-solid  border-color-w-020 \">\n<td class=\"padding-t-8 padding-b-8 padding-r-5 padding-l-10\"><span style=\"font-size: 20px\"><a class=\"enlace-programa-temporada\" href=\"https:\/\/www.rtpa.es\/video:Mirasturies: el pasau recien_551313620874.html\"> El pincho y el palangre<\/a><\/span><\/td>\n<td class=\"padding-t-8 padding-b-8 color-w-080\">50 mins.<\/td>\n<td class=\"padding-t-8 padding-b-8 color-w-080\">17 ago. 2011<\/td>\n<td class=\"padding-t-8 padding-b-8 text-align-r td-valoracion color-w-080\"><\/td>\n<\/tr>\n<tr class=\"border-b-1 border-solid  border-color-w-020 \">\n<td class=\"padding-t-8 padding-b-8 padding-r-5 padding-l-10\"><span style=\"font-size: 20px\"><a class=\"enlace-programa-temporada\" href=\"https:\/\/www.rtpa.es\/video:Mirasturies: el pasau recien_551313189674.html\"> Espeleolox\u00eda: Enigmes de la escurida<\/a><\/span><\/td>\n<td class=\"padding-t-8 padding-b-8 color-w-080\">50 mins.<\/td>\n<td class=\"padding-t-8 padding-b-8 color-w-080\">12 ago. 2011<\/td>\n<td class=\"padding-t-8 padding-b-8 text-align-r td-valoracion color-w-080\"><\/td>\n<\/tr>\n<tr class=\"border-b-1 border-solid  border-color-w-020 \">\n<td class=\"padding-t-8 padding-b-8 padding-r-5 padding-l-10\"><span style=\"font-size: 20px\"><a class=\"enlace-programa-temporada\" href=\"https:\/\/www.rtpa.es\/video:Mirasturies: el pasau recien_551313101227.html\"> La casa somedana<\/a><\/span><\/td>\n<td class=\"padding-t-8 padding-b-8 color-w-080\">50 mins.<\/td>\n<td class=\"padding-t-8 padding-b-8 color-w-080\">11 ago. 2011<\/td>\n<td class=\"padding-t-8 padding-b-8 text-align-r td-valoracion color-w-080\"><\/td>\n<\/tr>\n<tr class=\"border-b-1 border-solid  border-color-w-020 \">\n<td class=\"padding-t-8 padding-b-8 padding-r-5 padding-l-10\"><span style=\"font-size: 20px\"><a class=\"enlace-programa-temporada\" href=\"https:\/\/www.rtpa.es\/video:Mirasturies: el pasau recien_551313016105.html\"> Cares: La garganta divina<\/a><\/span><\/td>\n<td class=\"padding-t-8 padding-b-8 color-w-080\">50 mins.<\/td>\n<td class=\"padding-t-8 padding-b-8 color-w-080\">10 ago. 2011<\/td>\n<td class=\"padding-t-8 padding-b-8 text-align-r td-valoracion color-w-080\"><\/td>\n<\/tr>\n<tr class=\"border-b-1 border-solid  border-color-w-020 \">\n<td class=\"padding-t-8 padding-b-8 padding-r-5 padding-l-10\"><span style=\"font-size: 20px\"><a class=\"enlace-programa-temporada\" href=\"https:\/\/www.rtpa.es\/video:Mirasturies: el pasau recien_551312583856.html\"> Picos d&#8217;Europa: Piedra vivo<\/a><\/span><\/td>\n<td class=\"padding-t-8 padding-b-8 color-w-080\">50 mins.<\/td>\n<td class=\"padding-t-8 padding-b-8 color-w-080\">05 ago. 2011<\/td>\n<td class=\"padding-t-8 padding-b-8 text-align-r td-valoracion color-w-080\"><\/td>\n<\/tr>\n<tr class=\"border-b-1 border-solid  border-color-w-020 \">\n<td class=\"padding-t-8 padding-b-8 padding-r-5 padding-l-10\"><span style=\"font-size: 20px\"><a class=\"enlace-programa-temporada\" href=\"https:\/\/www.rtpa.es\/video:Mirasturies: el pasau recien_551312497822.html\"> El Rom\u00e1nicu n&#8217;Asturies: Les piedres del pas\u00e1u<\/a><\/span><\/td>\n<td class=\"padding-t-8 padding-b-8 color-w-080\">50 mins.<\/td>\n<td class=\"padding-t-8 padding-b-8 color-w-080\">04 ago. 2011<\/td>\n<td class=\"padding-t-8 padding-b-8 text-align-r td-valoracion color-w-080\"><\/td>\n<\/tr>\n<tr class=\"border-b-1 border-solid  border-color-w-020 \">\n<td class=\"padding-t-8 padding-b-8 padding-r-5 padding-l-10\"><span style=\"font-size: 20px\"><a class=\"enlace-programa-temporada\" href=\"https:\/\/www.rtpa.es\/video:Mirasturies: el pasau recien_551312411548.html\"> Deportes tradicionales d&#8217;Asturies<\/a><\/span><\/td>\n<td class=\"padding-t-8 padding-b-8 color-w-080\">50 mins.<\/td>\n<td class=\"padding-t-8 padding-b-8 color-w-080\">03 ago. 2011<\/td>\n<td class=\"padding-t-8 padding-b-8 text-align-r td-valoracion color-w-080\"><\/td>\n<\/tr>\n<tr class=\"border-b-1 border-solid  border-color-w-020 \">\n<td class=\"padding-t-8 padding-b-8 padding-r-5 padding-l-10\"><span style=\"font-size: 20px\"><a class=\"enlace-programa-temporada\" href=\"https:\/\/www.rtpa.es\/video:Mirasturies: el pasau recien_551311979793.html\"> La ruta&#8217;l Navia<\/a><\/span><\/td>\n<td class=\"padding-t-8 padding-b-8 color-w-080\">50 mins.<\/td>\n<td class=\"padding-t-8 padding-b-8 color-w-080\">29 jul. 2011<\/td>\n<td class=\"padding-t-8 padding-b-8 text-align-r td-valoracion color-w-080\"><\/td>\n<\/tr>\n<tr class=\"border-b-1 border-solid  border-color-w-020 \">\n<td class=\"padding-t-8 padding-b-8 padding-r-5 padding-l-10\"><span style=\"font-size: 20px\"><a class=\"enlace-programa-temporada\" href=\"https:\/\/www.rtpa.es\/video:Mirasturies: el pasau recien_551311892916.html\"> La puerta&#8217;l cielu: Arte prerrom\u00e1nicu asturianu<\/a><\/span><\/td>\n<td class=\"padding-t-8 padding-b-8 color-w-080\">50 mins.<\/td>\n<td class=\"padding-t-8 padding-b-8 color-w-080\">28 jul. 2011<\/td>\n<td class=\"padding-t-8 padding-b-8 text-align-r td-valoracion color-w-080\"><\/td>\n<\/tr>\n<tr class=\"border-b-1 border-solid  border-color-w-020 \">\n<td class=\"padding-t-8 padding-b-8 padding-r-5 padding-l-10\"><span style=\"font-size: 20px\"><a class=\"enlace-programa-temporada\" href=\"https:\/\/www.rtpa.es\/video:Mirasturies: el pasau recien_551311806628.html\"> El Rom\u00e1nicu n&#8217;Asturies: Les piedres del pas\u00e1u<\/a><\/span><\/td>\n<td class=\"padding-t-8 padding-b-8 color-w-080\">50 mins.<\/td>\n<td class=\"padding-t-8 padding-b-8 color-w-080\">27 jul. 2011<\/td>\n<td class=\"padding-t-8 padding-b-8 text-align-r td-valoracion color-w-080\"><\/td>\n<\/tr>\n<tr class=\"border-b-1 border-solid  border-color-w-020 \">\n<td class=\"padding-t-8 padding-b-8 padding-r-5 padding-l-10\"><span style=\"font-size: 20px\"><a class=\"enlace-programa-temporada\" href=\"https:\/\/www.rtpa.es\/video:Mirasturies: el pasau recien_551310770013.html\"> Tal como y\u00e9ramos<\/a><\/span><\/td>\n<td class=\"padding-t-8 padding-b-8 color-w-080\">40 mins.<\/td>\n<td class=\"padding-t-8 padding-b-8 color-w-080\">15 jul. 2011<\/td>\n<td class=\"padding-t-8 padding-b-8 text-align-r td-valoracion color-w-080\"><\/td>\n<\/tr>\n<tr class=\"border-b-1 border-solid  border-color-w-020 \">\n<td class=\"padding-t-8 padding-b-8 padding-r-5 padding-l-10\"><span style=\"font-size: 20px\"><a class=\"enlace-programa-temporada\" href=\"https:\/\/www.rtpa.es\/video:Mirasturies: el pasau recien_551310626945.html\"> Tal como y\u00e9ramos<\/a><\/span><\/td>\n<td class=\"padding-t-8 padding-b-8 color-w-080\">50 mins.<\/td>\n<td class=\"padding-t-8 padding-b-8 color-w-080\">14 jul. 2011<\/td>\n<td class=\"padding-t-8 padding-b-8 text-align-r td-valoracion color-w-080\"><\/td>\n<\/tr>\n<tr class=\"border-b-1 border-solid  border-color-w-020 \">\n<td class=\"padding-t-8 padding-b-8 padding-r-5 padding-l-10\"><span style=\"font-size: 20px\"><a class=\"enlace-programa-temporada\" href=\"https:\/\/www.rtpa.es\/video:Mirasturies: el pasau recien_551309560174.html\"> Fiestes tradicionales<\/a><\/span><\/td>\n<td class=\"padding-t-8 padding-b-8 color-w-080\">50 mins.<\/td>\n<td class=\"padding-t-8 padding-b-8 color-w-080\">01 jul. 2011<\/td>\n<td class=\"padding-t-8 padding-b-8 text-align-r td-valoracion color-w-080\"><\/td>\n<\/tr>\n<tr class=\"border-b-1 border-solid  border-color-w-020 \">\n<td class=\"padding-t-8 padding-b-8 padding-r-5 padding-l-10\"><span style=\"font-size: 20px\"><a class=\"enlace-programa-temporada\" href=\"https:\/\/www.rtpa.es\/video:Mirasturies: el pasau recien_551309473640.html\"> Los mundos del pintor asturianu Luis Fern\u00e1ndez<\/a><\/span><\/td>\n<td class=\"padding-t-8 padding-b-8 color-w-080\">50 mins.<\/td>\n<td class=\"padding-t-8 padding-b-8 color-w-080\">30 jun. 2011<\/td>\n<td class=\"padding-t-8 padding-b-8 text-align-r td-valoracion color-w-080\"><\/td>\n<\/tr>\n<tr class=\"border-b-1 border-solid  border-color-w-020 \">\n<td class=\"padding-t-8 padding-b-8 padding-r-5 padding-l-10\"><span style=\"font-size: 20px\"><a class=\"enlace-programa-temporada\" href=\"https:\/\/www.rtpa.es\/video:Mirasturies: el pasau recien_551305671650.html\"> Vida rural d&#8217;Asturies<\/a><\/span><\/td>\n<td class=\"padding-t-8 padding-b-8 color-w-080\">35 mins.<\/td>\n<td class=\"padding-t-8 padding-b-8 color-w-080\">17 may. 2011<\/td>\n<td class=\"padding-t-8 padding-b-8 text-align-r td-valoracion color-w-080\"><\/td>\n<\/tr>\n<\/tbody>\n<\/table>\n<\/div>\n<\/div>\n<\/div>\n","protected":false},"excerpt":{"rendered":"<p>Enllaz a TPA Documentales sobre temes relacionados con Asturies. &nbsp; M\u00e1s de Mirasturies: el pas\u00e1u reci\u00e9n Mirasturies: el pas\u00e1u reci\u00e9n 201157 programas Programa Duraci\u00f3n Emisi\u00f3n Obras son amores 50 mins. 15 dic. 2011 Tal como \u00e9ramos. Eran tiempos duros, II 50 mins. 14 dic. 2011 Instrumentos musicales de Asturias 50 mins. 13 dic. 2011 Tal [&hellip;]<\/p>\n","protected":false},"author":117,"featured_media":0,"parent":299,"menu_order":0,"comment_status":"closed","ping_status":"closed","template":"","meta":{"footnotes":""},"class_list":["post-21963","page","type-page","status-publish","hentry"],"_links":{"self":[{"href":"https:\/\/edublog.educastur.es\/ixuxu\/wp-json\/wp\/v2\/pages\/21963","targetHints":{"allow":["GET"]}}],"collection":[{"href":"https:\/\/edublog.educastur.es\/ixuxu\/wp-json\/wp\/v2\/pages"}],"about":[{"href":"https:\/\/edublog.educastur.es\/ixuxu\/wp-json\/wp\/v2\/types\/page"}],"author":[{"embeddable":true,"href":"https:\/\/edublog.educastur.es\/ixuxu\/wp-json\/wp\/v2\/users\/117"}],"replies":[{"embeddable":true,"href":"https:\/\/edublog.educastur.es\/ixuxu\/wp-json\/wp\/v2\/comments?post=21963"}],"version-history":[{"count":2,"href":"https:\/\/edublog.educastur.es\/ixuxu\/wp-json\/wp\/v2\/pages\/21963\/revisions"}],"predecessor-version":[{"id":21965,"href":"https:\/\/edublog.educastur.es\/ixuxu\/wp-json\/wp\/v2\/pages\/21963\/revisions\/21965"}],"up":[{"embeddable":true,"href":"https:\/\/edublog.educastur.es\/ixuxu\/wp-json\/wp\/v2\/pages\/299"}],"wp:attachment":[{"href":"https:\/\/edublog.educastur.es\/ixuxu\/wp-json\/wp\/v2\/media?parent=21963"}],"curies":[{"name":"wp","href":"https:\/\/api.w.org\/{rel}","templated":true}]}}