{"id":2698,"date":"2021-01-05T17:50:46","date_gmt":"2021-01-05T15:50:46","guid":{"rendered":"https:\/\/edublog.educastur.es\/ixuxu\/?page_id=2698"},"modified":"2021-01-05T18:28:58","modified_gmt":"2021-01-05T16:28:58","slug":"la-regalina","status":"publish","type":"page","link":"https:\/\/edublog.educastur.es\/ixuxu\/fiestes\/la-regalina\/","title":{"rendered":"La Regalina"},"content":{"rendered":"<p><a href=\"https:\/\/media-cdn.tripadvisor.com\/media\/photo-s\/0c\/1e\/69\/f7\/vistas-al-atardecer.jpg\"><img loading=\"lazy\" decoding=\"async\" class=\"alignnone\" src=\"https:\/\/media-cdn.tripadvisor.com\/media\/photo-s\/0c\/1e\/69\/f7\/vistas-al-atardecer.jpg\" alt=\"\" width=\"316\" height=\"211\" \/><\/a> \/ <a href=\"https:\/\/animalesviajeros.es\/wp-content\/uploads\/2020\/09\/Cadavedo-Ermita-Asturias-1920x1440.jpg\"><img loading=\"lazy\" decoding=\"async\" class=\"alignnone\" src=\"https:\/\/animalesviajeros.es\/wp-content\/uploads\/2020\/09\/Cadavedo-Ermita-Asturias-1920x1440.jpg\" alt=\"\" width=\"276\" height=\"207\" \/><\/a><\/p>\n<p><em><span style=\"font-size: 20px\"><strong><span style=\"color: #008080\">La fiesta de la Regalina, La Ri\u00e9gala o Santa Mar\u00eda de Ri\u00e9gala <\/span><\/strong>celebrase\u00a0 nel pueblu de Cadavedo, asiti\u00e1u nel conceyu de Vald\u00e9s nel Princip\u00e1u d&#8217;Asturies. Tien llugar al campu, nel campu de La Garita asiti\u00e1u a la vera de la ermita de Santa Mar\u00eda de Ri\u00e9gala; llugar dende onde se tien unes vistes a unos cantiles de guapura singular. <a href=\"https:\/\/www.youtube.com\/watch?v=Z5BM0j15xwc&amp;feature=youtu.be\">Ver videu.<\/a><br \/>\n<\/span><\/em><\/p>\n<p>\n<!-- iframe plugin v.6.0 wordpress.org\/plugins\/iframe\/ -->\n<iframe loading=\"lazy\" width=\"588\" height=\"331\" src=\"https:\/\/www.youtube.com\/embed\/XXXXXX\" scrolling=\"yes\" class=\"iframe-class\" frameborder=\"0\"><\/iframe>\n \n<!-- iframe plugin v.6.0 wordpress.org\/plugins\/iframe\/ -->\n<iframe loading=\"lazy\" width=\"647\" height=\"364\" src=\"https:\/\/www.youtube.com\/embed\/Z5BM0j15xwc\" scrolling=\"yes\" class=\"iframe-class\" frameborder=\"0\"><\/iframe>\n<\/p>\n<p><em><span style=\"font-size: 20px\">&#8230;..El festexu data del a\u00f1u 1931 y foi impuls\u00e1u pol sacerdote Galo Antonio Fern\u00e1ndez y Fern\u00e1ndez cola cuenta d&#8217;honrar a la Virxe, que la so imaxe atopase nel llugar nel que se llevanta la ermita. Caltien un gran sabor asturiano, con folclore, costumes y tradiciones rexonales.<\/span><\/em><\/p>\n<p><a href=\"https:\/\/espanafascinante.com\/wp-content\/uploads\/La-Regalina-3-1.jpg\"><img loading=\"lazy\" decoding=\"async\" class=\"alignnone\" src=\"https:\/\/espanafascinante.com\/wp-content\/uploads\/La-Regalina-3-1.jpg\" alt=\"\" width=\"284\" height=\"178\" \/><\/a> \/ <a href=\"https:\/\/media-cdn.tripadvisor.com\/media\/photo-s\/13\/fd\/63\/6b\/otra-instantanea-del.jpg\"><img loading=\"lazy\" decoding=\"async\" class=\"alignnone\" src=\"https:\/\/media-cdn.tripadvisor.com\/media\/photo-s\/13\/fd\/63\/6b\/otra-instantanea-del.jpg\" alt=\"\" width=\"314\" height=\"176\" \/><\/a><\/p>\n<p><em><span style=\"font-size: 20px\">&#8230;..El domingu, d\u00eda principal, empieza la fiesta pela ma\u00f1ana dende&#8217;l Barriu de Tosquila, con un desfile de xarr\u00e9s engalanaos que porten los ramos d\u00b4alfiladas, flores y otros presentes, hasta la llegada al campu de La Garita. Tres la misa solemne, empec\u00edpiase la procesi\u00f3n cola Virxe de Ri\u00e9gala, la llectura del preg\u00f3n, en faliecha valdesana, y los bailles rexonales, ente ellos la Danza Prima del Ramu.<\/span><\/em><\/p>\n<p><span style=\"font-size: 20px;color: #008080\"><em>Ven\u00ed ver cousas nun vistas<\/em><\/span><br \/>\n<span style=\"font-size: 20px;color: #008080\"><em>xunta l&#8217;armitina nueva<\/em><\/span><br \/>\n<span style=\"font-size: 20px;color: #008080\"><em>ya plasm\u00e1y cu&#8217;la surrisa<\/em><\/span><br \/>\n<span style=\"font-size: 20px;color: #008080\"><em>de la Santina de Riegla<\/em><\/span><br \/>\n<span style=\"font-size: 20px;color: #008080\"><em>que puede que vus convide<\/em><\/span><br \/>\n<span style=\"font-size: 20px;color: #008080\"><em>pa que&#8217;inda v\u00f3lvades vela.<\/em><\/span><\/p>\n<hr \/>\n<p><a href=\"https:\/\/victorpeseta.com\/wp-content\/uploads\/2018\/12\/P0B0064-copia-1024x683.jpg\"><img loading=\"lazy\" decoding=\"async\" class=\"alignnone\" src=\"https:\/\/victorpeseta.com\/wp-content\/uploads\/2018\/12\/P0B0064-copia-1024x683.jpg\" alt=\"\" width=\"1024\" height=\"683\" \/><\/a><\/p>\n<p><a href=\"https:\/\/espanafascinante.com\/wp-content\/uploads\/La-Regalina-1-1170x450.jpg\"><img loading=\"lazy\" decoding=\"async\" class=\"aligncenter\" src=\"https:\/\/espanafascinante.com\/wp-content\/uploads\/La-Regalina-1-1170x450.jpg\" alt=\"\" width=\"1170\" height=\"450\" \/><\/a><\/p>\n<p><a href=\"https:\/\/www.turismodeobservacion.com\/media\/fotografias\/el-horreo-de-cadavedo-46623-xl.jpg\"><img loading=\"lazy\" decoding=\"async\" class=\"alignnone\" src=\"https:\/\/www.turismodeobservacion.com\/media\/fotografias\/el-horreo-de-cadavedo-46623-xl.jpg\" alt=\"\" width=\"1200\" height=\"800\" \/><\/a><\/p>\n<p><a href=\"https:\/\/www.turismoasturias.es\/documents\/11022\/615125\/H%C3%B3rreoCadavedo04414.jpg\/ced4dda8-9601-4ae9-b923-28c9df28aa83?t=1419324978108\"><img loading=\"lazy\" decoding=\"async\" class=\"alignnone\" src=\"https:\/\/www.turismoasturias.es\/documents\/11022\/615125\/H%C3%B3rreoCadavedo04414.jpg\/ced4dda8-9601-4ae9-b923-28c9df28aa83?t=1419324978108\" alt=\"\" width=\"780\" height=\"400\" \/><\/a><\/p>\n<ul>\n<li><a href=\"https:\/\/www.rtpa.es\/noticias-asturias-ast:-Los-operarios-desmontan-pieza-a-pieza-el-horreo-de-La-Regalina_111609504530.html\">Noticia argayu RTPA: <span style=\"font-size: 20px\"><em><span style=\"color: #008080\"><strong>Los operarios desmonten pieza a pieza l&#8217;horru de La Regalina<\/strong><\/span><\/em><\/span><\/a><\/li>\n<\/ul>\n<section class=\"contenido pull-top-contenido\">\n<div class=\"container\">\n<div class=\"row\">\n<div class=\"col-lg-8 col-md-12 col-xs-12\">\n<div id=\"noticiacompleta\" class=\"contenido-padding-resp parragraph-padding font-c-conent\">\n<h4 class=\"font-size-l padding-b-20\">Los trabayos son complexos y peligrosos y\u00e1 que&#8217;l terr\u00e9n ta mui h\u00famedu. Videu.<\/h4>\n<p>Pieza a pieza entam\u00f3 esta ma\u00f1ana&#8217;l desmontaxe del horru del campu de La Regalina, en Cadav\u00e9u, Vald\u00e9s. Un argayu qu&#8217;amenazaba la so permanencia complic\u00f3se, por eso l&#8217;operativu pa salvalu entam\u00f3 bien ceo.<\/p>\n<p>Los trabayos son complexos y peligrosos porque&#8217;l terr\u00e9n ta mui h\u00famedu y en cualquier momentu podr\u00eda cayer pel cantil.<\/p>\n<p>El Conceyu de Vald\u00e9s decidi\u00f3 poner en marcha los trabayos darr\u00e9u. L&#8217;operativu cuesta 36.000 euros, que paga&#8217;l consistoriu valdesanu. L&#8217;oxetivu final ye salvar un horru que podr\u00eda tener cerca de 200 a\u00f1os y que lleva nel campu de la fiesta dende 1962.<\/p>\n<p>Los vecinos caltienen viva la esperanza de salvar l&#8217;emblema del pueblu. Ta previsto que los trabayos sigan toa esta xornada y que s&#8217;allarguen tami\u00e9n el fin de selmana.<\/p>\n<\/div>\n<\/div>\n<\/div>\n<\/div>\n<\/section>\n<p><a href=\"https:\/\/static3.elcomercio.es\/www\/multimedia\/202012\/31\/media\/cortadas\/61101026--624x468.JPG\"><img loading=\"lazy\" decoding=\"async\" class=\"alignnone\" src=\"https:\/\/static3.elcomercio.es\/www\/multimedia\/202012\/31\/media\/cortadas\/61101026--624x468.JPG\" alt=\"\" width=\"731\" height=\"549\" \/><\/a> \/ <a href=\"https:\/\/stgcdnvod.shooowit.net\/video\/rtpa\/outgoing\/noticias\/210101140539_RTPA292756_VTRHORREO_H,1200,500,.mp4.m3u8\">Videu<\/a><\/p>\n","protected":false},"excerpt":{"rendered":"<p>\/ La fiesta de la Regalina, La Ri\u00e9gala o Santa Mar\u00eda de Ri\u00e9gala celebrase\u00a0 nel pueblu de Cadavedo, asiti\u00e1u nel conceyu de Vald\u00e9s nel Princip\u00e1u d&#8217;Asturies. Tien llugar al campu, nel campu de La Garita asiti\u00e1u a la vera de la ermita de Santa Mar\u00eda de Ri\u00e9gala; llugar dende onde se tien unes vistes a [&hellip;]<\/p>\n","protected":false},"author":117,"featured_media":0,"parent":2696,"menu_order":0,"comment_status":"closed","ping_status":"closed","template":"","meta":{"footnotes":""},"class_list":["post-2698","page","type-page","status-publish","hentry"],"_links":{"self":[{"href":"https:\/\/edublog.educastur.es\/ixuxu\/wp-json\/wp\/v2\/pages\/2698","targetHints":{"allow":["GET"]}}],"collection":[{"href":"https:\/\/edublog.educastur.es\/ixuxu\/wp-json\/wp\/v2\/pages"}],"about":[{"href":"https:\/\/edublog.educastur.es\/ixuxu\/wp-json\/wp\/v2\/types\/page"}],"author":[{"embeddable":true,"href":"https:\/\/edublog.educastur.es\/ixuxu\/wp-json\/wp\/v2\/users\/117"}],"replies":[{"embeddable":true,"href":"https:\/\/edublog.educastur.es\/ixuxu\/wp-json\/wp\/v2\/comments?post=2698"}],"version-history":[{"count":5,"href":"https:\/\/edublog.educastur.es\/ixuxu\/wp-json\/wp\/v2\/pages\/2698\/revisions"}],"predecessor-version":[{"id":2705,"href":"https:\/\/edublog.educastur.es\/ixuxu\/wp-json\/wp\/v2\/pages\/2698\/revisions\/2705"}],"up":[{"embeddable":true,"href":"https:\/\/edublog.educastur.es\/ixuxu\/wp-json\/wp\/v2\/pages\/2696"}],"wp:attachment":[{"href":"https:\/\/edublog.educastur.es\/ixuxu\/wp-json\/wp\/v2\/media?parent=2698"}],"curies":[{"name":"wp","href":"https:\/\/api.w.org\/{rel}","templated":true}]}}