{"id":2970,"date":"2021-01-13T17:59:29","date_gmt":"2021-01-13T15:59:29","guid":{"rendered":"https:\/\/edublog.educastur.es\/ixuxu\/?page_id=2970"},"modified":"2024-09-12T21:49:58","modified_gmt":"2024-09-12T19:49:58","slug":"anuariu","status":"publish","type":"page","link":"https:\/\/edublog.educastur.es\/ixuxu\/musica\/anuariu\/","title":{"rendered":"M\u00fasicAsturiana: Anuariu"},"content":{"rendered":"<ul>\n<li style=\"text-align: left\"><a href=\"https:\/\/www.musicasturiana.com\/\"><strong><span style=\"color: #008080\"><em>M\u00fasica Asturiana.com<\/em><\/span><\/strong><\/a><\/li>\n<li style=\"text-align: left\"><a href=\"https:\/\/www.youtube.com\/channel\/UCYJ7CSF_44F9spiV0UETW_g\"><span style=\"color: #008080\"><em>Canal Youtube<\/em><\/span><\/a><\/li>\n<li><strong><a href=\"https:\/\/musicasturiana.com\/archivu\/hemeroteca\/\">https:\/\/musicasturiana.com\/archivu\/hemeroteca\/<\/a><\/strong><\/li>\n<\/ul>\n<div class=\"entry-content\">\n<div class=\"elementor elementor-25311\" data-elementor-type=\"wp-post\" data-elementor-id=\"25311\">\n<div class=\"elementor-inner\">\n<div class=\"elementor-section-wrap\">\n<section class=\"elementor-section elementor-top-section elementor-element elementor-element-87ad5cc elementor-section-boxed elementor-section-height-default elementor-section-height-default parallax_section_no qode_elementor_container_no\" data-id=\"87ad5cc\" data-element_type=\"section\">\n<div class=\"elementor-container elementor-column-gap-default\">\n<div class=\"elementor-row\">\n<div class=\"elementor-column elementor-col-100 elementor-top-column elementor-element elementor-element-4f19e33\" data-id=\"4f19e33\" data-element_type=\"column\">\n<div class=\"elementor-column-wrap elementor-element-populated\">\n<div class=\"elementor-widget-wrap\">\n<section class=\"elementor-section elementor-inner-section elementor-element elementor-element-b4a6788 elementor-section-boxed elementor-section-height-default elementor-section-height-default parallax_section_no qode_elementor_container_no\" data-id=\"b4a6788\" data-element_type=\"section\">\n<div class=\"elementor-container elementor-column-gap-default\">\n<div class=\"elementor-row\">\n<div class=\"elementor-column elementor-col-50 elementor-inner-column elementor-element elementor-element-d9a0fca\" data-id=\"d9a0fca\" data-element_type=\"column\">\n<div class=\"elementor-column-wrap elementor-element-populated\">\n<div class=\"elementor-widget-wrap\">\n<div class=\"elementor-element elementor-element-e031f75 elementor-widget elementor-widget-heading\" data-id=\"e031f75\" data-element_type=\"widget\" data-widget_type=\"heading.default\">\n<div class=\"elementor-widget-container\">\n<hr \/>\n<\/div>\n<\/div>\n<div class=\"elementor-element elementor-element-ff120e7 elementor-widget elementor-widget-heading\" data-id=\"ff120e7\" data-element_type=\"widget\" data-widget_type=\"heading.default\">\n<div class=\"elementor-widget-container\">\n<ul>\n<li class=\"elementor-heading-title elementor-size-default\"><a href=\"https:\/\/musicasturiana.com\/wp-content\/uploads\/2024\/02\/Anuariu-de-la-Musica-Asturiana-2023-BR.pdf\">Calca pa lleer l\u2019Anuariu de la M\u00fasica Asturiana 2023<\/a><\/li>\n<li><a href=\"https:\/\/www.youtube.com\/watch?time_continue=1&amp;v=9tvqfTQPnDc&amp;embeds_referring_euri=https%3A%2F%2Fmusicasturiana.com%2F&amp;embeds_referring_origin=https%3A%2F%2Fmusicasturiana.com&amp;source_ve_path=Mjg2NjY&amp;feature=emb_logo\">Youtube<\/a>\/\u00a0 <a href=\"https:\/\/musicasturiana.com\/portfolio_page\/anuariu-2023\/\">M\u00fasicaAsturiana.com<\/a><\/li>\n<\/ul>\n<p style=\"text-align: center\">\n<!-- iframe plugin v.6.0 wordpress.org\/plugins\/iframe\/ -->\n<iframe loading=\"lazy\" width=\"100%\" height=\"395\" src=\"https:\/\/www.youtube.com\/embed\/9tvqfTQPnDc\" title=\"Anuariu de la M\u00fasica Asturiana 2023\" frameborder=\"0\" allow=\"accelerometer; autoplay; clipboard-write; encrypted-media; gyroscope; picture-in-picture; web-share\" 0=\"allowfullscreen\" 1=\"\/iframe\" scrolling=\"yes\" class=\"iframe-class\"><\/iframe>\n<\/p>\n<\/div>\n<\/div>\n<div class=\"elementor-element elementor-element-eee4518 elementor-widget elementor-widget-html\" data-id=\"eee4518\" data-element_type=\"widget\" data-widget_type=\"html.default\">\n<ul>\n<li class=\"elementor-widget-container\"><a href=\"https:\/\/musicasturiana.com\/wp-content\/uploads\/2023\/02\/ANUARIU-2022_dixital.pdf\"><b>Descargar PDF, por cortes\u00eda de Goxe Producciones.<\/b><\/a><\/li>\n<\/ul>\n<hr \/>\n<\/div>\n<p style=\"text-align: center\">\n<!-- iframe plugin v.6.0 wordpress.org\/plugins\/iframe\/ -->\n<iframe loading=\"lazy\" width=\"100%\" height=\"395\" src=\"https:\/\/www.youtube.com\/embed\/tv_5LJseZmQ\" title=\"Anuariu de la M\u00fasica Asturiana 2022\" frameborder=\"0\" allow=\"accelerometer; autoplay; clipboard-write; encrypted-media; gyroscope; picture-in-picture; web-share\" 0=\"allowfullscreen\" 1=\"\/iframe\" scrolling=\"yes\" class=\"iframe-class\"><\/iframe>\n<\/p>\n<hr \/>\n<div class=\"elementor-element elementor-element-eee4518 elementor-widget elementor-widget-html\" data-id=\"eee4518\" data-element_type=\"widget\" data-widget_type=\"html.default\">\n<p style=\"text-align: center\">\n<!-- iframe plugin v.6.0 wordpress.org\/plugins\/iframe\/ -->\n<iframe loading=\"lazy\" width=\"100%\" height=\"395\" src=\"https:\/\/www.youtube.com\/embed\/3LJXwgO3IiU\" title=\"Anuariu de la M\u00fasica Asturiana 2021\" frameborder=\"0\" allow=\"accelerometer; autoplay; clipboard-write; encrypted-media; gyroscope; picture-in-picture; web-share\" 0=\"allowfullscreen\" 1=\"\/iframe\" scrolling=\"yes\" class=\"iframe-class\"><\/iframe>\n<\/p>\n<hr \/>\n<\/div>\n<\/div>\n<\/div>\n<\/div>\n<\/div>\n<\/div>\n<\/section>\n<\/div>\n<\/div>\n<\/div>\n<\/div>\n<\/div>\n<\/section>\n<\/div>\n<\/div>\n<\/div>\n<\/div>\n<ul>\n<li><a href=\"https:\/\/www.youtube.com\/watch?app=desktop&amp;v=vfr4EnaEy_I&amp;feature=youtu.be&amp;fbclid=IwAR2ZANeTvl0PszNiufxvs8F42oZSOWSVTsPH_i4PZPftC3XT9xJTUWvy4Zs\"><span style=\"color: #008080\"><em><strong>Anuariu de la M\u00fasica Asturiana 2020<\/strong><\/em><\/span><\/a><\/li>\n<li><a href=\"https:\/\/www.youtube.com\/watch?app=desktop&amp;v=vfr4EnaEy_I&amp;feature=youtu.be&amp;fbclid=IwAR2ZANeTvl0PszNiufxvs8F42oZSOWSVTsPH_i4PZPftC3XT9xJTUWvy4Zs\">Videu Youtube<\/a><\/li>\n<\/ul>\n<p style=\"text-align: center\">\n<!-- iframe plugin v.6.0 wordpress.org\/plugins\/iframe\/ -->\n<iframe loading=\"lazy\" width=\"100%\" height=\"395\" src=\"https:\/\/www.youtube.com\/embed\/vfr4EnaEy_I\" scrolling=\"yes\" class=\"iframe-class\" frameborder=\"0\"><\/iframe>\n<\/p>\n<hr \/>\n<ul>\n<li><a href=\"https:\/\/www.youtube.com\/watch?v=-qTJC9P1PlU\"><span style=\"color: #008080\"><strong>Anuariu 2019<\/strong><\/span><\/a><\/li>\n<\/ul>\n<p style=\"text-align: center\">\n<!-- iframe plugin v.6.0 wordpress.org\/plugins\/iframe\/ -->\n<iframe loading=\"lazy\" width=\"100%\" height=\"395\" src=\"https:\/\/www.youtube.com\/embed\/-qTJC9P1PlU\" scrolling=\"yes\" class=\"iframe-class\" frameborder=\"0\"><\/iframe>\n<\/p>\n<hr \/>\n<ul>\n<li><a href=\"https:\/\/www.youtube.com\/watch?v=-HqagKftkn4\"><strong>Anuariu 2018<\/strong><\/a><\/li>\n<\/ul>\n<p style=\"text-align: center\">\n<!-- iframe plugin v.6.0 wordpress.org\/plugins\/iframe\/ -->\n<iframe loading=\"lazy\" width=\"100%\" height=\"395\" src=\"https:\/\/www.youtube.com\/embed\/-HqagKftkn4\" scrolling=\"yes\" class=\"iframe-class\" frameborder=\"0\"><\/iframe>\n<\/p>\n<hr \/>\n<p>&nbsp;<\/p>\n","protected":false},"excerpt":{"rendered":"<p>M\u00fasica Asturiana.com Canal Youtube https:\/\/musicasturiana.com\/archivu\/hemeroteca\/ Calca pa lleer l\u2019Anuariu de la M\u00fasica Asturiana 2023 Youtube\/\u00a0 M\u00fasicaAsturiana.com Descargar PDF, por cortes\u00eda de Goxe Producciones. Anuariu de la M\u00fasica Asturiana 2020 Videu Youtube Anuariu 2019 Anuariu 2018 &nbsp;<\/p>\n","protected":false},"author":117,"featured_media":0,"parent":153,"menu_order":0,"comment_status":"closed","ping_status":"closed","template":"","meta":{"footnotes":""},"class_list":["post-2970","page","type-page","status-publish","hentry"],"_links":{"self":[{"href":"https:\/\/edublog.educastur.es\/ixuxu\/wp-json\/wp\/v2\/pages\/2970","targetHints":{"allow":["GET"]}}],"collection":[{"href":"https:\/\/edublog.educastur.es\/ixuxu\/wp-json\/wp\/v2\/pages"}],"about":[{"href":"https:\/\/edublog.educastur.es\/ixuxu\/wp-json\/wp\/v2\/types\/page"}],"author":[{"embeddable":true,"href":"https:\/\/edublog.educastur.es\/ixuxu\/wp-json\/wp\/v2\/users\/117"}],"replies":[{"embeddable":true,"href":"https:\/\/edublog.educastur.es\/ixuxu\/wp-json\/wp\/v2\/comments?post=2970"}],"version-history":[{"count":18,"href":"https:\/\/edublog.educastur.es\/ixuxu\/wp-json\/wp\/v2\/pages\/2970\/revisions"}],"predecessor-version":[{"id":31023,"href":"https:\/\/edublog.educastur.es\/ixuxu\/wp-json\/wp\/v2\/pages\/2970\/revisions\/31023"}],"up":[{"embeddable":true,"href":"https:\/\/edublog.educastur.es\/ixuxu\/wp-json\/wp\/v2\/pages\/153"}],"wp:attachment":[{"href":"https:\/\/edublog.educastur.es\/ixuxu\/wp-json\/wp\/v2\/media?parent=2970"}],"curies":[{"name":"wp","href":"https:\/\/api.w.org\/{rel}","templated":true}]}}