{"id":303,"date":"2020-08-10T14:39:23","date_gmt":"2020-08-10T14:39:23","guid":{"rendered":"https:\/\/edublog.educastur.es\/ixuxu\/?page_id=303"},"modified":"2020-08-10T14:39:23","modified_gmt":"2020-08-10T14:39:23","slug":"tpa-alderiques-dasturies","status":"publish","type":"page","link":"https:\/\/edublog.educastur.es\/ixuxu\/tv\/tpa-alderiques-dasturies\/","title":{"rendered":"TPA: Alderiques d\u00b4Asturies"},"content":{"rendered":"<p><img loading=\"lazy\" decoding=\"async\" class=\"\" src=\"https:\/\/yt3.ggpht.com\/a\/AATXAJzhxOBcMmPsYPKLgPJVnUVrexVpZHvejNbqdQ=s176-c-k-c0xffffffff-no-rj-mo\" width=\"158\" height=\"158\" \/> <a href=\"https:\/\/www.youtube.com\/user\/alderiquesdasturies\" target=\"_blank\" rel=\"noopener noreferrer\"><b><i>Canal Youtube<\/i><\/b><\/a><\/p>\n<p>&nbsp;<\/p>\n<p><img loading=\"lazy\" decoding=\"async\" class=\"\" src=\"https:\/\/yt3.ggpht.com\/CtZmEhYQv0i7QQQfXEDaHsfR7ENjZ3ynRLR4ga8Pp6Na29r4d72j2pnlZOvzYEYYIbwHWesgow=w1707-fcrop64=1,00005a57ffffa5a8-k-c0xffffffff-no-nd-rj\" width=\"481\" height=\"80\" \/><\/p>\n<p><b><i>Alderiques d&#8217;Asturies TV<\/i><\/b> \u00f1az col env\u00eds de ser la primer canal de TV online n&#8217;usar l&#8217;asturianu como idioma vehicular, con una programaci\u00f3n independiente, din\u00e1mica y orientada a tolos p\u00fablicos, buscando la promoci\u00f3n y difusi\u00f3n de la cultura, les tradiciones, la llingua propia y la realid\u00e1 social de la comunid\u00e1 asturiana.<\/p>\n<p>Ufiertamos conten\u00edos estremaos como alderiques d&#8217;autualid\u00e1, noticies, entrevistes,&#8230; <b><i>Tou ello falando n&#8217;asturianu. <\/i><\/b> Esti proyeutu audiovisual ye posible gracies al trabayu a comu\u00f1a de l&#8217;asociaci\u00f3n Iniciativa pol Asturianu (<a href=\"https:\/\/www.youtube.com\/redirect?v=70mABs9t840&amp;redir_token=9uR8iPpGyVtsgFgCB6EgGET9Y_l8MTU4NzgxMzA3MkAxNTg3NzI2Njcy&amp;event=video_description&amp;q=http%3A%2F%2Finiciativapolasturianu.org%2F\" target=\"_blank\" rel=\"nofollow noopener noreferrer\">http:\/\/iniciativapolasturianu.org\/<\/a>) y al mediu dixital ConocerAsturias.es (<a href=\"https:\/\/www.youtube.com\/redirect?v=70mABs9t840&amp;redir_token=9uR8iPpGyVtsgFgCB6EgGET9Y_l8MTU4NzgxMzA3MkAxNTg3NzI2Njcy&amp;event=video_description&amp;q=http%3A%2F%2Fwww.conocerasturias.es%2F\" target=\"_blank\" rel=\"nofollow noopener noreferrer\">http:\/\/www.conocerasturias.es\/<\/a>)<\/p>\n<p><i><b>\u00abLa TV que TU faes posible\u00bb<\/b><\/i> -SOF\u00cdTANOS-<\/p>\n<p>Si te presta c\u00f3mo trabayamos, el to apoyu f\u00e1inos falta pa facer una TV diferente: <a href=\"https:\/\/www.youtube.com\/redirect?v=70mABs9t840&amp;redir_token=9uR8iPpGyVtsgFgCB6EgGET9Y_l8MTU4NzgxMzA3MkAxNTg3NzI2Njcy&amp;event=video_description&amp;q=http%3A%2F%2Fwww.alderiquesdasturies.com%2Fdonaciones%2F\" target=\"_blank\" rel=\"nofollow noopener noreferrer\">http:\/\/www.alderiquesdasturies.com\/do&#8230;<\/a><\/p>\n<p>*Web: <a href=\"https:\/\/www.youtube.com\/redirect?v=70mABs9t840&amp;redir_token=9uR8iPpGyVtsgFgCB6EgGET9Y_l8MTU4NzgxMzA3MkAxNTg3NzI2Njcy&amp;event=video_description&amp;q=http%3A%2F%2Fwww.alderiquesdasturies.com\" target=\"_blank\" rel=\"nofollow noopener noreferrer\">http:\/\/www.alderiquesdasturies.com<\/a><br \/>\n*Twitter: @AlderiquesdAst<br \/>\n*Facebook: <a href=\"https:\/\/www.youtube.com\/redirect?v=70mABs9t840&amp;redir_token=9uR8iPpGyVtsgFgCB6EgGET9Y_l8MTU4NzgxMzA3MkAxNTg3NzI2Njcy&amp;event=video_description&amp;q=https%3A%2F%2Fwww.facebook.com%2Falderiquesdasturies\" target=\"_blank\" rel=\"nofollow noopener noreferrer\">https:\/\/www.facebook.com\/alderiquesda&#8230;<\/a><br \/>\n*Contautu: info@alderiquesdasturies.com<\/p>\n<ul>\n<li>Alderiques d\u00b4Asturies<br \/>\nData: 17 Ochobre 2016<\/li>\n<\/ul>\n<p><a href=\"https:\/\/youtu.be\/70mABs9t840\" target=\"_blank\" rel=\"noopener noreferrer\">\u00a0<b><i>Diccionariu de Sofitu: <\/i><\/b><i>Asturianu-castell\u00e1n<\/i><\/a><\/p>\n\n<!-- iframe plugin v.6.0 wordpress.org\/plugins\/iframe\/ -->\n<iframe loading=\"lazy\" width=\"588\" height=\"331\" src=\"https:\/\/www.youtube.com\/embed\/70mABs9t840\" scrolling=\"yes\" class=\"iframe-class\" frameborder=\"0\"><\/iframe>\n\n<hr \/>\n<h4>Teatru escolar n&#8217;asturianu colos colexos p\u00fablicos de Felechosa y Returbiu | 16 Avientu 2019.<u><i> <a href=\"https:\/\/youtu.be\/OrSQ3FCPdDc\" target=\"_blank\" rel=\"noopener noreferrer\">Ver programa&#8230;<\/a><\/i><\/u><\/h4>\n\n<!-- iframe plugin v.6.0 wordpress.org\/plugins\/iframe\/ -->\n<iframe loading=\"lazy\" width=\"588\" height=\"331\" src=\"https:\/\/www.youtube.com\/embed\/OrSQ3FCPdDc\" scrolling=\"yes\" class=\"iframe-class\" frameborder=\"0\"><\/iframe>\n\n","protected":false},"excerpt":{"rendered":"<p>Canal Youtube &nbsp; Alderiques d&#8217;Asturies TV \u00f1az col env\u00eds de ser la primer canal de TV online n&#8217;usar l&#8217;asturianu como idioma vehicular, con una programaci\u00f3n independiente, din\u00e1mica y orientada a tolos p\u00fablicos, buscando la promoci\u00f3n y difusi\u00f3n de la cultura, les tradiciones, la llingua propia y la realid\u00e1 social de la comunid\u00e1 asturiana. Ufiertamos conten\u00edos [&hellip;]<\/p>\n","protected":false},"author":117,"featured_media":0,"parent":299,"menu_order":0,"comment_status":"closed","ping_status":"closed","template":"","meta":{"footnotes":""},"class_list":["post-303","page","type-page","status-publish","hentry"],"_links":{"self":[{"href":"https:\/\/edublog.educastur.es\/ixuxu\/wp-json\/wp\/v2\/pages\/303","targetHints":{"allow":["GET"]}}],"collection":[{"href":"https:\/\/edublog.educastur.es\/ixuxu\/wp-json\/wp\/v2\/pages"}],"about":[{"href":"https:\/\/edublog.educastur.es\/ixuxu\/wp-json\/wp\/v2\/types\/page"}],"author":[{"embeddable":true,"href":"https:\/\/edublog.educastur.es\/ixuxu\/wp-json\/wp\/v2\/users\/117"}],"replies":[{"embeddable":true,"href":"https:\/\/edublog.educastur.es\/ixuxu\/wp-json\/wp\/v2\/comments?post=303"}],"version-history":[{"count":1,"href":"https:\/\/edublog.educastur.es\/ixuxu\/wp-json\/wp\/v2\/pages\/303\/revisions"}],"predecessor-version":[{"id":304,"href":"https:\/\/edublog.educastur.es\/ixuxu\/wp-json\/wp\/v2\/pages\/303\/revisions\/304"}],"up":[{"embeddable":true,"href":"https:\/\/edublog.educastur.es\/ixuxu\/wp-json\/wp\/v2\/pages\/299"}],"wp:attachment":[{"href":"https:\/\/edublog.educastur.es\/ixuxu\/wp-json\/wp\/v2\/media?parent=303"}],"curies":[{"name":"wp","href":"https:\/\/api.w.org\/{rel}","templated":true}]}}