{"id":32440,"date":"2024-10-08T13:40:09","date_gmt":"2024-10-08T11:40:09","guid":{"rendered":"https:\/\/edublog.educastur.es\/ixuxu\/?page_id=32440"},"modified":"2024-10-08T13:51:46","modified_gmt":"2024-10-08T11:51:46","slug":"cantar-del-vasu","status":"publish","type":"page","link":"https:\/\/edublog.educastur.es\/ixuxu\/musica\/cantar-del-vasu\/","title":{"rendered":"Cantar del vasu"},"content":{"rendered":"\n<!-- iframe plugin v.6.0 wordpress.org\/plugins\/iframe\/ -->\n<iframe loading=\"lazy\" width=\"100%$\" height=\"395\" src=\"https:\/\/www.youtube.com\/embed\/9hotzDv7ejA\" title=\"El Cantar del Vasu - la llingua asturiana tien futuru\" frameborder=\"0\" allow=\"accelerometer; autoplay; clipboard-write; encrypted-media; gyroscope; picture-in-picture; web-share\" referrerpolicy=\"strict-origin-when-cross-origin\" 0=\"allowfullscreen\" 1=\"\/iframe\" scrolling=\"yes\" class=\"iframe-class\"><\/iframe>\n\n<ul>\n<li><a href=\"https:\/\/esparcer.wordpress.com\/2015\/02\/11\/el-cantar-del-vasu\/\">Blogue ESPARCER<\/a> \/<\/li>\n<li><a href=\"http:\/\/www.xuncir.net\/elcantardelvasu\/\">Xuncir.net<\/a> \/<\/li>\n<\/ul>\n<p style=\"text-align: center\"><a href=\"https:\/\/esparcer.wordpress.com\/wp-content\/uploads\/2015\/02\/el-cantar-del-vasu-2.jpg?w=702\"><img loading=\"lazy\" decoding=\"async\" class=\"aligncenter size-full\" src=\"https:\/\/esparcer.wordpress.com\/wp-content\/uploads\/2015\/02\/el-cantar-del-vasu-2.jpg?w=702\" width=\"702\" height=\"470\" \/><\/a><\/p>\n<p style=\"text-align: center\">\n<!-- iframe plugin v.6.0 wordpress.org\/plugins\/iframe\/ -->\n<iframe style=\"border-radius:12px\" src=\"https:\/\/open.spotify.com\/embed\/track\/1eVBgmzUEUrCInV6hVSxaM?utm_source=generator\" width=\"100%\" height=\"352\" frameborder=\"0\" allowfullscreen allow=\"autoplay; clipboard-write; encrypted-media; fullscreen; picture-in-picture\" loading=\"lazy\" 0=\"\/iframe\" scrolling=\"yes\" class=\"iframe-class\"><\/iframe>\n<\/p>\n<p style=\"text-align: center\"><a href=\"http:\/\/www.xuncir.net\/elcantardelvasu\/wp-content\/uploads\/2014\/05\/portada01.png\"><img loading=\"lazy\" decoding=\"async\" class=\"aligncenter size-full\" src=\"http:\/\/www.xuncir.net\/elcantardelvasu\/wp-content\/uploads\/2014\/05\/portada01.png\" width=\"940\" height=\"420\" \/><\/a><\/p>\n<blockquote><p><span style=\"color: #008080;font-size: 20px\"><strong><em>Danme un billete pa colar d\u2019equ\u00ed<\/em><\/strong><\/span><br \/>\n<span style=\"color: #008080;font-size: 20px\"><strong><em>Con dos botelles pal cam\u00edn<\/em><\/strong><\/span><br \/>\n<span style=\"color: #008080;font-size: 20px\"><strong><em>Y anque yo llevo y\u00e1 mil a\u00f1os xunto a ti<\/em><\/strong><\/span><br \/>\n<span style=\"color: #008080;font-size: 20px\"><strong><em>Marcho ma\u00f1ana \u00a1Seique s\u00ed!<\/em><\/strong><\/span><\/p>\n<p><span style=\"color: #008080;font-size: 20px\"><strong><em>Si nun toi, si nun toi,<\/em><\/strong><\/span><br \/>\n<span style=\"color: #008080;font-size: 20px\"><strong><em>\u00bfEscaecer\u00e1sme si nun toi<\/em><\/strong><\/span><br \/>\n<span style=\"color: #008080;font-size: 20px\"><strong><em>O ver\u00e1sme en cualquier llau y llorar\u00e1s desconsol\u00e1u?<\/em><\/strong><\/span><br \/>\n<span style=\"color: #008080;font-size: 20px\"><strong><em>\u00bfEscaecer\u00e1sme si nun toi?<\/em><\/strong><\/span><\/p>\n<p><span style=\"color: #008080;font-size: 20px\"><strong><em>Si nun toi, si nun toi,<\/em><\/strong><\/span><br \/>\n<span style=\"color: #008080;font-size: 20px\"><strong><em>vas alcordate bien de min.<\/em><\/strong><\/span><br \/>\n<span style=\"color: #008080;font-size: 20px\"><strong><em>vas alcordate del mio andar, la mio forma de pensar\u2026<\/em><\/strong><\/span><br \/>\n<span style=\"color: #008080;font-size: 20px\"><strong><em>\u00a1Ai! Vas alcordate bien de min<\/em><\/strong><\/span><\/p>\n<p><span style=\"color: #008080;font-size: 20px\"><strong><em>Tengo billete pa marchar d\u2019equ\u00ed,<\/em><\/strong><\/span><br \/>\n<span style=\"color: #008080;font-size: 20px\"><strong><em>El meyor sitiu pa vivir,<\/em><\/strong><\/span><br \/>\n<span style=\"color: #008080;font-size: 20px\"><strong><em>Guapos montes, guapos r\u00edos,<\/em><\/strong><\/span><br \/>\n<span style=\"color: #008080;font-size: 20px\"><strong><em>Pe\u00f1es que te dan respigos<\/em><\/strong><\/span><br \/>\n<span style=\"color: #008080;font-size: 20px\"><strong><em>Van paecete vac\u00edos ensin min<\/em><\/strong><\/span><\/p>\n<p><span style=\"color: #008080;font-size: 20px\"><strong><em>Si nun toi, si nun toi,<\/em><\/strong><\/span><br \/>\n<span style=\"color: #008080;font-size: 20px\"><strong><em>vas alcordate bien de min.<\/em><\/strong><\/span><br \/>\n<span style=\"color: #008080;font-size: 20px\"><strong><em>vas alcordate del mio andar, la mio forma de pensar\u2026<\/em><\/strong><\/span><br \/>\n<span style=\"color: #008080;font-size: 20px\"><strong><em>\u00a1Ai! Vas alcordate bien de min<\/em><\/strong><\/span><\/p>\n<p><span style=\"color: #008080;font-size: 20px\"><strong><em>Si nun toi, si nun toi,<\/em><\/strong><\/span><br \/>\n<span style=\"color: #008080;font-size: 20px\"><strong><em>\u00bfEscaecer\u00e1sme si nun toi<\/em><\/strong><\/span><br \/>\n<span style=\"color: #008080;font-size: 20px\"><strong><em>o morrer\u00e1s de se\u00f1ard\u00e1 por nun ser tu nunca m\u00e1s?<\/em><\/strong><\/span><br \/>\n<span style=\"color: #008080;font-size: 20px\"><strong><em>\u00bfEscaecer\u00e1sme si nun toi?<\/em><\/strong><\/span><\/p>\n<p><span style=\"color: #008080;font-size: 20px\"><strong><em>Si nun toi, si nun toi,<\/em><\/strong><\/span><br \/>\n<span style=\"color: #008080;font-size: 20px\"><strong><em>vas alcordate bien de min.<\/em><\/strong><\/span><br \/>\n<span style=\"color: #008080;font-size: 20px\"><strong><em>vas alcordate del mio andar, la mio forma de falar\u2026<\/em><\/strong><\/span><br \/>\n<span style=\"color: #008080;font-size: 20px\"><strong><em>\u00a1S\u00ed! Vas alcordate bien de min<\/em><\/strong><\/span><\/p><\/blockquote>\n","protected":false},"excerpt":{"rendered":"<p>Blogue ESPARCER \/ Xuncir.net \/ Danme un billete pa colar d\u2019equ\u00ed Con dos botelles pal cam\u00edn Y anque yo llevo y\u00e1 mil a\u00f1os xunto a ti Marcho ma\u00f1ana \u00a1Seique s\u00ed! Si nun toi, si nun toi, \u00bfEscaecer\u00e1sme si nun toi O ver\u00e1sme en cualquier llau y llorar\u00e1s desconsol\u00e1u? \u00bfEscaecer\u00e1sme si nun toi? Si nun toi, [&hellip;]<\/p>\n","protected":false},"author":117,"featured_media":0,"parent":153,"menu_order":0,"comment_status":"closed","ping_status":"closed","template":"","meta":{"footnotes":""},"class_list":["post-32440","page","type-page","status-publish","hentry"],"_links":{"self":[{"href":"https:\/\/edublog.educastur.es\/ixuxu\/wp-json\/wp\/v2\/pages\/32440","targetHints":{"allow":["GET"]}}],"collection":[{"href":"https:\/\/edublog.educastur.es\/ixuxu\/wp-json\/wp\/v2\/pages"}],"about":[{"href":"https:\/\/edublog.educastur.es\/ixuxu\/wp-json\/wp\/v2\/types\/page"}],"author":[{"embeddable":true,"href":"https:\/\/edublog.educastur.es\/ixuxu\/wp-json\/wp\/v2\/users\/117"}],"replies":[{"embeddable":true,"href":"https:\/\/edublog.educastur.es\/ixuxu\/wp-json\/wp\/v2\/comments?post=32440"}],"version-history":[{"count":6,"href":"https:\/\/edublog.educastur.es\/ixuxu\/wp-json\/wp\/v2\/pages\/32440\/revisions"}],"predecessor-version":[{"id":32446,"href":"https:\/\/edublog.educastur.es\/ixuxu\/wp-json\/wp\/v2\/pages\/32440\/revisions\/32446"}],"up":[{"embeddable":true,"href":"https:\/\/edublog.educastur.es\/ixuxu\/wp-json\/wp\/v2\/pages\/153"}],"wp:attachment":[{"href":"https:\/\/edublog.educastur.es\/ixuxu\/wp-json\/wp\/v2\/media?parent=32440"}],"curies":[{"name":"wp","href":"https:\/\/api.w.org\/{rel}","templated":true}]}}