{"id":34324,"date":"2024-11-05T23:31:54","date_gmt":"2024-11-05T21:31:54","guid":{"rendered":"https:\/\/edublog.educastur.es\/ixuxu\/?page_id=34324"},"modified":"2026-02-10T13:37:00","modified_gmt":"2026-02-10T11:37:00","slug":"verdina-el-musical","status":"publish","type":"page","link":"https:\/\/edublog.educastur.es\/ixuxu\/musica\/verdina-el-musical\/","title":{"rendered":"\u00abVerdina\u00bb, El Musical"},"content":{"rendered":"<p style=\"text-align: center\"><a href=\"https:\/\/www.elarcademozart.com\/verdina\/\"><em>La producci\u00f3n musical de Verdina fecha nel a\u00f1u\u00a02024\u00a0cuenta col sofitu de la<\/em><\/a><\/p>\n<p style=\"text-align: center\"><a href=\"https:\/\/www.elarcademozart.com\/verdina\/\"><strong><em><span style=\"color: #008080\">https:\/\/www.elarcademozart.com\/verdina\/<\/span><\/em><\/strong><\/a><\/p>\n<ul>\n<li class=\"html-h3 x11i5rnm xat24cr x1mh8g0r xexx8yu x4uap5 x18d9i69 xkhd6sd x1vvkbs x1heor9g x1qlqyl8 x1pd3egz x1a2a7pz x1gslohp x1yc453h\"><span class=\"xt0psk2\"><a class=\"x1i10hfl xjbqb8w x1ejq31n xd10rxx x1sy0etr x17r0tee x972fbf xcfux6l x1qhh985 xm0m39n x9f619 x1ypdohk xt0psk2 xe8uvvx xdj266r x11i5rnm xat24cr x1mh8g0r xexx8yu x4uap5 x18d9i69 xkhd6sd x16tdsg8 x1hl2dhg xggy1nq x1a2a7pz x1sur9pj xkrqix3 xzsf02u x1s688f\" role=\"link\" href=\"https:\/\/www.facebook.com\/profile.php?id=100030703106782&amp;__cft__[0]=AZUQwbXYmClpyofHgE7rovD-7HmHvGZM0-yyPv0tmP7gRfgtcx9FKexyAMMgR3Ak2hydLVHj5Ur7jUxaMHg2xT8qBWvfgFzOL-ACOE9ukYgz7ADNvyQSELAHGVf_-MNVJYxumeOWMsV47LxLyt_Bfsbws06q7I_nsFmzYxlDJJWCPTEnmWVB-N9ZVAQecdicVE2jUzsTZ-ajjPE0AvIl11LJQq6pOHvJntXj147Io_Wv4w&amp;__tn__=-UC%2CP-y-R\"><strong class=\"html-strong xdj266r x11i5rnm xat24cr x1mh8g0r xexx8yu x4uap5 x18d9i69 xkhd6sd x1hl2dhg x16tdsg8 x1vvkbs x1s688f\"><span class=\"html-span xdj266r x11i5rnm xat24cr x1mh8g0r xexx8yu x4uap5 x18d9i69 xkhd6sd x1hl2dhg x16tdsg8 x1vvkbs\">El Arca de Mozart<\/span><\/strong><\/a><\/span>\/<a href=\"https:\/\/www.youtube.com\/channel\/UCeEP6En9seL0sXKr0sovPMQ\">@elarcademozart2868<\/a> \/ <a href=\"https:\/\/www.instagram.com\/elarcademozart\/\">IG<\/a> \/<\/li>\n<li class=\"html-h3 x11i5rnm xat24cr x1mh8g0r xexx8yu x4uap5 x18d9i69 xkhd6sd x1vvkbs x1heor9g x1qlqyl8 x1pd3egz x1a2a7pz x1gslohp x1yc453h\"><a href=\"https:\/\/www.elarcademozart.com\">https:\/\/www.elarcademozart.com<\/a>\/<a class=\"inline-flex items-center text-yellow-700 dark:text-yellow-500 font-semibold text-sm hover:transition hover:duration-300 hover:underline underline-offset-4 flex-row-reverse\" href=\"mailto:elarcademozart@gmail.com\" target=\"_blank\" rel=\"noopener noreferrer\"><strong> elarcademozart@gmail.com<\/strong><\/a><\/li>\n<li><strong>Idea orixinal de <em>Miguel Garc\u00eda y M\u00f3nica Jivanescu<\/em><\/strong><\/li>\n<li class=\"html-h3 x11i5rnm xat24cr x1mh8g0r xexx8yu x4uap5 x18d9i69 xkhd6sd x1vvkbs x1heor9g x1qlqyl8 x1pd3egz x1a2a7pz x1gslohp x1yc453h\">Verdina:\u00a0 <a href=\"https:\/\/youtu.be\/raCiLxCbVzY\">trailer<\/a> \/ \/<\/li>\n<li><a href=\"https:\/\/www.spreaker.com\/search?query=verdina\">Podcast SPREAKER<\/a> \/<\/li>\n<li class=\"html-h3 x11i5rnm xat24cr x1mh8g0r xexx8yu x4uap5 x18d9i69 xkhd6sd x1vvkbs x1heor9g x1qlqyl8 x1pd3egz x1a2a7pz x1gslohp x1yc453h\"><span class=\"html-span xdj266r x11i5rnm xat24cr x1mh8g0r xexx8yu x4uap5 x18d9i69 xkhd6sd x1hl2dhg x16tdsg8 x1vvkbs\"><a class=\"x1i10hfl xjbqb8w x1ejq31n xd10rxx x1sy0etr x17r0tee x972fbf xcfux6l x1qhh985 xm0m39n x9f619 x1ypdohk xt0psk2 xe8uvvx xdj266r x11i5rnm xat24cr x1mh8g0r xexx8yu x4uap5 x18d9i69 xkhd6sd x16tdsg8 x1hl2dhg xggy1nq x1a2a7pz x1sur9pj xkrqix3 x1fey0fg x1s688f\" role=\"link\" href=\"https:\/\/www.facebook.com\/hashtag\/verdina?__eep__=6&amp;__cft__[0]=AZWS0BUXy_Dch_3koVrAptnsREF7Rt4rTwV3hjPfZSg4sST96S22lGpx5oJEao2rGQ-6daW_8IKVWY2VPQNun4BUY17qXWt9ba7ZLK-H88ugdK4Thbg_dv7YX2CmQtQF4SThPMxWRAK8jziBwWy8Uao-VgRCQlTSnio6btAg6M6ePlcQY9k_-YOu9paQ6pXXq8I&amp;__tn__=*NK-y-R\">#verdina<\/a><\/span> <span class=\"html-span xdj266r x11i5rnm xat24cr x1mh8g0r xexx8yu x4uap5 x18d9i69 xkhd6sd x1hl2dhg x16tdsg8 x1vvkbs\"><a class=\"x1i10hfl xjbqb8w x1ejq31n xd10rxx x1sy0etr x17r0tee x972fbf xcfux6l x1qhh985 xm0m39n x9f619 x1ypdohk xt0psk2 xe8uvvx xdj266r x11i5rnm xat24cr x1mh8g0r xexx8yu x4uap5 x18d9i69 xkhd6sd x16tdsg8 x1hl2dhg xggy1nq x1a2a7pz x1sur9pj xkrqix3 x1fey0fg x1s688f\" role=\"link\" href=\"https:\/\/www.facebook.com\/hashtag\/lafabacosmica?__eep__=6&amp;__cft__[0]=AZWS0BUXy_Dch_3koVrAptnsREF7Rt4rTwV3hjPfZSg4sST96S22lGpx5oJEao2rGQ-6daW_8IKVWY2VPQNun4BUY17qXWt9ba7ZLK-H88ugdK4Thbg_dv7YX2CmQtQF4SThPMxWRAK8jziBwWy8Uao-VgRCQlTSnio6btAg6M6ePlcQY9k_-YOu9paQ6pXXq8I&amp;__tn__=*NK-y-R\">#lafabacosmica<\/a><\/span> <span class=\"html-span xdj266r x11i5rnm xat24cr x1mh8g0r xexx8yu x4uap5 x18d9i69 xkhd6sd x1hl2dhg x16tdsg8 x1vvkbs\"><a class=\"x1i10hfl xjbqb8w x1ejq31n xd10rxx x1sy0etr x17r0tee x972fbf xcfux6l x1qhh985 xm0m39n x9f619 x1ypdohk xt0psk2 xe8uvvx xdj266r x11i5rnm xat24cr x1mh8g0r xexx8yu x4uap5 x18d9i69 xkhd6sd x16tdsg8 x1hl2dhg xggy1nq x1a2a7pz x1sur9pj xkrqix3 x1fey0fg x1s688f\" role=\"link\" href=\"https:\/\/www.facebook.com\/hashtag\/elarcademozart?__eep__=6&amp;__cft__[0]=AZWS0BUXy_Dch_3koVrAptnsREF7Rt4rTwV3hjPfZSg4sST96S22lGpx5oJEao2rGQ-6daW_8IKVWY2VPQNun4BUY17qXWt9ba7ZLK-H88ugdK4Thbg_dv7YX2CmQtQF4SThPMxWRAK8jziBwWy8Uao-VgRCQlTSnio6btAg6M6ePlcQY9k_-YOu9paQ6pXXq8I&amp;__tn__=*NK-y-R\">#elarcademozart<\/a><\/span> <span class=\"html-span xdj266r x11i5rnm xat24cr x1mh8g0r xexx8yu x4uap5 x18d9i69 xkhd6sd x1hl2dhg x16tdsg8 x1vvkbs\"><a class=\"x1i10hfl xjbqb8w x1ejq31n xd10rxx x1sy0etr x17r0tee x972fbf xcfux6l x1qhh985 xm0m39n x9f619 x1ypdohk xt0psk2 xe8uvvx xdj266r x11i5rnm xat24cr x1mh8g0r xexx8yu x4uap5 x18d9i69 xkhd6sd x16tdsg8 x1hl2dhg xggy1nq x1a2a7pz x1sur9pj xkrqix3 x1fey0fg x1s688f\" role=\"link\" href=\"https:\/\/www.facebook.com\/hashtag\/principaudasturies?__eep__=6&amp;__cft__[0]=AZWS0BUXy_Dch_3koVrAptnsREF7Rt4rTwV3hjPfZSg4sST96S22lGpx5oJEao2rGQ-6daW_8IKVWY2VPQNun4BUY17qXWt9ba7ZLK-H88ugdK4Thbg_dv7YX2CmQtQF4SThPMxWRAK8jziBwWy8Uao-VgRCQlTSnio6btAg6M6ePlcQY9k_-YOu9paQ6pXXq8I&amp;__tn__=*NK-y-R\">#principaudasturies<\/a><\/span><\/li>\n<li><a href=\"https:\/\/www.youtube.com\/watch?v=yww1yRsTgFI\">Verdina 1<\/a> \/ <a href=\"https:\/\/www.youtube.com\/watch?v=lVsIP642raQ\">Verdina 2<\/a> \/ <a href=\"https:\/\/www.youtube.com\/watch?v=x0-49Y-LK9I\">Verdina 3<\/a> \/ <a href=\"https:\/\/www.youtube.com\/watch?v=c7TJkbVKjmk\">Verdina 4<\/a> \/ <a href=\"https:\/\/www.youtube.com\/watch?v=9abOy4I5Mi4\">Verdina 5<\/a> \/ <a href=\"https:\/\/www.youtube.com\/watch?v=Pqb8KQZOQVs\">Verdina 6<\/a> \/<\/li>\n<li><em>Colaboran:<strong> B\u00e1rbara Fuentes<\/strong> &#8211; Mezzosoprano, <strong>Eugenio Otero Vega<\/strong> &#8211; Gaita, <strong>Vero Rubio<\/strong> &#8211; voz y trompeta,<br \/>\n<strong>David Palicio<\/strong> &#8211; Illustraciones, y <strong>Andy da Silva<\/strong> &#8211; Producci\u00f3n. <\/em><\/li>\n<li><em><strong>Idea orixinal, creaci\u00f3n y composici\u00f3n &#8211; Miguel Garcia y Monica Jivanescu, El Arca de Mozart.<\/strong><\/em><\/li>\n<li><a href=\"https:\/\/www.elarcademozart.com\/la-faba-cosmica-verdina-t2\/\"><strong><span style=\"color: #008080\">Temporada II <\/span><\/strong><\/a>\/<\/li>\n<\/ul>\n<p>&nbsp;<\/p>\n<p>&nbsp;<\/p>\n<h1 class=\"style-scope ytd-watch-metadata\" style=\"text-align: center\"><a href=\"https:\/\/www.youtube.com\/watch?v=raCiLxCbVzY\">Verdina podcast musical. <\/a><br \/>\nTrailer. El Arca de Mozart<\/h1>\n<p style=\"text-align: center\"><strong><em><span style=\"color: #008080\">Les aventures d&#8217;una faba c\u00f3smica n&#8217;Asturies.<\/span><\/em><\/strong><\/p>\n<p style=\"text-align: center\">\n<!-- iframe plugin v.6.0 wordpress.org\/plugins\/iframe\/ -->\n<iframe loading=\"lazy\" width=\"100%\" height=\"375\" src=\"https:\/\/www.youtube.com\/embed\/raCiLxCbVzY\" title=\"Verdina podcast musical. Trailer. El Arca de Mozart\" frameborder=\"0\" allow=\"accelerometer; autoplay; clipboard-write; encrypted-media; gyroscope; picture-in-picture; web-share\" referrerpolicy=\"strict-origin-when-cross-origin\" 0=\"allowfullscreen\" 1=\"\/iframe\" scrolling=\"yes\" class=\"iframe-class\"><\/iframe>\n<\/p>\n<h1 class=\"style-scope ytd-watch-metadata\" style=\"text-align: center\"><a href=\"https:\/\/www.youtube.com\/watch?v=yww1yRsTgFI\">VERDINA 1 \u00abL&#8217;horru nun ye antena\u00bb<\/a><\/h1>\n<ul>\n<li><span style=\"color: #008080\"><strong><em>De c\u00f3mo y por qu\u00e9 llega Verdina a Asturies<\/em><\/strong><\/span><\/li>\n<\/ul>\n<p style=\"text-align: center\">\n<!-- iframe plugin v.6.0 wordpress.org\/plugins\/iframe\/ -->\n<iframe loading=\"lazy\" width=\"100%\" height=\"375\" src=\"https:\/\/www.youtube.com\/embed\/yww1yRsTgFI\" title=\"VERDINA 1 &amp;quot;L&#039;horru nun ye antena&amp;quot;\" frameborder=\"0\" allow=\"accelerometer; autoplay; clipboard-write; encrypted-media; gyroscope; picture-in-picture; web-share\" referrerpolicy=\"strict-origin-when-cross-origin\" 0=\"allowfullscreen\" 1=\"\/iframe\" scrolling=\"yes\" class=\"iframe-class\"><\/iframe>\n<\/p>\n<p style=\"text-align: center\">\n<!-- iframe plugin v.6.0 wordpress.org\/plugins\/iframe\/ -->\n<iframe loading=\"lazy\" src=\"https:\/\/widget.spreaker.com\/player?episode_id=62692721&#038;theme=dark&#038;chapters-image=true\" width=\"100%\" height=\"200px\" frameborder=\"0\" 0=\"\/iframe\" scrolling=\"yes\" class=\"iframe-class\"><\/iframe>\n<\/p>\n<h1 class=\"style-scope ytd-watch-metadata\" style=\"text-align: center\"><a href=\"https:\/\/www.youtube.com\/watch?v=lVsIP642raQ\">VERDINA 2 Tira\u0301 n&#8217;el Sofa\u0301<\/a><\/h1>\n<ul>\n<li><strong><em><span style=\"color: #008080\">De la observaci\u00f3n sobro la vida sedentaria, les opciones d&#8217;ociu pasivu y los problemes que trai<\/span><\/em><\/strong><\/li>\n<\/ul>\n<p style=\"text-align: center\">\n<!-- iframe plugin v.6.0 wordpress.org\/plugins\/iframe\/ -->\n<iframe loading=\"lazy\" width=\"100%\" height=\"375\" src=\"https:\/\/www.youtube.com\/embed\/lVsIP642raQ\" title=\"VERDINA 2 Tir\u00e1 n&#039;el Sof\u00e1\" frameborder=\"0\" allow=\"accelerometer; autoplay; clipboard-write; encrypted-media; gyroscope; picture-in-picture; web-share\" referrerpolicy=\"strict-origin-when-cross-origin\" 0=\"allowfullscreen\" 1=\"\/iframe\" scrolling=\"yes\" class=\"iframe-class\"><\/iframe>\n<\/p>\n<p style=\"text-align: center\">\n<!-- iframe plugin v.6.0 wordpress.org\/plugins\/iframe\/ -->\n<iframe loading=\"lazy\" src=\"https:\/\/widget.spreaker.com\/player?episode_id=62692719&#038;theme=dark&#038;chapters-image=true\" width=\"100%\" height=\"200px\" frameborder=\"0\" 0=\"\/iframe\" scrolling=\"yes\" class=\"iframe-class\"><\/iframe>\n<\/p>\n<h1 class=\"style-scope ytd-watch-metadata\" style=\"text-align: center\"><a href=\"https:\/\/www.youtube.com\/watch?v=x0-49Y-LK9I\">VERDINA 3 Que que\u0301 ye que\u0301<\/a><\/h1>\n<ul>\n<li><strong><em><span style=\"color: #008080\">De c\u00f3mo puede convivise y arriquecese con una socied\u00e1 pluriling\u00fce<\/span><\/em><\/strong><\/li>\n<\/ul>\n<p style=\"text-align: center\">\n<!-- iframe plugin v.6.0 wordpress.org\/plugins\/iframe\/ -->\n<iframe loading=\"lazy\" width=\"100%\" height=\"375\" src=\"https:\/\/www.youtube.com\/embed\/x0-49Y-LK9I\" title=\"VERDINA 3 Que qu\u00e9 ye qu\u00e9\" frameborder=\"0\" allow=\"accelerometer; autoplay; clipboard-write; encrypted-media; gyroscope; picture-in-picture; web-share\" referrerpolicy=\"strict-origin-when-cross-origin\" 0=\"allowfullscreen\" 1=\"\/iframe\" scrolling=\"yes\" class=\"iframe-class\"><\/iframe>\n<\/p>\n<p style=\"text-align: center\">\n<!-- iframe plugin v.6.0 wordpress.org\/plugins\/iframe\/ -->\n<iframe loading=\"lazy\" src=\"https:\/\/widget.spreaker.com\/player?episode_id=62692720&#038;theme=dark&#038;chapters-image=true\" width=\"100%\" height=\"200px\" frameborder=\"0\" 0=\"\/iframe\" scrolling=\"yes\" class=\"iframe-class\"><\/iframe>\n<\/p>\n<h1 class=\"style-scope ytd-watch-metadata\" style=\"text-align: center\"><a href=\"https:\/\/www.youtube.com\/watch?v=c7TJkbVKjmk\">VERDINA 4 Ye ella o ye e\u0301l<\/a><\/h1>\n<ul>\n<li><strong><em><span style=\"color: #008080\">Del amor y c\u00f3mo se vive n&#8217;iguald\u00e1 de x\u00e9neru<\/span><\/em><\/strong><\/li>\n<\/ul>\n<p style=\"text-align: center\">\n<!-- iframe plugin v.6.0 wordpress.org\/plugins\/iframe\/ -->\n<iframe loading=\"lazy\" width=\"100%\" height=\"375\" src=\"https:\/\/www.youtube.com\/embed\/c7TJkbVKjmk\" title=\"VERDINA 4 Ye ella o ye \u00e9l\" frameborder=\"0\" allow=\"accelerometer; autoplay; clipboard-write; encrypted-media; gyroscope; picture-in-picture; web-share\" referrerpolicy=\"strict-origin-when-cross-origin\" 0=\"allowfullscreen\" 1=\"\/iframe\" scrolling=\"yes\" class=\"iframe-class\"><\/iframe>\n<\/p>\n<p style=\"text-align: center\">\n<!-- iframe plugin v.6.0 wordpress.org\/plugins\/iframe\/ -->\n<iframe loading=\"lazy\" src=\"https:\/\/widget.spreaker.com\/player?episode_id=62692718&#038;theme=dark&#038;chapters-image=true\" width=\"100%\" height=\"200px\" frameborder=\"0\" 0=\"\/iframe\" scrolling=\"yes\" class=\"iframe-class\"><\/iframe>\n<\/p>\n<h1 class=\"style-scope ytd-watch-metadata\" style=\"text-align: center\"><a href=\"https:\/\/www.youtube.com\/watch?v=9abOy4I5Mi4\">VERDINA 5 Antes un tubu, agora una trompeta<\/a><\/h1>\n<ul>\n<li><strong><em><span style=\"color: #008080\">De c\u00f3mo se vive curiando&#8217;l mediuambiente, una concienciaci\u00f3n sobro l&#8217;ecoloxismu, reciclaxe y cuidu del planeta.<\/span><\/em><\/strong><\/li>\n<\/ul>\n<p style=\"text-align: center\">\n<!-- iframe plugin v.6.0 wordpress.org\/plugins\/iframe\/ -->\n<iframe loading=\"lazy\" width=\"100%\" height=\"375\" src=\"https:\/\/www.youtube.com\/embed\/9abOy4I5Mi4\" title=\"VERDINA 5 Antes un tubu, agora una trompeta\" frameborder=\"0\" allow=\"accelerometer; autoplay; clipboard-write; encrypted-media; gyroscope; picture-in-picture; web-share\" referrerpolicy=\"strict-origin-when-cross-origin\" 0=\"allowfullscreen\" 1=\"\/iframe\" scrolling=\"yes\" class=\"iframe-class\"><\/iframe>\n<\/p>\n<p style=\"text-align: center\">\n<!-- iframe plugin v.6.0 wordpress.org\/plugins\/iframe\/ -->\n<iframe loading=\"lazy\" src=\"https:\/\/widget.spreaker.com\/player?episode_id=62692722&#038;theme=dark&#038;chapters-image=true\" width=\"100%\" height=\"200px\" frameborder=\"0\" 0=\"\/iframe\" scrolling=\"yes\" class=\"iframe-class\"><\/iframe>\n<\/p>\n<h1 class=\"style-scope ytd-watch-metadata\" style=\"text-align: center\"><a href=\"https:\/\/www.youtube.com\/watch?v=Pqb8KQZOQVs\">VERDINA 6 \u00bfSoy una faba?<\/a><\/h1>\n<div class=\"inline-block max-h-[48px] overflow-hidden text-xs text-neutral-950 dark:text-neutral-300 lg:text-base\">\n<ul>\n<li class=\"break-anywhere line-clamp-2 text-ellipsis\"><span style=\"color: #008080\"><em><strong>\u00a0De c\u00f3mo se cavilga sobro unu mesmu frente a un platu fabes.<br \/>\n<\/strong><br \/>\n<\/em><\/span><\/li>\n<\/ul>\n<\/div>\n<p style=\"text-align: center\">\n<!-- iframe plugin v.6.0 wordpress.org\/plugins\/iframe\/ -->\n<iframe loading=\"lazy\" width=\"100%\" height=\"375\" src=\"https:\/\/www.youtube.com\/embed\/Pqb8KQZOQVs\" title=\"VERDINA 6 \u00bfSoy una faba?\" frameborder=\"0\" allow=\"accelerometer; autoplay; clipboard-write; encrypted-media; gyroscope; picture-in-picture; web-share\" referrerpolicy=\"strict-origin-when-cross-origin\" 0=\"allowfullscreen\" 1=\"\/iframe\" scrolling=\"yes\" class=\"iframe-class\"><\/iframe>\n<\/p>\n<p style=\"text-align: center\">\n<!-- iframe plugin v.6.0 wordpress.org\/plugins\/iframe\/ -->\n<iframe loading=\"lazy\" src=\"https:\/\/widget.spreaker.com\/player?episode_id=62692721&#038;theme=dark&#038;chapters-image=true\" width=\"100%\" height=\"200px\" frameborder=\"0\" 0=\"\/iframe\" scrolling=\"yes\" class=\"iframe-class\"><\/iframe>\n<\/p>\n<p><img loading=\"lazy\" decoding=\"async\" class=\"aligncenter\" src=\"https:\/\/encrypted-tbn0.gstatic.com\/images?q=tbn:ANd9GcTR28kVyfgd3qwCkn2ICP6JNBpKea-RZS3fF5sLEuFyAkmWuml3Qyn-alg-FidZmJD8Ug&amp;usqp=CAU\" width=\"189\" height=\"20\" \/><\/p>\n<p style=\"text-align: center\"><a href=\"https:\/\/d3wo5wojvuv7l.cloudfront.net\/t_square_limited_480\/images.spreaker.com\/original\/a5aa960dfde2571372e598abf4fd0406.jpg\"><img loading=\"lazy\" decoding=\"async\" class=\"aligncenter \" src=\"https:\/\/d3wo5wojvuv7l.cloudfront.net\/t_square_limited_480\/images.spreaker.com\/original\/a5aa960dfde2571372e598abf4fd0406.jpg\" width=\"225\" height=\"225\" \/><\/a><\/p>\n<p style=\"text-align: center\"><a href=\"https:\/\/image.jimcdn.com\/app\/cms\/image\/transf\/dimension=616x10000:format=jpg\/path\/s430a031a8a1af116\/image\/i660e35accd3a8e9f\/version\/1731344438\/image.jpg\"><img loading=\"lazy\" decoding=\"async\" class=\"aligncenter size-large\" src=\"https:\/\/image.jimcdn.com\/app\/cms\/image\/transf\/dimension=616x10000:format=jpg\/path\/s430a031a8a1af116\/image\/i660e35accd3a8e9f\/version\/1731344438\/image.jpg\" width=\"616\" height=\"499\" \/><\/a><\/p>\n","protected":false},"excerpt":{"rendered":"<p>La producci\u00f3n musical de Verdina fecha nel a\u00f1u\u00a02024\u00a0cuenta col sofitu de la https:\/\/www.elarcademozart.com\/verdina\/ El Arca de Mozart\/@elarcademozart2868 \/ IG \/ https:\/\/www.elarcademozart.com\/ elarcademozart@gmail.com Idea orixinal de Miguel Garc\u00eda y M\u00f3nica Jivanescu Verdina:\u00a0 trailer \/ \/ Podcast SPREAKER \/ #verdina #lafabacosmica #elarcademozart #principaudasturies Verdina 1 \/ Verdina 2 \/ Verdina 3 \/ Verdina 4 \/ Verdina 5 [&hellip;]<\/p>\n","protected":false},"author":117,"featured_media":0,"parent":153,"menu_order":0,"comment_status":"closed","ping_status":"closed","template":"","meta":{"footnotes":""},"class_list":["post-34324","page","type-page","status-publish","hentry"],"_links":{"self":[{"href":"https:\/\/edublog.educastur.es\/ixuxu\/wp-json\/wp\/v2\/pages\/34324","targetHints":{"allow":["GET"]}}],"collection":[{"href":"https:\/\/edublog.educastur.es\/ixuxu\/wp-json\/wp\/v2\/pages"}],"about":[{"href":"https:\/\/edublog.educastur.es\/ixuxu\/wp-json\/wp\/v2\/types\/page"}],"author":[{"embeddable":true,"href":"https:\/\/edublog.educastur.es\/ixuxu\/wp-json\/wp\/v2\/users\/117"}],"replies":[{"embeddable":true,"href":"https:\/\/edublog.educastur.es\/ixuxu\/wp-json\/wp\/v2\/comments?post=34324"}],"version-history":[{"count":17,"href":"https:\/\/edublog.educastur.es\/ixuxu\/wp-json\/wp\/v2\/pages\/34324\/revisions"}],"predecessor-version":[{"id":67789,"href":"https:\/\/edublog.educastur.es\/ixuxu\/wp-json\/wp\/v2\/pages\/34324\/revisions\/67789"}],"up":[{"embeddable":true,"href":"https:\/\/edublog.educastur.es\/ixuxu\/wp-json\/wp\/v2\/pages\/153"}],"wp:attachment":[{"href":"https:\/\/edublog.educastur.es\/ixuxu\/wp-json\/wp\/v2\/media?parent=34324"}],"curies":[{"name":"wp","href":"https:\/\/api.w.org\/{rel}","templated":true}]}}