{"id":34874,"date":"2024-11-12T00:40:10","date_gmt":"2024-11-11T22:40:10","guid":{"rendered":"https:\/\/edublog.educastur.es\/ixuxu\/?page_id=34874"},"modified":"2024-11-12T22:36:00","modified_gmt":"2024-11-12T20:36:00","slug":"presentacion-xi-sestaferia","status":"publish","type":"page","link":"https:\/\/edublog.educastur.es\/ixuxu\/inicio\/presentacion-xi-sestaferia\/","title":{"rendered":"Presentaci\u00f3n XI Sestaferia"},"content":{"rendered":"<p><span style=\"font-size: 20px\"><em>Bonos d\u00edes.<br \/>\n<\/em><\/span><br \/>\n<span style=\"font-size: 20px\"><em><strong>Ll\u00e1mome Isa Lobo<\/strong>, soi asturiana de ma pongueta y p\u00e1 ayer\u00e1n. La mio llingua materna ye l&#8217;asturianu, am\u00e1s del castell\u00e1n. Dende siempres, apasionada de la llectura, aficionada a les nueves teunolox\u00edes y la fotograf\u00eda en particular, pasi\u00f3n de la que viv\u00ed profesionalmente unos cuantos a\u00f1os enantes de dedicame a l&#8217;ense\u00f1anza.\u00a0\u00a0<\/em><\/span><\/p>\n<p><span style=\"font-size: 20px\"><em><strong>Llevo venti a\u00f1os trabayando como maestra<\/strong>, primero n&#8217;Infantil y dende va diez a\u00f1os en Primaria. <span style=\"color: #008080\">Los \u00faltimos seis cursos pongo escuela de Llingua Asturiana<\/span> nel colexu p\u00fablicu Carmen Ruiz-Tilve d&#8217;Uvi\u00e9u, conoc\u00edu como Corredoria3 y por trabayar ensin llibros de testu, por proyeutos. Dempu\u00e9s de coordinar la formaci\u00f3n del profesor\u00e1u, actualmente soi la coordinadora de teunolox\u00edes educatives del centru.<\/em><\/span><\/p>\n<p style=\"text-align: center\"><span style=\"color: #800080;font-size: 24px\"><strong><em>\u201cLa irrupci\u00f3n de les nueves tecnolox\u00edes obl\u00edganos<br \/>\n<\/em><\/strong><em><strong>a educar\u00a0 d\u00b4una manera distinta\u201d. <\/strong><\/em><em>Howard Gardner<\/em><\/span><\/p>\n<p><span style=\"font-size: 20px\"><em><span style=\"text-decoration: underline\">Consciente<\/span> de que l&#8217;alumn\u00e1u que tenemos nes aules son nativos dixitales <\/em><\/span><br \/>\n<span style=\"font-size: 20px\"><em>que nacieren col movimientu, la lluz y el color al travi\u00e9s de pantalles&#8230;<\/em><\/span><\/p>\n<p><span style=\"font-size: 20px\"><em><span style=\"text-decoration: underline\">Camiento que&#8217;l mayor desaf\u00edu que tenemos el profesor\u00e1u d&#8217;asturianu, g\u00fcei en d\u00eda, ye:<\/span><br \/>\n<\/em><\/span><\/p>\n<ul>\n<li><span style=\"font-size: 20px\"><em>emocionay y llamar l&#8217;atenci\u00f3n pa qu&#8217;escuchen activamente, <\/em><\/span><\/li>\n<li><span style=\"font-size: 20px\"><em>que muestren inter\u00e9s poles coses qu&#8217;asoceden nel mundu que los arrodia, <\/em><\/span><\/li>\n<li><span style=\"font-size: 20px\"><em>que respeten turnos de pallabra y puedan falar\/opinar toos y toes<br \/>\nindependientemente de les sos capacidaes y singularidaes personales<\/em><\/span><\/li>\n<li><span style=\"font-size: 20px\"><em>qu&#8217;aprendan a <\/em><\/span><span style=\"font-size: 20px\"><em>desenvolvese comunicativamente colos iguales y los mayores <\/em><\/span><\/li>\n<\/ul>\n<p><span style=\"font-size: 20px;color: #008080\"><em><strong>Oxetivu doble:<\/strong><\/em><\/span><\/p>\n<ul>\n<li><span style=\"font-size: 20px\"><em><strong>Profesional<\/strong>: desarrollar un procesu d&#8217;ense\u00f1anza-aprendizaxe efeutivu y eficaz pa que los mios escolinos deprendan bien (seyan competentes comunicativamente) y pa la vida, con una utilid\u00e1. <\/em><\/span><\/li>\n<li><span style=\"font-size: 20px\"><em><strong>Personal<\/strong>: apasionalos col tema de la llingua asturiana pa que l&#8217;amen de por vida, que la escueyan y usen siempre que puedan, llean art\u00edculos, llibros, poemes, noticies, escuchen m\u00fasica, podcast, etc. Que nun tengan que xuntase a asturfalantes pa falar esta llingua milenaria, pa puxar por ella.<\/em><\/span><\/li>\n<\/ul>\n<p><span style=\"font-size: 20px\"><em><strong>Pa poder afrontar con \u00e9situ estos desaf\u00edos y cumplir el doble oxetivu ocurri\u00f3seme ya enantes de la pandemia iguar un blogue educativu.<\/strong> <\/em><\/span><\/p>\n<ul>\n<li><span style=\"font-size: 20px\"><em>Nun primer momentu como soporte a les fiches, ye dicir,<br \/>\npa <\/em><\/span><em style=\"font-size: 20px\">complementar les ense\u00f1ances curriculares. <\/em><\/li>\n<li><em style=\"font-size: 20px\">Acald\u00eda voi adecu\u00e1ndolu a les necesidaes y nuevos retos que van surdiendo y present\u00e1ndose.<\/em><\/li>\n<\/ul>\n<p><strong><span style=\"font-size: 20px\"><em>Afondando m\u00e1s en c\u00f3mo trabayar eficientemente la competencia comunicativa <\/em><\/span><\/strong><span style=\"font-size: 20px\"><em>en toles sos vertientes<\/em><\/span><strong><span style=\"font-size: 20px\"><em> y pa faciliar sobremanera la comprensi\u00f3n y la espresi\u00f3n <\/em><\/span><\/strong><span style=\"font-size: 20px\"><em>ocurri\u00f3seme day esti formatu de blogue con p\u00e1xines est\u00e1tiques (aparecen na cabecera con subp\u00e1xines&#8230;) y p\u00e1xines din\u00e1miques orden\u00e1es cronol\u00f3xicamente: el blogue que siempres sua\u00f1\u00e9 facer, el que m\u00e1s me prestar\u00eda leer diariamente y que tuviese ese calter educativu y formativu como plus. <\/em><\/span><\/p>\n<p><span style=\"font-size: 20px\"><em>Equ\u00ed lu ten\u00e9is, n&#8217;Edublog, ferramienta de baldre que nos ufre la Conseyer\u00eda d&#8217;Educaci\u00f3n.<\/em><\/span><\/p>\n<p style=\"text-align: center\"><strong><em><span style=\"color: #008080;font-size: 20px\">https:\/\/edublog.educastur.es\/ixuxu<\/span><\/em><\/strong><\/p>\n<ul>\n<li><em style=\"font-size: 20px\"><strong>Ixux\u00fa ufre un espaciu orden\u00e1u onde atopar conten\u00edos de tou tipu, un peri\u00f3dicu de referencia onde tar informaos y am\u00e1s, deprender coses nueves o repasar otres ya vistes nel aula\u2026<\/strong> Los conten\u00edos nun solo tienen que ver con Asturies; les categor\u00edes van medrando a medida que surxen nueves referencies.<\/em><\/li>\n<li><em style=\"font-size: 20px\"><strong>Principalmente versen sobro saberes curriculares de Llingua y Cultura asturiana<\/strong>, los ODS de l&#8217;Axenda 2030 y principales desaf\u00edos del sieglu XXI. El restu de saberes b\u00e1sicos de les ense\u00f1ances de Primaria trab\u00e1yense tresversalmente, ye dicir, cualquier noticia o tema abord\u00e1u espr\u00edmise tolo qu&#8217;el mayestru desee. Por casu&#8230;<\/em><\/li>\n<\/ul>\n<div class=\"entry\">\n<p style=\"text-align: center\"><strong><span style=\"font-size: 24px;color: #800080\"><em>\u201cYe apremiante actuar.<br \/>\nMa\u00f1ana puede ser tarde\u201d .<\/em><\/span><\/strong><\/p>\n<\/div>\n<p><span style=\"font-size: 20px\"><em><strong>\u201cTresformar el mundu\u201d<\/strong> ye&#8217;l t\u00edtulo de la crucial resoluci\u00f3n aprob\u00e1 por L&#8217;Asamblea Xeneral de les Naciones Unies n&#8217;ochobre de 2015, qu&#8217;inclui los Oxetivos de Desarrollu Sostenible (ODS) propios de l&#8217;Axenda 2030.<\/em><\/span><\/p>\n<div class=\"entry\">\n<p>&nbsp;<\/p>\n<p style=\"text-align: center\"><span style=\"font-size: 24px\"><em><span style=\"text-decoration: underline;color: #000000\">Paulo Freire recu\u00e9rdanos otra finalid\u00e1 educativa<br \/>\na tener en cuenta a la hora d&#8217;ense\u00f1ar nel aula:<\/span><\/em><\/span><\/p>\n<p style=\"text-align: center\"><span style=\"color: #800080;font-size: 24px\"><em>\u00abL\u2019alfabetizaci\u00f3n ye m\u00e1s,<\/em><\/span><br \/>\n<span style=\"color: #800080;font-size: 24px\"><em>muncho m\u00e1s que leer y escribir.<\/em><\/span><br \/>\n<span style=\"font-size: 24px\"><strong><span style=\"color: #800080\"><em>Ye l\u2019habilid\u00e1 de lleer el mundu,<\/em><\/span><\/strong><\/span><br \/>\n<span style=\"font-size: 24px\"><strong><span style=\"color: #800080\"><em>ye l\u2019habilid\u00e1 de siguir aprendiendo<\/em><\/span><\/strong><\/span><br \/>\n<span style=\"font-size: 24px\"><strong><span style=\"color: #800080\"><em>y ye la llave de la puerta de la conocencia\u00bb.<\/em><\/span><\/strong><\/span><\/p>\n<p style=\"text-align: center\"><span style=\"color: #800080;font-size: 24px\"><em>\u00abNun somos seres d\u2019adaptaci\u00f3n.<\/em><\/span><br \/>\n<span style=\"text-decoration: underline;font-size: 24px\"><span style=\"color: #800080\"><em>Somos seres de tresformamientu\u00bb.\u00a0<\/em><\/span><\/span><\/p>\n<p style=\"text-align: center\"><span style=\"font-size: 24px\"><strong><span style=\"color: #800080\"><em>\u201cLa educaci\u00f3n nun camuda al mundu, <\/em><\/span><\/strong><\/span><br \/>\n<span style=\"font-size: 24px\"><strong><span style=\"color: #800080\"><em>camuda les persones<br \/>\nque van camudar el mundu\u201d<\/em><\/span><\/strong><\/span><\/p>\n<\/div>\n<blockquote><p><span style=\"color: #008080;font-size: 20px\"><strong><em>Vamos a ello, a lleer el mundu,<br \/>\na entendelu y comprendelu,<\/em><\/strong><\/span><br \/>\n<span style=\"color: #008080;font-size: 20px\"><strong><em>y a siguir deprendiendo, <\/em><\/strong><\/span><br \/>\n<span style=\"color: #008080;font-size: 20px\"><strong><em>alfabetiz\u00e1ndonos p&#8217;algamar m\u00e1s y meyores conocimientos.<\/em><\/strong><\/span><\/p>\n<p><span style=\"font-size: 20px;color: #008080\"><em><strong>\u00bfSeguisme?<\/strong><\/em><\/span><\/p><\/blockquote>\n<p><strong>Tener siempres presente que:<\/strong><\/p>\n<ul>\n<li><strong><em>L&#8217;inter\u00e9s ye&#8217;l motor del aprendizaxe. El celebru solo apriende si hai emoci\u00f3n.<\/em><\/strong> Francisco Mora<\/li>\n<li><em>\u201cTou aquello no cual ponemos la nuesa atenci\u00f3n adquier mayor fuerza na nuesa vida\u00bb<\/em>. Deepak Chopra<\/li>\n<li><em>\u201cBasta mirar daqu\u00e9 con atenci\u00f3n por que se vuelva interesante.\u201d<\/em> Eugeni d&#8217;Ors<\/li>\n<li><em>\u201cEl verdaderu arte de la memoria nun ye otru que l&#8217;arte de l&#8217;atenci\u00f3n.\u201d<\/em> Samuel Johnson<\/li>\n<li><em>\u201c<strong>L&#8217;atenci\u00f3n regula la emoci\u00f3n.\u201d<\/strong><\/em> Daniel Goleman<\/li>\n<li><em>\u201cBasta con emprestar atenci\u00f3n; l&#8217;aprendizaxe siempres llega cuando tas prepar\u00e1u, y si tas sollerte a les se\u00f1ales, vas aprender siempres tou lo necesario para dar el siguiente pasu.\u201d<\/em> Paulo Coelho<\/li>\n<\/ul>\n<p>&nbsp;<\/p>\n<div class=\"tags\"><\/div>\n","protected":false},"excerpt":{"rendered":"<p>Bonos d\u00edes. Ll\u00e1mome Isa Lobo, soi asturiana de ma pongueta y p\u00e1 ayer\u00e1n. La mio llingua materna ye l&#8217;asturianu, am\u00e1s del castell\u00e1n. Dende siempres, apasionada de la llectura, aficionada a les nueves teunolox\u00edes y la fotograf\u00eda en particular, pasi\u00f3n de la que viv\u00ed profesionalmente unos cuantos a\u00f1os enantes de dedicame a l&#8217;ense\u00f1anza.\u00a0\u00a0 Llevo venti a\u00f1os [&hellip;]<\/p>\n","protected":false},"author":117,"featured_media":0,"parent":91,"menu_order":0,"comment_status":"closed","ping_status":"closed","template":"","meta":{"footnotes":""},"class_list":["post-34874","page","type-page","status-publish","hentry"],"_links":{"self":[{"href":"https:\/\/edublog.educastur.es\/ixuxu\/wp-json\/wp\/v2\/pages\/34874","targetHints":{"allow":["GET"]}}],"collection":[{"href":"https:\/\/edublog.educastur.es\/ixuxu\/wp-json\/wp\/v2\/pages"}],"about":[{"href":"https:\/\/edublog.educastur.es\/ixuxu\/wp-json\/wp\/v2\/types\/page"}],"author":[{"embeddable":true,"href":"https:\/\/edublog.educastur.es\/ixuxu\/wp-json\/wp\/v2\/users\/117"}],"replies":[{"embeddable":true,"href":"https:\/\/edublog.educastur.es\/ixuxu\/wp-json\/wp\/v2\/comments?post=34874"}],"version-history":[{"count":9,"href":"https:\/\/edublog.educastur.es\/ixuxu\/wp-json\/wp\/v2\/pages\/34874\/revisions"}],"predecessor-version":[{"id":34993,"href":"https:\/\/edublog.educastur.es\/ixuxu\/wp-json\/wp\/v2\/pages\/34874\/revisions\/34993"}],"up":[{"embeddable":true,"href":"https:\/\/edublog.educastur.es\/ixuxu\/wp-json\/wp\/v2\/pages\/91"}],"wp:attachment":[{"href":"https:\/\/edublog.educastur.es\/ixuxu\/wp-json\/wp\/v2\/media?parent=34874"}],"curies":[{"name":"wp","href":"https:\/\/api.w.org\/{rel}","templated":true}]}}