{"id":35634,"date":"2024-11-18T11:56:22","date_gmt":"2024-11-18T09:56:22","guid":{"rendered":"https:\/\/edublog.educastur.es\/ixuxu\/?page_id=35634"},"modified":"2024-11-18T12:04:16","modified_gmt":"2024-11-18T10:04:16","slug":"llibros-secundaria","status":"publish","type":"page","link":"https:\/\/edublog.educastur.es\/ixuxu\/eonaviego\/llibros-secundaria\/","title":{"rendered":"Segundas Foyas"},"content":{"rendered":"<ul>\n<li>Autora: <strong>Natalia Riego Arredondas<br \/>\n<\/strong><\/li>\n<li><a href=\"https:\/\/www.canva.com\/design\/DAGSydoJoRQ\/qyiQnMdYUFvN3WJHK18t7Q\/edit\">Enllaz<\/a> \/ <a href=\"https:\/\/asturies.com\/noticies\/segundas-foyas-cuaderno-dactividaes-deonaviego-pa-los-niveles-de-secundaria\">Asturies.com<\/a> \/<\/li>\n<\/ul>\n<p style=\"text-align: center\">\n<!-- iframe plugin v.6.0 wordpress.org\/plugins\/iframe\/ -->\n<iframe loading=\"lazy\" 0=\"width:\" 1=\"900px;\" 2=\"height:\" 3=\"460px;\" src=\"https:\/\/www.canva.com\/design\/DAGSydoJoRQ\/qyiQnMdYUFvN3WJHK18t7Q\/view?embed\" allowfullscreen=\"allowfullscreen\" allow=\"fullscreen\" 4=\"\/iframe\" width=\"100%\" height=\"500\" scrolling=\"yes\" class=\"iframe-class\" frameborder=\"0\"><\/iframe>\n<\/p>\n<ul>\n<li>Academia de la Llingua \/<a href=\"https:\/\/alladixital.org\/categoria\/coleiciones\/segundas-foyas\/\"><strong> Segundas Foyas<\/strong><\/a> \/ A\u00f1u: 2023<\/li>\n<\/ul>\n<p style=\"text-align: center\"><a href=\"https:\/\/asturies.com\/sites\/default\/files\/styles\/large\/public\/segundas_foyas_primeru_eso.jpg?itok=n8a_uXVl\"><img loading=\"lazy\" decoding=\"async\" class=\"aligncenter size-large\" src=\"https:\/\/asturies.com\/sites\/default\/files\/styles\/large\/public\/segundas_foyas_primeru_eso.jpg?itok=n8a_uXVl\" width=\"458\" height=\"303\" \/><\/a><\/p>\n<p><em>Nesta nova colecci\u00f3n, a Secretar\u00eda Lling\u00fc\u00edstica del Navia-Eo estrena \u00faa obra dedicada \u00e1 ense\u00f1anza del eonaviego. Segundas foyas \u00e9 a proposta que Natalia Riego fai dende a s\u00faa esperiencia docente. El dise\u00f1o del proyecto, qu&#8217;\u00e9 obra d&#8217;Eduardo Carru\u00e9bano, fai da publicaci\u00f3n \u00faa ama\u00f1osa ferramenta te\u00f3rico-pr\u00e1ctica pral alumnao y el profesorao.<\/em><\/p>\n<ul>\n<li><a href=\"https:\/\/alladixital.org\/productu\/segundas-foyas-1o-eso\/\">1\u00ba ESO<\/a><\/li>\n<li><a href=\"https:\/\/alladixital.org\/productu\/segundas-foyas-2o-eso\/\">2\u00ba ESO<\/a><\/li>\n<li><a href=\"https:\/\/alladixital.org\/productu\/segundas-foyas-3o-eso\/\">3\u00ba ESO<\/a><\/li>\n<li><a href=\"https:\/\/alladixital.org\/productu\/segundas-foyas-4o-eso\/\">4\u00ba ESO<\/a><\/li>\n<\/ul>\n<p style=\"text-align: center\"><a href=\"https:\/\/asturies.com\/sites\/default\/files\/cubierta_segundas_foyas_primeru_eso_0.jpg\"><img loading=\"lazy\" decoding=\"async\" class=\"aligncenter \" src=\"https:\/\/asturies.com\/sites\/default\/files\/cubierta_segundas_foyas_primeru_eso_0.jpg\" width=\"415\" height=\"588\" \/><\/a><\/p>\n<p>La Secretar\u00eda Lling\u00fc\u00edstica del Navia-Eo de l&#8217;<a href=\"http:\/\/www.academiadelallingua.com\/\">Academia de la Llingua Asturiana (ALLA)<\/a> estrena esta coleici\u00f3n pa ense\u00f1u del idioma col n\u00famberu dedic\u00e1u a Primeru de la ESO.<\/p>\n<p>&#8216;Segundas foyas&#8217; ye&#8217;l nome del \u00abcuaderno d&#8217;actividaes d&#8217;eonaviego\u00bb ellabor\u00e1u a partir de la esperiencia docente de Natalia Riego <strong>pal trabayu na aula d&#8217;escolines y escolinos de l&#8217;asignatura de Gallego-asturiano y Lliteratura.<\/strong> El dise\u00f1u del proyeutu, del que s&#8217;encarg\u00f3 Eduardo Carru\u00e9bano, \u00abf<span dir=\"auto\">ai da publicaci\u00f3n \u00faa ama\u00f1osa ferramenta te\u00f3rico-pr\u00e1ctica pral alumnao y el profesorao\u00bb.<\/span><\/p>\n<p><span dir=\"auto\">El primer n\u00famberu asoley\u00e1u correspuende al de Primeru de la Educaci\u00f3n Secundaria Obligatoria (ESO), pa dir sacando la de los cursos restantes de manera continuada. Esti exemplar y\u00e1 ta disponible nos centros educativos del Navia-Eo, nel llar de l&#8217;ALLA y en llibrer\u00edes.<\/span><\/p>\n<p><span dir=\"auto\">La financiaci\u00f3n d&#8217;esti trabayu cont\u00f3 col sofitu econ\u00f3micu del Gobiernu y, al travi\u00e9s de los <\/span>Presupuestos Xenerales del Est\u00e1u, <span dir=\"auto\">del Ministeriu de Ciencia y Innovaci\u00f3n<\/span>.<\/p>\n<p>&nbsp;<\/p>\n","protected":false},"excerpt":{"rendered":"<p>Autora: Natalia Riego Arredondas Enllaz \/ Asturies.com \/ Academia de la Llingua \/ Segundas Foyas \/ A\u00f1u: 2023 Nesta nova colecci\u00f3n, a Secretar\u00eda Lling\u00fc\u00edstica del Navia-Eo estrena \u00faa obra dedicada \u00e1 ense\u00f1anza del eonaviego. Segundas foyas \u00e9 a proposta que Natalia Riego fai dende a s\u00faa esperiencia docente. El dise\u00f1o del proyecto, qu&#8217;\u00e9 obra d&#8217;Eduardo [&hellip;]<\/p>\n","protected":false},"author":117,"featured_media":0,"parent":35630,"menu_order":0,"comment_status":"closed","ping_status":"closed","template":"","meta":{"footnotes":""},"class_list":["post-35634","page","type-page","status-publish","hentry"],"_links":{"self":[{"href":"https:\/\/edublog.educastur.es\/ixuxu\/wp-json\/wp\/v2\/pages\/35634","targetHints":{"allow":["GET"]}}],"collection":[{"href":"https:\/\/edublog.educastur.es\/ixuxu\/wp-json\/wp\/v2\/pages"}],"about":[{"href":"https:\/\/edublog.educastur.es\/ixuxu\/wp-json\/wp\/v2\/types\/page"}],"author":[{"embeddable":true,"href":"https:\/\/edublog.educastur.es\/ixuxu\/wp-json\/wp\/v2\/users\/117"}],"replies":[{"embeddable":true,"href":"https:\/\/edublog.educastur.es\/ixuxu\/wp-json\/wp\/v2\/comments?post=35634"}],"version-history":[{"count":7,"href":"https:\/\/edublog.educastur.es\/ixuxu\/wp-json\/wp\/v2\/pages\/35634\/revisions"}],"predecessor-version":[{"id":35642,"href":"https:\/\/edublog.educastur.es\/ixuxu\/wp-json\/wp\/v2\/pages\/35634\/revisions\/35642"}],"up":[{"embeddable":true,"href":"https:\/\/edublog.educastur.es\/ixuxu\/wp-json\/wp\/v2\/pages\/35630"}],"wp:attachment":[{"href":"https:\/\/edublog.educastur.es\/ixuxu\/wp-json\/wp\/v2\/media?parent=35634"}],"curies":[{"name":"wp","href":"https:\/\/api.w.org\/{rel}","templated":true}]}}