{"id":3657,"date":"2021-02-13T12:29:53","date_gmt":"2021-02-13T10:29:53","guid":{"rendered":"https:\/\/edublog.educastur.es\/ixuxu\/?page_id=3657"},"modified":"2021-02-13T14:18:11","modified_gmt":"2021-02-13T12:18:11","slug":"3657-2","status":"publish","type":"page","link":"https:\/\/edublog.educastur.es\/ixuxu\/poesia-2\/3657-2\/","title":{"rendered":"Poes\u00eda n&#8217;ast"},"content":{"rendered":"<ul>\n<li><a href=\"https:\/\/twitter.com\/Poesianast\"><strong><em>en Twitter<\/em><\/strong><\/a><\/li>\n<li>Autor: <a href=\"https:\/\/ast.wikipedia.org\/wiki\/Gonzalo_G._Barre%C3%B1ada\"><strong><em>Gonzalo G. Barre\u00f1ada<\/em><\/strong><\/a>: <span class=\"r-18u37iz\"><a class=\"css-4rbku5 css-18t94o4 css-901oao css-16my406 r-1n1174f r-1loqt21 r-poiln3 r-bcqeeo r-qvutc0\" role=\"link\" href=\"https:\/\/twitter.com\/sotrondianu\" data-focusable=\"true\">@sotrondianu<\/a><\/span><\/li>\n<\/ul>\n<p><img loading=\"lazy\" decoding=\"async\" class=\"alignnone size-full\" src=\"https:\/\/pbs.twimg.com\/profile_banners\/2445623930\/1604944966\/1080x360\" width=\"1080\" height=\"360\" \/><\/p>\n<hr \/>\n<ul>\n<li><strong><em>Ant\u00f3n Garc\u00eda, Llibru \u00abFerralla\u00bb, Editorial Saltadera<\/em><\/strong><\/li>\n<\/ul>\n<p><a href=\"https:\/\/pbs.twimg.com\/media\/EuBsv7uXEAUVn53?format=jpg&amp;name=4096x4096\"><img loading=\"lazy\" decoding=\"async\" class=\"alignnone\" src=\"https:\/\/pbs.twimg.com\/media\/EuBsv7uXEAUVn53?format=jpg&amp;name=4096x4096\" alt=\"\" width=\"3070\" height=\"3002\" \/><\/a><\/p>\n<hr \/>\n<ul>\n<li><em><strong>de Pablo Rodr\u00edguez Alonso, \u00abLa lluz del Nord\u00e9s\u00bb<\/strong><\/em><\/li>\n<\/ul>\n<p><a href=\"https:\/\/pbs.twimg.com\/media\/EuBrS9pXcAM9unU?format=png&amp;name=900x900\"><img loading=\"lazy\" decoding=\"async\" class=\"aligncenter\" src=\"https:\/\/pbs.twimg.com\/media\/EuBrS9pXcAM9unU?format=png&amp;name=900x900\" alt=\"\" width=\"862\" height=\"788\" \/><\/a><\/p>\n<hr \/>\n<ul>\n<li><em><strong>de Pabo Rodr\u00edguez Medina, \u00abNel dialectu del gris\u00ed\u00bb, Ed. Trabe<\/strong><\/em><\/li>\n<\/ul>\n<p><a href=\"https:\/\/pbs.twimg.com\/media\/Et149v4XUAw9LEk?format=jpg&amp;name=900x900\"><img loading=\"lazy\" decoding=\"async\" class=\"aligncenter\" src=\"https:\/\/pbs.twimg.com\/media\/Et149v4XUAw9LEk?format=jpg&amp;name=900x900\" alt=\"\" width=\"566\" height=\"754\" \/><\/a><\/p>\n<hr \/>\n<ul>\n<li><em><strong>de Conchita Quintana<\/strong><\/em><\/li>\n<\/ul>\n<p><a href=\"https:\/\/pbs.twimg.com\/media\/EtzCzUNWQAMwz-O?format=png&amp;name=900x900\"><img loading=\"lazy\" decoding=\"async\" class=\"aligncenter\" src=\"https:\/\/pbs.twimg.com\/media\/EtzCzUNWQAMwz-O?format=png&amp;name=900x900\" alt=\"\" width=\"732\" height=\"462\" \/><\/a><\/p>\n<hr \/>\n<ul>\n<li>de Pablo Tex\u00f3n<\/li>\n<\/ul>\n<p style=\"text-align: center\"><a href=\"https:\/\/pbs.twimg.com\/media\/EtxtmaNXAAM6Wre?format=jpg&amp;name=4096x4096\"><img loading=\"lazy\" decoding=\"async\" class=\"alignnone\" src=\"https:\/\/pbs.twimg.com\/media\/EtxtmaNXAAM6Wre?format=jpg&amp;name=4096x4096\" alt=\"\" width=\"3087\" height=\"3435\" \/><\/a><\/p>\n<hr \/>\n<ul>\n<li>de <span class=\"css-901oao css-16my406 r-poiln3 r-bcqeeo r-qvutc0\">Henrique G. Facuriella<\/span><\/li>\n<\/ul>\n<p style=\"text-align: center\"><a href=\"https:\/\/pbs.twimg.com\/media\/EtuRSnAXMAYomfd?format=jpg&amp;name=4096x4096\"><img loading=\"lazy\" decoding=\"async\" class=\"aligncenter\" src=\"https:\/\/pbs.twimg.com\/media\/EtuRSnAXMAYomfd?format=jpg&amp;name=4096x4096\" alt=\"\" width=\"2836\" height=\"3810\" \/><\/a><\/p>\n<hr \/>\n<ul>\n<li>de Llu\u00eds Fano<\/li>\n<\/ul>\n<p style=\"text-align: center\"><a href=\"https:\/\/pbs.twimg.com\/media\/EtXno3uXEAEle19?format=jpg&amp;name=4096x4096\"><img loading=\"lazy\" decoding=\"async\" class=\"alignnone\" src=\"https:\/\/pbs.twimg.com\/media\/EtXno3uXEAEle19?format=jpg&amp;name=4096x4096\" alt=\"\" width=\"2449\" height=\"3353\" \/><\/a><\/p>\n<hr \/>\n<ul>\n<li>de Diego Sol\u00eds<\/li>\n<\/ul>\n<p style=\"text-align: center\"><a href=\"https:\/\/pbs.twimg.com\/media\/EtXX-20XAAwG0C8?format=jpg&amp;name=4096x4096\"><img loading=\"lazy\" decoding=\"async\" class=\"alignnone\" src=\"https:\/\/pbs.twimg.com\/media\/EtXX-20XAAwG0C8?format=jpg&amp;name=4096x4096\" alt=\"\" width=\"3072\" height=\"4096\" \/><\/a><\/p>\n<hr \/>\n<ul>\n<li>de Alma Hidalgo<\/li>\n<\/ul>\n<p style=\"text-align: center\"><img loading=\"lazy\" decoding=\"async\" class=\"alignnone size-full\" src=\"https:\/\/pbs.twimg.com\/media\/EaowVW9XsAQLJuc?format=jpg&amp;name=900x900\" width=\"796\" height=\"796\" \/><\/p>\n","protected":false},"excerpt":{"rendered":"<p>en Twitter Autor: Gonzalo G. Barre\u00f1ada: @sotrondianu Ant\u00f3n Garc\u00eda, Llibru \u00abFerralla\u00bb, Editorial Saltadera de Pablo Rodr\u00edguez Alonso, \u00abLa lluz del Nord\u00e9s\u00bb de Pabo Rodr\u00edguez Medina, \u00abNel dialectu del gris\u00ed\u00bb, Ed. Trabe de Conchita Quintana de Pablo Tex\u00f3n de Henrique G. Facuriella de Llu\u00eds Fano de Diego Sol\u00eds de Alma Hidalgo<\/p>\n","protected":false},"author":117,"featured_media":0,"parent":221,"menu_order":0,"comment_status":"closed","ping_status":"closed","template":"","meta":{"footnotes":""},"class_list":["post-3657","page","type-page","status-publish","hentry"],"_links":{"self":[{"href":"https:\/\/edublog.educastur.es\/ixuxu\/wp-json\/wp\/v2\/pages\/3657","targetHints":{"allow":["GET"]}}],"collection":[{"href":"https:\/\/edublog.educastur.es\/ixuxu\/wp-json\/wp\/v2\/pages"}],"about":[{"href":"https:\/\/edublog.educastur.es\/ixuxu\/wp-json\/wp\/v2\/types\/page"}],"author":[{"embeddable":true,"href":"https:\/\/edublog.educastur.es\/ixuxu\/wp-json\/wp\/v2\/users\/117"}],"replies":[{"embeddable":true,"href":"https:\/\/edublog.educastur.es\/ixuxu\/wp-json\/wp\/v2\/comments?post=3657"}],"version-history":[{"count":9,"href":"https:\/\/edublog.educastur.es\/ixuxu\/wp-json\/wp\/v2\/pages\/3657\/revisions"}],"predecessor-version":[{"id":3659,"href":"https:\/\/edublog.educastur.es\/ixuxu\/wp-json\/wp\/v2\/pages\/3657\/revisions\/3659"}],"up":[{"embeddable":true,"href":"https:\/\/edublog.educastur.es\/ixuxu\/wp-json\/wp\/v2\/pages\/221"}],"wp:attachment":[{"href":"https:\/\/edublog.educastur.es\/ixuxu\/wp-json\/wp\/v2\/media?parent=3657"}],"curies":[{"name":"wp","href":"https:\/\/api.w.org\/{rel}","templated":true}]}}