{"id":398,"date":"2020-06-18T07:32:14","date_gmt":"2020-06-18T07:32:14","guid":{"rendered":"https:\/\/edublog.educastur.es\/ixuxu\/?page_id=398"},"modified":"2020-08-18T07:33:15","modified_gmt":"2020-08-18T07:33:15","slug":"un-poema-daniversariu","status":"publish","type":"page","link":"https:\/\/edublog.educastur.es\/ixuxu\/poesia-2\/un-poema-daniversariu\/","title":{"rendered":"Un poema d\u2019aniversariu"},"content":{"rendered":"<div class=\"entry\">\n<p><a href=\"https:\/\/www.facebook.com\/paul.sailor.18\/posts\/10223671104633574?__cft__[0]=AZX1zKR3VUjxcRTE06vzin455-gm6Os2wB9Bz4H3a-7gG-clEd3JieMLmwTmYHNmnEsWCAK5SmbKgYWFqxH08IjHt4kC7HLeBFyTAbNJgYgEJhp1szwc_weirEAHy1Suyc4&amp;__tn__=%2CO%2CP-R\">Autor:<em> Pablo Ant\u00f3n Mar\u00edn Estrada<\/em><br \/>\n<\/a><\/p>\n<p><span style=\"font-size: 24px\"><strong><span style=\"color: #0000ff\"><em>SAN ANTOL\u00cdN DE BE\u00d3N, A\u00d1U 54<\/em><\/span><\/strong><\/span><\/p>\n<p><span style=\"color: #0000ff;font-size: 20px\"><em>En San Antol\u00edn de Be\u00f3n<\/em><\/span><\/p>\n<p><span style=\"color: #0000ff;font-size: 20px\"><em>el mar texe y destexe la vida,<\/em><\/span><\/p>\n<p><span style=\"color: #0000ff;font-size: 20px\"><em>l\u2019aire afueya los a\u00f1os <\/em><\/span><\/p>\n<p><span style=\"color: #0000ff;font-size: 20px\"><em>como les p\u00e1xines repet\u00edes<\/em><\/span><\/p>\n<p><span style=\"color: #0000ff;font-size: 20px\"><em>d\u2019un llibru, espelurcia les guedeyes<\/em><\/span><\/p>\n<p><span style=\"color: #0000ff;font-size: 20px\"><em>moyaes de los surfistes, apila<\/em><\/span><\/p>\n<p><span style=\"color: #0000ff;font-size: 20px\"><em>arena y refugaya ente los regodones,<\/em><\/span><\/p>\n<p><span style=\"color: #0000ff;font-size: 20px\"><em>pasa como el mesmu tiempu.<\/em><\/span><\/p>\n<p><span style=\"color: #0000ff;font-size: 20px\"><em>Equ\u00ed sentaba de nenu<\/em><\/span><\/p>\n<p><span style=\"color: #0000ff;font-size: 20px\"><em>a pensar c\u00f3mo ser\u00eda\u2019l mundu <\/em><\/span><\/p>\n<p><span style=\"color: #0000ff;font-size: 20px\"><em>nel a\u00f1u dos mil, c\u00f3mo ser\u00eda<\/em><\/span><\/p>\n<p><span style=\"color: #0000ff;font-size: 20px\"><em>yo cuando tuviere<\/em><\/span><\/p>\n<p><span style=\"color: #0000ff;font-size: 20px\"><em>el mesmu tiempu que mio padre.<\/em><\/span><\/p>\n<p><span style=\"color: #0000ff;font-size: 20px\"><em>La \u00faltima tarde alcord\u00f3se <\/em><\/span><\/p>\n<p><span style=\"color: #0000ff;font-size: 20px\"><em>d\u2019aquel branu equ\u00ed, una<\/em><\/span><\/p>\n<p><span style=\"color: #0000ff;font-size: 20px\"><em>an\u00e9cdota casual emburri\u00f3nos<\/em><\/span><\/p>\n<p><span style=\"color: #0000ff;font-size: 20px\"><em>a volver a rinos cola nueche<\/em><\/span><\/p>\n<p><span style=\"color: #0000ff;font-size: 20px\"><em>acusbiando na ventana.<\/em><\/span><\/p>\n<p><span style=\"color: #0000ff;font-size: 20px\"><em>Y remembr\u00e9 que la muerte<\/em><\/span><\/p>\n<p><span style=\"color: #0000ff;font-size: 20px\"><em>nun destercia l\u2019humor.<\/em><\/span><\/p>\n<p><span style=\"color: #0000ff;font-size: 20px\"><em>Deprend\u00edmoslo cuando llev\u00f3<\/em><\/span><\/p>\n<p><span style=\"color: #0000ff;font-size: 20px\"><em>a aquel paisanu mar alantre,<\/em><\/span><\/p>\n<p><span style=\"color: #0000ff;font-size: 20px\"><em>un turista andaluz que nel bar<\/em><\/span><\/p>\n<p><span style=\"color: #0000ff;font-size: 20px\"><em>de la playa nun callaba: <\/em><\/span><\/p>\n<p><span style=\"color: #0000ff;font-size: 20px\"><em>\u201cA m\u00ed lo que me guhta en el agua, <\/em><\/span><\/p>\n<p><span style=\"color: #0000ff;font-size: 20px\"><em>\u00e9 haserme el fiambre\u201d.<\/em><\/span><\/p>\n<p><span style=\"color: #0000ff;font-size: 20px\"><em>Pero a estes hores los humoristes<\/em><\/span><\/p>\n<p><span style=\"color: #0000ff;font-size: 20px\"><em>t\u00e1n echando un pigazu, <\/em><\/span><\/p>\n<p><span style=\"color: #0000ff;font-size: 20px\"><em>nada del dolor del mundu<\/em><\/span><\/p>\n<p><span style=\"color: #0000ff;font-size: 20px\"><em>llega hasta esta oriella,<\/em><\/span><\/p>\n<p><span style=\"color: #0000ff;font-size: 20px\"><em>les foles ruempen manses,<\/em><\/span><\/p>\n<p><span style=\"color: #0000ff;font-size: 20px\"><em>el gran dinosauriu reposa<\/em><\/span><\/p>\n<p><span style=\"color: #0000ff;font-size: 20px\"><em>la cabeza nel pedreru<\/em><\/span><\/p>\n<p><span style=\"color: #0000ff;font-size: 20px\"><em>de la Punta Pesta\u00f1a, un home<\/em><\/span><\/p>\n<p><span style=\"color: #0000ff;font-size: 20px\"><em>vuela en parapente, ella<\/em><\/span><\/p>\n<p><span style=\"color: #0000ff;font-size: 20px\"><em>ta grab\u00e1ndome col m\u00f3vil:<\/em><\/span><\/p>\n<p><span style=\"color: #0000ff;font-size: 20px\"><em>\u201cQuiero que veas <\/em><\/span><\/p>\n<p><span style=\"color: #0000ff;font-size: 20px\"><em>la cara de la felicid\u00e1\u201d.<\/em><\/span><\/p>\n<p><span style=\"color: #0000ff;font-size: 20px\"><em>V\u00e9ola agora, la sorrisa boba<\/em><\/span><\/p>\n<p><span style=\"color: #0000ff;font-size: 20px\"><em>del nenu que mira estupefactu<\/em><\/span><\/p>\n<p><span style=\"color: #0000ff;font-size: 20px\"><em>c\u00f3mo el mar texe y destexe <\/em><\/span><\/p>\n<p><span style=\"color: #0000ff;font-size: 20px\"><em>la vida, c\u00f3mo se pasa la vida<\/em><\/span><\/p>\n<p><span style=\"color: #0000ff;font-size: 20px\"><em>tan callando.<\/em><\/span><\/p>\n<\/div>\n","protected":false},"excerpt":{"rendered":"<p>Autor: Pablo Ant\u00f3n Mar\u00edn Estrada SAN ANTOL\u00cdN DE BE\u00d3N, A\u00d1U 54 En San Antol\u00edn de Be\u00f3n el mar texe y destexe la vida, l\u2019aire afueya los a\u00f1os como les p\u00e1xines repet\u00edes d\u2019un llibru, espelurcia les guedeyes moyaes de los surfistes, apila arena y refugaya ente los regodones, pasa como el mesmu tiempu. Equ\u00ed sentaba de [&hellip;]<\/p>\n","protected":false},"author":117,"featured_media":0,"parent":221,"menu_order":0,"comment_status":"closed","ping_status":"closed","template":"","meta":{"footnotes":""},"class_list":["post-398","page","type-page","status-publish","hentry"],"_links":{"self":[{"href":"https:\/\/edublog.educastur.es\/ixuxu\/wp-json\/wp\/v2\/pages\/398","targetHints":{"allow":["GET"]}}],"collection":[{"href":"https:\/\/edublog.educastur.es\/ixuxu\/wp-json\/wp\/v2\/pages"}],"about":[{"href":"https:\/\/edublog.educastur.es\/ixuxu\/wp-json\/wp\/v2\/types\/page"}],"author":[{"embeddable":true,"href":"https:\/\/edublog.educastur.es\/ixuxu\/wp-json\/wp\/v2\/users\/117"}],"replies":[{"embeddable":true,"href":"https:\/\/edublog.educastur.es\/ixuxu\/wp-json\/wp\/v2\/comments?post=398"}],"version-history":[{"count":2,"href":"https:\/\/edublog.educastur.es\/ixuxu\/wp-json\/wp\/v2\/pages\/398\/revisions"}],"predecessor-version":[{"id":400,"href":"https:\/\/edublog.educastur.es\/ixuxu\/wp-json\/wp\/v2\/pages\/398\/revisions\/400"}],"up":[{"embeddable":true,"href":"https:\/\/edublog.educastur.es\/ixuxu\/wp-json\/wp\/v2\/pages\/221"}],"wp:attachment":[{"href":"https:\/\/edublog.educastur.es\/ixuxu\/wp-json\/wp\/v2\/media?parent=398"}],"curies":[{"name":"wp","href":"https:\/\/api.w.org\/{rel}","templated":true}]}}