{"id":42244,"date":"2025-02-19T10:41:22","date_gmt":"2025-02-19T08:41:22","guid":{"rendered":"https:\/\/edublog.educastur.es\/ixuxu\/?page_id=42244"},"modified":"2025-02-19T10:41:22","modified_gmt":"2025-02-19T08:41:22","slug":"musica-dasturies","status":"publish","type":"page","link":"https:\/\/edublog.educastur.es\/ixuxu\/musica\/musica-dasturies\/","title":{"rendered":"M\u00fasica d&#8217;Asturies"},"content":{"rendered":"<div class=\"td_block_wrap tdb_title tdi_50 tdb-single-title td-pb-border-top td_block_template_1\" data-td-block-uid=\"tdi_50\">\n<div class=\"tdb-block-inner td-fix-index\">\n<h1 class=\"tdb-title-text\" style=\"text-align: center\"><em><span style=\"color: #008080\">Identid\u00e1 y M\u00fasica d\u2019Asturies (I)<\/span><\/em><\/h1>\n<\/div>\n<\/div>\n<div class=\"td_block_wrap tdb_single_subtitle tdi_51 td-pb-border-top td_block_template_1\" data-td-block-uid=\"tdi_51\">\n<div class=\"tdb-block-inner td-fix-index\">\n<p>Nun hai conten\u00edu ensin continente nin esistir\u00eda enxam\u00e1s una m\u00fasica \u00abasturiana\u00bb ensin Asturies como realid\u00e1 cultural y pol\u00edtica.<\/p>\n<\/div>\n<\/div>\n<div class=\"vc_row_inner tdi_53  vc_row vc_inner wpb_row td-pb-row\">\n<div class=\"vc_column_inner tdi_55  wpb_column vc_column_container tdc-inner-column td-pb-span6\">\n<div class=\"vc_column-inner\">\n<div class=\"wpb_wrapper\">\n<div class=\"td_block_wrap tdb_single_author tdi_56 td-pb-border-top td_block_template_1 tdb-post-meta\" data-td-block-uid=\"tdi_56\">\n<div class=\"tdb-block-inner td-fix-index\">\n<div class=\"tdb-author-name-wrap\"><span class=\"tdb-author-by\">Por<\/span> <a class=\"tdb-author-name\" href=\"https:\/\/www.nortes.me\/author\/hbraga\/\">H\u00e9ctor Braga<\/a><\/div>\n<\/div>\n<\/div>\n<div class=\"td_block_wrap tdb_single_date tdi_57 td-pb-border-top td_block_template_1 tdb-post-meta\" data-td-block-uid=\"tdi_57\">\n<div class=\"tdb-block-inner td-fix-index\"><\/div>\n<\/div>\n<\/div>\n<\/div>\n<\/div>\n<\/div>\n<div class=\"td_block_wrap tdb_single_featured_image tdi_60 tdb-content-horiz-left td-pb-border-top td_block_template_1\" data-td-block-uid=\"tdi_60\">\n<div class=\"tdb-block-inner td-fix-index\">\n<figure><img loading=\"lazy\" decoding=\"async\" class=\"entry-thumb\" title=\"filandon\" src=\"https:\/\/www.nortes.me\/wp-content\/uploads\/2021\/11\/filandon-1068x725.jpg\" alt=\"\" width=\"1068\" height=\"725\" \/><figcaption class=\"tdb-caption-text\">Filand\u00f3n en el monasterio de Ermo. Luis \u00c1lvarez Catal\u00e1 (1872). Col. Mus\u00e9u de Belles Artes d\u2019Asturies.<\/figcaption><\/figure>\n<\/div>\n<\/div>\n<div class=\"vc_row_inner tdi_62  vc_row vc_inner wpb_row td-pb-row\">\n<div class=\"vc_column_inner tdi_64  wpb_column vc_column_container tdc-inner-column td-pb-span4 td-is-sticky\">\n<div class=\"vc_column-inner\">\n<div class=\"wpb_wrapper\" data-sticky-enabled-on=\"W3RydWUsdHJ1ZSx0cnVlLHRydWVd\" data-sticky-offset=\"20\" data-sticky-is-width-auto=\"W2ZhbHNlLGZhbHNlLGZhbHNlLGZhbHNlXQ==\">\n<div class=\"clearfix\"><\/div>\n<div class=\"tdb-author-box td_block_wrap tdb_single_author_box tdi_66 tdb-content-vert-top td-pb-border-top td_block_template_1\" data-td-block-uid=\"tdi_66\">\n<div class=\"tdb-block-inner td-fix-index\"><a class=\"tdb-author-photo\" title=\"H\u00e9ctor Braga\" href=\"https:\/\/www.nortes.me\/author\/hbraga\/\"><img loading=\"lazy\" decoding=\"async\" class=\"gravatar avatar avatar-120 um-avatar um-avatar-uploaded\" src=\"https:\/\/www.nortes.me\/wp-content\/uploads\/ultimatemember\/193\/profile_photo-190x190.jpg?1739928340\" alt=\"H\u00e9ctor Braga\" width=\"120\" height=\"120\" data-default=\"https:\/\/www.nortes.me\/wp-content\/plugins\/ultimate-member\/assets\/img\/default_avatar.jpg\" \/><\/a><\/p>\n<div class=\"tdb-author-info\"><a class=\"tdb-author-name\" href=\"https:\/\/www.nortes.me\/author\/hbraga\/\">H\u00e9ctor Braga<\/a><\/p>\n<div class=\"tdb-author-descr\">Cantante, multiinstrumentista, compositor y productor musical. Profesor y doctor universitario, autor de la tesis \u00abLa asturianada. Estudio etnomusicol\u00f3gico de un g\u00e9nero vocal de tipolog\u00eda popular\u00bb.<\/div>\n<div class=\"tdb-author-social\"><\/div>\n<\/div>\n<\/div>\n<\/div>\n<div class=\"td_block_wrap td_flex_block_1 tdi_68 td-pb-border-top td_block_template_1 td_flex_block\" data-td-block-uid=\"tdi_68\"><\/div>\n<\/div>\n<\/div>\n<\/div>\n<div class=\"vc_column_inner tdi_70  wpb_column vc_column_container tdc-inner-column td-pb-span8\">\n<div class=\"vc_column-inner\">\n<div class=\"wpb_wrapper\">\n<div class=\"td_block_wrap tdb_single_content tdi_71 td-pb-border-top td_block_template_1 td-post-content tagdiv-type\" data-td-block-uid=\"tdi_71\">\n<div class=\"tdb-block-inner td-fix-index\">\n<p>\u00dan de los distintivos de la m\u00fasica qu\u2019angua\u00f1o nomamos \u00abasturiana\u00bb ye la oralid\u00e1, un atributu que fai abondu abegosu\u2019l rastrexu de los sos or\u00edxenes. Non nam\u00e1s pol est\u00e1u actual de conocencies y d\u2019ense\u00f1u \u2013que tami\u00e9n\u2013, sin\u00f3n pola simple ausencia d\u2019escritura, documentaci\u00f3n y grabaciones hasta feches relativamente reci\u00e9n.<\/p>\n<p>La m\u00fasica popular, del x\u00e9neru que s\u00eda, tien dende\u2019l so orixe daqui\u00e9n que robl\u00f3 la so autor\u00eda. Hai un espaciu \u2013escenariu\u2013 y una duraci\u00f3n \u2013conciertu\u2013. Una canci\u00f3n puede llograr gran popularid\u00e1, por casu, la <strong>\u00abcanci\u00f3n del branu\u00bb<\/strong>, pero nam\u00e1s si permanez na memoria de la xente, se canta y se tresmite por xeneraciones medra nuna canci\u00f3n del folclore (saber popular) d\u2019una comunid\u00e1 y ser parte de la so identid\u00e1<\/p>\n<p>De les m\u00fasiques tradicionales (nomaes <strong>\u00abde raiga\u00f1u\u00bb<\/strong>, <strong>\u00ab\u00e9tniques\u00bb<\/strong> o <strong>\u00abidentitaries\u00bb<\/strong>) desconocemos los autores, el llugar de creaci\u00f3n o la so fecha d\u2019estrenu. Vienen tresmiti\u00e9ndose \u2013y version\u00e1ndose\u2013 mientres sieglos de manera oral y aprucen tremaes per amplies fasteres xeogr\u00e1fiques. La tradicionalid\u00e1 d\u2019una canci\u00f3n af\u00edtase si tien munches versiones distintes. El tiempu y la memoria de los int\u00e9rpretes faen que los cantares s\u00edan variables seg\u00fan qu\u00e9 zones o qu\u00e9 persones analicemos. La bayura ye prueba d\u2019antig\u00fced\u00e1 en too (llingua, gastronom\u00eda, etc.) y too puede quedar venceyao a la identid\u00e1 coleutiva, tarde o tempranu.<\/p>\n<h3 class=\"wp-block-heading\">Dende los or\u00edxenes a 1833<\/h3>\n<p>\u00bfPor \u00f3nde entamamos a guetar una identid\u00e1 musical d\u2019Asturies? El ser humanu canta dende la nueche de los tiempos y nun puede afitase ayundes un orixe m\u00edticu y fundacional pa la m\u00fasica y el cantar popular, atalantando qu\u2019Asturies nun esist\u00eda pol\u00edticamente dende siempres. Nun sabemos qu\u00e9 cantar\u00eden mentanto pintaben na <strong>Covaciella <\/strong>ni qu\u00e9 m\u00fasica sonaba nel <strong>Chao Samart\u00edn <\/strong>nel sieglu IX a.c. Los vac\u00edos qu\u2019hai nel estudiu de la m\u00fasica asturiana nel pas\u00e1u son munchos y de t\u00f3u tipu, pero podemos afitar finxos musicales y\u00e1 dende\u2019l mesmu entamu del <strong>Reinu d\u2019Asturies<\/strong>, nel sieglu VIII.<\/p>\n<figure class=\"wp-block-image size-full is-resized\"><img loading=\"lazy\" decoding=\"async\" class=\"wp-image-36895\" src=\"https:\/\/www.nortes.me\/wp-content\/uploads\/2021\/11\/lillo.jpg\" alt=\"\" width=\"446\" height=\"704\" \/><figcaption><em>Frescu en San Miguel de Lli\u00f1u (sieglu IX, Uvi\u00e9u). Semeya: Lorenzo Arias<\/em><\/figcaption><\/figure>\n<p>Tenemos informaci\u00f3n granible sobro la m\u00fasica astur del momentu: Un m\u00fasicu de lla\u00fad pint\u00e1u en <strong>San Miguel de Lli\u00f1u<\/strong>, un gaiteru nel capitel de <strong>Santa Mar\u00eda de La Oliva<\/strong>, dellos gaiteros populares (nun toquen la gaita santos, sinon xabalinos) na <strong>Catedral d\u2019Uvi\u00e9u<\/strong> y una llarga riestra de m\u00fasicos esculp\u00edos nes piedres del rom\u00e1nicu aprucen como perbonos testimonios \u2013ente otru centenar d\u2019ellos\u2013 al rodiu del fechu musical n\u2019<strong>Asturies<\/strong>.<\/p>\n<figure class=\"wp-block-image size-full\"><img loading=\"lazy\" decoding=\"async\" class=\"wp-image-36896\" src=\"https:\/\/www.nortes.me\/wp-content\/uploads\/2021\/11\/gaiteru.jpg\" alt=\"\" width=\"580\" height=\"697\" \/><figcaption><em>P\u00f3rticu de Santa Mar\u00eda de La Oliva (sieglu XIII, Villaviciosa). Semeya: Lorenzo Arias<\/em><\/figcaption><\/figure>\n<p>Na <strong>Alta Ed\u00e1 Media<\/strong> nam\u00e1s s\u2019escribe la m\u00fasica relixosa y la ilesia nunca dexa d\u2019emitir normes pa estandarizar la m\u00fasica nos cultos dende la definitiva abolici\u00f3n del ritu hisp\u00e1nicu (moz\u00e1rabe) nel sieglu XI, momentu nel que\u2019l gregorianu imp\u00f3nse en tola pen\u00ednsula gracies a l\u2019espardimientu de los llibros garantizaos por <strong>Roma<\/strong>. Angua\u00f1o nam\u00e1s una vegada al a\u00f1u puede sentise\u2019l vieyu ritu moz\u00e1rabe n\u2019<strong>Uvi\u00e9u<\/strong>, o hai que viaxar a <strong>Toledo<\/strong> pa escuchalu m\u00e1s de sigu\u00edo.<\/p>\n<p>La divisi\u00f3n ente <strong>les Asturies d\u2019Uvi\u00e9u y<\/strong> <strong>Santillana<\/strong> \u2013fecha por <strong>Castiella<\/strong> nel sieglu XIII\u2013 nun camuda les rellaciones sociales y musicales ente la xente asturiano (monta\u00f1eses incluy\u00edos). Y ye na interpretaci\u00f3n popular de la lliturxa musical a\u00fa topamos una bona oportunid\u00e1 pa atalantar delles pautes del primitivu cantar tradicional astur, d\u2019orixe insondable. Hai especialistes qu\u2019asitien el procesu d\u2019hibridaci\u00f3n ente m\u00fasica llit\u00farxica y cantares locales nun prudente sieglu XVI por soceder nesti momentu la configuraci\u00f3n final d\u2019obres como la conocida <em><strong>Misa d\u2019Angelis <\/strong><\/em>(angua\u00f1o nomada <strong>\u00abMisa asturiana de Gaita\u00bb<\/strong>), cuya pr\u00e1utica se calti\u00e9n na actualid\u00e1 en delles variantes y va pocu tiempu se cant\u00f3 nel Vaticanu con \u00e9situ bultable ente la curia romana.<\/p>\n<figure class=\"wp-block-image size-large\"><img loading=\"lazy\" decoding=\"async\" class=\"wp-image-36897\" src=\"https:\/\/www.nortes.me\/wp-content\/uploads\/2021\/11\/xabali-863x1024.jpg\" alt=\"\" width=\"863\" height=\"1024\" \/><figcaption><em>Xabal\u00ed gaiteru na siller\u00eda del coru baxu (sieglu XIV, Catedral d\u2019Uvi\u00e9u). Semeya: \u00c1stur Paredes<\/em><\/figcaption><\/figure>\n<p>Poro, nun puede negase que\u2019l pueblu tien el so propiu estilu de cantu popular \u2013antepas\u00e1u de les asturianaes qu\u2019ang\u00fca\u00f1o conocemos\u2013 y magar que nun s\u2019escribiera la m\u00fasica de la xente llano, esi xeitu de cantar algam\u00f3 munchu espardimientu por tresmisi\u00f3n oral en voz d\u2019arrieros, carromateros, pastores, llabradores, pelegrinos\u2026 Y ent\u00e1 sigue vivu angua\u00f1o.<\/p>\n<p>Sicas\u00ed, al marxe de la escritura y los ambientes relixosos nada sabemos de les canciones o melod\u00edes \u00abasturianes\u00bb nesa d\u00f3mina, magar que s\u00ed topamos datos al rodiu de xuglares:<\/p>\n<p><em>\u201cEra mcclxxxxIIII i die sanctae eulaliae, dio Domingo Fern\u00e1ndez con su muger a los cl\u00e9rigos y cofrades del Rey Casto una casa ye esta casa est\u00e1 cerca de la casa de Pedro Dom\u00ednguez fillo del iuglar.\u201d<\/em><\/p>\n<p><strong>Llibru de la Cofrad\u00eda de Nuestra Se\u00f1ora del Rey Casto<\/strong> (1261)<\/p>\n<figure class=\"wp-block-image size-full\"><img loading=\"lazy\" decoding=\"async\" class=\"wp-image-36898\" src=\"https:\/\/www.nortes.me\/wp-content\/uploads\/2021\/11\/alfonsoCasto.jpg\" alt=\"\" width=\"940\" height=\"627\" \/><figcaption>Alfonso II El Casto<\/figcaption><\/figure>\n<p>Dende\u2019l sieglu XVI calti\u00e9nense abondos documentos de parroquies que contraten instrumentistes, gaiteros casi siempres, y la mesma Catedral d\u2019Uvi\u00e9u constit\u00fai la primer \u00aborquesta\u00bb o grupu de m\u00fasicos m\u00e1s o menos estable y asalari\u00e1u:<\/p>\n<p><em>\u201cTraer un realejo de Flandes y enviar por un maestro que anda en Cuenca que ense\u00f1a a ta\u00f1er flautas y cornetas y ministriles\u201d<\/em><\/p>\n<p>Documentu capitular d\u2019Uvi\u00e9u, 11 de xineru\u2019l 1572.<\/p>\n<p>La primer escuela de m\u00fasica d\u2019Asturies ye\u2019l <strong>colexu de San Jos\u00e9<\/strong>, fund\u00e1u nel 1665 pa formar ne\u00f1os de coru pa la Catedral d\u2019Uvi\u00e9u, ciud\u00e1 que tami\u00e9n contrata m\u00fasicos, casu de J<strong>uan Petite <\/strong>(que tocaba\u2019l p\u00edfanu):<\/p>\n<p><em>\u201c\u2026para que ta\u00f1a todas las fiestas en las alboradas y los d\u00edas de rese\u00f1a de guerra y lo m\u00e1s que la ciudad le mandare\u201d<\/em><\/p>\n<p>Documentu del 17 Marzu de 1703<\/p>\n<p>En tou esi tiempu y al marxe de los instrumentos qu\u2019aprucen nel arte asturiano y documentaci\u00f3n hest\u00f3rica, sabemos que la m\u00fasica popular\/tradicional esiste, magar que ye nam\u00e1s porque les autoridaes nun dexen de prohibila constantemente. Tuvo que tener puxu abondo, porque les prohibiciones \u00a1nun aparen en sieglos! Dientru de la so vasta heteroxeneid\u00e1, la hestoria del folclore musical asturianu ye una cr\u00f3nica de supervivencia, y\u00e1 que siempres tuvo que sortear constantes ordenances de la autorid\u00e1 en contra del so esfrute poles clases populares. Estes prohibiciones promulg\u00e1bense davezu por instituciones eclesi\u00e1stiques y at\u00f3pense estremaes nel tiempu de manera repitida (lo qu\u2019amuesa\u2019l so fracasu):<\/p>\n<p><em>\u00abY porque en algunas partes de este nuestro Obispado hai la mala, y perniciosa costumbre de juntarse por las noches en casas particulares mozos, y mozas \u00e0 lo que llaman Filandones, fogueras y otras semejantes, de que se siguen muchos perjuicios y pecados (\u2026); por tanto prohibimos generalmente dichas juntas, y Filandones (\u2026)\u00bb.<\/em><\/p>\n<p><strong>\u00abConstituciones Sinodales del Obispado de Oviedo\u00bb<\/strong> <strong>Agust\u00edn Gonz\u00e1lez Pisador<\/strong> (<strong>Salamanca<\/strong>, 1786)<\/p>\n<p>Estos pilancos nun ficieron que la xente desdexara\u2019l repertoriu tradicional de cantares del ciclu a\u00f1al, de danza, de trubiecu, de ronda, del ciclu festivu, etc. Nel mundu rural astur, toles actividaes llaborales (agricultura, arrier\u00eda, ganader\u00eda, alzada) t\u00e1n condicionaes pola orograf\u00eda\u2019l territoriu. Los instrumentos (gaites, tambores, gaites de rabil, panderos, panderetes, vigulinos, bandurries, curdiones, etc.) aporten hasta n\u00f3s dempu\u00e9s d\u2019aprucir na hestoria lo mesmo que les capes d\u2019una cebolla o los estratos d\u2019un yacimientu arqueol\u00f3xicu.<\/p>\n<blockquote class=\"wp-block-quote is-layout-flow wp-block-quote-is-layout-flow\"><p>\u201cDientru de la so vasta heteroxeneid\u00e1, la hestoria del folclore musical asturianu ye una cr\u00f3nica de supervivencia\u201d<\/p><\/blockquote>\n<p>Nesi \u00e1mbitu, la m\u00fasica bilta pa sobrollevar la rudez del trabayu y d\u2019ehi la so puxanza. Los instrumentos tradicionales y los estilos de cantar colectivos ya individuales vienen evolucionando y tresmiti\u00e9ndose oralmente dende\u2019l sieglu XVI -como pocu- igual qu\u2019otros fechos musicales y\u00e1 refer\u00edos, como\u2019l llit\u00farxicu, y los preseos ya enxertos na tradici\u00f3n del pa\u00eds, como la gaita.<\/p>\n<p><em>\u00abTr\u00faxoles el Rei piadosu,<\/em><\/p>\n<p><em>De llaceria los sac\u00f3<\/em><\/p>\n<p><em>Y meti\u00f3los per Uviedo<\/em><\/p>\n<p><em>Con gaites y procesi\u00f3n\u00bb<\/em><\/p>\n<p><strong>\u00abPleitu poles cenizes de Santa Olaya\u00bb<\/strong>, <strong>Ant\u00f3n de Marirreguera<\/strong> (<strong>Uvi\u00e9u<\/strong>, 1639)<\/p>\n<p>Dende ent\u00f3s rescampla un garapiellu de canciones referenciaes en publicaciones escrites. El casu m\u00e1s antiguu \u2013anot\u00e1u en castell\u00e1n nun diariu madrilanu\u2013 ye <em><strong>Lo meyor del mundu Europa<\/strong><\/em>, un cantar bien vixente nel repertoriu y grabaciones de cantores d\u2019angua\u00f1o:<\/p>\n<p><em>\u00abAquellos que no han visto el mundo m\u00e1s que por un ahujero, se les puede disimular qualesquiera falta de conocimiento en materia de hecho (\u2026). A\u00f1ada vuesa merced lo de aquel Asturiano probando que Pravia era lo mejor del mundo en esta quarteta: Lo mejor del mundo Europa \/ Lo mejor de Europa Espa\u00f1a \/ Lo mejor de Espa\u00f1a Asturias \/ Lo mejor de Asturias Pravia\u00bb.<\/em><\/p>\n<p><strong>\u00abDiario de Madrid\u00bb<\/strong> (10 de mayu de 1795, p\u00e1x. 3)<\/p>\n<p>Mentantu, los m\u00fasicos de la Catedral non siempre s\u2019alcuentren a gustu porque hasta pa casase tienen que pidir permisu:<\/p>\n<p><em>\u201cPor haberse experimentado lo peligroso que es para los m\u00fasicos, y principalmente los muchachos ense\u00f1en a mujeres, se acord\u00f3 por acta invariable, que ninguno lo pueda ejecutar sin primero obtener venia y permiso del Cabildo; y as\u00ed mismo, que si alg\u00fan ac\u00f3lito, estando de servicio actual de la Iglesia y sin licencia del Cabildo se casase, quede ipso facto despedido, y ning\u00fan capitular pueda hablar de su admisi\u00f3n.\u201d<\/em><\/p>\n<p><strong>\u00abDocumentu capitular\u00bb<\/strong> (29 de xunetu de 1734)<\/p>\n<p>Y l\u2019enfotu de los altos estratos sociales por tarazar la pr\u00e1ctica popular del cantu den\u00fanciase con durez pol mesmu<strong> Gaspar Melchor de Jovellanos<\/strong>:<\/p>\n<p><em>\u00abEl furor de mandar, y alguna vez la codicia de los jueces, ha extendido hasta las m\u00e1s ruinas aldeas reglamentos que apenas pudiera exigir la confusi\u00f3n de una corte; y el infeliz ga\u00f1\u00e1n, que ha andado sobre los terrones del campo y dormido en la era toda la semana, no puede en la noche del s\u00e1bado gritar libremente en la plaza de su lugar ni entonar un romance \u00e1 la puerta de su novia\u00bb.<\/em><\/p>\n<p><strong>\u00abCartas del viaje de Asturias\u00bb<\/strong> (<strong>\u00abCartas a Ponz\u00bb<\/strong>) <strong>Gaspar Melchor de Jovellanos<\/strong>, 1792. (Editaes en <strong>L\u2019Habana<\/strong>, 1848)<\/p>\n<p>Naide nun ye qui\u00e9n a francer el filu de la m\u00fasica tradicional del pueblu asturianu. Nel sieglu decimononu, la educaci\u00f3n musical diversif\u00edcase y aprucen nuevos centros d\u2019ense\u00f1anza al marxe del colexu de<strong> San Jos\u00e9<\/strong> y el catecismu de ne\u00f1os de la ciud\u00e1 d\u2019Uvi\u00e9u,(fundaos nel 1665 y 1869). Nel 1883 asol\u00e9yase\u2019l <strong>Reglamentu de la Escuela Provincial y Elemental de M\u00fasica<\/strong>, que roblen <strong>V\u00edctor S\u00e1enz<\/strong> y <strong>Anselmo Gonz\u00e1lez del Valle<\/strong>, y el etnogr\u00e1fo, bibli\u00f3filu y escritor <strong>Ferm\u00edn Canella Secades<\/strong>.<\/p>\n<p>La situaci\u00f3n de la m\u00fasica fecha n\u2019Asturies va dar un vuelcu impresionante, pero eso ye otra hestoria\u2026<\/p>\n<\/div>\n<\/div>\n<\/div>\n<\/div>\n<\/div>\n<\/div>\n","protected":false},"excerpt":{"rendered":"<p>Identid\u00e1 y M\u00fasica d\u2019Asturies (I) Nun hai conten\u00edu ensin continente nin esistir\u00eda enxam\u00e1s una m\u00fasica \u00abasturiana\u00bb ensin Asturies como realid\u00e1 cultural y pol\u00edtica. Por H\u00e9ctor Braga Filand\u00f3n en el monasterio de Ermo. Luis \u00c1lvarez Catal\u00e1 (1872). Col. Mus\u00e9u de Belles Artes d\u2019Asturies. H\u00e9ctor Braga Cantante, multiinstrumentista, compositor y productor musical. Profesor y doctor universitario, autor [&hellip;]<\/p>\n","protected":false},"author":117,"featured_media":0,"parent":153,"menu_order":0,"comment_status":"closed","ping_status":"closed","template":"","meta":{"footnotes":""},"class_list":["post-42244","page","type-page","status-publish","hentry"],"_links":{"self":[{"href":"https:\/\/edublog.educastur.es\/ixuxu\/wp-json\/wp\/v2\/pages\/42244","targetHints":{"allow":["GET"]}}],"collection":[{"href":"https:\/\/edublog.educastur.es\/ixuxu\/wp-json\/wp\/v2\/pages"}],"about":[{"href":"https:\/\/edublog.educastur.es\/ixuxu\/wp-json\/wp\/v2\/types\/page"}],"author":[{"embeddable":true,"href":"https:\/\/edublog.educastur.es\/ixuxu\/wp-json\/wp\/v2\/users\/117"}],"replies":[{"embeddable":true,"href":"https:\/\/edublog.educastur.es\/ixuxu\/wp-json\/wp\/v2\/comments?post=42244"}],"version-history":[{"count":1,"href":"https:\/\/edublog.educastur.es\/ixuxu\/wp-json\/wp\/v2\/pages\/42244\/revisions"}],"predecessor-version":[{"id":42245,"href":"https:\/\/edublog.educastur.es\/ixuxu\/wp-json\/wp\/v2\/pages\/42244\/revisions\/42245"}],"up":[{"embeddable":true,"href":"https:\/\/edublog.educastur.es\/ixuxu\/wp-json\/wp\/v2\/pages\/153"}],"wp:attachment":[{"href":"https:\/\/edublog.educastur.es\/ixuxu\/wp-json\/wp\/v2\/media?parent=42244"}],"curies":[{"name":"wp","href":"https:\/\/api.w.org\/{rel}","templated":true}]}}