{"id":4433,"date":"2021-03-20T13:41:15","date_gmt":"2021-03-20T11:41:15","guid":{"rendered":"https:\/\/edublog.educastur.es\/ixuxu\/?page_id=4433"},"modified":"2022-01-03T18:18:58","modified_gmt":"2022-01-03T16:18:58","slug":"la-ciencia-del-cuentu","status":"publish","type":"page","link":"https:\/\/edublog.educastur.es\/ixuxu\/radio\/la-ciencia-del-cuentu\/","title":{"rendered":"La ciencia del cuentu"},"content":{"rendered":"<p style=\"text-align: center\"><a href=\"https:\/\/www.lacienciadelcuentu.com\/wp-content\/uploads\/2021\/01\/logo_grande.png\"><img loading=\"lazy\" decoding=\"async\" class=\"alignnone\" src=\"https:\/\/www.lacienciadelcuentu.com\/wp-content\/uploads\/2021\/01\/logo_grande.png\" alt=\"\" width=\"487\" height=\"326\" \/><\/a><\/p>\n<ul>\n<li><a href=\"https:\/\/open.spotify.com\/show\/6yDjojh9wlWv82OtIjr8m0#login\"><span style=\"font-size: 20px\"><strong><em>Siguir en Spotify<\/em><\/strong><\/span><\/a><\/li>\n<li><strong><em><span style=\"font-size: 20px\"><a href=\"https:\/\/www.lacienciadelcuentu.com\/\">https:\/\/www.lacienciadelcuentu.com<\/a><\/span><\/em><\/strong><\/li>\n<li><a href=\"https:\/\/www.ivoox.com\/la-ciencia-del-cuentu_sb.html\">Siguir en Ivoox<\/a><\/li>\n<li><a href=\"https:\/\/twitter.com\/cienciacuentu\">Siguir en Twitter<\/a><\/li>\n<li><a href=\"https:\/\/www.rtpa.es\/rpa-programa:La%20ciencia%20del%20cuentu_111611733523.html\">Siguir en RTPA<\/a><\/li>\n<li><a href=\"https:\/\/www.youtube.com\/channel\/UCJjcwVz_5wcC5-pitSrCdhA\">Canal Youtube<\/a><\/li>\n<li><a href=\"https:\/\/www.youtube.com\/channel\/UCJjcwVz_5wcC5-pitSrCdhA\/videos?view=0&amp;sort=da&amp;flow=grid\">List\u00e1u de Youtube<\/a><\/li>\n<\/ul>\n<p><iframe loading=\"lazy\" title=\"Sinton\u00eda La ciencia del cuentu\" width=\"840\" height=\"473\" src=\"https:\/\/www.youtube.com\/embed\/rzr3Jl8BBXU?feature=oembed\" frameborder=\"0\" allow=\"accelerometer; autoplay; clipboard-write; encrypted-media; gyroscope; picture-in-picture\" allowfullscreen><\/iframe><\/p>\n<h1 class=\"display-ib padding-t-18 font-size-xl\" style=\"text-align: center\"><span style=\"font-size: 24px;color: #008080\"><em>La ciencia del cuentu<\/em><\/span><\/h1>\n<div class=\"format-content-p margin-t-5\">\n<p><em><span style=\"font-size: 20px\">La ciencia nun ye un cuentu, pero pue cuntase. En esti casu, al travi\u00e9s del x\u00e9neru radioteatru. &#8216;La ciencia del cuentu&#8217; ufierta al escuchante la posibilid\u00e1 d&#8217;afayar conceutos cient\u00edficos, esfrutando de la diversi\u00f3n qu\u2019ufre un rellatu de ficci\u00f3n sonora.<\/span><\/em><\/p>\n<p><em><span style=\"font-size: 20px\">El conten\u00edu de los rellatos orixinales va revelar nociones ya idees del \u00e1mbitu cient\u00edfico-filos\u00f3ficu, rellacionaos con la ciencia ficci\u00f3n dist\u00f3pica. La intenci\u00f3n ye combinar estos dos ingredientes: el audiodrama <\/span><\/em><em><span style=\"font-size: 20px\">como veh\u00edculu formal y la divulgaci\u00f3n cient\u00edfica en cuanto al conten\u00edu (remanando siempres conceutos elementales y f\u00e1cilmente comprensibles pa tolos p\u00fablicos).<\/span><\/em><\/p>\n\n<!-- iframe plugin v.6.0 wordpress.org\/plugins\/iframe\/ -->\n<iframe loading=\"lazy\" width=\"100%\" height=\"404\" src=\"https:\/\/www.youtube.com\/embed\/YTclaTltN7o\" 0=\"\/iframe\" scrolling=\"yes\" class=\"iframe-class\" frameborder=\"0\"><\/iframe>\n\n<\/div>\n<hr \/>\n<div class=\"footer_top_holder\">\n<div class=\"footer_top\">\n<div class=\"container\">\n<div class=\"container_inner\">\n<div class=\"three_columns clearfix\">\n<div class=\"column1 footer_col1\">\n<div class=\"column_inner\">\n<div id=\"media_image-5\" class=\"widget widget_media_image\">\n<h5 style=\"text-align: center\"><em><span style=\"font-size: 14px\"><span style=\"color: #008080;font-size: 16px\">Una producci\u00f3n de RTPA, cola collaboraci\u00f3n de&#8230;<\/span><br \/>\n<\/span><\/em><\/h5>\n<p><img loading=\"lazy\" decoding=\"async\" class=\"image wp-image-995 attachment-full \" src=\"https:\/\/www.lacienciadelcuentu.com\/wp-content\/uploads\/2021\/01\/logo_rtpa.png\" alt=\"\" width=\"235\" height=\"62\" \/>\/<img loading=\"lazy\" decoding=\"async\" class=\"image wp-image-998 attachment-full \" src=\"https:\/\/www.lacienciadelcuentu.com\/wp-content\/uploads\/2021\/01\/ciencia.png\" alt=\"\" width=\"129\" height=\"83\" \/>\/\u00a0 <img loading=\"lazy\" decoding=\"async\" class=\"image wp-image-996 attachment-full \" src=\"https:\/\/www.lacienciadelcuentu.com\/wp-content\/uploads\/2021\/01\/logo_cultura_color.png\" alt=\"\" width=\"171\" height=\"77\" \/><\/p>\n<\/div>\n<div>\n<hr \/>\n<\/div>\n<\/div>\n<\/div>\n<\/div>\n<\/div>\n<\/div>\n<\/div>\n<\/div>\n<ul>\n<li style=\"text-align: center\"><span style=\"font-size: 20px;color: #800000\"><em><a href=\"https:\/\/open.spotify.com\/episode\/17a3qn4Qhy6bg64IGL7jqh\">Cap\u00edtulu 1 &#8211; <\/a><\/em><strong><em><a href=\"https:\/\/open.spotify.com\/episode\/17a3qn4Qhy6bg64IGL7jqh\">Chigre El Calder\u00f3n<\/a><br \/>\n<\/em><\/strong><\/span><\/li>\n<\/ul>\n<p>Dos persones falen nun chigre sobre los \u00abcristales de sua\u00f1u\u00bb, unos aparatos que permiten modificar la manera na que sua\u00f1amos (por un m\u00f3dicu preciu). A lo llongo de la conversaci\u00f3n, xurden traumes estremaos y problemes llegales&#8230; y tou con croquetes.<\/p>\n<p class=\"title style-scope ytd-video-primary-info-renderer\"><span style=\"color: #008080\">Les voces espertes: Xes\u00fas Rato, neurofisi\u00f3logu, sobre &#8216;Chigre El Calder\u00f3n&#8217;<\/span><\/p>\n<p><iframe loading=\"lazy\" title=\"Les voces espertes: Xes\u00fas Rato, neurofisi\u00f3logu, sobre &#039;Chigre El Calder\u00f3n&#039;\" width=\"840\" height=\"473\" src=\"https:\/\/www.youtube.com\/embed\/Md1sOf1W8nA?feature=oembed\" frameborder=\"0\" allow=\"accelerometer; autoplay; clipboard-write; encrypted-media; gyroscope; picture-in-picture\" allowfullscreen><\/iframe><\/p>\n<p class=\"title style-scope ytd-video-primary-info-renderer\"><span style=\"color: #008080\">Les voces espertes: Ignaciu Llope, m\u00e9dicu psiquiatra, sobre &#8216;Chigre El Calder\u00f3n&#8217;.<\/span><\/p>\n<p><iframe loading=\"lazy\" title=\"Les voces espertes: Ignaciu Llope, m\u00e9dicu psiquiatra, sobre &#039;Chigre El Calder\u00f3n&#039;.\" width=\"840\" height=\"473\" src=\"https:\/\/www.youtube.com\/embed\/xc20W3J-J1M?feature=oembed\" frameborder=\"0\" allow=\"accelerometer; autoplay; clipboard-write; encrypted-media; gyroscope; picture-in-picture\" allowfullscreen><\/iframe><\/p>\n<p class=\"title style-scope ytd-video-primary-info-renderer\"><span style=\"color: #008080\">&#8216;Chigre El Calder\u00f3n&#8217;. Palabra de guionista. ?<\/span><\/p>\n<p><iframe loading=\"lazy\" title=\"&#039;Chigre El Calder\u00f3n&#039;. Palabra de guionista. ?\" width=\"840\" height=\"473\" src=\"https:\/\/www.youtube.com\/embed\/IjA-zH2aLSY?feature=oembed\" frameborder=\"0\" allow=\"accelerometer; autoplay; clipboard-write; encrypted-media; gyroscope; picture-in-picture\" allowfullscreen><\/iframe><\/p>\n<hr \/>\n<ul>\n<li style=\"text-align: center\"><span style=\"font-size: 20px;color: #800000\"><em><a href=\"https:\/\/open.spotify.com\/episode\/57fNfqAOsH4oNPSRZdQVd6\">Cap\u00edtulu 2 &#8211;<\/a><\/em><strong><em><a href=\"https:\/\/open.spotify.com\/episode\/57fNfqAOsH4oNPSRZdQVd6\">La pastiella<\/a><br \/>\n<\/em><\/strong><\/span><\/li>\n<\/ul>\n<p>Un enfermu terminal tien que decidir si toma \u00abla pastiella\u00bb, un medicamentu que deti\u00e9n la muerte de forma indefinida pero elimina la memoria a llargu plazu. Pi\u00e9rdese la capacid\u00e1 de deprender. Fala con una m\u00e9dica rob\u00f3tica, una muyer de la familia, un enfermu que y\u00e1 tom\u00f3 la pastiella y un gu\u00eda del Centru de Referencia.<\/p>\n<p><span style=\"color: #008080\">Extractu del cap\u00edtulu &#8216;La pastiella&#8217;. &#8216;El mio suspiru caberu&#8217; de Luis Bu\u00f1uel.<\/span><\/p>\n<p style=\"text-align: center\">\n<!-- iframe plugin v.6.0 wordpress.org\/plugins\/iframe\/ -->\n<iframe loading=\"lazy\" width=\"100%\" height=\"404\" src=\"https:\/\/www.youtube.com\/embed\/uBubccAeN2I\" 0=\"\/iframe\" scrolling=\"yes\" class=\"iframe-class\" frameborder=\"0\"><\/iframe>\n<\/p>\n<p><span style=\"color: #008080\">\u00bfDe qui\u00e9n ye la historia y por qu\u00e9 nun pueo sacala de la cabeza?&#8217; del llibru de cuentos &#8216;D\u00edes tarrecibles&#8217; de A.M. Holmes.<\/span><\/p>\n<p style=\"text-align: center\">\n<!-- iframe plugin v.6.0 wordpress.org\/plugins\/iframe\/ -->\n<iframe loading=\"lazy\" width=\"100%\" height=\"404\" src=\"https:\/\/www.youtube.com\/embed\/XNIwJQpe208\" 0=\"\/iframe\" scrolling=\"yes\" class=\"iframe-class\" frameborder=\"0\"><\/iframe>\n<\/p>\n<p class=\"title style-scope ytd-video-primary-info-renderer\"><span style=\"font-size: 16px;color: #008080\">Les voces espertes. Xes\u00fas Rato, neurofisi\u00f3logu, sobre &#8216;La pastiella&#8217;.<\/span><\/p>\n<p style=\"text-align: center\">\n<!-- iframe plugin v.6.0 wordpress.org\/plugins\/iframe\/ -->\n<iframe loading=\"lazy\" width=\"100%\" height=\"404\" src=\"https:\/\/www.youtube.com\/embed\/fYYhm7vUwI4\" 0=\"\/iframe\" scrolling=\"yes\" class=\"iframe-class\" frameborder=\"0\"><\/iframe>\n<\/p>\n<hr \/>\n<ul>\n<li style=\"text-align: center\"><span style=\"font-size: 20px;color: #800000\"><em><a href=\"https:\/\/open.spotify.com\/episode\/4RpP7qvqeVnf6hu1x5AS41\">Cap\u00edtulu 3 &#8211; <\/a><\/em><strong><em><a href=\"https:\/\/open.spotify.com\/episode\/4RpP7qvqeVnf6hu1x5AS41\"><br \/>\nUna casa en Prau Pic\u00f3n<\/a><br \/>\n<\/em><\/strong><\/span><\/li>\n<\/ul>\n<p>Un vampiru ye\u2019l caberu habitante d\u2019Asturies, a lo menos qu\u2019\u00e9l sepa, depu\u00e9s d\u2019un apocalipsis ecol\u00f3xicu. Alim\u00e9ntase de rates, palombes y muestres de sangre qu\u2019arrampu\u00f1a nos ambulatorios abandonaos. Ta esfami\u00e1u y si\u00e9ntese mui solu hasta que topa a otra persona, un adolescente, que-y xenera una dulda esencial: \u00bfdeber\u00eda bebelu inmediatamente, o convertilu nun compa\u00f1eru de vida anque-y produza un des\u00e9u insaciable?<\/p>\n<p><span class=\"style-scope yt-formatted-string\" dir=\"auto\"><span style=\"color: #008080\">Beatriz Ray\u00f3n, fil\u00f3sofa y escritora, f\u00e1lamos sobre&#8217;l tema central del cap\u00edtulu &#8216;Una casa en Prau Pic\u00f3n<\/span> <\/span><\/p>\n<p style=\"text-align: center\">\n<!-- iframe plugin v.6.0 wordpress.org\/plugins\/iframe\/ -->\n<iframe loading=\"lazy\" width=\"100%\" height=\"404\" src=\"https:\/\/www.youtube.com\/embed\/SMKI1g5cWEg\" 0=\"\/iframe\" scrolling=\"yes\" class=\"iframe-class\" frameborder=\"0\"><\/iframe>\n<\/p>\n<p class=\"title style-scope ytd-video-primary-info-renderer\"><span style=\"color: #008080\">Les voces espertes. Roberto Gonz\u00e1lez-Quevedo, antrop\u00f3logu, sobre &#8216;Una casa en Prau Pic\u00f3n&#8217;.<\/span><\/p>\n<p style=\"text-align: center\">\n<!-- iframe plugin v.6.0 wordpress.org\/plugins\/iframe\/ -->\n<iframe loading=\"lazy\" width=\"100%\" height=\"404\" src=\"https:\/\/www.youtube.com\/embed\/XuVk4K7TFt8\" 0=\"\/iframe\" scrolling=\"yes\" class=\"iframe-class\" frameborder=\"0\"><\/iframe>\n<\/p>\n<p><span class=\"style-scope yt-formatted-string\" dir=\"auto\" style=\"color: #008080\">Esto diz Xaime Mart\u00ednez del cap\u00edtulu &#8216;Una casa en Prau Pic\u00f3n&#8217;. ?<\/span><\/p>\n<p style=\"text-align: center\">\n<!-- iframe plugin v.6.0 wordpress.org\/plugins\/iframe\/ -->\n<iframe loading=\"lazy\" width=\"100%\" height=\"404\" src=\"https:\/\/www.youtube.com\/embed\/zHZUSTiQyWw\" 0=\"\/iframe\" scrolling=\"yes\" class=\"iframe-class\" frameborder=\"0\"><\/iframe>\n<\/p>\n<hr \/>\n<ul>\n<li style=\"text-align: center\"><span style=\"font-size: 20px;color: #800000\"><em><a href=\"https:\/\/open.spotify.com\/episode\/20bY9b2umbzfd1QcNHeVjo\">Cap\u00edtulu 4 &#8211;<\/a><\/em><strong><em><a href=\"https:\/\/open.spotify.com\/episode\/20bY9b2umbzfd1QcNHeVjo\"><br \/>\nRonda de metacrilatu<\/a><br \/>\n<\/em><\/strong><\/span><\/li>\n<\/ul>\n<p>Traes d&#8217;afayala culpable d&#8217;un delitu d&#8217;inxurias conderguen a una muyer a permanecer embaxo \u00abvixilancia celebral\u00bb. Toles sos conexones neuronales tresm\u00edtense a un celebru de cristal y pueden ser observaes en cualesquier momentu polos axentes. Un axente puede en cualesquier momentu enchufase a esti celebru y lleer los sos pensamientos, ver lo que ella ve, sentir lo qu&#8217;ella siente, etc\u00e9tera. Los investigadores asignaos a esti tipu de casos tienen que ser reemplazaos cada poco; esperimentar los pensamientos d&#8217;otra persona puede ser muy traum\u00e1tico.<\/p>\n<p><span class=\"style-scope yt-formatted-string\" dir=\"auto\"><span style=\"color: #008080\">Ic\u00edar D\u00edaz, actriz, f\u00e1lamos sobre&#8217;l tema central del cap\u00edtulu &#8216;Ronda de metacrilatu&#8217;.<\/span> <\/span><\/p>\n<p style=\"text-align: center\">\n<!-- iframe plugin v.6.0 wordpress.org\/plugins\/iframe\/ -->\n<iframe loading=\"lazy\" width=\"100%\" height=\"364\" src=\"https:\/\/www.youtube.com\/embed\/7FSeMIJn3nw\" 0=\"\/iframe\" scrolling=\"yes\" class=\"iframe-class\" frameborder=\"0\"><\/iframe>\n<\/p>\n<p class=\"title style-scope ytd-video-primary-info-renderer\"><span style=\"color: #008080\">&#8216;Ronda de metacrilatu&#8217;. Palabra de guionista. ?<\/span><\/p>\n<p><iframe loading=\"lazy\" title=\"&#039;Ronda de metacrilatu&#039;. Palabra de guionista. ?\" width=\"840\" height=\"473\" src=\"https:\/\/www.youtube.com\/embed\/QB0Y9WDmFh0?feature=oembed\" frameborder=\"0\" allow=\"accelerometer; autoplay; clipboard-write; encrypted-media; gyroscope; picture-in-picture\" allowfullscreen><\/iframe><\/p>\n<hr \/>\n<ul>\n<li style=\"text-align: center\"><a href=\"https:\/\/open.spotify.com\/episode\/5DIHCOrDJ5TjfWYAYHAsu1\"><span style=\"font-size: 20px;color: #800000\"><span style=\"font-size: 20px;color: #800000\"><em>Cap\u00edtulu 5 &#8211; <\/em><strong><em><br \/>\n<\/em><\/strong><\/span><\/span><strong><span style=\"color: #800000\"><em><span style=\"font-size: 20px\">Noam Chomsky y una paisana de Ponga<\/span><\/em><\/span><\/strong><\/a><span style=\"font-size: 20px;color: #800000\"><strong><em><br \/>\n<\/em><\/strong><\/span><\/li>\n<\/ul>\n<p>El lling\u00fcista Noam Chomsky visita Asturies en 2035 pa recibir el Premiu Emperatriz d&#8217;Asturies. Al comer pote, alcu\u00e9rdase d&#8217;una vegada, nos a\u00f1os 80, na que visit\u00f3 Ponga porque una se\u00f1ora aseguraba qu\u2019entre ella y el nietu conocen la Gram\u00e1tica Universal.<\/p>\n<p class=\"title style-scope ytd-video-primary-info-renderer\"><span style=\"color: #008080\">&#8216;Noam Chomsky y una paisana de Ponga&#8217;. Palabra de guionista. ?<\/span><\/p>\n<p><iframe loading=\"lazy\" title=\"&#039;Noam Chomsky y una paisana de Ponga&#039;. Palabra de guionista. ?\" width=\"840\" height=\"473\" src=\"https:\/\/www.youtube.com\/embed\/y5IxN6B4_SY?feature=oembed\" frameborder=\"0\" allow=\"accelerometer; autoplay; clipboard-write; encrypted-media; gyroscope; picture-in-picture\" allowfullscreen><\/iframe><\/p>\n<p class=\"title style-scope ytd-video-primary-info-renderer\"><span style=\"color: #008080\">Les voces espertes. Xes\u00fas Rato, neurofisi\u00f3logu sobre &#8216;Noam Chomsky y una paisana de Ponga&#8217;.<\/span><\/p>\n<p><iframe loading=\"lazy\" title=\"Les voces espertes. Xes\u00fas Rato, neurofisi\u00f3logu sobre &#039;Noam Chomsky y una paisana de Ponga&#039;.\" width=\"840\" height=\"473\" src=\"https:\/\/www.youtube.com\/embed\/vj35l0ioBwY?feature=oembed\" frameborder=\"0\" allow=\"accelerometer; autoplay; clipboard-write; encrypted-media; gyroscope; picture-in-picture\" allowfullscreen><\/iframe><\/p>\n<p><span class=\"style-scope yt-formatted-string\" dir=\"auto\"><span style=\"color: #008080\">\u00bfQu\u00e9 ye la Gram\u00e1tica Universal? Cristina Vald\u00e9s, fil\u00f3loga, f\u00e1lamos sobre&#8217;l tema central del cap\u00edtulu &#8216;Noam Chomsky y una paisana de Ponga&#8217;.<\/span> <\/span><\/p>\n<p><iframe loading=\"lazy\" title=\"Les voces espertes. Cristina Vald\u00e9s, fil\u00f3loga\" width=\"840\" height=\"473\" src=\"https:\/\/www.youtube.com\/embed\/emFXbxBZMMI?feature=oembed\" frameborder=\"0\" allow=\"accelerometer; autoplay; clipboard-write; encrypted-media; gyroscope; picture-in-picture\" allowfullscreen><\/iframe><\/p>\n<hr \/>\n<ul>\n<li style=\"text-align: center\"><span style=\"font-size: 20px;color: #800000\"><em><a href=\"https:\/\/open.spotify.com\/episode\/2LHQ90oI9XwCBUtbwKBxm6\">Cap\u00edtulu 6<\/a><\/em><em><a href=\"https:\/\/open.spotify.com\/episode\/2LHQ90oI9XwCBUtbwKBxm6\"> &#8211;<\/a><\/em><strong><em><a href=\"https:\/\/open.spotify.com\/episode\/2LHQ90oI9XwCBUtbwKBxm6\"> Psicoesteta<\/a><br \/>\n<\/em><\/strong><\/span><\/li>\n<\/ul>\n<p>Un home acude a cortar el pelo a un centru de psicoest\u00e9tica. El peluqueru somete la so personalid\u00e1 a un cuestionariu cuxos resultaos, pente medies de la oxetivid\u00e1 del m\u00e9todu cient\u00edficu, determinar\u00e1n el corte de pelo ideal.<\/p>\n<p><span class=\"style-scope yt-formatted-string\" dir=\"auto\"><span style=\"color: #008080\">Pallabres, formes d&#8217;espresanos y la nuesa personalid\u00e1. Cristina Vald\u00e9s, fil\u00f3loga, f\u00e1lamos sobre&#8217;l tema central del cap\u00edtulu &#8216;Psicoesteta.<\/span> <\/span><\/p>\n<p><iframe loading=\"lazy\" title=\"Les voces espertes. Cristina Vald\u00e9s, fil\u00f3loga\" width=\"840\" height=\"473\" src=\"https:\/\/www.youtube.com\/embed\/k6vzT_vNtGo?feature=oembed\" frameborder=\"0\" allow=\"accelerometer; autoplay; clipboard-write; encrypted-media; gyroscope; picture-in-picture\" allowfullscreen><\/iframe><\/p>\n<p><span class=\"style-scope yt-formatted-string\" dir=\"auto\"><span style=\"color: #008080\">\u00bfC\u00f3mo sedr\u00edemos si tresform\u00e1remos el nuesu celebru n&#8217;una m\u00e1quina? ? Fernando Villacampa, psic\u00f3logu, f\u00e1lamos sobre&#8217;l tema central del cap\u00edtulu &#8216;Psicoesteta&#8217;.<\/span> <\/span><\/p>\n<p><iframe loading=\"lazy\" title=\"Les voces espertes. Fernando Villacampa, psic\u00f3logu.\" width=\"840\" height=\"473\" src=\"https:\/\/www.youtube.com\/embed\/jEjJkHB_df8?feature=oembed\" frameborder=\"0\" allow=\"accelerometer; autoplay; clipboard-write; encrypted-media; gyroscope; picture-in-picture\" allowfullscreen><\/iframe><\/p>\n<p class=\"title style-scope ytd-video-primary-info-renderer\"><span style=\"color: #008080\">&#8216;El pscioesteta&#8217;. Palabra de guionista. ?<\/span><\/p>\n<p><iframe loading=\"lazy\" title=\"&#039;El pscioesteta&#039;. Palabra de guionista. ?\" width=\"840\" height=\"473\" src=\"https:\/\/www.youtube.com\/embed\/ND85NoLSypE?feature=oembed\" frameborder=\"0\" allow=\"accelerometer; autoplay; clipboard-write; encrypted-media; gyroscope; picture-in-picture\" allowfullscreen><\/iframe><\/p>\n<hr \/>\n<ul>\n<li style=\"text-align: center\"><span style=\"font-size: 20px;color: #800000\"><em><a href=\"https:\/\/open.spotify.com\/episode\/7HBlsh3n5OgngxFdI0EUYt\">Cap\u00edtulu 7<\/a><\/em><em><a href=\"https:\/\/open.spotify.com\/episode\/7HBlsh3n5OgngxFdI0EUYt\"> &#8211;<\/a><\/em><strong><em><a href=\"https:\/\/open.spotify.com\/episode\/7HBlsh3n5OgngxFdI0EUYt\"> Creta Nuevo<\/a><br \/>\n<\/em><\/strong><\/span><\/li>\n<\/ul>\n<p>Nuna nave xeneracional qu&#8217;abandon\u00f3 la Tierra hai cientos d&#8217;a\u00f1os, rep\u00edtese&#8217;l vieyu esquema de los cuentos tradicionales: una rapacina tien que superar unes pruebes pa casase cola muyer qu&#8217;ama.<\/p>\n<h1 class=\"title style-scope ytd-video-primary-info-renderer\"><span style=\"color: #008080;font-size: 16px\">Les voces espertes. Berto \u00c1lvarez Pe\u00f1a, escritor, sobre &#8216;Creta Nuevo&#8217;.<\/span><\/h1>\n<p style=\"text-align: center\">\n<!-- iframe plugin v.6.0 wordpress.org\/plugins\/iframe\/ -->\n<iframe loading=\"lazy\" width=\"100%\" height=\"364\" src=\"https:\/\/www.youtube.com\/embed\/XixUIagRQp4\" 0=\"\/iframe\" scrolling=\"yes\" class=\"iframe-class\" frameborder=\"0\"><\/iframe>\n<\/p>\n<p><span class=\"style-scope yt-formatted-string\" dir=\"auto\"><span style=\"color: #008080\">Esto diz Xaime Mart\u00ednez del cap\u00edtulu de ma\u00f1ana&#8230; &#8216;Creta Nuevo&#8217;.<\/span> <\/span><\/p>\n<p><iframe loading=\"lazy\" title=\"&#039;Creta Nuevo&#039;. Palabra de guionista. ?\" width=\"840\" height=\"473\" src=\"https:\/\/www.youtube.com\/embed\/LZDoO9nR2I0?feature=oembed\" frameborder=\"0\" allow=\"accelerometer; autoplay; clipboard-write; encrypted-media; gyroscope; picture-in-picture\" allowfullscreen><\/iframe><\/p>\n<hr \/>\n<ul>\n<li style=\"text-align: center\"><span style=\"color: #800000\"><span style=\"font-size: 20px\"><em><a href=\"https:\/\/open.spotify.com\/episode\/2JW0Cg9oApSPjdvaXk1hfp\">Cap\u00edtulu 8 &#8211; <\/a><\/em><\/span><strong><span style=\"font-size: 20px\"><em><a href=\"https:\/\/open.spotify.com\/episode\/2JW0Cg9oApSPjdvaXk1hfp\">Los repet\u00edos<\/a><br \/>\n<\/em><\/span><\/strong><\/span><\/li>\n<\/ul>\n<p>L\u2019emperador d\u2019Asturies dictamina que los drechos nun correspuenden a cada individuu, sin\u00f3n a cada \u00abunid\u00e1 ontol\u00f3xica\u00bb (i.e., una persona que se clonare o dixitalizare la so consciencia nam\u00e1s tendr\u00eda drechu a la proporci\u00f3n del salariu m\u00ednimu interprofesional correspondiente al n\u00famberu de copies de sigo mesmu qu\u2019existieren; daqui\u00e9n con un clon nam\u00e1s puede cobrar mediu SMI, etc\u00e9tera). Tres d\u2019esta decisi\u00f3n, los habitantes del Imperiu destr\u00fain tantes copies de sigo mesmos como pueden, asesinando a los clones o esborriando les copies inform\u00e1tiques de la so consciencia que pudieren realizar.<\/p>\n<h1 class=\"title style-scope ytd-video-primary-info-renderer\"><span style=\"color: #008080;font-size: 16px\">Les voces espertes: Xos\u00e9 Ant\u00f3n Su\u00e1rez Puente, bioqu\u00edmicu, sobre &#8216;Los repet\u00edos&#8217;.<\/span><\/h1>\n<p style=\"text-align: center\">\n<!-- iframe plugin v.6.0 wordpress.org\/plugins\/iframe\/ -->\n<iframe loading=\"lazy\" width=\"100%\" height=\"364\" src=\"https:\/\/www.youtube.com\/embed\/J-tueBmkepw\" 0=\"\/iframe\" scrolling=\"yes\" class=\"iframe-class\" frameborder=\"0\"><\/iframe>\n<\/p>\n<p><span class=\"style-scope yt-formatted-string\" dir=\"auto\" style=\"color: #008080\">Esto diz Sa\u00fal F. Borel del cap\u00edtulu de ma\u00f1ana&#8230; &#8216;Los repet\u00edos&#8217;. ? ?<\/span><\/p>\n<p><iframe loading=\"lazy\" title=\"&#039;Los repet\u00edos&#039;. Palabra de guionista. ?\" width=\"840\" height=\"473\" src=\"https:\/\/www.youtube.com\/embed\/KJWjebKsLxo?feature=oembed\" frameborder=\"0\" allow=\"accelerometer; autoplay; clipboard-write; encrypted-media; gyroscope; picture-in-picture\" allowfullscreen><\/iframe><\/p>\n<hr \/>\n<ul>\n<li style=\"text-align: center\"><span style=\"color: #800000\"><em><a href=\"https:\/\/open.spotify.com\/episode\/1M9Me1ogi33cMeE5qq7l1F\"><span style=\"font-size: 20px\">Cap\u00edtulu 9 &#8211;<\/span><\/a><strong><span style=\"font-size: 20px\"><br \/>\nLa lliteratura reptiliana n\u00b4Asturies<br \/>\n<\/span><\/strong><\/em><\/span><\/li>\n<\/ul>\n<p>La lliteratura reptiliana n\u2019Asturies (Un falsu documental a la manera de La literatura nazi en Am\u00e9rica). Dos presentadores d&#8217;un programa de radio traen a una collaboradora a falar de la lliteratura que fac\u00eden los reptilianos, que supuestamente vivienon una represi\u00f3n xenocida. A lo llongo de la emisi\u00f3n del programa, la collaboradora nun quier aprobar la versi\u00f3n oficial neo-fascista.<\/p>\n<h1 class=\"title style-scope ytd-video-primary-info-renderer\"><span style=\"color: #008080;font-size: 16px\">Les voces espertes. Beatriz Ray\u00f3n, fil\u00f3sofa, sobre &#8216;La lliteratura reptiliana n&#8217;Asturies&#8217;.<\/span><\/h1>\n<p style=\"text-align: center\">\n<!-- iframe plugin v.6.0 wordpress.org\/plugins\/iframe\/ -->\n<iframe loading=\"lazy\" width=\"100%\" height=\"364\" src=\"https:\/\/www.youtube.com\/embed\/aF2gmE-8lfc\" 0=\"\/iframe\" scrolling=\"yes\" class=\"iframe-class\" frameborder=\"0\"><\/iframe>\n<\/p>\n<p><span class=\"style-scope yt-formatted-string\" dir=\"auto\" style=\"color: #008080\">Esto diz Xaime Mart\u00ednez del cap\u00edtulu &#8216;La lliteratura reptiliana n&#8217;Asturies (Un falsu documental a la manera de La literatura nazi en Am\u00e9rica)&#8217;.<\/span><\/p>\n<p><iframe loading=\"lazy\" title=\"&#039;La lliteratura reptiliana n&#039;Asturies&#039;. Palabra de guionista. ?\" width=\"840\" height=\"473\" src=\"https:\/\/www.youtube.com\/embed\/yCee4rGBSQw?feature=oembed\" frameborder=\"0\" allow=\"accelerometer; autoplay; clipboard-write; encrypted-media; gyroscope; picture-in-picture\" allowfullscreen><\/iframe><\/p>\n<p>&nbsp;<\/p>\n<hr \/>\n<ul>\n<li style=\"text-align: center\"><span style=\"color: #800000\"><em><a href=\"https:\/\/open.spotify.com\/episode\/066sZ6mWVMJt5dDryU97eB\"><span style=\"font-size: 20px\">Cap\u00edtulu 10 &#8211;<\/span><\/a><strong><span style=\"font-size: 20px\"> Traxedia, farsa, etc<br \/>\n<\/span><\/strong><\/em><\/span><\/li>\n<\/ul>\n<p>El prestixu tur\u00edsticu d\u2019Asturies y la so despoblaci\u00f3n son inversamente proporcionales. Pa igualo, un grupu d\u2019empresarios prop\u00f3n convertir el suroccidente nun parque d\u2019atracciones estrictamente realista de la \u00e9poca<br \/>\nromana. Los visitantes paguen por desempe\u00f1ar roles (patriciu, esclavu, druida o rebelde) nuna r\u00e9plica exacta de la socied\u00e1 del sieglu I d.C. La historia rep\u00edtese, inevitablemente.<\/p>\n<p><span style=\"color: #008080;font-size: 16px\">Les voces espertes: Ignaciu Llope, m\u00e9dicu psiquiatra, sobre &#8216;Traxedia, farsa, etc.&#8217;.<\/span><\/p>\n<p style=\"text-align: center\">\n<!-- iframe plugin v.6.0 wordpress.org\/plugins\/iframe\/ -->\n<iframe loading=\"lazy\" width=\"100%\" height=\"364\" src=\"https:\/\/www.youtube.com\/embed\/VwftfSwP3Cg\" 0=\"\/iframe\" scrolling=\"yes\" class=\"iframe-class\" frameborder=\"0\"><\/iframe>\n<\/p>\n<p class=\"title style-scope ytd-video-primary-info-renderer\"><span style=\"font-size: 16px;color: #008080\">Les voces espertes. Xos\u00e9 Nel Riesgo, xe\u00f3grafu y escritor sobre &#8216;Traxedia, farsa, etc.&#8217;.<\/span><\/p>\n<p style=\"text-align: center\">\n<!-- iframe plugin v.6.0 wordpress.org\/plugins\/iframe\/ -->\n<iframe loading=\"lazy\" width=\"100%\" height=\"364\" src=\"https:\/\/www.youtube.com\/embed\/dF1noT6rDUE\" 0=\"\/iframe\" scrolling=\"yes\" class=\"iframe-class\" frameborder=\"0\"><\/iframe>\n<\/p>\n<p><span class=\"style-scope yt-formatted-string\" dir=\"auto\"><span style=\"color: #008080\">Esto diz Xaime Mart\u00ednez del cap\u00edtulu de ma\u00f1ana&#8230; &#8216;Traxedia, Farsa, etc.&#8217;.<\/span> <\/span><\/p>\n<p style=\"text-align: center\">\n<!-- iframe plugin v.6.0 wordpress.org\/plugins\/iframe\/ -->\n<iframe loading=\"lazy\" width=\"100%\" height=\"364\" src=\"https:\/\/www.youtube.com\/embed\/wvYRJjScZJs\" 0=\"\/iframe\" scrolling=\"yes\" class=\"iframe-class\" frameborder=\"0\"><\/iframe>\n<\/p>\n<p>&nbsp;<\/p>\n<hr \/>\n<ul>\n<li style=\"text-align: center\"><span style=\"color: #800000\"><em><a href=\"https:\/\/open.spotify.com\/episode\/6fOJ7u81KsTw6k1WSQ69l2\"><span style=\"font-size: 20px\">Cap\u00edtulu 11 &#8211; <\/span><\/a><strong><span style=\"font-size: 20px\">Procesu d\u00b4una doctoranda<br \/>\n<\/span><\/strong><\/em><\/span><\/li>\n<\/ul>\n<p>La protagonista ye doctoranda, especializada en documentaci\u00f3n notarial de la Ed\u00e1 Media asturiana. Una selmana primero de depositar la tesis, la moza espierta del sua\u00f1u na Ed\u00e1 Media. Nam\u00e1s tien con ella una pistola, con una bala sola. Espavoriada, discurre que dalguna entid\u00e1 del futuru o d\u2019otra llinia temporal f\u00edxola viaxar en tiempu pa qu\u2019asesine a un personaxe hist\u00f3ricu determinante nel desarrollu de la civilizaci\u00f3n posterior gracies a los sos conocimientos de la \u00e9poca. Pero \u00bfa qui\u00e9n? \u00bfQui\u00e9n la manda? Y sobre too \u00bfpuede negase a facelo?<\/p>\n<p class=\"title style-scope ytd-video-primary-info-renderer\"><span style=\"color: #008080;font-size: 16px\">Les voces espertes. Beatriz Ray\u00f3n, fil\u00f3sofa y escritora sobre &#8216;Procesu d&#8217;una doctoranda&#8217;.<\/span><\/p>\n<p style=\"text-align: center\">\n<!-- iframe plugin v.6.0 wordpress.org\/plugins\/iframe\/ -->\n<iframe loading=\"lazy\" width=\"100%\" height=\"364\" src=\"https:\/\/www.youtube.com\/embed\/p3BTJO4dQiQ\" 0=\"\/iframe\" scrolling=\"yes\" class=\"iframe-class\" frameborder=\"0\"><\/iframe>\n<\/p>\n<p class=\"title style-scope ytd-video-primary-info-renderer\"><span style=\"font-size: 16px;color: #008080\">Les voces espertes. Fernando Villacampa, psic\u00f3logu, sobre &#8216;Procesu d&#8217;una doctoranda&#8217;.<\/span><\/p>\n<p style=\"text-align: center\">\n<!-- iframe plugin v.6.0 wordpress.org\/plugins\/iframe\/ -->\n<iframe loading=\"lazy\" width=\"100%\" height=\"364\" src=\"https:\/\/www.youtube.com\/embed\/aXKcer95MAo\" 0=\"\/iframe\" scrolling=\"yes\" class=\"iframe-class\" frameborder=\"0\"><\/iframe>\n<\/p>\n<p class=\"title style-scope ytd-video-primary-info-renderer\"><span style=\"font-size: 16px;color: #008080\">Procesu d&#8217;una doctoranda&#8217;. Palabra de guionista. ?<\/span><\/p>\n<p style=\"text-align: center\">\n<!-- iframe plugin v.6.0 wordpress.org\/plugins\/iframe\/ -->\n<iframe loading=\"lazy\" width=\"100%\" height=\"364\" src=\"https:\/\/www.youtube.com\/embed\/Q-0a_Vc41pw\" 0=\"\/iframe\" scrolling=\"yes\" class=\"iframe-class\" frameborder=\"0\"><\/iframe>\n<\/p>\n<hr \/>\n<ul>\n<li style=\"text-align: center\"><span style=\"color: #800000\"><em><a href=\"https:\/\/open.spotify.com\/episode\/47Wiy0dY5fBp8PHMssHmIK\"><span style=\"font-size: 20px\">Cap\u00edtulu 12 &#8211; <\/span><\/a><strong><span style=\"font-size: 20px\"><br \/>\n<a href=\"https:\/\/open.spotify.com\/episode\/47Wiy0dY5fBp8PHMssHmIK\">L\u00b4acabose (The Terminator)<\/a><br \/>\n<\/span><\/strong><\/em><\/span><\/li>\n<\/ul>\n<div class=\"_5e23cef0bd1d40734120c4b17139d57a-scss\">\n<div class=\"_3ef806fc7aee16557582aeb740eca8cf-scss\">\n<p class=\"_72b584a33b4aad1bec787e057cf07946-scss _8a9c5cc886805907de5073b8ebc3acd8-scss\">Tres personaxes alcu\u00e9ntrense en persona depu\u00e9s de conocese nun forud&#8217;internet por motivos mui peculiares: los tres son viaxeros temporales, o lessos vides fonon influy\u00edes polos viaxes temporales, a lo menos. F\u00e1enseamigos y deciden construyir una m\u00e1quina del tiempu.<\/p>\n<p><span class=\"style-scope yt-formatted-string\" dir=\"auto\" style=\"color: #008080\">Esto diz Sa\u00fal F. Borel del cap\u00edtulu &#8216;L&#8217;acabose&#8217;. ? (SPOILER incluy\u00edu ? )<\/span><\/p>\n\n<!-- iframe plugin v.6.0 wordpress.org\/plugins\/iframe\/ -->\n<iframe loading=\"lazy\" width=\"100%\" height=\"404\" src=\"https:\/\/www.youtube.com\/embed\/_MAIiCmFO9M\" 0=\"\/iframe\" scrolling=\"yes\" class=\"iframe-class\" frameborder=\"0\"><\/iframe>\n\n<hr \/>\n<ul>\n<li style=\"text-align: center\"><span style=\"color: #800000\"><em><a href=\"https:\/\/open.spotify.com\/episode\/6ep3YIfO8vIvJ8cETlyqta\"><span style=\"font-size: 20px\">Cap\u00edtulu 13 &#8211; <\/span><\/a><strong><span style=\"font-size: 20px\"><a href=\"https:\/\/open.spotify.com\/episode\/6ep3YIfO8vIvJ8cETlyqta\">Los sicarios<\/a><br \/>\n<\/span><\/strong><\/em><\/span><\/li>\n<\/ul>\n<p>Un cient\u00edficu descubre que nun puede haber ning\u00fan avance m\u00e1s na ciencia. La organizaci\u00f3n mundial de cient\u00edficos unvia a un grupu a por \u00e9l y secu\u00e9strenlu. Interr\u00f3guenlu, discuten sobre la ciencia y por \u00faltimo deciden que lo \u00fanico que tienen que facer para que nun exista ye nun citar el so art\u00edculu.<\/p>\n<p><span class=\"style-scope yt-formatted-string\" dir=\"auto\" style=\"color: #008080\">Esto diz Fernando Mart\u00ednez Lavandera del cap\u00edtulu &#8216;Scicarios&#8217;.<\/span><\/p>\n<p style=\"text-align: center\">\n<!-- iframe plugin v.6.0 wordpress.org\/plugins\/iframe\/ -->\n<iframe loading=\"lazy\" width=\"100%\" height=\"404\" src=\"https:\/\/www.youtube.com\/embed\/NdZGGCVEOTw\" 0=\"\/iframe\" scrolling=\"yes\" class=\"iframe-class\" frameborder=\"0\"><\/iframe>\n<\/p>\n<hr \/>\n<\/div>\n<\/div>\n<ul>\n<li style=\"text-align: center\"><span style=\"color: #800000;font-size: 20px\"><em><a href=\"https:\/\/open.spotify.com\/episode\/2zpB53w8s2AoegJMdgz7vV?si=zWGngG5SQg2kOBE3XK7pXA\">Cap\u00edtulu 14 &#8211;<\/a><\/em><strong><em><a href=\"https:\/\/open.spotify.com\/episode\/2zpB53w8s2AoegJMdgz7vV?si=zWGngG5SQg2kOBE3XK7pXA\"> Antena<\/a><br \/>\n<\/em><\/strong><\/span><\/li>\n<\/ul>\n<p>Un escritor impl\u00e1ntase una antena na cabeza que-y permite percibir el mundu de mou diferente. Esta tecnolox\u00eda ciborguizante, sosti\u00e9n, ye ideal pa escribir poes\u00eda de manera \u00f3ptima.<\/p>\n<p><span class=\"style-scope yt-formatted-string\" dir=\"auto\" style=\"color: #008080\">Xaime Mart\u00ednez, escritor, f\u00e1lamos sobre&#8217;l tema central del cap\u00edtulu &#8216;Antena&#8217;.<\/span><\/p>\n<p style=\"text-align: center\">\n<!-- iframe plugin v.6.0 wordpress.org\/plugins\/iframe\/ -->\n<iframe loading=\"lazy\" width=\"100%\" height=\"404\" src=\"https:\/\/www.youtube.com\/embed\/hRM8Kqz87dg\" 0=\"\/iframe\" scrolling=\"yes\" class=\"iframe-class\" frameborder=\"0\"><\/iframe>\n<\/p>\n<p><span class=\"style-scope yt-formatted-string\" dir=\"auto\"><span style=\"color: #008080\">Xes\u00fas Rato, neurofisi\u00f3logu, f\u00e1lamos sobre&#8217;l tema central del cap\u00edtulu &#8216;Antena&#8217;.<\/span> <\/span><\/p>\n<p style=\"text-align: center\">\n<!-- iframe plugin v.6.0 wordpress.org\/plugins\/iframe\/ -->\n<iframe loading=\"lazy\" width=\"100%\" height=\"404\" src=\"https:\/\/www.youtube.com\/embed\/Ax9We32zv9s\" 0=\"\/iframe\" scrolling=\"yes\" class=\"iframe-class\" frameborder=\"0\"><\/iframe>\n<\/p>\n<p><span class=\"style-scope yt-formatted-string\" dir=\"auto\"><span style=\"color: #008080\">Xos\u00e9 Ant\u00f3n Su\u00e1rez Puente, bioqu\u00edmicu, f\u00e1lamos sobre&#8217;l tema central del cap\u00edtulu &#8216;Antena&#8217;.<\/span> <\/span><\/p>\n<p style=\"text-align: center\">\n<!-- iframe plugin v.6.0 wordpress.org\/plugins\/iframe\/ -->\n<iframe loading=\"lazy\" width=\"100%\" height=\"404\" src=\"https:\/\/www.youtube.com\/embed\/l6Y7WnRln_s\" 0=\"\/iframe\" scrolling=\"yes\" class=\"iframe-class\" frameborder=\"0\"><\/iframe>\n<\/p>\n<p><span class=\"style-scope yt-formatted-string\" dir=\"auto\" style=\"color: #008080\">Esto diz Sa\u00fal F. Borel del \u00faltimu cap\u00edtulu de &#8216;La ciencia del cuentu&#8217;, &#8216;Antena&#8217;. ?<\/span><\/p>\n<p style=\"text-align: center\">\n<!-- iframe plugin v.6.0 wordpress.org\/plugins\/iframe\/ -->\n<iframe loading=\"lazy\" width=\"100%\" height=\"404\" src=\"https:\/\/www.youtube.com\/embed\/nIjdRF8hPGs\" 0=\"\/iframe\" scrolling=\"yes\" class=\"iframe-class\" frameborder=\"0\"><\/iframe>\n<\/p>\n<hr \/>\n<ul>\n<li style=\"text-align: center\"><span style=\"font-size: 16px;color: #800000\"><em><span style=\"font-size: 20px\">Cap\u00edtulu\u00a0 <a href=\"https:\/\/open.spotify.com\/episode\/6tMf3Ih5oIbJYDENlfc24f\">Lo mejor de&#8230; 1<\/a><\/span><br \/>\n<\/em><\/span><\/li>\n<li style=\"text-align: center\"><a href=\"https:\/\/open.spotify.com\/episode\/3p8GntXSboLc6SECYT8mh6\"><em><span style=\"font-size: 20px\">Cap\u00edtulu Lo mejor de&#8230;2<\/span><\/em><\/a><\/li>\n<\/ul>\n<hr \/>\n<p><span class=\"style-scope yt-formatted-string\" dir=\"auto\"><span style=\"color: #008080\">El 13 de febreru cel\u00e9brase&#8217;l D\u00eda Mundial de la Radio. Ye la nuesa compa\u00f1era de vida. Dexa volar la imaxinaci\u00f3n y fainos m\u00e1s felices.<\/span> <\/span><\/p>\n\n<!-- iframe plugin v.6.0 wordpress.org\/plugins\/iframe\/ -->\n<iframe loading=\"lazy\" width=\"100%\" height=\"404\" src=\"https:\/\/www.youtube.com\/embed\/WSy_N3AjcJg\" 0=\"\/iframe\" scrolling=\"yes\" class=\"iframe-class\" frameborder=\"0\"><\/iframe>\n\n<p style=\"text-align: center\">\n","protected":false},"excerpt":{"rendered":"<p>Siguir en Spotify https:\/\/www.lacienciadelcuentu.com Siguir en Ivoox Siguir en Twitter Siguir en RTPA Canal Youtube List\u00e1u de Youtube La ciencia del cuentu La ciencia nun ye un cuentu, pero pue cuntase. En esti casu, al travi\u00e9s del x\u00e9neru radioteatru. &#8216;La ciencia del cuentu&#8217; ufierta al escuchante la posibilid\u00e1 d&#8217;afayar conceutos cient\u00edficos, esfrutando de la diversi\u00f3n [&hellip;]<\/p>\n","protected":false},"author":117,"featured_media":0,"parent":3828,"menu_order":0,"comment_status":"closed","ping_status":"closed","template":"","meta":{"footnotes":""},"class_list":["post-4433","page","type-page","status-publish","hentry"],"_links":{"self":[{"href":"https:\/\/edublog.educastur.es\/ixuxu\/wp-json\/wp\/v2\/pages\/4433","targetHints":{"allow":["GET"]}}],"collection":[{"href":"https:\/\/edublog.educastur.es\/ixuxu\/wp-json\/wp\/v2\/pages"}],"about":[{"href":"https:\/\/edublog.educastur.es\/ixuxu\/wp-json\/wp\/v2\/types\/page"}],"author":[{"embeddable":true,"href":"https:\/\/edublog.educastur.es\/ixuxu\/wp-json\/wp\/v2\/users\/117"}],"replies":[{"embeddable":true,"href":"https:\/\/edublog.educastur.es\/ixuxu\/wp-json\/wp\/v2\/comments?post=4433"}],"version-history":[{"count":29,"href":"https:\/\/edublog.educastur.es\/ixuxu\/wp-json\/wp\/v2\/pages\/4433\/revisions"}],"predecessor-version":[{"id":12494,"href":"https:\/\/edublog.educastur.es\/ixuxu\/wp-json\/wp\/v2\/pages\/4433\/revisions\/12494"}],"up":[{"embeddable":true,"href":"https:\/\/edublog.educastur.es\/ixuxu\/wp-json\/wp\/v2\/pages\/3828"}],"wp:attachment":[{"href":"https:\/\/edublog.educastur.es\/ixuxu\/wp-json\/wp\/v2\/media?parent=4433"}],"curies":[{"name":"wp","href":"https:\/\/api.w.org\/{rel}","templated":true}]}}