{"id":4658,"date":"2021-03-29T02:06:18","date_gmt":"2021-03-29T00:06:18","guid":{"rendered":"https:\/\/edublog.educastur.es\/ixuxu\/?page_id=4658"},"modified":"2024-07-25T13:47:49","modified_gmt":"2024-07-25T11:47:49","slug":"animalada-xabaz","status":"publish","type":"page","link":"https:\/\/edublog.educastur.es\/ixuxu\/tv\/animalada-xabaz\/","title":{"rendered":"\u00abAnimalada Xabaz\u00bb"},"content":{"rendered":"<p>&nbsp;<\/p>\n<p style=\"text-align: center\"><span style=\"color: #008080\"><strong><span style=\"font-size: 20px\"><em>De Xueves a Domingu, a les 9:45 hores<\/em><\/span><\/strong><\/span><\/p>\n<p style=\"text-align: center\">\n<ul>\n<li><em><span style=\"font-size: 20px\"><a href=\"https:\/\/www.facebook.com\/animaladaxabaz\/?ref=py_c&amp;__xts__\">P\u00e1xina Facebook<\/a><\/span><\/em><\/li>\n<li><em><span style=\"font-size: 20px\"><a href=\"https:\/\/www.facebook.com\/watch\/?v=232165675358722\">Ver Videu promo<\/a><\/span><\/em><\/li>\n<li><a href=\"https:\/\/open.spotify.com\/album\/4U92gByESOCDOo0oT19LoS?si=Qgt6rXRGQgiM5yqHjuUzcQ\"><em><span style=\"font-size: 20px\">Canciu en Spotify<\/span><\/em><\/a><\/li>\n<li style=\"text-align: center\"><span style=\"font-size: 24px\"><a href=\"https:\/\/www.rtpa.es\/video:animalada%20xabaz_551617402439.html\"><span style=\"text-decoration: underline;color: #008080\"><em>VER CAPITULOS NA <strong>TPA<\/strong><\/em><\/span><\/a><\/span><\/li>\n<\/ul>\n\n<!-- iframe plugin v.6.0 wordpress.org\/plugins\/iframe\/ -->\n<iframe loading=\"lazy\" src=\"https:\/\/open.spotify.com\/embed\/track\/2vXjIAlxoVz7WuMMGqS1OB\" width=\"300\" height=\"380\" frameborder=\"0\" allowtransparency=\"true\" allow=\"encrypted-media\" 0=\"\/iframe\" scrolling=\"yes\" class=\"iframe-class\"><\/iframe>\n\n<p>TPA va estrenar el xueves 1 d&#8217;abril l&#8217;espaciu infantil<strong><em> &#8216;Animalada Xabaz&#8217;<\/em><\/strong>, que se va emitir toles ma\u00f1anes de la Selmana Santa. El programa va tener ocho cap\u00edtulos y l&#8217;asturianu y el gallego-asturianu como lling\u00fces vehiculares.<\/p>\n<p style=\"text-align: center\">\n<!-- iframe plugin v.6.0 wordpress.org\/plugins\/iframe\/ -->\n<iframe loading=\"lazy\" src=\"https:\/\/www.facebook.com\/plugins\/video.php?height=314&#038;href=https%3A%2F%2Fwww.facebook.com%2FRTPAoficial%2Fvideos%2F894841471297957%2F&#038;show_text=true&#038;width=560\" width=\"560\" height=\"429\" style=\"border:none;overflow:hidden\" scrolling=\"no\" frameborder=\"0\" allowfullscreen=\"true\" allow=\"autoplay; clipboard-write; encrypted-media; picture-in-picture; web-share\" 0=\"\/iframe\" class=\"iframe-class\"><\/iframe>\n<\/p>\n<p><em><strong>&#8216;Animalada Xabaz&#8217;<\/strong><\/em> ye una idea del actor Carlos Alba &#8216;Cellero&#8217; y ta producida por Covenant Audiovisuales dientro de la convocatoria de la Conseyer\u00eda de Cultura para promocionar l&#8217;asturianu y el gallego-asturianu en RTPA.<\/p>\n<p><span style=\"font-size: 20px\"><em><span style=\"color: #008080\">Nel espaciu, la cabra Telva, el xabal\u00edn Xuacu y l&#8217;osa Sabela van ver a Cellero y la so f\u00eda Fefa para escuchar cuentos. Per otru llau, Enol quier aprender asturianu y el Pola y el Gallu empiecen col rock. Anque delles vegaes el trasgu Nal\u00f3n tracamundia tolos planes.<\/span><\/em><\/span><\/p>\n<p>Asina, l&#8217;espaciu suma la divulgaci\u00f3n, los mo\u00f1ecos, la m\u00fasica y los cuentacuentos para entretener a la infancia al empar que se promociona&#8217;l patrimoniu lling\u00fc\u00edsticu asturianu.<\/p>\n<hr \/>\n<ol>\n<li><a href=\"https:\/\/www.rtpa.es\/video:Animalada%20Xabaz_551617316053.html\"><span style=\"color: #008080;font-size: 24px\"><strong><em>Cap\u00edtulu 1<\/em><\/strong><\/span><\/a><\/li>\n<li><span style=\"color: #008080;font-size: 24px\"><strong><em>Cap\u00edtulu 2<\/em><\/strong><\/span><\/li>\n<li><span style=\"color: #008080;font-size: 24px\"><strong><em>Cap\u00edtulu 3<\/em><\/strong><\/span><\/li>\n<li><span style=\"color: #008080;font-size: 24px\"><strong><em>Cap\u00edtulu 4<\/em><\/strong><\/span><\/li>\n<li><a href=\"https:\/\/www.rtpa.es\/video:Animalada%20Xabaz_551617488503.html\"><span style=\"color: #008080;font-size: 24px\"><strong><em>Cap\u00edtulu 5<\/em><\/strong><\/span><\/a><\/li>\n<li><a href=\"https:\/\/www.rtpa.es\/video:Animalada%20Xabaz_551617613696.html\"><span style=\"color: #008080;font-size: 24px\"><strong><em>Cap\u00edtulu 6<\/em><\/strong><\/span><\/a><\/li>\n<li><a href=\"https:\/\/www.rtpa.es\/video:animalada%20xabaz_551617614976.html\"><span style=\"color: #008080;font-size: 24px\"><strong><em>Cap\u00edtulu 7<\/em><\/strong><\/span><\/a><\/li>\n<li><a href=\"https:\/\/www.rtpa.es\/video:Animalada%20Xabaz_551617728384.html\"><span style=\"color: #008080;font-size: 24px\"><strong><em>Cap\u00edtulu 8<\/em><\/strong><\/span><\/a><\/li>\n<\/ol>\n<hr \/>\n<p>&nbsp;<\/p>\n","protected":false},"excerpt":{"rendered":"<p>&nbsp; De Xueves a Domingu, a les 9:45 hores P\u00e1xina Facebook Ver Videu promo Canciu en Spotify VER CAPITULOS NA TPA TPA va estrenar el xueves 1 d&#8217;abril l&#8217;espaciu infantil &#8216;Animalada Xabaz&#8217;, que se va emitir toles ma\u00f1anes de la Selmana Santa. El programa va tener ocho cap\u00edtulos y l&#8217;asturianu y el gallego-asturianu como lling\u00fces [&hellip;]<\/p>\n","protected":false},"author":117,"featured_media":0,"parent":299,"menu_order":0,"comment_status":"closed","ping_status":"closed","template":"","meta":{"footnotes":""},"class_list":["post-4658","page","type-page","status-publish","hentry"],"_links":{"self":[{"href":"https:\/\/edublog.educastur.es\/ixuxu\/wp-json\/wp\/v2\/pages\/4658","targetHints":{"allow":["GET"]}}],"collection":[{"href":"https:\/\/edublog.educastur.es\/ixuxu\/wp-json\/wp\/v2\/pages"}],"about":[{"href":"https:\/\/edublog.educastur.es\/ixuxu\/wp-json\/wp\/v2\/types\/page"}],"author":[{"embeddable":true,"href":"https:\/\/edublog.educastur.es\/ixuxu\/wp-json\/wp\/v2\/users\/117"}],"replies":[{"embeddable":true,"href":"https:\/\/edublog.educastur.es\/ixuxu\/wp-json\/wp\/v2\/comments?post=4658"}],"version-history":[{"count":7,"href":"https:\/\/edublog.educastur.es\/ixuxu\/wp-json\/wp\/v2\/pages\/4658\/revisions"}],"predecessor-version":[{"id":28498,"href":"https:\/\/edublog.educastur.es\/ixuxu\/wp-json\/wp\/v2\/pages\/4658\/revisions\/28498"}],"up":[{"embeddable":true,"href":"https:\/\/edublog.educastur.es\/ixuxu\/wp-json\/wp\/v2\/pages\/299"}],"wp:attachment":[{"href":"https:\/\/edublog.educastur.es\/ixuxu\/wp-json\/wp\/v2\/media?parent=4658"}],"curies":[{"name":"wp","href":"https:\/\/api.w.org\/{rel}","templated":true}]}}