{"id":4722,"date":"2021-03-29T11:20:13","date_gmt":"2021-03-29T09:20:13","guid":{"rendered":"https:\/\/edublog.educastur.es\/ixuxu\/?page_id=4722"},"modified":"2021-03-29T11:20:13","modified_gmt":"2021-03-29T09:20:13","slug":"berto-garcia","status":"publish","type":"page","link":"https:\/\/edublog.educastur.es\/ixuxu\/asturiano\/entrevistes\/berto-garcia\/","title":{"rendered":"Berto Garc\u00eda"},"content":{"rendered":"<div id=\"content_holder\">\n<div id=\"header\"><a href=\"http:\/\/www.biblioasturias.com\"><img decoding=\"async\" class=\"logo aligncenter\" src=\"http:\/\/biblioasturias.com\/wp-content\/uploads\/2011\/12\/cabecerabiblioasturias3.png\" alt=\"Biblioasturias\" border=\"0\" \/><\/a><\/div>\n<\/div>\n<div id=\"middle\">\n<div id=\"left\">\n<div class=\"single\">\n<div class=\"active\">\n<h1><a href=\"http:\/\/www.biblioasturias.com\/cincoxcinco-berto-garcia\/\">Cincoxcinco= Berto Garc\u00eda<\/a><\/h1>\n<\/div>\n<div class=\"date\">\n<div class=\"left\"><span class=\"date\"><a title=\"Ver todas las entradas en Cinco x cinco\" href=\"http:\/\/www.biblioasturias.com\/category\/cinco-x-cinco\/\" rel=\"category tag\">Cinco x cinco<\/a><a title=\"Ver todas las entradas en Portada\" href=\"http:\/\/www.biblioasturias.com\/category\/portada\/\" rel=\"category tag\">Portada<\/a><\/span><\/div>\n<\/div>\n<div class=\"content\">\n<p><strong><a href=\"http:\/\/www.biblioasturias.com\/wp-content\/uploads\/2014\/07\/Berto-Garcia1.jpg\"><img loading=\"lazy\" decoding=\"async\" class=\"alignleft  wp-image-13833\" title=\"Berto Garcia\" src=\"http:\/\/www.biblioasturias.com\/wp-content\/uploads\/2014\/07\/Berto-Garcia1.jpg\" alt=\"\" width=\"603\" height=\"347\" \/><\/a><span style=\"font-size: 20px\">Berto Garc\u00eda<\/span><\/strong><span style=\"font-size: 20px\"> naz en Les Vegues (Corvera), en 1975, y hasta la fecha tien seis poemarios editaos: <em>Ensin otra sida<\/em> (Trabe, 2005), <em>Treslallende<\/em> (Trabe, 2007) [escritu a medies con <strong>Carlos Suari<\/strong>], <em>Manual contra\u2019l vac\u00edu <\/em>(Trabe, 2008) [Premiu Fern\u00e1n Coronas 2007], <em>Cuando\u2019l mundu debala <\/em>(Academia de la Llingua Asturiana, 2011) [Premiu Llorienzu Novo Mier 2009], <em>Inercia<\/em> (Trabe, 2013) y <em>Tendal<\/em> (Suburbia, 2013). Tien am\u00e1s bien d\u2019obra espard\u00edo peles revistes lliteraries del pa\u00eds, como: <em>El Canciu\u2019l Cu\u00e9lebre, Lletres Asturianes, Lliteratura, Formientu, Lletres Lliterariu o Entellunu, <\/em>y nes antolox\u00edes <em>Pa[i]saxes<\/em> y <em>Cuando la memoria fala.<\/em> Como traductor fixo,\u00a0 na estaya de la lliteratura infantil, pa la editorial Cumio, les tornes de los llibros <em>Florenta, la gata poeta<\/em> y <em>Les f\u00e1bules de Leonardo da Vinci.<\/em> Am\u00e1s, ye\u2019l responsable de la compilaci\u00f3n de poes\u00eda contempor\u00e1nea n\u2019aturianu, <em>Contra\u2019l silenciu, <\/em>editada de reci\u00e9n por Suburbia Ediciones.<\/span><\/p>\n<\/div>\n<\/div>\n<\/div>\n<\/div>\n<hr \/>\n<div id=\"middle\">\n<div id=\"left\">\n<div class=\"single\">\n<div class=\"content\">\n<p><strong>1. Prop\u00f3n un men\u00fa lliterariu: entrada, platu principal y postre.<\/strong><\/p>\n<p>De entrada, un\u00a0 relatu. Por exemplu cualisquiera de los del llibru de Miguel Rojo, <em>Tienes una tritura nos g\u00fceyos que me fae mal<\/em>, o de <em>La casa y otros cuentos,<\/em> de Mar\u00eda Teresa Gonz\u00e1lez.\u00a0 Como platu principal, <em>D\u00edes de muncho,<\/em> d\u2019Ant\u00f3n Garc\u00eda y pa finar, como postre, unos h.aikus, a mou de tabla de tartes o pastelinos.<\/p>\n<p><strong>2. \u00bfCu\u00e1l foi l\u2019\u00faltimu llibru que sacasti en pr\u00e9stamu d\u2019una biblioteca?<\/strong><\/p>\n<p>Un poemariu de David Gonz\u00e1lez, <em>La carretera roja<\/em>, pa una rellectura.<\/p>\n<p><strong>3. \u00bfQu\u00e9 escena lliteraria te vien nesti momentu a la cabeza?<\/strong><\/p>\n<p>La de Don Quixote lluchando escontra los molinos que yeren xigantes. Una imaxe, o una realid\u00e1, mui actual y testerona na nuesa socied\u00e1.<\/p>\n<p><strong>4. \u00bfTienes namoraote de dalg\u00fan personaxe lliterariu?<\/strong><\/p>\n<p>Non, de neng\u00fan. Anque de xuru que tami\u00e9n alloriar\u00eda col cantar de les serenes, como Ulises.<\/p>\n<p><strong>5. Indica una triada de poetes.<\/strong><\/p>\n<p>David Gonz\u00e1lez, Mirian Reyes y Luis Garc\u00eda Montero<\/p>\n<p><strong>6. \u00bfCu\u00e1la foi la Biblioteca la to vida?<\/strong><\/p>\n<p>La de Les Vegues, en Corvera. Siempre eh\u00ed, al llau de casa. Nella de nenu aver\u00e9me a un mundu perinteresante, el de la lliteratura, pente medies de: <em>Los cinco, Tint\u00edn, Ast\u00e9rix, <\/em>etc. y y\u00e1 m\u00e1s de mozu sigu\u00ed percorriendo esi cam\u00edn, de la mano, principalmente, de la poes\u00eda.<\/p>\n<p><strong>\u00a07. \u00bfCon qu\u00e9 llibru despertar\u00edes l\u2019amor a la llectura nun adolescente?<\/strong><\/p>\n<p>Esta respuesta ye mui dif\u00edcil, yo\u00a0 dir\u00eda <em>Cien a\u00f1os de soled\u00e1<\/em> y a \u00e9l-y prestar\u00eda dalg\u00fan de Federico Moccia; yo-y propondr\u00eda cualisquiera de los poemarios de David Gonz\u00e1lez, y ella lleer\u00eda <em>50 sombres de Grey<\/em>. Ye una ed\u00e1 mui complicada y la lliterartura ye cuesti\u00f3n de gustos, y l\u2019afici\u00f3n pola llectura deber\u00eda venir dende muncho enantes, dende la infancia y los primeros a\u00f1os. Eh\u00ed ye onde hai qu\u2019averalos a los llibros y les llectures.<\/p>\n<p><strong>8. Cita tr\u00e9s novelistes pa siguir por cualquier llector.<\/strong><\/p>\n<p>Gabriel Garc\u00eda M\u00e1rquez, Mario Vargas \u2013 Llosa y Ana Mar\u00eda Matute<\/p>\n<p><strong>9. Prop\u00f3n una midida a favor de la difusi\u00f3n de la llectura.<\/strong><\/p>\n<p>Voi proponer un par d\u2019elles, mui cencielles. En casa, una mui cenciella: lleer un cuentu toles nueches a los nenos enantes de durmir. La segunda: fomentar nes escueles, nos nenos, la creaci\u00f3n, al travi\u00e9s de talleres de poes\u00eda y narrativa. Con posterior llectura d\u2019esos testos al restu de la clase. Incluso una edici\u00f3n d\u2019esos trabayos pa compartilos col restu\u2019l Colexu.<\/p>\n<p><strong>10. \u00bfQui\u00e9nes son los tos compositores o m\u00fasicos favoritos?<\/strong><\/p>\n<p>Ente los m\u00fasicos: Bruce Springsteen, Gordon Summer (Sting) o The Beatles y como compositores, ye mui dif\u00edcil la eleici\u00f3n, pero quiciabes: Vivaldi, Mozart y Grieg.<\/p>\n<p><strong>11. \u00bfHai dalguna llectura que te marcare especialmente na vida?<\/strong><\/p>\n<p>Asina, faciendo alcordanza <em>R\u00e9quiem por un campesino espa\u00f1ol<\/em>, de Ram\u00f3n J. S\u00e9nder. Un llibru d\u2019esos que yeren llectura obligatoria nel institutu, y que foi mui interesante.<\/p>\n<p><strong>12. \u00bfA qu\u00e9 autor rescatar\u00edes del olvidu?<\/strong><\/p>\n<p>De los autores n\u2019asturianu, p\u00e9meque ye necesariu rescatar a toos. Y d\u2019ente los autores en castell\u00e1n, quiciabes a Juan Ram\u00f3n Jim\u00e9nez, na so dimensi\u00f3n como poeta. Nada conocida y de gran altor.<\/p>\n<p><strong>13. De xuru que podr\u00edes recomendanos la visi\u00f3n de, polo menos, tr\u00e9s pel\u00edcules.<\/strong><\/p>\n<p><em>K-Pax, Million Dolar Baby <\/em>y<em> Ben \u2013 Hur, <\/em>por exemplu.<\/p>\n<p><strong>14<em>.\u00a0<\/em>\u00bfQu\u00e9 poema interpreta los tos sentimientos?<\/strong><\/p>\n<p>Pues \u00fan distintu en cada momentu. Agora mesmu, esti de Marta Mori:<\/p>\n<p><strong><span style=\"color: #008080;font-size: 20px\">SIEMPRE<\/span><\/strong><\/p>\n<p><strong><span style=\"color: #008080;font-size: 20px\"><em>Masque me sientas dicir siempre,<\/em><\/span><\/strong><\/p>\n<p><strong><span style=\"color: #008080;font-size: 20px\"><em>has de saber<\/em><\/span><\/strong><\/p>\n<p><strong><span style=\"color: #008080;font-size: 20px\"><em>que naide sabe \u00f3nde empieza siempre<\/em><\/span><\/strong><\/p>\n<p><strong><span style=\"color: #008080;font-size: 20px\"><em>nin \u00f3nde acaba;<\/em><\/span><\/strong><\/p>\n<p><strong><span style=\"color: #008080;font-size: 20px\"><em>que siempre ye nam\u00e1s el nome<\/em><\/span><\/strong><\/p>\n<p><strong><span style=\"color: #008080;font-size: 20px\"><em>que-y pongo al desconciertu<\/em><\/span><\/strong><\/p>\n<p><strong><span style=\"color: #008080;font-size: 20px\"><em>cuando tu nun tas conmigo;<\/em><\/span><\/strong><\/p>\n<p><strong><span style=\"color: #008080;font-size: 20px\"><em>pues siempre<\/em><\/span><\/strong><\/p>\n<p><strong><span style=\"color: #008080;font-size: 20px\"><em>tien la esacta duraci\u00f3n de los tos g\u00fceyos<\/em><\/span><\/strong><\/p>\n<p><strong><span style=\"color: #008080;font-size: 20px\"><em>llimpi\u00e1ndome de culpes,<\/em><\/span><\/strong><\/p>\n<p><strong><span style=\"color: #008080;font-size: 20px\"><em>y pasa sele,<\/em><\/span><\/strong><\/p>\n<p><strong><span style=\"color: #008080;font-size: 20px\"><em>sele y con procuru,<\/em><\/span><\/strong><\/p>\n<p><strong><span style=\"color: #008080;font-size: 20px\"><em>mirando por nun abrir la puerta<\/em><\/span><\/strong><\/p>\n<p><strong><span style=\"color: #008080;font-size: 20px\"><em>que pudiera llevanos<\/em><\/span><\/strong><\/p>\n<p><strong><span style=\"color: #008080;font-size: 20px\"><em>pa siempre fuera d\u2019esti siempre.<\/em><\/span><\/strong><\/p>\n<p><strong>15. \u00bfCu\u00e1les son los tos nomes -de persona- favoritos?<\/strong><\/p>\n<p>Deva y Nel. Los nomes de los mios f\u00edos.<\/p>\n<p><strong>16. \u00bfA qu\u00e9 sitiu sal\u00edu de la imaxinaci\u00f3n d\u2019un autor te gustar\u00eda treslladate?<\/strong><\/p>\n<p>A munchos, d\u2019ente ellos davezu a la islla a la que Daniel Defoe fizo que llegare\u2019l n\u00e1ufragu <em>Robinson Crusoe<\/em>.<\/p>\n<p><strong>17. Los artistes m\u00e1s admiraos son\u2026<\/strong><\/p>\n<p>Munchos:\u00a0 los directores Clint Eastwood y Tim Burton; los pintores Van Gogh, Matisse, Cezanne, \u2026; y a los grandes compositores de la historia: Bethoven, Haendel, Dvorak, etc.<\/p>\n<p><strong>18. L\u2019\u00faltimu llibru que comprasti foi\u2026<\/strong><\/p>\n<p>\u00dan de lliteratura infantil pa la mio f\u00eda Deva. <em>El poema que cay\u00f3 a la mar<\/em>, d\u2019Aurelio Gonz\u00e1lez Ovies. Edit\u00e1u por Pintar-Pintar, editorial asturiana de gran calid\u00e1.<\/p>\n<p><strong>19. \u00bfPuede l\u2019e-book reemplazar al formatu cl\u00e1sicu?<\/strong><\/p>\n<p>Non, nun creo que llegue nunca esi momentu. Pue ser l\u2019e-book una alternativa y convivir los dos formatos a la mema vegada. Pero la maxa, el golor del llibru f\u00edsicu, en papel, nunca va desapaecer.<\/p>\n<p><strong>20. \u00bfPodr\u00edes dicinos c\u00f3mo ordenes la to biblioteca personal?<\/strong><\/p>\n<p>De los estantes que me dexen llibres los llibros de lo mios f\u00edos, los mios llibros ord\u00e9nolos en catell\u00e1n: novela y poes\u00eda; lo mesmo n\u2019asturianu. Y estos sig\u00fan autores, n\u2019orde alfab\u00e9ticu. Otros estantes queden pa llibros te\u00fanicos y de consulta,\u00a0 d\u2019etnograf\u00eda, m\u00fasica tradicional, toponimia, etc.<\/p>\n<p><strong>21. \u00bf\u00d3nde te prestar\u00eda vivir?<\/strong><\/p>\n<p>Dacuando nun pa\u00eds de clima bonal y tropical, como: Puerto Rico, Rep\u00fablica Dominicana, Trinid\u00e1\u00a0 y Tobagu o Xamaica. Otres veces, en pa\u00edses modernos y civilizaos del norte d\u2019Europa, como: Noruega, Suecia, Finlandia o Dinamarca. Pero mientres me decido sigo equ\u00ed, nesti proyeutu inacab\u00e1u de pa\u00eds llam\u00e1u Asturies.<\/p>\n<p><strong>22. \u00bfA qu\u00e9 persona viva almires?<\/strong><\/p>\n<p>Nun soi de munches referencies personales, nin d\u2019idolatrar a naide, pero g\u00fastame la capacid\u00e1 d\u2019esfuerzu, el saber llevantase y el saber tar del tenista Rafa Nadal.<\/p>\n<p><strong>23. Pal to entender \u00bfcu\u00e1la ye la meyor obra lliteraria adaptada pal cine?\u00a0 la llectura ye un actu de lliberaci\u00f3n<\/strong><\/p>\n<p><em>L\u2019\u00dcltimu Mohicanu<\/em>, de James Fennimore Cooper. Dirixida en 1992 por Michael Mann.<\/p>\n<p><strong>24. \u00bfQu\u00e9 tas lleendo actualmente?<\/strong><\/p>\n<p><em>Superficie del silenciu<\/em>, de Ricardo Cand\u00e1s. Poemariu que gan\u00f3 nel 2013 el Xuan Mar\u00eda Acebal de poes\u00eda.<\/p>\n<p><strong>25 \u00bfPa qu\u00e9 sirve la llectura?<\/strong><\/p>\n<p>Como un placebu, la llectura ye un actu de lliberaci\u00f3n, que val p\u2019afuxir del ruxerrux que t\u2019alloria, del llaberintu en qu\u2019espiertes cada ma\u00f1ana, una t\u00e9cnica anti-estress, como\u2019l Yoga o\u2019l Pilates, pa desconectar, relaxate\u2026\u00a0\u00a0 alendar.<\/p>\n<p>&nbsp;<\/p>\n<p><strong><a href=\"http:\/\/www.biblioasturias.com\/wp-content\/uploads\/2014\/07\/l-silenciu.jpg\"><img loading=\"lazy\" decoding=\"async\" class=\"alignleft size-full wp-image-13813\" title=\"l silenciu\" src=\"http:\/\/www.biblioasturias.com\/wp-content\/uploads\/2014\/07\/l-silenciu.jpg\" alt=\"\" width=\"186\" height=\"271\" \/><\/a>\u00a0Contra\u2019l Silenciu<\/strong><\/p>\n<p><strong>Berto Garc\u00eda<\/strong><\/p>\n<p><strong>Suburbia<\/strong><\/p>\n<p><strong>148 p\u00e1xs.<\/strong><\/p>\n<p>\/\/\/<\/p>\n<p><strong><em>Contra\u2019l Silenciu<\/em><\/strong> sup\u00f3n el n\u00famberu 13 de la colecci\u00f3n de poes\u00eda <em>males tierres <\/em>de Suburbia Ediciones. Una obra -cuya esbilla y compilaci\u00f3n d\u00e9bense al tami\u00e9n poeta <strong>Berto Garc\u00eda<\/strong>&#8211; qu\u2019amuesa un completu panorama de tola poes\u00eda espublizada en llingua asturiana dende los tiempos del Surdimientu hasta angua\u00f1o. Nella apaecen tolos poetes\u00a0 xunto cola menci\u00f3n a toles sos obres espublizaes, y \u00fan poema de cada autor seleccion\u00e1u por Berto Garc\u00eda. En palabres del compilador: \u201cEsti llibru ye una cenciella pero, al empar, completa esbilla de poes\u00eda del Surdimientu, cola qu\u2019afitar que l\u2019asturianu tien una puerta abierta al futuru. Esta compilaci\u00f3n quier ser una referencia, un puntu d\u2019arrinque pa quien s\u2019avere a la poes\u00eda en Llingua Asturiana; un escaparate onde poder ver lo meyor de la creaci\u00f3n na poes\u00eda llariega y qu\u2019afale l\u2019encl\u00edn por siguir conociendo y andando\u2019l cam\u00edn de la poes\u00eda contempor\u00e1nea n\u2019asturianu. Frutu d\u2019un llargu procesu d\u2019afondamientu tienes, agora nes tos manes llector, una amuesa d\u2019esta estaya de la lliteratura, na nuesa llingua, nos \u00faltimos trenta a\u00f1os.\u201d<\/p>\n<p><span style=\"color: #008080\">(2 xunetu 2014)<\/span><\/p>\n<\/div>\n<\/div>\n<\/div>\n<\/div>\n","protected":false},"excerpt":{"rendered":"<p>Cincoxcinco= Berto Garc\u00eda Cinco x cincoPortada Berto Garc\u00eda naz en Les Vegues (Corvera), en 1975, y hasta la fecha tien seis poemarios editaos: Ensin otra sida (Trabe, 2005), Treslallende (Trabe, 2007) [escritu a medies con Carlos Suari], Manual contra\u2019l vac\u00edu (Trabe, 2008) [Premiu Fern\u00e1n Coronas 2007], Cuando\u2019l mundu debala (Academia de la Llingua Asturiana, 2011) [&hellip;]<\/p>\n","protected":false},"author":117,"featured_media":0,"parent":3151,"menu_order":0,"comment_status":"closed","ping_status":"closed","template":"","meta":{"footnotes":""},"class_list":["post-4722","page","type-page","status-publish","hentry"],"_links":{"self":[{"href":"https:\/\/edublog.educastur.es\/ixuxu\/wp-json\/wp\/v2\/pages\/4722","targetHints":{"allow":["GET"]}}],"collection":[{"href":"https:\/\/edublog.educastur.es\/ixuxu\/wp-json\/wp\/v2\/pages"}],"about":[{"href":"https:\/\/edublog.educastur.es\/ixuxu\/wp-json\/wp\/v2\/types\/page"}],"author":[{"embeddable":true,"href":"https:\/\/edublog.educastur.es\/ixuxu\/wp-json\/wp\/v2\/users\/117"}],"replies":[{"embeddable":true,"href":"https:\/\/edublog.educastur.es\/ixuxu\/wp-json\/wp\/v2\/comments?post=4722"}],"version-history":[{"count":2,"href":"https:\/\/edublog.educastur.es\/ixuxu\/wp-json\/wp\/v2\/pages\/4722\/revisions"}],"predecessor-version":[{"id":4724,"href":"https:\/\/edublog.educastur.es\/ixuxu\/wp-json\/wp\/v2\/pages\/4722\/revisions\/4724"}],"up":[{"embeddable":true,"href":"https:\/\/edublog.educastur.es\/ixuxu\/wp-json\/wp\/v2\/pages\/3151"}],"wp:attachment":[{"href":"https:\/\/edublog.educastur.es\/ixuxu\/wp-json\/wp\/v2\/media?parent=4722"}],"curies":[{"name":"wp","href":"https:\/\/api.w.org\/{rel}","templated":true}]}}