{"id":47313,"date":"2025-05-03T11:03:11","date_gmt":"2025-05-03T09:03:11","guid":{"rendered":"https:\/\/edublog.educastur.es\/ixuxu\/?page_id=47313"},"modified":"2025-05-03T11:05:55","modified_gmt":"2025-05-03T09:05:55","slug":"verdures","status":"publish","type":"page","link":"https:\/\/edublog.educastur.es\/ixuxu\/calendariu\/verdures\/","title":{"rendered":"Verdures"},"content":{"rendered":"<ul>\n<li><a href=\"https:\/\/asturias.isf.es\/que-hacemos\/calendarios-las-verduras-temporada-asturias\/\"><em><span style=\"font-size: 24px\"><strong>Calendariu de les verdures de temporada n&#8217;asturianu<\/strong><\/span><\/em><\/a><\/li>\n<\/ul>\n<p>&nbsp;<\/p>\n<ul class=\"wp-block-list\">\n<li>Descarga los 12 meses del calendariu de verdures de temporada de Asturies (<a href=\"https:\/\/asturias.isf.es\/wp-content\/uploads\/2020\/01\/CalendarioVT_ast.zip\">archivo comprido .zip<\/a>) (<a href=\"https:\/\/asturias.isf.es\/wp-content\/uploads\/2020\/02\/calendariu-verdures-asturianu-500x400mm-low.pdf\">todo en uno, formato pdf<\/a>)<\/li>\n<li><a class=\"lightbox-added\" href=\"https:\/\/asturias.isf.es\/wp-content\/uploads\/2019\/12\/CalendarioVerdures-Asturianu-01-scaled.jpg\">Xineru<\/a><\/li>\n<li><a class=\"lightbox-added\" href=\"https:\/\/asturias.isf.es\/wp-content\/uploads\/2019\/12\/CalendarioVerdures-Asturianu-02-scaled.jpg\">Febreru<\/a><\/li>\n<li><a class=\"lightbox-added\" href=\"https:\/\/asturias.isf.es\/wp-content\/uploads\/2019\/12\/CalendarioVerdures-Asturianu-03-scaled.jpg\">Marzu<\/a><\/li>\n<li><a class=\"lightbox-added\" href=\"https:\/\/asturias.isf.es\/wp-content\/uploads\/2019\/12\/CalendarioVerdures-Asturianu-04-scaled.jpg\">Abril<\/a><\/li>\n<li><a class=\"lightbox-added\" href=\"https:\/\/asturias.isf.es\/wp-content\/uploads\/2019\/12\/CalendarioVerdures-Asturianu-05-scaled.jpg\">Mayu<\/a><\/li>\n<li><a class=\"lightbox-added\" href=\"https:\/\/asturias.isf.es\/wp-content\/uploads\/2019\/12\/CalendarioVerdures-Asturianu-06-scaled.jpg\">Xunu<\/a><\/li>\n<li><a class=\"lightbox-added\" href=\"https:\/\/asturias.isf.es\/wp-content\/uploads\/2019\/12\/CalendarioVerdures-Asturianu-07-scaled.jpg\">Xunetu<\/a><\/li>\n<li><a class=\"lightbox-added\" href=\"https:\/\/asturias.isf.es\/wp-content\/uploads\/2019\/12\/CalendarioVerdures-Asturianu-08-scaled.jpg\">Agostu<\/a><\/li>\n<li><a class=\"lightbox-added\" href=\"https:\/\/asturias.isf.es\/wp-content\/uploads\/2019\/12\/CalendarioVerdures-Asturianu-09-scaled.jpg\">Setiembre<\/a><\/li>\n<li><a class=\"lightbox-added\" href=\"https:\/\/asturias.isf.es\/wp-content\/uploads\/2019\/12\/CalendarioVerdures-Asturianu-10-scaled.jpg\">Ochobre<\/a><\/li>\n<li><a class=\"lightbox-added\" href=\"https:\/\/asturias.isf.es\/wp-content\/uploads\/2019\/12\/CalendarioVerdures-Asturianu-11-scaled.jpg\">Payares<\/a><\/li>\n<li><a class=\"lightbox-added\" href=\"https:\/\/asturias.isf.es\/wp-content\/uploads\/2019\/12\/CalendarioVerdures-Asturianu-12-scaled.jpg\">Avientu<\/a><\/li>\n<\/ul>\n<p style=\"text-align: center\"><a href=\"https:\/\/asturias.isf.es\/wp-content\/uploads\/2019\/12\/CalendarioVerdures-Asturianu-01-scaled.jpg\"><img loading=\"lazy\" decoding=\"async\" class=\"aligncenter size-large\" src=\"https:\/\/asturias.isf.es\/wp-content\/uploads\/2019\/12\/CalendarioVerdures-Asturianu-01-scaled.jpg\" width=\"2560\" height=\"1822\" \/><\/a><\/p>\n<h2><\/h2>\n<h2 class=\"wp-block-heading\" style=\"text-align: center\"><a href=\"https:\/\/asturias.isf.es\/wp-content\/uploads\/2019\/12\/CalendarioVerdures-Asturianu-02-scaled.jpg\"><img loading=\"lazy\" decoding=\"async\" class=\"aligncenter size-large\" src=\"https:\/\/asturias.isf.es\/wp-content\/uploads\/2019\/12\/CalendarioVerdures-Asturianu-02-scaled.jpg\" width=\"2560\" height=\"1822\" \/><\/a><\/h2>\n<h2 class=\"wp-block-heading\" style=\"text-align: center\"><a href=\"https:\/\/asturias.isf.es\/wp-content\/uploads\/2019\/12\/CalendarioVerdures-Asturianu-03-scaled.jpg\"><img loading=\"lazy\" decoding=\"async\" class=\"aligncenter size-large\" src=\"https:\/\/asturias.isf.es\/wp-content\/uploads\/2019\/12\/CalendarioVerdures-Asturianu-03-scaled.jpg\" width=\"2560\" height=\"1822\" \/><\/a><\/h2>\n<p style=\"text-align: center\"><a href=\"https:\/\/asturias.isf.es\/wp-content\/uploads\/2019\/12\/CalendarioVerdures-Asturianu-04-scaled.jpg\"><img loading=\"lazy\" decoding=\"async\" class=\"aligncenter size-large\" src=\"https:\/\/asturias.isf.es\/wp-content\/uploads\/2019\/12\/CalendarioVerdures-Asturianu-04-scaled.jpg\" width=\"2560\" height=\"1822\" \/><\/a><\/p>\n<figure class=\"wp-block-table\">\n<p style=\"text-align: center\"><a href=\"https:\/\/asturias.isf.es\/wp-content\/uploads\/2019\/12\/CalendarioVerdures-Asturianu-05-scaled.jpg\"><img loading=\"lazy\" decoding=\"async\" class=\"aligncenter size-large\" src=\"https:\/\/asturias.isf.es\/wp-content\/uploads\/2019\/12\/CalendarioVerdures-Asturianu-05-scaled.jpg\" width=\"2560\" height=\"1822\" \/><\/a><\/p>\n<p style=\"text-align: center\"><a href=\"https:\/\/asturias.isf.es\/wp-content\/uploads\/2019\/12\/CalendarioVerdures-Asturianu-06-scaled.jpg\"><img loading=\"lazy\" decoding=\"async\" class=\"aligncenter size-large\" src=\"https:\/\/asturias.isf.es\/wp-content\/uploads\/2019\/12\/CalendarioVerdures-Asturianu-06-scaled.jpg\" width=\"2560\" height=\"1822\" \/><\/a><\/p>\n<\/figure>\n<p style=\"text-align: center\"><a href=\"https:\/\/asturias.isf.es\/wp-content\/uploads\/2019\/12\/CalendarioVerdures-Asturianu-07-scaled.jpg\"><img loading=\"lazy\" decoding=\"async\" class=\"aligncenter size-large\" src=\"https:\/\/asturias.isf.es\/wp-content\/uploads\/2019\/12\/CalendarioVerdures-Asturianu-07-scaled.jpg\" width=\"2560\" height=\"1822\" \/><\/a><\/p>\n<p><a href=\"https:\/\/asturias.isf.es\/wp-content\/uploads\/2019\/12\/CalendarioVerdures-Asturianu-08-scaled.jpg\"><img loading=\"lazy\" decoding=\"async\" class=\"aligncenter size-large\" src=\"https:\/\/asturias.isf.es\/wp-content\/uploads\/2019\/12\/CalendarioVerdures-Asturianu-08-scaled.jpg\" width=\"2560\" height=\"1822\" \/><\/a><\/p>\n<figure class=\"wp-block-table\">\n<p style=\"text-align: center\"><a href=\"https:\/\/asturias.isf.es\/wp-content\/uploads\/2019\/12\/CalendarioVerdures-Asturianu-09-scaled.jpg\"><img loading=\"lazy\" decoding=\"async\" class=\"aligncenter size-large\" src=\"https:\/\/asturias.isf.es\/wp-content\/uploads\/2019\/12\/CalendarioVerdures-Asturianu-09-scaled.jpg\" width=\"2560\" height=\"1822\" \/><\/a><\/p>\n<\/figure>\n<p style=\"text-align: center\"><a href=\"https:\/\/asturias.isf.es\/wp-content\/uploads\/2019\/12\/CalendarioVerdures-Asturianu-10-scaled.jpg\"><img loading=\"lazy\" decoding=\"async\" class=\"aligncenter size-large\" src=\"https:\/\/asturias.isf.es\/wp-content\/uploads\/2019\/12\/CalendarioVerdures-Asturianu-10-scaled.jpg\" width=\"2560\" height=\"1822\" \/><\/a><\/p>\n<p>&nbsp;<\/p>\n<p style=\"text-align: center\"><a href=\"https:\/\/asturias.isf.es\/wp-content\/uploads\/2019\/12\/CalendarioVerdures-Asturianu-11-scaled.jpg\"><img loading=\"lazy\" decoding=\"async\" class=\"aligncenter size-large\" src=\"https:\/\/asturias.isf.es\/wp-content\/uploads\/2019\/12\/CalendarioVerdures-Asturianu-11-scaled.jpg\" width=\"2560\" height=\"1822\" \/><\/a><\/p>\n<p style=\"text-align: center\"><a href=\"https:\/\/asturias.isf.es\/wp-content\/uploads\/2019\/12\/CalendarioVerdures-Asturianu-12-scaled.jpg\"><img loading=\"lazy\" decoding=\"async\" class=\"aligncenter size-large\" src=\"https:\/\/asturias.isf.es\/wp-content\/uploads\/2019\/12\/CalendarioVerdures-Asturianu-12-scaled.jpg\" width=\"2560\" height=\"1822\" \/><\/a><\/p>\n<p>&nbsp;<\/p>\n<figure class=\"wp-block-table\">\n<table>\n<tbody>\n<tr>\n<td><\/td>\n<td><\/td>\n<td>Enero \/ Xineru<\/td>\n<td>Febrero\/\u00a0 Febreru<\/td>\n<td>Marzo \/ Marzu<\/td>\n<td>Abril\/ Abril<\/td>\n<td>Mayo \/ Mayu<\/td>\n<td>Junio \/ Xunu<\/td>\n<td>Julio \/ Xunetu<\/td>\n<td>Agosto \/ Agostu<\/td>\n<td>Septiembre\/ Setiembre<\/td>\n<td>Octubre \/ Ochobre<\/td>\n<td>Noviembre\/ Payares<\/td>\n<td>Diciembre\/ Avientu<\/td>\n<\/tr>\n<tr>\n<td>Acelga<\/td>\n<td>Acelga<\/td>\n<td>x<\/td>\n<td>x<\/td>\n<td>x<\/td>\n<td>x<\/td>\n<td>x<\/td>\n<td>x<\/td>\n<td>x<\/td>\n<td>x<\/td>\n<td>x<\/td>\n<td>x<\/td>\n<td>x<\/td>\n<td>x<\/td>\n<\/tr>\n<tr>\n<td>Ajo Puerro \/ Puerro<\/td>\n<td>Ayos Puerros \/ Puerru<\/td>\n<td>x<\/td>\n<td>x<\/td>\n<td>x<\/td>\n<td>x<\/td>\n<td>x<\/td>\n<td>x<\/td>\n<td>x<\/td>\n<td>x<\/td>\n<td>x<\/td>\n<td>x<\/td>\n<td>x<\/td>\n<td>x<\/td>\n<\/tr>\n<tr>\n<td>Alcachofa<\/td>\n<td>Alcachofa<\/td>\n<td><\/td>\n<td><\/td>\n<td><\/td>\n<td>x<\/td>\n<td>x<\/td>\n<td>x<\/td>\n<td>x<\/td>\n<td><\/td>\n<td><\/td>\n<td><\/td>\n<td><\/td>\n<td><\/td>\n<\/tr>\n<tr>\n<td>Berenjena<\/td>\n<td>Berenxena<\/td>\n<td><\/td>\n<td><\/td>\n<td><\/td>\n<td><\/td>\n<td><\/td>\n<td>x<\/td>\n<td>x<\/td>\n<td>x<\/td>\n<td>x<\/td>\n<td>x<\/td>\n<td><\/td>\n<td><\/td>\n<\/tr>\n<tr>\n<td>Berzas<\/td>\n<td>Berces<\/td>\n<td>x<\/td>\n<td>x<\/td>\n<td>x<\/td>\n<td>x<\/td>\n<td>x<\/td>\n<td>x<\/td>\n<td>x<\/td>\n<td>x<\/td>\n<td>x<\/td>\n<td>x<\/td>\n<td>x<\/td>\n<td>x<\/td>\n<\/tr>\n<tr>\n<td>Br\u00f3coli<\/td>\n<td>Br\u00f3coli<\/td>\n<td>x<\/td>\n<td>x<\/td>\n<td>x<\/td>\n<td>x<\/td>\n<td>x<\/td>\n<td>x<\/td>\n<td>x<\/td>\n<td><\/td>\n<td><\/td>\n<td><\/td>\n<td>x<\/td>\n<td>x<\/td>\n<\/tr>\n<tr>\n<td>Calabac\u00edn<\/td>\n<td>Calabac\u00edn<\/td>\n<td><\/td>\n<td><\/td>\n<td><\/td>\n<td><\/td>\n<td><\/td>\n<td>x<\/td>\n<td>x<\/td>\n<td>x<\/td>\n<td>x<\/td>\n<td>x<\/td>\n<td><\/td>\n<td><\/td>\n<\/tr>\n<tr>\n<td>Cebolleta<\/td>\n<td>Cebolleta<\/td>\n<td><\/td>\n<td><\/td>\n<td><\/td>\n<td>x<\/td>\n<td>x<\/td>\n<td>x<\/td>\n<td><\/td>\n<td><\/td>\n<td><\/td>\n<td><\/td>\n<td><\/td>\n<td><\/td>\n<\/tr>\n<tr>\n<td>Coles de bruselas<\/td>\n<td>Coles de bruselas<\/td>\n<td>x<\/td>\n<td>x<\/td>\n<td>x<\/td>\n<td>x<\/td>\n<td><\/td>\n<td><\/td>\n<td><\/td>\n<td><\/td>\n<td><\/td>\n<td><\/td>\n<td>x<\/td>\n<td>x<\/td>\n<\/tr>\n<tr>\n<td>Coliflor<\/td>\n<td>Coliflor<\/td>\n<td>x<\/td>\n<td>x<\/td>\n<td>x<\/td>\n<td>x<\/td>\n<td>x<\/td>\n<td>x<\/td>\n<td>x<\/td>\n<td>x<\/td>\n<td>x<\/td>\n<td>x<\/td>\n<td>x<\/td>\n<td>x<\/td>\n<\/tr>\n<tr>\n<td>Escarola<\/td>\n<td>Escarola<\/td>\n<td>x<\/td>\n<td>x<\/td>\n<td>x<\/td>\n<td>x<\/td>\n<td><\/td>\n<td><\/td>\n<td><\/td>\n<td><\/td>\n<td><\/td>\n<td>x<\/td>\n<td>x<\/td>\n<td>x<\/td>\n<\/tr>\n<tr>\n<td>Espinaca<\/td>\n<td>Espinaca<\/td>\n<td>x<\/td>\n<td>x<\/td>\n<td>x<\/td>\n<td>x<\/td>\n<td>x<\/td>\n<td>x<\/td>\n<td>x<\/td>\n<td><\/td>\n<td><\/td>\n<td><\/td>\n<td>x<\/td>\n<td>x<\/td>\n<\/tr>\n<tr>\n<td>Fr\u00e9joles \/ Vainas<\/td>\n<td>Fr\u00e9xoles\/vaines<\/td>\n<td><\/td>\n<td><\/td>\n<td><\/td>\n<td><\/td>\n<td><\/td>\n<td>x<\/td>\n<td>x<\/td>\n<td>x<\/td>\n<td>x<\/td>\n<td>x<\/td>\n<td><\/td>\n<td><\/td>\n<\/tr>\n<tr>\n<td>Guisantes<\/td>\n<td>Arbeyos<\/td>\n<td><\/td>\n<td><\/td>\n<td>x<\/td>\n<td>x<\/td>\n<td>x<\/td>\n<td>x<\/td>\n<td>x<\/td>\n<td>x<\/td>\n<td><\/td>\n<td><\/td>\n<td><\/td>\n<td><\/td>\n<\/tr>\n<tr>\n<td>Habas de mayo<\/td>\n<td>Fabes de mayu<\/td>\n<td><\/td>\n<td><\/td>\n<td><\/td>\n<td>x<\/td>\n<td>x<\/td>\n<td>x<\/td>\n<td><\/td>\n<td><\/td>\n<td><\/td>\n<td><\/td>\n<td><\/td>\n<td><\/td>\n<\/tr>\n<tr>\n<td>Lechuga<\/td>\n<td>Lechuga\/Llechuga<\/td>\n<td>x<\/td>\n<td>x<\/td>\n<td>x<\/td>\n<td>x<\/td>\n<td>x<\/td>\n<td>x<\/td>\n<td>x<\/td>\n<td>x<\/td>\n<td>x<\/td>\n<td>x<\/td>\n<td>x<\/td>\n<td>x<\/td>\n<\/tr>\n<tr>\n<td>Lombarda<\/td>\n<td>Lombarda\/Llombarda<\/td>\n<td><\/td>\n<td><\/td>\n<td>x<\/td>\n<td>x<\/td>\n<td>x<\/td>\n<td><\/td>\n<td>x<\/td>\n<td>x<\/td>\n<td>x<\/td>\n<td>x<\/td>\n<td>x<\/td>\n<td>x<\/td>\n<\/tr>\n<tr>\n<td>Nabos<\/td>\n<td>Nabos<\/td>\n<td>x<\/td>\n<td>x<\/td>\n<td>x<\/td>\n<td><\/td>\n<td><\/td>\n<td><\/td>\n<td><\/td>\n<td><\/td>\n<td><\/td>\n<td><\/td>\n<td>x<\/td>\n<td>x<\/td>\n<\/tr>\n<tr>\n<td>Pepino<\/td>\n<td>Pepinu<\/td>\n<td><\/td>\n<td><\/td>\n<td><\/td>\n<td><\/td>\n<td><\/td>\n<td><\/td>\n<td>x<\/td>\n<td>x<\/td>\n<td>x<\/td>\n<td>x<\/td>\n<td><\/td>\n<td><\/td>\n<\/tr>\n<tr>\n<td>Pimiento<\/td>\n<td>Pimientu<\/td>\n<td><\/td>\n<td><\/td>\n<td><\/td>\n<td><\/td>\n<td><\/td>\n<td>x<\/td>\n<td>x<\/td>\n<td>x<\/td>\n<td>x<\/td>\n<td>x<\/td>\n<td>x<\/td>\n<td><\/td>\n<\/tr>\n<tr>\n<td>Rabanitos<\/td>\n<td>Rabanitos<\/td>\n<td><\/td>\n<td><\/td>\n<td><\/td>\n<td>x<\/td>\n<td>x<\/td>\n<td>x<\/td>\n<td>x<\/td>\n<td>x<\/td>\n<td>x<\/td>\n<td>x<\/td>\n<td><\/td>\n<td><\/td>\n<\/tr>\n<tr>\n<td>Remolacha<\/td>\n<td>Remolacha<\/td>\n<td>x<\/td>\n<td>x<\/td>\n<td>x<\/td>\n<td><\/td>\n<td><\/td>\n<td><\/td>\n<td>x<\/td>\n<td>x<\/td>\n<td>x<\/td>\n<td>x<\/td>\n<td>x<\/td>\n<td>x<\/td>\n<\/tr>\n<tr>\n<td>Repollo<\/td>\n<td>Repollu<\/td>\n<td>x<\/td>\n<td>x<\/td>\n<td>x<\/td>\n<td>x<\/td>\n<td>x<\/td>\n<td>x<\/td>\n<td>x<\/td>\n<td>x<\/td>\n<td>x<\/td>\n<td>x<\/td>\n<td>x<\/td>\n<td>x<\/td>\n<\/tr>\n<tr>\n<td>Tomate<\/td>\n<td>Tomate<\/td>\n<td><\/td>\n<td><\/td>\n<td><\/td>\n<td><\/td>\n<td><\/td>\n<td><\/td>\n<td>x<\/td>\n<td>x<\/td>\n<td>x<\/td>\n<td>x<\/td>\n<td>x<\/td>\n<td><\/td>\n<\/tr>\n<tr>\n<td>Zanahoria<\/td>\n<td>Cenahoria<\/td>\n<td>x<\/td>\n<td>x<\/td>\n<td>x<\/td>\n<td><\/td>\n<td><\/td>\n<td>x<\/td>\n<td>x<\/td>\n<td>x<\/td>\n<td>x<\/td>\n<td>x<\/td>\n<td>x<\/td>\n<td>x<\/td>\n<\/tr>\n<\/tbody>\n<\/table>\n<\/figure>\n<p class=\"wp-block-heading\"><em>\u00a0Agradecimientos: <span style=\"font-size: 16px\">Sara Vila Diez, <\/span><span style=\"font-size: 16px\">Juan Jos\u00e9 Lastra Men\u00e9ndez, <\/span><span style=\"font-size: 16px\">Maria Bustillo Estrada-Nora, <\/span><span style=\"font-size: 16px\">Miguel Fernandez Regueiro,\u00a0 <\/span><span style=\"font-size: 16px\">Carlos Rodriguez de Castro Garcia, <\/span><span style=\"font-size: 16px\">Grupo de consumo \u00abLib\u00e9lula Huerta\u00bb, <\/span><span style=\"font-size: 16px\">Grupo de consumo \u00ab\u00c1gape\u00bb, <\/span><a style=\"font-size: 16px\" href=\"http:\/\/www.krismencia.com\/\">Kris Menc\u00eda (ilustradora y dise\u00f1adora gr\u00e1fica), <\/a>Aida (por juntar los calendarios n\u2019asturianu y facer un cartelo)<\/em><\/p>\n<p class=\"wp-block-heading\"><em>Menciones en medios<\/em><\/p>\n<ul class=\"wp-block-list\">\n<li><a href=\"http:\/\/www.rtve.es\/alacarta\/videos\/diario-24\/diario-24-08-01-20-2\/5479311\/?t=2h35m41s\">Reportaje en Canal 24h de TVE<\/a><\/li>\n<li><a href=\"http:\/\/www.lne.es\/asturias\/2017\/10\/26\/ano-verduras-asturias\/2183362.html\">\u00abTodo un a\u00f1o de verduras en Asturias\u00bb (La Nueva Espa\u00f1a, 26 de octubre de 2017)<\/a><\/li>\n<li><a href=\"https:\/\/mas.lne.es\/calendario-verduras-temporada\/\">Infograf\u00eda generada por La Nueva Espa\u00f1a<\/a><\/li>\n<li><a href=\"http:\/\/www.lne.es\/multimedia\/videos\/asturias\/2017-10-26-131335-calendario-verduras-temporada.html\">V\u00eddeo creado por La Nueva Espa\u00f1a<\/a><\/li>\n<li><a href=\"https:\/\/www.elcomercio.es\/asturias\/coles-bruselas-no-para-verano-20200103002454-ntvo.html\">Las coles de Bruselas no son para el verano (El Comercio, 3 de enero de 2020)<\/a><\/li>\n<li><a href=\"https:\/\/www.elcomercio.es\/gastronomia\/verduras-asturianas-temporada-debes-consumir-cada-20200102132312-ga.html\">Las verduras asturianas de temporada que debes consumir cada mes (El Comercio, 2 de enero de 2020)<\/a><\/li>\n<li><a href=\"https:\/\/www.facebook.com\/CopaeAsturias\/posts\/1834934453202571\">Menci\u00f3n por COPAE Asturias<\/a><\/li>\n<li><a href=\"https:\/\/twitter.com\/ondacerogijon\/status\/1213133246470463490\">Menci\u00f3n Twitter Onda Cero Gij\u00f3n<\/a><\/li>\n<li><a href=\"http:\/\/soydetemporada.es\/acerca\/\">Proyecto Soy de Temporada (soydetemporada.es)<\/a><\/li>\n<li><a href=\"https:\/\/lahuertadelaesquina.es\/2020\/01\/09\/isf-asturias-lanza-su-nuevo-calendario-de-verduras-de-temporada\/\">ISF Asturias lanza su nuevo calendario de verduras de temporada (La Huerta de la Esquina \u2013 revista de agroecolog\u00eda en Asturias, enero 2020)<\/a><\/li>\n<li><a href=\"https:\/\/www.astursalud.es\/documents\/35439\/39675\/Recomendaciones+de+consumo+de+alimentos.pdf\/4cecd0c7-d0e6-81c0-ad7f-47bf748caa56?t=1667564820476\">Recomendaciones generales de consumo de alimentos. Elaborado por el programa Estrategia NAOS (Nutrici\u00f3n, Actividad F\u00edsica y Prevenci\u00f3n de la Obesidad) en Asturias, dentro de AsturSalud.<\/a><\/li>\n<\/ul>\n<p>&nbsp;<\/p>\n<ul>\n<li>calendario de:\u00a0 <a href=\"https:\/\/www.liveworksheets.com\/es\/u\/mayestrinaina\"><strong>mayestrinaina<\/strong><\/a> \/<\/li>\n<li><a href=\"https:\/\/www.liveworksheets.com\/es\/w\/at\/llingua-asturiana\/2060011\">Frutes y verdures<\/a> \/<\/li>\n<\/ul>\n<p style=\"text-align: center\"><a href=\"https:\/\/www.liveworksheets.com\/sites\/default\/files\/styles\/worksheet\/public\/def_files\/2022\/6\/3\/206031056331484614\/206031056331484614001.jpg?itok=tZh5Lppf\"><img loading=\"lazy\" decoding=\"async\" class=\"aligncenter size-large\" src=\"https:\/\/www.liveworksheets.com\/sites\/default\/files\/styles\/worksheet\/public\/def_files\/2022\/6\/3\/206031056331484614\/206031056331484614001.jpg?itok=tZh5Lppf\" width=\"1000\" height=\"1414\" \/><\/a><\/p>\n","protected":false},"excerpt":{"rendered":"<p>Calendariu de les verdures de temporada n&#8217;asturianu &nbsp; Descarga los 12 meses del calendariu de verdures de temporada de Asturies (archivo comprido .zip) (todo en uno, formato pdf) Xineru Febreru Marzu Abril Mayu Xunu Xunetu Agostu Setiembre Ochobre Payares Avientu &nbsp; &nbsp; Enero \/ Xineru Febrero\/\u00a0 Febreru Marzo \/ Marzu Abril\/ Abril Mayo \/ Mayu [&hellip;]<\/p>\n","protected":false},"author":117,"featured_media":0,"parent":15727,"menu_order":0,"comment_status":"closed","ping_status":"closed","template":"","meta":{"footnotes":""},"class_list":["post-47313","page","type-page","status-publish","hentry"],"_links":{"self":[{"href":"https:\/\/edublog.educastur.es\/ixuxu\/wp-json\/wp\/v2\/pages\/47313","targetHints":{"allow":["GET"]}}],"collection":[{"href":"https:\/\/edublog.educastur.es\/ixuxu\/wp-json\/wp\/v2\/pages"}],"about":[{"href":"https:\/\/edublog.educastur.es\/ixuxu\/wp-json\/wp\/v2\/types\/page"}],"author":[{"embeddable":true,"href":"https:\/\/edublog.educastur.es\/ixuxu\/wp-json\/wp\/v2\/users\/117"}],"replies":[{"embeddable":true,"href":"https:\/\/edublog.educastur.es\/ixuxu\/wp-json\/wp\/v2\/comments?post=47313"}],"version-history":[{"count":3,"href":"https:\/\/edublog.educastur.es\/ixuxu\/wp-json\/wp\/v2\/pages\/47313\/revisions"}],"predecessor-version":[{"id":47318,"href":"https:\/\/edublog.educastur.es\/ixuxu\/wp-json\/wp\/v2\/pages\/47313\/revisions\/47318"}],"up":[{"embeddable":true,"href":"https:\/\/edublog.educastur.es\/ixuxu\/wp-json\/wp\/v2\/pages\/15727"}],"wp:attachment":[{"href":"https:\/\/edublog.educastur.es\/ixuxu\/wp-json\/wp\/v2\/media?parent=47313"}],"curies":[{"name":"wp","href":"https:\/\/api.w.org\/{rel}","templated":true}]}}