{"id":47797,"date":"2025-05-07T13:31:14","date_gmt":"2025-05-07T11:31:14","guid":{"rendered":"https:\/\/edublog.educastur.es\/ixuxu\/?page_id=47797"},"modified":"2025-05-07T13:31:14","modified_gmt":"2025-05-07T11:31:14","slug":"comarques","status":"publish","type":"page","link":"https:\/\/edublog.educastur.es\/ixuxu\/asturies\/mapes\/comarques\/","title":{"rendered":"Comarques"},"content":{"rendered":"<h1 id=\"firstHeading\" class=\"firstHeading mw-first-heading\" style=\"text-align: center\"><span style=\"font-size: 24px;color: #008080\">Mapa comarcal d&#8217;Ast\u00faries.svg<\/span><\/h1>\n<p style=\"text-align: center\"><a href=\"https:\/\/upload.wikimedia.org\/wikipedia\/commons\/thumb\/8\/86\/Mapa_comarcal_d%27Ast%C3%BAries.svg\/1083px-Mapa_comarcal_d%27Ast%C3%BAries.svg.png\"><img loading=\"lazy\" decoding=\"async\" class=\"aligncenter size-large\" src=\"https:\/\/upload.wikimedia.org\/wikipedia\/commons\/thumb\/8\/86\/Mapa_comarcal_d%27Ast%C3%BAries.svg\/1083px-Mapa_comarcal_d%27Ast%C3%BAries.svg.png\" width=\"1083\" height=\"434\" \/><\/a><\/p>\n<div id=\"mw-imagepage-section-linkstoimage\">\n<ul class=\"mw-imagepage-linkstoimage\">\n<li class=\"mw-imagepage-linkstoimage-ns104\"><a title=\"\" href=\"https:\/\/es.m.wikipedia.org\/wiki\/Anexo:Comarcas_del_Principado_de_Asturias\">Anexo:Comarcas del Principado de Asturias<\/a><\/li>\n<li class=\"mw-imagepage-linkstoimage-ns104\"><a title=\"Anexo:Monta\u00f1as de Asturias\" href=\"https:\/\/es.m.wikipedia.org\/wiki\/Anexo:Monta%C3%B1as_de_Asturias\">Anexo:Monta\u00f1as de Asturias<\/a><\/li>\n<\/ul>\n<p>Uso en ca.wikipedia.org<\/p>\n<ul>\n<li><a class=\"external\" href=\"https:\/\/ca.wikipedia.org\/wiki\/Ast%C3%BAries\">Ast\u00faries<\/a><\/li>\n<li><a class=\"external\" href=\"https:\/\/ca.wikipedia.org\/wiki\/Comarques_d%27Ast%C3%BAries\">Comarques d&#8217;Ast\u00faries<\/a><\/li>\n<li><a class=\"external\" href=\"https:\/\/ca.wikipedia.org\/wiki\/Comarca_d%27Avil%C3%A9s\">Comarca d&#8217;Avil\u00e9s<\/a><\/li>\n<li><a class=\"external\" href=\"https:\/\/ca.wikipedia.org\/wiki\/Comarca_del_Caudal\">Comarca del Caudal<\/a><\/li>\n<li><a class=\"external\" href=\"https:\/\/ca.wikipedia.org\/wiki\/Comarca_de_l%27Eo-Navia\">Comarca de l&#8217;Eo-Navia<\/a><\/li>\n<li><a class=\"external\" href=\"https:\/\/ca.wikipedia.org\/wiki\/Comarca_de_Gij%C3%B3n\">Comarca de Gij\u00f3n<\/a><\/li>\n<li><a class=\"external\" href=\"https:\/\/ca.wikipedia.org\/wiki\/Comarca_del_Nal%C3%B3n\">Comarca del Nal\u00f3n<\/a><\/li>\n<li><a class=\"external\" href=\"https:\/\/ca.wikipedia.org\/wiki\/Comarca_del_Narcea\">Comarca del Narcea<\/a><\/li>\n<li><a class=\"external\" href=\"https:\/\/ca.wikipedia.org\/wiki\/Comarca_d%27Oriente\">Comarca d&#8217;Oriente<\/a><\/li>\n<li><a class=\"external\" href=\"https:\/\/ca.wikipedia.org\/wiki\/Comarca_d%27Oviedo\">Comarca d&#8217;Oviedo<\/a><\/li>\n<li><a class=\"external\" href=\"https:\/\/ca.wikipedia.org\/wiki\/Plantilla:Comarques_d%27Ast%C3%BAries\">Plantilla:Comarques d&#8217;Ast\u00faries<\/a><\/li>\n<\/ul>\n<\/div>\n<h2 id=\"globalusage\" style=\"text-align: center\"><a href=\"https:\/\/upload.wikimedia.org\/wikipedia\/commons\/thumb\/8\/86\/Mapa_comarcal_d%27Ast%C3%BAries.svg\/1920px-Mapa_comarcal_d%27Ast%C3%BAries.svg.png\"><img loading=\"lazy\" decoding=\"async\" class=\"aligncenter size-large\" src=\"https:\/\/upload.wikimedia.org\/wikipedia\/commons\/thumb\/8\/86\/Mapa_comarcal_d%27Ast%C3%BAries.svg\/1920px-Mapa_comarcal_d%27Ast%C3%BAries.svg.png\" width=\"1920\" height=\"769\" \/><\/a><\/h2>\n","protected":false},"excerpt":{"rendered":"<p>Mapa comarcal d&#8217;Ast\u00faries.svg Anexo:Comarcas del Principado de Asturias Anexo:Monta\u00f1as de Asturias Uso en ca.wikipedia.org Ast\u00faries Comarques d&#8217;Ast\u00faries Comarca d&#8217;Avil\u00e9s Comarca del Caudal Comarca de l&#8217;Eo-Navia Comarca de Gij\u00f3n Comarca del Nal\u00f3n Comarca del Narcea Comarca d&#8217;Oriente Comarca d&#8217;Oviedo Plantilla:Comarques d&#8217;Ast\u00faries<\/p>\n","protected":false},"author":117,"featured_media":0,"parent":20330,"menu_order":0,"comment_status":"closed","ping_status":"closed","template":"","meta":{"footnotes":""},"class_list":["post-47797","page","type-page","status-publish","hentry"],"_links":{"self":[{"href":"https:\/\/edublog.educastur.es\/ixuxu\/wp-json\/wp\/v2\/pages\/47797","targetHints":{"allow":["GET"]}}],"collection":[{"href":"https:\/\/edublog.educastur.es\/ixuxu\/wp-json\/wp\/v2\/pages"}],"about":[{"href":"https:\/\/edublog.educastur.es\/ixuxu\/wp-json\/wp\/v2\/types\/page"}],"author":[{"embeddable":true,"href":"https:\/\/edublog.educastur.es\/ixuxu\/wp-json\/wp\/v2\/users\/117"}],"replies":[{"embeddable":true,"href":"https:\/\/edublog.educastur.es\/ixuxu\/wp-json\/wp\/v2\/comments?post=47797"}],"version-history":[{"count":1,"href":"https:\/\/edublog.educastur.es\/ixuxu\/wp-json\/wp\/v2\/pages\/47797\/revisions"}],"predecessor-version":[{"id":47798,"href":"https:\/\/edublog.educastur.es\/ixuxu\/wp-json\/wp\/v2\/pages\/47797\/revisions\/47798"}],"up":[{"embeddable":true,"href":"https:\/\/edublog.educastur.es\/ixuxu\/wp-json\/wp\/v2\/pages\/20330"}],"wp:attachment":[{"href":"https:\/\/edublog.educastur.es\/ixuxu\/wp-json\/wp\/v2\/media?parent=47797"}],"curies":[{"name":"wp","href":"https:\/\/api.w.org\/{rel}","templated":true}]}}