{"id":4954,"date":"2021-04-01T20:44:26","date_gmt":"2021-04-01T18:44:26","guid":{"rendered":"https:\/\/edublog.educastur.es\/ixuxu\/?page_id=4954"},"modified":"2021-10-02T13:48:45","modified_gmt":"2021-10-02T11:48:45","slug":"al-son","status":"publish","type":"page","link":"https:\/\/edublog.educastur.es\/ixuxu\/radio\/al-son\/","title":{"rendered":"Al Son"},"content":{"rendered":"<p style=\"text-align: center\"><a href=\"https:\/\/open.spotify.com\/show\/0DzFm1EW1Rvb0qcCLPXpof\"><img loading=\"lazy\" decoding=\"async\" class=\"alignnone \" src=\"https:\/\/www.rtpa.es\/fotos\/\/21\/01\/871611732871_cfakepathlogo-al-son-1024x576px.jpg\" width=\"509\" height=\"286\" \/><\/a><\/p>\n<ul>\n<li><em><span style=\"font-size: 20px\"><a href=\"https:\/\/open.spotify.com\/show\/0DzFm1EW1Rvb0qcCLPXpof\">en Spotify<\/a><\/span><\/em><\/li>\n<li><em><span style=\"font-size: 20px\"><a href=\"https:\/\/www.rtpa.es\/rpa-programa:Al%20Son_111611733093.html\">en RTPA<\/a><\/span><\/em><\/li>\n<\/ul>\n<p><em>El programa repasa tolos estilos de la m\u00fasica fecha n&#8217;asturianu dende&#8217;l surdimientu del Nuevu Canciu Astur hasta angua\u00f1o. Son m\u00e1s de cuatro d\u00e9cades d&#8217;historia de la m\u00fasica asturiana nos que suenen estilos t\u00e1n estremaos como folk, indie, electr\u00f3nica, punk o m\u00fasica cl\u00e1sica.<\/em><\/p>\n<ul>\n<li>Spotify \/<a href=\"https:\/\/www.rtpa.es\/audio:Al%20Son_1613458657.html\"> RTPA<\/a> \/ <a href=\"https:\/\/twitter.com\/goxeprod?lang=es\">Twitter<\/a> \/ <a href=\"https:\/\/www.facebook.com\/GoxeProducciones\">GOXE PRODUCCIONES<\/a> \/ <em><span class=\"d2edcug0 hpfvmrgz qv66sw1b c1et5uql rrkovp55 a8c37x1j keod5gw0 nxhoafnm aigsh9s9 d3f4x2em fe6kdd0r mau55g9w c8b282yb iv3no6db jq4qci2q a3bd9o3v knj5qynh oo9gr5id\" dir=\"auto\"><strong>RPA, 11:30 h.<\/strong><\/span><\/em><\/li>\n<\/ul>\n<p><em><span class=\"d2edcug0 hpfvmrgz qv66sw1b c1et5uql rrkovp55 a8c37x1j keod5gw0 nxhoafnm aigsh9s9 d3f4x2em fe6kdd0r mau55g9w c8b282yb iv3no6db jq4qci2q a3bd9o3v knj5qynh oo9gr5id\" dir=\"auto\">Esti espaciu selmanal n&#8217;asturianu<strong> \u201cque quier ser una especie d\u2019enciclopedia sonora\u201d<\/strong> va conducilu <strong>Xune Elipe<\/strong> en RPA <span style=\"color: #008080\">tolos llunes.<\/span> <span style=\"text-decoration: underline\"><span style=\"color: #008080;text-decoration: underline\">Van ser cincuenta episodios.<\/span><\/span> El cantante de Dixebra y responsable de Goxe Producciones va tar acompa\u00f1\u00e1u pola llocutora <strong>Lena Elipe<\/strong> y el periodista especializ\u00e1u en m\u00fasica <strong>Xicu Ariza<\/strong>, ex redautor d\u2019<strong>Asturies.com<\/strong>. Ente los tr\u00e9s van tratar fondamente \u201ctoles propuestes sonores que se dieron nel panorama musical del pa\u00eds nes \u00faltimes cuatro d\u00e9cades: <strong>Nuevu Canciu Astur, boom de la gaita, m\u00fasica celta, folk (m\u00fasica celta), folk-rock, rock n\u2019asturianu, post-folk, tonada renovada, etc\u201d.<\/strong><br \/>\n<\/span><\/em><\/p>\n<p><em>Ente los sos conten\u00edos van tar tres secciones fixes. Una d&#8217;elles va presentala&#8217;l periodista <strong>Xicu Ariza<\/strong>, responsable del portal <a class=\"oajrlxb2 g5ia77u1 qu0x051f esr5mh6w e9989ue4 r7d6kgcz rq0escxv nhd2j8a9 nc684nl6 p7hjln8o kvgmc6g5 cxmmr5t8 oygrvhab hcukyx3x jb3vyjys rz4wbd8a qt6c0cv9 a8nywdso i1ao9s8h esuyzwwr f1sip0of lzcic4wl py34i1dx gpro0wi8\" role=\"link\" href=\"https:\/\/l.facebook.com\/l.php?u=http%3A%2F%2Fmusicasturiana.com%2F%3Ffbclid%3DIwAR1NTSq3JL1qE7MPdb-3-LYFfgIxoYS9x0jujIjaYRBgQIsZXJ7R07EYCLg&amp;h=AT25kTi8GgClOWD_Est_8sC8n2Usyc_O2rpa0nE18MKC36FGKB2JZOS21hyrY-hC7_k3ZSj99KCDY7fYZyFAjYKSwZRkHQvWF62a3QlPt3MjbWD_iqeQ7XOkRA-6-fIe1Q&amp;__tn__=-UK*F&amp;c[0]=AT0ZLOvi_Kiwn9MnvPKy4m97LMZeA-BSY8NrrvKKZdRwMVz1LJKld7JXnrhxYEtDUOdjpSQOLm0DlCfIUmMjqKYLn_fDOobr5dp8e1BcEUuGg4oeCwPFN_YKKstBq3MDOqSjhB-ST53ocH6A53-4ptax9nKCPbGTQOKPQEhDikdPA7CmYIUTFe2WejNs1FcRgIUCz_-0e3KqByUlyQ\" target=\"_blank\" rel=\"nofollow noopener\">musicasturiana.com<\/a> y del ciclu &#8216;Amosando&#8217;. Va trayer al programa versiones interesantes o llamatives de temes asturianos feches por m\u00fasicos foranos o de temes non asturianos feches por int\u00e9rpretes del pa\u00eds. Am\u00e1s, va contestualizales hist\u00f3rica y musicalmente pa conoceles meyor y poder apreciles como se merecen.<\/em><\/p>\n<ul>\n<li>\n<h1 class=\"title page-title\"><span style=\"font-size: 24px\"><a href=\"https:\/\/asturies.com\/noticies\/rpa-incorpora-a-la-so-programacion-al-son-espaciu-centrau-na-musica-despresion-asturiana?fbclid=IwAR12WE60zme_cgIZfVtMDJz7v9L_ZlbmA0HakkBHijomUjlquoBNHTMgX1I\">RPA incorpora a la so programaci\u00f3n \u2018Al son\u2019<\/a><\/span><\/h1>\n<\/li>\n<\/ul>\n<hr \/>\n<ul>\n<li><span style=\"color: #008080\"><em><strong><span style=\"font-size: 20px\">Episodiu 1: : <\/span><\/strong><span style=\"font-size: 20px\">ANUARIU DE LA M\u00daSICA ASTURIANA 2020<\/span><\/em><\/span><\/li>\n<\/ul>\n<p style=\"text-align: center\">\n<!-- iframe plugin v.6.0 wordpress.org\/plugins\/iframe\/ -->\n<iframe loading=\"lazy\" src=\"https:\/\/open.spotify.com\/embed-podcast\/episode\/0RhwL33zuRR4IwvOaEzvuV\" width=\"100%\" height=\"232\" frameborder=\"0\" allowtransparency=\"true\" allow=\"encrypted-media\" 0=\"\/iframe\" scrolling=\"yes\" class=\"iframe-class\"><\/iframe>\n<\/p>\n<p><em>EL primer programa d&#8217;AL SON taos dedic\u00e1u a ver qu\u00e9 traxo musicalmente&#8217;l pas\u00e1u a\u00f1u 2020 y pa ello vamos pasar peles fueyes y pel discu del Anuariu de la M\u00fasica Asturiana, publicaci\u00f3n que lleva y\u00e1 m\u00e1s de venti a\u00f1os recoyendo y reflexonando sobre l&#8217;actualid\u00e1 y la realid\u00e1 musical del pa\u00eds.<\/em><\/p>\n<hr \/>\n<ul>\n<li><em><strong><span style=\"font-size: 20px\"><span style=\"color: #008080\">Episodiu 2: <\/span><\/span><\/strong><span style=\"font-size: 20px\"><span style=\"color: #008080\">PIONEROS DE LA M\u00daSICA ASTURIANA<\/span><\/span><strong><span style=\"font-size: 20px\"><br \/>\n<\/span><\/strong><\/em><\/li>\n<\/ul>\n<p style=\"text-align: center\">\n<!-- iframe plugin v.6.0 wordpress.org\/plugins\/iframe\/ -->\n<iframe loading=\"lazy\" src=\"https:\/\/open.spotify.com\/embed-podcast\/episode\/3F46GLoNVoxj6CWWIKyf73\" width=\"100%\" height=\"232\" frameborder=\"0\" allowtransparency=\"true\" allow=\"encrypted-media\" 0=\"\/iframe\" scrolling=\"yes\" class=\"iframe-class\"><\/iframe>\n<\/p>\n<p><em>Bien d&#8217;artistes y compositores abrieron un cam\u00edn nuevu pel que depu\u00e9s diben empobinar munchosotros, faciendo que la m\u00fasica d&#8217;espresi\u00f3n asturiana siguiere progresando. Foron nel so momentu pioneros que s&#8217;atrevieron a esperimentar, contribuyendo asina a que la nuestra m\u00fasica siguiere viva. A ellos dedicamos esti cap\u00edtulu.<\/em><\/p>\n<hr \/>\n<ul>\n<li><em><strong><span style=\"font-size: 20px\"><span style=\"color: #008080\">Episodiu 3: <\/span><\/span><\/strong><span style=\"font-size: 20px\"><span style=\"color: #008080\">L\u00b4ASTURIANADA CONTEMPOR\u00c1NEA<\/span><\/span><strong><span style=\"font-size: 20px\"><br \/>\n<\/span><\/strong><\/em><\/li>\n<\/ul>\n<p style=\"text-align: center\">\n<!-- iframe plugin v.6.0 wordpress.org\/plugins\/iframe\/ -->\n<iframe loading=\"lazy\" src=\"https:\/\/open.spotify.com\/embed-podcast\/episode\/09lbKGDfppcFSdK8KoKuC3\" width=\"100%\" height=\"232\" frameborder=\"0\" allowtransparency=\"true\" allow=\"encrypted-media\" 0=\"\/iframe\" scrolling=\"yes\" class=\"iframe-class\"><\/iframe>\n<\/p>\n<p><em>La m\u00fasica popular asturiana foi de tresmisi\u00f3n oral hasta bien entr\u00e1u&#8217;l sieglu XX, esta circunstancia fixo que fuere vulnerable alpasu del tiempu y a les influyencies m\u00e1s variaes. El tiempu, colos gustos y les modes de cada momentu, va cambiar les melod\u00edes y les lletres; otra cosa son les estructures que, pola contra, evolucionen muncho m\u00e1s despaciu. Pero nosempiezos del sieglu XXI surden una serie d&#8217;int\u00e9rpretes que quieren actualizar y anovar l&#8217;estilu vocal por escelencia de la m\u00fasica asturiana.<\/em><\/p>\n<hr \/>\n<ul>\n<li><em><strong><span style=\"font-size: 20px\"><span style=\"color: #008080\">Episodiu 4: <\/span><\/span><\/strong><span style=\"font-size: 20px\"><span style=\"color: #008080\">M\u00daSIQUES URBANES ASTURIANES<\/span><\/span><strong><span style=\"font-size: 20px\"><br \/>\n<\/span><\/strong><\/em><\/li>\n<\/ul>\n\n<!-- iframe plugin v.6.0 wordpress.org\/plugins\/iframe\/ -->\n<iframe loading=\"lazy\" src=\"https:\/\/open.spotify.com\/embed-podcast\/episode\/6JfuFTFnrTE5smUUfC3CfB\" width=\"100%\" height=\"232\" frameborder=\"0\" allowtransparency=\"true\" allow=\"encrypted-media\" 0=\"\/iframe\" scrolling=\"yes\" class=\"iframe-class\"><\/iframe>\n\n<p><em>N&#8217;Asturies nun somos ayenos a la influyencia de los diferentes estilos englobaos na llamada m\u00fasica urbana (trap, reggaeton, electr\u00f3nica&#8230;). Ye a mediaos de los a\u00f1os 90 cuando empezamos a sentir les primeres esperiencies de hip hop n&#8217;asturianu y na d\u00e9cada siguiente entamen a sonar pieces de m\u00fasica electr\u00f3nica con raiga\u00f1u asturianu.<\/em><\/p>\n<hr \/>\n<ul>\n<li><em><strong><span style=\"font-size: 20px\"><span style=\"color: #008080\">Episodiu 5: <\/span><\/span><\/strong><span style=\"font-size: 20px\"><span style=\"color: #008080\">CUANDO\u00b4L FOLK ALCUENTRA\u00b4L POP<\/span><\/span><strong><span style=\"font-size: 20px\"><br \/>\n<\/span><\/strong><\/em><\/li>\n<\/ul>\n<p style=\"text-align: center\">\n<!-- iframe plugin v.6.0 wordpress.org\/plugins\/iframe\/ -->\n<iframe loading=\"lazy\" src=\"https:\/\/open.spotify.com\/embed-podcast\/episode\/4n5eymJDtXn4zplkimU0P6\" width=\"100%\" height=\"232\" frameborder=\"0\" allowtransparency=\"true\" allow=\"encrypted-media\" 0=\"\/iframe\" scrolling=\"yes\" class=\"iframe-class\"><\/iframe>\n<\/p>\n<p><em>La m\u00fasica folk asturiana ta formada por un abanicu ampliu de formaciones y son\u00edos. Dientro d&#8217;estos grupos, hailos que na so trayectoria s&#8217;averaron en delles ocasiones al pop, dando como result\u00e1u unes composiciones nes que folk asturianu, m\u00fasica celta y influyencies pop caleyenal mesmu son.<\/em><\/p>\n<hr \/>\n<ul>\n<li><em><strong><span style=\"font-size: 20px\"><span style=\"color: #008080\">Episodiu 6: <\/span><\/span><\/strong><span style=\"font-size: 20px\"><span style=\"color: #008080\">MUYERES CON VOZ PROPIA<\/span><\/span><strong><span style=\"font-size: 20px\"><br \/>\n<\/span><\/strong><\/em><\/li>\n<\/ul>\n<p style=\"text-align: center\">\n<!-- iframe plugin v.6.0 wordpress.org\/plugins\/iframe\/ -->\n<iframe loading=\"lazy\" src=\"https:\/\/open.spotify.com\/embed-podcast\/episode\/4rCpweucyXeZAmMm8rsjcM\" width=\"100%\" height=\"232\" frameborder=\"0\" allowtransparency=\"true\" allow=\"encrypted-media\" 0=\"\/iframe\" scrolling=\"yes\" class=\"iframe-class\"><\/iframe>\n<\/p>\n<p><em>El llabor de les muyeres na historia de la m\u00fasica asturiana ye imprescindible. Elles foron sobre manera quienes caltuvieron y tresmistieron ente xeneraciones la nuestra tradici\u00f3n sonora. Tami\u00e9n foron protagonistes en x\u00e9neros como l&#8217;asturianada y g\u00fcei hai muyeres al frente de proyectos musicales con sonad\u00eda; componiendo, interpretando y siendo un exemplu pa otres munches que van conquistando escenarios.<\/em><\/p>\n<hr \/>\n<ul>\n<li><em><strong><span style=\"font-size: 20px\"><span style=\"color: #008080\">Episodiu 7:<\/span><\/span><\/strong><span style=\"font-size: 20px\"><span style=\"color: #008080\">\u00a0JAZZ DE RAIGA\u00d1U I<\/span><\/span><\/em><\/li>\n<\/ul>\n<p style=\"text-align: center\">\n<!-- iframe plugin v.6.0 wordpress.org\/plugins\/iframe\/ -->\n<iframe loading=\"lazy\" src=\"https:\/\/open.spotify.com\/embed-podcast\/episode\/1o1mMEG9ftN9YVfd5xJHdc\" width=\"100%\" height=\"232\" frameborder=\"0\" allowtransparency=\"true\" allow=\"encrypted-media\" 0=\"\/iframe\" scrolling=\"yes\" class=\"iframe-class\"><\/iframe>\n<\/p>\n<p><em>El jazz como estilu musical diferenci\u00e1u y ellabor\u00e1u dafechu surde nos primeros a\u00f1os del sieglu venti en ciudaes como Nueva Orleans. N&#8217;Asturies, esison\u00edu llega na d\u00e9cada de los 60 y van surdiendo aficionaos a \u00e9l. Y\u00e1 nos 70 ynos 80 son munchos los m\u00fasicos del pa\u00eds que se deciden a interpretar jazz y colcorrer de los a\u00f1os principien a producise intercambios y conexones ente \u00e9sti y la m\u00fasica tradicional asturiana.<\/em><\/p>\n<hr \/>\n<ul>\n<li><em><strong><span style=\"font-size: 20px\"><span style=\"color: #008080\">Episodiu 8: <\/span><\/span><\/strong><span style=\"font-size: 20px\"><span style=\"color: #008080\">JAZZ DE RAIGA\u00d1U II<\/span><\/span><strong><span style=\"font-size: 20px\"><br \/>\n<\/span><\/strong><\/em><\/li>\n<\/ul>\n<p style=\"text-align: center\">\n<!-- iframe plugin v.6.0 wordpress.org\/plugins\/iframe\/ -->\n<iframe loading=\"lazy\" src=\"https:\/\/open.spotify.com\/embed-podcast\/episode\/1y2HnG0MsgosVMR48I3QOW\" width=\"100%\" height=\"232\" frameborder=\"0\" allowtransparency=\"true\" allow=\"encrypted-media\" 0=\"\/iframe\" scrolling=\"yes\" class=\"iframe-class\"><\/iframe>\n<\/p>\n<p><em>El jazz ye orixinariamente una m\u00fasica que surde de los son\u00edos que les comunidaes afroamericanes foron creando al travi\u00e9s de los sieglos, pero que seforma como un estilu diferenci\u00e1u y \u00fanicu a empiezos del sieglu XX,conquistando&#8217;l mundu y implant\u00e1ndose como una m\u00fasica universal. Tami\u00e9n a Asturies lleg\u00f3&#8217;l gustu por esti son\u00edu versatil y llibre dafechu, rellacion\u00e1ndose colos nuestros propios ritmos, melod\u00edes y cantares tradicionales.<\/em><\/p>\n<hr \/>\n<ul>\n<li><em><strong><span style=\"font-size: 20px\"><span style=\"color: #008080\">Episodiu 9: <\/span><\/span><\/strong><span style=\"font-size: 20px\"><span style=\"color: #008080\">NOVEDAES DISCOGR\u00c1FIQUES<\/span><\/span><strong><span style=\"font-size: 20px\"><br \/>\n<\/span><\/strong><\/em><\/li>\n<\/ul>\n<p style=\"text-align: center\">\n<!-- iframe plugin v.6.0 wordpress.org\/plugins\/iframe\/ -->\n<iframe loading=\"lazy\" src=\"https:\/\/open.spotify.com\/embed-podcast\/episode\/4bIZrVQGhsNWpH9XeXBmjN\" width=\"100%\" height=\"232\" frameborder=\"0\" allowtransparency=\"true\" allow=\"encrypted-media\" 0=\"\/iframe\" scrolling=\"yes\" class=\"iframe-class\"><\/iframe>\n<\/p>\n<p><em>La producci\u00f3n discogr\u00e1fica de m\u00fasica n&#8217;asturianu ye bayurosa y variada.Angua\u00f1o&#8217;l consumu musical dase sobre too nes plataformes musicales y cada vez son menos los grupos qu&#8217;editen trabayos discogr\u00e1ficos completos; sicas\u00ed, a\u00f1almente salen al merc\u00e1u m\u00e1s de venti discos enmarcaos dientro de la m\u00fasica d&#8217;espresi\u00f3n asturiana. Nel programa repasamos dellos d&#8217;estos llanzamientos discogr\u00e1ficos.<\/em><\/p>\n<hr \/>\n<ul>\n<li><span style=\"font-size: 20px\"><strong><em><span style=\"color: #008080\">Episodiu 10: <\/span><\/em><\/strong><span style=\"color: #008080\"><em>M\u00daSICA ASTURIANA CONFINADA<\/em><\/span><\/span><\/li>\n<\/ul>\n<p style=\"text-align: center\">\n<!-- iframe plugin v.6.0 wordpress.org\/plugins\/iframe\/ -->\n<iframe loading=\"lazy\" src=\"https:\/\/open.spotify.com\/embed-podcast\/episode\/3lwopeA1SdlzU7f0VJqtql\" width=\"100%\" height=\"232\" frameborder=\"0\" allowtransparency=\"true\" allow=\"encrypted-media\" 0=\"\/iframe\" scrolling=\"yes\" class=\"iframe-class\"><\/iframe>\n<\/p>\n<p>El confinamientu del 2020 dur\u00f3 cincuenta d\u00edes. Nesi tiempu, el sof\u00e1 de casa sustituy\u00f3 a les sales de conciertos, a los teatros y a los praos, y los pocos conciertos que se pudieron facer foron al travi\u00e9s d&#8217;una pantalla. Hubo grupos qu&#8217;aprovecharon la ocasi\u00f3n p&#8217;asoleyar material in\u00e9ditu, otros que compusieron discos nuevos o dellos que fixeron actuaciones en streaming.<\/p>\n<hr \/>\n<ul>\n<li><strong><em><span style=\"font-size: 20px\"><span style=\"color: #008080\">Episodiu 11: <\/span><\/span><\/em><\/strong><span style=\"color: #008080\"><em><span style=\"font-size: 20px\">PUNK-ROCK N\u00b4ASTURIANU<\/span><\/em><\/span><\/li>\n<\/ul>\n<p style=\"text-align: center\">\n<!-- iframe plugin v.6.0 wordpress.org\/plugins\/iframe\/ -->\n<iframe loading=\"lazy\" src=\"https:\/\/open.spotify.com\/embed-podcast\/episode\/2MtJBhJtiJOcCN22sTTOED\" width=\"100%\" height=\"232\" frameborder=\"0\" allowtransparency=\"true\" allow=\"encrypted-media\" 0=\"\/iframe\" scrolling=\"yes\" class=\"iframe-class\"><\/iframe>\n<\/p>\n<p>A mediaos de los a\u00f1os 70 surde un estilu musical nuevu que sup\u00f3n toa unarevoluci\u00f3n: el punk. Aquel espa\u00f1\u00edu lleg\u00f3 a tol mundu y n&#8217;Asturies pudimossentir a mediaos de los 80 ales primeres bandes qu&#8217;empleguen l&#8217;asturianu pa cantar temes punk-rock. Cuasicincuenta a\u00f1os depu\u00e9s del so surdimientu, el punk sigue vivo. Nesti programarepasamos la evoluci\u00f3n que tuvo esti x\u00e9neru musical nel nuestru pa\u00eds.<\/p>\n<hr \/>\n<ul>\n<li><em><strong><span style=\"font-size: 20px\"><span style=\"color: #008080\">Episodiu 12: <\/span><\/span><\/strong><span style=\"font-size: 20px\"><span style=\"color: #008080\">NUEVU CANCIU ASTUR<\/span><\/span><strong><span style=\"font-size: 20px\"><br \/>\n<\/span><\/strong><\/em><\/li>\n<\/ul>\n<p style=\"text-align: center\">\n<!-- iframe plugin v.6.0 wordpress.org\/plugins\/iframe\/ -->\n<iframe loading=\"lazy\" src=\"https:\/\/open.spotify.com\/embed-podcast\/episode\/13bsaOKCXaYCxaqrgbaPh8\" width=\"100%\" height=\"232\" frameborder=\"0\" allowtransparency=\"true\" allow=\"encrypted-media\" 0=\"\/iframe\" scrolling=\"yes\" class=\"iframe-class\"><\/iframe>\n<\/p>\n<p>Na segunda met\u00e1 de la d\u00e9cada de los 70 apaecen una serie de cantantes queproponen una nueva canci\u00f3n asturiana, qu&#8217;al mesmu tiempu que reellaboren piecesprovenientes de la tradici\u00f3n seyan quien a facer composiciones nueves adecuaesa los nuevos tiempos y pensando nes xeneraciones m\u00e1s moces. Too ello col enfotude visibilizar a Asturies, crear una espresi\u00f3n musical asturiana nueva ynormalizar la llingua asturiana.<\/p>\n<hr \/>\n<ul>\n<li><em><span style=\"font-size: 20px\"><strong><span style=\"color: #008080\">Episodiu 13: <\/span><\/strong><\/span><\/em><span style=\"font-size: 20px;color: #008080\"><em>CANCI\u00d3N D&#8217;AUTOR DEPU\u00c9S DEL NUEVU CANCIU<\/em><\/span><\/li>\n<\/ul>\n<p style=\"text-align: center\">\n<!-- iframe plugin v.6.0 wordpress.org\/plugins\/iframe\/ -->\n<iframe loading=\"lazy\" src=\"https:\/\/open.spotify.com\/embed\/episode\/1xbdpo01933rByhxfcMS7H\" width=\"100%\" height=\"232\" frameborder=\"0\" allowtransparency=\"true\" allow=\"encrypted-media\" 0=\"\/iframe\" scrolling=\"yes\" class=\"iframe-class\"><\/iframe>\n<\/p>\n<p>El llam\u00e1u Nuevu Canciu, movimientu musical qu&#8217;a finales de los 70 yprimeros de los 80 supunxo una revoluci\u00f3n pa la m\u00fasica asturiana. Pero lacanci\u00f3n d&#8217;autor con identid\u00e1 asturiana nun morri\u00f3 col fin d&#8217;esti movimientu,pola contra, en toos estos a\u00f1os hubo dellos artistes que siguieron el mesmucam\u00edn y qu&#8217;anovaron esti x\u00e9neru acordies al so contestu musical y social.<\/p>\n<hr \/>\n<ul>\n<li><span style=\"font-size: 20px;color: #008080\"><em><strong>Episodiu 14:<\/strong><\/em> <em>LA B.S.O. DE LA REIVINDICACI\u00d3N LLING\u00dc\u00cdSTICA<\/em> I<\/span><em><span style=\"font-size: 20px\"><strong><br \/>\n<\/strong><\/span><\/em><\/li>\n<\/ul>\n<p style=\"text-align: center\">\n<!-- iframe plugin v.6.0 wordpress.org\/plugins\/iframe\/ -->\n<iframe loading=\"lazy\" src=\"https:\/\/open.spotify.com\/embed\/episode\/2Sjm5lvrlAFqPxPSzrHWt6\" width=\"100%\" height=\"232\" frameborder=\"0\" allowtransparency=\"true\" allow=\"encrypted-media\" 0=\"\/iframe\" scrolling=\"yes\" class=\"iframe-class\"><\/iframe>\n<\/p>\n<p>Nel a\u00f1u 1974 fund\u00f3se l&#8217;asociaci\u00f3n Conceyu Bable, un colectivu que pux\u00f3 por esparder la idea de qu&#8217;Asturies yera una comunid\u00e1 con cultura y llingua propies, echando a andar al rau d&#8217;ello un importante movimientu lling\u00fc\u00edsticu y cultural que diba ser fundamental p&#8217;articular el nuestru territoriu como ente pol\u00edticu. Repasamos aquellos cantares que-y punxeron son a un movimientu abiertu y din\u00e1micu en reconocimientu de los derechos de los y les asturfalantes.<\/p>\n<hr \/>\n<ul>\n<li><span style=\"font-size: 20px;color: #008080\"><strong><em>Episodiu 15: <\/em><\/strong><em>LA B.S.O. DE LA REIVINDICACI\u00d3N LLING\u00dc\u00cdSTICA II<br \/>\n<\/em><\/span><\/li>\n<\/ul>\n<p style=\"text-align: center\">\n<!-- iframe plugin v.6.0 wordpress.org\/plugins\/iframe\/ -->\n<iframe loading=\"lazy\" src=\"https:\/\/open.spotify.com\/embed\/episode\/3pLGDpiEjkXQeLrWUEuclr\" width=\"100%\" height=\"232\" frameborder=\"0\" allowtransparency=\"true\" allow=\"encrypted-media\" 0=\"\/iframe\" scrolling=\"yes\" class=\"iframe-class\"><\/iframe>\n<\/p>\n<p>A los pocos a\u00f1os de qu&#8217;echara a andar el movimientu modernu de reivindicaci\u00f3n lling\u00fc\u00edstica, Nuberu cant\u00f3 aquello d&#8217;<span style=\"color: #008080\">\u00abAtiendi, Asturies, atiendi, lo que falo na to fala\u00bb<\/span>. Yera l&#8217;a\u00f1u 1980 y con esti cantar, el d\u00fau de L&#8217;Entregu fac\u00eda la primer composici\u00f3n de la historia de la m\u00fasica asturiana que puxaba pol usu y espardimientu de la nuestra llingua. Continuaci\u00f3n del especial centr\u00e1u na m\u00fasica y la reivindicaci\u00f3n lling\u00fc\u00edstica.<\/p>\n<hr \/>\n<ul>\n<li><span style=\"color: #008080\"><em><span style=\"font-size: 20px\"><strong>Episodiu 16:<\/strong> LA MINA NA M\u00daSICA ASTURIANA<\/span><\/em><\/span><\/li>\n<\/ul>\n<p style=\"text-align: center\">\n<!-- iframe plugin v.6.0 wordpress.org\/plugins\/iframe\/ -->\n<iframe loading=\"lazy\" src=\"https:\/\/open.spotify.com\/embed\/episode\/6BZKXeGWFAPVGgAMLmPUJk\" width=\"100%\" height=\"232\" frameborder=\"0\" allowtransparency=\"true\" allow=\"encrypted-media\" 0=\"\/iframe\" scrolling=\"yes\" class=\"iframe-class\"><\/iframe>\n<\/p>\n<p>La miner\u00eda y tolo que representa ye una de les se\u00f1es d&#8217;identid\u00e1 m\u00e1s caracter\u00edstiques de l&#8217;Asturies de los dos \u00faltimos sieglos. G\u00fcei y\u00e1 queda poco d&#8217;esi mundu que nunes d\u00e9cades acabar\u00e1 conserv\u00e1ndose nam\u00e1s nos llibros d&#8217;historia, nos museos y tami\u00e9n na m\u00fasica, porque la influencia de la mina tami\u00e9n qued\u00f3 reflexada en dellos cantares d&#8217;artistes del pa\u00eds.<\/p>\n<hr \/>\n<ul>\n<li><span style=\"font-size: 20px;color: #008080\"><em><strong>Episodiu 17:<\/strong> IN\u00c9DITOS DE LA M\u00daSICA ASTURIANA<\/em><\/span><\/li>\n<\/ul>\n<p style=\"text-align: center\">\n<!-- iframe plugin v.6.0 wordpress.org\/plugins\/iframe\/ -->\n<iframe loading=\"lazy\" src=\"https:\/\/open.spotify.com\/embed\/episode\/5hgI3xzs5TMbbctJ1TfSZk\" width=\"100%\" height=\"232\" frameborder=\"0\" allowtransparency=\"true\" allow=\"encrypted-media\" 0=\"\/iframe\" scrolling=\"yes\" class=\"iframe-class\"><\/iframe>\n<\/p>\n<p>Foron y son munches les propuestes de la m\u00fasica asturiana que lleguen a grabar dalg\u00fan discu o a esparder la so m\u00fasica al travi\u00e9s de los medios dixitales y les plataformes habilitaes pa ello. Pero tami\u00e9n foron abondos los artistes y bandes que nes \u00faltimes d\u00e9cades vieron c\u00f3mo&#8217;l so trabayu nun diba m\u00e1s all\u00e1 d&#8217;unes poques persones, c\u00f3mo les sos grabaciones nun salieron del local d&#8217;ensayu.<\/p>\n<hr \/>\n<ul>\n<li><span style=\"font-size: 20px;color: #008080\"><em><strong>Episodiu 18:<\/strong> NUEVES TENDENCIES NA M\u00daSICA ASTURIANA<br \/>\n<\/em><\/span><\/li>\n<\/ul>\n<p style=\"text-align: center\">\n<!-- iframe plugin v.6.0 wordpress.org\/plugins\/iframe\/ -->\n<iframe loading=\"lazy\" src=\"https:\/\/open.spotify.com\/embed\/episode\/55gjlUcTBaPR38MvAI8OD6\" width=\"100%\" height=\"232\" frameborder=\"0\" allowtransparency=\"true\" allow=\"encrypted-media\" 0=\"\/iframe\" scrolling=\"yes\" class=\"iframe-class\"><\/iframe>\n<\/p>\n<p>Nos \u00faltimos a\u00f1os tamos viendo como cada vez surden m\u00e1s bandes que reellaboren la m\u00fasica popular asturiana dende \u00f3ptiques nueves,diendo m\u00e1s all\u00e1 del folk tradicional que t\u00e1bemos avezaos a sentir, pero ensinperder el v\u00ednculu con esti x\u00e9neru musical nin cola tradici\u00f3n.<\/p>\n<hr \/>\n<ul>\n<li><span style=\"font-size: 20px;color: #008080\"><em><strong>Episodiu 19:<\/strong> POP LLARIEGU<br \/>\n<\/em><\/span><\/li>\n<\/ul>\n<p style=\"text-align: center\">\n<!-- iframe plugin v.6.0 wordpress.org\/plugins\/iframe\/ -->\n<iframe loading=\"lazy\" src=\"https:\/\/open.spotify.com\/embed\/episode\/1sKY8EqsWiCGyd3VXRDtkr\" width=\"100%\" height=\"232\" frameborder=\"0\" allowtransparency=\"true\" allow=\"encrypted-media\" 0=\"\/iframe\" scrolling=\"yes\" class=\"iframe-class\"><\/iframe>\n<\/p>\n<p>Nos primeros a\u00f1os de la d\u00e9cada de los 70 garracarta de naturaleza un estilu al que podr\u00edemos denominar como &#8216;pop llariegu&#8217;.Tr\u00e1tase d&#8217;un x\u00e9neru caracteriz\u00e1u por cantares mel\u00f3dicos executaos d&#8217;un mou cenciellu y apegadizu, con lletres detem\u00e1tica asturiana y festiva. Dellos de los pioneros foron el D\u00fao Covadonga, el D\u00fao San Juan\u00edn y, sobre manera, El Presi, que cola so &#8216;canci\u00f3n llixera asturiana&#8217; punxo les bases d&#8217;estatendencia nueva nel panorama musical del pa\u00eds.<\/p>\n<hr \/>\n<ul>\n<li><span style=\"font-size: 20px;color: #008080\"><em><strong>Episodiu 20:<\/strong> GAITEROS I<br \/>\n<\/em><\/span><\/li>\n<\/ul>\n<p style=\"text-align: center\">\n<!-- iframe plugin v.6.0 wordpress.org\/plugins\/iframe\/ -->\n<iframe loading=\"lazy\" src=\"https:\/\/open.spotify.com\/embed\/episode\/0gSwYPoayRvuvUZHTsQOyu\" width=\"100%\" height=\"232\" frameborder=\"0\" allowtransparency=\"true\" allow=\"encrypted-media\" 0=\"\/iframe\" scrolling=\"yes\" class=\"iframe-class\"><\/iframe>\n<\/p>\n<p>Nos a\u00f1os 80 produzse un&#8217;boom&#8217; de la gaita, surde daquella una xeneraci\u00f3n de gaiteros conocida como \u00ablaquinta del biber\u00f3n\u00bb que van interesase pol instrumentu y la so funci\u00f3n nasocied\u00e1 asturiana dende par\u00e1metros modernos y renovadores. Aquel grupud&#8217;int\u00e9rpretes van llevar al nuestru instrumentu a vivir una ed\u00e1 d&#8217;oru,caracterizada pola cantid\u00e1 y la calid\u00e1.<\/p>\n<hr \/>\n<ul>\n<li><span style=\"font-size: 20px;color: #008080\"><em><strong>Episodiu 21:<\/strong> GAITEROS II<br \/>\n<\/em><\/span><\/li>\n<\/ul>\n<p style=\"text-align: center\">\n<!-- iframe plugin v.6.0 wordpress.org\/plugins\/iframe\/ -->\n<iframe loading=\"lazy\" src=\"https:\/\/open.spotify.com\/embed\/episode\/4VEqtcbhzzrKlZAHjiI1P2\" width=\"100%\" height=\"232\" frameborder=\"0\" allowtransparency=\"true\" allow=\"encrypted-media\" 0=\"\/iframe\" scrolling=\"yes\" class=\"iframe-class\"><\/iframe>\n<\/p>\n<p>Descripci\u00f3n: Los int\u00e9rpretes qu&#8217;a partir de los a\u00f1os 80 revolucionen el mundu de la gaitatienen un nivel y una formaci\u00f3n musical mayor que los de xeneracionesanteriores, provienen del \u00e1mbitu urbanu y quieren prestixala hasta convertilanun instrumentu normaliz\u00e1u social y musicalmente. Esta mentalid\u00e1 dar\u00eda orixe a una revitalizaci\u00f3n de la gaitaperimportante y va asitiala como l&#8217;instrumentu m\u00e1s representativu de la nuestram\u00fasica, algamando la consideraci\u00f3n d&#8217;iconu de la identid\u00e1 asturiana.<\/p>\n<hr \/>\n<ul>\n<li><span style=\"font-size: 20px;color: #008080\"><em><strong>Episodiu 22:<\/strong> PREMIU AL MEYOR CANTAR<br \/>\n<\/em><\/span><\/li>\n<\/ul>\n<p style=\"text-align: center\">\n<!-- iframe plugin v.6.0 wordpress.org\/plugins\/iframe\/ -->\n<iframe loading=\"lazy\" src=\"https:\/\/open.spotify.com\/embed\/episode\/6Vnummi17Bt3a2uHUYtsb0\" width=\"100%\" height=\"232\" frameborder=\"0\" allowtransparency=\"true\" allow=\"encrypted-media\" 0=\"\/iframe\" scrolling=\"yes\" class=\"iframe-class\"><\/iframe>\n<\/p>\n<p>El Gobiernu Asturianu quixo reconocer a la creaci\u00f3n musical en llingua asturiana y gallego-asturianu y por eso cre\u00f3 nel 2007 el Premiu al Meyor Cantar. Con doce ediciones celebraes, esti gallard\u00f3n vien reflexando la vitalid\u00e1 y la diversid\u00e1 de la m\u00fasica fecha nes lling\u00fces d&#8217;Asturies. Pel so escenariu, pasaron m\u00e1s de cincuenta artistes y sonaron estilos musicales t\u00e1n estremaos como la canci\u00f3n d&#8217;autor, el folk, el rock, la tonada, el reggae o&#8217;l funk.<\/p>\n<hr \/>\n<ul>\n<li><em><span style=\"font-size: 20px;color: #008080\"><strong>Episodiu 23:<\/strong> ROCK\u00a0 N\u00b4AST I<\/span><br \/>\n<\/em><\/li>\n<\/ul>\n<p style=\"text-align: center\">\n<!-- iframe plugin v.6.0 wordpress.org\/plugins\/iframe\/ -->\n<iframe loading=\"lazy\" src=\"https:\/\/open.spotify.com\/embed\/episode\/2BS8uXSVMhr4lz5OVIBwxx\" width=\"100%\" height=\"232\" frameborder=\"0\" allowtransparency=\"true\" allow=\"encrypted-media\" 0=\"\/iframe\" scrolling=\"yes\" class=\"iframe-class\"><\/iframe>\n<\/p>\n<p>El cam\u00edn hasta llograr qu&#8217;unesti estilu musical como&#8217;l rock, que xeneralmente sonaba n&#8217;ingl\u00e9s o encastellanu, se cantara tami\u00e9n nel nuestru idioma foi llargu. Esi procesuabri\u00e9ronlu nos 70 y primeros 80 grupos como Renacencia, G\u00fcextia y Asturc\u00f3n, ydi\u00e9ron-y puxu, mayor trescendencia y estabilid\u00e1 bandes como Los Berrones yDixebra. Esti programa ta centr\u00e1u nes primeres bandes de rock qu&#8217;emplegaronl&#8217;asturianu; aquelles que llantaron una semiente qu&#8217;a partir de la d\u00e9cada del2000 espoxigar\u00eda.<\/p>\n<hr \/>\n<ul>\n<li><span style=\"font-size: 20px;color: #008080\"><em><strong>Episodiu 24:<\/strong> ROCK\u00a0 N\u00b4AST II<\/em><\/span><\/li>\n<\/ul>\n<p style=\"text-align: center\">\n<!-- iframe plugin v.6.0 wordpress.org\/plugins\/iframe\/ -->\n<iframe loading=\"lazy\" src=\"https:\/\/open.spotify.com\/embed\/episode\/3Pd9bl39WEjOBAgOKC81EP\" width=\"100%\" height=\"232\" frameborder=\"0\" allowtransparency=\"true\" allow=\"encrypted-media\" 0=\"\/iframe\" scrolling=\"yes\" class=\"iframe-class\"><\/iframe>\n<\/p>\n<p>La escena de rockn&#8217;asturianu ye g\u00fcei una realid\u00e1 qu&#8217;existe pesie a munchos a\u00f1os d&#8217;inestabilid\u00e1,dificultaes y pocos referentes. De toos ellos falemos nel anterior programa,nesti tratamos la evoluci\u00f3n d&#8217;esti estilu dende la d\u00e9cada del 2000. Yeprecisamente nestos \u00faltimos venti a\u00f1os nos qu&#8217;esti x\u00e9neru por fin foi aconsolidase y a algamar una estabilid\u00e1 y una escena equiparable a la d&#8217;otresm\u00fasiques d&#8217;Asturies.<\/p>\n<hr \/>\n<ul>\n<li><span style=\"font-size: 20px;color: #008080\"><em><strong>Episodiu 25:<\/strong> M\u00daSICA CL\u00c1SICA ASTURIANA<br \/>\n<\/em><\/span><\/li>\n<\/ul>\n<p style=\"text-align: center\">\n<!-- iframe plugin v.6.0 wordpress.org\/plugins\/iframe\/ -->\n<iframe loading=\"lazy\" src=\"https:\/\/open.spotify.com\/embed\/episode\/42rSXurkn0RGaUx6DwkDRx\" width=\"100%\" height=\"232\" frameborder=\"0\" allowtransparency=\"true\" allow=\"encrypted-media\" 0=\"\/iframe\" scrolling=\"yes\" class=\"iframe-class\"><\/iframe>\n<\/p>\n<p>Les rellaciones ente la llamada m\u00fasica culta o tami\u00e9ncl\u00e1sica empiecen a dase n&#8217;Asturies hai m\u00e1s d&#8217;un sieglu, cuando dellos m\u00fasicosprovenientes d&#8217;esi \u00e1mbitu empiecen a publicar cancioneros nos qu&#8217;harmonicenpieces de la tradici\u00f3n asturiana. Modernamente estes conexones ente clasicismuy tradici\u00f3n siguieron d\u00e1ndose, produciendo obres de gran calid\u00e1 y inter\u00e9s,incorporando a elles la sonorid\u00e1 de la gaita<\/p>\n<hr \/>\n<ul>\n<li><span style=\"font-size: 20px;color: #008080\"><span style=\"font-size: 20px;color: #008080\"><em><strong>Episodiu 26: <\/strong><\/em><\/span><\/span><span style=\"font-size: 20px\"><em><span style=\"color: #008080\">EL CELTISMU MUSICAL ASTURIANU I<\/span><\/em><\/span><span style=\"font-size: 20px;color: #008080\"><em><br \/>\n<\/em><\/span><\/li>\n<\/ul>\n\n<!-- iframe plugin v.6.0 wordpress.org\/plugins\/iframe\/ -->\n<iframe loading=\"lazy\" src=\"https:\/\/open.spotify.com\/embed\/episode\/46dqcGnE5QCnbULT7n6bwA\" width=\"100%\" height=\"232\" frameborder=\"0\" allowtransparency=\"true\" allow=\"encrypted-media\" 0=\"\/iframe\" scrolling=\"yes\" class=\"iframe-class\"><\/iframe>\n\n<p>La tesis celtista aplicadaa la historia, la cultura y la m\u00fasica d&#8217;Asturies nun ye dalgo reciente, nin siquiera contempor\u00e1neo o del&#8217;actual \u00e9poca hist\u00f3rica, sin\u00f3n que tienen un raiga\u00f1u fondu. Nel planu musical,ye col surdimientu del folk asturianu nos a\u00f1os 80 cuando esta corrientealgama&#8217;l reconocimientu popular y convi\u00e9rtese n\u00fan de los movimientos m\u00e1simportantes de la historia de la m\u00fasica asturiana.<\/p>\n<hr \/>\n<ul>\n<li><span style=\"color: #008080\"><strong><em><span style=\"font-size: 20px\">Episodiu 27: <\/span><\/em><\/strong><\/span><span style=\"font-size: 20px;color: #008080\"><em>EL CELTISMU MUSICAL ASTURIANU II<\/em><\/span><\/li>\n<\/ul>\n<p style=\"text-align: center\">\n<!-- iframe plugin v.6.0 wordpress.org\/plugins\/iframe\/ -->\n<iframe loading=\"lazy\" src=\"https:\/\/open.spotify.com\/embed\/episode\/5G7AhFs31A2QUNPjSoHG12\" width=\"100%\" height=\"232\" frameborder=\"0\" allowtransparency=\"true\" allow=\"encrypted-media\" 0=\"\/iframe\" scrolling=\"yes\" class=\"iframe-class\"><\/iframe>\n<\/p>\n<p>Nel campu musical persones del prestixu y renome d&#8217;Eduardo Mart\u00ednez Torner o Jos\u00e9 Benito \u00c1lvarez-Buylla falaron abierta y apasionadamente de la nuestra m\u00fasica tradicional como fondamente incluyenciada polo celta. A partir de los a\u00f1os 80 produzse n&#8217;Asturies un movimientu musical adscritu a esta corriente que diba llevar a la m\u00fasica asturiana a cumales nunca enantes algamaos, entrando&#8217;l nuestru pa\u00eds na comunid\u00e1 celta internacional.<\/p>\n<hr \/>\n<ul>\n<li><span style=\"color: #008080\"><strong><em><span style=\"font-size: 20px\">Episodiu 28: <\/span><\/em><\/strong><\/span><em><span style=\"color: #008080;font-size: 20px\">INDIE N\u00b4ASTURIANU<\/span><br \/>\n<\/em><\/li>\n<\/ul>\n<p style=\"text-align: center\">\n<!-- iframe plugin v.6.0 wordpress.org\/plugins\/iframe\/ -->\n<iframe loading=\"lazy\" src=\"https:\/\/open.spotify.com\/embed\/episode\/74AAVuwQUF33aWRtsBIzYD\" width=\"100%\" height=\"232\" frameborder=\"0\" allowtransparency=\"true\" allow=\"encrypted-media\" 0=\"\/iframe\" scrolling=\"yes\" class=\"iframe-class\"><\/iframe>\n<\/p>\n<p>La llamada m\u00fasica &#8216;indie&#8217;, ye un movimientu musical heterox\u00e9neu qu&#8217;agrupaestilos mui diversos. Na met\u00e1 de la d\u00e9cada de los 90 ye cuando esti movimientuxorrez n&#8217;Asturies, col surdimientu de bandes que ser\u00eden un referente na escenaindependiente del Est\u00e1u espa\u00f1ol. Anquenun existi\u00f3 una escena estable de grupos indies qu&#8217;usaren dafechu l&#8217;asturianu,s\u00ed qu&#8217;hubo distintes esperiencies nesti sen dende aquellos 90 hasta losnuestros d\u00edes.<\/p>\n<hr \/>\n<ul>\n<li><span style=\"color: #008080\"><strong><em><span style=\"font-size: 20px\">Episodiu 29: <\/span><\/em><\/strong><em><span style=\"font-size: 20px\">M\u00daSICA PA LA RECIELLA<\/span><\/em><strong><em><span style=\"font-size: 20px\"><br \/>\n<\/span><\/em><\/strong><\/span><\/li>\n<\/ul>\n\n<!-- iframe plugin v.6.0 wordpress.org\/plugins\/iframe\/ -->\n<iframe loading=\"lazy\" src=\"https:\/\/open.spotify.com\/embed\/episode\/3pC9uNEzJOYM1EGDEVLj5j\" width=\"100%\" height=\"232\" frameborder=\"0\" allowtransparency=\"true\" allow=\"encrypted-media\" 0=\"\/iframe\" scrolling=\"yes\" class=\"iframe-class\"><\/iframe>\n\n<p>La m\u00fasica ye una de les meyores ferramientes qu&#8217;hai pa tresmitir conocimientu a la reciella.La llingua asturiana entr\u00f3 nes escueles en 1984 y mui pronto aquella xeneraci\u00f3n de maestros y maestres decat\u00e1ronse de que fac\u00eden falta cantares colos qu&#8217;ense\u00f1ar el nuestru idioma a los escolinos. Entama asina&#8217;l cam\u00edn de la m\u00fasica pa la reciella n&#8217;asturianu, a la que dedicamos esti programa<\/p>\n<hr \/>\n<ul>\n<li><span style=\"color: #008080\"><span style=\"color: #008080\"><strong><em><span style=\"font-size: 20px\">Episodiu 30: <\/span><\/em><\/strong><\/span><\/span><span style=\"font-size: 20px;color: #008080\"><em>LA EMIGRACI\u00d3N NA M\u00daSICA ASTURIANA I<\/em><\/span><span style=\"color: #008080\"><strong><em><span style=\"font-size: 20px\"><br \/>\n<\/span><\/em><\/strong><\/span><\/li>\n<\/ul>\n\n<!-- iframe plugin v.6.0 wordpress.org\/plugins\/iframe\/ -->\n<iframe loading=\"lazy\" src=\"https:\/\/open.spotify.com\/embed\/episode\/0fWLKjXKPNrdnZ70d6tjUJ\" width=\"100%\" height=\"232\" frameborder=\"0\" allowtransparency=\"true\" allow=\"encrypted-media\" 0=\"\/iframe\" scrolling=\"yes\" class=\"iframe-class\"><\/iframe>\n\n<p>Asturies ye una tierra d&#8217;emigrantes. Muncha xente march\u00f3 a facer lesam\u00e9riques nel sieglu XIX, llogrando riqueza los conoc\u00edos como indianos ypasando penuries los que m\u00e1s. Angua\u00f1o, la permanente crisis econ\u00f3mica asturianafai que la emigraci\u00f3n forciada seya tristemente una de les nuestres se\u00f1esd&#8217;identid\u00e1. La m\u00fasica siempretuvo presente nes maletes de los emigrantes asturianos y son munchos losartistes que compusieron cantares sobre esta tem\u00e1tica.<\/p>\n<hr \/>\n<ul>\n<li><span style=\"font-size: 20px;color: #008080\"><strong><em>Episodiu 31:<\/em><\/strong><em> LA EMIGRACI\u00d3N NA M\u00daSICA ASTURIANA II<\/em><\/span><strong><em><br \/>\n<\/em><\/strong><\/li>\n<\/ul>\n\n<!-- iframe plugin v.6.0 wordpress.org\/plugins\/iframe\/ -->\n<iframe loading=\"lazy\" src=\"https:\/\/open.spotify.com\/embed\/episode\/7cFxMlCtnEgPEV1FjQ5CUB\" width=\"100%\" height=\"232\" frameborder=\"0\" allowtransparency=\"true\" allow=\"encrypted-media\" 0=\"\/iframe\" scrolling=\"yes\" class=\"iframe-class\"><\/iframe>\n\n<p>L&#8217;Asturies contempor\u00e1nea ta marcada fondamente pola emigraci\u00f3n. Milenta asturianos y asturianes dexaron esta tierra a lo llargo de tres foles d&#8217;emigraciones: la de met\u00e1 del sieglu XIX y primeros del XX con rumbu a Am\u00e9rica, la de met\u00e1 del sieglu XX cam\u00edn de pa\u00edses europeos y la d&#8217;esti sieglu XXI hacia otres zones con m\u00e1s oportunidaes llaborales del Est\u00e1u espa\u00f1ol y Europa. Esta realid\u00e1 tuvo y tien reflexu na m\u00fasica asturiana.<\/p>\n<hr \/>\n<ul>\n<li><strong><em><span style=\"font-size: 20px;color: #008080\">Episodiu 32: <\/span><\/em><\/strong><em><span style=\"font-size: 20px;color: #008080\">RARECES DE LA M\u00daSICA ASTURIANA<\/span><\/em><strong><em><br \/>\n<\/em><\/strong><\/li>\n<\/ul>\n\n<!-- iframe plugin v.6.0 wordpress.org\/plugins\/iframe\/ -->\n<iframe loading=\"lazy\" src=\"https:\/\/open.spotify.com\/embed\/episode\/2hyAav93H2E0JnyRe2204L\" width=\"100%\" height=\"232\" frameborder=\"0\" allowtransparency=\"true\" allow=\"encrypted-media\" 0=\"\/iframe\" scrolling=\"yes\" class=\"iframe-class\"><\/iframe>\n\n<p>Desque s&#8217;inventaron los reproductores de son\u00edu a finales del sieglu XIX lam\u00fasica asturiana esperiment\u00f3 un crecimientu esponencial y posibilit\u00f3 quemunchos de los sos protagonistes grabaren pa bien de compa\u00f1\u00edes, guardando nossos archivos rareces y pieces \u00faniques mui poco conoc\u00edes. Angua\u00f1o, colossistemes modernos de rexistru sonoru ye mui f\u00e1cil autoproducise les grabacionesy munchos artistes y grupos asina lo faen. Pero ello nun quita pa que munches d&#8217;eses grabacioneshist\u00f3riques o contempor\u00e1nees queden arrequexaes o directamente escaec\u00edes.<\/p>\n<hr \/>\n<ul>\n<li><strong><em><span style=\"font-size: 20px;color: #008080\">Episodiu 33: <\/span><\/em><\/strong><em><span style=\"font-size: 20px;color: #008080\">LES BANDINES ASTURIANES I<\/span><\/em><strong><em><br \/>\n<\/em><\/strong><\/li>\n<\/ul>\n\n<!-- iframe plugin v.6.0 wordpress.org\/plugins\/iframe\/ -->\n<iframe loading=\"lazy\" src=\"https:\/\/open.spotify.com\/embed\/episode\/15BGsiQEyLAZ71VkuJCDth\" width=\"100%\" height=\"232\" frameborder=\"0\" allowtransparency=\"true\" allow=\"encrypted-media\" 0=\"\/iframe\" scrolling=\"yes\" class=\"iframe-class\"><\/iframe>\n\n<p>En toa Asturies diose un fen\u00f3menu que foi popular abondo: el de les bandes o bandines de m\u00fasicos populares. Dende los a\u00f1os finales del sieglu XIX, al empar que diben llegando instrumentos como l&#8217;acordi\u00f3n o&#8217;l clarinete, van form\u00e1ndose estes agrupaciones que percuerren fiestes y romer\u00edes de pr\u00e1cticamente tol pa\u00eds; xeneralmente taben integraes por cinco o seis componentes y la so instrumentaci\u00f3n yera variada, pero la m\u00e1s com\u00fan sol\u00eda ser la que llevaba dos o tres gaites, caxa, bombu y clarinete.<\/p>\n<hr \/>\n<ul>\n<li><strong><em><span style=\"color: #008080;font-size: 20px\">Episodiu 34: <\/span><\/em><\/strong><em><span style=\"color: #008080;font-size: 20px\">LES BANDINES ASTURIANES II<\/span><\/em><strong><em><br \/>\n<\/em><\/strong><\/li>\n<\/ul>\n\n<!-- iframe plugin v.6.0 wordpress.org\/plugins\/iframe\/ -->\n<iframe loading=\"lazy\" src=\"https:\/\/open.spotify.com\/embed\/episode\/67BZKbhJxilt3MJNUNfKLT\" width=\"100%\" height=\"232\" frameborder=\"0\" allowtransparency=\"true\" allow=\"encrypted-media\" 0=\"\/iframe\" scrolling=\"yes\" class=\"iframe-class\"><\/iframe>\n\n<p>Depu\u00e9s d&#8217;un momentu d&#8217;esplendor qu&#8217;abarcar\u00eda dende principios del sieglu XX hasta los a\u00f1os 50, porcuenta de la llegada de les orquestes, entama una \u00e9poca de declive pa les bandines asturianes tradicionales formaes por m\u00fasicos populares que c\u00e1sique acaba con elles, pero nos a\u00f1os 90 los int\u00e9rpretes mozos recuperen aquel esp\u00edritu y afiten una escena nueva d&#8217;esti tipu de formaciones, recuperando repertoriu vieyu y al empar anovando&#8217;l so son\u00edu.<\/p>\n<hr \/>\n<p>&nbsp;<\/p>\n","protected":false},"excerpt":{"rendered":"<p>en Spotify en RTPA El programa repasa tolos estilos de la m\u00fasica fecha n&#8217;asturianu dende&#8217;l surdimientu del Nuevu Canciu Astur hasta angua\u00f1o. Son m\u00e1s de cuatro d\u00e9cades d&#8217;historia de la m\u00fasica asturiana nos que suenen estilos t\u00e1n estremaos como folk, indie, electr\u00f3nica, punk o m\u00fasica cl\u00e1sica. Spotify \/ RTPA \/ Twitter \/ GOXE PRODUCCIONES \/ [&hellip;]<\/p>\n","protected":false},"author":117,"featured_media":0,"parent":3828,"menu_order":0,"comment_status":"closed","ping_status":"closed","template":"","meta":{"footnotes":""},"class_list":["post-4954","page","type-page","status-publish","hentry"],"_links":{"self":[{"href":"https:\/\/edublog.educastur.es\/ixuxu\/wp-json\/wp\/v2\/pages\/4954","targetHints":{"allow":["GET"]}}],"collection":[{"href":"https:\/\/edublog.educastur.es\/ixuxu\/wp-json\/wp\/v2\/pages"}],"about":[{"href":"https:\/\/edublog.educastur.es\/ixuxu\/wp-json\/wp\/v2\/types\/page"}],"author":[{"embeddable":true,"href":"https:\/\/edublog.educastur.es\/ixuxu\/wp-json\/wp\/v2\/users\/117"}],"replies":[{"embeddable":true,"href":"https:\/\/edublog.educastur.es\/ixuxu\/wp-json\/wp\/v2\/comments?post=4954"}],"version-history":[{"count":19,"href":"https:\/\/edublog.educastur.es\/ixuxu\/wp-json\/wp\/v2\/pages\/4954\/revisions"}],"predecessor-version":[{"id":10147,"href":"https:\/\/edublog.educastur.es\/ixuxu\/wp-json\/wp\/v2\/pages\/4954\/revisions\/10147"}],"up":[{"embeddable":true,"href":"https:\/\/edublog.educastur.es\/ixuxu\/wp-json\/wp\/v2\/pages\/3828"}],"wp:attachment":[{"href":"https:\/\/edublog.educastur.es\/ixuxu\/wp-json\/wp\/v2\/media?parent=4954"}],"curies":[{"name":"wp","href":"https:\/\/api.w.org\/{rel}","templated":true}]}}