{"id":5057,"date":"2021-04-03T23:00:05","date_gmt":"2021-04-03T21:00:05","guid":{"rendered":"https:\/\/edublog.educastur.es\/ixuxu\/?page_id=5057"},"modified":"2021-04-03T23:51:19","modified_gmt":"2021-04-03T21:51:19","slug":"5057-2","status":"publish","type":"page","link":"https:\/\/edublog.educastur.es\/ixuxu\/llibros-2\/5057-2\/","title":{"rendered":"iXix\u00f3n"},"content":{"rendered":"<p><img loading=\"lazy\" decoding=\"async\" class=\"alignnone \" src=\"https:\/\/pbs.twimg.com\/profile_images\/1008989162740035584\/L1QZ0QGo.jpg\" width=\"207\" height=\"207\" \/><\/p>\n<ul>\n<li><a href=\"https:\/\/www.gijon.es\/ast\/publicaciones?pag=1&amp;\">VER Publicaciones<\/a><\/li>\n<\/ul>\n<hr \/>\n\n<!-- iframe plugin v.6.0 wordpress.org\/plugins\/iframe\/ -->\n<iframe loading=\"lazy\" src=\"https:\/\/drive.google.com\/file\/d\/1Dmmmv1JawPvLXj1rS7YDqFC9woneAIa5\/preview\" width=\"640\" height=\"850\" 0=\"\/iframe\" scrolling=\"yes\" class=\"iframe-class\" frameborder=\"0\"><\/iframe>\n\n<p>Recursos asturianu escueles 0-3 a\u00f1os. <a href=\"https:\/\/drupal.gijon.es\/sites\/default\/files\/2021-02\/Recursos%200%20a%203.pdf\">DESCARGA<\/a><\/p>\n<hr \/>\n<p style=\"text-align: center\">\n<!-- iframe plugin v.6.0 wordpress.org\/plugins\/iframe\/ -->\n<iframe loading=\"lazy\" src=\"https:\/\/drive.google.com\/file\/d\/1-c5oQ7G5VhDxce1-OpVOvOKPHzxXdBLq\/preview\" width=\"640\" height=\"480\" 0=\"\/iframe\" scrolling=\"yes\" class=\"iframe-class\" frameborder=\"0\"><\/iframe>\n<\/p>\n<div class=\"campo_ficha_basica\">\n<p>Gu\u00eda did\u00e1utica que sirve como material d&#8217;apoyu a la esposici\u00f3n itinerante de \u00abXosefa Xovellanos, una muyer de lletres\u00bb, que recueye los dibuxos fechos pelos escolinos y escolines del conceyu pal concursu \u201cRuempi la mollera\u201d del a\u00f1u 2011-2012.<\/p>\n<p>-Dise\u00f1u: Narcho Arbes\u00fa (<a href=\"http:\/\/www.nachoarbesu.com\">www.nachoarbesu.com<\/a>)<br \/>\n-Dep\u00f3situ Llegal: AS-03891-2012, DESCARGAR<a href=\"https:\/\/drupal.gijon.es\/sites\/default\/files\/2019-05\/Copia%20de%20Xosefa%20definitiva.pdf\" target=\"_blank\" rel=\"noopener\">: \/cuadernu-didauticu-xosefa-xovellanos-una-muyer-de-lletres<\/a><\/p>\n<\/div>\n<hr \/>\n<div class=\"campo_ficha_basica\">\n<p style=\"text-align: center\">\n<!-- iframe plugin v.6.0 wordpress.org\/plugins\/iframe\/ -->\n<iframe loading=\"lazy\" src=\"https:\/\/drive.google.com\/file\/d\/1LtVSNHFn6fqppGROnHn1b63jvSKPEhd1\/preview\" width=\"640\" height=\"870\" 0=\"\/iframe\" scrolling=\"yes\" class=\"iframe-class\" frameborder=\"0\"><\/iframe>\n<\/p>\n<p>El \u00abCuadernu de campu\u00bb ye una publicaci\u00f3n que sirve d&#8217;apoyu did\u00e1uticu a l&#8217;activid\u00e1 educativa \u00abUn d\u00eda na zona rural de Gij\u00f3n\/Xix\u00f3n\u00bb.<br \/>\n-Torna al asturianu: Oficina Municipal de la Llingua<br \/>\n-Illustraciones: Juan Hernaz<\/p>\n<p>-Dise\u00f1u y maquetaci\u00f3n: Apunto Comunicaci\u00f3n \/ Juan Hernaz<br \/>\n-Imprime: Grafymak \/ -Dep\u00f3situ de llei: AS-1154\/2009<br \/>\n&#8211; <a href=\"https:\/\/drupal.gijon.es\/sites\/default\/files\/2018-11\/cuadernu%20de%20campu%20-%20definitivu%202011.pdf\">DESCARGA:<\/a><\/p>\n<hr \/>\n<p style=\"text-align: center\">\n<!-- iframe plugin v.6.0 wordpress.org\/plugins\/iframe\/ -->\n<iframe loading=\"lazy\" src=\"https:\/\/drive.google.com\/file\/d\/1rLgJPcf4TADdLF7pmr_mnGGAd6aNCttI\/preview\" width=\"640\" height=\"450\" 0=\"\/iframe\" scrolling=\"yes\" class=\"iframe-class\" frameborder=\"0\"><\/iframe>\n<\/p>\n<p>La llingua asturiana, a l\u00edngua asturiana, la lengua asturiana, la langue asturienne, the asturian language, ye una publicaci\u00f3n fecha pela Oficina Municipal de la Llingua pal stand d&#8217;Expolingua07 a la que foi la oficina esti a\u00f1u 2007. Col oxetu d&#8217;esplicar en Lisboa qu\u00e9 ye llingua asturiana edit\u00f3se un llibru en cinco llingues: asturianu, portugu\u00e9s, castellanu, franc\u00e9s ya ingl\u00e9s.<\/p>\n<p>La publicaci\u00f3n fai un repasu a la historia y el nome de la llingua, a la lliteratura y a la situaci\u00f3n social. <a href=\"https:\/\/drupal.gijon.es\/sites\/default\/files\/2019-05\/La%20llingua%20asturiana.pdf\">DESCARGA<\/a><\/p>\n<hr \/>\n<\/div>\n<p style=\"text-align: center\">\n<!-- iframe plugin v.6.0 wordpress.org\/plugins\/iframe\/ -->\n<iframe loading=\"lazy\" src=\"https:\/\/drive.google.com\/file\/d\/15grbsxCLvmKwtcP03B_3BJ0PaJ70LyLf\/preview\" width=\"640\" height=\"870\" 0=\"\/iframe\" scrolling=\"yes\" class=\"iframe-class\" frameborder=\"0\"><\/iframe>\n<\/p>\n<p>Les ventayes del biling\u00fcismo n\u00b4Asturias. F\u00e1la-yos. La llingua materna nel contestu global.<a href=\"https:\/\/drupal.gijon.es\/sites\/default\/files\/2019-05\/FOLLETO%20LENGUA%20MATERNA_DEFINITIVU_0.pdf\"> DESCARGA<\/a><\/p>\n<hr \/>\n<div class=\"campo_ficha_basica\">\n<p style=\"text-align: center\">\n<!-- iframe plugin v.6.0 wordpress.org\/plugins\/iframe\/ -->\n<iframe loading=\"lazy\" src=\"https:\/\/drive.google.com\/file\/d\/1GbsTZGkVE872XNj8T3D3cueQxu-0mK2x\/preview\" width=\"640\" height=\"870\" 0=\"\/iframe\" scrolling=\"yes\" class=\"iframe-class\" frameborder=\"0\"><\/iframe>\n<\/p>\n<p>Gu\u00eda did\u00e1utica que sirve como material d&#8217;apoyu a la esposici\u00f3n itinerante de \u00abCiudaes hermanaes\u00bb, que recueye informaci\u00f3n sobre les hermanes de Xix\u00f3n: Albuquerque, L&#8217;Habana, Niort, Novorossiysk, Puerto Vallarta, Santa Tecla, Smara y Tinduf.<\/p>\n<p>Ta fecha dende la Oficina Municipal de la Llingua colos trabayos d&#8217;una de les entrugues del concursu \u00abRuempi la mollera\u00bb del cursu escolar 2009-2010.<\/p>\n<p>-Dise\u00f1u: Creativa (<a href=\"http:\/\/www.somoscreativos.com\">www.somoscreativos.com<\/a>) \/ Impresi\u00f3n: Gr\u00e1fica Cano \/ -Dep\u00f3situ Llegal: AS-3897-2010 \/ <a href=\"https:\/\/drupal.gijon.es\/sites\/default\/files\/2019-05\/Guia%20Ciudaes%20Hermanaes.pdf\">DESCARGA<\/a><\/p>\n<hr \/>\n\n<!-- iframe plugin v.6.0 wordpress.org\/plugins\/iframe\/ -->\n<iframe loading=\"lazy\" src=\"https:\/\/drive.google.com\/file\/d\/1x2bLNpD0FAsZ2WI0CSkbn05Ew8RNaou1\/preview\" width=\"640\" height=\"480\" 0=\"\/iframe\" scrolling=\"yes\" class=\"iframe-class\" frameborder=\"0\"><\/iframe>\n\n<p>Ye una gu\u00eda did\u00e1utica del llibru de Berta Pi\u00f1\u00e1n titul\u00e1u: \u00abLes coses que-y presten a Fran\u00bb, que sirve como material d&#8217;apoyu a la esposici\u00f3n itinerante.<br \/>\nDise\u00f1u y imprenta: GRAFICAMENTE, CB \/ <a href=\"https:\/\/drupal.gijon.es\/sites\/default\/files\/2019-05\/Guia%20didautica_Les%20Coses%20que-y%20presten%20a%20Fran_0.pdf\">DESCARGA<\/a><\/p>\n<hr \/>\n\n<!-- iframe plugin v.6.0 wordpress.org\/plugins\/iframe\/ -->\n<iframe loading=\"lazy\" src=\"https:\/\/drive.google.com\/file\/d\/1r6uoaQ79vVVnwm3jR8xGy0Pb15ngFzZS\/preview\" width=\"640\" height=\"480\" 0=\"\/iframe\" scrolling=\"yes\" class=\"iframe-class\" frameborder=\"0\"><\/iframe>\n\n<p>Ye una gu\u00eda did\u00e1utica del llibru de Carla Men\u00e9ndez Fern\u00e1ndez titul\u00e1u: \u00abMans\u00edn\u00bb, que sirve como material d&#8217;apoyu a la esposici\u00f3n itinerante \u00abMans\u00edn\u00bb.\u00a0 Dep\u00f3situ de llei: As-5.944-10 \/ <a href=\"https:\/\/drupal.gijon.es\/sites\/default\/files\/2019-05\/Copia%20de%20Guia%20didautica%20Mansin.pdf\">DESCARGAR<\/a><\/p>\n<hr \/>\n<div class=\"row\">\n<div class=\"col-md-12 margin-top-20\">\n<div class=\"campo_ficha_basica\">\n\n<!-- iframe plugin v.6.0 wordpress.org\/plugins\/iframe\/ -->\n<iframe loading=\"lazy\" src=\"https:\/\/drive.google.com\/file\/d\/1G-_5_tPN0S2RXKHnQr9P0rFKnhJoyhPh\/preview\" width=\"640\" height=\"850\" 0=\"\/iframe\" scrolling=\"yes\" class=\"iframe-class\" frameborder=\"0\"><\/iframe>\n\n<div class=\"campo_ficha_basica\">\n<p>Gu\u00eda did\u00e1utica acompa\u00f1ada d&#8217;un mapa-puzzle pensada pa conocer los top\u00f3nimos, ye dicir, los nomes qu&#8217;usamos pa llamar a los conceyos, les parroquies, los barrios, los montes, los r\u00edos, etc. Ye una bona ayuda pa saber valorar la propia historia y el patrimoniu cultural. Xugar cola toponimia ye una guapa manera de facelo.<\/p>\n<p>Illustradora: Milagros Garc\u00eda P\u00e9rez. \/ Imprenta: Gr\u00e1ficas Apel. \/ Dep\u00f3situ Llegal: AS-1988-07 \/ <a href=\"https:\/\/drupal.gijon.es\/sites\/default\/files\/2019-05\/xugando%20cola%20toponimia.pdf\">DESCARGA<\/a><\/p>\n<hr \/>\n<\/div>\n<div class=\"campo_ficha_basica\">\n\n<!-- iframe plugin v.6.0 wordpress.org\/plugins\/iframe\/ -->\n<iframe loading=\"lazy\" src=\"https:\/\/drive.google.com\/file\/d\/1BuG2ri_Bp9-y7g8Joe6ZGEggv0gJI4pE\/preview\" width=\"640\" height=\"480\" 0=\"\/iframe\" scrolling=\"yes\" class=\"iframe-class\" frameborder=\"0\"><\/iframe>\n\n<p>Gu\u00eda did\u00e1utica de la esposici\u00f3n \u00abLa llegada\u00bb ye un llibru nel que l\u2019autora fai alcordanza del p\u00e1. Son 8 cuadros (50 x 35 cm) m\u00e1s una figura del coche que apaez nel cuentu (100 x 51 x 50 cm).<\/p>\n<p>Autora: Mar Mart\u00edn \/ Debuxos: Anxelu Gonz\u00e1lez \/ Edita: Pintar Pintar \/ <a href=\"https:\/\/drupal.gijon.es\/sites\/default\/files\/2019-05\/Copia%20de%20Guia%20definitiva.pdf\">DESCARGA<\/a><\/p>\n<\/div>\n<hr \/>\n\n<!-- iframe plugin v.6.0 wordpress.org\/plugins\/iframe\/ -->\n<iframe loading=\"lazy\" src=\"https:\/\/drive.google.com\/file\/d\/1dfVFjB4QRiFuPzJZYFuN_QiMzSUg6-cj\/preview\" width=\"640\" height=\"460\" 0=\"\/iframe\" scrolling=\"yes\" class=\"iframe-class\" frameborder=\"0\"><\/iframe>\n\n<p class=\"text-align-justify\">Folletu de campa\u00f1a informativa de la Toponimia Oficial d&#8217;Asturies, en collaboraci\u00f3n cola Conseyer\u00eda de Cultura, Comunicaci\u00f3n Social y Turismu recueye los top\u00f3nimos oficiales del conceyu. Agora son oficiales, agora hai qu&#8217;usalos.<\/p>\n<h4 class=\"text-align-justify\">Los top\u00f3nimos son los nomes que la xente usa pa llamar a los conceyos, a les parroquies, pueblos y llugares. Pensar que los nomes populares de los sitios t\u00e1n mal dichos, ye un error. Dicilos ye lo correcto, porque ye lo aut\u00e9ntico.<\/h4>\n<h4 class=\"normal text-align-justify\">\u00bfQu\u00e9 significa reconocer oficialmente los top\u00f3nimos de Xix\u00f3n?<\/h4>\n<p class=\"normal text-align-justify\">Por alcuerdu ente&#8217;l Conceyu de Xix\u00f3n y la Xunta Asesora de Toponimia del Princip\u00e1u d&#8217;Asturies, el Gobiernu reform\u00f3 oficialmente la toponimia del Conceyu (BOPA del 3 d&#8217;ochobre de 2006), reconociendo los nomes que la xente siempre dixo.<\/p>\n<p class=\"text-align-justify\">Estos nomes son agora oficiales a tolos efectos, d&#8217;usu oblig\u00e1u per parte de les instituciones (Conceyos, organismos del Princip\u00e1u, etc.) en cualesquier comunicaci\u00f3n fecha en castellanu o n&#8217;asturianu.<\/p>\n<p class=\"text-align-justify\">Pal casu de los top\u00f3nimos de doble denomina\u00adci\u00f3n, como Gij\u00f3n\/Xix\u00f3n, Ceares\/Ciares, Leorio\/ Llorio, o Jove\/Xove, estes son les indicaciones que dio la Xunta Asesora de Toponimia<em> \u201c&#8230;la XAT recuerda que\u2019lfin del procesu d\u2019oficializaci\u00f3n to\u00adpon\u00edmica ye recuperar les formes tradicionales, arrequexaes nel usu escritu por unes formes docu\u00admentales les m\u00e1s de les veces acastellanaes. Por eso, la validaci\u00f3n d\u2019una forma doble implica que\u2019l top\u00f3nimu asturianu, la parte que se quier rescatar, siempre tienque tar presente. Polo tanto, nos tes\u00adtos en castellanu ha usase la forma doble, con esos dos elementos xebraos con una barra, siempre n \u2018iguald\u00e1 tipogr\u00e1fica y crom\u00e1tica. De toles mane\u00adres, en dellos casos como nel usu oral institucional o como marca publicitaria n \u2018eventos culturales o tur\u00edsticos.: lla paez razonable utilizar na\u00adm\u00e1s la forma asturiana. Usar \u00fanicamente la forma \u201ccastellana\u201d, am\u00e1s de nun respetar la forma oficial, supondr\u00eda esconder y marxinar la forma asturia\u00adna que se buscaba recuperar. En testos n\u2019asturianu, evidentemente, ha usase nam\u00e1s la forma asturia\u00adna del top\u00f3nimu&#8230;\u201d <a href=\"https:\/\/drupal.gijon.es\/sites\/default\/files\/2019-05\/XIX%C3%AEN%20en%20baxa.pdf\">DESCARGA<\/a><br \/>\n<\/em><\/p>\n<hr \/>\n<\/div>\n<\/div>\n<\/div>\n<div class=\"row\">\n<div class=\"col-md-12 margin-top-20\">\n<div class=\"campo_ficha_basica rojo\">\n<div class=\"row\">\n<div class=\"col-md-12 margin-top-20\">\n<div class=\"campo_ficha_basica\">\n\n<!-- iframe plugin v.6.0 wordpress.org\/plugins\/iframe\/ -->\n<iframe loading=\"lazy\" src=\"https:\/\/drive.google.com\/file\/d\/1AVOD2aiVpOJ05ZWlfbCxqDZ9ittBDrnO\/preview\" width=\"640\" height=\"320\" 0=\"\/iframe\" scrolling=\"yes\" class=\"iframe-class\" frameborder=\"0\"><\/iframe>\n\n<p>Carta a los Reis Magos m\u00e1s la Gu\u00eda did\u00e1utica sobre la Carta a los Reis Magos que l&#8217;acompa\u00f1a.<\/p>\n<\/div>\n<\/div>\n<\/div>\n<div class=\"col-md-12 margin-top-20\">\n<div class=\"campo_ficha_basica rojo\"><a href=\"https:\/\/drupal.gijon.es\/sites\/default\/files\/2019-05\/Triptico%20Carta%20a%20los%20Reis%20Magos.pdf\" target=\"_blank\" rel=\"noopener\"> \/cuadernu-didauticu-carta-los-reis-magos<\/a><\/div>\n<\/div>\n<div class=\"col-md-12 margin-top-20\">\n<div class=\"campo_ficha_basica rojo\"><\/div>\n<\/div>\n<p><a href=\"https:\/\/drupal.gijon.es\/sites\/default\/files\/2019-05\/Carta%20a%20los%20Reis%20Magos.pdf\" target=\"_blank\" rel=\"noopener\"> \/cuadernu-didauticu-carta-los-reis-magos<\/a><\/p>\n<\/div>\n<div>\n<hr \/>\n<\/div>\n<\/div>\n<\/div>\n<\/div>\n","protected":false},"excerpt":{"rendered":"<p>VER Publicaciones Recursos asturianu escueles 0-3 a\u00f1os. DESCARGA Gu\u00eda did\u00e1utica que sirve como material d&#8217;apoyu a la esposici\u00f3n itinerante de \u00abXosefa Xovellanos, una muyer de lletres\u00bb, que recueye los dibuxos fechos pelos escolinos y escolines del conceyu pal concursu \u201cRuempi la mollera\u201d del a\u00f1u 2011-2012. -Dise\u00f1u: Narcho Arbes\u00fa (www.nachoarbesu.com) -Dep\u00f3situ Llegal: AS-03891-2012, DESCARGAR: \/cuadernu-didauticu-xosefa-xovellanos-una-muyer-de-lletres El [&hellip;]<\/p>\n","protected":false},"author":117,"featured_media":0,"parent":93,"menu_order":0,"comment_status":"closed","ping_status":"closed","template":"","meta":{"footnotes":""},"class_list":["post-5057","page","type-page","status-publish","hentry"],"_links":{"self":[{"href":"https:\/\/edublog.educastur.es\/ixuxu\/wp-json\/wp\/v2\/pages\/5057","targetHints":{"allow":["GET"]}}],"collection":[{"href":"https:\/\/edublog.educastur.es\/ixuxu\/wp-json\/wp\/v2\/pages"}],"about":[{"href":"https:\/\/edublog.educastur.es\/ixuxu\/wp-json\/wp\/v2\/types\/page"}],"author":[{"embeddable":true,"href":"https:\/\/edublog.educastur.es\/ixuxu\/wp-json\/wp\/v2\/users\/117"}],"replies":[{"embeddable":true,"href":"https:\/\/edublog.educastur.es\/ixuxu\/wp-json\/wp\/v2\/comments?post=5057"}],"version-history":[{"count":14,"href":"https:\/\/edublog.educastur.es\/ixuxu\/wp-json\/wp\/v2\/pages\/5057\/revisions"}],"predecessor-version":[{"id":5084,"href":"https:\/\/edublog.educastur.es\/ixuxu\/wp-json\/wp\/v2\/pages\/5057\/revisions\/5084"}],"up":[{"embeddable":true,"href":"https:\/\/edublog.educastur.es\/ixuxu\/wp-json\/wp\/v2\/pages\/93"}],"wp:attachment":[{"href":"https:\/\/edublog.educastur.es\/ixuxu\/wp-json\/wp\/v2\/media?parent=5057"}],"curies":[{"name":"wp","href":"https:\/\/api.w.org\/{rel}","templated":true}]}}