{"id":5588,"date":"2021-04-28T17:06:05","date_gmt":"2021-04-28T15:06:05","guid":{"rendered":"https:\/\/edublog.educastur.es\/ixuxu\/?page_id=5588"},"modified":"2023-10-04T14:44:18","modified_gmt":"2023-10-04T12:44:18","slug":"slum-suit","status":"publish","type":"page","link":"https:\/\/edublog.educastur.es\/ixuxu\/musica\/slum-suit\/","title":{"rendered":"Slum Suit"},"content":{"rendered":"<div>\n<p><a href=\"https:\/\/d1r2szwlgvj8r7.cloudfront.net\/a2pi\/c-pad\/b-white\/q-85\/ar-760-864\/w-1002\/images\/image_l\/20171116230743mmipqq\/slum-suit-ep-slum-suit.jpg\"><img loading=\"lazy\" decoding=\"async\" class=\"alignnone \" src=\"https:\/\/d1r2szwlgvj8r7.cloudfront.net\/a2pi\/c-pad\/b-white\/q-85\/ar-760-864\/w-1002\/images\/image_l\/20171116230743mmipqq\/slum-suit-ep-slum-suit.jpg\" width=\"199\" height=\"226\" \/><\/a>\/ <a href=\"https:\/\/i.scdn.co\/image\/29c2abe331a214976bdd0fa468bd445115d2113e\"><img loading=\"lazy\" decoding=\"async\" class=\"alignnone \" src=\"https:\/\/i.scdn.co\/image\/29c2abe331a214976bdd0fa468bd445115d2113e\" width=\"223\" height=\"223\" \/><\/a><\/p>\n<ul>\n<li><span style=\"font-size: 20px\"><span style=\"color: #008080\"><strong>Slum Suit<\/strong><\/span> <a href=\"https:\/\/open.spotify.com\/artist\/1t7YzwSMxMHCg2700m0RqU\">Spotify<\/a>, <a href=\"https:\/\/www.facebook.com\/slumsuit\/\">Facebook<\/a><br \/>\n<\/span><\/li>\n<li><span style=\"font-size: 20px\">Saxo:<em><span style=\"color: #008080\"><strong> Carlos Casado Huerta<\/strong><\/span><\/em>, (Uvi\u00e9u, 1987)<\/span><\/li>\n<li><a href=\"https:\/\/www.elcomercio.es\/asturias\/201503\/20\/asturias-suena-gran-manzana-20150320001532-v.html\"><em><span style=\"font-size: 20px\">Noticia El Comercio 2015<\/span><\/em><\/a><\/li>\n<li><a href=\"https:\/\/www.youtube.com\/watch?v=nA407akAdi4\"><span style=\"font-size: 20px\"><strong>Escuchar: Sicas\u00ed<\/strong> (Slum Suit 2018) New York<\/span><\/a><\/li>\n<li><strong><span style=\"color: #008080\">Carlos Casado &#8211; Gaita \/ Kurumi Shinohara &#8211; Clarinet<\/span><\/strong> \/ Ryo Miyachi &#8211; Bass \/ Muammer Aryar &#8211; Guitar \/ Nagi Okamoto &#8211; Sax \/ Hung-Hsuan Chou &#8211; Trumpet \/ Yuto Kanazawa &#8211; Guitar \/ Tomoyuki Hasebe &#8211; Drums<\/li>\n<\/ul>\n<p><a href=\"https:\/\/asturies.com\/sites\/default\/files\/slum_suit.jpg\"><img loading=\"lazy\" decoding=\"async\" class=\"alignnone \" src=\"https:\/\/asturies.com\/sites\/default\/files\/slum_suit.jpg\" width=\"527\" height=\"352\" \/><\/a><\/p>\n<ul>\n<li><a href=\"https:\/\/twitter.com\/i\/status\/1328801555043278852\"><strong>SLUM SUIT:\u00a0 VER Presentaci\u00f3n d\u00b4esti grupu!!! calca&#8230;<\/strong> <\/a><\/li>\n<li><a href=\"https:\/\/www.youtube.com\/watch?v=cL4GME8ZJCQ\">M\u00fasica e interculturalid\u00e1<\/a><\/li>\n<\/ul>\n<p>\n<!-- iframe plugin v.6.0 wordpress.org\/plugins\/iframe\/ -->\n<iframe loading=\"lazy\" width=\"588\" height=\"331\" src=\"https:\/\/www.youtube.com\/embed\/cL4GME8ZJCQ\" scrolling=\"yes\" class=\"iframe-class\" frameborder=\"0\"><\/iframe>\n<samp class=\"EmbedCode-container\"><code class=\"EmbedCode-code\"><br \/>\n<\/code><\/samp><\/p>\n<p><strong><em>Final del XII Premiu Camaret\u00e1_Payares 2020<\/em><\/strong><\/p>\n\n<!-- iframe plugin v.6.0 wordpress.org\/plugins\/iframe\/ -->\n<iframe loading=\"lazy\" src=\"https:\/\/www.facebook.com\/plugins\/video.php?height=420&#038;href=https%3A%2F%2Fwww.facebook.com%2Fslumsuit%2Fvideos%2F805161726716601%2F&#038;show_text=false&#038;width=560\" width=\"560\" height=\"420\" 0=\"\/iframe\" scrolling=\"yes\" class=\"iframe-class\" frameborder=\"0\"><\/iframe>\n\n<div id=\"tab-89406f4b4ffa006e685\" class=\"tab-pane fade fusion-clearfix active in\" role=\"tabpanel\" aria-labelledby=\"fusion-tab-cantar\">\n<h4><span style=\"font-size: 20px;color: #008080\"><em><strong>\u00a0<\/strong><\/em><em><strong>L\u2019espeyu<\/strong><\/em><\/span><\/h4>\n<div>\n<p><span style=\"font-size: 20px;color: #008080\"><em>Busqu\u00e9 un espeyu pa mirar<\/em><\/span><br \/>\n<span style=\"font-size: 20px;color: #008080\"><em>a los dem\u00e1s,<\/em><\/span><br \/>\n<span style=\"font-size: 20px;color: #008080\"><em>busqu\u00e9 un espeyu pa saber<\/em><\/span><br \/>\n<span style=\"font-size: 20px;color: #008080\"><em>que soi.<\/em><\/span><\/p>\n<p><span style=\"font-size: 20px;color: #008080\"><em>Recuerro les cais sintonizando<\/em><\/span><br \/>\n<span style=\"font-size: 20px;color: #008080\"><em>la radio interior,<\/em><\/span><br \/>\n<span style=\"font-size: 20px;color: #008080\"><em>les flores cay\u00edes y\u00e1 nun g\u00fcelen<\/em><\/span><br \/>\n<span style=\"font-size: 20px;color: #008080\"><em>como ayer.<\/em><\/span><\/p>\n<p><span style=\"font-size: 20px;color: #008080\"><em>Les palabres van texendo<\/em><\/span><br \/>\n<span style=\"font-size: 20px;color: #008080\"><em>un silenciu atronador,<\/em><\/span><br \/>\n<span style=\"font-size: 20px;color: #008080\"><em>y a la hora del atapecer,<\/em><\/span><br \/>\n<span style=\"font-size: 20px;color: #008080\"><em>desp\u00eddome del mesmu sol.<\/em><\/span><\/p>\n<p><span style=\"font-size: 20px;color: #008080\"><em>Esploro inm\u00f3vil<\/em><\/span><br \/>\n<span style=\"font-size: 20px;color: #008080\"><em>los montes del recuerdu,<\/em><\/span><br \/>\n<span style=\"font-size: 20px;color: #008080\"><em>la nieve equ\u00ed<\/em><\/span><br \/>\n<span style=\"font-size: 20px;color: #008080\"><em>cai<\/em><\/span><br \/>\n<span style=\"font-size: 20px;color: #008080\"><em>m\u00e1s r\u00e1pido.<\/em><\/span><\/p>\n<p><span style=\"font-size: 20px;color: #008080\"><em>Dibuxo la vida<\/em><\/span><br \/>\n<span style=\"font-size: 20px;color: #008080\"><em>en llenzos antiguos,<\/em><\/span><br \/>\n<span style=\"font-size: 20px;color: #008080\"><em>vivo na m\u00fasica<\/em><\/span><br \/>\n<span style=\"font-size: 20px;color: #008080\"><em>cambio la escala.<\/em><\/span><\/p>\n<p><span style=\"font-size: 20px;color: #008080\"><em>Les palabres van texendo<\/em><\/span><br \/>\n<span style=\"font-size: 20px;color: #008080\"><em>un silenciu atronador,<\/em><\/span><br \/>\n<span style=\"font-size: 20px;color: #008080\"><em>y a la hora del atapecer,<\/em><\/span><br \/>\n<span style=\"font-size: 20px;color: #008080\"><em>desp\u00eddome del mesmu sol.<\/em><\/span><\/p>\n<p><span style=\"font-size: 20px;color: #008080\"><em>Les palabres van texendo<\/em><\/span><br \/>\n<span style=\"font-size: 20px;color: #008080\"><em>un silenciu atronador,<\/em><\/span><br \/>\n<span style=\"font-size: 20px;color: #008080\"><em>y a la hora de l\u2019alborada<\/em><\/span><br \/>\n<span style=\"font-size: 20px;color: #008080\"><em>saludo al mesmu sol.<\/em><\/span><\/p>\n<p><span style=\"text-decoration: underline\"><strong><span style=\"font-size: 20px;color: #008080\"><em>Lletra: Pablo Tex\u00f3n<\/em><\/span><\/strong><\/span><\/p>\n<\/div>\n<\/div>\n<h4><em><strong><a href=\"http:\/\/spotstorming.es\/wp-content\/uploads\/2020\/11\/XII-Premiu-camareta-Slum-Suit.jpg\"><img loading=\"lazy\" decoding=\"async\" class=\"alignnone \" src=\"http:\/\/spotstorming.es\/wp-content\/uploads\/2020\/11\/XII-Premiu-camareta-Slum-Suit.jpg\" width=\"545\" height=\"474\" \/><\/a><\/strong><\/em><\/h4>\n<hr \/>\n<\/div>\n<p><em><span class=\"d2edcug0 hpfvmrgz qv66sw1b c1et5uql rrkovp55 a8c37x1j keod5gw0 nxhoafnm aigsh9s9 d3f4x2em fe6kdd0r mau55g9w c8b282yb iv3no6db jq4qci2q a3bd9o3v knj5qynh oo9gr5id\" dir=\"auto\">El<strong> XII Premiu Camaret\u00e1 al Meyor Cantar<\/strong> ll\u00e9valu, por unanimid\u00e1, <strong>\u00abRambal\u00edn\u00bb, de Rodrigo Cuevas. <\/strong><a href=\"https:\/\/www.facebook.com\/watch\/?v=403718770800760\">Ver videu Facebook de Pol\u00edtica lling\u00fc\u00edstica <\/a><\/span><\/em><em><strong>Rodrigo Cuevas<\/strong>, <strong>Silvia Quesada<\/strong>, <strong>Mapi Quintana<\/strong> y <strong>Slum Suit<\/strong> van defendieron nel Teatru Fantasio de Navia los sos temes finalistes nel<strong> XII Premiu al Meyor Cantar<\/strong>, que gana esti a\u00f1u l\u2019apell\u00edu \u2018Camaret\u00e1\u2019. <a href=\"https:\/\/spotstorming.es\/xii-premiu-camareta\/?fbclid=IwAR1aW9GjEZaTKuyldfxzEWK6qfNxhLatbWIz4mNYOKricvZzOQk4GggtnVc\"><strong>Ver web con info sobro los finalistes&#8230;<\/strong> <\/a><br \/>\n<\/em><\/p>\n<p><samp class=\"EmbedCode-container\"><code class=\"EmbedCode-code\">Fonte:\u00a0<\/code><\/samp><a class=\"oajrlxb2 g5ia77u1 qu0x051f esr5mh6w e9989ue4 r7d6kgcz rq0escxv nhd2j8a9 nc684nl6 p7hjln8o kvgmc6g5 cxmmr5t8 oygrvhab hcukyx3x jb3vyjys rz4wbd8a qt6c0cv9 a8nywdso i1ao9s8h esuyzwwr f1sip0of lzcic4wl oo9gr5id gpro0wi8 lrazzd5p\" role=\"link\" href=\"https:\/\/www.facebook.com\/politicallinguistica\/?__cft__[0]=AZUp7vvYv3TZvelalScylre6Zh6jG-f9H7Zs-K9LMyM-iDW7cpoKfrS_U0xGMeVcfgz-atzQY1HL33degynQETRZaEkVm7h0wvo61NJcmLIujEmk6RhVChBRwCjjxWhFYt_tqG46hDqps_r_y3e4uSOKYZALU46Wa2Oe43VLJVCecQ&amp;__tn__=-UC%2CP-y-R\"><strong>Pol\u00edtica Lling\u00fc\u00edstica Princip\u00e1u d&#8217;Asturies<\/strong><\/a><\/p>\n<p>Equ\u00ed debaxo pod\u00e9is <strong>lleer n\u00b4asturianu la lletra d\u00b4estos cuatro cancios que llegaron a la final&#8230;<\/strong><\/p>\n<ul>\n<li><a href=\"https:\/\/educastur-my.sharepoint.com\/:b:\/g\/personal\/isabellh_educastur_org\/ETj3SNYozf9Pn82ASjOKY9UBmm-ND2ZWIHRamxCsMGYmxg?e=rtxeij\"><strong>VER Lletra de \u00abL\u00b4espeyu\u00bb<\/strong> de Slum Suit<\/a><\/li>\n<li><a href=\"https:\/\/spotstorming.es\/xii-premiu-camareta\/\"> https:\/\/spotstorming.es\/xii-premiu-camareta\/<\/a><strong><br \/>\n<\/strong><\/li>\n<li><a href=\"https:\/\/educastur-my.sharepoint.com\/:b:\/g\/personal\/isabellh_educastur_org\/EZ5u4d7rjitBoxqOUn6iUT0BXOxIJe49VXYA4dGxxk5UYA?e=K74uNz\"><strong>Cartelu dise\u00f1\u00e1u<\/strong><\/a> por <a href=\"https:\/\/llanapublicidad.es\/trabajos\/xii-premiu-camareta-al-meyor-cantar-2020\/?fbclid=IwAR0kJRCxVom_yAL5hecDV9NKw2pbtlIG-OIdKIccwQkK0A1kyaTVqPAeeTs\"><strong>Llana Publicidad<\/strong><\/a><\/li>\n<\/ul>\n<div class=\"\" dir=\"auto\">\n<div class=\"\" dir=\"auto\">\n<div class=\"ecm0bbzt hv4rvrfc ihqw7lf3 dati1w0a\" data-ad-comet-preview=\"message\" data-ad-preview=\"message\">\n<div class=\"j83agx80 cbu4d94t ew0dbk1b irj2b8pg\">\n<div class=\"qzhwtbm6 knvmm38d\">\n<div class=\"o9v6fnle cxmmr5t8 oygrvhab hcukyx3x c1et5uql ii04i59q\"><\/div>\n<div class=\"o9v6fnle cxmmr5t8 oygrvhab hcukyx3x c1et5uql ii04i59q\">\n<div dir=\"auto\"><\/div>\n<\/div>\n<\/div>\n<\/div>\n<\/div>\n<\/div>\n<\/div>\n<hr \/>\n<ul>\n<li>Slum Suit: <a href=\"https:\/\/www.youtube.com\/channel\/UCly_JtUB-6FvzZEfs5YMR0g\">Youtube<\/a> \/ <a href=\"https:\/\/open.spotify.com\/artist\/1t7YzwSMxMHCg2700m0RqU?autoplay=true\">Spotify<\/a> \/ <a href=\"https:\/\/www.facebook.com\/slumsuit\/\">Facebook<\/a><\/li>\n<li><a href=\"https:\/\/youtu.be\/UKuF_X7KSz4\"><em>Debaxo la to ventana<\/em><\/a><\/li>\n<\/ul>\n\n<!-- iframe plugin v.6.0 wordpress.org\/plugins\/iframe\/ -->\n<iframe loading=\"lazy\" width=\"100%\" height=\"395\" src=\"https:\/\/www.youtube.com\/embed\/UKuF_X7KSz4\" title=\"SLUM SUIT - Debaxo la to ventana (Videoclip Oficial)\" frameborder=\"0\" allow=\"accelerometer; autoplay; clipboard-write; encrypted-media; gyroscope; picture-in-picture; web-share\" 0=\"allowfullscreen\" 1=\"\/iframe\" scrolling=\"yes\" class=\"iframe-class\"><\/iframe>\n\n<p>&nbsp;<\/p>\n","protected":false},"excerpt":{"rendered":"<p>\/ Slum Suit Spotify, Facebook Saxo: Carlos Casado Huerta, (Uvi\u00e9u, 1987) Noticia El Comercio 2015 Escuchar: Sicas\u00ed (Slum Suit 2018) New York Carlos Casado &#8211; Gaita \/ Kurumi Shinohara &#8211; Clarinet \/ Ryo Miyachi &#8211; Bass \/ Muammer Aryar &#8211; Guitar \/ Nagi Okamoto &#8211; Sax \/ Hung-Hsuan Chou &#8211; Trumpet \/ Yuto Kanazawa &#8211; [&hellip;]<\/p>\n","protected":false},"author":117,"featured_media":0,"parent":153,"menu_order":0,"comment_status":"closed","ping_status":"closed","template":"","meta":{"footnotes":""},"class_list":["post-5588","page","type-page","status-publish","hentry"],"_links":{"self":[{"href":"https:\/\/edublog.educastur.es\/ixuxu\/wp-json\/wp\/v2\/pages\/5588","targetHints":{"allow":["GET"]}}],"collection":[{"href":"https:\/\/edublog.educastur.es\/ixuxu\/wp-json\/wp\/v2\/pages"}],"about":[{"href":"https:\/\/edublog.educastur.es\/ixuxu\/wp-json\/wp\/v2\/types\/page"}],"author":[{"embeddable":true,"href":"https:\/\/edublog.educastur.es\/ixuxu\/wp-json\/wp\/v2\/users\/117"}],"replies":[{"embeddable":true,"href":"https:\/\/edublog.educastur.es\/ixuxu\/wp-json\/wp\/v2\/comments?post=5588"}],"version-history":[{"count":5,"href":"https:\/\/edublog.educastur.es\/ixuxu\/wp-json\/wp\/v2\/pages\/5588\/revisions"}],"predecessor-version":[{"id":22166,"href":"https:\/\/edublog.educastur.es\/ixuxu\/wp-json\/wp\/v2\/pages\/5588\/revisions\/22166"}],"up":[{"embeddable":true,"href":"https:\/\/edublog.educastur.es\/ixuxu\/wp-json\/wp\/v2\/pages\/153"}],"wp:attachment":[{"href":"https:\/\/edublog.educastur.es\/ixuxu\/wp-json\/wp\/v2\/media?parent=5588"}],"curies":[{"name":"wp","href":"https:\/\/api.w.org\/{rel}","templated":true}]}}