{"id":599,"date":"2020-04-27T09:46:18","date_gmt":"2020-04-27T09:46:18","guid":{"rendered":"https:\/\/edublog.educastur.es\/ixuxu\/?page_id=599"},"modified":"2020-08-24T20:49:30","modified_gmt":"2020-08-24T20:49:30","slug":"superllingua","status":"publish","type":"page","link":"https:\/\/edublog.educastur.es\/ixuxu\/videu\/superllingua\/","title":{"rendered":"\u201cSuperLlingua\u201d"},"content":{"rendered":"<div class=\"entry\">\n<p><img loading=\"lazy\" decoding=\"async\" class=\"\" src=\"https:\/\/imgbox.es\/images\/2020\/04\/27\/superllingua36f2a635fbb93749.jpg\" width=\"360\" height=\"189\" \/><a href=\"https:\/\/www.youtube.com\/channel\/UCw5xfxive65COOHvD0BFjeg\" target=\"_blank\" rel=\"noopener noreferrer\">Canal <strong><em>SuperLlingua <\/em><\/strong><\/a><\/p>\n<p><strong>De Asociaci\u00f3n <a href=\"https:\/\/reciella.wordpress.com\/\" target=\"_blank\" rel=\"noopener noreferrer\"><em>Reciella<\/em>. Families pol Asturianu <\/a><\/strong><\/p>\n<p><img loading=\"lazy\" decoding=\"async\" src=\"https:\/\/imgbox.es\/images\/2020\/03\/23\/separadora4a37c028d732afc.jpg\" width=\"232\" height=\"26\" border=\"0\" \/><\/p>\n<p><img loading=\"lazy\" decoding=\"async\" class=\"\" src=\"https:\/\/i.ytimg.com\/vi\/zpp0LYkqaPs\/hqdefault.jpg?sqp=-oaymwEZCNACELwBSFXyq4qpAwsIARUAAIhCGAFwAQ==&amp;rs=AOn4CLCbUgoOxAWP9YUYki4z1aurqlTfpA\" width=\"450\" height=\"252\" \/><\/p>\n<ul>\n<li><a href=\"https:\/\/www.youtube.com\/channel\/UCw5xfxive65COOHvD0BFjeg\" target=\"_blank\" rel=\"noopener noreferrer\">Canal <strong><em>SuperLlingua<br \/>\n<\/em><\/strong><\/a><\/li>\n<\/ul>\n\n<!-- iframe plugin v.6.0 wordpress.org\/plugins\/iframe\/ -->\n<iframe loading=\"lazy\" width=\"588\" height=\"331\" src=\"https:\/\/www.youtube.com\/embed\/zpp0LYkqaPs\" scrolling=\"yes\" class=\"iframe-class\" frameborder=\"0\"><\/iframe>\n\n<p>G\u00fcie propon<strong><em> <a href=\"https:\/\/youtu.be\/zpp0LYkqaPs\" target=\"_blank\" rel=\"noopener noreferrer\">Ximielgar el cuerpu<\/a><\/em><\/strong><a href=\"https:\/\/youtu.be\/zpp0LYkqaPs\" target=\"_blank\" rel=\"noopener noreferrer\">, nesti videu<\/a><\/p>\n<p><!--more--><\/p>\n<p><strong><em>M\u00fasica y expresi\u00f3n col cuerpu. <\/em><\/strong><em>Con esti vidiu proponse una sesi\u00f3n d\u2019exercicios prestosa.<\/em><\/p>\n<p>Dalgunes actividaes paraleles que tami\u00e9n se pueden facer son: <span style=\"color: #008000\">* Alderique \u00bfCu\u00e1los son los superpoderes que tengo\/tenemos?<\/span> (cualidaes, capacidaes\u2026). Reflexonamos so les coses que nos prestar\u00eda facer<br \/>\ny\/o conseguir pa sentinos bien, con qu\u00e9 recursos cuntamos y cualos necesitamos (proyectu personal). Colos retos que nos pongamos y en funci\u00f3n a la ed\u00e1 podemos facer debuxos, escribir un diariu, marcanos metes nel calendariu\u2026<\/p>\n<p><span style=\"color: #008000\">* Sesi\u00f3n de exercicios de mazcaritos:<\/span> facemos un disfraz seg\u00fan el superpoder que camentamos y los recursos que tengamos a disposici\u00f3n. Entamamos una rutina ente toles persones (ca\u00fana fai un exerciciu). Podemos grabanos en vidiu. (y si vos peta pod\u00e9is mand\u00e1ilu a superllingua)<\/p>\n<p><span style=\"color: #008000\">\u00a0<\/span><span style=\"color: #008000\">* Falar de la importancia que tienen l\u2019alimentaci\u00f3n, la hixene y l\u2019exerciciu<\/span> como mou de combatir enfermedaes. Falar de como nos sentimos, que nos fai falta, que coses naguamos, pruyimos\u2026 El lutu y la falta de contactu coles persones que queremos ye dalgo qu\u2019afecta fondamente nel desarrolu emocional a edaes tempranes.<\/p>\n<p><span style=\"color: #008000\">\u00a0<\/span><span style=\"color: #008000\">Esti proyectu ta fechu pol profesor\u00e1u del CP Salvador Vega Berros de Sariegu en collaboraci\u00f3n cola asociaci\u00f3n <strong><em>Reciella<\/em><\/strong><em>, Families pol Asturianu,\u00a0 <\/em>n\u2019abril del 2020 al env\u00eds d\u2019ufrir a les families dellos recursos prestosos pa trabayar colo peque\u00f1o demientres dure\u2019l confinamientu del COVID-19<\/span><\/p>\n<\/div>\n","protected":false},"excerpt":{"rendered":"<p>Canal SuperLlingua De Asociaci\u00f3n Reciella. Families pol Asturianu Canal SuperLlingua G\u00fcie propon Ximielgar el cuerpu, nesti videu<\/p>\n","protected":false},"author":117,"featured_media":0,"parent":117,"menu_order":0,"comment_status":"closed","ping_status":"closed","template":"","meta":{"footnotes":""},"class_list":["post-599","page","type-page","status-publish","hentry"],"_links":{"self":[{"href":"https:\/\/edublog.educastur.es\/ixuxu\/wp-json\/wp\/v2\/pages\/599","targetHints":{"allow":["GET"]}}],"collection":[{"href":"https:\/\/edublog.educastur.es\/ixuxu\/wp-json\/wp\/v2\/pages"}],"about":[{"href":"https:\/\/edublog.educastur.es\/ixuxu\/wp-json\/wp\/v2\/types\/page"}],"author":[{"embeddable":true,"href":"https:\/\/edublog.educastur.es\/ixuxu\/wp-json\/wp\/v2\/users\/117"}],"replies":[{"embeddable":true,"href":"https:\/\/edublog.educastur.es\/ixuxu\/wp-json\/wp\/v2\/comments?post=599"}],"version-history":[{"count":1,"href":"https:\/\/edublog.educastur.es\/ixuxu\/wp-json\/wp\/v2\/pages\/599\/revisions"}],"predecessor-version":[{"id":600,"href":"https:\/\/edublog.educastur.es\/ixuxu\/wp-json\/wp\/v2\/pages\/599\/revisions\/600"}],"up":[{"embeddable":true,"href":"https:\/\/edublog.educastur.es\/ixuxu\/wp-json\/wp\/v2\/pages\/117"}],"wp:attachment":[{"href":"https:\/\/edublog.educastur.es\/ixuxu\/wp-json\/wp\/v2\/media?parent=599"}],"curies":[{"name":"wp","href":"https:\/\/api.w.org\/{rel}","templated":true}]}}