{"id":61209,"date":"2025-11-08T22:55:11","date_gmt":"2025-11-08T20:55:11","guid":{"rendered":"https:\/\/edublog.educastur.es\/ixuxu\/?page_id=61209"},"modified":"2025-11-08T23:16:05","modified_gmt":"2025-11-08T21:16:05","slug":"rapacina","status":"publish","type":"page","link":"https:\/\/edublog.educastur.es\/ixuxu\/musica\/rapacina\/","title":{"rendered":"Rapacina"},"content":{"rendered":"<p>&nbsp;<\/p>\n<p style=\"text-align: center\"><span style=\"color: #008080\"><strong>Los saludos n&#8217;asturianu<\/strong><\/span><\/p>\n<p style=\"text-align: center\">\n<!-- iframe plugin v.6.0 wordpress.org\/plugins\/iframe\/ -->\n<iframe loading=\"lazy\" width=\"100%\" height=\"387\" src=\"https:\/\/www.youtube.com\/embed\/xm_87G0W5RE\" title=\"\ud83d\udc4b Los saludos en asturiano | Canci\u00f3n infantil para aprender y bailar \ud83c\udfb6\ud83d\udc9b\" frameborder=\"0\" allow=\"accelerometer; autoplay; clipboard-write; encrypted-media; gyroscope; picture-in-picture; web-share\" referrerpolicy=\"strict-origin-when-cross-origin\" 0=\"allowfullscreen\" 1=\"\/iframe\" scrolling=\"yes\" class=\"iframe-class\"><\/iframe>\n<\/p>\n<p style=\"text-align: center\"><strong><span style=\"color: #008080\">Los collores<\/span><\/strong><\/p>\n<p style=\"text-align: center\">\n<!-- iframe plugin v.6.0 wordpress.org\/plugins\/iframe\/ -->\n<iframe loading=\"lazy\" width=\"100%\" height=\"387\" src=\"https:\/\/www.youtube.com\/embed\/DHHYiuZeWQY\" title=\"\ud83c\udfa8 Aprende los colores en llingua asturiana - Canci\u00f3n infantil \ud83c\udfa8\" frameborder=\"0\" allow=\"accelerometer; autoplay; clipboard-write; encrypted-media; gyroscope; picture-in-picture; web-share\" referrerpolicy=\"strict-origin-when-cross-origin\" 0=\"allowfullscreen\" 1=\"\/iframe\" scrolling=\"yes\" class=\"iframe-class\"><\/iframe>\n<\/p>\n<p style=\"text-align: center\"><strong><span style=\"color: #008080\">Los d\u00edes de la selmana<\/span><\/strong><\/p>\n<p style=\"text-align: center\">\n<!-- iframe plugin v.6.0 wordpress.org\/plugins\/iframe\/ -->\n<iframe loading=\"lazy\" width=\"866\" height=\"487\" src=\"https:\/\/www.youtube.com\/embed\/vfz9eM-geyM\" title=\"\ud83d\udcc5 Los d\u00edas de la semana en asturiano | Canci\u00f3n infantil \ud83d\udd7a\ud83d\udc83\" frameborder=\"0\" allow=\"accelerometer; autoplay; clipboard-write; encrypted-media; gyroscope; picture-in-picture; web-share\" referrerpolicy=\"strict-origin-when-cross-origin\" 0=\"allowfullscreen\" 1=\"\/iframe\" scrolling=\"yes\" class=\"iframe-class\"><\/iframe>\n<\/p>\n<p style=\"text-align: center\"><strong><span style=\"color: #008080\">Los meses del a\u00f1u<\/span><\/strong><\/p>\n<p style=\"text-align: center\">\n<!-- iframe plugin v.6.0 wordpress.org\/plugins\/iframe\/ -->\n<iframe loading=\"lazy\" width=\"100%\" height=\"387\" src=\"https:\/\/www.youtube.com\/embed\/ri1KRNtKxNQ\" title=\"\ud83d\udcc5 Los meses del a\u00f1o en asturiano | Canci\u00f3n infantil para aprender y bailar \ud83c\udfb6\ud83d\udc83\ud83d\udd7a\" frameborder=\"0\" allow=\"accelerometer; autoplay; clipboard-write; encrypted-media; gyroscope; picture-in-picture; web-share\" referrerpolicy=\"strict-origin-when-cross-origin\" 0=\"allowfullscreen\" 1=\"\/iframe\" scrolling=\"yes\" class=\"iframe-class\"><\/iframe>\n<\/p>\n<p style=\"text-align: center\"><strong><span style=\"color: #008080\">La seronda y\u00e1 lleg\u00f3<\/span><\/strong><\/p>\n<p style=\"text-align: center\">\n<!-- iframe plugin v.6.0 wordpress.org\/plugins\/iframe\/ -->\n<iframe loading=\"lazy\" width=\"100%\" height=\"387\" src=\"https:\/\/www.youtube.com\/embed\/bPVRVSn2PYg\" title=\"\ud83c\udf41La seronda ya lleg\u00f3 | Canci\u00f3n infantil en llingua asturiana \ud83c\udf41\" frameborder=\"0\" allow=\"accelerometer; autoplay; clipboard-write; encrypted-media; gyroscope; picture-in-picture; web-share\" referrerpolicy=\"strict-origin-when-cross-origin\" 0=\"allowfullscreen\" 1=\"\/iframe\" scrolling=\"yes\" class=\"iframe-class\"><\/iframe>\n<\/p>\n<p style=\"text-align: center\"><span style=\"color: #008080\"><strong>El Sama\u00edn y la Nueche d&#8217;\u00c1nimes<\/strong><\/span><\/p>\n<p style=\"text-align: center\">\n<!-- iframe plugin v.6.0 wordpress.org\/plugins\/iframe\/ -->\n<iframe loading=\"lazy\" width=\"100%\" height=\"387\" src=\"https:\/\/www.youtube.com\/embed\/TN7XodJXleQ\" title=\"\ud83c\udf83 El Sama\u00edn y la nueche d\u2019\u00e1nimes \ud83c\udf83 | Canci\u00f3n infantil n\u2019asturianu\" frameborder=\"0\" allow=\"accelerometer; autoplay; clipboard-write; encrypted-media; gyroscope; picture-in-picture; web-share\" referrerpolicy=\"strict-origin-when-cross-origin\" 0=\"allowfullscreen\" 1=\"\/iframe\" scrolling=\"yes\" class=\"iframe-class\"><\/iframe>\n<\/p>\n<p style=\"text-align: center\"><strong><span style=\"color: #008080\">L&#8217;Amag\u00fcestu<\/span><\/strong><\/p>\n<p style=\"text-align: center\">\n<!-- iframe plugin v.6.0 wordpress.org\/plugins\/iframe\/ -->\n<iframe loading=\"lazy\" width=\"100%\" height=\"387\" src=\"https:\/\/www.youtube.com\/embed\/mKHIam8AOUA\" title=\"\ud83c\udf30 Canci\u00f3n infantil del amag\u00fcestu en asturiano \ud83c\udfb6\ud83c\udf41\" frameborder=\"0\" allow=\"accelerometer; autoplay; clipboard-write; encrypted-media; gyroscope; picture-in-picture; web-share\" referrerpolicy=\"strict-origin-when-cross-origin\" 0=\"allowfullscreen\" 1=\"\/iframe\" scrolling=\"yes\" class=\"iframe-class\"><\/iframe>\n<\/p>\n<p>&nbsp;<\/p>\n<p style=\"text-align: center\"><strong><span style=\"color: #008080\">El tiempu ta xugando<\/span><\/strong><\/p>\n<p style=\"text-align: center\">\n<!-- iframe plugin v.6.0 wordpress.org\/plugins\/iframe\/ -->\n<iframe loading=\"lazy\" width=\"100%\" height=\"387\" src=\"https:\/\/www.youtube.com\/embed\/q8Ka3XfA_Y0\" title=\"\u26c5El tiempu ta xugando | Canci\u00f3n infantil en asturiano \ud83c\udf89\" frameborder=\"0\" allow=\"accelerometer; autoplay; clipboard-write; encrypted-media; gyroscope; picture-in-picture; web-share\" referrerpolicy=\"strict-origin-when-cross-origin\" 0=\"allowfullscreen\" 1=\"\/iframe\" scrolling=\"yes\" class=\"iframe-class\"><\/iframe>\n<\/p>\n<p style=\"text-align: center\"><strong><span style=\"color: #008080\">Les emociones<\/span><\/strong><\/p>\n<p style=\"text-align: center\">\n<!-- iframe plugin v.6.0 wordpress.org\/plugins\/iframe\/ -->\n<iframe loading=\"lazy\" width=\"100%\" height=\"387\" src=\"https:\/\/www.youtube.com\/embed\/5sr4TsFJHVo\" title=\"\ud83d\ude0a Les emociones en asturiano | Canci\u00f3n infantil para aprender jugando \ud83c\udfb6\u2728\" frameborder=\"0\" allow=\"accelerometer; autoplay; clipboard-write; encrypted-media; gyroscope; picture-in-picture; web-share\" referrerpolicy=\"strict-origin-when-cross-origin\" 0=\"allowfullscreen\" 1=\"\/iframe\" scrolling=\"yes\" class=\"iframe-class\"><\/iframe>\n<\/p>\n<p>&nbsp;<\/p>\n<p>&nbsp;<\/p>\n<p>&nbsp;<\/p>\n","protected":false},"excerpt":{"rendered":"<p>&nbsp; Los saludos n&#8217;asturianu Los collores Los d\u00edes de la selmana Los meses del a\u00f1u La seronda y\u00e1 lleg\u00f3 El Sama\u00edn y la Nueche d&#8217;\u00c1nimes L&#8217;Amag\u00fcestu &nbsp; El tiempu ta xugando Les emociones &nbsp; &nbsp; &nbsp;<\/p>\n","protected":false},"author":117,"featured_media":0,"parent":153,"menu_order":0,"comment_status":"closed","ping_status":"closed","template":"","meta":{"footnotes":""},"class_list":["post-61209","page","type-page","status-publish","hentry"],"_links":{"self":[{"href":"https:\/\/edublog.educastur.es\/ixuxu\/wp-json\/wp\/v2\/pages\/61209","targetHints":{"allow":["GET"]}}],"collection":[{"href":"https:\/\/edublog.educastur.es\/ixuxu\/wp-json\/wp\/v2\/pages"}],"about":[{"href":"https:\/\/edublog.educastur.es\/ixuxu\/wp-json\/wp\/v2\/types\/page"}],"author":[{"embeddable":true,"href":"https:\/\/edublog.educastur.es\/ixuxu\/wp-json\/wp\/v2\/users\/117"}],"replies":[{"embeddable":true,"href":"https:\/\/edublog.educastur.es\/ixuxu\/wp-json\/wp\/v2\/comments?post=61209"}],"version-history":[{"count":3,"href":"https:\/\/edublog.educastur.es\/ixuxu\/wp-json\/wp\/v2\/pages\/61209\/revisions"}],"predecessor-version":[{"id":61212,"href":"https:\/\/edublog.educastur.es\/ixuxu\/wp-json\/wp\/v2\/pages\/61209\/revisions\/61212"}],"up":[{"embeddable":true,"href":"https:\/\/edublog.educastur.es\/ixuxu\/wp-json\/wp\/v2\/pages\/153"}],"wp:attachment":[{"href":"https:\/\/edublog.educastur.es\/ixuxu\/wp-json\/wp\/v2\/media?parent=61209"}],"curies":[{"name":"wp","href":"https:\/\/api.w.org\/{rel}","templated":true}]}}