{"id":61244,"date":"2025-11-09T11:34:49","date_gmt":"2025-11-09T09:34:49","guid":{"rendered":"https:\/\/edublog.educastur.es\/ixuxu\/?page_id=61244"},"modified":"2025-11-09T22:39:58","modified_gmt":"2025-11-09T20:39:58","slug":"amaguestu-2025","status":"publish","type":"page","link":"https:\/\/edublog.educastur.es\/ixuxu\/musica\/amaguestu-2025\/","title":{"rendered":"Amag\u00fcestu 2025"},"content":{"rendered":"<p style=\"text-align: center\"><span style=\"color: #800000;font-size: 20px\">(izda) <strong>Vero Rubio<\/strong> y <strong>Anabel Santiago<\/strong> (dcha)<\/span><\/p>\n<p style=\"text-align: center\"><a href=\"https:\/\/musicasturiana.com\/wp-content\/uploads\/2025\/02\/vero-rubio-y-anabel-santiago.jpg\"><img loading=\"lazy\" decoding=\"async\" class=\"aligncenter size-large\" src=\"https:\/\/musicasturiana.com\/wp-content\/uploads\/2025\/02\/vero-rubio-y-anabel-santiago.jpg\" width=\"1200\" height=\"600\" \/><\/a><\/p>\n<p style=\"text-align: center\"><span style=\"color: #800000\"><em><strong><span style=\"font-size: 20px\">Videos y lletra canciones del amag\u00fcestu 2025<\/span><\/strong><\/em><\/span><\/p>\n<p>&nbsp;<\/p>\n<p style=\"text-align: center\"><span style=\"font-size: 20px;color: #008080\"><span style=\"font-size: 24px\"><strong>Chalaneru<\/strong> (Anabel Santiago)<\/span><a href=\"https:\/\/youtu.be\/U-ygWz_JtGc?list=RDU-ygWz_JtGc\"> <span style=\"color: #000000\">Youtube<\/span><\/a><\/span><\/p>\n<p style=\"text-align: center\">\n<!-- iframe plugin v.6.0 wordpress.org\/plugins\/iframe\/ -->\n<iframe loading=\"lazy\" width=\"100%\" height=\"387\" src=\"https:\/\/www.youtube.com\/embed\/U-ygWz_JtGc?list=RDU-ygWz_JtGc\" title=\"Chalaneru\" frameborder=\"0\" allow=\"accelerometer; autoplay; clipboard-write; encrypted-media; gyroscope; picture-in-picture; web-share\" referrerpolicy=\"strict-origin-when-cross-origin\" 0=\"allowfullscreen\" 1=\"\/iframe\" scrolling=\"yes\" class=\"iframe-class\"><\/iframe>\n<\/p>\n<p><span style=\"color: #800000\"><em><span style=\"font-size: 20px\"><strong><u>CHALANERU<\/u><\/strong><\/span><\/em><\/span><\/p>\n<p><span style=\"color: #800000\"><em><span style=\"font-size: 20px\">Chalaneru, chalaneru<\/span><\/em><\/span><br \/>\n<span style=\"color: #800000\"><em><span style=\"font-size: 20px\">\u00bfQu\u00e9 lleves na to chalana?<\/span><\/em><\/span><br \/>\n<span style=\"color: #800000\"><em><span style=\"font-size: 20px\">Llevo roses y claveles<\/span><\/em><\/span><br \/>\n<span style=\"color: #800000\"><em><span style=\"font-size: 20px\">Y el coraz\u00f3n de una xana<strong><br \/>\nSi pases la ponte<br \/>\nNun caigas al agua<br \/>\nQue los mios amores<br \/>\nSon de La Chalana<\/strong><\/span><\/em><\/span><\/p>\n<p><span style=\"color: #800000\"><em><span style=\"font-size: 20px\">Son de La Chalana, son<\/span><\/em><\/span><br \/>\n<span style=\"color: #800000\"><em><span style=\"font-size: 20px\">Son del pueblin chalaneru<\/span><\/em><\/span><br \/>\n<span style=\"color: #800000\"><em><span style=\"font-size: 20px\">Que si La Chalana muerre<\/span><\/em><\/span><br \/>\n<span style=\"color: #800000\"><em><span style=\"font-size: 20px\">Llaviana perdida ye<\/span><\/em><\/span><br \/>\n<span style=\"color: #800000\"><em><span style=\"font-size: 20px\"><strong>Si pases la ponte<br \/>\nNun caigas al agua<br \/>\nQue los mios amores<br \/>\nSon de La Chalana<\/strong><\/span><\/em><\/span><\/p>\n<p><span style=\"color: #800000\"><em><span style=\"font-size: 20px\">En la fonte la Nalona<\/span><\/em><\/span><br \/>\n<span style=\"color: #800000\"><em><span style=\"font-size: 20px\">Hay una xana llorando<\/span><\/em><\/span><br \/>\n<span style=\"color: #800000\"><em><span style=\"font-size: 20px\">Porque diz que nun la quieren<\/span><\/em><\/span><br \/>\n<span style=\"color: #800000\"><em><span style=\"font-size: 20px\">Los rapacinos d\u2019Entrialgo<\/span><\/em><\/span><br \/>\n<span style=\"color: #800000\"><em><span style=\"font-size: 20px\"><strong>Si pases la ponte<br \/>\nNun caigas al agua<br \/>\nQue los mios amores<br \/>\nSon de La Chalana<\/strong><\/span><\/em><\/span><\/p>\n<p><span style=\"color: #800000\"><em><span style=\"font-size: 20px\">Unos dicen viva Mieres<\/span><\/em><\/span><br \/>\n<span style=\"color: #800000\"><em><span style=\"font-size: 20px\">Otros viva La Felguera<\/span><\/em><\/span><br \/>\n<span style=\"color: #800000\"><em><span style=\"font-size: 20px\">yo como buena asturiana<\/span><\/em><\/span><br \/>\n<span style=\"color: #800000\"><em><span style=\"font-size: 20px\">que puxe Asturies entera, <\/span><\/em><\/span><br \/>\n<span style=\"color: #800000\"><em><span style=\"font-size: 20px\"><strong>Si pases la ponte<br \/>\nNun caigas al agua<br \/>\nQue los mios amores<br \/>\nSon de La Chalana<\/strong><\/span><\/em><\/span><\/p>\n<p style=\"text-align: center\"><span style=\"font-size: 20px;color: #008080\"><span style=\"font-size: 24px\"><strong>Los picos d&#8217;Europa<\/strong> (Anabel S.)<\/span> <a href=\"https:\/\/youtu.be\/pjaGmH3oDu4\"><span style=\"color: #000000\">Youtube<\/span><\/a><\/span><\/p>\n<p style=\"text-align: center\">\n<!-- iframe plugin v.6.0 wordpress.org\/plugins\/iframe\/ -->\n<iframe loading=\"lazy\" width=\"100%\" height=\"487\" src=\"https:\/\/www.youtube.com\/embed\/oZK2lVPrans?list=RDoZK2lVPrans\" title=\"Picos de Europa- Anabel Santiago\" frameborder=\"0\" allow=\"accelerometer; autoplay; clipboard-write; encrypted-media; gyroscope; picture-in-picture; web-share\" referrerpolicy=\"strict-origin-when-cross-origin\" 0=\"allowfullscreen\" 1=\"\/iframe\" scrolling=\"yes\" class=\"iframe-class\"><\/iframe>\n<\/p>\n<p><span style=\"color: #800000\"><em><span style=\"font-size: 20px\"><strong><u>DE LOS PICOS D\u2019EUROPA<\/u><\/strong><\/span><\/em><\/span><\/p>\n<p><span style=\"color: #800000\"><em><span style=\"font-size: 20px\">De los picos d\u2019Europa traigo cantares (2)<\/span><\/em><\/span><br \/>\n<span style=\"color: #800000\"><em><span style=\"font-size: 20px\">patrimoniu del vientu d\u2019estos llugares<\/span><\/em><\/span><br \/>\n<span style=\"color: #800000\"><em><span style=\"font-size: 20px\">d\u00e9xeame tiempu pa recordate<\/span><\/em><\/span><br \/>\n<span style=\"color: #800000\"><em><span style=\"font-size: 20px\"><strong>que nos picos d\u2019Europa nun hay tres partes (2)<br \/>\nnin tenemos m\u00e1s patria qu\u2019estes monta\u00f1es<br \/>\nnin m\u00e1s fronteres que les del aire.<br \/>\n<\/strong><\/span><\/em><\/span><br \/>\n<span style=\"color: #800000\"><em><span style=\"font-size: 20px\">Dicen que soy de potes y soy de Cangues (2)<\/span><\/em><\/span><br \/>\n<span style=\"color: #800000\"><em><span style=\"font-size: 20px\">de madre lebaniega, cainecu el padre<\/span><\/em><\/span><br \/>\n<span style=\"color: #800000\"><em><span style=\"font-size: 20px\">d\u00e9xeame tiempu pa recordate<\/span><\/em><\/span><br \/>\n<span style=\"color: #800000\"><em><span style=\"font-size: 20px\"><strong>que nos picos d\u2019Europa nun hay tres partes (2)<br \/>\nnin tenemos m\u00e1s patria qu\u2019estes monta\u00f1es<br \/>\nnin m\u00e1s fronteres que les del aire<\/strong><\/span><\/em><\/span><\/p>\n<p><span style=\"color: #800000\"><em><span style=\"font-size: 20px\">En lo alto los picos quiero ense\u00f1ate (2)<\/span><\/em><\/span><br \/>\n<span style=\"color: #800000\"><em><span style=\"font-size: 20px\">a ser igual qu\u2019el vientu de les monta\u00f1es<\/span><\/em><\/span><br \/>\n<span style=\"color: #800000\"><em><span style=\"font-size: 20px\">d\u00e9xame tiempu pa recordate<\/span><\/em><\/span><br \/>\n<span style=\"color: #800000\"><em><span style=\"font-size: 20px\"><strong>que nos picos d\u2019Europa nun hay tres partes (2)<br \/>\nnin tenemos m\u00e1s patria qu\u2019estes monta\u00f1es<br \/>\nnin m\u00e1s fronteres que les del aire<\/strong><\/span><\/em><\/span><\/p>\n<p><span style=\"color: #800000\"><em><span style=\"font-size: 20px\">Dende lo alto los picos vense dos mares (2)<\/span><\/em><\/span><br \/>\n<span style=\"color: #800000\"><em><span style=\"font-size: 20px\">les ag\u00fces son azules les nubes blanques<\/span><\/em><\/span><br \/>\n<span style=\"color: #800000\"><em><span style=\"font-size: 20px\">d\u00e9xame tiempu pa recordate<\/span><\/em><\/span><br \/>\n<span style=\"color: #800000\"><em><span style=\"font-size: 20px\"><strong>que nos picos d\u2019Europa nun hay\u00a0 tres partes (2)<br \/>\nnin tenemos m\u00e1s patria qu\u2019estes monta\u00f1es<br \/>\nnin m\u00e1s fronteres que (eee) les del a (aaaaa) ire (eee).<\/strong><\/span><\/em><\/span><\/p>\n<p style=\"text-align: center\"><span style=\"font-size: 20px;color: #008080\"><span style=\"font-size: 24px\"><strong>El gal\u00e1n d&#8217;esta villa<\/strong> (Anabel S.)<\/span> <a href=\"https:\/\/www.youtube.com\/embed\/jqKDvXLBOAo\"><span style=\"color: #000000\">Youtube<\/span><\/a><\/span><\/p>\n<p style=\"text-align: center\">\n<!-- iframe plugin v.6.0 wordpress.org\/plugins\/iframe\/ -->\n<iframe loading=\"lazy\" width=\"100%\" height=\"387\" src=\"https:\/\/www.youtube.com\/embed\/jqKDvXLBOAo\" title=\"Anabel Santiago &#039;&#039;El galan d&#039;esta villa&#039;&#039;\" frameborder=\"0\" allow=\"accelerometer; autoplay; clipboard-write; encrypted-media; gyroscope; picture-in-picture; web-share\" referrerpolicy=\"strict-origin-when-cross-origin\" 0=\"allowfullscreen\" 1=\"\/iframe\" scrolling=\"yes\" class=\"iframe-class\"><\/iframe>\n<\/p>\n<p><strong><span style=\"color: #800000\"><em><span style=\"font-size: 20px\"><u>EL GAL\u00c1N D\u2019ESTA VILLA<\/u><\/span><\/em><\/span><\/strong><\/p>\n<p><span style=\"color: #800000\"><em><span style=\"font-size: 20px\">Esta tierra nun ye d\u2019el<\/span><\/em><\/span><br \/>\n<span style=\"color: #800000\"><em><span style=\"font-size: 20px\">esta tierra de naidie<\/span><\/em><\/span><br \/>\n<span style=\"color: #800000\"><em><span style=\"font-size: 20px\">ye del que llego primeru<\/span><\/em><\/span><br \/>\n<span style=\"color: #800000\"><em><span style=\"font-size: 20px\">ay, del que lleg\u00f3 m\u00e1s tarde\u2026<\/span><\/em><\/span><br \/>\n<span style=\"color: #800000\"><em><span style=\"font-size: 20px\">Morenu de piel de tierra<\/span><\/em><\/span><br \/>\n<span style=\"color: #800000\"><em><span style=\"font-size: 20px\">morenu de piel de nueche<\/span><\/em><\/span><br \/>\n<span style=\"color: #800000\"><em><span style=\"font-size: 20px\">morenu de cuellos negros<\/span><\/em><\/span><br \/>\n<span style=\"color: #800000\"><em><span style=\"font-size: 20px\">y dientes color de lleche\u2026<\/span><\/em><\/span><\/p>\n<p><span style=\"color: #800000\"><em><span style=\"font-size: 20px\"><strong>Ya encontraste una canci\u00f3n<br \/>\nque contaba la to hestoria<br \/>\ny que la sabe tol mundu<\/strong><\/span><\/em><\/span><\/p>\n<p><span style=\"color: #800000\"><em><span style=\"font-size: 20px\"><strong>de memoriaaaa\u2026<\/strong><\/span><\/em><\/span><\/p>\n<p>\u00a1Ay!, un gal\u00e1n d\u2019esta villa,<br \/>\n\u00a1ay!, un gal\u00e1n d\u2019esta casa,<br \/>\n\u00a1ay!, \u00e9l per aqu\u00ed ven\u00eda.<br \/>\n\u00a1ay!, \u00e9l per aqu\u00ed pasaba\u2026<\/p>\n<p><span style=\"color: #800000\"><em><span style=\"font-size: 20px\"><strong>\u2014\u00a1Ay!, diga lo que \u00e9l quer\u00eda,<br \/>\n\u00a1ay!, diga lo que \u00e9l buscaba.<br \/>\n\u2014\u00a1Ay!, busc\u00f3 a la blanca ni\u00f1a,<br \/>\n\u00a1ay!, busc\u00f3 a la ni\u00f1a blanca\u2026<\/strong><\/span><\/em><\/span><\/p>\n<p><span style=\"color: #800000\"><em><span style=\"font-size: 20px\">La que cabellos tex\u00eda,<\/span><\/em><\/span><br \/>\n<span style=\"color: #800000\"><em><span style=\"font-size: 20px\">la que cabellos trenzaba<\/span><\/em><\/span><br \/>\n<span style=\"color: #800000\"><em><span style=\"font-size: 20px\">la que me mir\u00f3 de frente<\/span><\/em><\/span><br \/>\n<span style=\"color: #800000\"><em><span style=\"font-size: 20px\">la que me mir\u00f3 a la cara\u2026<\/span><\/em><\/span><br \/>\n<span style=\"color: #800000\"><em><span style=\"font-size: 20px\">La que me compr\u00f3 nel puestu<\/span><\/em><\/span><br \/>\n<span style=\"color: #800000\"><em><span style=\"font-size: 20px\">un pa\u00f1uelu que-y prestaba<\/span><\/em><\/span><br \/>\n<span style=\"color: #800000\"><em><span style=\"font-size: 20px\">cuantu m\u00e1s t\u2019esper\u00e9<\/span><\/em><\/span><br \/>\n<span style=\"color: #800000\"><em><span style=\"font-size: 20px\">doite la vida sea basta\u2026<\/span><\/em><\/span><\/p>\n<p><span style=\"color: #800000\"><em><span style=\"font-size: 20px\">\u00a0<strong>Ya encontr\u00e9 una canci\u00f3n<br \/>\nque contaba la to hestoria<br \/>\ny que la sabe tol mundu<\/strong><\/span><\/em><\/span><\/p>\n<p><span style=\"color: #800000\"><em><span style=\"font-size: 20px\"><strong>de memoriaaaa\u2026<\/strong><\/span><\/em><\/span><\/p>\n<p><span style=\"color: #800000\"><em><span style=\"font-size: 20px\"><strong>Ay!, un gal\u00e1n d\u2019esta villa,<br \/>\n\u00a1ay!, un gal\u00e1n d\u2019esta casa,<br \/>\n\u00a1ay!, \u00e9l per aqu\u00ed ven\u00eda.<br \/>\n\u00a1ay!, \u00e9l per aqu\u00ed pasaba\u2026<\/strong><\/span><\/em><\/span><\/p>\n<p><span style=\"color: #800000\"><em><span style=\"font-size: 20px\"><strong>\u2014\u00a1Ay!, diga lo que \u00e9l quer\u00eda,<br \/>\n\u00a1ay!, diga lo que \u00e9l buscaba.<br \/>\n\u2014\u00a1Ay!, busc\u00f3 a la blanca ni\u00f1a,<br \/>\n\u00a1ay!, busc\u00f3 a la ni\u00f1a blanca\u2026<\/strong><\/span><\/em><\/span><\/p>\n<p><span style=\"color: #800000\"><em><span style=\"font-size: 20px\"><strong>Laila larai larai la&#8230;&#8230;&#8230;&#8230;.<\/strong><\/span><\/em><\/span><\/p>\n<p><span style=\"color: #800000\"><em><span style=\"font-size: 20px\"><strong>Laila larai larai la&#8230;&#8230;&#8230;&#8230;.<\/strong><\/span><\/em><\/span><\/p>\n<p style=\"text-align: center\"><span style=\"color: #008080;font-size: 24px\"><strong>Y todo por un beso<\/strong> (Rodrigo C. y Anabel S.) <\/span><a href=\"https:\/\/youtu.be\/Y90LLbaGNCs\">Youtube<\/a><\/p>\n<p style=\"text-align: center\">\n<!-- iframe plugin v.6.0 wordpress.org\/plugins\/iframe\/ -->\n<iframe loading=\"lazy\" width=\"649\" height=\"487\" src=\"https:\/\/www.youtube.com\/embed\/Y90LLbaGNCs\" title=\"&amp;quot;Y TODO POR UN BESO&amp;quot; ANABEL SANTIAGO Y RODRIGO CUEVAS\" frameborder=\"0\" allow=\"accelerometer; autoplay; clipboard-write; encrypted-media; gyroscope; picture-in-picture; web-share\" referrerpolicy=\"strict-origin-when-cross-origin\" 0=\"allowfullscreen\" 1=\"\/iframe\" scrolling=\"yes\" class=\"iframe-class\"><\/iframe>\n<\/p>\n<p style=\"text-align: center\"><span style=\"font-size: 24px\"><strong><span style=\"color: #008080\">\u00abOigo sonar una gaita\u00bb<\/span><\/strong><\/span><\/p>\n<p style=\"text-align: center\">\n<!-- iframe plugin v.6.0 wordpress.org\/plugins\/iframe\/ -->\n<iframe loading=\"lazy\" width=\"100%\" height=\"387\" src=\"https:\/\/www.youtube.com\/embed\/ZWsKJEwr1GI\" title=\"Oigo Sonar una Gaita\" frameborder=\"0\" allow=\"accelerometer; autoplay; clipboard-write; encrypted-media; gyroscope; picture-in-picture; web-share\" referrerpolicy=\"strict-origin-when-cross-origin\" 0=\"allowfullscreen\" 1=\"\/iframe\" scrolling=\"yes\" class=\"iframe-class\"><\/iframe>\n<\/p>\n<p>&nbsp;<\/p>\n<p><span style=\"color: #800000;font-size: 20px\"><em><strong><u>OIGO SONAR UNA GAITA<\/u><\/strong><\/em><\/span><\/p>\n<p><span style=\"color: #800000;font-size: 20px\"><em>Oigo sonar una gaita<\/em><\/span><br \/>\n<span style=\"color: #800000;font-size: 20px\"><em>oigo sonar un tambor<\/em><\/span><br \/>\n<span style=\"color: #800000;font-size: 20px\"><em>baxen les moces del pueblu<\/em><\/span><br \/>\n<span style=\"color: #800000;font-size: 20px\"><em>ye la fiesta del patr\u00f3n<\/em><\/span><\/p>\n<p><span style=\"color: #800000;font-size: 20px\"><em>La alegria de les moces<\/em><\/span><br \/>\n<span style=\"color: #800000;font-size: 20px\"><em>y el olor de la manzana<\/em><\/span><br \/>\n<span style=\"color: #800000;font-size: 20px\"><em>bellos campos, belles flores<\/em><\/span><br \/>\n<span style=\"color: #800000;font-size: 20px\"><em>ye una aldea asturiana<\/em><\/span><\/p>\n<p><span style=\"color: #800000;font-size: 20px\"><em>Caminito de la fuente<\/em><\/span><br \/>\n<span style=\"color: #800000;font-size: 20px\"><em>va llorando una morena<\/em><\/span><br \/>\n<span style=\"color: #800000;font-size: 20px\"><em>porque no tiene vestido<\/em><\/span><br \/>\n<span style=\"color: #800000;font-size: 20px\"><em>para lucirlo en la fiesta<\/em><\/span><\/p>\n<p><span style=\"color: #800000;font-size: 20px\"><em>Donde vas hermosa ne\u00f1a<\/em><\/span><br \/>\n<span style=\"color: #800000;font-size: 20px\"><em>donde vas tan de ma\u00f1ana<\/em><\/span><br \/>\n<span style=\"color: #800000;font-size: 20px\"><em>si la fuente se sec\u00f3<\/em><\/span><br \/>\n<span style=\"color: #800000;font-size: 20px\"><em>ya no puedes coyer el agua<\/em><\/span><\/p>\n<p><span style=\"color: #800000;font-size: 20px\"><em>Me pareces roxina de mayo<\/em><\/span><br \/>\n<span style=\"color: #800000;font-size: 20px\"><em>clavelina de amor perfumada<\/em><\/span><br \/>\n<span style=\"color: #800000;font-size: 20px\"><em>si me quieres como yo te quiero<\/em><\/span><br \/>\n<span style=\"color: #800000;font-size: 20px\"><em>cantar\u00e9 y rondar\u00e9 a tu ventana<\/em><\/span><\/p>\n<p style=\"text-align: center\"><span style=\"font-size: 24px\"><strong><span style=\"color: #008080\">Asturies patria querida.<\/span><\/strong><\/span><\/p>\n<p style=\"text-align: center\">\n<!-- iframe plugin v.6.0 wordpress.org\/plugins\/iframe\/ -->\n<iframe loading=\"lazy\" width=\"100%\" height=\"487\" src=\"https:\/\/www.youtube.com\/embed\/wZJj9NLFdVQ?list=RDwZJj9NLFdVQ\" title=\"Asturias Patria Querida con letra (Lyrics)\" frameborder=\"0\" allow=\"accelerometer; autoplay; clipboard-write; encrypted-media; gyroscope; picture-in-picture; web-share\" referrerpolicy=\"strict-origin-when-cross-origin\" 0=\"allowfullscreen\" 1=\"\/iframe\" scrolling=\"yes\" class=\"iframe-class\"><\/iframe>\n<\/p>\n<p><span style=\"color: #800000\"><em><span style=\"font-size: 20px\"><u>ASTURIAS PATRIA QUERIDA<\/u><\/span><\/em><\/span><\/p>\n<p><span style=\"color: #800000\"><em><span style=\"font-size: 20px\">Asturies, patria querida,<\/span><\/em><\/span><\/p>\n<p><span style=\"color: #800000\"><em><span style=\"font-size: 20px\">Asturies de mios amores;<\/span><\/em><\/span><\/p>\n<p><span style=\"color: #800000\"><em><span style=\"font-size: 20px\">\u00a1Ai!, \u00a1qui\u00e9n tuviera n&#8217;Asturies<\/span><\/em><\/span><\/p>\n<p><span style=\"color: #800000\"><em><span style=\"font-size: 20px\">en toes les ocasiones!<\/span><\/em><\/span><\/p>\n<p><span style=\"color: #800000\"><em><span style=\"font-size: 20px\">Tengo de subir al \u00e1rbol,<\/span><\/em><\/span><\/p>\n<p><span style=\"color: #800000\"><em><span style=\"font-size: 20px\">tengo de coyer la flor,<\/span><\/em><\/span><\/p>\n<p><span style=\"color: #800000\"><em><span style=\"font-size: 20px\">y d\u00e1-yla a la mi\u00f3 morena<\/span><\/em><\/span><\/p>\n<p><span style=\"color: #800000\"><em><span style=\"font-size: 20px\">que la ponga nel balc\u00f3n,<\/span><\/em><\/span><\/p>\n<p><span style=\"color: #800000\"><em><span style=\"font-size: 20px\">Que la ponga nel balc\u00f3n,<\/span><\/em><\/span><\/p>\n<p><span style=\"color: #800000\"><em><span style=\"font-size: 20px\">que la dexe de poner,<\/span><\/em><\/span><\/p>\n<p><span style=\"color: #800000\"><em><span style=\"font-size: 20px\">tengo de subir al \u00e1rbol<\/span><\/em><\/span><\/p>\n<p><span style=\"color: #800000\"><em><span style=\"font-size: 20px\">y la flor tengo coyer.<\/span><\/em><\/span><\/p>\n<p style=\"text-align: center\"><span style=\"font-size: 20px\"><strong><em><span style=\"color: #800000\">NO SABEMOS QU\u00c9 CANTAN JUNTAS:..<\/span><\/em><\/strong><\/span><\/p>\n<p style=\"text-align: center\"><span style=\"font-size: 20px\"><span style=\"color: #008080;font-size: 24px\"><strong>Romance de la prisionera<\/strong> (Anabel S. y Vero R.)<\/span> <a href=\"https:\/\/youtu.be\/iayQCZFzINY?list=RDiayQCZFzINY\">Youtube<\/a><\/span><\/p>\n\n<!-- iframe plugin v.6.0 wordpress.org\/plugins\/iframe\/ -->\n<iframe loading=\"lazy\" width=\"100%\" height=\"487\" src=\"https:\/\/www.youtube.com\/embed\/iayQCZFzINY?list=RDiayQCZFzINY\" title=\"ROMANCE DE LA PRISIONERA - ANABEL SANTIAGO con VERO RUBIO\" frameborder=\"0\" allow=\"accelerometer; autoplay; clipboard-write; encrypted-media; gyroscope; picture-in-picture; web-share\" referrerpolicy=\"strict-origin-when-cross-origin\" 0=\"allowfullscreen\" 1=\"\/iframe\" scrolling=\"yes\" class=\"iframe-class\"><\/iframe>\n\n<p style=\"text-align: center\"><span style=\"color: #008080;font-size: 20px\"><span style=\"font-size: 24px\"><strong>Nuna ma\u00f1ana<\/strong> (Vero R. y Anabel S.<\/span>) <a href=\"https:\/\/youtu.be\/-xzrbRoHdck?list=RD-xzrbRoHdck\">Youtube<\/a><\/span><\/p>\n<p style=\"text-align: center\">\n<!-- iframe plugin v.6.0 wordpress.org\/plugins\/iframe\/ -->\n<iframe loading=\"lazy\" width=\"100%\" height=\"487\" src=\"https:\/\/www.youtube.com\/embed\/8GuHAwYasPg?list=OLAK5uy_k_gUEHR281lmz8B5KgcuqFwYZCQ8j4fts\" title=\"Nuna ma\u00f1ana\" frameborder=\"0\" allow=\"accelerometer; autoplay; clipboard-write; encrypted-media; gyroscope; picture-in-picture; web-share\" referrerpolicy=\"strict-origin-when-cross-origin\" 0=\"allowfullscreen\" 1=\"\/iframe\" scrolling=\"yes\" class=\"iframe-class\"><\/iframe>\n<\/p>\n<p style=\"text-align: center\"><span style=\"font-size: 20px;color: #008080\"><strong>Bich\u00edn<\/strong> (Vero Rubio) <a href=\"https:\/\/youtu.be\/SjwRW29aCE0?list=RDSjwRW29aCE0\"><span style=\"color: #000000\">Youtube<\/span><\/a><\/span><\/p>\n<p style=\"text-align: center\">\n<!-- iframe plugin v.6.0 wordpress.org\/plugins\/iframe\/ -->\n<iframe loading=\"lazy\" width=\"100%\" height=\"487\" src=\"https:\/\/www.youtube.com\/embed\/SjwRW29aCE0?list=RDSjwRW29aCE0\" title=\"02. Bich\u00edn - Vero Rubio - Vou\" frameborder=\"0\" allow=\"accelerometer; autoplay; clipboard-write; encrypted-media; gyroscope; picture-in-picture; web-share\" referrerpolicy=\"strict-origin-when-cross-origin\" 0=\"allowfullscreen\" 1=\"\/iframe\" scrolling=\"yes\" class=\"iframe-class\"><\/iframe>\n<\/p>\n<p>&nbsp;<\/p>\n","protected":false},"excerpt":{"rendered":"<p>(izda) Vero Rubio y Anabel Santiago (dcha) Videos y lletra canciones del amag\u00fcestu 2025 &nbsp; Chalaneru (Anabel Santiago) Youtube CHALANERU Chalaneru, chalaneru \u00bfQu\u00e9 lleves na to chalana? Llevo roses y claveles Y el coraz\u00f3n de una xana Si pases la ponte Nun caigas al agua Que los mios amores Son de La Chalana Son de [&hellip;]<\/p>\n","protected":false},"author":117,"featured_media":0,"parent":153,"menu_order":0,"comment_status":"closed","ping_status":"closed","template":"","meta":{"footnotes":""},"class_list":["post-61244","page","type-page","status-publish","hentry"],"_links":{"self":[{"href":"https:\/\/edublog.educastur.es\/ixuxu\/wp-json\/wp\/v2\/pages\/61244","targetHints":{"allow":["GET"]}}],"collection":[{"href":"https:\/\/edublog.educastur.es\/ixuxu\/wp-json\/wp\/v2\/pages"}],"about":[{"href":"https:\/\/edublog.educastur.es\/ixuxu\/wp-json\/wp\/v2\/types\/page"}],"author":[{"embeddable":true,"href":"https:\/\/edublog.educastur.es\/ixuxu\/wp-json\/wp\/v2\/users\/117"}],"replies":[{"embeddable":true,"href":"https:\/\/edublog.educastur.es\/ixuxu\/wp-json\/wp\/v2\/comments?post=61244"}],"version-history":[{"count":8,"href":"https:\/\/edublog.educastur.es\/ixuxu\/wp-json\/wp\/v2\/pages\/61244\/revisions"}],"predecessor-version":[{"id":61325,"href":"https:\/\/edublog.educastur.es\/ixuxu\/wp-json\/wp\/v2\/pages\/61244\/revisions\/61325"}],"up":[{"embeddable":true,"href":"https:\/\/edublog.educastur.es\/ixuxu\/wp-json\/wp\/v2\/pages\/153"}],"wp:attachment":[{"href":"https:\/\/edublog.educastur.es\/ixuxu\/wp-json\/wp\/v2\/media?parent=61244"}],"curies":[{"name":"wp","href":"https:\/\/api.w.org\/{rel}","templated":true}]}}