{"id":62737,"date":"2025-12-02T19:23:02","date_gmt":"2025-12-02T17:23:02","guid":{"rendered":"https:\/\/edublog.educastur.es\/ixuxu\/?page_id=62737"},"modified":"2025-12-16T15:32:38","modified_gmt":"2025-12-16T13:32:38","slug":"villancicos-2025","status":"publish","type":"page","link":"https:\/\/edublog.educastur.es\/ixuxu\/musica\/villancicos\/villancicos-2025\/","title":{"rendered":"Villancicos 2025"},"content":{"rendered":"<p style=\"text-align: center\"><span style=\"color: #800080\"><strong><em>Activid\u00e1 recoyida en la PGA del Centru 2025-26,<br \/>\n<\/em><\/strong><em>pa tol alumn\u00e1u, <\/em><\/span><strong><span style=\"color: #800080\"><em>independientemente<br \/>\nde si cursen Relixi\u00f3n\/Valores, Cultura o Llingua.<\/em><\/span><\/strong><\/p>\n<p style=\"text-align: center\"><span style=\"color: #008080\"><a style=\"color: #008080\" href=\"https:\/\/educastur.sharepoint.com\/:b:\/r\/sites\/C.P.CARMENRUIZ-TILVE202520262\/Documentos%20compartidos\/General\/ACTIVIDADES%20COMPLEMENTARIAS%202025_2026\/ACTIVIDADES%20COMPLEMENTARIAS_1%C2%BA%20TRIMESTRE\/NAVIDAD%202025\/NAVIDAD%202025_CRT.pdf?csf=1&amp;web=1&amp;e=zqRL5i\"><strong>Feches y grupos que baxar\u00e1n a cantar a Infantil.<\/strong><\/a><\/span><\/p>\n<p style=\"text-align: center\"><span style=\"font-size: 20px;color: #800080\">Ensayar\u00e1nse\u00a0 nes clases de: <\/span><span style=\"font-size: 20px;color: #800080\"><strong>Relix\u00f3n y Atenci\u00f3n<br \/>\nEducativa, M\u00fasica, Cultura y Llingua.<\/strong><\/span><\/p>\n<p><img loading=\"lazy\" decoding=\"async\" class=\"aligncenter\" src=\"https:\/\/edublog.educastur.es\/ixuxu\/files\/2025\/04\/image.png\" width=\"291\" height=\"31\" \/><\/p>\n<p style=\"text-align: center\"><span style=\"color: #008080;font-size: 24px\"><strong><span style=\"color: #800080\">1\u00ba Ciclo cantar\u00e1 a E. Infantil de 3 a\u00f1os<\/span><\/strong><br \/>\n<strong>\u00abLos tr\u00e9s Reis\u00bb <\/strong><span style=\"text-decoration: underline\">de Xentiquina.<\/span><br \/>\n<span style=\"text-decoration: underline;font-size: 20px\">Videu de Maestr\u00edn Astur.<\/span><\/span><\/p>\n<p style=\"text-align: center\">\n<!-- iframe plugin v.6.0 wordpress.org\/plugins\/iframe\/ -->\n<iframe loading=\"lazy\" width=\"100%\" height=\"427\" src=\"https:\/\/www.youtube.com\/embed\/8twD_2ZbGOo\" title=\"\ud83c\udfb5 Los tres Reis | Villancicu n\u2019asturianu | Maestr\u00edn Astur\" frameborder=\"0\" allow=\"accelerometer; autoplay; clipboard-write; encrypted-media; gyroscope; picture-in-picture; web-share\" referrerpolicy=\"strict-origin-when-cross-origin\" 0=\"allowfullscreen\" 1=\"\/iframe\" scrolling=\"yes\" class=\"iframe-class\"><\/iframe>\n<\/p>\n<p><strong><span style=\"text-decoration: underline;font-size: 20px\"><span style=\"color: #800080;text-decoration: underline\">Los tr\u00e9s Reis<\/span><\/span><br \/>\n<\/strong><span style=\"color: #800080\">Enriba tr\u00e9s camellos<\/span><br \/>\n<span style=\"color: #800080\">y fartucos de \u00f1eve<\/span><br \/>\n<span style=\"color: #800080\">baxen de les monta\u00f1es<\/span><br \/>\n<span style=\"color: #800080\">tr\u00e9s reis del oriente.<\/span><\/p>\n<p><span style=\"color: #800080\"><strong>El vieyu ye Melchor,<br \/>\nel prietu Baltasar<br \/>\ny el del camellu coxu,<br \/>\nque va en medio, ye Gaspar.<\/strong><\/span><\/p>\n<p><span style=\"color: #800080\">De nueche los tr\u00e9s magos,<\/span><br \/>\n<span style=\"color: #800080\">mientres los ne\u00f1os duermen,<\/span><\/p>\n<p><span style=\"color: #800080\">Entren peles ventanes<\/span><br \/>\n<span style=\"color: #800080\">a trae-yos los xuguetes.<\/span><\/p>\n<p><span style=\"color: #800080\"><strong>El vieyu ye Melchor,<br \/>\nel prietu Baltasar<br \/>\ny el del camellu coxu,<br \/>\nque va en medio, ye Gaspar.<\/strong><\/span><\/p>\n<p><span style=\"color: #800080\">Nun dexes na nel platu<\/span><br \/>\n<span style=\"color: #800080\">nin saltes m\u00e1s a peres<\/span><br \/>\n<span style=\"color: #800080\">qu\u2019ellos, per un furacu,<\/span><br \/>\n<span style=\"color: #800080\">ven los que fai la xente.<\/span><\/p>\n<p><span style=\"color: #800080\"><strong>El vieyu ye Melchor,<br \/>\nel prietu Baltasar<br \/>\ny el del camellu coxu,<br \/>\nque va en medio, ye Gaspar.<\/strong><\/span><\/p>\n<ul>\n<li><a href=\"https:\/\/www.youtube.com\/embed\/SMNWg0UIO2M\"><strong>Con lletra<\/strong><\/a><\/li>\n<\/ul>\n<p style=\"text-align: center\">\n<!-- iframe plugin v.6.0 wordpress.org\/plugins\/iframe\/ -->\n<iframe loading=\"lazy\" width=\"640\" height=\"360\" src=\"https:\/\/www.youtube.com\/embed\/SMNWg0UIO2M\" title=\"Los Tres Reis - Villancicu N&#039;Asturianu\" frameborder=\"0\" allow=\"accelerometer; autoplay; clipboard-write; encrypted-media; gyroscope; picture-in-picture; web-share\" referrerpolicy=\"strict-origin-when-cross-origin\" 0=\"allowfullscreen\" 1=\"\/iframe\" scrolling=\"yes\" class=\"iframe-class\"><\/iframe>\n<\/p>\n<p style=\"text-align: center\"><span style=\"text-decoration: underline\"><span style=\"font-size: 20px\"><span style=\"font-size: 24px\">Podemos completalo con \u00e9sti nuevu cantar\u00a0<\/span><span style=\"font-size: 24px\">\u00a0<\/span><\/span><\/span><br \/>\n<span style=\"font-size: 24px;color: #008080\"><a style=\"color: #008080\" href=\"https:\/\/youtu.be\/TIe1vi1Eze8\"><strong>\u00abLleg\u00f3 la navid\u00e1\u00bb<\/strong><\/a> <\/span>\u00a0\ud83c\udf84 <span style=\"font-size: 24px\">de <\/span><a class=\"yt-simple-endpoint style-scope yt-formatted-string\" href=\"https:\/\/www.youtube.com\/@Rapacinast\"><span style=\"font-size: 24px\">Rapacina<\/span><\/a><\/p>\n<p style=\"text-align: center\">\n<!-- iframe plugin v.6.0 wordpress.org\/plugins\/iframe\/ -->\n<iframe loading=\"lazy\" width=\"100%\" height=\"488\" src=\"https:\/\/www.youtube.com\/embed\/TIe1vi1Eze8\" title=\"\ud83c\udf84Villancicu: Lleg\u00f3 la navid\u00e1 | Canci\u00f3n infantil n&#039;asturianu \ud83c\udf84\" frameborder=\"0\" allow=\"accelerometer; autoplay; clipboard-write; encrypted-media; gyroscope; picture-in-picture; web-share\" referrerpolicy=\"strict-origin-when-cross-origin\" 0=\"allowfullscreen\" 1=\"\/iframe\" scrolling=\"yes\" class=\"iframe-class\"><\/iframe>\n<\/p>\n<p><span style=\"text-decoration: underline\"><span style=\"color: #800080;font-size: 20px;text-decoration: underline\"><strong>Lleg\u00f3 la Navid\u00e1<\/strong><\/span><\/span><\/p>\n<p><span style=\"color: #800080\"><strong>Oh, oh, oh, lleg\u00f3 la Navid\u00e1.<br \/>\nOh, oh, oh, el ramu pongo ya.<br \/>\nSaltamos y cantamos,<br \/>\nye tiempo de sua\u00f1ar<br \/>\nqu\u00e9 guapa ye la Navid\u00e1. \u00a0<span style=\"color: #008080\">REP<\/span><\/strong><\/span><\/p>\n<p><span style=\"color: #800080\">Pel cam\u00edn baxen pastores<\/span><br \/>\n<span style=\"color: #800080\">con bufandes y canciones<\/span><br \/>\n<span style=\"color: #800080\">traen frixuelos y rosc\u00f3n<\/span><br \/>\n<span style=\"color: #800080\">y una cesta de turr\u00f3n.<\/span><br \/>\n<span style=\"color: #800080\"><strong>Oh, oh, oh, lleg\u00f3 la Navid\u00e1\u2026<br \/>\n<\/strong><\/span><br \/>\n<span style=\"color: #800080\">Tas, tas, el ramu ta prend\u00edu<br \/>\nmi mantu!!<\/span><br \/>\n<span style=\"color: #800080\">glaya\u2019l cor\u00edu \u201cequ\u00ed si que\u00a0 fai fr\u00edu\u201d\u2026<\/span><br \/>\n<span style=\"color: #800080\"><strong>Oh, oh, oh, lleg\u00f3 la Navid\u00e1\u2026<\/strong><\/span><\/p>\n<p><span style=\"color: #800080\">Clap, clap, guelina ta contenta<\/span><br \/>\n<span style=\"color: #800080\">ya bien l\u2019anguleru <\/span><br \/>\n<span style=\"color: #800080\">y a ella y a la so nieta,<\/span><br \/>\n<span style=\"color: #800080\">bien en veleru pela mar,<\/span><br \/>\n<span style=\"color: #800080\">con regalos de la Navid\u00e1.<\/span><br \/>\n<span style=\"color: #800080\"><strong>Oh, oh, oh, lleg\u00f3 la Navid\u00e1\u2026<br \/>\nOh, oh, oh, lleg\u00f3 la Navid\u00e1\u2026<\/strong><\/span><\/p>\n<div id=\"top-row\" class=\"style-scope ytd-watch-metadata\">\n<div id=\"owner\" class=\"item style-scope ytd-watch-metadata\">\n<div id=\"analytics-button\" class=\"style-scope ytd-video-owner-renderer\"><img loading=\"lazy\" decoding=\"async\" class=\"alignnone aligncenter\" src=\"https:\/\/encrypted-tbn0.gstatic.com\/images?q=tbn:ANd9GcTR28kVyfgd3qwCkn2ICP6JNBpKea-RZS3fF5sLEuFyAkmWuml3Qyn-alg-FidZmJD8Ug&amp;usqp=CAU\" width=\"338\" height=\"36\" \/><\/div>\n<\/div>\n<\/div>\n<p style=\"text-align: center\"><span style=\"color: #008080;font-size: 24px\"><span style=\"color: #800080\"><strong>2\u00ba Ciclo cantar\u00e1 a E. Infantil 4 a\u00f1os<\/strong><\/span><br \/>\n<strong>\u00abBaxen los pastores\u00bb<\/strong> de Nuberu<\/span><\/p>\n<p style=\"text-align: center\">\n<!-- iframe plugin v.6.0 wordpress.org\/plugins\/iframe\/ -->\n<iframe loading=\"lazy\" width=\"100%\" height=\"423\" src=\"https:\/\/www.youtube.com\/embed\/Y1CWp62yAYY\" title=\"\ud83c\udfb5\u2728Xentiquina: Baxen los pastores | \ud83c\udf1f\ud83c\udfb6 Villancicu n\u00b4asturianu \ud83c\udf84\ud83d\uddfb\" frameborder=\"0\" allow=\"accelerometer; autoplay; clipboard-write; encrypted-media; gyroscope; picture-in-picture; web-share\" referrerpolicy=\"strict-origin-when-cross-origin\" 0=\"allowfullscreen\" 1=\"\/iframe\" scrolling=\"yes\" class=\"iframe-class\"><\/iframe>\n<\/p>\n<p><span style=\"color: #800080\"><strong><span style=\"text-decoration: underline\"><span style=\"font-size: 24px\">Baxen los pastores<br \/>\n<\/span><\/span><br \/>\n<\/strong>Ta \u00f1evando nel monte,<\/span><br \/>\n<span style=\"color: #800080\">nueche de Navid\u00e1.<\/span><br \/>\n<span style=\"color: #800080\"><strong>Y y\u00e1 baxen los pastores,<br \/>\nque van cam\u00edn del portal. <\/strong>(2)<\/span><\/p>\n<p><span style=\"color: #800080\">C\u00fantamos, pastorina,<\/span><br \/>\n<span style=\"color: #800080\">qu\u00e9 lleves nel morral.<\/span><br \/>\n<span style=\"color: #800080\"><strong>\u201cUnos cuantos carambelos<br \/>\nque, de xuru-y van prestar\u201d<\/strong>(2)<\/span><\/p>\n<p><span style=\"color: #800080\">Xos\u00e9 ta mui contentu,<\/span><br \/>\n<span style=\"color: #800080\">Mar\u00eda muncho m\u00e1s.<\/span><br \/>\n<span style=\"color: #800080\"><strong>y embobaos miren pal ne\u00f1u<br \/>\nque ye un cach\u00edn de coral.<\/strong> (2)<\/span><\/p>\n<p><span style=\"color: #800080\">Toc\u00e1i les panderetes,<\/span><br \/>\n<span style=\"color: #800080\">nun dex\u00e9is de canciar<\/span><br \/>\n<span style=\"color: #800080\"><strong>y poneivos percontentos<br \/>\nporque lleg\u00f3 Navid\u00e1. (2)<\/strong><\/span><\/p>\n<p style=\"text-align: center\"><span style=\"font-size: 24px\">Podemos completalo con \u00e9sti nuevu cantar:<\/span><br \/>\n<span style=\"font-size: 24px\"><a href=\"https:\/\/youtu.be\/TIe1vi1Eze8\"><strong>\u00abLleg\u00f3 la navid\u00e1\u00bb<\/strong><\/a> \u00a0\ud83c\udf84 de <a class=\"yt-simple-endpoint style-scope yt-formatted-string\" href=\"https:\/\/www.youtube.com\/@Rapacinast\">Rapacina<\/a>\u00a0<\/span><\/p>\n\n<!-- iframe plugin v.6.0 wordpress.org\/plugins\/iframe\/ -->\n<iframe loading=\"lazy\" width=\"100%\" height=\"488\" src=\"https:\/\/www.youtube.com\/embed\/TIe1vi1Eze8\" title=\"\ud83c\udf84Villancicu: Lleg\u00f3 la navid\u00e1 | Canci\u00f3n infantil n&#039;asturianu \ud83c\udf84\" frameborder=\"0\" allow=\"accelerometer; autoplay; clipboard-write; encrypted-media; gyroscope; picture-in-picture; web-share\" referrerpolicy=\"strict-origin-when-cross-origin\" 0=\"allowfullscreen\" 1=\"\/iframe\" scrolling=\"yes\" class=\"iframe-class\"><\/iframe>\n\n<p><span style=\"text-decoration: underline\"><span style=\"color: #800080;font-size: 20px;text-decoration: underline\"><strong>Lleg\u00f3 la Navid\u00e1<\/strong><\/span><\/span><\/p>\n<p><span style=\"color: #800080\"><strong>Oh, oh, oh, lleg\u00f3 la Navid\u00e1.<br \/>\nOh, oh, oh, el ramu pongo ya.<br \/>\nSaltamos y cantamos,<br \/>\nye tiempo de sua\u00f1ar<br \/>\nqu\u00e9 guapa ye la Navid\u00e1. \u00a0REP<\/strong><\/span><\/p>\n<p><span style=\"color: #800080\">Pel cam\u00edn baxen pastores<\/span><br \/>\n<span style=\"color: #800080\">con bufandes y canciones<\/span><br \/>\n<span style=\"color: #800080\">traen frixuelos y rosc\u00f3n<\/span><br \/>\n<span style=\"color: #800080\">y una cesta de turr\u00f3n.<\/span><br \/>\n<span style=\"color: #800080\"><strong>Oh, oh, oh, lleg\u00f3 la Navid\u00e1\u2026<br \/>\n<\/strong><\/span><br \/>\n<span style=\"color: #800080\">Tas, tas, el ramu ta prend\u00edu<\/span><br \/>\n<span style=\"color: #800080\">glaya\u2019l cor\u00edu \u201cequ\u00ed si fai fr\u00edu\u201d\u2026<\/span><br \/>\n<span style=\"color: #800080\"><strong>Oh, oh, oh, lleg\u00f3 la Navid\u00e1\u2026<\/strong><\/span><\/p>\n<p><span style=\"color: #800080\">Clap, clap, guelina ta contenta<\/span><br \/>\n<span style=\"color: #800080\">ya bien l\u2019anguleru <\/span><br \/>\n<span style=\"color: #800080\">y a ella y a la so nieta,<\/span><br \/>\n<span style=\"color: #800080\">bien en veleru pela mar,<\/span><br \/>\n<span style=\"color: #800080\">con regalos de la Navid\u00e1.<\/span><br \/>\n<span style=\"color: #800080\"><strong>Oh, oh, oh, lleg\u00f3 la Navid\u00e1\u2026<br \/>\nOh, oh, oh, lleg\u00f3 la Navid\u00e1\u2026<\/strong><\/span><\/p>\n<p><img loading=\"lazy\" decoding=\"async\" class=\"alignnone aligncenter\" src=\"https:\/\/encrypted-tbn0.gstatic.com\/images?q=tbn:ANd9GcTR28kVyfgd3qwCkn2ICP6JNBpKea-RZS3fF5sLEuFyAkmWuml3Qyn-alg-FidZmJD8Ug&amp;usqp=CAU\" width=\"338\" height=\"36\" \/><\/p>\n<p>&nbsp;<\/p>\n<p style=\"text-align: center\"><strong><span style=\"font-size: 24px;color: #800080\">3\u00ba Ciclo cantar\u00e1 a E. Infantil 5 a\u00f1os<\/span><\/strong><\/p>\n<p style=\"text-align: center\"><span style=\"font-size: 24px\"><a href=\"https:\/\/www.youtube.com\/watch?v=zKBDAhuV53g&amp;list=OLAK5uy_nD3jCJWxxM9x3Cbo9epJBLufFtdLmAE8Y\">\u00a0 <strong>\u00abNataliegu\u00bb<\/strong> Grupu \u00bfA\u00fa?<\/a><\/span><\/p>\n<p style=\"text-align: center\">\n<!-- iframe plugin v.6.0 wordpress.org\/plugins\/iframe\/ -->\n<iframe loading=\"lazy\" width=\"640\" height=\"360\" src=\"https:\/\/www.youtube.com\/embed\/-6XclB7wYV0\" title=\"VILLANCICU&#039;L NATALIEGU - VERSI\u00d3N FOLK GRUPU \u00bfA\u00da?\" frameborder=\"0\" allow=\"accelerometer; autoplay; clipboard-write; encrypted-media; gyroscope; picture-in-picture; web-share\" referrerpolicy=\"strict-origin-when-cross-origin\" 0=\"allowfullscreen\" 1=\"\/iframe\" scrolling=\"yes\" class=\"iframe-class\"><\/iframe>\n<\/p>\n<p><span style=\"text-decoration: underline;font-size: 24px\"><span style=\"color: #800080;text-decoration: underline\"><strong>El nataliegu <\/strong>(\u00bfA\u00fa)<\/span><\/span><\/p>\n<p><span style=\"color: #800080\"><strong>Llendadores del llume<br \/>\nbien pegadinos al llar,<br \/>\n\u00bfPa qu\u00e9 quer\u00e9is tanta lle\u00f1a?<br \/>\n\u00bfPa qu\u00e9 quer\u00e9is tanta l\u00e1?<\/strong><\/span><\/p>\n<p><strong><span style=\"color: #800080\">Llendadores del llume<\/span><\/strong><br \/>\n<strong><span style=\"color: #800080\">bien pegadinos al llar,<\/span><\/strong><br \/>\n<strong><span style=\"color: #800080\">\u00bfPa qu\u00e9 quer\u00e9is tanta lle\u00f1a?<\/span><\/strong><br \/>\n<strong><span style=\"color: #800080\">nun siendo por Navid\u00e1.<\/span><\/strong><\/p>\n<p><span style=\"color: #800080\">Pa facer dulces bollinos<\/span><br \/>\n<span style=\"color: #800080\">que nos bien a regalar<\/span><br \/>\n<span style=\"color: #800080\">pa milenta rapacinos <\/span><br \/>\n<span style=\"color: #800080\">el tuer\u00edn de Navid\u00e1.<\/span><\/p>\n<p><span style=\"color: #800080\"><strong>Llendadores del llume\u2026<\/strong><\/span><\/p>\n<p><span style=\"color: #800080\">Pa quemar el nataliegu<\/span><br \/>\n<span style=\"color: #800080\">\u201cena\u201d nueche de Nadal,<\/span><br \/>\n<span style=\"color: #800080\">y coyer xaramoquinos<\/span><br \/>\n<span style=\"color: #800080\">que bayura nos van dar.<\/span><\/p>\n<p><span style=\"color: #800080\"><strong>Llendadores del llume\u2026<\/strong><\/span><\/p>\n<p><span style=\"color: #800080\">P\u2019amagostar les casta\u00f1es<\/span><br \/>\n<span style=\"color: #800080\">llambionaes a fartar<\/span><br \/>\n<span style=\"color: #800080\">\u00f1ueces, ablanes, bizcuechos,<\/span><br \/>\n<span style=\"color: #800080\">chicolate pa moyar.<\/span><\/p>\n<p><span style=\"color: #800080\">Col\u00e1i, andancies y plagues,<\/span><br \/>\n<span style=\"color: #800080\">march\u00e1i cola gafed\u00e1,<\/span><br \/>\n<span style=\"color: #800080\">col\u00e1i bruxes y culiebres<\/span><br \/>\n<span style=\"color: #800080\">que tamos en Navid\u00e1.<\/span><\/p>\n<p style=\"text-align: center\"><span style=\"font-size: 24px\">Podemos completalo con esti cantar:<\/span><span style=\"color: #008080;font-size: 24px\"><br \/>\n<strong>\u00abBaxen los pastores\u00bb<\/strong> de Nuberu<\/span><\/p>\n<p style=\"text-align: center\">\n<!-- iframe plugin v.6.0 wordpress.org\/plugins\/iframe\/ -->\n<iframe loading=\"lazy\" width=\"100%\" height=\"423\" src=\"https:\/\/www.youtube.com\/embed\/Y1CWp62yAYY\" title=\"\ud83c\udfb5\u2728Xentiquina: Baxen los pastores | \ud83c\udf1f\ud83c\udfb6 Villancicu n\u00b4asturianu \ud83c\udf84\ud83d\uddfb\" frameborder=\"0\" allow=\"accelerometer; autoplay; clipboard-write; encrypted-media; gyroscope; picture-in-picture; web-share\" referrerpolicy=\"strict-origin-when-cross-origin\" 0=\"allowfullscreen\" 1=\"\/iframe\" scrolling=\"yes\" class=\"iframe-class\"><\/iframe>\n<\/p>\n<p><span style=\"color: #800080\"><strong><span style=\"text-decoration: underline\"><span style=\"font-size: 20px\">Baxen los pastores<\/span><\/span><\/strong><\/span><\/p>\n<p><span style=\"color: #800080\">Ta \u00f1evando nel monte,<\/span><br \/>\n<span style=\"color: #800080\">nueche de Navid\u00e1.<\/span><br \/>\n<span style=\"color: #800080\"><strong>Y y\u00e1 baxen los pastores,<br \/>\nque van cam\u00edn del portal. <\/strong>(2)<\/span><\/p>\n<p><span style=\"color: #800080\">C\u00fantamos, pastorina,<\/span><br \/>\n<span style=\"color: #800080\">qu\u00e9 lleves nel morral.<\/span><br \/>\n<span style=\"color: #800080\"><strong>\u201cUnos cuantos carambelos<br \/>\nque, de xuru-y van prestar\u201d<\/strong>(2)<\/span><\/p>\n<p><span style=\"color: #800080\">Xos\u00e9 ta mui contentu,<\/span><br \/>\n<span style=\"color: #800080\">Mar\u00eda muncho m\u00e1s.<\/span><br \/>\n<span style=\"color: #800080\"><strong>y embobaos miren pal ne\u00f1u<br \/>\nque ye un cach\u00edn de coral.<\/strong> (2)<\/span><\/p>\n<p><span style=\"color: #800080\">Toc\u00e1i les panderetes,<\/span><br \/>\n<span style=\"color: #800080\">nun dex\u00e9is de canciar<\/span><br \/>\n<span style=\"color: #800080\"><strong>y poneivos percontentos<br \/>\nporque lleg\u00f3 Navid\u00e1. (2)<\/strong><\/span><\/p>\n<p style=\"text-align: center\">\n","protected":false},"excerpt":{"rendered":"<p>Activid\u00e1 recoyida en la PGA del Centru 2025-26, pa tol alumn\u00e1u, independientemente de si cursen Relixi\u00f3n\/Valores, Cultura o Llingua. Feches y grupos que baxar\u00e1n a cantar a Infantil. Ensayar\u00e1nse\u00a0 nes clases de: Relix\u00f3n y Atenci\u00f3n Educativa, M\u00fasica, Cultura y Llingua. 1\u00ba Ciclo cantar\u00e1 a E. Infantil de 3 a\u00f1os \u00abLos tr\u00e9s Reis\u00bb de Xentiquina. Videu [&hellip;]<\/p>\n","protected":false},"author":117,"featured_media":0,"parent":1291,"menu_order":0,"comment_status":"closed","ping_status":"closed","template":"","meta":{"footnotes":""},"class_list":["post-62737","page","type-page","status-publish","hentry"],"_links":{"self":[{"href":"https:\/\/edublog.educastur.es\/ixuxu\/wp-json\/wp\/v2\/pages\/62737","targetHints":{"allow":["GET"]}}],"collection":[{"href":"https:\/\/edublog.educastur.es\/ixuxu\/wp-json\/wp\/v2\/pages"}],"about":[{"href":"https:\/\/edublog.educastur.es\/ixuxu\/wp-json\/wp\/v2\/types\/page"}],"author":[{"embeddable":true,"href":"https:\/\/edublog.educastur.es\/ixuxu\/wp-json\/wp\/v2\/users\/117"}],"replies":[{"embeddable":true,"href":"https:\/\/edublog.educastur.es\/ixuxu\/wp-json\/wp\/v2\/comments?post=62737"}],"version-history":[{"count":15,"href":"https:\/\/edublog.educastur.es\/ixuxu\/wp-json\/wp\/v2\/pages\/62737\/revisions"}],"predecessor-version":[{"id":63818,"href":"https:\/\/edublog.educastur.es\/ixuxu\/wp-json\/wp\/v2\/pages\/62737\/revisions\/63818"}],"up":[{"embeddable":true,"href":"https:\/\/edublog.educastur.es\/ixuxu\/wp-json\/wp\/v2\/pages\/1291"}],"wp:attachment":[{"href":"https:\/\/edublog.educastur.es\/ixuxu\/wp-json\/wp\/v2\/media?parent=62737"}],"curies":[{"name":"wp","href":"https:\/\/api.w.org\/{rel}","templated":true}]}}