{"id":64875,"date":"2026-01-02T21:06:43","date_gmt":"2026-01-02T19:06:43","guid":{"rendered":"https:\/\/edublog.educastur.es\/ixuxu\/?page_id=64875"},"modified":"2026-03-28T20:35:53","modified_gmt":"2026-03-28T18:35:53","slug":"01_xineru","status":"publish","type":"page","link":"https:\/\/edublog.educastur.es\/ixuxu\/archivu-blogue\/articulos\/2026-2\/01_xineru\/","title":{"rendered":"01_Xineru"},"content":{"rendered":"<ul>\n<li><a href=\"https:\/\/edublog.educastur.es\/ixuxu\/2026\/01\/lluna-de-nieve-e-imbolc\/\">Lluna de Nieve e Imbolc<\/a> <span class=\"post-date\">31\/01\/2026<\/span><\/li>\n<li><a href=\"https:\/\/edublog.educastur.es\/ixuxu\/2026\/01\/les-noticies-del-sabadu-31-de-xineru-de-2026\/\">Les noticies del s\u00e1badu 31 de xineru de 2026<\/a> <span class=\"post-date\">31\/01\/2026<\/span><\/li>\n<li><a href=\"https:\/\/edublog.educastur.es\/ixuxu\/2026\/01\/rellume-unu-de-los-grupos-que-van-tocar-nel-iv-semando-fest\/\">Rellume, unu de los grupos que van tocar nel IV Semando Fest<\/a> <span class=\"post-date\">31\/01\/2026<\/span><\/li>\n<li><a href=\"https:\/\/edublog.educastur.es\/ixuxu\/2026\/01\/daniel-velasco-escribio-esta-lletra-fai-mas-de-25-anos\/\">Daniel Velasco escribi\u00f3 esta lletra fai m\u00e1s de 25 a\u00f1os<\/a> <span class=\"post-date\">31\/01\/2026<\/span><\/li>\n<li><a href=\"https:\/\/edublog.educastur.es\/ixuxu\/2026\/01\/asturies-inspiracion-del-nuevu-proyectu-musical\/\">Asturies, inspiraci\u00f3n del nuevu proyectu musical<\/a> <span class=\"post-date\">31\/01\/2026<\/span><\/li>\n<li><a href=\"https:\/\/edublog.educastur.es\/ixuxu\/2026\/01\/64520\/\">(sin t\u00edtulo)<\/a> <span class=\"post-date\">31\/01\/2026<\/span><\/li>\n<li><a href=\"https:\/\/edublog.educastur.es\/ixuxu\/2026\/01\/la-clave-siempres-ye-creer-en-ti\/\">\u00abLa clave siempres ye creer en ti\u2026\u00bb<\/a> <span class=\"post-date\">31\/01\/2026<\/span><\/li>\n<li><a href=\"https:\/\/edublog.educastur.es\/ixuxu\/2026\/01\/cada-vez-mas-persones-practiquen-deporte-nel-nuesu-pais\/\">Cada vez m\u00e1s persones practiquen deporte nel nuesu pa\u00eds.<\/a> <span class=\"post-date\">31\/01\/2026<\/span><\/li>\n<li><a href=\"https:\/\/edublog.educastur.es\/ixuxu\/2026\/01\/conseyos-dautoproteccion-nel-monte\/\">Conseyos d\u2019autoprotecci\u00f3n nel monte<\/a> <span class=\"post-date\">31\/01\/2026<\/span><\/li>\n<li><a href=\"https:\/\/edublog.educastur.es\/ixuxu\/2026\/01\/les-abeyes-2\/\">Les abeyes\u2026<\/a> <span class=\"post-date\">31\/01\/2026<\/span><\/li>\n<li><a href=\"https:\/\/edublog.educastur.es\/ixuxu\/2026\/01\/guei-a-les-10-labeya-maya-na-tpa\/\">G\u00fcei, a les 10, L\u2019Abeya Maya na TPA<\/a> <span class=\"post-date\">31\/01\/2026<\/span><\/li>\n<li><a href=\"https:\/\/edublog.educastur.es\/ixuxu\/2026\/01\/dia-mundial-de-la-cebra\/\">D\u00eda Mundial de la Cebra<\/a> <span class=\"post-date\">31\/01\/2026<\/span><\/li>\n<li><a href=\"https:\/\/edublog.educastur.es\/ixuxu\/2026\/01\/dia-del-mundial-del-magu\/\">D\u00eda del Mundial del Magu<\/a> <span class=\"post-date\">31\/01\/2026<\/span><\/li>\n<li><a href=\"https:\/\/edublog.educastur.es\/ixuxu\/2026\/01\/espana-ente-un-tren-infinitu-dagua-y-vientu\/\">Espa\u00f1a, \u00e9nte un tren infinitu d\u2019agua y vientu<\/a> <span class=\"post-date\">31\/01\/2026<\/span><\/li>\n<li><a href=\"https:\/\/edublog.educastur.es\/ixuxu\/2026\/01\/el-tiempu-el-comercio-250\/\">El tiempu (El Comercio)<\/a> <span class=\"post-date\">31\/01\/2026<\/span><\/li>\n<li><a href=\"https:\/\/edublog.educastur.es\/ixuxu\/2026\/01\/65322\/\">(sin t\u00edtulo)<\/a> <span class=\"post-date\">30\/01\/2026<\/span><\/li>\n<li><a href=\"https:\/\/edublog.educastur.es\/ixuxu\/2026\/01\/les-noticies-del-vienres-30-de-xineru-de-2026-nasturianu\/\">Les noticies del vienres 30 de xineru de 2026<\/a> <span class=\"post-date\">30\/01\/2026<\/span><\/li>\n<li><a href=\"https:\/\/edublog.educastur.es\/ixuxu\/2026\/01\/la-cantante-marisa-valle-roso-comadres-doru-de-xixon\/\">La cantante Marisa Valle Roso, Comadres d\u2019Oru de Xix\u00f3n\u2002<\/a> <span class=\"post-date\">30\/01\/2026<\/span><\/li>\n<li><a href=\"https:\/\/edublog.educastur.es\/ixuxu\/2026\/01\/tsacianiegas-respetu-a-la-tradicion-y-xeitu-pa-escribir-lletres-nueves\/\">Tsacianiegas, respetu a la tradici\u00f3n y xeitu pa escribir lletres nueves<\/a> <span class=\"post-date\">30\/01\/2026<\/span><\/li>\n<li><a href=\"https:\/\/edublog.educastur.es\/ixuxu\/2026\/01\/los-ganadores-de-los-premios-pola-paz-carmen-ruiz-tilve\/\">Los ganadores de los premios pola Paz \u00abCarmen Ruiz-Tilve\u00bb<\/a> <span class=\"post-date\">30\/01\/2026<\/span><\/li>\n<li><a href=\"https:\/\/edublog.educastur.es\/ixuxu\/2026\/01\/como-soporten-el-friu-nel-parque-de-somieu\/\">C\u00f3mo soporten el fr\u00edu nel Parque de Somiedu<\/a> <span class=\"post-date\">30\/01\/2026<\/span><\/li>\n<li><a href=\"https:\/\/edublog.educastur.es\/ixuxu\/2026\/01\/65125\/\">(sin t\u00edtulo)<\/a> <span class=\"post-date\">30\/01\/2026<\/span><\/li>\n<li><a href=\"https:\/\/edublog.educastur.es\/ixuxu\/2026\/01\/museu-de-la-sidra-dasturies-cumple-la-so-30-aniversariu\/\">Mus\u00e9u de la Sidra d\u2019Asturies cumple 30 a\u00f1os<\/a> <span class=\"post-date\">30\/01\/2026<\/span><\/li>\n<li><a href=\"https:\/\/edublog.educastur.es\/ixuxu\/2026\/01\/los-colexos-apuesten-pol-guertu-urbanu-como-ferramienta-educativo\/\">Los colexos apuesten pol g\u00fcertu urbanu como ferramienta educativo<\/a> <span class=\"post-date\">30\/01\/2026<\/span><\/li>\n<li><a href=\"https:\/\/edublog.educastur.es\/ixuxu\/2026\/01\/65295\/\">(sin t\u00edtulo)<\/a> <span class=\"post-date\">30\/01\/2026<\/span><\/li>\n<li><a href=\"https:\/\/edublog.educastur.es\/ixuxu\/2026\/01\/magaya\/\">\u00abMagaya\u00bb<\/a> <span class=\"post-date\">30\/01\/2026<\/span><\/li>\n<li><a href=\"https:\/\/edublog.educastur.es\/ixuxu\/2026\/01\/el-colexu-santa-maria-del-naranco-sofita-la-causa-de-el-angel-de-javi\/\">El colexu Santa Mar\u00eda del Naranco sofita la causa de \u2018El \u00c1ngel de Javi\u2019<\/a> <span class=\"post-date\">30\/01\/2026<\/span><\/li>\n<li><a href=\"https:\/\/edublog.educastur.es\/ixuxu\/2026\/01\/67145\/\">Educaci\u00f3n s\u00famase a la celebraci\u00f3n del #D\u00edaEscolardelaNoViolenciaylaPaz<\/a> <span class=\"post-date\">30\/01\/2026<\/span><\/li>\n<li><a href=\"https:\/\/edublog.educastur.es\/ixuxu\/2026\/01\/flipa-2026-la-gran-folixa-de-la-ilustracion-asturiana\/\">FLIPA 2026, la gran folixa de la ilustraci\u00f3n asturiana<\/a> <span class=\"post-date\">30\/01\/2026<\/span><\/li>\n<li><a href=\"https:\/\/edublog.educastur.es\/ixuxu\/2026\/01\/dia-mundial-de-les-guelgues-humedales-nasturies\/\">D\u00eda Mundial de les G\u00fcelgues\/humedales n\u2019Asturies<\/a> <span class=\"post-date\">30\/01\/2026<\/span><\/li>\n<li><a href=\"https:\/\/edublog.educastur.es\/ixuxu\/2026\/01\/el-tiempu-na-tpa\/\">El tiempu na TPA<\/a> <span class=\"post-date\">30\/01\/2026<\/span><\/li>\n<li><a href=\"https:\/\/edublog.educastur.es\/ixuxu\/2026\/01\/69706\/\">(sin t\u00edtulo)<\/a> <span class=\"post-date\">30\/01\/2026<\/span><\/li>\n<li><a href=\"https:\/\/edublog.educastur.es\/ixuxu\/2026\/01\/estau-del-tiempu-2\/\">Est\u00e1u del tiempu<\/a> <span class=\"post-date\">30\/01\/2026<\/span><\/li>\n<li><a href=\"https:\/\/edublog.educastur.es\/ixuxu\/2026\/01\/62671\/\">(sin t\u00edtulo)<\/a> <span class=\"post-date\">30\/01\/2026<\/span><\/li>\n<li><a href=\"https:\/\/edublog.educastur.es\/ixuxu\/2026\/01\/el-tiempu-el-comercio-249\/\">El tiempu (El Comercio)<\/a> <span class=\"post-date\">30\/01\/2026<\/span><\/li>\n<li><a href=\"https:\/\/edublog.educastur.es\/ixuxu\/2026\/01\/les-noticies-del-xueves-29-de-xineru-de-2026\/\">Les noticies del xueves 29 de xineru de 2026<\/a> <span class=\"post-date\">29\/01\/2026<\/span><\/li>\n<li><a href=\"https:\/\/edublog.educastur.es\/ixuxu\/2026\/01\/les-algues-coloraes-y-la-nieve-rosa-aceleren-el-destemple-de-lantartida\/\">Les algues coloraes y la nieve rosa\u2019 aceleren el destemple de l\u2019Ant\u00e1rtida<\/a> <span class=\"post-date\">29\/01\/2026<\/span><\/li>\n<li><a href=\"https:\/\/edublog.educastur.es\/ixuxu\/2026\/01\/el-raitan-vive-tol-anu-nel-nuesu-pais\/\">El rait\u00e1n vive tol a\u00f1u nel nuesu pa\u00eds.<\/a> <span class=\"post-date\">29\/01\/2026<\/span><\/li>\n<li><a href=\"https:\/\/edublog.educastur.es\/ixuxu\/2026\/01\/vehiculu-autonomu-defren-dandres\/\">\u00abVeh\u00edculu aut\u00f3nomu\u00bb d\u2019Efr\u00e9n d\u2019Andr\u00e9s<\/a> <span class=\"post-date\">29\/01\/2026<\/span><\/li>\n<li><a href=\"https:\/\/edublog.educastur.es\/ixuxu\/2026\/01\/65271\/\">(sin t\u00edtulo)<\/a> <span class=\"post-date\">29\/01\/2026<\/span><\/li>\n<li><a href=\"https:\/\/edublog.educastur.es\/ixuxu\/2026\/01\/como-pasar-un-bon-dia-na-nieve\/\">C\u00f3mo pasar un bon d\u00eda na nieve<\/a> <span class=\"post-date\">29\/01\/2026<\/span><\/li>\n<li><a href=\"https:\/\/edublog.educastur.es\/ixuxu\/2026\/01\/una-casa-premiu-darquitectura-otilio-garcia\/\">Una casa Premiu d\u2019Arquitectura Otilio Garc\u00eda<\/a> <span class=\"post-date\">29\/01\/2026<\/span><\/li>\n<li><a href=\"https:\/\/edublog.educastur.es\/ixuxu\/2026\/01\/acuta-la-fecha-que-tamos-de-vuelta\/\">Acuta la fecha que tamos de vuelta!<\/a> <span class=\"post-date\">29\/01\/2026<\/span><\/li>\n<li><a href=\"https:\/\/edublog.educastur.es\/ixuxu\/2026\/01\/65266\/\">(sin t\u00edtulo)<\/a> <span class=\"post-date\">29\/01\/2026<\/span><\/li>\n<li><a href=\"https:\/\/edublog.educastur.es\/ixuxu\/2026\/01\/celebrar-el-dia-de-la-muyer-y-la-nena-na-ciencia-nel-muxa\/\">Celebrar el D\u00eda de la Muyer y la Ne\u00f1a na Ciencia nel MUXA<\/a> <span class=\"post-date\">29\/01\/2026<\/span><\/li>\n<li><a href=\"https:\/\/edublog.educastur.es\/ixuxu\/2026\/01\/67005\/\">Y\u00e1 ta disponible en pdf el volume \u00abDiccionariu de la mazana, el pumar y la sidra\u00bb<\/a> <span class=\"post-date\">29\/01\/2026<\/span><\/li>\n<li><a href=\"https:\/\/edublog.educastur.es\/ixuxu\/2026\/01\/feten-la-feria-internacional-dartes-esceniques-para-nenos-nenes-y-families\/\">FETEN, la Feria Internacional d\u2019Artes Esc\u00e9niques para ne\u00f1os, ne\u00f1es y families<\/a> <span class=\"post-date\">29\/01\/2026<\/span><\/li>\n<li><a href=\"https:\/\/edublog.educastur.es\/ixuxu\/2026\/01\/67003\/\">Llega a Asturies una masa polar<\/a> <span class=\"post-date\">29\/01\/2026<\/span><\/li>\n<li><a href=\"https:\/\/edublog.educastur.es\/ixuxu\/2026\/01\/munches-nubes-guei-con-precipitaciones-mientres-la-tarde\/\">Munches nubes g\u00fcei, con precipitaciones mientres la tarde<\/a> <span class=\"post-date\">29\/01\/2026<\/span><\/li>\n<li><a href=\"https:\/\/edublog.educastur.es\/ixuxu\/2026\/01\/estau-del-tiempu-xueves-29-de-xineru-2026\/\">Est\u00e1u del tiempu: xueves 29 de xineru 2026<\/a> <span class=\"post-date\">29\/01\/2026<\/span><\/li>\n<li><a href=\"https:\/\/edublog.educastur.es\/ixuxu\/2026\/01\/el-tiempu-el-comercio-248\/\">El tiempu (El Comercio)<\/a> <span class=\"post-date\">29\/01\/2026<\/span><\/li>\n<li><a href=\"https:\/\/edublog.educastur.es\/ixuxu\/2026\/01\/67011\/\">Les noticies del miercoles 28 de xineru<\/a> <span class=\"post-date\">28\/01\/2026<\/span><\/li>\n<li><a href=\"https:\/\/edublog.educastur.es\/ixuxu\/2026\/01\/65160\/\">(sin t\u00edtulo)<\/a> <span class=\"post-date\">28\/01\/2026<\/span><\/li>\n<li><a href=\"https:\/\/edublog.educastur.es\/ixuxu\/2026\/01\/primeros-cartelos-dantroxu\/\">Primeros cartelos d\u2019Antroxu<\/a> <span class=\"post-date\">28\/01\/2026<\/span><\/li>\n<li><a href=\"https:\/\/edublog.educastur.es\/ixuxu\/2026\/01\/reescriben-la-hestoria-humana\/\">Reescriben la hestoria humana<\/a> <span class=\"post-date\">28\/01\/2026<\/span><\/li>\n<li><a href=\"https:\/\/edublog.educastur.es\/ixuxu\/2026\/01\/nuevos-materiales\/\">Nuevos materiales\u2026<\/a> <span class=\"post-date\">28\/01\/2026<\/span><\/li>\n<li><a href=\"https:\/\/edublog.educastur.es\/ixuxu\/2026\/01\/la-policia-nacional-realizo-esti-martes-con-esitu-un-simulacro\/\">La Polic\u00eda Nacional fai un simulacru d\u2019intervenci\u00f3n antiterrorista<\/a> <span class=\"post-date\">28\/01\/2026<\/span><\/li>\n<li><a href=\"https:\/\/edublog.educastur.es\/ixuxu\/2026\/01\/en-tapia-tierra-del-maiz-maixeira\/\">Naz \u2018Maixeira\u2019, un festival para conocer la hestoria del ma\u00edz<\/a> <span class=\"post-date\">28\/01\/2026<\/span><\/li>\n<li><a href=\"https:\/\/edublog.educastur.es\/ixuxu\/2026\/01\/charra-sobro-la-lliteratura-asturiana\/\">Charra sobro la lliteratura asturiana<\/a> <span class=\"post-date\">28\/01\/2026<\/span><\/li>\n<li><a href=\"https:\/\/edublog.educastur.es\/ixuxu\/2026\/01\/65262\/\">(sin t\u00edtulo)<\/a> <span class=\"post-date\">28\/01\/2026<\/span><\/li>\n<li><a href=\"https:\/\/edublog.educastur.es\/ixuxu\/2026\/01\/dia-mundial-pola-reduccion-demisiones-de-co2\/\">D\u00eda Mundial pola reducci\u00f3n d\u2019Emisiones de CO2<\/a> <span class=\"post-date\">28\/01\/2026<\/span><\/li>\n<li><a href=\"https:\/\/edublog.educastur.es\/ixuxu\/2026\/01\/66934\/\">Un tren d\u2019umbaes\/borrasques<\/a> <span class=\"post-date\">28\/01\/2026<\/span><\/li>\n<li><a href=\"https:\/\/edublog.educastur.es\/ixuxu\/2026\/01\/el-tiempu-el-comercio-247\/\">El tiempu (El Comercio)<\/a> <span class=\"post-date\">28\/01\/2026<\/span><\/li>\n<li><a href=\"https:\/\/edublog.educastur.es\/ixuxu\/2026\/01\/les-noticies-del-martes-27-de-xineru-de-2026-nasturianu\/\">Les noticies del martes 27 de xineru de 2026 n\u2019asturianu<\/a> <span class=\"post-date\">27\/01\/2026<\/span><\/li>\n<li><a href=\"https:\/\/edublog.educastur.es\/ixuxu\/2026\/01\/rtpa-estrena-paxina-web-mas-cenciella-moderna-y-accesible\/\">RTPA estrena p\u00e1xina web m\u00e1s cenciella, moderna y accesible<\/a> <span class=\"post-date\">27\/01\/2026<\/span><\/li>\n<li><a href=\"https:\/\/edublog.educastur.es\/ixuxu\/2026\/01\/66909\/\">(sin t\u00edtulo)<\/a> <span class=\"post-date\">27\/01\/2026<\/span><\/li>\n<li><a href=\"https:\/\/edublog.educastur.es\/ixuxu\/2026\/01\/diccionariu-de-la-mazana-el-pumar-y-la-sidra-pa-difundir-luniversu-llinguisticu-de-la-cultura-sidrera\/\">\u00abDiccionariu de la mazana, el pumar y la sidra\u00bb pa difundir l\u2019universu lling\u00fc\u00edsticu de la cultura sidrera<\/a> <span class=\"post-date\">27\/01\/2026<\/span><\/li>\n<li><a href=\"https:\/\/edublog.educastur.es\/ixuxu\/2026\/01\/dona-precisase-sangre-de-tolos-grupos-sanguineos\/\">Urxen donaciones de sangre n\u2019Asturies<\/a> <span class=\"post-date\">27\/01\/2026<\/span><\/li>\n<li><a href=\"https:\/\/edublog.educastur.es\/ixuxu\/2026\/01\/calendariu-ambiental-2026\/\">Calendariu ambiental 2026<\/a> <span class=\"post-date\">27\/01\/2026<\/span><\/li>\n<li><a href=\"https:\/\/edublog.educastur.es\/ixuxu\/2026\/01\/lartista-paula-noval-llogra-dellos-galardones-del-anuaria-doru\/\">L\u2019artista Paula Noval llogra dellos galardones del Anuaria d\u2019Oru<\/a> <span class=\"post-date\">27\/01\/2026<\/span><\/li>\n<li><a href=\"https:\/\/edublog.educastur.es\/ixuxu\/2026\/01\/cuantes-centrales-electriques-hai-nespana\/\">\u00bfCu\u00e1ntes centrales el\u00e9ctriques hai n\u2019Espa\u00f1a?<\/a> <span class=\"post-date\">27\/01\/2026<\/span><\/li>\n<li><a href=\"https:\/\/edublog.educastur.es\/ixuxu\/2026\/01\/el-principau-refuerza-la-formacion-docente-naxenda-2030-con-recursos-didacticos-para-actuar-ente-la-crisis-climatica\/\">El Princip\u00e1u refuerza la formaci\u00f3n docente n\u2019Axenda 2030 con recursos did\u00e1cticos<\/a> <span class=\"post-date\">27\/01\/2026<\/span><\/li>\n<li><a href=\"https:\/\/edublog.educastur.es\/ixuxu\/2026\/01\/craviotto-presental-documental-la-ruta-del-primera-kayak\/\">Craviotto presenta\u2019l documental \u2018La ruta del primera kayak\u2019<\/a> <span class=\"post-date\">27\/01\/2026<\/span><\/li>\n<li><a href=\"https:\/\/edublog.educastur.es\/ixuxu\/2026\/01\/foques-nes-sableres-de-l-luarca\/\">Foques nes sableres de L.luarca<\/a> <span class=\"post-date\">27\/01\/2026<\/span><\/li>\n<li><a href=\"https:\/\/edublog.educastur.es\/ixuxu\/2026\/01\/liviernu-tien-guardianes\/\">L\u2019iviernu tien guardianes.<\/a> <span class=\"post-date\">27\/01\/2026<\/span><\/li>\n<li><a href=\"https:\/\/edublog.educastur.es\/ixuxu\/2026\/01\/mapa-comarcal-de-la-despoblacion-y-espansion-nespana\/\">Mapa comarcal de la despoblaci\u00f3n y espansi\u00f3n n\u2019Espa\u00f1a<\/a> <span class=\"post-date\">27\/01\/2026<\/span><\/li>\n<li><a href=\"https:\/\/edublog.educastur.es\/ixuxu\/2026\/01\/i-edicion-de-fanmedia-con-un-festival-de-cultura-fan\/\">I edici\u00f3n de FanMedia Con, un festival de cultura fan, n\u2019Uvi\u00e9u<\/a> <span class=\"post-date\">27\/01\/2026<\/span><\/li>\n<li><a href=\"https:\/\/edublog.educastur.es\/ixuxu\/2026\/01\/siero-tien-ya-al-so-pitufina-ferroviaria\/\">Siero tien y\u00e1 al so pitufina ferroviaria.<\/a> <span class=\"post-date\">27\/01\/2026<\/span><\/li>\n<li><a href=\"https:\/\/edublog.educastur.es\/ixuxu\/2026\/01\/dia-internacional-del-conservador-restaurador\/\">D\u00eda Internacional del Conservador Restaurador<\/a> <span class=\"post-date\">27\/01\/2026<\/span><\/li>\n<li><a href=\"https:\/\/edublog.educastur.es\/ixuxu\/2026\/01\/66896\/\">D\u00eda de la Memoria del Holocaustu<\/a> <span class=\"post-date\">27\/01\/2026<\/span><\/li>\n<li><a href=\"https:\/\/edublog.educastur.es\/ixuxu\/2026\/01\/66882\/\">Procuru nos desplazamientos per carretera n\u2019Asturies<\/a> <span class=\"post-date\">27\/01\/2026<\/span><\/li>\n<li><a href=\"https:\/\/edublog.educastur.es\/ixuxu\/2026\/01\/paez-noruega-pero-ye-asturies\/\">Paez Noruega, pero ye Asturies<\/a> <span class=\"post-date\">27\/01\/2026<\/span><\/li>\n<li><a href=\"https:\/\/edublog.educastur.es\/ixuxu\/2026\/01\/estau-del-tiempu-martes-27-xineru\/\">Est\u00e1u del tiempu: martes 27 xineru<\/a> <span class=\"post-date\">27\/01\/2026<\/span><\/li>\n<li><a href=\"https:\/\/edublog.educastur.es\/ixuxu\/2026\/01\/el-tiempu-el-comercio-246\/\">El tiempu (El Comercio)<\/a> <span class=\"post-date\">27\/01\/2026<\/span><\/li>\n<li><a href=\"https:\/\/edublog.educastur.es\/ixuxu\/2026\/01\/66761\/\">(sin t\u00edtulo)<\/a> <span class=\"post-date\">26\/01\/2026<\/span><\/li>\n<li><a href=\"https:\/\/edublog.educastur.es\/ixuxu\/2026\/01\/nacho-vegas-estrena-vidas-semipreciosas-con-tres-cantares-nasturianu\/\">Nacho Vegas: \u2018Vidas semipreciosas\u2019, con tr\u00e9s cantares n\u2019asturianu<\/a> <span class=\"post-date\">26\/01\/2026<\/span><\/li>\n<li><a href=\"https:\/\/edublog.educastur.es\/ixuxu\/2026\/01\/este-yel-percorriu-del-eclis-solar-total-que-va-ser-visible-nespanal-12-dagostu-de-2026\/\">Este ye\u2019l percorr\u00edu del ecl\u00eds solar total del 12 d\u2019agostu<\/a> <span class=\"post-date\">26\/01\/2026<\/span><\/li>\n<li><a href=\"https:\/\/edublog.educastur.es\/ixuxu\/2026\/01\/presentamos-laltu-nalon-de-xuacu-amieva\/\">Presentamos \u201cL\u2019altu Nal\u00f3n\u201d de Xuacu Amieva<\/a> <span class=\"post-date\">26\/01\/2026<\/span><\/li>\n<li><a href=\"https:\/\/edublog.educastur.es\/ixuxu\/2026\/01\/conciertu-de-buir-en-grau-esti-sabadu\/\">Conciertu de BUIR en Grau, esti s\u00e1badu.<\/a> <span class=\"post-date\">26\/01\/2026<\/span><\/li>\n<li><a href=\"https:\/\/edublog.educastur.es\/ixuxu\/2026\/01\/besties-mitiques-de-la-peninsula-iberica\/\">Besties m\u00edtiques de la Pen\u00ednsula Ib\u00e9rica.<\/a> <span class=\"post-date\">26\/01\/2026<\/span><\/li>\n<li><a href=\"https:\/\/edublog.educastur.es\/ixuxu\/2026\/01\/la-mascota-de-la-asfurmeet\/\">Pola, la mascota de la AsFurMeet<\/a> <span class=\"post-date\">26\/01\/2026<\/span><\/li>\n<li><a href=\"https:\/\/edublog.educastur.es\/ixuxu\/2026\/01\/the-asturianer-77-mesma-tierra-mesmu-cielu\/\">The Asturianer 77: \u00abMesma tierra, mesmu cielu\u00bb<\/a> <span class=\"post-date\">26\/01\/2026<\/span><\/li>\n<li><a href=\"https:\/\/edublog.educastur.es\/ixuxu\/2026\/01\/les-riegles-del-ikigai-una-filosofia-xaponesa\/\">Les riegles del IKIGAI, una filosof\u00eda xaponesa<\/a> <span class=\"post-date\">26\/01\/2026<\/span><\/li>\n<li><a href=\"https:\/\/edublog.educastur.es\/ixuxu\/2026\/01\/enamoraes-del-remiendu\/\">Enamoraes d\u2019El Remiendu<\/a> <span class=\"post-date\">26\/01\/2026<\/span><\/li>\n<li><a href=\"https:\/\/edublog.educastur.es\/ixuxu\/2026\/01\/entretenimientu-por-efren-dandres\/\">\u00abEntretenimientu\u00bb, por Efr\u00e9n d\u2019Andr\u00e9s<\/a> <span class=\"post-date\">26\/01\/2026<\/span><\/li>\n<li><a href=\"https:\/\/edublog.educastur.es\/ixuxu\/2026\/01\/mas-versos-dasturies-de-pintar-pintar-editorial\/\">\u2018M\u00c1S VERSOS D\u2019ASTURIES\u2019 de Pintar-Pintar Editorial<\/a> <span class=\"post-date\">26\/01\/2026<\/span><\/li>\n<li><a href=\"https:\/\/edublog.educastur.es\/ixuxu\/2026\/01\/atapecer-de-llope\/\">\u00abAtapecer\u00bb de Llope<\/a> <span class=\"post-date\">26\/01\/2026<\/span><\/li>\n<li><a href=\"https:\/\/edublog.educastur.es\/ixuxu\/2026\/01\/66712\/\">(sin t\u00edtulo)<\/a> <span class=\"post-date\">26\/01\/2026<\/span><\/li>\n<li><a href=\"https:\/\/edublog.educastur.es\/ixuxu\/2026\/01\/dia-mundial-de-la-educacion-ambiental-5\/\">D\u00eda Mundial de la Educaci\u00f3n Ambiental<\/a> <span class=\"post-date\">26\/01\/2026<\/span><\/li>\n<li><a href=\"https:\/\/edublog.educastur.es\/ixuxu\/2026\/01\/les-umbaes-van-llegar-a-toa-velocida-con-agues-y-nevaes-intenses\/\">Les umbaes van llegar a toa velocid\u00e1 con ag\u00fces y nevaes intenses<\/a> <span class=\"post-date\">26\/01\/2026<\/span><\/li>\n<li><a href=\"https:\/\/edublog.educastur.es\/ixuxu\/2026\/01\/estau-del-tiempu-llunes-23-de-xineru\/\">Est\u00e1u del tiempu: llunes 26 de xineru<\/a> <span class=\"post-date\">26\/01\/2026<\/span><\/li>\n<li><a href=\"https:\/\/edublog.educastur.es\/ixuxu\/2026\/01\/el-tiempu-el-comercio-245\/\">El tiempu (El Comercio)<\/a> <span class=\"post-date\">26\/01\/2026<\/span><\/li>\n<li><a href=\"https:\/\/edublog.educastur.es\/ixuxu\/2026\/01\/les-noticies-del-domingu-25-de-xineru-de-2026-nasturianu\/\">Les noticies del domingu 25 de xineru de 2026 n\u2019asturianu<\/a> <span class=\"post-date\">25\/01\/2026<\/span><\/li>\n<li><a href=\"https:\/\/edublog.educastur.es\/ixuxu\/2026\/01\/marmoques\/\">\u00abMarmoques\u00bb, por Efr\u00e9n d\u2019Andr\u00e9s<\/a> <span class=\"post-date\">25\/01\/2026<\/span><\/li>\n<li><a href=\"https:\/\/edublog.educastur.es\/ixuxu\/2026\/01\/65237\/\">(sin t\u00edtulo)<\/a> <span class=\"post-date\">25\/01\/2026<\/span><\/li>\n<li><a href=\"https:\/\/edublog.educastur.es\/ixuxu\/2026\/01\/asturies-va-protagonizar-nel-2027-el-showcase-scotland-del-festival-celtic-connections\/\">Asturies va protagonizar nel 2027 el Showcase Scotland del festival Celtic Connections<\/a> <span class=\"post-date\">25\/01\/2026<\/span><\/li>\n<li><a href=\"https:\/\/edublog.educastur.es\/ixuxu\/2026\/01\/66680\/\">\u00abLa bala de Corvera\u00bb\u00a0 de bobsleigh.<\/a> <span class=\"post-date\">25\/01\/2026<\/span><\/li>\n<li><a href=\"https:\/\/edublog.educastur.es\/ixuxu\/2026\/01\/el-tiempu-el-comercio-244\/\">El tiempu (El Comercio)<\/a> <span class=\"post-date\">25\/01\/2026<\/span><\/li>\n<li><a href=\"https:\/\/edublog.educastur.es\/ixuxu\/2026\/01\/66691\/\">(sin t\u00edtulo)<\/a> <span class=\"post-date\">25\/01\/2026<\/span><\/li>\n<li><a href=\"https:\/\/edublog.educastur.es\/ixuxu\/2026\/01\/dos-puertos-zarraos-y-14-con-cadenes-na-rede-secundaria-de-carreteres-nasturies\/\">Dos puertos zarraos y 14 con cadenes<\/a> <span class=\"post-date\">25\/01\/2026<\/span><\/li>\n<li><a href=\"https:\/\/edublog.educastur.es\/ixuxu\/2026\/01\/iii-xixon-folk-2026\/\">III Xix\u00f3n Folk 2026<\/a> <span class=\"post-date\">24\/01\/2026<\/span><\/li>\n<li><a href=\"https:\/\/edublog.educastur.es\/ixuxu\/2026\/01\/les-noticies-del-sabadu-24-de-xineru-de-2026-nasturianu\/\">Les noticies del s\u00e1badu 24 de xineru de 2026 n\u2019asturianu<\/a> <span class=\"post-date\">24\/01\/2026<\/span><\/li>\n<li><a href=\"https:\/\/edublog.educastur.es\/ixuxu\/2026\/01\/el-xlix-festival-de-la-sidra-que-va-celebrar-en-naval-proximu-mes-de-xunetu\/\">El XLIX Festival de la Sidra, que va celebrar en Nava\u2019l pr\u00f3ximu mes de xunetu<\/a> <span class=\"post-date\">24\/01\/2026<\/span><\/li>\n<li><a href=\"https:\/\/edublog.educastur.es\/ixuxu\/2026\/01\/ye-esecial-recoyer-les-foques-cuando-lleguen-a-la-nuesa-marina\/\">Apaecen cuatro foques, una na sablera de Cadavedo<\/a> <span class=\"post-date\">24\/01\/2026<\/span><\/li>\n<li><a href=\"https:\/\/edublog.educastur.es\/ixuxu\/2026\/01\/66626\/\">Ingrid va dexar nieve per debaxo de 300 metros<\/a> <span class=\"post-date\">24\/01\/2026<\/span><\/li>\n<li><a href=\"https:\/\/edublog.educastur.es\/ixuxu\/2026\/01\/65387\/\">(sin t\u00edtulo)<\/a> <span class=\"post-date\">24\/01\/2026<\/span><\/li>\n<li><a href=\"https:\/\/edublog.educastur.es\/ixuxu\/2026\/01\/66646\/\">La OSPA presenta\u2019l so sestu conciertu: \u00abEl resplandor de Dvorak\u00bb<\/a> <span class=\"post-date\">24\/01\/2026<\/span><\/li>\n<li><a href=\"https:\/\/edublog.educastur.es\/ixuxu\/2026\/01\/resurdel-cortin-nasturies\/\">Resurde\u2019l cort\u00edn n\u2019Asturies<\/a> <span class=\"post-date\">24\/01\/2026<\/span><\/li>\n<li><a href=\"https:\/\/edublog.educastur.es\/ixuxu\/2026\/01\/entorno-crucial-na-salvacion-del-urogallo-pirenaicu\/\">Entorno crucial na salvaci\u00f3n del urogallo pirenaicu<\/a> <span class=\"post-date\">24\/01\/2026<\/span><\/li>\n<li><a href=\"https:\/\/edublog.educastur.es\/ixuxu\/2026\/01\/66613\/\">El multilling\u00fc\u00edsmu de la Uni\u00f3n Europea<\/a> <span class=\"post-date\">24\/01\/2026<\/span><\/li>\n<li><a href=\"https:\/\/edublog.educastur.es\/ixuxu\/2026\/01\/llingues-romances-neuropa\/\">Lling\u00fces romances n\u2019Europa<\/a> <span class=\"post-date\">24\/01\/2026<\/span><\/li>\n<li><a href=\"https:\/\/edublog.educastur.es\/ixuxu\/2026\/01\/66630\/\">Asturies vuelve tar nomada nos IV Premios de Llectores de Viaxes<\/a> <span class=\"post-date\">24\/01\/2026<\/span><\/li>\n<li><a href=\"https:\/\/edublog.educastur.es\/ixuxu\/2026\/01\/66601\/\">(sin t\u00edtulo)<\/a> <span class=\"post-date\">24\/01\/2026<\/span><\/li>\n<li><a href=\"https:\/\/edublog.educastur.es\/ixuxu\/2026\/01\/azebache-piedra-maxica\/\">Azebache, piedra m\u00e1xica<\/a> <span class=\"post-date\">24\/01\/2026<\/span><\/li>\n<li><a href=\"https:\/\/edublog.educastur.es\/ixuxu\/2026\/01\/el-principau-va-cuntar-anguano-cola-mayor-ufierta-de-places-arees-de-la-so-hestoria\/\">El Princip\u00e1u va cuntar angua\u00f1o cola mayor ufierta de places \u00e1rees de la so hestoria<\/a> <span class=\"post-date\">24\/01\/2026<\/span><\/li>\n<li><a href=\"https:\/\/edublog.educastur.es\/ixuxu\/2026\/01\/ciencia-dixitaliza-la-planta-dagricultura-minera-na-bocamina-de-carrio\/\">Ciencia dixitaliza la planta d\u2019agricultura minera na bocamina de Carrio<\/a> <span class=\"post-date\">24\/01\/2026<\/span><\/li>\n<li><a href=\"https:\/\/edublog.educastur.es\/ixuxu\/2026\/01\/sofa-y-manta\/\">Sof\u00e1 y manta\u2026<\/a> <span class=\"post-date\">24\/01\/2026<\/span><\/li>\n<li><a href=\"https:\/\/edublog.educastur.es\/ixuxu\/2026\/01\/calendariu-cientificu-escolar-2026\/\">Calendariu cient\u00edficu escolar 2026<\/a> <span class=\"post-date\">24\/01\/2026<\/span><\/li>\n<li><a href=\"https:\/\/edublog.educastur.es\/ixuxu\/2026\/01\/dia-internacional-de-la-educacion-5\/\">D\u00eda Internacional de la Educaci\u00f3n<\/a> <span class=\"post-date\">24\/01\/2026<\/span><\/li>\n<li><a href=\"https:\/\/edublog.educastur.es\/ixuxu\/2026\/01\/66563\/\">Avisos pal Princip\u00e1u d\u2019Asturies<\/a> <span class=\"post-date\">24\/01\/2026<\/span><\/li>\n<li><a href=\"https:\/\/edublog.educastur.es\/ixuxu\/2026\/01\/el-tiempu-el-comercio-243\/\">El tiempu (El Comercio)<\/a> <span class=\"post-date\">24\/01\/2026<\/span><\/li>\n<li><a href=\"https:\/\/edublog.educastur.es\/ixuxu\/2026\/01\/llunes-llenes-2026\/\">Llunes llenes 2026<\/a> <span class=\"post-date\">24\/01\/2026<\/span><\/li>\n<li><a href=\"https:\/\/edublog.educastur.es\/ixuxu\/2026\/01\/65132\/\">(sin t\u00edtulo)<\/a> <span class=\"post-date\">23\/01\/2026<\/span><\/li>\n<li><a href=\"https:\/\/edublog.educastur.es\/ixuxu\/2026\/01\/les-noticies-del-vienres-23-de-xineru-de-2026-nasturianu\/\">Les noticies del vienres 23 de xineru de 2026 n\u2019asturianu<\/a> <span class=\"post-date\">23\/01\/2026<\/span><\/li>\n<li><a href=\"https:\/\/edublog.educastur.es\/ixuxu\/2026\/01\/66659\/\">(sin t\u00edtulo)<\/a> <span class=\"post-date\">23\/01\/2026<\/span><\/li>\n<li><a href=\"https:\/\/edublog.educastur.es\/ixuxu\/2026\/01\/la-meyor-imaxe-deportiva-del-anu\/\">La meyor imaxe deportiva del a\u00f1u<\/a> <span class=\"post-date\">23\/01\/2026<\/span><\/li>\n<li><a href=\"https:\/\/edublog.educastur.es\/ixuxu\/2026\/01\/la-flautera-asturiana-de-17-anos-que-trunfa-a-nivel-nacional\/\">La flautera asturiana de 17 a\u00f1os que trunfa a nivel nacional<\/a> <span class=\"post-date\">23\/01\/2026<\/span><\/li>\n<li><a href=\"https:\/\/edublog.educastur.es\/ixuxu\/2026\/01\/esti-2026-ta-repletu-de-distintos-fenomenos-astronomicos\/\">Esti 2026 ta repletu de distintos fen\u00f3menos astron\u00f3micos<\/a> <span class=\"post-date\">23\/01\/2026<\/span><\/li>\n<li><a href=\"https:\/\/edublog.educastur.es\/ixuxu\/2026\/01\/66550\/\">La inmigraci\u00f3n n\u2019Espa\u00f1a<\/a> <span class=\"post-date\">23\/01\/2026<\/span><\/li>\n<li><a href=\"https:\/\/edublog.educastur.es\/ixuxu\/2026\/01\/66561\/\">(sin t\u00edtulo)<\/a> <span class=\"post-date\">23\/01\/2026<\/span><\/li>\n<li><a href=\"https:\/\/edublog.educastur.es\/ixuxu\/2026\/01\/los-humedales-claves-para-la-vida-diaria-de-millones-de-persones\/\">Los humedales, claves para la vida diaria de millones de persones<\/a> <span class=\"post-date\">23\/01\/2026<\/span><\/li>\n<li><a href=\"https:\/\/edublog.educastur.es\/ixuxu\/2026\/01\/xlvii-selmana-de-les-lletres\/\">XLVII Selmana de les Lletres<\/a> <span class=\"post-date\">23\/01\/2026<\/span><\/li>\n<li><a href=\"https:\/\/edublog.educastur.es\/ixuxu\/2026\/01\/dia-mundial-de-la-escritura-a-mano\/\">D\u00eda Mundial de la escritura a mano<\/a> <span class=\"post-date\">23\/01\/2026<\/span><\/li>\n<li><a href=\"https:\/\/edublog.educastur.es\/ixuxu\/2026\/01\/dicires-nasturianu-17\/\">Dicires n\u2019asturianu<\/a> <span class=\"post-date\">23\/01\/2026<\/span><\/li>\n<li><a href=\"https:\/\/edublog.educastur.es\/ixuxu\/2026\/01\/evitar-desplazamientos-per-carretera\/\">Evitar desplazamientos per carretera<\/a> <span class=\"post-date\">23\/01\/2026<\/span><\/li>\n<li><a href=\"https:\/\/edublog.educastur.es\/ixuxu\/2026\/01\/el-tiempu-el-comercio-242\/\">El tiempu (El Comercio)<\/a> <span class=\"post-date\">23\/01\/2026<\/span><\/li>\n<li><a href=\"https:\/\/edublog.educastur.es\/ixuxu\/2026\/01\/les-noticies-del-xueves-22-de-xineru-de-2026-nasturianu\/\">Les noticies del xueves 22 de xineru de 2026 n\u2019asturianu<\/a> <span class=\"post-date\">22\/01\/2026<\/span><\/li>\n<li><a href=\"https:\/\/edublog.educastur.es\/ixuxu\/2026\/01\/66410\/\">(sin t\u00edtulo)<\/a> <span class=\"post-date\">22\/01\/2026<\/span><\/li>\n<li><a href=\"https:\/\/edublog.educastur.es\/ixuxu\/2026\/01\/66509\/\">Est\u00e1u de los embalses\/banzaos n\u2019Asturies<\/a> <span class=\"post-date\">22\/01\/2026<\/span><\/li>\n<li><a href=\"https:\/\/edublog.educastur.es\/ixuxu\/2026\/01\/xuegu-el-camin-de-la-sidra-dasturies\/\">Xuegu \u00abEl Cam\u00edn de la Sidra d\u2019Asturies\u00bb<\/a> <span class=\"post-date\">22\/01\/2026<\/span><\/li>\n<li><a href=\"https:\/\/edublog.educastur.es\/ixuxu\/2026\/01\/celtic-guitar-from-asturias-ruben-bada\/\">Celtic guitar from Asturias, Rub\u00e9n Bada<\/a> <span class=\"post-date\">22\/01\/2026<\/span><\/li>\n<li><a href=\"https:\/\/edublog.educastur.es\/ixuxu\/2026\/01\/la-banda-sonora-de-maria-latores\/\">La Banda Sonora de Mar\u00eda Latores<\/a> <span class=\"post-date\">22\/01\/2026<\/span><\/li>\n<li><a href=\"https:\/\/edublog.educastur.es\/ixuxu\/2026\/01\/naz-cuevano-un-grupu-con-raiganu-y-voz-propia\/\">Naz Cu\u00e9vano, un grupu con raiga\u00f1u y voz propia<\/a> <span class=\"post-date\">22\/01\/2026<\/span><\/li>\n<li><a href=\"https:\/\/edublog.educastur.es\/ixuxu\/2026\/01\/leo-lasturianu-de-5-anos-que-ya-ye-una-promesa-gastronomica-en-youtube\/\">Leo, l\u2019asturianu de 5 a\u00f1os que y\u00e1 ye una promesa gastron\u00f3mica en Youtube<\/a> <span class=\"post-date\">22\/01\/2026<\/span><\/li>\n<li><a href=\"https:\/\/edublog.educastur.es\/ixuxu\/2026\/01\/un-asturianu-nominau-a-los-premios-goya-de-fotografia\/\">Un asturianu, nomin\u00e1u a los Premios Goya de fotograf\u00eda<\/a> <span class=\"post-date\">22\/01\/2026<\/span><\/li>\n<li><a href=\"https:\/\/edublog.educastur.es\/ixuxu\/2026\/01\/berta-pinan-ganal-premiu-nacional-de-lliteratura-asturiana\/\">Berta Pi\u00f1\u00e1n gana\u2019l Premiu Nacional de Lliteratura Asturiana<\/a> <span class=\"post-date\">22\/01\/2026<\/span><\/li>\n<li><a href=\"https:\/\/edublog.educastur.es\/ixuxu\/2026\/01\/cultura-convoca-ayudes-por-230-000-euros-para-la-normalizacion-del-asturianu-y-del-eonaviego\/\">Cultura convoca ayudes para la normalizaci\u00f3n del asturianu y del eonaviego<\/a> <span class=\"post-date\">22\/01\/2026<\/span><\/li>\n<li><a href=\"https:\/\/edublog.educastur.es\/ixuxu\/2026\/01\/65130\/\">(sin t\u00edtulo)<\/a> <span class=\"post-date\">22\/01\/2026<\/span><\/li>\n<li><a href=\"https:\/\/edublog.educastur.es\/ixuxu\/2026\/01\/xuventu-por-efren-dandres\/\">\u00abXuvent\u00fa\u00bb, por Efr\u00e9n d\u2019Andr\u00e9s<\/a> <span class=\"post-date\">22\/01\/2026<\/span><\/li>\n<li><a href=\"https:\/\/edublog.educastur.es\/ixuxu\/2026\/01\/el-tiempu-el-comercio-241\/\">El tiempu (El Comercio)<\/a> <span class=\"post-date\">22\/01\/2026<\/span><\/li>\n<li><a href=\"https:\/\/edublog.educastur.es\/ixuxu\/2026\/01\/ingrid-a-partir-del-vienres\/\">Ingrid, a partir del vienres<\/a> <span class=\"post-date\">22\/01\/2026<\/span><\/li>\n<li><a href=\"https:\/\/edublog.educastur.es\/ixuxu\/2026\/01\/amanecer-ente-siero-y-sariegu\/\">Amanecer ente Siero y Sariegu<\/a> <span class=\"post-date\">22\/01\/2026<\/span><\/li>\n<li><a href=\"https:\/\/edublog.educastur.es\/ixuxu\/2026\/01\/les-noticies-del-miercoles-21-de-xineru-de-2026-nasturianu\/\">Les noticies del mi\u00e9rcoles 21 de xineru de 2026 n\u2019asturianu<\/a> <span class=\"post-date\">21\/01\/2026<\/span><\/li>\n<li><a href=\"https:\/\/edublog.educastur.es\/ixuxu\/2026\/01\/66421\/\">M\u00e1s de la met\u00e1 del territoriu espa\u00f1ol ta cubiertu por superficie forestal<\/a> <span class=\"post-date\">21\/01\/2026<\/span><\/li>\n<li><a href=\"https:\/\/edublog.educastur.es\/ixuxu\/2026\/01\/fitur-asturies-sumase-al-respeturismo\/\">FITUR: Asturies s\u00famase al respeturismo.<\/a> <span class=\"post-date\">21\/01\/2026<\/span><\/li>\n<li><a href=\"https:\/\/edublog.educastur.es\/ixuxu\/2026\/01\/tiempu-de-pantalles-por-edaes\/\">Tiempu de pantalles por edaes<\/a> <span class=\"post-date\">21\/01\/2026<\/span><\/li>\n<li><a href=\"https:\/\/edublog.educastur.es\/ixuxu\/2026\/01\/lalfabetizacion-llogru-desti-sieglu\/\">L\u2019alfabetizaci\u00f3n: llogru d\u2019esti sieglu<\/a> <span class=\"post-date\">21\/01\/2026<\/span><\/li>\n<li><a href=\"https:\/\/edublog.educastur.es\/ixuxu\/2026\/01\/la-naturaleza-ufierta-respuestes-eficaces-a-la-crisis-climatica\/\">La naturaleza ufierta respuestes eficaces a la crisis clim\u00e1tica.<\/a> <span class=\"post-date\">21\/01\/2026<\/span><\/li>\n<li><a href=\"https:\/\/edublog.educastur.es\/ixuxu\/2026\/01\/tonelaes-de-plasticu-entren-al-mar\/\">Tonelaes de pl\u00e1sticu entren al mar<\/a> <span class=\"post-date\">21\/01\/2026<\/span><\/li>\n<li><a href=\"https:\/\/edublog.educastur.es\/ixuxu\/2026\/01\/2026-foi-declarau-anu-internacional-de-lagricultura\/\">2026 foi declar\u00e1u A\u00f1u Internacional de l\u2019Agricultura<\/a> <span class=\"post-date\">21\/01\/2026<\/span><\/li>\n<li><a href=\"https:\/\/edublog.educastur.es\/ixuxu\/2026\/01\/dia-internacional-del-abrazu-2\/\">D\u00eda Internacional del Abrazu<\/a> <span class=\"post-date\">21\/01\/2026<\/span><\/li>\n<li><a href=\"https:\/\/edublog.educastur.es\/ixuxu\/2026\/01\/dia-mundial-de-los-esguiles\/\">D\u00eda Mundial de los Esguiles<\/a> <span class=\"post-date\">21\/01\/2026<\/span><\/li>\n<li><a href=\"https:\/\/edublog.educastur.es\/ixuxu\/2026\/01\/el-tiempu-del-restu-de-xineru\/\">El tiempu del restu de xineru<\/a> <span class=\"post-date\">21\/01\/2026<\/span><\/li>\n<li><a href=\"https:\/\/edublog.educastur.es\/ixuxu\/2026\/01\/el-tiempu-el-comercio-240\/\">El tiempu (El Comercio)<\/a> <span class=\"post-date\">21\/01\/2026<\/span><\/li>\n<li><a href=\"https:\/\/edublog.educastur.es\/ixuxu\/2026\/01\/les-noticies-del-martes-20-de-xineru-de-2026-nasturianu\/\">Les noticies del martes 20 de xineru de 2026 n\u2019asturianu<\/a> <span class=\"post-date\">20\/01\/2026<\/span><\/li>\n<li><a href=\"https:\/\/edublog.educastur.es\/ixuxu\/2026\/01\/la-mayor-nube-solar-en-22-anos-tino-el-cielu-de-collorau-verde-y-mariellu\/\">La mayor nube solar en 22 a\u00f1os ti\u00f1\u00f3 el cielu de collor\u00e1u, verde y mariellu.<\/a> <span class=\"post-date\">20\/01\/2026<\/span><\/li>\n<li><a href=\"https:\/\/edublog.educastur.es\/ixuxu\/2026\/01\/los-museos-y-centros-culturales-consoliden-el-so-enclin-a-lalza\/\">Los museos y centros culturales consoliden el so encl\u00edn a l\u2019alza<\/a> <span class=\"post-date\">20\/01\/2026<\/span><\/li>\n<li><a href=\"https:\/\/edublog.educastur.es\/ixuxu\/2026\/01\/inaugurada-la-esposicion-dialogos-con-pinole-el-vaciu\/\">Inaugurada la esposici\u00f3n \u00abDi\u00e1logos con Pi\u00f1ole. El vac\u00edu\u00bb<\/a> <span class=\"post-date\">20\/01\/2026<\/span><\/li>\n<li><a href=\"https:\/\/edublog.educastur.es\/ixuxu\/2026\/01\/66341\/\">Tapia de Casariegu da la bienvenida a Maixeira 2026<\/a> <span class=\"post-date\">20\/01\/2026<\/span><\/li>\n<li><a href=\"https:\/\/edublog.educastur.es\/ixuxu\/2026\/01\/pel-hibiernu-el-botanicu-de-xixon-nun-duerme-despierta\/\">Pel hibiernu el bot\u00e1nicu de Xix\u00f3n nun duerme, despierta.<\/a> <span class=\"post-date\">20\/01\/2026<\/span><\/li>\n<li><a href=\"https:\/\/edublog.educastur.es\/ixuxu\/2026\/01\/escuela-rural-nasturies-na-decada-de-los-sesenta\/\">Escuela rural n\u2019Asturies, na d\u00e9cada de los sesenta.<\/a> <span class=\"post-date\">20\/01\/2026<\/span><\/li>\n<li><a href=\"https:\/\/edublog.educastur.es\/ixuxu\/2026\/01\/64864\/\">(sin t\u00edtulo)<\/a> <span class=\"post-date\">20\/01\/2026<\/span><\/li>\n<li><a href=\"https:\/\/edublog.educastur.es\/ixuxu\/2026\/01\/nuevu-recursu-educativu-l-apostrofacion-nasturianu\/\">L\u2019apostrofaci\u00f3n n\u2019asturianu<\/a> <span class=\"post-date\">20\/01\/2026<\/span><\/li>\n<li><a href=\"https:\/\/edublog.educastur.es\/ixuxu\/2026\/01\/margarita-salas-nel-cupon-del-once\/\">Margarita Salas, nel cup\u00f3n del ONCE<\/a> <span class=\"post-date\">20\/01\/2026<\/span><\/li>\n<li><a href=\"https:\/\/edublog.educastur.es\/ixuxu\/2026\/01\/dia-de-concienciacion-polos-pinguinos-2\/\">D\u00eda de Concienciaci\u00f3n polos Ping\u00fcinos<\/a> <span class=\"post-date\">20\/01\/2026<\/span><\/li>\n<li><a href=\"https:\/\/edublog.educastur.es\/ixuxu\/2026\/01\/el-tiempu-el-comercio-239\/\">El tiempu (El Comercio)<\/a> <span class=\"post-date\">20\/01\/2026<\/span><\/li>\n<li><a href=\"https:\/\/edublog.educastur.es\/ixuxu\/2026\/01\/66337\/\">Asturies ye Islandia per unos minutos<\/a> <span class=\"post-date\">19\/01\/2026<\/span><\/li>\n<li><a href=\"https:\/\/edublog.educastur.es\/ixuxu\/2026\/01\/les-noticies-del-llunes-19-de-xineru-de-2026-nasturianu\/\">Les noticies del llunes 19 de xineru de 2026 n\u2019asturianu<\/a> <span class=\"post-date\">19\/01\/2026<\/span><\/li>\n<li><a href=\"https:\/\/edublog.educastur.es\/ixuxu\/2026\/01\/conciertu-dhevia-nel-teatru-xovellanos-de-xixo-en-mayu\/\">Conciertu d\u2019Hevia, nel Teatru Xovellanos de Xix\u00f3n, en mayu<\/a> <span class=\"post-date\">19\/01\/2026<\/span><\/li>\n<li><a href=\"https:\/\/edublog.educastur.es\/ixuxu\/2026\/01\/66278\/\">(sin t\u00edtulo)<\/a> <span class=\"post-date\">19\/01\/2026<\/span><\/li>\n<li><a href=\"https:\/\/edublog.educastur.es\/ixuxu\/2026\/01\/presentacion-de-les-nominaciones-a-los-premios-amas-2025\/\">Presentaci\u00f3n de les nominaciones a los Premios AMAS 2026<\/a> <span class=\"post-date\">19\/01\/2026<\/span><\/li>\n<li><a href=\"https:\/\/edublog.educastur.es\/ixuxu\/2026\/01\/filandon-diviernu-en-grau-con-paz-mesa\/\">Filand\u00f3n d\u2019iviernu, en Grau, con Paz Mesa<\/a> <span class=\"post-date\">19\/01\/2026<\/span><\/li>\n<li><a href=\"https:\/\/edublog.educastur.es\/ixuxu\/2026\/01\/esmolecimientu-por-efren-dandres\/\">\u00abEsmolecimientu\u00bb por Efr\u00e9n d\u2019Andr\u00e9s<\/a> <span class=\"post-date\">19\/01\/2026<\/span><\/li>\n<li><a href=\"https:\/\/edublog.educastur.es\/ixuxu\/2026\/01\/64847\/\">(sin t\u00edtulo)<\/a> <span class=\"post-date\">19\/01\/2026<\/span><\/li>\n<li><a href=\"https:\/\/edublog.educastur.es\/ixuxu\/2026\/01\/the-asturianer-76-la-vera-del-nalon\/\">The Asturianer 76: \u00abLa vera del Nal\u00f3n\u00bb<\/a> <span class=\"post-date\">19\/01\/2026<\/span><\/li>\n<li><a href=\"https:\/\/edublog.educastur.es\/ixuxu\/2026\/01\/el-tiempu-el-comercio-238\/\">El tiempu (El Comercio)<\/a> <span class=\"post-date\">19\/01\/2026<\/span><\/li>\n<li><a href=\"https:\/\/edublog.educastur.es\/ixuxu\/2026\/01\/gran-afluencia-a-les-estaciones-desqui-asturianes-nel-dia-de-la-neve\/\">Gran afluencia a les estaciones d\u2019esqu\u00ed asturianes nel d\u00eda de la \u00f1eve<\/a> <span class=\"post-date\">18\/01\/2026<\/span><\/li>\n<li><a href=\"https:\/\/edublog.educastur.es\/ixuxu\/2026\/01\/peques-de-la-banda-de-gaites-de-xixon\/\">Peques de la Banda de gaites de Xix\u00f3n<\/a> <span class=\"post-date\">18\/01\/2026<\/span><\/li>\n<li><a href=\"https:\/\/edublog.educastur.es\/ixuxu\/2026\/01\/cantar-oxnax-asturies-del-artista-oxnax\/\">\u00abOxnax Asturies\u00bb del artista Oxnax<\/a> <span class=\"post-date\">18\/01\/2026<\/span><\/li>\n<li><a href=\"https:\/\/edublog.educastur.es\/ixuxu\/2026\/01\/66229\/\">El \u00abfood truck\u00bb que trunfa nun monte asturianu con \u00abtortoburguers\u00bb<\/a> <span class=\"post-date\">18\/01\/2026<\/span><\/li>\n<li><a href=\"https:\/\/edublog.educastur.es\/ixuxu\/2026\/01\/pola-salu-mental-2\/\">Pola sal\u00fa mental<\/a> <span class=\"post-date\">18\/01\/2026<\/span><\/li>\n<li><a href=\"https:\/\/edublog.educastur.es\/ixuxu\/2026\/01\/los-tyrannosaurus-rex-vivieron-mas-de-lo-que-se-pensaba\/\">Los Tyrannosaurus rex vivieron m\u00e1s de lo que se pensaba<\/a> <span class=\"post-date\">18\/01\/2026<\/span><\/li>\n<li><a href=\"https:\/\/edublog.educastur.es\/ixuxu\/2026\/01\/65122\/\">(sin t\u00edtulo)<\/a> <span class=\"post-date\">18\/01\/2026<\/span><\/li>\n<li><a href=\"https:\/\/edublog.educastur.es\/ixuxu\/2026\/01\/refraneru\/\">Refraneru<\/a> <span class=\"post-date\">18\/01\/2026<\/span><\/li>\n<li><a href=\"https:\/\/edublog.educastur.es\/ixuxu\/2026\/01\/66167\/\">(sin t\u00edtulo)<\/a> <span class=\"post-date\">18\/01\/2026<\/span><\/li>\n<li><a href=\"https:\/\/edublog.educastur.es\/ixuxu\/2026\/01\/la-meyor-casadiella-del-mundu-en-felechosa\/\">La meyor casadiella del mundu, en Felechosa<\/a> <span class=\"post-date\">18\/01\/2026<\/span><\/li>\n<li><a href=\"https:\/\/edublog.educastur.es\/ixuxu\/2026\/01\/exemplu-de-proyectu-educativu-quutiliza-la-musica-como-ferramienta-contra-lacoso-escolar\/\">Exemplu de proyectu educativu qu\u2019utiliza la m\u00fasica como ferramienta contra l\u2019acoso escolar.<\/a> <span class=\"post-date\">18\/01\/2026<\/span><\/li>\n<li><a href=\"https:\/\/edublog.educastur.es\/ixuxu\/2026\/01\/el-procesu-detras-de-cloud-dancer-y-otru-colores\/\">El procesu detr\u00e1s de \u2018Cloud Dancer\u2019 y otru colores<\/a> <span class=\"post-date\">18\/01\/2026<\/span><\/li>\n<li><a href=\"https:\/\/edublog.educastur.es\/ixuxu\/2026\/01\/recordamos-a-nicanor-pinole-gran-pintor-asturianu\/\">Recordamos a Nicanor Pi\u00f1ole, gran pintor asturianu<\/a> <span class=\"post-date\">18\/01\/2026<\/span><\/li>\n<li><a href=\"https:\/\/edublog.educastur.es\/ixuxu\/2026\/01\/espectacular-episodiu-de-defensa-del-territoriu-ente-la-aguila-imperial-iberica-y-el-foin\/\">Espectacular episodiu de defensa del territoriu ente la \u00e1guila imperial ib\u00e9rica y el fo\u00edn<\/a> <span class=\"post-date\">18\/01\/2026<\/span><\/li>\n<li><a href=\"https:\/\/edublog.educastur.es\/ixuxu\/2026\/01\/65105\/\">(sin t\u00edtulo)<\/a> <span class=\"post-date\">18\/01\/2026<\/span><\/li>\n<li><a href=\"https:\/\/edublog.educastur.es\/ixuxu\/2026\/01\/dia-mundial-de-la-neve\/\">D\u00eda Mundial de la \u00d1eve<\/a> <span class=\"post-date\">18\/01\/2026<\/span><\/li>\n<li><a href=\"https:\/\/edublog.educastur.es\/ixuxu\/2026\/01\/la-nieve-complical-pasu-pol-puertu-payares\/\">La nieve complica\u2019l pasu pol Puertu Payares<\/a> <span class=\"post-date\">18\/01\/2026<\/span><\/li>\n<li><a href=\"https:\/\/edublog.educastur.es\/ixuxu\/2026\/01\/el-tiempu-el-comercio-237\/\">El tiempu (El Comercio)<\/a> <span class=\"post-date\">18\/01\/2026<\/span><\/li>\n<li><a href=\"https:\/\/edublog.educastur.es\/ixuxu\/2026\/01\/rexones-del-hemisferiu-norte-con-presencia-de-permafrost\/\">Rexones del hemisferiu norte con presencia de permafrost<\/a> <span class=\"post-date\">18\/01\/2026<\/span><\/li>\n<li><a href=\"https:\/\/edublog.educastur.es\/ixuxu\/2026\/01\/larticu-y-la-antartida-les-rexones-polares-con-diferencies-fundamentales\/\">L\u2019\u00c1rticu y la Ant\u00e1rtida, les rexones polares con diferencies fundamentales.<\/a> <span class=\"post-date\">17\/01\/2026<\/span><\/li>\n<li><a href=\"https:\/\/edublog.educastur.es\/ixuxu\/2026\/01\/tpa-domingu-18-xineru-a-les-1915-hores\/\">Especial Domingu de Sidros, ma\u00f1ana, a les 19:15 hores na TPA<\/a> <span class=\"post-date\">17\/01\/2026<\/span><\/li>\n<li><a href=\"https:\/\/edublog.educastur.es\/ixuxu\/2026\/01\/bones-noticies-para-los-oceanos\/\">Bones noticies para los oc\u00e9anos.<\/a> <span class=\"post-date\">17\/01\/2026<\/span><\/li>\n<li><a href=\"https:\/\/edublog.educastur.es\/ixuxu\/2026\/01\/ferla-megia-nueva-confirmacion-asturiana-pal-festival-interceltique-de-lorient\/\">Ferla Meg\u00eda, nueva confirmaci\u00f3n asturiana pal Festival Interceltique de Lorient<\/a> <span class=\"post-date\">17\/01\/2026<\/span><\/li>\n<li><a href=\"https:\/\/edublog.educastur.es\/ixuxu\/2026\/01\/asturias-de-victor-manuel\/\">\u00abAsturias\u00bb de V\u00edctor Manuel<\/a> <span class=\"post-date\">17\/01\/2026<\/span><\/li>\n<li><a href=\"https:\/\/edublog.educastur.es\/ixuxu\/2026\/01\/el-pueblu-dasturies-que-national-geographic-encamienta-para-una-escapada-inolvidable\/\">El pueblu d\u2019Asturies que National Geographic encamienta para una escapada inolvidable.<\/a> <span class=\"post-date\">17\/01\/2026<\/span><\/li>\n<li><a href=\"https:\/\/edublog.educastur.es\/ixuxu\/2026\/01\/la-rula-de-xixon-puyo-en-2025-la-meta-del-pescau-vendiu-nasturies\/\">La rula de Xix\u00f3n puy\u00f3 en 2025 la met\u00e1 del pesc\u00e1u vend\u00edu n\u2019Asturies<\/a> <span class=\"post-date\">17\/01\/2026<\/span><\/li>\n<li><a href=\"https:\/\/edublog.educastur.es\/ixuxu\/2026\/01\/64839\/\">(sin t\u00edtulo)<\/a> <span class=\"post-date\">17\/01\/2026<\/span><\/li>\n<li><a href=\"https:\/\/edublog.educastur.es\/ixuxu\/2026\/01\/lasociacion-galban-cumple-25-anos\/\">L\u2019Asociaci\u00f3n Galb\u00e1n cumple 25 a\u00f1os.<\/a> <span class=\"post-date\">17\/01\/2026<\/span><\/li>\n<li><a href=\"https:\/\/edublog.educastur.es\/ixuxu\/2026\/01\/calendariu-ambiental\/\">Calendariu Ambiental<\/a> <span class=\"post-date\">17\/01\/2026<\/span><\/li>\n<li><a href=\"https:\/\/edublog.educastur.es\/ixuxu\/2026\/01\/curiar-lagua-pa-curiar-el-mediu-ambiente\/\">Curiar l\u2019agua pa curiar el mediu ambiente<\/a> <span class=\"post-date\">17\/01\/2026<\/span><\/li>\n<li><a href=\"https:\/\/edublog.educastur.es\/ixuxu\/2026\/01\/labeya-maya-a-les-10-na-tpa\/\">L\u2019Abeya Maya, a les 10, na TPA<\/a> <span class=\"post-date\">17\/01\/2026<\/span><\/li>\n<li><a href=\"https:\/\/edublog.educastur.es\/ixuxu\/2026\/01\/66097\/\">Cultura invierte 80.000 euros nes obres de La Foncalada<\/a> <span class=\"post-date\">16\/01\/2026<\/span><\/li>\n<li><a href=\"https:\/\/edublog.educastur.es\/ixuxu\/2026\/01\/65115\/\">(sin t\u00edtulo)<\/a> <span class=\"post-date\">16\/01\/2026<\/span><\/li>\n<li><a href=\"https:\/\/edublog.educastur.es\/ixuxu\/2026\/01\/grupu-picos-deuropa\/\">Cantar \u201cLa mi mozuca\u201d de Melendi a gaita<\/a> <span class=\"post-date\">16\/01\/2026<\/span><\/li>\n<li><a href=\"https:\/\/edublog.educastur.es\/ixuxu\/2026\/01\/mochileros-esta-nueche-en-tpa\/\">Mochileros, esta nueche en TPA<\/a> <span class=\"post-date\">16\/01\/2026<\/span><\/li>\n<li><a href=\"https:\/\/edublog.educastur.es\/ixuxu\/2026\/01\/66082\/\">XLIV Certame del Quesu Afuega\u2019l Pitu y concursu casadielles<\/a> <span class=\"post-date\">16\/01\/2026<\/span><\/li>\n<li><a href=\"https:\/\/edublog.educastur.es\/ixuxu\/2026\/01\/64779\/\">(sin t\u00edtulo)<\/a> <span class=\"post-date\">16\/01\/2026<\/span><\/li>\n<li><a href=\"https:\/\/edublog.educastur.es\/ixuxu\/2026\/01\/dia-internacional-de-la-croqueta-2\/\">D\u00eda Internacional de la croqueta<\/a> <span class=\"post-date\">16\/01\/2026<\/span><\/li>\n<li><a href=\"https:\/\/edublog.educastur.es\/ixuxu\/2026\/01\/saludpublica-activa-guei-vienres-el-nivel-riesgu-baxo-de-lalerta-por-baxes-temperatures\/\">SaludPublica activa\u2019l nivel (riesgu baxo) de l\u2019alerta por baxes temperatures<\/a> <span class=\"post-date\">16\/01\/2026<\/span><\/li>\n<li><a href=\"https:\/\/edublog.educastur.es\/ixuxu\/2026\/01\/peligru-nel-monte-pal-fin-de-selmana\/\">Peligru nel monte pal fin de selmana<\/a> <span class=\"post-date\">16\/01\/2026<\/span><\/li>\n<li><a href=\"https:\/\/edublog.educastur.es\/ixuxu\/2026\/01\/tiempu-nespana\/\">Tiempu n\u2019Espa\u00f1a<\/a> <span class=\"post-date\">16\/01\/2026<\/span><\/li>\n<li><a href=\"https:\/\/edublog.educastur.es\/ixuxu\/2026\/01\/el-tiempu-el-comercio-236\/\">El tiempu (El Comercio)<\/a> <span class=\"post-date\">16\/01\/2026<\/span><\/li>\n<li><a href=\"https:\/\/edublog.educastur.es\/ixuxu\/2026\/01\/les-noticies-del-vienres-15-de-xineru-en-2026\/\">Les noticies del vienres 15 de Xineru en 2026<\/a> <span class=\"post-date\">15\/01\/2026<\/span><\/li>\n<li><a href=\"https:\/\/edublog.educastur.es\/ixuxu\/2026\/01\/descensu-de-la-cai-galiana-sabad14-febreru\/\">Descensu de la cai Galiana: s\u00e1badu 14 febreru<\/a> <span class=\"post-date\">15\/01\/2026<\/span><\/li>\n<li><a href=\"https:\/\/edublog.educastur.es\/ixuxu\/2026\/01\/65112\/\">(sin t\u00edtulo)<\/a> <span class=\"post-date\">15\/01\/2026<\/span><\/li>\n<li><a href=\"https:\/\/edublog.educastur.es\/ixuxu\/2026\/01\/rexones-etnollinguistiques-dominantes-neuropa-nel-anu-100-a-c\/\">Rexones etnolling\u00fc\u00edstiques dominantes n\u2019Europa nel a\u00f1u 100 a.C.<\/a> <span class=\"post-date\">15\/01\/2026<\/span><\/li>\n<li><a href=\"https:\/\/edublog.educastur.es\/ixuxu\/2026\/01\/el-desconociu-pueblu-dasturies-con-mas-obres-darte-quhabitantes-villaoril\/\">El desconoc\u00edu pueblu d\u2019Asturies con m\u00e1s obres d\u2019arte qu\u2019habitantes: Villaoril<\/a> <span class=\"post-date\">15\/01\/2026<\/span><\/li>\n<li><a href=\"https:\/\/edublog.educastur.es\/ixuxu\/2026\/01\/deporte-daltor-nos-alpes-italianos\/\">Deporte d\u2019altor nos Alpes italianos<\/a> <span class=\"post-date\">15\/01\/2026<\/span><\/li>\n<li><a href=\"https:\/\/edublog.educastur.es\/ixuxu\/2026\/01\/66002\/\">El gaiteru nip\u00f3n Koji Koji Moheji<\/a> <span class=\"post-date\">15\/01\/2026<\/span><\/li>\n<li><a href=\"https:\/\/edublog.educastur.es\/ixuxu\/2026\/01\/mitoloxia-por-maestrin-astur\/\">\u00abMitolox\u00eda \u00bb por Maestr\u00edn Astur<\/a> <span class=\"post-date\">15\/01\/2026<\/span><\/li>\n<li><a href=\"https:\/\/edublog.educastur.es\/ixuxu\/2026\/01\/percepcion-por-efren-dandres\/\">Percepci\u00f3n, por Efr\u00e9n d\u2019Andr\u00e9s<\/a> <span class=\"post-date\">15\/01\/2026<\/span><\/li>\n<li><a href=\"https:\/\/edublog.educastur.es\/ixuxu\/2026\/01\/campana-cuisadin-que-vou-dentro\/\">Campa\u00f1a: \u00abCuidad\u00edn, que vou dentro\u00bb<\/a> <span class=\"post-date\">15\/01\/2026<\/span><\/li>\n<li><a href=\"https:\/\/edublog.educastur.es\/ixuxu\/2026\/01\/coru-animavoices-naviles-el-24-de-xineru\/\">Coru AnimaVoices n\u2019Avil\u00e9s, el 24 de xineru<\/a> <span class=\"post-date\">15\/01\/2026<\/span><\/li>\n<li><a href=\"https:\/\/edublog.educastur.es\/ixuxu\/2026\/01\/66037\/\">Xuegu: \u00abEl cam\u00edn de la sidra d\u2019Asturies\u00bb<\/a> <span class=\"post-date\">15\/01\/2026<\/span><\/li>\n<li><a href=\"https:\/\/edublog.educastur.es\/ixuxu\/2026\/01\/presentacion-estand-y-la-programacion-quel-principau-lleva-a-fitur-2026\/\">Presentaci\u00f3n estand y la programaci\u00f3n que\u2019l Princip\u00e1u lleva a FITUR 2026<\/a> <span class=\"post-date\">15\/01\/2026<\/span><\/li>\n<li><a href=\"https:\/\/edublog.educastur.es\/ixuxu\/2026\/01\/65773\/\">Un stand cola forma de Santa Mar\u00eda del Naranco, apueste d\u2019Uvi\u00e9u en Fitur<\/a> <span class=\"post-date\">15\/01\/2026<\/span><\/li>\n<li><a href=\"https:\/\/edublog.educastur.es\/ixuxu\/2026\/01\/abrio-guei-la-escuelina-los-nuberinos-en-xixon-sur\/\">Abri\u00f3 g\u00fcei la escuelina Los Nuberinos, en Xix\u00f3n Sur<\/a> <span class=\"post-date\">15\/01\/2026<\/span><\/li>\n<li><a href=\"https:\/\/edublog.educastur.es\/ixuxu\/2026\/01\/queden-menos-de-7-meses-para-leclis-total-de-sol\/\">\u00a1Queden menos de 7 meses para l\u2019ecl\u00eds total de Sol<\/a> <span class=\"post-date\">15\/01\/2026<\/span><\/li>\n<li><a href=\"https:\/\/edublog.educastur.es\/ixuxu\/2026\/01\/el-tiempu-el-comercio-235\/\">El tiempu (El Comercio)<\/a> <span class=\"post-date\">15\/01\/2026<\/span><\/li>\n<li><a href=\"https:\/\/edublog.educastur.es\/ixuxu\/2026\/01\/el-xueves-una-cicloxenesis\/\">El xueves, una ciclox\u00e9nesis<\/a> <span class=\"post-date\">14\/01\/2026<\/span><\/li>\n<li><a href=\"https:\/\/edublog.educastur.es\/ixuxu\/2026\/01\/las-noticies-del-miercoles-14-de-xineru-del-2026-en-asturianu\/\">Les noticies del mi\u00e9rcoles 14 de Xineru del 2026<\/a> <span class=\"post-date\">14\/01\/2026<\/span><\/li>\n<li><a href=\"https:\/\/edublog.educastur.es\/ixuxu\/2026\/01\/unu-de-los-arboles-mas-pimpanos-dasturies\/\">Unu de los \u00e1rboles m\u00e1s pimpanos d\u2019Asturies: El texu de Bermiego<\/a> <span class=\"post-date\">14\/01\/2026<\/span><\/li>\n<li><a href=\"https:\/\/edublog.educastur.es\/ixuxu\/2026\/01\/tiempu-2025-foi-un-anu-desaxeradamente-templau\/\">Tiempu: 2025 foi un a\u00f1u desaxeradamente templ\u00e1u<\/a> <span class=\"post-date\">14\/01\/2026<\/span><\/li>\n<li><a href=\"https:\/\/edublog.educastur.es\/ixuxu\/2026\/01\/fusion-de-fueyes-moraes\/\">Fusi\u00f3n de fueyes moraes.<\/a> <span class=\"post-date\">14\/01\/2026<\/span><\/li>\n<li><a href=\"https:\/\/edublog.educastur.es\/ixuxu\/2026\/01\/mas-ayudes-pa-la-proteccion-conservacion-y-difusion-del-patrimoniu-cultural-asturianu\/\">M\u00e1s ayudes pa la protecci\u00f3n, conservaci\u00f3n y difusi\u00f3n del patrimoniu cultural asturianu.<\/a> <span class=\"post-date\">14\/01\/2026<\/span><\/li>\n<li><a href=\"https:\/\/edublog.educastur.es\/ixuxu\/2026\/01\/subvenciones-pa-la-difusion-estudiu-y-puesta-en-valor-del-patrimoniu-cultural-asturianu\/\">Subvenciones pal patrimoniu cultural asturianu<\/a> <span class=\"post-date\">14\/01\/2026<\/span><\/li>\n<li><a href=\"https:\/\/edublog.educastur.es\/ixuxu\/2026\/01\/antroxu-en-danza-en-la-benefica\/\">\u00abAntroxu en danza\u00bb en La Ben\u00e9fica<\/a> <span class=\"post-date\">14\/01\/2026<\/span><\/li>\n<li><a href=\"https:\/\/edublog.educastur.es\/ixuxu\/2026\/01\/la-llegada-dun-tiburon-foca-xenera-una-gran-espectacion-cientifica\/\">La llegada d\u2019un tibur\u00f3n foca xenera una gran espectaci\u00f3n cient\u00edfica.<\/a> <span class=\"post-date\">14\/01\/2026<\/span><\/li>\n<li><a href=\"https:\/\/edublog.educastur.es\/ixuxu\/2026\/01\/el-tiburon-foca-yera-una-madre-embarazada\/\">El tibur\u00f3n foca yera una madre embarazada.<\/a> <span class=\"post-date\">14\/01\/2026<\/span><\/li>\n<li><a href=\"https:\/\/edublog.educastur.es\/ixuxu\/2026\/01\/apaez-muertu-un-tiburon-foca-na-sablera-de-l-luarca\/\">Apaez muertu un tibur\u00f3n foca na sablera de L.luarca<\/a> <span class=\"post-date\">14\/01\/2026<\/span><\/li>\n<li><a href=\"https:\/\/edublog.educastur.es\/ixuxu\/2026\/01\/alarma-na-mina-doles\/\">Alarma na mina d\u2019Oles<\/a> <span class=\"post-date\">14\/01\/2026<\/span><\/li>\n<li><a href=\"https:\/\/edublog.educastur.es\/ixuxu\/2026\/01\/65939\/\">(sin t\u00edtulo)<\/a> <span class=\"post-date\">14\/01\/2026<\/span><\/li>\n<li><a href=\"https:\/\/edublog.educastur.es\/ixuxu\/2026\/01\/64775\/\">(sin t\u00edtulo)<\/a> <span class=\"post-date\">14\/01\/2026<\/span><\/li>\n<li><a href=\"https:\/\/edublog.educastur.es\/ixuxu\/2026\/01\/el-tiempu-el-comercio-234\/\">El tiempu (El Comercio)<\/a> <span class=\"post-date\">14\/01\/2026<\/span><\/li>\n<li><a href=\"https:\/\/edublog.educastur.es\/ixuxu\/2026\/01\/agresiones-a-los-mayestros-nes-aules\/\">Clima de conflictivid\u00e1 nes aules<\/a> <span class=\"post-date\">13\/01\/2026<\/span><\/li>\n<li><a href=\"https:\/\/edublog.educastur.es\/ixuxu\/2026\/01\/la-superficie-quemada-nasturies-la-mas-elevada-dende-2020\/\">La superficie quemada n\u2019Asturies, la m\u00e1s elevada dende 2020<\/a> <span class=\"post-date\">13\/01\/2026<\/span><\/li>\n<li><a href=\"https:\/\/edublog.educastur.es\/ixuxu\/2026\/01\/30-aniversariu-da-irmandade-das-estrelas-de-carlos-nunez\/\">30 aniversariu d\u2019A Irmandade das Estrelas, de Carlos N\u00fa\u00f1ez<\/a> <span class=\"post-date\">13\/01\/2026<\/span><\/li>\n<li><a href=\"https:\/\/edublog.educastur.es\/ixuxu\/2026\/01\/meyores-albumes-y-singles-de-2025-nasturies\/\">Meyores \u00e1lbumes y singles de 2025 n\u2019Asturies<\/a> <span class=\"post-date\">13\/01\/2026<\/span><\/li>\n<li><a href=\"https:\/\/edublog.educastur.es\/ixuxu\/2026\/01\/65894\/\">Asturies hiperconect\u00e1o cola Tarxeta Conecta<\/a> <span class=\"post-date\">13\/01\/2026<\/span><\/li>\n<li><a href=\"https:\/\/edublog.educastur.es\/ixuxu\/2026\/01\/les-madrenes-el-calzau-asturianu\/\">Les Madre\u00f1es, el calzau asturianu.<\/a> <span class=\"post-date\">13\/01\/2026<\/span><\/li>\n<li><a href=\"https:\/\/edublog.educastur.es\/ixuxu\/2026\/01\/apoyu-a-fontes-diviernu-pa-reforciar-el-so-interes-deportivu-y-turisticu\/\">Apoyu a Fontes d\u2019Iviernu pa reforciar el so inter\u00e9s deportivu y tur\u00edsticu<\/a> <span class=\"post-date\">13\/01\/2026<\/span><\/li>\n<li><a href=\"https:\/\/edublog.educastur.es\/ixuxu\/2026\/01\/dia-mundial-de-la-llucha-contra-la-depresion\/\">D\u00eda Mundial de la Llucha contra la Depresi\u00f3n<\/a> <span class=\"post-date\">13\/01\/2026<\/span><\/li>\n<li><a href=\"https:\/\/edublog.educastur.es\/ixuxu\/2026\/01\/estau-del-tiempu-martes-13-xineru\/\">Est\u00e1u del tiempu: martes 13 xineru<\/a> <span class=\"post-date\">13\/01\/2026<\/span><\/li>\n<li><a href=\"https:\/\/edublog.educastur.es\/ixuxu\/2026\/01\/el-tiempu-el-comercio-233\/\">El tiempu (El Comercio)<\/a> <span class=\"post-date\">13\/01\/2026<\/span><\/li>\n<li><a href=\"https:\/\/edublog.educastur.es\/ixuxu\/2026\/01\/64773\/\">(sin t\u00edtulo)<\/a> <span class=\"post-date\">13\/01\/2026<\/span><\/li>\n<li><a href=\"https:\/\/edublog.educastur.es\/ixuxu\/2026\/01\/les-noticies-del-llunes-12-de-xineru-de-2026-nasturianu-tpanoticies\/\">Les noticies del llunes 12 de xineru de 2026 n\u2019asturianu #TPANoticies<\/a> <span class=\"post-date\">12\/01\/2026<\/span><\/li>\n<li><a href=\"https:\/\/edublog.educastur.es\/ixuxu\/2026\/01\/atapecer-de-xineru-en-xixon\/\">Atapecer de xineru en Xix\u00f3n<\/a> <span class=\"post-date\">12\/01\/2026<\/span><\/li>\n<li><a href=\"https:\/\/edublog.educastur.es\/ixuxu\/2026\/01\/prindando-la-meyor-semeya\/\">(sin t\u00edtulo)<\/a> <span class=\"post-date\">12\/01\/2026<\/span><\/li>\n<li><a href=\"https:\/\/edublog.educastur.es\/ixuxu\/2026\/01\/the-asturianer-75-lalitud-43\/\">The Asturianer 75: \u00abLalitud 43\u00bb<\/a> <span class=\"post-date\">12\/01\/2026<\/span><\/li>\n<li><a href=\"https:\/\/edublog.educastur.es\/ixuxu\/2026\/01\/meyor-noticia-pal-asturianu-de-2025\/\">Meyor Noticia pal Asturianu de 2025<\/a> <span class=\"post-date\">12\/01\/2026<\/span><\/li>\n<li><a href=\"https:\/\/edublog.educastur.es\/ixuxu\/2026\/01\/conferencia-les-mazcaraes-diviernu-nasturies\/\">Conferencia \u00abLes mazcar\u00e1es d\u2019iviernu n\u2019Asturies\u00bb<\/a> <span class=\"post-date\">12\/01\/2026<\/span><\/li>\n<li><a href=\"https:\/\/edublog.educastur.es\/ixuxu\/2026\/01\/el-solin-pel-hibierno-de-llan-de-cubel\/\">\u00abEl sol\u00edn pel hibierno\u00bb de Llan de Cubel<\/a> <span class=\"post-date\">12\/01\/2026<\/span><\/li>\n<li><a href=\"https:\/\/edublog.educastur.es\/ixuxu\/2026\/01\/vuelvel-filandon-agora-diviernu\/\">Vuelve\u2019l filand\u00f3n\u2026 agora d\u2019iviernu<\/a> <span class=\"post-date\">12\/01\/2026<\/span><\/li>\n<li><a href=\"https:\/\/edublog.educastur.es\/ixuxu\/2026\/01\/torna-asi-se-baila-domingu-18-xineru\/\">Torna \u00a1AS\u00cd SE BAILA! Domingu 18 xineru<\/a> <span class=\"post-date\">12\/01\/2026<\/span><\/li>\n<li><a href=\"https:\/\/edublog.educastur.es\/ixuxu\/2026\/01\/robu-complicau\/\">\u00abRobu complic\u00e1u\u00bb d\u2019Efr\u00e9n d\u2019Andr\u00e9s<\/a> <span class=\"post-date\">12\/01\/2026<\/span><\/li>\n<li><a href=\"https:\/\/edublog.educastur.es\/ixuxu\/2026\/01\/naz-nace-larena-music-experience-un-festival-pa-finales-de-xunetu\/\">Naz \u00abNace L\u2019Arena Music Experience\u00bb un festival pa finales de xunetu<\/a> <span class=\"post-date\">12\/01\/2026<\/span><\/li>\n<li><a href=\"https:\/\/edublog.educastur.es\/ixuxu\/2026\/01\/64769\/\">(sin t\u00edtulo)<\/a> <span class=\"post-date\">12\/01\/2026<\/span><\/li>\n<li><a href=\"https:\/\/edublog.educastur.es\/ixuxu\/2026\/01\/tpa-estrena-esti-martes-dia-13-de-xineru-forxando-hestoria\/\">TPA estrena esti martes, d\u00eda 13 de xineru, \u2018Forxando hestoria\u2019<\/a> <span class=\"post-date\">12\/01\/2026<\/span><\/li>\n<li><a href=\"https:\/\/edublog.educastur.es\/ixuxu\/2026\/01\/cantar-que-prestosu-lantroxu-maestrin-astur\/\">Cantar: \u00abQu\u00e9 prestosu l\u2019Antroxu\u00bb<\/a> <span class=\"post-date\">12\/01\/2026<\/span><\/li>\n<li><a href=\"https:\/\/edublog.educastur.es\/ixuxu\/2026\/01\/los-dos-capitulos-de-labeya-maya-nasturianu-desta-selmana\/\">L\u2019Abeya Maya n\u2019asturianu d\u2019esta selmana<\/a> <span class=\"post-date\">12\/01\/2026<\/span><\/li>\n<li><a href=\"https:\/\/edublog.educastur.es\/ixuxu\/2026\/01\/65610\/\">Cantar \u00abSaludamos n\u2019asturianu\u00bb de Rapacina<\/a> <span class=\"post-date\">12\/01\/2026<\/span><\/li>\n<li><a href=\"https:\/\/edublog.educastur.es\/ixuxu\/2026\/01\/entel-llunes-y-el-miercoles-un-frente-va-partir-agues-per-media-espana\/\">Ente\u2019l llunes y el mi\u00e9rcoles un frente va partir ag\u00fces per media Espa\u00f1a<\/a> <span class=\"post-date\">12\/01\/2026<\/span><\/li>\n<li><a href=\"https:\/\/edublog.educastur.es\/ixuxu\/2026\/01\/estau-del-tiempu-llunes-12-de-xineru-2026\/\">Est\u00e1u del tiempu: llunes 12 de xineru 2026<\/a> <span class=\"post-date\">12\/01\/2026<\/span><\/li>\n<li><a href=\"https:\/\/edublog.educastur.es\/ixuxu\/2026\/01\/les-noticies-del-domingu-11-de-xineru-de-2026-nasturianu-tpanoticies\/\">Les noticies del domingu 11 de xineru de 2026 n\u2019asturianu #TPANoticies<\/a> <span class=\"post-date\">11\/01\/2026<\/span><\/li>\n<li><a href=\"https:\/\/edublog.educastur.es\/ixuxu\/2026\/01\/tpa-dar-xuegu-deportes-y-xuegos-tradicionales-dasturies\/\">TPA: \u00abDar xuegu\u00bb, deportes y xuegos tradicionales d\u2019Asturies<\/a> <span class=\"post-date\">11\/01\/2026<\/span><\/li>\n<li><a href=\"https:\/\/edublog.educastur.es\/ixuxu\/2026\/01\/nuevu-programa-dasturies-na-tpa\/\">Nuevu programa d\u2019Asturies na TPA<\/a> <span class=\"post-date\">11\/01\/2026<\/span><\/li>\n<li><a href=\"https:\/\/edublog.educastur.es\/ixuxu\/2026\/01\/xuntanza-na-tpa-2\/\">\u00abXuntanza\u00bb na TPA<\/a> <span class=\"post-date\">11\/01\/2026<\/span><\/li>\n<li><a href=\"https:\/\/edublog.educastur.es\/ixuxu\/2026\/01\/65785\/\">(sin t\u00edtulo)<\/a> <span class=\"post-date\">11\/01\/2026<\/span><\/li>\n<li><a href=\"https:\/\/edublog.educastur.es\/ixuxu\/2026\/01\/panera-de-mediaos-del-sieglu-xix\/\">Panera de mediaos del sieglu XIX, estilu Carre\u00f1o<\/a> <span class=\"post-date\">11\/01\/2026<\/span><\/li>\n<li><a href=\"https:\/\/edublog.educastur.es\/ixuxu\/2026\/01\/la-lluna-y-les-lluces-del-norte-vistes-al-travies-duna-cueva-glaciar-nislandia\/\">La lluna y les lluces del norte vistes al travi\u00e9s d\u2019una cueva glaciar n\u2019Islandia<\/a> <span class=\"post-date\">11\/01\/2026<\/span><\/li>\n<li><a href=\"https:\/\/edublog.educastur.es\/ixuxu\/2026\/01\/ensin-espana-el-mundu-nun-seria-el-mesmu\/\">Ensin Espa\u00f1a, el mundu nun ser\u00eda el mesmu<\/a> <span class=\"post-date\">11\/01\/2026<\/span><\/li>\n<li><a href=\"https:\/\/edublog.educastur.es\/ixuxu\/2026\/01\/lasociacion-galban-espera-una-participacion-record-na-proxima-carrera\/\">L\u2019Asociaci\u00f3n Galb\u00e1n espera una participaci\u00f3n r\u00e9cord na pr\u00f3xima carrera<\/a> <span class=\"post-date\">11\/01\/2026<\/span><\/li>\n<li><a href=\"https:\/\/edublog.educastur.es\/ixuxu\/2026\/01\/amenorgar-el-plasticu-ye-protexer-la-vida-nel-mar\/\">Amenorgar el pl\u00e1sticu ye protexer la vida nel mar<\/a> <span class=\"post-date\">11\/01\/2026<\/span><\/li>\n<li><a href=\"https:\/\/edublog.educastur.es\/ixuxu\/2026\/01\/domingu-de-sidros-y-comedies-en-valdesoto-2\/\">Domingu de Sidros y Comedies en Valdesoto<\/a> <span class=\"post-date\">11\/01\/2026<\/span><\/li>\n<li><a href=\"https:\/\/edublog.educastur.es\/ixuxu\/2026\/01\/64767\/\">(sin t\u00edtulo)<\/a> <span class=\"post-date\">11\/01\/2026<\/span><\/li>\n<li><a href=\"https:\/\/edublog.educastur.es\/ixuxu\/2026\/01\/el-presidente-del-principau-visital-papa-leon-xiv\/\">El presidente del Princip\u00e1u visita\u2019l Papa Le\u00f3n XIV<\/a> <span class=\"post-date\">11\/01\/2026<\/span><\/li>\n<li><a href=\"https:\/\/edublog.educastur.es\/ixuxu\/2026\/01\/dia-internacional-de-les-aves\/\">D\u00eda Internacional de les Aves<\/a> <span class=\"post-date\">11\/01\/2026<\/span><\/li>\n<li><a href=\"https:\/\/edublog.educastur.es\/ixuxu\/2026\/01\/el-tiempu-el-comercio-232\/\">El tiempu (El Comercio)<\/a> <span class=\"post-date\">11\/01\/2026<\/span><\/li>\n<li><a href=\"https:\/\/edublog.educastur.es\/ixuxu\/2026\/01\/les-noticies-del-sabadu-10-de-xineru-de-2026-nasturianu-tpanoticies\/\">Les noticies del s\u00e1badu 10 de xineru de 2026 n\u2019asturianu #TPANoticies<\/a> <span class=\"post-date\">10\/01\/2026<\/span><\/li>\n<li><a href=\"https:\/\/edublog.educastur.es\/ixuxu\/2026\/01\/los-groenlandeses-nun-quieren-ser-americanos\/\">Los groenlandeses nun quieren ser americanos<\/a> <span class=\"post-date\">10\/01\/2026<\/span><\/li>\n<li><a href=\"https:\/\/edublog.educastur.es\/ixuxu\/2026\/01\/65740\/\">En \u2018Nun me chisques\u2019, entrevista de g\u00fcei<\/a> <span class=\"post-date\">10\/01\/2026<\/span><\/li>\n<li><a href=\"https:\/\/edublog.educastur.es\/ixuxu\/2026\/01\/conciertu-10o-aniversariu-gaiteros-del-carbon\/\">Conciertu 10\u00ba aniversariu \u00abGaiteros del carb\u00f3n\u00bb<\/a> <span class=\"post-date\">10\/01\/2026<\/span><\/li>\n<li><a href=\"https:\/\/edublog.educastur.es\/ixuxu\/2026\/01\/la-socieda-espanola-de-nutricion-senc-actualizol-so-guia-dalimentacion-saludable\/\">La SENC actualiz\u00f3\u2019l so gu\u00eda d\u2019alimentaci\u00f3n saludable<\/a> <span class=\"post-date\">10\/01\/2026<\/span><\/li>\n<li><a href=\"https:\/\/edublog.educastur.es\/ixuxu\/2026\/01\/la-ciuda-nel-mar-cantar-ep-lluminaria-del-grupu-la-ciuda-nel-mar\/\">EP \u2018Lluminaria\u2019 del grupu \u00abLa Ciud\u00e1 nel Mar\u00bb<\/a> <span class=\"post-date\">10\/01\/2026<\/span><\/li>\n<li><a href=\"https:\/\/edublog.educastur.es\/ixuxu\/2026\/01\/el-juan-sebastian-del-cano-pela-mar\/\">El Juan Sebasti\u00e1n d\u2019El Cano, pela mar<\/a> <span class=\"post-date\">10\/01\/2026<\/span><\/li>\n<li><a href=\"https:\/\/edublog.educastur.es\/ixuxu\/2026\/01\/65633\/\">(sin t\u00edtulo)<\/a> <span class=\"post-date\">10\/01\/2026<\/span><\/li>\n<li><a href=\"https:\/\/edublog.educastur.es\/ixuxu\/2026\/01\/xx-capitulu-de-la-confreria-damigos-de-los-nabos-en-la-foz-de-morcin\/\">XX Cap\u00edtulu de la Confrer\u00eda d\u2019Amigos de los Nabos en La\u00a0Foz de Morc\u00edn.<\/a> <span class=\"post-date\">10\/01\/2026<\/span><\/li>\n<li><a href=\"https:\/\/edublog.educastur.es\/ixuxu\/2026\/01\/un-fascinante-viaxe-al-mundu-del-quesu-nasturies\/\">Un fascinante viaxe al mundu del quesu\u2026 n\u2019Asturies<\/a> <span class=\"post-date\">10\/01\/2026<\/span><\/li>\n<li><a href=\"https:\/\/edublog.educastur.es\/ixuxu\/2026\/01\/groenlandia-y-lantartida-pierden-xelu\/\">Groenlandia y L\u2019Ant\u00e1rtida pierden xelu\u2026<\/a> <span class=\"post-date\">10\/01\/2026<\/span><\/li>\n<li><a href=\"https:\/\/edublog.educastur.es\/ixuxu\/2026\/01\/repunante-2\/\">\u00abRepunante\u00bb<\/a> <span class=\"post-date\">10\/01\/2026<\/span><\/li>\n<li><a href=\"https:\/\/edublog.educastur.es\/ixuxu\/2026\/01\/damos-valor-a-lo-esencial-cuando-falta\/\">Damos valor a lo esencial cuando falta<\/a> <span class=\"post-date\">10\/01\/2026<\/span><\/li>\n<li><a href=\"https:\/\/edublog.educastur.es\/ixuxu\/2026\/01\/65590\/\">(sin t\u00edtulo)<\/a> <span class=\"post-date\">10\/01\/2026<\/span><\/li>\n<li><a href=\"https:\/\/edublog.educastur.es\/ixuxu\/2026\/01\/el-doblaxe-de-labeya-maya-al-asturianu-pa-rtpa-llaborioso-abondo-pero-da-munches-satisfacciones\/\">El doblaxe de L\u2019Abeya Maya al asturianu pa RTPA, llaborioso abondo pero da munches satisfacciones.<\/a> <span class=\"post-date\">10\/01\/2026<\/span><\/li>\n<li><a href=\"https:\/\/edublog.educastur.es\/ixuxu\/2026\/01\/la-espicha\/\">\u00abLa espicha\u00bb<\/a> <span class=\"post-date\">10\/01\/2026<\/span><\/li>\n<li><a href=\"https:\/\/edublog.educastur.es\/ixuxu\/2026\/01\/65680\/\">(sin t\u00edtulo)<\/a> <span class=\"post-date\">10\/01\/2026<\/span><\/li>\n<li><a href=\"https:\/\/edublog.educastur.es\/ixuxu\/2026\/01\/2026-anu-internacional-de-los-pacionales-y-el-pastores\/\">2026: A\u00f1u Internacional de los Pacionales y el Pastores.<\/a> <span class=\"post-date\">10\/01\/2026<\/span><\/li>\n<li><a href=\"https:\/\/edublog.educastur.es\/ixuxu\/2026\/01\/lanu-hidroloxicu-en-cursu-presenta-un-calter-bien-secu\/\">L\u2019a\u00f1u hidrol\u00f3xicu en cursu presenta un calter bien secu<\/a> <span class=\"post-date\">10\/01\/2026<\/span><\/li>\n<li><a href=\"https:\/\/edublog.educastur.es\/ixuxu\/2026\/01\/si-esta-fin-de-selmana-vas-salir-al-monte\/\">Si esta fin de selmana vas salir al monte\u2026<\/a> <span class=\"post-date\">10\/01\/2026<\/span><\/li>\n<li><a href=\"https:\/\/edublog.educastur.es\/ixuxu\/2026\/01\/la-proxima-selmana-va-ser-lluviosa\/\">La pr\u00f3xima selmana va ser lluviosa<\/a> <span class=\"post-date\">10\/01\/2026<\/span><\/li>\n<li><a href=\"https:\/\/edublog.educastur.es\/ixuxu\/2026\/01\/el-tiempu-el-comercio-231\/\">El tiempu (El Comercio)<\/a> <span class=\"post-date\">10\/01\/2026<\/span><\/li>\n<li><a href=\"https:\/\/edublog.educastur.es\/ixuxu\/2026\/01\/65631\/\">(sin t\u00edtulo)<\/a> <span class=\"post-date\">10\/01\/2026<\/span><\/li>\n<li><a href=\"https:\/\/edublog.educastur.es\/ixuxu\/2026\/01\/les-noticies-del-vienres-9-de-xineru-de-2026-nasturianu-tpanoticies-2\/\">Les noticies del vienres 9 de xineru de 2026 n\u2019asturianu #TPANoticies<\/a> <span class=\"post-date\">09\/01\/2026<\/span><\/li>\n<li><a href=\"https:\/\/edublog.educastur.es\/ixuxu\/2026\/01\/que-significo-y-que-significa-guei-el-maiz-para-la-nuesa-tierra\/\">\u00bfQu\u00e9 signific\u00f3 y qu\u00e9 significa g\u00fcei el ma\u00edz para la nuesa tierra?<\/a> <span class=\"post-date\">09\/01\/2026<\/span><\/li>\n<li><a href=\"https:\/\/edublog.educastur.es\/ixuxu\/2026\/01\/65604\/\">Valgrande-Payares, motor econ\u00f3micu y tur\u00edsticu del valle de L.lena<\/a> <span class=\"post-date\">09\/01\/2026<\/span><\/li>\n<li><a href=\"https:\/\/edublog.educastur.es\/ixuxu\/2026\/01\/distribucion-de-lagua-na-tierra\/\">Distribuci\u00f3n de l\u2019agua na Tierra<\/a> <span class=\"post-date\">09\/01\/2026<\/span><\/li>\n<li><a href=\"https:\/\/edublog.educastur.es\/ixuxu\/2026\/01\/tasa-de-desempleu-por-comunidaes-autonomes\/\">Tasa de desempl\u00e9u por comunidaes aut\u00f3nomes<\/a> <span class=\"post-date\">09\/01\/2026<\/span><\/li>\n<li><a href=\"https:\/\/edublog.educastur.es\/ixuxu\/2026\/01\/65582\/\">Cursu nuevu d\u2019asturianu p\u2019adultos<\/a> <span class=\"post-date\">09\/01\/2026<\/span><\/li>\n<li><a href=\"https:\/\/edublog.educastur.es\/ixuxu\/2026\/01\/adrian-apicultor-nos-montes-asturianos\/\">Adri\u00e1n, apicultor selvaxe nos montes asturianos<\/a> <span class=\"post-date\">09\/01\/2026<\/span><\/li>\n<li><a href=\"https:\/\/edublog.educastur.es\/ixuxu\/2026\/01\/60862\/\">(sin t\u00edtulo)<\/a> <span class=\"post-date\">09\/01\/2026<\/span><\/li>\n<li><a href=\"https:\/\/edublog.educastur.es\/ixuxu\/2026\/01\/alumnau-xixones-aprienden-de-comunicacion-y-alderiquen-sobro-los-terminos-virales\/\">Alumn\u00e1u xixon\u00e9s apriende de comunicaci\u00f3n y alderiquen sobro los t\u00e9rminos virales<\/a> <span class=\"post-date\">09\/01\/2026<\/span><\/li>\n<li><a href=\"https:\/\/edublog.educastur.es\/ixuxu\/2026\/01\/125-aniversariu-de-ramon-de-campoamor\/\">125 aniversariu de Ram\u00f3n de Campoamor<\/a> <span class=\"post-date\">09\/01\/2026<\/span><\/li>\n<li><a href=\"https:\/\/edublog.educastur.es\/ixuxu\/2026\/01\/estau-del-tiempu-vienres-9-de-xineru-2026\/\">Est\u00e1u del tiempu: vienres 9 de xineru 2026<\/a> <span class=\"post-date\">09\/01\/2026<\/span><\/li>\n<li><a href=\"https:\/\/edublog.educastur.es\/ixuxu\/2026\/01\/el-tiempu-el-comercio-230\/\">El tiempu (El Comercio)<\/a> <span class=\"post-date\">09\/01\/2026<\/span><\/li>\n<li><a href=\"https:\/\/edublog.educastur.es\/ixuxu\/2026\/01\/les-noticies-del-xueves-8-de-xineru-de-2026-nasturianu-tpanoticies\/\">Les noticies del xueves 8 de xineru de 2026 n\u2019asturianu #TPANoticies<\/a> <span class=\"post-date\">08\/01\/2026<\/span><\/li>\n<li><a href=\"https:\/\/edublog.educastur.es\/ixuxu\/2026\/01\/65511\/\">Avisu naranxa por fen\u00f3menos costeros n\u2019Asturies<\/a> <span class=\"post-date\">08\/01\/2026<\/span><\/li>\n<li><a href=\"https:\/\/edublog.educastur.es\/ixuxu\/2026\/01\/65495\/\">(sin t\u00edtulo)<\/a> <span class=\"post-date\">08\/01\/2026<\/span><\/li>\n<li><a href=\"https:\/\/edublog.educastur.es\/ixuxu\/2026\/01\/la-collecha-lliteraria-de-2025-en-30-titulos-pa-tolos-gustos\/\">La collecha lliteraria de 2025 en 30 t\u00edtulos pa tolos gustos<\/a> <span class=\"post-date\">08\/01\/2026<\/span><\/li>\n<li><a href=\"https:\/\/edublog.educastur.es\/ixuxu\/2026\/01\/ana-solis-na-entrega-de-los-premios-lhorru-del-carbayedo\/\">Ana Sol\u00eds, na entrega de los premios L\u2019horru d\u2019El Carbayedo<\/a> <span class=\"post-date\">08\/01\/2026<\/span><\/li>\n<li><a href=\"https:\/\/edublog.educastur.es\/ixuxu\/2026\/01\/subvenciones-pa-la-creacion-lliteraria-de-2026\/\">Subvenciones pa la creaci\u00f3n lliteraria de 2026 nes lling\u00fces d\u2019Asturies<\/a> <span class=\"post-date\">08\/01\/2026<\/span><\/li>\n<li><a href=\"https:\/\/edublog.educastur.es\/ixuxu\/2026\/01\/conciertu-de-gaiteros-del-carbon\/\">Conciertu de \u00abGaiteros del carb\u00f3n\u00bb<\/a> <span class=\"post-date\">08\/01\/2026<\/span><\/li>\n<li><a href=\"https:\/\/edublog.educastur.es\/ixuxu\/2026\/01\/los-sidros-en-valdesoto-esti-domingu-13-de-xineru\/\">Los Sidros, en Valdesoto, el domingu 13 de xineru<\/a> <span class=\"post-date\">08\/01\/2026<\/span><\/li>\n<li><a href=\"https:\/\/edublog.educastur.es\/ixuxu\/2026\/01\/os-reises-del-valledor-2\/\">Os Reises del Valledor<\/a> <span class=\"post-date\">08\/01\/2026<\/span><\/li>\n<li><a href=\"https:\/\/edublog.educastur.es\/ixuxu\/2026\/01\/65476\/\">(sin t\u00edtulo)<\/a> <span class=\"post-date\">08\/01\/2026<\/span><\/li>\n<li><a href=\"https:\/\/edublog.educastur.es\/ixuxu\/2026\/01\/cantar-facemos-una-conga-de-pop-piquinin\/\">Cantar \u00abFacemos una conga\u00bb de Pop Piqui\u00f1\u00edn<\/a> <span class=\"post-date\">08\/01\/2026<\/span><\/li>\n<li><a href=\"https:\/\/edublog.educastur.es\/ixuxu\/2026\/01\/el-manglar-duvieu-acueye-actuaciones-musicales-nesti-primer-trimestre\/\">El Manglar d\u2019Uvi\u00e9u acueye actuaciones musicales nesti primer trimestre<\/a> <span class=\"post-date\">08\/01\/2026<\/span><\/li>\n<li><a href=\"https:\/\/edublog.educastur.es\/ixuxu\/2026\/01\/eda-media-de-la-poblacion-nespana\/\">Datos sobro la poblaci\u00f3n n\u2019Espa\u00f1a<\/a> <span class=\"post-date\">08\/01\/2026<\/span><\/li>\n<li><a href=\"https:\/\/edublog.educastur.es\/ixuxu\/2026\/01\/resiliencia-2\/\">\u00abResiliencia\u00bb<\/a> <span class=\"post-date\">08\/01\/2026<\/span><\/li>\n<li><a href=\"https:\/\/edublog.educastur.es\/ixuxu\/2026\/01\/asina-yel-papel-electronicu\/\">Asina ye\u2019l papel electr\u00f3nicu<\/a> <span class=\"post-date\">08\/01\/2026<\/span><\/li>\n<li><a href=\"https:\/\/edublog.educastur.es\/ixuxu\/2026\/01\/estaos-xunios-yel-tercer-pais-mas-grande-del-mundu\/\">Estaos Xun\u00edos ye\u2019l tercer pa\u00eds m\u00e1s grande del mundu.<\/a> <span class=\"post-date\">08\/01\/2026<\/span><\/li>\n<li><a href=\"https:\/\/edublog.educastur.es\/ixuxu\/2026\/01\/por-que-groenlandia-ye-tan-acobiciada\/\">Donald Trump quier quedase con Groenlandia<\/a> <span class=\"post-date\">08\/01\/2026<\/span><\/li>\n<li><a href=\"https:\/\/edublog.educastur.es\/ixuxu\/2026\/01\/lalfareria\/\">L\u2019alfarer\u00eda, unu de los oficios m\u00e1s practicaos a lo llargo de la hestoria de los homes<\/a> <span class=\"post-date\">08\/01\/2026<\/span><\/li>\n<li><a href=\"https:\/\/edublog.educastur.es\/ixuxu\/2026\/01\/selito-referente-imprescindible-de-lalfareria-tradicional-de-faro\/\">\u201cSelito\u201d, referente imprescindible de l\u2019alfarer\u00eda tradicional de Faro<\/a> <span class=\"post-date\">08\/01\/2026<\/span><\/li>\n<li><a href=\"https:\/\/edublog.educastur.es\/ixuxu\/2026\/01\/adios-a-selito-lalma-de-la-ceramica-de-faro\/\">Adi\u00f3s a \u2018Selito\u2019, l\u2019alma de la cer\u00e1mica de Faro.\u00a0<\/a> <span class=\"post-date\">08\/01\/2026<\/span><\/li>\n<li><a href=\"https:\/\/edublog.educastur.es\/ixuxu\/2026\/01\/65842\/\">(sin t\u00edtulo)<\/a> <span class=\"post-date\">08\/01\/2026<\/span><\/li>\n<li><a href=\"https:\/\/edublog.educastur.es\/ixuxu\/2026\/01\/calendariu-tiempu-de-muyeres-muyeres-nel-tiempu-2026\/\">Calendariu: \u00abTiempu de muyeres, muyeres nel tiempu\u00bb 2026<\/a> <span class=\"post-date\">08\/01\/2026<\/span><\/li>\n<li><a href=\"https:\/\/edublog.educastur.es\/ixuxu\/2026\/01\/esti-iviernu-ta-al-reves-pop-piquinin\/\">\u00abEsti iviernu ta al rev\u00e9s\u00bb (Pop Piqui\u00f1\u00edn)<\/a> <span class=\"post-date\">08\/01\/2026<\/span><\/li>\n<li><a href=\"https:\/\/edublog.educastur.es\/ixuxu\/2026\/01\/xeres-pa-furrular-liviernu\/\">Xeres pa furrular l\u2019iviernu<\/a> <span class=\"post-date\">08\/01\/2026<\/span><\/li>\n<li><a href=\"https:\/\/edublog.educastur.es\/ixuxu\/2026\/01\/estau-del-tiempu-xueves-8-de-xineru-2026\/\">Est\u00e1u del tiempu: xueves 8 de xineru 2026<\/a> <span class=\"post-date\">08\/01\/2026<\/span><\/li>\n<li><a href=\"https:\/\/edublog.educastur.es\/ixuxu\/2026\/01\/el-tiempu-el-comercio-229\/\">El tiempu (El Comercio)<\/a> <span class=\"post-date\">08\/01\/2026<\/span><\/li>\n<li><a href=\"https:\/\/edublog.educastur.es\/ixuxu\/2026\/01\/tamos-en-iviernu-hibiernu\/\">Tamos en iviernu \/ hibiernu<\/a> <span class=\"post-date\">08\/01\/2026<\/span><\/li>\n<li><a href=\"https:\/\/edublog.educastur.es\/ixuxu\/2026\/01\/macizu-central-de-picos-deuropa\/\">Macizu central de Picos d\u2019Europa.<\/a> <span class=\"post-date\">08\/01\/2026<\/span><\/li>\n<li><a href=\"https:\/\/edublog.educastur.es\/ixuxu\/2026\/01\/llega-goretti-la-nueva-envernada-con-vientu-y-agues-nasturies\/\">Llega Goretti, la nueva envernada con vientu y ag\u00fces n\u2019Asturies<\/a> <span class=\"post-date\">08\/01\/2026<\/span><\/li>\n<li><a href=\"https:\/\/edublog.educastur.es\/ixuxu\/2026\/01\/espectaculu-a-lamanecida-sobro-los-cumes-nevaos-de-los-picos-deuropa\/\">Espect\u00e1culu a l\u2019amanecida sobro los cumes nevaos de los Picos d\u2019Europa<\/a> <span class=\"post-date\">08\/01\/2026<\/span><\/li>\n<li><a href=\"https:\/\/edublog.educastur.es\/ixuxu\/2026\/01\/nivel-maximo-davisu-naranxa\/\">Nivel m\u00e1ximo d\u2019avisu: naranxa.<\/a> <span class=\"post-date\">08\/01\/2026<\/span><\/li>\n<li><a href=\"https:\/\/edublog.educastur.es\/ixuxu\/2026\/01\/les-noticies-del-miercoles-7-de-xineru-de-2026-nasturianu-tpanoticies\/\">Les noticies del mi\u00e9rcoles 7 de xineru de 2026 n\u2019asturianu #TPANoticies<\/a> <span class=\"post-date\">07\/01\/2026<\/span><\/li>\n<li><a href=\"https:\/\/edublog.educastur.es\/ixuxu\/2026\/01\/65360\/\">(sin t\u00edtulo)<\/a> <span class=\"post-date\">07\/01\/2026<\/span><\/li>\n<li><a href=\"https:\/\/edublog.educastur.es\/ixuxu\/2026\/01\/2025-zarrase-con-88-llanzamientos-asoleyaos\/\">2025 z\u00e1rrase con 88 llanzamientos asoleyaos<\/a> <span class=\"post-date\">07\/01\/2026<\/span><\/li>\n<li><a href=\"https:\/\/edublog.educastur.es\/ixuxu\/2026\/01\/ya-pue-vese-un-videu-resume-de-la-ix-xuntanza-los-sones-de-la-navida-asturiana\/\">Y\u00e1 pue vese un videu resume de la IX Xuntanza Los Sones de la Navid\u00e1 Asturiana<\/a> <span class=\"post-date\">07\/01\/2026<\/span><\/li>\n<li><a href=\"https:\/\/edublog.educastur.es\/ixuxu\/2026\/01\/votacion-de-la-meyor-noticia-pal-asturianu-en-2025\/\">Votaci\u00f3n de la \u2018Meyor noticia pal asturianu en 2025\u2019<\/a> <span class=\"post-date\">07\/01\/2026<\/span><\/li>\n<li><a href=\"https:\/\/edublog.educastur.es\/ixuxu\/2026\/01\/esposicion-sobrol-llibru-asturies-de-la-a-la-z\/\">Esposici\u00f3n sobro\u2019l llibru \u00abAsturies de l\u2019A a la Z\u00bb.<\/a> <span class=\"post-date\">07\/01\/2026<\/span><\/li>\n<li><a href=\"https:\/\/edublog.educastur.es\/ixuxu\/2026\/01\/guia-dactivida-fisica-y-salu-de-3-6-anos\/\">Gu\u00eda d\u2019Activid\u00e1 f\u00edsica y sal\u00fa de 3-6 a\u00f1os<\/a> <span class=\"post-date\">07\/01\/2026<\/span><\/li>\n<li><a href=\"https:\/\/edublog.educastur.es\/ixuxu\/2026\/01\/64632\/\">(sin t\u00edtulo)<\/a> <span class=\"post-date\">07\/01\/2026<\/span><\/li>\n<li><a href=\"https:\/\/edublog.educastur.es\/ixuxu\/2026\/01\/65335\/\">(sin t\u00edtulo)<\/a> <span class=\"post-date\">07\/01\/2026<\/span><\/li>\n<li><a href=\"https:\/\/edublog.educastur.es\/ixuxu\/2026\/01\/un-colexu-de-la-pola-prohibe-xugar-al-balon-nel-patiu\/\">Un colexu de la Pola prohibe xugar al bal\u00f3n nel patiu<\/a> <span class=\"post-date\">07\/01\/2026<\/span><\/li>\n<li><a href=\"https:\/\/edublog.educastur.es\/ixuxu\/2026\/01\/preciu-de-la-vivienda-nuvieu\/\">Preciu de la vivienda n\u2019Uvi\u00e9u<\/a> <span class=\"post-date\">07\/01\/2026<\/span><\/li>\n<li><a href=\"https:\/\/edublog.educastur.es\/ixuxu\/2026\/01\/vibe-coding-metodoloxia-que-funde-la-creativida-humana-col-potencial-de-les-ferramientes-de-ia\/\">Vibe coding, metodolox\u00eda que funde la creativid\u00e1 humana col potencial de les ferramientes de IA<\/a> <span class=\"post-date\">07\/01\/2026<\/span><\/li>\n<li><a href=\"https:\/\/edublog.educastur.es\/ixuxu\/2026\/01\/asturies-afita-la-meyora-del-mercau-llaboral\/\">Asturies afita la meyora del merc\u00e1u llaboral<\/a> <span class=\"post-date\">07\/01\/2026<\/span><\/li>\n<li><a href=\"https:\/\/edublog.educastur.es\/ixuxu\/2026\/01\/el-gobiernu-remata-la-norma-sobre-la-esposicion-de-menores-en-redes-sociales\/\">El Gobiernu remata la norma sobre la esposici\u00f3n de menores en redes sociales<\/a> <span class=\"post-date\">07\/01\/2026<\/span><\/li>\n<li><a href=\"https:\/\/edublog.educastur.es\/ixuxu\/2026\/01\/lescritor-david-ucles-ganal-premiu-nadal\/\">L\u2019escritor David Ucl\u00e9s gana\u2019l Premiu Nadal<\/a> <span class=\"post-date\">07\/01\/2026<\/span><\/li>\n<li><a href=\"https:\/\/edublog.educastur.es\/ixuxu\/2026\/01\/coxersa-activa-un-plan-especial-pa-recoyer-80-tonelaes-de-basura-mas\/\">Coxersa activa un plan especial pa recoyer 80 tonelaes de basura m\u00e1s<\/a> <span class=\"post-date\">07\/01\/2026<\/span><\/li>\n<li><a href=\"https:\/\/edublog.educastur.es\/ixuxu\/2026\/01\/un-7-de-xineru-fallecio-galileo\/\">Un 7 de xineru falleci\u00f3 Galileo, el p\u00e1 de l\u2019astronom\u00eda y la ciencia moderna<\/a> <span class=\"post-date\">07\/01\/2026<\/span><\/li>\n<li><a href=\"https:\/\/edublog.educastur.es\/ixuxu\/2026\/01\/el-tiempu-el-comercio-228\/\">El tiempu (El Comercio)<\/a> <span class=\"post-date\">07\/01\/2026<\/span><\/li>\n<li><a href=\"https:\/\/edublog.educastur.es\/ixuxu\/2026\/01\/65308\/\">El signific\u00e1u de la vida<\/a> <span class=\"post-date\">06\/01\/2026<\/span><\/li>\n<li><a href=\"https:\/\/edublog.educastur.es\/ixuxu\/2026\/01\/avisu-mariellu-por-nevaes-nasturies\/\">Avisu mariellu por nevaes n\u2019Asturies<\/a> <span class=\"post-date\">06\/01\/2026<\/span><\/li>\n<li><a href=\"https:\/\/edublog.educastur.es\/ixuxu\/2026\/01\/les-noticies-del-martes-6-de-xineru-de-2026-nasturianu-tpanoticies\/\">Les noticies del martes 6 de xineru de 2026 n\u2019asturianu #TPANoticies<\/a> <span class=\"post-date\">06\/01\/2026<\/span><\/li>\n<li><a href=\"https:\/\/edublog.educastur.es\/ixuxu\/2026\/01\/65298\/\">(sin t\u00edtulo)<\/a> <span class=\"post-date\">06\/01\/2026<\/span><\/li>\n<li><a href=\"https:\/\/edublog.educastur.es\/ixuxu\/2026\/01\/liviernu-en-tierres-astures-banduxu-proaza-asturies\/\">L\u2019iviernu en tierres astures. Banduxu, Proaza, Asturies<\/a> <span class=\"post-date\">06\/01\/2026<\/span><\/li>\n<li><a href=\"https:\/\/edublog.educastur.es\/ixuxu\/2026\/01\/as-maxicas-terras-del-occidente-asturiano-martul-vilanova-dozcos\/\">As m\u00e1xicas terras del occidente asturiano: \u00a0Martul, Vilanova d\u2019Ozcos<\/a> <span class=\"post-date\">06\/01\/2026<\/span><\/li>\n<li><a href=\"https:\/\/edublog.educastur.es\/ixuxu\/2026\/01\/64437\/\">(sin t\u00edtulo)<\/a> <span class=\"post-date\">06\/01\/2026<\/span><\/li>\n<li><a href=\"https:\/\/edublog.educastur.es\/ixuxu\/2026\/01\/65341\/\">(sin t\u00edtulo)<\/a> <span class=\"post-date\">06\/01\/2026<\/span><\/li>\n<li><a href=\"https:\/\/edublog.educastur.es\/ixuxu\/2026\/01\/15-canciones-mas-influyentes-na-historia\/\">15 canciones m\u00e1s influyentes na historia<\/a> <span class=\"post-date\">06\/01\/2026<\/span><\/li>\n<li><a href=\"https:\/\/edublog.educastur.es\/ixuxu\/2026\/01\/65257\/\">(sin t\u00edtulo)<\/a> <span class=\"post-date\">06\/01\/2026<\/span><\/li>\n<li><a href=\"https:\/\/edublog.educastur.es\/ixuxu\/2026\/01\/65277\/\">(sin t\u00edtulo)<\/a> <span class=\"post-date\">06\/01\/2026<\/span><\/li>\n<li><a href=\"https:\/\/edublog.educastur.es\/ixuxu\/2026\/01\/calendariu-vacunes-pediatriques-2026\/\">Calendariu vacunes pedi\u00e1triques 2026<\/a> <span class=\"post-date\">06\/01\/2026<\/span><\/li>\n<li><a href=\"https:\/\/edublog.educastur.es\/ixuxu\/2026\/01\/regalu-de-reis-por-efren-dandres\/\">Regalu de Reis, Por Efr\u00e9n d\u2019Andr\u00e9s<\/a> <span class=\"post-date\">06\/01\/2026<\/span><\/li>\n<li><a href=\"https:\/\/edublog.educastur.es\/ixuxu\/2026\/01\/ya-lleguen-los-reis\/\">\u00a1Y\u00e1 lleguen los Reis\u00bb<\/a> <span class=\"post-date\">06\/01\/2026<\/span><\/li>\n<li><a href=\"https:\/\/edublog.educastur.es\/ixuxu\/2026\/01\/65338\/\">(sin t\u00edtulo)<\/a> <span class=\"post-date\">06\/01\/2026<\/span><\/li>\n<li><a href=\"https:\/\/edublog.educastur.es\/ixuxu\/2026\/01\/64516\/\">(sin t\u00edtulo)<\/a> <span class=\"post-date\">06\/01\/2026<\/span><\/li>\n<li><a href=\"https:\/\/edublog.educastur.es\/ixuxu\/2026\/01\/nel-villanueva-el-maestru-de-tradiciones\/\">Nel Villanueva, el maestru de tradiciones<\/a> <span class=\"post-date\">06\/01\/2026<\/span><\/li>\n<li><a href=\"https:\/\/edublog.educastur.es\/ixuxu\/2026\/01\/leticia-baselgas-panderetera\/\">Leticia Baselgas, panderetera<\/a> <span class=\"post-date\">06\/01\/2026<\/span><\/li>\n<li><a href=\"https:\/\/edublog.educastur.es\/ixuxu\/2026\/01\/falopu-ye-una-porcion-de-neve-que-cai-al-nevar\/\">Falopu ye una porci\u00f3n de \u00f1eve que cai al \u00f1evar<\/a> <span class=\"post-date\">06\/01\/2026<\/span><\/li>\n<li><a href=\"https:\/\/edublog.educastur.es\/ixuxu\/2026\/01\/el-dia-de-reyes-llega-marcau-pola-nieve-en-cotes-baxes-y-pol-friu\/\">El d\u00eda de Reyes llega marc\u00e1u pola nieve en cotes baxes y pol fr\u00edu<\/a> <span class=\"post-date\">06\/01\/2026<\/span><\/li>\n<li><a href=\"https:\/\/edublog.educastur.es\/ixuxu\/2026\/01\/el-tiempu-el-comercio-227\/\">El tiempu (El Comercio)<\/a> <span class=\"post-date\">06\/01\/2026<\/span><\/li>\n<li><a href=\"https:\/\/edublog.educastur.es\/ixuxu\/2026\/01\/nieves-gonzalez-y-la-reinvencion-contemporanea-del-arte-popular-asturianu\/\">Nieves Gonz\u00e1lez y la reinvenci\u00f3n contemporanea del arte popular asturianu.<\/a> <span class=\"post-date\">05\/01\/2026<\/span><\/li>\n<li><a href=\"https:\/\/edublog.educastur.es\/ixuxu\/2026\/01\/les-noticies-del-llunes-5-de-xineru-de-2026-nasturianu-tpanoticies\/\">Les noticies del llunes 5 de xineru de 2026 n\u2019asturianu #TPANoticies<\/a> <span class=\"post-date\">05\/01\/2026<\/span><\/li>\n<li><a href=\"https:\/\/edublog.educastur.es\/ixuxu\/2026\/01\/nueche-de-reis-magos\/\">Nueche de Reis Magos<\/a> <span class=\"post-date\">05\/01\/2026<\/span><\/li>\n<li><a href=\"https:\/\/edublog.educastur.es\/ixuxu\/2026\/01\/65221\/\">(sin t\u00edtulo)<\/a> <span class=\"post-date\">05\/01\/2026<\/span><\/li>\n<li><a href=\"https:\/\/edublog.educastur.es\/ixuxu\/2026\/01\/65412\/\">(sin t\u00edtulo)<\/a> <span class=\"post-date\">05\/01\/2026<\/span><\/li>\n<li><a href=\"https:\/\/edublog.educastur.es\/ixuxu\/2026\/01\/el-roscon-de-reyes-enllena-les-pasteleries-asturianes\/\">El rosc\u00f3n de Reyes enllena les pasteler\u00edes asturianes<\/a> <span class=\"post-date\">05\/01\/2026<\/span><\/li>\n<li><a href=\"https:\/\/edublog.educastur.es\/ixuxu\/2026\/01\/gaites-nel-huca-panimar-a-los-enfermos\/\">Gaites nel HUCA p\u2019animar a los enfermos<\/a> <span class=\"post-date\">05\/01\/2026<\/span><\/li>\n<li><a href=\"https:\/\/edublog.educastur.es\/ixuxu\/2026\/01\/documental-en-redes-cien-dies-de-soleda\/\">Documental en Redes \u00abCien d\u00edes de soled\u00e1\u00bb<\/a> <span class=\"post-date\">05\/01\/2026<\/span><\/li>\n<li><a href=\"https:\/\/edublog.educastur.es\/ixuxu\/2026\/01\/64489\/\">(sin t\u00edtulo)<\/a> <span class=\"post-date\">05\/01\/2026<\/span><\/li>\n<li><a href=\"https:\/\/edublog.educastur.es\/ixuxu\/2026\/01\/la-historia-de-los-reis-magos-cuntada-al-travies-de-la-pintura-ta-nel-museu-del-prado\/\">La historia de los Reis Magos cuntada al travi\u00e9s de la pintura ta nel Mus\u00e9u del Prado<\/a> <span class=\"post-date\">05\/01\/2026<\/span><\/li>\n<li><a href=\"https:\/\/edublog.educastur.es\/ixuxu\/2026\/01\/les-sos-maxestaes-los-reis-magos-desembarquen-en-xixon\/\">Les sos maxestaes los Reis Magos desembarquen en Xix\u00f3n.<\/a> <span class=\"post-date\">05\/01\/2026<\/span><\/li>\n<li><a href=\"https:\/\/edublog.educastur.es\/ixuxu\/2026\/01\/liviernu-ya-llego-rapacina\/\">\u00abL\u2019iviernu y\u00e1 lleg\u00f3\u00bb Rapacina<\/a> <span class=\"post-date\">05\/01\/2026<\/span><\/li>\n<li><a href=\"https:\/\/edublog.educastur.es\/ixuxu\/2026\/01\/percorrios-de-la-cabalgata-de-reis-nuvieu-xixon-y-aviles\/\">Percorr\u00edos de la Cabalgata de Reis n\u2019Uvi\u00e9u, Xix\u00f3n y Avil\u00e9s<\/a> <span class=\"post-date\">05\/01\/2026<\/span><\/li>\n<li><a href=\"https:\/\/edublog.educastur.es\/ixuxu\/2026\/01\/selmana-bien-iverniza\/\">Selmana bien iverniza<\/a> <span class=\"post-date\">05\/01\/2026<\/span><\/li>\n<li><a href=\"https:\/\/edublog.educastur.es\/ixuxu\/2026\/01\/estau-del-tiempu-llunes-5-de-xineru-2026\/\">Est\u00e1u del tiempu: llunes 5 de xineru 2026<\/a> <span class=\"post-date\">05\/01\/2026<\/span><\/li>\n<li><a href=\"https:\/\/edublog.educastur.es\/ixuxu\/2026\/01\/satopa-activu-nasturies-lavisu-mariellu-por-nevaes-en-cotes-baxes\/\">S\u2019atopa activu n\u2019Asturies l\u2019avisu mariellu por nevaes en cotes baxes<\/a> <span class=\"post-date\">05\/01\/2026<\/span><\/li>\n<li><a href=\"https:\/\/edublog.educastur.es\/ixuxu\/2026\/01\/el-tiempu-el-comercio-226\/\">El tiempu (El Comercio)<\/a> <span class=\"post-date\">05\/01\/2026<\/span><\/li>\n<li><a href=\"https:\/\/edublog.educastur.es\/ixuxu\/2026\/01\/conciertu-de-navida-nel-vaticano-italia\/\">Conciertu de Navid\u00e1 nel Vaticano (Italia)<\/a> <span class=\"post-date\">05\/01\/2026<\/span><\/li>\n<li><a href=\"https:\/\/edublog.educastur.es\/ixuxu\/2026\/01\/les-noticies-del-domingu-4-de-xineru-de-2026-nasturianu-tpanoticies-2\/\">Les noticies del domingu 4 de xineru de 2026 n\u2019asturianu #TPANoticies<\/a> <span class=\"post-date\">04\/01\/2026<\/span><\/li>\n<li><a href=\"https:\/\/edublog.educastur.es\/ixuxu\/2026\/01\/les-noticies-del-domingu-4-de-xineru-de-2026-nasturianu-tpanoticies\/\">Les noticies del domingu 4 de xineru de 2026 n\u2019asturianu #TPANoticies<\/a> <span class=\"post-date\">04\/01\/2026<\/span><\/li>\n<li><a href=\"https:\/\/edublog.educastur.es\/ixuxu\/2026\/01\/65194\/\">(sin t\u00edtulo)<\/a> <span class=\"post-date\">04\/01\/2026<\/span><\/li>\n<li><a href=\"https:\/\/edublog.educastur.es\/ixuxu\/2026\/01\/la-confreria-del-desarme-premiu-urogallo-2025-na-categoria-festexos\/\">La Confrer\u00eda del Desarme, Premiu Urogallo 2025 na categoria Festexos<\/a> <span class=\"post-date\">04\/01\/2026<\/span><\/li>\n<li><a href=\"https:\/\/edublog.educastur.es\/ixuxu\/2026\/01\/naz-maixeira-un-festival-de-maiz-comunida-y-tradicion\/\">Naz Maixeira, un festival de ma\u00edz, comunid\u00e1 y tradici\u00f3n.<\/a> <span class=\"post-date\">04\/01\/2026<\/span><\/li>\n<li><a href=\"https:\/\/edublog.educastur.es\/ixuxu\/2026\/01\/the-asturianer-73-los-viaxeros\/\">The Asturianer 73 \u00abLos viaxeros\u00bb<\/a> <span class=\"post-date\">04\/01\/2026<\/span><\/li>\n<li><a href=\"https:\/\/edublog.educastur.es\/ixuxu\/2026\/01\/65054\/\">(sin t\u00edtulo)<\/a> <span class=\"post-date\">04\/01\/2026<\/span><\/li>\n<li><a href=\"https:\/\/edublog.educastur.es\/ixuxu\/2026\/01\/discutiniu-nuvieu-pol-botellon-de-nuechevieya-nel-campo-san-francisco\/\">Discutiniu n\u2019Uvi\u00e9u pol botell\u00f3n de Nuechevieya n\u2019El Campo San Francisco<\/a> <span class=\"post-date\">04\/01\/2026<\/span><\/li>\n<li><a href=\"https:\/\/edublog.educastur.es\/ixuxu\/2026\/01\/graben-una-nueva-version-de-asturias-de-victor-manuel\/\">Graben una nueva versi\u00f3n de \u2018Asturias\u2019 de V\u00edctor Manuel<\/a> <span class=\"post-date\">04\/01\/2026<\/span><\/li>\n<li><a href=\"https:\/\/edublog.educastur.es\/ixuxu\/2026\/01\/gaiteros-del-carbon-cumple-10-anos-y-celebralos-con-un-conciertu\/\">\u2018Gaiteros del carb\u00f3n\u2019 cumple 10 a\u00f1os y cel\u00e9bralos con un conciertu<\/a> <span class=\"post-date\">04\/01\/2026<\/span><\/li>\n<li><a href=\"https:\/\/edublog.educastur.es\/ixuxu\/2026\/01\/llucha-nos-xulgaos-pola-propieda-dun-traxe-de-llanisca\/\">Llucha nos xulgaos pola propied\u00e1 d\u2019un traxe de llanisca.<\/a> <span class=\"post-date\">04\/01\/2026<\/span><\/li>\n<li><a href=\"https:\/\/edublog.educastur.es\/ixuxu\/2026\/01\/y-cantar-so-lagua-2\/\">Y cantar\u2026 so l\u2019agua.<\/a> <span class=\"post-date\">04\/01\/2026<\/span><\/li>\n<li><a href=\"https:\/\/edublog.educastur.es\/ixuxu\/2026\/01\/65077\/\">(sin t\u00edtulo)<\/a> <span class=\"post-date\">04\/01\/2026<\/span><\/li>\n<li><a href=\"https:\/\/edublog.educastur.es\/ixuxu\/2026\/01\/la-senarda-milenial-impulsa-al-sector-xugueteru\/\">La se\u00f1ard\u00e1 milenial impulsa al sector xugueteru<\/a> <span class=\"post-date\">04\/01\/2026<\/span><\/li>\n<li><a href=\"https:\/\/edublog.educastur.es\/ixuxu\/2026\/01\/el-principau-aspira-a-llanzar-la-so-primera-nanosatelite\/\">El Princip\u00e1u aspira a llanzar la so primera nanosat\u00e9lite.<\/a> <span class=\"post-date\">04\/01\/2026<\/span><\/li>\n<li><a href=\"https:\/\/edublog.educastur.es\/ixuxu\/2026\/01\/el-tiempu-el-comercio-225\/\">El tiempu (El Comercio)<\/a> <span class=\"post-date\">04\/01\/2026<\/span><\/li>\n<li><a href=\"https:\/\/edublog.educastur.es\/ixuxu\/2026\/01\/feliz-cumpleanos-75-rosa-montero\/\">\u00a1Feliz cumplea\u00f1os 75, Rosa Montero!<\/a> <span class=\"post-date\">04\/01\/2026<\/span><\/li>\n<li><a href=\"https:\/\/edublog.educastur.es\/ixuxu\/2026\/01\/traficu-pide-adelantar-la-vuelta-del-fin-de-selmana-al-domingu-pela-manana\/\">Tr\u00e1ficu pide adelantar la vuelta del fin de selmana al domingu pela ma\u00f1ana<\/a> <span class=\"post-date\">04\/01\/2026<\/span><\/li>\n<li><a href=\"https:\/\/edublog.educastur.es\/ixuxu\/2026\/01\/nevaes-nel-norte-despana-dendel-domingu\/\">Nevaes nel norte d\u2019Espa\u00f1a dende\u2019l domingu<\/a> <span class=\"post-date\">04\/01\/2026<\/span><\/li>\n<li><a href=\"https:\/\/edublog.educastur.es\/ixuxu\/2026\/01\/asturies-rexon-mas-afectada-pola-envernada-de-nieve-y-xelu\/\">Asturies, rex\u00f3n m\u00e1s afectada pola envernada de nieve y xelu<\/a> <span class=\"post-date\">04\/01\/2026<\/span><\/li>\n<li><a href=\"https:\/\/edublog.educastur.es\/ixuxu\/2026\/01\/les-noticies-del-sabadu-3-de-xineru-de-2026-nasturianu-tpanoticies\/\">Les noticies del s\u00e1badu 3 de xineru de 2026 n\u2019asturianu #TPANoticies<\/a> <span class=\"post-date\">03\/01\/2026<\/span><\/li>\n<li><a href=\"https:\/\/edublog.educastur.es\/ixuxu\/2026\/01\/festival-intercelticu-de-lorient-domingu-a-les-1900-en-tpa\/\">Festival Interc\u00e9lticu de Lorient: Domingu, a les 19:00, en #TPA<\/a> <span class=\"post-date\">03\/01\/2026<\/span><\/li>\n<li><a href=\"https:\/\/edublog.educastur.es\/ixuxu\/2026\/01\/nun-me-chisques-trae-un-analis-de-la-informacion-xuvenil-mas-relevante\/\">\u2018Nun me Chisques\u2019 trae un anal\u00eds de la informaci\u00f3n xuvenil m\u00e1s relevante.<\/a> <span class=\"post-date\">03\/01\/2026<\/span><\/li>\n<li><a href=\"https:\/\/edublog.educastur.es\/ixuxu\/2026\/01\/lluna-llena-del-3-de-xineru\/\">Lluna llena del 3 de xineru<\/a> <span class=\"post-date\">03\/01\/2026<\/span><\/li>\n<li><a href=\"https:\/\/edublog.educastur.es\/ixuxu\/2026\/01\/64348\/\">(sin t\u00edtulo)<\/a> <span class=\"post-date\">03\/01\/2026<\/span><\/li>\n<li><a href=\"https:\/\/edublog.educastur.es\/ixuxu\/2026\/01\/os-reises-de-valledor-cumplen-cola-tradicion\/\">Os Reises de Valledor cumplen cola tradici\u00f3n<\/a> <span class=\"post-date\">03\/01\/2026<\/span><\/li>\n<li><a href=\"https:\/\/edublog.educastur.es\/ixuxu\/2026\/01\/estaos-xunios-captura-a-presidente-de-venezuela\/\">Estaos Xun\u00edos captura a presidente de Venezuela<\/a> <span class=\"post-date\">03\/01\/2026<\/span><\/li>\n<li><a href=\"https:\/\/edublog.educastur.es\/ixuxu\/2026\/01\/64467\/\">(sin t\u00edtulo)<\/a> <span class=\"post-date\">03\/01\/2026<\/span><\/li>\n<li><a href=\"https:\/\/edublog.educastur.es\/ixuxu\/2026\/01\/liviernu-nun-lu-comel-llobu\/\">\u00abL\u2019iviernu nun lu come\u2019l llobu\u00bb<\/a> <span class=\"post-date\">03\/01\/2026<\/span><\/li>\n<li><a href=\"https:\/\/edublog.educastur.es\/ixuxu\/2026\/01\/65067\/\">L\u2019Abeya Maya, na TPA<\/a> <span class=\"post-date\">03\/01\/2026<\/span><\/li>\n<li><a href=\"https:\/\/edublog.educastur.es\/ixuxu\/2026\/01\/reserves-de-petroleo-en-2024\/\">Reserves de petr\u00f3leu en 2024<\/a> <span class=\"post-date\">03\/01\/2026<\/span><\/li>\n<li><a href=\"https:\/\/edublog.educastur.es\/ixuxu\/2026\/01\/estau-del-tiempu-sabadu-3-de-xineru-2026\/\">Est\u00e1u del tiempu: s\u00e1badu 3 de xineru 2026<\/a> <span class=\"post-date\">03\/01\/2026<\/span><\/li>\n<li><a href=\"https:\/\/edublog.educastur.es\/ixuxu\/2026\/01\/64823\/\">(sin t\u00edtulo)<\/a> <span class=\"post-date\">02\/01\/2026<\/span><\/li>\n<li><a href=\"https:\/\/edublog.educastur.es\/ixuxu\/2026\/01\/les-noticies-del-vienres-2-de-xineru-de-2026-nasturianu-tpanoticies\/\">Les noticies del vienres 2 de xineru de 2026 n\u2019asturianu #TPANoticies<\/a> <span class=\"post-date\">02\/01\/2026<\/span><\/li>\n<li><a href=\"https:\/\/edublog.educastur.es\/ixuxu\/2026\/01\/un-calendariu-llenu-didentida-rural-nel-cra-rio-cibea-cangas-del-narcea\/\">Un calendariu llenu d\u2019identid\u00e1 rural nel CRA R\u00edo Cibea, Cangas del Narcea<\/a> <span class=\"post-date\">02\/01\/2026<\/span><\/li>\n<li><a href=\"https:\/\/edublog.educastur.es\/ixuxu\/2026\/01\/reciella-2\/\">\u00abReciella\u00bb cr\u00edas\u2026<\/a> <span class=\"post-date\">02\/01\/2026<\/span><\/li>\n<li><a href=\"https:\/\/edublog.educastur.es\/ixuxu\/2026\/01\/belinda-alvarez-tien-nuevu-llibru-las-aventuras-de-abel\/\">Belinda \u00c1lvarez tien nuevu llibru, \u2018Las aventuras de Abel\u2019<\/a> <span class=\"post-date\">02\/01\/2026<\/span><\/li>\n<li><a href=\"https:\/\/edublog.educastur.es\/ixuxu\/2026\/01\/65381\/\">(sin t\u00edtulo)<\/a> <span class=\"post-date\">02\/01\/2026<\/span><\/li>\n<li><a href=\"https:\/\/edublog.educastur.es\/ixuxu\/2026\/01\/asina-van-ser-les-escueles-en-2030\/\">Asina van ser les escueles en 2030<\/a> <span class=\"post-date\">02\/01\/2026<\/span><\/li>\n<li><a href=\"https:\/\/edublog.educastur.es\/ixuxu\/2026\/01\/la-industria-del-xuguete-alimental-sexismu\/\">La industria del xuguete alimenta\u2019l sexismu<\/a> <span class=\"post-date\">02\/01\/2026<\/span><\/li>\n<li><a href=\"https:\/\/edublog.educastur.es\/ixuxu\/2026\/01\/64525\/\">(sin t\u00edtulo)<\/a> <span class=\"post-date\">02\/01\/2026<\/span><\/li>\n<li><a href=\"https:\/\/edublog.educastur.es\/ixuxu\/2026\/01\/les-veles-fabricaes-nun-pueblu-de-10-habitantes-que-se-vienden-en-singapur\/\">Les veles fabricaes nun pueblu de 10 habitantes que se vienden en Singapur<\/a> <span class=\"post-date\">02\/01\/2026<\/span><\/li>\n<li><a href=\"https:\/\/edublog.educastur.es\/ixuxu\/2026\/01\/la-contaminacion-del-suelu\/\">Causes de la contaminaci\u00f3n del suelu<\/a> <span class=\"post-date\">02\/01\/2026<\/span><\/li>\n<li><a href=\"https:\/\/edublog.educastur.es\/ixuxu\/2026\/01\/fai-un-cutu-que-pingal-mocu-y-escarabayal-pelleyu\/\">\u00abFai un cutu que pinga\u2019l mocu y escarabaya\u2019l pelleyu\u00bb.<\/a> <span class=\"post-date\">02\/01\/2026<\/span><\/li>\n<li><a href=\"https:\/\/edublog.educastur.es\/ixuxu\/2026\/01\/xineru-yel-primer-mes-del-anu\/\">Xineru ye\u2019l primer mes del a\u00f1u<\/a> <span class=\"post-date\">02\/01\/2026<\/span><\/li>\n<li><a href=\"https:\/\/edublog.educastur.es\/ixuxu\/2026\/01\/el-nublau-de-xineru-trai-la-nieve-tres-el-capiellu-3\/\">\u00abEl \u00f1ubl\u00e1u de xineru trai la nieve tres el capiellu\u00bb<\/a> <span class=\"post-date\">02\/01\/2026<\/span><\/li>\n<li><a href=\"https:\/\/edublog.educastur.es\/ixuxu\/2026\/01\/mochileros-en-tpa\/\">Mochileros, en TPA<\/a> <span class=\"post-date\">02\/01\/2026<\/span><\/li>\n<li><a href=\"https:\/\/edublog.educastur.es\/ixuxu\/2026\/01\/bulgaria-acaba-de-unirse-a-la-eurozona\/\">Bulgaria acaba de unirse a la eurozona.<\/a> <span class=\"post-date\">02\/01\/2026<\/span><\/li>\n<li><a href=\"https:\/\/edublog.educastur.es\/ixuxu\/2026\/01\/poblacion-mundial-2026\/\">Poblaci\u00f3n Mundial 2026.<\/a> <span class=\"post-date\">02\/01\/2026<\/span><\/li>\n<li><a href=\"https:\/\/edublog.educastur.es\/ixuxu\/2026\/01\/3-de-xineru-os-reis-del-valledor\/\">3 de xineru: Os reises del Valledor<\/a> <span class=\"post-date\">02\/01\/2026<\/span><\/li>\n<li><a href=\"https:\/\/edublog.educastur.es\/ixuxu\/2026\/01\/64740\/\">(sin t\u00edtulo)<\/a> <span class=\"post-date\">02\/01\/2026<\/span><\/li>\n<li><a href=\"https:\/\/edublog.educastur.es\/ixuxu\/2026\/01\/ultimos-dies-pa-inscribise-nel-concursu-gastronomicu-del-afuegal-pitu\/\">\u00daltimos d\u00edes pa inscribise nel concursu gastron\u00f3micu del Afuega\u2019l Pitu<\/a> <span class=\"post-date\">02\/01\/2026<\/span><\/li>\n<li><a href=\"https:\/\/edublog.educastur.es\/ixuxu\/2026\/01\/consulta-publica-previa-de-la-llei-de-cultura-y-identida-dasturies\/\">Consulta p\u00fablica previa de la Llei de Cultura y Identid\u00e1 d\u2019Asturies<\/a> <span class=\"post-date\">02\/01\/2026<\/span><\/li>\n<li><a href=\"https:\/\/edublog.educastur.es\/ixuxu\/2026\/01\/mariano-more-cors-la-espicha\/\">Mariano Mor\u00e9 Cors, \u00abLa espicha\u00bb<\/a> <span class=\"post-date\">02\/01\/2026<\/span><\/li>\n<li><a href=\"https:\/\/edublog.educastur.es\/ixuxu\/2026\/01\/liviernu-tomal-mandu-friu-polar-y-nevaes\/\">L\u2019iviernu toma\u2019l mandu: fr\u00edu polar y nevaes<\/a> <span class=\"post-date\">02\/01\/2026<\/span><\/li>\n<li><a href=\"https:\/\/edublog.educastur.es\/ixuxu\/2026\/01\/estau-del-tiempu-vienres-2-de-xineru\/\">Est\u00e1u del tiempu: vienres 2 de xineru<\/a> <span class=\"post-date\">02\/01\/2026<\/span><\/li>\n<li><a href=\"https:\/\/edublog.educastur.es\/ixuxu\/2026\/01\/el-tiempu-el-comercio-224\/\">El tiempu (El Comercio)<\/a> <span class=\"post-date\">02\/01\/2026<\/span><\/li>\n<li><a href=\"https:\/\/edublog.educastur.es\/ixuxu\/2026\/01\/les-noticies-del-xueves-1-de-xineru-de-2026-nasturianu-tpanoticies\/\">Les noticies del xueves 1 de xineru de 2026 n\u2019asturianu #TPANoticies<\/a> <span class=\"post-date\">01\/01\/2026<\/span><\/li>\n<li><a href=\"https:\/\/edublog.educastur.es\/ixuxu\/2026\/01\/llocura-polos-dulces-duna-pasteleria-dun-pequenu-pueblu-dasturies\/\">Llocura polos dulces d\u2019una pasteler\u00eda d\u2019un pequenu pueblu d\u2019Asturies<\/a> <span class=\"post-date\">01\/01\/2026<\/span><\/li>\n<li><a href=\"https:\/\/edublog.educastur.es\/ixuxu\/2026\/01\/dos-modelos-de-carta-a-los-reis-magos\/\">Dos modelos de carta a los Reis Magos<\/a> <span class=\"post-date\">01\/01\/2026<\/span><\/li>\n<li><a href=\"https:\/\/edublog.educastur.es\/ixuxu\/2026\/01\/loru-revalorizase-un-70-y-la-plata-un-160\/\">L\u2019oru revalor\u00edzase un 70% y la plata un 160%<\/a> <span class=\"post-date\">01\/01\/2026<\/span><\/li>\n<li><a href=\"https:\/\/edublog.educastur.es\/ixuxu\/2026\/01\/sobre-las-salguerinas\/\">Sobre las Salguerinas, les guardianes de les tradiciones<\/a> <span class=\"post-date\">01\/01\/2026<\/span><\/li>\n<li><a href=\"https:\/\/edublog.educastur.es\/ixuxu\/2026\/01\/lanu-nuevu-trainos-tamien-actualizacion-de-los-precios\/\">L\u2019A\u00f1u Nuevu tr\u00e1inos tami\u00e9n actualizaci\u00f3n de los precios.<\/a> <span class=\"post-date\">01\/01\/2026<\/span><\/li>\n<li><a href=\"https:\/\/edublog.educastur.es\/ixuxu\/2026\/01\/63130\/\">Ferla Meg\u00eda, nel\u00a0III\u00a0Semando Fest n\u2019Uvi\u00e9u<\/a> <span class=\"post-date\">01\/01\/2026<\/span><\/li>\n<li><a href=\"https:\/\/edublog.educastur.es\/ixuxu\/2026\/01\/63125\/\">Semando Fest presenta\u2019l logotipu de la IV edici\u00f3n<\/a> <span class=\"post-date\">01\/01\/2026<\/span><\/li>\n<li><a href=\"https:\/\/edublog.educastur.es\/ixuxu\/2026\/01\/64675\/\">(sin t\u00edtulo)<\/a> <span class=\"post-date\">01\/01\/2026<\/span><\/li>\n<li><a href=\"https:\/\/edublog.educastur.es\/ixuxu\/2026\/01\/alimentos-del-paraisu-natural-campana-nacional-nautobuses-y-estaciones-de-tresportes\/\">Campa\u00f1a Nacional d\u2019Alimentos del Para\u00edsu n\u2019autobuses y estaciones\u2002<\/a> <span class=\"post-date\">01\/01\/2026<\/span><\/li>\n<li><a href=\"https:\/\/edublog.educastur.es\/ixuxu\/2026\/01\/el-pueblu-mas-guapu-dasturies-ye-un-completu-desconociu-puertu-de-vega\/\">El pueblu m\u00e1s guapu d\u2019Asturies ye un completu desconoc\u00edu: Puertu de Vega<\/a> <span class=\"post-date\">01\/01\/2026<\/span><\/li>\n<li><a href=\"https:\/\/edublog.educastur.es\/ixuxu\/2026\/01\/64695\/\">Les estaciones d\u2019esqu\u00ed asturianes estrenen l\u2019a\u00f1u abriendo n\u2019horariu especial.<\/a> <span class=\"post-date\">01\/01\/2026<\/span><\/li>\n<li><a href=\"https:\/\/edublog.educastur.es\/ixuxu\/2026\/01\/maraviyosa-marcha-nel-conciertu-danu-nuevu\/\">Maraviyosa \u00abMarcha Radetzky\u00bb nel Conciertu d\u2019A\u00f1u Nuevu<\/a> <span class=\"post-date\">01\/01\/2026<\/span><\/li>\n<li><a href=\"https:\/\/edublog.educastur.es\/ixuxu\/2026\/01\/el-guirria-en-ponga-un-anu-mas-de-tradicion\/\">La guirria en Ponga, un a\u00f1u m\u00e1s de tradici\u00f3n<\/a> <span class=\"post-date\">01\/01\/2026<\/span><\/li>\n<li><a href=\"https:\/\/edublog.educastur.es\/ixuxu\/2026\/01\/primer-asturiana-nacida-en-2026\/\">Primer asturiana nacida en 2026: Mia Adhara, naci\u00f3 n\u2019Uvi\u00e9u a les 0:36<\/a> <span class=\"post-date\">01\/01\/2026<\/span><\/li>\n<li><a href=\"https:\/\/edublog.educastur.es\/ixuxu\/2026\/01\/64353\/\">Semando Fest, el festival de m\u00fasica moza n\u2019asturianu\u2019l 7 de febreru<\/a> <span class=\"post-date\">01\/01\/2026<\/span><\/li>\n<li><a href=\"https:\/\/edublog.educastur.es\/ixuxu\/2026\/01\/domingu-de-sidros-y-comedies-2026\/\">Domingu de Sidros y Comedies 2026<\/a> <span class=\"post-date\">01\/01\/2026<\/span><\/li>\n<li><a href=\"https:\/\/edublog.educastur.es\/ixuxu\/2026\/01\/el-calendariu-tiempu-de-muyeres-muyeres-nel-tiempu-2026\/\">El calendariu \u00abTiempu de muyeres, muyeres nel tiempu\u00bb 2026<\/a> <span class=\"post-date\">01\/01\/2026<\/span><\/li>\n<li><a href=\"https:\/\/edublog.educastur.es\/ixuxu\/2026\/01\/el-nublau-de-xineru-trai-la-nieve-tres-el-capiellu-2\/\">Dicires n\u2019asturianu<\/a> <span class=\"post-date\">01\/01\/2026<\/span><\/li>\n<li><a href=\"https:\/\/edublog.educastur.es\/ixuxu\/2026\/01\/dia-de-la-muyer-y-la-nena-na-ciencia-4\/\">D\u00eda de la muyer y la ne\u00f1a na ciencia<\/a> <span class=\"post-date\">01\/01\/2026<\/span><\/li>\n<li><a href=\"https:\/\/edublog.educastur.es\/ixuxu\/2026\/01\/si-ye-avientu-moyau-sedra-xineru-xelau\/\">\u00abSi ye avientu moy\u00e1u, sedr\u00e1 xineru xel\u00e1u\u00bb<\/a> <span class=\"post-date\">01\/01\/2026<\/span><\/li>\n<li><a href=\"https:\/\/edublog.educastur.es\/ixuxu\/2026\/01\/2026-tendra-alcuentros-espectaculares-ente-la-lluna-el-sol-y-la-tierra\/\">2026 tendr\u00e1 alcuentros espectaculares ente la Lluna, el Sol y la Tierra.<\/a> <span class=\"post-date\">01\/01\/2026<\/span><\/li>\n<li><a href=\"https:\/\/edublog.educastur.es\/ixuxu\/2026\/01\/63402\/\">Calendariu: \u00abTiempu de Muyeres, Muyeres nel Tiempu\u00bb<\/a> <span class=\"post-date\">01\/01\/2026<\/span><\/li>\n<li><a href=\"https:\/\/edublog.educastur.es\/ixuxu\/2026\/01\/xineru-yel-mes-mas-friu-del-anu-nespana\/\">Xineru ye\u2019l mes m\u00e1s fr\u00edu del a\u00f1u n\u2019Espa\u00f1a<\/a> <span class=\"post-date\">01\/01\/2026<\/span><\/li>\n<li><a href=\"https:\/\/edublog.educastur.es\/ixuxu\/2026\/01\/asina-se-va-estender-la-masa-de-nieve-por-tola-peninsula\/\">Asina se va estender la masa de nieve por tola Pen\u00ednsula<\/a> <span class=\"post-date\">01\/01\/2026<\/span><\/li>\n<li><a href=\"https:\/\/edublog.educastur.es\/ixuxu\/2026\/01\/64656\/\">(sin t\u00edtulo)<\/a> <span class=\"post-date\">01\/01\/2026<\/span><\/li>\n<li><a href=\"https:\/\/edublog.educastur.es\/ixuxu\/2026\/01\/65200\/\">(sin t\u00edtulo)<\/a> <span class=\"post-date\">01\/01\/2026<\/span><\/li>\n<li><a href=\"https:\/\/edublog.educastur.es\/ixuxu\/2026\/01\/fotolateras-desenvuelvel-so-llabor-por-aciu-camares-creaes-a-partir-de-llates-metaliques-ensin-lentes-visor-nin-disparador\/\">FOTOLATERAS, c\u00e1mares creaes a partir de llates met\u00e1liques, ensin lentes, visor nin disparador.<\/a> <span class=\"post-date\">01\/01\/2026<\/span><\/li>\n<li><a href=\"https:\/\/edublog.educastur.es\/ixuxu\/2026\/01\/bonos-deseos-pal-2026\/\">Bonos deseos pal 2026<\/a> <span class=\"post-date\">01\/01\/2026<\/span><\/li>\n<li><a href=\"https:\/\/edublog.educastur.es\/ixuxu\/2026\/01\/64643\/\">(sin t\u00edtulo)<\/a> <span class=\"post-date\">01\/01\/2026<\/span><\/li>\n<li><a href=\"https:\/\/edublog.educastur.es\/ixuxu\/2026\/01\/64671\/\">(sin t\u00edtulo)<\/a> <span class=\"post-date\">01\/01\/2026<\/span><\/li>\n<\/ul>\n<ul>\n<li><a href=\"https:\/\/edublog.educastur.es\/ixuxu\/2026\/01\/un-calendariu-llenu-didentida-rural-nel-cra-rio-cibea-cangas-del-narcea\/\">Un calendariu llenu d\u2019identid\u00e1 rural nel CRA R\u00edo Cibea, Cangas del Narcea<\/a><span class=\"post-date\">02\/01\/2026<\/span><\/li>\n<li><a href=\"https:\/\/edublog.educastur.es\/ixuxu\/2026\/01\/reciella-2\/\">\u00abReciella\u00bb cr\u00edas\u2026<\/a><span class=\"post-date\">02\/01\/2026<\/span><\/li>\n<li><a href=\"https:\/\/edublog.educastur.es\/ixuxu\/2026\/01\/belinda-alvarez-tien-nuevu-llibru-las-aventuras-de-abel\/\">Belinda \u00c1lvarez tien nuevu llibru, \u2018Las aventuras de Abel\u2019<\/a><span class=\"post-date\">02\/01\/2026<\/span><\/li>\n<li><a href=\"https:\/\/edublog.educastur.es\/ixuxu\/2026\/01\/asina-van-ser-les-escueles-en-2030\/\">Asina van ser les escueles en 2030<\/a><span class=\"post-date\">02\/01\/2026<\/span><\/li>\n<li><a href=\"https:\/\/edublog.educastur.es\/ixuxu\/2026\/01\/la-industria-del-xuguete-alimental-sexismu\/\">La industria del xuguete alimenta\u2019l sexismu<\/a><span class=\"post-date\">02\/01\/2026<\/span><\/li>\n<li><a href=\"https:\/\/edublog.educastur.es\/ixuxu\/2026\/01\/64525\/\">(sin t\u00edtulo)<\/a><span class=\"post-date\">02\/01\/2026<\/span><\/li>\n<li><a href=\"https:\/\/edublog.educastur.es\/ixuxu\/2026\/01\/les-veles-fabricaes-nun-pueblu-de-10-habitantes-que-se-vienden-en-singapur\/\">Les veles fabricaes nun pueblu de 10 habitantes que se vienden en Singapur<\/a><span class=\"post-date\">02\/01\/2026<\/span><\/li>\n<li><a href=\"https:\/\/edublog.educastur.es\/ixuxu\/2026\/01\/64680\/\">(sin t\u00edtulo)<\/a><span class=\"post-date\">01\/01\/2026<\/span><\/li>\n<li><a href=\"https:\/\/edublog.educastur.es\/ixuxu\/2026\/01\/64695\/\">Les estaciones d\u2019esqu\u00ed asturianes estrenen l\u2019a\u00f1u abriendo n\u2019horariu especial.<\/a><span class=\"post-date\">01\/01\/2026<\/span><\/li>\n<li><a href=\"https:\/\/edublog.educastur.es\/ixuxu\/2026\/01\/el-guirria-en-ponga-un-anu-mas-de-tradicion\/\">La guirria en Ponga, un a\u00f1u m\u00e1s de tradici\u00f3n<\/a><span class=\"post-date\">01\/01\/2026<\/span><\/li>\n<li><a href=\"https:\/\/edublog.educastur.es\/ixuxu\/2026\/01\/primer-asturiana-nacida-en-2026\/\">Primer asturiana nacida en 2026: Mia Adhara, naci\u00f3 n\u2019Uvi\u00e9u a les 0:36<\/a><span class=\"post-date\">01\/01\/2026<\/span><\/li>\n<li><a href=\"https:\/\/edublog.educastur.es\/ixuxu\/2026\/01\/64353\/\">Semando Fest, el festival de m\u00fasica moza n\u2019asturianu\u2019l 7 de febreru<\/a><span class=\"post-date\">01\/01\/2026<\/span><\/li>\n<li><a href=\"https:\/\/edublog.educastur.es\/ixuxu\/2026\/01\/domingu-de-sidros-y-comedies-2026\/\">Domingu de Sidros y Comedies 2026<\/a><span class=\"post-date\">01\/01\/2026<\/span><\/li>\n<li><a href=\"https:\/\/edublog.educastur.es\/ixuxu\/2026\/01\/el-calendariu-tiempu-de-muyeres-muyeres-nel-tiempu-2026\/\">El calendariu \u00abTiempu de muyeres, muyeres nel tiempu\u00bb 2026<\/a><span class=\"post-date\">01\/01\/2026<\/span><\/li>\n<li><a href=\"https:\/\/edublog.educastur.es\/ixuxu\/2026\/01\/el-nublau-de-xineru-trai-la-nieve-tres-el-capiellu-2\/\">Dicires n\u2019asturianu<\/a><span class=\"post-date\">01\/01\/2026<\/span><\/li>\n<li><a href=\"https:\/\/edublog.educastur.es\/ixuxu\/2026\/01\/si-ye-avientu-moyau-sedra-xineru-xelau\/\">\u00abSi ye avientu moy\u00e1u, sedr\u00e1 xineru xel\u00e1u\u00bb<\/a><span class=\"post-date\">01\/01\/2026<\/span><\/li>\n<li><a href=\"https:\/\/edublog.educastur.es\/ixuxu\/2026\/01\/2026-tendra-alcuentros-espectaculares-ente-la-lluna-el-sol-y-la-tierra\/\">2026 tendr\u00e1 alcuentros espectaculares ente la Lluna, el Sol y la Tierra.<\/a><span class=\"post-date\">01\/01\/2026<\/span><\/li>\n<li><a href=\"https:\/\/edublog.educastur.es\/ixuxu\/2026\/01\/63402\/\">Calendariu: \u00abTiempu de Muyeres, Muyeres nel Tiempu\u00bb<\/a><span class=\"post-date\">01\/01\/2026<\/span><\/li>\n<li><a href=\"https:\/\/edublog.educastur.es\/ixuxu\/2026\/01\/xineru-yel-mes-mas-friu-del-anu-nespana\/\">Xineru ye\u2019l mes m\u00e1s fr\u00edu del a\u00f1u n\u2019Espa\u00f1a<\/a><span class=\"post-date\">01\/01\/2026<\/span><\/li>\n<li><a href=\"https:\/\/edublog.educastur.es\/ixuxu\/2026\/01\/asina-se-va-estender-la-masa-de-nieve-por-tola-peninsula\/\">Asina se va estender la masa de nieve por tola Pen\u00ednsula<\/a><span class=\"post-date\">01\/01\/2026<\/span><\/li>\n<li><a href=\"https:\/\/edublog.educastur.es\/ixuxu\/2026\/01\/64656\/\">(sin t\u00edtulo)<\/a><span class=\"post-date\">01\/01\/2026<\/span><\/li>\n<li><a href=\"https:\/\/edublog.educastur.es\/ixuxu\/2026\/01\/fotolateras-desenvuelvel-so-llabor-por-aciu-camares-creaes-a-partir-de-llates-metaliques-ensin-lentes-visor-nin-disparador\/\">FOTOLATERAS, c\u00e1mares creaes a partir de llates met\u00e1liques, ensin lentes, visor nin disparador.<\/a><span class=\"post-date\">01\/01\/2026<\/span><\/li>\n<li><a href=\"https:\/\/edublog.educastur.es\/ixuxu\/2026\/01\/bonos-deseos-pal-2026\/\">Bonos deseos pal 2026<\/a><span class=\"post-date\">01\/01\/2026<\/span><\/li>\n<li><a href=\"https:\/\/edublog.educastur.es\/ixuxu\/2026\/01\/64643\/\">(sin t\u00edtulo)<\/a><span class=\"post-date\">01\/01\/2026<\/span><\/li>\n<li><a href=\"https:\/\/edublog.educastur.es\/ixuxu\/2026\/01\/64671\/\">(sin t\u00edtulo)<\/a><span class=\"post-date\">01\/01\/2026<\/span><\/li>\n<\/ul>\n","protected":false},"excerpt":{"rendered":"<p>Lluna de Nieve e Imbolc 31\/01\/2026 Les noticies del s\u00e1badu 31 de xineru de 2026 31\/01\/2026 Rellume, unu de los grupos que van tocar nel IV Semando Fest 31\/01\/2026 Daniel Velasco escribi\u00f3 esta lletra fai m\u00e1s de 25 a\u00f1os 31\/01\/2026 Asturies, inspiraci\u00f3n del nuevu proyectu musical 31\/01\/2026 (sin t\u00edtulo) 31\/01\/2026 \u00abLa clave siempres ye creer [&hellip;]<\/p>\n","protected":false},"author":117,"featured_media":0,"parent":64866,"menu_order":0,"comment_status":"closed","ping_status":"closed","template":"","meta":{"footnotes":""},"class_list":["post-64875","page","type-page","status-publish","hentry"],"_links":{"self":[{"href":"https:\/\/edublog.educastur.es\/ixuxu\/wp-json\/wp\/v2\/pages\/64875","targetHints":{"allow":["GET"]}}],"collection":[{"href":"https:\/\/edublog.educastur.es\/ixuxu\/wp-json\/wp\/v2\/pages"}],"about":[{"href":"https:\/\/edublog.educastur.es\/ixuxu\/wp-json\/wp\/v2\/types\/page"}],"author":[{"embeddable":true,"href":"https:\/\/edublog.educastur.es\/ixuxu\/wp-json\/wp\/v2\/users\/117"}],"replies":[{"embeddable":true,"href":"https:\/\/edublog.educastur.es\/ixuxu\/wp-json\/wp\/v2\/comments?post=64875"}],"version-history":[{"count":3,"href":"https:\/\/edublog.educastur.es\/ixuxu\/wp-json\/wp\/v2\/pages\/64875\/revisions"}],"predecessor-version":[{"id":70399,"href":"https:\/\/edublog.educastur.es\/ixuxu\/wp-json\/wp\/v2\/pages\/64875\/revisions\/70399"}],"up":[{"embeddable":true,"href":"https:\/\/edublog.educastur.es\/ixuxu\/wp-json\/wp\/v2\/pages\/64866"}],"wp:attachment":[{"href":"https:\/\/edublog.educastur.es\/ixuxu\/wp-json\/wp\/v2\/media?parent=64875"}],"curies":[{"name":"wp","href":"https:\/\/api.w.org\/{rel}","templated":true}]}}