{"id":64877,"date":"2026-01-02T21:07:17","date_gmt":"2026-01-02T19:07:17","guid":{"rendered":"https:\/\/edublog.educastur.es\/ixuxu\/?page_id=64877"},"modified":"2026-03-28T20:32:36","modified_gmt":"2026-03-28T18:32:36","slug":"02_febreru","status":"publish","type":"page","link":"https:\/\/edublog.educastur.es\/ixuxu\/archivu-blogue\/articulos\/2026-2\/02_febreru\/","title":{"rendered":"02_Febreru"},"content":{"rendered":"<ul>\n<li><a href=\"https:\/\/edublog.educastur.es\/ixuxu\/2026\/02\/66208\/\">(sin t\u00edtulo)<\/a> <span class=\"post-date\">28\/02\/2026<\/span><\/li>\n<li><a href=\"https:\/\/edublog.educastur.es\/ixuxu\/2026\/02\/llibru-educar-en-verde-pa-recionectar-cola-naturaleza\/\">Llibru \u00abEducar en verde\u00bb pa reconectar cola naturaleza<\/a> <span class=\"post-date\">28\/02\/2026<\/span><\/li>\n<li><a href=\"https:\/\/edublog.educastur.es\/ixuxu\/2026\/02\/barayo-la-sablera-selvaxe-que-pocos-conocen\/\">Barayo: La sablera selvaxe que pocos conocen<\/a> <span class=\"post-date\">28\/02\/2026<\/span><\/li>\n<li><a href=\"https:\/\/edublog.educastur.es\/ixuxu\/2026\/02\/el-museu-xurasicu-dasturies-estrena-una-nueva-sala-inmersiva\/\">El Mus\u00e9u Xur\u00e1sicu d\u2019Asturies estrena una nueva sala inmersiva<\/a> <span class=\"post-date\">28\/02\/2026<\/span><\/li>\n<li><a href=\"https:\/\/edublog.educastur.es\/ixuxu\/2026\/02\/65548\/\">(sin t\u00edtulo)<\/a> <span class=\"post-date\">28\/02\/2026<\/span><\/li>\n<li><a href=\"https:\/\/edublog.educastur.es\/ixuxu\/2026\/02\/14-capitulos-nuevos-de-labeya-maya-nasturianu\/\">14 cap\u00edtulos nuevos de L\u2019Abeya Maya n\u2019asturianu<\/a> <span class=\"post-date\">28\/02\/2026<\/span><\/li>\n<li><a href=\"https:\/\/edublog.educastur.es\/ixuxu\/2026\/02\/los-espertos-piden-la-implicacion-de-les-plataformes-pameyorar-la-educacion-dixital\/\">Los espertos piden la implicaci\u00f3n de les plataformes p\u2019ameyorar la educaci\u00f3n dixital<\/a> <span class=\"post-date\">28\/02\/2026<\/span><\/li>\n<li><a href=\"https:\/\/edublog.educastur.es\/ixuxu\/2026\/02\/campana-deurodis\/\">Campa\u00f1a d\u2019Eurodis<\/a> <span class=\"post-date\">28\/02\/2026<\/span><\/li>\n<li><a href=\"https:\/\/edublog.educastur.es\/ixuxu\/2026\/02\/68694\/\">D\u00eda Mundial de les enfermedaes rares<\/a> <span class=\"post-date\">28\/02\/2026<\/span><\/li>\n<li><a href=\"https:\/\/edublog.educastur.es\/ixuxu\/2026\/02\/asina-nevaba-nuvieu-va-8-anos\/\">Asina \u00f1evaba n\u2019Uvi\u00e9u va 8 a\u00f1os<\/a> <span class=\"post-date\">28\/02\/2026<\/span><\/li>\n<li><a href=\"https:\/\/edublog.educastur.es\/ixuxu\/2026\/02\/el-tiempu-el-comercio-272\/\">El tiempu (El Comercio)<\/a> <span class=\"post-date\">28\/02\/2026<\/span><\/li>\n<li><a href=\"https:\/\/edublog.educastur.es\/ixuxu\/2026\/02\/66172\/\">(sin t\u00edtulo)<\/a> <span class=\"post-date\">27\/02\/2026<\/span><\/li>\n<li><a href=\"https:\/\/edublog.educastur.es\/ixuxu\/2026\/02\/una-cabra-de-llanera-pare-cinco-cries\/\">Una cabra de Llanera pare cinco cr\u00edes<\/a> <span class=\"post-date\">27\/02\/2026<\/span><\/li>\n<li><a href=\"https:\/\/edublog.educastur.es\/ixuxu\/2026\/02\/68676\/\">(sin t\u00edtulo)<\/a> <span class=\"post-date\">27\/02\/2026<\/span><\/li>\n<li><a href=\"https:\/\/edublog.educastur.es\/ixuxu\/2026\/02\/los-montes-son-fontes-de-vida\/\">Los montes son fontes de vida<\/a> <span class=\"post-date\">27\/02\/2026<\/span><\/li>\n<li><a href=\"https:\/\/edublog.educastur.es\/ixuxu\/2026\/02\/rede-fluvial-principal-de-la-peninsula-iberica\/\">Rede fluvial principal de la Pen\u00ednsula Ib\u00e9rica<\/a> <span class=\"post-date\">27\/02\/2026<\/span><\/li>\n<li><a href=\"https:\/\/edublog.educastur.es\/ixuxu\/2026\/02\/indiz-de-riesgo-de-quemes-forestales-nasturies\/\">\u00cdndiz de riesgo de quemes forestales n\u2019Asturies<\/a> <span class=\"post-date\">27\/02\/2026<\/span><\/li>\n<li><a href=\"https:\/\/edublog.educastur.es\/ixuxu\/2026\/02\/dia-del-osu-polar\/\">D\u00eda Internacional del Osu Polar<\/a> <span class=\"post-date\">27\/02\/2026<\/span><\/li>\n<li><a href=\"https:\/\/edublog.educastur.es\/ixuxu\/2026\/02\/el-tiempu-el-comercio-271\/\">El tiempu (El Comercio)<\/a> <span class=\"post-date\">27\/02\/2026<\/span><\/li>\n<li><a href=\"https:\/\/edublog.educastur.es\/ixuxu\/2026\/02\/68648\/\">(sin t\u00edtulo)<\/a> <span class=\"post-date\">26\/02\/2026<\/span><\/li>\n<li><a href=\"https:\/\/edublog.educastur.es\/ixuxu\/2026\/02\/lagua\/\">L\u2019agua<\/a> <span class=\"post-date\">26\/02\/2026<\/span><\/li>\n<li><a href=\"https:\/\/edublog.educastur.es\/ixuxu\/2026\/02\/indiz-de-quemes-forestales-nasturies-16\/\">\u00cdndiz de quemes forestales n\u2019Asturies<\/a> <span class=\"post-date\">26\/02\/2026<\/span><\/li>\n<li><a href=\"https:\/\/edublog.educastur.es\/ixuxu\/2026\/02\/mapa-fisicu-en-relieve-de-la-peninsula-iberica\/\">Mapa f\u00edsicu en relieve de la Pen\u00ednsula Ib\u00e9rica.<\/a> <span class=\"post-date\">26\/02\/2026<\/span><\/li>\n<li><a href=\"https:\/\/edublog.educastur.es\/ixuxu\/2026\/02\/el-gobiernu-dasturies-va-dedicar-el-8m-dia-internacional-de-la-muyer\/\">El Gobiernu d\u2019Asturies va dedicar el 8M, D\u00eda Internacional de la Muyer\u2026<\/a> <span class=\"post-date\">26\/02\/2026<\/span><\/li>\n<li><a href=\"https:\/\/edublog.educastur.es\/ixuxu\/2026\/02\/66123\/\">(sin t\u00edtulo)<\/a> <span class=\"post-date\">26\/02\/2026<\/span><\/li>\n<li><a href=\"https:\/\/edublog.educastur.es\/ixuxu\/2026\/02\/guerra-economica-por-efren-dandres\/\">\u00abGuerra econ\u00f3mica\u00bb, por Efr\u00e9n d\u2019Andr\u00e9s<\/a> <span class=\"post-date\">26\/02\/2026<\/span><\/li>\n<li><a href=\"https:\/\/edublog.educastur.es\/ixuxu\/2026\/02\/la-camiseta-del-centenario-del-real-uvieu\/\">La camiseta del centenario del Real Uvi\u00e9u<\/a> <span class=\"post-date\">26\/02\/2026<\/span><\/li>\n<li><a href=\"https:\/\/edublog.educastur.es\/ixuxu\/2026\/02\/jaime-santirso-asoleya-bululu\/\">Jaime Santirso asoleya \u2018Bulul\u00fa\u2019<\/a> <span class=\"post-date\">26\/02\/2026<\/span><\/li>\n<li><a href=\"https:\/\/edublog.educastur.es\/ixuxu\/2026\/02\/campana-asina-los-chamamos-aiqui\/\">Campa\u00f1a: \u00abAsina los chamamos aiqu\u00ed\u00bb<\/a> <span class=\"post-date\">26\/02\/2026<\/span><\/li>\n<li><a href=\"https:\/\/edublog.educastur.es\/ixuxu\/2026\/02\/el-rei-pelayo\/\">El Rei Pelayo<\/a> <span class=\"post-date\">26\/02\/2026<\/span><\/li>\n<li><a href=\"https:\/\/edublog.educastur.es\/ixuxu\/2026\/02\/los-banzaos-ralenticen-la-so-crecedera\/\">Los banzaos ralenticen la so crecedera<\/a> <span class=\"post-date\">26\/02\/2026<\/span><\/li>\n<li><a href=\"https:\/\/edublog.educastur.es\/ixuxu\/2026\/02\/68609\/\">L\u2019osu pardu \u201crenaz\u201d nel norte d\u2019Espa\u00f1a<\/a> <span class=\"post-date\">26\/02\/2026<\/span><\/li>\n<li><a href=\"https:\/\/edublog.educastur.es\/ixuxu\/2026\/02\/68624\/\">\u00abAsturies Patria Querida\u00bb<\/a> <span class=\"post-date\">26\/02\/2026<\/span><\/li>\n<li><a href=\"https:\/\/edublog.educastur.es\/ixuxu\/2026\/02\/mas-de-30-000-estudiantes-cursen-asturianu-y-eonaviegu-nasturies\/\">M\u00e1s de 30.000 estudiantes cursen asturianu y eonaviegu n\u2019Asturies<\/a> <span class=\"post-date\">26\/02\/2026<\/span><\/li>\n<li><a href=\"https:\/\/edublog.educastur.es\/ixuxu\/2026\/02\/el-tiempu-el-comercio-270\/\">El tiempu (El Comercio)<\/a> <span class=\"post-date\">26\/02\/2026<\/span><\/li>\n<li><a href=\"https:\/\/edublog.educastur.es\/ixuxu\/2026\/02\/66079\/\">(sin t\u00edtulo)<\/a> <span class=\"post-date\">25\/02\/2026<\/span><\/li>\n<li><a href=\"https:\/\/edublog.educastur.es\/ixuxu\/2026\/02\/el-nuberu\/\">\u00abEl Nuberu\u00bb, por Rapacina<\/a> <span class=\"post-date\">25\/02\/2026<\/span><\/li>\n<li><a href=\"https:\/\/edublog.educastur.es\/ixuxu\/2026\/02\/el-logo-del-parque-natural-de-ponga\/\">El logo del Parque Natural de Ponga<\/a> <span class=\"post-date\">25\/02\/2026<\/span><\/li>\n<li><a href=\"https:\/\/edublog.educastur.es\/ixuxu\/2026\/02\/mercau-artesanu-ecoloxicu\/\">Merc\u00e1u Artesanu Ecol\u00f3xicu<\/a> <span class=\"post-date\">25\/02\/2026<\/span><\/li>\n<li><a href=\"https:\/\/edublog.educastur.es\/ixuxu\/2026\/02\/piden-treslladar-a-un-santuariu-a-punch\/\">Piden treslladar a un santuariu a Punch<\/a> <span class=\"post-date\">25\/02\/2026<\/span><\/li>\n<li><a href=\"https:\/\/edublog.educastur.es\/ixuxu\/2026\/02\/caltiense-viva-en-salas-la-tradicion-de-faer-riestras-de-maiz\/\">Caltiense viva en Salas la tradici\u00f3n de faer riestras de ma\u00edz<\/a> <span class=\"post-date\">25\/02\/2026<\/span><\/li>\n<li><a href=\"https:\/\/edublog.educastur.es\/ixuxu\/2026\/02\/larte-asturiano-llega-a-madrid-na-selmana-de-les-feries\/\">L\u2019arte asturiano llega a Madrid na selmana de les feries<\/a> <span class=\"post-date\">25\/02\/2026<\/span><\/li>\n<li><a href=\"https:\/\/edublog.educastur.es\/ixuxu\/2026\/02\/indiz-de-quemes-forestales-nasturies-15\/\">\u00cdndiz de quemes forestales n\u2019Asturies<\/a> <span class=\"post-date\">25\/02\/2026<\/span><\/li>\n<li><a href=\"https:\/\/edublog.educastur.es\/ixuxu\/2026\/02\/68575\/\">El tiempu (El Comercio)<\/a> <span class=\"post-date\">25\/02\/2026<\/span><\/li>\n<li><a href=\"https:\/\/edublog.educastur.es\/ixuxu\/2026\/02\/les-noticies-del-martes-24-de-febreru-de-2026\/\">Les noticies del martes 24 de febreru de 2026<\/a> <span class=\"post-date\">24\/02\/2026<\/span><\/li>\n<li><a href=\"https:\/\/edublog.educastur.es\/ixuxu\/2026\/02\/68563\/\">(sin t\u00edtulo)<\/a> <span class=\"post-date\">24\/02\/2026<\/span><\/li>\n<li><a href=\"https:\/\/edublog.educastur.es\/ixuxu\/2026\/02\/the-asturianer-81-plasticoceno\/\">The Asturianer 81: \u00abPlasticoceno\u00bb<\/a> <span class=\"post-date\">24\/02\/2026<\/span><\/li>\n<li><a href=\"https:\/\/edublog.educastur.es\/ixuxu\/2026\/02\/feten-presenta-luciernaga\/\">Feten presenta \u2018Luci\u00e9rnaga\u2019<\/a> <span class=\"post-date\">24\/02\/2026<\/span><\/li>\n<li><a href=\"https:\/\/edublog.educastur.es\/ixuxu\/2026\/02\/el-tiempu-el-comercio-269\/\">El tiempu (El Comercio)<\/a> <span class=\"post-date\">24\/02\/2026<\/span><\/li>\n<li><a href=\"https:\/\/edublog.educastur.es\/ixuxu\/2026\/02\/66055\/\">(sin t\u00edtulo)<\/a> <span class=\"post-date\">23\/02\/2026<\/span><\/li>\n<li><a href=\"https:\/\/edublog.educastur.es\/ixuxu\/2026\/02\/el-tetrasquel-de-la-colondra-dun-de-los-horros-mas-famosos-dozcos\/\">El tetrasquel de la colondra d\u2019\u00fan de los horros m\u00e1s famosos d\u2019Ozcos<\/a> <span class=\"post-date\">23\/02\/2026<\/span><\/li>\n<li><a href=\"https:\/\/edublog.educastur.es\/ixuxu\/2026\/02\/los-cunqueiros\/\">Los cunqueiros<\/a> <span class=\"post-date\">23\/02\/2026<\/span><\/li>\n<li><a href=\"https:\/\/edublog.educastur.es\/ixuxu\/2026\/02\/vineta-teletresporte\/\">Vi\u00f1eta: \u00abTeletresporte\u00bb<\/a> <span class=\"post-date\">23\/02\/2026<\/span><\/li>\n<li><a href=\"https:\/\/edublog.educastur.es\/ixuxu\/2026\/02\/68547\/\">(sin t\u00edtulo)<\/a> <span class=\"post-date\">23\/02\/2026<\/span><\/li>\n<li><a href=\"https:\/\/edublog.educastur.es\/ixuxu\/2026\/02\/dia-de-la-muyer-8m-en-villaviciosa\/\">D\u00eda de la Muyer: 8M en Villaviciosa<\/a> <span class=\"post-date\">23\/02\/2026<\/span><\/li>\n<li><a href=\"https:\/\/edublog.educastur.es\/ixuxu\/2026\/02\/66053\/\">(sin t\u00edtulo)<\/a> <span class=\"post-date\">23\/02\/2026<\/span><\/li>\n<li><a href=\"https:\/\/edublog.educastur.es\/ixuxu\/2026\/02\/maestros-y-profesores-llancen-la-voz-dalarma\/\">Maestros y profesores llancen la voz d\u2019alarma<\/a> <span class=\"post-date\">23\/02\/2026<\/span><\/li>\n<li><a href=\"https:\/\/edublog.educastur.es\/ixuxu\/2026\/02\/el-tiempu-el-comercio-268\/\">El tiempu (El Comercio)<\/a> <span class=\"post-date\">23\/02\/2026<\/span><\/li>\n<li><a href=\"https:\/\/edublog.educastur.es\/ixuxu\/2026\/02\/aforra-agua-en-casa\/\">Aforra agua en casa<\/a> <span class=\"post-date\">22\/02\/2026<\/span><\/li>\n<li><a href=\"https:\/\/edublog.educastur.es\/ixuxu\/2026\/02\/patinaxe-artisticu\/\">Patinaxe art\u00edsticu con tem\u00e1tica deportiva<\/a> <span class=\"post-date\">22\/02\/2026<\/span><\/li>\n<li><a href=\"https:\/\/edublog.educastur.es\/ixuxu\/2026\/02\/66034\/\">(sin t\u00edtulo)<\/a> <span class=\"post-date\">22\/02\/2026<\/span><\/li>\n<li><a href=\"https:\/\/edublog.educastur.es\/ixuxu\/2026\/02\/les-sociedaes-celtes-de-la-vieya-asturia-tresmontana\/\">Les sociedaes celtes de la vieya Asturia Tresmontana<\/a> <span class=\"post-date\">22\/02\/2026<\/span><\/li>\n<li><a href=\"https:\/\/edublog.educastur.es\/ixuxu\/2026\/02\/el-tiempu-el-comercio-267\/\">El tiempu (El Comercio)<\/a> <span class=\"post-date\">22\/02\/2026<\/span><\/li>\n<li><a href=\"https:\/\/edublog.educastur.es\/ixuxu\/2026\/02\/una-marea-naranxa-contral-cancer-infantil-invade-asturies\/\">Una marea naranxa contra\u2019l c\u00e1ncer infantil invade Asturies<\/a> <span class=\"post-date\">22\/02\/2026<\/span><\/li>\n<li><a href=\"https:\/\/edublog.educastur.es\/ixuxu\/2026\/02\/los-vinck-tuvieron-venceyaos-a-la-hestoria-grafica-de-xixon-y-asturies\/\">Los Vinck tuvieron venceyaos a la hestoria gr\u00e1fica de Xix\u00f3n y Asturies<\/a> <span class=\"post-date\">21\/02\/2026<\/span><\/li>\n<li><a href=\"https:\/\/edublog.educastur.es\/ixuxu\/2026\/02\/como-nos-volvimos-humanos\/\">\u00bfC\u00f3mo nos volvimos humanos?<\/a> <span class=\"post-date\">21\/02\/2026<\/span><\/li>\n<li><a href=\"https:\/\/edublog.educastur.es\/ixuxu\/2026\/02\/el-principau-impulsa-la-normalizacion-del-asturianu-y-leonaviegu\/\">El Princip\u00e1u impulsa la normalizaci\u00f3n del asturianu y l\u2019eonaviegu<\/a> <span class=\"post-date\">21\/02\/2026<\/span><\/li>\n<li><a href=\"https:\/\/edublog.educastur.es\/ixuxu\/2026\/02\/desfile-dantroxu-nuvieu\/\">Desfile d\u2019Antroxu n\u2019Uvi\u00e9u<\/a> <span class=\"post-date\">21\/02\/2026<\/span><\/li>\n<li><a href=\"https:\/\/edublog.educastur.es\/ixuxu\/2026\/02\/65918\/\">(sin t\u00edtulo)<\/a> <span class=\"post-date\">21\/02\/2026<\/span><\/li>\n<li><a href=\"https:\/\/edublog.educastur.es\/ixuxu\/2026\/02\/68408\/\">Dialeutos del astur-llion\u00e9s<\/a> <span class=\"post-date\">21\/02\/2026<\/span><\/li>\n<li><a href=\"https:\/\/edublog.educastur.es\/ixuxu\/2026\/02\/el-centru-de-recuperacion-de-la-fauna-montesa-recibe-155-frailecillos-atlanticos\/\">El Centru de Recuperaci\u00f3n de la Fauna Montesa recibe 155 frailecillos atl\u00e1nticos<\/a> <span class=\"post-date\">21\/02\/2026<\/span><\/li>\n<li><a href=\"https:\/\/edublog.educastur.es\/ixuxu\/2026\/02\/labeya-maya-2\/\">L\u2019Abeya Maya<\/a> <span class=\"post-date\">21\/02\/2026<\/span><\/li>\n<li><a href=\"https:\/\/edublog.educastur.es\/ixuxu\/2026\/02\/68267\/\">T\u00e1n apaeciendo Frailecillos en toles mari\u00f1es del Atl\u00e1nticu<\/a> <span class=\"post-date\">21\/02\/2026<\/span><\/li>\n<li><a href=\"https:\/\/edublog.educastur.es\/ixuxu\/2026\/02\/el-poex-empiezal-12-de-marzu-centrau-nel-llabor-de-los-traductores-de-poesia\/\">El POEX empieza\u2019l 12 de marzu centr\u00e1u nel llabor de los traductores de poes\u00eda<\/a> <span class=\"post-date\">21\/02\/2026<\/span><\/li>\n<li><a href=\"https:\/\/edublog.educastur.es\/ixuxu\/2026\/02\/la-conseyeria-deducacion-ya-asoleyol-calendariu-dalmision-pal-cursu-viniente\/\">La Conseyer\u00eda d\u2019Educaci\u00f3n y\u00e1 asoley\u00f3\u2019l calendariu d\u2019almisi\u00f3n pal cursu viniente<\/a> <span class=\"post-date\">21\/02\/2026<\/span><\/li>\n<li><a href=\"https:\/\/edublog.educastur.es\/ixuxu\/2026\/02\/dia-mundial-del-pangolin\/\">D\u00eda Mundial del Pangol\u00edn<\/a> <span class=\"post-date\">21\/02\/2026<\/span><\/li>\n<li><a href=\"https:\/\/edublog.educastur.es\/ixuxu\/2026\/02\/68393\/\">Antroxu nel cole<\/a> <span class=\"post-date\">21\/02\/2026<\/span><\/li>\n<li><a href=\"https:\/\/edublog.educastur.es\/ixuxu\/2026\/02\/ama-la-to-cultura-fala-nasturianu-3\/\">\u201cAma la to cultura. Fala n\u2019asturianu.\u201d<\/a> <span class=\"post-date\">21\/02\/2026<\/span><\/li>\n<li><a href=\"https:\/\/edublog.educastur.es\/ixuxu\/2026\/02\/pallabreru\/\">Pallabreru<\/a> <span class=\"post-date\">21\/02\/2026<\/span><\/li>\n<li><a href=\"https:\/\/edublog.educastur.es\/ixuxu\/2026\/02\/68376\/\">D\u00eda de la Llingua Materna<\/a> <span class=\"post-date\">21\/02\/2026<\/span><\/li>\n<li><a href=\"https:\/\/edublog.educastur.es\/ixuxu\/2026\/02\/poema-de-maria-jose-fraga-suarez\/\">Poema de Mar\u00eda Jos\u00e9 Fraga Su\u00e1rez<\/a> <span class=\"post-date\">21\/02\/2026<\/span><\/li>\n<li><a href=\"https:\/\/edublog.educastur.es\/ixuxu\/2026\/02\/dia-internacional-de-la-llingua-materna-8\/\">D\u00eda Internacional de la Llingua Materna<\/a> <span class=\"post-date\">21\/02\/2026<\/span><\/li>\n<li><a href=\"https:\/\/edublog.educastur.es\/ixuxu\/2026\/02\/na-ue-hai-24-llingues-oficiales-y-mas-de-60-rexonales\/\">Na UE hai 24 lling\u00fces oficiales y m\u00e1s de 60 rexonales.<\/a> <span class=\"post-date\">21\/02\/2026<\/span><\/li>\n<li><a href=\"https:\/\/edublog.educastur.es\/ixuxu\/2026\/02\/68426\/\">D\u00eda Mundial de los osos<\/a> <span class=\"post-date\">21\/02\/2026<\/span><\/li>\n<li><a href=\"https:\/\/edublog.educastur.es\/ixuxu\/2026\/02\/therian-la-ultima-moda-ente-la-xuventu\/\">Therian, la \u00faltima moda de les redes sociales, y\u00e1 aterriz\u00f3 n\u2019Asturies<\/a> <span class=\"post-date\">20\/02\/2026<\/span><\/li>\n<li><a href=\"https:\/\/edublog.educastur.es\/ixuxu\/2026\/02\/un-antroiro-dantano\/\">Un \u201cantroiro\u201d d\u2019anta\u00f1o<\/a> <span class=\"post-date\">20\/02\/2026<\/span><\/li>\n<li><a href=\"https:\/\/edublog.educastur.es\/ixuxu\/2026\/02\/antroxu-nel-cole\/\">Antroxu nel cole<\/a> <span class=\"post-date\">20\/02\/2026<\/span><\/li>\n<li><a href=\"https:\/\/edublog.educastur.es\/ixuxu\/2026\/02\/68311\/\">(sin t\u00edtulo)<\/a> <span class=\"post-date\">20\/02\/2026<\/span><\/li>\n<li><a href=\"https:\/\/edublog.educastur.es\/ixuxu\/2026\/02\/recursu-la-mio-carina\/\">Recursu: \u00abLa mio carina\u00bb<\/a> <span class=\"post-date\">20\/02\/2026<\/span><\/li>\n<li><a href=\"https:\/\/edublog.educastur.es\/ixuxu\/2026\/02\/68368\/\">Carrera Galb\u00e1n<\/a> <span class=\"post-date\">20\/02\/2026<\/span><\/li>\n<li><a href=\"https:\/\/edublog.educastur.es\/ixuxu\/2026\/02\/la-ermita-mas-guapa-despana-en-cadaveu\/\">La ermita m\u00e1s guapa d\u2019Espa\u00f1a, en Cadaveu<\/a> <span class=\"post-date\">20\/02\/2026<\/span><\/li>\n<li><a href=\"https:\/\/edublog.educastur.es\/ixuxu\/2026\/02\/la-unesco-alerta-sobre-la-falta-de-profesores-nos-centros-educativos\/\">La Unesco alerta sobre la falta de profesores nos centros educativos<\/a> <span class=\"post-date\">20\/02\/2026<\/span><\/li>\n<li><a href=\"https:\/\/edublog.educastur.es\/ixuxu\/2026\/02\/playlist-esto-ye-los-berrones\/\">Playlist \u2018Esto ye: Los Berrones\u2019<\/a> <span class=\"post-date\">20\/02\/2026<\/span><\/li>\n<li><a href=\"https:\/\/edublog.educastur.es\/ixuxu\/2026\/02\/david-varela-y-xiranda-brass-band-ponen-musica-nel-dia-de-la-llingua-materna\/\">David Varela y Xiranda Brass Band ponen m\u00fasica nel D\u00eda de la Llingua Materna<\/a> <span class=\"post-date\">20\/02\/2026<\/span><\/li>\n<li><a href=\"https:\/\/edublog.educastur.es\/ixuxu\/2026\/02\/videu-nuevu-de-ruben-bada\/\">V\u00eddeu nuevu de Rub\u00e9n Bada: \u00abN\u00f3s\u00bb<\/a> <span class=\"post-date\">20\/02\/2026<\/span><\/li>\n<li><a href=\"https:\/\/edublog.educastur.es\/ixuxu\/2026\/02\/iv-feria-de-la-ciencia-y-linnovacion-dasturies\/\">IV Feria de la Ciencia y l\u2019Innovaci\u00f3n d\u2019Asturies<\/a> <span class=\"post-date\">20\/02\/2026<\/span><\/li>\n<li><a href=\"https:\/\/edublog.educastur.es\/ixuxu\/2026\/02\/xuegu-sopa-lletres\/\">Xuegu: sopa lletres<\/a> <span class=\"post-date\">20\/02\/2026<\/span><\/li>\n<li><a href=\"https:\/\/edublog.educastur.es\/ixuxu\/2026\/02\/la-nube\/\">La nube\u2026<\/a> <span class=\"post-date\">20\/02\/2026<\/span><\/li>\n<li><a href=\"https:\/\/edublog.educastur.es\/ixuxu\/2026\/02\/colores-parlanchines\/\">\u00abColores parlanchines\u00bb<\/a> <span class=\"post-date\">20\/02\/2026<\/span><\/li>\n<li><a href=\"https:\/\/edublog.educastur.es\/ixuxu\/2026\/02\/guei-va-50-anos-nacia-alitar-asturies\/\">G\u00fcei va 50 a\u00f1os nac\u00eda Alitar Asturies<\/a> <span class=\"post-date\">20\/02\/2026<\/span><\/li>\n<li><a href=\"https:\/\/edublog.educastur.es\/ixuxu\/2026\/02\/indiz-de-quemes-forestales-nasturies-14\/\">\u00cdndiz de quemes forestales n\u2019Asturies<\/a> <span class=\"post-date\">20\/02\/2026<\/span><\/li>\n<li><a href=\"https:\/\/edublog.educastur.es\/ixuxu\/2026\/02\/el-tiempu-el-comercio-266\/\">El tiempu (El Comercio)<\/a> <span class=\"post-date\">20\/02\/2026<\/span><\/li>\n<li><a href=\"https:\/\/edublog.educastur.es\/ixuxu\/2026\/02\/65760\/\">(sin t\u00edtulo)<\/a> <span class=\"post-date\">20\/02\/2026<\/span><\/li>\n<li><a href=\"https:\/\/edublog.educastur.es\/ixuxu\/2026\/02\/los-arandanos-broten-con-fuerza-nasturies\/\">Los ar\u00e1ndanos broten con fuerza n\u2019Asturies<\/a> <span class=\"post-date\">19\/02\/2026<\/span><\/li>\n<li><a href=\"https:\/\/edublog.educastur.es\/ixuxu\/2026\/02\/lagua-invisible-nespana\/\">L\u2019agua invisible n\u2019Espa\u00f1a<\/a> <span class=\"post-date\">19\/02\/2026<\/span><\/li>\n<li><a href=\"https:\/\/edublog.educastur.es\/ixuxu\/2026\/02\/68299\/\">Xuegu de la esposici\u00f3n \u2018El Princip\u00edn\u00bb<\/a> <span class=\"post-date\">19\/02\/2026<\/span><\/li>\n<li><a href=\"https:\/\/edublog.educastur.es\/ixuxu\/2026\/02\/sestaferia-pal-profesorau-de-llingua-asturiana\/\">Sestaferia pal profesor\u00e1u de Llingua Asturiana<\/a> <span class=\"post-date\">19\/02\/2026<\/span><\/li>\n<li><a href=\"https:\/\/edublog.educastur.es\/ixuxu\/2026\/02\/que-futuru-espera-yos-a-los-bolos-asturianos\/\">\u00bfQu\u00e9 futuru esp\u00e9ra-yos a los bolos asturianos?<\/a> <span class=\"post-date\">19\/02\/2026<\/span><\/li>\n<li><a href=\"https:\/\/edublog.educastur.es\/ixuxu\/2026\/02\/65767\/\">(sin t\u00edtulo)<\/a> <span class=\"post-date\">19\/02\/2026<\/span><\/li>\n<li><a href=\"https:\/\/edublog.educastur.es\/ixuxu\/2026\/02\/cantar-lantroxu-ya-entamo\/\">Cantar \u00abL\u2019Antroxu ya entam\u00f3\u00bb<\/a> <span class=\"post-date\">19\/02\/2026<\/span><\/li>\n<li><a href=\"https:\/\/edublog.educastur.es\/ixuxu\/2026\/02\/dia-contra-la-lgtbifobia\/\">D\u00eda contra la LGTBIfobia<\/a> <span class=\"post-date\">19\/02\/2026<\/span><\/li>\n<li><a href=\"https:\/\/edublog.educastur.es\/ixuxu\/2026\/02\/avisu-por-fenomenos-costeros\/\">Avisu por fen\u00f3menos costeros<\/a> <span class=\"post-date\">19\/02\/2026<\/span><\/li>\n<li><a href=\"https:\/\/edublog.educastur.es\/ixuxu\/2026\/02\/el-tiempu-el-comercio-265\/\">El tiempu (El Comercio)<\/a> <span class=\"post-date\">19\/02\/2026<\/span><\/li>\n<li><a href=\"https:\/\/edublog.educastur.es\/ixuxu\/2026\/02\/avisos-por-fenomenos-costeros-y-nevaes-para-manana\/\">Avisos por fen\u00f3menos costeros y nevaes para ma\u00f1ana.<\/a> <span class=\"post-date\">18\/02\/2026<\/span><\/li>\n<li><a href=\"https:\/\/edublog.educastur.es\/ixuxu\/2026\/02\/menu-dantroxu-2\/\">Men\u00fa d\u2019Antroxu<\/a> <span class=\"post-date\">18\/02\/2026<\/span><\/li>\n<li><a href=\"https:\/\/edublog.educastur.es\/ixuxu\/2026\/02\/pequenos-pasos-para-grandes-poetes\/\">\u00abPequenos pasos para grandes poetes\u00bb<\/a> <span class=\"post-date\">18\/02\/2026<\/span><\/li>\n<li><a href=\"https:\/\/edublog.educastur.es\/ixuxu\/2026\/02\/festival-international-de-poesie-de-quebec\/\">Festival international de po\u00e9sie de Qu\u00e9bec<\/a> <span class=\"post-date\">18\/02\/2026<\/span><\/li>\n<li><a href=\"https:\/\/edublog.educastur.es\/ixuxu\/2026\/02\/rebelion-na-granxa-de-orwell\/\">\u201cRebeli\u00f3n na granxa\u201d, de George Orwell<\/a> <span class=\"post-date\">18\/02\/2026<\/span><\/li>\n<li><a href=\"https:\/\/edublog.educastur.es\/ixuxu\/2026\/02\/punch-el-monu-nacaru-que-nos-enternecio\/\">Punch, el monu \u00f1\u00e1caru que nos enterneci\u00f3<\/a> <span class=\"post-date\">18\/02\/2026<\/span><\/li>\n<li><a href=\"https:\/\/edublog.educastur.es\/ixuxu\/2026\/02\/los-simios-tamien-son-capaces-dimaxinar-y-asemeyar-como-los-humanos\/\">Los simios tami\u00e9n son capaces d\u2019imaxinar y asemeyar como los humanos.<\/a> <span class=\"post-date\">18\/02\/2026<\/span><\/li>\n<li><a href=\"https:\/\/edublog.educastur.es\/ixuxu\/2026\/02\/68269\/\">(sin t\u00edtulo)<\/a> <span class=\"post-date\">18\/02\/2026<\/span><\/li>\n<li><a href=\"https:\/\/edublog.educastur.es\/ixuxu\/2026\/02\/xuegu-sobre-sobre-alexander-fleming-70-aniversariu-de-la-so-muerte\/\">Xuegu: \u2018Alexander Fleming. 70 aniversariu de la so muerte\u2019<\/a> <span class=\"post-date\">18\/02\/2026<\/span><\/li>\n<li><a href=\"https:\/\/edublog.educastur.es\/ixuxu\/2026\/02\/inventu-por-efren-dandres\/\">\u00abInventu\u00bb por Efr\u00e9n d\u2019Andr\u00e9s<\/a> <span class=\"post-date\">18\/02\/2026<\/span><\/li>\n<li><a href=\"https:\/\/edublog.educastur.es\/ixuxu\/2026\/02\/xuegu-sobre-la-esposicion-de-los-cuentos-de-hans-christian-andersen\/\">Xuegu sobre la esposici\u00f3n de \u00abLos cuentos de Hans Christian Andersen\u00bb<\/a> <span class=\"post-date\">18\/02\/2026<\/span><\/li>\n<li><a href=\"https:\/\/edublog.educastur.es\/ixuxu\/2026\/02\/dia-internacional-del-idioma-maternu-3\/\">D\u00eda Internacional del Idioma Maternu<\/a> <span class=\"post-date\">18\/02\/2026<\/span><\/li>\n<li><a href=\"https:\/\/edublog.educastur.es\/ixuxu\/2026\/02\/68152\/\">Milano Cortina 2026 Xuegos Ol\u00edmpicos d\u2019Iviernu<\/a> <span class=\"post-date\">18\/02\/2026<\/span><\/li>\n<li><a href=\"https:\/\/edublog.educastur.es\/ixuxu\/2026\/02\/les-10-semeyes-del-anu-premiaes-polos-sony-world-photography-awards\/\">Les 10 semeyes del a\u00f1u premiaes polos Sony World Photography Awards<\/a> <span class=\"post-date\">18\/02\/2026<\/span><\/li>\n<li><a href=\"https:\/\/edublog.educastur.es\/ixuxu\/2026\/02\/les-7-semeyes-de-la-selmana-en-national-geographic\/\">Les semeyes de la selmana en National Geographic<\/a> <span class=\"post-date\">18\/02\/2026<\/span><\/li>\n<li><a href=\"https:\/\/edublog.educastur.es\/ixuxu\/2026\/02\/la-campa-torres-vista-dende-laire\/\">La Campa Torres vista dende l\u2019aire<\/a> <span class=\"post-date\">18\/02\/2026<\/span><\/li>\n<li><a href=\"https:\/\/edublog.educastur.es\/ixuxu\/2026\/02\/el-celebru-infantil-falla-cuando-los-numberos-son-simbolos\/\">El celebru infantil falla cuando los n\u00famberos son s\u00edmbolos<\/a> <span class=\"post-date\">18\/02\/2026<\/span><\/li>\n<li><a href=\"https:\/\/edublog.educastur.es\/ixuxu\/2026\/02\/jose-andres-salia-con-spiderman-contral-mal\/\">Jos\u00e9 Andr\u00e9s s\u2019al\u00eda con Spiderman contra\u2019l mal<\/a> <span class=\"post-date\">18\/02\/2026<\/span><\/li>\n<li><a href=\"https:\/\/edublog.educastur.es\/ixuxu\/2026\/02\/actividaes-dixitales-y-xeres-nueves\/\">Actividaes dixitales y xeres nueves\u2026<\/a> <span class=\"post-date\">18\/02\/2026<\/span><\/li>\n<li><a href=\"https:\/\/edublog.educastur.es\/ixuxu\/2026\/02\/creacion-de-pieces-artistiques-nes-llingues-dasturies\/\">Creaci\u00f3n de pieces art\u00edstiques nes lling\u00fces d\u2019Asturies<\/a> <span class=\"post-date\">18\/02\/2026<\/span><\/li>\n<li><a href=\"https:\/\/edublog.educastur.es\/ixuxu\/2026\/02\/la-basilica-de-cuadonga-nun-escenariu-de-el-nome-de-la-rosa\/\">La bas\u00edlica de Cuadonga nun escenariu de \u00abEl nome de la rosa\u00bb<\/a> <span class=\"post-date\">18\/02\/2026<\/span><\/li>\n<li><a href=\"https:\/\/edublog.educastur.es\/ixuxu\/2026\/02\/68158\/\">(sin t\u00edtulo)<\/a> <span class=\"post-date\">18\/02\/2026<\/span><\/li>\n<li><a href=\"https:\/\/edublog.educastur.es\/ixuxu\/2026\/02\/pueblos-quhabitaben-la-peninsula-iberica-antes-de-la-llegada-de-los-romanos\/\">Pueblos qu\u2019habitaben la pen\u00ednsula Ib\u00e9rica antes de la llegada de los romanos<\/a> <span class=\"post-date\">18\/02\/2026<\/span><\/li>\n<li><a href=\"https:\/\/edublog.educastur.es\/ixuxu\/2026\/02\/banos-publicos-na-antigua-roma-2\/\">Ba\u00f1os p\u00fablicos na Antigua Roma<\/a> <span class=\"post-date\">18\/02\/2026<\/span><\/li>\n<li><a href=\"https:\/\/edublog.educastur.es\/ixuxu\/2026\/02\/dos-muyeres-astures-de-la-eda-del-fierru\/\">Dos muyeres astures de la Ed\u00e1 del Fierru<\/a> <span class=\"post-date\">18\/02\/2026<\/span><\/li>\n<li><a href=\"https:\/\/edublog.educastur.es\/ixuxu\/2026\/02\/plan-dordenacion-de-recursos-forestales\/\">Plan d\u2019Ordenaci\u00f3n de Recursos Forestales<\/a> <span class=\"post-date\">18\/02\/2026<\/span><\/li>\n<li><a href=\"https:\/\/edublog.educastur.es\/ixuxu\/2026\/02\/the-asturianer-80-tino\/\">The Asturianer 80 \u00abTino\u00bb<\/a> <span class=\"post-date\">18\/02\/2026<\/span><\/li>\n<li><a href=\"https:\/\/edublog.educastur.es\/ixuxu\/2026\/02\/cnatar-los-meses-del-anu\/\">Cantar: \u00abLos meses del a\u00f1u\u00bb<\/a> <span class=\"post-date\">18\/02\/2026<\/span><\/li>\n<li><a href=\"https:\/\/edublog.educastur.es\/ixuxu\/2026\/02\/pedro-la-nueva-umbada-que-va-solmenar-espana\/\">Pedro, la nueva umbada que va solmenar Espa\u00f1a<\/a> <span class=\"post-date\">18\/02\/2026<\/span><\/li>\n<li><a href=\"https:\/\/edublog.educastur.es\/ixuxu\/2026\/02\/68067\/\">Est\u00e1u del tiempu n\u2019Espa\u00f1a<\/a> <span class=\"post-date\">18\/02\/2026<\/span><\/li>\n<li><a href=\"https:\/\/edublog.educastur.es\/ixuxu\/2026\/02\/el-tiempu-el-comercio-264\/\">El tiempu (El Comercio)<\/a> <span class=\"post-date\">18\/02\/2026<\/span><\/li>\n<li><a href=\"https:\/\/edublog.educastur.es\/ixuxu\/2026\/02\/les-noticies-del-martes-17-de-febreru-de-2026\/\">Les noticies del martes 17 de febreru de 2026<\/a> <span class=\"post-date\">17\/02\/2026<\/span><\/li>\n<li><a href=\"https:\/\/edublog.educastur.es\/ixuxu\/2026\/02\/68249\/\">Actualizaci\u00f3n del mapa r\u00e1ster d\u2019Espa\u00f1a<\/a> <span class=\"post-date\">17\/02\/2026<\/span><\/li>\n<li><a href=\"https:\/\/edublog.educastur.es\/ixuxu\/2026\/02\/el-monte-prehistoricu-de-ribeseya\/\">El monte prehist\u00f3ricu de Ribeseya<\/a> <span class=\"post-date\">17\/02\/2026<\/span><\/li>\n<li><a href=\"https:\/\/edublog.educastur.es\/ixuxu\/2026\/02\/poemariu-versos-del-raitan\/\">Poemariu \u00abVersos del rait\u00e1n\u00bb<\/a> <span class=\"post-date\">17\/02\/2026<\/span><\/li>\n<li><a href=\"https:\/\/edublog.educastur.es\/ixuxu\/2026\/02\/los-asturianos-de-barcelona-tamien-celebren-les-comadres\/\">Los asturianos de Barcelona tami\u00e9n celebren Les Comadres<\/a> <span class=\"post-date\">17\/02\/2026<\/span><\/li>\n<li><a href=\"https:\/\/edublog.educastur.es\/ixuxu\/2026\/02\/los-mazcaritos-sotierren-a-la-sardina-para-despidir-lantroxu\/\">Los Mazcaritos sotierren a la sardina para despidir l\u2019Antroxu<\/a> <span class=\"post-date\">17\/02\/2026<\/span><\/li>\n<li><a href=\"https:\/\/edublog.educastur.es\/ixuxu\/2026\/02\/65687\/\">(sin t\u00edtulo)<\/a> <span class=\"post-date\">17\/02\/2026<\/span><\/li>\n<li><a href=\"https:\/\/edublog.educastur.es\/ixuxu\/2026\/02\/menu-especial-dantroxu-nel-huca\/\">Men\u00fa especial d\u2019Antroxu nel HUCA<\/a> <span class=\"post-date\">17\/02\/2026<\/span><\/li>\n<li><a href=\"https:\/\/edublog.educastur.es\/ixuxu\/2026\/02\/martes-dantroxu\/\">Martes d\u2019antroxu<\/a> <span class=\"post-date\">17\/02\/2026<\/span><\/li>\n<li><a href=\"https:\/\/edublog.educastur.es\/ixuxu\/2026\/02\/68061\/\">D\u00eda Mundial de la Resiliencia del Turismu<\/a> <span class=\"post-date\">17\/02\/2026<\/span><\/li>\n<li><a href=\"https:\/\/edublog.educastur.es\/ixuxu\/2026\/02\/les-noticies-del-llunes-16-de-febreru-2026\/\">Les noticies del llunes 16 de febreru 2026<\/a> <span class=\"post-date\">16\/02\/2026<\/span><\/li>\n<li><a href=\"https:\/\/edublog.educastur.es\/ixuxu\/2026\/02\/dime-de-que-yes-y-tedire-de-que-asturies-vienes\/\">Dime de que yes y tedir\u00e9 de que Asturies vienes\u2026<\/a> <span class=\"post-date\">16\/02\/2026<\/span><\/li>\n<li><a href=\"https:\/\/edublog.educastur.es\/ixuxu\/2026\/02\/esposicion-a-los-tos-pies\/\">Esposici\u00f3n \u00abA los tos pies.<\/a> <span class=\"post-date\">16\/02\/2026<\/span><\/li>\n<li><a href=\"https:\/\/edublog.educastur.es\/ixuxu\/2026\/02\/asturies-va-cuntar-cola-mayor-ufierta-de-places-arees\/\">Asturies va cuntar cola mayor ufierta de places \u00e1rees<\/a> <span class=\"post-date\">16\/02\/2026<\/span><\/li>\n<li><a href=\"https:\/\/edublog.educastur.es\/ixuxu\/2026\/02\/adiciones-nadolecentes\/\">Adiciones n\u2019adolecentes<\/a> <span class=\"post-date\">16\/02\/2026<\/span><\/li>\n<li><a href=\"https:\/\/edublog.educastur.es\/ixuxu\/2026\/02\/dia-internacional-de-la-llingua-materna-21-febreru\/\">D\u00eda Internacional de la Llingua Materna: 21 febreru<\/a> <span class=\"post-date\">16\/02\/2026<\/span><\/li>\n<li><a href=\"https:\/\/edublog.educastur.es\/ixuxu\/2026\/02\/mazcaritos-duvieu-7\/\">Mazcaritos d\u2019Uvi\u00e9u<\/a> <span class=\"post-date\">15\/02\/2026<\/span><\/li>\n<li><a href=\"https:\/\/edublog.educastur.es\/ixuxu\/2026\/02\/65600\/\">(sin t\u00edtulo)<\/a> <span class=\"post-date\">15\/02\/2026<\/span><\/li>\n<li><a href=\"https:\/\/edublog.educastur.es\/ixuxu\/2026\/02\/dia-mundial-de-les-ballenes\/\">D\u00eda Mundial de les Ballenes<\/a> <span class=\"post-date\">15\/02\/2026<\/span><\/li>\n<li><a href=\"https:\/\/edublog.educastur.es\/ixuxu\/2026\/02\/68043\/\">Mazcaritos d\u2019Uvi\u00e9u.<\/a> <span class=\"post-date\">14\/02\/2026<\/span><\/li>\n<li><a href=\"https:\/\/edublog.educastur.es\/ixuxu\/2026\/02\/incidencia-nel-guerna\/\">Incidencia nel G\u00fcerna<\/a> <span class=\"post-date\">14\/02\/2026<\/span><\/li>\n<li><a href=\"https:\/\/edublog.educastur.es\/ixuxu\/2026\/02\/67466\/\">(sin t\u00edtulo)<\/a> <span class=\"post-date\">14\/02\/2026<\/span><\/li>\n<li><a href=\"https:\/\/edublog.educastur.es\/ixuxu\/2026\/02\/30-anos-desti-fondo-pantalla-de-windows-bliss-felicida\/\">30 a\u00f1os d\u2019esti fondo pantalla de Windows: \u201cBliss\u201d (felicid\u00e1)<\/a> <span class=\"post-date\">14\/02\/2026<\/span><\/li>\n<li><a href=\"https:\/\/edublog.educastur.es\/ixuxu\/2026\/02\/tener-munchos-amigos\/\">\u00abTener munchos amigos\u00bb<\/a> <span class=\"post-date\">14\/02\/2026<\/span><\/li>\n<li><a href=\"https:\/\/edublog.educastur.es\/ixuxu\/2026\/02\/sobro-los-colibris\/\">Sobro los colibr\u00eds<\/a> <span class=\"post-date\">14\/02\/2026<\/span><\/li>\n<li><a href=\"https:\/\/edublog.educastur.es\/ixuxu\/2026\/02\/que-guapu-ye-querese\/\">\u00abQu\u00e9 guapu ye querese\u00bb<\/a> <span class=\"post-date\">14\/02\/2026<\/span><\/li>\n<li><a href=\"https:\/\/edublog.educastur.es\/ixuxu\/2026\/02\/feliz-dia-de-lamista-y-lamor\/\">Feliz D\u00eda de l\u2019amist\u00e1 y l\u2019amor<\/a> <span class=\"post-date\">14\/02\/2026<\/span><\/li>\n<li><a href=\"https:\/\/edublog.educastur.es\/ixuxu\/2026\/02\/dia-mundial-de-la-enerxia\/\">D\u00eda Mundial de la Enerx\u00eda<\/a> <span class=\"post-date\">14\/02\/2026<\/span><\/li>\n<li><a href=\"https:\/\/edublog.educastur.es\/ixuxu\/2026\/02\/el-tiempu-el-comercio-263\/\">El tiempu (El Comercio)<\/a> <span class=\"post-date\">14\/02\/2026<\/span><\/li>\n<li><a href=\"https:\/\/edublog.educastur.es\/ixuxu\/2026\/02\/les-noticies-del-vienres-13-de-febreru-de-2026\/\">Les noticies del vienres 13 de febreru de 2026<\/a> <span class=\"post-date\">13\/02\/2026<\/span><\/li>\n<li><a href=\"https:\/\/edublog.educastur.es\/ixuxu\/2026\/02\/continiuen-los-xuegos-olimpicos-diviernu-nitalia\/\">Contin\u00eduen los Xuegos Ol\u00edmpicos d\u2019iviernu n\u2019Italia<\/a> <span class=\"post-date\">13\/02\/2026<\/span><\/li>\n<li><a href=\"https:\/\/edublog.educastur.es\/ixuxu\/2026\/02\/la-banda-asturiana-de-fem-asoleya-rojo-despertar\/\">La banda asturiana \u00abDe Fem\u00bb asoleya \u2018Rojo despertar\u2019<\/a> <span class=\"post-date\">13\/02\/2026<\/span><\/li>\n<li><a href=\"https:\/\/edublog.educastur.es\/ixuxu\/2026\/02\/les-penes-apuren-les-hores-pacabar-los-ardiluxos-del-descensu-de-galiana\/\">Les pe\u00f1es apuren les hores p\u2019acabar los ardiluxos del Descensu de Galiana<\/a> <span class=\"post-date\">13\/02\/2026<\/span><\/li>\n<li><a href=\"https:\/\/edublog.educastur.es\/ixuxu\/2026\/02\/cancion-nuna-nueite-de-xineiru\/\">Canci\u00f3n \u00abNuna nueite de xineiru\u00bb<\/a> <span class=\"post-date\">13\/02\/2026<\/span><\/li>\n<li><a href=\"https:\/\/edublog.educastur.es\/ixuxu\/2026\/02\/65598\/\">(sin t\u00edtulo)<\/a> <span class=\"post-date\">13\/02\/2026<\/span><\/li>\n<li><a href=\"https:\/\/edublog.educastur.es\/ixuxu\/2026\/02\/campana-con-chefs-pa-declarar-a-langula-en-peligru-destincion\/\">Campa\u00f1a con chefs pa declarar a l\u2019angula en peligru d\u2019estinci\u00f3n<\/a> <span class=\"post-date\">13\/02\/2026<\/span><\/li>\n<li><a href=\"https:\/\/edublog.educastur.es\/ixuxu\/2026\/02\/unu-de-los-primeros-animales-terrestres-herbivoros\/\">Unu de los primeros animales terrestres herb\u00edvoros.<\/a> <span class=\"post-date\">13\/02\/2026<\/span><\/li>\n<li><a href=\"https:\/\/edublog.educastur.es\/ixuxu\/2026\/02\/vick-blanch-falanos-del-antroxu\/\">Vick Blanch f\u00e1lanos del antroxu<\/a> <span class=\"post-date\">13\/02\/2026<\/span><\/li>\n<li><a href=\"https:\/\/edublog.educastur.es\/ixuxu\/2026\/02\/llambionaes-dantroxu\/\">Llambionaes d\u2019Antroxu<\/a> <span class=\"post-date\">13\/02\/2026<\/span><\/li>\n<li><a href=\"https:\/\/edublog.educastur.es\/ixuxu\/2026\/02\/el-mapa-real-del-turismu-nasturies\/\">El mapa real del turismu n\u2019Asturies<\/a> <span class=\"post-date\">13\/02\/2026<\/span><\/li>\n<li><a href=\"https:\/\/edublog.educastur.es\/ixuxu\/2026\/02\/67913\/\">D\u00eda Internacional del C\u00e1ncer Infantil nel HUCA<\/a> <span class=\"post-date\">13\/02\/2026<\/span><\/li>\n<li><a href=\"https:\/\/edublog.educastur.es\/ixuxu\/2026\/02\/asturies-crez-en-poblacion\/\">Asturies crez en poblaci\u00f3n<\/a> <span class=\"post-date\">13\/02\/2026<\/span><\/li>\n<li><a href=\"https:\/\/edublog.educastur.es\/ixuxu\/2026\/02\/lantroxu-2026-llega-a-la-rexon-cargau-dactividaes-para-tolos-publicos\/\">L\u2019Antroxu 2026 llega a la rex\u00f3n carg\u00e1u d\u2019actividaes para tolos p\u00fablicos.<\/a> <span class=\"post-date\">13\/02\/2026<\/span><\/li>\n<li><a href=\"https:\/\/edublog.educastur.es\/ixuxu\/2026\/02\/asina-falen-los-mozos-asturianos\/\">Asina falen los mozos asturianos<\/a> <span class=\"post-date\">13\/02\/2026<\/span><\/li>\n<li><a href=\"https:\/\/edublog.educastur.es\/ixuxu\/2026\/02\/va-redactase-una-llei-deducacion-del-principau\/\">\u00abLlei d\u2019Educaci\u00f3n del Princip\u00e1u\u00bb<\/a> <span class=\"post-date\">13\/02\/2026<\/span><\/li>\n<li><a href=\"https:\/\/edublog.educastur.es\/ixuxu\/2026\/02\/dia-de-la-radio\/\">D\u00eda Mundial de la Radio<\/a> <span class=\"post-date\">13\/02\/2026<\/span><\/li>\n<li><a href=\"https:\/\/edublog.educastur.es\/ixuxu\/2026\/02\/tiempu-nasturies-6\/\">Tiempu n\u2019Asturies<\/a> <span class=\"post-date\">13\/02\/2026<\/span><\/li>\n<li><a href=\"https:\/\/edublog.educastur.es\/ixuxu\/2026\/02\/el-tiempu-el-comercio-262\/\">El tiempu (El Comercio)<\/a> <span class=\"post-date\">13\/02\/2026<\/span><\/li>\n<li><a href=\"https:\/\/edublog.educastur.es\/ixuxu\/2026\/02\/65596\/\">(sin t\u00edtulo)<\/a> <span class=\"post-date\">13\/02\/2026<\/span><\/li>\n<li><a href=\"https:\/\/edublog.educastur.es\/ixuxu\/2026\/02\/les-noticies-del-xueves-12-de-febreru-de-2026\/\">Les noticies del xueves 12 de febreru de 2026<\/a> <span class=\"post-date\">12\/02\/2026<\/span><\/li>\n<li><a href=\"https:\/\/edublog.educastur.es\/ixuxu\/2026\/02\/68007\/\">(sin t\u00edtulo)<\/a> <span class=\"post-date\">12\/02\/2026<\/span><\/li>\n<li><a href=\"https:\/\/edublog.educastur.es\/ixuxu\/2026\/02\/miles-de-bollos-de-comadres-los-protagonistes-en-la-pola-siero\/\">Miles de bollos de Comadres, los protagonistes en La Pola (Siero)<\/a> <span class=\"post-date\">12\/02\/2026<\/span><\/li>\n<li><a href=\"https:\/\/edublog.educastur.es\/ixuxu\/2026\/02\/marisa-valle-roso-comadre-de-oro-y-el-premiu-8-de-marzu\/\">Marisa Valle Roso, Comadre d\u2019Oru y el Premiu 8 de Marzu<\/a> <span class=\"post-date\">12\/02\/2026<\/span><\/li>\n<li><a href=\"https:\/\/edublog.educastur.es\/ixuxu\/2026\/02\/entamen-les-celebraciones-dantroxu\/\">Entamen les\u00a0celebraciones d\u2019Antroxu<\/a> <span class=\"post-date\">12\/02\/2026<\/span><\/li>\n<li><a href=\"https:\/\/edublog.educastur.es\/ixuxu\/2026\/02\/tension-por-efren-dandres\/\">\u00abTensi\u00f3n\u00bb, por Efr\u00e9n d\u2019Andr\u00e9s<\/a> <span class=\"post-date\">12\/02\/2026<\/span><\/li>\n<li><a href=\"https:\/\/edublog.educastur.es\/ixuxu\/2026\/02\/guei-toquen-sidros-y-comedies-nel-colexu-del-cotayu\/\">G\u00fcei toquen Sidros y Comedies nel Colexu del Cotayu<\/a> <span class=\"post-date\">12\/02\/2026<\/span><\/li>\n<li><a href=\"https:\/\/edublog.educastur.es\/ixuxu\/2026\/02\/mapa-gastronomicu-del-principau-dasturies\/\">Mapa gastron\u00f3micu del Princip\u00e1u d\u2019Asturies<\/a> <span class=\"post-date\">12\/02\/2026<\/span><\/li>\n<li><a href=\"https:\/\/edublog.educastur.es\/ixuxu\/2026\/02\/67881\/\">(sin t\u00edtulo)<\/a> <span class=\"post-date\">12\/02\/2026<\/span><\/li>\n<li><a href=\"https:\/\/edublog.educastur.es\/ixuxu\/2026\/02\/68136\/\">Cortexo de Mazcaritos Tradicionales n\u2019Avil\u00e9s<\/a> <span class=\"post-date\">12\/02\/2026<\/span><\/li>\n<li><a href=\"https:\/\/edublog.educastur.es\/ixuxu\/2026\/02\/dia-internacional-da-llingua-materna-2026\/\">D\u00eda Internacional da Llingua Materna 2026<\/a> <span class=\"post-date\">12\/02\/2026<\/span><\/li>\n<li><a href=\"https:\/\/edublog.educastur.es\/ixuxu\/2026\/02\/c-darwin-camudo-la-nuesa-forma-dentender-la-vida\/\">C. Darwin camud\u00f3 la nuesa forma d\u2019entender la vida.<\/a> <span class=\"post-date\">12\/02\/2026<\/span><\/li>\n<li><a href=\"https:\/\/edublog.educastur.es\/ixuxu\/2026\/02\/el-tiempu-el-comercio-261\/\">El tiempu (El Comercio)<\/a> <span class=\"post-date\">12\/02\/2026<\/span><\/li>\n<li><a href=\"https:\/\/edublog.educastur.es\/ixuxu\/2026\/02\/mazcaritos-duvieu-6\/\">Mazcaritos d\u2019Uvi\u00e9u<\/a> <span class=\"post-date\">11\/02\/2026<\/span><\/li>\n<li><a href=\"https:\/\/edublog.educastur.es\/ixuxu\/2026\/02\/65362\/\">(sin t\u00edtulo)<\/a> <span class=\"post-date\">11\/02\/2026<\/span><\/li>\n<li><a href=\"https:\/\/edublog.educastur.es\/ixuxu\/2026\/02\/67850\/\">Poblaci\u00f3n europea de frang\u00fcesos en Espa\u00f1a: 66 %<\/a> <span class=\"post-date\">11\/02\/2026<\/span><\/li>\n<li><a href=\"https:\/\/edublog.educastur.es\/ixuxu\/2026\/02\/les-mascotes-de-los-xuegos-olimpicos-diviernu-nitalia\/\">Les mascotes de los Xuegos ol\u00edmpicos d\u2019Iviernu n\u2019Italia<\/a> <span class=\"post-date\">11\/02\/2026<\/span><\/li>\n<li><a href=\"https:\/\/edublog.educastur.es\/ixuxu\/2026\/02\/67805\/\">V\u00edes verdes<\/a> <span class=\"post-date\">11\/02\/2026<\/span><\/li>\n<li><a href=\"https:\/\/edublog.educastur.es\/ixuxu\/2026\/02\/los-banzaos-espanoles-al-7734-de-la-so-capacida-total\/\">Los banzaos espa\u00f1oles, al 77,34% de la so capacid\u00e1 total<\/a> <span class=\"post-date\">11\/02\/2026<\/span><\/li>\n<li><a href=\"https:\/\/edublog.educastur.es\/ixuxu\/2026\/02\/64667\/\">(sin t\u00edtulo)<\/a> <span class=\"post-date\">11\/02\/2026<\/span><\/li>\n<li><a href=\"https:\/\/edublog.educastur.es\/ixuxu\/2026\/02\/avisu-meriellu-por-vientu\/\">Avisu mariellu por vientu<\/a> <span class=\"post-date\">11\/02\/2026<\/span><\/li>\n<li><a href=\"https:\/\/edublog.educastur.es\/ixuxu\/2026\/02\/lo-unico-mas-poderosu-que-lodiu-ye-lamor\/\">\u00abLo \u00fanico m\u00e1s poderosu que l\u2019odiu ye l\u2019amor\u00bb<\/a> <span class=\"post-date\">11\/02\/2026<\/span><\/li>\n<li><a href=\"https:\/\/edublog.educastur.es\/ixuxu\/2026\/02\/dibuxa-a-la-cientifica-que-mas-te-preste\/\">Dibuxa a la cient\u00edfica que m\u00e1s te preste<\/a> <span class=\"post-date\">11\/02\/2026<\/span><\/li>\n<li><a href=\"https:\/\/edublog.educastur.es\/ixuxu\/2026\/02\/dia-internacional-de-la-muyer-y-la-nena\/\">D\u00eda Internacional de la Muyer y la Ne\u00f1a<\/a> <span class=\"post-date\">11\/02\/2026<\/span><\/li>\n<li><a href=\"https:\/\/edublog.educastur.es\/ixuxu\/2026\/02\/67873\/\">(sin t\u00edtulo)<\/a> <span class=\"post-date\">11\/02\/2026<\/span><\/li>\n<li><a href=\"https:\/\/edublog.educastur.es\/ixuxu\/2026\/02\/el-csic-celebral-dia-internacional-de-la-muyer-y-la-nena-na-ciencia\/\">El CSIC celebra\u2019l D\u00eda Internacional de la Muyer y la Ne\u00f1a na Ciencia<\/a> <span class=\"post-date\">11\/02\/2026<\/span><\/li>\n<li><a href=\"https:\/\/edublog.educastur.es\/ixuxu\/2026\/02\/dia-internacional-de-la-muyer-y-la-nena-na-ciencia-5\/\">D\u00eda Internacional de la Muyer y la Ne\u00f1a na Ciencia<\/a> <span class=\"post-date\">11\/02\/2026<\/span><\/li>\n<li><a href=\"https:\/\/edublog.educastur.es\/ixuxu\/2026\/02\/mas-muyeres-cientifiques\/\">M\u00e1s muyeres cient\u00edfiques\u2026<\/a> <span class=\"post-date\">11\/02\/2026<\/span><\/li>\n<li><a href=\"https:\/\/edublog.educastur.es\/ixuxu\/2026\/02\/dia-internacional-de-la-muyer-y-la-nena-na-ciencia-6\/\">D\u00eda Internacional de la Muyer y la Ne\u00f1a na Ciencia<\/a> <span class=\"post-date\">11\/02\/2026<\/span><\/li>\n<li><a href=\"https:\/\/edublog.educastur.es\/ixuxu\/2026\/02\/dia-europeu-del-telefono-unicu-demerxencies-1-1-2\/\">D\u00eda Europeu del Tel\u00e9fono \u00danicu d\u2019Emerxencies 1-1-2.<\/a> <span class=\"post-date\">11\/02\/2026<\/span><\/li>\n<li><a href=\"https:\/\/edublog.educastur.es\/ixuxu\/2026\/02\/siguimos-col-airon\/\">Siguimos col air\u00f3n\u2026<\/a> <span class=\"post-date\">11\/02\/2026<\/span><\/li>\n<li><a href=\"https:\/\/edublog.educastur.es\/ixuxu\/2026\/02\/el-tiempu-el-comercio-260\/\">El tiempu (El Comercio)<\/a> <span class=\"post-date\">11\/02\/2026<\/span><\/li>\n<li><a href=\"https:\/\/edublog.educastur.es\/ixuxu\/2026\/02\/un-documental-va-repasar-la-hestoria-de-la-travesera\/\">Un documental va repasar la hestoria de \u2018La Travesera\u2019<\/a> <span class=\"post-date\">10\/02\/2026<\/span><\/li>\n<li><a href=\"https:\/\/edublog.educastur.es\/ixuxu\/2026\/02\/65558\/\">(sin t\u00edtulo)<\/a> <span class=\"post-date\">10\/02\/2026<\/span><\/li>\n<li><a href=\"https:\/\/edublog.educastur.es\/ixuxu\/2026\/02\/verdina-lantroxu\/\">Verdina: \u00abL\u2019Antroxu\u00bb<\/a> <span class=\"post-date\">10\/02\/2026<\/span><\/li>\n<li><a href=\"https:\/\/edublog.educastur.es\/ixuxu\/2026\/02\/70166\/\">(sin t\u00edtulo)<\/a> <span class=\"post-date\">10\/02\/2026<\/span><\/li>\n<li><a href=\"https:\/\/edublog.educastur.es\/ixuxu\/2026\/02\/desentierren-pizarres-escolares-que-caltienen-garabatos-infantiles\/\">Desentierren pizarres escolares que caltienen garabatos infantiles<\/a> <span class=\"post-date\">10\/02\/2026<\/span><\/li>\n<li><a href=\"https:\/\/edublog.educastur.es\/ixuxu\/2026\/02\/equi-ta-por-fin-lamr26-de-fernando-alonso\/\">Equ\u00ed ta por fin l\u2019AMR26 de Fernando Alonso<\/a> <span class=\"post-date\">10\/02\/2026<\/span><\/li>\n<li><a href=\"https:\/\/edublog.educastur.es\/ixuxu\/2026\/02\/fundase-lacademia-asturiana-en-xixon\/\">F\u00fandase l\u2019Academia Asturiana en Xix\u00f3n<\/a> <span class=\"post-date\">10\/02\/2026<\/span><\/li>\n<li><a href=\"https:\/\/edublog.educastur.es\/ixuxu\/2026\/02\/dia-mundial-de-las-legumbres\/\">D\u00eda Mundial de las legumbres<\/a> <span class=\"post-date\">10\/02\/2026<\/span><\/li>\n<li><a href=\"https:\/\/edublog.educastur.es\/ixuxu\/2026\/02\/dia-dinternet-segura\/\">D\u00eda d\u2019Internet Segura<\/a> <span class=\"post-date\">10\/02\/2026<\/span><\/li>\n<li><a href=\"https:\/\/edublog.educastur.es\/ixuxu\/2026\/02\/campa-trapa-riosa\/\">Campa Trapa (Riosa)<\/a> <span class=\"post-date\">10\/02\/2026<\/span><\/li>\n<li><a href=\"https:\/\/edublog.educastur.es\/ixuxu\/2026\/02\/cambeu-drasticu-de-temperatures-pal-sabadu\/\">Camb\u00e9u dr\u00e1sticu de temperatures pal s\u00e1badu<\/a> <span class=\"post-date\">10\/02\/2026<\/span><\/li>\n<li><a href=\"https:\/\/edublog.educastur.es\/ixuxu\/2026\/02\/el-tiempu-el-comercio-259\/\">El tiempu (El Comercio)<\/a> <span class=\"post-date\">10\/02\/2026<\/span><\/li>\n<li><a href=\"https:\/\/edublog.educastur.es\/ixuxu\/2026\/02\/les-noticies-del-llunes-9-de-febreru-de-2026\/\">Les noticies del llunes 9 de febreru de 2026<\/a> <span class=\"post-date\">09\/02\/2026<\/span><\/li>\n<li><a href=\"https:\/\/edublog.educastur.es\/ixuxu\/2026\/02\/67759\/\">(sin t\u00edtulo)<\/a> <span class=\"post-date\">09\/02\/2026<\/span><\/li>\n<li><a href=\"https:\/\/edublog.educastur.es\/ixuxu\/2026\/02\/broten-los-primeros-cultivos-so-tierra-nuna-mina-de-llaviana\/\">Broten los primeros cultivos so tierra n\u2019una mina de Llaviana.<\/a> <span class=\"post-date\">09\/02\/2026<\/span><\/li>\n<li><a href=\"https:\/\/edublog.educastur.es\/ixuxu\/2026\/02\/4spaceuniovi-convence-a-un-esixente-xurau-con-trastu\/\">\u20184SpaceUniovi\u2019 convence a un esixente xur\u00e1u con \u00abTrastu\u00bb<\/a> <span class=\"post-date\">09\/02\/2026<\/span><\/li>\n<li><a href=\"https:\/\/edublog.educastur.es\/ixuxu\/2026\/02\/el-berron-ya-tien-nueva-vecina\/\">El Berr\u00f3n y\u00e1 tien nueva vecina\u2026<\/a> <span class=\"post-date\">09\/02\/2026<\/span><\/li>\n<li><a href=\"https:\/\/edublog.educastur.es\/ixuxu\/2026\/02\/ruben-bada-llanza-los-videoclips-en-directo\/\">Rub\u00e9n Bada llanza los videoclips en directo<\/a> <span class=\"post-date\">09\/02\/2026<\/span><\/li>\n<li><a href=\"https:\/\/edublog.educastur.es\/ixuxu\/2026\/02\/ya-ta-na-cai-lanuariu-de-la-musica-asturiana-2025\/\">Y\u00e1 ta na cai l\u2019Anuariu de la M\u00fasica Asturiana 2025<\/a> <span class=\"post-date\">09\/02\/2026<\/span><\/li>\n<li><a href=\"https:\/\/edublog.educastur.es\/ixuxu\/2026\/02\/la-fonte-de-foncalada-va-tener-un-caltenimientu-anal-pameyorar-el-so-estau\/\">La fonte de Foncalada va tener un caltenimientu a\u00f1al<\/a> <span class=\"post-date\">09\/02\/2026<\/span><\/li>\n<li><a href=\"https:\/\/edublog.educastur.es\/ixuxu\/2026\/02\/xixon-apuesta-pol-caltenimientu-de-la-natura-pol-so-valir-patrimonial\/\">Xix\u00f3n apuesta pol caltenimientu de la natura pol so valir patrimonial<\/a> <span class=\"post-date\">09\/02\/2026<\/span><\/li>\n<li><a href=\"https:\/\/edublog.educastur.es\/ixuxu\/2026\/02\/65545\/\">(sin t\u00edtulo)<\/a> <span class=\"post-date\">09\/02\/2026<\/span><\/li>\n<li><a href=\"https:\/\/edublog.educastur.es\/ixuxu\/2026\/02\/agrupaciones-y-profesionales-piden-limpulsu-del-teatru-costumista-asturianu\/\">Agrupaciones y profesionales piden l\u2019impulsu del teatru costumista asturianu<\/a> <span class=\"post-date\">09\/02\/2026<\/span><\/li>\n<li><a href=\"https:\/\/edublog.educastur.es\/ixuxu\/2026\/02\/les-ayalgues-artistiques-de-la-llaboral-nun-llibru\/\">Les ayalgues art\u00edstiques de La Llaboral, nun llibru<\/a> <span class=\"post-date\">09\/02\/2026<\/span><\/li>\n<li><a href=\"https:\/\/edublog.educastur.es\/ixuxu\/2026\/02\/los-12-pueblos-mas-guapos-dasturies\/\">Los 12 pueblos m\u00e1s guapos d\u2019Asturies<\/a> <span class=\"post-date\">09\/02\/2026<\/span><\/li>\n<li><a href=\"https:\/\/edublog.educastur.es\/ixuxu\/2026\/02\/chiste-nihilismu\/\">Chiste: \u00abNihilismu\u00bb<\/a> <span class=\"post-date\">09\/02\/2026<\/span><\/li>\n<li><a href=\"https:\/\/edublog.educastur.es\/ixuxu\/2026\/02\/67707\/\">L\u2019\u00faltimu abelugu neandertal: la cueva de Gorham (Xibraltar)<\/a> <span class=\"post-date\">09\/02\/2026<\/span><\/li>\n<li><a href=\"https:\/\/edublog.educastur.es\/ixuxu\/2026\/02\/lluz-verde-pa-remocicar-el-museu-de-la-siderurxa-de-llangreu\/\">Lluz verde pa remocicar el Mus\u00e9u de la Siderurxa de Llangr\u00e9u<\/a> <span class=\"post-date\">09\/02\/2026<\/span><\/li>\n<li><a href=\"https:\/\/edublog.educastur.es\/ixuxu\/2026\/02\/the-asturianer-79-corchos-y-orbayu\/\">The Asturianer 79: \u00abCorchos y orbayu\u00bb<\/a> <span class=\"post-date\">09\/02\/2026<\/span><\/li>\n<li><a href=\"https:\/\/edublog.educastur.es\/ixuxu\/2026\/02\/la-peninsula-iberica-y-arees-circundantes-col-relieve\/\">La Pen\u00ednsula Ib\u00e9rica y \u00e1rees circundantes col relieve<\/a> <span class=\"post-date\">09\/02\/2026<\/span><\/li>\n<li><a href=\"https:\/\/edublog.educastur.es\/ixuxu\/2026\/02\/calendariu-cientificu-escolar-2026-del-csic\/\">Calendariu Cient\u00edficu Escolar 2026 del CSIC<\/a> <span class=\"post-date\">09\/02\/2026<\/span><\/li>\n<li><a href=\"https:\/\/edublog.educastur.es\/ixuxu\/2026\/02\/67646\/\">(sin t\u00edtulo)<\/a> <span class=\"post-date\">09\/02\/2026<\/span><\/li>\n<li><a href=\"https:\/\/edublog.educastur.es\/ixuxu\/2026\/02\/los-sectores-economicos-que-mas-medraren-nasturies\/\">Los sectores econ\u00f3micos que m\u00e1s medraren n\u2019Asturies<\/a> <span class=\"post-date\">09\/02\/2026<\/span><\/li>\n<li><a href=\"https:\/\/edublog.educastur.es\/ixuxu\/2026\/02\/conferencia-asturianu-y-escuela-en-xixon\/\">Conferencia \u00abAsturianu y escuela\u2026\u00bb en Xix\u00f3n<\/a> <span class=\"post-date\">09\/02\/2026<\/span><\/li>\n<li><a href=\"https:\/\/edublog.educastur.es\/ixuxu\/2026\/02\/bad-bunny-nel-escenariu-de-la-super-bowl-lx\/\">Bad Bunny nel escenariu de la Super Bowl<\/a> <span class=\"post-date\">09\/02\/2026<\/span><\/li>\n<li><a href=\"https:\/\/edublog.educastur.es\/ixuxu\/2026\/02\/la-integracion-europea-va-mas-alla-de-los-27-paises\/\">La integraci\u00f3n europea va m\u00e1s all\u00e1 de los 27 pa\u00edses<\/a> <span class=\"post-date\">09\/02\/2026<\/span><\/li>\n<li><a href=\"https:\/\/edublog.educastur.es\/ixuxu\/2026\/02\/seguira-lloviendo-tola-selmana\/\">Seguir\u00e1 lloviendo tola selmana<\/a> <span class=\"post-date\">09\/02\/2026<\/span><\/li>\n<li><a href=\"https:\/\/edublog.educastur.es\/ixuxu\/2026\/02\/el-tiempu-el-comercio-258\/\">El tiempu (El Comercio)<\/a> <span class=\"post-date\">09\/02\/2026<\/span><\/li>\n<li><a href=\"https:\/\/edublog.educastur.es\/ixuxu\/2026\/02\/les-noticies-del-domingu-8-de-febreru-de-2026\/\">Les noticies del domingu 8 de febreru de 2026<\/a> <span class=\"post-date\">08\/02\/2026<\/span><\/li>\n<li><a href=\"https:\/\/edublog.educastur.es\/ixuxu\/2026\/02\/los-temporales-tan-xenerando-munches-muertes-na-marina\/\">Los temporales tan xenerando munches muertes na mari\u00f1a<\/a> <span class=\"post-date\">08\/02\/2026<\/span><\/li>\n<li><a href=\"https:\/\/edublog.educastur.es\/ixuxu\/2026\/02\/kanzi-el-bonobo-que-demuestra-que-los-grandes-simios-tamien-tienen-imaxinacion\/\">Kanzi, el bonobo que demuestra que los grandes simios tami\u00e9n tienen imaxinaci\u00f3n.<\/a> <span class=\"post-date\">08\/02\/2026<\/span><\/li>\n<li><a href=\"https:\/\/edublog.educastur.es\/ixuxu\/2026\/02\/tiempu-de-medra\/\">Tiempu de medra<\/a> <span class=\"post-date\">08\/02\/2026<\/span><\/li>\n<li><a href=\"https:\/\/edublog.educastur.es\/ixuxu\/2026\/02\/la-de-aristoteles-puede-aplicase-a-lactualida\/\">Filosof\u00eda que puede aplicase a l\u2019actualid\u00e1<\/a> <span class=\"post-date\">08\/02\/2026<\/span><\/li>\n<li><a href=\"https:\/\/edublog.educastur.es\/ixuxu\/2026\/02\/preparaos-pal-delicioso-menu-dantroxu\/\">\u00bfPreparaos pal delicioso Men\u00fa d\u2019Antroxu?<\/a> <span class=\"post-date\">08\/02\/2026<\/span><\/li>\n<li><a href=\"https:\/\/edublog.educastur.es\/ixuxu\/2026\/02\/covadongas-el-nuevu-clasicu-de-la-reposteria-asturiana\/\">Covadongas, el nuevu cl\u00e1sicu de la reposter\u00eda asturiana<\/a> <span class=\"post-date\">08\/02\/2026<\/span><\/li>\n<li><a href=\"https:\/\/edublog.educastur.es\/ixuxu\/2026\/02\/asturies-refuerza-la-salu-de-les-sos-guelgues-humedales\/\">Asturies refuerza la sal\u00fa de les sos g\u00fcelgues\/humedales.<\/a> <span class=\"post-date\">08\/02\/2026<\/span><\/li>\n<li><a href=\"https:\/\/edublog.educastur.es\/ixuxu\/2026\/02\/67614\/\">L\u2019arquitectura tien d\u2019integrase na naturaleza y dialogar con ella<\/a> <span class=\"post-date\">08\/02\/2026<\/span><\/li>\n<li><a href=\"https:\/\/edublog.educastur.es\/ixuxu\/2026\/02\/anunciu-de-sidra-asturiana\/\">Anunciu de Sidra Asturiana<\/a> <span class=\"post-date\">08\/02\/2026<\/span><\/li>\n<li><a href=\"https:\/\/edublog.educastur.es\/ixuxu\/2026\/02\/reclamacion-de-la-especialida-docente-dasturianu\/\">Reclamaci\u00f3n de la especialid\u00e1 docente d\u2019asturianu<\/a> <span class=\"post-date\">08\/02\/2026<\/span><\/li>\n<li><a href=\"https:\/\/edublog.educastur.es\/ixuxu\/2026\/02\/65543\/\">(sin t\u00edtulo)<\/a> <span class=\"post-date\">08\/02\/2026<\/span><\/li>\n<li><a href=\"https:\/\/edublog.educastur.es\/ixuxu\/2026\/02\/un-25-de-los-estudiantes-va-a-clases-particularess\/\">Un 25% de los estudiantes va a clases particularess<\/a> <span class=\"post-date\">08\/02\/2026<\/span><\/li>\n<li><a href=\"https:\/\/edublog.educastur.es\/ixuxu\/2026\/02\/la-riqueza-del-planeta\/\">La riqueza del planeta<\/a> <span class=\"post-date\">08\/02\/2026<\/span><\/li>\n<li><a href=\"https:\/\/edublog.educastur.es\/ixuxu\/2026\/02\/el-tiempu-el-comercio-257\/\">El tiempu (El Comercio)<\/a> <span class=\"post-date\">08\/02\/2026<\/span><\/li>\n<li><a href=\"https:\/\/edublog.educastur.es\/ixuxu\/2026\/02\/65541\/\">(sin t\u00edtulo)<\/a> <span class=\"post-date\">08\/02\/2026<\/span><\/li>\n<li><a href=\"https:\/\/edublog.educastur.es\/ixuxu\/2026\/02\/el-cuadro-carnavalada-1945-devaristo-valle\/\">El cuadro \u00abCarnavalada\u00bb (1945), d\u2019Evaristo Valle<\/a> <span class=\"post-date\">07\/02\/2026<\/span><\/li>\n<li><a href=\"https:\/\/edublog.educastur.es\/ixuxu\/2026\/02\/cantar-estrellas-de-lucas-queipo\/\">Cantar \u00abEstrellas\u00bb de Lucas Queipo<\/a> <span class=\"post-date\">07\/02\/2026<\/span><\/li>\n<li><a href=\"https:\/\/edublog.educastur.es\/ixuxu\/2026\/02\/la-indiferencia-nun-ye-neutral\/\">La indiferencia nun ye neutral.<\/a> <span class=\"post-date\">07\/02\/2026<\/span><\/li>\n<li><a href=\"https:\/\/edublog.educastur.es\/ixuxu\/2026\/02\/el-consumu-delectricida-nasturies-baxo-un-09-en-2025\/\">El consumu d\u2019electricid\u00e1 n\u2019Asturies bax\u00f3 un 0,9% en 2025<\/a> <span class=\"post-date\">07\/02\/2026<\/span><\/li>\n<li><a href=\"https:\/\/edublog.educastur.es\/ixuxu\/2026\/02\/asturies-ente-les-comunidaes-con-mas-vivienda-en-propieda-y-menos-narriendu\/\">Asturies, ente les comunidaes con m\u00e1s vivienda en propied\u00e1 y menos n\u2019arriendu<\/a> <span class=\"post-date\">07\/02\/2026<\/span><\/li>\n<li><a href=\"https:\/\/edublog.educastur.es\/ixuxu\/2026\/02\/afayen-una-aldega-unica-de-fai-4-000-anos-so-un-parque-nuvieu\/\">Afayen una aldega \u00fanica de fai 4.000 a\u00f1os so un parque n\u2019Uvi\u00e9u<\/a> <span class=\"post-date\">07\/02\/2026<\/span><\/li>\n<li><a href=\"https:\/\/edublog.educastur.es\/ixuxu\/2026\/02\/asturies-diviertese-entre-guilandeiros-y-sidros\/\">Asturies divi\u00e9rtese entre guilandeiros y sidros.<\/a> <span class=\"post-date\">07\/02\/2026<\/span><\/li>\n<li><a href=\"https:\/\/edublog.educastur.es\/ixuxu\/2026\/02\/gran-capitulo-de-la-confreria-de-dona-gontrodo\/\">Gran Cap\u00edtulo de la Confrer\u00eda de Do\u00f1a Gontrodo<\/a> <span class=\"post-date\">07\/02\/2026<\/span><\/li>\n<li><a href=\"https:\/\/edublog.educastur.es\/ixuxu\/2026\/02\/programa-onu-mediu-ambiente\/\">Programa ONU Mediu Ambiente<\/a> <span class=\"post-date\">07\/02\/2026<\/span><\/li>\n<li><a href=\"https:\/\/edublog.educastur.es\/ixuxu\/2026\/02\/el-20-de-los-tuits-tien-desinformacion\/\">El 20% de los tuits tien desinformaci\u00f3n<\/a> <span class=\"post-date\">07\/02\/2026<\/span><\/li>\n<li><a href=\"https:\/\/edublog.educastur.es\/ixuxu\/2026\/02\/primer-dia-del-intercambiador-del-huca-con-suxerencies-dusuarios\/\">Primer d\u00eda del intercambiador del HUCA con suxerencies d\u2019usuarios<\/a> <span class=\"post-date\">07\/02\/2026<\/span><\/li>\n<li><a href=\"https:\/\/edublog.educastur.es\/ixuxu\/2026\/02\/aumental-numberu-de-nacencies-nasturies-per-primer-vegada-en-tres-anos\/\">Aumenta\u2019l n\u00famberu de nacencies n\u2019Asturies, per primer vegada en tres a\u00f1os<\/a> <span class=\"post-date\">07\/02\/2026<\/span><\/li>\n<li><a href=\"https:\/\/edublog.educastur.es\/ixuxu\/2026\/02\/marta-la-nueva-umbada-tras-leonardo\/\">Marta, la nueva umbada tr\u00e1s Leonardo<\/a> <span class=\"post-date\">07\/02\/2026<\/span><\/li>\n<li><a href=\"https:\/\/edublog.educastur.es\/ixuxu\/2026\/02\/rtpa-el-tiempu-nasturies\/\">RTPA: El tiempu n\u2019Asturies<\/a> <span class=\"post-date\">07\/02\/2026<\/span><\/li>\n<li><a href=\"https:\/\/edublog.educastur.es\/ixuxu\/2026\/02\/el-cambeu-climaticu-nun-esanicial-friu-sinon-que-lo-intensifica-y-mueve\/\">El camb\u00e9u clim\u00e1ticu nun esanicia\u2019l fr\u00edu, sin\u00f3n que lo intensifica y mueve<\/a> <span class=\"post-date\">07\/02\/2026<\/span><\/li>\n<li><a href=\"https:\/\/edublog.educastur.es\/ixuxu\/2026\/02\/entamen-los-xuegos-diviernu-nitalia\/\">Entamen los Xuegos Ol\u00edmpicos d\u2019iviernu n\u2019Italia<\/a> <span class=\"post-date\">06\/02\/2026<\/span><\/li>\n<li><a href=\"https:\/\/edublog.educastur.es\/ixuxu\/2026\/02\/alcuentren-restos-duna-aldega-de-fai-4-000-anos\/\">Alcuentren restos d\u2019una aldega de fai 4.000 a\u00f1os<\/a> <span class=\"post-date\">06\/02\/2026<\/span><\/li>\n<li><a href=\"https:\/\/edublog.educastur.es\/ixuxu\/2026\/02\/67517\/\">Nicanor Pi\u00f1ole pintor d\u2019Asturies<\/a> <span class=\"post-date\">06\/02\/2026<\/span><\/li>\n<li><a href=\"https:\/\/edublog.educastur.es\/ixuxu\/2026\/02\/67512\/\">Dellos eventos astron\u00f3micos d\u2019inter\u00e9s<\/a> <span class=\"post-date\">06\/02\/2026<\/span><\/li>\n<li><a href=\"https:\/\/edublog.educastur.es\/ixuxu\/2026\/02\/64451\/\">(sin t\u00edtulo)<\/a> <span class=\"post-date\">06\/02\/2026<\/span><\/li>\n<li><a href=\"https:\/\/edublog.educastur.es\/ixuxu\/2026\/02\/noveda-llagares-la-gran-obra-nueva-de-rodrigo-cuevas\/\">Noved\u00e1: \u2018Llagares\u2019, la gran obra nueva de Rodrigo Cuevas<\/a> <span class=\"post-date\">06\/02\/2026<\/span><\/li>\n<li><a href=\"https:\/\/edublog.educastur.es\/ixuxu\/2026\/02\/cartelu-de-lantroxu-xixones\/\">Cartelu de l\u2019Antroxu xixon\u00e9s<\/a> <span class=\"post-date\">06\/02\/2026<\/span><\/li>\n<li><a href=\"https:\/\/edublog.educastur.es\/ixuxu\/2026\/02\/tal-to-pais-llistu-para-liderar-laccion-ambiental-global\/\">\u00bfTa\u2019l to pa\u00eds llistu para liderar l\u2019acci\u00f3n ambiental global?<\/a> <span class=\"post-date\">06\/02\/2026<\/span><\/li>\n<li><a href=\"https:\/\/edublog.educastur.es\/ixuxu\/2026\/02\/loru-verde-asturianu-el-quivi\/\">L\u2019oru verde asturianu: el quivi<\/a> <span class=\"post-date\">06\/02\/2026<\/span><\/li>\n<li><a href=\"https:\/\/edublog.educastur.es\/ixuxu\/2026\/02\/asturies-celebra-liviernu-al-trevies-de-les-mazcaraes\/\">Asturies celebra l\u2019iviernu al travi\u00e9s de les mazcar\u00e1es<\/a> <span class=\"post-date\">06\/02\/2026<\/span><\/li>\n<li><a href=\"https:\/\/edublog.educastur.es\/ixuxu\/2026\/02\/nun-dexa-de-llover\/\">Nun dexa de llover\u2026<\/a> <span class=\"post-date\">06\/02\/2026<\/span><\/li>\n<li><a href=\"https:\/\/edublog.educastur.es\/ixuxu\/2026\/02\/el-tiempu-el-comercio-256\/\">El tiempu (El Comercio)<\/a> <span class=\"post-date\">06\/02\/2026<\/span><\/li>\n<li><a href=\"https:\/\/edublog.educastur.es\/ixuxu\/2026\/02\/josefina-castellvi-pionera-de-la-ciencia-espanola-na-antartida\/\">Josefina Castellv\u00ed, pionera de la ciencia espa\u00f1ola na Ant\u00e1rtida<\/a> <span class=\"post-date\">06\/02\/2026<\/span><\/li>\n<li><a href=\"https:\/\/edublog.educastur.es\/ixuxu\/2026\/02\/en-mou-rellume\/\">En mou rellume\u2026<\/a> <span class=\"post-date\">06\/02\/2026<\/span><\/li>\n<li><a href=\"https:\/\/edublog.educastur.es\/ixuxu\/2026\/02\/les-noticies-del-xueves-5-de-febreru-de-2026\/\">Les noticies del xueves 5 de febreru de 2026<\/a> <span class=\"post-date\">05\/02\/2026<\/span><\/li>\n<li><a href=\"https:\/\/edublog.educastur.es\/ixuxu\/2026\/02\/67461\/\">(sin t\u00edtulo)<\/a> <span class=\"post-date\">05\/02\/2026<\/span><\/li>\n<li><a href=\"https:\/\/edublog.educastur.es\/ixuxu\/2026\/02\/ayer-va-ser-un-escenariu-perfectu-pa-ver-leclis-solar-dagostu\/\">Aller va ser un escenariu perfectu pa ver l\u2019ecl\u00eds solar d\u2019agostu<\/a> <span class=\"post-date\">05\/02\/2026<\/span><\/li>\n<li><a href=\"https:\/\/edublog.educastur.es\/ixuxu\/2026\/02\/josee-uria-la-vuelta-de-pin-de-rosa\/\">Jos\u00e9 Ur\u00eda: \u00abLa vuelta de Pin de Rosa\u00bb<\/a> <span class=\"post-date\">05\/02\/2026<\/span><\/li>\n<li><a href=\"https:\/\/edublog.educastur.es\/ixuxu\/2026\/02\/ferla-megia-llanza-un-vinilu\/\">Ferla Meg\u00eda llanza un vinilu<\/a> <span class=\"post-date\">05\/02\/2026<\/span><\/li>\n<li><a href=\"https:\/\/edublog.educastur.es\/ixuxu\/2026\/02\/la-banda-gaites-villa-de-xixon-tuvo-tocando-per-doces-dies-nithra-arabia-saudi\/\">La Banda Gaites Villa de Xix\u00f3n tuvo tocando n\u2019Arabia Saud\u00ed<\/a> <span class=\"post-date\">05\/02\/2026<\/span><\/li>\n<li><a href=\"https:\/\/edublog.educastur.es\/ixuxu\/2026\/02\/los-simpson-de-vacaciones-nasturies\/\">Los Simpson de vacaciones n\u2019Asturies<\/a> <span class=\"post-date\">05\/02\/2026<\/span><\/li>\n<li><a href=\"https:\/\/edublog.educastur.es\/ixuxu\/2026\/02\/aumenten-nasturies-los-delitos-venceyaos-al-usu-de-redes-sociales-por-menores\/\">Medren n\u2019Asturies los delitos venceyaos al usu de redes sociales por menores<\/a> <span class=\"post-date\">05\/02\/2026<\/span><\/li>\n<li><a href=\"https:\/\/edublog.educastur.es\/ixuxu\/2026\/02\/declive-de-los-tiburones\/\">Declive de los tiburones<\/a> <span class=\"post-date\">05\/02\/2026<\/span><\/li>\n<li><a href=\"https:\/\/edublog.educastur.es\/ixuxu\/2026\/02\/les-7-meyores-imaxes-del-anu\/\">Les 7 meyores imaxes del a\u00f1u<\/a> <span class=\"post-date\">05\/02\/2026<\/span><\/li>\n<li><a href=\"https:\/\/edublog.educastur.es\/ixuxu\/2026\/02\/gotes-dagua-solitaries-nel-aire\/\">Gotes d\u2019agua solitaries nel aire\u2026<\/a> <span class=\"post-date\">05\/02\/2026<\/span><\/li>\n<li><a href=\"https:\/\/edublog.educastur.es\/ixuxu\/2026\/02\/apaez-en-burgos-el-dinosauriu-mas-pequenu-del-mundu\/\">Apaez en Burgos el dinosauriu m\u00e1s pequenu del mundu.<\/a> <span class=\"post-date\">05\/02\/2026<\/span><\/li>\n<li><a href=\"https:\/\/edublog.educastur.es\/ixuxu\/2026\/02\/la-lliteratura-infantil-mas-alla-de-la-moralexa\/\">La lliteratura infantil m\u00e1s all\u00e1 de la moralexa<\/a> <span class=\"post-date\">05\/02\/2026<\/span><\/li>\n<li><a href=\"https:\/\/edublog.educastur.es\/ixuxu\/2026\/02\/el-tiempu-el-comercio-255\/\">El tiempu (El Comercio)<\/a> <span class=\"post-date\">05\/02\/2026<\/span><\/li>\n<li><a href=\"https:\/\/edublog.educastur.es\/ixuxu\/2026\/02\/dia-mundial-de-les-elecciones\/\">D\u00eda Mundial de les Elecciones<\/a> <span class=\"post-date\">05\/02\/2026<\/span><\/li>\n<li><a href=\"https:\/\/edublog.educastur.es\/ixuxu\/2026\/02\/nivel-maximo-davisu-mariellu-na-marina\/\">Nivel m\u00e1ximo d\u2019avisu mariellu, na mari\u00f1a.<\/a> <span class=\"post-date\">05\/02\/2026<\/span><\/li>\n<li><a href=\"https:\/\/edublog.educastur.es\/ixuxu\/2026\/02\/les-noticies-del-miercoles-4-de-febreru-de-2026\/\">Les noticies del mi\u00e9rcoles 4 de febreru de 2026<\/a> <span class=\"post-date\">04\/02\/2026<\/span><\/li>\n<li><a href=\"https:\/\/edublog.educastur.es\/ixuxu\/2026\/02\/tres-bic-nuevos\/\">Tr\u00e9s BIC nuevos<\/a> <span class=\"post-date\">04\/02\/2026<\/span><\/li>\n<li><a href=\"https:\/\/edublog.educastur.es\/ixuxu\/2026\/02\/67428\/\">(sin t\u00edtulo)<\/a> <span class=\"post-date\">04\/02\/2026<\/span><\/li>\n<li><a href=\"https:\/\/edublog.educastur.es\/ixuxu\/2026\/02\/les-ciguenes\/\">Les cig\u00fce\u00f1es\u2026<\/a> <span class=\"post-date\">04\/02\/2026<\/span><\/li>\n<li><a href=\"https:\/\/edublog.educastur.es\/ixuxu\/2026\/02\/los-banzaos-espanoles-al-6728-de-la-so-capacida-total\/\">Los banzaos espa\u00f1oles, al 67,28% de la so capacid\u00e1 total<\/a> <span class=\"post-date\">04\/02\/2026<\/span><\/li>\n<li><a href=\"https:\/\/edublog.educastur.es\/ixuxu\/2026\/02\/llecheres-de-blimea-1948\/\">Llecheres de Blimea (1948)<\/a> <span class=\"post-date\">04\/02\/2026<\/span><\/li>\n<li><a href=\"https:\/\/edublog.educastur.es\/ixuxu\/2026\/02\/lantroxu-maxicu-de-la-escuela-estrella\/\">\u00abL\u2019Antroxu m\u00e1xicu de la Escuela Estrella\u00bb<\/a> <span class=\"post-date\">04\/02\/2026<\/span><\/li>\n<li><a href=\"https:\/\/edublog.educastur.es\/ixuxu\/2026\/02\/67385\/\">(sin t\u00edtulo)<\/a> <span class=\"post-date\">04\/02\/2026<\/span><\/li>\n<li><a href=\"https:\/\/edublog.educastur.es\/ixuxu\/2026\/02\/los-sidros-y-comedies-en-bimenes\/\">Los Sidros y Comedies en Bimenes<\/a> <span class=\"post-date\">04\/02\/2026<\/span><\/li>\n<li><a href=\"https:\/\/edublog.educastur.es\/ixuxu\/2026\/02\/falantes-del-asturleones\/\">Falantes del asturleon\u00e9s<\/a> <span class=\"post-date\">04\/02\/2026<\/span><\/li>\n<li><a href=\"https:\/\/edublog.educastur.es\/ixuxu\/2026\/02\/cruz-de-la-victoria-en-cuadonga\/\">Cruz de la Victoria, en Cuadonga<\/a> <span class=\"post-date\">04\/02\/2026<\/span><\/li>\n<li><a href=\"https:\/\/edublog.educastur.es\/ixuxu\/2026\/02\/la-circularida-ye-esencial-para-retornar-a-un-planeta-sostenible\/\">La circularid\u00e1 ye esencial para retornar a un planeta sostenible.<\/a> <span class=\"post-date\">04\/02\/2026<\/span><\/li>\n<li><a href=\"https:\/\/edublog.educastur.es\/ixuxu\/2026\/02\/67369\/\">(sin t\u00edtulo)<\/a> <span class=\"post-date\">04\/02\/2026<\/span><\/li>\n<li><a href=\"https:\/\/edublog.educastur.es\/ixuxu\/2026\/02\/espana-va-prohibir-redes-sociales-a-menores-de-16-anos\/\">Espa\u00f1a va prohibir redes sociales a menores de 16 a\u00f1os<\/a> <span class=\"post-date\">04\/02\/2026<\/span><\/li>\n<li><a href=\"https:\/\/edublog.educastur.es\/ixuxu\/2026\/02\/bonos-de-la-nueva-campana-de-turismu-rural\/\">Bonos de la nueva campa\u00f1a de turismu rural<\/a> <span class=\"post-date\">04\/02\/2026<\/span><\/li>\n<li><a href=\"https:\/\/edublog.educastur.es\/ixuxu\/2026\/02\/medren-los-turistes-estranxeros-que-visitaron-asturies-lanu-pasau\/\">Medren los turistes estranxeros que visitaron Asturies l\u2019a\u00f1u pas\u00e1u<\/a> <span class=\"post-date\">04\/02\/2026<\/span><\/li>\n<li><a href=\"https:\/\/edublog.educastur.es\/ixuxu\/2026\/02\/67348\/\">Mapa del riesgu d\u2019hinchentes o inundaciones<\/a> <span class=\"post-date\">04\/02\/2026<\/span><\/li>\n<li><a href=\"https:\/\/edublog.educastur.es\/ixuxu\/2026\/02\/dia-de-la-llucha-escontral-cancer\/\">D\u00eda de la llucha escontra\u2019l c\u00e1ncer<\/a> <span class=\"post-date\">04\/02\/2026<\/span><\/li>\n<li><a href=\"https:\/\/edublog.educastur.es\/ixuxu\/2026\/02\/el-tiempu-el-comercio-254\/\">El tiempu (El Comercio)<\/a> <span class=\"post-date\">04\/02\/2026<\/span><\/li>\n<li><a href=\"https:\/\/edublog.educastur.es\/ixuxu\/2026\/02\/les-noticies-del-martes-3-de-febreru-de-2026\/\">Les noticies del martes 3 de febreru de 2026<\/a> <span class=\"post-date\">03\/02\/2026<\/span><\/li>\n<li><a href=\"https:\/\/edublog.educastur.es\/ixuxu\/2026\/02\/65392\/\">(sin t\u00edtulo)<\/a> <span class=\"post-date\">03\/02\/2026<\/span><\/li>\n<li><a href=\"https:\/\/edublog.educastur.es\/ixuxu\/2026\/02\/sociedad-cultura-el-belles-artes-quier-convertise-nun-museu-mas-divulgativu-y-accesible-a-la-ciudadania\/\">El Belles Artes quier convertise nun mus\u00e9u m\u00e1s divulgativu y accesible<\/a> <span class=\"post-date\">03\/02\/2026<\/span><\/li>\n<li><a href=\"https:\/\/edublog.educastur.es\/ixuxu\/2026\/02\/asturies-batio-en-2025-el-so-recor-de-turismu-rural-al-rozar-los-305-000-visitantes\/\">Asturies bati\u00f3 en 2025 el so r\u00e9cor de turismu rural<\/a> <span class=\"post-date\">03\/02\/2026<\/span><\/li>\n<li><a href=\"https:\/\/edublog.educastur.es\/ixuxu\/2026\/02\/les-nueves-ayalgues-de-la-campa-torres\/\">Les nueves \u00abayalgues\u00bb de la Campa Torres<\/a> <span class=\"post-date\">03\/02\/2026<\/span><\/li>\n<li><a href=\"https:\/\/edublog.educastur.es\/ixuxu\/2026\/02\/unu-de-los-meyores-profesores-del-pais\/\">Unu de los meyores profesores del pa\u00eds<\/a> <span class=\"post-date\">03\/02\/2026<\/span><\/li>\n<li><a href=\"https:\/\/edublog.educastur.es\/ixuxu\/2026\/02\/el-tiempu-el-comercio-253\/\">El tiempu (El Comercio)<\/a> <span class=\"post-date\">03\/02\/2026<\/span><\/li>\n<li><a href=\"https:\/\/edublog.educastur.es\/ixuxu\/2026\/02\/67298\/\">(sin t\u00edtulo)<\/a> <span class=\"post-date\">02\/02\/2026<\/span><\/li>\n<li><a href=\"https:\/\/edublog.educastur.es\/ixuxu\/2026\/02\/les-noticies-del-llunes-2-de-febreru-de-2026-nasturianu\/\">Les noticies del llunes 2 de febreru de 2026<\/a> <span class=\"post-date\">02\/02\/2026<\/span><\/li>\n<li><a href=\"https:\/\/edublog.educastur.es\/ixuxu\/2026\/02\/les-contornes-de-fontes-del-narcea-y-la-contorna-vaqueira\/\">Les contornes de Fontes del Narcea y la Contorna Vaqueira<\/a> <span class=\"post-date\">02\/02\/2026<\/span><\/li>\n<li><a href=\"https:\/\/edublog.educastur.es\/ixuxu\/2026\/02\/un-paseu-pela-pintura-asturiana-de-la-primer-meta-del-sieglu-x\/\">Un pas\u00e9u pela pintura asturiana de la primer met\u00e1 del sieglu X<\/a> <span class=\"post-date\">02\/02\/2026<\/span><\/li>\n<li><a href=\"https:\/\/edublog.educastur.es\/ixuxu\/2026\/02\/datos-sobro-desempleu-neuropa\/\">Datos sobro desempl\u00e9u n\u2019Europa<\/a> <span class=\"post-date\">02\/02\/2026<\/span><\/li>\n<li><a href=\"https:\/\/edublog.educastur.es\/ixuxu\/2026\/02\/la-foca-varada-en-cadavedo-recuperandose-nel-acuariu-de-xixon\/\">La foca varada en Cadavedo, recuper\u00e1ndose nel Acuariu de Xix\u00f3n<\/a> <span class=\"post-date\">02\/02\/2026<\/span><\/li>\n<li><a href=\"https:\/\/edublog.educastur.es\/ixuxu\/2026\/02\/67834\/\">(sin t\u00edtulo)<\/a> <span class=\"post-date\">02\/02\/2026<\/span><\/li>\n<li><a href=\"https:\/\/edublog.educastur.es\/ixuxu\/2026\/02\/el-primer-finxu-de-lautopista-ferroviaria-asturiano\/\">El primer finxu de l\u2019autopista ferroviaria asturiano<\/a> <span class=\"post-date\">02\/02\/2026<\/span><\/li>\n<li><a href=\"https:\/\/edublog.educastur.es\/ixuxu\/2026\/02\/asturies-conservamos-al-osu\/\">N\u2019Asturies conservamos al osu.<\/a> <span class=\"post-date\">02\/02\/2026<\/span><\/li>\n<li><a href=\"https:\/\/edublog.educastur.es\/ixuxu\/2026\/02\/65358\/\">(sin t\u00edtulo)<\/a> <span class=\"post-date\">02\/02\/2026<\/span><\/li>\n<li><a href=\"https:\/\/edublog.educastur.es\/ixuxu\/2026\/02\/los-tabayones-catarates-del-niagara\/\">Los tabayones\/catarates del Ni\u00e1gara<\/a> <span class=\"post-date\">02\/02\/2026<\/span><\/li>\n<li><a href=\"https:\/\/edublog.educastur.es\/ixuxu\/2026\/02\/la-llista-de-lo-mas-escuchao-en-plataformes-musicales-en-2025\/\">La llista de lo m\u00e1s escuchao en plataformes musicales en 2025<\/a> <span class=\"post-date\">02\/02\/2026<\/span><\/li>\n<li><a href=\"https:\/\/edublog.educastur.es\/ixuxu\/2026\/02\/the-asturianer-no-78-arraigu\/\">The Asturianer n\u00ba 78 \u00abArraigu\u00bb<\/a> <span class=\"post-date\">02\/02\/2026<\/span><\/li>\n<li><a href=\"https:\/\/edublog.educastur.es\/ixuxu\/2026\/02\/el-colectivu-feminista-llama-a-movilizasel-8-m-pa-evitar-retrocesos\/\">El colectivu feminista llama a movilizase\u2019l 8-M pa evitar retrocesos<\/a> <span class=\"post-date\">02\/02\/2026<\/span><\/li>\n<li><a href=\"https:\/\/edublog.educastur.es\/ixuxu\/2026\/02\/67235\/\">RTPA: Tiempu n\u2019Asturies<\/a> <span class=\"post-date\">02\/02\/2026<\/span><\/li>\n<li><a href=\"https:\/\/edublog.educastur.es\/ixuxu\/2026\/02\/estos-son-les-guelgues-asturianes-que-van-ser-restauraos\/\">Estos son les g\u00fcelgues asturianes que van ser restauraos.<\/a> <span class=\"post-date\">02\/02\/2026<\/span><\/li>\n<li><a href=\"https:\/\/edublog.educastur.es\/ixuxu\/2026\/02\/dia-mundial-de-los-humedales-4\/\">D\u00eda Mundial de los Humedales<\/a> <span class=\"post-date\">02\/02\/2026<\/span><\/li>\n<li><a href=\"https:\/\/edublog.educastur.es\/ixuxu\/2026\/02\/les-guelgues-en-peligru-pola-contaminacion-y-presion-turistica\/\">Les g\u00fcelgues, en peligru pola contaminaci\u00f3n y presi\u00f3n tur\u00edstica<\/a> <span class=\"post-date\">02\/02\/2026<\/span><\/li>\n<li><a href=\"https:\/\/edublog.educastur.es\/ixuxu\/2026\/02\/dia-internacional-del-crepe\/\">D\u00eda Internacional del Cr\u00eape.<\/a> <span class=\"post-date\">02\/02\/2026<\/span><\/li>\n<li><a href=\"https:\/\/edublog.educastur.es\/ixuxu\/2026\/02\/el-tiempu-el-comercio-252\/\">El tiempu (El Comercio)<\/a> <span class=\"post-date\">02\/02\/2026<\/span><\/li>\n<li><a href=\"https:\/\/edublog.educastur.es\/ixuxu\/2026\/02\/67207\/\">(sin t\u00edtulo)<\/a> <span class=\"post-date\">01\/02\/2026<\/span><\/li>\n<li><a href=\"https:\/\/edublog.educastur.es\/ixuxu\/2026\/02\/les-noticies-del-domingu-1-de-febreru-de-2026-nasturianu\/\">Les noticies del domingu 1 de febreru de 2026 n\u2019asturianu<\/a> <span class=\"post-date\">01\/02\/2026<\/span><\/li>\n<li><a href=\"https:\/\/edublog.educastur.es\/ixuxu\/2026\/02\/67162\/\">(sin t\u00edtulo)<\/a> <span class=\"post-date\">01\/02\/2026<\/span><\/li>\n<li><a href=\"https:\/\/edublog.educastur.es\/ixuxu\/2026\/02\/los-cubos-de-la-memoria-en-llanes\/\">\u00abLos cubos de la memoria\u00bb, en Llanes<\/a> <span class=\"post-date\">01\/02\/2026<\/span><\/li>\n<li><a href=\"https:\/\/edublog.educastur.es\/ixuxu\/2026\/02\/reconstruin-lecosistema-xurasicu\/\">Reconstr\u00fain l\u2019ecosistema xur\u00e1sicu\u2026<\/a> <span class=\"post-date\">01\/02\/2026<\/span><\/li>\n<li><a href=\"https:\/\/edublog.educastur.es\/ixuxu\/2026\/02\/asturies-a-la-cabeza-na-creacion-dempreses-dintelixencia-artificial\/\">Asturies, a la cabeza na creaci\u00f3n d\u2019empreses d\u2019intelixencia artificial<\/a> <span class=\"post-date\">01\/02\/2026<\/span><\/li>\n<li><a href=\"https:\/\/edublog.educastur.es\/ixuxu\/2026\/02\/el-preciu-de-la-vivienda-crez-nasturies-18-vegaes-mas-que-la-so-poblacion\/\">El preciu de la vivienda crez n\u2019Asturies 18 vegaes m\u00e1s que la so poblaci\u00f3n<\/a> <span class=\"post-date\">01\/02\/2026<\/span><\/li>\n<li><a href=\"https:\/\/edublog.educastur.es\/ixuxu\/2026\/02\/muralia-consolidase-en-siero\/\">Muralia consol\u00eddase en Siero<\/a> <span class=\"post-date\">01\/02\/2026<\/span><\/li>\n<li><a href=\"https:\/\/edublog.educastur.es\/ixuxu\/2026\/02\/los-pitufos-consolidense-como-iconos-modernos-ya-imaxe-de-siero\/\">Los Pitufos consol\u00eddense como iconos modernos ya imaxe de Siero<\/a> <span class=\"post-date\">01\/02\/2026<\/span><\/li>\n<li><a href=\"https:\/\/edublog.educastur.es\/ixuxu\/2026\/02\/lazul-yel-color-mas-raru-na-naturaleza\/\">L\u2019azul ye\u2019l color m\u00e1s raru na naturaleza.<\/a> <span class=\"post-date\">01\/02\/2026<\/span><\/li>\n<li><a href=\"https:\/\/edublog.educastur.es\/ixuxu\/2026\/02\/nuevu-contratu-de-llimpieza-viaria-y-recoyida-de-borrafes-nuvieu\/\">Nuevu contratu de llimpieza viaria y recoyida de borrafes n\u2019Uvi\u00e9u<\/a> <span class=\"post-date\">01\/02\/2026<\/span><\/li>\n<li><a href=\"https:\/\/edublog.educastur.es\/ixuxu\/2026\/02\/uvieu-dexa-bicicletes-en-vies-peatonales-y-residenciales-dusu-compartiu\/\">Uvi\u00e9u dexa bicicletes en v\u00edes peatonales y residenciales d\u2019usu compart\u00edu<\/a> <span class=\"post-date\">01\/02\/2026<\/span><\/li>\n<li><a href=\"https:\/\/edublog.educastur.es\/ixuxu\/2026\/02\/67167\/\">(sin t\u00edtulo)<\/a> <span class=\"post-date\">01\/02\/2026<\/span><\/li>\n<li><a href=\"https:\/\/edublog.educastur.es\/ixuxu\/2026\/02\/aviles-preparase-pal-antroxu\/\">Avil\u00e9s prep\u00e1rase pal Antroxu<\/a> <span class=\"post-date\">01\/02\/2026<\/span><\/li>\n<li><a href=\"https:\/\/edublog.educastur.es\/ixuxu\/2026\/02\/el-destin-asturianu-considerau-comol-meyor-para-visitar-esti-2026\/\">El dest\u00edn asturianu consider\u00e1u como\u2019l meyor para visitar esti 2026<\/a> <span class=\"post-date\">01\/02\/2026<\/span><\/li>\n<li><a href=\"https:\/\/edublog.educastur.es\/ixuxu\/2026\/02\/febreru-cordereru-marzu-cabriteru-2\/\">\u00abFebreru cordereru, marzu cabriteru\u00bb.<\/a> <span class=\"post-date\">01\/02\/2026<\/span><\/li>\n<li><a href=\"https:\/\/edublog.educastur.es\/ixuxu\/2026\/02\/el-pueblu-dasturies-que-te-lleva-de-viaxe-100-anos-tras-nel-tiempu\/\">El pueblu d\u2019Asturies que te lleva de viaxe 100 a\u00f1os tras nel tiempu<\/a> <span class=\"post-date\">01\/02\/2026<\/span><\/li>\n<li><a href=\"https:\/\/edublog.educastur.es\/ixuxu\/2026\/02\/aniversariu-de-la-nacencia-de-ma-elena-walsh\/\">Aniversariu de la nacencia de M\u00aa Elena Walsh<\/a> <span class=\"post-date\">01\/02\/2026<\/span><\/li>\n<li><a href=\"https:\/\/edublog.educastur.es\/ixuxu\/2026\/02\/arte-lentierru-de-la-sardina\/\">Arte: \u00abL\u2019entierru de la sardina\u00bb<\/a> <span class=\"post-date\">01\/02\/2026<\/span><\/li>\n<li><a href=\"https:\/\/edublog.educastur.es\/ixuxu\/2026\/02\/dia-mundial-de-la-llectura-en-voz-alta-2\/\">D\u00eda Mundial de la Llectura en Voz Alta.<\/a> <span class=\"post-date\">01\/02\/2026<\/span><\/li>\n<li><a href=\"https:\/\/edublog.educastur.es\/ixuxu\/2026\/02\/65320\/\">(sin t\u00edtulo)<\/a> <span class=\"post-date\">01\/02\/2026<\/span><\/li>\n<li><a href=\"https:\/\/edublog.educastur.es\/ixuxu\/2026\/02\/63404\/\">Calendariu de muyeres activistes<\/a> <span class=\"post-date\">01\/02\/2026<\/span><\/li>\n<li><a href=\"https:\/\/edublog.educastur.es\/ixuxu\/2026\/02\/febreru-2\/\">Febreru<\/a> <span class=\"post-date\">01\/02\/2026<\/span><\/li>\n<li><a href=\"https:\/\/edublog.educastur.es\/ixuxu\/2026\/02\/eclises-del-2026\/\">Ecl\u00edses del 2026<\/a> <span class=\"post-date\">01\/02\/2026<\/span><\/li>\n<li><a href=\"https:\/\/edublog.educastur.es\/ixuxu\/2026\/02\/avisos-de-laemet-paral-domingu\/\">Avisos de l\u2019AEMET para\u2019l domingu<\/a> <span class=\"post-date\">01\/02\/2026<\/span><\/li>\n<li><a href=\"https:\/\/edublog.educastur.es\/ixuxu\/2026\/02\/el-tiempu-el-comercio-251\/\">El tiempu (El Comercio)<\/a> <span class=\"post-date\">01\/02\/2026<\/span><\/li>\n<\/ul>\n","protected":false},"excerpt":{"rendered":"<p>(sin t\u00edtulo) 28\/02\/2026 Llibru \u00abEducar en verde\u00bb pa reconectar cola naturaleza 28\/02\/2026 Barayo: La sablera selvaxe que pocos conocen 28\/02\/2026 El Mus\u00e9u Xur\u00e1sicu d\u2019Asturies estrena una nueva sala inmersiva 28\/02\/2026 (sin t\u00edtulo) 28\/02\/2026 14 cap\u00edtulos nuevos de L\u2019Abeya Maya n\u2019asturianu 28\/02\/2026 Los espertos piden la implicaci\u00f3n de les plataformes p\u2019ameyorar la educaci\u00f3n dixital 28\/02\/2026 Campa\u00f1a [&hellip;]<\/p>\n","protected":false},"author":117,"featured_media":0,"parent":64866,"menu_order":0,"comment_status":"closed","ping_status":"closed","template":"","meta":{"footnotes":""},"class_list":["post-64877","page","type-page","status-publish","hentry"],"_links":{"self":[{"href":"https:\/\/edublog.educastur.es\/ixuxu\/wp-json\/wp\/v2\/pages\/64877","targetHints":{"allow":["GET"]}}],"collection":[{"href":"https:\/\/edublog.educastur.es\/ixuxu\/wp-json\/wp\/v2\/pages"}],"about":[{"href":"https:\/\/edublog.educastur.es\/ixuxu\/wp-json\/wp\/v2\/types\/page"}],"author":[{"embeddable":true,"href":"https:\/\/edublog.educastur.es\/ixuxu\/wp-json\/wp\/v2\/users\/117"}],"replies":[{"embeddable":true,"href":"https:\/\/edublog.educastur.es\/ixuxu\/wp-json\/wp\/v2\/comments?post=64877"}],"version-history":[{"count":2,"href":"https:\/\/edublog.educastur.es\/ixuxu\/wp-json\/wp\/v2\/pages\/64877\/revisions"}],"predecessor-version":[{"id":70397,"href":"https:\/\/edublog.educastur.es\/ixuxu\/wp-json\/wp\/v2\/pages\/64877\/revisions\/70397"}],"up":[{"embeddable":true,"href":"https:\/\/edublog.educastur.es\/ixuxu\/wp-json\/wp\/v2\/pages\/64866"}],"wp:attachment":[{"href":"https:\/\/edublog.educastur.es\/ixuxu\/wp-json\/wp\/v2\/media?parent=64877"}],"curies":[{"name":"wp","href":"https:\/\/api.w.org\/{rel}","templated":true}]}}