{"id":64879,"date":"2026-01-02T21:07:33","date_gmt":"2026-01-02T19:07:33","guid":{"rendered":"https:\/\/edublog.educastur.es\/ixuxu\/?page_id=64879"},"modified":"2026-04-13T20:31:28","modified_gmt":"2026-04-13T18:31:28","slug":"03_marzu","status":"publish","type":"page","link":"https:\/\/edublog.educastur.es\/ixuxu\/archivu-blogue\/articulos\/2026-2\/03_marzu\/","title":{"rendered":"03_Marzu"},"content":{"rendered":"<ul>\n<li><a href=\"https:\/\/edublog.educastur.es\/ixuxu\/2026\/03\/a-la-solombra-duna-zrezal-xuan-bello-2\/\">\u00abA la solombra d\u2019una zrezal\u00bb. Xuan Bello<\/a><span class=\"post-date\">31\/03\/2026<\/span><\/li>\n<li><a href=\"https:\/\/edublog.educastur.es\/ixuxu\/2026\/03\/panorama-rexonal-de-rtve-fernando-mora-rodriguez-arqueologu-de-lasociacion-del-horru-asturianu\/\">RTVE: Fernando Mora Rodr\u00edguez, arque\u00f3logu de l\u2019Asociaci\u00f3n del Horru Asturianu<\/a><span class=\"post-date\">31\/03\/2026<\/span><\/li>\n<li><a href=\"https:\/\/edublog.educastur.es\/ixuxu\/2026\/03\/los-horros-del-norte-despana-y-los-asturianos-patrimoniu-cultural-inmaterial\/\">Los horros del norte d\u2019Espa\u00f1a, y los asturianos, Patrimoniu Cultural Inmaterial.<\/a><span class=\"post-date\">31\/03\/2026<\/span><\/li>\n<li><a href=\"https:\/\/edublog.educastur.es\/ixuxu\/2026\/03\/los-horros-del-norte-peninsular-patrimoniu-cultural-inmaterial\/\">Los horros del norte peninsular, Patrimoniu Cultural Inmaterial<\/a><span class=\"post-date\">31\/03\/2026<\/span><\/li>\n<li><a href=\"https:\/\/edublog.educastur.es\/ixuxu\/2026\/03\/65127\/\">(sin t\u00edtulo)<\/a><span class=\"post-date\">31\/03\/2026<\/span><\/li>\n<li><a href=\"https:\/\/edublog.educastur.es\/ixuxu\/2026\/03\/folixa-con-aica-en-linfiestu-pilona\/\">Folixa con AICA, en L\u2019Infiestu (Pilo\u00f1a)<\/a><span class=\"post-date\">31\/03\/2026<\/span><\/li>\n<li><a href=\"https:\/\/edublog.educastur.es\/ixuxu\/2026\/03\/xornaes-de-la-musica-tradicional-asturiana-cellebraes-na-llaboral-ciuda-de-la-cultura\/\">Xornaes de la M\u00fasica Tradicional Asturiana<\/a><span class=\"post-date\">31\/03\/2026<\/span><\/li>\n<li><a href=\"https:\/\/edublog.educastur.es\/ixuxu\/2026\/03\/ya-ta-na-cai-lanuariu-de-la-musica-asturiana-2025-2\/\">Y\u00e1 ta na cai l\u2019Anuariu de la M\u00fasica Asturiana 2025\u00a0<\/a><span class=\"post-date\">31\/03\/2026<\/span><\/li>\n<li><a href=\"https:\/\/edublog.educastur.es\/ixuxu\/2026\/03\/nueve-de-cada-diez-adolescentes-asturianos-consumen-bebora-azucrao\/\">Nueve de cada diez adolescentes asturianos consumen b\u00e9bora azucrao<\/a><span class=\"post-date\">31\/03\/2026<\/span><\/li>\n<li><a href=\"https:\/\/edublog.educastur.es\/ixuxu\/2026\/03\/dia-europeu-de-llucha-contra-la-despoblacion\/\">D\u00eda Europ\u00e9u de llucha contra la despoblaci\u00f3n<\/a><span class=\"post-date\">31\/03\/2026<\/span><\/li>\n<li><a href=\"https:\/\/edublog.educastur.es\/ixuxu\/2026\/03\/el-tiempu-el-comercio-300\/\">El tiempu (El Comercio)<\/a><span class=\"post-date\">31\/03\/2026<\/span><\/li>\n<li><a href=\"https:\/\/edublog.educastur.es\/ixuxu\/2026\/03\/70558\/\">La lluna algama y\u00e1\u2019l 95% de lluz.<\/a><span class=\"post-date\">31\/03\/2026<\/span><\/li>\n<li><a href=\"https:\/\/edublog.educastur.es\/ixuxu\/2026\/03\/profesores-dasturianu-encadenense-entel-ministeriu-deducacion\/\">Profesores d\u2019asturianu encad\u00e9nense \u00e9nte\u2019l Ministeriu d\u2019Educaci\u00f3n<\/a><span class=\"post-date\">30\/03\/2026<\/span><\/li>\n<li><a href=\"https:\/\/edublog.educastur.es\/ixuxu\/2026\/03\/ppola-especialida-docente\/\">Pola especialid\u00e1 docente<\/a><span class=\"post-date\">30\/03\/2026<\/span><\/li>\n<li><a href=\"https:\/\/edublog.educastur.es\/ixuxu\/2026\/03\/la-bolla-o-pegarata\/\">La bolla o pegarata<\/a><span class=\"post-date\">30\/03\/2026<\/span><\/li>\n<li><a href=\"https:\/\/edublog.educastur.es\/ixuxu\/2026\/03\/manuel-de-belleza-de-rodrigo-cuevas\/\">\u00abManuel de belleza\u00bb de Rodrigo Cuevas<\/a><span class=\"post-date\">30\/03\/2026<\/span><\/li>\n<li><a href=\"https:\/\/edublog.educastur.es\/ixuxu\/2026\/03\/lleer-nun-ye-solo-un-vezu\/\">Lleer nun ye solo un vezu<\/a><span class=\"post-date\">30\/03\/2026<\/span><\/li>\n<li><a href=\"https:\/\/edublog.educastur.es\/ixuxu\/2026\/03\/la-poesia-nasturianu-llega-a-mexicu\/\">La poes\u00eda n\u2019asturianu llega a M\u00e9xicu<\/a><span class=\"post-date\">30\/03\/2026<\/span><\/li>\n<li><a href=\"https:\/\/edublog.educastur.es\/ixuxu\/2026\/03\/lestilu-de-vida-al-travies-de-les-decades\/\">L\u2019Estilu de Vida al travi\u00e9s de les D\u00e9cades.<\/a><span class=\"post-date\">30\/03\/2026<\/span><\/li>\n<li><a href=\"https:\/\/edublog.educastur.es\/ixuxu\/2026\/03\/ximi-y-elga-el-therian\/\">XIMI Y ELGA. \u00abEl therian\u00bb<\/a><span class=\"post-date\">30\/03\/2026<\/span><\/li>\n<li><a href=\"https:\/\/edublog.educastur.es\/ixuxu\/2026\/03\/70496\/\">Premiu nacional para dos vinos de Cangas<\/a><span class=\"post-date\">30\/03\/2026<\/span><\/li>\n<li><a href=\"https:\/\/edublog.educastur.es\/ixuxu\/2026\/03\/la-llingua-del-camaleon\/\">La llingua del camale\u00f3n<\/a><span class=\"post-date\">30\/03\/2026<\/span><\/li>\n<li><a href=\"https:\/\/edublog.educastur.es\/ixuxu\/2026\/03\/the-asturianer-86-savia-nueva\/\">The Asturianer 86: \u00abSavia nueva\u00bb<\/a><span class=\"post-date\">30\/03\/2026<\/span><\/li>\n<li><a href=\"https:\/\/edublog.educastur.es\/ixuxu\/2026\/03\/dia-internacional-de-cero-residuos\/\">D\u00eda Internacional de Cero Residuos<\/a><span class=\"post-date\">30\/03\/2026<\/span><\/li>\n<li><a href=\"https:\/\/edublog.educastur.es\/ixuxu\/2026\/03\/el-tiempu-el-comercio-299\/\">El tiempu (El Comercio)<\/a><span class=\"post-date\">30\/03\/2026<\/span><\/li>\n<li><a href=\"https:\/\/edublog.educastur.es\/ixuxu\/2026\/03\/cuando-los-humanos-llegaron-a-la-lluna\/\">Cuando los Humanos Llegaron a la Lluna.<\/a><span class=\"post-date\">30\/03\/2026<\/span><\/li>\n<li><a href=\"https:\/\/edublog.educastur.es\/ixuxu\/2026\/03\/lluna-rosa\/\">Lluna rosa<\/a><span class=\"post-date\">29\/03\/2026<\/span><\/li>\n<li><a href=\"https:\/\/edublog.educastur.es\/ixuxu\/2026\/03\/pieces-domingu-a-les-0030-en-tpa\/\">Pieces, domingu a les 00:30 en TPA<\/a><span class=\"post-date\">29\/03\/2026<\/span><\/li>\n<li><a href=\"https:\/\/edublog.educastur.es\/ixuxu\/2026\/03\/patinaxe-nacional-xelu\/\">Patinaxe nacional xelu<\/a><span class=\"post-date\">29\/03\/2026<\/span><\/li>\n<li><a href=\"https:\/\/edublog.educastur.es\/ixuxu\/2026\/03\/asturies-promocionase-en-francia\/\">Asturies promociona\u2019l turismu de naturaleza en Francia<\/a><span class=\"post-date\">29\/03\/2026<\/span><\/li>\n<li><a href=\"https:\/\/edublog.educastur.es\/ixuxu\/2026\/03\/espacios-naturales-protexidos-despana\/\">Espacios naturales protexidos d\u2019Espa\u00f1a<\/a><span class=\"post-date\">29\/03\/2026<\/span><\/li>\n<li><a href=\"https:\/\/edublog.educastur.es\/ixuxu\/2026\/03\/mencion-dhonor-el-mundo-de-les-aves-36-memorial-maria-luisa\/\">\u201cMenci\u00f3n d\u2019honor \u2018El mundo de les aves \u00bb \u2013 36 Memorial Mar\u00eda Luisa.<\/a><span class=\"post-date\">29\/03\/2026<\/span><\/li>\n<li><a href=\"https:\/\/edublog.educastur.es\/ixuxu\/2026\/03\/64547\/\">(sin t\u00edtulo)<\/a><span class=\"post-date\">29\/03\/2026<\/span><\/li>\n<li><a href=\"https:\/\/edublog.educastur.es\/ixuxu\/2026\/03\/los-animales-de-la-caseria-por-rapacina\/\">\u00abLos animales de la caser\u00eda\u00bb, por Rapacina<\/a><span class=\"post-date\">29\/03\/2026<\/span><\/li>\n<li><a href=\"https:\/\/edublog.educastur.es\/ixuxu\/2026\/03\/families-que-vienen-a-vivir-a-asturies\/\">Families que vienen a vivir a Asturies<\/a><span class=\"post-date\">29\/03\/2026<\/span><\/li>\n<li><a href=\"https:\/\/edublog.educastur.es\/ixuxu\/2026\/03\/faer-memoria-edita-una-guia-sobro-el-cuentu-de-la-reconquista\/\">Faer Memoria edita una gu\u00eda sobro \u00abEl cuentu de la Reconquista\u00bb<\/a><span class=\"post-date\">29\/03\/2026<\/span><\/li>\n<li><a href=\"https:\/\/edublog.educastur.es\/ixuxu\/2026\/03\/domingu-de-ramos\/\">Domingu de Ramos<\/a><span class=\"post-date\">29\/03\/2026<\/span><\/li>\n<li><a href=\"https:\/\/edublog.educastur.es\/ixuxu\/2026\/03\/les-aves-daltu-monte-son-mas-vulnerables-al-cambeu-climaticu\/\">Les aves d\u2019altu monte son m\u00e1s vulnerables al camb\u00e9u clim\u00e1ticu<\/a><span class=\"post-date\">29\/03\/2026<\/span><\/li>\n<li><a href=\"https:\/\/edublog.educastur.es\/ixuxu\/2026\/03\/les-6-grandes-estinciones-masives-de-la-tierra\/\">Les 6 Grandes Estinciones Masives de la Tierra.<\/a><span class=\"post-date\">29\/03\/2026<\/span><\/li>\n<li><a href=\"https:\/\/edublog.educastur.es\/ixuxu\/2026\/03\/precisu-trabayu-del-museu-del-xurasicu-dasturies\/\">Precisu trabayu del Mus\u00e9u del Xur\u00e1sicu d\u2019Asturies<\/a><span class=\"post-date\">29\/03\/2026<\/span><\/li>\n<li><a href=\"https:\/\/edublog.educastur.es\/ixuxu\/2026\/03\/70403\/\">(sin t\u00edtulo)<\/a><span class=\"post-date\">29\/03\/2026<\/span><\/li>\n<li><a href=\"https:\/\/edublog.educastur.es\/ixuxu\/2026\/03\/laeropuertu-dasturies-estrena-guei-nueves-conexones-directes-dendel-principau\/\">L\u2019Aeropuertu d\u2019Asturies estrena g\u00fcei nueves conexones directes dende\u2019l Princip\u00e1u<\/a><span class=\"post-date\">29\/03\/2026<\/span><\/li>\n<li><a href=\"https:\/\/edublog.educastur.es\/ixuxu\/2026\/03\/el-tiempu-el-comercio-298\/\">El tiempu (El Comercio)<\/a><span class=\"post-date\">29\/03\/2026<\/span><\/li>\n<li><a href=\"https:\/\/edublog.educastur.es\/ixuxu\/2026\/03\/les-noticies-del-sabadu-28-de-marzu-de-2026\/\">Les noticies del s\u00e1badu 28 de marzu de 2026<\/a><span class=\"post-date\">28\/03\/2026<\/span><\/li>\n<li><a href=\"https:\/\/edublog.educastur.es\/ixuxu\/2026\/03\/la-hestoria-del-escudu-del-real-uvieu\/\">La hestoria del escudu del Real Uvi\u00e9u<\/a><span class=\"post-date\">28\/03\/2026<\/span><\/li>\n<li><a href=\"https:\/\/edublog.educastur.es\/ixuxu\/2026\/03\/numberu-44-de-asturies-memoria-encesa-dun-pais\/\">N\u00famberu 44 de \u00abAsturies, memoria encesa d\u2019un pa\u00eds\u00bb,<\/a><span class=\"post-date\">28\/03\/2026<\/span><\/li>\n<li><a href=\"https:\/\/edublog.educastur.es\/ixuxu\/2026\/03\/uvieu-xixon-y-siero-xunense-al-apagon-simbolicu-de-la-hora-del-planeta\/\">Uvi\u00e9u, Xix\u00f3n y Siero x\u00fanense al apag\u00f3n simb\u00f3licu de la Hora del Planeta<\/a><span class=\"post-date\">28\/03\/2026<\/span><\/li>\n<li><a href=\"https:\/\/edublog.educastur.es\/ixuxu\/2026\/03\/65168\/\">(sin t\u00edtulo)<\/a><span class=\"post-date\">28\/03\/2026<\/span><\/li>\n<li><a href=\"https:\/\/edublog.educastur.es\/ixuxu\/2026\/03\/record-absolutu-de-derretimiento-del-articu-esti-iviernu\/\">R\u00e9cord absolutu de derretimiento del \u00c1rticu esti iviernu<\/a><span class=\"post-date\">28\/03\/2026<\/span><\/li>\n<li><a href=\"https:\/\/edublog.educastur.es\/ixuxu\/2026\/03\/70364\/\">Gu\u00eda pr\u00e1ctica para ayudar a les families a xestionar l\u2019usu de dispositivos en casa<\/a><span class=\"post-date\">28\/03\/2026<\/span><\/li>\n<li><a href=\"https:\/\/edublog.educastur.es\/ixuxu\/2026\/03\/el-deseu-dindagacion-ye-innatu-a-la-nuesa-naturaleza\/\">El des\u00e9u d\u2019indagaci\u00f3n ye innatu a la nuesa naturaleza.<\/a><span class=\"post-date\">28\/03\/2026<\/span><\/li>\n<li><a href=\"https:\/\/edublog.educastur.es\/ixuxu\/2026\/03\/el-principau-estrena-la-temporada-aerea-de-branu-con-30-destinos-directo\/\">El Princip\u00e1u estrena la temporada a\u00e9rea de branu con 30 destinos directo<\/a><span class=\"post-date\">28\/03\/2026<\/span><\/li>\n<li><a href=\"https:\/\/edublog.educastur.es\/ixuxu\/2026\/03\/70286\/\">(sin t\u00edtulo)<\/a><span class=\"post-date\">28\/03\/2026<\/span><\/li>\n<li><a href=\"https:\/\/edublog.educastur.es\/ixuxu\/2026\/03\/les-fabes-asturianes-igp\/\">Les fabes asturianes. IGP<\/a><span class=\"post-date\">28\/03\/2026<\/span><\/li>\n<li><a href=\"https:\/\/edublog.educastur.es\/ixuxu\/2026\/03\/el-floriamientu-del-uz-o-brezo\/\">El floriamientu del uz o brezo<\/a><span class=\"post-date\">28\/03\/2026<\/span><\/li>\n<li><a href=\"https:\/\/edublog.educastur.es\/ixuxu\/2026\/03\/xxiii-alcuentros-de-la-moceda-cola-llingua\/\">XXIII Alcuentros de la Moced\u00e1 cola llingua<\/a><span class=\"post-date\">28\/03\/2026<\/span><\/li>\n<li><a href=\"https:\/\/edublog.educastur.es\/ixuxu\/2026\/03\/el-pataricu\/\">El Pataricu, por Maestr\u00edn Astur<\/a><span class=\"post-date\">28\/03\/2026<\/span><\/li>\n<li><a href=\"https:\/\/edublog.educastur.es\/ixuxu\/2026\/03\/perros-playeros-por-efren-dandres\/\">Perros playeros, por Efr\u00e9n d\u2019Andr\u00e9s<\/a><span class=\"post-date\">28\/03\/2026<\/span><\/li>\n<li><a href=\"https:\/\/edublog.educastur.es\/ixuxu\/2026\/03\/cartelu-de-la-selmana-cultural-de-cangas-2026\/\">Cartelu de la Selmana Cultural de Cangas 2026<\/a><span class=\"post-date\">28\/03\/2026<\/span><\/li>\n<li><a href=\"https:\/\/edublog.educastur.es\/ixuxu\/2026\/03\/laxenda-de-la-selmana-santa-dasturies\/\">L\u2019axenda de la Selmana Santa d\u2019Asturies.<\/a><span class=\"post-date\">28\/03\/2026<\/span><\/li>\n<li><a href=\"https:\/\/edublog.educastur.es\/ixuxu\/2026\/03\/70284\/\">(sin t\u00edtulo)<\/a><span class=\"post-date\">28\/03\/2026<\/span><\/li>\n<li><a href=\"https:\/\/edublog.educastur.es\/ixuxu\/2026\/03\/valdesoto-celebra-esti-sabadu-les-xornaes-de-mazcaraes-diviernu\/\">XVI Xornaes de Mazcaraes d\u2019Iviernu, Valdesoto 2026.<\/a><span class=\"post-date\">28\/03\/2026<\/span><\/li>\n<li><a href=\"https:\/\/edublog.educastur.es\/ixuxu\/2026\/03\/ii-foro-y-esposicion-de-la-camelia-ciuda-duvieu\/\">II Foro y Esposici\u00f3n de la Camelia Ciud\u00e1 d\u2019Uvi\u00e9u<\/a><span class=\"post-date\">28\/03\/2026<\/span><\/li>\n<li><a href=\"https:\/\/edublog.educastur.es\/ixuxu\/2026\/03\/nueche-en-danza-en-villaviciosa\/\">Nueche en danza, en Villaviciosa<\/a><span class=\"post-date\">28\/03\/2026<\/span><\/li>\n<li><a href=\"https:\/\/edublog.educastur.es\/ixuxu\/2026\/03\/selmana-santa\/\">Selmana Santa<\/a><span class=\"post-date\">28\/03\/2026<\/span><\/li>\n<li><a href=\"https:\/\/edublog.educastur.es\/ixuxu\/2026\/03\/cambiu-dhora-nespana-28-de-marzu\/\">Cambiu d\u2019hora n\u2019Espa\u00f1a: 28 de marzu<\/a><span class=\"post-date\">28\/03\/2026<\/span><\/li>\n<li><a href=\"https:\/\/edublog.educastur.es\/ixuxu\/2026\/03\/sabadu-a-les-1000-na-tpa-ultimos-capitulos\/\">L\u2019Abeya Maya: \u00faltimos cap\u00edtulos<\/a><span class=\"post-date\">28\/03\/2026<\/span><\/li>\n<li><a href=\"https:\/\/edublog.educastur.es\/ixuxu\/2026\/03\/conoces-el-bollu-de-pascua-daviles\/\">\u00bfConoces el bollu de Pascua d\u2019Avil\u00e9s?<\/a><span class=\"post-date\">28\/03\/2026<\/span><\/li>\n<li><a href=\"https:\/\/edublog.educastur.es\/ixuxu\/2026\/03\/70302\/\">(sin t\u00edtulo)<\/a><span class=\"post-date\">28\/03\/2026<\/span><\/li>\n<li><a href=\"https:\/\/edublog.educastur.es\/ixuxu\/2026\/03\/la-hora-de-la-tierra-28-de-marzu-2026\/\">La hora de la Tierra: 28 de marzu 2026<\/a><span class=\"post-date\">28\/03\/2026<\/span><\/li>\n<li><a href=\"https:\/\/edublog.educastur.es\/ixuxu\/2026\/03\/rexones-biogeograficas-despana\/\">Rexones bioxeogr\u00e1ficas d\u2019Espa\u00f1a<\/a><span class=\"post-date\">28\/03\/2026<\/span><\/li>\n<li><a href=\"https:\/\/edublog.educastur.es\/ixuxu\/2026\/03\/indiz-de-quemes-forestales-nasturies-19\/\">\u00cdndiz de quemes forestales n\u2019Asturies<\/a><span class=\"post-date\">28\/03\/2026<\/span><\/li>\n<li><a href=\"https:\/\/edublog.educastur.es\/ixuxu\/2026\/03\/primavera-2\/\">Primavera<\/a><span class=\"post-date\">28\/03\/2026<\/span><\/li>\n<li><a href=\"https:\/\/edublog.educastur.es\/ixuxu\/2026\/03\/el-tiempu-el-comercio-297\/\">El tiempu (El Comercio)<\/a><span class=\"post-date\">28\/03\/2026<\/span><\/li>\n<li><a href=\"https:\/\/edublog.educastur.es\/ixuxu\/2026\/03\/como-yere-los-dinosaurios-radiografies-xurasiques\/\">C\u00f3mo yeren los dinosaurios: \u201cRadiograf\u00edes xur\u00e1siques\u201d<\/a><span class=\"post-date\">27\/03\/2026<\/span><\/li>\n<li><a href=\"https:\/\/edublog.educastur.es\/ixuxu\/2026\/03\/70244\/\">Presentaci\u00f3n de discos esti vienres n\u2019Uvi\u00e9u<\/a><span class=\"post-date\">27\/03\/2026<\/span><\/li>\n<li><a href=\"https:\/\/edublog.educastur.es\/ixuxu\/2026\/03\/65164\/\">(sin t\u00edtulo)<\/a><span class=\"post-date\">27\/03\/2026<\/span><\/li>\n<li><a href=\"https:\/\/edublog.educastur.es\/ixuxu\/2026\/03\/cultura-impulsal-distintivu-alfaya-para-reconocer-lusu-del-asturianu\/\">Cultura impulsa\u2019l distintivu \u2018Alfaya\u2019 para reconocer l\u2019usu del asturianu<\/a><span class=\"post-date\">27\/03\/2026<\/span><\/li>\n<li><a href=\"https:\/\/edublog.educastur.es\/ixuxu\/2026\/03\/carolina-marin-retirase-del-deporte\/\">Carolina Mar\u00edn ret\u00edrase del deporte<\/a><span class=\"post-date\">27\/03\/2026<\/span><\/li>\n<li><a href=\"https:\/\/edublog.educastur.es\/ixuxu\/2026\/03\/resume-de-podcast-del-colexu-sobro-pintura\/\">Podcast del colexu sobro pintura<\/a><span class=\"post-date\">27\/03\/2026<\/span><\/li>\n<li><a href=\"https:\/\/edublog.educastur.es\/ixuxu\/2026\/03\/esposicion-fotografica-en-xixon\/\">\u00a0\u00a1Una xoya para\u2019l Mus\u00e9u de Belles Artes d\u2019Asturies!<\/a><span class=\"post-date\">27\/03\/2026<\/span><\/li>\n<li><a href=\"https:\/\/edublog.educastur.es\/ixuxu\/2026\/03\/asturies-va-cuntar-con-un-nuevu-observatoriu-destrelles\/\">Asturies va cuntar con un nuevu observatoriu d\u2019estrelles.<\/a><span class=\"post-date\">27\/03\/2026<\/span><\/li>\n<li><a href=\"https:\/\/edublog.educastur.es\/ixuxu\/2026\/03\/dia-mundial-de-la-salu-mental-concursos\/\">D\u00eda Mundial de la Sal\u00fa Mental: concursos<\/a><span class=\"post-date\">27\/03\/2026<\/span><\/li>\n<li><a href=\"https:\/\/edublog.educastur.es\/ixuxu\/2026\/03\/dia-mundial-del-quesu-5\/\">D\u00eda Mundial del quesu<\/a><span class=\"post-date\">27\/03\/2026<\/span><\/li>\n<li><a href=\"https:\/\/edublog.educastur.es\/ixuxu\/2026\/03\/dia-mundial-del-teatru-2\/\">D\u00eda Mundial del Teatru<\/a><span class=\"post-date\">27\/03\/2026<\/span><\/li>\n<li><a href=\"https:\/\/edublog.educastur.es\/ixuxu\/2026\/03\/indiz-de-quemes-forestales-nasturies-18\/\">\u00cdndiz de quemes forestales n\u2019Asturies<\/a><span class=\"post-date\">27\/03\/2026<\/span><\/li>\n<li><a href=\"https:\/\/edublog.educastur.es\/ixuxu\/2026\/03\/el-tiempu-el-comercio-296\/\">El tiempu (El Comercio)<\/a><span class=\"post-date\">27\/03\/2026<\/span><\/li>\n<li><a href=\"https:\/\/edublog.educastur.es\/ixuxu\/2026\/03\/70217\/\">\u2018Galindo\u2019, el m\u00e1s vieyu del santuariu d\u2019animales d\u2019Uvi\u00e9u<\/a><span class=\"post-date\">26\/03\/2026<\/span><\/li>\n<li><a href=\"https:\/\/edublog.educastur.es\/ixuxu\/2026\/03\/una-tortua-lora-recuperase-nel-acuariu-de-xixon\/\">Una tort\u00faa lora recup\u00e9rase nel Acuariu de Xix\u00f3n<\/a><span class=\"post-date\">26\/03\/2026<\/span><\/li>\n<li><a href=\"https:\/\/edublog.educastur.es\/ixuxu\/2026\/03\/67786\/\">(sin t\u00edtulo)<\/a><span class=\"post-date\">26\/03\/2026<\/span><\/li>\n<li><a href=\"https:\/\/edublog.educastur.es\/ixuxu\/2026\/03\/un-mediu-britanicu-cataloga-un-monte-asturianu-como-el-llugar-mas-guapu-del-mundu\/\">Un monte asturianu como \u00abel llugar m\u00e1s guapu del mundu\u00bb<\/a><span class=\"post-date\">26\/03\/2026<\/span><\/li>\n<li><a href=\"https:\/\/edublog.educastur.es\/ixuxu\/2026\/03\/70160\/\">(sin t\u00edtulo)<\/a><span class=\"post-date\">26\/03\/2026<\/span><\/li>\n<li><a href=\"https:\/\/edublog.educastur.es\/ixuxu\/2026\/03\/institutu-de-e-s-xuan-bello-uvieu\/\">Institutu de E. S. \u00abXuan Bello\u00bb, Uvi\u00e9u<\/a><span class=\"post-date\">26\/03\/2026<\/span><\/li>\n<li><a href=\"https:\/\/edublog.educastur.es\/ixuxu\/2026\/03\/70150\/\">(sin t\u00edtulo)<\/a><span class=\"post-date\">26\/03\/2026<\/span><\/li>\n<li><a href=\"https:\/\/edublog.educastur.es\/ixuxu\/2026\/03\/70136\/\">Semeyes antig\u00fces\u2026<\/a><span class=\"post-date\">26\/03\/2026<\/span><\/li>\n<li><a href=\"https:\/\/edublog.educastur.es\/ixuxu\/2026\/03\/mazcarda-marinera-en-cimavilla-evaristo-valle-1918\/\">Mazcarada marinera en Cimavilla, E. Valle<\/a><span class=\"post-date\">26\/03\/2026<\/span><\/li>\n<li><a href=\"https:\/\/edublog.educastur.es\/ixuxu\/2026\/03\/la-norenense-alba-cueva-usna-con-romper-barreres-na-f1\/\">La nore\u00f1ense Alba Cueva sua\u00f1a con romper barreres na F1<\/a><span class=\"post-date\">26\/03\/2026<\/span><\/li>\n<li><a href=\"https:\/\/edublog.educastur.es\/ixuxu\/2026\/03\/larte-del-xixones-edgar-plans-dal-saltu-a-la-porzolana-de-lladro\/\">L\u2019arte del xixon\u00e9s Edgar Plans da\u2019l saltu a la porzolana de Lladr\u00f3<\/a><span class=\"post-date\">26\/03\/2026<\/span><\/li>\n<li><a href=\"https:\/\/edublog.educastur.es\/ixuxu\/2026\/03\/clima-y-tiempu\/\">Tiempu y clima<\/a><span class=\"post-date\">26\/03\/2026<\/span><\/li>\n<li><a href=\"https:\/\/edublog.educastur.es\/ixuxu\/2026\/03\/dia-mundial-del-clima-3\/\">D\u00eda Mundial del clima<\/a><span class=\"post-date\">26\/03\/2026<\/span><\/li>\n<li><a href=\"https:\/\/edublog.educastur.es\/ixuxu\/2026\/03\/dia-mundial-del-clima-4\/\">D\u00eda Mundial del clima<\/a><span class=\"post-date\">26\/03\/2026<\/span><\/li>\n<li><a href=\"https:\/\/edublog.educastur.es\/ixuxu\/2026\/03\/indiz-de-riesgu-de-quemes-forestales-nasturies\/\">\u00cdndiz de riesgu de quemes forestales n\u2019Asturies<\/a><span class=\"post-date\">26\/03\/2026<\/span><\/li>\n<li><a href=\"https:\/\/edublog.educastur.es\/ixuxu\/2026\/03\/el-tiempu-el-comercio-295\/\">El tiempu (El Comercio)<\/a><span class=\"post-date\">26\/03\/2026<\/span><\/li>\n<li><a href=\"https:\/\/edublog.educastur.es\/ixuxu\/2026\/03\/70098\/\">(sin t\u00edtulo)<\/a><span class=\"post-date\">25\/03\/2026<\/span><\/li>\n<li><a href=\"https:\/\/edublog.educastur.es\/ixuxu\/2026\/03\/les-noticies-del-miercoles-25-de-marzu-de-2026\/\">Les noticies del mi\u00e9rcoles 25 de marzu de 2026<\/a><span class=\"post-date\">25\/03\/2026<\/span><\/li>\n<li><a href=\"https:\/\/edublog.educastur.es\/ixuxu\/2026\/03\/que-ye-un-eclis\/\">\u00bfQu\u00e9 ye un ecl\u00eds?<\/a><span class=\"post-date\">25\/03\/2026<\/span><\/li>\n<li><a href=\"https:\/\/edublog.educastur.es\/ixuxu\/2026\/03\/semeyes-de-limicolas\/\">Semeyes de lim\u00edcolas<\/a><span class=\"post-date\">25\/03\/2026<\/span><\/li>\n<li><a href=\"https:\/\/edublog.educastur.es\/ixuxu\/2026\/03\/el-cuelebre-por-maestrin-astur\/\">\u00abEl Cu\u00e9lebre\u00bb, por Maestr\u00edn Astur<\/a><span class=\"post-date\">25\/03\/2026<\/span><\/li>\n<li><a href=\"https:\/\/edublog.educastur.es\/ixuxu\/2026\/03\/el-busgosu-por-maestrin-astur\/\">El Busgosu\u00bb, por Maestr\u00edn Astur<\/a><span class=\"post-date\">25\/03\/2026<\/span><\/li>\n<li><a href=\"https:\/\/edublog.educastur.es\/ixuxu\/2026\/03\/areas-forestales-en-2023\/\">\u00c1reas forestales en 2023<\/a><span class=\"post-date\">25\/03\/2026<\/span><\/li>\n<li><a href=\"https:\/\/edublog.educastur.es\/ixuxu\/2026\/03\/70077\/\">(sin t\u00edtulo)<\/a><span class=\"post-date\">25\/03\/2026<\/span><\/li>\n<li><a href=\"https:\/\/edublog.educastur.es\/ixuxu\/2026\/03\/agua-quhai-nos-banzaos-espanoles\/\">Agua qu\u2019hai nos banzaos espa\u00f1oles<\/a><span class=\"post-date\">25\/03\/2026<\/span><\/li>\n<li><a href=\"https:\/\/edublog.educastur.es\/ixuxu\/2026\/03\/70043\/\">(sin t\u00edtulo)<\/a><span class=\"post-date\">25\/03\/2026<\/span><\/li>\n<li><a href=\"https:\/\/edublog.educastur.es\/ixuxu\/2026\/03\/70035\/\">Convertise en llector, paga la pena\u2026<\/a><span class=\"post-date\">25\/03\/2026<\/span><\/li>\n<li><a href=\"https:\/\/edublog.educastur.es\/ixuxu\/2026\/03\/el-tiempu-el-comercio-294\/\">El tiempu (El Comercio)<\/a><span class=\"post-date\">25\/03\/2026<\/span><\/li>\n<li><a href=\"https:\/\/edublog.educastur.es\/ixuxu\/2026\/03\/es-noticies-del-martes-24-de-marzu-de-2026\/\">es noticies del martes 24 de marzu de 2026<\/a><span class=\"post-date\">24\/03\/2026<\/span><\/li>\n<li><a href=\"https:\/\/edublog.educastur.es\/ixuxu\/2026\/03\/aniversariu-faciendo-alfombres-de-flores\/\">Aniversariu faciendo alfombres de flores<\/a><span class=\"post-date\">24\/03\/2026<\/span><\/li>\n<li><a href=\"https:\/\/edublog.educastur.es\/ixuxu\/2026\/03\/cachopu-freestyle-lhimnu-asturianu-del-raperu-ucranianu-questions4later\/\">\u00abCachopu Freestyle\u00bb, l\u2019himnu asturianu del raperu ucranianu Questions4Later<\/a><span class=\"post-date\">24\/03\/2026<\/span><\/li>\n<li><a href=\"https:\/\/edublog.educastur.es\/ixuxu\/2026\/03\/publicaciones-venceyaes-al-oxetivu-de-laxenda-2030\/\">Publicaciones venceyaes al oxetivu de l\u2019Axenda 2030<\/a><span class=\"post-date\">24\/03\/2026<\/span><\/li>\n<li><a href=\"https:\/\/edublog.educastur.es\/ixuxu\/2026\/03\/70011\/\">(sin t\u00edtulo)<\/a><span class=\"post-date\">24\/03\/2026<\/span><\/li>\n<li><a href=\"https:\/\/edublog.educastur.es\/ixuxu\/2026\/03\/cultura-refuercial-sofitu-a-la-industria-musical\/\">Cultura refuercia\u2019l sofitu a la industria musical<\/a><span class=\"post-date\">24\/03\/2026<\/span><\/li>\n<li><a href=\"https:\/\/edublog.educastur.es\/ixuxu\/2026\/03\/la-guapura-de-les-pequenes-coses-2\/\">La guapura de les peque\u00f1es coses<\/a><span class=\"post-date\">24\/03\/2026<\/span><\/li>\n<li><a href=\"https:\/\/edublog.educastur.es\/ixuxu\/2026\/03\/una-gatera-para-fomentar-el-cuidu-responsable-danimales\/\">Una gatera para fomentar el cuidu responsable d\u2019animales<\/a><span class=\"post-date\">24\/03\/2026<\/span><\/li>\n<li><a href=\"https:\/\/edublog.educastur.es\/ixuxu\/2026\/03\/porcentaxe-de-viviendes-vacies-nespana-en-2025-por-provincies\/\">Porcentaxe de viviendes vac\u00edes n\u2019Espa\u00f1a en 2025<\/a><span class=\"post-date\">24\/03\/2026<\/span><\/li>\n<li><a href=\"https:\/\/edublog.educastur.es\/ixuxu\/2026\/03\/el-escanu-un-bancu-de-madera-para-dos-o-mas-persones\/\">El\u00a0esca\u00f1u, un bancu de madera para dos o m\u00e1s persones<\/a><span class=\"post-date\">24\/03\/2026<\/span><\/li>\n<li><a href=\"https:\/\/edublog.educastur.es\/ixuxu\/2026\/03\/sil-cuquiellu-nun-vien-ente-marzu-y-abril\/\">Si\u2019l cuquiellu nun vien ente marzu y abril<\/a><span class=\"post-date\">24\/03\/2026<\/span><\/li>\n<li><a href=\"https:\/\/edublog.educastur.es\/ixuxu\/2026\/03\/el-tiempu-el-comercio-293\/\">El tiempu (El Comercio)<\/a><span class=\"post-date\">24\/03\/2026<\/span><\/li>\n<li><a href=\"https:\/\/edublog.educastur.es\/ixuxu\/2026\/03\/69922\/\">(sin t\u00edtulo)<\/a><span class=\"post-date\">24\/03\/2026<\/span><\/li>\n<li><a href=\"https:\/\/edublog.educastur.es\/ixuxu\/2026\/03\/les-noticies-del-llunes-23-de-marzu-de-2026\/\">Les noticies del llunes 23 de marzu de 2026<\/a><span class=\"post-date\">23\/03\/2026<\/span><\/li>\n<li><a href=\"https:\/\/edublog.educastur.es\/ixuxu\/2026\/03\/les-freses-xunen-a-distintes-xeneraciones-en-tineu\/\">Les freses xunen a distintes xeneraciones en Tin\u00e9u.<\/a><span class=\"post-date\">23\/03\/2026<\/span><\/li>\n<li><a href=\"https:\/\/edublog.educastur.es\/ixuxu\/2026\/03\/pepa-la-plataforma-que-va-axuntar-llibros-academicos-nabiertu\/\">PEPA, la plataforma que va axuntar llibros acad\u00e9micos n\u2019abiertu<\/a><span class=\"post-date\">23\/03\/2026<\/span><\/li>\n<li><a href=\"https:\/\/edublog.educastur.es\/ixuxu\/2026\/03\/les-nacencies-xubieron-nasturies\/\">Les nacencies xubieron n\u2019Asturies<\/a><span class=\"post-date\">23\/03\/2026<\/span><\/li>\n<li><a href=\"https:\/\/edublog.educastur.es\/ixuxu\/2026\/03\/horros\/\">Horros<\/a><span class=\"post-date\">23\/03\/2026<\/span><\/li>\n<li><a href=\"https:\/\/edublog.educastur.es\/ixuxu\/2026\/03\/69915\/\">(sin t\u00edtulo)<\/a><span class=\"post-date\">23\/03\/2026<\/span><\/li>\n<li><a href=\"https:\/\/edublog.educastur.es\/ixuxu\/2026\/03\/puzle-didauticu-pa-conocer-el-uvieu-rural\/\">Puzle did\u00e1uticu pa conocer el \u00abUvi\u00e9u Rural\u00bb<\/a><span class=\"post-date\">23\/03\/2026<\/span><\/li>\n<li><a href=\"https:\/\/edublog.educastur.es\/ixuxu\/2026\/03\/xornada-derechos-de-les-muyeres-meyores-resistencies-y-desafios-globales\/\">Xornada \u201cDerechos de les Muyeres: meyores, resistencies y desaf\u00edos globales\u201d<\/a><span class=\"post-date\">23\/03\/2026<\/span><\/li>\n<li><a href=\"https:\/\/edublog.educastur.es\/ixuxu\/2026\/03\/siero-concursu-pa-decorar-un-guevu-pintu-xigante\/\">Siero: concursu pa decorar un g\u00fcevu pintu. VOTA<\/a><span class=\"post-date\">23\/03\/2026<\/span><\/li>\n<li><a href=\"https:\/\/edublog.educastur.es\/ixuxu\/2026\/03\/punch-sigue-progresando\/\">Punch sigue progresando y d\u00e9xase querer\u2026<\/a><span class=\"post-date\">23\/03\/2026<\/span><\/li>\n<li><a href=\"https:\/\/edublog.educastur.es\/ixuxu\/2026\/03\/the-asturianer-85-primavera\/\">The Asturianer 85: \u00abPrimavera\u00bb<\/a><span class=\"post-date\">23\/03\/2026<\/span><\/li>\n<li><a href=\"https:\/\/edublog.educastur.es\/ixuxu\/2026\/03\/cuatro-anos-desta-visita-de-la-tpa-al-nuesu-colexu\/\">Cuatro a\u00f1os d\u2019esta visita de la TPA al nuesu colexu<\/a><span class=\"post-date\">23\/03\/2026<\/span><\/li>\n<li><a href=\"https:\/\/edublog.educastur.es\/ixuxu\/2026\/03\/69871\/\">(sin t\u00edtulo)<\/a><span class=\"post-date\">23\/03\/2026<\/span><\/li>\n<li><a href=\"https:\/\/edublog.educastur.es\/ixuxu\/2026\/03\/ximi-y-elga-los-baberos\/\">Ximi y Elga: \u00abLos baberos\u00bb<\/a><span class=\"post-date\">23\/03\/2026<\/span><\/li>\n<li><a href=\"https:\/\/edublog.educastur.es\/ixuxu\/2026\/03\/bocarte-na-primavera-bonitu-peronde-quiera-2\/\">\u00abBocarte na primavera\u2026\u00bb<\/a><span class=\"post-date\">23\/03\/2026<\/span><\/li>\n<li><a href=\"https:\/\/edublog.educastur.es\/ixuxu\/2026\/03\/losu-pardu-llogra-superar-los-400-exemplares-y-reconquista-espana\/\">L\u2019osu pardu llogra superar los 400 exemplares y reconquista Espa\u00f1a<\/a><span class=\"post-date\">23\/03\/2026<\/span><\/li>\n<li><a href=\"https:\/\/edublog.educastur.es\/ixuxu\/2026\/03\/el-camin-del-indianu\/\">\u00abEl cam\u00edn del Indianu\u00bb<\/a><span class=\"post-date\">23\/03\/2026<\/span><\/li>\n<li><a href=\"https:\/\/edublog.educastur.es\/ixuxu\/2026\/03\/el-nuberu-por-maestrin-astur\/\">El Nuberu, por Maestr\u00edn Astur<\/a><span class=\"post-date\">23\/03\/2026<\/span><\/li>\n<li><a href=\"https:\/\/edublog.educastur.es\/ixuxu\/2026\/03\/69951\/\">(sin t\u00edtulo)<\/a><span class=\"post-date\">23\/03\/2026<\/span><\/li>\n<li><a href=\"https:\/\/edublog.educastur.es\/ixuxu\/2026\/03\/dia-metereoloxicu-mundial-3\/\">D\u00eda Metereol\u00f3xicu Mundial<\/a><span class=\"post-date\">23\/03\/2026<\/span><\/li>\n<li><a href=\"https:\/\/edublog.educastur.es\/ixuxu\/2026\/03\/69813\/\">El tiempu (El Comercio)<\/a><span class=\"post-date\">23\/03\/2026<\/span><\/li>\n<li><a href=\"https:\/\/edublog.educastur.es\/ixuxu\/2026\/03\/69841\/\">Aurores Boreales allumaron Asturies<\/a><span class=\"post-date\">23\/03\/2026<\/span><\/li>\n<li><a href=\"https:\/\/edublog.educastur.es\/ixuxu\/2026\/03\/asturies-escenariu-privilexau-para-reparar-luniversu\/\">Asturies, escenariu privilex\u00e1u para reparar l\u2019universu<\/a><span class=\"post-date\">23\/03\/2026<\/span><\/li>\n<li><a href=\"https:\/\/edublog.educastur.es\/ixuxu\/2026\/03\/les-noticies-del-domingu-22-de-marzu-de-2026\/\">Les noticies del domingu 22 de marzu de 2026<\/a><span class=\"post-date\">22\/03\/2026<\/span><\/li>\n<li><a href=\"https:\/\/edublog.educastur.es\/ixuxu\/2026\/03\/fanmedia-con-nuvieu-150-actividaes-y-mas-de-10000-visitantes\/\">FanMedia Con n\u2019Uvi\u00e9u: 150 actividaes y m\u00e1s de 10000 visitantes<\/a><span class=\"post-date\">22\/03\/2026<\/span><\/li>\n<li><a href=\"https:\/\/edublog.educastur.es\/ixuxu\/2026\/03\/iii-festival-del-aguacate-en-cabranes\/\">III Festival del Aguacate en Cabranes<\/a><span class=\"post-date\">22\/03\/2026<\/span><\/li>\n<li><a href=\"https:\/\/edublog.educastur.es\/ixuxu\/2026\/03\/naz-la-joven-orquesta-de-asturias-pa-impulsar-el-talentu-musical-emerxente\/\">Naz la Joven Orquesta de Asturias<\/a><span class=\"post-date\">22\/03\/2026<\/span><\/li>\n<li><a href=\"https:\/\/edublog.educastur.es\/ixuxu\/2026\/03\/reto-destin-boal-iniciativa-para-potenciar-el-turismu-del-conceyu\/\">\u2018Reto Dest\u00edn Boal\u2019, iniciativa para potenciar el turismu del conceyu.<\/a><span class=\"post-date\">22\/03\/2026<\/span><\/li>\n<li><a href=\"https:\/\/edublog.educastur.es\/ixuxu\/2026\/03\/taramundi-reabrel-museu-del-agua-de-bres\/\">Taramundi reabre\u2019l Mus\u00e9u del Agua de Bres<\/a><span class=\"post-date\">22\/03\/2026<\/span><\/li>\n<li><a href=\"https:\/\/edublog.educastur.es\/ixuxu\/2026\/03\/buciando-al-pie-de-un-cachalote\/\">Buciando al pie de un cachalote<\/a><span class=\"post-date\">22\/03\/2026<\/span><\/li>\n<li><a href=\"https:\/\/edublog.educastur.es\/ixuxu\/2026\/03\/espacios-protexios-dasturies\/\">Espacios protex\u00edos d\u2019Asturies<\/a><span class=\"post-date\">22\/03\/2026<\/span><\/li>\n<li><a href=\"https:\/\/edublog.educastur.es\/ixuxu\/2026\/03\/cuandol-gatu-olvida-que-nun-ye-un-tigre\/\">Cuando\u2019l gatu olvida que nun ye un tigre\u2026<\/a><span class=\"post-date\">22\/03\/2026<\/span><\/li>\n<li><a href=\"https:\/\/edublog.educastur.es\/ixuxu\/2026\/03\/69772\/\">Rodrigo Cuevas llanza \u2018Manual de Belleza\u2019, el so \u00e1lbum m\u00e1s llibre y distintu.<\/a><span class=\"post-date\">22\/03\/2026<\/span><\/li>\n<li><a href=\"https:\/\/edublog.educastur.es\/ixuxu\/2026\/03\/pieces-domingu-na-tpa\/\">Pieces, domingu na TPA<\/a><span class=\"post-date\">22\/03\/2026<\/span><\/li>\n<li><a href=\"https:\/\/edublog.educastur.es\/ixuxu\/2026\/03\/avanzal-procesu-pa-la-declaracion-de-la-gaita-como-bic-inmaterial\/\">Avanza\u2019l procesu pa la declaraci\u00f3n de la gaita como BIC Inmaterial<\/a><span class=\"post-date\">22\/03\/2026<\/span><\/li>\n<li><a href=\"https:\/\/edublog.educastur.es\/ixuxu\/2026\/03\/dia-internacional-de-la-gaita-3\/\">D\u00eda Internacional de la Gaita<\/a><span class=\"post-date\">22\/03\/2026<\/span><\/li>\n<li><a href=\"https:\/\/edublog.educastur.es\/ixuxu\/2026\/03\/amenorgar-la-buelga-hidrica\/\">Amenorgar la buelga h\u00eddrica<\/a><span class=\"post-date\">22\/03\/2026<\/span><\/li>\n<li><a href=\"https:\/\/edublog.educastur.es\/ixuxu\/2026\/03\/manana-dia-mundial-de-lagua\/\">D\u00eda Mundial del Agua<\/a><span class=\"post-date\">22\/03\/2026<\/span><\/li>\n<li><a href=\"https:\/\/edublog.educastur.es\/ixuxu\/2026\/03\/dia-de-los-glaciares\/\">D\u00eda de los glaciares<\/a><span class=\"post-date\">22\/03\/2026<\/span><\/li>\n<li><a href=\"https:\/\/edublog.educastur.es\/ixuxu\/2026\/03\/los-humedales-o-guelgues\/\">Protexer los humedales\/g\u00fcelgues ye protexer l\u2019agua\u2026<\/a><span class=\"post-date\">22\/03\/2026<\/span><\/li>\n<li><a href=\"https:\/\/edublog.educastur.es\/ixuxu\/2026\/03\/dia-mundial-del-agua-3\/\">D\u00eda Mundial del agua<\/a><span class=\"post-date\">22\/03\/2026<\/span><\/li>\n<li><a href=\"https:\/\/edublog.educastur.es\/ixuxu\/2026\/03\/indiz-de-quemes-nasturies\/\">\u00cdndiz de quemes n\u2019Asturies<\/a><span class=\"post-date\">22\/03\/2026<\/span><\/li>\n<li><a href=\"https:\/\/edublog.educastur.es\/ixuxu\/2026\/03\/el-tiempu-el-comercio-292\/\">El tiempu (El Comercio)<\/a><span class=\"post-date\">22\/03\/2026<\/span><\/li>\n<li><a href=\"https:\/\/edublog.educastur.es\/ixuxu\/2026\/03\/les-noticies-del-sabadu-21-de-marzu-de-2026\/\">Les noticies del s\u00e1badu 21 de marzu de 2026<\/a><span class=\"post-date\">21\/03\/2026<\/span><\/li>\n<li><a href=\"https:\/\/edublog.educastur.es\/ixuxu\/2026\/03\/el-folk-asturianu-nel-conservatoriu-duvieu\/\">El folk asturianu, nel Conservatoriu d\u2019Uvi\u00e9u<\/a><span class=\"post-date\">21\/03\/2026<\/span><\/li>\n<li><a href=\"https:\/\/edublog.educastur.es\/ixuxu\/2026\/03\/70210\/\">Divertimento cola poes\u00eda<\/a><span class=\"post-date\">21\/03\/2026<\/span><\/li>\n<li><a href=\"https:\/\/edublog.educastur.es\/ixuxu\/2026\/03\/67663\/\">(sin t\u00edtulo)<\/a><span class=\"post-date\">21\/03\/2026<\/span><\/li>\n<li><a href=\"https:\/\/edublog.educastur.es\/ixuxu\/2026\/03\/dia-mundial-de-la-poesia-4\/\">D\u00eda Mundial de la poes\u00eda<\/a><span class=\"post-date\">21\/03\/2026<\/span><\/li>\n<li><a href=\"https:\/\/edublog.educastur.es\/ixuxu\/2026\/03\/siete-poemes-dinaciu-galan\/\">Siete poemes d\u2019Inaciu Gal\u00e1n<\/a><span class=\"post-date\">21\/03\/2026<\/span><\/li>\n<li><a href=\"https:\/\/edublog.educastur.es\/ixuxu\/2026\/03\/dia-mundil-del-sindrome-de-down\/\">D\u00eda Mundial del S\u00edndrome de Down<\/a><span class=\"post-date\">21\/03\/2026<\/span><\/li>\n<li><a href=\"https:\/\/edublog.educastur.es\/ixuxu\/2026\/03\/70259\/\">Esposici\u00f3n \u00abLa poes\u00eda y la mar\u00bb en Xix\u00f3n.<\/a><span class=\"post-date\">21\/03\/2026<\/span><\/li>\n<li><a href=\"https:\/\/edublog.educastur.es\/ixuxu\/2026\/03\/recordamos-a-xuan-bello\/\">Recordamos a Xuan Bello<\/a><span class=\"post-date\">21\/03\/2026<\/span><\/li>\n<li><a href=\"https:\/\/edublog.educastur.es\/ixuxu\/2026\/03\/feliz-dia-de-la-poesia\/\">Feliz D\u00eda de la Poes\u00eda<\/a><span class=\"post-date\">21\/03\/2026<\/span><\/li>\n<li><a href=\"https:\/\/edublog.educastur.es\/ixuxu\/2026\/03\/dia-internacional-de-los-bosques-2\/\">D\u00eda Internacional de los montes\/viescas<\/a><span class=\"post-date\">21\/03\/2026<\/span><\/li>\n<li><a href=\"https:\/\/edublog.educastur.es\/ixuxu\/2026\/03\/67066\/\">(sin t\u00edtulo)<\/a><span class=\"post-date\">20\/03\/2026<\/span><\/li>\n<li><a href=\"https:\/\/edublog.educastur.es\/ixuxu\/2026\/03\/primavera\/\">Primavera<\/a><span class=\"post-date\">20\/03\/2026<\/span><\/li>\n<li><a href=\"https:\/\/edublog.educastur.es\/ixuxu\/2026\/03\/66815\/\">(sin t\u00edtulo)<\/a><span class=\"post-date\">20\/03\/2026<\/span><\/li>\n<li><a href=\"https:\/\/edublog.educastur.es\/ixuxu\/2026\/03\/69692\/\">(sin t\u00edtulo)<\/a><span class=\"post-date\">20\/03\/2026<\/span><\/li>\n<li><a href=\"https:\/\/edublog.educastur.es\/ixuxu\/2026\/03\/artistes-que-decoren-canzana-por-suxerencia-de-la-intelixencia-artificial-ia\/\">Artistes que decoren Canzana, por suxerencia de la intelixencia artificial IA<\/a><span class=\"post-date\">20\/03\/2026<\/span><\/li>\n<li><a href=\"https:\/\/edublog.educastur.es\/ixuxu\/2026\/03\/69781\/\">(sin t\u00edtulo)<\/a><span class=\"post-date\">20\/03\/2026<\/span><\/li>\n<li><a href=\"https:\/\/edublog.educastur.es\/ixuxu\/2026\/03\/xiii-premiu-internacional-de-poesia-xovellanos\/\">XIII Premiu Internacional de Poes\u00eda Xovellanos<\/a><span class=\"post-date\">20\/03\/2026<\/span><\/li>\n<li><a href=\"https:\/\/edublog.educastur.es\/ixuxu\/2026\/03\/65291\/\">(sin t\u00edtulo)<\/a><span class=\"post-date\">20\/03\/2026<\/span><\/li>\n<li><a href=\"https:\/\/edublog.educastur.es\/ixuxu\/2026\/03\/69865\/\">Baille\u2019l pa\u00eds y asturianada d\u2019occidente a oriente<\/a><span class=\"post-date\">20\/03\/2026<\/span><\/li>\n<li><a href=\"https:\/\/edublog.educastur.es\/ixuxu\/2026\/03\/ayudes-para-programes-de-promocion-del-bienestar\/\">Ayudes para programes de promoci\u00f3n del bienestar<\/a><span class=\"post-date\">20\/03\/2026<\/span><\/li>\n<li><a href=\"https:\/\/edublog.educastur.es\/ixuxu\/2026\/03\/dia-internacional-de-la-felicida-2\/\">D\u00eda Internacional de la Felicid\u00e1<\/a><span class=\"post-date\">20\/03\/2026<\/span><\/li>\n<li><a href=\"https:\/\/edublog.educastur.es\/ixuxu\/2026\/03\/dia-mundial-de-la-narracion-oral-2\/\">D\u00eda Mundial de la Narraci\u00f3n Oral.<\/a><span class=\"post-date\">20\/03\/2026<\/span><\/li>\n<li><a href=\"https:\/\/edublog.educastur.es\/ixuxu\/2026\/03\/dia-mundial-del-gurrion\/\">D\u00eda Mundial del gurri\u00f3n<\/a><span class=\"post-date\">20\/03\/2026<\/span><\/li>\n<li><a href=\"https:\/\/edublog.educastur.es\/ixuxu\/2026\/03\/llega-la-fada-primavera\/\">Llega la Fada Primavera.<\/a><span class=\"post-date\">20\/03\/2026<\/span><\/li>\n<li><a href=\"https:\/\/edublog.educastur.es\/ixuxu\/2026\/03\/el-tiempu-el-comercio-291\/\">El tiempu (El Comercio)<\/a><span class=\"post-date\">20\/03\/2026<\/span><\/li>\n<li><a href=\"https:\/\/edublog.educastur.es\/ixuxu\/2026\/03\/eventu-dayande-stars-nuvieu\/\">Eventu d\u2019Ayande Stars n\u2019Uvi\u00e9u<\/a><span class=\"post-date\">19\/03\/2026<\/span><\/li>\n<li><a href=\"https:\/\/edublog.educastur.es\/ixuxu\/2026\/03\/66994\/\">(sin t\u00edtulo)<\/a><span class=\"post-date\">19\/03\/2026<\/span><\/li>\n<li><a href=\"https:\/\/edublog.educastur.es\/ixuxu\/2026\/03\/bancu-por-efren-dandres\/\">Bancu, por Efr\u00e9n d\u2019Andr\u00e9s<\/a><span class=\"post-date\">19\/03\/2026<\/span><\/li>\n<li><a href=\"https:\/\/edublog.educastur.es\/ixuxu\/2026\/03\/flores-guapes\/\">\u00abFlores guapes\u00bb<\/a><span class=\"post-date\">19\/03\/2026<\/span><\/li>\n<li><a href=\"https:\/\/edublog.educastur.es\/ixuxu\/2026\/03\/revelen-la-identida-de-bansky-tres-30-anos-nel-anonimatu\/\">Revelen la identid\u00e1 de Bansky tres 30 a\u00f1os nel anonimatu<\/a><span class=\"post-date\">19\/03\/2026<\/span><\/li>\n<li><a href=\"https:\/\/edublog.educastur.es\/ixuxu\/2026\/03\/fanmedia-con-xunira-nuvieu-a-creadores-de-conteniu-con-102-millones-de-siguidores\/\">FanMedia Con xunir\u00e1 n\u2019Uvi\u00e9u a creadores de conten\u00edu con 102 millones de siguidores<\/a><span class=\"post-date\">19\/03\/2026<\/span><\/li>\n<li><a href=\"https:\/\/edublog.educastur.es\/ixuxu\/2026\/03\/los-padres-protagonistes-discretos-nel-museu-de-belles-artes\/\">Los padres, protagonistes discretos nel Mus\u00e9u de Belles Artes<\/a><span class=\"post-date\">19\/03\/2026<\/span><\/li>\n<li><a href=\"https:\/\/edublog.educastur.es\/ixuxu\/2026\/03\/dia-internacional-para-laprendizaxe-dixital\/\">D\u00eda Internacional para l\u2019Aprendizaxe Dixital<\/a><span class=\"post-date\">19\/03\/2026<\/span><\/li>\n<li><a href=\"https:\/\/edublog.educastur.es\/ixuxu\/2026\/03\/el-tiempu-el-comercio-290\/\">El tiempu (El Comercio)<\/a><span class=\"post-date\">19\/03\/2026<\/span><\/li>\n<li><a href=\"https:\/\/edublog.educastur.es\/ixuxu\/2026\/03\/69613\/\">(sin t\u00edtulo)<\/a><span class=\"post-date\">18\/03\/2026<\/span><\/li>\n<li><a href=\"https:\/\/edublog.educastur.es\/ixuxu\/2026\/03\/lastrofisica-lucia-gonzalez-va-esplicar-tolos-detalles-del-increible-eclis-total-de-sol\/\">L\u2019astrof\u00edsica Luc\u00eda Gonz\u00e1lez va esplicar tolos detalles del incre\u00edble ecl\u00eds total de sol<\/a><span class=\"post-date\">18\/03\/2026<\/span><\/li>\n<li><a href=\"https:\/\/edublog.educastur.es\/ixuxu\/2026\/03\/69655\/\">Tresportes quier qu\u2019en 2027 los autocares que xunen Asturies con otres rexones s\u00edan de color turquesa.<\/a><span class=\"post-date\">18\/03\/2026<\/span><\/li>\n<li><a href=\"https:\/\/edublog.educastur.es\/ixuxu\/2026\/03\/esta-fin-de-selmana\/\">Esta fin de selmana\u2026<\/a><span class=\"post-date\">18\/03\/2026<\/span><\/li>\n<li><a href=\"https:\/\/edublog.educastur.es\/ixuxu\/2026\/03\/el-trabayu-silenciosu-de-los-polinizadores\/\">El trabayu silenciosu de los polinizadores\u2026<\/a><span class=\"post-date\">18\/03\/2026<\/span><\/li>\n<li><a href=\"https:\/\/edublog.educastur.es\/ixuxu\/2026\/03\/66803\/\">(sin t\u00edtulo)<\/a><span class=\"post-date\">18\/03\/2026<\/span><\/li>\n<li><a href=\"https:\/\/edublog.educastur.es\/ixuxu\/2026\/03\/tantu-movil-tantu-movil\/\">\u00a1TANTU M\u00d3VIL, T\u00c1NTU M\u00d3VIL!<\/a><span class=\"post-date\">18\/03\/2026<\/span><\/li>\n<li><a href=\"https:\/\/edublog.educastur.es\/ixuxu\/2026\/03\/el-tiempu-el-comercio-289\/\">El tiempu (El Comercio)<\/a><span class=\"post-date\">18\/03\/2026<\/span><\/li>\n<li><a href=\"https:\/\/edublog.educastur.es\/ixuxu\/2026\/03\/les-noticies-del-martes-17-de-marzu-de-2026\/\">Les noticies del martes 17 de marzu de 2026<\/a><span class=\"post-date\">17\/03\/2026<\/span><\/li>\n<li><a href=\"https:\/\/edublog.educastur.es\/ixuxu\/2026\/03\/voces-femenines-nel-poex-para-una-antoloxia-de-poesia-infantil\/\">Voces femenines nel Poex para una antolox\u00eda de poes\u00eda infantil.<\/a><span class=\"post-date\">17\/03\/2026<\/span><\/li>\n<li><a href=\"https:\/\/edublog.educastur.es\/ixuxu\/2026\/03\/66806\/\">(sin t\u00edtulo)<\/a><span class=\"post-date\">17\/03\/2026<\/span><\/li>\n<li><a href=\"https:\/\/edublog.educastur.es\/ixuxu\/2026\/03\/69593\/\">(sin t\u00edtulo)<\/a><span class=\"post-date\">17\/03\/2026<\/span><\/li>\n<li><a href=\"https:\/\/edublog.educastur.es\/ixuxu\/2026\/03\/the-asturianer-84-lespertar\/\">The Asturianer 84: \u00abL\u2019espertar\u00bb<\/a><span class=\"post-date\">17\/03\/2026<\/span><\/li>\n<li><a href=\"https:\/\/edublog.educastur.es\/ixuxu\/2026\/03\/69586\/\">La m\u00fasica asturiana, un pegoyu pa qu\u2019Uvi\u00e9u seya finalista na capitalid\u00e1 europea de la Cultura<\/a><span class=\"post-date\">17\/03\/2026<\/span><\/li>\n<li><a href=\"https:\/\/edublog.educastur.es\/ixuxu\/2026\/03\/oviedo2031-finalista-pa-poder-ser-capital-europea-de-cultura\/\">Oviedo2031, finalista pa poder ser Capital Europea de Cultura<\/a><span class=\"post-date\">17\/03\/2026<\/span><\/li>\n<li><a href=\"https:\/\/edublog.educastur.es\/ixuxu\/2026\/03\/nucleos-de-poblacion-de-mas-de-1000-habitantes\/\">N\u00facleos de poblaci\u00f3n de m\u00e1s de 1000 habitantes<\/a><span class=\"post-date\">17\/03\/2026<\/span><\/li>\n<li><a href=\"https:\/\/edublog.educastur.es\/ixuxu\/2026\/03\/69565\/\">(sin t\u00edtulo)<\/a><span class=\"post-date\">17\/03\/2026<\/span><\/li>\n<li><a href=\"https:\/\/edublog.educastur.es\/ixuxu\/2026\/03\/la-revista-formientu-cumple-20-anos\/\">La revista Formientu cumple 20 a\u00f1os<\/a><span class=\"post-date\">17\/03\/2026<\/span><\/li>\n<li><a href=\"https:\/\/edublog.educastur.es\/ixuxu\/2026\/03\/dia-del-comic-y-del-tebeu-2\/\">D\u00eda del C\u00f3mic, de la Novela Gr\u00e1fica y del Teb\u00e9u<\/a><span class=\"post-date\">17\/03\/2026<\/span><\/li>\n<li><a href=\"https:\/\/edublog.educastur.es\/ixuxu\/2026\/03\/el-tiempu-el-comercio-288\/\">El tiempu (El Comercio)<\/a><span class=\"post-date\">17\/03\/2026<\/span><\/li>\n<li><a href=\"https:\/\/edublog.educastur.es\/ixuxu\/2026\/03\/les-noticies-del-llunes-16-de-marzu-de-2026\/\">Les noticies del llunes 16 de marzu de 2026<\/a><span class=\"post-date\">16\/03\/2026<\/span><\/li>\n<li><a href=\"https:\/\/edublog.educastur.es\/ixuxu\/2026\/03\/sellos-coeducastur-a-centros-quabren-camin-na-coeducacion-educativa\/\">Sellu de Centru Coeducador d\u2019Asturies<\/a><span class=\"post-date\">16\/03\/2026<\/span><\/li>\n<li><a href=\"https:\/\/edublog.educastur.es\/ixuxu\/2026\/03\/centenariu-del-nacimientu-de-la-escritora-aurora-dalbornoz\/\">Centenariu del nacimientu de la escritora Aurora d\u2019Albornoz<\/a><span class=\"post-date\">16\/03\/2026<\/span><\/li>\n<li><a href=\"https:\/\/edublog.educastur.es\/ixuxu\/2026\/03\/uvieu-instala-les-camares-para-controlar-la-fauna-selvaxe\/\">Uvi\u00e9u instala les c\u00e1mares para controlar la fauna selvaxe<\/a><span class=\"post-date\">16\/03\/2026<\/span><\/li>\n<li><a href=\"https:\/\/edublog.educastur.es\/ixuxu\/2026\/03\/ayudes-pactividaes-culturales-dinteres-rexonal\/\">Ayudes p\u2019actividaes culturales d\u2019inter\u00e9s rexonal<\/a><span class=\"post-date\">16\/03\/2026<\/span><\/li>\n<li><a href=\"https:\/\/edublog.educastur.es\/ixuxu\/2026\/03\/palomba-de-la-paz\/\">\u00abPalomba de la Paz\u00bb<\/a><span class=\"post-date\">16\/03\/2026<\/span><\/li>\n<li><a href=\"https:\/\/edublog.educastur.es\/ixuxu\/2026\/03\/el-tiempu-el-comercio-286\/\">El tiempu (El Comercio)<\/a><span class=\"post-date\">16\/03\/2026<\/span><\/li>\n<li><a href=\"https:\/\/edublog.educastur.es\/ixuxu\/2026\/03\/ultimes-neves-de-liviernu\/\">\u00daltimes \u00f1eves de l\u2019iviernu<\/a><span class=\"post-date\">16\/03\/2026<\/span><\/li>\n<li><a href=\"https:\/\/edublog.educastur.es\/ixuxu\/2026\/03\/abeya\/\">Abeya<\/a><span class=\"post-date\">15\/03\/2026<\/span><\/li>\n<li><a href=\"https:\/\/edublog.educastur.es\/ixuxu\/2026\/03\/69524\/\">(sin t\u00edtulo)<\/a><span class=\"post-date\">15\/03\/2026<\/span><\/li>\n<li><a href=\"https:\/\/edublog.educastur.es\/ixuxu\/2026\/03\/a-pocos-dies-de-lentamu-de-la-primavera\/\">A pocos d\u00edes de l\u2019entamu de la primavera\u2026<\/a><span class=\"post-date\">15\/03\/2026<\/span><\/li>\n<li><a href=\"https:\/\/edublog.educastur.es\/ixuxu\/2026\/03\/la-fotografa-catalana-marta-albareda-ye-lautora-desta-fascinante-imaxe-%f0%9f%a7%9a%f0%9f%8f%bb%e2%99%82%ef%b8%8f-%f0%9f%90%9e\/\">La fot\u00f3grafa catalana Marta Albareda ye l\u2019autora d\u2019esta fascinante imaxe.\u00a0<img decoding=\"async\" class=\"emoji\" role=\"img\" src=\"https:\/\/s.w.org\/images\/core\/emoji\/17.0.2\/svg\/1f9da-1f3fb-200d-2642-fe0f.svg\" alt=\"\ud83e\uddda\ud83c\udffb\u200d\u2642\ufe0f\" \/>\u00a0<img decoding=\"async\" class=\"emoji\" role=\"img\" src=\"https:\/\/s.w.org\/images\/core\/emoji\/17.0.2\/svg\/1f41e.svg\" alt=\"\ud83d\udc1e\" \/><\/a><span class=\"post-date\">15\/03\/2026<\/span><\/li>\n<li><a href=\"https:\/\/edublog.educastur.es\/ixuxu\/2026\/03\/llibru-de-semeyes-de-los-limicolas\/\">Llibru de semeyes de los lim\u00edcolas<\/a><span class=\"post-date\">15\/03\/2026<\/span><\/li>\n<li><a href=\"https:\/\/edublog.educastur.es\/ixuxu\/2026\/03\/2026-anu-internacional-de-los-pastizales\/\">2026: A\u00f1u Internacional de los Pacionales y el Pastores<\/a><span class=\"post-date\">15\/03\/2026<\/span><\/li>\n<li><a href=\"https:\/\/edublog.educastur.es\/ixuxu\/2026\/03\/el-depositu-mundial-de-granes-de-svalbard\/\">El Dep\u00f3situ Mundial de Granes de Svalbard (Noruega)<\/a><span class=\"post-date\">15\/03\/2026<\/span><\/li>\n<li><a href=\"https:\/\/edublog.educastur.es\/ixuxu\/2026\/03\/la-reserva-natural-de-muniellos-un-monte-natural-inalterau-dende-va-decades\/\">La Reserva Natural de Muniellos, un monte natural inalter\u00e1u dende va d\u00e9cades<\/a><span class=\"post-date\">15\/03\/2026<\/span><\/li>\n<li><a href=\"https:\/\/edublog.educastur.es\/ixuxu\/2026\/03\/69452\/\">(sin t\u00edtulo)<\/a><span class=\"post-date\">15\/03\/2026<\/span><\/li>\n<li><a href=\"https:\/\/edublog.educastur.es\/ixuxu\/2026\/03\/69465\/\">El \u00abDiccionariu de la mazana, el pumar y la sidra\u00bb<\/a><span class=\"post-date\">15\/03\/2026<\/span><\/li>\n<li><a href=\"https:\/\/edublog.educastur.es\/ixuxu\/2026\/03\/miel-dasturies-igp\/\">Miel d\u2019Asturies IGP<\/a><span class=\"post-date\">15\/03\/2026<\/span><\/li>\n<li><a href=\"https:\/\/edublog.educastur.es\/ixuxu\/2026\/03\/69516\/\">Una sola llicencia para cazar y pescar<\/a><span class=\"post-date\">15\/03\/2026<\/span><\/li>\n<li><a href=\"https:\/\/edublog.educastur.es\/ixuxu\/2026\/03\/primer-dia-de-pesca-de-trucha-nos-rios-asturianos\/\">Primer d\u00eda de pesca de trucha nos r\u00edos asturianos<\/a><span class=\"post-date\">15\/03\/2026<\/span><\/li>\n<li><a href=\"https:\/\/edublog.educastur.es\/ixuxu\/2026\/03\/69497\/\">L\u2019asociaci\u00f3n \u2018Amigos de la Alfarer\u00eda de Faro\u2019 llucha p\u2019algamar un centru de l\u2019alfarer\u00eda<\/a><span class=\"post-date\">15\/03\/2026<\/span><\/li>\n<li><a href=\"https:\/\/edublog.educastur.es\/ixuxu\/2026\/03\/belen-arboleya-presidenta-de-lasociacion-interpretes-cancion-asturiana-aica\/\">Bel\u00e9n Arboleya, presidenta de l\u2019Asociaci\u00f3n Int\u00e9rpretes Canci\u00f3n Asturiana \u2013 AICA<\/a><span class=\"post-date\">15\/03\/2026<\/span><\/li>\n<li><a href=\"https:\/\/edublog.educastur.es\/ixuxu\/2026\/03\/julia-alcayde-montoya-pintora\/\">Julia Alcayde Montoya, pintora<\/a><span class=\"post-date\">15\/03\/2026<\/span><\/li>\n<li><a href=\"https:\/\/edublog.educastur.es\/ixuxu\/2026\/03\/miles-de-personen-dicen-non-a-la-guerra\/\">Miles de personen dicen \u00abNon a la guerra\u00bb<\/a><span class=\"post-date\">15\/03\/2026<\/span><\/li>\n<li><a href=\"https:\/\/edublog.educastur.es\/ixuxu\/2026\/03\/el-tiempu-el-comercio-287\/\">El tiempu (El Comercio)<\/a><span class=\"post-date\">15\/03\/2026<\/span><\/li>\n<li><a href=\"https:\/\/edublog.educastur.es\/ixuxu\/2026\/03\/xlvii-selmana-de-les-lletres-asturianes\/\">XLVII Selmana de les lletres asturianes<\/a><span class=\"post-date\">14\/03\/2026<\/span><\/li>\n<li><a href=\"https:\/\/edublog.educastur.es\/ixuxu\/2026\/03\/oyisti-falar-de-la-busdonga\/\">\u00bfOyisti falar de La Busdonga?<\/a><span class=\"post-date\">14\/03\/2026<\/span><\/li>\n<li><a href=\"https:\/\/edublog.educastur.es\/ixuxu\/2026\/03\/les-noticies-del-sabadu-14-de-marzu-de-2026\/\">Les noticies del s\u00e1badu 14 de marzu de 2026<\/a><span class=\"post-date\">14\/03\/2026<\/span><\/li>\n<li><a href=\"https:\/\/edublog.educastur.es\/ixuxu\/2026\/03\/65158\/\">(sin t\u00edtulo)<\/a><span class=\"post-date\">14\/03\/2026<\/span><\/li>\n<li><a href=\"https:\/\/edublog.educastur.es\/ixuxu\/2026\/03\/banduxu-un-pueblu-que-paez-quedar-anclau-na-eda-media\/\">Banduxu, un pueblu que paez quedar ancl\u00e1u na Ed\u00e1 Media.<\/a><span class=\"post-date\">14\/03\/2026<\/span><\/li>\n<li><a href=\"https:\/\/edublog.educastur.es\/ixuxu\/2026\/03\/desfile-de-san-patriciu-en-madrid\/\">Desfile de San Patriciu en Madrid<\/a><span class=\"post-date\">14\/03\/2026<\/span><\/li>\n<li><a href=\"https:\/\/edublog.educastur.es\/ixuxu\/2026\/03\/la-bandona-de-gaites-de-siero-resuena-nel-desfile-de-celebracion-de-la-festivida-de-san-patriciu\/\">La Bandona de Gaites de Siero resuena nel desfile de celebraci\u00f3n de la festivid\u00e1 de San Patriciu\u2002<\/a><span class=\"post-date\">14\/03\/2026<\/span><\/li>\n<li><a href=\"https:\/\/edublog.educastur.es\/ixuxu\/2026\/03\/el-pinole-amuesa-una-esposicion-del-ilustrador-alejandro-sirio\/\">El Pi\u00f1ole amuesa una esposici\u00f3n del ilustrador Alejandro Sirio<\/a><span class=\"post-date\">14\/03\/2026<\/span><\/li>\n<li><a href=\"https:\/\/edublog.educastur.es\/ixuxu\/2026\/03\/69394\/\">(sin t\u00edtulo)<\/a><span class=\"post-date\">14\/03\/2026<\/span><\/li>\n<li><a href=\"https:\/\/edublog.educastur.es\/ixuxu\/2026\/03\/iii-xornada-muyer-y-deporte\/\">III Xornada Muyer y Deporte<\/a><span class=\"post-date\">14\/03\/2026<\/span><\/li>\n<li><a href=\"https:\/\/edublog.educastur.es\/ixuxu\/2026\/03\/felix-rodriguez-de-la-fuente\/\">F\u00e9lix Rodr\u00edguez de la Fuente<\/a><span class=\"post-date\">14\/03\/2026<\/span><\/li>\n<li><a href=\"https:\/\/edublog.educastur.es\/ixuxu\/2026\/03\/dia-internacional-de-laccion-polos-rios\/\">D\u00eda Internacional de l\u2019acci\u00f3n polos r\u00edos<\/a><span class=\"post-date\">14\/03\/2026<\/span><\/li>\n<li><a href=\"https:\/\/edublog.educastur.es\/ixuxu\/2026\/03\/dia-pi-dia-de-les-matematiques\/\">D\u00eda Pi, D\u00eda Internacional de les matem\u00e1tiques.<\/a><span class=\"post-date\">14\/03\/2026<\/span><\/li>\n<li><a href=\"https:\/\/edublog.educastur.es\/ixuxu\/2026\/03\/el-tiempu-el-comercio-285\/\">El tiempu (El Comercio)<\/a><span class=\"post-date\">14\/03\/2026<\/span><\/li>\n<li><a href=\"https:\/\/edublog.educastur.es\/ixuxu\/2026\/03\/les-noticies-del-vienres-13-de-marzu-de-2026\/\">Les noticies del vienres 13 de marzu de 2026<\/a><span class=\"post-date\">13\/03\/2026<\/span><\/li>\n<li><a href=\"https:\/\/edublog.educastur.es\/ixuxu\/2026\/03\/si-a-la-musica-y-non-a-la-guerra\/\">\u00abS\u00ed a la m\u00fasica y non a la guerra\u00bb<\/a><span class=\"post-date\">13\/03\/2026<\/span><\/li>\n<li><a href=\"https:\/\/edublog.educastur.es\/ixuxu\/2026\/03\/gala-dentrega-de-los-xxi-premios-amas-de-la-musica-asturiana\/\">Gala d\u2019entrega de los XXI Premios AMAS de la M\u00fasica Asturiana<\/a><span class=\"post-date\">13\/03\/2026<\/span><\/li>\n<li><a href=\"https:\/\/edublog.educastur.es\/ixuxu\/2026\/03\/uvieu-acoyol-la-gala-dentrega-de-los-amas\/\">Uvi\u00e9u acoy\u00f3\u2019l la gala d\u2019entrega de los AMAS<\/a><span class=\"post-date\">13\/03\/2026<\/span><\/li>\n<li><a href=\"https:\/\/edublog.educastur.es\/ixuxu\/2026\/03\/nortur-la-feria-del-camping-y-caravanismu-naviles\/\">Nortur, la feria del camping y caravanismu, n\u2019Avil\u00e9s<\/a><span class=\"post-date\">13\/03\/2026<\/span><\/li>\n<li><a href=\"https:\/\/edublog.educastur.es\/ixuxu\/2026\/03\/nominaciones-a-los-oscar-del-cine-meyor-peli-danimacion\/\">Nominaciones a los \u00d3scar del cine: meyor peli d\u2019animaci\u00f3n<\/a><span class=\"post-date\">13\/03\/2026<\/span><\/li>\n<li><a href=\"https:\/\/edublog.educastur.es\/ixuxu\/2026\/03\/69383\/\">Uvi\u00e9u pasa la primer selecci\u00f3n pa ser Capital Cultural europea<\/a><span class=\"post-date\">13\/03\/2026<\/span><\/li>\n<li><a href=\"https:\/\/edublog.educastur.es\/ixuxu\/2026\/03\/capitulu-dedicau-al-iviernu-nasturies\/\">Cap\u00edtulu dedic\u00e1u al iviernu n\u2019Asturies<\/a><span class=\"post-date\">13\/03\/2026<\/span><\/li>\n<li><a href=\"https:\/\/edublog.educastur.es\/ixuxu\/2026\/03\/lasturcon-una-de-les-races-mas-antigues-deuropa\/\">L\u2019asturc\u00f3n, una de les races m\u00e1s antig\u00fces d\u2019Europa<\/a><span class=\"post-date\">13\/03\/2026<\/span><\/li>\n<li><a href=\"https:\/\/edublog.educastur.es\/ixuxu\/2026\/03\/materiales-didacticos-para-la-coeducacion\/\">COEDUCASTUR: \u00abMateriales did\u00e1cticos para la Coeducaci\u00f3n\u00bb.<\/a><span class=\"post-date\">13\/03\/2026<\/span><\/li>\n<li><a href=\"https:\/\/edublog.educastur.es\/ixuxu\/2026\/03\/presentacion-de-les-normes-ortografiques-del-eonaviego\/\">Presentaci\u00f3n de les Normes Ortogr\u00e1fiques del Eonaviego<\/a><span class=\"post-date\">13\/03\/2026<\/span><\/li>\n<li><a href=\"https:\/\/edublog.educastur.es\/ixuxu\/2026\/03\/dia-mundial-del-suanu-2\/\">D\u00eda Mundial del Sua\u00f1u<\/a><span class=\"post-date\">13\/03\/2026<\/span><\/li>\n<li><a href=\"https:\/\/edublog.educastur.es\/ixuxu\/2026\/03\/liviernu-2025-26-foi-bien-templau-y-bien-humedu\/\">L\u2019iviernu 2025-26 foi bien templ\u00e1u y bien h\u00famedu.<\/a><span class=\"post-date\">13\/03\/2026<\/span><\/li>\n<li><a href=\"https:\/\/edublog.educastur.es\/ixuxu\/2026\/03\/el-tiempu-el-comercio-284\/\">El tiempu (El Comercio)<\/a><span class=\"post-date\">13\/03\/2026<\/span><\/li>\n<li><a href=\"https:\/\/edublog.educastur.es\/ixuxu\/2026\/03\/cantar-dicen-que-la-primavera-2\/\">Cantar \u00abDicen que la primavera\u00bb<\/a><span class=\"post-date\">12\/03\/2026<\/span><\/li>\n<li><a href=\"https:\/\/edublog.educastur.es\/ixuxu\/2026\/03\/mar-alvarez-pop-piquinin\/\">MAR \u00c1LVAREZ \u2013 POP PIQUI\u00d1\u00cdN<\/a><span class=\"post-date\">12\/03\/2026<\/span><\/li>\n<li><a href=\"https:\/\/edublog.educastur.es\/ixuxu\/2026\/03\/lliberada-la-cria-de-foca-gris-rescatada-en-xineru\/\">Lliberada la cr\u00eda de foca gris rescatada en xineru<\/a><span class=\"post-date\">12\/03\/2026<\/span><\/li>\n<li><a href=\"https:\/\/edublog.educastur.es\/ixuxu\/2026\/03\/66673\/\">(sin t\u00edtulo)<\/a><span class=\"post-date\">12\/03\/2026<\/span><\/li>\n<li><a href=\"https:\/\/edublog.educastur.es\/ixuxu\/2026\/03\/tiempu-nespana-2\/\">Tiempu n\u2019Espa\u00f1a<\/a><span class=\"post-date\">12\/03\/2026<\/span><\/li>\n<li><a href=\"https:\/\/edublog.educastur.es\/ixuxu\/2026\/03\/el-tiempu-el-comercio-283\/\">El tiempu (El Comercio)<\/a><span class=\"post-date\">12\/03\/2026<\/span><\/li>\n<li><a href=\"https:\/\/edublog.educastur.es\/ixuxu\/2026\/03\/xii-sestaferia-del-profesorau-dasturianu-y-eonaviego\/\">XII Sestaferia del Profesor\u00e1u d\u2019Asturianu y Eonaviego<\/a><span class=\"post-date\">11\/03\/2026<\/span><\/li>\n<li><a href=\"https:\/\/edublog.educastur.es\/ixuxu\/2026\/03\/66671\/\">(sin t\u00edtulo)<\/a><span class=\"post-date\">11\/03\/2026<\/span><\/li>\n<li><a href=\"https:\/\/edublog.educastur.es\/ixuxu\/2026\/03\/cartelu-del-concursu-festival-dortigueira\/\">Cartelu del Concursu festival d\u2019Ortigueira<\/a><span class=\"post-date\">11\/03\/2026<\/span><\/li>\n<li><a href=\"https:\/\/edublog.educastur.es\/ixuxu\/2026\/03\/un-xuegu-interactivu-pamosar-los-secretos-quescuende-la-llaboral\/\">Un xuegu interactivu p\u2019amosar los secretos qu\u2019escuende La Llaboral<\/a><span class=\"post-date\">11\/03\/2026<\/span><\/li>\n<li><a href=\"https:\/\/edublog.educastur.es\/ixuxu\/2026\/03\/defensa-de-la-candidatura-duvieu-a-capital-europea-de-la-cultura-2031\/\">Defensa de la candidatura d\u2019Uvi\u00e9u a Capital Europea de la Cultura 2031<\/a><span class=\"post-date\">11\/03\/2026<\/span><\/li>\n<li><a href=\"https:\/\/edublog.educastur.es\/ixuxu\/2026\/03\/presencia-del-sector-audiovisual-asturianu-nel-festival-de-malaga\/\">Presencia del sector audiovisual asturianu nel Festival de M\u00e1laga<\/a><span class=\"post-date\">11\/03\/2026<\/span><\/li>\n<li><a href=\"https:\/\/edublog.educastur.es\/ixuxu\/2026\/03\/65156\/\">(sin t\u00edtulo)<\/a><span class=\"post-date\">11\/03\/2026<\/span><\/li>\n<li><a href=\"https:\/\/edublog.educastur.es\/ixuxu\/2026\/03\/asturies-vuelve-al-centru-del-alderique-mineru\/\">Asturies vuelve al centru del alderique mineru<\/a><span class=\"post-date\">11\/03\/2026<\/span><\/li>\n<li><a href=\"https:\/\/edublog.educastur.es\/ixuxu\/2026\/03\/la-vieya-del-carbayon-tradicion-recuperada\/\">\u00abLa Vieya del Carbay\u00f3n\u00bb Tradici\u00f3n recuperada\u2026<\/a><span class=\"post-date\">11\/03\/2026<\/span><\/li>\n<li><a href=\"https:\/\/edublog.educastur.es\/ixuxu\/2026\/03\/articulu-de-xuan-xose-sanchez-vicente\/\">Art\u00edculu de Xuan Xos\u00e9 S\u00e1nchez Vicente<\/a><span class=\"post-date\">11\/03\/2026<\/span><\/li>\n<li><a href=\"https:\/\/edublog.educastur.es\/ixuxu\/2026\/03\/microplasticos-nos-pirineos\/\">Micropl\u00e1sticos nos Pirineos<\/a><span class=\"post-date\">11\/03\/2026<\/span><\/li>\n<li><a href=\"https:\/\/edublog.educastur.es\/ixuxu\/2026\/03\/fluorita-y-metales-preciosos-caltienen-la-industria-minero-nasturies\/\">Fluorita y metales preciosos caltienen la industria minero n\u2019Asturies<\/a><span class=\"post-date\">10\/03\/2026<\/span><\/li>\n<li><a href=\"https:\/\/edublog.educastur.es\/ixuxu\/2026\/03\/marina-lasturiana-de-31-anos-que-ye-pilotu-diberia\/\">Marina, l\u2019asturiana de 31 a\u00f1os que ye pilotu d\u2019Iberia<\/a><span class=\"post-date\">10\/03\/2026<\/span><\/li>\n<li><a href=\"https:\/\/edublog.educastur.es\/ixuxu\/2026\/03\/les-praeres-y-el-angliru-para-coronar-la-vuelta-femenina\/\">Les Praeres y el Angliru para coronar La Vuelta Femenina<\/a><span class=\"post-date\">10\/03\/2026<\/span><\/li>\n<li><a href=\"https:\/\/edublog.educastur.es\/ixuxu\/2026\/03\/66618\/\">(sin t\u00edtulo)<\/a><span class=\"post-date\">10\/03\/2026<\/span><\/li>\n<li><a href=\"https:\/\/edublog.educastur.es\/ixuxu\/2026\/03\/vuelven-les-xornaes-per-caleyes-y-senderos\/\">\u00a1Vuelven les Xornaes Per Caleyes y Senderos!<\/a><span class=\"post-date\">10\/03\/2026<\/span><\/li>\n<li><a href=\"https:\/\/edublog.educastur.es\/ixuxu\/2026\/03\/punch-ta-progresando\/\">Punch t\u00e1 progresando\u2026<\/a><span class=\"post-date\">10\/03\/2026<\/span><\/li>\n<li><a href=\"https:\/\/edublog.educastur.es\/ixuxu\/2026\/03\/la-musica-nasturianu-tamien-safita-nel-poex\/\">La m\u00fasica n\u2019asturianu tami\u00e9n s\u2019afita nel POEX<\/a><span class=\"post-date\">10\/03\/2026<\/span><\/li>\n<li><a href=\"https:\/\/edublog.educastur.es\/ixuxu\/2026\/03\/videu-resume-del-iv-semando-fest\/\">Videu resume del IV Semando Fest<\/a><span class=\"post-date\">10\/03\/2026<\/span><\/li>\n<li><a href=\"https:\/\/edublog.educastur.es\/ixuxu\/2026\/03\/xxi-premios-amas-de-la-musica-asturiana\/\">XXI Premios AMAS de la m\u00fasica asturiana.<\/a><span class=\"post-date\">10\/03\/2026<\/span><\/li>\n<li><a href=\"https:\/\/edublog.educastur.es\/ixuxu\/2026\/03\/69115\/\">(sin t\u00edtulo)<\/a><span class=\"post-date\">10\/03\/2026<\/span><\/li>\n<li><a href=\"https:\/\/edublog.educastur.es\/ixuxu\/2026\/03\/el-preciu-de-la-vivienda-dasturies-marca-un-record-historicu\/\">El preciu de la vivienda d\u2019Asturies marca un r\u00e9cord hist\u00f3ricu<\/a><span class=\"post-date\">10\/03\/2026<\/span><\/li>\n<li><a href=\"https:\/\/edublog.educastur.es\/ixuxu\/2026\/03\/laventura-de-xana-la-batalla-escontra-los-robotesla\/\">\u00abL\u2019aventura de Xana: La Batalla Escontra los Robotesla\u00bb<\/a><span class=\"post-date\">10\/03\/2026<\/span><\/li>\n<li><a href=\"https:\/\/edublog.educastur.es\/ixuxu\/2026\/03\/cantar-colores-parlanchines\/\">Cantar: \u00bb Colores parlanchines\u00bb<\/a><span class=\"post-date\">10\/03\/2026<\/span><\/li>\n<li><a href=\"https:\/\/edublog.educastur.es\/ixuxu\/2026\/03\/cantar-dicen-que-la-primavera\/\">Cantar: \u00bb Dicen que la primavera \u00ab<\/a><span class=\"post-date\">10\/03\/2026<\/span><\/li>\n<li><a href=\"https:\/\/edublog.educastur.es\/ixuxu\/2026\/03\/los-sonios-del-cuerpu-nasturianu-2\/\">\u00abLos son\u00edos del cuerpu n\u2019asturianu\u00bb<\/a><span class=\"post-date\">10\/03\/2026<\/span><\/li>\n<li><a href=\"https:\/\/edublog.educastur.es\/ixuxu\/2026\/03\/cantar-los-animales-de-la-viesca-asturiana\/\">Cantar: \u00abLos animales de la viesca asturiana\u00bb<\/a><span class=\"post-date\">10\/03\/2026<\/span><\/li>\n<li><a href=\"https:\/\/edublog.educastur.es\/ixuxu\/2026\/03\/cantar-los-animales-de-la-caseria-asturiana\/\">Cantar: \u00abLos animales de la caser\u00eda asturiana\u00bb<\/a><span class=\"post-date\">10\/03\/2026<\/span><\/li>\n<li><a href=\"https:\/\/edublog.educastur.es\/ixuxu\/2026\/03\/los-16-pintores-mas-influyentes-de-la-hestoria\/\">Los 16 Pintores m\u00e1s influyentes de la hestoria.<\/a><span class=\"post-date\">10\/03\/2026<\/span><\/li>\n<li><a href=\"https:\/\/edublog.educastur.es\/ixuxu\/2026\/03\/les-13-llunes-de-2026-%f0%9f%8c%95\/\">Les 13 llunes de 2026<\/a><span class=\"post-date\">10\/03\/2026<\/span><\/li>\n<li><a href=\"https:\/\/edublog.educastur.es\/ixuxu\/2026\/03\/el-tiempu-el-comercio-282\/\">El tiempu (El Comercio)<\/a><span class=\"post-date\">10\/03\/2026<\/span><\/li>\n<li><a href=\"https:\/\/edublog.educastur.es\/ixuxu\/2026\/03\/69162\/\">(sin t\u00edtulo)<\/a><span class=\"post-date\">09\/03\/2026<\/span><\/li>\n<li><a href=\"https:\/\/edublog.educastur.es\/ixuxu\/2026\/03\/ondel-pasau-celta-cobra-vida-museu-de-los-paises-celtes\/\">Onde\u2019l pas\u00e1u celta cobra vida: Mus\u00e9u de los Pa\u00edses Celtes<\/a><span class=\"post-date\">09\/03\/2026<\/span><\/li>\n<li><a href=\"https:\/\/edublog.educastur.es\/ixuxu\/2026\/03\/taller-dasturianu-practicu-en-nava\/\">Taller d\u2019asturianu pr\u00e1cticu en Nava<\/a><span class=\"post-date\">09\/03\/2026<\/span><\/li>\n<li><a href=\"https:\/\/edublog.educastur.es\/ixuxu\/2026\/03\/69192\/\">(sin t\u00edtulo)<\/a><span class=\"post-date\">09\/03\/2026<\/span><\/li>\n<li><a href=\"https:\/\/edublog.educastur.es\/ixuxu\/2026\/03\/enguedeyu-por-efren-dandres\/\">\u00abEnguedeyu\u00bb por Efr\u00e9n d\u2019Andr\u00e9s<\/a><span class=\"post-date\">09\/03\/2026<\/span><\/li>\n<li><a href=\"https:\/\/edublog.educastur.es\/ixuxu\/2026\/03\/meyor-cifra-de-paru-nasturies\/\">Meyor cifra de paru n\u2019Asturies<\/a><span class=\"post-date\">09\/03\/2026<\/span><\/li>\n<li><a href=\"https:\/\/edublog.educastur.es\/ixuxu\/2026\/03\/la-gaita-asturiana-va-tar-presente-na-international-bagpipe-conference\/\">La gaita asturiana va tar presente na International Bagpipe Conference<\/a><span class=\"post-date\">09\/03\/2026<\/span><\/li>\n<li><a href=\"https:\/\/edublog.educastur.es\/ixuxu\/2026\/03\/the-asturianer-no-83-anita\/\">The Asturianer n\u00ba 83 \u00abAnita\u00bb<\/a><span class=\"post-date\">09\/03\/2026<\/span><\/li>\n<li><a href=\"https:\/\/edublog.educastur.es\/ixuxu\/2026\/03\/axenda-del-9-al-15-de-marzu-dfind\/\">Axenda del 9 al 15 de marzu #DFIND<\/a><span class=\"post-date\">09\/03\/2026<\/span><\/li>\n<li><a href=\"https:\/\/edublog.educastur.es\/ixuxu\/2026\/03\/eventos-astronomicos-marzu-2026\/\">Eventos astron\u00f3micos \u2013 marzu 2026<\/a><span class=\"post-date\">09\/03\/2026<\/span><\/li>\n<li><a href=\"https:\/\/edublog.educastur.es\/ixuxu\/2026\/03\/el-tiempu-el-comercio-281\/\">El tiempu (El Comercio)<\/a><span class=\"post-date\">09\/03\/2026<\/span><\/li>\n<li><a href=\"https:\/\/edublog.educastur.es\/ixuxu\/2026\/03\/les-noticies-del-domingu-8-de-marzu-de-2026\/\">Les noticies del domingu 8 de marzu de 2026<\/a><span class=\"post-date\">08\/03\/2026<\/span><\/li>\n<li><a href=\"https:\/\/edublog.educastur.es\/ixuxu\/2026\/03\/69064\/\">(sin t\u00edtulo)<\/a><span class=\"post-date\">08\/03\/2026<\/span><\/li>\n<li><a href=\"https:\/\/edublog.educastur.es\/ixuxu\/2026\/03\/decalogu-de-la-igualda\/\">Dec\u00e1logu de la iguald\u00e1<\/a><span class=\"post-date\">08\/03\/2026<\/span><\/li>\n<li><a href=\"https:\/\/edublog.educastur.es\/ixuxu\/2026\/03\/cantar-la-mesma-revolucion-de-silvia-quesada\/\">Cantar: \u00abLa Mesma Revoluci\u00f3n\u00bb de Silvia Quesada<\/a><span class=\"post-date\">08\/03\/2026<\/span><\/li>\n<li><a href=\"https:\/\/edublog.educastur.es\/ixuxu\/2026\/03\/muyeres-de-frente\/\">\u00abMuyeres de frente\u00bb<\/a><span class=\"post-date\">08\/03\/2026<\/span><\/li>\n<li><a href=\"https:\/\/edublog.educastur.es\/ixuxu\/2026\/03\/dia-internacional-de-les-muyeres-3\/\">D\u00eda Internacional de les Muyeres<\/a><span class=\"post-date\">08\/03\/2026<\/span><\/li>\n<li><a href=\"https:\/\/edublog.educastur.es\/ixuxu\/2026\/03\/69160\/\">(sin t\u00edtulo)<\/a><span class=\"post-date\">08\/03\/2026<\/span><\/li>\n<li><a href=\"https:\/\/edublog.educastur.es\/ixuxu\/2026\/03\/el-tiempu-el-comercio-280\/\">El tiempu (El Comercio)<\/a><span class=\"post-date\">08\/03\/2026<\/span><\/li>\n<li><a href=\"https:\/\/edublog.educastur.es\/ixuxu\/2026\/03\/primer-medaya-espanola-nos-xuegos-paralimpicos-diviernu\/\">Primer medaya espa\u00f1ola nos Xuegos Paral\u00edmpicos d\u2019Iviernu<\/a><span class=\"post-date\">07\/03\/2026<\/span><\/li>\n<li><a href=\"https:\/\/edublog.educastur.es\/ixuxu\/2026\/03\/nueve-de-los-diez-conceyos-asturianos-mas-habitaos\/\">Nueve de los diez conceyos asturianos m\u00e1s habitaos\u2026<\/a><span class=\"post-date\">07\/03\/2026<\/span><\/li>\n<li><a href=\"https:\/\/edublog.educastur.es\/ixuxu\/2026\/03\/savacera-nuvieu\/\">Savacera n\u2019Uvi\u00e9u<\/a><span class=\"post-date\">07\/03\/2026<\/span><\/li>\n<li><a href=\"https:\/\/edublog.educastur.es\/ixuxu\/2026\/03\/revista-platero-de-lliteratura\/\">Revista 254 Platero de Lliteratura<\/a><span class=\"post-date\">07\/03\/2026<\/span><\/li>\n<li><a href=\"https:\/\/edublog.educastur.es\/ixuxu\/2026\/03\/non-a-la-guerra-2\/\">\u00abNon a la guerra\u00bb<\/a><span class=\"post-date\">07\/03\/2026<\/span><\/li>\n<li><a href=\"https:\/\/edublog.educastur.es\/ixuxu\/2026\/03\/programa-de-primavera-nel-el-xardin-botanicu-atlanticu\/\">Programa de primavera en El Xard\u00edn Bot\u00e1nicu Atl\u00e1nticu<\/a><span class=\"post-date\">07\/03\/2026<\/span><\/li>\n<li><a href=\"https:\/\/edublog.educastur.es\/ixuxu\/2026\/03\/69096\/\">(sin t\u00edtulo)<\/a><span class=\"post-date\">07\/03\/2026<\/span><\/li>\n<li><a href=\"https:\/\/edublog.educastur.es\/ixuxu\/2026\/03\/especial-asturies-minera\/\">Especial \u00abAsturies minera\u00bb<\/a><span class=\"post-date\">07\/03\/2026<\/span><\/li>\n<li><a href=\"https:\/\/edublog.educastur.es\/ixuxu\/2026\/03\/muyeres-mineres\/\">Muyeres mineres\u2026<\/a><span class=\"post-date\">07\/03\/2026<\/span><\/li>\n<li><a href=\"https:\/\/edublog.educastur.es\/ixuxu\/2026\/03\/flora-el-narcisu\/\">Flora: El narcisu<\/a><span class=\"post-date\">07\/03\/2026<\/span><\/li>\n<li><a href=\"https:\/\/edublog.educastur.es\/ixuxu\/2026\/03\/cultura-convoca-diez-premios-lliterarios-y-artisticos-nasturianu-y-neonaviego\/\">Cultura convoca diez premios lliterarios y art\u00edsticos n\u2019asturianu y n\u2019eonaviego<\/a><span class=\"post-date\">07\/03\/2026<\/span><\/li>\n<li><a href=\"https:\/\/edublog.educastur.es\/ixuxu\/2026\/03\/invisible-un-documental-que-ruempel-silenciu-sobro-la-violencia-sexual-ente-la-moceda\/\">(IN)visible, un documental que ruempe\u2019l silenciu sobro la violencia sexual ente la moced\u00e1.<\/a><span class=\"post-date\">07\/03\/2026<\/span><\/li>\n<li><a href=\"https:\/\/edublog.educastur.es\/ixuxu\/2026\/03\/69046\/\">Fienda Salarial de X\u00e9neru n\u2019Asturies<\/a><span class=\"post-date\">07\/03\/2026<\/span><\/li>\n<li><a href=\"https:\/\/edublog.educastur.es\/ixuxu\/2026\/03\/necesitamos-rosalies-de-lasturianada\/\">\u201cNecesitamos rosal\u00edes de l\u2019asturianada\u201d<\/a><span class=\"post-date\">07\/03\/2026<\/span><\/li>\n<li><a href=\"https:\/\/edublog.educastur.es\/ixuxu\/2026\/03\/la-desigualda-nos-sistemes-de-xusticia\/\">La desiguald\u00e1 nos sistemes de xusticia<\/a><span class=\"post-date\">07\/03\/2026<\/span><\/li>\n<li><a href=\"https:\/\/edublog.educastur.es\/ixuxu\/2026\/03\/muyeres-escritores\/\">Muyeres escritores\u2026<\/a><span class=\"post-date\">07\/03\/2026<\/span><\/li>\n<li><a href=\"https:\/\/edublog.educastur.es\/ixuxu\/2026\/03\/esfruta-de-la-naturaleza-de-forma-responsable\/\">Esfruta de la naturaleza de forma responsable<\/a><span class=\"post-date\">07\/03\/2026<\/span><\/li>\n<li><a href=\"https:\/\/edublog.educastur.es\/ixuxu\/2026\/03\/dia-mundial-del-campu-2\/\">D\u00eda Mundial del Campu<\/a><span class=\"post-date\">07\/03\/2026<\/span><\/li>\n<li><a href=\"https:\/\/edublog.educastur.es\/ixuxu\/2026\/03\/dia-mundial-de-la-llectura-2\/\">D\u00eda Mundial de la llectura en voz alta<\/a><span class=\"post-date\">07\/03\/2026<\/span><\/li>\n<li><a href=\"https:\/\/edublog.educastur.es\/ixuxu\/2026\/03\/el-cantar-del-raitan\/\">El cantar del rait\u00e1n\u2026<\/a><span class=\"post-date\">07\/03\/2026<\/span><\/li>\n<li><a href=\"https:\/\/edublog.educastur.es\/ixuxu\/2026\/03\/tiempu-na-selmana-viniente-nasturies\/\">Tiempu na selmana viniente n\u2019Asturies<\/a><span class=\"post-date\">07\/03\/2026<\/span><\/li>\n<li><a href=\"https:\/\/edublog.educastur.es\/ixuxu\/2026\/03\/el-tiempu-el-comercio-279\/\">El tiempu (El Comercio)<\/a><span class=\"post-date\">07\/03\/2026<\/span><\/li>\n<li><a href=\"https:\/\/edublog.educastur.es\/ixuxu\/2026\/03\/les-noticies-del-vienres-6-de-marzu-de-2026\/\">Les noticies del vienres 6 de marzu de 2026<\/a><span class=\"post-date\">06\/03\/2026<\/span><\/li>\n<li><a href=\"https:\/\/edublog.educastur.es\/ixuxu\/2026\/03\/66415\/\">(sin t\u00edtulo)<\/a><span class=\"post-date\">06\/03\/2026<\/span><\/li>\n<li><a href=\"https:\/\/edublog.educastur.es\/ixuxu\/2026\/03\/vi-edicion-del-concursu-nacional-de-podcast-escolar\/\">VI edici\u00f3n del Concursu Nacional de Podcast Escolar<\/a><span class=\"post-date\">06\/03\/2026<\/span><\/li>\n<li><a href=\"https:\/\/edublog.educastur.es\/ixuxu\/2026\/03\/vida-familiar-na-osera\/\">Vida familiar na osera<\/a><span class=\"post-date\">06\/03\/2026<\/span><\/li>\n<li><a href=\"https:\/\/edublog.educastur.es\/ixuxu\/2026\/03\/punch-ya-ta-feliz-integrau-canta\/\">Punch y\u00e1 t\u00e1 feliz, integr\u00e1u, canta\u2026<\/a><span class=\"post-date\">06\/03\/2026<\/span><\/li>\n<li><a href=\"https:\/\/edublog.educastur.es\/ixuxu\/2026\/03\/el-tiempu-el-comercio-278\/\">El tiempu (El Comercio)<\/a><span class=\"post-date\">06\/03\/2026<\/span><\/li>\n<li><a href=\"https:\/\/edublog.educastur.es\/ixuxu\/2026\/03\/les-noticies-del-xueves-5-de-marzu-de-2026\/\">Les noticies del xueves 5 de marzu de 2026<\/a><span class=\"post-date\">05\/03\/2026<\/span><\/li>\n<li><a href=\"https:\/\/edublog.educastur.es\/ixuxu\/2026\/03\/dia-mundial-de-la-narracion-oral\/\">D\u00eda Mundial de la Narraci\u00f3n Oral: 20 de marzu<\/a><span class=\"post-date\">05\/03\/2026<\/span><\/li>\n<li><a href=\"https:\/\/edublog.educastur.es\/ixuxu\/2026\/03\/69014\/\">(sin t\u00edtulo)<\/a><span class=\"post-date\">05\/03\/2026<\/span><\/li>\n<li><a href=\"https:\/\/edublog.educastur.es\/ixuxu\/2026\/03\/69008\/\">(sin t\u00edtulo)<\/a><span class=\"post-date\">05\/03\/2026<\/span><\/li>\n<li><a href=\"https:\/\/edublog.educastur.es\/ixuxu\/2026\/03\/una-xoya-de-la-nuestra-hestoria-quhai-que-conocer\/\">\u00a1Una xoya de la nuestra hestoria qu\u2019hai que conocer!<\/a><span class=\"post-date\">05\/03\/2026<\/span><\/li>\n<li><a href=\"https:\/\/edublog.educastur.es\/ixuxu\/2026\/03\/los-sonios-del-cuerpu-nasturianu\/\">Los son\u00edos del cuerpu n\u2019asturianu.<\/a><span class=\"post-date\">05\/03\/2026<\/span><\/li>\n<li><a href=\"https:\/\/edublog.educastur.es\/ixuxu\/2026\/03\/los-animales-de-la-viesca-asturiana\/\">Los animales de la viesca asturiana<\/a><span class=\"post-date\">05\/03\/2026<\/span><\/li>\n<li><a href=\"https:\/\/edublog.educastur.es\/ixuxu\/2026\/03\/los-oricios-sumanse-a-la-fiesta-gastronomica-dasturies\/\">XLII Festival del Oricio de Ba\u00f1ugues<\/a><span class=\"post-date\">05\/03\/2026<\/span><\/li>\n<li><a href=\"https:\/\/edublog.educastur.es\/ixuxu\/2026\/03\/somiedu-roza-la-redolada-de-los-sos-pueblos\/\">Somiedu roza la redolada de los sos pueblos<\/a><span class=\"post-date\">05\/03\/2026<\/span><\/li>\n<li><a href=\"https:\/\/edublog.educastur.es\/ixuxu\/2026\/03\/therians-por-efren-dandres\/\">\u00abTherians\u00bb, por Efr\u00e9n d\u2019Andr\u00e9s<\/a><span class=\"post-date\">05\/03\/2026<\/span><\/li>\n<li><a href=\"https:\/\/edublog.educastur.es\/ixuxu\/2026\/03\/les-guelgues-ecosistemes-clave-para-lequilibriu-del-planeta\/\">Les g\u00fcelgues, ecosistemes clave para l\u2019equilibriu del planeta.<\/a><span class=\"post-date\">05\/03\/2026<\/span><\/li>\n<li><a href=\"https:\/\/edublog.educastur.es\/ixuxu\/2026\/03\/dia-mundial-de-la-eficiencia-enerxetica-3\/\">D\u00eda Mundial de la Eficiencia Enerx\u00e9tica<\/a><span class=\"post-date\">05\/03\/2026<\/span><\/li>\n<li><a href=\"https:\/\/edublog.educastur.es\/ixuxu\/2026\/03\/indiz-de-quemes-forestales-nasturies-17\/\">\u00cdndiz de quemes forestales n\u2019Asturies<\/a><span class=\"post-date\">05\/03\/2026<\/span><\/li>\n<li><a href=\"https:\/\/edublog.educastur.es\/ixuxu\/2026\/03\/el-tiempu-el-comercio-277\/\">El tiempu (El Comercio)<\/a><span class=\"post-date\">05\/03\/2026<\/span><\/li>\n<li><a href=\"https:\/\/edublog.educastur.es\/ixuxu\/2026\/03\/71479\/\">\u201cNun dexamos la Tierra. Escoy\u00e9mosla\u201d<\/a><span class=\"post-date\">04\/03\/2026<\/span><\/li>\n<li><a href=\"https:\/\/edublog.educastur.es\/ixuxu\/2026\/03\/les-noticies-del-miercoles-4-de-marzu-de-2026\/\">Les noticies del mi\u00e9rcoles 4 de marzu de 2026<\/a><span class=\"post-date\">04\/03\/2026<\/span><\/li>\n<li><a href=\"https:\/\/edublog.educastur.es\/ixuxu\/2026\/03\/iv-fea-feria-de-la-edicion-asturiana\/\">IV FEA: Feria de la Edici\u00f3n Asturiana<\/a><span class=\"post-date\">04\/03\/2026<\/span><\/li>\n<li><a href=\"https:\/\/edublog.educastur.es\/ixuxu\/2026\/03\/65765\/\">(sin t\u00edtulo)<\/a><span class=\"post-date\">04\/03\/2026<\/span><\/li>\n<li><a href=\"https:\/\/edublog.educastur.es\/ixuxu\/2026\/03\/la-semeya-ganadora-del-memorial-maria-luisa\/\">La semeya ganadora del Memorial Mar\u00eda Luisa<\/a><span class=\"post-date\">04\/03\/2026<\/span><\/li>\n<li><a href=\"https:\/\/edublog.educastur.es\/ixuxu\/2026\/03\/68908\/\">(sin t\u00edtulo)<\/a><span class=\"post-date\">04\/03\/2026<\/span><\/li>\n<li><a href=\"https:\/\/edublog.educastur.es\/ixuxu\/2026\/03\/cartelu-del-institutu-asturianu-de-la-muyer\/\">Cartelu del Institutu Asturianu de la Muyer<\/a><span class=\"post-date\">04\/03\/2026<\/span><\/li>\n<li><a href=\"https:\/\/edublog.educastur.es\/ixuxu\/2026\/03\/a-partir-de-guei\/\">A partir de g\u00fcei\u2026<\/a><span class=\"post-date\">04\/03\/2026<\/span><\/li>\n<li><a href=\"https:\/\/edublog.educastur.es\/ixuxu\/2026\/03\/el-tiempu-el-comercio-276\/\">El tiempu (El Comercio)<\/a><span class=\"post-date\">04\/03\/2026<\/span><\/li>\n<li><a href=\"https:\/\/edublog.educastur.es\/ixuxu\/2026\/03\/les-noticies-del-martes-3-de-marzu-de-2026\/\">Les noticies del martes 3 de marzu de 2026<\/a><span class=\"post-date\">03\/03\/2026<\/span><\/li>\n<li><a href=\"https:\/\/edublog.educastur.es\/ixuxu\/2026\/03\/presentacion-de-la-obra-ganadora-del-i-premiu-yolanda-huergo\/\">Presentaci\u00f3n de la obra ganadora del I Premiu Yolanda Huergo<\/a><span class=\"post-date\">03\/03\/2026<\/span><\/li>\n<li><a href=\"https:\/\/edublog.educastur.es\/ixuxu\/2026\/03\/documenten-nasturies-los-primeros-rastros-de-llagartos-xurasicos-deuropa\/\">Documenten n\u2019Asturies los primeros rastros de llagartos xur\u00e1sicos d\u2019Europa<\/a><span class=\"post-date\">03\/03\/2026<\/span><\/li>\n<li><a href=\"https:\/\/edublog.educastur.es\/ixuxu\/2026\/03\/los-nuesos-antepasaos-neoliticos-ya-realizaben-xeres-domestiques\/\">Los nuesos antepasaos neol\u00edticos y\u00e1 realizaben xeres dom\u00e9stiques<\/a><span class=\"post-date\">03\/03\/2026<\/span><\/li>\n<li><a href=\"https:\/\/edublog.educastur.es\/ixuxu\/2026\/03\/66227\/\">(sin t\u00edtulo)<\/a><span class=\"post-date\">03\/03\/2026<\/span><\/li>\n<li><a href=\"https:\/\/edublog.educastur.es\/ixuxu\/2026\/03\/68904\/\">La campa\u00f1a de pesca del pulpu n\u2019Asturies<\/a><span class=\"post-date\">03\/03\/2026<\/span><\/li>\n<li><a href=\"https:\/\/edublog.educastur.es\/ixuxu\/2026\/03\/llega-a-espana-la-moda-de-los-chupos-para-adultos\/\">Llega a Espa\u00f1a la moda de los chupos para adultos<\/a><span class=\"post-date\">03\/03\/2026<\/span><\/li>\n<li><a href=\"https:\/\/edublog.educastur.es\/ixuxu\/2026\/03\/dia-mundial-de-laudicion\/\">D\u00eda Mundial de l\u2019Audici\u00f3n<\/a><span class=\"post-date\">03\/03\/2026<\/span><\/li>\n<li><a href=\"https:\/\/edublog.educastur.es\/ixuxu\/2026\/03\/feliz-dia-de-los-escritores\/\">D\u00eda Internacional de los Escritores\/as<\/a><span class=\"post-date\">03\/03\/2026<\/span><\/li>\n<li><a href=\"https:\/\/edublog.educastur.es\/ixuxu\/2026\/03\/dia-mundial-de-la-vida-silvestre-2\/\">D\u00eda Mundial de la vida silvestre<\/a><span class=\"post-date\">03\/03\/2026<\/span><\/li>\n<li><a href=\"https:\/\/edublog.educastur.es\/ixuxu\/2026\/03\/el-tiempu-el-comercio-275\/\">El tiempu (El Comercio)<\/a><span class=\"post-date\">03\/03\/2026<\/span><\/li>\n<li><a href=\"https:\/\/edublog.educastur.es\/ixuxu\/2026\/03\/lluna-de-sangre\/\">Lluna de sangre<\/a><span class=\"post-date\">03\/03\/2026<\/span><\/li>\n<li><a href=\"https:\/\/edublog.educastur.es\/ixuxu\/2026\/03\/66164\/\">(sin t\u00edtulo)<\/a><span class=\"post-date\">03\/03\/2026<\/span><\/li>\n<li><a href=\"https:\/\/edublog.educastur.es\/ixuxu\/2026\/03\/les-noticies-del-llunes-3-de-marzu-de-2026\/\">Les noticies del llunes 3 de marzu de 2026<\/a><span class=\"post-date\">02\/03\/2026<\/span><\/li>\n<li><a href=\"https:\/\/edublog.educastur.es\/ixuxu\/2026\/03\/propuesta-pa-crear-un-podcast-nasturianu-vinculau-al-territoriu\/\">Propuesta pa crear un podcast n\u2019asturianu vincul\u00e1u al territoriu<\/a><span class=\"post-date\">02\/03\/2026<\/span><\/li>\n<li><a href=\"https:\/\/edublog.educastur.es\/ixuxu\/2026\/03\/guei-presentamos-el-cartelu-del-8m\/\">G\u00fcei presentamos el cartelu del 8M<\/a><span class=\"post-date\">02\/03\/2026<\/span><\/li>\n<li><a href=\"https:\/\/edublog.educastur.es\/ixuxu\/2026\/03\/lucus-asturum-bien-dinteres-cultural-bic\/\">Lucus Asturum, Bien d\u2019Inter\u00e9s Cultural (BIC)<\/a><span class=\"post-date\">02\/03\/2026<\/span><\/li>\n<li><a href=\"https:\/\/edublog.educastur.es\/ixuxu\/2026\/03\/el-sespa-va-poner-en-marcha-mananal-nuevu-axente-virtual-noa\/\">El Sespa va poner en marcha ma\u00f1ana\u2019l nuevu axente virtual \u2018Noa\u2019<\/a><span class=\"post-date\">02\/03\/2026<\/span><\/li>\n<li><a href=\"https:\/\/edublog.educastur.es\/ixuxu\/2026\/03\/ayande-esquizal-so-pasau-nes-estrelles\/\">Ayande esplora\/esquiza\u2019l so pas\u00e1u nes estrelles<\/a><span class=\"post-date\">02\/03\/2026<\/span><\/li>\n<li><a href=\"https:\/\/edublog.educastur.es\/ixuxu\/2026\/03\/66220\/\">(sin t\u00edtulo)<\/a><span class=\"post-date\">02\/03\/2026<\/span><\/li>\n<li><a href=\"https:\/\/edublog.educastur.es\/ixuxu\/2026\/03\/the-asturianer-82-un-mundu-feliz\/\">The Asturianer 82: \u00abUn mundu feliz\u00bb<\/a><span class=\"post-date\">02\/03\/2026<\/span><\/li>\n<li><a href=\"https:\/\/edublog.educastur.es\/ixuxu\/2026\/03\/68484\/\">(sin t\u00edtulo)<\/a><span class=\"post-date\">02\/03\/2026<\/span><\/li>\n<li><a href=\"https:\/\/edublog.educastur.es\/ixuxu\/2026\/03\/esta-selmana-espana-va-ser-el-pais-con-mas-agues-deuropa\/\">Esta selmana Espa\u00f1a va ser el pa\u00eds con m\u00e1s ag\u00fces d\u2019Europa<\/a><span class=\"post-date\">02\/03\/2026<\/span><\/li>\n<li><a href=\"https:\/\/edublog.educastur.es\/ixuxu\/2026\/03\/el-tiempu-el-comercio-274\/\">El tiempu (El Comercio)<\/a><span class=\"post-date\">02\/03\/2026<\/span><\/li>\n<li><a href=\"https:\/\/edublog.educastur.es\/ixuxu\/2026\/03\/les-noticies-del-domingu-1-de-marzu-de-2026\/\">Les noticies del domingu 1 de marzu de 2026<\/a><span class=\"post-date\">01\/03\/2026<\/span><\/li>\n<li><a href=\"https:\/\/edublog.educastur.es\/ixuxu\/2026\/03\/rosalia-rompiendo-los-premios-brits\/\">Rosal\u00eda, rompiendo los Premios BRITs<\/a><span class=\"post-date\">01\/03\/2026<\/span><\/li>\n<li><a href=\"https:\/\/edublog.educastur.es\/ixuxu\/2026\/03\/que-vamos-ver-nel-cielu-esta-selmana\/\">\u00bfQu\u00e9 vamos ver nel cielu esta selmana?<\/a><span class=\"post-date\">01\/03\/2026<\/span><\/li>\n<li><a href=\"https:\/\/edublog.educastur.es\/ixuxu\/2026\/03\/68781\/\">(sin t\u00edtulo)<\/a><span class=\"post-date\">01\/03\/2026<\/span><\/li>\n<li><a href=\"https:\/\/edublog.educastur.es\/ixuxu\/2026\/03\/los-bufones-de-pria-en-llanes\/\">Los bufones de Pr\u00eda, en LLanes<\/a><span class=\"post-date\">01\/03\/2026<\/span><\/li>\n<li><a href=\"https:\/\/edublog.educastur.es\/ixuxu\/2026\/03\/conseyos-pa-curiar-el-mediu-ambiente\/\">Conseyos pa curiar el mediu ambiente<\/a><span class=\"post-date\">01\/03\/2026<\/span><\/li>\n<li><a href=\"https:\/\/edublog.educastur.es\/ixuxu\/2026\/03\/68756\/\">Restos de luxu topaos n\u2019Asturies camuden tolo crey\u00edo hasta agora<\/a><span class=\"post-date\">01\/03\/2026<\/span><\/li>\n<li><a href=\"https:\/\/edublog.educastur.es\/ixuxu\/2026\/03\/un-artista-creo-la-banda-sonora-de-la-tierra\/\">Un artista cre\u00f3 la banda sonora de la Tierra<\/a><span class=\"post-date\">01\/03\/2026<\/span><\/li>\n<li><a href=\"https:\/\/edublog.educastur.es\/ixuxu\/2026\/03\/conceutos-quayuden-a-entender-meyor-el-feminismu\/\">Conceutos qu\u2019ayuden a entender meyor el feminismu<\/a><span class=\"post-date\">01\/03\/2026<\/span><\/li>\n<li><a href=\"https:\/\/edublog.educastur.es\/ixuxu\/2026\/03\/xviii-festival-internacional-de-la-mazcara-iberica-fimi-nasturies\/\">XVIII Festival Internacional de la M\u00e1zcara Ib\u00e9rica (FIMI), n\u2019Asturies<\/a><span class=\"post-date\">01\/03\/2026<\/span><\/li>\n<li><a href=\"https:\/\/edublog.educastur.es\/ixuxu\/2026\/03\/68740\/\">(sin t\u00edtulo)<\/a><span class=\"post-date\">01\/03\/2026<\/span><\/li>\n<li><a href=\"https:\/\/edublog.educastur.es\/ixuxu\/2026\/03\/activo-la-mio-salu-nel-barriu-de-la-corredoria\/\">\u00abActivo la mio sal\u00fa\u00bb nel barriu de La Corredoria<\/a><span class=\"post-date\">01\/03\/2026<\/span><\/li>\n<li><a href=\"https:\/\/edublog.educastur.es\/ixuxu\/2026\/03\/asturies-va-cuntar-cola-mayor-ufierta-de-places-arees-de-la-so-hestoria\/\">Asturies va cuntar cola mayor ufierta de places \u00e1rees de la so hestoria<\/a><span class=\"post-date\">01\/03\/2026<\/span><\/li>\n<li><a href=\"https:\/\/edublog.educastur.es\/ixuxu\/2026\/03\/lantroxu-nel-arte-asturianu\/\">L\u2019antroxu nel arte asturianu<\/a><span class=\"post-date\">01\/03\/2026<\/span><\/li>\n<li><a href=\"https:\/\/edublog.educastur.es\/ixuxu\/2026\/03\/70689\/\">(sin t\u00edtulo)<\/a><span class=\"post-date\">01\/03\/2026<\/span><\/li>\n<li><a href=\"https:\/\/edublog.educastur.es\/ixuxu\/2026\/03\/rosalia-precursora-de-la-poesia-espanola-y-del-pensamientu-feminista\/\">Rosal\u00eda, precursora de la poes\u00eda espa\u00f1ola y del pensamientu feminista.<\/a><span class=\"post-date\">01\/03\/2026<\/span><\/li>\n<li><a href=\"https:\/\/edublog.educastur.es\/ixuxu\/2026\/03\/dia-mundial-de-les-praderies-marines\/\">D\u00eda Mundial de les Prader\u00edes Marines<\/a><span class=\"post-date\">01\/03\/2026<\/span><\/li>\n<li><a href=\"https:\/\/edublog.educastur.es\/ixuxu\/2026\/03\/marzu-3\/\">Marzu<\/a><span class=\"post-date\">01\/03\/2026<\/span><\/li>\n<li><a href=\"https:\/\/edublog.educastur.es\/ixuxu\/2026\/03\/63406\/\">(sin t\u00edtulo)<\/a><span class=\"post-date\">01\/03\/2026<\/span><\/li>\n<li><a href=\"https:\/\/edublog.educastur.es\/ixuxu\/2026\/03\/marzu-un-bon-mes-para-ver-aurores-boreales-nasturies\/\">Marzu, un bon mes para ver aurores boreales n\u2019Asturies<\/a><span class=\"post-date\">01\/03\/2026<\/span><\/li>\n<li><a href=\"https:\/\/edublog.educastur.es\/ixuxu\/2026\/03\/marzu-una-oportunida-educativa\/\">Marzu, una oportunid\u00e1 educativa<\/a><span class=\"post-date\">01\/03\/2026<\/span><\/li>\n<li><a href=\"https:\/\/edublog.educastur.es\/ixuxu\/2026\/03\/el-tiempu-el-comercio-273\/\">El tiempu (El Comercio)<\/a><span class=\"post-date\">01\/03\/2026<\/span><\/li>\n<\/ul>\n<p>&nbsp;<\/p>\n","protected":false},"excerpt":{"rendered":"<p>\u00abA la solombra d\u2019una zrezal\u00bb. Xuan Bello31\/03\/2026 RTVE: Fernando Mora Rodr\u00edguez, arque\u00f3logu de l\u2019Asociaci\u00f3n del Horru Asturianu31\/03\/2026 Los horros del norte d\u2019Espa\u00f1a, y los asturianos, Patrimoniu Cultural Inmaterial.31\/03\/2026 Los horros del norte peninsular, Patrimoniu Cultural Inmaterial31\/03\/2026 (sin t\u00edtulo)31\/03\/2026 Folixa con AICA, en L\u2019Infiestu (Pilo\u00f1a)31\/03\/2026 Xornaes de la M\u00fasica Tradicional Asturiana31\/03\/2026 Y\u00e1 ta na cai l\u2019Anuariu [&hellip;]<\/p>\n","protected":false},"author":117,"featured_media":0,"parent":64866,"menu_order":0,"comment_status":"closed","ping_status":"closed","template":"","meta":{"footnotes":""},"class_list":["post-64879","page","type-page","status-publish","hentry"],"_links":{"self":[{"href":"https:\/\/edublog.educastur.es\/ixuxu\/wp-json\/wp\/v2\/pages\/64879","targetHints":{"allow":["GET"]}}],"collection":[{"href":"https:\/\/edublog.educastur.es\/ixuxu\/wp-json\/wp\/v2\/pages"}],"about":[{"href":"https:\/\/edublog.educastur.es\/ixuxu\/wp-json\/wp\/v2\/types\/page"}],"author":[{"embeddable":true,"href":"https:\/\/edublog.educastur.es\/ixuxu\/wp-json\/wp\/v2\/users\/117"}],"replies":[{"embeddable":true,"href":"https:\/\/edublog.educastur.es\/ixuxu\/wp-json\/wp\/v2\/comments?post=64879"}],"version-history":[{"count":4,"href":"https:\/\/edublog.educastur.es\/ixuxu\/wp-json\/wp\/v2\/pages\/64879\/revisions"}],"predecessor-version":[{"id":71712,"href":"https:\/\/edublog.educastur.es\/ixuxu\/wp-json\/wp\/v2\/pages\/64879\/revisions\/71712"}],"up":[{"embeddable":true,"href":"https:\/\/edublog.educastur.es\/ixuxu\/wp-json\/wp\/v2\/pages\/64866"}],"wp:attachment":[{"href":"https:\/\/edublog.educastur.es\/ixuxu\/wp-json\/wp\/v2\/media?parent=64879"}],"curies":[{"name":"wp","href":"https:\/\/api.w.org\/{rel}","templated":true}]}}