{"id":64881,"date":"2026-01-02T21:08:13","date_gmt":"2026-01-02T19:08:13","guid":{"rendered":"https:\/\/edublog.educastur.es\/ixuxu\/?page_id=64881"},"modified":"2026-04-13T20:32:43","modified_gmt":"2026-04-13T18:32:43","slug":"04_abril","status":"publish","type":"page","link":"https:\/\/edublog.educastur.es\/ixuxu\/archivu-blogue\/articulos\/2026-2\/04_abril\/","title":{"rendered":"04_Abril"},"content":{"rendered":"<h2 class=\"widget-title\">Entradas recientes<\/h2>\n<ul>\n<li><a href=\"https:\/\/edublog.educastur.es\/ixuxu\/2026\/04\/71706\/\">(sin t\u00edtulo)<\/a><span class=\"post-date\">13\/04\/2026<\/span><\/li>\n<li><a href=\"https:\/\/edublog.educastur.es\/ixuxu\/2026\/04\/the-asturianer-89-el-suanu-del-osu\/\">The Asturianer 89 \u00abEl sua\u00f1u del osu\u00bb<\/a><span class=\"post-date\">13\/04\/2026<\/span><\/li>\n<li><a href=\"https:\/\/edublog.educastur.es\/ixuxu\/2026\/04\/el-cambeu-climaticu\/\">El camb\u00e9u clim\u00e1ticu, una cuesti\u00f3n de sal\u00fa<\/a><span class=\"post-date\">13\/04\/2026<\/span><\/li>\n<li><a href=\"https:\/\/edublog.educastur.es\/ixuxu\/2026\/04\/tania-pereira-llanzal-so-discu-mas-completu\/\">Tania Pereira llanza\u2019l so discu m\u00e1s completu<\/a><span class=\"post-date\">13\/04\/2026<\/span><\/li>\n<li><a href=\"https:\/\/edublog.educastur.es\/ixuxu\/2026\/04\/naz-raiganu-grupu-dagrofolk-rock\/\">Naz Raiga\u00f1u, grupu d\u2019agrofolk-rock<\/a><span class=\"post-date\">13\/04\/2026<\/span><\/li>\n<li><a href=\"https:\/\/edublog.educastur.es\/ixuxu\/2026\/04\/la-restauracion-del-mazo-de-meredo-del-sieglu-xviii\/\">La restauraci\u00f3n del \u2018Mazo de Meredo\u2019, del sieglu XVIII<\/a><span class=\"post-date\">13\/04\/2026<\/span><\/li>\n<li><a href=\"https:\/\/edublog.educastur.es\/ixuxu\/2026\/04\/obres-darte-esponense-nun-poligonu-industrial\/\">Obres d\u2019arte esp\u00f3nense nun pol\u00edgonu industrial<\/a><span class=\"post-date\">13\/04\/2026<\/span><\/li>\n<li><a href=\"https:\/\/edublog.educastur.es\/ixuxu\/2026\/04\/lastrofisica-asturiana-noemi-pinilla\/\">L\u2019astrof\u00edsica asturiana Noem\u00ed Pinilla\u2026<\/a><span class=\"post-date\">13\/04\/2026<\/span><\/li>\n<li><a href=\"https:\/\/edublog.educastur.es\/ixuxu\/2026\/04\/dende-lespaciu-2\/\">Dende l\u2019espaciu\u2026<\/a><span class=\"post-date\">13\/04\/2026<\/span><\/li>\n<li><a href=\"https:\/\/edublog.educastur.es\/ixuxu\/2026\/04\/cartelu-del-dia-del-llibru-2026\/\">Cartelu del D\u00eda del llibru 2026<\/a><span class=\"post-date\">13\/04\/2026<\/span><\/li>\n<li><a href=\"https:\/\/edublog.educastur.es\/ixuxu\/2026\/04\/mieres-axenda-cultural-dabril-mayu-y-xunu\/\">Mieres: Axenda Cultural d\u2019abril, mayu y xunu<\/a><span class=\"post-date\">13\/04\/2026<\/span><\/li>\n<li><a href=\"https:\/\/edublog.educastur.es\/ixuxu\/2026\/04\/la-ultima-collecha-de-faba-foi-bona\/\">La \u00faltima collecha de faba foi bona.<\/a><span class=\"post-date\">13\/04\/2026<\/span><\/li>\n<li><a href=\"https:\/\/edublog.educastur.es\/ixuxu\/2026\/04\/ferla-megia-ya-tien-el-so-discu\/\">Ferla Meg\u00eda y\u00e1 tien el so discu<\/a><span class=\"post-date\">13\/04\/2026<\/span><\/li>\n<li><a href=\"https:\/\/edublog.educastur.es\/ixuxu\/2026\/04\/los-protocolos-por-acoso-escolar-nasturies-aumenten-un-130\/\">Los protocolos por acoso escolar n\u2019Asturies aumenten un 130%<\/a><span class=\"post-date\">13\/04\/2026<\/span><\/li>\n<li><a href=\"https:\/\/edublog.educastur.es\/ixuxu\/2026\/04\/espana-el-llugar-mas-seguru-de-la-tierra-para-sobrevivir\/\">Espa\u00f1a, el llugar m\u00e1s seguru de la Tierra para sobrevivir<\/a><span class=\"post-date\">13\/04\/2026<\/span><\/li>\n<li><a href=\"https:\/\/edublog.educastur.es\/ixuxu\/2026\/04\/cantar-toi-repunante-de-xentiquina\/\">Cantar \u00abToi repunante\u00bb de Xentiquina<\/a><span class=\"post-date\">13\/04\/2026<\/span><\/li>\n<li><a href=\"https:\/\/edublog.educastur.es\/ixuxu\/2026\/04\/dia-internacional-del-xelau\/\">D\u00eda Internacional del Xel\u00e1u<\/a><span class=\"post-date\">13\/04\/2026<\/span><\/li>\n<li><a href=\"https:\/\/edublog.educastur.es\/ixuxu\/2026\/04\/dia-mundial-de-lastronomia\/\">D\u00eda Mundial de l\u2019Astronom\u00eda<\/a><span class=\"post-date\">13\/04\/2026<\/span><\/li>\n<li><a href=\"https:\/\/edublog.educastur.es\/ixuxu\/2026\/04\/dia-internacional-del-besu-3\/\">D\u00eda Internacional del Besu<\/a><span class=\"post-date\">13\/04\/2026<\/span><\/li>\n<li><a href=\"https:\/\/edublog.educastur.es\/ixuxu\/2026\/04\/tiempu-nasturies-8\/\">Tiempu n\u2019Asturies<\/a><span class=\"post-date\">13\/04\/2026<\/span><\/li>\n<li><a href=\"https:\/\/edublog.educastur.es\/ixuxu\/2026\/04\/kanjo-emotion-entornau-en-detectar-de-forma-temprana-lacoso-escolar\/\">\u00abKanjo Emotion\u00bb, entorn\u00e1u en detectar de forma temprana l\u2019acoso escolar.<\/a><span class=\"post-date\">12\/04\/2026<\/span><\/li>\n<li><a href=\"https:\/\/edublog.educastur.es\/ixuxu\/2026\/04\/xi-selmana-de-la-ciencia-margarita-salas\/\">XI Selmana de la Ciencia \u00abMargarita Salas\u00bb<\/a><span class=\"post-date\">12\/04\/2026<\/span><\/li>\n<li><a href=\"https:\/\/edublog.educastur.es\/ixuxu\/2026\/04\/les-especies-invasores-tresformen-ecosistemes\/\">Les especies invasores tresformen ecosistemes\u2026<\/a><span class=\"post-date\">12\/04\/2026<\/span><\/li>\n<li><a href=\"https:\/\/edublog.educastur.es\/ixuxu\/2026\/04\/yudania-la-mente-musical-y-directora-dorquesta-quacompana-a-rosalia\/\">Yudania, la mente musical y directora d\u2019orquesta qu\u2019acompa\u00f1a a Rosal\u00eda<\/a><span class=\"post-date\">12\/04\/2026<\/span><\/li>\n<li><a href=\"https:\/\/edublog.educastur.es\/ixuxu\/2026\/04\/localidaes-con-poblacion-permanente-asitiaes-a-mayor-altitu-dasturies\/\">Localidaes con poblaci\u00f3n permanente asitiaes a mayor altit\u00fa d\u2019Asturies<\/a><span class=\"post-date\">12\/04\/2026<\/span><\/li>\n<li><a href=\"https:\/\/edublog.educastur.es\/ixuxu\/2026\/04\/71526\/\">(sin t\u00edtulo)<\/a><span class=\"post-date\">12\/04\/2026<\/span><\/li>\n<li><a href=\"https:\/\/edublog.educastur.es\/ixuxu\/2026\/04\/los-tiburones-currin-y-elisa-el-mayor-reclamu-del-acuariu-de-xixon\/\">Los tiburones \u00abCurr\u00edn\u00bb y \u00abElisa\u00bb, el \u00abmayor reclamu\u00bb del Acuariu de Xix\u00f3n<\/a><span class=\"post-date\">12\/04\/2026<\/span><\/li>\n<li><a href=\"https:\/\/edublog.educastur.es\/ixuxu\/2026\/04\/71585\/\">El Princip\u00e1u arriquez el so patrimoniu art\u00edsticu con un cuadru d\u2019\u00c1lvarez Catal\u00e1<\/a><span class=\"post-date\">12\/04\/2026<\/span><\/li>\n<li><a href=\"https:\/\/edublog.educastur.es\/ixuxu\/2026\/04\/71581\/\">47 Selmana de les Lletres asturianes<\/a><span class=\"post-date\">12\/04\/2026<\/span><\/li>\n<li><a href=\"https:\/\/edublog.educastur.es\/ixuxu\/2026\/04\/dia-internacional-de-les-persones-con-estremidaes-distintes\/\">D\u00eda Internacional de les Persones con Estremidaes Distintes<\/a><span class=\"post-date\">12\/04\/2026<\/span><\/li>\n<li><a href=\"https:\/\/edublog.educastur.es\/ixuxu\/2026\/04\/el-tiempu-el-comercio-310\/\">El tiempu (El Comercio)<\/a><span class=\"post-date\">12\/04\/2026<\/span><\/li>\n<li><a href=\"https:\/\/edublog.educastur.es\/ixuxu\/2026\/04\/71518\/\">Artemis II: Misi\u00f3n cumplida<\/a><span class=\"post-date\">12\/04\/2026<\/span><\/li>\n<li><a href=\"https:\/\/edublog.educastur.es\/ixuxu\/2026\/04\/tiempu-nasturies-la-selmana-viniente\/\">Tiempu n\u2019Asturies la selmana viniente<\/a><span class=\"post-date\">11\/04\/2026<\/span><\/li>\n<li><a href=\"https:\/\/edublog.educastur.es\/ixuxu\/2026\/04\/el-primer-premio-princesa-2026-en-conocese-va-ser-el-de-les-artes-el-29-dabril\/\">El primer Premio Princesa 2026 va ser el de les Artes<\/a><span class=\"post-date\">11\/04\/2026<\/span><\/li>\n<li><a href=\"https:\/\/edublog.educastur.es\/ixuxu\/2026\/04\/historia-completa-de-san-xurde\/\">Historia completa de SAN XURDE<\/a><span class=\"post-date\">11\/04\/2026<\/span><\/li>\n<li><a href=\"https:\/\/edublog.educastur.es\/ixuxu\/2026\/04\/patos-de-paseu-per-cangues-donis\/\">Patos de pas\u00e9u per Cangues d\u2019Onis<\/a><span class=\"post-date\">11\/04\/2026<\/span><\/li>\n<li><a href=\"https:\/\/edublog.educastur.es\/ixuxu\/2026\/04\/diez-perrinos-pa-caltener-esta-varida-canina\/\">Diez perrinos pa caltener esta varid\u00e1 canina<\/a><span class=\"post-date\">11\/04\/2026<\/span><\/li>\n<li><a href=\"https:\/\/edublog.educastur.es\/ixuxu\/2026\/04\/nika-pon-el-salon-de-la-manga-dasturies-naviles\/\">Nika-Pon, el Sal\u00f3n de la Manga d\u2019Asturies, n\u2019Avil\u00e9s<\/a><span class=\"post-date\">11\/04\/2026<\/span><\/li>\n<li><a href=\"https:\/\/edublog.educastur.es\/ixuxu\/2026\/04\/71223\/\">(sin t\u00edtulo)<\/a><span class=\"post-date\">11\/04\/2026<\/span><\/li>\n<li><a href=\"https:\/\/edublog.educastur.es\/ixuxu\/2026\/04\/una-de-les-escritores-mas-lleies-del-mundu-asturiana\/\">Una de les escritores m\u00e1s lle\u00edes del mundu, asturiana\u2026<\/a><span class=\"post-date\">11\/04\/2026<\/span><\/li>\n<li><a href=\"https:\/\/edublog.educastur.es\/ixuxu\/2026\/04\/poema-casamientu-civil-sin-sacramentu\/\">Poema \u00abCasamientu civil sin sacramentu\u00bb<\/a><span class=\"post-date\">11\/04\/2026<\/span><\/li>\n<li><a href=\"https:\/\/edublog.educastur.es\/ixuxu\/2026\/04\/71423\/\">(sin t\u00edtulo)<\/a><span class=\"post-date\">11\/04\/2026<\/span><\/li>\n<li><a href=\"https:\/\/edublog.educastur.es\/ixuxu\/2026\/04\/zarreu-fest-3o-sestaferia-cultural-nel-monte\/\">Zarr\u00e9u Fest: 3\u00ba Sestaferia cultural nel monte<\/a><span class=\"post-date\">11\/04\/2026<\/span><\/li>\n<li><a href=\"https:\/\/edublog.educastur.es\/ixuxu\/2026\/04\/los-horros-asturianos\/\">Los horros asturianos\u2026<\/a><span class=\"post-date\">11\/04\/2026<\/span><\/li>\n<li><a href=\"https:\/\/edublog.educastur.es\/ixuxu\/2026\/04\/descensu-de-pilona-domingu-12-dabril\/\">Descensu de Pilo\u00f1a: domingu 12 d\u2019abril<\/a><span class=\"post-date\">11\/04\/2026<\/span><\/li>\n<li><a href=\"https:\/\/edublog.educastur.es\/ixuxu\/2026\/04\/el-12-dagostu-vivira-un-eventu-astronomicu-unicu\/\">El 12 d\u2019agostu vivir\u00e1 un eventu astron\u00f3micu \u00fanicu<\/a><span class=\"post-date\">11\/04\/2026<\/span><\/li>\n<li><a href=\"https:\/\/edublog.educastur.es\/ixuxu\/2026\/04\/feria-ganadera-asturiana\/\">Feria ganadera asturiana<\/a><span class=\"post-date\">11\/04\/2026<\/span><\/li>\n<li><a href=\"https:\/\/edublog.educastur.es\/ixuxu\/2026\/04\/arguyosos-de-llevar-el-nome-de-xuan-bello\/\">Arguyosos de llevar el nome de \u00abXuan Bello\u00bb<\/a><span class=\"post-date\">11\/04\/2026<\/span><\/li>\n<li><a href=\"https:\/\/edublog.educastur.es\/ixuxu\/2026\/04\/esqui-sobrol-sable-del-desiertu\/\">Esqu\u00ed sobro\u2019l sable del desiertu<\/a><span class=\"post-date\">11\/04\/2026<\/span><\/li>\n<li><a href=\"https:\/\/edublog.educastur.es\/ixuxu\/2026\/04\/el-narcea-optimu-a-pocos-dies-del-entamu-de-la-temporada-del-salmon\/\">El Narcea, \u00f3ptimu a pocos d\u00edes del entamu de la temporada del salm\u00f3n.<\/a><span class=\"post-date\">11\/04\/2026<\/span><\/li>\n<li><a href=\"https:\/\/edublog.educastur.es\/ixuxu\/2026\/04\/remata-la-campana-del-oriciu\/\">Remata la campa\u00f1a del oriciu<\/a><span class=\"post-date\">11\/04\/2026<\/span><\/li>\n<li><a href=\"https:\/\/edublog.educastur.es\/ixuxu\/2026\/04\/la-primer-flor-de-grao-ta-equi\/\">\u00a1La Primer Flor de Grao ta equ\u00ed!<\/a><span class=\"post-date\">11\/04\/2026<\/span><\/li>\n<li><a href=\"https:\/\/edublog.educastur.es\/ixuxu\/2026\/04\/tiempu-nasturies-7\/\">Tiempu n\u2019Asturies<\/a><span class=\"post-date\">11\/04\/2026<\/span><\/li>\n<li><a href=\"https:\/\/edublog.educastur.es\/ixuxu\/2026\/04\/enta-dicen-dalgunos-que-la-tierra-ye-plana\/\">Ent\u00e1 dicen, dalgunos, que la Tierra ye plana ;-(<\/a><span class=\"post-date\">11\/04\/2026<\/span><\/li>\n<li><a href=\"https:\/\/edublog.educastur.es\/ixuxu\/2026\/04\/gracies-a-google-tenemos-ta-semeya-y-munches-mas\/\">Gracies a Google tenemos ta semeya y munches m\u00e1s.<\/a><span class=\"post-date\">11\/04\/2026<\/span><\/li>\n<li><a href=\"https:\/\/edublog.educastur.es\/ixuxu\/2026\/04\/71431\/\">(sin t\u00edtulo)<\/a><span class=\"post-date\">11\/04\/2026<\/span><\/li>\n<li><a href=\"https:\/\/edublog.educastur.es\/ixuxu\/2026\/04\/artemis-ii-ameriza-na-costa-oeste-del-pacificu\/\">Artemis II ameriza na costa oeste del Pac\u00edficu<\/a><span class=\"post-date\">11\/04\/2026<\/span><\/li>\n<li><a href=\"https:\/\/edublog.educastur.es\/ixuxu\/2026\/04\/8-kilometros-del-frixuelu-nagones-pravia\/\">\u20188 kil\u00f3metros del frixuelu, n\u2019Agones (Pravia)<\/a><span class=\"post-date\">10\/04\/2026<\/span><\/li>\n<li><a href=\"https:\/\/edublog.educastur.es\/ixuxu\/2026\/04\/berta-pinan-ganal-premiu-nacional-de-lliteratura-asturiana-2\/\">Berta Pi\u00f1\u00e1n gana\u2019l Premiu Nacional de Lliteratura Asturiana<\/a><span class=\"post-date\">10\/04\/2026<\/span><\/li>\n<li><a href=\"https:\/\/edublog.educastur.es\/ixuxu\/2026\/04\/va-un-anu-desta-llectura-poetica\/\">Va un anu d\u2019esta llectura po\u00e9tica<\/a><span class=\"post-date\">10\/04\/2026<\/span><\/li>\n<li><a href=\"https:\/\/edublog.educastur.es\/ixuxu\/2026\/04\/descifraren-la-cara-oculta-de-la-lluna\/\">Descifren la cara oculta de la lluna<\/a><span class=\"post-date\">10\/04\/2026<\/span><\/li>\n<li><a href=\"https:\/\/edublog.educastur.es\/ixuxu\/2026\/04\/festival-en-llangreu\/\">Festival en Llangr\u00e9u<\/a><span class=\"post-date\">10\/04\/2026<\/span><\/li>\n<li><a href=\"https:\/\/edublog.educastur.es\/ixuxu\/2026\/04\/la-guapura-del-silenciu\/\">La guapura del silenciu<\/a><span class=\"post-date\">10\/04\/2026<\/span><\/li>\n<li><a href=\"https:\/\/edublog.educastur.es\/ixuxu\/2026\/04\/carraques-y-matraques\/\">Esposici\u00f3n \u00abCarraques y matraques\u00bb<\/a><span class=\"post-date\">10\/04\/2026<\/span><\/li>\n<li><a href=\"https:\/\/edublog.educastur.es\/ixuxu\/2026\/04\/71357\/\">Ver osos n\u2019Asturies<\/a><span class=\"post-date\">10\/04\/2026<\/span><\/li>\n<li><a href=\"https:\/\/edublog.educastur.es\/ixuxu\/2026\/04\/la-nueva-tierra-de-la-nasa\/\">La nueva tierra de la NASA \u00a0<\/a><span class=\"post-date\">10\/04\/2026<\/span><\/li>\n<li><a href=\"https:\/\/edublog.educastur.es\/ixuxu\/2026\/04\/asina-yel-peligrosu-regresu-a-casa-de-la-artemis-ii\/\">Asina ye\u2019l peligrosu regresu a casa de la Artemis II<\/a><span class=\"post-date\">10\/04\/2026<\/span><\/li>\n<li><a href=\"https:\/\/edublog.educastur.es\/ixuxu\/2026\/04\/premios-darquitectura-2026\/\">Premios d\u2019Arquitectura 2026<\/a><span class=\"post-date\">10\/04\/2026<\/span><\/li>\n<li><a href=\"https:\/\/edublog.educastur.es\/ixuxu\/2026\/04\/the-asturianer-88-a-grandes-males-mas-plasticu\/\">The Asturianer 88: \u00abA grandes males, m\u00e1s plasticu\u00bb<\/a><span class=\"post-date\">10\/04\/2026<\/span><\/li>\n<li><a href=\"https:\/\/edublog.educastur.es\/ixuxu\/2026\/04\/uvieu-preparase-paral-martes-de-campu\/\">Uvi\u00e9u prep\u00e1rase para\u2019l Martes de Campu<\/a><span class=\"post-date\">10\/04\/2026<\/span><\/li>\n<li><a href=\"https:\/\/edublog.educastur.es\/ixuxu\/2026\/04\/el-tiempu-el-comercio-309\/\">El tiempu (El Comercio)<\/a><span class=\"post-date\">10\/04\/2026<\/span><\/li>\n<li><a href=\"https:\/\/edublog.educastur.es\/ixuxu\/2026\/04\/71355\/\">(sin t\u00edtulo)<\/a><span class=\"post-date\">10\/04\/2026<\/span><\/li>\n<li><a href=\"https:\/\/edublog.educastur.es\/ixuxu\/2026\/04\/revista-dixital-educallingua-curso-25-26-no-1\/\">Revista dixital Educallingua. Curso 25-26 N\u00ba 1<\/a><span class=\"post-date\">09\/04\/2026<\/span><\/li>\n<li><a href=\"https:\/\/edublog.educastur.es\/ixuxu\/2026\/04\/el-29-dabril-de-2026-va-dexar-realizar-una-especie-densayu-xeneral-del-eclis\/\">El 29 d\u2019abril de 2026 va dexar realizar una especie d\u2019ensayu xeneral\u201d del ecl\u00eds.<\/a><span class=\"post-date\">09\/04\/2026<\/span><\/li>\n<li><a href=\"https:\/\/edublog.educastur.es\/ixuxu\/2026\/04\/71300\/\">Mieres quier atraer a visitantes pal ecl\u00eds de sol d\u2019agostu<\/a><span class=\"post-date\">09\/04\/2026<\/span><\/li>\n<li><a href=\"https:\/\/edublog.educastur.es\/ixuxu\/2026\/04\/desfile-de-planetes-el-proximu-sabadu-18-dabril\/\">Desfile de planetes el pr\u00f3ximu s\u00e1badu 18 d\u2019abril.<\/a><span class=\"post-date\">09\/04\/2026<\/span><\/li>\n<li><a href=\"https:\/\/edublog.educastur.es\/ixuxu\/2026\/04\/asturies-zarro-la-campana-desqui\/\">Asturies zarr\u00f3 la campa\u00f1a d\u2019esqu\u00ed<\/a><span class=\"post-date\">09\/04\/2026<\/span><\/li>\n<li><a href=\"https:\/\/edublog.educastur.es\/ixuxu\/2026\/04\/asina-foil-primer-anu-de-ciclismu-por-naturaleza\/\">Asina foi\u2019l primer a\u00f1u de \u00abCiclismu por Naturaleza\u00bb<\/a><span class=\"post-date\">09\/04\/2026<\/span><\/li>\n<li><a href=\"https:\/\/edublog.educastur.es\/ixuxu\/2026\/04\/la-ospa-impulsal-talentu-mozu-con-una-edicion-nueva-de-nxtgen\/\">La OSPA impulsa\u2019l talentu mozu con una edici\u00f3n nueva de NxtGen<\/a><span class=\"post-date\">09\/04\/2026<\/span><\/li>\n<li><a href=\"https:\/\/edublog.educastur.es\/ixuxu\/2026\/04\/los-63-conceyos-menos-poblaos-dasturies\/\">Los 63 conceyos menos poblaos d\u2019Asturies<\/a><span class=\"post-date\">09\/04\/2026<\/span><\/li>\n<li><a href=\"https:\/\/edublog.educastur.es\/ixuxu\/2026\/04\/71289\/\">(sin t\u00edtulo)<\/a><span class=\"post-date\">09\/04\/2026<\/span><\/li>\n<li><a href=\"https:\/\/edublog.educastur.es\/ixuxu\/2026\/04\/necesida-urxente-por-efren-dandres\/\">\u00abNecesid\u00e1 urxente\u00bb por Efr\u00e9n d\u2019Andr\u00e9s<\/a><span class=\"post-date\">09\/04\/2026<\/span><\/li>\n<li><a href=\"https:\/\/edublog.educastur.es\/ixuxu\/2026\/04\/artemis-ii\/\">Artemis II cam\u00edn del planeta Tierra<\/a><span class=\"post-date\">09\/04\/2026<\/span><\/li>\n<li><a href=\"https:\/\/edublog.educastur.es\/ixuxu\/2026\/04\/el-martin-pescador\/\">El mart\u00edn pescador<\/a><span class=\"post-date\">09\/04\/2026<\/span><\/li>\n<li><a href=\"https:\/\/edublog.educastur.es\/ixuxu\/2026\/04\/problema-gordu-por-efren-dandres\/\">\u00abProblema gordu\u00bb, por Efr\u00e9n d\u2019Andr\u00e9s<\/a><span class=\"post-date\">09\/04\/2026<\/span><\/li>\n<li><a href=\"https:\/\/edublog.educastur.es\/ixuxu\/2026\/04\/que-mar-bana-asturies\/\">\u00bfQu\u00e9 mar ba\u00f1a Asturies?<\/a><span class=\"post-date\">09\/04\/2026<\/span><\/li>\n<li><a href=\"https:\/\/edublog.educastur.es\/ixuxu\/2026\/04\/xlvii-dia-de-les-lletres-asturianes\/\">XLVII D\u00eda de les Lletres Asturianes<\/a><span class=\"post-date\">09\/04\/2026<\/span><\/li>\n<li><a href=\"https:\/\/edublog.educastur.es\/ixuxu\/2026\/04\/indiz-de-quemes-forestales-nasturies-21\/\">\u00cdndiz de quemes forestales n\u2019Asturies<\/a><span class=\"post-date\">09\/04\/2026<\/span><\/li>\n<li><a href=\"https:\/\/edublog.educastur.es\/ixuxu\/2026\/04\/el-tiempu-el-comercio-308\/\">El tiempu (El Comercio)<\/a><span class=\"post-date\">09\/04\/2026<\/span><\/li>\n<li><a href=\"https:\/\/edublog.educastur.es\/ixuxu\/2026\/04\/iv-alcuentros-palabra-viva-nuvieu\/\">IV Alcuentros Palabra viva, n\u2019Uvi\u00e9u<\/a><span class=\"post-date\">08\/04\/2026<\/span><\/li>\n<li><a href=\"https:\/\/edublog.educastur.es\/ixuxu\/2026\/04\/the-asturianer-87-verde-astur\/\">The Asturianer 87: \u00abVerde astur\u00bb<\/a><span class=\"post-date\">08\/04\/2026<\/span><\/li>\n<li><a href=\"https:\/\/edublog.educastur.es\/ixuxu\/2026\/04\/71216\/\">(sin t\u00edtulo)<\/a><span class=\"post-date\">08\/04\/2026<\/span><\/li>\n<li><a href=\"https:\/\/edublog.educastur.es\/ixuxu\/2026\/04\/poema-lleccion-de-gramatica\/\">Poema \u00abLlecci\u00f3n de gram\u00e1tica\u00bb<\/a><span class=\"post-date\">08\/04\/2026<\/span><\/li>\n<li><a href=\"https:\/\/edublog.educastur.es\/ixuxu\/2026\/04\/xornaes-per-caleyes-y-senderos\/\">Xornaes per Caleyes y Senderos<\/a><span class=\"post-date\">08\/04\/2026<\/span><\/li>\n<li><a href=\"https:\/\/edublog.educastur.es\/ixuxu\/2026\/04\/la-celticida-ye-un-hermanamientu-que-se-construi-cada-dia\/\">La celticid\u00e1 ye un hermanamientu que se constr\u00fai cada d\u00eda<\/a><span class=\"post-date\">08\/04\/2026<\/span><\/li>\n<li><a href=\"https:\/\/edublog.educastur.es\/ixuxu\/2026\/04\/lo-llixero-nasturies\/\">Lo llixero n\u2019Asturies<\/a><span class=\"post-date\">08\/04\/2026<\/span><\/li>\n<li><a href=\"https:\/\/edublog.educastur.es\/ixuxu\/2026\/04\/educacion-para-la-preparacion-ente-riesgos-y-emerxencies-neuropa\/\">Educaci\u00f3n para la preparaci\u00f3n \u00e9nte riesgos y emerxencies n\u2019Europa<\/a><span class=\"post-date\">08\/04\/2026<\/span><\/li>\n<li><a href=\"https:\/\/edublog.educastur.es\/ixuxu\/2026\/04\/horru-apollo\/\">\u00abHorru Apollo\u00bb<\/a><span class=\"post-date\">08\/04\/2026<\/span><\/li>\n<li><a href=\"https:\/\/edublog.educastur.es\/ixuxu\/2026\/04\/el-tiempu-el-comercio-307\/\">El tiempu (El Comercio)<\/a><span class=\"post-date\">08\/04\/2026<\/span><\/li>\n<li><a href=\"https:\/\/edublog.educastur.es\/ixuxu\/2026\/04\/orion-ta-agora-nel-so-viaxe-de-regresu-a-la-tierra\/\">Orion ta agora nel so viaxe de regresu a la Tierra<\/a><span class=\"post-date\">07\/04\/2026<\/span><\/li>\n<li><a href=\"https:\/\/edublog.educastur.es\/ixuxu\/2026\/04\/muyeres-referentes\/\">Muyeres referentes<\/a><span class=\"post-date\">07\/04\/2026<\/span><\/li>\n<li><a href=\"https:\/\/edublog.educastur.es\/ixuxu\/2026\/04\/ultimes-imaxes-enviaes-dende-lespaciu\/\">Imaxes dende l\u2019espaciu<\/a><span class=\"post-date\">07\/04\/2026<\/span><\/li>\n<li><a href=\"https:\/\/edublog.educastur.es\/ixuxu\/2026\/04\/sigue-xubiendol-volume-dagua-embalsada\/\">Sigue xubiendo\u2019l volume d\u2019agua embalsada<\/a><span class=\"post-date\">07\/04\/2026<\/span><\/li>\n<li><a href=\"https:\/\/edublog.educastur.es\/ixuxu\/2026\/04\/la-nave-orion-averase-a-la-cara-oculta-de-la-lluna\/\">Orion av\u00e9rase a la cara oculta de la lluna<\/a><span class=\"post-date\">07\/04\/2026<\/span><\/li>\n<li><a href=\"https:\/\/edublog.educastur.es\/ixuxu\/2026\/04\/les-guerres-astur-cantabres-29-a-c-al-19-a-c\/\">Les guerres \u00c1stur \u2013 C\u00e1ntabres, 29 a. C. al 19 a. C.<\/a><span class=\"post-date\">07\/04\/2026<\/span><\/li>\n<li><a href=\"https:\/\/edublog.educastur.es\/ixuxu\/2026\/04\/dos-nuevos-bienes-dinteres-cultural-nasturies\/\">Dos nuevos Bienes d\u2019Inter\u00e9s Cultural n\u2019Asturies<\/a><span class=\"post-date\">07\/04\/2026<\/span><\/li>\n<li><a href=\"https:\/\/edublog.educastur.es\/ixuxu\/2026\/04\/cantar-dicen-que-la-primavera-3\/\">Cantar \u00abDicen que la primavera\u00bb<\/a><span class=\"post-date\">07\/04\/2026<\/span><\/li>\n<li><a href=\"https:\/\/edublog.educastur.es\/ixuxu\/2026\/04\/prestame-pola-vida-dicitelo-nasturianu\/\">\u00abPr\u00e9stame pola vida\u2026 dic\u00edtelo n\u2019asturianu\u00bb<\/a><span class=\"post-date\">07\/04\/2026<\/span><\/li>\n<li><a href=\"https:\/\/edublog.educastur.es\/ixuxu\/2026\/04\/neutro-de-materia-nasturianu\/\">Neutro de materia n\u2019asturianu<\/a><span class=\"post-date\">07\/04\/2026<\/span><\/li>\n<li><a href=\"https:\/\/edublog.educastur.es\/ixuxu\/2026\/04\/los-horros-manifestacion-representativa-del-patrimoniu-cultural-inmaterial\/\">Los horros, manifestaci\u00f3n Representativa del Patrimoniu Cultural Inmaterial.<\/a><span class=\"post-date\">07\/04\/2026<\/span><\/li>\n<li><a href=\"https:\/\/edublog.educastur.es\/ixuxu\/2026\/04\/xxiii-saca-la-llingua\/\">XXIII Saca la Llingua<\/a><span class=\"post-date\">07\/04\/2026<\/span><\/li>\n<li><a href=\"https:\/\/edublog.educastur.es\/ixuxu\/2026\/04\/71081\/\">UNICEF ellabor\u00f3 una \u2018Gu\u00eda de participaci\u00f3n escolar\u2019<\/a><span class=\"post-date\">07\/04\/2026<\/span><\/li>\n<li><a href=\"https:\/\/edublog.educastur.es\/ixuxu\/2026\/04\/alba-cueva-una-de-les-grandes-promeses-del-automovilismu-internacional\/\">Alba Cueva, una de les grandes promeses del automovilismu internacional<\/a><span class=\"post-date\">07\/04\/2026<\/span><\/li>\n<li><a href=\"https:\/\/edublog.educastur.es\/ixuxu\/2026\/04\/spaceastur\/\">Spaceastur<\/a><span class=\"post-date\">07\/04\/2026<\/span><\/li>\n<li><a href=\"https:\/\/edublog.educastur.es\/ixuxu\/2026\/04\/fiesta-de-los-guevos-pintos-na-pola-siero-2\/\">Fiesta de los G\u00fcevos Pintos, na Pola Siero<\/a><span class=\"post-date\">07\/04\/2026<\/span><\/li>\n<li><a href=\"https:\/\/edublog.educastur.es\/ixuxu\/2026\/04\/70774\/\">D\u00eda de los pilotos a\u00e9reos<\/a><span class=\"post-date\">07\/04\/2026<\/span><\/li>\n<li><a href=\"https:\/\/edublog.educastur.es\/ixuxu\/2026\/04\/nuevu-mapa-sanitariu\/\">Nuevu mapa sanitariu asturianu<\/a><span class=\"post-date\">07\/04\/2026<\/span><\/li>\n<li><a href=\"https:\/\/edublog.educastur.es\/ixuxu\/2026\/04\/una-sola-salu\/\">Una sola sal\u00fa\u2026<\/a><span class=\"post-date\">07\/04\/2026<\/span><\/li>\n<li><a href=\"https:\/\/edublog.educastur.es\/ixuxu\/2026\/04\/dia-mundial-de-la-salu-5\/\">D\u00eda Mundial de la Sal\u00fa<\/a><span class=\"post-date\">07\/04\/2026<\/span><\/li>\n<li><a href=\"https:\/\/edublog.educastur.es\/ixuxu\/2026\/04\/indiz-de-quemes-forestales-nasturies-20\/\">\u00cdndiz de quemes forestales n\u2019Asturies<\/a><span class=\"post-date\">07\/04\/2026<\/span><\/li>\n<li><a href=\"https:\/\/edublog.educastur.es\/ixuxu\/2026\/04\/el-tiempu-el-comercio-306\/\">El tiempu (El Comercio)<\/a><span class=\"post-date\">07\/04\/2026<\/span><\/li>\n<li><a href=\"https:\/\/edublog.educastur.es\/ixuxu\/2026\/04\/artemis-ii-un-finxu-historico\/\">Artemis II, un finxu hist\u00f3rico<\/a><span class=\"post-date\">06\/04\/2026<\/span><\/li>\n<li><a href=\"https:\/\/edublog.educastur.es\/ixuxu\/2026\/04\/orbitando-ente-dos-mundos\/\">Orbitando ente dos mundos<\/a><span class=\"post-date\">06\/04\/2026<\/span><\/li>\n<li><a href=\"https:\/\/edublog.educastur.es\/ixuxu\/2026\/04\/la-musica-presente-na-esposicion-cartelos-nasturianu-1976-2005\/\">La m\u00fasica, presente na esposici\u00f3n Cartelos n\u2019asturianu (1976-2005)<\/a><span class=\"post-date\">06\/04\/2026<\/span><\/li>\n<li><a href=\"https:\/\/edublog.educastur.es\/ixuxu\/2026\/04\/como-se-xestional-plasticu\/\">C\u00f3mo se xestiona\u2019l pl\u00e1sticu<\/a><span class=\"post-date\">06\/04\/2026<\/span><\/li>\n<li><a href=\"https:\/\/edublog.educastur.es\/ixuxu\/2026\/04\/xornaes-en-xixon-pa-sopelexar-leclipse-dagostu\/\">Xornaes en Xix\u00f3n pa sopelexar l\u2019eclipse d\u2019agostu<\/a><span class=\"post-date\">06\/04\/2026<\/span><\/li>\n<li><a href=\"https:\/\/edublog.educastur.es\/ixuxu\/2026\/04\/70406\/\">(sin t\u00edtulo)<\/a><span class=\"post-date\">06\/04\/2026<\/span><\/li>\n<li><a href=\"https:\/\/edublog.educastur.es\/ixuxu\/2026\/04\/ya-van-cuatro-anos-desta-campana-sobrol-sidre\/\">Y\u00e1 van cuatro a\u00f1os d\u2019esta campa\u00f1a sobro\u2019l sidre<\/a><span class=\"post-date\">06\/04\/2026<\/span><\/li>\n<li><a href=\"https:\/\/edublog.educastur.es\/ixuxu\/2026\/04\/porcentaxe-despanoles-que-nun-camudarien-el-so-llugar-de-residencia\/\">Porcentaxe d\u2019espa\u00f1oles que NUN camudar\u00eden el so llugar de residencia.<\/a><span class=\"post-date\">06\/04\/2026<\/span><\/li>\n<li><a href=\"https:\/\/edublog.educastur.es\/ixuxu\/2026\/04\/rexones-con-menos-xovenes-de-la-union-europea-2023\/\">Rexones con menos x\u00f3venes de la Uni\u00f3n Europea (2023)<\/a><span class=\"post-date\">06\/04\/2026<\/span><\/li>\n<li><a href=\"https:\/\/edublog.educastur.es\/ixuxu\/2026\/04\/los-buhos-vuelen-casi-en-silenciu\/\">Los b\u00fahos vuelen casi en silenciu<\/a><span class=\"post-date\">06\/04\/2026<\/span><\/li>\n<li><a href=\"https:\/\/edublog.educastur.es\/ixuxu\/2026\/04\/asina-foi-la-xornada-final-de-la-uvieucup-2026\/\">Asina foi la xornada final de la Uvi\u00e9uCup 2026<\/a><span class=\"post-date\">06\/04\/2026<\/span><\/li>\n<li><a href=\"https:\/\/edublog.educastur.es\/ixuxu\/2026\/04\/70983\/\">(sin t\u00edtulo)<\/a><span class=\"post-date\">06\/04\/2026<\/span><\/li>\n<li><a href=\"https:\/\/edublog.educastur.es\/ixuxu\/2026\/04\/escritores-de-cada-provincia-despana\/\">Escritores de cada provincia d\u2019Espa\u00f1a<\/a><span class=\"post-date\">06\/04\/2026<\/span><\/li>\n<li><a href=\"https:\/\/edublog.educastur.es\/ixuxu\/2026\/04\/martes-de-campu-26-de-mayu\/\">Martes de Campu: 26 de mayu<\/a><span class=\"post-date\">06\/04\/2026<\/span><\/li>\n<li><a href=\"https:\/\/edublog.educastur.es\/ixuxu\/2026\/04\/dia-internacional-del-deporte-paral-desenvolvimientu-y-la-paz\/\">D\u00eda Internacional del Deporte para\u2019l Desenvolvimientu y la Paz<\/a><span class=\"post-date\">06\/04\/2026<\/span><\/li>\n<li><a href=\"https:\/\/edublog.educastur.es\/ixuxu\/2026\/04\/lindiz-de-riesgu-de-quemes-forestales-ye-mui-altu\/\">L\u2019\u00edndiz de riesgu de quemes forestales ye mui altu<\/a><span class=\"post-date\">06\/04\/2026<\/span><\/li>\n<li><a href=\"https:\/\/edublog.educastur.es\/ixuxu\/2026\/04\/el-tiempu-el-comercio-305\/\">El tiempu (El Comercio)<\/a><span class=\"post-date\">06\/04\/2026<\/span><\/li>\n<li><a href=\"https:\/\/edublog.educastur.es\/ixuxu\/2026\/04\/71007\/\">Artemis II viaxa escontra onde va tar la lluna.<\/a><span class=\"post-date\">06\/04\/2026<\/span><\/li>\n<li><a href=\"https:\/\/edublog.educastur.es\/ixuxu\/2026\/04\/corales-de-cristal-de-xera\/\">\u00abCorales de cristal\u00bb, de Xera<\/a><span class=\"post-date\">05\/04\/2026<\/span><\/li>\n<li><a href=\"https:\/\/edublog.educastur.es\/ixuxu\/2026\/04\/semeya-del-dia\/\">Semeya del d\u00eda<\/a><span class=\"post-date\">05\/04\/2026<\/span><\/li>\n<li><a href=\"https:\/\/edublog.educastur.es\/ixuxu\/2026\/04\/67632\/\">(sin t\u00edtulo)<\/a><span class=\"post-date\">05\/04\/2026<\/span><\/li>\n<li><a href=\"https:\/\/edublog.educastur.es\/ixuxu\/2026\/04\/el-cuentu-por-efren-dandres\/\">\u00abEl cuentu\u00bb, por Efr\u00e9n d\u2019Andr\u00e9s<\/a><span class=\"post-date\">05\/04\/2026<\/span><\/li>\n<li><a href=\"https:\/\/edublog.educastur.es\/ixuxu\/2026\/04\/asturies-tamien-tien-altor\/\">Asturies tami\u00e9n tien altor<\/a><span class=\"post-date\">05\/04\/2026<\/span><\/li>\n<li><a href=\"https:\/\/edublog.educastur.es\/ixuxu\/2026\/04\/71469\/\">(sin t\u00edtulo)<\/a><span class=\"post-date\">05\/04\/2026<\/span><\/li>\n<li><a href=\"https:\/\/edublog.educastur.es\/ixuxu\/2026\/04\/asturies-superal-millon-dhabitantes-tres-tres-anos-de-crecedera\/\">Asturies supera\u2019l mill\u00f3n d\u2019habitantes tres tr\u00e9s a\u00f1os de crecedera<\/a><span class=\"post-date\">05\/04\/2026<\/span><\/li>\n<li><a href=\"https:\/\/edublog.educastur.es\/ixuxu\/2026\/04\/dia-mundial-de-la-conciencia\/\">D\u00eda Mundial de la Conciencia<\/a><span class=\"post-date\">05\/04\/2026<\/span><\/li>\n<li><a href=\"https:\/\/edublog.educastur.es\/ixuxu\/2026\/04\/el-tiempu-el-comercio-304\/\">El tiempu (El Comercio)<\/a><span class=\"post-date\">05\/04\/2026<\/span><\/li>\n<li><a href=\"https:\/\/edublog.educastur.es\/ixuxu\/2026\/04\/nueva-semeya-de-la-tierra\/\">Nueva semeya de la Tierra<\/a><span class=\"post-date\">05\/04\/2026<\/span><\/li>\n<li><a href=\"https:\/\/edublog.educastur.es\/ixuxu\/2026\/04\/artemis-ii-captura-una-rara-vista-completa-de-la-cuenca-oriental-de-la-lluna\/\">Artemis II captura una rara vista completa de la cuenca oriental de la lluna<\/a><span class=\"post-date\">05\/04\/2026<\/span><\/li>\n<li><a href=\"https:\/\/edublog.educastur.es\/ixuxu\/2026\/04\/amor-pola-musica-dende-bien-pequenos\/\">Amor pola m\u00fasica dende bien peque\u00f1os\u2026<\/a><span class=\"post-date\">04\/04\/2026<\/span><\/li>\n<li><a href=\"https:\/\/edublog.educastur.es\/ixuxu\/2026\/04\/arquimedes-y-el-turismu\/\">\u00abArqu\u00edmedes y el turismu\u00bb<\/a><span class=\"post-date\">04\/04\/2026<\/span><\/li>\n<li><a href=\"https:\/\/edublog.educastur.es\/ixuxu\/2026\/04\/primer-sidre-lanu-en-xixon-2\/\">Primer Sidre l\u2019a\u00f1u, en Xix\u00f3n<\/a><span class=\"post-date\">04\/04\/2026<\/span><\/li>\n<li><a href=\"https:\/\/edublog.educastur.es\/ixuxu\/2026\/04\/70881\/\">Un restor\u00e1n de Pola de Siero, Abrelatas,\u00a0 que fai patria<\/a><span class=\"post-date\">04\/04\/2026<\/span><\/li>\n<li><a href=\"https:\/\/edublog.educastur.es\/ixuxu\/2026\/04\/museu-de-los-paises-celtes-de-villa-en-corvera\/\">Mus\u00e9u de los Pa\u00edses Celtes de Villa, en Corvera<\/a><span class=\"post-date\">04\/04\/2026<\/span><\/li>\n<li><a href=\"https:\/\/edublog.educastur.es\/ixuxu\/2026\/04\/la-gatina-y-tina-cuentu-en-verso-por-laura-marcos\/\">\u00abLa gatina y Tina\u00bb, cuentu en verso, por Laura Marcos<\/a><span class=\"post-date\">04\/04\/2026<\/span><\/li>\n<li><a href=\"https:\/\/edublog.educastur.es\/ixuxu\/2026\/04\/asturies-va-ser-un-oasis-nel-nuevu-mapa-de-desastres-climaticos-nespana\/\">Asturies va ser un oasis nel nuevu mapa de desastres clim\u00e1ticos n\u2019Espa\u00f1a<\/a><span class=\"post-date\">04\/04\/2026<\/span><\/li>\n<li><a href=\"https:\/\/edublog.educastur.es\/ixuxu\/2026\/04\/laumentu-de-poblacion-ta-dandose-de-forma-desigual-nel-principau\/\">L\u2019aumentu de poblaci\u00f3n ta d\u00e1ndose de forma desigual nel Princip\u00e1u.<\/a><span class=\"post-date\">04\/04\/2026<\/span><\/li>\n<li><a href=\"https:\/\/edublog.educastur.es\/ixuxu\/2026\/04\/70850\/\">Primavera\u2026<\/a><span class=\"post-date\">04\/04\/2026<\/span><\/li>\n<li><a href=\"https:\/\/edublog.educastur.es\/ixuxu\/2026\/04\/sabadu-santu-de-sol-y-calor-nasturies\/\">S\u00e1badu Santu de sol y calor n\u2019Asturies<\/a><span class=\"post-date\">04\/04\/2026<\/span><\/li>\n<li><a href=\"https:\/\/edublog.educastur.es\/ixuxu\/2026\/04\/asina-lluz-la-peninsula\/\">Asina lluz la Pen\u00ednsula.<\/a><span class=\"post-date\">04\/04\/2026<\/span><\/li>\n<li><a href=\"https:\/\/edublog.educastur.es\/ixuxu\/2026\/04\/70868\/\">El tiempu (El Comercio)<\/a><span class=\"post-date\">04\/04\/2026<\/span><\/li>\n<li><a href=\"https:\/\/edublog.educastur.es\/ixuxu\/2026\/04\/viaxal-pasau-con-esta-web\/\">Viaxa\u2019l pas\u00e1u con esta web<\/a><span class=\"post-date\">04\/04\/2026<\/span><\/li>\n<li><a href=\"https:\/\/edublog.educastur.es\/ixuxu\/2026\/04\/dende-lapolo-ii-1969-hasta-artemis-ii-2026\/\">Dende l\u2019Apolo 11 (1969) a Artemis II (2026)<\/a><span class=\"post-date\">04\/04\/2026<\/span><\/li>\n<li><a href=\"https:\/\/edublog.educastur.es\/ixuxu\/2026\/04\/dientro-de-artemis-ii\/\">Dientro d\u2019Artemis II<\/a><span class=\"post-date\">04\/04\/2026<\/span><\/li>\n<li><a href=\"https:\/\/edublog.educastur.es\/ixuxu\/2026\/04\/contaminacion-luminica-2\/\">Contaminaci\u00f3n lum\u00ednica<\/a><span class=\"post-date\">04\/04\/2026<\/span><\/li>\n<li><a href=\"https:\/\/edublog.educastur.es\/ixuxu\/2026\/04\/medianueche-sobro-europa\/\">Medianueche sobro Europa<\/a><span class=\"post-date\">04\/04\/2026<\/span><\/li>\n<li><a href=\"https:\/\/edublog.educastur.es\/ixuxu\/2026\/04\/proyectu-pa-protexer-los-truebanos-de-los-osos\/\">Proyectu pa protexer los tru\u00e9banos de los osos<\/a><span class=\"post-date\">03\/04\/2026<\/span><\/li>\n<li><a href=\"https:\/\/edublog.educastur.es\/ixuxu\/2026\/04\/cantajuego-20-anos-la-xira-nuvieu\/\">\u00abCantaJuego \u2013 20 a\u00f1os. La Xira\u00bb, n\u2019Uvi\u00e9u<\/a><span class=\"post-date\">03\/04\/2026<\/span><\/li>\n<li><a href=\"https:\/\/edublog.educastur.es\/ixuxu\/2026\/04\/cuevano-una-nueva-formacion-musical-asturiana\/\">Cu\u00e9vano, una nueva formaci\u00f3n musical asturiana<\/a><span class=\"post-date\">03\/04\/2026<\/span><\/li>\n<li><a href=\"https:\/\/edublog.educastur.es\/ixuxu\/2026\/04\/un-sitiu-pa-comer-pitu-caleya-nasturies\/\">\u00bfUn sitiu pa comer pitu caleya n\u2019Asturies?<\/a><span class=\"post-date\">03\/04\/2026<\/span><\/li>\n<li><a href=\"https:\/\/edublog.educastur.es\/ixuxu\/2026\/04\/el-preciu-de-los-guevos-disparase-un-30-nel-ultimu-anu\/\">El preciu de los g\u00fcevos disp\u00e1rase un 30% nel \u00faltimu a\u00f1u.<\/a><span class=\"post-date\">03\/04\/2026<\/span><\/li>\n<li><a href=\"https:\/\/edublog.educastur.es\/ixuxu\/2026\/04\/san-tiso-dabres-rinde-homenaxe-a-la-rosca\/\">Feria de la Rosca en San Tiso d\u2019Abres<\/a><span class=\"post-date\">03\/04\/2026<\/span><\/li>\n<li><a href=\"https:\/\/edublog.educastur.es\/ixuxu\/2026\/04\/solliviaos-los-propietarios-de-pites\/\">Solliviaos los propietarios de pites<\/a><span class=\"post-date\">03\/04\/2026<\/span><\/li>\n<li><a href=\"https:\/\/edublog.educastur.es\/ixuxu\/2026\/04\/asturies-convierte-la-so-pesca-artesanal-de-pulpu-en-modelu-mundial-de-sostenibilida\/\">Asturies convierte la so pesca artesanal de pulpu en modelu mundial de sostenibilid\u00e1<\/a><span class=\"post-date\">03\/04\/2026<\/span><\/li>\n<li><a href=\"https:\/\/edublog.educastur.es\/ixuxu\/2026\/04\/cronoloxia-de-les-aves-mas-madrugadores-de-la-peninsula-iberica\/\">Cronolox\u00eda de les aves m\u00e1s madrugadores de la Pen\u00ednsula Ib\u00e9rica.<\/a><span class=\"post-date\">03\/04\/2026<\/span><\/li>\n<li><a href=\"https:\/\/edublog.educastur.es\/ixuxu\/2026\/04\/la-union-europea-prueba-robots-para-llimpiar-borrafes-del-fondu-del-mar\/\">La U.E. prueba robots para llimpiar borrafes del fondu del mar.<\/a><span class=\"post-date\">03\/04\/2026<\/span><\/li>\n<li><a href=\"https:\/\/edublog.educastur.es\/ixuxu\/2026\/04\/llar-por-rafa-cofino\/\">Llar, por Rafa Cofi\u00f1o<\/a><span class=\"post-date\">03\/04\/2026<\/span><\/li>\n<li><a href=\"https:\/\/edublog.educastur.es\/ixuxu\/2026\/04\/68897\/\">(sin t\u00edtulo)<\/a><span class=\"post-date\">03\/04\/2026<\/span><\/li>\n<li><a href=\"https:\/\/edublog.educastur.es\/ixuxu\/2026\/04\/horru-roulotte\/\">\u00abHorru-roulotte\u00bb<\/a><span class=\"post-date\">03\/04\/2026<\/span><\/li>\n<li><a href=\"https:\/\/edublog.educastur.es\/ixuxu\/2026\/04\/carreres-de-cabayos-na-sablera-de-ribeseya\/\">Carreres de cabayos na sablera de Ribeseya<\/a><span class=\"post-date\">03\/04\/2026<\/span><\/li>\n<li><a href=\"https:\/\/edublog.educastur.es\/ixuxu\/2026\/04\/una-vista-de-la-tierra-nunca-vista\/\">Una vista de la Tierra nunca vista<\/a><span class=\"post-date\">03\/04\/2026<\/span><\/li>\n<li><a href=\"https:\/\/edublog.educastur.es\/ixuxu\/2026\/04\/70716\/\">\u00abRise\u00bb (ascenso), la mascota d\u2019Artemis II<\/a><span class=\"post-date\">03\/04\/2026<\/span><\/li>\n<li><a href=\"https:\/\/edublog.educastur.es\/ixuxu\/2026\/04\/un-turismu-responsable-nel-monte-asturianu\/\">Un turismu responsable nel monte asturianu<\/a><span class=\"post-date\">03\/04\/2026<\/span><\/li>\n<li><a href=\"https:\/\/edublog.educastur.es\/ixuxu\/2026\/04\/un-3-dabril-de-2020-na-tpa-educasturtv\/\">Un 3 d\u2019abril de 2020, na TPA, EducasturTV\u2026<\/a><span class=\"post-date\">03\/04\/2026<\/span><\/li>\n<li><a href=\"https:\/\/edublog.educastur.es\/ixuxu\/2026\/04\/70987\/\">Esfruta de la naturaleza de forma responsable<\/a><span class=\"post-date\">03\/04\/2026<\/span><\/li>\n<li><a href=\"https:\/\/edublog.educastur.es\/ixuxu\/2026\/04\/guei-jane-goodall-cumpliria-92-anos\/\">G\u00fcei, Jane Goodall cumplir\u00eda 92 a\u00f1os.<\/a><span class=\"post-date\">03\/04\/2026<\/span><\/li>\n<li><a href=\"https:\/\/edublog.educastur.es\/ixuxu\/2026\/04\/el-tiempu-el-comercio-303\/\">El tiempu (El Comercio)<\/a><span class=\"post-date\">03\/04\/2026<\/span><\/li>\n<li><a href=\"https:\/\/edublog.educastur.es\/ixuxu\/2026\/04\/dende-lespaciu\/\">Dende l\u2019espaciu<\/a><span class=\"post-date\">03\/04\/2026<\/span><\/li>\n<li><a href=\"https:\/\/edublog.educastur.es\/ixuxu\/2026\/04\/lartemis-ii-despega\/\">Artemis II despega\u2026<\/a><span class=\"post-date\">02\/04\/2026<\/span><\/li>\n<li><a href=\"https:\/\/edublog.educastur.es\/ixuxu\/2026\/04\/70696\/\">(sin t\u00edtulo)<\/a><span class=\"post-date\">02\/04\/2026<\/span><\/li>\n<li><a href=\"https:\/\/edublog.educastur.es\/ixuxu\/2026\/04\/sostenibilida\/\">Sostenibilid\u00e1<\/a><span class=\"post-date\">02\/04\/2026<\/span><\/li>\n<li><a href=\"https:\/\/edublog.educastur.es\/ixuxu\/2026\/04\/folixa-na-primavera-2026-en-mieres-del-17-al-19-dabril\/\">Folixa na Primavera 2026 en Mieres, del 17 al 19 d\u2019abril.<\/a><span class=\"post-date\">02\/04\/2026<\/span><\/li>\n<li><a href=\"https:\/\/edublog.educastur.es\/ixuxu\/2026\/04\/sierres-dasturies-un-llaberintu-de-montes\/\">Sierres d\u2019Asturies: Un llaberintu de Montes<\/a><span class=\"post-date\">02\/04\/2026<\/span><\/li>\n<li><a href=\"https:\/\/edublog.educastur.es\/ixuxu\/2026\/04\/labeyerucu-o-abejarrucu\/\">L\u2019abeyerucu o abejarrucu<\/a><span class=\"post-date\">02\/04\/2026<\/span><\/li>\n<li><a href=\"https:\/\/edublog.educastur.es\/ixuxu\/2026\/04\/pasu-por-efren-dandres\/\">\u00abPasu\u00bb, por Efr\u00e9n d\u2019Andr\u00e9s<\/a><span class=\"post-date\">02\/04\/2026<\/span><\/li>\n<li><a href=\"https:\/\/edublog.educastur.es\/ixuxu\/2026\/04\/67778\/\">(sin t\u00edtulo)<\/a><span class=\"post-date\">02\/04\/2026<\/span><\/li>\n<li><a href=\"https:\/\/edublog.educastur.es\/ixuxu\/2026\/04\/dia-mundial-de-concienciacion-sobro-lautismu-3\/\">D\u00eda Mundial de Concienciaci\u00f3n sobro l\u2019Autismu<\/a><span class=\"post-date\">02\/04\/2026<\/span><\/li>\n<li><a href=\"https:\/\/edublog.educastur.es\/ixuxu\/2026\/04\/lautismu-sigue-necesitando-mas-sofitos-y-recursos-nasturies\/\">L\u2019autismu sigue necesitando m\u00e1s sofitos y recursos n\u2019Asturies<\/a><span class=\"post-date\">02\/04\/2026<\/span><\/li>\n<li><a href=\"https:\/\/edublog.educastur.es\/ixuxu\/2026\/04\/dia-internacional-del-llibru-infantil-y-xuvenil-2\/\">D\u00eda Internacional del Llibru Infantil y Xuvenil<\/a><span class=\"post-date\">02\/04\/2026<\/span><\/li>\n<li><a href=\"https:\/\/edublog.educastur.es\/ixuxu\/2026\/04\/llunes-llenes-de-2026\/\">Llunes llenes de 2026<\/a><span class=\"post-date\">02\/04\/2026<\/span><\/li>\n<li><a href=\"https:\/\/edublog.educastur.es\/ixuxu\/2026\/04\/el-tiempu-el-comercio-302\/\">El tiempu (El Comercio)<\/a><span class=\"post-date\">02\/04\/2026<\/span><\/li>\n<li><a href=\"https:\/\/edublog.educastur.es\/ixuxu\/2026\/04\/les-noticies-del-miercoles-1-de-abril-de-2026\/\">Les noticies del mi\u00e9rcoles 1 d\u2019abril de 2026<\/a><span class=\"post-date\">01\/04\/2026<\/span><\/li>\n<li><a href=\"https:\/\/edublog.educastur.es\/ixuxu\/2026\/04\/el-deportes-ye-respetu-y-convivencia-non-gritos-islamofobos\/\">El deportes ye respetu y convivencia\u2026 non gritos islam\u00f3fobos.<\/a><span class=\"post-date\">01\/04\/2026<\/span><\/li>\n<li><a href=\"https:\/\/edublog.educastur.es\/ixuxu\/2026\/04\/impulsu-enerxeticu-en-tineu-con-una-nueva-central-hidroelectrica\/\">Impulsu enerx\u00e9ticu en Tin\u00e9u con una nueva central hidroel\u00e9ctrica<\/a><span class=\"post-date\">01\/04\/2026<\/span><\/li>\n<li><a href=\"https:\/\/edublog.educastur.es\/ixuxu\/2026\/04\/la-revolucion-del-xelau-artesanal-aterriza-nuvieu\/\">La revoluci\u00f3n del xel\u00e1u artesanal aterriza n\u2019Uvi\u00e9u<\/a><span class=\"post-date\">01\/04\/2026<\/span><\/li>\n<li><a href=\"https:\/\/edublog.educastur.es\/ixuxu\/2026\/04\/atapecer-ente-neve\/\">Atapecer ente \u00f1eve<\/a><span class=\"post-date\">01\/04\/2026<\/span><\/li>\n<li><a href=\"https:\/\/edublog.educastur.es\/ixuxu\/2026\/04\/los-escaparates-enllenense-de-dulces-de-pascua\/\">Los escaparates enll\u00e9nense de dulces de Pascua<\/a><span class=\"post-date\">01\/04\/2026<\/span><\/li>\n<li><a href=\"https:\/\/edublog.educastur.es\/ixuxu\/2026\/04\/selmana-santa-nasturies\/\">Selmana Santa n\u2019Asturies<\/a><span class=\"post-date\">01\/04\/2026<\/span><\/li>\n<li><a href=\"https:\/\/edublog.educastur.es\/ixuxu\/2026\/04\/desplazamientos-per-carretera-esta-selmana-santa-nasturies\/\">Desplazamientos per carretera esta Selmana Santa n\u2019Asturies\u2002<\/a><span class=\"post-date\">01\/04\/2026<\/span><\/li>\n<li><a href=\"https:\/\/edublog.educastur.es\/ixuxu\/2026\/04\/les-pites-salen-del-confinamientu\/\">Les pites salen del confinamientu<\/a><span class=\"post-date\">01\/04\/2026<\/span><\/li>\n<li><a href=\"https:\/\/edublog.educastur.es\/ixuxu\/2026\/04\/proteccion-de-numberosos-animales-migratorios-de-tierra-mar-y-aire\/\">Protecci\u00f3n de numberosos animales migratorios de tierra, mar y aire.<\/a><span class=\"post-date\">01\/04\/2026<\/span><\/li>\n<li><a href=\"https:\/\/edublog.educastur.es\/ixuxu\/2026\/04\/70645\/\">Primer aviario p\u00fablicu dedic\u00e1u n\u2019esclusiva a la pita pinta<\/a><span class=\"post-date\">01\/04\/2026<\/span><\/li>\n<li><a href=\"https:\/\/edublog.educastur.es\/ixuxu\/2026\/04\/64765\/\">(sin t\u00edtulo)<\/a><span class=\"post-date\">01\/04\/2026<\/span><\/li>\n<li><a href=\"https:\/\/edublog.educastur.es\/ixuxu\/2026\/04\/la-artemis-ii-lleva-de-nuevu-al-ser-humanu-a-la-orbita-llunar\/\">La Artemis II lleva, de nuevu, al ser humanu a la \u00f3rbita llunar.<\/a><span class=\"post-date\">01\/04\/2026<\/span><\/li>\n<li><a href=\"https:\/\/edublog.educastur.es\/ixuxu\/2026\/04\/el-mierlu-comun-nerbatu-tordu\/\">El mierlu com\u00fan, \u00f1erbatu, tordu\u2026<\/a><span class=\"post-date\">01\/04\/2026<\/span><\/li>\n<li><a href=\"https:\/\/edublog.educastur.es\/ixuxu\/2026\/04\/en-selmana-de-ramos\/\">En Selmana de Ramos\u2026<\/a><span class=\"post-date\">01\/04\/2026<\/span><\/li>\n<li><a href=\"https:\/\/edublog.educastur.es\/ixuxu\/2026\/04\/pexes-dabril\/\">Pexes d\u2019abril<\/a><span class=\"post-date\">01\/04\/2026<\/span><\/li>\n<li><a href=\"https:\/\/edublog.educastur.es\/ixuxu\/2026\/04\/informe-climaticu-de-marzu\/\">Informe clim\u00e1ticu de marzu<\/a><span class=\"post-date\">01\/04\/2026<\/span><\/li>\n<li><a href=\"https:\/\/edublog.educastur.es\/ixuxu\/2026\/04\/70712\/\">Eventos astron\u00f3micos d\u2019abril<\/a><span class=\"post-date\">01\/04\/2026<\/span><\/li>\n<li><a href=\"https:\/\/edublog.educastur.es\/ixuxu\/2026\/04\/el-tiempu-el-comercio-301\/\">El tiempu (El Comercio)<\/a><span class=\"post-date\">01\/04\/2026<\/span><\/li>\n<li><a href=\"https:\/\/edublog.educastur.es\/ixuxu\/2026\/04\/70683\/\">(sin t\u00edtulo)<\/a><span class=\"post-date\">01\/04\/2026<\/span><\/li>\n<\/ul>\n","protected":false},"excerpt":{"rendered":"<p>Entradas recientes (sin t\u00edtulo)13\/04\/2026 The Asturianer 89 \u00abEl sua\u00f1u del osu\u00bb13\/04\/2026 El camb\u00e9u clim\u00e1ticu, una cuesti\u00f3n de sal\u00fa13\/04\/2026 Tania Pereira llanza\u2019l so discu m\u00e1s completu13\/04\/2026 Naz Raiga\u00f1u, grupu d\u2019agrofolk-rock13\/04\/2026 La restauraci\u00f3n del \u2018Mazo de Meredo\u2019, del sieglu XVIII13\/04\/2026 Obres d\u2019arte esp\u00f3nense nun pol\u00edgonu industrial13\/04\/2026 L\u2019astrof\u00edsica asturiana Noem\u00ed Pinilla\u202613\/04\/2026 Dende l\u2019espaciu\u202613\/04\/2026 Cartelu del D\u00eda del llibru [&hellip;]<\/p>\n","protected":false},"author":117,"featured_media":0,"parent":64866,"menu_order":0,"comment_status":"closed","ping_status":"closed","template":"","meta":{"footnotes":""},"class_list":["post-64881","page","type-page","status-publish","hentry"],"_links":{"self":[{"href":"https:\/\/edublog.educastur.es\/ixuxu\/wp-json\/wp\/v2\/pages\/64881","targetHints":{"allow":["GET"]}}],"collection":[{"href":"https:\/\/edublog.educastur.es\/ixuxu\/wp-json\/wp\/v2\/pages"}],"about":[{"href":"https:\/\/edublog.educastur.es\/ixuxu\/wp-json\/wp\/v2\/types\/page"}],"author":[{"embeddable":true,"href":"https:\/\/edublog.educastur.es\/ixuxu\/wp-json\/wp\/v2\/users\/117"}],"replies":[{"embeddable":true,"href":"https:\/\/edublog.educastur.es\/ixuxu\/wp-json\/wp\/v2\/comments?post=64881"}],"version-history":[{"count":2,"href":"https:\/\/edublog.educastur.es\/ixuxu\/wp-json\/wp\/v2\/pages\/64881\/revisions"}],"predecessor-version":[{"id":71713,"href":"https:\/\/edublog.educastur.es\/ixuxu\/wp-json\/wp\/v2\/pages\/64881\/revisions\/71713"}],"up":[{"embeddable":true,"href":"https:\/\/edublog.educastur.es\/ixuxu\/wp-json\/wp\/v2\/pages\/64866"}],"wp:attachment":[{"href":"https:\/\/edublog.educastur.es\/ixuxu\/wp-json\/wp\/v2\/media?parent=64881"}],"curies":[{"name":"wp","href":"https:\/\/api.w.org\/{rel}","templated":true}]}}