{"id":64901,"date":"2026-01-02T21:11:47","date_gmt":"2026-01-02T19:11:47","guid":{"rendered":"https:\/\/edublog.educastur.es\/ixuxu\/?page_id=64901"},"modified":"2026-01-02T21:12:14","modified_gmt":"2026-01-02T19:12:14","slug":"11_payares","status":"publish","type":"page","link":"https:\/\/edublog.educastur.es\/ixuxu\/archivu-blogue\/articulos\/2025-2\/11_payares\/","title":{"rendered":"11_Payares"},"content":{"rendered":"<ul>\n<li><a href=\"https:\/\/edublog.educastur.es\/ixuxu\/2025\/11\/les-noticies-del-domingu-30-de-payares-de-2025-nasturianu-tpanoticies\/\">Les noticies del domingu 30 de payares de 2025 n\u2019asturianu #TPANoticies<\/a><span class=\"post-date\">30\/11\/2025<\/span><\/li>\n<li><a href=\"https:\/\/edublog.educastur.es\/ixuxu\/2025\/11\/62673\/\">\u00abAmor qui\u00e9n te tuviera\u00bb Anabel Santiago<\/a><span class=\"post-date\">30\/11\/2025<\/span><\/li>\n<li><a href=\"https:\/\/edublog.educastur.es\/ixuxu\/2025\/11\/solo-maraviyosu-proyectu-musical-dalfredo-gonzalez\/\">\u00abS\u00f3lo\u00bb, maraviyosu proyectu musical d\u2019Alfredo Gonz\u00e1lez<\/a><span class=\"post-date\">30\/11\/2025<\/span><\/li>\n<li><a href=\"https:\/\/edublog.educastur.es\/ixuxu\/2025\/11\/villancicu-llego-la-navida-rapacina\/\">Villancicu: \u00abLleg\u00f3 la navid\u00e1\u00bb | Rapacina<\/a><span class=\"post-date\">30\/11\/2025<\/span><\/li>\n<li><a href=\"https:\/\/edublog.educastur.es\/ixuxu\/2025\/11\/fondures-un-poemariu-mineru\/\">\u00abFondures\u00bb, un poemariu mineru<\/a><span class=\"post-date\">30\/11\/2025<\/span><\/li>\n<li><a href=\"https:\/\/edublog.educastur.es\/ixuxu\/2025\/11\/poema-dalfredo-garay-2\/\">Poema d\u2019Alfredo Garay<\/a><span class=\"post-date\">30\/11\/2025<\/span><\/li>\n<li><a href=\"https:\/\/edublog.educastur.es\/ixuxu\/2025\/11\/prueba-de-conocencia-de-la-llingua-asturiana-sabadu-13-davientu-de-2025\/\">Prueba de conocencia de la llingua asturiana: S\u00e1badu, 13 d\u2019avientu de 2025<\/a><span class=\"post-date\">30\/11\/2025<\/span><\/li>\n<li><a href=\"https:\/\/edublog.educastur.es\/ixuxu\/2025\/11\/62507\/\">(sin t\u00edtulo)<\/a><span class=\"post-date\">30\/11\/2025<\/span><\/li>\n<li><a href=\"https:\/\/edublog.educastur.es\/ixuxu\/2025\/11\/la-navida-mas-cara-de-la-hestoria\/\">La Navid\u00e1 m\u00e1s cara de la hestoria<\/a><span class=\"post-date\">30\/11\/2025<\/span><\/li>\n<li><a href=\"https:\/\/edublog.educastur.es\/ixuxu\/2025\/11\/como-y-para-que-usen-la-ia-los-asturianos\/\">\u00bfC\u00f3mo y para qu\u00e9 usen la IA los asturianos?<\/a><span class=\"post-date\">30\/11\/2025<\/span><\/li>\n<li><a href=\"https:\/\/edublog.educastur.es\/ixuxu\/2025\/11\/asturies-refuerza-la-so-llucha-ambiental-sestaferia-pa-llimpiar-basura-en-redolaes-fluviales-dasturies\/\">Asturies refuerza la so llucha ambiental: sestaferia pa llimpiar basura en redolaes fluviales d\u2019Asturies<\/a><span class=\"post-date\">30\/11\/2025<\/span><\/li>\n<li><a href=\"https:\/\/edublog.educastur.es\/ixuxu\/2025\/11\/radiu-barullu-50-anos-de-cultura-asturiana\/\">Radiu Barullu: 50 a\u00f1os de cultura asturiana<\/a><span class=\"post-date\">30\/11\/2025<\/span><\/li>\n<li><a href=\"https:\/\/edublog.educastur.es\/ixuxu\/2025\/11\/dia-de-lacuicultura-2\/\">D\u00eda de l\u2019Acuicultura<\/a><span class=\"post-date\">30\/11\/2025<\/span><\/li>\n<li><a href=\"https:\/\/edublog.educastur.es\/ixuxu\/2025\/11\/el-tiempu-el-comercio-197\/\">El tiempu (El Comercio)<\/a><span class=\"post-date\">30\/11\/2025<\/span><\/li>\n<li><a href=\"https:\/\/edublog.educastur.es\/ixuxu\/2025\/11\/la-esperanza-de-vida-doblose-nun-sieglu\/\">La esperanza de vida dobl\u00f3se nun sieglu.<\/a><span class=\"post-date\">29\/11\/2025<\/span><\/li>\n<li><a href=\"https:\/\/edublog.educastur.es\/ixuxu\/2025\/11\/les-noticies-del-sabadu-29-de-payares-de-2025-nasturianu-tpanoticies\/\">Les noticies del s\u00e1badu 29 de payares de 2025 n\u2019asturianu #TPANoticies<\/a><span class=\"post-date\">29\/11\/2025<\/span><\/li>\n<li><a href=\"https:\/\/edublog.educastur.es\/ixuxu\/2025\/11\/primeros-pasos-sobrol-xelu\/\">Primeros pasos sobro\u2019l xelu<\/a><span class=\"post-date\">29\/11\/2025<\/span><\/li>\n<li><a href=\"https:\/\/edublog.educastur.es\/ixuxu\/2025\/11\/llanes-el-conceyu-mas-turisticu-dasturies\/\">Llanes, el conceyu m\u00e1s tur\u00edsticu d\u2019Asturies<\/a><span class=\"post-date\">29\/11\/2025<\/span><\/li>\n<li><a href=\"https:\/\/edublog.educastur.es\/ixuxu\/2025\/11\/uvieu-reivindica-un-simbolu-de-lasturiania\/\">Uvi\u00e9u reivindica un s\u00edmbolu de l\u2019asturian\u00eda: domingu 21 d\u2019avientu<\/a><span class=\"post-date\">29\/11\/2025<\/span><\/li>\n<li><a href=\"https:\/\/edublog.educastur.es\/ixuxu\/2025\/11\/x-aniversariu-de-gaiteros-del-carbon\/\">X Aniversariu de Gaiteros del Carb\u00f3n<\/a><span class=\"post-date\">29\/11\/2025<\/span><\/li>\n<li><a href=\"https:\/\/edublog.educastur.es\/ixuxu\/2025\/11\/cantar-el-solin-pel-hibierno\/\">Cantar: \u00abEl sol\u00edn pel hibierno\u00bb<\/a><span class=\"post-date\">29\/11\/2025<\/span><\/li>\n<li><a href=\"https:\/\/edublog.educastur.es\/ixuxu\/2025\/11\/62586\/\">Y\u00e1 ta en toles plataformes \u2018tiempu !\u2019, l\u2019\u00faltimu adelantu de Ferla Meg\u00eda<\/a><span class=\"post-date\">29\/11\/2025<\/span><\/li>\n<li><a href=\"https:\/\/edublog.educastur.es\/ixuxu\/2025\/11\/universal-plastic-meyor-startup-europea-deconomia-azul\/\">\u2018Universal Plastic\u2019, meyor startup europea d\u2019econom\u00eda azul<\/a><span class=\"post-date\">29\/11\/2025<\/span><\/li>\n<li><a href=\"https:\/\/edublog.educastur.es\/ixuxu\/2025\/11\/dia-de-compres-con-descuentos-nel-black-friday\/\">D\u00eda de compres con descuentos nel \u2018Black Friday\u2019<\/a><span class=\"post-date\">29\/11\/2025<\/span><\/li>\n<li><a href=\"https:\/\/edublog.educastur.es\/ixuxu\/2025\/11\/el-comerciu-asturianu-aumenta-les-ventes-un-14-y-lempleu-un-08-hasta-ochobre\/\">El comerciu asturianu aumenta les ventes un 1,4% y l\u2019empl\u00e9u un 0,8% hasta ochobre<\/a><span class=\"post-date\">29\/11\/2025<\/span><\/li>\n<li><a href=\"https:\/\/edublog.educastur.es\/ixuxu\/2025\/11\/62500\/\">(sin t\u00edtulo)<\/a><span class=\"post-date\">29\/11\/2025<\/span><\/li>\n<li><a href=\"https:\/\/edublog.educastur.es\/ixuxu\/2025\/11\/faite-un-reel-antes-del-12-davientu\/\">\u201cFaite un reel\u201d rellacion\u00e1u col mundu de los reptiles, antes del 12 d\u2019avientu<\/a><span class=\"post-date\">29\/11\/2025<\/span><\/li>\n<li><a href=\"https:\/\/edublog.educastur.es\/ixuxu\/2025\/11\/llana-doveya-xalda-para-curiar-los-pies\/\">Llana d\u2019oveya xalda para curiar los pies.<\/a><span class=\"post-date\">29\/11\/2025<\/span><\/li>\n<li><a href=\"https:\/\/edublog.educastur.es\/ixuxu\/2025\/11\/lusu-de-dispositivos-dixitales-nos-centros\/\">L\u2019usu de dispositivos dixitales nos centros<\/a><span class=\"post-date\">29\/11\/2025<\/span><\/li>\n<li><a href=\"https:\/\/edublog.educastur.es\/ixuxu\/2025\/11\/inventos-revolucionarios\/\">\u00abInventos revolucionarios\u00bb<\/a><span class=\"post-date\">29\/11\/2025<\/span><\/li>\n<li><a href=\"https:\/\/edublog.educastur.es\/ixuxu\/2025\/11\/62511\/\">(sin t\u00edtulo)<\/a><span class=\"post-date\">29\/11\/2025<\/span><\/li>\n<li><a href=\"https:\/\/edublog.educastur.es\/ixuxu\/2025\/11\/selmana-del-datu-del-1-al-5-davientu\/\">Selmana del Datu, del 1 al 5 d\u2019avientu<\/a><span class=\"post-date\">29\/11\/2025<\/span><\/li>\n<li><a href=\"https:\/\/edublog.educastur.es\/ixuxu\/2025\/11\/poema-construyir-una-vida\/\">Poema \u00abConstruyir una vida\u00bb<\/a><span class=\"post-date\">29\/11\/2025<\/span><\/li>\n<li><a href=\"https:\/\/edublog.educastur.es\/ixuxu\/2025\/11\/asturies-suma-dos-pueblos-maxicos\/\">Asturies suma dos pueblos \u2018m\u00e1xicos\u2019: Navia y Cua\u00f1a.<\/a><span class=\"post-date\">29\/11\/2025<\/span><\/li>\n<li><a href=\"https:\/\/edublog.educastur.es\/ixuxu\/2025\/11\/ves-esi-puntin-de-lluz\/\">\u00bfVes esi punt\u00edn de lluz? Ye Asturies\u2026<\/a><span class=\"post-date\">29\/11\/2025<\/span><\/li>\n<li><a href=\"https:\/\/edublog.educastur.es\/ixuxu\/2025\/11\/sabados-a-les-10-de-la-manana-na-tpa\/\">S\u00e1bados, a les 10 de la ma\u00f1ana, na TPA<\/a><span class=\"post-date\">29\/11\/2025<\/span><\/li>\n<li><a href=\"https:\/\/edublog.educastur.es\/ixuxu\/2025\/11\/dia-internacional-del-xaguar\/\">D\u00eda Internacional del Xaguar<\/a><span class=\"post-date\">29\/11\/2025<\/span><\/li>\n<li><a href=\"https:\/\/edublog.educastur.es\/ixuxu\/2025\/11\/62455\/\">Ponte d\u2019avientu con nieve<\/a><span class=\"post-date\">29\/11\/2025<\/span><\/li>\n<li><a href=\"https:\/\/edublog.educastur.es\/ixuxu\/2025\/11\/les-noticies-del-vienres-28-de-payares-de-2025-nasturianu-tpanoticies\/\">Les noticies del vienres 28 de payares de 2025 n\u2019asturianu #TPANoticies<\/a><span class=\"post-date\">28\/11\/2025<\/span><\/li>\n<li><a href=\"https:\/\/edublog.educastur.es\/ixuxu\/2025\/11\/62440\/\">Inauguraos los mercaos de Navid\u00e1 d\u2019Uvi\u00e9u<\/a><span class=\"post-date\">28\/11\/2025<\/span><\/li>\n<li><a href=\"https:\/\/edublog.educastur.es\/ixuxu\/2025\/11\/talleres-pa-repensar-el-patrimoniu-29-y-30-de-payares\/\">Talleres pa repensar el patrimoniu: 29 y 30 de payares<\/a><span class=\"post-date\">28\/11\/2025<\/span><\/li>\n<li><a href=\"https:\/\/edublog.educastur.es\/ixuxu\/2025\/11\/62472\/\">(sin t\u00edtulo)<\/a><span class=\"post-date\">28\/11\/2025<\/span><\/li>\n<li><a href=\"https:\/\/edublog.educastur.es\/ixuxu\/2025\/11\/villancicu-los-tres-reis-2\/\">Villancicu \u00abLos tres Reis\u00bb<\/a><span class=\"post-date\">28\/11\/2025<\/span><\/li>\n<li><a href=\"https:\/\/edublog.educastur.es\/ixuxu\/2025\/11\/trailer-de-la-serie-los-xuegos-de-la-fame-en-somiedu\/\">Trailer de la serie \u00abLos xuegos de la fame\u00bb en Somiedu<\/a><span class=\"post-date\">28\/11\/2025<\/span><\/li>\n<li><a href=\"https:\/\/edublog.educastur.es\/ixuxu\/2025\/11\/dia-del-mediterraneo\/\">D\u00eda del Mediterr\u00e1neo<\/a><span class=\"post-date\">28\/11\/2025<\/span><\/li>\n<li><a href=\"https:\/\/edublog.educastur.es\/ixuxu\/2025\/11\/62435\/\">Tiempu\u2026<\/a><span class=\"post-date\">28\/11\/2025<\/span><\/li>\n<li><a href=\"https:\/\/edublog.educastur.es\/ixuxu\/2025\/11\/estau-del-tiempu-vienres-28-de-payares\/\">Est\u00e1u del tiempu: vienres 28 de payares<\/a><span class=\"post-date\">28\/11\/2025<\/span><\/li>\n<li><a href=\"https:\/\/edublog.educastur.es\/ixuxu\/2025\/11\/el-tiempu-el-comercio-196\/\">El tiempu (El Comercio)<\/a><span class=\"post-date\">28\/11\/2025<\/span><\/li>\n<li><a href=\"https:\/\/edublog.educastur.es\/ixuxu\/2025\/11\/cultura-entrega-mananal-ii-premiu-dasturianada-obdulia-alvarez-la-busdonga\/\">Cultura entrega\u2019l II Premiu d\u2019Asturianada\u00a0Obdulia \u00c1lvarez La Busdonga<\/a><span class=\"post-date\">27\/11\/2025<\/span><\/li>\n<li><a href=\"https:\/\/edublog.educastur.es\/ixuxu\/2025\/11\/reclamacion-de-la-especialida-dasturianu\/\">Reclamaci\u00f3n de la Especialid\u00e1 d\u2019asturianu<\/a><span class=\"post-date\">27\/11\/2025<\/span><\/li>\n<li><a href=\"https:\/\/edublog.educastur.es\/ixuxu\/2025\/11\/62518\/\">(sin t\u00edtulo)<\/a><span class=\"post-date\">27\/11\/2025<\/span><\/li>\n<li><a href=\"https:\/\/edublog.educastur.es\/ixuxu\/2025\/11\/dia-de-los-mayestros\/\">D\u00eda de los mayestros<\/a><span class=\"post-date\">27\/11\/2025<\/span><\/li>\n<li><a href=\"https:\/\/edublog.educastur.es\/ixuxu\/2025\/11\/estau-del-tiempu-xueves-27-de-payares\/\">Est\u00e1u del tiempu: xueves 27 de payares<\/a><span class=\"post-date\">27\/11\/2025<\/span><\/li>\n<li><a href=\"https:\/\/edublog.educastur.es\/ixuxu\/2025\/11\/el-tiempu-el-comercio-195\/\">El tiempu (El Comercio)<\/a><span class=\"post-date\">27\/11\/2025<\/span><\/li>\n<li><a href=\"https:\/\/edublog.educastur.es\/ixuxu\/2025\/11\/reunion-de-la-conseyera-cola-ministra-deducacion-en-madrid\/\">Reuni\u00f3n de la Conseyera cola Ministra d\u2019Educaci\u00f3n, en Madrid<\/a><span class=\"post-date\">26\/11\/2025<\/span><\/li>\n<li><a href=\"https:\/\/edublog.educastur.es\/ixuxu\/2025\/11\/esti-sabadu-29-de-payares-en-porrua-llanes\/\">Esti s\u00e1badu 29 de payares, en Porr\u00faa (Llanes)<\/a><span class=\"post-date\">26\/11\/2025<\/span><\/li>\n<li><a href=\"https:\/\/edublog.educastur.es\/ixuxu\/2025\/11\/dia-mundial-del-tresporte-sostenible-2\/\">D\u00eda Mundial del Tresporte Sostenible<\/a><span class=\"post-date\">26\/11\/2025<\/span><\/li>\n<li><a href=\"https:\/\/edublog.educastur.es\/ixuxu\/2025\/11\/el-tiempu-el-comercio-194\/\">El tiempu (El Comercio)<\/a><span class=\"post-date\">26\/11\/2025<\/span><\/li>\n<li><a href=\"https:\/\/edublog.educastur.es\/ixuxu\/2025\/11\/navientu-aboindes-precipitaciones\/\">N\u2019avientu, aboindes precipitaciones\u2026<\/a><span class=\"post-date\">26\/11\/2025<\/span><\/li>\n<li><a href=\"https:\/\/edublog.educastur.es\/ixuxu\/2025\/11\/62128\/\">(sin t\u00edtulo)<\/a><span class=\"post-date\">25\/11\/2025<\/span><\/li>\n<li><a href=\"https:\/\/edublog.educastur.es\/ixuxu\/2025\/11\/localitu\/\">L\u2019ocalitu<\/a><span class=\"post-date\">25\/11\/2025<\/span><\/li>\n<li><a href=\"https:\/\/edublog.educastur.es\/ixuxu\/2025\/11\/conceyu-nel-monte\/\">\u00abConceyu nel monte\u00bb<\/a><span class=\"post-date\">25\/11\/2025<\/span><\/li>\n<li><a href=\"https:\/\/edublog.educastur.es\/ixuxu\/2025\/11\/artesania-paz-mesa-falanos-del-bidul-un-chal-de-llana-merino-y-seda\/\">Artesan\u00eda: Paz Mesa f\u00e1lanos del \u00abBidul\u00bb, un chal de llana merino y seda<\/a><span class=\"post-date\">25\/11\/2025<\/span><\/li>\n<li><a href=\"https:\/\/edublog.educastur.es\/ixuxu\/2025\/11\/el-conceyu-duvieu-tien-quusar-y-defender-la-toponimia-oficial\/\">El Conceyu d\u2019Uvi\u00e9u tien qu\u2019usar y defender la toponimia oficial<\/a><span class=\"post-date\">25\/11\/2025<\/span><\/li>\n<li><a href=\"https:\/\/edublog.educastur.es\/ixuxu\/2025\/11\/cantar-companera-dame-tira\/\">Cantar: \u00abCompa\u00f1era, dame tira\u00bb<\/a><span class=\"post-date\">25\/11\/2025<\/span><\/li>\n<li><a href=\"https:\/\/edublog.educastur.es\/ixuxu\/2025\/11\/dia-internacional-escontra-la-violencia-machista\/\">D\u00eda Internacional Escontra la Violencia Machista (IN)VISIBLE<\/a><span class=\"post-date\">25\/11\/2025<\/span><\/li>\n<li><a href=\"https:\/\/edublog.educastur.es\/ixuxu\/2025\/11\/25n-actividaes-pa-trabayar-nes-aules\/\">25N: Activid\u00e1es pal centru<\/a><span class=\"post-date\">25\/11\/2025<\/span><\/li>\n<li><a href=\"https:\/\/edublog.educastur.es\/ixuxu\/2025\/11\/vanesa-fernandez-la-nueva-directora-xeneral-digualda-dasturies\/\">Vanesa Fern\u00e1ndez, la nueva directora xeneral d\u2019Iguald\u00e1 d\u2019Asturies<\/a><span class=\"post-date\">25\/11\/2025<\/span><\/li>\n<li><a href=\"https:\/\/edublog.educastur.es\/ixuxu\/2025\/11\/25n-campana-para-visibilizar-y-prevenir-la-violencia-contra-les-muyeres-mayores\/\">25N Campa\u00f1a para visibilizar y prevenir la violencia contra les muyeres mayores<\/a><span class=\"post-date\">25\/11\/2025<\/span><\/li>\n<li><a href=\"https:\/\/edublog.educastur.es\/ixuxu\/2025\/11\/61758\/\">25N: Propuestes did\u00e1ctiques pal D\u00eda Internacional de la Eliminaci\u00f3n de la Violencia contra la Muyer<\/a><span class=\"post-date\">25\/11\/2025<\/span><\/li>\n<li><a href=\"https:\/\/edublog.educastur.es\/ixuxu\/2025\/11\/dia-internacional-contra-la-violencia-escontra-les-muyeres-2\/\">D\u00eda Internacional contra la Violencia escontra les Muyeres<\/a><span class=\"post-date\">25\/11\/2025<\/span><\/li>\n<li><a href=\"https:\/\/edublog.educastur.es\/ixuxu\/2025\/11\/nin-una-menos\/\">Nin una menos\u2026<\/a><span class=\"post-date\">25\/11\/2025<\/span><\/li>\n<li><a href=\"https:\/\/edublog.educastur.es\/ixuxu\/2025\/11\/el-tiempu-el-comercio-193\/\">El tiempu (El Comercio)<\/a><span class=\"post-date\">25\/11\/2025<\/span><\/li>\n<li><a href=\"https:\/\/edublog.educastur.es\/ixuxu\/2025\/11\/les-noticies-del-llunes-24-de-payares-de-2025-nasturianu-tpanoticiesicial\/\">Les noticies del llunes 24 de payares de 2025 n\u2019asturianu #TPANoticiesicial<\/a><span class=\"post-date\">24\/11\/2025<\/span><\/li>\n<li><a href=\"https:\/\/edublog.educastur.es\/ixuxu\/2025\/11\/les-dos-estaciones-asturianes-desqui-esperen-poder-abrir-el-xueves\/\">Les dos estaciones asturianes d\u2019esqu\u00ed esperen poder abrir el xueves<\/a><span class=\"post-date\">24\/11\/2025<\/span><\/li>\n<li><a href=\"https:\/\/edublog.educastur.es\/ixuxu\/2025\/11\/62126\/\">(sin t\u00edtulo)<\/a><span class=\"post-date\">24\/11\/2025<\/span><\/li>\n<li><a href=\"https:\/\/edublog.educastur.es\/ixuxu\/2025\/11\/liviernu-ya-llego\/\">L\u2019iviernu y\u00e1 lleg\u00f3<\/a><span class=\"post-date\">24\/11\/2025<\/span><\/li>\n<li><a href=\"https:\/\/edublog.educastur.es\/ixuxu\/2025\/11\/guilandeiros-de-san-xuan-de-villapanada-grau\/\">Und\u00e9cimu Aguilandeiros de San Xuan de Villapa\u00f1ada, Grau<\/a><span class=\"post-date\">24\/11\/2025<\/span><\/li>\n<li><a href=\"https:\/\/edublog.educastur.es\/ixuxu\/2025\/11\/cantar-pausa-activa-de-maestrin-astur\/\">Cantar: \u00abPausa activa\u00bb de Maestr\u00edn Astur<\/a><span class=\"post-date\">24\/11\/2025<\/span><\/li>\n<li><a href=\"https:\/\/edublog.educastur.es\/ixuxu\/2025\/11\/candidatures-viii-premiu-pola-paz-carmen-ruiz-tilve\/\">Candidatures VIII Premiu pola Paz \u00abCarmen Ruiz-Tilve\u00bb<\/a><span class=\"post-date\">24\/11\/2025<\/span><\/li>\n<li><a href=\"https:\/\/edublog.educastur.es\/ixuxu\/2025\/11\/nasturlliones-llume-y-fueu-son-sinonimos\/\">N\u2019asturllion\u00e9s\u00a0llume\u00a0y\u00a0fueu\u00a0son sin\u00f3nimos<\/a><span class=\"post-date\">24\/11\/2025<\/span><\/li>\n<li><a href=\"https:\/\/edublog.educastur.es\/ixuxu\/2025\/11\/estau-del-tiempu-llunes-24-de-payares\/\">Est\u00e1u del tiempu: llunes 24 de payares<\/a><span class=\"post-date\">24\/11\/2025<\/span><\/li>\n<li><a href=\"https:\/\/edublog.educastur.es\/ixuxu\/2025\/11\/munay\/\">\u00abMunay\u00bb<\/a><span class=\"post-date\">23\/11\/2025<\/span><\/li>\n<li><a href=\"https:\/\/edublog.educastur.es\/ixuxu\/2025\/11\/ya-queda-poco-pa-les-mazcaraes-diviernu\/\">Y\u00e1 queda poco pa les mazcar\u00e1es d\u2019iviernu<\/a><span class=\"post-date\">23\/11\/2025<\/span><\/li>\n<li><a href=\"https:\/\/edublog.educastur.es\/ixuxu\/2025\/11\/xuegu-asturies-na-historia\/\">Xuegu: \u00abAsturies na Historia\u00bb<\/a><span class=\"post-date\">23\/11\/2025<\/span><\/li>\n<li><a href=\"https:\/\/edublog.educastur.es\/ixuxu\/2025\/11\/anima-voices-gana-presencia-nel-panorama-internacional\/\">\u00c1nima Voices gana presencia nel panorama internacional<\/a><span class=\"post-date\">23\/11\/2025<\/span><\/li>\n<li><a href=\"https:\/\/edublog.educastur.es\/ixuxu\/2025\/11\/sabies-quasturies\/\">\u00bfSab\u00edes qu\u2019Asturies\u2026?<\/a><span class=\"post-date\">23\/11\/2025<\/span><\/li>\n<li><a href=\"https:\/\/edublog.educastur.es\/ixuxu\/2025\/11\/nasturies-van-poner-llende-maxima-de-100-per-hora-nautopistes-y-autovies\/\">N\u2019Asturies van poner llende m\u00e1xima de 100 per hora n\u2019autopistes y autov\u00edes<\/a><span class=\"post-date\">23\/11\/2025<\/span><\/li>\n<li><a href=\"https:\/\/edublog.educastur.es\/ixuxu\/2025\/11\/taller-daveramientu-al-baille-tradicional-asturianu\/\">Taller d\u2019averamientu al baille tradicional asturianu<\/a><span class=\"post-date\">23\/11\/2025<\/span><\/li>\n<li><a href=\"https:\/\/edublog.educastur.es\/ixuxu\/2025\/11\/62204\/\">(sin t\u00edtulo)<\/a><span class=\"post-date\">23\/11\/2025<\/span><\/li>\n<li><a href=\"https:\/\/edublog.educastur.es\/ixuxu\/2025\/11\/los-cubos-de-la-memoria-recuperen-color-en-llanes\/\">Los Cubos de la Memoria recuperen color en Llanes<\/a><span class=\"post-date\">23\/11\/2025<\/span><\/li>\n<li><a href=\"https:\/\/edublog.educastur.es\/ixuxu\/2025\/11\/el-confinamientu-xubel-costu-de-la-cria-de-pitos-de-caleya\/\">El confinamientu xube\u2019l costu de la cr\u00eda de pitos de caleya<\/a><span class=\"post-date\">23\/11\/2025<\/span><\/li>\n<li><a href=\"https:\/\/edublog.educastur.es\/ixuxu\/2025\/11\/nomes-nasturianu\/\">10 Nomes n\u2019asturianu<\/a><span class=\"post-date\">23\/11\/2025<\/span><\/li>\n<li><a href=\"https:\/\/edublog.educastur.es\/ixuxu\/2025\/11\/reclamacion-sobro-la-toponimia\/\">Reclamaci\u00f3n sobro la toponimia<\/a><span class=\"post-date\">23\/11\/2025<\/span><\/li>\n<li><a href=\"https:\/\/edublog.educastur.es\/ixuxu\/2025\/11\/familia-con-perrin-cabranes\/\">Familia con perr\u00edn, Cabranes<\/a><span class=\"post-date\">23\/11\/2025<\/span><\/li>\n<li><a href=\"https:\/\/edublog.educastur.es\/ixuxu\/2025\/11\/la-unesco-axunta-a-ministros-deducacion-para-definir-les-competencies-del-futuru\/\">La UNESCO axunta a ministros d\u2019Educaci\u00f3n para definir les competencies del futuru<\/a><span class=\"post-date\">23\/11\/2025<\/span><\/li>\n<li><a href=\"https:\/\/edublog.educastur.es\/ixuxu\/2025\/11\/amanecer-en-santa-maria-del-mar\/\">Amanecer en Santa Mar\u00eda del Mar.<\/a><span class=\"post-date\">23\/11\/2025<\/span><\/li>\n<li><a href=\"https:\/\/edublog.educastur.es\/ixuxu\/2025\/11\/amanecer-en-les-arriondes\/\">Amanecer dende la Sierra de El Sueve<\/a><span class=\"post-date\">23\/11\/2025<\/span><\/li>\n<li><a href=\"https:\/\/edublog.educastur.es\/ixuxu\/2025\/11\/el-tiempu-el-comercio-192\/\">El tiempu (El Comercio)<\/a><span class=\"post-date\">23\/11\/2025<\/span><\/li>\n<li><a href=\"https:\/\/edublog.educastur.es\/ixuxu\/2025\/11\/oseya-de-sayambre-llion\/\">Oseya de Sayambre (Lli\u00f3n)<\/a><span class=\"post-date\">22\/11\/2025<\/span><\/li>\n<li><a href=\"https:\/\/edublog.educastur.es\/ixuxu\/2025\/11\/alcuentra-les-7-diferencies\/\">Alcuentra les siete diferencies\u2026<\/a><span class=\"post-date\">22\/11\/2025<\/span><\/li>\n<li><a href=\"https:\/\/edublog.educastur.es\/ixuxu\/2025\/11\/62103\/\">(sin t\u00edtulo)<\/a><span class=\"post-date\">22\/11\/2025<\/span><\/li>\n<li><a href=\"https:\/\/edublog.educastur.es\/ixuxu\/2025\/11\/xeneraciones\/\">Xeneraciones\u2026<\/a><span class=\"post-date\">22\/11\/2025<\/span><\/li>\n<li><a href=\"https:\/\/edublog.educastur.es\/ixuxu\/2025\/11\/los-casos-dacosu-y-agresion-al-profesorau\/\">Los casos d\u2019acosu y agresi\u00f3n al profesor\u00e1u<\/a><span class=\"post-date\">22\/11\/2025<\/span><\/li>\n<li><a href=\"https:\/\/edublog.educastur.es\/ixuxu\/2025\/11\/xii-doble-milla-solidaria-rettando-al-sindrome-de-rett\/\">XII Doble Milla Solidaria \u201cRettando al S\u00edndrome de Rett\u201d: 23 de payares<\/a><span class=\"post-date\">22\/11\/2025<\/span><\/li>\n<li><a href=\"https:\/\/edublog.educastur.es\/ixuxu\/2025\/11\/pola-universida-publica-nasturies\/\">Pola Universid\u00e1 p\u00fablica n\u2019Asturies<\/a><span class=\"post-date\">22\/11\/2025<\/span><\/li>\n<li><a href=\"https:\/\/edublog.educastur.es\/ixuxu\/2025\/11\/62047\/\">L\u2019Abeya Maya, na TPA<\/a><span class=\"post-date\">22\/11\/2025<\/span><\/li>\n<li><a href=\"https:\/\/edublog.educastur.es\/ixuxu\/2025\/11\/fai-un-cutu\/\">\u00abFai un cutu\u00bb<\/a><span class=\"post-date\">22\/11\/2025<\/span><\/li>\n<li><a href=\"https:\/\/edublog.educastur.es\/ixuxu\/2025\/11\/62076\/\">(sin t\u00edtulo)<\/a><span class=\"post-date\">22\/11\/2025<\/span><\/li>\n<li><a href=\"https:\/\/edublog.educastur.es\/ixuxu\/2025\/11\/dia-mundial-de-la-musica\/\">D\u00eda Mundial de la M\u00fasica y de los m\u00fasicos<\/a><span class=\"post-date\">22\/11\/2025<\/span><\/li>\n<li><a href=\"https:\/\/edublog.educastur.es\/ixuxu\/2025\/11\/panando-pulpu\/\">Pa\u00f1ando pulpu<\/a><span class=\"post-date\">22\/11\/2025<\/span><\/li>\n<li><a href=\"https:\/\/edublog.educastur.es\/ixuxu\/2025\/11\/dia-mundial-de-la-pesca\/\">D\u00eda Mundial de la Pesca.<\/a><span class=\"post-date\">22\/11\/2025<\/span><\/li>\n<li><a href=\"https:\/\/edublog.educastur.es\/ixuxu\/2025\/11\/tiempu-nespana-pa-la-selmana-viniente\/\">Tiempu n\u2019Espa\u00f1a pa la selmana viniente<\/a><span class=\"post-date\">22\/11\/2025<\/span><\/li>\n<li><a href=\"https:\/\/edublog.educastur.es\/ixuxu\/2025\/11\/el-tiempu-el-comercio-191\/\">El tiempu (El Comercio)<\/a><span class=\"post-date\">22\/11\/2025<\/span><\/li>\n<li><a href=\"https:\/\/edublog.educastur.es\/ixuxu\/2025\/11\/sotres-atrai-a-decenes-de-visitantes\/\">Sotres atr\u00e1i a decenes de visitantes<\/a><span class=\"post-date\">21\/11\/2025<\/span><\/li>\n<li><a href=\"https:\/\/edublog.educastur.es\/ixuxu\/2025\/11\/serondeando-nasturies\/\">Serondeando n\u2019Asturies<\/a><span class=\"post-date\">21\/11\/2025<\/span><\/li>\n<li><a href=\"https:\/\/edublog.educastur.es\/ixuxu\/2025\/11\/les-noticies-del-vienres-21-de-payares-de-2025-nasturianu-tpanoticies\/\">Les noticies del vienres 21 de payares de 2025 n\u2019asturianu #TPANoticies<\/a><span class=\"post-date\">21\/11\/2025<\/span><\/li>\n<li><a href=\"https:\/\/edublog.educastur.es\/ixuxu\/2025\/11\/accidente-mortal-na-mina\/\">Muerren dos trabayadores nun nuevu accidente mineru n\u2019Asturies<\/a><span class=\"post-date\">21\/11\/2025<\/span><\/li>\n<li><a href=\"https:\/\/edublog.educastur.es\/ixuxu\/2025\/11\/espectacular-atapecer-del-21-de-payares\/\">Espectacular atapecer del 21 de payares<\/a><span class=\"post-date\">21\/11\/2025<\/span><\/li>\n<li><a href=\"https:\/\/edublog.educastur.es\/ixuxu\/2025\/11\/primeres-nieves-nasturies\/\">Primeres nieves n\u2019Asturies<\/a><span class=\"post-date\">21\/11\/2025<\/span><\/li>\n<li><a href=\"https:\/\/edublog.educastur.es\/ixuxu\/2025\/11\/cuenques-hidrografiques-na-peninsula-iberica\/\">Cuenques Hidrogr\u00e1fiques na Pen\u00ednsula Ib\u00e9rica<\/a><span class=\"post-date\">21\/11\/2025<\/span><\/li>\n<li><a href=\"https:\/\/edublog.educastur.es\/ixuxu\/2025\/11\/lamaguestu-nel-colexu-carmen-ruiz-tilve-de-la-corredoria\/\">L\u2019amag\u00fcestu nel colexu Carmen Ruiz-Tilve de La Corredoria<\/a><span class=\"post-date\">21\/11\/2025<\/span><\/li>\n<li><a href=\"https:\/\/edublog.educastur.es\/ixuxu\/2025\/11\/lamaguestu-2025-nel-colexu-carmen-ruiz-tilve\/\">L\u2019amag\u00fcestu 2025 nel colexu Carmen Ruiz-Tilve<\/a><span class=\"post-date\">21\/11\/2025<\/span><\/li>\n<li><a href=\"https:\/\/edublog.educastur.es\/ixuxu\/2025\/11\/pregon-del-amaguestu-2025\/\">Preg\u00f3n del Amag\u00fcestu 2025<\/a><span class=\"post-date\">21\/11\/2025<\/span><\/li>\n<li><a href=\"https:\/\/edublog.educastur.es\/ixuxu\/2025\/11\/61864\/\">(sin t\u00edtulo)<\/a><span class=\"post-date\">21\/11\/2025<\/span><\/li>\n<li><a href=\"https:\/\/edublog.educastur.es\/ixuxu\/2025\/11\/62224\/\">(sin t\u00edtulo)<\/a><span class=\"post-date\">21\/11\/2025<\/span><\/li>\n<li><a href=\"https:\/\/edublog.educastur.es\/ixuxu\/2025\/11\/amaguestos-per-asturies\/\">Amag\u00fcestos per Asturies<\/a><span class=\"post-date\">21\/11\/2025<\/span><\/li>\n<li><a href=\"https:\/\/edublog.educastur.es\/ixuxu\/2025\/11\/cnatar-infantil-del-amaguestu-nasturianu\/\">Cantar infantil del amag\u00fcestu n\u2019asturianu<\/a><span class=\"post-date\">21\/11\/2025<\/span><\/li>\n<li><a href=\"https:\/\/edublog.educastur.es\/ixuxu\/2025\/11\/62214\/\">D\u00eda Mundial de la Pesca<\/a><span class=\"post-date\">21\/11\/2025<\/span><\/li>\n<li><a href=\"https:\/\/edublog.educastur.es\/ixuxu\/2025\/11\/estau-del-tiempu-vienres-21-de-payares\/\">Est\u00e1u del tiempu: vienres 21 de payares<\/a><span class=\"post-date\">21\/11\/2025<\/span><\/li>\n<li><a href=\"https:\/\/edublog.educastur.es\/ixuxu\/2025\/11\/el-tiempu-el-comercio-190\/\">El tiempu (El Comercio)<\/a><span class=\"post-date\">21\/11\/2025<\/span><\/li>\n<li><a href=\"https:\/\/edublog.educastur.es\/ixuxu\/2025\/11\/el-puertu-de-payares-atopase-zarrau-a-la-circulacion-de-vehiculos-pesaos\/\">El puertu de Payares at\u00f3pase zarr\u00e1u a la circulaci\u00f3n de veh\u00edculos pesaos<\/a><span class=\"post-date\">21\/11\/2025<\/span><\/li>\n<li><a href=\"https:\/\/edublog.educastur.es\/ixuxu\/2025\/11\/sotres-cubiertu-de-blancu\/\">Sotres cubiertu de blancu<\/a><span class=\"post-date\">20\/11\/2025<\/span><\/li>\n<li><a href=\"https:\/\/edublog.educastur.es\/ixuxu\/2025\/11\/les-noticies-del-xueves-20-de-payares-de-2025-nasturianu-tpanoticies\/\">Les noticies del xueves 20 de payares de 2025 n\u2019asturianu #TPANoticies<\/a><span class=\"post-date\">20\/11\/2025<\/span><\/li>\n<li><a href=\"https:\/\/edublog.educastur.es\/ixuxu\/2025\/11\/61946\/\">Est\u00e1u del tiempu a \u00faltima hora: La nieve y\u00e1 ta n\u2019Asturies.<\/a><span class=\"post-date\">20\/11\/2025<\/span><\/li>\n<li><a href=\"https:\/\/edublog.educastur.es\/ixuxu\/2025\/11\/presentacion-doble-de-dos-poemarios-nasturianu\/\">Presentaci\u00f3n doble de dos poemarios n\u2019asturianu<\/a><span class=\"post-date\">20\/11\/2025<\/span><\/li>\n<li><a href=\"https:\/\/edublog.educastur.es\/ixuxu\/2025\/11\/lies-la-florida-nel-cursu-2026-2027-va-ser-ya-ies-xuan-bello\/\">L\u2019IES La Florida, nel cursu 2026\/2027 va ser y\u00e1 IES Xuan Bello<\/a><span class=\"post-date\">20\/11\/2025<\/span><\/li>\n<li><a href=\"https:\/\/edublog.educastur.es\/ixuxu\/2025\/11\/61803\/\">(sin t\u00edtulo)<\/a><span class=\"post-date\">20\/11\/2025<\/span><\/li>\n<li><a href=\"https:\/\/edublog.educastur.es\/ixuxu\/2025\/11\/vineta-pa-gustos-hai-golores\/\">Vi\u00f1eta. \u00abPa gustos hai golores\u00bb<\/a><span class=\"post-date\">20\/11\/2025<\/span><\/li>\n<li><a href=\"https:\/\/edublog.educastur.es\/ixuxu\/2025\/11\/que-ye-obligatorio-llevar-nel-coche\/\">\u00bfQu\u00e9 ye obligatorio llevar nel coche?<\/a><span class=\"post-date\">20\/11\/2025<\/span><\/li>\n<li><a href=\"https:\/\/edublog.educastur.es\/ixuxu\/2025\/11\/vuelve-la-esbilla\/\">Vuelve la esbilla\u2019l s\u00e1badu 29 de payares<\/a><span class=\"post-date\">20\/11\/2025<\/span><\/li>\n<li><a href=\"https:\/\/edublog.educastur.es\/ixuxu\/2025\/11\/62336\/\">Radio: preparando l\u2019amag\u00fcestu nel cole<\/a><span class=\"post-date\">20\/11\/2025<\/span><\/li>\n<li><a href=\"https:\/\/edublog.educastur.es\/ixuxu\/2025\/11\/cantar-el-tiempu-ta-xugando\/\">Cantar \u00abEl tiempu ta xugando\u00bb<\/a><span class=\"post-date\">20\/11\/2025<\/span><\/li>\n<li><a href=\"https:\/\/edublog.educastur.es\/ixuxu\/2025\/11\/visites-guiaes-por-efren-dandres\/\">\u00abVisites guiaes\u00bb por Efr\u00e9n d\u2019Andr\u00e9s<\/a><span class=\"post-date\">20\/11\/2025<\/span><\/li>\n<li><a href=\"https:\/\/edublog.educastur.es\/ixuxu\/2025\/11\/shes-got-a-biz-guia-para-educar-nemprendimiento-a-les-muyeres-del-futuru\/\">She\u00b4s Got a Biz: Gu\u00eda para educar n\u2019emprendimiento a les muyeres del futuru.<\/a><span class=\"post-date\">20\/11\/2025<\/span><\/li>\n<li><a href=\"https:\/\/edublog.educastur.es\/ixuxu\/2025\/11\/vii-ciberliga-pa-formar-al-alumnau-en-cibersegurida-informatica\/\">VII Ciberliga pa formar al alumn\u00e1u en cibersegurid\u00e1 inform\u00e1tica<\/a><span class=\"post-date\">20\/11\/2025<\/span><\/li>\n<li><a href=\"https:\/\/edublog.educastur.es\/ixuxu\/2025\/11\/protexer-la-biodiversida-ye-protexer-la-salu-del-planeta-y-nuesa-salu\/\">Protexer la biodiversid\u00e1 ye protexer la sal\u00fa del planeta y nuesa sal\u00fa<\/a><span class=\"post-date\">20\/11\/2025<\/span><\/li>\n<li><a href=\"https:\/\/edublog.educastur.es\/ixuxu\/2025\/11\/cultura-refuerza-la-proteccion-de-menores-nos-xuegos-deportivos\/\">Cultura refuerza la protecci\u00f3n de menores nos Xuegos Deportivos<\/a><span class=\"post-date\">20\/11\/2025<\/span><\/li>\n<li><a href=\"https:\/\/edublog.educastur.es\/ixuxu\/2025\/11\/dia-mundial-de-la-infancia-na-tpa\/\">D\u00eda Mundial de la Infancia na TPA<\/a><span class=\"post-date\">20\/11\/2025<\/span><\/li>\n<li><a href=\"https:\/\/edublog.educastur.es\/ixuxu\/2025\/11\/61975\/\">D\u00eda Mundial de la infancia<\/a><span class=\"post-date\">20\/11\/2025<\/span><\/li>\n<li><a href=\"https:\/\/edublog.educastur.es\/ixuxu\/2025\/11\/61904\/\">Un chorru polar va dexar nevaes que van ser abondo importantes nel Cordal Cant\u00e1bricu<\/a><span class=\"post-date\">20\/11\/2025<\/span><\/li>\n<li><a href=\"https:\/\/edublog.educastur.es\/ixuxu\/2025\/11\/estau-del-tiempu-xueves-20-de-payares\/\">Est\u00e1u del tiempu: xueves 20 de payares<\/a><span class=\"post-date\">20\/11\/2025<\/span><\/li>\n<li><a href=\"https:\/\/edublog.educastur.es\/ixuxu\/2025\/11\/el-tiempu-el-comercio-189\/\">El tiempu (El Comercio)<\/a><span class=\"post-date\">20\/11\/2025<\/span><\/li>\n<li><a href=\"https:\/\/edublog.educastur.es\/ixuxu\/2025\/11\/les-noticies-del-miercoles-19-de-payares-de-2025-nasturianu-tpanoticies\/\">Les noticies del mi\u00e9rcoles 19 de payares de 2025 n\u2019asturianu #TPANoticies<\/a><span class=\"post-date\">19\/11\/2025<\/span><\/li>\n<li><a href=\"https:\/\/edublog.educastur.es\/ixuxu\/2025\/11\/el-cordal-y-los-picos-deuropa-navisu-mariellu-por-nieve\/\">El Cordal y Los Picos d\u2019Europa, n\u2019avisu mariellu por nieve<\/a><span class=\"post-date\">19\/11\/2025<\/span><\/li>\n<li><a href=\"https:\/\/edublog.educastur.es\/ixuxu\/2025\/11\/lavisu-naranxa-por-nevaes-nasturies\/\">L\u2019avisu NARANXA por nevaes n\u2019Asturies<\/a><span class=\"post-date\">19\/11\/2025<\/span><\/li>\n<li><a href=\"https:\/\/edublog.educastur.es\/ixuxu\/2025\/11\/el-xxv-seminariu-destudios-asturianos-na-tpa\/\">El XXV Seminariu d\u2019Estudios Asturianos na TPA<\/a><span class=\"post-date\">19\/11\/2025<\/span><\/li>\n<li><a href=\"https:\/\/edublog.educastur.es\/ixuxu\/2025\/11\/61849\/\">Esbardos d\u2019osu nel monte<\/a><span class=\"post-date\">19\/11\/2025<\/span><\/li>\n<li><a href=\"https:\/\/edublog.educastur.es\/ixuxu\/2025\/11\/61989\/\">P\u00e1xaros<\/a><span class=\"post-date\">19\/11\/2025<\/span><\/li>\n<li><a href=\"https:\/\/edublog.educastur.es\/ixuxu\/2025\/11\/pistes-de-xelu\/\">Pistes de xelu<\/a><span class=\"post-date\">19\/11\/2025<\/span><\/li>\n<li><a href=\"https:\/\/edublog.educastur.es\/ixuxu\/2025\/11\/vineta-la-prueba\/\">Vi\u00f1eta: \u00abLa prueba\u00bb<\/a><span class=\"post-date\">19\/11\/2025<\/span><\/li>\n<li><a href=\"https:\/\/edublog.educastur.es\/ixuxu\/2025\/11\/la-figura-de-la-pitufina-xigante-de-la-pola-ya-llego-al-so-destin\/\">La figura de la Pitufina xigante de la Pola y\u00e1 lleg\u00f3 al so dest\u00edn.<\/a><span class=\"post-date\">19\/11\/2025<\/span><\/li>\n<li><a href=\"https:\/\/edublog.educastur.es\/ixuxu\/2025\/11\/61792\/\">(sin t\u00edtulo)<\/a><span class=\"post-date\">19\/11\/2025<\/span><\/li>\n<li><a href=\"https:\/\/edublog.educastur.es\/ixuxu\/2025\/11\/triu-buir-vero-rubio-anton-ambas-y-pepin-de-munalen\/\">Tr\u00edu BUIR: Vero Rubio, Ant\u00f3n Amb\u00e1s y Pep\u00edn de Mu\u00f1alen<\/a><span class=\"post-date\">19\/11\/2025<\/span><\/li>\n<li><a href=\"https:\/\/edublog.educastur.es\/ixuxu\/2025\/11\/conveniu-de-collaboracion-col-museu-thyssen-pa-llevar-la-obra-dartistes-asturianes-a-madrid\/\">Conveniu de collaboraci\u00f3n col Mus\u00e9u Thyssen pa llevar la obra d\u2019artistes asturianes a Madrid<\/a><span class=\"post-date\">19\/11\/2025<\/span><\/li>\n<li><a href=\"https:\/\/edublog.educastur.es\/ixuxu\/2025\/11\/el-principau-desplegara-en-2026-la-so-estratexa-pa-eliminar-la-violencia-na-moceda-y-la-infancia\/\">El Princip\u00e1u desplegar\u00e1 en 2026 la so estratexa pa Eliminar la Violencia na Moced\u00e1 y la Infancia<\/a><span class=\"post-date\">19\/11\/2025<\/span><\/li>\n<li><a href=\"https:\/\/edublog.educastur.es\/ixuxu\/2025\/11\/dia-mundial-del-retrete-2\/\">D\u00eda Mundial del Retrete<\/a><span class=\"post-date\">19\/11\/2025<\/span><\/li>\n<li><a href=\"https:\/\/edublog.educastur.es\/ixuxu\/2025\/11\/dia-de-la-muyer-emprendedora-2\/\">D\u00eda de la Muyer Emprendedora<\/a><span class=\"post-date\">19\/11\/2025<\/span><\/li>\n<li><a href=\"https:\/\/edublog.educastur.es\/ixuxu\/2025\/11\/estau-del-tiempu-miercoles-19-de-payares\/\">Est\u00e1u del tiempu: mi\u00e9rcoles 19 de payares<\/a><span class=\"post-date\">19\/11\/2025<\/span><\/li>\n<li><a href=\"https:\/\/edublog.educastur.es\/ixuxu\/2025\/11\/el-tiempu-el-comercio-188\/\">El tiempu (El Comercio)<\/a><span class=\"post-date\">19\/11\/2025<\/span><\/li>\n<li><a href=\"https:\/\/edublog.educastur.es\/ixuxu\/2025\/11\/el-xueves-nevaes-nasturies\/\">El xueves, nevaes en cotes baxes n\u2019Asturies<\/a><span class=\"post-date\">18\/11\/2025<\/span><\/li>\n<li><a href=\"https:\/\/edublog.educastur.es\/ixuxu\/2025\/11\/xuegu-asturpoli-dacuto-xuegos\/\">Xuegu: Asturpoli d\u2019Acuto Xuegos<\/a><span class=\"post-date\">18\/11\/2025<\/span><\/li>\n<li><a href=\"https:\/\/edublog.educastur.es\/ixuxu\/2025\/11\/61720\/\">Byung Chul Han<\/a><span class=\"post-date\">18\/11\/2025<\/span><\/li>\n<li><a href=\"https:\/\/edublog.educastur.es\/ixuxu\/2025\/11\/xuntoiro-lalcuentru-pa-favorecer-lintercambiu-ente-los-sectores-culturales-quusen-leonaviego\/\">Xuntoiro: l\u2019alcuentru pa favorecer l\u2019intercambiu ente los sectores culturales qu\u2019usen l\u2019eonaviego.<\/a><span class=\"post-date\">18\/11\/2025<\/span><\/li>\n<li><a href=\"https:\/\/edublog.educastur.es\/ixuxu\/2025\/11\/i-congresu-internacional-de-turismu-rural-dasturies\/\">I Congresu Internacional de Turismu Rural d\u2019Asturies<\/a><span class=\"post-date\">18\/11\/2025<\/span><\/li>\n<li><a href=\"https:\/\/edublog.educastur.es\/ixuxu\/2025\/11\/les-obres-escrites-en-llingua-asturiana-podran-optar-a-los-premios-nacionales-de-lliteratura-a-partir-del-2026\/\">Les obres escrites en llingua asturiana podr\u00e1n optar a los Premios Nacionales de Lliteratura a partir del 2026.<\/a><span class=\"post-date\">18\/11\/2025<\/span><\/li>\n<li><a href=\"https:\/\/edublog.educastur.es\/ixuxu\/2025\/11\/the-asturianer-67-astrogaita-atlas-31\/\">The Asturianer 67: \u00abAstrogaita Atlas 31\u00bb<\/a><span class=\"post-date\">18\/11\/2025<\/span><\/li>\n<li><a href=\"https:\/\/edublog.educastur.es\/ixuxu\/2025\/11\/suecia-ta-recuperandol-valor-de-los-llibros-fisicos-la-llectura-tradicional-y-lescritura-a-mano\/\">Suecia ta recuperando\u2019l valor de los llibros f\u00edsicos, la llectura tradicional y l\u2019escritura a mano.<\/a><span class=\"post-date\">18\/11\/2025<\/span><\/li>\n<li><a href=\"https:\/\/edublog.educastur.es\/ixuxu\/2025\/11\/el-preciosu-nome-de-nena-de-cuatro-lletres-que-trunfa-nasturies-xana\/\">El preciosu nome de ne\u00f1a de cuatro lletres que trunfa n\u2019Asturies: Xana<\/a><span class=\"post-date\">18\/11\/2025<\/span><\/li>\n<li><a href=\"https:\/\/edublog.educastur.es\/ixuxu\/2025\/11\/61790\/\">(sin t\u00edtulo)<\/a><span class=\"post-date\">18\/11\/2025<\/span><\/li>\n<li><a href=\"https:\/\/edublog.educastur.es\/ixuxu\/2025\/11\/comic-la-sidra-dasturies-una-bebida-muy-de-nueso\/\">Comic: \u201cLa Sidra d\u2019Asturies una bebida mui de nueso\u201d<\/a><span class=\"post-date\">18\/11\/2025<\/span><\/li>\n<li><a href=\"https:\/\/edublog.educastur.es\/ixuxu\/2025\/11\/el-paxu-cestu-fechu-con-vares-dablanu\/\">El paxu<\/a><span class=\"post-date\">18\/11\/2025<\/span><\/li>\n<li><a href=\"https:\/\/edublog.educastur.es\/ixuxu\/2025\/11\/ocho-quesos-asturianos-rellumaron-en-suiza\/\">Ocho quesos asturianos rellumaron en Suiza.<\/a><span class=\"post-date\">18\/11\/2025<\/span><\/li>\n<li><a href=\"https:\/\/edublog.educastur.es\/ixuxu\/2025\/11\/el-trasgu-traviesu-rapacinast\/\">\u00abEl trasgu traviesu\u00bb (@Rapacinast)<\/a><span class=\"post-date\">18\/11\/2025<\/span><\/li>\n<li><a href=\"https:\/\/edublog.educastur.es\/ixuxu\/2025\/11\/estau-del-tiempu-martes-18-de-payares\/\">Est\u00e1u del tiempu: martes 18 de payares<\/a><span class=\"post-date\">18\/11\/2025<\/span><\/li>\n<li><a href=\"https:\/\/edublog.educastur.es\/ixuxu\/2025\/11\/el-tiempu-el-comercio-187\/\">El tiempu (El Comercio)<\/a><span class=\"post-date\">18\/11\/2025<\/span><\/li>\n<li><a href=\"https:\/\/edublog.educastur.es\/ixuxu\/2025\/11\/les-noticies-del-llunes-17-de-payares-de-2025-nasturianu-tpanoticies\/\">Les noticies del llunes 17 de payares de 2025 n\u2019asturianu #TPANoticies<\/a><span class=\"post-date\">17\/11\/2025<\/span><\/li>\n<li><a href=\"https:\/\/edublog.educastur.es\/ixuxu\/2025\/11\/empresa-de-fabricacion-de-caxes-de-carton\/\">Empresa de fabricaci\u00f3n de caxes de cart\u00f3n<\/a><span class=\"post-date\">17\/11\/2025<\/span><\/li>\n<li><a href=\"https:\/\/edublog.educastur.es\/ixuxu\/2025\/11\/61653\/\">(sin t\u00edtulo)<\/a><span class=\"post-date\">17\/11\/2025<\/span><\/li>\n<li><a href=\"https:\/\/edublog.educastur.es\/ixuxu\/2025\/11\/la-ciuda-nel-mar-asoleyal-videoclip-de-lluminaria-raul-alonso-estrenase-como-realizador-audiovisual-con-esta-obra-que-ya-algamo-dos-nominaciones-en-festivales-desti-xeneru\/\">La Ciud\u00e1 nel Mar asoleya\u2019l videoclip de \u2018Lluminaria\u2019<\/a><span class=\"post-date\">17\/11\/2025<\/span><\/li>\n<li><a href=\"https:\/\/edublog.educastur.es\/ixuxu\/2025\/11\/campana-profe-tenemos-que-falar\/\">Campa\u00f1a: \u00abProfe, tenemos que falar\u00bb de prevenci\u00f3n d\u2019acosu al alumn\u00e1u autista<\/a><span class=\"post-date\">17\/11\/2025<\/span><\/li>\n<li><a href=\"https:\/\/edublog.educastur.es\/ixuxu\/2025\/11\/dia-internacional-del-estudiante\/\">D\u00eda Internacional del Estudiante<\/a><span class=\"post-date\">17\/11\/2025<\/span><\/li>\n<li><a href=\"https:\/\/edublog.educastur.es\/ixuxu\/2025\/11\/el-primer-envite-ivernizu\/\">El primer envite ivernizu<\/a><span class=\"post-date\">17\/11\/2025<\/span><\/li>\n<li><a href=\"https:\/\/edublog.educastur.es\/ixuxu\/2025\/11\/estu-del-tiempu-llunes-17-de-payares-2025\/\">Est\u00e1u del tiempu: llunes 17 de payares 2025<\/a><span class=\"post-date\">17\/11\/2025<\/span><\/li>\n<li><a href=\"https:\/\/edublog.educastur.es\/ixuxu\/2025\/11\/el-tiempu-el-comercio-186\/\">El tiempu (El Comercio)<\/a><span class=\"post-date\">17\/11\/2025<\/span><\/li>\n<li><a href=\"https:\/\/edublog.educastur.es\/ixuxu\/2025\/11\/tiempu-mas-sobro-la-invasion-daire-artico-nespana\/\">Tiempu: M\u00e1s sobro la invasi\u00f3n d\u2019aire \u00e1rtico n\u2019Espa\u00f1a<\/a><span class=\"post-date\">16\/11\/2025<\/span><\/li>\n<li><a href=\"https:\/\/edublog.educastur.es\/ixuxu\/2025\/11\/xxix-festival-del-esfoyon-y-lamagosto-en-navelgas-tineu\/\">XXIX Festival del Esfoy\u00f3n y l\u2019Amagosto en Navelgas, Tin\u00e9u<\/a><span class=\"post-date\">16\/11\/2025<\/span><\/li>\n<li><a href=\"https:\/\/edublog.educastur.es\/ixuxu\/2025\/11\/la-ilesia-prerromanica-asturiana-enclavada-nuna-redolada-natural-escepcional\/\">Santo Cristina de L.lena: la ilesia prerrom\u00e1nica asturiana enclavada nuna redolada natural escepcional.<\/a><span class=\"post-date\">16\/11\/2025<\/span><\/li>\n<li><a href=\"https:\/\/edublog.educastur.es\/ixuxu\/2025\/11\/61632\/\">(sin t\u00edtulo)<\/a><span class=\"post-date\">16\/11\/2025<\/span><\/li>\n<li><a href=\"https:\/\/edublog.educastur.es\/ixuxu\/2025\/11\/lasturcon-lotu-protagonizal-cartelu-del-proximu-cayon-trail\/\">L\u2019asturc\u00f3n Lotu, protagoniza\u2019l cartelu del pr\u00f3ximu Cay\u00f3n Trail<\/a><span class=\"post-date\">16\/11\/2025<\/span><\/li>\n<li><a href=\"https:\/\/edublog.educastur.es\/ixuxu\/2025\/11\/los-taxis-y-autobuses-de-londres-que-lleven-al-paraisu-natural-asturianu\/\">Los taxis y autobuses de Londres que lleven al Para\u00edsu natural asturianu.<\/a><span class=\"post-date\">16\/11\/2025<\/span><\/li>\n<li><a href=\"https:\/\/edublog.educastur.es\/ixuxu\/2025\/11\/les-fueyes-de-seronda-resulten-bien-fotoxeniques\/\">Les fueyes de seronda resulten bien fotox\u00e9niques<\/a><span class=\"post-date\">16\/11\/2025<\/span><\/li>\n<li><a href=\"https:\/\/edublog.educastur.es\/ixuxu\/2025\/11\/curiosidaes-sobro-xixon\/\">Curiosidaes sobro Xix\u00f3n<\/a><span class=\"post-date\">16\/11\/2025<\/span><\/li>\n<li><a href=\"https:\/\/edublog.educastur.es\/ixuxu\/2025\/11\/61580\/\">(sin t\u00edtulo)<\/a><span class=\"post-date\">16\/11\/2025<\/span><\/li>\n<li><a href=\"https:\/\/edublog.educastur.es\/ixuxu\/2025\/11\/llibru-ilustrau-del-anu-2025\/\">Llibru Ilustr\u00e1u del A\u00f1u 2025<\/a><span class=\"post-date\">16\/11\/2025<\/span><\/li>\n<li><a href=\"https:\/\/edublog.educastur.es\/ixuxu\/2025\/11\/61626\/\">(sin t\u00edtulo)<\/a><span class=\"post-date\">16\/11\/2025<\/span><\/li>\n<li><a href=\"https:\/\/edublog.educastur.es\/ixuxu\/2025\/11\/el-meyor-pote-despana-cocinase-ente-asturies-y-madrid\/\">VII Campeonatu d\u2019Espa\u00f1a de Pote Asturianu<\/a><span class=\"post-date\">16\/11\/2025<\/span><\/li>\n<li><a href=\"https:\/\/edublog.educastur.es\/ixuxu\/2025\/11\/menu-serondiegu-nes-carbayeres-cantabriques\/\">Men\u00fa serondiegu nes carbayeres cant\u00e1briques<\/a><span class=\"post-date\">16\/11\/2025<\/span><\/li>\n<li><a href=\"https:\/\/edublog.educastur.es\/ixuxu\/2025\/11\/alcuerdu-deducacion-col-colexu-oficial-de-psicoloxia-del-principau-coppa\/\">Alcuerdu d\u2019Educaci\u00f3n col Colexu Oficial de Psicolox\u00eda del Princip\u00e1u (COPPA).<\/a><span class=\"post-date\">16\/11\/2025<\/span><\/li>\n<li><a href=\"https:\/\/edublog.educastur.es\/ixuxu\/2025\/11\/61634\/\">(sin t\u00edtulo)<\/a><span class=\"post-date\">16\/11\/2025<\/span><\/li>\n<li><a href=\"https:\/\/edublog.educastur.es\/ixuxu\/2025\/11\/el-60-de-los-adolescentes-reconocen-tar-enganchaos-a-les-redes-sociales\/\">El 60% de los adolescentes reconocen tar enganchaos a les redes sociales<\/a><span class=\"post-date\">16\/11\/2025<\/span><\/li>\n<li><a href=\"https:\/\/edublog.educastur.es\/ixuxu\/2025\/11\/inspeccion-educativa-rexistra-conductes-de-riesgu-nel-alumnau\/\">Inspecci\u00f3n educativa rexistra conductes de riesgu nel alumn\u00e1u<\/a><span class=\"post-date\">16\/11\/2025<\/span><\/li>\n<li><a href=\"https:\/\/edublog.educastur.es\/ixuxu\/2025\/11\/dia-internacional-del-patrimoniu-mundial\/\">D\u00eda Internacional del Patrimoniu Mundial<\/a><span class=\"post-date\">16\/11\/2025<\/span><\/li>\n<li><a href=\"https:\/\/edublog.educastur.es\/ixuxu\/2025\/11\/dia-internacional-de-la-tolerancia\/\">D\u00eda Internacional de la Tolerancia<\/a><span class=\"post-date\">16\/11\/2025<\/span><\/li>\n<li><a href=\"https:\/\/edublog.educastur.es\/ixuxu\/2025\/11\/el-tiwmpu-el-comercio\/\">El tiempu (El Comercio)<\/a><span class=\"post-date\">16\/11\/2025<\/span><\/li>\n<li><a href=\"https:\/\/edublog.educastur.es\/ixuxu\/2025\/11\/62124\/\">(sin t\u00edtulo)<\/a><span class=\"post-date\">15\/11\/2025<\/span><\/li>\n<li><a href=\"https:\/\/edublog.educastur.es\/ixuxu\/2025\/11\/61611\/\">(sin t\u00edtulo)<\/a><span class=\"post-date\">15\/11\/2025<\/span><\/li>\n<li><a href=\"https:\/\/edublog.educastur.es\/ixuxu\/2025\/11\/soniu-sabor-y-saber-mineru-fundense-nel-pozu-soton\/\">\u00abSon\u00edu, sabor y saber mineru\u00bb f\u00fandense nel Pozu Sot\u00f3n, Samart\u00edn del Rei Aurelio.\u00a0<\/a><span class=\"post-date\">14\/11\/2025<\/span><\/li>\n<li><a href=\"https:\/\/edublog.educastur.es\/ixuxu\/2025\/11\/la-conseyera-de-cultura-politica-llinguistica-y-deporte-visito-en-candas-el-reguerada-fest\/\">La conseyera de Cultura, Pol\u00edtica Lling\u00fc\u00edstica y Deporte visit\u00f3 en Cand\u00e1s el Reguerada Fest<\/a><span class=\"post-date\">14\/11\/2025<\/span><\/li>\n<li><a href=\"https:\/\/edublog.educastur.es\/ixuxu\/2025\/11\/musica-clasica-con-razones\/\">M\u00fasica cl\u00e1sica con razones<\/a><span class=\"post-date\">14\/11\/2025<\/span><\/li>\n<li><a href=\"https:\/\/edublog.educastur.es\/ixuxu\/2025\/11\/61547\/\">Gripe aviar n\u2019Espa\u00f1a<\/a><span class=\"post-date\">14\/11\/2025<\/span><\/li>\n<li><a href=\"https:\/\/edublog.educastur.es\/ixuxu\/2025\/11\/61628\/\">(sin t\u00edtulo)<\/a><span class=\"post-date\">14\/11\/2025<\/span><\/li>\n<li><a href=\"https:\/\/edublog.educastur.es\/ixuxu\/2025\/11\/xvii-premiu-camareta-al-meyor-cantar\/\">XVII Premiu Camaret\u00e1 al Meyor Cantar: \u00abXatu\u00bb de Ferla Meg\u00eda<\/a><span class=\"post-date\">14\/11\/2025<\/span><\/li>\n<li><a href=\"https:\/\/edublog.educastur.es\/ixuxu\/2025\/11\/afayen-un-sestu-sentiu-nhumanos-que-paez-casi-maxa\/\">Afayen un sestu sent\u00edu n\u2019humanos que paez casi maxa<\/a><span class=\"post-date\">14\/11\/2025<\/span><\/li>\n<li><a href=\"https:\/\/edublog.educastur.es\/ixuxu\/2025\/11\/vol-15-2025-ciencies-cartafueyos-asturianos-de-ciencia-y-teunoloxia\/\">Vol. 15 (2025): Ciencies. Cartafueyos Asturianos de Ciencia y Teunolox\u00eda<\/a><span class=\"post-date\">14\/11\/2025<\/span><\/li>\n<li><a href=\"https:\/\/edublog.educastur.es\/ixuxu\/2025\/11\/nuvieu-volveremos-vivir-%f0%9d%91%8e%f0%9d%91%9a%f0%9d%91%8e%f0%9d%91%94%f0%9d%91%a2%cc%88%f0%9d%91%92%f0%9d%91%a0%f0%9d%91%a1%f0%9d%91%9c%f0%9d%91%a0-en-payares\/\">N\u2019Uvi\u00e9u volveremos vivir \ud835\udc4e\ud835\udc5a\ud835\udc4e\ud835\udc54\ud835\udc62\u0308\ud835\udc52\ud835\udc60\ud835\udc61\ud835\udc5c\ud835\udc60 en payares.<\/a><span class=\"post-date\">14\/11\/2025<\/span><\/li>\n<li><a href=\"https:\/\/edublog.educastur.es\/ixuxu\/2025\/11\/asturies-diez-conexones-directes-a-siete-paises-europeos\/\">Asturies: diez conexones directes a siete pa\u00edses europeos<\/a><span class=\"post-date\">14\/11\/2025<\/span><\/li>\n<li><a href=\"https:\/\/edublog.educastur.es\/ixuxu\/2025\/11\/dia-mundial-de-la-diabetes-2\/\">D\u00eda Mundial de la Diabetes<\/a><span class=\"post-date\">14\/11\/2025<\/span><\/li>\n<li><a href=\"https:\/\/edublog.educastur.es\/ixuxu\/2025\/11\/estau-del-tiempu-vienres-14-de-payares\/\">Est\u00e1u del tiempu: vienres 14 de payares<\/a><span class=\"post-date\">14\/11\/2025<\/span><\/li>\n<li><a href=\"https:\/\/edublog.educastur.es\/ixuxu\/2025\/11\/el-tiempu-el-comercio-185\/\">El tiempu (El Comercio)<\/a><span class=\"post-date\">14\/11\/2025<\/span><\/li>\n<li><a href=\"https:\/\/edublog.educastur.es\/ixuxu\/2025\/11\/cultura-apurrio-los-premios-lliterarios-y-artisticos-en-llingua-asturiana\/\">Cultura apurri\u00f3 los premios lliterarios y art\u00edsticos en llingua asturiana.<\/a><span class=\"post-date\">13\/11\/2025<\/span><\/li>\n<li><a href=\"https:\/\/edublog.educastur.es\/ixuxu\/2025\/11\/a-piques-de-salir-un-documental-sobro-michael-jackson\/\">Pel\u00edcula biogr\u00e1fica sobro Michael Jackson<\/a><span class=\"post-date\">13\/11\/2025<\/span><\/li>\n<li><a href=\"https:\/\/edublog.educastur.es\/ixuxu\/2025\/11\/61499\/\">\u201cManes de Nieva, Nuedos y mar\u201d, allugada en San Juan de Nieva<\/a><span class=\"post-date\">13\/11\/2025<\/span><\/li>\n<li><a href=\"https:\/\/edublog.educastur.es\/ixuxu\/2025\/11\/xueves-4-davientu\/\">Xueves 4 d\u2019avientu, Espicha merc\u00e1u navide\u00f1u<\/a><span class=\"post-date\">13\/11\/2025<\/span><\/li>\n<li><a href=\"https:\/\/edublog.educastur.es\/ixuxu\/2025\/11\/paez-riu-de-jainero-pero-ye-espana-uvieu\/\">Paez R\u00edu de Jainero, pero ye Espa\u00f1a: Uvi\u00e9u<\/a><span class=\"post-date\">13\/11\/2025<\/span><\/li>\n<li><a href=\"https:\/\/edublog.educastur.es\/ixuxu\/2025\/11\/61473\/\">(sin t\u00edtulo)<\/a><span class=\"post-date\">13\/11\/2025<\/span><\/li>\n<li><a href=\"https:\/\/edublog.educastur.es\/ixuxu\/2025\/11\/xi-filandon-del-18-al-22-de-payares-en-llaranes\/\">XI FILAND\u00d3N, del 18 al 22 de payares, en Llaranes<\/a><span class=\"post-date\">13\/11\/2025<\/span><\/li>\n<li><a href=\"https:\/\/edublog.educastur.es\/ixuxu\/2025\/11\/noveda-llibru-discu-de-pop-piquinin-musica-infantil-nasturianu\/\">Noved\u00e1: llibru-discu de Pop-Piqui\u00f1\u00edn, m\u00fasica Infantil n\u2019asturianu<\/a><span class=\"post-date\">13\/11\/2025<\/span><\/li>\n<li><a href=\"https:\/\/edublog.educastur.es\/ixuxu\/2025\/11\/premios-lliterarios-y-asrtisticos-en-llingua-asturiana\/\">Premios lliterarios y Art\u00edsticos en Llingua Asturiana<\/a><span class=\"post-date\">13\/11\/2025<\/span><\/li>\n<li><a href=\"https:\/\/edublog.educastur.es\/ixuxu\/2025\/11\/i-alcuentru-folcloricu-de-siero\/\">\u00abI Alcuentru Folcl\u00f3ricu de Siero\u00bb<\/a><span class=\"post-date\">13\/11\/2025<\/span><\/li>\n<li><a href=\"https:\/\/edublog.educastur.es\/ixuxu\/2025\/11\/noveda-xugando-colos-colores\/\">Noved\u00e1: \u00abXugando colos colores\u00bb<\/a><span class=\"post-date\">13\/11\/2025<\/span><\/li>\n<li><a href=\"https:\/\/edublog.educastur.es\/ixuxu\/2025\/11\/61503\/\">Tint\u00edn n\u2019Uvi\u00e9u<\/a><span class=\"post-date\">13\/11\/2025<\/span><\/li>\n<li><a href=\"https:\/\/edublog.educastur.es\/ixuxu\/2025\/11\/festivales-feries-ciclos-conciertos-y-alcuentros-y-seminarios-esti-fin-de-selmana\/\">Festivales, feries, ciclos, conciertos y alcuentros y seminarios esti fin de selmana<\/a><span class=\"post-date\">13\/11\/2025<\/span><\/li>\n<li><a href=\"https:\/\/edublog.educastur.es\/ixuxu\/2025\/11\/el-tiempu-el-comercio-184\/\">El tiempu (El Comercio)<\/a><span class=\"post-date\">13\/11\/2025<\/span><\/li>\n<li><a href=\"https:\/\/edublog.educastur.es\/ixuxu\/2025\/11\/dia-mundial-de-la-bonda\/\">D\u00eda Mundial de la Bond\u00e1<\/a><span class=\"post-date\">13\/11\/2025<\/span><\/li>\n<li><a href=\"https:\/\/edublog.educastur.es\/ixuxu\/2025\/11\/seca-en-payares\/\">\u00bfSeca en payares?<\/a><span class=\"post-date\">13\/11\/2025<\/span><\/li>\n<li><a href=\"https:\/\/edublog.educastur.es\/ixuxu\/2025\/11\/estau-dl-tiempu-xueves-13-de-payares\/\">Est\u00e1u del tiempu: xueves 13 de payares<\/a><span class=\"post-date\">13\/11\/2025<\/span><\/li>\n<li><a href=\"https:\/\/edublog.educastur.es\/ixuxu\/2025\/11\/61431\/\">(sin t\u00edtulo)<\/a><span class=\"post-date\">12\/11\/2025<\/span><\/li>\n<li><a href=\"https:\/\/edublog.educastur.es\/ixuxu\/2025\/11\/en-que-bosque-viesca\/\">\u00bfEn qu\u00e9 bosque\/viesca?<\/a><span class=\"post-date\">12\/11\/2025<\/span><\/li>\n<li><a href=\"https:\/\/edublog.educastur.es\/ixuxu\/2025\/11\/entama-la-recoyida-de-quivis-nasturies\/\">Entama la recoyida de quivis n\u2019Asturies<\/a><span class=\"post-date\">12\/11\/2025<\/span><\/li>\n<li><a href=\"https:\/\/edublog.educastur.es\/ixuxu\/2025\/11\/61424\/\">(sin t\u00edtulo)<\/a><span class=\"post-date\">12\/11\/2025<\/span><\/li>\n<li><a href=\"https:\/\/edublog.educastur.es\/ixuxu\/2025\/11\/alcuentru-de-deporte-tradicional\/\">30\u00ba Alcuentru de Deporte Tradicional<\/a><span class=\"post-date\">12\/11\/2025<\/span><\/li>\n<li><a href=\"https:\/\/edublog.educastur.es\/ixuxu\/2025\/11\/matricula-na-escuela-de-musica-y-baille-tradicional\/\">Matr\u00edcula na Escuela de M\u00fasica y baille tradicional<\/a><span class=\"post-date\">12\/11\/2025<\/span><\/li>\n<li><a href=\"https:\/\/edublog.educastur.es\/ixuxu\/2025\/11\/61408\/\">Rub\u00e9n Bada\u00a0anuncia les primeres feches\u00a0de la xira<\/a><span class=\"post-date\">12\/11\/2025<\/span><\/li>\n<li><a href=\"https:\/\/edublog.educastur.es\/ixuxu\/2025\/11\/laire-les-castanes-3\/\">L\u2019aire les casta\u00f1es<\/a><span class=\"post-date\">12\/11\/2025<\/span><\/li>\n<li><a href=\"https:\/\/edublog.educastur.es\/ixuxu\/2025\/11\/61608\/\">\u00a1Feliz cumplea\u00f1os, Michael Ende!<\/a><span class=\"post-date\">12\/11\/2025<\/span><\/li>\n<li><a href=\"https:\/\/edublog.educastur.es\/ixuxu\/2025\/11\/la-poesia-y-la-hestoria-del-poeta-uviein-angel-gonzalez\/\">La poes\u00eda y la hestoria del poeta uvie\u00edn \u00c1ngel Gonz\u00e1lez<\/a><span class=\"post-date\">12\/11\/2025<\/span><\/li>\n<li><a href=\"https:\/\/edublog.educastur.es\/ixuxu\/2025\/11\/vii-edicion-del-campeonatu-despana-de-pote-asturianu\/\">VII Edici\u00f3n del Campeonatu d\u2019Espa\u00f1a de Pote Asturianu<\/a><span class=\"post-date\">12\/11\/2025<\/span><\/li>\n<li><a href=\"https:\/\/edublog.educastur.es\/ixuxu\/2025\/11\/61399\/\">National Geographic escueye un casta\u00f1ar asturianu como uno de los m\u00e1s bellos d\u2019Espa\u00f1a<\/a><span class=\"post-date\">12\/11\/2025<\/span><\/li>\n<li><a href=\"https:\/\/edublog.educastur.es\/ixuxu\/2025\/11\/arte-nos-pueblos\/\">Arte nos pueblos<\/a><span class=\"post-date\">12\/11\/2025<\/span><\/li>\n<li><a href=\"https:\/\/edublog.educastur.es\/ixuxu\/2025\/11\/cantar-les-estaciones-del-anu-2\/\">Cantar \u00abLes estaciones del a\u00f1u\u00bb<\/a><span class=\"post-date\">12\/11\/2025<\/span><\/li>\n<li><a href=\"https:\/\/edublog.educastur.es\/ixuxu\/2025\/11\/la-esfoyaza\/\">La esfoyaza<\/a><span class=\"post-date\">12\/11\/2025<\/span><\/li>\n<li><a href=\"https:\/\/edublog.educastur.es\/ixuxu\/2025\/11\/charra-estructura-y-funcion-del-traxe-asturianu\/\">Charra: \u00abEstructura y funci\u00f3n del traxe asturianu\u00bb<\/a><span class=\"post-date\">12\/11\/2025<\/span><\/li>\n<li><a href=\"https:\/\/edublog.educastur.es\/ixuxu\/2025\/11\/la-eda-media-pa-tener-un-telefonu-movil-en-propieda-nespana-son-los-10-anos\/\">La ed\u00e1 media pa tener un tel\u00e9fonu m\u00f3vil en propied\u00e1 n\u2019Espa\u00f1a son los 10 a\u00f1os<\/a><span class=\"post-date\">12\/11\/2025<\/span><\/li>\n<li><a href=\"https:\/\/edublog.educastur.es\/ixuxu\/2025\/11\/61366\/\">El 92% de los ne\u00f1os, tienen un m\u00f3vil propiu, a partir del tercer ciclu<\/a><span class=\"post-date\">12\/11\/2025<\/span><\/li>\n<li><a href=\"https:\/\/edublog.educastur.es\/ixuxu\/2025\/11\/dinamaca-primer-pais-deuropa-en-prohibir-redes-sociales-a-menores-de-15-anos\/\">Dinamaca, primer pa\u00eds d\u2019Europa en prohibir redes sociales a menores de 15 a\u00f1os.<\/a><span class=\"post-date\">12\/11\/2025<\/span><\/li>\n<li><a href=\"https:\/\/edublog.educastur.es\/ixuxu\/2025\/11\/mi-principau\/\">Mi Princip\u00e1u<\/a><span class=\"post-date\">12\/11\/2025<\/span><\/li>\n<li><a href=\"https:\/\/edublog.educastur.es\/ixuxu\/2025\/11\/la-poblacion-dasturies-crez-percima-de-la-media-nacional\/\">La poblaci\u00f3n d\u2019Asturies crez percima de la media nacional<\/a><span class=\"post-date\">12\/11\/2025<\/span><\/li>\n<li><a href=\"https:\/\/edublog.educastur.es\/ixuxu\/2025\/11\/el-tiempu-el-comercio-183\/\">El tiempu (El Comercio)<\/a><span class=\"post-date\">12\/11\/2025<\/span><\/li>\n<li><a href=\"https:\/\/edublog.educastur.es\/ixuxu\/2025\/11\/les-noticies-del-martes-11-de-payares-de-2025-nasturianu-tpanoticies\/\">Les noticies del martes 11 de payares de 2025 n\u2019asturianu #TPANoticies<\/a><span class=\"post-date\">11\/11\/2025<\/span><\/li>\n<li><a href=\"https:\/\/edublog.educastur.es\/ixuxu\/2025\/11\/cultura-entama-la-tercer-muestra-dartes-esceniques-escena-en-rede\/\">Cultura entama la tercer muestra d\u2019artes esc\u00e9niques Escena en Rede<\/a><span class=\"post-date\">11\/11\/2025<\/span><\/li>\n<li><a href=\"https:\/\/edublog.educastur.es\/ixuxu\/2025\/11\/llega-claudia-umbada-de-gran-impactu\/\">Llega Claudia, umbada de \u00abgran impactu\u00bb<\/a><span class=\"post-date\">11\/11\/2025<\/span><\/li>\n<li><a href=\"https:\/\/edublog.educastur.es\/ixuxu\/2025\/11\/dia-de-les-llibreries-2\/\">D\u00eda de les Llibrer\u00edes<\/a><span class=\"post-date\">11\/11\/2025<\/span><\/li>\n<li><a href=\"https:\/\/edublog.educastur.es\/ixuxu\/2025\/11\/estau-del-tiempu-martes-11-de-payares\/\">Est\u00e1u del tiempu: martes 11 de payares<\/a><span class=\"post-date\">11\/11\/2025<\/span><\/li>\n<li><a href=\"https:\/\/edublog.educastur.es\/ixuxu\/2025\/11\/vineta-problema-antiguu\/\">Vi\u00f1eta: \u00abProblema antiguu\u00bb<\/a><span class=\"post-date\">10\/11\/2025<\/span><\/li>\n<li><a href=\"https:\/\/edublog.educastur.es\/ixuxu\/2025\/11\/60673\/\">(sin t\u00edtulo)<\/a><span class=\"post-date\">10\/11\/2025<\/span><\/li>\n<li><a href=\"https:\/\/edublog.educastur.es\/ixuxu\/2025\/11\/dia-mundial-de-la-ciencia-para-la-paz-y-el-desenvolvimientu\/\">D\u00eda Mundial de la Ciencia para la Paz y el Desenvolvimientu<\/a><span class=\"post-date\">10\/11\/2025<\/span><\/li>\n<li><a href=\"https:\/\/edublog.educastur.es\/ixuxu\/2025\/11\/el-tiempu-el-comercio-182\/\">El tiempu (El Comercio)<\/a><span class=\"post-date\">10\/11\/2025<\/span><\/li>\n<li><a href=\"https:\/\/edublog.educastur.es\/ixuxu\/2025\/11\/estau-del-tiempu-llunes-10-de-payares\/\">Est\u00e1u del tiempu: llunes 10 de payares<\/a><span class=\"post-date\">10\/11\/2025<\/span><\/li>\n<li><a href=\"https:\/\/edublog.educastur.es\/ixuxu\/2025\/11\/canciones-del-amaguestu-2025\/\">Canciones del amag\u00fcestu 2025<\/a><span class=\"post-date\">09\/11\/2025<\/span><\/li>\n<li><a href=\"https:\/\/edublog.educastur.es\/ixuxu\/2025\/11\/esfoyaza-na-seronda\/\">Esfoyaza na seronda<\/a><span class=\"post-date\">09\/11\/2025<\/span><\/li>\n<li><a href=\"https:\/\/edublog.educastur.es\/ixuxu\/2025\/11\/calculating-empires-calculanfo-imperios\/\">Interesante esposici\u00f3n en La Laboral, Xix\u00f3n, \u00abCalculando Imperios\u00bb mapa interactivu<\/a><span class=\"post-date\">09\/11\/2025<\/span><\/li>\n<li><a href=\"https:\/\/edublog.educastur.es\/ixuxu\/2025\/11\/61280\/\">La orixinal fusi\u00f3n de la sidra del duernu asturiana cola kombucha<\/a><span class=\"post-date\">09\/11\/2025<\/span><\/li>\n<li><a href=\"https:\/\/edublog.educastur.es\/ixuxu\/2025\/11\/un-animal-que-vive-como-una-planta\/\">\u00a1Un animal que vive como una planta!<\/a><span class=\"post-date\">09\/11\/2025<\/span><\/li>\n<li><a href=\"https:\/\/edublog.educastur.es\/ixuxu\/2025\/11\/los-turullos-na-mina-asturiana\/\">Los turullos, na mina asturiana<\/a><span class=\"post-date\">09\/11\/2025<\/span><\/li>\n<li><a href=\"https:\/\/edublog.educastur.es\/ixuxu\/2025\/11\/el-chorron-de-pilona\/\">El chorr\u00f3n de Pilo\u00f1a, en Villamayor<\/a><span class=\"post-date\">09\/11\/2025<\/span><\/li>\n<li><a href=\"https:\/\/edublog.educastur.es\/ixuxu\/2025\/11\/61262\/\">Fukuoka, ide\u00f3logu de la forma de cultivu \u00abagricultura natural\u00bb<\/a><span class=\"post-date\">09\/11\/2025<\/span><\/li>\n<li><a href=\"https:\/\/edublog.educastur.es\/ixuxu\/2025\/11\/60262\/\">(sin t\u00edtulo)<\/a><span class=\"post-date\">09\/11\/2025<\/span><\/li>\n<li><a href=\"https:\/\/edublog.educastur.es\/ixuxu\/2025\/11\/dia-internacional-de-la-inventora-y-linventor-2\/\">D\u00eda Internacional de la Inventora y l\u2019Inventor<\/a><span class=\"post-date\">09\/11\/2025<\/span><\/li>\n<li><a href=\"https:\/\/edublog.educastur.es\/ixuxu\/2025\/11\/el-tiempu-el-comercio-181\/\">El tiempu (El Comercio)<\/a><span class=\"post-date\">09\/11\/2025<\/span><\/li>\n<li><a href=\"https:\/\/edublog.educastur.es\/ixuxu\/2025\/11\/reguerada-fest-del-14-al-16-de-payares\/\">Reguerada Fest, del 14 al 16 de payares, en Cand\u00e1s (Carre\u00f1o)<\/a><span class=\"post-date\">08\/11\/2025<\/span><\/li>\n<li><a href=\"https:\/\/edublog.educastur.es\/ixuxu\/2025\/11\/les-noticies-del-sabadu-8-de-payares-de-2025-nasturianu-tpanoticies\/\">Les noticies del s\u00e1badu 8 de payares de 2025 n\u2019asturianu #TPANoticies<\/a><span class=\"post-date\">08\/11\/2025<\/span><\/li>\n<li><a href=\"https:\/\/edublog.educastur.es\/ixuxu\/2025\/11\/cuideiru-pueblu-asturianu-quopta-a-ser-allumau-en-navida-por-ferrero-rocher\/\">Cuideiru, pueblu asturianu qu\u2019opta a ser allum\u00e1u en Navid\u00e1 por Ferrero Rocher<\/a><span class=\"post-date\">08\/11\/2025<\/span><\/li>\n<li><a href=\"https:\/\/edublog.educastur.es\/ixuxu\/2025\/11\/espana-medaya-doru-en-saltu-de-trampolin\/\">Espa\u00f1a, medaya d\u2019oru en saltu de trampol\u00edn<\/a><span class=\"post-date\">08\/11\/2025<\/span><\/li>\n<li><a href=\"https:\/\/edublog.educastur.es\/ixuxu\/2025\/11\/aciera-quiros-el-pueblu-asturianu-que-fai-la-competencia-a-vigo-en-navida\/\">Aciera (Quir\u00f3s): El pueblu asturianu que fai la competencia a Vigo en Navid\u00e1<\/a><span class=\"post-date\">08\/11\/2025<\/span><\/li>\n<li><a href=\"https:\/\/edublog.educastur.es\/ixuxu\/2025\/11\/fueyes-darce\/\">Semeyes: Fueyes d\u2019arce<\/a><span class=\"post-date\">08\/11\/2025<\/span><\/li>\n<li><a href=\"https:\/\/edublog.educastur.es\/ixuxu\/2025\/11\/60866\/\">(sin t\u00edtulo)<\/a><span class=\"post-date\">08\/11\/2025<\/span><\/li>\n<li><a href=\"https:\/\/edublog.educastur.es\/ixuxu\/2025\/11\/empieza-la-campana-de-recoyida-dalimentos-coles-mires-de-los-300-000-quilos\/\">Empieza la campa\u00f1a de recoyida d\u2019alimentos coles mires de los 300.000 quilos<\/a><span class=\"post-date\">08\/11\/2025<\/span><\/li>\n<li><a href=\"https:\/\/edublog.educastur.es\/ixuxu\/2025\/11\/el-principau-destinara-13-millones-nayudes-pa-proyectos-de-co-housing\/\">El Princip\u00e1u destinar\u00e1 1,3 millones n\u2019ayudes pa proyectos de co-housing<\/a><span class=\"post-date\">08\/11\/2025<\/span><\/li>\n<li><a href=\"https:\/\/edublog.educastur.es\/ixuxu\/2025\/11\/61195\/\">Proyectu \u00abUna charra col fiscal\u00bb pa informar sobro la ed\u00e1 penal o los riesgos de les redes sociales.<\/a><span class=\"post-date\">08\/11\/2025<\/span><\/li>\n<li><a href=\"https:\/\/edublog.educastur.es\/ixuxu\/2025\/11\/indiz-de-riesgos-forestales\/\">\u00cdndiz de riesgos forestales<\/a><span class=\"post-date\">08\/11\/2025<\/span><\/li>\n<li><a href=\"https:\/\/edublog.educastur.es\/ixuxu\/2025\/11\/asturies-rexistro-anguanol-mes-dochobre-mas-templau-y-secu-de-les-ultimes-decades\/\">Asturies rexistr\u00f3 angua\u00f1o\u2019l mes d\u2019ochobre m\u00e1s templ\u00e1u y secu de les \u00faltimes d\u00e9cades<\/a><span class=\"post-date\">08\/11\/2025<\/span><\/li>\n<li><a href=\"https:\/\/edublog.educastur.es\/ixuxu\/2025\/11\/ferla-mejia\/\">Ferla Meg\u00eda, cantante<\/a><span class=\"post-date\">07\/11\/2025<\/span><\/li>\n<li><a href=\"https:\/\/edublog.educastur.es\/ixuxu\/2025\/11\/ferla-megia-ganal-premiu-camareta-al-meyor-cantar-2025\/\">Ferla Meg\u00eda gana\u2019l Premiu Camaret\u00e1 al Meyor Cantar 2025<\/a><span class=\"post-date\">07\/11\/2025<\/span><\/li>\n<li><a href=\"https:\/\/edublog.educastur.es\/ixuxu\/2025\/11\/les-noticies-del-vienres-7-de-payares-de-2025-nasturianu-tpanoticies\/\">Les noticies del vienres 7 de payares de 2025 n\u2019asturianu #TPANoticies<\/a><span class=\"post-date\">07\/11\/2025<\/span><\/li>\n<li><a href=\"https:\/\/edublog.educastur.es\/ixuxu\/2025\/11\/xvii-camareta-al-meyor-cantar-2025\/\">XVII Camaret\u00e1 al meyor cantar 2025<\/a><span class=\"post-date\">07\/11\/2025<\/span><\/li>\n<li><a href=\"https:\/\/edublog.educastur.es\/ixuxu\/2025\/11\/60928\/\">(sin t\u00edtulo)<\/a><span class=\"post-date\">07\/11\/2025<\/span><\/li>\n<li><a href=\"https:\/\/edublog.educastur.es\/ixuxu\/2025\/11\/61165\/\">Cartelu del Festival Interc\u00e9lticu de Lorient (Francia)<\/a><span class=\"post-date\">07\/11\/2025<\/span><\/li>\n<li><a href=\"https:\/\/edublog.educastur.es\/ixuxu\/2025\/11\/cantar-les-estaciones-del-anu\/\">Cantar: \u00abLes estaciones del a\u00f1u\u00bb<\/a><span class=\"post-date\">07\/11\/2025<\/span><\/li>\n<li><a href=\"https:\/\/edublog.educastur.es\/ixuxu\/2025\/11\/poema-nel-tiempu-la-seronda\/\">Poema: \u00abNel tiempu la seronda\u00bb<\/a><span class=\"post-date\">07\/11\/2025<\/span><\/li>\n<li><a href=\"https:\/\/edublog.educastur.es\/ixuxu\/2025\/11\/60903\/\">(sin t\u00edtulo)<\/a><span class=\"post-date\">07\/11\/2025<\/span><\/li>\n<li><a href=\"https:\/\/edublog.educastur.es\/ixuxu\/2025\/11\/final-de-la-restauracion-de-la-cupula-de-la-ilesia-de-la-llaboral\/\">Final de la restauraci\u00f3n de la c\u00fapula de la ilesia de La Llaboral<\/a><span class=\"post-date\">07\/11\/2025<\/span><\/li>\n<li><a href=\"https:\/\/edublog.educastur.es\/ixuxu\/2025\/11\/los-obradores-asturianos-adelanten-cuasi-un-mes-la-produccion-de-turrones\/\">Los obradores asturianos adelanten cuasi un mes la producci\u00f3n de turrones<\/a><span class=\"post-date\">07\/11\/2025<\/span><\/li>\n<li><a href=\"https:\/\/edublog.educastur.es\/ixuxu\/2025\/11\/uvieu-mengua-los-baldeos-y-los-riegos-pola-falta-de-lluvia-y-el-baxu-nivel-dagua-nos-embalses\/\">Uvi\u00e9u mengua los baldeos y los riegos pola falta de lluvia y el baxu nivel d\u2019agua nos embalses<\/a><span class=\"post-date\">07\/11\/2025<\/span><\/li>\n<li><a href=\"https:\/\/edublog.educastur.es\/ixuxu\/2025\/11\/asturies-protagoniza-una-campana-nacional-escontra-lacosu-escolar-a-alumnos-con-autismu\/\">Asturies protagoniza una campa\u00f1a nacional escontra l\u2019acosu escolar a alumnos con autismu<\/a><span class=\"post-date\">07\/11\/2025<\/span><\/li>\n<li><a href=\"https:\/\/edublog.educastur.es\/ixuxu\/2025\/11\/amaguestu-en-candas\/\">Amag\u00fcestu en Cand\u00e1s<\/a><span class=\"post-date\">07\/11\/2025<\/span><\/li>\n<li><a href=\"https:\/\/edublog.educastur.es\/ixuxu\/2025\/11\/un-7-de-payares-de-2019-dexabanos-margarita-salas\/\">Un 7 de payares de 2019 dex\u00e1banos Margarita Salas.<\/a><span class=\"post-date\">07\/11\/2025<\/span><\/li>\n<li><a href=\"https:\/\/edublog.educastur.es\/ixuxu\/2025\/11\/7n-celebramos-los-esitos-de-tres-muyeres-que-camudaron-la-hestoria-de-la-ciencia\/\">7N: celebramos los \u00e9sitos de tr\u00e9s muyeres que camudaron la hestoria de la ciencia<\/a><span class=\"post-date\">07\/11\/2025<\/span><\/li>\n<li><a href=\"https:\/\/edublog.educastur.es\/ixuxu\/2025\/11\/el-tiempu-el-comercio-180\/\">El tiempu (El Comercio)<\/a><span class=\"post-date\">07\/11\/2025<\/span><\/li>\n<li><a href=\"https:\/\/edublog.educastur.es\/ixuxu\/2025\/11\/estau-del-tiempu-vienres-7-de-payares\/\">Est\u00e1u del tiempu: vienres 7 de payares<\/a><span class=\"post-date\">07\/11\/2025<\/span><\/li>\n<li><a href=\"https:\/\/edublog.educastur.es\/ixuxu\/2025\/11\/61050\/\">(sin t\u00edtulo)<\/a><span class=\"post-date\">06\/11\/2025<\/span><\/li>\n<li><a href=\"https:\/\/edublog.educastur.es\/ixuxu\/2025\/11\/mae-na-plaza-mayor-de-xixon\/\">MAE, na Plaza Mayor de Xix\u00f3n.<\/a><span class=\"post-date\">06\/11\/2025<\/span><\/li>\n<li><a href=\"https:\/\/edublog.educastur.es\/ixuxu\/2025\/11\/aqsturies-un-de-los-llugares-mas-verdes-y-maxicos-despana\/\">Asturies, \u00fan de los llugares m\u00e1s verdes y m\u00e1xicos d\u2019Espa\u00f1a<\/a><span class=\"post-date\">06\/11\/2025<\/span><\/li>\n<li><a href=\"https:\/\/edublog.educastur.es\/ixuxu\/2025\/11\/esta-fin-de-selmana-la-folixa-ta-nel-museu-del-pueblu-dasturies\/\">Esta fin de selmana, la folixa ta nel Mus\u00e9u del Pueblu d\u2019Asturies<\/a><span class=\"post-date\">06\/11\/2025<\/span><\/li>\n<li><a href=\"https:\/\/edublog.educastur.es\/ixuxu\/2025\/11\/la-seronda-naviles-7-y-8-de-payares\/\">La XXII Seronda n\u2019Avil\u00e9s: 7 y 8 de payares<\/a><span class=\"post-date\">06\/11\/2025<\/span><\/li>\n<li><a href=\"https:\/\/edublog.educastur.es\/ixuxu\/2025\/11\/uvieu-programa-para-promover-lactivida-fisica\/\">Uvi\u00e9u: programa para promover l\u2019activid\u00e1 f\u00edsica nos colexos<\/a><span class=\"post-date\">06\/11\/2025<\/span><\/li>\n<li><a href=\"https:\/\/edublog.educastur.es\/ixuxu\/2025\/11\/la-futura-rotonda-del-mapamundi-ente-llugones-y-la-fresneda\/\">La futura rotonda del mapamundi ente Llugones y La Fresneda<\/a><span class=\"post-date\">06\/11\/2025<\/span><\/li>\n<li><a href=\"https:\/\/edublog.educastur.es\/ixuxu\/2025\/11\/61096\/\">Villar, nel conceyu Mieres, l\u2019escond\u00edu pueblu asturianu qu\u2019alluma la Navid\u00e1<\/a><span class=\"post-date\">06\/11\/2025<\/span><\/li>\n<li><a href=\"https:\/\/edublog.educastur.es\/ixuxu\/2025\/11\/y-cantar-so-lagua\/\">Y cantar\u2026 so l\u2019agua.<\/a><span class=\"post-date\">06\/11\/2025<\/span><\/li>\n<li><a href=\"https:\/\/edublog.educastur.es\/ixuxu\/2025\/11\/cantar-la-seronda-ya-llego\/\">Cantar \u00abLa seronda ya lleg\u00f3\u00bb<\/a><span class=\"post-date\">06\/11\/2025<\/span><\/li>\n<li><a href=\"https:\/\/edublog.educastur.es\/ixuxu\/2025\/11\/60851\/\">(sin t\u00edtulo)<\/a><span class=\"post-date\">06\/11\/2025<\/span><\/li>\n<li><a href=\"https:\/\/edublog.educastur.es\/ixuxu\/2025\/11\/62548\/\">(sin t\u00edtulo)<\/a><span class=\"post-date\">06\/11\/2025<\/span><\/li>\n<li><a href=\"https:\/\/edublog.educastur.es\/ixuxu\/2025\/11\/naz-un-rinoceronte-blancu-nel-bioparc-de-valencia\/\">Naz un rinoceronte blancu nel Bioparc de Valencia<\/a><span class=\"post-date\">06\/11\/2025<\/span><\/li>\n<li><a href=\"https:\/\/edublog.educastur.es\/ixuxu\/2025\/11\/el-tiempu-el-comercio-179\/\">El tiempu (El Comercio)<\/a><span class=\"post-date\">06\/11\/2025<\/span><\/li>\n<li><a href=\"https:\/\/edublog.educastur.es\/ixuxu\/2025\/11\/el-tiempu-nasturies-12\/\">El tiempu n\u2019Asturies<\/a><span class=\"post-date\">06\/11\/2025<\/span><\/li>\n<li><a href=\"https:\/\/edublog.educastur.es\/ixuxu\/2025\/11\/la-superluna-mas-grande-del-anu\/\">La superluna m\u00e1s grande del a\u00f1u<\/a><span class=\"post-date\">05\/11\/2025<\/span><\/li>\n<li><a href=\"https:\/\/edublog.educastur.es\/ixuxu\/2025\/11\/61048\/\">(sin t\u00edtulo)<\/a><span class=\"post-date\">05\/11\/2025<\/span><\/li>\n<li><a href=\"https:\/\/edublog.educastur.es\/ixuxu\/2025\/11\/61071\/\">(sin t\u00edtulo)<\/a><span class=\"post-date\">05\/11\/2025<\/span><\/li>\n<li><a href=\"https:\/\/edublog.educastur.es\/ixuxu\/2025\/11\/payares-llega-enllenu-de-vida-a-la-benefica\/\">\u00a1Payares llega enllenu de vida a La Ben\u00e9fica!<\/a><span class=\"post-date\">05\/11\/2025<\/span><\/li>\n<li><a href=\"https:\/\/edublog.educastur.es\/ixuxu\/2025\/11\/ferramientes-quacompanaben-la-vida-diaria\/\">Ferramientes qu\u2019acompa\u00f1aben la vida diaria<\/a><span class=\"post-date\">05\/11\/2025<\/span><\/li>\n<li><a href=\"https:\/\/edublog.educastur.es\/ixuxu\/2025\/11\/uvieu-acueyel-so-sestu-festival-internacional-del-videoclip\/\">Uvi\u00e9u acueye\u2019l so sestu festival internacional del videoclip<\/a><span class=\"post-date\">05\/11\/2025<\/span><\/li>\n<li><a href=\"https:\/\/edublog.educastur.es\/ixuxu\/2025\/11\/60827\/\">(sin t\u00edtulo)<\/a><span class=\"post-date\">05\/11\/2025<\/span><\/li>\n<li><a href=\"https:\/\/edublog.educastur.es\/ixuxu\/2025\/11\/xxii-seronda-naviles-xuntanza-aviles\/\">XXII Seronda n\u2019Avil\u00e9s | Xuntanza Avil\u00e9s<\/a><span class=\"post-date\">05\/11\/2025<\/span><\/li>\n<li><a href=\"https:\/\/edublog.educastur.es\/ixuxu\/2025\/11\/na-seronda-castanes\/\">Na seronda, casta\u00f1es<\/a><span class=\"post-date\">05\/11\/2025<\/span><\/li>\n<li><a href=\"https:\/\/edublog.educastur.es\/ixuxu\/2025\/11\/v-selmana-de-la-ciencia-nel-serida-entel-11-y-19-de-payares\/\">V Selmana de la ciencia nel SERIDA, ente\u2019l 11 y 19 de payares.<\/a><span class=\"post-date\">05\/11\/2025<\/span><\/li>\n<li><a href=\"https:\/\/edublog.educastur.es\/ixuxu\/2025\/11\/premiu-camareta-al-meyor-cantar-vienres-7-de-payares-en-l-lena\/\">Premiu Camaret\u00e1 al Meyor Cantar: vienres 7 de payares, en L.lena<\/a><span class=\"post-date\">05\/11\/2025<\/span><\/li>\n<li><a href=\"https:\/\/edublog.educastur.es\/ixuxu\/2025\/11\/el-corcospin-un-mamiferu-cubiertu-de-pinchos\/\">El corcosp\u00edn, un mam\u00edferu cubiertu de pinchos<\/a><span class=\"post-date\">05\/11\/2025<\/span><\/li>\n<li><a href=\"https:\/\/edublog.educastur.es\/ixuxu\/2025\/11\/dia-internacional-de-les-persones-cuidadores\/\">D\u00eda Internacional de les Persones Cuidadores<\/a><span class=\"post-date\">05\/11\/2025<\/span><\/li>\n<li><a href=\"https:\/\/edublog.educastur.es\/ixuxu\/2025\/11\/dia-mundial-de-la-unesco\/\">D\u00eda Mundial de la UNESCO<\/a><span class=\"post-date\">05\/11\/2025<\/span><\/li>\n<li><a href=\"https:\/\/edublog.educastur.es\/ixuxu\/2025\/11\/indiz-de-quemes-foretales-nasturies\/\">\u00cdndiz de quemes forestales n\u2019Asturies<\/a><span class=\"post-date\">05\/11\/2025<\/span><\/li>\n<li><a href=\"https:\/\/edublog.educastur.es\/ixuxu\/2025\/11\/asturies-va-tar-esti-miercoles-nalerta-naranxa-por-vientos\/\">Asturies va tar esti mi\u00e9rcoles n\u2019alerta naranxa por vientos<\/a><span class=\"post-date\">05\/11\/2025<\/span><\/li>\n<li><a href=\"https:\/\/edublog.educastur.es\/ixuxu\/2025\/11\/estau-del-tiempu-miercoles-5-de-payares-2025\/\">Est\u00e1u del tiempu: mi\u00e9rcoles 5 de payares 2025<\/a><span class=\"post-date\">05\/11\/2025<\/span><\/li>\n<li><a href=\"https:\/\/edublog.educastur.es\/ixuxu\/2025\/11\/llega-un-chorru-polar-a-espana-nes-proximes-hores\/\">Llega un chorru polar a Espa\u00f1a nes pr\u00f3ximes hores<\/a><span class=\"post-date\">05\/11\/2025<\/span><\/li>\n<li><a href=\"https:\/\/edublog.educastur.es\/ixuxu\/2025\/11\/el-tiempu-el-comercio-178\/\">El tiempu (El Comercio)<\/a><span class=\"post-date\">05\/11\/2025<\/span><\/li>\n<li><a href=\"https:\/\/edublog.educastur.es\/ixuxu\/2025\/11\/la-lluna-llena-de-payares-la-superluna-mas-brillosa-del-anu\/\">La lluna llena de payares, la superluna m\u00e1s brillosa del a\u00f1u.<\/a><span class=\"post-date\">05\/11\/2025<\/span><\/li>\n<li><a href=\"https:\/\/edublog.educastur.es\/ixuxu\/2025\/11\/61024\/\">(sin t\u00edtulo)<\/a><span class=\"post-date\">05\/11\/2025<\/span><\/li>\n<li><a href=\"https:\/\/edublog.educastur.es\/ixuxu\/2025\/11\/conoces-mas-refranes-asturianos-de-la-seronda\/\">\u00bfConoces m\u00e1s refranes asturianos de la seronda?<\/a><span class=\"post-date\">05\/11\/2025<\/span><\/li>\n<li><a href=\"https:\/\/edublog.educastur.es\/ixuxu\/2025\/11\/lespectacular-amanecer-en-xixon\/\">L\u2019espectacular amanecer en Xixon<\/a><span class=\"post-date\">04\/11\/2025<\/span><\/li>\n<li><a href=\"https:\/\/edublog.educastur.es\/ixuxu\/2025\/11\/el-joracu-de-cunaba-penamellera-baxa\/\">El Joracu de Cu\u00f1aba (Pe\u00f1amellera Baxa)<\/a><span class=\"post-date\">03\/11\/2025<\/span><\/li>\n<li><a href=\"https:\/\/edublog.educastur.es\/ixuxu\/2025\/11\/vineta-aviones-sospechosos\/\">Vi\u00f1eta: Aviones sospechosos<\/a><span class=\"post-date\">03\/11\/2025<\/span><\/li>\n<li><a href=\"https:\/\/edublog.educastur.es\/ixuxu\/2025\/11\/dia-internacional-de-les-reserves-de-la-biosfera-2\/\">D\u00eda Internacional de les Reserves de la Biosfera<\/a><span class=\"post-date\">03\/11\/2025<\/span><\/li>\n<li><a href=\"https:\/\/edublog.educastur.es\/ixuxu\/2025\/11\/indiz-de-quemes-forestales-nasturies-12\/\">\u00cdndiz de quemes forestales n\u2019Asturies<\/a><span class=\"post-date\">03\/11\/2025<\/span><\/li>\n<li><a href=\"https:\/\/edublog.educastur.es\/ixuxu\/2025\/11\/el-tiempu-el-comercio-177\/\">El tiempu (El Comercio)<\/a><span class=\"post-date\">03\/11\/2025<\/span><\/li>\n<li><a href=\"https:\/\/edublog.educastur.es\/ixuxu\/2025\/11\/estau-del-tiempu-llunes-3-de-payares-2025\/\">Est\u00e1u del tiempu: llunes 3 de payares 2025<\/a><span class=\"post-date\">03\/11\/2025<\/span><\/li>\n<li><a href=\"https:\/\/edublog.educastur.es\/ixuxu\/2025\/11\/60925\/\">(sin t\u00edtulo)<\/a><span class=\"post-date\">02\/11\/2025<\/span><\/li>\n<li><a href=\"https:\/\/edublog.educastur.es\/ixuxu\/2025\/11\/60982\/\">Encuesta calidable de vida de los asturianos<\/a><span class=\"post-date\">02\/11\/2025<\/span><\/li>\n<li><a href=\"https:\/\/edublog.educastur.es\/ixuxu\/2025\/11\/la-produccion-de-choscu-de-tineu-bate-recor-en-2024-con-74-500-kilos-con-ixp\/\">La producci\u00f3n de choscu de Tin\u00e9u bate r\u00e9cor en 2024 con 74.500 kilos con IXP<\/a><span class=\"post-date\">02\/11\/2025<\/span><\/li>\n<li><a href=\"https:\/\/edublog.educastur.es\/ixuxu\/2025\/11\/la-collecha-de-miel-certificao-nasturies-podria-amenorgase-anguano-en-mas-dun-25\/\">La collecha de miel certificao n\u2019Asturies podr\u00eda amenorgase angua\u00f1o en m\u00e1s d\u2019un 25%<\/a><span class=\"post-date\">02\/11\/2025<\/span><\/li>\n<li><a href=\"https:\/\/edublog.educastur.es\/ixuxu\/2025\/11\/la-banda-gaiteros-del-carbon-cumple-diez-anos\/\">La banda \u2018Gaiteros del Carb\u00f3n\u2019 cumple diez a\u00f1os<\/a><span class=\"post-date\">02\/11\/2025<\/span><\/li>\n<li><a href=\"https:\/\/edublog.educastur.es\/ixuxu\/2025\/11\/60841\/\">(sin t\u00edtulo)<\/a><span class=\"post-date\">02\/11\/2025<\/span><\/li>\n<li><a href=\"https:\/\/edublog.educastur.es\/ixuxu\/2025\/11\/honrar-la-vida-daquellos-quanque-guei-nun-tan-recordamoslos\/\">Honrar la Vida d\u2019aquellos qu\u2019anque g\u00fcei nun t\u00e1n, record\u00e1moslos.<\/a><span class=\"post-date\">02\/11\/2025<\/span><\/li>\n<li><a href=\"https:\/\/edublog.educastur.es\/ixuxu\/2025\/11\/el-tiempu-el-comercio-176\/\">El tiempu (El Comercio)<\/a><span class=\"post-date\">02\/11\/2025<\/span><\/li>\n<li><a href=\"https:\/\/edublog.educastur.es\/ixuxu\/2025\/11\/les-noticies-del-sabadu-1-de-payares-de-2025-nasturianu-tpanoticies\/\">Les noticies del s\u00e1badu 1 de payares de 2025 n\u2019asturianu #TPANoticies<\/a><span class=\"post-date\">01\/11\/2025<\/span><\/li>\n<li><a href=\"https:\/\/edublog.educastur.es\/ixuxu\/2025\/11\/postre-panchon-tipicu-del-conceyu-dayer\/\">Postre: Panch\u00f3n, t\u00edpicu del conceyu d\u2019Ayer<\/a><span class=\"post-date\">01\/11\/2025<\/span><\/li>\n<li><a href=\"https:\/\/edublog.educastur.es\/ixuxu\/2025\/11\/cocina-espanola\/\">Cocina espa\u00f1ola<\/a><span class=\"post-date\">01\/11\/2025<\/span><\/li>\n<li><a href=\"https:\/\/edublog.educastur.es\/ixuxu\/2025\/11\/variedaes-llinguistiques-y-particularidaes-fonetiques-del-espanol\/\">Variedaes lling\u00fc\u00edstiques y particularidaes fon\u00e9tiques del espa\u00f1ol<\/a><span class=\"post-date\">01\/11\/2025<\/span><\/li>\n<li><a href=\"https:\/\/edublog.educastur.es\/ixuxu\/2025\/11\/lleer-ye\/\">Lleer ye\u2026<\/a><span class=\"post-date\">01\/11\/2025<\/span><\/li>\n<li><a href=\"https:\/\/edublog.educastur.es\/ixuxu\/2025\/11\/magosto-en-grandas-de-salime\/\">Magosto en Grandas de Salime<\/a><span class=\"post-date\">01\/11\/2025<\/span><\/li>\n<li><a href=\"https:\/\/edublog.educastur.es\/ixuxu\/2025\/11\/60892\/\">(sin t\u00edtulo)<\/a><span class=\"post-date\">01\/11\/2025<\/span><\/li>\n<li><a href=\"https:\/\/edublog.educastur.es\/ixuxu\/2025\/11\/les-arriondes-acueyel-domingu-la-iv-edicion-del-concursu-y-preba-de-sidre-casero-de-parres\/\">Les Arriondes acueye\u2019l domingu la IV edici\u00f3n del Concursu y Preba de Sidre Casero de Parres<\/a><span class=\"post-date\">01\/11\/2025<\/span><\/li>\n<li><a href=\"https:\/\/edublog.educastur.es\/ixuxu\/2025\/11\/el-teatru-vital-aza-acueyel-7-de-payares-la-gala-final-del-xvii-premiu-camareta-al-meyor-cantar\/\">El Teatru Vital Aza acueye\u2019l 7 de payares la gala final del XVII Premiu Camaret\u00e1 al Meyor Cantar<\/a><span class=\"post-date\">01\/11\/2025<\/span><\/li>\n<li><a href=\"https:\/\/edublog.educastur.es\/ixuxu\/2025\/11\/plan-de-vialida-ivernizu-para-garantizar-la-segurida-nes-carreteres\/\">Plan de vialid\u00e1 ivernizu para garantizar la segurid\u00e1 nes carreteres<\/a><span class=\"post-date\">01\/11\/2025<\/span><\/li>\n<li><a href=\"https:\/\/edublog.educastur.es\/ixuxu\/2025\/11\/paxarinos-escaecios\/\">(sin t\u00edtulo)<\/a><span class=\"post-date\">01\/11\/2025<\/span><\/li>\n<li><a href=\"https:\/\/edublog.educastur.es\/ixuxu\/2025\/11\/el-campusantu-mas-emotivu-dasturies-banduxu-proaza\/\">El campusantu m\u00e1s emotivu d\u2019Asturies: Banduxu (Proaza)<\/a><span class=\"post-date\">01\/11\/2025<\/span><\/li>\n<li><a href=\"https:\/\/edublog.educastur.es\/ixuxu\/2025\/11\/xxxviii-edicion-de-la-feria-del-miel-y-material-apicola-en-bual\/\">XXXVIII edici\u00f3n de la Feria del Miel y material ap\u00edcola en Bual<\/a><span class=\"post-date\">01\/11\/2025<\/span><\/li>\n<li><a href=\"https:\/\/edublog.educastur.es\/ixuxu\/2025\/11\/cola-seronda-aporten-los-amaguestos\/\">Cola seronda aporten los amag\u00fcestos<\/a><span class=\"post-date\">01\/11\/2025<\/span><\/li>\n<li><a href=\"https:\/\/edublog.educastur.es\/ixuxu\/2025\/11\/xxxiv-certame-de-la-castana-y-productos-de-la-guerta\/\">XXXIV Certame de la Casta\u00f1a y Productos de la G\u00fcerta.<\/a><span class=\"post-date\">01\/11\/2025<\/span><\/li>\n<li><a href=\"https:\/\/edublog.educastur.es\/ixuxu\/2025\/11\/xliii-xornaes-internacionales-destudiu-nuvieu\/\">XLIII Xornaes Internacionales d\u2019Estudiu, n\u2019Uvi\u00e9u<\/a><span class=\"post-date\">01\/11\/2025<\/span><\/li>\n<li><a href=\"https:\/\/edublog.educastur.es\/ixuxu\/2025\/11\/amaguestu\/\">Amag\u00fcestu<\/a><span class=\"post-date\">01\/11\/2025<\/span><\/li>\n<li><a href=\"https:\/\/edublog.educastur.es\/ixuxu\/2025\/11\/les-castanes-per-noviembre\/\">\u00abLes casta\u00f1es per noviembre\u00bb<\/a><span class=\"post-date\">01\/11\/2025<\/span><\/li>\n<li><a href=\"https:\/\/edublog.educastur.es\/ixuxu\/2025\/11\/noviembre-payares\/\">Noviembre\/payares<\/a><span class=\"post-date\">01\/11\/2025<\/span><\/li>\n<\/ul>\n","protected":false},"excerpt":{"rendered":"<p>Les noticies del domingu 30 de payares de 2025 n\u2019asturianu #TPANoticies30\/11\/2025 \u00abAmor qui\u00e9n te tuviera\u00bb Anabel Santiago30\/11\/2025 \u00abS\u00f3lo\u00bb, maraviyosu proyectu musical d\u2019Alfredo Gonz\u00e1lez30\/11\/2025 Villancicu: \u00abLleg\u00f3 la navid\u00e1\u00bb | Rapacina30\/11\/2025 \u00abFondures\u00bb, un poemariu mineru30\/11\/2025 Poema d\u2019Alfredo Garay30\/11\/2025 Prueba de conocencia de la llingua asturiana: S\u00e1badu, 13 d\u2019avientu de 202530\/11\/2025 (sin t\u00edtulo)30\/11\/2025 La Navid\u00e1 m\u00e1s cara de [&hellip;]<\/p>\n","protected":false},"author":117,"featured_media":0,"parent":38590,"menu_order":0,"comment_status":"closed","ping_status":"closed","template":"","meta":{"footnotes":""},"class_list":["post-64901","page","type-page","status-publish","hentry"],"_links":{"self":[{"href":"https:\/\/edublog.educastur.es\/ixuxu\/wp-json\/wp\/v2\/pages\/64901","targetHints":{"allow":["GET"]}}],"collection":[{"href":"https:\/\/edublog.educastur.es\/ixuxu\/wp-json\/wp\/v2\/pages"}],"about":[{"href":"https:\/\/edublog.educastur.es\/ixuxu\/wp-json\/wp\/v2\/types\/page"}],"author":[{"embeddable":true,"href":"https:\/\/edublog.educastur.es\/ixuxu\/wp-json\/wp\/v2\/users\/117"}],"replies":[{"embeddable":true,"href":"https:\/\/edublog.educastur.es\/ixuxu\/wp-json\/wp\/v2\/comments?post=64901"}],"version-history":[{"count":2,"href":"https:\/\/edublog.educastur.es\/ixuxu\/wp-json\/wp\/v2\/pages\/64901\/revisions"}],"predecessor-version":[{"id":64903,"href":"https:\/\/edublog.educastur.es\/ixuxu\/wp-json\/wp\/v2\/pages\/64901\/revisions\/64903"}],"up":[{"embeddable":true,"href":"https:\/\/edublog.educastur.es\/ixuxu\/wp-json\/wp\/v2\/pages\/38590"}],"wp:attachment":[{"href":"https:\/\/edublog.educastur.es\/ixuxu\/wp-json\/wp\/v2\/media?parent=64901"}],"curies":[{"name":"wp","href":"https:\/\/api.w.org\/{rel}","templated":true}]}}