{"id":64904,"date":"2026-01-02T21:13:49","date_gmt":"2026-01-02T19:13:49","guid":{"rendered":"https:\/\/edublog.educastur.es\/ixuxu\/?page_id=64904"},"modified":"2026-01-02T21:13:49","modified_gmt":"2026-01-02T19:13:49","slug":"10_ochobre","status":"publish","type":"page","link":"https:\/\/edublog.educastur.es\/ixuxu\/archivu-blogue\/articulos\/2025-2\/10_ochobre\/","title":{"rendered":"10_Ochobre"},"content":{"rendered":"<ul>\n<li><a href=\"https:\/\/edublog.educastur.es\/ixuxu\/2025\/10\/les-noticies-del-vienres-31-dochobre-de-2025-nasturianu-tpanoticies\/\">Les noticies del vienres 31 d\u2019ochobre de 2025 n\u2019asturianu #TPANoticies<\/a><span class=\"post-date\">31\/10\/2025<\/span><\/li>\n<li><a href=\"https:\/\/edublog.educastur.es\/ixuxu\/2025\/10\/turismu-nitalia-asturies-vivese-pasu-a-pasu\/\">Promoci\u00f3n d\u2019Asturies n\u2019italiano: Asturies: v\u00edvese, pasu a pasu<\/a><span class=\"post-date\">31\/10\/2025<\/span><\/li>\n<li><a href=\"https:\/\/edublog.educastur.es\/ixuxu\/2025\/10\/samain-nel-barriu-prau-de-la-vega-uvieu\/\">Sama\u00edn nel barriu Pr\u00e1u de la Vega (Uvi\u00e9u)<\/a><span class=\"post-date\">31\/10\/2025<\/span><\/li>\n<li><a href=\"https:\/\/edublog.educastur.es\/ixuxu\/2025\/10\/samain-ye-tiempu-de-niebla-lluna-y-memoria\/\">Sama\u00edn ye tiempu de niebla, lluna y memoria.<\/a><span class=\"post-date\">31\/10\/2025<\/span><\/li>\n<li><a href=\"https:\/\/edublog.educastur.es\/ixuxu\/2025\/10\/nun-ye-halloween-ye-samain-en-mieres\/\">Nun ye Halloween, ye Sama\u00edn en Mieres<\/a><span class=\"post-date\">31\/10\/2025<\/span><\/li>\n<li><a href=\"https:\/\/edublog.educastur.es\/ixuxu\/2025\/10\/los-bunuelos-caseros-una-receta-tipica-de-la-reposteria-asturiana\/\">Los Bu\u00f1uelos Caseros, una receta t\u00edpica de la reposter\u00eda asturiana<\/a><span class=\"post-date\">31\/10\/2025<\/span><\/li>\n<li><a href=\"https:\/\/edublog.educastur.es\/ixuxu\/2025\/10\/cancion-baxaben-cuatro-ayeranos\/\">Canci\u00f3n \u00abBaxaben cuatro ayeranos\u00bb<\/a><span class=\"post-date\">31\/10\/2025<\/span><\/li>\n<li><a href=\"https:\/\/edublog.educastur.es\/ixuxu\/2025\/10\/samain-nuvieu\/\">Sama\u00edn n\u2019Uvi\u00e9u: Solombres y lluces n\u2019Uvi\u00e9u (visita teatraliz\u00e1)<\/a><span class=\"post-date\">31\/10\/2025<\/span><\/li>\n<li><a href=\"https:\/\/edublog.educastur.es\/ixuxu\/2025\/10\/lespanol-nel-mundu-anuariu-2025-del-institutu-cervantes\/\">\u00abL\u2019espa\u00f1ol nel mundu\u00bb: Anuariu 2025 del Institutu Cervantes.<\/a><span class=\"post-date\">31\/10\/2025<\/span><\/li>\n<li><a href=\"https:\/\/edublog.educastur.es\/ixuxu\/2025\/10\/la-familia-castanon-ya-forma-parte-del-museu-del-pueblu-dasturies\/\">\u2018La familia Casta\u00f1\u00f3n\u2019 y\u00e1 forma parte del Mus\u00e9u del Pueblu d\u2019Asturies<\/a><span class=\"post-date\">31\/10\/2025<\/span><\/li>\n<li><a href=\"https:\/\/edublog.educastur.es\/ixuxu\/2025\/10\/la-nueche-danimes\/\">La nueche d\u2019\u00e1nimes<\/a><span class=\"post-date\">31\/10\/2025<\/span><\/li>\n<li><a href=\"https:\/\/edublog.educastur.es\/ixuxu\/2025\/10\/61008\/\">Sama\u00edn nel colexu Xentiquina (Lieres)<\/a><span class=\"post-date\">31\/10\/2025<\/span><\/li>\n<li><a href=\"https:\/\/edublog.educastur.es\/ixuxu\/2025\/10\/numberu-133-de-lletres-asturianes-alla\/\">N\u00famberu 133 de Lletres Asturianes (ALLA)<\/a><span class=\"post-date\">31\/10\/2025<\/span><\/li>\n<li><a href=\"https:\/\/edublog.educastur.es\/ixuxu\/2025\/10\/pokeastur-laventura-de-llucia-y-lucas\/\">Pok\u00e9Astur: L\u2019aventura de Lluc\u00eda y Lucas<\/a><span class=\"post-date\">31\/10\/2025<\/span><\/li>\n<li><a href=\"https:\/\/edublog.educastur.es\/ixuxu\/2025\/10\/tiempu-doricios\/\">Tiempu d\u2019oricios<\/a><span class=\"post-date\">31\/10\/2025<\/span><\/li>\n<li><a href=\"https:\/\/edublog.educastur.es\/ixuxu\/2025\/10\/60771\/\">Sama\u00edn<\/a><span class=\"post-date\">31\/10\/2025<\/span><\/li>\n<li><a href=\"https:\/\/edublog.educastur.es\/ixuxu\/2025\/10\/samain-en-tolos-rincones-dasturies\/\">Sama\u00edn en tolos rincones d\u2019Asturies<\/a><span class=\"post-date\">31\/10\/2025<\/span><\/li>\n<li><a href=\"https:\/\/edublog.educastur.es\/ixuxu\/2025\/10\/60123\/\">Nueche d\u2019\u00c1nimes<\/a><span class=\"post-date\">31\/10\/2025<\/span><\/li>\n<li><a href=\"https:\/\/edublog.educastur.es\/ixuxu\/2025\/10\/temporada-2-de-verdina-samain\/\">Temporada 2 de Verdina: \u00abSama\u00edn\u00bb<\/a><span class=\"post-date\">31\/10\/2025<\/span><\/li>\n<li><a href=\"https:\/\/edublog.educastur.es\/ixuxu\/2025\/10\/rapacina-el-samain\/\">Rapacina: \u00abEl Sama\u00edn\u00bb<\/a><span class=\"post-date\">31\/10\/2025<\/span><\/li>\n<li><a href=\"https:\/\/edublog.educastur.es\/ixuxu\/2025\/10\/dia-mundial-de-les-ciudaes-2\/\">D\u00eda Mundial de les Ciudaes<\/a><span class=\"post-date\">31\/10\/2025<\/span><\/li>\n<li><a href=\"https:\/\/edublog.educastur.es\/ixuxu\/2025\/10\/el-tiempu-el-comercio-175\/\">El tiempu (El Comercio)<\/a><span class=\"post-date\">31\/10\/2025<\/span><\/li>\n<li><a href=\"https:\/\/edublog.educastur.es\/ixuxu\/2025\/10\/termina-ochobre\/\">Termina ochobre<\/a><span class=\"post-date\">31\/10\/2025<\/span><\/li>\n<li><a href=\"https:\/\/edublog.educastur.es\/ixuxu\/2025\/10\/guei-entamal-nuesu-anu-nuevu-nes-rexones-y-paises-celtes\/\">G\u00fcei entama\u2019l nuesu A\u00f1u Nuevu nes rexones y pa\u00edses celtes.<\/a><span class=\"post-date\">31\/10\/2025<\/span><\/li>\n<li><a href=\"https:\/\/edublog.educastur.es\/ixuxu\/2025\/10\/les-noticies-del-xueves-30-dochobre-de-2025-nasturianu-tpanoticies\/\">Les noticies del xueves 30 d\u2019ochobre de 2025 n\u2019asturianu #TPANoticies<\/a><span class=\"post-date\">30\/10\/2025<\/span><\/li>\n<li><a href=\"https:\/\/edublog.educastur.es\/ixuxu\/2025\/10\/muevete-por-reciclar-meyor\/\">Mu\u00e9vete por reciclar meyor<\/a><span class=\"post-date\">30\/10\/2025<\/span><\/li>\n<li><a href=\"https:\/\/edublog.educastur.es\/ixuxu\/2025\/10\/60735\/\">Lince o llobu cerval ib\u00e9ricu de pelame inusualmente claru, leuc\u00edsticu<\/a><span class=\"post-date\">30\/10\/2025<\/span><\/li>\n<li><a href=\"https:\/\/edublog.educastur.es\/ixuxu\/2025\/10\/60607\/\">(sin t\u00edtulo)<\/a><span class=\"post-date\">30\/10\/2025<\/span><\/li>\n<li><a href=\"https:\/\/edublog.educastur.es\/ixuxu\/2025\/10\/musica-de-samain\/\">M\u00fasica de Sama\u00edn<\/a><span class=\"post-date\">30\/10\/2025<\/span><\/li>\n<li><a href=\"https:\/\/edublog.educastur.es\/ixuxu\/2025\/10\/llaboral-acueyel-segundu-festival-nacional-deducacion-y-emprendimientu\/\">Llaboral acueye\u2019l segundu festival nacional d\u2019educaci\u00f3n y emprendimientu<\/a><span class=\"post-date\">30\/10\/2025<\/span><\/li>\n<li><a href=\"https:\/\/edublog.educastur.es\/ixuxu\/2025\/10\/pan-y-roses-festival-de-lliteratura-social-y-pensamientu-criticu-contemporaneu\/\">\u201cPan y Roses\u201d: festival de lliteratura social y pensamientu cr\u00edticu contemporaneu.<\/a><span class=\"post-date\">30\/10\/2025<\/span><\/li>\n<li><a href=\"https:\/\/edublog.educastur.es\/ixuxu\/2025\/10\/el-tiempu-el-comercio-174\/\">El tiempu (El Comercio)<\/a><span class=\"post-date\">30\/10\/2025<\/span><\/li>\n<li><a href=\"https:\/\/edublog.educastur.es\/ixuxu\/2025\/10\/60648\/\">(sin t\u00edtulo)<\/a><span class=\"post-date\">29\/10\/2025<\/span><\/li>\n<li><a href=\"https:\/\/edublog.educastur.es\/ixuxu\/2025\/10\/samain-magostos-miel-y-castanes\/\">Sama\u00edn, magostos, miel y casta\u00f1es\u2026<\/a><span class=\"post-date\">29\/10\/2025<\/span><\/li>\n<li><a href=\"https:\/\/edublog.educastur.es\/ixuxu\/2025\/10\/60654\/\">\u00bfQu\u00e9 sedr\u00e1 lo qu\u2019atop\u00f3 l\u2019ablanera nuna fr\u00eda ma\u00f1ana de la seronda?<\/a><span class=\"post-date\">29\/10\/2025<\/span><\/li>\n<li><a href=\"https:\/\/edublog.educastur.es\/ixuxu\/2025\/10\/seronda-ye-tiempu-de-dir-a-la-gueta-les-castanes-pa-facer-lamaguestu\/\">Seronda: Ye tiempu de \u00abdir a la gueta\u00bb les casta\u00f1es pa facer l\u2019amag\u00fcestu<\/a><span class=\"post-date\">29\/10\/2025<\/span><\/li>\n<li><a href=\"https:\/\/edublog.educastur.es\/ixuxu\/2025\/10\/nueves-equipaciones-de-les-selecciones-asturianes-de-futbol\/\">Nueves equipaciones de les selecciones asturianes de f\u00fatbol.<\/a><span class=\"post-date\">29\/10\/2025<\/span><\/li>\n<li><a href=\"https:\/\/edublog.educastur.es\/ixuxu\/2025\/10\/la-evolucion-de-la-pandereta-nasturies-y-galicia\/\">La evoluci\u00f3n de la pandereta n\u2019Asturies y Galicia<\/a><span class=\"post-date\">29\/10\/2025<\/span><\/li>\n<li><a href=\"https:\/\/edublog.educastur.es\/ixuxu\/2025\/10\/la-entruga-de-guei-que-ta-faciendo-esti-paisanu\/\">La entruga de g\u00fcei..\u00bfque ta faciendo esti paisanu?<\/a><span class=\"post-date\">29\/10\/2025<\/span><\/li>\n<li><a href=\"https:\/\/edublog.educastur.es\/ixuxu\/2025\/10\/lalvertencia-del-filosofu-byung-chul-han\/\">L\u2019Alvertencia del fil\u00f3sofu Byung-Chul Han<\/a><span class=\"post-date\">29\/10\/2025<\/span><\/li>\n<li><a href=\"https:\/\/edublog.educastur.es\/ixuxu\/2025\/10\/paxarinos-na-sablera-de-banugues-gozon\/\">Paxarinos na Sablera de Ba\u00f1ugues (Goz\u00f3n)<\/a><span class=\"post-date\">29\/10\/2025<\/span><\/li>\n<li><a href=\"https:\/\/edublog.educastur.es\/ixuxu\/2025\/10\/madrenes-asturianes\/\">Madre\u00f1es asturianes<\/a><span class=\"post-date\">29\/10\/2025<\/span><\/li>\n<li><a href=\"https:\/\/edublog.educastur.es\/ixuxu\/2025\/10\/esfollon-cola-asociacion-damigos-del-museu-de-grandas-de-salime\/\">\u201cEsfoll\u00f3n\u201d cola Asociaci\u00f3n d\u2019Amigos del Mus\u00e9u de Grandas de Salime<\/a><span class=\"post-date\">29\/10\/2025<\/span><\/li>\n<li><a href=\"https:\/\/edublog.educastur.es\/ixuxu\/2025\/10\/la-riqueza-llinguistica-despana\/\">La riqueza lling\u00fc\u00edstica d\u2019Espa\u00f1a<\/a><span class=\"post-date\">29\/10\/2025<\/span><\/li>\n<li><a href=\"https:\/\/edublog.educastur.es\/ixuxu\/2025\/10\/asturies-pon-a-los-alumnos-al-mandu-de-la-llucha-contra-lacoso-escolar\/\">Asturies pon a los alumnos al mandu de la llucha contra l\u2019acoso escolar<\/a><span class=\"post-date\">29\/10\/2025<\/span><\/li>\n<li><a href=\"https:\/\/edublog.educastur.es\/ixuxu\/2025\/10\/60510\/\">(sin t\u00edtulo)<\/a><span class=\"post-date\">29\/10\/2025<\/span><\/li>\n<li><a href=\"https:\/\/edublog.educastur.es\/ixuxu\/2025\/10\/sabies-que-la-pallabra-bruxa\/\">Sab\u00edes que\u2026 la pallabra \u00abbruxa\u00bb<\/a><span class=\"post-date\">29\/10\/2025<\/span><\/li>\n<li><a href=\"https:\/\/edublog.educastur.es\/ixuxu\/2025\/10\/dia-mundial-de-los-cuidos\/\">D\u00eda Mundial de los Cuidos<\/a><span class=\"post-date\">29\/10\/2025<\/span><\/li>\n<li><a href=\"https:\/\/edublog.educastur.es\/ixuxu\/2025\/10\/el-tiempu-el-comercio-173\/\">El tiempu (El Comercio)<\/a><span class=\"post-date\">29\/10\/2025<\/span><\/li>\n<li><a href=\"https:\/\/edublog.educastur.es\/ixuxu\/2025\/10\/estau-del-tiempu-miercoles-29-dochobre-2025\/\">Est\u00e1u del tiempu: mi\u00e9rcoles 29 d\u2019ochobre 2025<\/a><span class=\"post-date\">29\/10\/2025<\/span><\/li>\n<li><a href=\"https:\/\/edublog.educastur.es\/ixuxu\/2025\/10\/les-noticies-del-martes-28-dochobre-de-2025-nasturianu-tpanoticies\/\">Les noticies del martes 28 d\u2019ochobre de 2025 n\u2019asturianu #TPANoticies<\/a><span class=\"post-date\">28\/10\/2025<\/span><\/li>\n<li><a href=\"https:\/\/edublog.educastur.es\/ixuxu\/2025\/10\/camin-de-xelu\/\">Cam\u00edn de xelu \ud83d\ude09<\/a><span class=\"post-date\">28\/10\/2025<\/span><\/li>\n<li><a href=\"https:\/\/edublog.educastur.es\/ixuxu\/2025\/10\/60577\/\">(sin t\u00edtulo)<\/a><span class=\"post-date\">28\/10\/2025<\/span><\/li>\n<li><a href=\"https:\/\/edublog.educastur.es\/ixuxu\/2025\/10\/homenaxe-al-maiz\/\">Homenaxe al ma\u00edz<\/a><span class=\"post-date\">28\/10\/2025<\/span><\/li>\n<li><a href=\"https:\/\/edublog.educastur.es\/ixuxu\/2025\/10\/alcuentru-musica-sobre-palabra-un-viaje-a-la-poesia-de-angel-gonzalez\/\">Alcuentru \u201cM\u00fasica sobre palabra: un viaje a la poes\u00eda d\u2019\u00c1ngel Gonz\u00e1lez\u00bb<\/a><span class=\"post-date\">28\/10\/2025<\/span><\/li>\n<li><a href=\"https:\/\/edublog.educastur.es\/ixuxu\/2025\/10\/la-escondida-cueva-de-xelu-dasturies-pena-castil\/\">La escondida cueva de xelu d\u2019Asturies: Pe\u00f1a Castil<\/a><span class=\"post-date\">28\/10\/2025<\/span><\/li>\n<li><a href=\"https:\/\/edublog.educastur.es\/ixuxu\/2025\/10\/rosalia-sorpriende-con-lux\/\">Rosal\u00eda sorpriende con \u00abLux\u00bb<\/a><span class=\"post-date\">28\/10\/2025<\/span><\/li>\n<li><a href=\"https:\/\/edublog.educastur.es\/ixuxu\/2025\/10\/el-turullu-instrumentu-musical-asturianu\/\">El turullu (Instrumentu musical asturianu)<\/a><span class=\"post-date\">28\/10\/2025<\/span><\/li>\n<li><a href=\"https:\/\/edublog.educastur.es\/ixuxu\/2025\/10\/per-san-simon-castanes-al-trompon-2\/\">\u00abPer San Sim\u00f3n casta\u00f1es al tromp\u00f3n\u00bb<\/a><span class=\"post-date\">28\/10\/2025<\/span><\/li>\n<li><a href=\"https:\/\/edublog.educastur.es\/ixuxu\/2025\/10\/un-28-dochobre-inaugurose-la-estatua-de-la-lliberta\/\">Un 28 d\u2019ochobre, inaugur\u00f3se la Estatua de La Llibert\u00e1<\/a><span class=\"post-date\">28\/10\/2025<\/span><\/li>\n<li><a href=\"https:\/\/edublog.educastur.es\/ixuxu\/2025\/10\/el-tiempu-el-comercio-172\/\">El tiempu (El Comercio)<\/a><span class=\"post-date\">28\/10\/2025<\/span><\/li>\n<li><a href=\"https:\/\/edublog.educastur.es\/ixuxu\/2025\/10\/estau-del-tiempu-martes-28-dochobre\/\">Est\u00e1u del tiempu: martes 28 d\u2019ochobre<\/a><span class=\"post-date\">28\/10\/2025<\/span><\/li>\n<li><a href=\"https:\/\/edublog.educastur.es\/ixuxu\/2025\/10\/les-nacencies-xuben-nasturies-un-09-hasta-setiembre-y-los-fallecimientos-baxen-un-21\/\">Les nacencies xuben n\u2019Asturies un 0,9% hasta setiembre<\/a><span class=\"post-date\">27\/10\/2025<\/span><\/li>\n<li><a href=\"https:\/\/edublog.educastur.es\/ixuxu\/2025\/10\/les-noticies-del-llunes-27-dochobre-de-2025-nasturianu-tpanoticies\/\">Les noticies del llunes 27 d\u2019ochobre de 2025 n\u2019asturianu #TPANoticies<\/a><span class=\"post-date\">27\/10\/2025<\/span><\/li>\n<li><a href=\"https:\/\/edublog.educastur.es\/ixuxu\/2025\/10\/the-asturianes-64-rederes\/\">The Asturianer 64: \u00abRederes\u00bb<\/a><span class=\"post-date\">27\/10\/2025<\/span><\/li>\n<li><a href=\"https:\/\/edublog.educastur.es\/ixuxu\/2025\/10\/60485\/\">(sin t\u00edtulo)<\/a><span class=\"post-date\">27\/10\/2025<\/span><\/li>\n<li><a href=\"https:\/\/edublog.educastur.es\/ixuxu\/2025\/10\/espicha-especial-san-martin-payares-guel-a-tradicion\/\">Espicha especial San Mart\u00edn: payares g\u00fcel a tradici\u00f3n<\/a><span class=\"post-date\">27\/10\/2025<\/span><\/li>\n<li><a href=\"https:\/\/edublog.educastur.es\/ixuxu\/2025\/10\/xxxvii-xornaes-gastronomiques-de-seronda-a-teberga\/\">XXXVII Xornaes Gastron\u00f3miques de Seronda a Teberga<\/a><span class=\"post-date\">27\/10\/2025<\/span><\/li>\n<li><a href=\"https:\/\/edublog.educastur.es\/ixuxu\/2025\/10\/muyeres-del-mediu-rural-piden-accesu-igualitariu-a-los-servicios-pa-poder-siguir-viviendo-nel-campu\/\">Muyeres del mediu rural piden accesu igualitariu a los servicios<\/a><span class=\"post-date\">27\/10\/2025<\/span><\/li>\n<li><a href=\"https:\/\/edublog.educastur.es\/ixuxu\/2025\/10\/fuelga-estudiantil-contral-bullying-tres-el-casu-de-sandra-pena\/\">Fuelga estudiantil contra\u2019l bullying tres el casu de Sandra Pe\u00f1a<\/a><span class=\"post-date\">27\/10\/2025<\/span><\/li>\n<li><a href=\"https:\/\/edublog.educastur.es\/ixuxu\/2025\/10\/primero-que-conchi-munches-otres-xugaren-la-suerte-nos-pozos\/\">Primero que Conchi, munches otres xugaren la suerte nos pozos<\/a><span class=\"post-date\">27\/10\/2025<\/span><\/li>\n<li><a href=\"https:\/\/edublog.educastur.es\/ixuxu\/2025\/10\/dicen-defren-dandres\/\">\u00abDicen\u00bb d\u2019Efr\u00e9n d\u2019Andr\u00e9s<\/a><span class=\"post-date\">27\/10\/2025<\/span><\/li>\n<li><a href=\"https:\/\/edublog.educastur.es\/ixuxu\/2025\/10\/marisa-valle-roso-el-tren-de-la-liberta\/\">Marisa Valle Roso: \u00abEl tren de la libert\u00e1\u00bb<\/a><span class=\"post-date\">27\/10\/2025<\/span><\/li>\n<li><a href=\"https:\/\/edublog.educastur.es\/ixuxu\/2025\/10\/snoopy-vase-de-maguestu\/\">SNOOPY vase de Mag\u00fcestu<\/a><span class=\"post-date\">27\/10\/2025<\/span><\/li>\n<li><a href=\"https:\/\/edublog.educastur.es\/ixuxu\/2025\/10\/la-seronda-ye-tiempu-de-castanes-beneficios\/\">La seronda ye tiempu de casta\u00f1es: beneficios<\/a><span class=\"post-date\">27\/10\/2025<\/span><\/li>\n<li><a href=\"https:\/\/edublog.educastur.es\/ixuxu\/2025\/10\/60187\/\">(sin t\u00edtulo)<\/a><span class=\"post-date\">27\/10\/2025<\/span><\/li>\n<li><a href=\"https:\/\/edublog.educastur.es\/ixuxu\/2025\/10\/fiestas-de-samain-nel-barriu\/\">Fiestas de Sama\u00edn nel barriu<\/a><span class=\"post-date\">27\/10\/2025<\/span><\/li>\n<li><a href=\"https:\/\/edublog.educastur.es\/ixuxu\/2025\/10\/conoces-refranes-asturianos-de-la-seronda\/\">\u00bfConoces refranes asturianos de la seronda?<\/a><span class=\"post-date\">27\/10\/2025<\/span><\/li>\n<li><a href=\"https:\/\/edublog.educastur.es\/ixuxu\/2025\/10\/salu-abrel-plazu-de-solicitu-dayudes-para-la-compra-de-gafes-a-menores-de-dolce-anos\/\">Sal\u00fa abre\u2019l plazu de solicit\u00fa d\u2019ayudes para la compra de gafes a menores de dolce a\u00f1os<\/a><span class=\"post-date\">27\/10\/2025<\/span><\/li>\n<li><a href=\"https:\/\/edublog.educastur.es\/ixuxu\/2025\/10\/inaugurase-la-primera-escuelina-duvieu-para-alumnau-de-0-a-3-anos\/\">Inaug\u00farase la primera escuelina d\u2019Uvi\u00e9u para alumn\u00e1u de 0 a 3 a\u00f1os<\/a><span class=\"post-date\">27\/10\/2025<\/span><\/li>\n<li><a href=\"https:\/\/edublog.educastur.es\/ixuxu\/2025\/10\/vineta-posesion-defren-dandres\/\">Vi\u00f1eta: \u00abPosesi\u00f3n\u00bb d\u2019Efr\u00e9n d\u2019Andr\u00e9s<\/a><span class=\"post-date\">27\/10\/2025<\/span><\/li>\n<li><a href=\"https:\/\/edublog.educastur.es\/ixuxu\/2025\/10\/xovenes-de-pakistan-visiten-colexos-de-siero-para-mostrar-el-valir-de-la-educacion\/\">X\u00f3venes de Pakist\u00e1n visiten colexos de Siero para mostrar el valir de la educaci\u00f3n.<\/a><span class=\"post-date\">27\/10\/2025<\/span><\/li>\n<li><a href=\"https:\/\/edublog.educastur.es\/ixuxu\/2025\/10\/la-universida-alfonso-x-el-sabiu-al-calatrava-nuvieu\/\">La Universid\u00e1 Alfonso X el Sabiu, al Calatrava n\u2019Uvi\u00e9u<\/a><span class=\"post-date\">27\/10\/2025<\/span><\/li>\n<li><a href=\"https:\/\/edublog.educastur.es\/ixuxu\/2025\/10\/ay-que-mieu-vaya-mieu\/\">\u00a1Ay qu\u00e9 mieu, vaya mieu\u00bb<\/a><span class=\"post-date\">27\/10\/2025<\/span><\/li>\n<li><a href=\"https:\/\/edublog.educastur.es\/ixuxu\/2025\/10\/el-tiempu-el-comercio-171\/\">El tiempu (El Comercio)<\/a><span class=\"post-date\">27\/10\/2025<\/span><\/li>\n<li><a href=\"https:\/\/edublog.educastur.es\/ixuxu\/2025\/10\/estau-del-tiempu-llunes-27-dochobre-2025\/\">Est\u00e1u del tiempu: llunes 27 d\u2019ochobre 2025<\/a><span class=\"post-date\">27\/10\/2025<\/span><\/li>\n<li><a href=\"https:\/\/edublog.educastur.es\/ixuxu\/2025\/10\/nuevu-cuadernu-descargable-de-samhain\/\">\u00a1Nuevu cuadernu descargable de Samhain!<\/a><span class=\"post-date\">26\/10\/2025<\/span><\/li>\n<li><a href=\"https:\/\/edublog.educastur.es\/ixuxu\/2025\/10\/xxxii-conciertu-pola-oficialida-22-de-payares-nuvieu\/\">XXXII CONCIERTU POLA OFICIALID\u00c1: 22 de payares, n\u2019Uvi\u00e9u<\/a><span class=\"post-date\">26\/10\/2025<\/span><\/li>\n<li><a href=\"https:\/\/edublog.educastur.es\/ixuxu\/2025\/10\/45o-certamen-del-queso-gamoneu\/\">45\u00ba Certamen del Queso Gamon\u00e9u, en Benia d\u2019On\u00eds<\/a><span class=\"post-date\">26\/10\/2025<\/span><\/li>\n<li><a href=\"https:\/\/edublog.educastur.es\/ixuxu\/2025\/10\/%f0%9f%8d%bd%ef%b8%8f-xiii-capitulo-de-la-cofreria-del-desarme-duvieu\/\">\ud83c\udf7d\ufe0f\u00a0XIII Cap\u00edtulo de la Cofrer\u00eda del Desarme d\u2019Uvi\u00e9u<\/a><span class=\"post-date\">26\/10\/2025<\/span><\/li>\n<li><a href=\"https:\/\/edublog.educastur.es\/ixuxu\/2025\/10\/el-tiempu-el-comercio-170\/\">El tiempu (El Comercio)<\/a><span class=\"post-date\">26\/10\/2025<\/span><\/li>\n<li><a href=\"https:\/\/edublog.educastur.es\/ixuxu\/2025\/10\/les-noticies-del-sabadu-25-dochobre-de-2025-nasturianu-tpanoticies\/\">Les noticies del s\u00e1badu 25 d\u2019ochobre de 2025 n\u2019asturianu #TPANoticies<\/a><span class=\"post-date\">25\/10\/2025<\/span><\/li>\n<li><a href=\"https:\/\/edublog.educastur.es\/ixuxu\/2025\/10\/la-universida-duvieu-estudia-les-roques-que-construyeron-la-capital-del-principau-dasturies\/\">La Universid\u00e1 d\u2019Uvi\u00e9u estudia les roques que construyeron la capital del Princip\u00e1u d\u2019Asturies<\/a><span class=\"post-date\">25\/10\/2025<\/span><\/li>\n<li><a href=\"https:\/\/edublog.educastur.es\/ixuxu\/2025\/10\/mapa-patrimoniu-mundial-2023\/\">Mapa: Patrimoniu Mundial. 2023<\/a><span class=\"post-date\">25\/10\/2025<\/span><\/li>\n<li><a href=\"https:\/\/edublog.educastur.es\/ixuxu\/2025\/10\/sabes-usar-bien-el-non-y-el-nun-nasturianu\/\">\u00bfSabes usar bien el non y el nun n\u2019#asturianu?<\/a><span class=\"post-date\">25\/10\/2025<\/span><\/li>\n<li><a href=\"https:\/\/edublog.educastur.es\/ixuxu\/2025\/10\/madrid-fusion\/\">Madrid Fusi\u00f3n Dreams Asturies: martes 28 en Xix\u00f3n<\/a><span class=\"post-date\">25\/10\/2025<\/span><\/li>\n<li><a href=\"https:\/\/edublog.educastur.es\/ixuxu\/2025\/10\/60411\/\">La esfoyada de panoyes de ma\u00edz<\/a><span class=\"post-date\">25\/10\/2025<\/span><\/li>\n<li><a href=\"https:\/\/edublog.educastur.es\/ixuxu\/2025\/10\/59989\/\">(sin t\u00edtulo)<\/a><span class=\"post-date\">25\/10\/2025<\/span><\/li>\n<li><a href=\"https:\/\/edublog.educastur.es\/ixuxu\/2025\/10\/mediu-rural-llibera-a-la-osezna-alba-nun-habitat-fayadizu-pal-so-desenvolvimientu\/\">Mediu Rural llibera a la osezna Alba nun h\u00e1bitat fayadizu pal so desenvolvimientu<\/a><span class=\"post-date\">25\/10\/2025<\/span><\/li>\n<li><a href=\"https:\/\/edublog.educastur.es\/ixuxu\/2025\/10\/valdesoto-ya-ye-pueblu-exemplar-dasturies\/\">Valdesoto y\u00e1 ye Pueblu Exemplar d\u2019Asturies<\/a><span class=\"post-date\">25\/10\/2025<\/span><\/li>\n<li><a href=\"https:\/\/edublog.educastur.es\/ixuxu\/2025\/10\/la-riqueza-ruempe-a-espana-en-dos\/\">La riqueza ruempe a Espa\u00f1a en dos<\/a><span class=\"post-date\">25\/10\/2025<\/span><\/li>\n<li><a href=\"https:\/\/edublog.educastur.es\/ixuxu\/2025\/10\/cuasil-28-de-la-poblacion-asturiana-tien-65-anos-o-mas\/\">Cuasi\u2019l 28% de la poblaci\u00f3n asturiana tien 65 a\u00f1os o m\u00e1s<\/a><span class=\"post-date\">25\/10\/2025<\/span><\/li>\n<li><a href=\"https:\/\/edublog.educastur.es\/ixuxu\/2025\/10\/blue-expedition-campana-que-busca-frenar-la-invasion-de-plasticos-nos-oceanos\/\">Blue Expedition: campa\u00f1a que busca frenar la invasi\u00f3n de pl\u00e1sticos nos oc\u00e9anos<\/a><span class=\"post-date\">25\/10\/2025<\/span><\/li>\n<li><a href=\"https:\/\/edublog.educastur.es\/ixuxu\/2025\/10\/encuesta-de-poblacion-activa-tercer-trimestre\/\">Encuesta de poblaci\u00f3n activa tercer trimestre<\/a><span class=\"post-date\">25\/10\/2025<\/span><\/li>\n<li><a href=\"https:\/\/edublog.educastur.es\/ixuxu\/2025\/10\/valdesoto-exemplu-de-cohesion-vecinal-proteccion-de-les-tradiciones-y-compromisu-col-futuru\/\">Valdesoto, exemplu de cohesi\u00f3n vecinal, protecci\u00f3n de les tradiciones y compromisu col futuru.<\/a><span class=\"post-date\">25\/10\/2025<\/span><\/li>\n<li><a href=\"https:\/\/edublog.educastur.es\/ixuxu\/2025\/10\/dia-mundial-de-la-opera-2\/\">D\u00eda Mundial de la \u00d3pera<\/a><span class=\"post-date\">25\/10\/2025<\/span><\/li>\n<li><a href=\"https:\/\/edublog.educastur.es\/ixuxu\/2025\/10\/el-tiempu-el-comercio-169\/\">El tiempu (El Comercio)<\/a><span class=\"post-date\">25\/10\/2025<\/span><\/li>\n<li><a href=\"https:\/\/edublog.educastur.es\/ixuxu\/2025\/10\/entrega-premios-princes-dasturies-2025\/\">Ceremonia d\u2019entrega Premios Princesa d\u2019Asturies 2025<\/a><span class=\"post-date\">24\/10\/2025<\/span><\/li>\n<li><a href=\"https:\/\/edublog.educastur.es\/ixuxu\/2025\/10\/asturies-enllenase-de-musica-y-tradicion\/\">Asturies enll\u00e9nase de m\u00fasica y tradici\u00f3n.<\/a><span class=\"post-date\">24\/10\/2025<\/span><\/li>\n<li><a href=\"https:\/\/edublog.educastur.es\/ixuxu\/2025\/10\/60230\/\">(sin t\u00edtulo)<\/a><span class=\"post-date\">24\/10\/2025<\/span><\/li>\n<li><a href=\"https:\/\/edublog.educastur.es\/ixuxu\/2025\/10\/60336\/\">Cap\u00edtulu: \u00abMaya, al rescate\u00bb y \u00abXuegu de Solombres\u00bb<\/a><span class=\"post-date\">24\/10\/2025<\/span><\/li>\n<li><a href=\"https:\/\/edublog.educastur.es\/ixuxu\/2025\/10\/60386\/\">(sin t\u00edtulo)<\/a><span class=\"post-date\">24\/10\/2025<\/span><\/li>\n<li><a href=\"https:\/\/edublog.educastur.es\/ixuxu\/2025\/10\/protexer-la-biodiversida-ye-caltener-la-conocencia-y-la-guapura\/\">La biodiversid\u00e1 ye la biblioteca de la vida<\/a><span class=\"post-date\">24\/10\/2025<\/span><\/li>\n<li><a href=\"https:\/\/edublog.educastur.es\/ixuxu\/2025\/10\/dia-de-les-biblioteques-6\/\">D\u00eda de les Biblioteques<\/a><span class=\"post-date\">24\/10\/2025<\/span><\/li>\n<li><a href=\"https:\/\/edublog.educastur.es\/ixuxu\/2025\/10\/un-24-dochobre-prindose-la-primer-semeya-de-la-tierra-dendel-espaciu\/\">Un 24 d\u2019ochobre prindose la primer semeya de la Tierra dende\u2019l espaciu<\/a><span class=\"post-date\">24\/10\/2025<\/span><\/li>\n<li><a href=\"https:\/\/edublog.educastur.es\/ixuxu\/2025\/10\/el-tiempu-el-comercio-168\/\">El tiempu (El Comercio)<\/a><span class=\"post-date\">24\/10\/2025<\/span><\/li>\n<li><a href=\"https:\/\/edublog.educastur.es\/ixuxu\/2025\/10\/estau-del-tiempu-vienres-24-dochobre\/\">Est\u00e1u del tiempu: vienres 24 d\u2019ochobre<\/a><span class=\"post-date\">24\/10\/2025<\/span><\/li>\n<li><a href=\"https:\/\/edublog.educastur.es\/ixuxu\/2025\/10\/serena-williams\/\">Serena Williams brilla nel alcuentru col p\u00fablicu asturianu<\/a><span class=\"post-date\">23\/10\/2025<\/span><\/li>\n<li><a href=\"https:\/\/edublog.educastur.es\/ixuxu\/2025\/10\/60397\/\">Iturbide percorri\u00f3 la esposici\u00f3n d\u2019una amuesa de los trabayos nel Pozu Sot\u00f3n.<\/a><span class=\"post-date\">23\/10\/2025<\/span><\/li>\n<li><a href=\"https:\/\/edublog.educastur.es\/ixuxu\/2025\/10\/serena-williams-posa-nel-reconquista-enantes-de-recibir-el-premiu-princesa-de-los-deportes\/\">Serena Williams posa nel Reconquista enantes de recibir el Premiu Princesa de los Deportes<\/a><span class=\"post-date\">23\/10\/2025<\/span><\/li>\n<li><a href=\"https:\/\/edublog.educastur.es\/ixuxu\/2025\/10\/el-mapa-despana-col-platu-de-comida-mas-infravalorado-unu-per-provincia\/\">El mapa d\u2019Espa\u00f1a col platu de comida m\u00e1s infravalorado: unu per provincia.<\/a><span class=\"post-date\">23\/10\/2025<\/span><\/li>\n<li><a href=\"https:\/\/edublog.educastur.es\/ixuxu\/2025\/10\/verdina-aterrizo-en-posada-de-llanera\/\">\u00a1Verdina aterriz\u00f3 en Posada de Llanera!<\/a><span class=\"post-date\">23\/10\/2025<\/span><\/li>\n<li><a href=\"https:\/\/edublog.educastur.es\/ixuxu\/2025\/10\/iv-premiu-nacional-de-lliteratura-asturiana\/\">IV Premiu Nacional de Lliteratura Asturiana<\/a><span class=\"post-date\">23\/10\/2025<\/span><\/li>\n<li><a href=\"https:\/\/edublog.educastur.es\/ixuxu\/2025\/10\/ceres-por-efren-dandres\/\">Ceres, por Efr\u00e9n d\u2019Andr\u00e9s<\/a><span class=\"post-date\">23\/10\/2025<\/span><\/li>\n<li><a href=\"https:\/\/edublog.educastur.es\/ixuxu\/2025\/10\/60216\/\">(sin t\u00edtulo)<\/a><span class=\"post-date\">23\/10\/2025<\/span><\/li>\n<li><a href=\"https:\/\/edublog.educastur.es\/ixuxu\/2025\/10\/mary-claire-king-espon-el-llau-mas-humanu-de-la-ciencia-na-faculta-de-medicina\/\">Mary-Claire King esp\u00f3n el llau m\u00e1s humanu de la ciencia na Facult\u00e1 de Medicina<\/a><span class=\"post-date\">23\/10\/2025<\/span><\/li>\n<li><a href=\"https:\/\/edublog.educastur.es\/ixuxu\/2025\/10\/llei-de-bebores-enerxetiques-prohibies-a-menores-de-16-anos\/\">Llei de B\u00e9bores Enerx\u00e9tiques: prohib\u00edes a menores de 16 a\u00f1os<\/a><span class=\"post-date\">23\/10\/2025<\/span><\/li>\n<li><a href=\"https:\/\/edublog.educastur.es\/ixuxu\/2025\/10\/mendoza-visita-la-esposicion-el-mio-camin-descuela\/\">Mendoza visita la esposici\u00f3n \u2018El mio cam\u00edn d\u2019escuela\u2019<\/a><span class=\"post-date\">23\/10\/2025<\/span><\/li>\n<li><a href=\"https:\/\/edublog.educastur.es\/ixuxu\/2025\/10\/nivel-naranxa-dalerta-na-marina-asturiana\/\">Nivel naranxa d\u2019alerta na mari\u00f1a asturiana<\/a><span class=\"post-date\">23\/10\/2025<\/span><\/li>\n<li><a href=\"https:\/\/edublog.educastur.es\/ixuxu\/2025\/10\/el-tiempu-el-comercio-167\/\">El tiempu (El Comercio)<\/a><span class=\"post-date\">23\/10\/2025<\/span><\/li>\n<li><a href=\"https:\/\/edublog.educastur.es\/ixuxu\/2025\/10\/estau-del-tiempu-xueves-23-dochobre-2025\/\">Est\u00e1u del tiempu: xueves 23 d\u2019ochobre 2025<\/a><span class=\"post-date\">23\/10\/2025<\/span><\/li>\n<li><a href=\"https:\/\/edublog.educastur.es\/ixuxu\/2025\/10\/les-noticies-del-miercoles-22-dochobre-de-2025-nasturianu-tpanoticies\/\">Les noticies del mi\u00e9rcoles 22 d\u2019ochobre de 2025 n\u2019asturianu #TPANoticies<\/a><span class=\"post-date\">22\/10\/2025<\/span><\/li>\n<li><a href=\"https:\/\/edublog.educastur.es\/ixuxu\/2025\/10\/asturies-va-superar-anguano-les-300-tonelaes-na-collecha-de-quivi-mariellu\/\">Asturies va superar angua\u00f1o les 300 tonelaes na collecha de quivi mariellu<\/a><span class=\"post-date\">22\/10\/2025<\/span><\/li>\n<li><a href=\"https:\/\/edublog.educastur.es\/ixuxu\/2025\/10\/la-rula-de-xixon-espera-cerrar-la-campana-del-bonitu-igualandol-record-de-puyes-de-2023\/\">La rula de Xix\u00f3n espera cerrar la campa\u00f1a del bonitu igualando\u2019l r\u00e9cord de puyes de 2023<\/a><span class=\"post-date\">22\/10\/2025<\/span><\/li>\n<li><a href=\"https:\/\/edublog.educastur.es\/ixuxu\/2025\/10\/filandon-na-seronda-i-festival-darte-rural-y-comunitariu-en-llanera\/\">\u00abFiland\u00f3n na Seronda\u00bb: I festival d\u2019arte rural y comunitariu en Llanera.<\/a><span class=\"post-date\">22\/10\/2025<\/span><\/li>\n<li><a href=\"https:\/\/edublog.educastur.es\/ixuxu\/2025\/10\/asturies-nun-horru\/\">\u00abAsturies nun horru\u00bb<\/a><span class=\"post-date\">22\/10\/2025<\/span><\/li>\n<li><a href=\"https:\/\/edublog.educastur.es\/ixuxu\/2025\/10\/la-castana-valduna\/\">La casta\u00f1a Valduna<\/a><span class=\"post-date\">22\/10\/2025<\/span><\/li>\n<li><a href=\"https:\/\/edublog.educastur.es\/ixuxu\/2025\/10\/les-ciuntifiques-espanoles\/\">Les cient\u00edfiques espa\u00f1oles<\/a><span class=\"post-date\">22\/10\/2025<\/span><\/li>\n<li><a href=\"https:\/\/edublog.educastur.es\/ixuxu\/2025\/10\/este-yel-meyor-quesu-artesanal-despana-casin\/\">Este ye\u2019l meyor quesu artesanal d\u2019Espa\u00f1a: Cas\u00edn<\/a><span class=\"post-date\">22\/10\/2025<\/span><\/li>\n<li><a href=\"https:\/\/edublog.educastur.es\/ixuxu\/2025\/10\/60176\/\">(sin t\u00edtulo)<\/a><span class=\"post-date\">22\/10\/2025<\/span><\/li>\n<li><a href=\"https:\/\/edublog.educastur.es\/ixuxu\/2025\/10\/el-grifu-dasturies-con-poca-agua\/\">El grifu d\u2019Asturies, con poca agua<\/a><span class=\"post-date\">22\/10\/2025<\/span><\/li>\n<li><a href=\"https:\/\/edublog.educastur.es\/ixuxu\/2025\/10\/los-barrios-mas-ricos-y-probes-dasturies\/\">Los barrios m\u00e1s ricos y probes d\u2019Asturies<\/a><span class=\"post-date\">22\/10\/2025<\/span><\/li>\n<li><a href=\"https:\/\/edublog.educastur.es\/ixuxu\/2025\/10\/60027\/\">(sin t\u00edtulo)<\/a><span class=\"post-date\">22\/10\/2025<\/span><\/li>\n<li><a href=\"https:\/\/edublog.educastur.es\/ixuxu\/2025\/10\/interpretacion-dun-castru-en-cuana\/\">Interpretaci\u00f3n d\u2019una vivienda d\u2019un castru en Cua\u00f1a<\/a><span class=\"post-date\">22\/10\/2025<\/span><\/li>\n<li><a href=\"https:\/\/edublog.educastur.es\/ixuxu\/2025\/10\/el-tiempu-el-comercio-166\/\">El tiempu (El Comercio)<\/a><span class=\"post-date\">22\/10\/2025<\/span><\/li>\n<li><a href=\"https:\/\/edublog.educastur.es\/ixuxu\/2025\/10\/les-noticies-del-martes-21-d-ochobre-de-2025-nasturianu-tpanoticies\/\">Les noticies del martes 21 d\u2019 ochobre de 2025 n\u2019asturianu #TPANoticies<\/a><span class=\"post-date\">21\/10\/2025<\/span><\/li>\n<li><a href=\"https:\/\/edublog.educastur.es\/ixuxu\/2025\/10\/60140\/\">Conciertu-presentaci\u00f3n de \u2018Cenicientes\u2019 de Marisa Valle Roso<\/a><span class=\"post-date\">21\/10\/2025<\/span><\/li>\n<li><a href=\"https:\/\/edublog.educastur.es\/ixuxu\/2025\/10\/labeya-maya\/\">L\u2019Abeya Maya<\/a><span class=\"post-date\">21\/10\/2025<\/span><\/li>\n<li><a href=\"https:\/\/edublog.educastur.es\/ixuxu\/2025\/10\/60095\/\">(sin t\u00edtulo)<\/a><span class=\"post-date\">21\/10\/2025<\/span><\/li>\n<li><a href=\"https:\/\/edublog.educastur.es\/ixuxu\/2025\/10\/exemplu-de-musica-de-zanfona-o-gaita-de-rabil\/\">Exemplu de m\u00fasica de zanfona o gaita de rabil<\/a><span class=\"post-date\">21\/10\/2025<\/span><\/li>\n<li><a href=\"https:\/\/edublog.educastur.es\/ixuxu\/2025\/10\/los-escolinos-xixoneses-cellebren-el-dii-de-la-mazana\/\">Los escolinos xixoneses cellebren el \u00abD\u00edi de la Mazana\u00bb<\/a><span class=\"post-date\">21\/10\/2025<\/span><\/li>\n<li><a href=\"https:\/\/edublog.educastur.es\/ixuxu\/2025\/10\/dia-mundial-del-aforru-denerxia\/\">D\u00eda Mundial del Aforru d\u2019Enerx\u00eda<\/a><span class=\"post-date\">21\/10\/2025<\/span><\/li>\n<li><a href=\"https:\/\/edublog.educastur.es\/ixuxu\/2025\/10\/dia-internacional-de-la-mazana-2\/\">D\u00eda Internacional de la Mazana<\/a><span class=\"post-date\">21\/10\/2025<\/span><\/li>\n<li><a href=\"https:\/\/edublog.educastur.es\/ixuxu\/2025\/10\/el-tiempu-el-comercio-165\/\">El tiempu (El Comercio)<\/a><span class=\"post-date\">21\/10\/2025<\/span><\/li>\n<li><a href=\"https:\/\/edublog.educastur.es\/ixuxu\/2025\/10\/les-noticies-del-llunes-15-d-ochobre-de-2025-nasturianu-tpanoticies\/\">Les noticies del llunes 15 d\u2019 ochobre de 2025 n\u2019asturianu #TPANoticies<\/a><span class=\"post-date\">20\/10\/2025<\/span><\/li>\n<li><a href=\"https:\/\/edublog.educastur.es\/ixuxu\/2025\/10\/60097\/\">(sin t\u00edtulo)<\/a><span class=\"post-date\">20\/10\/2025<\/span><\/li>\n<li><a href=\"https:\/\/edublog.educastur.es\/ixuxu\/2025\/10\/martes-na-casa-cultura-de-posada-llanera-verdina\/\">Martes, na Casa Cultura de Posada Llanera, \u00abVerdina\u00bb<\/a><span class=\"post-date\">20\/10\/2025<\/span><\/li>\n<li><a href=\"https:\/\/edublog.educastur.es\/ixuxu\/2025\/10\/el-tiempu-el-comercio-164\/\">El tiempu (El Comercio)<\/a><span class=\"post-date\">20\/10\/2025<\/span><\/li>\n<li><a href=\"https:\/\/edublog.educastur.es\/ixuxu\/2025\/10\/estau-del-tiempu-llunes-20-dochobre\/\">Est\u00e1u del tiempu: llunes 20 d\u2019ochobre<\/a><span class=\"post-date\">20\/10\/2025<\/span><\/li>\n<li><a href=\"https:\/\/edublog.educastur.es\/ixuxu\/2025\/10\/noticies-del-domingu-19-dochobre-de-2025-nasturianu-tpanoticies\/\">Noticies del domingu 19 d\u2019ochobre de 2025 n\u2019asturianu #TPANoticies<\/a><span class=\"post-date\">19\/10\/2025<\/span><\/li>\n<li><a href=\"https:\/\/edublog.educastur.es\/ixuxu\/2025\/10\/vineta-nenu-impaciente\/\">Vi\u00f1eta: \u00abNe\u00f1u impaciente\u00bb<\/a><span class=\"post-date\">19\/10\/2025<\/span><\/li>\n<li><a href=\"https:\/\/edublog.educastur.es\/ixuxu\/2025\/10\/mineros-del-pozu-soton-samartin-del-rei-aurelio\/\">Mineros del Pozu Sot\u00f3n, Samart\u00edn del Rei Aurelio<\/a><span class=\"post-date\">19\/10\/2025<\/span><\/li>\n<li><a href=\"https:\/\/edublog.educastur.es\/ixuxu\/2025\/10\/xuegu-asturpoli-el-monopoly-asturianu-mas-prestosu\/\">Xuegu: \u00abASTURPOLI\u00bb \u2013 el Monopoly asturianu m\u00e1s prestosu<\/a><span class=\"post-date\">19\/10\/2025<\/span><\/li>\n<li><a href=\"https:\/\/edublog.educastur.es\/ixuxu\/2025\/10\/premios-peincesa-dasturies-2025\/\">Premios Princesa d\u2019Asturies 2025: llegada de los premiaos a Uvi\u00e9u<\/a><span class=\"post-date\">19\/10\/2025<\/span><\/li>\n<li><a href=\"https:\/\/edublog.educastur.es\/ixuxu\/2025\/10\/conciertos-fundacion-princesa-dasturies\/\">Conciertos Fundaci\u00f3n Princesa d\u2019Asturies<\/a><span class=\"post-date\">19\/10\/2025<\/span><\/li>\n<li><a href=\"https:\/\/edublog.educastur.es\/ixuxu\/2025\/10\/acompananos-nesti-percorriu-pol-teatru-campoamor-duvieu\/\">Acomp\u00e1\u00f1anos nesti percorr\u00edu pol Teatru Campoamor d\u2019Uvi\u00e9u<\/a><span class=\"post-date\">19\/10\/2025<\/span><\/li>\n<li><a href=\"https:\/\/edublog.educastur.es\/ixuxu\/2025\/10\/59991\/\">(sin t\u00edtulo)<\/a><span class=\"post-date\">19\/10\/2025<\/span><\/li>\n<li><a href=\"https:\/\/edublog.educastur.es\/ixuxu\/2025\/10\/el-desarme-brinda-pola-so-distincion-recien-como-fiesta-dinteres-turisticu-nacional\/\">El Desarme brinda pola so distinci\u00f3n reci\u00e9n como Fiesta d\u2019Inter\u00e9s Tur\u00edsticu Nacional<\/a><span class=\"post-date\">19\/10\/2025<\/span><\/li>\n<li><a href=\"https:\/\/edublog.educastur.es\/ixuxu\/2025\/10\/sablera-de-san-martin-en-po-llanes-col-mar-tresparente\/\">Sablera de San Mart\u00edn en Po ( Llanes) col mar tresparente.<\/a><span class=\"post-date\">19\/10\/2025<\/span><\/li>\n<li><a href=\"https:\/\/edublog.educastur.es\/ixuxu\/2025\/10\/hestoria-del-desarme-nuvieu\/\">Hestoria del Desarme n\u2019Uvi\u00e9u<\/a><span class=\"post-date\">19\/10\/2025<\/span><\/li>\n<li><a href=\"https:\/\/edublog.educastur.es\/ixuxu\/2025\/10\/que-mas-vocabulariu-asturianu-de-la-seronda-conoces\/\">\u00bfQu\u00e9 m\u00e1s vocabulariu asturianu de la seronda conoces?<\/a><span class=\"post-date\">19\/10\/2025<\/span><\/li>\n<li><a href=\"https:\/\/edublog.educastur.es\/ixuxu\/2025\/10\/uvieu-ya-vive-el-desarme-fiesta-dinteres-turisticu-nacional\/\">Uvi\u00e9u ya vive el Desarme, Fiesta d\u2019Inter\u00e9s Tur\u00edsticu Nacional<\/a><span class=\"post-date\">19\/10\/2025<\/span><\/li>\n<li><a href=\"https:\/\/edublog.educastur.es\/ixuxu\/2025\/10\/el-desarme-fiesta-gastronomica\/\">\u00a1Feliz D\u00eda del Desarme!<\/a><span class=\"post-date\">19\/10\/2025<\/span><\/li>\n<li><a href=\"https:\/\/edublog.educastur.es\/ixuxu\/2025\/10\/volvieron-les-grulles\/\">Volvieron les grulles anunciando la llegada del fr\u00edu<\/a><span class=\"post-date\">19\/10\/2025<\/span><\/li>\n<li><a href=\"https:\/\/edublog.educastur.es\/ixuxu\/2025\/10\/el-tiempu-el-comercio-163\/\">El tiempu (El Comercio)<\/a><span class=\"post-date\">19\/10\/2025<\/span><\/li>\n<li><a href=\"https:\/\/edublog.educastur.es\/ixuxu\/2025\/10\/60031\/\">D\u00eda Mundial de la protecci\u00f3n de la Naturaleza<\/a><span class=\"post-date\">18\/10\/2025<\/span><\/li>\n<li><a href=\"https:\/\/edublog.educastur.es\/ixuxu\/2025\/10\/59993\/\">(sin t\u00edtulo)<\/a><span class=\"post-date\">17\/10\/2025<\/span><\/li>\n<li><a href=\"https:\/\/edublog.educastur.es\/ixuxu\/2025\/10\/x-alcuentru-folkayer-del-17-al-19-dochobre\/\">X Alcuentru FolkAyer: del 17 al 19 d\u2019ochobre<\/a><span class=\"post-date\">17\/10\/2025<\/span><\/li>\n<li><a href=\"https:\/\/edublog.educastur.es\/ixuxu\/2025\/10\/presentacion-del-album-cenicientes-de-marisa-valle-roso\/\">Presentaci\u00f3n del \u00e1lbum \u00abCENICIENTES\u00bb de Marisa Valle Roso<\/a><span class=\"post-date\">17\/10\/2025<\/span><\/li>\n<li><a href=\"https:\/\/edublog.educastur.es\/ixuxu\/2025\/10\/vineta-vinos\/\">Vi\u00f1eta: \u00abVinos\u00bb<\/a><span class=\"post-date\">17\/10\/2025<\/span><\/li>\n<li><a href=\"https:\/\/edublog.educastur.es\/ixuxu\/2025\/10\/vendimia-de-record-na-dop-cangas\/\">Vendimia de r\u00e9cord na DOP Cangas<\/a><span class=\"post-date\">17\/10\/2025<\/span><\/li>\n<li><a href=\"https:\/\/edublog.educastur.es\/ixuxu\/2025\/10\/59972\/\">D\u00eda Internacional para La Erradicaci\u00f3n de la Probeza.<\/a><span class=\"post-date\">17\/10\/2025<\/span><\/li>\n<li><a href=\"https:\/\/edublog.educastur.es\/ixuxu\/2025\/10\/dia-mundial-del-patrimoniu-cultural-inmaterial\/\">D\u00eda Mundial del Patrimoniu Cultural Inmaterial<\/a><span class=\"post-date\">17\/10\/2025<\/span><\/li>\n<li><a href=\"https:\/\/edublog.educastur.es\/ixuxu\/2025\/10\/estau-del-tiempu-vienres-16-dochobre\/\">Est\u00e1u del tiempu: vienres 16 d\u2019ochobre<\/a><span class=\"post-date\">17\/10\/2025<\/span><\/li>\n<li><a href=\"https:\/\/edublog.educastur.es\/ixuxu\/2025\/10\/59950\/\">El tiempu (El Comercio)<\/a><span class=\"post-date\">17\/10\/2025<\/span><\/li>\n<li><a href=\"https:\/\/edublog.educastur.es\/ixuxu\/2025\/10\/les-noticies-del-xueves-17-dochobre-de-2025-nasturianu-tpanoticies\/\">Les noticies del xueves 17 d\u2019ochobre de 2025 n\u2019asturianu #TPANoticies<\/a><span class=\"post-date\">16\/10\/2025<\/span><\/li>\n<li><a href=\"https:\/\/edublog.educastur.es\/ixuxu\/2025\/10\/les-semeyes-de-graciela-iturbide-ponen-en-marcha-la-fpabrica-de-los-premios-princesa\/\">Les semeyes de Graciela Iturbide ponen en marcha la \u2018FPAbrica\u2019 de los Premios Princesa<\/a><span class=\"post-date\">16\/10\/2025<\/span><\/li>\n<li><a href=\"https:\/\/edublog.educastur.es\/ixuxu\/2025\/10\/proyeccion-sobro-la-hestoria-del-desarme\/\">Proyecci\u00f3n sobro la hestoria del Desarme<\/a><span class=\"post-date\">16\/10\/2025<\/span><\/li>\n<li><a href=\"https:\/\/edublog.educastur.es\/ixuxu\/2025\/10\/59940\/\">Non al peaxe de l\u2019autopista del G\u00fcerna<\/a><span class=\"post-date\">16\/10\/2025<\/span><\/li>\n<li><a href=\"https:\/\/edublog.educastur.es\/ixuxu\/2025\/10\/mas-de-200-escolinos-deprenden-a-facer-la-maniobra-rcp\/\">M\u00e1s de 200 escolinos deprenden a facer la maniobra RCP<\/a><span class=\"post-date\">16\/10\/2025<\/span><\/li>\n<li><a href=\"https:\/\/edublog.educastur.es\/ixuxu\/2025\/10\/la-ministra-deducacion-asiste-al-congresu-nacional-de-radio-escolar-nuvieu\/\">La ministra d\u2019Educaci\u00f3n asiste al Congresu Nacional de Radio Escolar n\u2019Uvi\u00e9u<\/a><span class=\"post-date\">16\/10\/2025<\/span><\/li>\n<li><a href=\"https:\/\/edublog.educastur.es\/ixuxu\/2025\/10\/vineta-golor-a-cuchu\/\">Vi\u00f1eta \u00abGolor a cuchu\u00bb<\/a><span class=\"post-date\">16\/10\/2025<\/span><\/li>\n<li><a href=\"https:\/\/edublog.educastur.es\/ixuxu\/2025\/10\/poema-lotonu-alfredo-garay\/\">Poema: \u00abL\u2019oto\u00f1u\u00bb Alfredo Garay<\/a><span class=\"post-date\">16\/10\/2025<\/span><\/li>\n<li><a href=\"https:\/\/edublog.educastur.es\/ixuxu\/2025\/10\/una-invitacion-a-afayar-la-poesia-dangel-gonzalez-dende-la-infancia\/\">La poes\u00eda d\u2019\u00c1ngel Gonz\u00e1lez dende la infancia.<\/a><span class=\"post-date\">16\/10\/2025<\/span><\/li>\n<li><a href=\"https:\/\/edublog.educastur.es\/ixuxu\/2025\/10\/una-lareira-nel-museu-casa-natal-del-marques-de-sargadelos\/\">Una lareira nel Mus\u00e9u Casa Natal del Marqu\u00e9s de Sargadelos<\/a><span class=\"post-date\">16\/10\/2025<\/span><\/li>\n<li><a href=\"https:\/\/edublog.educastur.es\/ixuxu\/2025\/10\/paxaros-los-chorlitejos-grandes\/\">P\u00e1xaros: Los chorlitejos grandes<\/a><span class=\"post-date\">16\/10\/2025<\/span><\/li>\n<li><a href=\"https:\/\/edublog.educastur.es\/ixuxu\/2025\/10\/59929\/\">(sin t\u00edtulo)<\/a><span class=\"post-date\">16\/10\/2025<\/span><\/li>\n<li><a href=\"https:\/\/edublog.educastur.es\/ixuxu\/2025\/10\/grupu-guieldu\/\">Grupu Guieldu<\/a><span class=\"post-date\">16\/10\/2025<\/span><\/li>\n<li><a href=\"https:\/\/edublog.educastur.es\/ixuxu\/2025\/10\/festival-festillingues-naviles\/\">\u2018Festilling\u00fces. Festival de lling\u00fces y cultures\u2019 n\u2019Avil\u00e9s<\/a><span class=\"post-date\">16\/10\/2025<\/span><\/li>\n<li><a href=\"https:\/\/edublog.educastur.es\/ixuxu\/2025\/10\/alncuentru-internacional-de-lliteratura-asturiana-aila\/\">Alcuentru Internacional de Lliteratura Asturiana (AILA)<\/a><span class=\"post-date\">16\/10\/2025<\/span><\/li>\n<li><a href=\"https:\/\/edublog.educastur.es\/ixuxu\/2025\/10\/del-16-al-26-dochobre-les-xornaes-del-desarme\/\">Del 16 al 26 d\u2019ochobre, les Xornaes del Desarme.<\/a><span class=\"post-date\">16\/10\/2025<\/span><\/li>\n<li><a href=\"https:\/\/edublog.educastur.es\/ixuxu\/2025\/10\/dia-mundial-de-lalimentacion-5\/\">D\u00eda Mundial de l\u2019Alimentaci\u00f3n<\/a><span class=\"post-date\">16\/10\/2025<\/span><\/li>\n<li><a href=\"https:\/\/edublog.educastur.es\/ixuxu\/2025\/10\/laemet-avisa-de-la-llegada-dun-nuevu-frente-dagues-y-nubes-a-espana\/\">L\u2019Aemet avisa de la llegada d\u2019un nuevu frente d\u2019ag\u00fces y nubes a Espa\u00f1a<\/a><span class=\"post-date\">16\/10\/2025<\/span><\/li>\n<li><a href=\"https:\/\/edublog.educastur.es\/ixuxu\/2025\/10\/estau-del-tiempu-xueves-16-dochobre\/\">Est\u00e1u del tiempu: xueves 16 d\u2019ochobre<\/a><span class=\"post-date\">16\/10\/2025<\/span><\/li>\n<li><a href=\"https:\/\/edublog.educastur.es\/ixuxu\/2025\/10\/adios-cordera-nel-parque-san-francisco-duvieu\/\">\u00a1Adi\u00f3s Cordera!, nel Parque San Francisco d\u2019Uvi\u00e9u.<\/a><span class=\"post-date\">15\/10\/2025<\/span><\/li>\n<li><a href=\"https:\/\/edublog.educastur.es\/ixuxu\/2025\/10\/el-tostaderu-duvieu\/\">El tostaderu d\u2019Uvi\u00e9u<\/a><span class=\"post-date\">15\/10\/2025<\/span><\/li>\n<li><a href=\"https:\/\/edublog.educastur.es\/ixuxu\/2025\/10\/precipitacion-media-anal-nespana\/\">Precipitaci\u00f3n media a\u00f1al n\u2019Espa\u00f1a<\/a><span class=\"post-date\">15\/10\/2025<\/span><\/li>\n<li><a href=\"https:\/\/edublog.educastur.es\/ixuxu\/2025\/10\/un-museu-flotante-de-visita-per-aviles\/\">Un mus\u00e9u flotante de visita per Avil\u00e9s<\/a><span class=\"post-date\">15\/10\/2025<\/span><\/li>\n<li><a href=\"https:\/\/edublog.educastur.es\/ixuxu\/2025\/10\/59931\/\">(sin t\u00edtulo)<\/a><span class=\"post-date\">15\/10\/2025<\/span><\/li>\n<li><a href=\"https:\/\/edublog.educastur.es\/ixuxu\/2025\/10\/campa-larquera\/\">Campa L\u2019Arquera (Sotrondio)<\/a><span class=\"post-date\">15\/10\/2025<\/span><\/li>\n<li><a href=\"https:\/\/edublog.educastur.es\/ixuxu\/2025\/10\/lalumnau-asturiano-relluma-en-matematiques\/\">L\u2019alumn\u00e1u asturiano relluma en matem\u00e1tiques<\/a><span class=\"post-date\">15\/10\/2025<\/span><\/li>\n<li><a href=\"https:\/\/edublog.educastur.es\/ixuxu\/2025\/10\/curdion\/\">Curdi\u00f3n<\/a><span class=\"post-date\">15\/10\/2025<\/span><\/li>\n<li><a href=\"https:\/\/edublog.educastur.es\/ixuxu\/2025\/10\/balmonte-recupera-40-hectarees-de-castanales-centenaries\/\">Balmonte recupera 40 hect\u00e1rees de casta\u00f1ales centenaries<\/a><span class=\"post-date\">15\/10\/2025<\/span><\/li>\n<li><a href=\"https:\/\/edublog.educastur.es\/ixuxu\/2025\/10\/poesia-dedica-a-la-muyer-rural\/\">Poes\u00eda dedic\u00e1 a la Muyer Rural<\/a><span class=\"post-date\">15\/10\/2025<\/span><\/li>\n<li><a href=\"https:\/\/edublog.educastur.es\/ixuxu\/2025\/10\/59867\/\">D\u00eda Internacional de les Muyeres Rurales<\/a><span class=\"post-date\">15\/10\/2025<\/span><\/li>\n<li><a href=\"https:\/\/edublog.educastur.es\/ixuxu\/2025\/10\/dia-internacional-de-les-muyeres-rurales\/\">D\u00eda Internacional de les Muyeres Rurales<\/a><span class=\"post-date\">15\/10\/2025<\/span><\/li>\n<li><a href=\"https:\/\/edublog.educastur.es\/ixuxu\/2025\/10\/el-tiempu-el-comercio-162\/\">El tiempu (El Comercio)<\/a><span class=\"post-date\">15\/10\/2025<\/span><\/li>\n<li><a href=\"https:\/\/edublog.educastur.es\/ixuxu\/2025\/10\/lacademia-sigue-col-ciclu-alcuentros-na-alla\/\">L\u2019Academia sigue col ciclu \u00abAlcuentros na ALLA\u00bb<\/a><span class=\"post-date\">14\/10\/2025<\/span><\/li>\n<li><a href=\"https:\/\/edublog.educastur.es\/ixuxu\/2025\/10\/lasturianu-escluyiu-na-refundacion-de-la-oficina-de-las-lenguas-oficiales\/\">L\u2019asturianu, escluy\u00edu na refundaci\u00f3n de la \u2018Oficina de las lenguas oficiales\u2019<\/a><span class=\"post-date\">14\/10\/2025<\/span><\/li>\n<li><a href=\"https:\/\/edublog.educastur.es\/ixuxu\/2025\/10\/osos-nel-parque-natural-de-somiedu\/\">Osos nel Parque Natural de Somiedu<\/a><span class=\"post-date\">14\/10\/2025<\/span><\/li>\n<li><a href=\"https:\/\/edublog.educastur.es\/ixuxu\/2025\/10\/el-pozu-santa-barbara-inaugura-una-propuesta-inmersiva\/\">El Pozu Santa B\u00e1rbara inaugura una propuesta inmersiva<\/a><span class=\"post-date\">14\/10\/2025<\/span><\/li>\n<li><a href=\"https:\/\/edublog.educastur.es\/ixuxu\/2025\/10\/el-80-de-la-poblacion-despana-vive-nel-44-de-la-superficie-del-pais\/\">El 80% de la poblaci\u00f3n d\u2019Espa\u00f1a vive nel 4,4% de la superficie del pa\u00eds<\/a><span class=\"post-date\">14\/10\/2025<\/span><\/li>\n<li><a href=\"https:\/\/edublog.educastur.es\/ixuxu\/2025\/10\/curiosidades-sobro-los-pinguinos\/\">Curiosidades sobro los ping\u00fcinos<\/a><span class=\"post-date\">14\/10\/2025<\/span><\/li>\n<li><a href=\"https:\/\/edublog.educastur.es\/ixuxu\/2025\/10\/espana-yel-pais-cola-mayor-diversida-deuropa\/\">Espa\u00f1a ye\u2019l pa\u00eds cola mayor diversid\u00e1 d\u2019Europa<\/a><span class=\"post-date\">14\/10\/2025<\/span><\/li>\n<li><a href=\"https:\/\/edublog.educastur.es\/ixuxu\/2025\/10\/xlv-certame-del-quesu-gamoneu-en-benia-donis-domingu-26-dochobre\/\">XLV Certame del Quesu Gamon\u00e9u, en Benia d\u2019On\u00eds, domingu 26 d\u2019ochobre<\/a><span class=\"post-date\">14\/10\/2025<\/span><\/li>\n<li><a href=\"https:\/\/edublog.educastur.es\/ixuxu\/2025\/10\/dia-dada-lovelace\/\">D\u00eda d\u2019Ada Lovelace<\/a><span class=\"post-date\">14\/10\/2025<\/span><\/li>\n<li><a href=\"https:\/\/edublog.educastur.es\/ixuxu\/2025\/10\/the-asturianer-comadre\/\">The Asturianer: \u00abComadre\u00bb<\/a><span class=\"post-date\">14\/10\/2025<\/span><\/li>\n<li><a href=\"https:\/\/edublog.educastur.es\/ixuxu\/2025\/10\/el-tiempu-el-comercio-161\/\">El tiempu (El Comercio)<\/a><span class=\"post-date\">14\/10\/2025<\/span><\/li>\n<li><a href=\"https:\/\/edublog.educastur.es\/ixuxu\/2025\/10\/les-noticies-del-llunes-13-dochobre-de-2025-nasturianu-tpanoticies\/\">Les noticies del llunes 13 d\u2019ochobre de 2025 n\u2019asturianu #TPANoticies<\/a><span class=\"post-date\">13\/10\/2025<\/span><\/li>\n<li><a href=\"https:\/\/edublog.educastur.es\/ixuxu\/2025\/10\/si-los-pexes-siguin-comiendosel-nueso-plastico\/\">Si los pexes siguin comi\u00e9ndose\u2019l nueso pl\u00e1stico\u2026<\/a><span class=\"post-date\">13\/10\/2025<\/span><\/li>\n<li><a href=\"https:\/\/edublog.educastur.es\/ixuxu\/2025\/10\/les-frutes\/\">Les frutes<\/a><span class=\"post-date\">13\/10\/2025<\/span><\/li>\n<li><a href=\"https:\/\/edublog.educastur.es\/ixuxu\/2025\/10\/lamaguestu-de-la-benefica-en-pilona-1-de-payares\/\">L\u2019Amag\u00fcestu de La Ben\u00e9fica, en Pilo\u00f1a: 1 de payares<\/a><span class=\"post-date\">13\/10\/2025<\/span><\/li>\n<li><a href=\"https:\/\/edublog.educastur.es\/ixuxu\/2025\/10\/asina-sonol-nuesu-postreru-y-mas-emotivu-himnu-dasturies-na-expo-osaka-2025\/\">Asina son\u00f3\u2019l nuesu m\u00e1s emotivu himnu d\u2019Asturies na Expo Osaka 2025.<\/a><span class=\"post-date\">13\/10\/2025<\/span><\/li>\n<li><a href=\"https:\/\/edublog.educastur.es\/ixuxu\/2025\/10\/les-madrenes\/\">Les madre\u00f1es<\/a><span class=\"post-date\">13\/10\/2025<\/span><\/li>\n<li><a href=\"https:\/\/edublog.educastur.es\/ixuxu\/2025\/10\/disenos-prestosos\/\">Dise\u00f1os prestosos<\/a><span class=\"post-date\">13\/10\/2025<\/span><\/li>\n<li><a href=\"https:\/\/edublog.educastur.es\/ixuxu\/2025\/10\/59831\/\">Firma d\u2019un alcuerdu de paz hist\u00f3ricu ente Israel y Palestina<\/a><span class=\"post-date\">13\/10\/2025<\/span><\/li>\n<li><a href=\"https:\/\/edublog.educastur.es\/ixuxu\/2025\/10\/la-cupula-del-niemeyer-acueye-la-esposicion-arte-y-espiritualida-imaxinar-lo-estraordinario\/\">El Niemeyer acueye la esposici\u00f3n \u2018Arte y Espiritualid\u00e1. Imaxinar lo estraordinario\u2019<\/a><span class=\"post-date\">13\/10\/2025<\/span><\/li>\n<li><a href=\"https:\/\/edublog.educastur.es\/ixuxu\/2025\/10\/les-persones-con-acondroplasia-piden-mas-concienciacion-nos-centros-escolares\/\">Les persones con acondroplasia piden m\u00e1s concienciaci\u00f3n nos centros escolares<\/a><span class=\"post-date\">13\/10\/2025<\/span><\/li>\n<li><a href=\"https:\/\/edublog.educastur.es\/ixuxu\/2025\/10\/59682\/\">(sin t\u00edtulo)<\/a><span class=\"post-date\">13\/10\/2025<\/span><\/li>\n<li><a href=\"https:\/\/edublog.educastur.es\/ixuxu\/2025\/10\/alerta-pola-desapaicion-del-pulpu-de-la-marina-asturiana\/\">Alerta pola desapaici\u00f3n del pulpu de la mari\u00f1a asturiana<\/a><span class=\"post-date\">13\/10\/2025<\/span><\/li>\n<li><a href=\"https:\/\/edublog.educastur.es\/ixuxu\/2025\/10\/alarma-na-sablera-de-lluanco-pola-apaicion-de-carabeles-portugueses\/\">Alarma na sablera de Lluanco pola apaici\u00f3n de carabeles portugueses.\u00a0<\/a><span class=\"post-date\">13\/10\/2025<\/span><\/li>\n<li><a href=\"https:\/\/edublog.educastur.es\/ixuxu\/2025\/10\/la-ia-va-camudar-la-forma-devaluar-nos-colexos-asturianos\/\">La IA va camudar la forma d\u2019evaluar nos colexos asturianos.<\/a><span class=\"post-date\">13\/10\/2025<\/span><\/li>\n<li><a href=\"https:\/\/edublog.educastur.es\/ixuxu\/2025\/10\/59826\/\">Javier Mart\u00ednez Concheso gana per 2\u00aa vez el premiu \u00abFlorina Al\u00edas\u00bb de traducci\u00f3n al asturianu<\/a><span class=\"post-date\">13\/10\/2025<\/span><\/li>\n<li><a href=\"https:\/\/edublog.educastur.es\/ixuxu\/2025\/10\/59708\/\">D\u00eda de les escritores<\/a><span class=\"post-date\">13\/10\/2025<\/span><\/li>\n<li><a href=\"https:\/\/edublog.educastur.es\/ixuxu\/2025\/10\/el-tiempu-el-comercio-160\/\">El tiempu (El Comercio)<\/a><span class=\"post-date\">13\/10\/2025<\/span><\/li>\n<li><a href=\"https:\/\/edublog.educastur.es\/ixuxu\/2025\/10\/estau-del-tiempu-llunes-13-dochobre\/\">Est\u00e1u del tiempu: llunes 13 d\u2019ochobre<\/a><span class=\"post-date\">13\/10\/2025<\/span><\/li>\n<li><a href=\"https:\/\/edublog.educastur.es\/ixuxu\/2025\/10\/les-noticies-del-domingu-12-dochobre-de-2025-nasturianu-tpanoticies\/\">Les noticies del domingu 12 d\u2019ochobre de 2025 n\u2019asturianu #TPANoticies<\/a><span class=\"post-date\">12\/10\/2025<\/span><\/li>\n<li><a href=\"https:\/\/edublog.educastur.es\/ixuxu\/2025\/10\/pueblos-el-franco\/\">Pueblos: \u2018El Franco\u2019<\/a><span class=\"post-date\">12\/10\/2025<\/span><\/li>\n<li><a href=\"https:\/\/edublog.educastur.es\/ixuxu\/2025\/10\/feria-ganadera-de-santo-teresa-en-pilona\/\">Feria Ganadera de Santo Teresa, en Pilo\u00f1a<\/a><span class=\"post-date\">12\/10\/2025<\/span><\/li>\n<li><a href=\"https:\/\/edublog.educastur.es\/ixuxu\/2025\/10\/59729\/\">(sin t\u00edtulo)<\/a><span class=\"post-date\">12\/10\/2025<\/span><\/li>\n<li><a href=\"https:\/\/edublog.educastur.es\/ixuxu\/2025\/10\/fiesta-de-la-vendimia-en-cangas-del-narcea-3\/\">Fiesta de la vendimia en Cangas del Narcea<\/a><span class=\"post-date\">12\/10\/2025<\/span><\/li>\n<li><a href=\"https:\/\/edublog.educastur.es\/ixuxu\/2025\/10\/premiu-muyer-rural-2025-rocio-bueno\/\">Premiu Muyer Rural 2025: Roc\u00edo Bueno<\/a><span class=\"post-date\">12\/10\/2025<\/span><\/li>\n<li><a href=\"https:\/\/edublog.educastur.es\/ixuxu\/2025\/10\/59732\/\">LXXXIV Concursu-Esposici\u00f3n de quesos de los Picos d\u2019Europa<\/a><span class=\"post-date\">12\/10\/2025<\/span><\/li>\n<li><a href=\"https:\/\/edublog.educastur.es\/ixuxu\/2025\/10\/xxi-gran-capitulu-de-la-confreria-del-vinu-en-cangues-del-narcea\/\">XXI Gran Cap\u00edtulu de la Confrer\u00eda del Vinu en Cangues del Narcea<\/a><span class=\"post-date\">12\/10\/2025<\/span><\/li>\n<li><a href=\"https:\/\/edublog.educastur.es\/ixuxu\/2025\/10\/dia-del-respetu-a-la-diversida-cultural\/\">D\u00eda del Respetu a la Diversid\u00e1 Cultural<\/a><span class=\"post-date\">12\/10\/2025<\/span><\/li>\n<li><a href=\"https:\/\/edublog.educastur.es\/ixuxu\/2025\/10\/rosa-cunqueira-premiu-enguedeyu-de-bronce\/\">Rosa Cunqueira, premiu \u00abEnguedeyu de bronce\u00bb<\/a><span class=\"post-date\">11\/10\/2025<\/span><\/li>\n<li><a href=\"https:\/\/edublog.educastur.es\/ixuxu\/2025\/10\/anabel-santiago-na-15-seronda-de-lenguedeyu\/\">Anabel Santiago, na \u00ab15 Seronda\u00bb de L\u2019Enguedeyu<\/a><span class=\"post-date\">11\/10\/2025<\/span><\/li>\n<li><a href=\"https:\/\/edublog.educastur.es\/ixuxu\/2025\/10\/15-seronda-del-grupu-lenguedeyu-en-llangreu\/\">\u00ab15 Seronda\u00bb del Grupu L\u2019Enguedeyu en Llangr\u00e9u.<\/a><span class=\"post-date\">11\/10\/2025<\/span><\/li>\n<li><a href=\"https:\/\/edublog.educastur.es\/ixuxu\/2025\/10\/asturies-ente-les-rexones-con-menor-aforru-privao-pa-la-xubilacion\/\">Asturies, ente les rexones con menor aforru privao pa la xubilaci\u00f3n<\/a><span class=\"post-date\">11\/10\/2025<\/span><\/li>\n<li><a href=\"https:\/\/edublog.educastur.es\/ixuxu\/2025\/10\/tiempu-de-teitar-en-somiedu\/\">Tiempu de teitar en Somiedu<\/a><span class=\"post-date\">11\/10\/2025<\/span><\/li>\n<li><a href=\"https:\/\/edublog.educastur.es\/ixuxu\/2025\/10\/talis-la-mayor-encuesta-sobrol-trabayu-docente-del-planeta-que-realiza-cada-cinco-anos-la-ocde\/\">Talis: la mayor encuesta sobro\u2019l trabayu docente del planeta, que realiza cada cinco a\u00f1os la OCDE<\/a><span class=\"post-date\">11\/10\/2025<\/span><\/li>\n<li><a href=\"https:\/\/edublog.educastur.es\/ixuxu\/2025\/10\/59756\/\">(sin t\u00edtulo)<\/a><span class=\"post-date\">11\/10\/2025<\/span><\/li>\n<li><a href=\"https:\/\/edublog.educastur.es\/ixuxu\/2025\/10\/aaenorga-la-produccion-de-la-igp-miel-dasturies\/\">Amenorga la producci\u00f3n de la IGP \u2018Miel d\u2019Asturies\u2019<\/a><span class=\"post-date\">11\/10\/2025<\/span><\/li>\n<li><a href=\"https:\/\/edublog.educastur.es\/ixuxu\/2025\/10\/59764\/\">Primeros cap\u00edtulos de \u00abL\u2019Abeya Maya\u00bb<\/a><span class=\"post-date\">11\/10\/2025<\/span><\/li>\n<li><a href=\"https:\/\/edublog.educastur.es\/ixuxu\/2025\/10\/dia-de-les-aves-migratories\/\">D\u00eda Mundial de les Aves Migratories<\/a><span class=\"post-date\">11\/10\/2025<\/span><\/li>\n<li><a href=\"https:\/\/edublog.educastur.es\/ixuxu\/2025\/10\/dia-mundial-del-guevu\/\">D\u00eda Mundial del G\u00fcevu<\/a><span class=\"post-date\">11\/10\/2025<\/span><\/li>\n<li><a href=\"https:\/\/edublog.educastur.es\/ixuxu\/2025\/10\/dia-internacional-de-la-nena-2\/\">D\u00eda Internacional de la ne\u00f1a<\/a><span class=\"post-date\">11\/10\/2025<\/span><\/li>\n<li><a href=\"https:\/\/edublog.educastur.es\/ixuxu\/2025\/10\/el-tiempu-el-comercio-159\/\">El tiempu (El Comercio)<\/a><span class=\"post-date\">11\/10\/2025<\/span><\/li>\n<li><a href=\"https:\/\/edublog.educastur.es\/ixuxu\/2025\/10\/les-noticies-del-vienres-10-dochobre-de-2025-nasturianu-tpanoticies\/\">Les noticies del vienres 10 d\u2019ochobre de 2025 n\u2019asturianu #TPANoticies<\/a><span class=\"post-date\">10\/10\/2025<\/span><\/li>\n<li><a href=\"https:\/\/edublog.educastur.es\/ixuxu\/2025\/10\/viii-premios-pola-paz-carmen-ruiz-tilve\/\">VIII Premios pola Paz Carmen Ruiz-Tilve<\/a><span class=\"post-date\">10\/10\/2025<\/span><\/li>\n<li><a href=\"https:\/\/edublog.educastur.es\/ixuxu\/2025\/10\/xxxv-festival-de-la-mazana-2025\/\">XXXV FESTIVAL DE LA MAZANA 2025<\/a><span class=\"post-date\">10\/10\/2025<\/span><\/li>\n<li><a href=\"https:\/\/edublog.educastur.es\/ixuxu\/2025\/10\/cangas-del-narcea-una-tierra-pal-bon-vinu\/\">Cangas del Narcea, una tierra pal bon vinu<\/a><span class=\"post-date\">10\/10\/2025<\/span><\/li>\n<li><a href=\"https:\/\/edublog.educastur.es\/ixuxu\/2025\/10\/presentacion-nuvieu-de-la-obra-colectiva-de-rellatos-fame\/\">Presentaci\u00f3n n\u2019Uvi\u00e9u de la obra colectiva de rellatos \u2018\u00bfFame?\u2019<\/a><span class=\"post-date\">10\/10\/2025<\/span><\/li>\n<li><a href=\"https:\/\/edublog.educastur.es\/ixuxu\/2025\/10\/presentacion-de-labeya-maya-en-tpa\/\">Presentaci\u00f3n de L\u2019Abeya Maya en TPA<\/a><span class=\"post-date\">10\/10\/2025<\/span><\/li>\n<li><a href=\"https:\/\/edublog.educastur.es\/ixuxu\/2025\/10\/ponte-festiva-cargada-de-sabor-tradicion-y-cultura-nasturies\/\">Ponte festiva cargada de sabor, tradici\u00f3n y cultura n\u2019Asturies<\/a><span class=\"post-date\">10\/10\/2025<\/span><\/li>\n<li><a href=\"https:\/\/edublog.educastur.es\/ixuxu\/2025\/10\/festivos-nasturies\/\">Festivos n\u2019Asturies<\/a><span class=\"post-date\">10\/10\/2025<\/span><\/li>\n<li><a href=\"https:\/\/edublog.educastur.es\/ixuxu\/2025\/10\/ix-edicion-del-cachopo-day-el-5-de-payares-nuvieu\/\">IX Edici\u00f3n del Cachopo Day, el 5 de payares, n\u2019Uvi\u00e9u<\/a><span class=\"post-date\">10\/10\/2025<\/span><\/li>\n<li><a href=\"https:\/\/edublog.educastur.es\/ixuxu\/2025\/10\/nel-mediu-del-prau-de-gloria-fuertres\/\">\u00abNel mediu del prau\u00bb de Gloria Fuertes<\/a><span class=\"post-date\">10\/10\/2025<\/span><\/li>\n<li><a href=\"https:\/\/edublog.educastur.es\/ixuxu\/2025\/10\/dia-mundial-de-la-salu-mental-3\/\">D\u00eda Mundial de la Sal\u00fa mental<\/a><span class=\"post-date\">10\/10\/2025<\/span><\/li>\n<li><a href=\"https:\/\/edublog.educastur.es\/ixuxu\/2025\/10\/estau-del-tiempu-vienres-10-dochobre\/\">Est\u00e1u del tiempu: vienres 10 d\u2019ochobre<\/a><span class=\"post-date\">10\/10\/2025<\/span><\/li>\n<li><a href=\"https:\/\/edublog.educastur.es\/ixuxu\/2025\/10\/59604\/\">El tiempu (El Comercio)<\/a><span class=\"post-date\">10\/10\/2025<\/span><\/li>\n<li><a href=\"https:\/\/edublog.educastur.es\/ixuxu\/2025\/10\/59608\/\">Poema: \u00abPaez que\u2019l poniente\u00bb<\/a><span class=\"post-date\">09\/10\/2025<\/span><\/li>\n<li><a href=\"https:\/\/edublog.educastur.es\/ixuxu\/2025\/10\/ya-ta-a-la-venta-cenicientes-de-marisa-valle-roso\/\">Y\u00e1 ta a la venta \u2018Cenicientes\u2019 de Marisa Valle Roso<\/a><span class=\"post-date\">09\/10\/2025<\/span><\/li>\n<li><a href=\"https:\/\/edublog.educastur.es\/ixuxu\/2025\/10\/silvia-quesada-pon-voz-a-la-sintonia-de-labeya-maya\/\">Silvia Quesada pon voz a la sinton\u00eda de \u00abL\u2019Abeya Maya\u00bb<\/a><span class=\"post-date\">09\/10\/2025<\/span><\/li>\n<li><a href=\"https:\/\/edublog.educastur.es\/ixuxu\/2025\/10\/gala-de-la-seronda-en-langreu-esti-sabadu\/\">Gala de la Seronda, en Llangr\u00e9u, esti s\u00e1badu<\/a><span class=\"post-date\">09\/10\/2025<\/span><\/li>\n<li><a href=\"https:\/\/edublog.educastur.es\/ixuxu\/2025\/10\/iv-seronda-fest-en-la-foz-de-morcin\/\">IV Seronda Fest, en La Foz de Morc\u00edn, esti s\u00e1badu<\/a><span class=\"post-date\">09\/10\/2025<\/span><\/li>\n<li><a href=\"https:\/\/edublog.educastur.es\/ixuxu\/2025\/10\/59618\/\">(sin t\u00edtulo)<\/a><span class=\"post-date\">09\/10\/2025<\/span><\/li>\n<li><a href=\"https:\/\/edublog.educastur.es\/ixuxu\/2025\/10\/dia-mundial-de-la-vista\/\">D\u00eda Mundial de la Vista<\/a><span class=\"post-date\">09\/10\/2025<\/span><\/li>\n<li><a href=\"https:\/\/edublog.educastur.es\/ixuxu\/2025\/10\/estau-del-tiempu-xueves-9-dochobre\/\">Est\u00e1u del tiempu: xueves 9 d\u2019ochobre<\/a><span class=\"post-date\">09\/10\/2025<\/span><\/li>\n<li><a href=\"https:\/\/edublog.educastur.es\/ixuxu\/2025\/10\/el-tiempu-2\/\">El tiempu n\u2019Asturies (El Comercio)<\/a><span class=\"post-date\">09\/10\/2025<\/span><\/li>\n<li><a href=\"https:\/\/edublog.educastur.es\/ixuxu\/2025\/10\/el-botanicu-esparde-la-celebracion-del-samain-con-actividaes-pa-nenos-y-nenes-y-adultos\/\">El Bot\u00e1nicu de Xix\u00f3n esparde la celebraci\u00f3n del \u2018Sama\u00edn\u2019, con actividaes pa ne\u00f1os y ne\u00f1es y adultos<\/a><span class=\"post-date\">08\/10\/2025<\/span><\/li>\n<li><a href=\"https:\/\/edublog.educastur.es\/ixuxu\/2025\/10\/la-selmana-de-los-premios-programa-unes-80-actividaes-sobre-la-obra-de-los-galardonaos\/\">La \u2018Selmana de los Premios\u2019 programa unes 80 actividaes sobre la obra de los galardonaos<\/a><span class=\"post-date\">08\/10\/2025<\/span><\/li>\n<li><a href=\"https:\/\/edublog.educastur.es\/ixuxu\/2025\/10\/i-xornaes-culturales-de-paraguay-nasturies\/\">I Xorn\u00e1es Culturales de Paraguay n\u2019Asturies<\/a><span class=\"post-date\">08\/10\/2025<\/span><\/li>\n<li><a href=\"https:\/\/edublog.educastur.es\/ixuxu\/2025\/10\/fiesta-de-la-vendimia-en-cangas-del-narcea-2\/\">XXIII Fiesta de la Vendimia en Cangues del Narcea<\/a><span class=\"post-date\">08\/10\/2025<\/span><\/li>\n<li><a href=\"https:\/\/edublog.educastur.es\/ixuxu\/2025\/10\/la-seronda-nasturies\/\">La seronda n\u2019Asturies<\/a><span class=\"post-date\">08\/10\/2025<\/span><\/li>\n<li><a href=\"https:\/\/edublog.educastur.es\/ixuxu\/2025\/10\/xornaes-gastronomiques-del-desarme-del-16-26-dochobre\/\">Xornaes Gastron\u00f3miques del Desarme, del 16-26 d\u2019ochobre<\/a><span class=\"post-date\">08\/10\/2025<\/span><\/li>\n<li><a href=\"https:\/\/edublog.educastur.es\/ixuxu\/2025\/10\/setes-tipiques-de-la-seronda\/\">Setes t\u00edpiques de la seronda<\/a><span class=\"post-date\">08\/10\/2025<\/span><\/li>\n<li><a href=\"https:\/\/edublog.educastur.es\/ixuxu\/2025\/10\/esti-fin-de-selmana-aportal-xii-ochobre-folk-a-mieres\/\">Esti fin de selmana aporta\u2019l XII Ochobre Folk a Mieres<\/a><span class=\"post-date\">08\/10\/2025<\/span><\/li>\n<li><a href=\"https:\/\/edublog.educastur.es\/ixuxu\/2025\/10\/vuelve-xixon-fala-en-3\/\">Vuelve XIX\u00d3N FALA EN 3<\/a><span class=\"post-date\">08\/10\/2025<\/span><\/li>\n<li><a href=\"https:\/\/edublog.educastur.es\/ixuxu\/2025\/10\/estos-son-los-25-meyores-discos-de-los-ultimos-25-anos\/\">Estos son los 25 meyores discos de los \u00faltimos 25 a\u00f1os<\/a><span class=\"post-date\">08\/10\/2025<\/span><\/li>\n<li><a href=\"https:\/\/edublog.educastur.es\/ixuxu\/2025\/10\/catedrales\/\">\u00abCatedrales\u00bb<\/a><span class=\"post-date\">08\/10\/2025<\/span><\/li>\n<li><a href=\"https:\/\/edublog.educastur.es\/ixuxu\/2025\/10\/asturies-a-la-cabeza-de-les-rexones-con-mas-poblacion-universitaria\/\">Asturies, a la cabeza de les rexones con m\u00e1s poblaci\u00f3n universitaria<\/a><span class=\"post-date\">08\/10\/2025<\/span><\/li>\n<li><a href=\"https:\/\/edublog.educastur.es\/ixuxu\/2025\/10\/mae-mercau-artesanu-y-ecoloxicu-de-xixon-11-13-dochobre\/\">MAE: Merc\u00e1u Artesanu y Ecol\u00f3xicu de Xix\u00f3n (11-13 d\u2019ochobre)<\/a><span class=\"post-date\">08\/10\/2025<\/span><\/li>\n<li><a href=\"https:\/\/edublog.educastur.es\/ixuxu\/2025\/10\/tradiciones-de-la-seronda-nasturies\/\">Tradiciones de la seronda n\u2019Asturies<\/a><span class=\"post-date\">08\/10\/2025<\/span><\/li>\n<li><a href=\"https:\/\/edublog.educastur.es\/ixuxu\/2025\/10\/les-nacencies-xuben-nasturies-un-05-hasta-agostu\/\">Les nacencies xuben n\u2019Asturies un 0,5% hasta agostu<\/a><span class=\"post-date\">08\/10\/2025<\/span><\/li>\n<li><a href=\"https:\/\/edublog.educastur.es\/ixuxu\/2025\/10\/entel-60-y-el-70-de-los-nacaros-dasturies-recibe-lleche-materno-dende-la-so-nacencia\/\">Ente\u2019l 60 y el 70% de los \u00f1\u00e1caros d\u2019Asturies recibe lleche materno dende la so nacencia<\/a><span class=\"post-date\">08\/10\/2025<\/span><\/li>\n<li><a href=\"https:\/\/edublog.educastur.es\/ixuxu\/2025\/10\/breve-inventariu-de-los-seres-escondios-de-miguel-r-monteavaro\/\">\u00abBreve inventariu de los seres escond\u00edos\u00bb de Miguel R. Monteavaro<\/a><span class=\"post-date\">08\/10\/2025<\/span><\/li>\n<li><a href=\"https:\/\/edublog.educastur.es\/ixuxu\/2025\/10\/dia-mundial-del-pulpu\/\">D\u00eda Internacional del Pulpu<\/a><span class=\"post-date\">08\/10\/2025<\/span><\/li>\n<li><a href=\"https:\/\/edublog.educastur.es\/ixuxu\/2025\/10\/dia-de-la-dislexia\/\">D\u00eda de la Dislexia<\/a><span class=\"post-date\">08\/10\/2025<\/span><\/li>\n<li><a href=\"https:\/\/edublog.educastur.es\/ixuxu\/2025\/10\/el-tiempu-el-comercio-158\/\">El tiempu (El Comercio)<\/a><span class=\"post-date\">08\/10\/2025<\/span><\/li>\n<li><a href=\"https:\/\/edublog.educastur.es\/ixuxu\/2025\/10\/les-noticies-del-martes-7-dochobre-de-2025-nasturianu-tpanoticies\/\">Les noticies del martes 7 d\u2019ochobre de 2025 n\u2019asturianu #TPANoticies<\/a><span class=\"post-date\">07\/10\/2025<\/span><\/li>\n<li><a href=\"https:\/\/edublog.educastur.es\/ixuxu\/2025\/10\/la-banda-de-gaites-de-xixon-na-esposicion-universal-dosaka\/\">La Banda de gaites de Xix\u00f3n na Esposici\u00f3n Universal d\u2019Osaka<\/a><span class=\"post-date\">07\/10\/2025<\/span><\/li>\n<li><a href=\"https:\/\/edublog.educastur.es\/ixuxu\/2025\/10\/vocabulariu-de-la-seronda\/\">Vocabulariu de la seronda<\/a><span class=\"post-date\">07\/10\/2025<\/span><\/li>\n<li><a href=\"https:\/\/edublog.educastur.es\/ixuxu\/2025\/10\/dia-mundial-del-habitat-2\/\">D\u00eda Mundial del H\u00e1bitat<\/a><span class=\"post-date\">07\/10\/2025<\/span><\/li>\n<li><a href=\"https:\/\/edublog.educastur.es\/ixuxu\/2025\/10\/estau-del-tiempu-martes-7-dochobre\/\">Est\u00e1u del tiempu: martes 7 d\u2019ochobre<\/a><span class=\"post-date\">07\/10\/2025<\/span><\/li>\n<li><a href=\"https:\/\/edublog.educastur.es\/ixuxu\/2025\/10\/el-tiempu-el-comercio-157\/\">El tiempu (El Comercio)<\/a><span class=\"post-date\">07\/10\/2025<\/span><\/li>\n<li><a href=\"https:\/\/edublog.educastur.es\/ixuxu\/2025\/10\/59446\/\">(sin t\u00edtulo)<\/a><span class=\"post-date\">06\/10\/2025<\/span><\/li>\n<li><a href=\"https:\/\/edublog.educastur.es\/ixuxu\/2025\/10\/nel-pozu-soton-la-tradicion-ente-los-limites-de-la-creativida\/\">Nel Pozu Sot\u00f3n: \u00abLa tradici\u00f3n ente los l\u00edmites de la creativid\u00e1\u00bb<\/a><span class=\"post-date\">06\/10\/2025<\/span><\/li>\n<li><a href=\"https:\/\/edublog.educastur.es\/ixuxu\/2025\/10\/xxxii-conciertu-pola-oficialida\/\">XXXII Conciertu pola oficialid\u00e1<\/a><span class=\"post-date\">06\/10\/2025<\/span><\/li>\n<li><a href=\"https:\/\/edublog.educastur.es\/ixuxu\/2025\/10\/ii-edicion-del-maguestu-g-f-blimea\/\">II Edici\u00f3n del mag\u00fcestu G. F. Blimea.<\/a><span class=\"post-date\">06\/10\/2025<\/span><\/li>\n<li><a href=\"https:\/\/edublog.educastur.es\/ixuxu\/2025\/10\/alderique-asturies-lliteraria-u-tamos-au-vamos\/\">Alderique: \u00abASTURIES LLITERARIA, \u00bf\u00da TAMOS? \u00bfA\u00da VAMOS?\u00bb<\/a><span class=\"post-date\">06\/10\/2025<\/span><\/li>\n<li><a href=\"https:\/\/edublog.educastur.es\/ixuxu\/2025\/10\/cupon-de-la-once-dedicau-a-lalfareria-de-llames-de-mouro\/\">Cup\u00f3n de la ONCE dedic\u00e1u a l\u2019alfarer\u00eda de Llames de Mouro<\/a><span class=\"post-date\">06\/10\/2025<\/span><\/li>\n<li><a href=\"https:\/\/edublog.educastur.es\/ixuxu\/2025\/10\/orixenes-y-espansion-del-reinu-dasturies\/\">Or\u00edxenes y espansi\u00f3n del Reinu d\u2019Asturies.<\/a><span class=\"post-date\">06\/10\/2025<\/span><\/li>\n<li><a href=\"https:\/\/edublog.educastur.es\/ixuxu\/2025\/10\/feliz-dia-del-cine-espanol\/\">Feliz D\u00eda del Cine Espa\u00f1ol<\/a><span class=\"post-date\">06\/10\/2025<\/span><\/li>\n<li><a href=\"https:\/\/edublog.educastur.es\/ixuxu\/2025\/10\/dia-internacional-de-la-xeodiversidad\/\">D\u00eda Internacional de la Xeodiversid\u00e1<\/a><span class=\"post-date\">06\/10\/2025<\/span><\/li>\n<li><a href=\"https:\/\/edublog.educastur.es\/ixuxu\/2025\/10\/59400\/\">Bonos d\u00edes\u2026<\/a><span class=\"post-date\">06\/10\/2025<\/span><\/li>\n<li><a href=\"https:\/\/edublog.educastur.es\/ixuxu\/2025\/10\/estau-del-tiempu-llunes-6-dochobre\/\">Est\u00e1u del tiempu: llunes 6 d\u2019ochobre<\/a><span class=\"post-date\">06\/10\/2025<\/span><\/li>\n<li><a href=\"https:\/\/edublog.educastur.es\/ixuxu\/2025\/10\/el-tiempu-el-comercio-156\/\">El tiempu (El Comercio)<\/a><span class=\"post-date\">06\/10\/2025<\/span><\/li>\n<li><a href=\"https:\/\/edublog.educastur.es\/ixuxu\/2025\/10\/les-noticies-del-domingu-5-dochobre-de-2025-nasturianu-tpanoticies\/\">Les noticies del domingu 5 d\u2019ochobre de 2025 n\u2019asturianu #TPANoticies<\/a><span class=\"post-date\">05\/10\/2025<\/span><\/li>\n<li><a href=\"https:\/\/edublog.educastur.es\/ixuxu\/2025\/10\/ii-premiu-obdulia-alvarez-la-busdonga-dasturianada\/\">II Premiu Obdulia \u00c1lvarez \u201cLa Busdonga\u201d d\u2019Asturianada<\/a><span class=\"post-date\">05\/10\/2025<\/span><\/li>\n<li><a href=\"https:\/\/edublog.educastur.es\/ixuxu\/2025\/10\/ii-concursu-too-haikus-en-primavera\/\">II Concursu \u00abToo Haiku florece en primavera\u00bb<\/a><span class=\"post-date\">05\/10\/2025<\/span><\/li>\n<li><a href=\"https:\/\/edublog.educastur.es\/ixuxu\/2025\/10\/poesia-la-mano-que-senala-pa-otra-parte\/\">Poes\u00eda: \u00abLa mano que se\u00f1ala pa otra parte\u00bb<\/a><span class=\"post-date\">05\/10\/2025<\/span><\/li>\n<li><a href=\"https:\/\/edublog.educastur.es\/ixuxu\/2025\/10\/59371\/\">(sin t\u00edtulo)<\/a><span class=\"post-date\">05\/10\/2025<\/span><\/li>\n<li><a href=\"https:\/\/edublog.educastur.es\/ixuxu\/2025\/10\/la-esposicion-agua-paisaxe-y-memoria-en-linfiestu\/\">La esposici\u00f3n \u2018Agua, paisaxe y memoria\u2019 en L\u2019Infiestu<\/a><span class=\"post-date\">05\/10\/2025<\/span><\/li>\n<li><a href=\"https:\/\/edublog.educastur.es\/ixuxu\/2025\/10\/59394\/\">Festival de l\u2019Ablana en L\u2019Infiestu<\/a><span class=\"post-date\">05\/10\/2025<\/span><\/li>\n<li><a href=\"https:\/\/edublog.educastur.es\/ixuxu\/2025\/10\/la-nueche-blanca-allumo-ayeri-la-ciuda-duvieu-con-mas-de-40-actividaes-culturales\/\">La \u00abNueche Blanca\u00bb allum\u00f3 ayeri la ciud\u00e1 d\u2019Uvi\u00e9u con m\u00e1s de 40 actividaes culturales<\/a><span class=\"post-date\">05\/10\/2025<\/span><\/li>\n<li><a href=\"https:\/\/edublog.educastur.es\/ixuxu\/2025\/10\/59546\/\">D\u00eda Mundial de los docentes<\/a><span class=\"post-date\">05\/10\/2025<\/span><\/li>\n<li><a href=\"https:\/\/edublog.educastur.es\/ixuxu\/2025\/10\/seronda-5\/\">Seronda<\/a><span class=\"post-date\">05\/10\/2025<\/span><\/li>\n<li><a href=\"https:\/\/edublog.educastur.es\/ixuxu\/2025\/10\/el-tiempu-el-comercio-155\/\">El tiempu (El Comercio)<\/a><span class=\"post-date\">05\/10\/2025<\/span><\/li>\n<li><a href=\"https:\/\/edublog.educastur.es\/ixuxu\/2025\/10\/sacavera-uvieina\/\">Sacavera uvie\u00edna<\/a><span class=\"post-date\">04\/10\/2025<\/span><\/li>\n<li><a href=\"https:\/\/edublog.educastur.es\/ixuxu\/2025\/10\/festival-poeticu-namas-dragones\/\">Festival po\u00e9ticu \u2018Nam\u00e1s dragones\u2019 na Nueche Blanca, n\u2019Uvi\u00e9u<\/a><span class=\"post-date\">04\/10\/2025<\/span><\/li>\n<li><a href=\"https:\/\/edublog.educastur.es\/ixuxu\/2025\/10\/les-noticies-del-sabadu-4-de-ochobre-de-2025-nasturianu-tpanoticies\/\">Les noticies del s\u00e1badu 4 de ochobre de 2025 n\u2019asturianu #TPANoticies<\/a><span class=\"post-date\">04\/10\/2025<\/span><\/li>\n<li><a href=\"https:\/\/edublog.educastur.es\/ixuxu\/2025\/10\/59255\/\">(sin t\u00edtulo)<\/a><span class=\"post-date\">04\/10\/2025<\/span><\/li>\n<li><a href=\"https:\/\/edublog.educastur.es\/ixuxu\/2025\/10\/milio-ureta-ganal-iii-premiu-pachin-de-melas-de-testos-teatrales-nasturianu\/\">Milio Ureta gana\u2019l III Premiu \u00abPach\u00edn de Mel\u00e1s\u00bb de testos teatrales n\u2019asturianu<\/a><span class=\"post-date\">04\/10\/2025<\/span><\/li>\n<li><a href=\"https:\/\/edublog.educastur.es\/ixuxu\/2025\/10\/entrevista-a-marta-mori\/\">Entrevista a Marta Mori<\/a><span class=\"post-date\">04\/10\/2025<\/span><\/li>\n<li><a href=\"https:\/\/edublog.educastur.es\/ixuxu\/2025\/10\/recuperacion-de-la-raza-pita-pinta-asturiana\/\">Recuperaci\u00f3n de la raza \u00abPita pinta\u00bb asturiana<\/a><span class=\"post-date\">04\/10\/2025<\/span><\/li>\n<li><a href=\"https:\/\/edublog.educastur.es\/ixuxu\/2025\/10\/dia-mundial-de-les-aves-3\/\">D\u00eda Mundial de les Aves: 4 y 5 d\u2019ochobre<\/a><span class=\"post-date\">04\/10\/2025<\/span><\/li>\n<li><a href=\"https:\/\/edublog.educastur.es\/ixuxu\/2025\/10\/selmana-mundial-del-espaciu-del-4-10-dochobre\/\">Selmana Mundial del Espaciu: del 4-10 d\u2019ochobre<\/a><span class=\"post-date\">04\/10\/2025<\/span><\/li>\n<li><a href=\"https:\/\/edublog.educastur.es\/ixuxu\/2025\/10\/dia-mundial-de-los-animales-6\/\">D\u00eda Mundial de los Animales<\/a><span class=\"post-date\">04\/10\/2025<\/span><\/li>\n<li><a href=\"https:\/\/edublog.educastur.es\/ixuxu\/2025\/10\/sabadu-4-dochobre-2025\/\">S\u00e1badu 4 d\u2019ochobre 2025<\/a><span class=\"post-date\">04\/10\/2025<\/span><\/li>\n<li><a href=\"https:\/\/edublog.educastur.es\/ixuxu\/2025\/10\/les-noticies-del-vienres-3-dochobre-de-2025-nasturianu-tpanoticies\/\">Les noticies del vienres 3 d\u2019ochobre de 2025 n\u2019asturianu #TPANoticies<\/a><span class=\"post-date\">03\/10\/2025<\/span><\/li>\n<li><a href=\"https:\/\/edublog.educastur.es\/ixuxu\/2025\/10\/esposicion-emocionante-naviles\/\">Esposici\u00f3n emocionante n\u2019Avil\u00e9s<\/a><span class=\"post-date\">03\/10\/2025<\/span><\/li>\n<li><a href=\"https:\/\/edublog.educastur.es\/ixuxu\/2025\/10\/59363\/\">(sin t\u00edtulo)<\/a><span class=\"post-date\">03\/10\/2025<\/span><\/li>\n<li><a href=\"https:\/\/edublog.educastur.es\/ixuxu\/2025\/10\/ochobre-tiempu-de-mayanza-nos-llagares-asturianos\/\">Ochobre, tiempu de mayanza nos llagares asturianos.<\/a><span class=\"post-date\">03\/10\/2025<\/span><\/li>\n<li><a href=\"https:\/\/edublog.educastur.es\/ixuxu\/2025\/10\/59124\/\">(sin t\u00edtulo)<\/a><span class=\"post-date\">03\/10\/2025<\/span><\/li>\n<li><a href=\"https:\/\/edublog.educastur.es\/ixuxu\/2025\/10\/el-tiempu-el-comercio-154\/\">El tiempu (El Comercio)<\/a><span class=\"post-date\">03\/10\/2025<\/span><\/li>\n<li><a href=\"https:\/\/edublog.educastur.es\/ixuxu\/2025\/10\/estau-del-tiempu-vienres-3-dchobre\/\">Est\u00e1u del tiempu: vienres 3 d\u2019chobre<\/a><span class=\"post-date\">03\/10\/2025<\/span><\/li>\n<li><a href=\"https:\/\/edublog.educastur.es\/ixuxu\/2025\/10\/les-noticies-del-xueves-2-dochobre-de-2025-nasturianu-tpanoticies\/\">Les noticies del xueves 2 d\u2019ochobre de 2025 n\u2019asturianu #TPANoticies<\/a><span class=\"post-date\">02\/10\/2025<\/span><\/li>\n<li><a href=\"https:\/\/edublog.educastur.es\/ixuxu\/2025\/10\/nueva-aplicacion-informatica-para-los-centros-educativos\/\">Nueva aplicaci\u00f3n inform\u00e1tica para los centros educativos<\/a><span class=\"post-date\">02\/10\/2025<\/span><\/li>\n<li><a href=\"https:\/\/edublog.educastur.es\/ixuxu\/2025\/10\/el-monte-de-les-asturianes-nel-himalaya\/\">\u00abEl Monte de les Asturianes\u00bb nel Himalaya<\/a><span class=\"post-date\">02\/10\/2025<\/span><\/li>\n<li><a href=\"https:\/\/edublog.educastur.es\/ixuxu\/2025\/10\/traxel-pais-un-traxe-destatus-altu\/\">Traxe\u2019l pa\u00eds: un traxe d\u2019estatus altu<\/a><span class=\"post-date\">02\/10\/2025<\/span><\/li>\n<li><a href=\"https:\/\/edublog.educastur.es\/ixuxu\/2025\/10\/59126\/\">(sin t\u00edtulo)<\/a><span class=\"post-date\">02\/10\/2025<\/span><\/li>\n<li><a href=\"https:\/\/edublog.educastur.es\/ixuxu\/2025\/10\/xxxv-festival-de-la-mazana-de-villaviciosa-del-9-13-dochobre\/\">XXXV festival de la Mazana de Villaviciosa: del 9-13 d\u2019ochobre<\/a><span class=\"post-date\">02\/10\/2025<\/span><\/li>\n<li><a href=\"https:\/\/edublog.educastur.es\/ixuxu\/2025\/10\/clases-de-musica-en-norena\/\">Nore\u00f1a X\u00fantase: Clases de M\u00fasica<\/a><span class=\"post-date\">02\/10\/2025<\/span><\/li>\n<li><a href=\"https:\/\/edublog.educastur.es\/ixuxu\/2025\/10\/xii-dia-de-la-reciella-en-xixon-el-4-dochobre\/\">XII D\u00eda de la reciella, en Xix\u00f3n, el 4 d\u2019ochobre<\/a><span class=\"post-date\">02\/10\/2025<\/span><\/li>\n<li><a href=\"https:\/\/edublog.educastur.es\/ixuxu\/2025\/10\/presentacion-de-breve-inventariu-de-los-seres-escondios-nuvieu-6-de-payares\/\">Presentaci\u00f3n de \u00abBreve inventariu de los seres escond\u00edos\u00bb n\u2019Uvi\u00e9u: 6 de payares<\/a><span class=\"post-date\">02\/10\/2025<\/span><\/li>\n<li><a href=\"https:\/\/edublog.educastur.es\/ixuxu\/2025\/10\/dia-internacional-de-la-non-violencia\/\">D\u00eda Internacional de la Non violencia<\/a><span class=\"post-date\">02\/10\/2025<\/span><\/li>\n<li><a href=\"https:\/\/edublog.educastur.es\/ixuxu\/2025\/10\/el-tiempu-el-comercio-153\/\">El tiempu (El Comercio)<\/a><span class=\"post-date\">02\/10\/2025<\/span><\/li>\n<li><a href=\"https:\/\/edublog.educastur.es\/ixuxu\/2025\/10\/estau-del-tiempu-xueves-2-dochobre\/\">Est\u00e1u del tiempu: xueves 2 d\u2019ochobre<\/a><span class=\"post-date\">02\/10\/2025<\/span><\/li>\n<li><a href=\"https:\/\/edublog.educastur.es\/ixuxu\/2025\/10\/dexonos-jane-goodall\/\">Dex\u00f3nos Jane Goodall, icono de la ecolox\u00eda del sieglu XXI<\/a><span class=\"post-date\">01\/10\/2025<\/span><\/li>\n<li><a href=\"https:\/\/edublog.educastur.es\/ixuxu\/2025\/10\/ciclu-de-poesia-qed-2025-nuvieu\/\">IV Ciclu de poes\u00eda QED 2025, n\u2019Uvi\u00e9u<\/a><span class=\"post-date\">01\/10\/2025<\/span><\/li>\n<li><a href=\"https:\/\/edublog.educastur.es\/ixuxu\/2025\/10\/59161\/\">La seronda n\u2019Asturies tien nome propiu<\/a><span class=\"post-date\">01\/10\/2025<\/span><\/li>\n<li><a href=\"https:\/\/edublog.educastur.es\/ixuxu\/2025\/10\/ceneam-centru-nacional-deducacion-ambiental\/\">CENEAM: Centru Nacional d\u2019Educaci\u00f3n Ambiental<\/a><span class=\"post-date\">01\/10\/2025<\/span><\/li>\n<li><a href=\"https:\/\/edublog.educastur.es\/ixuxu\/2025\/10\/xii-ochobre-folk-en-mieres-del-10-12-dochobre\/\">XII Ochobre Folk, del 10-12, en Mieres<\/a><span class=\"post-date\">01\/10\/2025<\/span><\/li>\n<li><a href=\"https:\/\/edublog.educastur.es\/ixuxu\/2025\/10\/el-festival-nel-amaro-de-teatru-profesional-en-llingua-asturiana-llega-a-la-9a-edicion\/\">El Festival Nel Amaro de Teatru profesional n\u2019asturianu llega a la 9\u00aa edici\u00f3n<\/a><span class=\"post-date\">01\/10\/2025<\/span><\/li>\n<li><a href=\"https:\/\/edublog.educastur.es\/ixuxu\/2025\/10\/la-c-europea-escoyo-asturies-como-protagonista-de-la-so-campana-informativa-europa-na-mio-rexon\/\">La C. Europea escoy\u00f3 Asturies como protagonista de la so campa\u00f1a informativa Europa na mio rex\u00f3n<\/a><span class=\"post-date\">01\/10\/2025<\/span><\/li>\n<li><a href=\"https:\/\/edublog.educastur.es\/ixuxu\/2025\/10\/59068\/\">(sin t\u00edtulo)<\/a><span class=\"post-date\">01\/10\/2025<\/span><\/li>\n<li><a href=\"https:\/\/edublog.educastur.es\/ixuxu\/2025\/10\/una-menada-de-delfines-mulares-bailla-al-son-de-les-foles-en-salinas\/\">Una menada de delfines mulares \u2018bailla\u2019 al son de les foles en Salinas.<\/a><span class=\"post-date\">01\/10\/2025<\/span><\/li>\n<li><a href=\"https:\/\/edublog.educastur.es\/ixuxu\/2025\/10\/uvieu-tien-24-345-vecinos-estranxeros-de-106-paises\/\">Uvi\u00e9u tien 24.345 vecinos estranxeros de 106 pa\u00edses<\/a><span class=\"post-date\">01\/10\/2025<\/span><\/li>\n<li><a href=\"https:\/\/edublog.educastur.es\/ixuxu\/2025\/10\/xardin-botanicu-atlanticu-de-xixon-actividaes-educatives\/\">Xard\u00edn Bot\u00e1nicu Atl\u00e1nticu de Xix\u00f3n: Actividaes educatives<\/a><span class=\"post-date\">01\/10\/2025<\/span><\/li>\n<li><a href=\"https:\/\/edublog.educastur.es\/ixuxu\/2025\/10\/fiesta-la-vendimia-en-cangas-del-10-12-dochobre\/\">Fiesta la Vendimia, en Cangas, del 10-12 d\u2019ochobre<\/a><span class=\"post-date\">01\/10\/2025<\/span><\/li>\n<li><a href=\"https:\/\/edublog.educastur.es\/ixuxu\/2025\/10\/el-54-festival-de-lablana-de-pilona-entama-nueve-actividaes-de-musica-asturiana\/\">El 54 festival de l\u2019Ablana de Pilo\u00f1a entama nueve actividaes de m\u00fasica asturiana<\/a><span class=\"post-date\">01\/10\/2025<\/span><\/li>\n<li><a href=\"https:\/\/edublog.educastur.es\/ixuxu\/2025\/10\/nochobre-tiempu-de-castanes\/\">N\u2019ochobre, tiempu de casta\u00f1es<\/a><span class=\"post-date\">01\/10\/2025<\/span><\/li>\n<li><a href=\"https:\/\/edublog.educastur.es\/ixuxu\/2025\/10\/entefueyes-ochobre-lliterariu\/\">Entefueyes Ochobre Lliterariu, en Xix\u00f3n<\/a><span class=\"post-date\">01\/10\/2025<\/span><\/li>\n<li><a href=\"https:\/\/edublog.educastur.es\/ixuxu\/2025\/10\/saborguiar-la-vida\/\">Ochobre, tiempu de collecha\u2026<\/a><span class=\"post-date\">01\/10\/2025<\/span><\/li>\n<li><a href=\"https:\/\/edublog.educastur.es\/ixuxu\/2025\/10\/xliii-xornaes-internacionales-destudiu-del-4-6-de-payares\/\">XLIII Xornaes Internacionales d\u2019Estudiu: del 4-6 de payares<\/a><span class=\"post-date\">01\/10\/2025<\/span><\/li>\n<li><a href=\"https:\/\/edublog.educastur.es\/ixuxu\/2025\/10\/ochobre-2\/\">Ochobre<\/a><span class=\"post-date\">01\/10\/2025<\/span><\/li>\n<li><a href=\"https:\/\/edublog.educastur.es\/ixuxu\/2025\/10\/dia-internacional-de-les-persones-mayores\/\">D\u00eda Internacional de les Persones Mayores<\/a><span class=\"post-date\">01\/10\/2025<\/span><\/li>\n<li><a href=\"https:\/\/edublog.educastur.es\/ixuxu\/2025\/10\/dia-europeu-de-les-fundaciones-y-los-donantes\/\">D\u00eda Europ\u00e9u de les Fundaciones y los Donantes<\/a><span class=\"post-date\">01\/10\/2025<\/span><\/li>\n<li><a href=\"https:\/\/edublog.educastur.es\/ixuxu\/2025\/10\/cambeu-dhora-el-prosimu-sabadu\/\">Camb\u00e9u d\u2019hora, el pr\u00f3simu s\u00e1badu<\/a><span class=\"post-date\">01\/10\/2025<\/span><\/li>\n<li><a href=\"https:\/\/edublog.educastur.es\/ixuxu\/2025\/10\/los-tres-clises-solares-que-se-van-ver-nespana\/\">Los tr\u00e9s clises solares que se van ver n\u2019Espa\u00f1a<\/a><span class=\"post-date\">01\/10\/2025<\/span><\/li>\n<li><a href=\"https:\/\/edublog.educastur.es\/ixuxu\/2025\/10\/indiz-de-quemes-forestales-nasturies-11\/\">\u00cdndiz de quemes forestales n\u2019Asturies<\/a><span class=\"post-date\">01\/10\/2025<\/span><\/li>\n<li><a href=\"https:\/\/edublog.educastur.es\/ixuxu\/2025\/10\/el-tiempu-el-comercio-152\/\">El tiempu (El Comercio)<\/a><span class=\"post-date\">01\/10\/2025<\/span><\/li>\n<li><a href=\"https:\/\/edublog.educastur.es\/ixuxu\/2025\/10\/estu-del-tiempu-miercoles-1-dochobre\/\">Est\u00fa del tiempu: mi\u00e9rcoles 1 d\u2019ochobre<\/a><span class=\"post-date\">01\/10\/2025<\/span><\/li>\n<\/ul>\n","protected":false},"excerpt":{"rendered":"<p>Les noticies del vienres 31 d\u2019ochobre de 2025 n\u2019asturianu #TPANoticies31\/10\/2025 Promoci\u00f3n d\u2019Asturies n\u2019italiano: Asturies: v\u00edvese, pasu a pasu31\/10\/2025 Sama\u00edn nel barriu Pr\u00e1u de la Vega (Uvi\u00e9u)31\/10\/2025 Sama\u00edn ye tiempu de niebla, lluna y memoria.31\/10\/2025 Nun ye Halloween, ye Sama\u00edn en Mieres31\/10\/2025 Los Bu\u00f1uelos Caseros, una receta t\u00edpica de la reposter\u00eda asturiana31\/10\/2025 Canci\u00f3n \u00abBaxaben cuatro ayeranos\u00bb31\/10\/2025 [&hellip;]<\/p>\n","protected":false},"author":117,"featured_media":0,"parent":38590,"menu_order":0,"comment_status":"closed","ping_status":"closed","template":"","meta":{"footnotes":""},"class_list":["post-64904","page","type-page","status-publish","hentry"],"_links":{"self":[{"href":"https:\/\/edublog.educastur.es\/ixuxu\/wp-json\/wp\/v2\/pages\/64904","targetHints":{"allow":["GET"]}}],"collection":[{"href":"https:\/\/edublog.educastur.es\/ixuxu\/wp-json\/wp\/v2\/pages"}],"about":[{"href":"https:\/\/edublog.educastur.es\/ixuxu\/wp-json\/wp\/v2\/types\/page"}],"author":[{"embeddable":true,"href":"https:\/\/edublog.educastur.es\/ixuxu\/wp-json\/wp\/v2\/users\/117"}],"replies":[{"embeddable":true,"href":"https:\/\/edublog.educastur.es\/ixuxu\/wp-json\/wp\/v2\/comments?post=64904"}],"version-history":[{"count":1,"href":"https:\/\/edublog.educastur.es\/ixuxu\/wp-json\/wp\/v2\/pages\/64904\/revisions"}],"predecessor-version":[{"id":64905,"href":"https:\/\/edublog.educastur.es\/ixuxu\/wp-json\/wp\/v2\/pages\/64904\/revisions\/64905"}],"up":[{"embeddable":true,"href":"https:\/\/edublog.educastur.es\/ixuxu\/wp-json\/wp\/v2\/pages\/38590"}],"wp:attachment":[{"href":"https:\/\/edublog.educastur.es\/ixuxu\/wp-json\/wp\/v2\/media?parent=64904"}],"curies":[{"name":"wp","href":"https:\/\/api.w.org\/{rel}","templated":true}]}}