{"id":64914,"date":"2026-01-02T21:19:20","date_gmt":"2026-01-02T19:19:20","guid":{"rendered":"https:\/\/edublog.educastur.es\/ixuxu\/?page_id=64914"},"modified":"2026-01-02T21:20:15","modified_gmt":"2026-01-02T19:20:15","slug":"06_xunu","status":"publish","type":"page","link":"https:\/\/edublog.educastur.es\/ixuxu\/archivu-blogue\/articulos\/2025-2\/06_xunu\/","title":{"rendered":"06_Xunu"},"content":{"rendered":"<ul>\n<li><a href=\"https:\/\/edublog.educastur.es\/ixuxu\/2025\/06\/en-mou-mereciu-descansu\/\">En mou \u00abmereciu descansu\u00bb<\/a><span class=\"post-date\">30\/06\/2025<\/span><\/li>\n<li><a href=\"https:\/\/edublog.educastur.es\/ixuxu\/2025\/06\/pasion-pola-sidra\/\">Pasi\u00f3n pola sidra<\/a><span class=\"post-date\">30\/06\/2025<\/span><\/li>\n<li><a href=\"https:\/\/edublog.educastur.es\/ixuxu\/2025\/06\/prau-de-la-vega-nuvieu-va-anos\/\">Prau de la Vega, n\u2019Uvi\u00e9u, va una d\u00e9cada\u2026<\/a><span class=\"post-date\">30\/06\/2025<\/span><\/li>\n<li><a href=\"https:\/\/edublog.educastur.es\/ixuxu\/2025\/06\/las-noticias-del-lunes-30-de-junio-de-2025-en-asturianu-tpanoticies\/\">Las noticias del lunes 30 de junio de 2025 en Asturianu #TPANoticies<\/a><span class=\"post-date\">30\/06\/2025<\/span><\/li>\n<li><a href=\"https:\/\/edublog.educastur.es\/ixuxu\/2025\/06\/asturies-acueyel-campeonatu-despana-de-selecciones-autonomiques-de-voleibol\/\">Asturies acueye\u2019l Campeonatu d\u2019Espa\u00f1a de selecciones auton\u00f3miques de voleibol<\/a><span class=\"post-date\">30\/06\/2025<\/span><\/li>\n<li><a href=\"https:\/\/edublog.educastur.es\/ixuxu\/2025\/06\/ayudes-de-la-politica-agricola-comun-pac-nasturies\/\">Ayudes de la Pol\u00edtica Agr\u00edcola Com\u00fan (PAC) n\u2019Asturies<\/a><span class=\"post-date\">30\/06\/2025<\/span><\/li>\n<li><a href=\"https:\/\/edublog.educastur.es\/ixuxu\/2025\/06\/cultura-va-apurrir-la-marca-alfaya-a-les-empreses-que-fomenten-lusu-de-les-llingues-propies\/\">Cultura va apurrir la marca Alfaya a les empreses que fomenten l\u2019usu de les lling\u00fces propies<\/a><span class=\"post-date\">30\/06\/2025<\/span><\/li>\n<li><a href=\"https:\/\/edublog.educastur.es\/ixuxu\/2025\/06\/eugenia-zozaya-la-promesa-uvieina-del-tenis\/\">Eugenia Zozaya, la promesa uvieina del tenis\u2026<\/a><span class=\"post-date\">30\/06\/2025<\/span><\/li>\n<li><a href=\"https:\/\/edublog.educastur.es\/ixuxu\/2025\/06\/rodaxe-de-la-ultima-entrega-de-la-saga-los-juegos-del-hambre\/\">Rodaxe de la \u00faltima entrega de la saga \u2018Los juegos del hambre\u2019<\/a><span class=\"post-date\">30\/06\/2025<\/span><\/li>\n<li><a href=\"https:\/\/edublog.educastur.es\/ixuxu\/2025\/06\/mas-actividaes-de-branu-pa-la-reciella-arrinca-asturies-surfea\/\">M\u00e1s actividaes de branu pa la reciella: \u00a1Arrinca ASTURIES SURFEA!<\/a><span class=\"post-date\">30\/06\/2025<\/span><\/li>\n<li><a href=\"https:\/\/edublog.educastur.es\/ixuxu\/2025\/06\/la-tercer-edicion-del-campus-deportivu-de-fedema-ya-ta-en-marcha\/\">La tercer edici\u00f3n del campus deportivu de Fedema y\u00e1 ta en marcha<\/a><span class=\"post-date\">30\/06\/2025<\/span><\/li>\n<li><a href=\"https:\/\/edublog.educastur.es\/ixuxu\/2025\/06\/52020\/\">Cada d\u00eda miles de p\u00e1xines web desapaecen ensin dexar rastru.<\/a><span class=\"post-date\">30\/06\/2025<\/span><\/li>\n<li><a href=\"https:\/\/edublog.educastur.es\/ixuxu\/2025\/06\/51945\/\">(sin t\u00edtulo)<\/a><span class=\"post-date\">30\/06\/2025<\/span><\/li>\n<li><a href=\"https:\/\/edublog.educastur.es\/ixuxu\/2025\/06\/accesorios-pa-moviles\/\">\u00abAccesorios pa m\u00f3viles\u00bb<\/a><span class=\"post-date\">30\/06\/2025<\/span><\/li>\n<li><a href=\"https:\/\/edublog.educastur.es\/ixuxu\/2025\/06\/descensu-folklorico-del-riu-nalon-2025\/\">Descensu Folkl\u00f3rico del R\u00edu Nal\u00f3n 2025.<\/a><span class=\"post-date\">30\/06\/2025<\/span><\/li>\n<li><a href=\"https:\/\/edublog.educastur.es\/ixuxu\/2025\/06\/lamuravela-en-cuideiru\/\">L\u2019Amuravela en Cuideiru<\/a><span class=\"post-date\">30\/06\/2025<\/span><\/li>\n<li><a href=\"https:\/\/edublog.educastur.es\/ixuxu\/2025\/06\/nestos-dies-de-calor-recuerda-que-ye-importante\/\">Nestos d\u00edes de calor, recuerda que ye importante\u2026<\/a><span class=\"post-date\">30\/06\/2025<\/span><\/li>\n<li><a href=\"https:\/\/edublog.educastur.es\/ixuxu\/2025\/06\/el-tiempu-el-comercio-81\/\">El tiempu (El Comercio)<\/a><span class=\"post-date\">30\/06\/2025<\/span><\/li>\n<li><a href=\"https:\/\/edublog.educastur.es\/ixuxu\/2025\/06\/estau-del-tiempu-llunes-30-xunu\/\">Est\u00e1u del tiempu: llunes 30 xunu<\/a><span class=\"post-date\">30\/06\/2025<\/span><\/li>\n<li><a href=\"https:\/\/edublog.educastur.es\/ixuxu\/2025\/06\/les-noticies-del-domingu-29-de-xunu-de-2025-nasturianu-tpanoticies\/\">Les noticies del domingu 29 de xunu de 2025 n\u2019asturianu #TPANoticies<\/a><span class=\"post-date\">29\/06\/2025<\/span><\/li>\n<li><a href=\"https:\/\/edublog.educastur.es\/ixuxu\/2025\/06\/presentacion-del-poemariu-lo-verdadero-de-lurdes-alvarez\/\">Presentaci\u00f3n del poemariu \u00abLo verdadero\u00bb de Lurdes \u00c1lvarez<\/a><span class=\"post-date\">29\/06\/2025<\/span><\/li>\n<li><a href=\"https:\/\/edublog.educastur.es\/ixuxu\/2025\/06\/les-cases-de-los-hobbits-narguero-villaviciosa\/\">Les cases de los hobbits n\u2019Arg\u00fcero (Villaviciosa)<\/a><span class=\"post-date\">29\/06\/2025<\/span><\/li>\n<li><a href=\"https:\/\/edublog.educastur.es\/ixuxu\/2025\/06\/el-mosquitu-del-xapon-llega-a-asturies\/\">El mosquitu del Xap\u00f3n llega a Asturies<\/a><span class=\"post-date\">29\/06\/2025<\/span><\/li>\n<li><a href=\"https:\/\/edublog.educastur.es\/ixuxu\/2025\/06\/agua-de-fuensanta\/\">Agua de Fuensanta<\/a><span class=\"post-date\">29\/06\/2025<\/span><\/li>\n<li><a href=\"https:\/\/edublog.educastur.es\/ixuxu\/2025\/06\/xareu-folixa-moza\/\">\u201cXAR\u00c9U. Folixa moza\u201d<\/a><span class=\"post-date\">29\/06\/2025<\/span><\/li>\n<li><a href=\"https:\/\/edublog.educastur.es\/ixuxu\/2025\/06\/51908\/\">Lluz<\/a><span class=\"post-date\">29\/06\/2025<\/span><\/li>\n<li><a href=\"https:\/\/edublog.educastur.es\/ixuxu\/2025\/06\/dieciseis-conceyos-asturianos-guei-en-riesgu-alto-de-sufrir-quemes-forestales\/\">Diecis\u00e9is conceyos asturianos g\u00fcei en riesgu alto\u2019 de sufrir quemes forestales<\/a><span class=\"post-date\">29\/06\/2025<\/span><\/li>\n<li><a href=\"https:\/\/edublog.educastur.es\/ixuxu\/2025\/06\/51904\/\">El tiempu (El Comercio)<\/a><span class=\"post-date\">29\/06\/2025<\/span><\/li>\n<li><a href=\"https:\/\/edublog.educastur.es\/ixuxu\/2025\/06\/les-noticies-del-sabadu-28-de-xunu-de-2025-nasturianu-tpanoticies\/\">Les noticies del s\u00e1badu 28 de xunu de 2025 n\u2019asturianu #TPANoticies<\/a><span class=\"post-date\">28\/06\/2025<\/span><\/li>\n<li><a href=\"https:\/\/edublog.educastur.es\/ixuxu\/2025\/06\/51878\/\">(sin t\u00edtulo)<\/a><span class=\"post-date\">28\/06\/2025<\/span><\/li>\n<li><a href=\"https:\/\/edublog.educastur.es\/ixuxu\/2025\/06\/51871\/\">(sin t\u00edtulo)<\/a><span class=\"post-date\">28\/06\/2025<\/span><\/li>\n<li><a href=\"https:\/\/edublog.educastur.es\/ixuxu\/2025\/06\/lanzaderes-de-branu-a-sableres-y-espacios-naturales\/\">Lanzaderes de branu a sableres y espacios naturales<\/a><span class=\"post-date\">28\/06\/2025<\/span><\/li>\n<li><a href=\"https:\/\/edublog.educastur.es\/ixuxu\/2025\/06\/vaqueirina-vistida-de-vaqueiro\/\">Vaqueirina vistida de vaqueiro<\/a><span class=\"post-date\">28\/06\/2025<\/span><\/li>\n<li><a href=\"https:\/\/edublog.educastur.es\/ixuxu\/2025\/06\/la-musica-de-vanesa-martin-celebra-lamor-y-la-liberta\/\">La m\u00fasica de Vanesa Martin celebra: l\u2019amor y la libert\u00e1 .<\/a><span class=\"post-date\">28\/06\/2025<\/span><\/li>\n<li><a href=\"https:\/\/edublog.educastur.es\/ixuxu\/2025\/06\/51889\/\">D\u00eda del arguyu\u2026<\/a><span class=\"post-date\">28\/06\/2025<\/span><\/li>\n<li><a href=\"https:\/\/edublog.educastur.es\/ixuxu\/2025\/06\/orgullu\/\">\u201cOrgullu\u201d \/ \u00abArguyu\u00bb<\/a><span class=\"post-date\">28\/06\/2025<\/span><\/li>\n<li><a href=\"https:\/\/edublog.educastur.es\/ixuxu\/2025\/06\/dia-del-arguyu-lgtbi\/\">D\u00eda del Arguyu LGTBI+<\/a><span class=\"post-date\">28\/06\/2025<\/span><\/li>\n<li><a href=\"https:\/\/edublog.educastur.es\/ixuxu\/2025\/06\/51206\/\">Campa\u00f1a institucional: \u2018S\u00ed, siguimos queriendo\u2019<\/a><span class=\"post-date\">28\/06\/2025<\/span><\/li>\n<li><a href=\"https:\/\/edublog.educastur.es\/ixuxu\/2025\/06\/dia-mundial-del-arbol-2\/\">D\u00eda Mundial del \u00c1rbol<\/a><span class=\"post-date\">28\/06\/2025<\/span><\/li>\n<li><a href=\"https:\/\/edublog.educastur.es\/ixuxu\/2025\/06\/proteccion\/\">Protecci\u00f3n<\/a><span class=\"post-date\">28\/06\/2025<\/span><\/li>\n<li><a href=\"https:\/\/edublog.educastur.es\/ixuxu\/2025\/06\/un-domo-o-cupula-de-calor-de-record-historicu-primer-fola-de-calor-de-2025\/\">Un domo o c\u00fapula de calor de r\u00e9cord hist\u00f3ricu: primer fola de calor de 2025<\/a><span class=\"post-date\">28\/06\/2025<\/span><\/li>\n<li><a href=\"https:\/\/edublog.educastur.es\/ixuxu\/2025\/06\/51874\/\">\u00a1Atenci\u00f3n Asturies! L\u2019AEMET activ\u00f3 avisu per fola de calor<\/a><span class=\"post-date\">28\/06\/2025<\/span><\/li>\n<li><a href=\"https:\/\/edublog.educastur.es\/ixuxu\/2025\/06\/el-tiempu-el-comercio-80\/\">El tiempu (El Comercio)<\/a><span class=\"post-date\">28\/06\/2025<\/span><\/li>\n<li><a href=\"https:\/\/edublog.educastur.es\/ixuxu\/2025\/06\/51794\/\">(sin t\u00edtulo)<\/a><span class=\"post-date\">27\/06\/2025<\/span><\/li>\n<li><a href=\"https:\/\/edublog.educastur.es\/ixuxu\/2025\/06\/un-conducto-dhidroxenu-verde-pasara-per-asturies-los-hidroductos-que-se-contruiran-nasturies\/\">Un conducto d\u2019hidr\u00f3xenu verde pasar\u00e1 per Asturies. Los hidroductos que se contruir\u00e1n n\u2019Asturies<\/a><span class=\"post-date\">27\/06\/2025<\/span><\/li>\n<li><a href=\"https:\/\/edublog.educastur.es\/ixuxu\/2025\/06\/un-21-mas-de-menaes-de-llobos-nasturies\/\">Un 21 % m\u00e1s de menaes de llobos n\u2019Asturies<\/a><span class=\"post-date\">27\/06\/2025<\/span><\/li>\n<li><a href=\"https:\/\/edublog.educastur.es\/ixuxu\/2025\/06\/51822\/\">El branu asturianu pasa por esfrutar de los festivales de m\u00fasica<\/a><span class=\"post-date\">27\/06\/2025<\/span><\/li>\n<li><a href=\"https:\/\/edublog.educastur.es\/ixuxu\/2025\/06\/resollu-el-tercer-discu-de-la-banda-de-gaites-llacin\/\">\u2018Resollu\u2019, el tercer discu de la banda de gaites Llac\u00edn (Llanes)<\/a><span class=\"post-date\">27\/06\/2025<\/span><\/li>\n<li><a href=\"https:\/\/edublog.educastur.es\/ixuxu\/2025\/06\/tania-pereira-una-de-les-figures-mas-destacaes-de-la-cancion-dautor-dasturies\/\">Tania Pereira, una de les figures m\u00e1s destacaes de la canci\u00f3n d\u2019autor d\u2019Asturies<\/a><span class=\"post-date\">27\/06\/2025<\/span><\/li>\n<li><a href=\"https:\/\/edublog.educastur.es\/ixuxu\/2025\/06\/51673\/\">(sin t\u00edtulo)<\/a><span class=\"post-date\">27\/06\/2025<\/span><\/li>\n<li><a href=\"https:\/\/edublog.educastur.es\/ixuxu\/2025\/06\/raquel-lobo-ganal-premiu-asturies-nuevu-dartes-plastiques-2025\/\">Raquel Lobo gana\u2019l Premiu Asturies Nuevu d\u2019Artes Pl\u00e1stiques 2025<\/a><span class=\"post-date\">27\/06\/2025<\/span><\/li>\n<li><a href=\"https:\/\/edublog.educastur.es\/ixuxu\/2025\/06\/les-esportaciones-asturianes-crecen-y-llogren-el-meyor-resultau-no-que-va-danu\/\">Les esportaciones asturianes crecen y llogren el meyor result\u00e1u no que va d\u2019a\u00f1u.<\/a><span class=\"post-date\">27\/06\/2025<\/span><\/li>\n<li><a href=\"https:\/\/edublog.educastur.es\/ixuxu\/2025\/06\/mil-venecies-ganadora-del-premiu-alfonso-iglesias-2025\/\">\u201cMil Venecies\u201d, ganadora del Premiu Alfonso Iglesias 2025<\/a><span class=\"post-date\">27\/06\/2025<\/span><\/li>\n<li><a href=\"https:\/\/edublog.educastur.es\/ixuxu\/2025\/06\/visita-guiadal-parque-ferrera-naviles\/\">Visita guiada\u2019l Parque Ferrera, n\u2019Avil\u00e9s<\/a><span class=\"post-date\">27\/06\/2025<\/span><\/li>\n<li><a href=\"https:\/\/edublog.educastur.es\/ixuxu\/2025\/06\/nuevos-talleres-de-teitau\/\">Nuevos talleres de Teit\u00e1u!<\/a><span class=\"post-date\">27\/06\/2025<\/span><\/li>\n<li><a href=\"https:\/\/edublog.educastur.es\/ixuxu\/2025\/06\/madrenes-asturianes-que-protexen-del-friu-y-el-mugor\/\">Madre\u00f1es asturianes que protexen del fr\u00edu y el mugor<\/a><span class=\"post-date\">27\/06\/2025<\/span><\/li>\n<li><a href=\"https:\/\/edublog.educastur.es\/ixuxu\/2025\/06\/asturies-nun-se-llibra-de-la-fola-de-calor\/\">Asturies nun se llibra de la fola de calor<\/a><span class=\"post-date\">27\/06\/2025<\/span><\/li>\n<li><a href=\"https:\/\/edublog.educastur.es\/ixuxu\/2025\/06\/el-tiempu-el-comercio-79\/\">El tiempu (El Comercio)<\/a><span class=\"post-date\">27\/06\/2025<\/span><\/li>\n<li><a href=\"https:\/\/edublog.educastur.es\/ixuxu\/2025\/06\/estau-del-tiempu-vienres-27-xunu\/\">Est\u00e1u del tiempu: vienres 27 xunu<\/a><span class=\"post-date\">27\/06\/2025<\/span><\/li>\n<li><a href=\"https:\/\/edublog.educastur.es\/ixuxu\/2025\/06\/de-sobra-a-sabrosu-de-chatgpt-al-gozu\/\">\u2018De sobra a sabrosu, de ChatGPT al gozu\u2019.<\/a><span class=\"post-date\">27\/06\/2025<\/span><\/li>\n<li><a href=\"https:\/\/edublog.educastur.es\/ixuxu\/2025\/06\/las-noticias-del-xueves-26-de-junio-de-2025-en-asturianu-tpanoticies\/\">Las noticias del Xueves 26 de junio de 2025 en Asturianu #TPANoticies<\/a><span class=\"post-date\">26\/06\/2025<\/span><\/li>\n<li><a href=\"https:\/\/edublog.educastur.es\/ixuxu\/2025\/06\/laltu-de-la-farrapona-en-somiedu\/\">L\u2019altu de la Farrapona en Somiedu<\/a><span class=\"post-date\">26\/06\/2025<\/span><\/li>\n<li><a href=\"https:\/\/edublog.educastur.es\/ixuxu\/2025\/06\/foto-oficial-despana-na-eurocopa-femenina\/\">Semeya oficial d\u2019Espa\u00f1a na Eurocopa Femenina<\/a><span class=\"post-date\">26\/06\/2025<\/span><\/li>\n<li><a href=\"https:\/\/edublog.educastur.es\/ixuxu\/2025\/06\/la-piedra-del-ascensu-gracies-santi-cazorla\/\">La piedra del ascensu a Primera<\/a><span class=\"post-date\">26\/06\/2025<\/span><\/li>\n<li><a href=\"https:\/\/edublog.educastur.es\/ixuxu\/2025\/06\/sorteu-duna-camiseta-del-real-uvieu\/\">Sort\u00e9u d\u2019una camiseta del Real Uvi\u00e9u 2025-2026<\/a><span class=\"post-date\">26\/06\/2025<\/span><\/li>\n<li><a href=\"https:\/\/edublog.educastur.es\/ixuxu\/2025\/06\/51701\/\">(sin t\u00edtulo)<\/a><span class=\"post-date\">26\/06\/2025<\/span><\/li>\n<li><a href=\"https:\/\/edublog.educastur.es\/ixuxu\/2025\/06\/cartel-cola-programacion-del-peb-2025\/\">Cartel cola programaci\u00f3n del PEB 2025!<\/a><span class=\"post-date\">26\/06\/2025<\/span><\/li>\n<li><a href=\"https:\/\/edublog.educastur.es\/ixuxu\/2025\/06\/xviii-festival-intercelticu-aviles-y-comarca\/\">XVIII Festival Interc\u00e9lticu Avil\u00e9s y Comarca<\/a><span class=\"post-date\">26\/06\/2025<\/span><\/li>\n<li><a href=\"https:\/\/edublog.educastur.es\/ixuxu\/2025\/06\/51671\/\">(sin t\u00edtulo)<\/a><span class=\"post-date\">26\/06\/2025<\/span><\/li>\n<li><a href=\"https:\/\/edublog.educastur.es\/ixuxu\/2025\/06\/la-primer-llavadora\/\">La primer llavadora<\/a><span class=\"post-date\">26\/06\/2025<\/span><\/li>\n<li><a href=\"https:\/\/edublog.educastur.es\/ixuxu\/2025\/06\/la-musica-asturiana-nel-xxviii-festival-i-de-musica-antigua-de-xixon\/\">La m\u00fasica asturiana, nel XXVIII Festival I. de M\u00fasica Antigua de Xix\u00f3n<\/a><span class=\"post-date\">26\/06\/2025<\/span><\/li>\n<li><a href=\"https:\/\/edublog.educastur.es\/ixuxu\/2025\/06\/asturies-protagonista-na-campana-de-promocion-de-turespana\/\">Asturies, protagonista na campa\u00f1a de promoci\u00f3n de Turespa\u00f1a<\/a><span class=\"post-date\">26\/06\/2025<\/span><\/li>\n<li><a href=\"https:\/\/edublog.educastur.es\/ixuxu\/2025\/06\/51725\/\">El Cam\u00edn Primitivu ye\u2019l m\u00e1s antiguu de toos.<\/a><span class=\"post-date\">26\/06\/2025<\/span><\/li>\n<li><a href=\"https:\/\/edublog.educastur.es\/ixuxu\/2025\/06\/sabies-que-larte-prerromanico-asturianu-ye-unicu-neuropa\/\">\u00bfSab\u00edes que l\u2019arte prerrom\u00e1nico asturianu ye \u00fanicu n\u2019Europa?<\/a><span class=\"post-date\">26\/06\/2025<\/span><\/li>\n<li><a href=\"https:\/\/edublog.educastur.es\/ixuxu\/2025\/06\/51711\/\">Tabla peri\u00f3dica de les emociones<\/a><span class=\"post-date\">26\/06\/2025<\/span><\/li>\n<li><a href=\"https:\/\/edublog.educastur.es\/ixuxu\/2025\/06\/obres-finalistes-del-ix-premiu-nel-amaro-de-teatru-profesional-nasturianu\/\">Obres finalistes del IX Premiu Nel Amaro de Teatru Profesional n\u2019asturianu<\/a><span class=\"post-date\">26\/06\/2025<\/span><\/li>\n<li><a href=\"https:\/\/edublog.educastur.es\/ixuxu\/2025\/06\/la-direccion-x-daxenda-2030-entama-yes-pegollu-pa-promover-la-xusticia-social-y-ligualda\/\">La Direcci\u00f3n X. d\u2019Axenda 2030 entama \u2018Yes Pegollu\u2019 pa promover la xusticia social y l\u2019iguald\u00e1<\/a><span class=\"post-date\">26\/06\/2025<\/span><\/li>\n<li><a href=\"https:\/\/edublog.educastur.es\/ixuxu\/2025\/06\/la-ospa-celebra-esti-vienres-la-riqueza-del-patrimoniu-de-la-humanida\/\">La OSPA celebra esti vienres la riqueza del \u2018Patrimoniu de la Humanid\u00e1\u2019<\/a><span class=\"post-date\">26\/06\/2025<\/span><\/li>\n<li><a href=\"https:\/\/edublog.educastur.es\/ixuxu\/2025\/06\/salu-curiar-esti-maraviyosu-cuerpu-quhabitamos\/\">Sal\u00fa: curiar esti maraviyosu cuerpu qu\u2019habitamos<\/a><span class=\"post-date\">26\/06\/2025<\/span><\/li>\n<li><a href=\"https:\/\/edublog.educastur.es\/ixuxu\/2025\/06\/les-primeres-asturianes-quemigraron-a-les-indies\/\">Les primeres asturianes qu\u2019emigraron a les Indies<\/a><span class=\"post-date\">26\/06\/2025<\/span><\/li>\n<li><a href=\"https:\/\/edublog.educastur.es\/ixuxu\/2025\/06\/51684\/\">Les muyeres tami\u00e9n cazaben grandes besties na Prehistoria<\/a><span class=\"post-date\">26\/06\/2025<\/span><\/li>\n<li><a href=\"https:\/\/edublog.educastur.es\/ixuxu\/2025\/06\/el-tiempu-el-comercio-78\/\">El tiempu (El Comercio)<\/a><span class=\"post-date\">26\/06\/2025<\/span><\/li>\n<li><a href=\"https:\/\/edublog.educastur.es\/ixuxu\/2025\/06\/les-noticies-del-miercoles-25-de-xunu-de-2025-nasturianu-tpanoticies\/\">Les noticies del mi\u00e9rcoles 25 de xunu de 2025 n\u2019asturianu #TPANoticies<\/a><span class=\"post-date\">25\/06\/2025<\/span><\/li>\n<li><a href=\"https:\/\/edublog.educastur.es\/ixuxu\/2025\/06\/51600\/\">(sin t\u00edtulo)<\/a><span class=\"post-date\">25\/06\/2025<\/span><\/li>\n<li><a href=\"https:\/\/edublog.educastur.es\/ixuxu\/2025\/06\/museu-etnograficu-de-grandas-de-salime\/\">Mus\u00e9u Etnogr\u00e1ficu de Grandas de Salime<\/a><span class=\"post-date\">25\/06\/2025<\/span><\/li>\n<li><a href=\"https:\/\/edublog.educastur.es\/ixuxu\/2025\/06\/51669\/\">(sin t\u00edtulo)<\/a><span class=\"post-date\">25\/06\/2025<\/span><\/li>\n<li><a href=\"https:\/\/edublog.educastur.es\/ixuxu\/2025\/06\/recordatorios\/\">Recordatorios\u2026<\/a><span class=\"post-date\">25\/06\/2025<\/span><\/li>\n<li><a href=\"https:\/\/edublog.educastur.es\/ixuxu\/2025\/06\/dia-de-la-xente-de-mar-2\/\">D\u00eda de la Xente de Mar<\/a><span class=\"post-date\">25\/06\/2025<\/span><\/li>\n<li><a href=\"https:\/\/edublog.educastur.es\/ixuxu\/2025\/06\/dia-de-la-xente-de-mar\/\">D\u00eda de la Xente de Mar<\/a><span class=\"post-date\">25\/06\/2025<\/span><\/li>\n<li><a href=\"https:\/\/edublog.educastur.es\/ixuxu\/2025\/06\/el-tiempu-el-comercio-77\/\">El tiempu (El Comercio)<\/a><span class=\"post-date\">25\/06\/2025<\/span><\/li>\n<li><a href=\"https:\/\/edublog.educastur.es\/ixuxu\/2025\/06\/51056\/\">(sin t\u00edtulo)<\/a><span class=\"post-date\">24\/06\/2025<\/span><\/li>\n<li><a href=\"https:\/\/edublog.educastur.es\/ixuxu\/2025\/06\/poema-de-lorena-larranaga-valencia\/\">Poema de Lorena Larra\u00f1aga<\/a><span class=\"post-date\">24\/06\/2025<\/span><\/li>\n<li><a href=\"https:\/\/edublog.educastur.es\/ixuxu\/2025\/06\/poesia-de-maria-sema-dola\/\">Poemariu de Mar\u00eda \u00abSema Dola\u00bb<\/a><span class=\"post-date\">24\/06\/2025<\/span><\/li>\n<li><a href=\"https:\/\/edublog.educastur.es\/ixuxu\/2025\/06\/les-noticies-del-martes-24-de-xunu-de-2025-nasturianu-tpanoticies\/\">Les noticies del martes 24 de xunu de 2025 n\u2019asturianu #TPANoticies<\/a><span class=\"post-date\">24\/06\/2025<\/span><\/li>\n<li><a href=\"https:\/\/edublog.educastur.es\/ixuxu\/2025\/06\/51589\/\">Nuevos docentes del IES La Corredoria<\/a><span class=\"post-date\">24\/06\/2025<\/span><\/li>\n<li><a href=\"https:\/\/edublog.educastur.es\/ixuxu\/2025\/06\/cartafueyos-de-belenos-i\/\">Cartafueyos de Belenos (I)<\/a><span class=\"post-date\">24\/06\/2025<\/span><\/li>\n<li><a href=\"https:\/\/edublog.educastur.es\/ixuxu\/2025\/06\/el-mozu-de-14-anos-queslluma-al-baillar-sobro-patinos\/\">El mozu de 14 a\u00f1os qu\u2019eslluma al baillar sobro patinos<\/a><span class=\"post-date\">24\/06\/2025<\/span><\/li>\n<li><a href=\"https:\/\/edublog.educastur.es\/ixuxu\/2025\/06\/uvieu-ta-de-moda-pa-vivir\/\">Uvi\u00e9u ta de moda pa vivir<\/a><span class=\"post-date\">24\/06\/2025<\/span><\/li>\n<li><a href=\"https:\/\/edublog.educastur.es\/ixuxu\/2025\/06\/51587\/\">(sin t\u00edtulo)<\/a><span class=\"post-date\">24\/06\/2025<\/span><\/li>\n<li><a href=\"https:\/\/edublog.educastur.es\/ixuxu\/2025\/06\/busques-unes-vacaciones-en-familia-que-combinen-naturaleza-hestoria-y-respetu-pola-redolada\/\">\u00bfBusques unes vacaciones en familia que combinen naturaleza, hestoria y respetu pola redolada?<\/a><span class=\"post-date\">24\/06\/2025<\/span><\/li>\n<li><a href=\"https:\/\/edublog.educastur.es\/ixuxu\/2025\/06\/dia-internacional-de-les-faes\/\">D\u00eda Internacional de les Faes<\/a><span class=\"post-date\">24\/06\/2025<\/span><\/li>\n<li><a href=\"https:\/\/edublog.educastur.es\/ixuxu\/2025\/06\/branu\/\">Branu<\/a><span class=\"post-date\">24\/06\/2025<\/span><\/li>\n<li><a href=\"https:\/\/edublog.educastur.es\/ixuxu\/2025\/06\/51594\/\">Asturies, en \u00abaltu riesgu\u00bb por fuertes xarazaes.<\/a><span class=\"post-date\">24\/06\/2025<\/span><\/li>\n<li><a href=\"https:\/\/edublog.educastur.es\/ixuxu\/2025\/06\/el-tiempu-el-comercio-76\/\">El tiempu (El Comercio)<\/a><span class=\"post-date\">24\/06\/2025<\/span><\/li>\n<li><a href=\"https:\/\/edublog.educastur.es\/ixuxu\/2025\/06\/nueche-de-san-xuan-3\/\">Nueche de San Xuan<\/a><span class=\"post-date\">23\/06\/2025<\/span><\/li>\n<li><a href=\"https:\/\/edublog.educastur.es\/ixuxu\/2025\/06\/senor-san-xuan-3\/\">Se\u00f1or San Xuan<\/a><span class=\"post-date\">23\/06\/2025<\/span><\/li>\n<li><a href=\"https:\/\/edublog.educastur.es\/ixuxu\/2025\/06\/segun-la-tradicion-la-nueche-de-san-xuan-nasturies-salen-les-xanes-a-baillar\/\">Seg\u00fan la tradici\u00f3n, la nueche de San Xuan n\u2019Asturies salen les xanes a baillar<\/a><span class=\"post-date\">23\/06\/2025<\/span><\/li>\n<li><a href=\"https:\/\/edublog.educastur.es\/ixuxu\/2025\/06\/foles-cantar-damor-inspirau-nunos-versos-de-lourdes-alvarez\/\">\u2018Foles\u2019, cantar d\u2019amor inspir\u00e1u nunos versos de Lourdes \u00c1lvarez<\/a><span class=\"post-date\">23\/06\/2025<\/span><\/li>\n<li><a href=\"https:\/\/edublog.educastur.es\/ixuxu\/2025\/06\/51520\/\">(sin t\u00edtulo)<\/a><span class=\"post-date\">23\/06\/2025<\/span><\/li>\n<li><a href=\"https:\/\/edublog.educastur.es\/ixuxu\/2025\/06\/les-noticies-del-llunes-23-de-xunu-de-2025-nasturianu-tpanoticies\/\">Les noticies del llunes 23 de xunu de 2025 n\u2019asturianu #TPANoticies<\/a><span class=\"post-date\">23\/06\/2025<\/span><\/li>\n<li><a href=\"https:\/\/edublog.educastur.es\/ixuxu\/2025\/06\/fogueres-de-san-xuan-nuna-montonera-de-pueblos-asturianos\/\">Fogueres de San Xuan nuna montonera de pueblos asturianos<\/a><span class=\"post-date\">23\/06\/2025<\/span><\/li>\n<li><a href=\"https:\/\/edublog.educastur.es\/ixuxu\/2025\/06\/lenrame-forma-parte-de-los-ritos-de-lagua\/\">L\u2019enrame forma parte de los ritos de l\u2019agua<\/a><span class=\"post-date\">23\/06\/2025<\/span><\/li>\n<li><a href=\"https:\/\/edublog.educastur.es\/ixuxu\/2025\/06\/51514\/\">(sin t\u00edtulo)<\/a><span class=\"post-date\">23\/06\/2025<\/span><\/li>\n<li><a href=\"https:\/\/edublog.educastur.es\/ixuxu\/2025\/06\/dicires-per-san-xuan-la-sardina-mueyal-pan\/\">Dicires n\u2019asturianu<\/a><span class=\"post-date\">23\/06\/2025<\/span><\/li>\n<li><a href=\"https:\/\/edublog.educastur.es\/ixuxu\/2025\/06\/tesis-sobro-la-musica-nel-conceyu-de-quiros\/\">Tesis sobro la m\u00fasica nel Conceyu de Quir\u00f3s \u00abViva\u2019l baille\u00bb<\/a><span class=\"post-date\">23\/06\/2025<\/span><\/li>\n<li><a href=\"https:\/\/edublog.educastur.es\/ixuxu\/2025\/06\/un-gaiteru-frustrau\/\">\u00abUn gaiteru frustr\u00e1u\u00bb<\/a><span class=\"post-date\">23\/06\/2025<\/span><\/li>\n<li><a href=\"https:\/\/edublog.educastur.es\/ixuxu\/2025\/06\/la-ciuda-nel-mar-publiquen-el-so-primer-cantar-foles-ermes\/\">La Ciud\u00e1 nel Mar publiquen el so primer cantar, \u2018Foles ermes\u2019<\/a><span class=\"post-date\">23\/06\/2025<\/span><\/li>\n<li><a href=\"https:\/\/edublog.educastur.es\/ixuxu\/2025\/06\/51487\/\">(sin t\u00edtulo)<\/a><span class=\"post-date\">23\/06\/2025<\/span><\/li>\n<li><a href=\"https:\/\/edublog.educastur.es\/ixuxu\/2025\/06\/iniciatives-prestoses-pa-protexer-a-los-animales\/\">Iniciatives prestoses pa protexer a los animales<\/a><span class=\"post-date\">23\/06\/2025<\/span><\/li>\n<li><a href=\"https:\/\/edublog.educastur.es\/ixuxu\/2025\/06\/lasignatura-que-fai-a-los-nenos-mas-intelixentes\/\">L\u2019asignatura que fai a los ne\u00f1os m\u00e1s intelixentes\u2026<\/a><span class=\"post-date\">23\/06\/2025<\/span><\/li>\n<li><a href=\"https:\/\/edublog.educastur.es\/ixuxu\/2025\/06\/calda\/\">\u201cCalda\u201d<\/a><span class=\"post-date\">23\/06\/2025<\/span><\/li>\n<li><a href=\"https:\/\/edublog.educastur.es\/ixuxu\/2025\/06\/les-dos-sableres-y-zones-costeres-con-bandera-negra-nasturies\/\">Les dos sableres y zones costeres con bandera negra\u2019 n\u2019Asturies<\/a><span class=\"post-date\">23\/06\/2025<\/span><\/li>\n<li><a href=\"https:\/\/edublog.educastur.es\/ixuxu\/2025\/06\/ruta-perguapa\/\">Ruta perguapa<\/a><span class=\"post-date\">23\/06\/2025<\/span><\/li>\n<li><a href=\"https:\/\/edublog.educastur.es\/ixuxu\/2025\/06\/axenda-del-23-al-29-de-xunu-dfind\/\">Axenda del 23 al 29 de xunu #DFIND<\/a><span class=\"post-date\">23\/06\/2025<\/span><\/li>\n<li><a href=\"https:\/\/edublog.educastur.es\/ixuxu\/2025\/06\/el-tiempu-el-comercio-74\/\">El tiempu (El Comercio)<\/a><span class=\"post-date\">23\/06\/2025<\/span><\/li>\n<li><a href=\"https:\/\/edublog.educastur.es\/ixuxu\/2025\/06\/estau-del-tiempu-llunes-23-xunu\/\">Est\u00e1u del tiempu: llunes 23 xunu<\/a><span class=\"post-date\">23\/06\/2025<\/span><\/li>\n<li><a href=\"https:\/\/edublog.educastur.es\/ixuxu\/2025\/06\/conxuncion-de-la-lluna-y-les-pleyades\/\">Conxunci\u00f3n de la Lluna y les Pl\u00e9yades<\/a><span class=\"post-date\">23\/06\/2025<\/span><\/li>\n<li><a href=\"https:\/\/edublog.educastur.es\/ixuxu\/2025\/06\/septimu-capitulu-de-sonadia\/\">S\u00e9ptimu cap\u00edtulu de Sonad\u00eda<\/a><span class=\"post-date\">22\/06\/2025<\/span><\/li>\n<li><a href=\"https:\/\/edublog.educastur.es\/ixuxu\/2025\/06\/el-real-uvieu-celebro-la-presentacion-de-la-so-camiseta-para-la-temporada-del-centenariu\/\">El Real Uvi\u00e9u celebr\u00f3 la presentaci\u00f3n de la so camiseta para la temporada del centenariu<\/a><span class=\"post-date\">22\/06\/2025<\/span><\/li>\n<li><a href=\"https:\/\/edublog.educastur.es\/ixuxu\/2025\/06\/el-solsticiu-de-branu-nel-monte_xardin-de-la-fonte-baxa-en-l-luarca\/\">El solsticiu de branu nel Monte_xard\u00edn de La Fonte Baxa, en L.luarca<\/a><span class=\"post-date\">22\/06\/2025<\/span><\/li>\n<li><a href=\"https:\/\/edublog.educastur.es\/ixuxu\/2025\/06\/les-noticies-del-domingu-22-de-xunu-de-2025-nasturianu-tpanoticies\/\">Les noticies del domingu 22 de xunu de 2025 n\u2019asturianu #TPANoticies<\/a><span class=\"post-date\">22\/06\/2025<\/span><\/li>\n<li><a href=\"https:\/\/edublog.educastur.es\/ixuxu\/2025\/06\/llenazu-nes-cais-duvieu-nhomenaxe-al-real-uvieu\/\">Llenazu nes cais d\u2019Uvi\u00e9u n\u2019homenaxe al Real Uvi\u00e9u<\/a><span class=\"post-date\">22\/06\/2025<\/span><\/li>\n<li><a href=\"https:\/\/edublog.educastur.es\/ixuxu\/2025\/06\/coto-bellu-va-ser-escenariu-nagostu-dun-taller-dobservacion-solar-y-destrelles-fugaces\/\">Coto Bellu va ser escenariu n\u2019agostu d\u2019un taller d\u2019observaci\u00f3n solar y d\u2019estrelles fugaces<\/a><span class=\"post-date\">22\/06\/2025<\/span><\/li>\n<li><a href=\"https:\/\/edublog.educastur.es\/ixuxu\/2025\/06\/ritmu\/\">Ritmu<\/a><span class=\"post-date\">22\/06\/2025<\/span><\/li>\n<li><a href=\"https:\/\/edublog.educastur.es\/ixuxu\/2025\/06\/branu-o-verano\/\">Branu o verano<\/a><span class=\"post-date\">22\/06\/2025<\/span><\/li>\n<li><a href=\"https:\/\/edublog.educastur.es\/ixuxu\/2025\/06\/los-montes-tropicales-son-vida\/\">\u00a0Los montes tropicales son vida.<\/a><span class=\"post-date\">22\/06\/2025<\/span><\/li>\n<li><a href=\"https:\/\/edublog.educastur.es\/ixuxu\/2025\/06\/dia-internacional-de-los-bosques-tropicales\/\">D\u00eda Internacional de los Bosques Tropicales<\/a><span class=\"post-date\">22\/06\/2025<\/span><\/li>\n<li><a href=\"https:\/\/edublog.educastur.es\/ixuxu\/2025\/06\/norabona-al-real-uvieu-equipu-de-primera-division\/\">Norabona al Real Uvi\u00e9u, equipu de Primera Divisi\u00f3n<\/a><span class=\"post-date\">21\/06\/2025<\/span><\/li>\n<li><a href=\"https:\/\/edublog.educastur.es\/ixuxu\/2025\/06\/partido-con-billete-dascensu-a-primera-division\/\">Partido con billete d\u2019ascensu a Primera Divisi\u00f3n<\/a><span class=\"post-date\">21\/06\/2025<\/span><\/li>\n<li><a href=\"https:\/\/edublog.educastur.es\/ixuxu\/2025\/06\/la-puerta-de-los-xigantes-afayal-secretu-meyor-guardau-de-valdedios\/\">La \u00abPuerta de los Xigantes\u00bb afaya\u2019l secretu meyor guard\u00e1u de Valdedi\u00f3s<\/a><span class=\"post-date\">21\/06\/2025<\/span><\/li>\n<li><a href=\"https:\/\/edublog.educastur.es\/ixuxu\/2025\/06\/dicires-la-trampa-rescampla\/\">Dicires: \u00abLa trampa rescampla\u00bb<\/a><span class=\"post-date\">21\/06\/2025<\/span><\/li>\n<li><a href=\"https:\/\/edublog.educastur.es\/ixuxu\/2025\/06\/enramau-de-la-fonte-de-llaranes\/\">Enram\u00e1u de la fonte de Llaranes<\/a><span class=\"post-date\">21\/06\/2025<\/span><\/li>\n<li><a href=\"https:\/\/edublog.educastur.es\/ixuxu\/2025\/06\/reflexon-4\/\">Reflex\u00f3n\u2026<\/a><span class=\"post-date\">21\/06\/2025<\/span><\/li>\n<li><a href=\"https:\/\/edublog.educastur.es\/ixuxu\/2025\/06\/microrrelatu-cuando-se-callo-la-mar\/\">Microrrelatu: \u00abCuando se call\u00f3 la mar\u00bb<\/a><span class=\"post-date\">21\/06\/2025<\/span><\/li>\n<li><a href=\"https:\/\/edublog.educastur.es\/ixuxu\/2025\/06\/himnu-del-real-uvieu\/\">Himnu del Real Uvi\u00e9u<\/a><span class=\"post-date\">21\/06\/2025<\/span><\/li>\n<li><a href=\"https:\/\/edublog.educastur.es\/ixuxu\/2025\/06\/sabadu-azul-y-blancu-nuvieu\/\">S\u00e1badu azul y blancu n\u2019Uvi\u00e9u: vamos volver a 1\u00aa<\/a><span class=\"post-date\">21\/06\/2025<\/span><\/li>\n<li><a href=\"https:\/\/edublog.educastur.es\/ixuxu\/2025\/06\/dia-internacional-del-sol-3\/\">D\u00eda Internacional del Sol<\/a><span class=\"post-date\">21\/06\/2025<\/span><\/li>\n<li><a href=\"https:\/\/edublog.educastur.es\/ixuxu\/2025\/06\/dia-de-la-educacion-non-sexista\/\">D\u00eda de la Educaci\u00f3n Non Sexista<\/a><span class=\"post-date\">21\/06\/2025<\/span><\/li>\n<li><a href=\"https:\/\/edublog.educastur.es\/ixuxu\/2025\/06\/guei-entamal-branu\/\">G\u00fcei entama\u2019l branu nel Hemisferiu Norte<\/a><span class=\"post-date\">21\/06\/2025<\/span><\/li>\n<li><a href=\"https:\/\/edublog.educastur.es\/ixuxu\/2025\/06\/el-tiempu-el-comercio-73\/\">El tiempu (El Comercio)<\/a><span class=\"post-date\">21\/06\/2025<\/span><\/li>\n<li><a href=\"https:\/\/edublog.educastur.es\/ixuxu\/2025\/06\/el-tiempu-el-comercio-75\/\">El tiempu (El Comercio)<\/a><span class=\"post-date\">21\/06\/2025<\/span><\/li>\n<li><a href=\"https:\/\/edublog.educastur.es\/ixuxu\/2025\/06\/nueche-de-san-xuan-2\/\">Nueche de San Xuan<\/a><span class=\"post-date\">20\/06\/2025<\/span><\/li>\n<li><a href=\"https:\/\/edublog.educastur.es\/ixuxu\/2025\/06\/llunes-23-de-xunu-en-nava\/\">Llunes 23 de xunu, en Nava<\/a><span class=\"post-date\">20\/06\/2025<\/span><\/li>\n<li><a href=\"https:\/\/edublog.educastur.es\/ixuxu\/2025\/06\/san-xuan-celebrase-a-lo-grande-nasturies\/\">San Xuan cel\u00e9brase a lo grande n\u2019Asturies<\/a><span class=\"post-date\">20\/06\/2025<\/span><\/li>\n<li><a href=\"https:\/\/edublog.educastur.es\/ixuxu\/2025\/06\/la-ospa-celebra-la-nueche-de-san-xuan-con-un-conciertu-estraordinariu-dedicau-a-john-williams\/\">La OSPA celebra la nueche de San Xuan con un conciertu dedic\u00e1u a John Williams<\/a><span class=\"post-date\">20\/06\/2025<\/span><\/li>\n<li><a href=\"https:\/\/edublog.educastur.es\/ixuxu\/2025\/06\/51326\/\">\u201cVelea\u201d, de Vero Rubio, al piano<\/a><span class=\"post-date\">20\/06\/2025<\/span><\/li>\n<li><a href=\"https:\/\/edublog.educastur.es\/ixuxu\/2025\/06\/hector-braga-ferla-megia-herbamora-y-libre-finalistes-del-xvii-premiu-camareta-al-meyor-cantar\/\">\u00a1Y\u00e1 hai finalistes del Premiu Camaret\u00e1 al Meyor Cantar 2025!<\/a><span class=\"post-date\">20\/06\/2025<\/span><\/li>\n<li><a href=\"https:\/\/edublog.educastur.es\/ixuxu\/2025\/06\/familia-de-patos\/\">Familia de patos<\/a><span class=\"post-date\">20\/06\/2025<\/span><\/li>\n<li><a href=\"https:\/\/edublog.educastur.es\/ixuxu\/2025\/06\/corazon-verde-primer-santuariu-danimales-de-granxa-nasturies-en-pilona\/\">Coraz\u00f3n Verde, primer santuariu d\u2019animales de granxa n\u2019Asturies, en Pilo\u00f1a.<\/a><span class=\"post-date\">20\/06\/2025<\/span><\/li>\n<li><a href=\"https:\/\/edublog.educastur.es\/ixuxu\/2025\/06\/la-fabrica-darmes-de-trubia-ye-lactivu-mas-llonxevu-de-la-industria-asturiano\/\">la F\u00e1brica d\u2019Armes de Trubia ye l\u2019activu m\u00e1s llonxevu de la industria asturiano<\/a><span class=\"post-date\">20\/06\/2025<\/span><\/li>\n<li><a href=\"https:\/\/edublog.educastur.es\/ixuxu\/2025\/06\/25-aniversariu-del-colexu-de-la-fresneda-siero\/\">El colexu La Fresneda (Siero) sotierra los sos deseos de futuru n\u2019una c\u00e1psula del tiempu<\/a><span class=\"post-date\">20\/06\/2025<\/span><\/li>\n<li><a href=\"https:\/\/edublog.educastur.es\/ixuxu\/2025\/06\/un-britanicu-pon-nota-a-la-bandera-dasturies\/\">Un brit\u00e1nicu pon nota a la bandera d\u2019Asturies<\/a><span class=\"post-date\">20\/06\/2025<\/span><\/li>\n<li><a href=\"https:\/\/edublog.educastur.es\/ixuxu\/2025\/06\/asturies-recibe-la-grenn-sport-flag-pol-so-compromisu-cola-practica-deportiva-sostenible\/\">Asturies recibe la \u00abGrenn Sport Flag\u00bb pol so compromisu cola pr\u00e1ctica deportiva sostenible.<\/a><span class=\"post-date\">20\/06\/2025<\/span><\/li>\n<li><a href=\"https:\/\/edublog.educastur.es\/ixuxu\/2025\/06\/51307\/\">(sin t\u00edtulo)<\/a><span class=\"post-date\">20\/06\/2025<\/span><\/li>\n<li><a href=\"https:\/\/edublog.educastur.es\/ixuxu\/2025\/06\/crowdfunding-del-asturpoli-segundu-xuegu-de-mesa-nasturianu\/\">Crowdfunding del Asturpoli, segundu xuegu de mesa n\u2019asturianu<\/a><span class=\"post-date\">20\/06\/2025<\/span><\/li>\n<li><a href=\"https:\/\/edublog.educastur.es\/ixuxu\/2025\/06\/eventos-musicales-nestos-prosimos-dies-nasturies\/\">Eventos musicales nestos pr\u00f3simos d\u00edes n\u2019Asturies<\/a><span class=\"post-date\">20\/06\/2025<\/span><\/li>\n<li><a href=\"https:\/\/edublog.educastur.es\/ixuxu\/2025\/06\/esti-sabadu-castropol-vistise-de-flores\/\">Esti s\u00e1badu Castropol v\u00edstise de flores<\/a><span class=\"post-date\">20\/06\/2025<\/span><\/li>\n<li><a href=\"https:\/\/edublog.educastur.es\/ixuxu\/2025\/06\/educacion-remata-les-pruebes-de-certificacion-de-cuatro-idiomes\/\">Educaci\u00f3n remata les pruebes de certificaci\u00f3n de cuatro idiomes<\/a><span class=\"post-date\">20\/06\/2025<\/span><\/li>\n<li><a href=\"https:\/\/edublog.educastur.es\/ixuxu\/2025\/06\/hai-que-facer-deporte-y-dedicar-menos-tiempu-a-les-pantalles\/\">Hai que facer deporte y dedicar menos tiempu a les pantalles\u2026<\/a><span class=\"post-date\">20\/06\/2025<\/span><\/li>\n<li><a href=\"https:\/\/edublog.educastur.es\/ixuxu\/2025\/06\/museu-de-la-cuchilleria-en-taramundi\/\">Mus\u00e9u de la cuchiller\u00eda de Taramundi<\/a><span class=\"post-date\">20\/06\/2025<\/span><\/li>\n<li><a href=\"https:\/\/edublog.educastur.es\/ixuxu\/2025\/06\/museu-de-los-molinos-de-mazonovo-en-taramundi\/\">Mus\u00e9u de los Molinos de Mazonovo, en Taramundi<\/a><span class=\"post-date\">20\/06\/2025<\/span><\/li>\n<li><a href=\"https:\/\/edublog.educastur.es\/ixuxu\/2025\/06\/sofitos-y-cantares-pal-real-uvieu-aupa\/\">Sofitos y cantares pal Real Uvi\u00e9u \u00a1A\u00fapa!<\/a><span class=\"post-date\">20\/06\/2025<\/span><\/li>\n<li><a href=\"https:\/\/edublog.educastur.es\/ixuxu\/2025\/06\/el-mapa-de-les-marines-despana\/\">El mapa de les mari\u00f1es d\u2019Espa\u00f1a.<\/a><span class=\"post-date\">20\/06\/2025<\/span><\/li>\n<li><a href=\"https:\/\/edublog.educastur.es\/ixuxu\/2025\/06\/el-mapa-despana-col-pueblu-mas-guapu-de-cada-provincia-en-2025\/\">El mapa d\u2019Espa\u00f1a col pueblu m\u00e1s guapu de cada provincia en 2025<\/a><span class=\"post-date\">20\/06\/2025<\/span><\/li>\n<li><a href=\"https:\/\/edublog.educastur.es\/ixuxu\/2025\/06\/fiestes-de-barriu-fiestes-de-prau-fiestes-de-branu\/\">Fiestes de barriu, fiestes de prau, fiestes de branu\u2026<\/a><span class=\"post-date\">20\/06\/2025<\/span><\/li>\n<li><a href=\"https:\/\/edublog.educastur.es\/ixuxu\/2025\/06\/lo-meyor-del-monte-asturianu\/\">Lo meyor del monte asturianu\u2026<\/a><span class=\"post-date\">20\/06\/2025<\/span><\/li>\n<li><a href=\"https:\/\/edublog.educastur.es\/ixuxu\/2025\/06\/llistaos-definitivos-de-lapertura-de-centros-escolares-pel-branu-nuvieu\/\">Apertura de centros escolares pel branu n\u2019Uvi\u00e9u<\/a><span class=\"post-date\">20\/06\/2025<\/span><\/li>\n<li><a href=\"https:\/\/edublog.educastur.es\/ixuxu\/2025\/06\/rematamos-el-cursu-con-musica-de-melendi\/\">Rematamos el cursu con m\u00fasica de Melendi \u00abAsturias\u00bb<\/a><span class=\"post-date\">20\/06\/2025<\/span><\/li>\n<li><a href=\"https:\/\/edublog.educastur.es\/ixuxu\/2025\/06\/estau-del-tiempu-vienres-20-xunu\/\">Est\u00e1u del tiempu: vienres 20 xunu<\/a><span class=\"post-date\">20\/06\/2025<\/span><\/li>\n<li><a href=\"https:\/\/edublog.educastur.es\/ixuxu\/2025\/06\/el-tiempu-el-comercio-72\/\">El tiempu (EL Comercio)<\/a><span class=\"post-date\">20\/06\/2025<\/span><\/li>\n<li><a href=\"https:\/\/edublog.educastur.es\/ixuxu\/2025\/06\/51283\/\">Aviso por nubes y ag\u00fces n\u2019Asturies<\/a><span class=\"post-date\">20\/06\/2025<\/span><\/li>\n<li><a href=\"https:\/\/edublog.educastur.es\/ixuxu\/2025\/06\/les-noticies-del-xueves-19-de-xunu-de-2025-nasturianu-tpanoticies\/\">Les noticies del xueves 19 de xunu de 2025 n\u2019asturianu #TPANoticies<\/a><span class=\"post-date\">19\/06\/2025<\/span><\/li>\n<li><a href=\"https:\/\/edublog.educastur.es\/ixuxu\/2025\/06\/4elements-el-primer-espectaculu-de-drones-que-se-lleve-a-cabu-nel-conceyu-de-castrillon\/\">\u20184Elements\u2019, el primer espect\u00e1culu de drones que se lleve a cabu nel conceyu de Castrill\u00f3n<\/a><span class=\"post-date\">19\/06\/2025<\/span><\/li>\n<li><a href=\"https:\/\/edublog.educastur.es\/ixuxu\/2025\/06\/nasturianu-ta-de-cine\/\">N\u2019asturianu ta de cine<\/a><span class=\"post-date\">19\/06\/2025<\/span><\/li>\n<li><a href=\"https:\/\/edublog.educastur.es\/ixuxu\/2025\/06\/na-sablera-de-san-lorienzo-en-xixon\/\">Na sablera de San Lorienzo, en Xix\u00f3n<\/a><span class=\"post-date\">19\/06\/2025<\/span><\/li>\n<li><a href=\"https:\/\/edublog.educastur.es\/ixuxu\/2025\/06\/vuelve-milcoviedo-feria-de-quesos-de-lleche-crudo\/\">\u00a1Vuelve @milcoviedo! Feria de quesos de lleche crudo<\/a><span class=\"post-date\">19\/06\/2025<\/span><\/li>\n<li><a href=\"https:\/\/edublog.educastur.es\/ixuxu\/2025\/06\/el-primer-pelegrin-lorixe-del-branu-del-11-13-xunetu\/\">El primer Pelegr\u00edn, l\u2019orixe del branu, del 11-13 xunetu<\/a><span class=\"post-date\">19\/06\/2025<\/span><\/li>\n<li><a href=\"https:\/\/edublog.educastur.es\/ixuxu\/2025\/06\/el-centru-niemeyer-acueye-una-esposicion-unica-de-la-fotografa-catalana-colita\/\">El Centru Niemeyer acueye una esposici\u00f3n \u00fanica de la fot\u00f3grafa catalana Colita<\/a><span class=\"post-date\">19\/06\/2025<\/span><\/li>\n<li><a href=\"https:\/\/edublog.educastur.es\/ixuxu\/2025\/06\/hector-braga-asoleyo-rabil-el-so-octavu-trabayu-en-solitario\/\">\u00abTres besos\u00bb del \u00e1lbum \u00abRabil\u00bb d\u2019H\u00e9ctor Braga<\/a><span class=\"post-date\">19\/06\/2025<\/span><\/li>\n<li><a href=\"https:\/\/edublog.educastur.es\/ixuxu\/2025\/06\/certificacion-de-llingua-asturiana-a2-b2-c1-2025\/\">Certificaci\u00f3n de Llingua: A2-B2-C1<\/a><span class=\"post-date\">19\/06\/2025<\/span><\/li>\n<li><a href=\"https:\/\/edublog.educastur.es\/ixuxu\/2025\/06\/mediu-rural-llibera-en-villaviciosa-dos-autillos-europeos-rescataos-y-atendios-nel-centru-de-recuperacion-de-la-fauna\/\">Mediu Rural llibera en Villaviciosa dos autillos europeos rescataos en Carre\u00f1o y Siero<\/a><span class=\"post-date\">19\/06\/2025<\/span><\/li>\n<li><a href=\"https:\/\/edublog.educastur.es\/ixuxu\/2025\/06\/poesia-2\/\">Poes\u00eda<\/a><span class=\"post-date\">19\/06\/2025<\/span><\/li>\n<li><a href=\"https:\/\/edublog.educastur.es\/ixuxu\/2025\/06\/presentaciones-trabe-na-feria-del-libro-de-xixon\/\">Presentaciones Trabe na Feria del Libro de Xix\u00f3n<\/a><span class=\"post-date\">19\/06\/2025<\/span><\/li>\n<li><a href=\"https:\/\/edublog.educastur.es\/ixuxu\/2025\/06\/asturies-vivio-ayeri-un-inesperau-adelantu-del-branu\/\">Asturies vivi\u00f3 ayeri un inesper\u00e1u adelantu del branu<\/a><span class=\"post-date\">19\/06\/2025<\/span><\/li>\n<li><a href=\"https:\/\/edublog.educastur.es\/ixuxu\/2025\/06\/el-tiempu-el-comercio-71\/\">El tiempu (El Comercio)<\/a><span class=\"post-date\">19\/06\/2025<\/span><\/li>\n<li><a href=\"https:\/\/edublog.educastur.es\/ixuxu\/2025\/06\/estau-del-tiempu-xueves-19-xunu\/\">Est\u00e1u del tiempu: xueves 19 xunu<\/a><span class=\"post-date\">19\/06\/2025<\/span><\/li>\n<li><a href=\"https:\/\/edublog.educastur.es\/ixuxu\/2025\/06\/noveda-asturies-na-historia\/\">Noved\u00e1: \u00abAsturies na Historia\u00bb<\/a><span class=\"post-date\">19\/06\/2025<\/span><\/li>\n<li><a href=\"https:\/\/edublog.educastur.es\/ixuxu\/2025\/06\/deduccion-sabia\/\">\u00abDeducci\u00f3n sabia\u00bb<\/a><span class=\"post-date\">19\/06\/2025<\/span><\/li>\n<li><a href=\"https:\/\/edublog.educastur.es\/ixuxu\/2025\/06\/mas-de-9-comunidaes-autonomes-van-poder-algamar-los-40-graos-guei\/\">M\u00e1s de 9 comunidaes aut\u00f3nomes algamaren los 40 graos g\u00fcei<\/a><span class=\"post-date\">18\/06\/2025<\/span><\/li>\n<li><a href=\"https:\/\/edublog.educastur.es\/ixuxu\/2025\/06\/les-noticies-del-miercoles-18-de-xunu-de-2025-nasturianu-tpanoticies\/\">Les noticies del mi\u00e9rcoles 18 de xunu de 2025 n\u2019asturianu #TPANoticies<\/a><span class=\"post-date\">18\/06\/2025<\/span><\/li>\n<li><a href=\"https:\/\/edublog.educastur.es\/ixuxu\/2025\/06\/51122\/\">(sin t\u00edtulo)<\/a><span class=\"post-date\">18\/06\/2025<\/span><\/li>\n<li><a href=\"https:\/\/edublog.educastur.es\/ixuxu\/2025\/06\/cartografia-dixital\/\">Cartograf\u00eda dixital en Google Earth<\/a><span class=\"post-date\">18\/06\/2025<\/span><\/li>\n<li><a href=\"https:\/\/edublog.educastur.es\/ixuxu\/2025\/06\/un-visor-cartograficu-nuevu-pa-conocer-al-detallel-nuestru-patrimoniu-cultural\/\">Un visor cartogr\u00e1ficu nuevu pa conocer al detalle\u2019l nuestru patrimoniu cultural.<\/a><span class=\"post-date\">18\/06\/2025<\/span><\/li>\n<li><a href=\"https:\/\/edublog.educastur.es\/ixuxu\/2025\/06\/inauguracion-del-nuevu-karting-indoor-del-museu-fernando-alonso-en-llanera\/\">Inauguraci\u00f3n del nuevu karting indoor del Mus\u00e9u Fernando Alonso, en Llanera.<\/a><span class=\"post-date\">18\/06\/2025<\/span><\/li>\n<li><a href=\"https:\/\/edublog.educastur.es\/ixuxu\/2025\/06\/sablera-de-cueves-de-mar-llanes\/\">Sablera de Cueves de Mar (Llanes)<\/a><span class=\"post-date\">18\/06\/2025<\/span><\/li>\n<li><a href=\"https:\/\/edublog.educastur.es\/ixuxu\/2025\/06\/sofitos-pa-la-escuela-de-musica-de-tineu\/\">Sofitos pa la Escuela de M\u00fasica de Tin\u00e9u<\/a><span class=\"post-date\">18\/06\/2025<\/span><\/li>\n<li><a href=\"https:\/\/edublog.educastur.es\/ixuxu\/2025\/06\/el-panuelin-de-marisa-valle-roso-disponible-en-toles-plataformes-dixitales\/\">\u00abEl pa\u00f1uel\u00edn\u00bb, de Marisa Valle Roso, disponible en toles plataformes dixitales.<\/a><span class=\"post-date\">18\/06\/2025<\/span><\/li>\n<li><a href=\"https:\/\/edublog.educastur.es\/ixuxu\/2025\/06\/el-premiu-princesa-de-cooperacion-galardona-a-mario-draghi\/\">El Premiu Princesa de Cooperaci\u00f3n galardona a Mario Draghi<\/a><span class=\"post-date\">18\/06\/2025<\/span><\/li>\n<li><a href=\"https:\/\/edublog.educastur.es\/ixuxu\/2025\/06\/51603\/\">(sin t\u00edtulo)<\/a><span class=\"post-date\">18\/06\/2025<\/span><\/li>\n<li><a href=\"https:\/\/edublog.educastur.es\/ixuxu\/2025\/06\/fiesta-de-la-musica-21-de-xunu-en-xixon\/\">Fiesta de la M\u00fasica, 21 de xunu, en Xix\u00f3n<\/a><span class=\"post-date\">18\/06\/2025<\/span><\/li>\n<li><a href=\"https:\/\/edublog.educastur.es\/ixuxu\/2025\/06\/arrincal-branu-nel-botanicu-de-xixon-21-y-22-de-xunu\/\">Arrinca\u2019l Branu nel Bot\u00e1nicu de Xix\u00f3n: 21 y 22 de xunu.<\/a><span class=\"post-date\">18\/06\/2025<\/span><\/li>\n<li><a href=\"https:\/\/edublog.educastur.es\/ixuxu\/2025\/06\/dame-la-risa-vinetes-nasturianu-defren-dandres\/\">\u00abDame la risa\u00bb, vi\u00f1etes n\u2019asturianu d\u2019Efr\u00e9n d\u2019Andr\u00e9s<\/a><span class=\"post-date\">18\/06\/2025<\/span><\/li>\n<li><a href=\"https:\/\/edublog.educastur.es\/ixuxu\/2025\/06\/frailecillos\/\">Frailecillos t\u00edpicos d\u2019isles del norte Atl\u00e1nticu<\/a><span class=\"post-date\">18\/06\/2025<\/span><\/li>\n<li><a href=\"https:\/\/edublog.educastur.es\/ixuxu\/2025\/06\/cuatro-pueblos-maxicos-dasturies-quhai-que-visitar-si-o-si\/\">Cuatro pueblos m\u00e1xicos d\u2019Asturies qu\u2019hai que visitar s\u00ed o s\u00ed.<\/a><span class=\"post-date\">18\/06\/2025<\/span><\/li>\n<li><a href=\"https:\/\/edublog.educastur.es\/ixuxu\/2025\/06\/i-congresu-i-vulnerom-vulnerabilidaes-sociollinguistiques-nel-espaciu-romance\/\">\u00abI Congresu I. VulneRom: vulnerabilidaes sociolling\u00fc\u00edstiques nel espaciu romance\u00bb<\/a><span class=\"post-date\">18\/06\/2025<\/span><\/li>\n<li><a href=\"https:\/\/edublog.educastur.es\/ixuxu\/2025\/06\/resena-del-numberu-41-de-lliteratura\/\">Rese\u00f1a del n\u00famberu 41 de Lliteratura<\/a><span class=\"post-date\">18\/06\/2025<\/span><\/li>\n<li><a href=\"https:\/\/edublog.educastur.es\/ixuxu\/2025\/06\/los-exconxuraos-reviven-en-llanera\/\">Los Exconxuraos reviven\u00a0en Llanera<\/a><span class=\"post-date\">18\/06\/2025<\/span><\/li>\n<li><a href=\"https:\/\/edublog.educastur.es\/ixuxu\/2025\/06\/51050\/\">(sin t\u00edtulo)<\/a><span class=\"post-date\">18\/06\/2025<\/span><\/li>\n<li><a href=\"https:\/\/edublog.educastur.es\/ixuxu\/2025\/06\/kuma-cherries-cereces-asturianes\/\">Kuma Cherries: Cereces asturianes<\/a><span class=\"post-date\">18\/06\/2025<\/span><\/li>\n<li><a href=\"https:\/\/edublog.educastur.es\/ixuxu\/2025\/06\/tiempu-de-la-yerba\/\">Tiempu de la yerba<\/a><span class=\"post-date\">18\/06\/2025<\/span><\/li>\n<li><a href=\"https:\/\/edublog.educastur.es\/ixuxu\/2025\/06\/poch-artista-asturianu-del-grafitti\/\">Poch, artista asturianu del grafitti<\/a><span class=\"post-date\">18\/06\/2025<\/span><\/li>\n<li><a href=\"https:\/\/edublog.educastur.es\/ixuxu\/2025\/06\/festival-pita-festa-en-bual-27-y-28-xunu\/\">Festival Pita Festa en Bual, 27 y 28 xunu<\/a><span class=\"post-date\">18\/06\/2025<\/span><\/li>\n<li><a href=\"https:\/\/edublog.educastur.es\/ixuxu\/2025\/06\/el-90-de-lagua-de-los-rios-asturianos-contien-microplasticos\/\">El 90 % de l\u2019agua de los r\u00edos asturianos contien micropl\u00e1sticos<\/a><span class=\"post-date\">18\/06\/2025<\/span><\/li>\n<li><a href=\"https:\/\/edublog.educastur.es\/ixuxu\/2025\/06\/dia-mundial-del-arguyu-autista\/\">(sin t\u00edtulo)<\/a><span class=\"post-date\">18\/06\/2025<\/span><\/li>\n<li><a href=\"https:\/\/edublog.educastur.es\/ixuxu\/2025\/06\/dia-de-la-gastronomia-sostenible-2\/\">D\u00eda de la Gastronom\u00eda Sostenible<\/a><span class=\"post-date\">18\/06\/2025<\/span><\/li>\n<li><a href=\"https:\/\/edublog.educastur.es\/ixuxu\/2025\/06\/51032\/\">D\u00eda Mundial del Arguyu Autista<\/a><span class=\"post-date\">18\/06\/2025<\/span><\/li>\n<li><a href=\"https:\/\/edublog.educastur.es\/ixuxu\/2025\/06\/miercoles-con-nubes-baxes-a-lamanecida-que-van-dar-pasu-a-cielos-estenos\/\">Mi\u00e9rcoles con nubes baxes a l\u2019amanecida que van dar pasu a cielos estenos.<\/a><span class=\"post-date\">18\/06\/2025<\/span><\/li>\n<li><a href=\"https:\/\/edublog.educastur.es\/ixuxu\/2025\/06\/el-tiempu-el-comercio-70\/\">El tiempu (El Comercio)<\/a><span class=\"post-date\">18\/06\/2025<\/span><\/li>\n<li><a href=\"https:\/\/edublog.educastur.es\/ixuxu\/2025\/06\/el-bioparc-acuariu-de-xixon-un-llugar-fantasticu\/\">El BIOPARC Acuariu de Xix\u00f3n, un llugar fant\u00e1sticu<\/a><span class=\"post-date\">18\/06\/2025<\/span><\/li>\n<li><a href=\"https:\/\/edublog.educastur.es\/ixuxu\/2025\/06\/snoopy-llego-a-xixon\/\">Snoopy lleg\u00f3 a Xix\u00f3n<\/a><span class=\"post-date\">18\/06\/2025<\/span><\/li>\n<li><a href=\"https:\/\/edublog.educastur.es\/ixuxu\/2025\/06\/les-noticies-del-martes-17-de-xunu-de-2025-nasturianu-tpanoticies\/\">Les noticies del martes 17 de xunu de 2025 n\u2019asturianu #TPANoticies<\/a><span class=\"post-date\">17\/06\/2025<\/span><\/li>\n<li><a href=\"https:\/\/edublog.educastur.es\/ixuxu\/2025\/06\/premios-miraes-violetes-del-movimientu-asturianu-pola-paz-maspaz\/\">Premios \u00abMiraes Violetes\u00bb del Movimientu Asturianu pola Paz, MasPaz.<\/a><span class=\"post-date\">17\/06\/2025<\/span><\/li>\n<li><a href=\"https:\/\/edublog.educastur.es\/ixuxu\/2025\/06\/el-camin-con-rodrigo-cuevas\/\">El cam\u00edn, con Rodrigo Cuevas<\/a><span class=\"post-date\">17\/06\/2025<\/span><\/li>\n<li><a href=\"https:\/\/edublog.educastur.es\/ixuxu\/2025\/06\/50583\/\">Javi Villa y TUIO \u2013 Gymkhana Hispana Volumen 1: Uvi\u00e9u<\/a><span class=\"post-date\">17\/06\/2025<\/span><\/li>\n<li><a href=\"https:\/\/edublog.educastur.es\/ixuxu\/2025\/06\/50940\/\">(sin t\u00edtulo)<\/a><span class=\"post-date\">17\/06\/2025<\/span><\/li>\n<li><a href=\"https:\/\/edublog.educastur.es\/ixuxu\/2025\/06\/el-gobiernu-dasturies-impulsa-la-zona-diversa-festival\/\">El Gobiernu d\u2019Asturies impulsa la \u00abZona Diversa Festival\u00bb<\/a><span class=\"post-date\">17\/06\/2025<\/span><\/li>\n<li><a href=\"https:\/\/edublog.educastur.es\/ixuxu\/2025\/06\/el-principau-convoca-la-primer-escuela-de-formadores-en-coeducacion\/\">El Princip\u00e1u convoca la primer Escuela de Formadores en Coeducaci\u00f3n<\/a><span class=\"post-date\">17\/06\/2025<\/span><\/li>\n<li><a href=\"https:\/\/edublog.educastur.es\/ixuxu\/2025\/06\/cada-anu-sumen-desapaecen-mas-de-100-millones-dhectarees-de-tierra-sana\/\">Cada a\u00f1u sumen\/desapaecen m\u00e1s de 100 millones d\u2019hect\u00e1rees de tierra sana<\/a><span class=\"post-date\">17\/06\/2025<\/span><\/li>\n<li><a href=\"https:\/\/edublog.educastur.es\/ixuxu\/2025\/06\/el-tiempu-el-comercio-69\/\">El tiempu (El Comercio)<\/a><span class=\"post-date\">17\/06\/2025<\/span><\/li>\n<li><a href=\"https:\/\/edublog.educastur.es\/ixuxu\/2025\/06\/estau-del-tiempu-martes-17-xunu\/\">Est\u00e1u del tiempu: martes 17 xunu<\/a><span class=\"post-date\">17\/06\/2025<\/span><\/li>\n<li><a href=\"https:\/\/edublog.educastur.es\/ixuxu\/2025\/06\/obra-ganadora-del-iv-premiu-de-novela-curtia-andres-solar-santurio\/\">Obra ganadora del IV Premiu de Novela Curtia \u2018Andr\u00e9s Solar Santurio\u2019.<\/a><span class=\"post-date\">16\/06\/2025<\/span><\/li>\n<li><a href=\"https:\/\/edublog.educastur.es\/ixuxu\/2025\/06\/50958\/\">(sin t\u00edtulo)<\/a><span class=\"post-date\">16\/06\/2025<\/span><\/li>\n<li><a href=\"https:\/\/edublog.educastur.es\/ixuxu\/2025\/06\/viaxamos-al-pueblu-del-allende-en-llanes\/\">Viaxamos al pueblu del Allende, en Llanes<\/a><span class=\"post-date\">16\/06\/2025<\/span><\/li>\n<li><a href=\"https:\/\/edublog.educastur.es\/ixuxu\/2025\/06\/les-noticies-del-llunes-16-de-xunu-de-2025-nasturianu-tpanoticies\/\">Les noticies del llunes 16 de xunu de 2025 n\u2019asturianu #TPANoticies<\/a><span class=\"post-date\">16\/06\/2025<\/span><\/li>\n<li><a href=\"https:\/\/edublog.educastur.es\/ixuxu\/2025\/06\/la-temporada-de-pesca-del-salmon-nasturies-cai-en-picau\/\">La temporada de pesca del salm\u00f3n n\u2019Asturies cai en pic\u00e1u<\/a><span class=\"post-date\">16\/06\/2025<\/span><\/li>\n<li><a href=\"https:\/\/edublog.educastur.es\/ixuxu\/2025\/06\/no-xx-de-la-revista-entemu-publicada-pol-centru-asociau-de-la-uned-nasturies\/\">n\u00ba XX de la revista ENTEMU, publicada pol Centru Asoci\u00e1u de la UNED n\u2019Asturies.<\/a><span class=\"post-date\">16\/06\/2025<\/span><\/li>\n<li><a href=\"https:\/\/edublog.educastur.es\/ixuxu\/2025\/06\/dicires-nasturianu-14\/\">Dicires n\u2019asturianu<\/a><span class=\"post-date\">16\/06\/2025<\/span><\/li>\n<li><a href=\"https:\/\/edublog.educastur.es\/ixuxu\/2025\/06\/tonada-asturiana\/\">Tonada asturiana<\/a><span class=\"post-date\">16\/06\/2025<\/span><\/li>\n<li><a href=\"https:\/\/edublog.educastur.es\/ixuxu\/2025\/06\/50920\/\">(sin t\u00edtulo)<\/a><span class=\"post-date\">16\/06\/2025<\/span><\/li>\n<li><a href=\"https:\/\/edublog.educastur.es\/ixuxu\/2025\/06\/el-concursu-indumentaria-2025-ya-tien-fecha-el-28-de-setiembre\/\">El Concursu Indumentaria 2025 y\u00e1 tien fecha: el 28 de setiembre<\/a><span class=\"post-date\">16\/06\/2025<\/span><\/li>\n<li><a href=\"https:\/\/edublog.educastur.es\/ixuxu\/2025\/06\/el-principau-noma-a-nicolas-bartolome-como-subdirector-xeneral-nuevu-de-politica-llinguistica\/\">El Princip\u00e1u noma a Nicol\u00e1s Bartolom\u00e9 como subdirector xeneral nuevu de Pol\u00edtica Lling\u00fc\u00edstica<\/a><span class=\"post-date\">16\/06\/2025<\/span><\/li>\n<li><a href=\"https:\/\/edublog.educastur.es\/ixuxu\/2025\/06\/esposicion-colories-del-mundu-en-xixon-nel-nauticu\/\">Esposici\u00f3n \u00abColories del mundu\u00bb en Xix\u00f3n n\u2019El N\u00e1uticu<\/a><span class=\"post-date\">16\/06\/2025<\/span><\/li>\n<li><a href=\"https:\/\/edublog.educastur.es\/ixuxu\/2025\/06\/50886\/\">El gaiteru y artesanu Iv\u00e1n Gonz\u00e1lez presenta un nuevu modelu de gaita asturiana<\/a><span class=\"post-date\">16\/06\/2025<\/span><\/li>\n<li><a href=\"https:\/\/edublog.educastur.es\/ixuxu\/2025\/06\/enrames-san-xuan-2025-en-perlora\/\">Enrames San Xuan 2025 en Perlora<\/a><span class=\"post-date\">16\/06\/2025<\/span><\/li>\n<li><a href=\"https:\/\/edublog.educastur.es\/ixuxu\/2025\/06\/asturies-ta-de-moda\/\">Asturies ta de moda \ud83d\ude09<\/a><span class=\"post-date\">16\/06\/2025<\/span><\/li>\n<li><a href=\"https:\/\/edublog.educastur.es\/ixuxu\/2025\/06\/barbon-noma-la-nueva-conseyera-deducacion\/\">Barb\u00f3n noma la nueva Conseyera d\u2019Educaci\u00f3n<\/a><span class=\"post-date\">16\/06\/2025<\/span><\/li>\n<li><a href=\"https:\/\/edublog.educastur.es\/ixuxu\/2025\/06\/noveda-adivina-adivinanza-y-cuntome-un-secretu\/\">Noved\u00e1 \u00abAdivina adivinanza\u2026 y cunt\u00f3me un secretu\u00bb<\/a><span class=\"post-date\">16\/06\/2025<\/span><\/li>\n<li><a href=\"https:\/\/edublog.educastur.es\/ixuxu\/2025\/06\/enrame-de-fontes\/\">Ciclu festivu del branu<\/a><span class=\"post-date\">16\/06\/2025<\/span><\/li>\n<li><a href=\"https:\/\/edublog.educastur.es\/ixuxu\/2025\/06\/esbariar\/\">\u00abEsbariar\u00bb<\/a><span class=\"post-date\">16\/06\/2025<\/span><\/li>\n<li><a href=\"https:\/\/edublog.educastur.es\/ixuxu\/2025\/06\/lermitanu-que-corono-les-nubes-de-rafael-m-guerra\/\">\u00abL\u2019Ermita\u00f1u que Coron\u00f3 les Nubes\u00bb de Rafael M. Guerra<\/a><span class=\"post-date\">16\/06\/2025<\/span><\/li>\n<li><a href=\"https:\/\/edublog.educastur.es\/ixuxu\/2025\/06\/dia-mundial-de-les-tortues-marines-4\/\">D\u00eda Mundial de les tort\u00faes marines<\/a><span class=\"post-date\">16\/06\/2025<\/span><\/li>\n<li><a href=\"https:\/\/edublog.educastur.es\/ixuxu\/2025\/06\/50870\/\">Ascensu xeneraliz\u00e1u de temperatures en tol pa\u00eds<\/a><span class=\"post-date\">16\/06\/2025<\/span><\/li>\n<li><a href=\"https:\/\/edublog.educastur.es\/ixuxu\/2025\/06\/el-tiempu-el-comercio-68\/\">El tiempu (El Comercio)<\/a><span class=\"post-date\">16\/06\/2025<\/span><\/li>\n<li><a href=\"https:\/\/edublog.educastur.es\/ixuxu\/2025\/06\/estau-del-tiempu-llunes-16-xunu\/\">Est\u00e1u del tiempu: llunes 16 xunu<\/a><span class=\"post-date\">16\/06\/2025<\/span><\/li>\n<li><a href=\"https:\/\/edublog.educastur.es\/ixuxu\/2025\/06\/50930\/\">(sin t\u00edtulo)<\/a><span class=\"post-date\">16\/06\/2025<\/span><\/li>\n<li><a href=\"https:\/\/edublog.educastur.es\/ixuxu\/2025\/06\/musica\/\">\u00abM\u00fasica\u00bb<\/a><span class=\"post-date\">15\/06\/2025<\/span><\/li>\n<li><a href=\"https:\/\/edublog.educastur.es\/ixuxu\/2025\/06\/sestu-capitulu-de-sonadia\/\">Sestu cap\u00edtulu de Sonad\u00eda<\/a><span class=\"post-date\">15\/06\/2025<\/span><\/li>\n<li><a href=\"https:\/\/edublog.educastur.es\/ixuxu\/2025\/06\/una-sentencia-pionera-obliga-al-principau-a-apurrir-gafes-a-un-emplegau-publicu\/\">Una sentencia pionera obliga al Princip\u00e1u a apurrir gafes a un empleg\u00e1u p\u00fablicu<\/a><span class=\"post-date\">15\/06\/2025<\/span><\/li>\n<li><a href=\"https:\/\/edublog.educastur.es\/ixuxu\/2025\/06\/una-de-les-vistes-mas-estelantes-del-occidente-asturianu\/\">Una de les vistes m\u00e1s estelantes del occidente asturianu.<\/a><span class=\"post-date\">15\/06\/2025<\/span><\/li>\n<li><a href=\"https:\/\/edublog.educastur.es\/ixuxu\/2025\/06\/la-torre-cerredu-2650-m-cabrales-yel-techu-dasturies-el-picu-mas-altu-del-cordal-cantabricu\/\">La Torre Cerredu (2650 m, Cabrales) ye\u2019l techu d\u2019Asturies, el picu m\u00e1s altu del Cordal Cant\u00e1bricu.<\/a><span class=\"post-date\">15\/06\/2025<\/span><\/li>\n<li><a href=\"https:\/\/edublog.educastur.es\/ixuxu\/2025\/06\/taller-de-branu-tradicionando\/\">Taller de Branu \u00abTradicionando\u00bb, en Xix\u00f3n<\/a><span class=\"post-date\">15\/06\/2025<\/span><\/li>\n<li><a href=\"https:\/\/edublog.educastur.es\/ixuxu\/2025\/06\/50935\/\">(sin t\u00edtulo)<\/a><span class=\"post-date\">15\/06\/2025<\/span><\/li>\n<li><a href=\"https:\/\/edublog.educastur.es\/ixuxu\/2025\/06\/el-sector-agroalimentariu-ye-unu-de-los-sectores-con-mayor-potencial-dinnovacion-y-crecedera-economica\/\">El sector agroalimentariu ye unu de los sectores con mayor potencial d\u2019innovaci\u00f3n y crecedera econ\u00f3mica<\/a><span class=\"post-date\">15\/06\/2025<\/span><\/li>\n<li><a href=\"https:\/\/edublog.educastur.es\/ixuxu\/2025\/06\/46o-festival-de-la-fresa-de-candamo\/\">46\u00ba Festival de la Fresa de Candamo.<\/a><span class=\"post-date\">15\/06\/2025<\/span><\/li>\n<li><a href=\"https:\/\/edublog.educastur.es\/ixuxu\/2025\/06\/mirar-parriba-pa-descubrir-el-desconociu-mundu-de-los-andarones-vencejos\/\">Mirar p\u2019arriba pa descubrir el desconoc\u00edu mundu de los andarones\/vencejos<\/a><span class=\"post-date\">15\/06\/2025<\/span><\/li>\n<li><a href=\"https:\/\/edublog.educastur.es\/ixuxu\/2025\/06\/asturies-selmanal-descubre-el-planeta-de-los-grillos\/\">\u2018Asturies selmanal\u2019 descubre \u2018El planeta de los grillos\u2019<\/a><span class=\"post-date\">15\/06\/2025<\/span><\/li>\n<li><a href=\"https:\/\/edublog.educastur.es\/ixuxu\/2025\/06\/dia-de-les-llingues-de-signos\/\">D\u00eda de les lling\u00fces de signos<\/a><span class=\"post-date\">15\/06\/2025<\/span><\/li>\n<li><a href=\"https:\/\/edublog.educastur.es\/ixuxu\/2025\/06\/el-tiempu-el-comercio-67\/\">El tiempu (El Comercio)<\/a><span class=\"post-date\">15\/06\/2025<\/span><\/li>\n<li><a href=\"https:\/\/edublog.educastur.es\/ixuxu\/2025\/06\/el-real-uvieu-presenta-la-so-nueva-equipacion\/\">El Real Uvi\u00e9u presenta la so nueva equipaci\u00f3n<\/a><span class=\"post-date\">14\/06\/2025<\/span><\/li>\n<li><a href=\"https:\/\/edublog.educastur.es\/ixuxu\/2025\/06\/les-noticies-del-sabadu-14-de-xunu-de-2025-nasturianu-tpanoticies\/\">Les noticies del s\u00e1badu 14 de xunu de 2025 n\u2019asturianu #TPANoticies<\/a><span class=\"post-date\">14\/06\/2025<\/span><\/li>\n<li><a href=\"https:\/\/edublog.educastur.es\/ixuxu\/2025\/06\/esta-selmana-la-oficialida-llogro-un-sofitu-ineditu-nel-parllamentu\/\">Esta selmana la oficialid\u00e1 llogr\u00f3 un sofitu in\u00e9ditu nel parllamentu<\/a><span class=\"post-date\">14\/06\/2025<\/span><\/li>\n<li><a href=\"https:\/\/edublog.educastur.es\/ixuxu\/2025\/06\/preparacion-y-vezos-organizativos-pa-vivir\/\">Preparaci\u00f3n y vezos organizativos pa vivir en comu\u00f1a\u2026<\/a><span class=\"post-date\">14\/06\/2025<\/span><\/li>\n<li><a href=\"https:\/\/edublog.educastur.es\/ixuxu\/2025\/06\/50782\/\">(sin t\u00edtulo)<\/a><span class=\"post-date\">14\/06\/2025<\/span><\/li>\n<li><a href=\"https:\/\/edublog.educastur.es\/ixuxu\/2025\/06\/asturies-cardioprotexida\/\">\u00a1Asturies, cardioprotexida!<\/a><span class=\"post-date\">14\/06\/2025<\/span><\/li>\n<li><a href=\"https:\/\/edublog.educastur.es\/ixuxu\/2025\/06\/el-principau-pagal-primer-cursu-de-los-estudios-de-grau-na-universida-duvieu\/\">El Princip\u00e1u paga\u2019l primer cursu de los estudios de grau na Universid\u00e1 d\u2019Uvi\u00e9u.<\/a><span class=\"post-date\">14\/06\/2025<\/span><\/li>\n<li><a href=\"https:\/\/edublog.educastur.es\/ixuxu\/2025\/06\/50771\/\">(sin t\u00edtulo)<\/a><span class=\"post-date\">14\/06\/2025<\/span><\/li>\n<li><a href=\"https:\/\/edublog.educastur.es\/ixuxu\/2025\/06\/asturies-acueyel-principal-congresu-forestal-del-pais\/\">Asturies acueye\u2019l principal congresu forestal del pa\u00eds<\/a><span class=\"post-date\">14\/06\/2025<\/span><\/li>\n<li><a href=\"https:\/\/edublog.educastur.es\/ixuxu\/2025\/06\/el-programa-ludicu-branu-en-payares-arrincal-21-de-xunu\/\">El programa l\u00fadicu \u2018Branu en Payares\u2019 arrinca\u2019l 21 de xunu<\/a><span class=\"post-date\">14\/06\/2025<\/span><\/li>\n<li><a href=\"https:\/\/edublog.educastur.es\/ixuxu\/2025\/06\/primera-cohousing-interxeneracional-dasturies-en-llanera\/\">Primera cohousing interxeneracional d\u2019Asturies, en Llanera<\/a><span class=\"post-date\">14\/06\/2025<\/span><\/li>\n<li><a href=\"https:\/\/edublog.educastur.es\/ixuxu\/2025\/06\/agora-los-medicos-en-fuelga\/\">Fuelga: los m\u00e9dicos asturianos tomen el relevu de los docentes<\/a><span class=\"post-date\">14\/06\/2025<\/span><\/li>\n<li><a href=\"https:\/\/edublog.educastur.es\/ixuxu\/2025\/06\/el-principau-activa-la-reforma-de-la-llei-dusu-del-asturianu\/\">El Princip\u00e1u activa la reforma de la Llei d\u2019Usu del Asturianu<\/a><span class=\"post-date\">14\/06\/2025<\/span><\/li>\n<li><a href=\"https:\/\/edublog.educastur.es\/ixuxu\/2025\/06\/dia-mundial-del-donante-de-sangre-4\/\">D\u00eda Mundial del Donante de Sangre<\/a><span class=\"post-date\">14\/06\/2025<\/span><\/li>\n<li><a href=\"https:\/\/edublog.educastur.es\/ixuxu\/2025\/06\/el-tiempu-el-comercio-66\/\">El tiempu (El Comercio)<\/a><span class=\"post-date\">14\/06\/2025<\/span><\/li>\n<li><a href=\"https:\/\/edublog.educastur.es\/ixuxu\/2025\/06\/50728\/\">Cursos de la Universid\u00e1 Asturiana de Branu (UABRA)<\/a><span class=\"post-date\">13\/06\/2025<\/span><\/li>\n<li><a href=\"https:\/\/edublog.educastur.es\/ixuxu\/2025\/06\/la-musica-anubre-les-cais-duvieu\/\">La m\u00fasica anubre les cais d\u2019Uvi\u00e9u.<\/a><span class=\"post-date\">13\/06\/2025<\/span><\/li>\n<li><a href=\"https:\/\/edublog.educastur.es\/ixuxu\/2025\/06\/les-noticies-del-vienres-13-de-xunu-de-2025-nasturianu-tpanoticies\/\">Les noticies del vienres 13 de xunu de 2025 n\u2019asturianu #TPANoticies<\/a><span class=\"post-date\">13\/06\/2025<\/span><\/li>\n<li><a href=\"https:\/\/edublog.educastur.es\/ixuxu\/2025\/06\/la-xata-san-xuan-en-mieres\/\">La \u00abXata San Xuan\u00bb en Mieres<\/a><span class=\"post-date\">13\/06\/2025<\/span><\/li>\n<li><a href=\"https:\/\/edublog.educastur.es\/ixuxu\/2025\/06\/50785\/\">(sin t\u00edtulo)<\/a><span class=\"post-date\">13\/06\/2025<\/span><\/li>\n<li><a href=\"https:\/\/edublog.educastur.es\/ixuxu\/2025\/06\/les-nueses-vides-dependen-de-la-salu-del-planeta\/\">Les nueses vides dependen de la sal\u00fa del planeta<\/a><span class=\"post-date\">13\/06\/2025<\/span><\/li>\n<li><a href=\"https:\/\/edublog.educastur.es\/ixuxu\/2025\/06\/fiestes-de-san-antoniu-en-cangues-donis\/\">Fiestes de San Antoniu en Cangues d\u2019Onis<\/a><span class=\"post-date\">13\/06\/2025<\/span><\/li>\n<li><a href=\"https:\/\/edublog.educastur.es\/ixuxu\/2025\/06\/vezos-astures-cellebral-so-25-aniversariu-nel-museu-del-pueblu-dasturies\/\">Vezos Astures cellebra\u2019l so 25 aniversariu nel Mus\u00e9u del Pueblu d\u2019Asturies<\/a><span class=\"post-date\">13\/06\/2025<\/span><\/li>\n<li><a href=\"https:\/\/edublog.educastur.es\/ixuxu\/2025\/06\/50721\/\">(sin t\u00edtulo)<\/a><span class=\"post-date\">13\/06\/2025<\/span><\/li>\n<li><a href=\"https:\/\/edublog.educastur.es\/ixuxu\/2025\/06\/vi-premios-bbva-a-los-meyores-productores-sostenibles-despana\/\">VI Premios BBVA a los Meyores Productores Sostenibles d\u2019Espa\u00f1a<\/a><span class=\"post-date\">13\/06\/2025<\/span><\/li>\n<li><a href=\"https:\/\/edublog.educastur.es\/ixuxu\/2025\/06\/empieza-lespliegue-del-arriendu-de-bicicletes-electriques-nuvieu\/\">Empieza l\u2019espliegue del arriendu de bicicletes el\u00e9ctriques n\u2019Uvi\u00e9u<\/a><span class=\"post-date\">13\/06\/2025<\/span><\/li>\n<li><a href=\"https:\/\/edublog.educastur.es\/ixuxu\/2025\/06\/los-colexos-decidiran-el-so-horariu\/\">Los colexos decidir\u00e1n el so horariu<\/a><span class=\"post-date\">13\/06\/2025<\/span><\/li>\n<li><a href=\"https:\/\/edublog.educastur.es\/ixuxu\/2025\/06\/el-tiempu-el-comercio-65\/\">El tiempu (El Comercio)<\/a><span class=\"post-date\">13\/06\/2025<\/span><\/li>\n<li><a href=\"https:\/\/edublog.educastur.es\/ixuxu\/2025\/06\/las-noticias-del-xueves-12-de-junio-de-2025-en-asturianu-tpanoticies\/\">Las noticias del Xueves 12 de junio de 2025 en Asturianu #TPANoticies<\/a><span class=\"post-date\">12\/06\/2025<\/span><\/li>\n<li><a href=\"https:\/\/edublog.educastur.es\/ixuxu\/2025\/06\/x-edicion-del-festival-arcu-atlanticu\/\">X edici\u00f3n del Festival Arcu Atl\u00e1nticu<\/a><span class=\"post-date\">12\/06\/2025<\/span><\/li>\n<li><a href=\"https:\/\/edublog.educastur.es\/ixuxu\/2025\/06\/lacademia-entamal-ciclu-de-alcuentros-na-alla\/\">L\u2019Academia entama\u2019l ciclu de \u00abAlcuentros na ALLA\u00bb<\/a><span class=\"post-date\">12\/06\/2025<\/span><\/li>\n<li><a href=\"https:\/\/edublog.educastur.es\/ixuxu\/2025\/06\/quintueles-onde-la-tierra-cunta-histories-el-21-de-xunu\/\">Quintueles: onde la tierra cunta histories (El 21 de xunu)<\/a><span class=\"post-date\">12\/06\/2025<\/span><\/li>\n<li><a href=\"https:\/\/edublog.educastur.es\/ixuxu\/2025\/06\/nikea-asturies-cumplimos-20-anos\/\">IKEA Asturies celebra\u2019l 20\u00ba aniversariu<\/a><span class=\"post-date\">12\/06\/2025<\/span><\/li>\n<li><a href=\"https:\/\/edublog.educastur.es\/ixuxu\/2025\/06\/votacion-na-xunta-xeneral-pa-la-declaracion-de-la-oficialida-del-asturianu-y-leonaviego\/\">Votaci\u00f3n na Xunta Xeneral pa la declaraci\u00f3n de la oficialid\u00e1 del asturianu y l\u2019eonaviego<\/a><span class=\"post-date\">12\/06\/2025<\/span><\/li>\n<li><a href=\"https:\/\/edublog.educastur.es\/ixuxu\/2025\/06\/50674\/\">Iniciativa pol Asturianu considera que la mayor\u00eda parllamentaria espeya\u2019l sofitu ciudadanu a la oficialid\u00e1<\/a><span class=\"post-date\">12\/06\/2025<\/span><\/li>\n<li><a href=\"https:\/\/edublog.educastur.es\/ixuxu\/2025\/06\/la-xenetista-de-los-estaos-xunios-mary-claire-king-premiu-princesa-dasturies-dinvestigacion\/\">La xenetista de los Estaos Xun\u00edos Mary-Claire King, Premiu Princesa d\u2019Asturies d\u2019Investigaci\u00f3n<\/a><span class=\"post-date\">12\/06\/2025<\/span><\/li>\n<li><a href=\"https:\/\/edublog.educastur.es\/ixuxu\/2025\/06\/guei-fae-40-anos-que-xunimonos-a-la-xunion-europea\/\">G\u00fcei fae 40 a\u00f1os que xun\u00edmonos a la Xuni\u00f3n Europea<\/a><span class=\"post-date\">12\/06\/2025<\/span><\/li>\n<li><a href=\"https:\/\/edublog.educastur.es\/ixuxu\/2025\/06\/maraton-beethoven-de-la-ospa-nel-auditoriu-principe-felipe-duvieu\/\">\u00abMarat\u00f3n Beethoven\u00bb de la OSPA nel Auditoriu Pr\u00edncipe Felipe d\u2019Uvi\u00e9u<\/a><span class=\"post-date\">12\/06\/2025<\/span><\/li>\n<li><a href=\"https:\/\/edublog.educastur.es\/ixuxu\/2025\/06\/premiu-grana-semilla-dinnovacion-quotorga-copae\/\">Premiu Grana\/semilla d\u2019Innovaci\u00f3n qu\u2019otorga COPAE<\/a><span class=\"post-date\">12\/06\/2025<\/span><\/li>\n<li><a href=\"https:\/\/edublog.educastur.es\/ixuxu\/2025\/06\/home-seguru\/\">\u00abHome seguru\u00bb<\/a><span class=\"post-date\">12\/06\/2025<\/span><\/li>\n<li><a href=\"https:\/\/edublog.educastur.es\/ixuxu\/2025\/06\/el-tiempu-el-comercio-64\/\">El tiempu (El Comercio)<\/a><span class=\"post-date\">12\/06\/2025<\/span><\/li>\n<li><a href=\"https:\/\/edublog.educastur.es\/ixuxu\/2025\/06\/estau-del-tiempu-xueves-12-xunu\/\">Est\u00e1u del tiempu: xueves 12 xunu<\/a><span class=\"post-date\">12\/06\/2025<\/span><\/li>\n<li><a href=\"https:\/\/edublog.educastur.es\/ixuxu\/2025\/06\/50604\/\">Mi\u00e9rcoles 11 de xunu<\/a><span class=\"post-date\">11\/06\/2025<\/span><\/li>\n<li><a href=\"https:\/\/edublog.educastur.es\/ixuxu\/2025\/06\/lluna-llena-lluna-de-fresa\/\">Lluna llena, lluna de fresa<\/a><span class=\"post-date\">11\/06\/2025<\/span><\/li>\n<li><a href=\"https:\/\/edublog.educastur.es\/ixuxu\/2025\/06\/les-noticies-del-miercoles-11-de-xunu-de-2025-nasturianu-tpanoticies\/\">Les noticies del mi\u00e9rcoles 11 de xunu de 2025 n\u2019asturianu #TPANoticies<\/a><span class=\"post-date\">11\/06\/2025<\/span><\/li>\n<li><a href=\"https:\/\/edublog.educastur.es\/ixuxu\/2025\/06\/que-paises-europeos-algamen-los-niveles-mas-altos-deducacion\/\">\u00bfQu\u00e9 pa\u00edses europeos algamen los niveles m\u00e1s altos d\u2019educaci\u00f3n?<\/a><span class=\"post-date\">11\/06\/2025<\/span><\/li>\n<li><a href=\"https:\/\/edublog.educastur.es\/ixuxu\/2025\/06\/revista-lliteratura-41-presentase-en-xixon\/\">Pres\u00e9ntase en Xix\u00f3n la revista \u00abLliteratura 41\u00bb<\/a><span class=\"post-date\">11\/06\/2025<\/span><\/li>\n<li><a href=\"https:\/\/edublog.educastur.es\/ixuxu\/2025\/06\/horru-a-dos-agues-en-viegu-ponga\/\">Horru a dos ag\u00fces en Viegu, Ponga<\/a><span class=\"post-date\">11\/06\/2025<\/span><\/li>\n<li><a href=\"https:\/\/edublog.educastur.es\/ixuxu\/2025\/06\/el-parque-acuaticu-de-corvera-paco-ya-abrio-les-sos-puertes\/\">El Parque Acu\u00e1ticu de Corvera, PACO, y\u00e1 abri\u00f3 les sos puertes<\/a><span class=\"post-date\">11\/06\/2025<\/span><\/li>\n<li><a href=\"https:\/\/edublog.educastur.es\/ixuxu\/2025\/06\/uvieu-apuesta-pol-lema-puxa-europa-palgamar-la-capitalida-cultural\/\">Uvi\u00e9u apuesta pol lema \u2018Puxa Europa\u2019 p\u2019algamar la capitalid\u00e1 cultural<\/a><span class=\"post-date\">11\/06\/2025<\/span><\/li>\n<li><a href=\"https:\/\/edublog.educastur.es\/ixuxu\/2025\/06\/les-asturianes-na-llista-de-tome-para-la-eurocopa-femenina\/\">Les asturianes na llista de Tom\u00e9 para la Eurocopa femenina<\/a><span class=\"post-date\">11\/06\/2025<\/span><\/li>\n<li><a href=\"https:\/\/edublog.educastur.es\/ixuxu\/2025\/06\/entrando-en-tierres-asturianes\/\">Entrando en tierres asturianes<\/a><span class=\"post-date\">11\/06\/2025<\/span><\/li>\n<li><a href=\"https:\/\/edublog.educastur.es\/ixuxu\/2025\/06\/llega-san-xuan-2025-con-12-dies-de-folixa-musica-tradicion-y-folclore\/\">Llega San Xuan 2025, del 13 al 24 de xunu: folixa, m\u00fasica, tradici\u00f3n y folclore.<\/a><span class=\"post-date\">11\/06\/2025<\/span><\/li>\n<li><a href=\"https:\/\/edublog.educastur.es\/ixuxu\/2025\/06\/votacion-de-la-reforma-del-estatutu-pa-da-y-oficialida-a-las-llingua\/\">Votaci\u00f3n de la reforma del Estatutu d\u2019Autonom\u00eda pa da-y oficialid\u00e1 a les Lling\u00fces d\u2019Asturies<\/a><span class=\"post-date\">11\/06\/2025<\/span><\/li>\n<li><a href=\"https:\/\/edublog.educastur.es\/ixuxu\/2025\/06\/gran-esposicion-sobrel-dia-damerica-nasturies\/\">Gran esposici\u00f3n sobre\u2019l D\u00eda d\u2019Am\u00e9rica n\u2019Asturies<\/a><span class=\"post-date\">11\/06\/2025<\/span><\/li>\n<li><a href=\"https:\/\/edublog.educastur.es\/ixuxu\/2025\/06\/50575\/\">Xorn\u00e1es medioambientales \u00abAl verde\u00bb<\/a><span class=\"post-date\">11\/06\/2025<\/span><\/li>\n<li><a href=\"https:\/\/edublog.educastur.es\/ixuxu\/2025\/06\/un-11-de-xunu-nacia-jacques-cousteau\/\">Un 11 de xunu nac\u00eda Jacques Cousteau<\/a><span class=\"post-date\">11\/06\/2025<\/span><\/li>\n<li><a href=\"https:\/\/edublog.educastur.es\/ixuxu\/2025\/06\/el-tiempu-el-comercio-63\/\">El tiempu (El Comercio)<\/a><span class=\"post-date\">11\/06\/2025<\/span><\/li>\n<li><a href=\"https:\/\/edublog.educastur.es\/ixuxu\/2025\/06\/estau-del-tiempu-miercoles-11-xunu\/\">Est\u00e1u del tiempu: mi\u00e9rcoles 11 xunu<\/a><span class=\"post-date\">11\/06\/2025<\/span><\/li>\n<li><a href=\"https:\/\/edublog.educastur.es\/ixuxu\/2025\/06\/50551\/\">(sin t\u00edtulo)<\/a><span class=\"post-date\">10\/06\/2025<\/span><\/li>\n<li><a href=\"https:\/\/edublog.educastur.es\/ixuxu\/2025\/06\/lurogallo-o-gallu-montes-tovia-con-numberos-destincion\/\">L\u2019urogallo o gallu montes, tov\u00eda con n\u00famberos d\u2019estinci\u00f3n.<\/a><span class=\"post-date\">10\/06\/2025<\/span><\/li>\n<li><a href=\"https:\/\/edublog.educastur.es\/ixuxu\/2025\/06\/planazu-pa-la-nueche-de-san-xuan-en-la-benefica-pilona\/\">Planazu pa la nueche de San Xuan! en La Ben\u00e9fica (Pilo\u00f1a)<\/a><span class=\"post-date\">10\/06\/2025<\/span><\/li>\n<li><a href=\"https:\/\/edublog.educastur.es\/ixuxu\/2025\/06\/les-noticies-del-martes-10-de-xunu-de-2025-nasturianu-tpanoticies\/\">Les noticies del martes 10 de xunu de 2025 n\u2019asturianu #TPANoticies<\/a><span class=\"post-date\">10\/06\/2025<\/span><\/li>\n<li><a href=\"https:\/\/edublog.educastur.es\/ixuxu\/2025\/06\/damos-por-oficial-la-entrada-al-branu-nasturies\/\">Damos por oficial la entrada al branu n\u2019Asturies<\/a><span class=\"post-date\">10\/06\/2025<\/span><\/li>\n<li><a href=\"https:\/\/edublog.educastur.es\/ixuxu\/2025\/06\/50535\/\">Mus\u00e9u de Grandas de Salime<\/a><span class=\"post-date\">10\/06\/2025<\/span><\/li>\n<li><a href=\"https:\/\/edublog.educastur.es\/ixuxu\/2025\/06\/el-primer-cambiador-inclusivu-para-facilitar-la-hixene-de-persones-con-especiales-necesidaes\/\">El primer cambiador inclusivu para facilitar la hixene de persones con especiales necesidaes<\/a><span class=\"post-date\">10\/06\/2025<\/span><\/li>\n<li><a href=\"https:\/\/edublog.educastur.es\/ixuxu\/2025\/06\/cantar-yo-nun-soi-marineru\/\">Cantar: \u00abYo nun soi marineru\u00bb<\/a><span class=\"post-date\">10\/06\/2025<\/span><\/li>\n<li><a href=\"https:\/\/edublog.educastur.es\/ixuxu\/2025\/06\/miles-duvieinos-celebren-un-martes-de-campu\/\">Miles d\u2019uvieinos celebren un Martes de Campu, fiesta que data de 1932<\/a><span class=\"post-date\">10\/06\/2025<\/span><\/li>\n<li><a href=\"https:\/\/edublog.educastur.es\/ixuxu\/2025\/06\/concentracion-contral-cierre-de-la-escuela-de-muisca-de-tineu\/\">Concentraci\u00f3n contra\u2019l cierre de la Escuela de M\u00fasica de Tin\u00e9u<\/a><span class=\"post-date\">10\/06\/2025<\/span><\/li>\n<li><a href=\"https:\/\/edublog.educastur.es\/ixuxu\/2025\/06\/interpretamos-un-cartelu-12\/\">Interpretamos un cartelu<\/a><span class=\"post-date\">10\/06\/2025<\/span><\/li>\n<li><a href=\"https:\/\/edublog.educastur.es\/ixuxu\/2025\/06\/el-tiempu-el-comercio-62\/\">El tiempu (El Comercio)<\/a><span class=\"post-date\">10\/06\/2025<\/span><\/li>\n<li><a href=\"https:\/\/edublog.educastur.es\/ixuxu\/2025\/06\/les-noticies-del-llunes-9-de-xunu-de-2025-nasturianu-tpanoticies-1-h\/\">Les noticies del llunes 9 de xunu de 2025 n\u2019asturianu #TPANoticies<\/a><span class=\"post-date\">09\/06\/2025<\/span><\/li>\n<li><a href=\"https:\/\/edublog.educastur.es\/ixuxu\/2025\/06\/la-darsena-de-xixon-al-atapecer\/\">La d\u00e1rsena de Xix\u00f3n, al atapecer<\/a><span class=\"post-date\">09\/06\/2025<\/span><\/li>\n<li><a href=\"https:\/\/edublog.educastur.es\/ixuxu\/2025\/06\/el-gobiernu-dasturies-alza-un-pelin-la-so-ufierta-para-la-meyora-de-la-educacion-publica\/\">El Gobiernu d\u2019Asturies da una \u00faltima ufierta pa la meyora de la educaci\u00f3n p\u00fablica\u2026<\/a><span class=\"post-date\">09\/06\/2025<\/span><\/li>\n<li><a href=\"https:\/\/edublog.educastur.es\/ixuxu\/2025\/06\/el-gobiernu-dasturies-garantiza-va-poner-en-marcha-les-midies-alcordaes\/\">El Gobiernu d\u2019Asturies garantiza va poner en marcha les mid\u00edes alcordaes<\/a><span class=\"post-date\">09\/06\/2025<\/span><\/li>\n<li><a href=\"https:\/\/edublog.educastur.es\/ixuxu\/2025\/06\/oriciu\/\">\u00abOriciu\u00bb<\/a><span class=\"post-date\">09\/06\/2025<\/span><\/li>\n<li><a href=\"https:\/\/edublog.educastur.es\/ixuxu\/2025\/06\/la-biblioteca-dasturies-acueye-una-gran-esposicion-sobrol-dia-damerica-nasturies\/\">La Biblioteca d\u2019Asturies acueye una gran esposici\u00f3n sobro\u2019l D\u00eda d\u2019Am\u00e9rica n\u2019Asturies<\/a><span class=\"post-date\">09\/06\/2025<\/span><\/li>\n<li><a href=\"https:\/\/edublog.educastur.es\/ixuxu\/2025\/06\/50487\/\">(sin t\u00edtulo)<\/a><span class=\"post-date\">09\/06\/2025<\/span><\/li>\n<li><a href=\"https:\/\/edublog.educastur.es\/ixuxu\/2025\/06\/cartelu-del-festival-internacional-de-la-gaita\/\">Festival Internacional de la Gaita (Villaviciosa)<\/a><span class=\"post-date\">09\/06\/2025<\/span><\/li>\n<li><a href=\"https:\/\/edublog.educastur.es\/ixuxu\/2025\/06\/50484\/\">Una ventana abierta al para\u00edsu asturianu de Quir\u00f3s<\/a><span class=\"post-date\">09\/06\/2025<\/span><\/li>\n<li><a href=\"https:\/\/edublog.educastur.es\/ixuxu\/2025\/06\/el-pequenu-gran-canon-dasturies-meandro-del-riu-nora-atopase-a-un-pasu-duvieu\/\">El peque\u00f1u Gran Ca\u00f1\u00f3n d\u2019Asturies, Meandro del r\u00edu Nora, at\u00f3pase a un pasu d\u2019Uvi\u00e9u<\/a><span class=\"post-date\">09\/06\/2025<\/span><\/li>\n<li><a href=\"https:\/\/edublog.educastur.es\/ixuxu\/2025\/06\/50399\/\">(sin t\u00edtulo)<\/a><span class=\"post-date\">09\/06\/2025<\/span><\/li>\n<li><a href=\"https:\/\/edublog.educastur.es\/ixuxu\/2025\/06\/guia-de-sensibilizacion-para-families-sobro-nueves-adicciones-y-consumos\/\">Gu\u00eda de Sensibilizaci\u00f3n para Families sobro Nueves Adicciones y Consumos<\/a><span class=\"post-date\">09\/06\/2025<\/span><\/li>\n<li><a href=\"https:\/\/edublog.educastur.es\/ixuxu\/2025\/06\/campana-2009-nasturiano-queda-guapo\/\">Campa\u00f1a 2009: \u00abN\u2019asturiano queda guapo\u00bb<\/a><span class=\"post-date\">09\/06\/2025<\/span><\/li>\n<li><a href=\"https:\/\/edublog.educastur.es\/ixuxu\/2025\/06\/50476\/\">Lling\u00fces oficiales y non\u2026<\/a><span class=\"post-date\">09\/06\/2025<\/span><\/li>\n<li><a href=\"https:\/\/edublog.educastur.es\/ixuxu\/2025\/06\/ciclismu\/\">\u00abCiclismu\u00bb<\/a><span class=\"post-date\">09\/06\/2025<\/span><\/li>\n<li><a href=\"https:\/\/edublog.educastur.es\/ixuxu\/2025\/06\/50464\/\">(sin t\u00edtulo)<\/a><span class=\"post-date\">09\/06\/2025<\/span><\/li>\n<li><a href=\"https:\/\/edublog.educastur.es\/ixuxu\/2025\/06\/la-salu-mental-importa\/\">La sal\u00fa mental importa<\/a><span class=\"post-date\">09\/06\/2025<\/span><\/li>\n<li><a href=\"https:\/\/edublog.educastur.es\/ixuxu\/2025\/06\/la-biodiversida-nespana\/\">La biodiversid\u00e1 n\u2019Espa\u00f1a\u00a0<\/a><span class=\"post-date\">09\/06\/2025<\/span><\/li>\n<li><a href=\"https:\/\/edublog.educastur.es\/ixuxu\/2025\/06\/the-asturianer-n-43-las-guajinas\/\">THE ASTURIANER N 43: \u00abLas Guajinas\u00bb<\/a><span class=\"post-date\">09\/06\/2025<\/span><\/li>\n<li><a href=\"https:\/\/edublog.educastur.es\/ixuxu\/2025\/06\/cartelu-una-diva-de-valientes\/\">Cartelu \u00abUna diva ye valiente\u00bb<\/a><span class=\"post-date\">09\/06\/2025<\/span><\/li>\n<li><a href=\"https:\/\/edublog.educastur.es\/ixuxu\/2025\/06\/el-tiempu-el-comercio-61\/\">El tiempu (El Comercio)<\/a><span class=\"post-date\">09\/06\/2025<\/span><\/li>\n<li><a href=\"https:\/\/edublog.educastur.es\/ixuxu\/2025\/06\/50401\/\">Pallabreru: \u00abReblagu\u00bb<\/a><span class=\"post-date\">08\/06\/2025<\/span><\/li>\n<li><a href=\"https:\/\/edublog.educastur.es\/ixuxu\/2025\/06\/les-noticies-del-domingu-8-de-xunu-de-2025-nasturianu-tpanoticies\/\">Les noticies del domingu 8 de xunu de 2025 n\u2019asturianu #TPANoticies<\/a><span class=\"post-date\">08\/06\/2025<\/span><\/li>\n<li><a href=\"https:\/\/edublog.educastur.es\/ixuxu\/2025\/06\/50467\/\">Incre\u00edble remontada d\u2019Alcaraz \u00e9nte Sinner na final de Roland Garros<\/a><span class=\"post-date\">08\/06\/2025<\/span><\/li>\n<li><a href=\"https:\/\/edublog.educastur.es\/ixuxu\/2025\/06\/50499\/\">Toi mall\u00e1u<\/a><span class=\"post-date\">08\/06\/2025<\/span><\/li>\n<li><a href=\"https:\/\/edublog.educastur.es\/ixuxu\/2025\/06\/selmana-cultural-del-manga-duvieu-pa-nenos-y-xente-mozo\/\">Selmana Cultural del manga d\u2019Uvi\u00e9u pa ne\u00f1os y xente mozo<\/a><span class=\"post-date\">08\/06\/2025<\/span><\/li>\n<li><a href=\"https:\/\/edublog.educastur.es\/ixuxu\/2025\/06\/guei-toco-tosquilar-les-oveyes\/\">G\u00fcei esquilamos les nueses oveyes xaldes<\/a><span class=\"post-date\">08\/06\/2025<\/span><\/li>\n<li><a href=\"https:\/\/edublog.educastur.es\/ixuxu\/2025\/06\/sabes-dun-llugar-de-corquieu\/\">\u00abSabes d\u2019un llugar \u00bb de Corqui\u00e9u<\/a><span class=\"post-date\">08\/06\/2025<\/span><\/li>\n<li><a href=\"https:\/\/edublog.educastur.es\/ixuxu\/2025\/06\/cuantos-urogallos-hai-nel-cordal-cantabricu\/\">\u00bfCu\u00e1ntos urogallos hai nel Cordal Cant\u00e1bricu?<\/a><span class=\"post-date\">08\/06\/2025<\/span><\/li>\n<li><a href=\"https:\/\/edublog.educastur.es\/ixuxu\/2025\/06\/asturies-cellebra-los-sos-40anosparaisonatural\/\">\u00a1Asturies cellebra los sos #40A\u00f1osPara\u00edsoNatural!<\/a><span class=\"post-date\">08\/06\/2025<\/span><\/li>\n<li><a href=\"https:\/\/edublog.educastur.es\/ixuxu\/2025\/06\/la-marca-asturies-paraisu-natural-cumple-40-anos\/\">La marca \u00abAsturies Para\u00edsu Natural\u00bb cumple 40 a\u00f1os<\/a><span class=\"post-date\">08\/06\/2025<\/span><\/li>\n<li><a href=\"https:\/\/edublog.educastur.es\/ixuxu\/2025\/06\/50366\/\">(sin t\u00edtulo)<\/a><span class=\"post-date\">08\/06\/2025<\/span><\/li>\n<li><a href=\"https:\/\/edublog.educastur.es\/ixuxu\/2025\/06\/premiu-future-minds-fest-2025-pal-colexu-de-les-regueres\/\">Premiu Future Minds Fest 2025 pal colexu de Les Regueres<\/a><span class=\"post-date\">08\/06\/2025<\/span><\/li>\n<li><a href=\"https:\/\/edublog.educastur.es\/ixuxu\/2025\/06\/51676\/\">(sin t\u00edtulo)<\/a><span class=\"post-date\">08\/06\/2025<\/span><\/li>\n<li><a href=\"https:\/\/edublog.educastur.es\/ixuxu\/2025\/06\/50347\/\">(sin t\u00edtulo)<\/a><span class=\"post-date\">08\/06\/2025<\/span><\/li>\n<li><a href=\"https:\/\/edublog.educastur.es\/ixuxu\/2025\/06\/50434\/\">Movilizaci\u00f3n pola Ense\u00f1anza P\u00fablica<\/a><span class=\"post-date\">08\/06\/2025<\/span><\/li>\n<li><a href=\"https:\/\/edublog.educastur.es\/ixuxu\/2025\/06\/marte-de-campu-nuvieu-el-prosimu-martes-10\/\">Martes de Campu n\u2019Uvi\u00e9u: el pr\u00f3simu martes 10<\/a><span class=\"post-date\">08\/06\/2025<\/span><\/li>\n<li><a href=\"https:\/\/edublog.educastur.es\/ixuxu\/2025\/06\/fruta-maduro\/\">\u00abFruta maduro\u00bb<\/a><span class=\"post-date\">08\/06\/2025<\/span><\/li>\n<li><a href=\"https:\/\/edublog.educastur.es\/ixuxu\/2025\/06\/la-primer-formacion-oficial-nespana-para-guies-de-les-reserves-de-la-biosfera\/\">La primer formaci\u00f3n oficial n\u2019Espa\u00f1a para gu\u00edes de les reserves de la biosfera<\/a><span class=\"post-date\">08\/06\/2025<\/span><\/li>\n<li><a href=\"https:\/\/edublog.educastur.es\/ixuxu\/2025\/06\/sofitu-a-la-produccion-y-comercializacion-de-los-productos-apicolas\/\">Sofitu a la producci\u00f3n y comercializaci\u00f3n de los productos ap\u00edcolas<\/a><span class=\"post-date\">08\/06\/2025<\/span><\/li>\n<li><a href=\"https:\/\/edublog.educastur.es\/ixuxu\/2025\/06\/parque-natural-de-redes\/\">Parque Natural de Redes<\/a><span class=\"post-date\">08\/06\/2025<\/span><\/li>\n<li><a href=\"https:\/\/edublog.educastur.es\/ixuxu\/2025\/06\/dicires-nasturianu-13\/\">Dicires n\u2019asturianu<\/a><span class=\"post-date\">08\/06\/2025<\/span><\/li>\n<li><a href=\"https:\/\/edublog.educastur.es\/ixuxu\/2025\/06\/nun-ye-una-fuelga-ye-una-lleccion\/\">\u201cNun ye una fuelga. Ye una llecci\u00f3n\u201d<\/a><span class=\"post-date\">08\/06\/2025<\/span><\/li>\n<li><a href=\"https:\/\/edublog.educastur.es\/ixuxu\/2025\/06\/50383\/\">\u00ab\u00a1Viva la escuela p\u00fablica!<\/a><span class=\"post-date\">08\/06\/2025<\/span><\/li>\n<li><a href=\"https:\/\/edublog.educastur.es\/ixuxu\/2025\/06\/so-les-foles-atopase-un-mundu-tan-vastu-y-misteriosu\/\">So les foles at\u00f3pase un mundu tan vastu y misteriosu<\/a><span class=\"post-date\">08\/06\/2025<\/span><\/li>\n<li><a href=\"https:\/\/edublog.educastur.es\/ixuxu\/2025\/06\/loceanu-yel-ecositema-mas-grande-del-planeta-tierra\/\">L\u2019oc\u00e9anu ye\u2019l ecositema m\u00e1s grande del planeta Tierra<\/a><span class=\"post-date\">08\/06\/2025<\/span><\/li>\n<li><a href=\"https:\/\/edublog.educastur.es\/ixuxu\/2025\/06\/lacuario-de-xixon-cellebrol-dia-mundial-de-los-oceanos-y-los-mares\/\">L\u2019Acuario de Xix\u00f3n cellebr\u00f3\u2019l D\u00eda Mundial de los Oc\u00e9anos y los Mares<\/a><span class=\"post-date\">08\/06\/2025<\/span><\/li>\n<li><a href=\"https:\/\/edublog.educastur.es\/ixuxu\/2025\/06\/dia-mundial-de-los-oceanos-5\/\">D\u00eda Mundial de los Oc\u00e9anos<\/a><span class=\"post-date\">08\/06\/2025<\/span><\/li>\n<li><a href=\"https:\/\/edublog.educastur.es\/ixuxu\/2025\/06\/estau-del-tiempu-domingu-8-de-xunu\/\">Est\u00e1u del tiempu: domingu 8 de xunu<\/a><span class=\"post-date\">08\/06\/2025<\/span><\/li>\n<li><a href=\"https:\/\/edublog.educastur.es\/ixuxu\/2025\/06\/el-tiempu-el-comercio-60\/\">El tiempu (El Comercio)<\/a><span class=\"post-date\">08\/06\/2025<\/span><\/li>\n<li><a href=\"https:\/\/edublog.educastur.es\/ixuxu\/2025\/06\/ensin-biodiversida-nun-hai-futuru\/\">Ensin biodiversid\u00e1 nun hai futuru<\/a><span class=\"post-date\">08\/06\/2025<\/span><\/li>\n<li><a href=\"https:\/\/edublog.educastur.es\/ixuxu\/2025\/06\/escultura-a-los-madreneros-en-redes\/\">Escultura a los madre\u00f1eros, en Redes<\/a><span class=\"post-date\">07\/06\/2025<\/span><\/li>\n<li><a href=\"https:\/\/edublog.educastur.es\/ixuxu\/2025\/06\/asturies-entera-va-quedar-a-escures-mientres-casi-dos-minutos\/\">Asturies entera va quedar a escures mientres casi dos minutos.<\/a><span class=\"post-date\">07\/06\/2025<\/span><\/li>\n<li><a href=\"https:\/\/edublog.educastur.es\/ixuxu\/2025\/06\/conocies-esti-pueblu-al-que-namas-se-puede-entrar-dende-galicia\/\">\u00bfConoc\u00edes esti pueblu al que nam\u00e1s se puede entrar dende Galicia?<\/a><span class=\"post-date\">07\/06\/2025<\/span><\/li>\n<li><a href=\"https:\/\/edublog.educastur.es\/ixuxu\/2025\/06\/50329\/\">Les noticies del s\u00e1badu 7 de xunu de 2025 n\u2019asturianu #TPANoticies<\/a><span class=\"post-date\">07\/06\/2025<\/span><\/li>\n<li><a href=\"https:\/\/edublog.educastur.es\/ixuxu\/2025\/06\/llibru-leusquera-y-lasturianu-nes-xergues-secretes-dasturies\/\">Llibru \u00abL\u2019eusquera y l\u2019asturianu nes xergues secretes d\u2019Asturies\u00bb<\/a><span class=\"post-date\">07\/06\/2025<\/span><\/li>\n<li><a href=\"https:\/\/edublog.educastur.es\/ixuxu\/2025\/06\/xorda\/\">\u201cXorda\u201d<\/a><span class=\"post-date\">07\/06\/2025<\/span><\/li>\n<li><a href=\"https:\/\/edublog.educastur.es\/ixuxu\/2025\/06\/primeres-xornaes-de-cultura-sidrera-conceyu-de-llanes\/\">Primeres Xornaes de Cultura Sidrera, Llanes<\/a><span class=\"post-date\">07\/06\/2025<\/span><\/li>\n<li><a href=\"https:\/\/edublog.educastur.es\/ixuxu\/2025\/06\/los-directores-dinstitutu-tamien-se-movilicen\/\">Los directores d\u2019institutu tami\u00e9n se movilicen<\/a><span class=\"post-date\">07\/06\/2025<\/span><\/li>\n<li><a href=\"https:\/\/edublog.educastur.es\/ixuxu\/2025\/06\/51299\/\">D\u00eda Mediu Ambiente en Nava<\/a><span class=\"post-date\">07\/06\/2025<\/span><\/li>\n<li><a href=\"https:\/\/edublog.educastur.es\/ixuxu\/2025\/06\/pola-escuela-publica-2\/\">Pola escuela p\u00fablica.<\/a><span class=\"post-date\">07\/06\/2025<\/span><\/li>\n<li><a href=\"https:\/\/edublog.educastur.es\/ixuxu\/2025\/06\/50290\/\">(sin t\u00edtulo)<\/a><span class=\"post-date\">07\/06\/2025<\/span><\/li>\n<li><a href=\"https:\/\/edublog.educastur.es\/ixuxu\/2025\/06\/50271\/\">El tiempu (El Comercio)<\/a><span class=\"post-date\">07\/06\/2025<\/span><\/li>\n<li><a href=\"https:\/\/edublog.educastur.es\/ixuxu\/2025\/06\/estau-del-tiempu-sabadu-7-xunu\/\">Est\u00e1u del tiempu: s\u00e1badu 7 xunu<\/a><span class=\"post-date\">07\/06\/2025<\/span><\/li>\n<li><a href=\"https:\/\/edublog.educastur.es\/ixuxu\/2025\/06\/les-noticies-del-vienres-6-de-xunu-de-2025-nasturianu-tpanoticies\/\">Les noticies del vienres 6 de xunu de 2025 n\u2019asturianu #TPANoticies<\/a><span class=\"post-date\">06\/06\/2025<\/span><\/li>\n<li><a href=\"https:\/\/edublog.educastur.es\/ixuxu\/2025\/06\/50259\/\">Xuegu de mesa: \u00abEl Cam\u00edn de la Sidra\u00bb<\/a><span class=\"post-date\">06\/06\/2025<\/span><\/li>\n<li><a href=\"https:\/\/edublog.educastur.es\/ixuxu\/2025\/06\/50252\/\">(sin t\u00edtulo)<\/a><span class=\"post-date\">06\/06\/2025<\/span><\/li>\n<li><a href=\"https:\/\/edublog.educastur.es\/ixuxu\/2025\/06\/les-escuelines-tamien-a-la-fuelga\/\">Les Escuelines, tami\u00e9n a la fuelga<\/a><span class=\"post-date\">06\/06\/2025<\/span><\/li>\n<li><a href=\"https:\/\/edublog.educastur.es\/ixuxu\/2025\/06\/la-fuelga-educativa-se-descontrola-nasturies\/\">La fuelga educativa se descontrola n\u2019Asturies<\/a><span class=\"post-date\">06\/06\/2025<\/span><\/li>\n<li><a href=\"https:\/\/edublog.educastur.es\/ixuxu\/2025\/06\/ye-vidablel-desenvolvimientu-mineru-a-nivel-medioambiental\/\">\u00bfYe vidable\u2019l desenvolvimientu mineru a nivel medioambiental?<\/a><span class=\"post-date\">06\/06\/2025<\/span><\/li>\n<li><a href=\"https:\/\/edublog.educastur.es\/ixuxu\/2025\/06\/el-ibiense-que-quier-que-florie-la-so-tierra\/\">El ibiense que quier que \u00abflorie\u00bb la so tierra<\/a><span class=\"post-date\">06\/06\/2025<\/span><\/li>\n<li><a href=\"https:\/\/edublog.educastur.es\/ixuxu\/2025\/06\/larte-contemporaneu-asturianu-cruza-fronteres-y-vuelve-a-china\/\">L\u2019arte contemporaneu asturianu cruza fronteres y vuelve a China<\/a><span class=\"post-date\">06\/06\/2025<\/span><\/li>\n<li><a href=\"https:\/\/edublog.educastur.es\/ixuxu\/2025\/06\/el-tiempu-el-comercio-59\/\">El tiempu (El Comercio)<\/a><span class=\"post-date\">06\/06\/2025<\/span><\/li>\n<li><a href=\"https:\/\/edublog.educastur.es\/ixuxu\/2025\/06\/estau-del-tiempuvienres-6-de-xunu\/\">Est\u00e1u del tiempu:vienres 6 de xunu<\/a><span class=\"post-date\">06\/06\/2025<\/span><\/li>\n<li><a href=\"https:\/\/edublog.educastur.es\/ixuxu\/2025\/06\/el-conflictu-na-educacion-publica-asturiana-ensin-vies-de-solucion\/\">El conflictu na educaci\u00f3n p\u00fablica asturiana, ensin v\u00edes de soluci\u00f3n.<\/a><span class=\"post-date\">05\/06\/2025<\/span><\/li>\n<li><a href=\"https:\/\/edublog.educastur.es\/ixuxu\/2025\/06\/les-noticies-del-xueves-4-de-xunu-de-2025-nasturianu-tpanoticies\/\">Les noticies del xueves 5 de xunu de 2025 n\u2019asturianu #TPANoticies<\/a><span class=\"post-date\">05\/06\/2025<\/span><\/li>\n<li><a href=\"https:\/\/edublog.educastur.es\/ixuxu\/2025\/06\/50140\/\">(sin t\u00edtulo)<\/a><span class=\"post-date\">05\/06\/2025<\/span><\/li>\n<li><a href=\"https:\/\/edublog.educastur.es\/ixuxu\/2025\/06\/continuen-les-negociaciones-pa-la-meyora-d-ela-ensenaza-publica\/\">Contin\u00faen les negociaciones pa la meyora d ela ense\u00f1aza p\u00fablica<\/a><span class=\"post-date\">05\/06\/2025<\/span><\/li>\n<li><a href=\"https:\/\/edublog.educastur.es\/ixuxu\/2025\/06\/el-cantar-ganador-foi-%f0%9d%97%9f%f0%9d%97%ae-%f0%9d%97%bd%f0%9d%97%b6%f0%9d%98%81%f0%9d%97%ae-%e1%b8%b7%e1%b8%b7%f0%9d%98%82%f0%9d%97%b2%f0%9d%98%87%f0%9d%97%ae-que-fizo-lalumnau-del-cra\/\">El cantar ganador foi \u201c\ud835\udddf\ud835\uddee \ud835\uddfd\ud835\uddf6\ud835\ude01\ud835\uddee \u1e37\u1e37\ud835\ude02\ud835\uddf2\ud835\ude07\ud835\uddee que fizo l\u2019alumn\u00e1u del Cra Lena<\/a><span class=\"post-date\">05\/06\/2025<\/span><\/li>\n<li><a href=\"https:\/\/edublog.educastur.es\/ixuxu\/2025\/06\/album-colos-cantares-ganadores-del-concursu-al-son-del-cantar\/\">\u00c1lbum colos cantares ganadores del concursu \u00abAl son del cantar\u00bb<\/a><span class=\"post-date\">05\/06\/2025<\/span><\/li>\n<li><a href=\"https:\/\/edublog.educastur.es\/ixuxu\/2025\/06\/primer-batalla-de-canciones-nasturianu\/\">Primer Batalla de Canciones n\u2019asturianu<\/a><span class=\"post-date\">05\/06\/2025<\/span><\/li>\n<li><a href=\"https:\/\/edublog.educastur.es\/ixuxu\/2025\/06\/rodri-joglar-falanos-dun-discu-clave-na-hestoria-de-la-musica-de-raiganu\/\">Rodri Joglar f\u00e1lanos d\u2019un discu clave na hestoria de la m\u00fasica de raiga\u00f1u<\/a><span class=\"post-date\">05\/06\/2025<\/span><\/li>\n<li><a href=\"https:\/\/edublog.educastur.es\/ixuxu\/2025\/06\/que-ye-fuelga-aitana-castano\/\">\u00bfQu\u00e9 ye fuelga? (Aitana Casta\u00f1o)<\/a><span class=\"post-date\">05\/06\/2025<\/span><\/li>\n<li><a href=\"https:\/\/edublog.educastur.es\/ixuxu\/2025\/06\/once-medayes-pa-la-natacion-espanola\/\">Once medayes pa la Nataci\u00f3n Espa\u00f1ola<\/a><span class=\"post-date\">05\/06\/2025<\/span><\/li>\n<li><a href=\"https:\/\/edublog.educastur.es\/ixuxu\/2025\/06\/dicires-nasturianu-12\/\">Dicires n\u2019asturianu<\/a><span class=\"post-date\">05\/06\/2025<\/span><\/li>\n<li><a href=\"https:\/\/edublog.educastur.es\/ixuxu\/2025\/06\/la-reserva-hidrica-asturiana-al-92-de-la-so-capacida\/\">La reserva h\u00eddrica asturiana, al 92 % de la so capacid\u00e1<\/a><span class=\"post-date\">05\/06\/2025<\/span><\/li>\n<li><a href=\"https:\/\/edublog.educastur.es\/ixuxu\/2025\/06\/50207\/\">Talleres de xuegos<\/a><span class=\"post-date\">05\/06\/2025<\/span><\/li>\n<li><a href=\"https:\/\/edublog.educastur.es\/ixuxu\/2025\/06\/nun-puedes-perder-esta-esposicion-nel-bioparc-acuariu-de-xixon\/\">\u00a1Nun puedes perder esta esposici\u00f3n nel BIOPARC Acuariu de Xix\u00f3n!<\/a><span class=\"post-date\">05\/06\/2025<\/span><\/li>\n<li><a href=\"https:\/\/edublog.educastur.es\/ixuxu\/2025\/06\/los-sonios-de-la-naturaleza\/\">Los son\u00edos de la naturaleza<\/a><span class=\"post-date\">05\/06\/2025<\/span><\/li>\n<li><a href=\"https:\/\/edublog.educastur.es\/ixuxu\/2025\/06\/5-de-xunu-dia-mundial-del-mediu-ambiente\/\">5 de xunu, D\u00eda Mundial del Mediu Ambiente.<\/a><span class=\"post-date\">05\/06\/2025<\/span><\/li>\n<li><a href=\"https:\/\/edublog.educastur.es\/ixuxu\/2025\/06\/l-dia-mundial-de-los-oceanos\/\">8 de xunu: D\u00eda Mundial de los Oc\u00e9anos<\/a><span class=\"post-date\">05\/06\/2025<\/span><\/li>\n<li><a href=\"https:\/\/edublog.educastur.es\/ixuxu\/2025\/06\/dia-internacional-de-los-archivos-9-de-xunu\/\">D\u00eda Internacional de los Archivos (9 de xunu)<\/a><span class=\"post-date\">05\/06\/2025<\/span><\/li>\n<li><a href=\"https:\/\/edublog.educastur.es\/ixuxu\/2025\/06\/dia-mundial-del-mediu-ambiente-3\/\">D\u00eda Mundial del Mediu Ambiente<\/a><span class=\"post-date\">05\/06\/2025<\/span><\/li>\n<li><a href=\"https:\/\/edublog.educastur.es\/ixuxu\/2025\/06\/estau-del-tiempu-xueves-5-xunu\/\">Est\u00e1u del tiempu: xueves 5 xunu<\/a><span class=\"post-date\">05\/06\/2025<\/span><\/li>\n<li><a href=\"https:\/\/edublog.educastur.es\/ixuxu\/2025\/06\/les-noticies-del-miercoles-4-de-xunu-de-2025-nasturianu-tpanoticies\/\">Les noticies del mi\u00e9rcoles 4 de xunu de 2025 n\u2019asturianu #TPANoticies<\/a><span class=\"post-date\">04\/06\/2025<\/span><\/li>\n<li><a href=\"https:\/\/edublog.educastur.es\/ixuxu\/2025\/06\/abordamos-el-conflictu-educativu-y-la-fuelga-de-docentes\/\">Abordamos el conflictu educativu y la fuelga de docentes<\/a><span class=\"post-date\">04\/06\/2025<\/span><\/li>\n<li><a href=\"https:\/\/edublog.educastur.es\/ixuxu\/2025\/06\/ambiciosu-proyectu-pa-convertir-asturies-en-polu-de-la-industria-cinematografica-nacional\/\">Ambiciosu proyectu pa convertir Asturies en polu de la industria cinematogr\u00e1fica nacional.<\/a><span class=\"post-date\">04\/06\/2025<\/span><\/li>\n<li><a href=\"https:\/\/edublog.educastur.es\/ixuxu\/2025\/06\/el-museu-nacional-dantropoloxia-de-mexico-premio-princesa-de-la-concordia-2025\/\">El Mus\u00e9u Nacional d\u2019Antropolox\u00eda de M\u00e9xico, Premio Princesa de la Concordia 2025<\/a><span class=\"post-date\">04\/06\/2025<\/span><\/li>\n<li><a href=\"https:\/\/edublog.educastur.es\/ixuxu\/2025\/06\/fiestes-de-barriu-san-xuan-en-la-corredoria\/\">Fiestes de barriu: San Xuan en La Corredoria<\/a><span class=\"post-date\">04\/06\/2025<\/span><\/li>\n<li><a href=\"https:\/\/edublog.educastur.es\/ixuxu\/2025\/06\/pelegrinos-dee-uu-italia-coria-y-china-lleven-al-camin-primitivu-a-otru-record\/\">Pelegrinos d\u2019EE UU, Italia, Coria y China lleven al Cam\u00edn Primitivu a otru r\u00e9cord.<\/a><span class=\"post-date\">04\/06\/2025<\/span><\/li>\n<li><a href=\"https:\/\/edublog.educastur.es\/ixuxu\/2025\/06\/tal-dia-como-guei-de-1745-nacia-en-xixon-xosefa-de-xovellanos\/\">Tal d\u00eda como g\u00fcei de 1745 nac\u00eda en Xix\u00f3n Xosefa de Xovellanos<\/a><span class=\"post-date\">04\/06\/2025<\/span><\/li>\n<li><a href=\"https:\/\/edublog.educastur.es\/ixuxu\/2025\/06\/siguimos-na-llucha-pola-escuela-publica\/\">Siguimos na llucha pola escuela p\u00fablica<\/a><span class=\"post-date\">04\/06\/2025<\/span><\/li>\n<li><a href=\"https:\/\/edublog.educastur.es\/ixuxu\/2025\/06\/el-tiempu-el-comercio-58\/\">El tiempu (El Comercio)<\/a><span class=\"post-date\">04\/06\/2025<\/span><\/li>\n<li><a href=\"https:\/\/edublog.educastur.es\/ixuxu\/2025\/06\/el-primer-mouse-yera-de-madera\/\">El primer mouse yera de madera<\/a><span class=\"post-date\">03\/06\/2025<\/span><\/li>\n<li><a href=\"https:\/\/edublog.educastur.es\/ixuxu\/2025\/06\/espana-a-semis-de-lanationsleague\/\">Espa\u00f1a a semis de la#NationsLeague<\/a><span class=\"post-date\">03\/06\/2025<\/span><\/li>\n<li><a href=\"https:\/\/edublog.educastur.es\/ixuxu\/2025\/06\/la-sablera-asturiana-considerada-como-una-de-les-mas-espectaculares-del-pais\/\">La sablera asturiana d\u2019Andr\u00edn, \u00abuna de les m\u00e1s espectaculares del pa\u00eds\u00bb<\/a><span class=\"post-date\">03\/06\/2025<\/span><\/li>\n<li><a href=\"https:\/\/edublog.educastur.es\/ixuxu\/2025\/06\/50104\/\">(sin t\u00edtulo)<\/a><span class=\"post-date\">03\/06\/2025<\/span><\/li>\n<li><a href=\"https:\/\/edublog.educastur.es\/ixuxu\/2025\/06\/dos-pollos-de-franguesos-van-volar-lluevu-sobro-los-picos-deuropa\/\">Dos pollos de frang\u00fcesos van volar lluevu sobro los Picos d\u2019Europa<\/a><span class=\"post-date\">03\/06\/2025<\/span><\/li>\n<li><a href=\"https:\/\/edublog.educastur.es\/ixuxu\/2025\/06\/los-vaqueiros-vanse-vanse\/\">\u00abLos vaqueiros vanse vanse\u00bb<\/a><span class=\"post-date\">03\/06\/2025<\/span><\/li>\n<li><a href=\"https:\/\/edublog.educastur.es\/ixuxu\/2025\/06\/los-profesores-dan-un-pasu-mas-na-so-llucha-y-zarrense-nesta-conseyeria\/\">Los profesores dan un pasu m\u00e1s na so llucha y z\u00e1rrense na Conseyer\u00eda de Facienda y d\u2019Educaci\u00f3n<\/a><span class=\"post-date\">03\/06\/2025<\/span><\/li>\n<li><a href=\"https:\/\/edublog.educastur.es\/ixuxu\/2025\/06\/celebral-dia-de-la-bicicleta-pedaliando\/\">\u00a1Celebra\u2019l D\u00eda de la Bicicleta pedaliando!\u00a0<\/a><span class=\"post-date\">03\/06\/2025<\/span><\/li>\n<li><a href=\"https:\/\/edublog.educastur.es\/ixuxu\/2025\/06\/convocatoria-duna-fuelga-estudiantil-dende-esti-martes-en-solidarida-col-profesorau\/\">Convocatoria d\u2019una fuelga estudiantil dende esti martes en solidarid\u00e1 col profesor\u00e1u<\/a><span class=\"post-date\">03\/06\/2025<\/span><\/li>\n<li><a href=\"https:\/\/edublog.educastur.es\/ixuxu\/2025\/06\/hai-munches-razones-poles-que-beber-sidra-dasturies\/\">Hai munches razones poles que beber \u00abEsa sidra\u00bb d\u2019Asturies<\/a><span class=\"post-date\">03\/06\/2025<\/span><\/li>\n<li><a href=\"https:\/\/edublog.educastur.es\/ixuxu\/2025\/06\/la-cultura-sidrera-asturiana-protagonista-nel-estand-del-principau-na-fidma-2025\/\">La cultura sidrera asturiana, protagonista nel estand del Princip\u00e1u na Fidma 2025<\/a><span class=\"post-date\">03\/06\/2025<\/span><\/li>\n<li><a href=\"https:\/\/edublog.educastur.es\/ixuxu\/2025\/06\/diamundialdelasidra\/\">#D\u00edaMundialDeLaSidra<\/a><span class=\"post-date\">03\/06\/2025<\/span><\/li>\n<li><a href=\"https:\/\/edublog.educastur.es\/ixuxu\/2025\/06\/campana-notase-cuando-ye-mazana-asturiana\/\">Campa\u00f1a: \u00abN\u00d3TASE cuando ye mazana asturiana\u00bb<\/a><span class=\"post-date\">03\/06\/2025<\/span><\/li>\n<li><a href=\"https:\/\/edublog.educastur.es\/ixuxu\/2025\/06\/dia-internacional-de-la-sidra-6\/\">D\u00eda Internacional de la sidra<\/a><span class=\"post-date\">03\/06\/2025<\/span><\/li>\n<li><a href=\"https:\/\/edublog.educastur.es\/ixuxu\/2025\/06\/dia-internacional-de-la-sidra-dasturies\/\">D\u00eda Internacional de la Sidra d\u2019Asturies<\/a><span class=\"post-date\">03\/06\/2025<\/span><\/li>\n<li><a href=\"https:\/\/edublog.educastur.es\/ixuxu\/2025\/06\/el-tiempu-el-comercio-57\/\">El tiempu (El Comercio)<\/a><span class=\"post-date\">03\/06\/2025<\/span><\/li>\n<li><a href=\"https:\/\/edublog.educastur.es\/ixuxu\/2025\/06\/estau-del-tiempu-martes-3-de-mayu\/\">Est\u00e1u del tiempu: martes 3 de mayu<\/a><span class=\"post-date\">03\/06\/2025<\/span><\/li>\n<li><a href=\"https:\/\/edublog.educastur.es\/ixuxu\/2025\/06\/the-asturianer-no42-el-retorno\/\">The Asturianer n\u00ba42 \u00abEl retorno\u00bb<\/a><span class=\"post-date\">02\/06\/2025<\/span><\/li>\n<li><a href=\"https:\/\/edublog.educastur.es\/ixuxu\/2025\/06\/les-noticies-del-llunes-2-de-xunu-de-2025-nasturianu-tpanoticies\/\">Les noticies del llunes 2 de xunu de 2025 n\u2019asturianu #TPANoticies<\/a><span class=\"post-date\">02\/06\/2025<\/span><\/li>\n<li><a href=\"https:\/\/edublog.educastur.es\/ixuxu\/2025\/06\/tar-en-fierros\/\">\u00abTar en fierros\u00bb<\/a><span class=\"post-date\">02\/06\/2025<\/span><\/li>\n<li><a href=\"https:\/\/edublog.educastur.es\/ixuxu\/2025\/06\/resollu\/\">\u00abResollu\u00bb<\/a><span class=\"post-date\">02\/06\/2025<\/span><\/li>\n<li><a href=\"https:\/\/edublog.educastur.es\/ixuxu\/2025\/06\/siguimos-en-fuelga-educativa\/\">Siguimos en Fuelga educativa<\/a><span class=\"post-date\">02\/06\/2025<\/span><\/li>\n<li><a href=\"https:\/\/edublog.educastur.es\/ixuxu\/2025\/06\/estudien-abeyes-nayer-con-intelixencia-artificial\/\">Estudien abeyes n\u2019Ayer con Intelixencia Artificial<\/a><span class=\"post-date\">02\/06\/2025<\/span><\/li>\n<li><a href=\"https:\/\/edublog.educastur.es\/ixuxu\/2025\/06\/conseyos-dautoproteccion-del-112-asturies-si-sales-de-monte\/\">Conseyos d\u2019autoprotecci\u00f3n del 112 Asturies si sales de monte<\/a><span class=\"post-date\">02\/06\/2025<\/span><\/li>\n<li><a href=\"https:\/\/edublog.educastur.es\/ixuxu\/2025\/06\/incredulu\/\">\u00abIncr\u00e9dulu\u00bb<\/a><span class=\"post-date\">02\/06\/2025<\/span><\/li>\n<li><a href=\"https:\/\/edublog.educastur.es\/ixuxu\/2025\/06\/donde-procedel-toponimu-pumarin\/\">\u00bfD\u2019\u00f3nde procede\u2019l top\u00f3nimu \u201cPumar\u00edn\u201d?<\/a><span class=\"post-date\">02\/06\/2025<\/span><\/li>\n<li><a href=\"https:\/\/edublog.educastur.es\/ixuxu\/2025\/06\/les-agues-docho-de-cada-diez-sableres-asturianes-son-escelentes-paral-banu\/\">Les ag\u00fces d\u2019ocho de cada diez sableres asturianes son escelentes para\u2019l ba\u00f1u<\/a><span class=\"post-date\">02\/06\/2025<\/span><\/li>\n<li><a href=\"https:\/\/edublog.educastur.es\/ixuxu\/2025\/06\/49971\/\">Mediu Rural llibera animales que fueron atend\u00edos nel Centru de Recuperaci\u00f3n de la Fauna Montesa.<\/a><span class=\"post-date\">02\/06\/2025<\/span><\/li>\n<li><a href=\"https:\/\/edublog.educastur.es\/ixuxu\/2025\/06\/49966\/\">Sonora protesta docente\u2026<\/a><span class=\"post-date\">02\/06\/2025<\/span><\/li>\n<li><a href=\"https:\/\/edublog.educastur.es\/ixuxu\/2025\/06\/dia-mundial-de-la-etica-y-los-valores-eticos\/\">D\u00eda Mundial de la \u00c9tica y los valores \u00c9ticos<\/a><span class=\"post-date\">02\/06\/2025<\/span><\/li>\n<li><a href=\"https:\/\/edublog.educastur.es\/ixuxu\/2025\/06\/el-tiempu-el-comercio-56\/\">El tiempu (El Comercio)<\/a><span class=\"post-date\">02\/06\/2025<\/span><\/li>\n<li><a href=\"https:\/\/edublog.educastur.es\/ixuxu\/2025\/06\/estau-del-tiempu-llunes-2-de-xunu\/\">Est\u00e1u del tiempu: llunes 2 de xunu<\/a><span class=\"post-date\">02\/06\/2025<\/span><\/li>\n<li><a href=\"https:\/\/edublog.educastur.es\/ixuxu\/2025\/06\/camin-real-de-la-mesa-regresu-a-lo-esencial\/\">Cam\u00edn Real de la Mesa: Regresu a lo Esencial<\/a><span class=\"post-date\">01\/06\/2025<\/span><\/li>\n<li><a href=\"https:\/\/edublog.educastur.es\/ixuxu\/2025\/06\/cada-vez-mas-cerca-de-la-segunda-division\/\">Cada vez m\u00e1s cerca de la Segunda Divisi\u00f3n<\/a><span class=\"post-date\">01\/06\/2025<\/span><\/li>\n<li><a href=\"https:\/\/edublog.educastur.es\/ixuxu\/2025\/06\/termina-la-feria-de-lascension-nuvieu\/\">Termina la Feria de L\u2019Ascensi\u00f3n n\u2019Uvi\u00e9u<\/a><span class=\"post-date\">01\/06\/2025<\/span><\/li>\n<li><a href=\"https:\/\/edublog.educastur.es\/ixuxu\/2025\/06\/50096\/\">Sablera de Porc\u00eda (El Franco)<\/a><span class=\"post-date\">01\/06\/2025<\/span><\/li>\n<li><a href=\"https:\/\/edublog.educastur.es\/ixuxu\/2025\/06\/laficion-puxa-pol-uvieu\/\">L\u2019afici\u00f3n puxa \u00a1A\u00fapa Uvi\u00e9u!<\/a><span class=\"post-date\">01\/06\/2025<\/span><\/li>\n<li><a href=\"https:\/\/edublog.educastur.es\/ixuxu\/2025\/06\/50007\/\">(sin t\u00edtulo)<\/a><span class=\"post-date\">01\/06\/2025<\/span><\/li>\n<li><a href=\"https:\/\/edublog.educastur.es\/ixuxu\/2025\/06\/historica-movilizacion-pola-ensenanza-publica\/\">Hist\u00f3rica movilizaci\u00f3n pola ense\u00f1anza p\u00fablica<\/a><span class=\"post-date\">01\/06\/2025<\/span><\/li>\n<li><a href=\"https:\/\/edublog.educastur.es\/ixuxu\/2025\/06\/manifestacion-hestorica-nuvieu-pola-educacion-publica-de-calida\/\">Manifestaci\u00f3n hest\u00f3rica n\u2019Uvi\u00e9u por una Educaci\u00f3n p\u00fablica de calid\u00e1<\/a><span class=\"post-date\">01\/06\/2025<\/span><\/li>\n<li><a href=\"https:\/\/edublog.educastur.es\/ixuxu\/2025\/06\/manifestacion-docente-nuvieu\/\">Manifestaci\u00f3n docente n\u2019Uvi\u00e9u<\/a><span class=\"post-date\">01\/06\/2025<\/span><\/li>\n<li><a href=\"https:\/\/edublog.educastur.es\/ixuxu\/2025\/06\/dia-grande-de-lascension-nuvieu\/\">D\u00eda grande de L\u2019Ascensi\u00f3n n\u2019Uvi\u00e9u<\/a><span class=\"post-date\">01\/06\/2025<\/span><\/li>\n<li><a href=\"https:\/\/edublog.educastur.es\/ixuxu\/2025\/06\/fuelga\/\">Fuelga<\/a><span class=\"post-date\">01\/06\/2025<\/span><\/li>\n<li><a href=\"https:\/\/edublog.educastur.es\/ixuxu\/2025\/06\/49950\/\">Si la escuela sostiense, ye porque hai munches sosteni\u00e9ndola<\/a><span class=\"post-date\">01\/06\/2025<\/span><\/li>\n<li><a href=\"https:\/\/edublog.educastur.es\/ixuxu\/2025\/06\/dia-mundial-de-los-arrefcifes\/\">D\u00eda Mundial de los Arrecifes<\/a><span class=\"post-date\">01\/06\/2025<\/span><\/li>\n<li><a href=\"https:\/\/edublog.educastur.es\/ixuxu\/2025\/06\/en-xunu\/\">En xunu\u2026<\/a><span class=\"post-date\">01\/06\/2025<\/span><\/li>\n<li><a href=\"https:\/\/edublog.educastur.es\/ixuxu\/2025\/06\/xunu\/\">\u00abXunu\u00bb<\/a><span class=\"post-date\">01\/06\/2025<\/span><\/li>\n<li><a href=\"https:\/\/edublog.educastur.es\/ixuxu\/2025\/06\/el-tiempu-el-comercio-55\/\">El tiempu (EL Comercio)<\/a><span class=\"post-date\">01\/06\/2025<\/span><\/li>\n<\/ul>\n","protected":false},"excerpt":{"rendered":"<p>En mou \u00abmereciu descansu\u00bb30\/06\/2025 Pasi\u00f3n pola sidra30\/06\/2025 Prau de la Vega, n\u2019Uvi\u00e9u, va una d\u00e9cada\u202630\/06\/2025 Las noticias del lunes 30 de junio de 2025 en Asturianu #TPANoticies30\/06\/2025 Asturies acueye\u2019l Campeonatu d\u2019Espa\u00f1a de selecciones auton\u00f3miques de voleibol30\/06\/2025 Ayudes de la Pol\u00edtica Agr\u00edcola Com\u00fan (PAC) n\u2019Asturies30\/06\/2025 Cultura va apurrir la marca Alfaya a les empreses que fomenten [&hellip;]<\/p>\n","protected":false},"author":117,"featured_media":0,"parent":38590,"menu_order":0,"comment_status":"closed","ping_status":"closed","template":"","meta":{"footnotes":""},"class_list":["post-64914","page","type-page","status-publish","hentry"],"_links":{"self":[{"href":"https:\/\/edublog.educastur.es\/ixuxu\/wp-json\/wp\/v2\/pages\/64914","targetHints":{"allow":["GET"]}}],"collection":[{"href":"https:\/\/edublog.educastur.es\/ixuxu\/wp-json\/wp\/v2\/pages"}],"about":[{"href":"https:\/\/edublog.educastur.es\/ixuxu\/wp-json\/wp\/v2\/types\/page"}],"author":[{"embeddable":true,"href":"https:\/\/edublog.educastur.es\/ixuxu\/wp-json\/wp\/v2\/users\/117"}],"replies":[{"embeddable":true,"href":"https:\/\/edublog.educastur.es\/ixuxu\/wp-json\/wp\/v2\/comments?post=64914"}],"version-history":[{"count":2,"href":"https:\/\/edublog.educastur.es\/ixuxu\/wp-json\/wp\/v2\/pages\/64914\/revisions"}],"predecessor-version":[{"id":64916,"href":"https:\/\/edublog.educastur.es\/ixuxu\/wp-json\/wp\/v2\/pages\/64914\/revisions\/64916"}],"up":[{"embeddable":true,"href":"https:\/\/edublog.educastur.es\/ixuxu\/wp-json\/wp\/v2\/pages\/38590"}],"wp:attachment":[{"href":"https:\/\/edublog.educastur.es\/ixuxu\/wp-json\/wp\/v2\/media?parent=64914"}],"curies":[{"name":"wp","href":"https:\/\/api.w.org\/{rel}","templated":true}]}}