{"id":64917,"date":"2026-01-02T21:21:16","date_gmt":"2026-01-02T19:21:16","guid":{"rendered":"https:\/\/edublog.educastur.es\/ixuxu\/?page_id=64917"},"modified":"2026-01-02T21:21:20","modified_gmt":"2026-01-02T19:21:20","slug":"05_mayu","status":"publish","type":"page","link":"https:\/\/edublog.educastur.es\/ixuxu\/archivu-blogue\/articulos\/2025-2\/05_mayu\/","title":{"rendered":"05_Mayu"},"content":{"rendered":"<ul>\n<li><a href=\"https:\/\/edublog.educastur.es\/ixuxu\/2025\/05\/estrenu-del-cantar-escuela-asturiana-del-grupu-skama-la-rede\/\">Estrenu del cantar \u00abEscuela Asturiana\u00bb del grupu \u00abSKAMA LA REDE\u00bb<\/a><span class=\"post-date\">31\/05\/2025<\/span><\/li>\n<li><a href=\"https:\/\/edublog.educastur.es\/ixuxu\/2025\/05\/les-noticies-del-sabadu-31-de-mayu-de-2025-nasturianu-tpanoticies\/\">Les noticies del s\u00e1badu 31 de mayu de 2025 n\u2019asturianu #TPANoticies<\/a><span class=\"post-date\">31\/05\/2025<\/span><\/li>\n<li><a href=\"https:\/\/edublog.educastur.es\/ixuxu\/2025\/05\/13-reis\/\">El poema sinf\u00f3nicu \u201913 Reis\u2019 cor\u00f3nase per tolo alto nel Auditoriu.<\/a><span class=\"post-date\">31\/05\/2025<\/span><\/li>\n<li><a href=\"https:\/\/edublog.educastur.es\/ixuxu\/2025\/05\/desfile-folcloricu-desta-edicion-de-lascension\/\">Desfile folcl\u00f3ricu d\u2019esta edici\u00f3n de l\u2019Ascensi\u00f3n<\/a><span class=\"post-date\">31\/05\/2025<\/span><\/li>\n<li><a href=\"https:\/\/edublog.educastur.es\/ixuxu\/2025\/05\/recordando-a-la-gran-escritora-corin-tellado\/\">Recordando a la gran escritora Cor\u00edn Tellado<\/a><span class=\"post-date\">31\/05\/2025<\/span><\/li>\n<li><a href=\"https:\/\/edublog.educastur.es\/ixuxu\/2025\/05\/taller-del-escultor-herminio-na-carida-el-franco\/\">Taller del escultor Herminio n\u2019A Carid\u00e1 (El Franco)<\/a><span class=\"post-date\">31\/05\/2025<\/span><\/li>\n<li><a href=\"https:\/\/edublog.educastur.es\/ixuxu\/2025\/05\/49874\/\">(sin t\u00edtulo)<\/a><span class=\"post-date\">31\/05\/2025<\/span><\/li>\n<li><a href=\"https:\/\/edublog.educastur.es\/ixuxu\/2025\/05\/estau-del-tiempu-sabadu-31-de-mayu\/\">Est\u00e1u del tiempu: s\u00e1badu 31 de mayu<\/a><span class=\"post-date\">31\/05\/2025<\/span><\/li>\n<li><a href=\"https:\/\/edublog.educastur.es\/ixuxu\/2025\/05\/les-noticies-del-vienres-30-de-mayu-de-2025-nasturianu-tpanoticies\/\">Les noticies del vienres 30 de mayu de 2025 n\u2019asturianu #TPANoticies<\/a><span class=\"post-date\">30\/05\/2025<\/span><\/li>\n<li><a href=\"https:\/\/edublog.educastur.es\/ixuxu\/2025\/05\/xornada-la-moceda-frente-a-la-emerxencia-climatica\/\">Xorn\u00e1: \u00abLa moced\u00e1 frente a la emerxencia clim\u00e1tica\u00bb<\/a><span class=\"post-date\">30\/05\/2025<\/span><\/li>\n<li><a href=\"https:\/\/edublog.educastur.es\/ixuxu\/2025\/05\/49831\/\">(sin t\u00edtulo)<\/a><span class=\"post-date\">30\/05\/2025<\/span><\/li>\n<li><a href=\"https:\/\/edublog.educastur.es\/ixuxu\/2025\/05\/49824\/\">La ense\u00f1anza asturiana sigue adelantre cola fuelga indefinida<\/a><span class=\"post-date\">30\/05\/2025<\/span><\/li>\n<li><a href=\"https:\/\/edublog.educastur.es\/ixuxu\/2025\/05\/49820\/\">\u00a1Queremos cuidar el nuesu planeta n\u2019asturianu!<\/a><span class=\"post-date\">30\/05\/2025<\/span><\/li>\n<li><a href=\"https:\/\/edublog.educastur.es\/ixuxu\/2025\/05\/acuario-de-xixon\/\">Acuario de Xix\u00f3n<\/a><span class=\"post-date\">30\/05\/2025<\/span><\/li>\n<li><a href=\"https:\/\/edublog.educastur.es\/ixuxu\/2025\/05\/dia-internacional-de-la-sidra-5\/\">D\u00eda Internacional de la Sidra<\/a><span class=\"post-date\">30\/05\/2025<\/span><\/li>\n<li><a href=\"https:\/\/edublog.educastur.es\/ixuxu\/2025\/05\/49798\/\">Sobro la fotograf\u00eda\u2026<\/a><span class=\"post-date\">30\/05\/2025<\/span><\/li>\n<li><a href=\"https:\/\/edublog.educastur.es\/ixuxu\/2025\/05\/dicires-nasturianu-11\/\">Dicires n\u2019asturianu<\/a><span class=\"post-date\">30\/05\/2025<\/span><\/li>\n<li><a href=\"https:\/\/edublog.educastur.es\/ixuxu\/2025\/05\/lascension-nuvieu\/\">L\u2019Ascensi\u00f3n n\u2019Uvi\u00e9u<\/a><span class=\"post-date\">30\/05\/2025<\/span><\/li>\n<li><a href=\"https:\/\/edublog.educastur.es\/ixuxu\/2025\/05\/49795\/\">El tiempu (El Comerciu)<\/a><span class=\"post-date\">30\/05\/2025<\/span><\/li>\n<li><a href=\"https:\/\/edublog.educastur.es\/ixuxu\/2025\/05\/estau-del-tiempu-vienres-30-mayu\/\">Est\u00e1u del tiempu: vienres 30 mayu<\/a><span class=\"post-date\">30\/05\/2025<\/span><\/li>\n<li><a href=\"https:\/\/edublog.educastur.es\/ixuxu\/2025\/05\/nel-pieces-desta-selmana\/\">Nel Pieces d\u2019esta selmana<\/a><span class=\"post-date\">29\/05\/2025<\/span><\/li>\n<li><a href=\"https:\/\/edublog.educastur.es\/ixuxu\/2025\/05\/manisferstacion-nuvieu-el-prosimu-domingu\/\">Manisfestaci\u00f3n n\u2019Uvi\u00e9u, el pr\u00f3simu domingu<\/a><span class=\"post-date\">29\/05\/2025<\/span><\/li>\n<li><a href=\"https:\/\/edublog.educastur.es\/ixuxu\/2025\/05\/les-noticies-del-xueves-29-de-mayu-de-2025-nasturianu-tpanoticies\/\">Les noticies del xueves 29 de mayu de 2025 n\u2019asturianu #TPANoticies<\/a><span class=\"post-date\">29\/05\/2025<\/span><\/li>\n<li><a href=\"https:\/\/edublog.educastur.es\/ixuxu\/2025\/05\/facer-furacos-en-cielu\/\">\u00abFacer furacos en cielu\u00bb<\/a><span class=\"post-date\">29\/05\/2025<\/span><\/li>\n<li><a href=\"https:\/\/edublog.educastur.es\/ixuxu\/2025\/05\/xornaes-gastronomiques-del-dii-mundial-de-la-sidre-nuvieu-del-al-8-de-xunu\/\">Xornaes gastron\u00f3miques del D\u00edi Mundial de la Sidre, n\u2019Uvi\u00e9u, del 3-8 xunu<\/a><span class=\"post-date\">29\/05\/2025<\/span><\/li>\n<li><a href=\"https:\/\/edublog.educastur.es\/ixuxu\/2025\/05\/campana-sidrera-pide-sidra-dasturies-notase-cuando-ye-mazana-dasturies\/\">Campa\u00f1a sidrera: \u00a1Pide Sidra d\u2019Asturies! \u00abN\u00f3tase cuando ye mazana d\u2019Asturies\u00bb<\/a><span class=\"post-date\">29\/05\/2025<\/span><\/li>\n<li><a href=\"https:\/\/edublog.educastur.es\/ixuxu\/2025\/05\/principau-dasturies\/\">Princip\u00e1u d\u2019Asturies<\/a><span class=\"post-date\">29\/05\/2025<\/span><\/li>\n<li><a href=\"https:\/\/edublog.educastur.es\/ixuxu\/2025\/05\/cantares-que-vuelvense-virales\/\">Cantares virales<\/a><span class=\"post-date\">29\/05\/2025<\/span><\/li>\n<li><a href=\"https:\/\/edublog.educastur.es\/ixuxu\/2025\/05\/abandonu-fabrica-de-loza-san-cloyo\/\">Abandonu: F\u00e1brica de loza San Cloyo<\/a><span class=\"post-date\">29\/05\/2025<\/span><\/li>\n<li><a href=\"https:\/\/edublog.educastur.es\/ixuxu\/2025\/05\/reserva-ecoturista-de-la-espana-verde\/\">Reserva Ecoturista de la Espa\u00f1a Verde<\/a><span class=\"post-date\">29\/05\/2025<\/span><\/li>\n<li><a href=\"https:\/\/edublog.educastur.es\/ixuxu\/2025\/05\/la-feria-de-lascension-duvieu-arrinca-esta-fin-de-selmana\/\">La Feria de l\u2019Ascensi\u00f3n d\u2019Uvi\u00e9u arrinca esta fin de selmana.<\/a><span class=\"post-date\">29\/05\/2025<\/span><\/li>\n<li><a href=\"https:\/\/edublog.educastur.es\/ixuxu\/2025\/05\/valdesoto-siero-cola-sidre-del-31-de-mayu-a-1-de-xunu\/\">Valdesoto (Siero) cola Sidre, del 31 de mayu a 1 de xunu<\/a><span class=\"post-date\">29\/05\/2025<\/span><\/li>\n<li><a href=\"https:\/\/edublog.educastur.es\/ixuxu\/2025\/05\/fosterlang-nuevu-proyeutu-europeu-pa-impulsar-les-llingues-minorizaes\/\">Fosterlang: nuevu proyeutu europ\u00e9u pa impulsar les lling\u00fces minorizaes<\/a><span class=\"post-date\">29\/05\/2025<\/span><\/li>\n<li><a href=\"https:\/\/edublog.educastur.es\/ixuxu\/2025\/05\/les-llingues-minoritaries-y-la-comunida-europea\/\">Les lling\u00fces minoritaries y la Comunid\u00e1 Europea<\/a><span class=\"post-date\">29\/05\/2025<\/span><\/li>\n<li><a href=\"https:\/\/edublog.educastur.es\/ixuxu\/2025\/05\/les-llingues-minoraes-son-una-riqueza\/\">Les Lling\u00fces minoraes son una riqueza<\/a><span class=\"post-date\">29\/05\/2025<\/span><\/li>\n<li><a href=\"https:\/\/edublog.educastur.es\/ixuxu\/2025\/05\/refuxu-bacterioloxicu\/\">\u00abRefuxu bacteriol\u00f3xicu\u00bb<\/a><span class=\"post-date\">29\/05\/2025<\/span><\/li>\n<li><a href=\"https:\/\/edublog.educastur.es\/ixuxu\/2025\/05\/49714\/\">La indignaci\u00f3n de los profes asturianos visti de negru<\/a><span class=\"post-date\">29\/05\/2025<\/span><\/li>\n<li><a href=\"https:\/\/edublog.educastur.es\/ixuxu\/2025\/05\/un-decalogu-para-vivir-lautenticida-del-paraisu-natural\/\">Un Dec\u00e1logu para Vivir l\u2019Autenticid\u00e1 del Para\u00edsu Natural<\/a><span class=\"post-date\">29\/05\/2025<\/span><\/li>\n<li><a href=\"https:\/\/edublog.educastur.es\/ixuxu\/2025\/05\/aemet-tien-vixente-para-guei-nasturies-un-avisu-mariellu-por-altes-temperatures\/\">AEMET tien vixente para g\u00fcei n\u2019Asturies un avisu mariellu por altes temperatures<\/a><span class=\"post-date\">29\/05\/2025<\/span><\/li>\n<li><a href=\"https:\/\/edublog.educastur.es\/ixuxu\/2025\/05\/sanida-activa-lalerta-por-calor-nasturies-va-ser-el-dia-mas-calorosu-no-que-va-danu\/\">Sanid\u00e1 activa l\u2019alerta por calor n\u2019Asturies: va ser el d\u00eda m\u00e1s calorosu no que va d\u2019a\u00f1u<\/a><span class=\"post-date\">29\/05\/2025<\/span><\/li>\n<li><a href=\"https:\/\/edublog.educastur.es\/ixuxu\/2025\/05\/estau-del-tiempu-xueves-29-mayu\/\">Est\u00e1u del tiempu: xueves 29 mayu<\/a><span class=\"post-date\">29\/05\/2025<\/span><\/li>\n<li><a href=\"https:\/\/edublog.educastur.es\/ixuxu\/2025\/05\/les-noticies-del-miercoles-28-de-mayu-de-2025-nasturianu-tpanoticies\/\">Les noticies del mi\u00e9rcoles 28 de mayu de 2025 n\u2019asturianu #TPANoticies<\/a><span class=\"post-date\">28\/05\/2025<\/span><\/li>\n<li><a href=\"https:\/\/edublog.educastur.es\/ixuxu\/2025\/05\/49701\/\">(sin t\u00edtulo)<\/a><span class=\"post-date\">28\/05\/2025<\/span><\/li>\n<li><a href=\"https:\/\/edublog.educastur.es\/ixuxu\/2025\/05\/asturies-ufierta-38-esperiencies-na-reserva-ecoturista-de-la-espana-verde\/\">Asturies ufierta 38 esperiencies na Reserva Ecoturista de la \u2018Espa\u00f1a Verde\u2019<\/a><span class=\"post-date\">28\/05\/2025<\/span><\/li>\n<li><a href=\"https:\/\/edublog.educastur.es\/ixuxu\/2025\/05\/selena-williams-premio-princesa-dasturies-de-los-deportes\/\">Serena Williams, Premiu Princesa d\u2019Asturies de los Deportes<\/a><span class=\"post-date\">28\/05\/2025<\/span><\/li>\n<li><a href=\"https:\/\/edublog.educastur.es\/ixuxu\/2025\/05\/barbon-reacciona-a-la-fuelga-de-profesores-nasturies\/\">Barb\u00f3n reacciona a la fuelga de profesores n\u2019Asturies<\/a><span class=\"post-date\">28\/05\/2025<\/span><\/li>\n<li><a href=\"https:\/\/edublog.educastur.es\/ixuxu\/2025\/05\/dia-internacional-del-xuegu-5\/\">D\u00eda Internacional del Xuegu.<\/a><span class=\"post-date\">28\/05\/2025<\/span><\/li>\n<li><a href=\"https:\/\/edublog.educastur.es\/ixuxu\/2025\/05\/estau-del-tiempu-miercoles-28\/\">Est\u00e1u del tiempu: mi\u00e9rcoles 28<\/a><span class=\"post-date\">28\/05\/2025<\/span><\/li>\n<li><a href=\"https:\/\/edublog.educastur.es\/ixuxu\/2025\/05\/el-tiempu-el-comercio-54\/\">El tiempu (El Comercio)<\/a><span class=\"post-date\">28\/05\/2025<\/span><\/li>\n<li><a href=\"https:\/\/edublog.educastur.es\/ixuxu\/2025\/05\/les-noticies-del-martes-27-de-mayu-de-2024-nasturianu-tpanoticies\/\">Les noticies del martes 27 de mayu de 2024 n\u2019asturianu #TPANoticies<\/a><span class=\"post-date\">27\/05\/2025<\/span><\/li>\n<li><a href=\"https:\/\/edublog.educastur.es\/ixuxu\/2025\/05\/concentracion-de-los-docentes-asturianos-nuvieu\/\">Concentraci\u00f3n de los docentes asturianos n\u2019Uvi\u00e9u.<\/a><span class=\"post-date\">27\/05\/2025<\/span><\/li>\n<li><a href=\"https:\/\/edublog.educastur.es\/ixuxu\/2025\/05\/49565\/\">(sin t\u00edtulo)<\/a><span class=\"post-date\">27\/05\/2025<\/span><\/li>\n<li><a href=\"https:\/\/edublog.educastur.es\/ixuxu\/2025\/05\/el-miel-dasturies-igp-ta-de-norabona\/\">El Miel d\u2019Asturies IGP, \u00a1ta de NORABONA!<\/a><span class=\"post-date\">27\/05\/2025<\/span><\/li>\n<li><a href=\"https:\/\/edublog.educastur.es\/ixuxu\/2025\/05\/feria-lascension-nuvieu\/\">Feria L\u2019Ascensi\u00f3n n\u2019Uvi\u00e9u<\/a><span class=\"post-date\">27\/05\/2025<\/span><\/li>\n<li><a href=\"https:\/\/edublog.educastur.es\/ixuxu\/2025\/05\/mieres-pon-en-marcha-un-ampliu-programa-dactividaes-rellacionaes-col-mediu-ambiente\/\">\u00a0Mieres pon en marcha un ampliu programa d\u2019actividaes rellacionaes col mediu ambiente.<\/a><span class=\"post-date\">27\/05\/2025<\/span><\/li>\n<li><a href=\"https:\/\/edublog.educastur.es\/ixuxu\/2025\/05\/el-tortoday-torna-a-la-rexon\/\">\u00a1El #TortoDay torna a la rex\u00f3n!<\/a><span class=\"post-date\">27\/05\/2025<\/span><\/li>\n<li><a href=\"https:\/\/edublog.educastur.es\/ixuxu\/2025\/05\/49569\/\">(sin t\u00edtulo)<\/a><span class=\"post-date\">27\/05\/2025<\/span><\/li>\n<li><a href=\"https:\/\/edublog.educastur.es\/ixuxu\/2025\/05\/la-importante-llabor-de-la-fundacion-margarita-salas\/\">La importante llabor de la Fundaci\u00f3n Margarita Salas<\/a><span class=\"post-date\">27\/05\/2025<\/span><\/li>\n<li><a href=\"https:\/\/edublog.educastur.es\/ixuxu\/2025\/05\/maravillosa-semeya-dun-osu\/\">Maravillosa semeya d\u2019un osu<\/a><span class=\"post-date\">27\/05\/2025<\/span><\/li>\n<li><a href=\"https:\/\/edublog.educastur.es\/ixuxu\/2025\/05\/la-fuelga-educativa-tomo-esti-martes-les-cais\/\">La fuelga educativa tom\u00f3 esti martes les cais<\/a><span class=\"post-date\">27\/05\/2025<\/span><\/li>\n<li><a href=\"https:\/\/edublog.educastur.es\/ixuxu\/2025\/05\/fuelga-docente-yel-nuesu-futuru\/\">Fuelga docente: Ye\u2019l nuesu futuru\u201d<\/a><span class=\"post-date\">27\/05\/2025<\/span><\/li>\n<li><a href=\"https:\/\/edublog.educastur.es\/ixuxu\/2025\/05\/49624\/\">El Gobiernu d\u2019Asturies declara xornaes a la bandera y les Instituciones asturianes<\/a><span class=\"post-date\">27\/05\/2025<\/span><\/li>\n<li><a href=\"https:\/\/edublog.educastur.es\/ixuxu\/2025\/05\/estau-del-tiempu-martes-27-mayu\/\">Est\u00e1u del tiempu: martes 27 mayu<\/a><span class=\"post-date\">27\/05\/2025<\/span><\/li>\n<li><a href=\"https:\/\/edublog.educastur.es\/ixuxu\/2025\/05\/el-tiempu-el-comercio-53\/\">El tiempu (El Comercio)<\/a><span class=\"post-date\">27\/05\/2025<\/span><\/li>\n<li><a href=\"https:\/\/edublog.educastur.es\/ixuxu\/2025\/05\/postal-fotografica-asturiana\/\">Postal Fotogr\u00e1fica Asturiana.<\/a><span class=\"post-date\">26\/05\/2025<\/span><\/li>\n<li><a href=\"https:\/\/edublog.educastur.es\/ixuxu\/2025\/05\/les-noticies-del-llunes-26-de-mayu-de-2025-nasturianu-tpanoticies\/\">Les noticies del llunes 26 de mayu de 2025 n\u2019asturianu #TPANoticies<\/a><span class=\"post-date\">26\/05\/2025<\/span><\/li>\n<li><a href=\"https:\/\/edublog.educastur.es\/ixuxu\/2025\/05\/49561\/\">(sin t\u00edtulo)<\/a><span class=\"post-date\">26\/05\/2025<\/span><\/li>\n<li><a href=\"https:\/\/edublog.educastur.es\/ixuxu\/2025\/05\/el-bosco-resurde-en-mieres-como-una-mina-iconografica\/\">El Bosco resurde en Mieres como una mina iconogr\u00e1fica<\/a><span class=\"post-date\">26\/05\/2025<\/span><\/li>\n<li><a href=\"https:\/\/edublog.educastur.es\/ixuxu\/2025\/05\/bugre\/\">\u00abBugre\u00bb<\/a><span class=\"post-date\">26\/05\/2025<\/span><\/li>\n<li><a href=\"https:\/\/edublog.educastur.es\/ixuxu\/2025\/05\/la-feria-de-lascension-duvieu-acueye-esti-fin-de-selmana-mas-de-15-actuaciones-de-musica-asturiana\/\">La Feria de L\u2019Ascensi\u00f3n d\u2019Uvi\u00e9u acueye esti fin de selmana m\u00e1s de 15 actuaciones de m\u00fasica asturiana<\/a><span class=\"post-date\">26\/05\/2025<\/span><\/li>\n<li><a href=\"https:\/\/edublog.educastur.es\/ixuxu\/2025\/05\/del-19-al-27-de-xunetu-festival-interceltico-de-aviles-y-comarca\/\">Del 19 al 27 de xunetu, , Festival Interceltico de Avil\u00e9s y Comarca<\/a><span class=\"post-date\">26\/05\/2025<\/span><\/li>\n<li><a href=\"https:\/\/edublog.educastur.es\/ixuxu\/2025\/05\/los-nomes-meyor-nasturianu\/\">Los nomes, meyor n\u2019asturianu<\/a><span class=\"post-date\">26\/05\/2025<\/span><\/li>\n<li><a href=\"https:\/\/edublog.educastur.es\/ixuxu\/2025\/05\/49559\/\">(sin t\u00edtulo)<\/a><span class=\"post-date\">26\/05\/2025<\/span><\/li>\n<li><a href=\"https:\/\/edublog.educastur.es\/ixuxu\/2025\/05\/educacion-busca-un-alcuerdu-para-evitar-la-fuelga\/\">Educaci\u00f3n busca un alcuerdu para evitar la fuelga<\/a><span class=\"post-date\">26\/05\/2025<\/span><\/li>\n<li><a href=\"https:\/\/edublog.educastur.es\/ixuxu\/2025\/05\/dia-mundial-de-dracula\/\">D\u00eda Mundial de Dr\u00e1cula<\/a><span class=\"post-date\">26\/05\/2025<\/span><\/li>\n<li><a href=\"https:\/\/edublog.educastur.es\/ixuxu\/2025\/05\/estau-del-tiempu-llunes-26-mayu\/\">Est\u00e1u del tiempu: llunes 26 mayu<\/a><span class=\"post-date\">26\/05\/2025<\/span><\/li>\n<li><a href=\"https:\/\/edublog.educastur.es\/ixuxu\/2025\/05\/el-tiempu-el-comercio-52\/\">El tiempu (El Comercio)<\/a><span class=\"post-date\">26\/05\/2025<\/span><\/li>\n<li><a href=\"https:\/\/edublog.educastur.es\/ixuxu\/2025\/05\/49557\/\">(sin t\u00edtulo)<\/a><span class=\"post-date\">25\/05\/2025<\/span><\/li>\n<li><a href=\"https:\/\/edublog.educastur.es\/ixuxu\/2025\/05\/les-noticies-del-domingu-25-de-mayu-de-2025-nasturianu-tpanoticies\/\">Les noticies del domingu 25 de mayu de 2025 n\u2019asturianu #TPANoticies<\/a><span class=\"post-date\">25\/05\/2025<\/span><\/li>\n<li><a href=\"https:\/\/edublog.educastur.es\/ixuxu\/2025\/05\/49532\/\">La buelga de Rafa Nadal nel tenis mundial.<\/a><span class=\"post-date\">25\/05\/2025<\/span><\/li>\n<li><a href=\"https:\/\/edublog.educastur.es\/ixuxu\/2025\/05\/vuelven-les-xornaes-gastronomiques-de-lascension-a-uvieu\/\">\u00a1Vuelven les Xornaes Gastron\u00f3miques de l\u2019Ascensi\u00f3n a Uvi\u00e9u!<\/a><span class=\"post-date\">25\/05\/2025<\/span><\/li>\n<li><a href=\"https:\/\/edublog.educastur.es\/ixuxu\/2025\/05\/pola-ascension-cereces-nuvieu\/\">Llega la feria L\u2019Ascensi\u00f3n, 30 mayu al 1 xunu, n\u2019Uvi\u00e9u<\/a><span class=\"post-date\">25\/05\/2025<\/span><\/li>\n<li><a href=\"https:\/\/edublog.educastur.es\/ixuxu\/2025\/05\/futbol-cita-del-real-uvieu-cola-hestoria-en-tenerife\/\">F\u00fatbol: Cita del Real Uvi\u00e9u cola hestoria en Tenerife<\/a><span class=\"post-date\">25\/05\/2025<\/span><\/li>\n<li><a href=\"https:\/\/edublog.educastur.es\/ixuxu\/2025\/05\/el-proximu-miercoles-28-de-mayu-simulacru-del-serviciu-demerxencies\/\">El pr\u00f3ximu mi\u00e9rcoles 28 de mayu: simulacru del Serviciu d\u2019Emerxencies<\/a><span class=\"post-date\">25\/05\/2025<\/span><\/li>\n<li><a href=\"https:\/\/edublog.educastur.es\/ixuxu\/2025\/05\/byung-chul-han-la-lentitu-como-velocida-del-pensamientu\/\">Byung-Chul Han, la lentit\u00fa como velocid\u00e1 del pensamientu<\/a><span class=\"post-date\">25\/05\/2025<\/span><\/li>\n<li><a href=\"https:\/\/edublog.educastur.es\/ixuxu\/2025\/05\/y-ende-xusto-ende-cuando-faes-silenciu\/\">Y ende, xusto ende, cuando faes silenciu\u2026<\/a><span class=\"post-date\">25\/05\/2025<\/span><\/li>\n<li><a href=\"https:\/\/edublog.educastur.es\/ixuxu\/2025\/05\/actividaes-del-programa-xixon-branu25\/\">Actividaes del programa Xix\u00f3n Branu\u201925<\/a><span class=\"post-date\">25\/05\/2025<\/span><\/li>\n<li><a href=\"https:\/\/edublog.educastur.es\/ixuxu\/2025\/05\/49456\/\">Mariluz Crist\u00f3bal Caunedo, uno de los nombres m\u00e1s importantes de la canci\u00f3n asturiana.<\/a><span class=\"post-date\">25\/05\/2025<\/span><\/li>\n<li><a href=\"https:\/\/edublog.educastur.es\/ixuxu\/2025\/05\/elegancia-en-movimientu-y-pieza-clave-nel-equilibriu-marin\/\">Elegancia en movimientu y pieza clave nel equilibriu mar\u00edn.<\/a><span class=\"post-date\">25\/05\/2025<\/span><\/li>\n<li><a href=\"https:\/\/edublog.educastur.es\/ixuxu\/2025\/05\/49834\/\">(sin t\u00edtulo)<\/a><span class=\"post-date\">25\/05\/2025<\/span><\/li>\n<li><a href=\"https:\/\/edublog.educastur.es\/ixuxu\/2025\/05\/el-llaboratoriu-soterranu-mas-grande-despana\/\">El llaboratoriu soterra\u00f1u m\u00e1s grande d\u2019Espa\u00f1a<\/a><span class=\"post-date\">25\/05\/2025<\/span><\/li>\n<li><a href=\"https:\/\/edublog.educastur.es\/ixuxu\/2025\/05\/serie-los-secretos-de-los-pinguinos\/\">Serie: \u00abLos secretos de los ping\u00fcinos\u00bb<\/a><span class=\"post-date\">25\/05\/2025<\/span><\/li>\n<li><a href=\"https:\/\/edublog.educastur.es\/ixuxu\/2025\/05\/entama-la-campana-pa-la-publicacion-del-asturpoli\/\">Campa\u00f1a pa la publicaci\u00f3n del Asturpoli.<\/a><span class=\"post-date\">25\/05\/2025<\/span><\/li>\n<li><a href=\"https:\/\/edublog.educastur.es\/ixuxu\/2025\/05\/cellebracion-del-40-aniversariu-dasturies-paraisu-natural-en-bilbao\/\">Cellebraci\u00f3n del 40 Aniversariu d\u2019Asturies Para\u00edsu Natural en Bilbao<\/a><span class=\"post-date\">25\/05\/2025<\/span><\/li>\n<li><a href=\"https:\/\/edublog.educastur.es\/ixuxu\/2025\/05\/dia-del-argullu-friki\/\">D\u00eda del Arguyu Friki<\/a><span class=\"post-date\">25\/05\/2025<\/span><\/li>\n<li><a href=\"https:\/\/edublog.educastur.es\/ixuxu\/2025\/05\/cuan-yel-orixe-de-la-bandera-dasturies\/\">\u00bfCu\u00e1l ye\u2019l orixe de la bandera d\u2019Asturies?<\/a><span class=\"post-date\">25\/05\/2025<\/span><\/li>\n<li><a href=\"https:\/\/edublog.educastur.es\/ixuxu\/2025\/05\/dia-dafrica-2\/\">D\u00eda d\u2019\u00c1frica<\/a><span class=\"post-date\">25\/05\/2025<\/span><\/li>\n<li><a href=\"https:\/\/edublog.educastur.es\/ixuxu\/2025\/05\/barbon-propon-regular-por-lleil-dia-de-la-bandera-dasturies\/\">Barb\u00f3n prop\u00f3n regular por llei\u2019l D\u00eda de la Bandera d\u2019Asturies<\/a><span class=\"post-date\">25\/05\/2025<\/span><\/li>\n<li><a href=\"https:\/\/edublog.educastur.es\/ixuxu\/2025\/05\/feliz-dia-de-la-bandera-dasturies\/\">Fel\u00edz D\u00eda de la bandera d\u2019Asturies<\/a><span class=\"post-date\">25\/05\/2025<\/span><\/li>\n<li><a href=\"https:\/\/edublog.educastur.es\/ixuxu\/2025\/05\/48653\/\">El movimientu 25 de mayu n\u2019Asturies\u2026<\/a><span class=\"post-date\">25\/05\/2025<\/span><\/li>\n<li><a href=\"https:\/\/edublog.educastur.es\/ixuxu\/2025\/05\/49605\/\">(sin t\u00edtulo)<\/a><span class=\"post-date\">25\/05\/2025<\/span><\/li>\n<li><a href=\"https:\/\/edublog.educastur.es\/ixuxu\/2025\/05\/alguna-vez-reparasti-nos-pequenos-detalles-de-la-bandera-dasturies\/\">\u00bfAlguna vez reparasti nos peque\u00f1os detalles de la bandera d\u2019Asturies?<\/a><span class=\"post-date\">25\/05\/2025<\/span><\/li>\n<li><a href=\"https:\/\/edublog.educastur.es\/ixuxu\/2025\/05\/47074\/\">Recordamos esti webc\u00f3mic cola hestoria del orixe de la bandera d\u2019Asturies<\/a><span class=\"post-date\">25\/05\/2025<\/span><\/li>\n<li><a href=\"https:\/\/edublog.educastur.es\/ixuxu\/2025\/05\/un-pocu-dhestoria-bandera-dasturies\/\">Un pocu d\u2019Hestoria: bandera d\u2019Asturies \u00ab#asturina\u00bb<\/a><span class=\"post-date\">25\/05\/2025<\/span><\/li>\n<li><a href=\"https:\/\/edublog.educastur.es\/ixuxu\/2025\/05\/musica-del-dia-de-la-bandera-2025-nasturies\/\">M\u00fasica del D\u00eda de la bandera 2025 n\u2019Asturies<\/a><span class=\"post-date\">25\/05\/2025<\/span><\/li>\n<li><a href=\"https:\/\/edublog.educastur.es\/ixuxu\/2025\/05\/dia-de-la-bandera-asturiana-2\/\">D\u00eda de la Bandera Asturiana<\/a><span class=\"post-date\">25\/05\/2025<\/span><\/li>\n<li><a href=\"https:\/\/edublog.educastur.es\/ixuxu\/2025\/05\/la-nuesa-bandera-guapa-y-galana-como-la-santina\/\">La nuesa bandera, guapa y galana como La Santina<\/a><span class=\"post-date\">25\/05\/2025<\/span><\/li>\n<li><a href=\"https:\/\/edublog.educastur.es\/ixuxu\/2025\/05\/estau-del-tiempu-domingu-25-mayu-2025\/\">Est\u00e1u del tiempu: domingu 25 mayu 2025<\/a><span class=\"post-date\">25\/05\/2025<\/span><\/li>\n<li><a href=\"https:\/\/edublog.educastur.es\/ixuxu\/2025\/05\/el-tiempu-el-comercio-51\/\">El tiempu (El Comercio)<\/a><span class=\"post-date\">25\/05\/2025<\/span><\/li>\n<li><a href=\"https:\/\/edublog.educastur.es\/ixuxu\/2025\/05\/les-noticies-del-sabadu-24-de-mayu-de-2025-nasturianu-tpanoticies\/\">Les noticies del s\u00e1badu 24 de mayu de 2025 n\u2019asturianu #TPANoticies<\/a><span class=\"post-date\">24\/05\/2025<\/span><\/li>\n<li><a href=\"https:\/\/edublog.educastur.es\/ixuxu\/2025\/05\/49394\/\">(sin t\u00edtulo)<\/a><span class=\"post-date\">24\/05\/2025<\/span><\/li>\n<li><a href=\"https:\/\/edublog.educastur.es\/ixuxu\/2025\/05\/el-principau-dasturies-unu-de-los-cuatro-supervivientes-de-la-vieya-europa\/\">El Princip\u00e1u d\u2019Asturies, unu de los cuatro supervivientes de la vieya Europa<\/a><span class=\"post-date\">24\/05\/2025<\/span><\/li>\n<li><a href=\"https:\/\/edublog.educastur.es\/ixuxu\/2025\/05\/proyeutu-densenu-dasturianu-padultos-noyos\/\">Proyeutu d\u2019ense\u00f1u d\u2019asturianu p\u2019adultos Noyos.<\/a><span class=\"post-date\">24\/05\/2025<\/span><\/li>\n<li><a href=\"https:\/\/edublog.educastur.es\/ixuxu\/2025\/05\/el-madreneru-cangues-raul-martinez-conviertese-en-guardian-rural\/\">El madre\u00f1eru cangu\u00e9s Ra\u00fal Mart\u00ednez convi\u00e9rtese en \u00abGuardi\u00e1n Rural\u00bb<\/a><span class=\"post-date\">24\/05\/2025<\/span><\/li>\n<li><a href=\"https:\/\/edublog.educastur.es\/ixuxu\/2025\/05\/l-mercau-artesano-y-ecoloxico-nuvieu-28-y-29-de-xunu\/\">Merc\u00e1u Artesano y Ecol\u00f3xico n\u2019Uvi\u00e9u: 28 y 29 de xunu<\/a><span class=\"post-date\">24\/05\/2025<\/span><\/li>\n<li><a href=\"https:\/\/edublog.educastur.es\/ixuxu\/2025\/05\/49362\/\">(sin t\u00edtulo)<\/a><span class=\"post-date\">24\/05\/2025<\/span><\/li>\n<li><a href=\"https:\/\/edublog.educastur.es\/ixuxu\/2025\/05\/foriatu\/\">\u201cForiatu\u201d<\/a><span class=\"post-date\">24\/05\/2025<\/span><\/li>\n<li><a href=\"https:\/\/edublog.educastur.es\/ixuxu\/2025\/05\/thor-to-mascota-de-la-iii-edicion-del-tortoday-dia-mundial-de-los-tortos-de-maiz\/\">THOR- TO, mascota de la III EDICI\u00d3N del #TortoDay, D\u00eda Mundial de los Tortos de Ma\u00edz<\/a><span class=\"post-date\">24\/05\/2025<\/span><\/li>\n<li><a href=\"https:\/\/edublog.educastur.es\/ixuxu\/2025\/05\/himnu-dasturies\/\">Himnu d\u2019Asturies<\/a><span class=\"post-date\">24\/05\/2025<\/span><\/li>\n<li><a href=\"https:\/\/edublog.educastur.es\/ixuxu\/2025\/05\/dia-europeu-de-los-parques-naturales-5\/\">D\u00eda Europ\u00e9u de los Parques Naturales.<\/a><span class=\"post-date\">24\/05\/2025<\/span><\/li>\n<li><a href=\"https:\/\/edublog.educastur.es\/ixuxu\/2025\/05\/dia-europeu-de-los-parques-2\/\">D\u00eda Europeu de los parques<\/a><span class=\"post-date\">24\/05\/2025<\/span><\/li>\n<li><a href=\"https:\/\/edublog.educastur.es\/ixuxu\/2025\/05\/el-tiempu-el-comercio-50\/\">El tiempu (El Comercio)<\/a><span class=\"post-date\">24\/05\/2025<\/span><\/li>\n<li><a href=\"https:\/\/edublog.educastur.es\/ixuxu\/2025\/05\/estau-del-tiempu-sabadu-24-de-mayu\/\">Est\u00e1u del tiempu: s\u00e1badu 24 de mayu<\/a><span class=\"post-date\">24\/05\/2025<\/span><\/li>\n<li><a href=\"https:\/\/edublog.educastur.es\/ixuxu\/2025\/05\/asturies-camin-dun-escenariu-climaticu-ensin-precedentes\/\">Asturies cam\u00edn d\u2019un escenariu clim\u00e1ticu ensin precedentes<\/a><span class=\"post-date\">23\/05\/2025<\/span><\/li>\n<li><a href=\"https:\/\/edublog.educastur.es\/ixuxu\/2025\/05\/les-noticies-del-vienres-23-de-mayu-de-2025-nasturianu-tpanoticies\/\">Les noticies del vienres 23 de mayu de 2025 n\u2019asturianu #TPANoticies<\/a><span class=\"post-date\">23\/05\/2025<\/span><\/li>\n<li><a href=\"https:\/\/edublog.educastur.es\/ixuxu\/2025\/05\/dexonos-sebastiao-salgado-unu-de-los-mas-grandes-fotografos-del-nuesu-tiempu\/\">Dex\u00f3nos Sebasti\u00e3o Salgado, unu de los m\u00e1s grandes fot\u00f3grafos social del nuesu tiempu<\/a><span class=\"post-date\">23\/05\/2025<\/span><\/li>\n<li><a href=\"https:\/\/edublog.educastur.es\/ixuxu\/2025\/05\/premiu-princesa-dasturies-de-les-artes-2025\/\">Una fot\u00f3grafa mexicana, Premiu Princesa d\u2019Asturies de les Artes 2025.<\/a><span class=\"post-date\">23\/05\/2025<\/span><\/li>\n<li><a href=\"https:\/\/edublog.educastur.es\/ixuxu\/2025\/05\/49385\/\">(sin t\u00edtulo)<\/a><span class=\"post-date\">23\/05\/2025<\/span><\/li>\n<li><a href=\"https:\/\/edublog.educastur.es\/ixuxu\/2025\/05\/y-que-cuando-la-inspiracion-ande-rondando-pilleme-despiertaaaaa\/\">Y que cuando la inspiraci\u00f3n ande rondando\u2026<\/a><span class=\"post-date\">23\/05\/2025<\/span><\/li>\n<li><a href=\"https:\/\/edublog.educastur.es\/ixuxu\/2025\/05\/el-primer-bonitu-rulau-nel-musel-a-5380-euros-el-quilu\/\">El primer bonitu rulau n\u2019El Musel, a 53,80 euros el quilu<\/a><span class=\"post-date\">23\/05\/2025<\/span><\/li>\n<li><a href=\"https:\/\/edublog.educastur.es\/ixuxu\/2025\/05\/los-teitos-son-agora-queseries-en-somiedu\/\">El chef asturianu Jos\u00e9 Andr\u00e9s apadrina \u00abel sua\u00f1u\u00bb d\u2019una ecu queser\u00eda en teitos de Somiedu<\/a><span class=\"post-date\">23\/05\/2025<\/span><\/li>\n<li><a href=\"https:\/\/edublog.educastur.es\/ixuxu\/2025\/05\/dia-mundial-de-les-tortues\/\">D\u00eda Mundial de les Tort\u00faes<\/a><span class=\"post-date\">23\/05\/2025<\/span><\/li>\n<li><a href=\"https:\/\/edublog.educastur.es\/ixuxu\/2025\/05\/el-tiempu-nespana\/\">El branu que tendremos n\u2019Espa\u00f1a<\/a><span class=\"post-date\">23\/05\/2025<\/span><\/li>\n<li><a href=\"https:\/\/edublog.educastur.es\/ixuxu\/2025\/05\/el-tiempu-nasturies-el-comercio-12\/\">El tiempu n\u2019Asturies (El Comercio)<\/a><span class=\"post-date\">23\/05\/2025<\/span><\/li>\n<li><a href=\"https:\/\/edublog.educastur.es\/ixuxu\/2025\/05\/estau-del-tiempu-vienres-23-mayu\/\">Est\u00e1u del tiempu: vienres 23 mayu<\/a><span class=\"post-date\">23\/05\/2025<\/span><\/li>\n<li><a href=\"https:\/\/edublog.educastur.es\/ixuxu\/2025\/05\/viaxe-intergalacticu\/\">\u00abViaxe intergal\u00e1cticu\u00bb<\/a><span class=\"post-date\">22\/05\/2025<\/span><\/li>\n<li><a href=\"https:\/\/edublog.educastur.es\/ixuxu\/2025\/05\/les-noticies-del-xueves-22-de-mayu-de-2025-nasturianu-tpanoticies\/\">Les noticies del xueves 22 de mayu de 2025 n\u2019asturianu #TPANoticies<\/a><span class=\"post-date\">22\/05\/2025<\/span><\/li>\n<li><a href=\"https:\/\/edublog.educastur.es\/ixuxu\/2025\/05\/via-lactea\/\">V\u00eda L\u00e1ctea<\/a><span class=\"post-date\">22\/05\/2025<\/span><\/li>\n<li><a href=\"https:\/\/edublog.educastur.es\/ixuxu\/2025\/05\/dia-mundial-del-xuegu-na-cai-piovi-2025\/\">D\u00eda Mundial del Xuegu na cai \u00abPIOVI 2025\u00bb<\/a><span class=\"post-date\">22\/05\/2025<\/span><\/li>\n<li><a href=\"https:\/\/edublog.educastur.es\/ixuxu\/2025\/05\/noveda-la-sorrisa-del-tyranosauriu-antoloxia-de-cuentos-fantasticos\/\">Noved\u00e1: \u00abLa sorrisa del Tyranosauriu. Antolox\u00eda de cuentos fant\u00e1sticos\u00bb<\/a><span class=\"post-date\">22\/05\/2025<\/span><\/li>\n<li><a href=\"https:\/\/edublog.educastur.es\/ixuxu\/2025\/05\/museu-de-los-paises-celtes-en-corvera-2\/\">Mus\u00e9u de los Pa\u00edses Celtes, en Corvera<\/a><span class=\"post-date\">22\/05\/2025<\/span><\/li>\n<li><a href=\"https:\/\/edublog.educastur.es\/ixuxu\/2025\/05\/vides-paraleles\/\">\u00abVides paraleles\u00bb<\/a><span class=\"post-date\">22\/05\/2025<\/span><\/li>\n<li><a href=\"https:\/\/edublog.educastur.es\/ixuxu\/2025\/05\/el-cascu-historicu-daviles-va-ser-el-protagonista-del-cupon-de-la-once-del-22-de-mayu\/\">El cascu hist\u00f3ricu d\u2019Avil\u00e9s va ser el protagonista del cup\u00f3n de la ONCE del 22 de mayu<\/a><span class=\"post-date\">22\/05\/2025<\/span><\/li>\n<li><a href=\"https:\/\/edublog.educastur.es\/ixuxu\/2025\/05\/dia-internacional-de-la-biodiversida-bioloxica\/\">D\u00eda Internacional de la biodiversid\u00e1 biol\u00f3xica<\/a><span class=\"post-date\">22\/05\/2025<\/span><\/li>\n<li><a href=\"https:\/\/edublog.educastur.es\/ixuxu\/2025\/05\/estau-del-tiempu-xueves-22-mayu\/\">Est\u00e1u del tiempu: xueves 22 mayu<\/a><span class=\"post-date\">22\/05\/2025<\/span><\/li>\n<li><a href=\"https:\/\/edublog.educastur.es\/ixuxu\/2025\/05\/el-tiempu-nasturies-el-comercio-11\/\">El tiempu n\u2019Asturies (El Comercio)<\/a><span class=\"post-date\">22\/05\/2025<\/span><\/li>\n<li><a href=\"https:\/\/edublog.educastur.es\/ixuxu\/2025\/05\/convocatoria-de-fuelga-para-los-proximos-27-de-mayu-y-5-de-xunu\/\">Convocatoria de fuelga para los d\u00edes 27 de mayu y 5 de xunu<\/a><span class=\"post-date\">21\/05\/2025<\/span><\/li>\n<li><a href=\"https:\/\/edublog.educastur.es\/ixuxu\/2025\/05\/el-calendariu-escolar-paral-cursu-2025-2026-aprobau-y-espublizau-nel-bopa\/\">El calendariu escolar para\u2019l cursu 2025-2026, aprob\u00e1u y espubliz\u00e1u nel BOPA<\/a><span class=\"post-date\">21\/05\/2025<\/span><\/li>\n<li><a href=\"https:\/\/edublog.educastur.es\/ixuxu\/2025\/05\/apartamentos-con-tematica-de-el-senor-de-los-anios-destinaos-a-families\/\">Apartamentos n\u2019Arg\u00fceru con tem\u00e1tica de \u00abEl Se\u00f1or de los An\u00edos\u00bb destinaos a families<\/a><span class=\"post-date\">21\/05\/2025<\/span><\/li>\n<li><a href=\"https:\/\/edublog.educastur.es\/ixuxu\/2025\/05\/les-noticies-del-miercoles-21-de-mayo-de-2025-nasturianu-tpanoticies\/\">Les noticies del mi\u00e9rcoles 21 de mayo de 2025 n\u2019asturianu #TPANoticies<\/a><span class=\"post-date\">21\/05\/2025<\/span><\/li>\n<li><a href=\"https:\/\/edublog.educastur.es\/ixuxu\/2025\/05\/esta-version-de-la-xenta-mas-nuevo-suena-mui-bien\/\">Esta versi\u00f3n de la xente m\u00e1s nuevo suena mui bien<\/a><span class=\"post-date\">21\/05\/2025<\/span><\/li>\n<li><a href=\"https:\/\/edublog.educastur.es\/ixuxu\/2025\/05\/la-gran-noveda-na-feria-de-lascension-campeonatu-de-bateo-doru\/\">La gran noved\u00e1 na feria de l\u2019Ascensi\u00f3n: campeonatu de bateo d\u2019oru.<\/a><span class=\"post-date\">21\/05\/2025<\/span><\/li>\n<li><a href=\"https:\/\/edublog.educastur.es\/ixuxu\/2025\/05\/felix-feria-del-llibru-de-xixon-del-18-22-de-xunu\/\">FeLiX (Feria del Llibru de Xix\u00f3n), del 18-22 de xunu<\/a><span class=\"post-date\">21\/05\/2025<\/span><\/li>\n<li><a href=\"https:\/\/edublog.educastur.es\/ixuxu\/2025\/05\/48686\/\">LibrOviedo, del 21 al 25 de mayu<\/a><span class=\"post-date\">21\/05\/2025<\/span><\/li>\n<li><a href=\"https:\/\/edublog.educastur.es\/ixuxu\/2025\/05\/interpretamos-un-cartelu-11\/\">Interpretamos un cartelu<\/a><span class=\"post-date\">21\/05\/2025<\/span><\/li>\n<li><a href=\"https:\/\/edublog.educastur.es\/ixuxu\/2025\/05\/lilo-y-stitch-el-vienres-23-en-cines\/\">Lilo y Stitch, en cines, vienres 23 de mayu<\/a><span class=\"post-date\">21\/05\/2025<\/span><\/li>\n<li><a href=\"https:\/\/edublog.educastur.es\/ixuxu\/2025\/05\/musica-folk-en-palaciu-de-villanueva-grau\/\">M\u00fasica Folk en Palaciu de Villanueva, Grau<\/a><span class=\"post-date\">21\/05\/2025<\/span><\/li>\n<li><a href=\"https:\/\/edublog.educastur.es\/ixuxu\/2025\/05\/49238\/\">Horru del Mus\u00e9u Etnogr\u00e1ficu de Grandas de Salime<\/a><span class=\"post-date\">21\/05\/2025<\/span><\/li>\n<li><a href=\"https:\/\/edublog.educastur.es\/ixuxu\/2025\/05\/materiales-audiovisuales-nuevos-de-la-rede-meda-de-museos-etnograficos\/\">Materiales audiovisuales nuevos de la Rede MEDA de Museos Etnogr\u00e1ficos<\/a><span class=\"post-date\">21\/05\/2025<\/span><\/li>\n<li><a href=\"https:\/\/edublog.educastur.es\/ixuxu\/2025\/05\/asturies-consolida-la-so-marca-ciclismu-por-naturaleza\/\">Asturies consolida la so marca \u00abCiclismu por Naturaleza\u00bb<\/a><span class=\"post-date\">21\/05\/2025<\/span><\/li>\n<li><a href=\"https:\/\/edublog.educastur.es\/ixuxu\/2025\/05\/reinterpretacion-del-traxe-tradicional-asturianu\/\">Reinterpretaci\u00f3n del traxe tradicional asturianu<\/a><span class=\"post-date\">21\/05\/2025<\/span><\/li>\n<li><a href=\"https:\/\/edublog.educastur.es\/ixuxu\/2025\/05\/dia-mundial-de-la-diversida-cultural-paral-dialogu-y-el-desenvolvimientu\/\">D\u00eda Mundial de la Diversid\u00e1 Cultural para\u2019l Di\u00e1logu y el Desenvolvimientu.<\/a><span class=\"post-date\">21\/05\/2025<\/span><\/li>\n<li><a href=\"https:\/\/edublog.educastur.es\/ixuxu\/2025\/05\/dia-europeu-de-la-rede-natura-2000\/\">D\u00eda Europ\u00e9u de la Rede Natura 2000<\/a><span class=\"post-date\">21\/05\/2025<\/span><\/li>\n<li><a href=\"https:\/\/edublog.educastur.es\/ixuxu\/2025\/05\/tiempu-nasturies-el-comercio-17\/\">Tiempu n\u2019Asturies (El Comercio)<\/a><span class=\"post-date\">21\/05\/2025<\/span><\/li>\n<li><a href=\"https:\/\/edublog.educastur.es\/ixuxu\/2025\/05\/estau-del-tiempu-miercoles-21-mayu\/\">Est\u00e1u del tiempu: mi\u00e9rcoles 21 mayu<\/a><span class=\"post-date\">21\/05\/2025<\/span><\/li>\n<li><a href=\"https:\/\/edublog.educastur.es\/ixuxu\/2025\/05\/reedicion-de-la-historia-de-la-lliteratura-asturiana-tomo-i\/\">Reedici\u00f3n de la \u00abHistoria de la Lliteratura Asturiana\u00bb Tomo I<\/a><span class=\"post-date\">20\/05\/2025<\/span><\/li>\n<li><a href=\"https:\/\/edublog.educastur.es\/ixuxu\/2025\/05\/les-noticies-del-martes-20-de-mayu-de-2025-nasturianu-tpanoticies\/\">Les noticies del martes 20 de mayu de 2025 n\u2019asturianu #TPANoticies<\/a><span class=\"post-date\">20\/05\/2025<\/span><\/li>\n<li><a href=\"https:\/\/edublog.educastur.es\/ixuxu\/2025\/05\/real-uvieu-masculin-a-un-pasu-de-primera-division\/\">Real Uvi\u00e9u Mascul\u00edn, a un piques del ascensu a Primera<\/a><span class=\"post-date\">20\/05\/2025<\/span><\/li>\n<li><a href=\"https:\/\/edublog.educastur.es\/ixuxu\/2025\/05\/el-cantar-de-la-oficilialida-llego-la-hora\/\">El Cantar de la oficialid\u00e1: \u00abLleg\u00f3 la hora\u00bb<\/a><span class=\"post-date\">20\/05\/2025<\/span><\/li>\n<li><a href=\"https:\/\/edublog.educastur.es\/ixuxu\/2025\/05\/xxv-aniversario-de-la-preba-de-la-sidra-na-cai-gascona\/\">XXV Aniversario de la Preba de la Sidra na Cai Gascona<\/a><span class=\"post-date\">20\/05\/2025<\/span><\/li>\n<li><a href=\"https:\/\/edublog.educastur.es\/ixuxu\/2025\/05\/xornaes-especiales-de-los-tortos-tortoday\/\">Xorn\u00e1es especiales de los tortos n\u2019Uvi\u00e9u y Xix\u00f3n: 28 mayu<\/a><span class=\"post-date\">20\/05\/2025<\/span><\/li>\n<li><a href=\"https:\/\/edublog.educastur.es\/ixuxu\/2025\/05\/iv-concursu-dindumentaria-depoca\/\">IV Concursu d\u2019Indumentaria d\u2019\u00c9poca<\/a><span class=\"post-date\">20\/05\/2025<\/span><\/li>\n<li><a href=\"https:\/\/edublog.educastur.es\/ixuxu\/2025\/05\/por-que-hai-gaviluetes-nuvieu-si-ye-una-ciuda-que-nun-tien-mar\/\">\u00bfPor qu\u00e9 hai gaviluetes n\u2019Uvi\u00e9u si ye una ciud\u00e1 que nun tien mar?<\/a><span class=\"post-date\">20\/05\/2025<\/span><\/li>\n<li><a href=\"https:\/\/edublog.educastur.es\/ixuxu\/2025\/05\/monte-de-la-biescona\/\">Monte de La Biescona.<\/a><span class=\"post-date\">20\/05\/2025<\/span><\/li>\n<li><a href=\"https:\/\/edublog.educastur.es\/ixuxu\/2025\/05\/49105\/\">(sin t\u00edtulo)<\/a><span class=\"post-date\">20\/05\/2025<\/span><\/li>\n<li><a href=\"https:\/\/edublog.educastur.es\/ixuxu\/2025\/05\/atencion-tribu-danzante-del-pitafesta\/\">Atenci\u00f3n, tribu danzante del PitaFesta!<\/a><span class=\"post-date\">20\/05\/2025<\/span><\/li>\n<li><a href=\"https:\/\/edublog.educastur.es\/ixuxu\/2025\/05\/v-carrera-ruta-pola-segurida-pa-fomentar-vezos-saludables\/\">\u2018V Carrera Ruta pola segurid\u00e1\u2019 pa fomentar vezos saludables<\/a><span class=\"post-date\">20\/05\/2025<\/span><\/li>\n<li><a href=\"https:\/\/edublog.educastur.es\/ixuxu\/2025\/05\/cascoxos\/\">Cascoxos<\/a><span class=\"post-date\">20\/05\/2025<\/span><\/li>\n<li><a href=\"https:\/\/edublog.educastur.es\/ixuxu\/2025\/05\/uvieu-vuelve-poner-en-marcha-la-ruta-mas-llambiona-de-la-capital-asturiana\/\">Uvi\u00e9u llambi\u00f3n: 20 de mayu al 15 de xunu<\/a><span class=\"post-date\">20\/05\/2025<\/span><\/li>\n<li><a href=\"https:\/\/edublog.educastur.es\/ixuxu\/2025\/05\/preba-de-la-sidre-2025-na-cai-gascona-duvieu\/\">Preba de la Sidre 2025, na cai gascona d\u2019Uvi\u00e9u<\/a><span class=\"post-date\">20\/05\/2025<\/span><\/li>\n<li><a href=\"https:\/\/edublog.educastur.es\/ixuxu\/2025\/05\/49033\/\">El Cachuchu, en Ribeseya, primer reserva protexida puramente marina d\u2019Espa\u00f1a<\/a><span class=\"post-date\">20\/05\/2025<\/span><\/li>\n<li><a href=\"https:\/\/edublog.educastur.es\/ixuxu\/2025\/05\/dia-mundial-de-les-abeyes-3\/\">D\u00eda Mundial de les Abeyes<\/a><span class=\"post-date\">20\/05\/2025<\/span><\/li>\n<li><a href=\"https:\/\/edublog.educastur.es\/ixuxu\/2025\/05\/nasturies-la-abeya-maya\/\">N\u2019Asturies, la abeya Maya<\/a><span class=\"post-date\">20\/05\/2025<\/span><\/li>\n<li><a href=\"https:\/\/edublog.educastur.es\/ixuxu\/2025\/05\/tiempu-nasturies-el-comercio-16\/\">Tiempu n\u2019Asturies (El Comercio)<\/a><span class=\"post-date\">20\/05\/2025<\/span><\/li>\n<li><a href=\"https:\/\/edublog.educastur.es\/ixuxu\/2025\/05\/proyeutu-dhorizonte-europa-pa-dar-puxu-poles-llingues-minorizaes\/\">Proyeutu d\u2019Horizonte Europa pa dar puxu poles lling\u00fces minorizaes<\/a><span class=\"post-date\">19\/05\/2025<\/span><\/li>\n<li><a href=\"https:\/\/edublog.educastur.es\/ixuxu\/2025\/05\/les-noticies-del-llunes-19-de-mayu-de-2025-nasturianu-tpanoticies\/\">Les noticies del llunes 19 de mayu de 2025 n\u2019asturianu #TPANoticies<\/a><span class=\"post-date\">19\/05\/2025<\/span><\/li>\n<li><a href=\"https:\/\/edublog.educastur.es\/ixuxu\/2025\/05\/gaza-resorts\/\">\u00abGaza Resorts\u00bb<\/a><span class=\"post-date\">19\/05\/2025<\/span><\/li>\n<li><a href=\"https:\/\/edublog.educastur.es\/ixuxu\/2025\/05\/revista-viermo-carpinteiro-neonaviego\/\">Revista: \u00abViermo Carpinteiro\u00bb n\u2019eonaviego<\/a><span class=\"post-date\">19\/05\/2025<\/span><\/li>\n<li><a href=\"https:\/\/edublog.educastur.es\/ixuxu\/2025\/05\/campana-en-xixon-pa-llograr-un-conceyu-sostenible\/\">Campa\u00f1a en Xix\u00f3n pa llograr un conceyu Sostenible.<\/a><span class=\"post-date\">19\/05\/2025<\/span><\/li>\n<li><a href=\"https:\/\/edublog.educastur.es\/ixuxu\/2025\/05\/ouigo-estudia-traer-a-asturies-el-so-tren-economicu-dalta-velocida\/\">Ouigo estudia traer a Asturies el so tren econ\u00f3micu d\u2019alta velocid\u00e1<\/a><span class=\"post-date\">19\/05\/2025<\/span><\/li>\n<li><a href=\"https:\/\/edublog.educastur.es\/ixuxu\/2025\/05\/48877\/\">(sin t\u00edtulo)<\/a><span class=\"post-date\">19\/05\/2025<\/span><\/li>\n<li><a href=\"https:\/\/edublog.educastur.es\/ixuxu\/2025\/05\/noveda-por-mi-diba-volver-a-nacer-2\/\">Noved\u00e1: \u00abPor mi diba volver a nacer\u00bb<\/a><span class=\"post-date\">19\/05\/2025<\/span><\/li>\n<li><a href=\"https:\/\/edublog.educastur.es\/ixuxu\/2025\/05\/conoces-rodiles-y-la-so-contorna\/\">\u00bfConoces Rodiles y la so contorna?<\/a><span class=\"post-date\">19\/05\/2025<\/span><\/li>\n<li><a href=\"https:\/\/edublog.educastur.es\/ixuxu\/2025\/05\/48980\/\">(sin t\u00edtulo)<\/a><span class=\"post-date\">19\/05\/2025<\/span><\/li>\n<li><a href=\"https:\/\/edublog.educastur.es\/ixuxu\/2025\/05\/los-maruxos-mariquites-ayuden-a-controlar-plagues-de-forma-natural\/\">Los maruxos\/mariquites ayuden a controlar plagues de forma natural<\/a><span class=\"post-date\">19\/05\/2025<\/span><\/li>\n<li><a href=\"https:\/\/edublog.educastur.es\/ixuxu\/2025\/05\/diccionariu-lliones\/\">Diccionariu Llion\u00e9s<\/a><span class=\"post-date\">19\/05\/2025<\/span><\/li>\n<li><a href=\"https:\/\/edublog.educastur.es\/ixuxu\/2025\/05\/48965\/\">Circu del sol: \u00abKurios, Gabinete d\u2019Intereses\u00bb<\/a><span class=\"post-date\">19\/05\/2025<\/span><\/li>\n<li><a href=\"https:\/\/edublog.educastur.es\/ixuxu\/2025\/05\/espoxigar-duna-amapola\/\">(sin t\u00edtulo)<\/a><span class=\"post-date\">19\/05\/2025<\/span><\/li>\n<li><a href=\"https:\/\/edublog.educastur.es\/ixuxu\/2025\/05\/grupu-de-teatru-del-c-p-de-felechosa\/\">Premios de teatru al Colexu P. de Felechosa<\/a><span class=\"post-date\">19\/05\/2025<\/span><\/li>\n<li><a href=\"https:\/\/edublog.educastur.es\/ixuxu\/2025\/05\/paulo-freire-defensor-duna-pedagoxia-del-dialogu\/\">Paulo Freire, defensor d\u2019una pedagox\u00eda del di\u00e1logu<\/a><span class=\"post-date\">19\/05\/2025<\/span><\/li>\n<li><a href=\"https:\/\/edublog.educastur.es\/ixuxu\/2025\/05\/eduardo-mendoza-premiu-princesa-dasturies-de-les-lletres-2025\/\">Eduardo Mendoza, Premiu Princesa d\u2019Asturies de les Lletres 2025<\/a><span class=\"post-date\">19\/05\/2025<\/span><\/li>\n<li><a href=\"https:\/\/edublog.educastur.es\/ixuxu\/2025\/05\/interpretamos-un-cartelu-10\/\">Interpretamos un cartelu<\/a><span class=\"post-date\">19\/05\/2025<\/span><\/li>\n<li><a href=\"https:\/\/edublog.educastur.es\/ixuxu\/2025\/05\/concursu-indumentaria-2025-domingu-28-setiembre-en-grau\/\">Concursu Indumentaria 2025: Domingu 28 setiembre en Grau<\/a><span class=\"post-date\">19\/05\/2025<\/span><\/li>\n<li><a href=\"https:\/\/edublog.educastur.es\/ixuxu\/2025\/05\/caparines-presenta-el-so-primer-videoclip\/\">\u00abCaparines\u00bb presenta el so primer videoclip<\/a><span class=\"post-date\">19\/05\/2025<\/span><\/li>\n<li><a href=\"https:\/\/edublog.educastur.es\/ixuxu\/2025\/05\/48929\/\">(sin t\u00edtulo)<\/a><span class=\"post-date\">19\/05\/2025<\/span><\/li>\n<li><a href=\"https:\/\/edublog.educastur.es\/ixuxu\/2025\/05\/48902\/\">La savia, l\u00edquidu procedente de los abedurios<\/a><span class=\"post-date\">19\/05\/2025<\/span><\/li>\n<li><a href=\"https:\/\/edublog.educastur.es\/ixuxu\/2025\/05\/alon-xeres-finales-actividaes-dixitales\/\">\u00a1\u00c1l\u00f3n! Xeres finales. Actividaes dixitales<\/a><span class=\"post-date\">19\/05\/2025<\/span><\/li>\n<li><a href=\"https:\/\/edublog.educastur.es\/ixuxu\/2025\/05\/el-tiempu-nasturies-el-comercio-10\/\">El tiempu n\u2019Asturies (El Comercio)<\/a><span class=\"post-date\">19\/05\/2025<\/span><\/li>\n<li><a href=\"https:\/\/edublog.educastur.es\/ixuxu\/2025\/05\/sonios-dasturies\/\">Son\u00edos d\u2019Asturies<\/a><span class=\"post-date\">18\/05\/2025<\/span><\/li>\n<li><a href=\"https:\/\/edublog.educastur.es\/ixuxu\/2025\/05\/sonadia-na-tpa-domingu-a-les-2235-hores\/\">\u2018Sonad\u00eda\u2019 na TPA, domingu a les 22:35 hores<\/a><span class=\"post-date\">18\/05\/2025<\/span><\/li>\n<li><a href=\"https:\/\/edublog.educastur.es\/ixuxu\/2025\/05\/a-forxa-volve-a-ruxir-narmal\/\">A forxa volve a ruxir n\u2019Armal<\/a><span class=\"post-date\">18\/05\/2025<\/span><\/li>\n<li><a href=\"https:\/\/edublog.educastur.es\/ixuxu\/2025\/05\/37a-mediu-maraton-edp-ruta-de-la-reconquista\/\">37\u00aa Mediu Marat\u00f3n EDP Ruta de la Reconquista: 31 de mayu<\/a><span class=\"post-date\">18\/05\/2025<\/span><\/li>\n<li><a href=\"https:\/\/edublog.educastur.es\/ixuxu\/2025\/05\/preciosa-foca-nagues-del-mar-cantabricu\/\">Preciosa foca n\u2019agues del Mar Cant\u00e1bricu<\/a><span class=\"post-date\">18\/05\/2025<\/span><\/li>\n<li><a href=\"https:\/\/edublog.educastur.es\/ixuxu\/2025\/05\/los-musicos-del-monte-silenciosu\/\">Los m\u00fasicos del monte silenciosu<\/a><span class=\"post-date\">18\/05\/2025<\/span><\/li>\n<li><a href=\"https:\/\/edublog.educastur.es\/ixuxu\/2025\/05\/48913\/\">Les noticies del domingu 18 de mayu de 2025 n\u2019asturianu #TPANoticies<\/a><span class=\"post-date\">18\/05\/2025<\/span><\/li>\n<li><a href=\"https:\/\/edublog.educastur.es\/ixuxu\/2025\/05\/48828\/\">Lleguen les ag\u00fces nes pr\u00f3ximes hores<\/a><span class=\"post-date\">18\/05\/2025<\/span><\/li>\n<li><a href=\"https:\/\/edublog.educastur.es\/ixuxu\/2025\/05\/48715\/\">(sin t\u00edtulo)<\/a><span class=\"post-date\">18\/05\/2025<\/span><\/li>\n<li><a href=\"https:\/\/edublog.educastur.es\/ixuxu\/2025\/05\/real-uvieu-femenin-campeonas\/\">Real Uvi\u00e9u Femen\u00edn: campeonas.<\/a><span class=\"post-date\">18\/05\/2025<\/span><\/li>\n<li><a href=\"https:\/\/edublog.educastur.es\/ixuxu\/2025\/05\/asturies-celebra-40-anos-de-ser-paraisu-natural-per-tolo-alto-en-valladolid\/\">\u00a1Asturies celebra 40 a\u00f1os de ser Para\u00edsu Natural per tolo alto en Valladolid!<\/a><span class=\"post-date\">18\/05\/2025<\/span><\/li>\n<li><a href=\"https:\/\/edublog.educastur.es\/ixuxu\/2025\/05\/48832\/\">Sablera de Cu\u00e9, quintu puestu d\u2019un llist\u00e1u de National Geographic<\/a><span class=\"post-date\">18\/05\/2025<\/span><\/li>\n<li><a href=\"https:\/\/edublog.educastur.es\/ixuxu\/2025\/05\/flora-trelda-y-trebole\/\">Flora: \u00abTrelda\u00bb<\/a><span class=\"post-date\">18\/05\/2025<\/span><\/li>\n<li><a href=\"https:\/\/edublog.educastur.es\/ixuxu\/2025\/05\/barquines-na-sablera-de-gueirua-llanes9\/\">Barquines na sablera de Gueir\u00faa (Llanes)<\/a><span class=\"post-date\">18\/05\/2025<\/span><\/li>\n<li><a href=\"https:\/\/edublog.educastur.es\/ixuxu\/2025\/05\/cantar-na-infancia-una-esperiencia-integral-quaguiya-multiples-arees-del-celebru\/\">Cantar na infancia, una esperiencia integral qu\u2019aguiya m\u00faltiples \u00e1rees del celebru.<\/a><span class=\"post-date\">18\/05\/2025<\/span><\/li>\n<li><a href=\"https:\/\/edublog.educastur.es\/ixuxu\/2025\/05\/i-campeonatu-dasturies-de-fideua-la-meyor-fideua-dasturies-preparase-nun-restoran-avilesin\/\">I Campeonatu d\u2019Asturies de Fideu\u00e1: la meyor fideu\u00e1 d\u2019Asturies prep\u00e1rase nun restor\u00e1n aviles\u00edn<\/a><span class=\"post-date\">18\/05\/2025<\/span><\/li>\n<li><a href=\"https:\/\/edublog.educastur.es\/ixuxu\/2025\/05\/parque-etnograficu-de-los-molinos-hidraulicos-de-corroriu-quiros\/\">Parque etnogr\u00e1ficu de los molinos hidr\u00e1ulicos de Corroriu (Quir\u00f3s)<\/a><span class=\"post-date\">18\/05\/2025<\/span><\/li>\n<li><a href=\"https:\/\/edublog.educastur.es\/ixuxu\/2025\/05\/fecho-nasturies\/\">Fecho n\u2019Asturies<\/a><span class=\"post-date\">18\/05\/2025<\/span><\/li>\n<li><a href=\"https:\/\/edublog.educastur.es\/ixuxu\/2025\/05\/cachopu\/\">\u00abCachopu\u00bb<\/a><span class=\"post-date\">18\/05\/2025<\/span><\/li>\n<li><a href=\"https:\/\/edublog.educastur.es\/ixuxu\/2025\/05\/48802\/\">(sin t\u00edtulo)<\/a><span class=\"post-date\">18\/05\/2025<\/span><\/li>\n<li><a href=\"https:\/\/edublog.educastur.es\/ixuxu\/2025\/05\/dicires-nasturianu-10\/\">Dicires n\u2019asturianu<\/a><span class=\"post-date\">18\/05\/2025<\/span><\/li>\n<li><a href=\"https:\/\/edublog.educastur.es\/ixuxu\/2025\/05\/beneficios-de-tocar-un-preseu-o-instrumentu-musical\/\">Beneficios de tocar un pres\u00e9u o instrumentu musical<\/a><span class=\"post-date\">18\/05\/2025<\/span><\/li>\n<li><a href=\"https:\/\/edublog.educastur.es\/ixuxu\/2025\/05\/entrevista-con-hector-braga\/\">Entrevista con H\u00e9ctor Braga<\/a><span class=\"post-date\">18\/05\/2025<\/span><\/li>\n<li><a href=\"https:\/\/edublog.educastur.es\/ixuxu\/2025\/05\/pola-escuela-publica\/\">Pola escuela p\u00fablica<\/a><span class=\"post-date\">18\/05\/2025<\/span><\/li>\n<li><a href=\"https:\/\/edublog.educastur.es\/ixuxu\/2025\/05\/xornaes-desafios-de-laaxenda-2030-la-moceda-frente-a-la-emerxencia-climatica\/\">Xorn\u00e1es: \u00abDesaf\u00edos de la\u2019Axenda 2030: la moced\u00e1 frente a la emerxencia clim\u00e1tica\u00bb<\/a><span class=\"post-date\">18\/05\/2025<\/span><\/li>\n<li><a href=\"https:\/\/edublog.educastur.es\/ixuxu\/2025\/05\/concursu-ganaderu-de-lasturiana-de-los-valles-de-grau\/\">Concursu ganaderu de l\u2019Asturiana de los Valles de Grau<\/a><span class=\"post-date\">18\/05\/2025<\/span><\/li>\n<li><a href=\"https:\/\/edublog.educastur.es\/ixuxu\/2025\/05\/fotografia-panoramica\/\">Fotograf\u00eda panor\u00e1mica<\/a><span class=\"post-date\">18\/05\/2025<\/span><\/li>\n<li><a href=\"https:\/\/edublog.educastur.es\/ixuxu\/2025\/05\/el-nuevu-palaciu-de-los-deportes-duvieu\/\">El nuevu Palaciu de los Deportes d\u2019Uvi\u00e9u, remocic\u00e1u dempu\u00e9s de 50 a\u00f1os de la so inauguraci\u00f3n<\/a><span class=\"post-date\">18\/05\/2025<\/span><\/li>\n<li><a href=\"https:\/\/edublog.educastur.es\/ixuxu\/2025\/05\/la-vida-secreta-de-los-numberos\/\">La vida secreta de los n\u00famberos<\/a><span class=\"post-date\">18\/05\/2025<\/span><\/li>\n<li><a href=\"https:\/\/edublog.educastur.es\/ixuxu\/2025\/05\/el-pensamientu-criticu-una-de-les-competencies-fundamentales-pal-sieglu-xxi\/\">El pensamientu cr\u00edticu, una de les competencies fundamentales pal sieglu XXI<\/a><span class=\"post-date\">18\/05\/2025<\/span><\/li>\n<li><a href=\"https:\/\/edublog.educastur.es\/ixuxu\/2025\/05\/48708\/\">(sin t\u00edtulo)<\/a><span class=\"post-date\">18\/05\/2025<\/span><\/li>\n<li><a href=\"https:\/\/edublog.educastur.es\/ixuxu\/2025\/05\/dia-mundial-de-la-reposteria\/\">D\u00eda Mundial de la Reposter\u00eda<\/a><span class=\"post-date\">18\/05\/2025<\/span><\/li>\n<li><a href=\"https:\/\/edublog.educastur.es\/ixuxu\/2025\/05\/retrato-dun-celebru-los-artistes-de-les-neurones-a-la-creativida\/\">Vel\u00e1zquez en \u201cRetrato d\u2019un celebru: los artistes. De les neurones a la creativid\u00e1\u201d<\/a><span class=\"post-date\">18\/05\/2025<\/span><\/li>\n<li><a href=\"https:\/\/edublog.educastur.es\/ixuxu\/2025\/05\/dia-internacional-de-los-museos-6\/\">D\u00eda Internacional de los Museos<\/a><span class=\"post-date\">18\/05\/2025<\/span><\/li>\n<li><a href=\"https:\/\/edublog.educastur.es\/ixuxu\/2025\/05\/dia-internacional-de-los-museos-5\/\">D\u00eda Internacional de los Museos<\/a><span class=\"post-date\">18\/05\/2025<\/span><\/li>\n<li><a href=\"https:\/\/edublog.educastur.es\/ixuxu\/2025\/05\/el-tiempu-el-comercio-49\/\">El tiempu (El Comercio)<\/a><span class=\"post-date\">18\/05\/2025<\/span><\/li>\n<li><a href=\"https:\/\/edublog.educastur.es\/ixuxu\/2025\/05\/estau-del-tiempu-nasturies-27\/\">Est\u00e1u del tiempu n\u2019Asturies<\/a><span class=\"post-date\">18\/05\/2025<\/span><\/li>\n<li><a href=\"https:\/\/edublog.educastur.es\/ixuxu\/2025\/05\/48693\/\">Los lim\u00edcoles<\/a><span class=\"post-date\">17\/05\/2025<\/span><\/li>\n<li><a href=\"https:\/\/edublog.educastur.es\/ixuxu\/2025\/05\/labubilla-comun-ye-una-ayalga-de-lavifauna-espanola\/\">L\u2019abubilla com\u00fan ye una ayalga de l\u2019avifauna espa\u00f1ola<\/a><span class=\"post-date\">17\/05\/2025<\/span><\/li>\n<li><a href=\"https:\/\/edublog.educastur.es\/ixuxu\/2025\/05\/mapa-con-delles-de-les-principales-rutes-xacobees-2\/\">Mapa con delles de les principales Rutes Xacobees<\/a><span class=\"post-date\">17\/05\/2025<\/span><\/li>\n<li><a href=\"https:\/\/edublog.educastur.es\/ixuxu\/2025\/05\/nueves-profesiones\/\">Nueves profesiones<\/a><span class=\"post-date\">17\/05\/2025<\/span><\/li>\n<li><a href=\"https:\/\/edublog.educastur.es\/ixuxu\/2025\/05\/los-drones-quexercen-de-pastores-son-ya-una-realida\/\">Los drones qu\u2019exercen de pastores son y\u00e1 una realid\u00e1 n\u2019Asturies.<\/a><span class=\"post-date\">17\/05\/2025<\/span><\/li>\n<li><a href=\"https:\/\/edublog.educastur.es\/ixuxu\/2025\/05\/les-noticies-del-sabadu-17-de-mayu-de-2025-nasturianu-tpanoticies\/\">Les noticies del s\u00e1badu 17 de mayu de 2025 n\u2019asturianu #TPANoticies<\/a><span class=\"post-date\">17\/05\/2025<\/span><\/li>\n<li><a href=\"https:\/\/edublog.educastur.es\/ixuxu\/2025\/05\/un-gran-tableru-daxedrez-pa-poder-albergar-a-pequenos-xigantes\/\">Un gran tableru d\u2019axedrez pa poder albergar a Peque\u00f1os Xigantes<\/a><span class=\"post-date\">17\/05\/2025<\/span><\/li>\n<li><a href=\"https:\/\/edublog.educastur.es\/ixuxu\/2025\/05\/piraguismu-primeres-dos-medayes-nel-europeu-de-slalom\/\">Pirag\u00fcismu: Primeres dos medayes nel Europ\u00e9u de Slalom<\/a><span class=\"post-date\">17\/05\/2025<\/span><\/li>\n<li><a href=\"https:\/\/edublog.educastur.es\/ixuxu\/2025\/05\/vela-a-medaya-doru-na-modalida-470-mixto-del-europeo\/\">Vela: a medaya d\u2019oru na modalid\u00e1 470 mixto del Europ\u00e9u.<\/a><span class=\"post-date\">17\/05\/2025<\/span><\/li>\n<li><a href=\"https:\/\/edublog.educastur.es\/ixuxu\/2025\/05\/esti-domingu-toos-col-real-uvieu-femenin-a-pol-ascensu-en-tpa-dende-les-1200\/\">F\u00fatbol: Esti domingu toos y toes col Real Uvi\u00e9u Femen\u00edn<\/a><span class=\"post-date\">17\/05\/2025<\/span><\/li>\n<li><a href=\"https:\/\/edublog.educastur.es\/ixuxu\/2025\/05\/piragues-descensu-del-pilona-sella\/\">Pirag\u00fces: descensu del Pilo\u00f1a-Sella<\/a><span class=\"post-date\">17\/05\/2025<\/span><\/li>\n<li><a href=\"https:\/\/edublog.educastur.es\/ixuxu\/2025\/05\/48599\/\">(sin t\u00edtulo)<\/a><span class=\"post-date\">17\/05\/2025<\/span><\/li>\n<li><a href=\"https:\/\/edublog.educastur.es\/ixuxu\/2025\/05\/trail-picu-llosorio-mieres-del-camin\/\">Trail Picu Llosorio-Mieres del Cam\u00edn<\/a><span class=\"post-date\">17\/05\/2025<\/span><\/li>\n<li><a href=\"https:\/\/edublog.educastur.es\/ixuxu\/2025\/05\/felixina-na-feria-del-llibru-de-xixion\/\">\u00abFelixina\u00bb na feria del llibru de Xix\u00f3n<\/a><span class=\"post-date\">17\/05\/2025<\/span><\/li>\n<li><a href=\"https:\/\/edublog.educastur.es\/ixuxu\/2025\/05\/austria-gana-eurovision-2025\/\">Austria gana Eurovisi\u00f3n 2025<\/a><span class=\"post-date\">17\/05\/2025<\/span><\/li>\n<li><a href=\"https:\/\/edublog.educastur.es\/ixuxu\/2025\/05\/melody-revoluciona-eurovision-asina-tan-los-apuestes\/\">Melody n\u2019Eurovisi\u00f3n: 24 puestu ;-(<\/a><span class=\"post-date\">17\/05\/2025<\/span><\/li>\n<li><a href=\"https:\/\/edublog.educastur.es\/ixuxu\/2025\/05\/48677\/\">(sin t\u00edtulo)<\/a><span class=\"post-date\">17\/05\/2025<\/span><\/li>\n<li><a href=\"https:\/\/edublog.educastur.es\/ixuxu\/2025\/05\/xi-concursu-de-ganau-equino-del-monte-asturianu\/\">XI Concursu de Gan\u00e1u Equino del Monte Asturianu<\/a><span class=\"post-date\">17\/05\/2025<\/span><\/li>\n<li><a href=\"https:\/\/edublog.educastur.es\/ixuxu\/2025\/05\/recital-poeticu-en-xixon-ven-velu\/\">Recital po\u00e9ticu en Xix\u00f3n. Ven velu!<\/a><span class=\"post-date\">17\/05\/2025<\/span><\/li>\n<li><a href=\"https:\/\/edublog.educastur.es\/ixuxu\/2025\/05\/bon-dia-das-nosas-lletras\/\">Bon d\u00eda das nosas lletras!<\/a><span class=\"post-date\">17\/05\/2025<\/span><\/li>\n<li><a href=\"https:\/\/edublog.educastur.es\/ixuxu\/2025\/05\/que-importante-formanos-nactuaciones-educatives-desitu\/\">Qu\u00e9 importante formanos n\u2019Actuaciones Educatives d\u2019\u00c9situ<\/a><span class=\"post-date\">17\/05\/2025<\/span><\/li>\n<li><a href=\"https:\/\/edublog.educastur.es\/ixuxu\/2025\/05\/caxigal\/\">\u201cCaxigal\u201d<\/a><span class=\"post-date\">17\/05\/2025<\/span><\/li>\n<li><a href=\"https:\/\/edublog.educastur.es\/ixuxu\/2025\/05\/dia-internacional-contra-la-lgtbifobia\/\">D\u00eda Internacional contra la LGTBIfobia<\/a><span class=\"post-date\">17\/05\/2025<\/span><\/li>\n<li><a href=\"https:\/\/edublog.educastur.es\/ixuxu\/2025\/05\/dia-mundial-contra-la-lgtbifobia\/\">D\u00eda Mundial contra la LGTBIfobia<\/a><span class=\"post-date\">17\/05\/2025<\/span><\/li>\n<li><a href=\"https:\/\/edublog.educastur.es\/ixuxu\/2025\/05\/hai-qu-impulsar-la-economia-circular-el-reciclaxe-y-lamenorgamientu-de-borrafes\/\">Hai qu\u2019 impulsar la econom\u00eda circular, el reciclaxe y l\u2019amenorgamientu de borrafes<\/a><span class=\"post-date\">17\/05\/2025<\/span><\/li>\n<li><a href=\"https:\/\/edublog.educastur.es\/ixuxu\/2025\/05\/dia-mundial-del-reciclaxe-3\/\">D\u00eda Mundial del Reciclaxe<\/a><span class=\"post-date\">17\/05\/2025<\/span><\/li>\n<li><a href=\"https:\/\/edublog.educastur.es\/ixuxu\/2025\/05\/dia-internacional-de-les-telecomunicaciones-y-la-socieda-de-la-informacion\/\">D\u00eda Mundial d\u2019Internet<\/a><span class=\"post-date\">17\/05\/2025<\/span><\/li>\n<li><a href=\"https:\/\/edublog.educastur.es\/ixuxu\/2025\/05\/el-tiempu-el-comercio-48\/\">El tiempu (El Comercio)<\/a><span class=\"post-date\">17\/05\/2025<\/span><\/li>\n<li><a href=\"https:\/\/edublog.educastur.es\/ixuxu\/2025\/05\/estau-del-tiempu-sabadu-17-mayu\/\">Est\u00e1u del tiempu: s\u00e1badu 17 mayu<\/a><span class=\"post-date\">17\/05\/2025<\/span><\/li>\n<li><a href=\"https:\/\/edublog.educastur.es\/ixuxu\/2025\/05\/presencia-dagua-conxelao-nos-restos-de-formacion-de-planetes-duna-estrella\/\">Presencia d\u2019agua conxelao nos restos de formaci\u00f3n de planetes d\u2019una estrella<\/a><span class=\"post-date\">16\/05\/2025<\/span><\/li>\n<li><a href=\"https:\/\/edublog.educastur.es\/ixuxu\/2025\/05\/les-noticies-del-vienres-16-de-mayu-de-2025-nasturianu-tpanoticies\/\">Les noticies del vienres 16 de mayu de 2025 n\u2019asturianu #TPANoticies<\/a><span class=\"post-date\">16\/05\/2025<\/span><\/li>\n<li><a href=\"https:\/\/edublog.educastur.es\/ixuxu\/2025\/05\/contactu-cuando-la-ciencia-y-la-esperzanza-viaxen-xuntes\/\">Contactu: cuando la ciencia y la esperzanza viaxen xuntes<\/a><span class=\"post-date\">16\/05\/2025<\/span><\/li>\n<li><a href=\"https:\/\/edublog.educastur.es\/ixuxu\/2025\/05\/el-palombar-estelar\/\">El Palombar estelar<\/a><span class=\"post-date\">16\/05\/2025<\/span><\/li>\n<li><a href=\"https:\/\/edublog.educastur.es\/ixuxu\/2025\/05\/anunciamos-los-alcuentros-de-musiques-asturianes\/\">\u00a1Anunciamos los Alcuentros de M\u00fasiques Asturianes!<\/a><span class=\"post-date\">16\/05\/2025<\/span><\/li>\n<li><a href=\"https:\/\/edublog.educastur.es\/ixuxu\/2025\/05\/asturianu-llingua-oficial\/\">Asturianu, Llingua Oficial!<\/a><span class=\"post-date\">16\/05\/2025<\/span><\/li>\n<li><a href=\"https:\/\/edublog.educastur.es\/ixuxu\/2025\/05\/el-camin-del-salvador-nasturies-un-regalu-desconociu-paral-pelegrin\/\">El Cam\u00edn d\u2019El Salvador n\u2019Asturies: un regalu desconoc\u00edu para\u2019l pelegr\u00edn<\/a><span class=\"post-date\">16\/05\/2025<\/span><\/li>\n<li><a href=\"https:\/\/edublog.educastur.es\/ixuxu\/2025\/05\/selmana-coeducacion-la-mio-escuela-ye-plural-nel-colexu\/\">Selmana coeducaci\u00f3n nel colexu: \u00abLa mio escuela ye plural\u00bb<\/a><span class=\"post-date\">16\/05\/2025<\/span><\/li>\n<li><a href=\"https:\/\/edublog.educastur.es\/ixuxu\/2025\/05\/esposicion-itinerante-ciberland-na-plaza-del-conceyin-uvieu\/\">Esposici\u00f3n itinerante Ciberland na Plaza del Concey\u00edn (Uvi\u00e9u)<\/a><span class=\"post-date\">16\/05\/2025<\/span><\/li>\n<li><a href=\"https:\/\/edublog.educastur.es\/ixuxu\/2025\/05\/48563\/\">(sin t\u00edtulo)<\/a><span class=\"post-date\">16\/05\/2025<\/span><\/li>\n<li><a href=\"https:\/\/edublog.educastur.es\/ixuxu\/2025\/05\/%f0%9d%90%8b%f0%9d%90%a2%f0%9d%90%9b%f0%9d%90%ab%f0%9d%90%8e%f0%9d%90%af%f0%9d%90%a2%f0%9d%90%9e%f0%9d%90%9d%f0%9d%90%a8-%f0%9d%9f%90%f0%9d%9f%8e%f0%9d%9f%90%f0%9d%9f%93-la-feria-del-llibru-duvieu\/\">31 edidi\u00f3n de \u00ab\ud835\udc0b\ud835\udc22\ud835\udc1b\ud835\udc2b\ud835\udc0e\ud835\udc2f\ud835\udc22\ud835\udc1e\ud835\udc1d\ud835\udc28 \ud835\udfd0\ud835\udfce\ud835\udfd0\ud835\udfd3\u00bb, la feria del llibru d\u2019Uvi\u00e9u<\/a><span class=\"post-date\">16\/05\/2025<\/span><\/li>\n<li><a href=\"https:\/\/edublog.educastur.es\/ixuxu\/2025\/05\/los-ferreiros-de-vilanova-dozcos\/\">Los ferreiros de Vilanova d\u2019Ozcos<\/a><span class=\"post-date\">16\/05\/2025<\/span><\/li>\n<li><a href=\"https:\/\/edublog.educastur.es\/ixuxu\/2025\/05\/guei-recordamos-a-ramon-margalef-pioneru-de-la-ecoloxia-moderna-nespana\/\">G\u00fcei recordamos a Ram\u00f3n Margalef, pioneru de la ecolox\u00eda moderna n\u2019Espa\u00f1a.<\/a><span class=\"post-date\">16\/05\/2025<\/span><\/li>\n<li><a href=\"https:\/\/edublog.educastur.es\/ixuxu\/2025\/05\/siempre-hai-una-lluz\/\">Siempre hai una lluz\u2026<\/a><span class=\"post-date\">16\/05\/2025<\/span><\/li>\n<li><a href=\"https:\/\/edublog.educastur.es\/ixuxu\/2025\/05\/dia-mundial-de-la-lluz\/\">D\u00eda Mundial de la lluz<\/a><span class=\"post-date\">16\/05\/2025<\/span><\/li>\n<li><a href=\"https:\/\/edublog.educastur.es\/ixuxu\/2025\/05\/dia-internacional-de-la-lluz-2\/\">D\u00eda Internacional de la Lluz<\/a><span class=\"post-date\">16\/05\/2025<\/span><\/li>\n<li><a href=\"https:\/\/edublog.educastur.es\/ixuxu\/2025\/05\/dia-internacional-de-la-convivencia-en-paz-2\/\">D\u00eda Internacional de la Convivencia en Paz.<\/a><span class=\"post-date\">16\/05\/2025<\/span><\/li>\n<li><a href=\"https:\/\/edublog.educastur.es\/ixuxu\/2025\/05\/el-tiempu-el-comercio-47\/\">El tiempu (El Comercio)<\/a><span class=\"post-date\">16\/05\/2025<\/span><\/li>\n<li><a href=\"https:\/\/edublog.educastur.es\/ixuxu\/2025\/05\/el-tiempu-nasturies-11\/\">El tiempu n\u2019Asturies<\/a><span class=\"post-date\">16\/05\/2025<\/span><\/li>\n<li><a href=\"https:\/\/edublog.educastur.es\/ixuxu\/2025\/05\/banda-gaites-llacin-resollu-videu-oficial\/\">BANDA GAITES LLAC\u00cdN \u2013 Resollu (Videu Oficial)<\/a><span class=\"post-date\">15\/05\/2025<\/span><\/li>\n<li><a href=\"https:\/\/edublog.educastur.es\/ixuxu\/2025\/05\/les-noticies-del-xueves-15-de-mayu-de-2025-nasturianu-tpanoticies\/\">Les noticies del xueves 15 de mayu de 2025 n\u2019asturianu #TPANoticies<\/a><span class=\"post-date\">15\/05\/2025<\/span><\/li>\n<li><a href=\"https:\/\/edublog.educastur.es\/ixuxu\/2025\/05\/i-xornaes-de-la-merluza-y-el-pixin-rape-en-llanes\/\">I Xornaes de la Merluza y el Pix\u00edn\/rape en Llanes.<\/a><span class=\"post-date\">15\/05\/2025<\/span><\/li>\n<li><a href=\"https:\/\/edublog.educastur.es\/ixuxu\/2025\/05\/atapecer-en-pendueles-llanes\/\">Atapecer en Pendueles (Llanes)<\/a><span class=\"post-date\">15\/05\/2025<\/span><\/li>\n<li><a href=\"https:\/\/edublog.educastur.es\/ixuxu\/2025\/05\/dia-internacional-de-los-museos-esti-fin-de-selmana\/\">D\u00eda Internacional de los Museos, esti fin de selmana<\/a><span class=\"post-date\">15\/05\/2025<\/span><\/li>\n<li><a href=\"https:\/\/edublog.educastur.es\/ixuxu\/2025\/05\/fantastico-y-emocionante-puy-du-fou-espana-en-toledo\/\">Fant\u00e1stico y emocionante \u00abPuy du Fou Espa\u00f1a\u00bb en Toledo<\/a><span class=\"post-date\">15\/05\/2025<\/span><\/li>\n<li><a href=\"https:\/\/edublog.educastur.es\/ixuxu\/2025\/05\/48873\/\">(sin t\u00edtulo)<\/a><span class=\"post-date\">15\/05\/2025<\/span><\/li>\n<li><a href=\"https:\/\/edublog.educastur.es\/ixuxu\/2025\/05\/tapia-ya-ye-oficialmente-pueblomagico-despana\/\">Tapia ya ye oficialmente #PuebloM\u00e1gico d\u2019Espa\u00f1a.<\/a><span class=\"post-date\">15\/05\/2025<\/span><\/li>\n<li><a href=\"https:\/\/edublog.educastur.es\/ixuxu\/2025\/05\/paxarinos-2\/\">Paxarinos<\/a><span class=\"post-date\">15\/05\/2025<\/span><\/li>\n<li><a href=\"https:\/\/edublog.educastur.es\/ixuxu\/2025\/05\/losu-pardu-cantabrici-protagonista-duna-publicida-dasturies\/\">L\u2019osu pardu cant\u00e1bricu, protagonista d\u2019una publicid\u00e1 d\u2019Asturies n\u2019ingl\u00e9s<\/a><span class=\"post-date\">15\/05\/2025<\/span><\/li>\n<li><a href=\"https:\/\/edublog.educastur.es\/ixuxu\/2025\/05\/osos-na-primavera-cantabrica\/\">Osos na primavera cant\u00e1brica.<\/a><span class=\"post-date\">15\/05\/2025<\/span><\/li>\n<li><a href=\"https:\/\/edublog.educastur.es\/ixuxu\/2025\/05\/mala-suerte\/\">\u00abMala suerte\u00bb<\/a><span class=\"post-date\">15\/05\/2025<\/span><\/li>\n<li><a href=\"https:\/\/edublog.educastur.es\/ixuxu\/2025\/05\/47887\/\">Dicires n\u2019asturianu<\/a><span class=\"post-date\">15\/05\/2025<\/span><\/li>\n<li><a href=\"https:\/\/edublog.educastur.es\/ixuxu\/2025\/05\/dia-internacional-de-la-familia-2\/\">D\u00eda Internacional de La Familia.<\/a><span class=\"post-date\">15\/05\/2025<\/span><\/li>\n<li><a href=\"https:\/\/edublog.educastur.es\/ixuxu\/2025\/05\/averase-san-xuan-del-13-al-24-de-xunu-en-mieres\/\">Av\u00e9rase San Xuan en Mieres: del 13 al 24 de xunu<\/a><span class=\"post-date\">15\/05\/2025<\/span><\/li>\n<li><a href=\"https:\/\/edublog.educastur.es\/ixuxu\/2025\/05\/un-mozu-llanzando-una-enorme-piedra-na-ruta-del-cares\/\">Nun ta bien tirar piedres cuando tamos de ruta pela naturaleza<\/a><span class=\"post-date\">15\/05\/2025<\/span><\/li>\n<li><a href=\"https:\/\/edublog.educastur.es\/ixuxu\/2025\/05\/tiempu-nasturies-el-comercio-15\/\">Tiempu n\u2019Asturies (El Comercio)<\/a><span class=\"post-date\">15\/05\/2025<\/span><\/li>\n<li><a href=\"https:\/\/edublog.educastur.es\/ixuxu\/2025\/05\/estau-del-tiempu\/\">Est\u00e1u del tiempu: xueves 15 mayu<\/a><span class=\"post-date\">15\/05\/2025<\/span><\/li>\n<li><a href=\"https:\/\/edublog.educastur.es\/ixuxu\/2025\/05\/fantasticu-y-super-recomendable-esti-espectaculu-en-toledo\/\">Fant\u00e1sticu y s\u00faper recomendable esti espect\u00e1culu en Toledo<\/a><span class=\"post-date\">14\/05\/2025<\/span><\/li>\n<li><a href=\"https:\/\/edublog.educastur.es\/ixuxu\/2025\/05\/arrinca-la-costera-del-bonitu\/\">\u00a1Arrinca la costera del bonitu!<\/a><span class=\"post-date\">14\/05\/2025<\/span><\/li>\n<li><a href=\"https:\/\/edublog.educastur.es\/ixuxu\/2025\/05\/un-rincon-ocultu-dasturies-%f0%9f%92%9a-nesta-esposicion-del-parque-europa-madrid\/\">Un rinc\u00f3n ocultu d\u2019Asturies nesta esposici\u00f3n del Parque Europa (Madrid)..<\/a><span class=\"post-date\">14\/05\/2025<\/span><\/li>\n<li><a href=\"https:\/\/edublog.educastur.es\/ixuxu\/2025\/05\/48477\/\">Nos praos verdes d\u2019Asturies pastien les vaques que nos dan aut\u00e9ntica lleche ecol\u00f3xico<\/a><span class=\"post-date\">14\/05\/2025<\/span><\/li>\n<li><a href=\"https:\/\/edublog.educastur.es\/ixuxu\/2025\/05\/asturies-lidera-la-mayor-ruta-decoturismo-deuropa-con-38-esperiencies-uniques-na-naturaleza\/\">Asturies lidera la mayor ruta d\u2019ecoturismo d\u2019Europa con 38 esperiencies \u00faniques na naturaleza<\/a><span class=\"post-date\">13\/05\/2025<\/span><\/li>\n<li><a href=\"https:\/\/edublog.educastur.es\/ixuxu\/2025\/05\/48891\/\">Dex\u00f3nos Pepe M\u00fajica, un gran pol\u00edticu<\/a><span class=\"post-date\">13\/05\/2025<\/span><\/li>\n<li><a href=\"https:\/\/edublog.educastur.es\/ixuxu\/2025\/05\/esta-selmanal-blogue-dira-actualizandose-a-ratinos\/\">Esta selmana\u2019l blogue dir\u00e1 actualiz\u00e1ndose a ratinos\u2026<\/a><span class=\"post-date\">13\/05\/2025<\/span><\/li>\n<li><a href=\"https:\/\/edublog.educastur.es\/ixuxu\/2025\/05\/disenos-perguapos\/\">Dise\u00f1os perguapos<\/a><span class=\"post-date\">13\/05\/2025<\/span><\/li>\n<li><a href=\"https:\/\/edublog.educastur.es\/ixuxu\/2025\/05\/el-tiempu-el-comercio-46\/\">El tiempu (El comercio)<\/a><span class=\"post-date\">13\/05\/2025<\/span><\/li>\n<li><a href=\"https:\/\/edublog.educastur.es\/ixuxu\/2025\/05\/dia-de-la-infancia-hospitalizada\/\">D\u00eda de la Infancia Hospitalizada<\/a><span class=\"post-date\">13\/05\/2025<\/span><\/li>\n<li><a href=\"https:\/\/edublog.educastur.es\/ixuxu\/2025\/05\/estau-del-tiempu-martes-13-mayu\/\">Est\u00e1u del tiempu: martes 13 mayu<\/a><span class=\"post-date\">13\/05\/2025<\/span><\/li>\n<li><a href=\"https:\/\/edublog.educastur.es\/ixuxu\/2025\/05\/lascension-va-ufiertar-talleres-por-que-250-nenos-faigan-los-sos-propios-quesos\/\">L\u2019Ascensi\u00f3n va ufiertar talleres por que 250 ne\u00f1os faigan los sos propios quesos<\/a><span class=\"post-date\">12\/05\/2025<\/span><\/li>\n<li><a href=\"https:\/\/edublog.educastur.es\/ixuxu\/2025\/05\/senor-san-xuan-2\/\">\u00abSe\u00f1or San Xuan\u00bb<\/a><span class=\"post-date\">12\/05\/2025<\/span><\/li>\n<li><a href=\"https:\/\/edublog.educastur.es\/ixuxu\/2025\/05\/lluna-de-flores-esti-llunes-12-de-mayu\/\">Lluna de flores, esti llunes 12 de mayu<\/a><span class=\"post-date\">12\/05\/2025<\/span><\/li>\n<li><a href=\"https:\/\/edublog.educastur.es\/ixuxu\/2025\/05\/dia-internacional-de-la-enfermeria-2\/\">D\u00eda Internacional de la Enfermer\u00eda<\/a><span class=\"post-date\">12\/05\/2025<\/span><\/li>\n<li><a href=\"https:\/\/edublog.educastur.es\/ixuxu\/2025\/05\/dia-internacional-de-la-sanida-vexetal-2\/\">D\u00eda Internacional de la Sanid\u00e1 Vexetal<\/a><span class=\"post-date\">12\/05\/2025<\/span><\/li>\n<li><a href=\"https:\/\/edublog.educastur.es\/ixuxu\/2025\/05\/dia-internacional-de-la-sanida-vexetal\/\">D\u00eda Internacional de la Sanid\u00e1 Vexetal<\/a><span class=\"post-date\">12\/05\/2025<\/span><\/li>\n<li><a href=\"https:\/\/edublog.educastur.es\/ixuxu\/2025\/05\/tiempu-nasturies-el-comercio-14\/\">Tiempu n\u2019Asturies (El Comercio)<\/a><span class=\"post-date\">12\/05\/2025<\/span><\/li>\n<li><a href=\"https:\/\/edublog.educastur.es\/ixuxu\/2025\/05\/trelce-competencies-perimportantes-pa-trabayar\/\">Competencies personales para l\u2019empl\u00e9u<\/a><span class=\"post-date\">11\/05\/2025<\/span><\/li>\n<li><a href=\"https:\/\/edublog.educastur.es\/ixuxu\/2025\/05\/roberto-brasero-na-so-visital-museu-del-xurasicu-dasturies\/\">Roberto Brasero na so visita\u2019l Mus\u00e9u del Xur\u00e1sicu d\u2019Asturies<\/a><span class=\"post-date\">11\/05\/2025<\/span><\/li>\n<li><a href=\"https:\/\/edublog.educastur.es\/ixuxu\/2025\/05\/les-integrantes-del-4x100-espanol-radiantes-tres-la-so-plata-y-record-despana\/\">Les integrantes del 4\u00d7100 espa\u00f1ol, radiantes tres la so plata y R\u00e9cord d\u2019Espa\u00f1a<\/a><span class=\"post-date\">11\/05\/2025<\/span><\/li>\n<li><a href=\"https:\/\/edublog.educastur.es\/ixuxu\/2025\/05\/doble-oru-masculin-y-femenin-en-karate\/\">Doble oru, mascul\u00edn y femen\u00edn, en k\u00e1rate. Bronce para Paola\u2026<\/a><span class=\"post-date\">11\/05\/2025<\/span><\/li>\n<li><a href=\"https:\/\/edublog.educastur.es\/ixuxu\/2025\/05\/cantar-atiendi-asturies-atiendi\/\">Cantar: \u00abAtiendi, Asturies, atiendi\u00bb<\/a><span class=\"post-date\">11\/05\/2025<\/span><\/li>\n<li><a href=\"https:\/\/edublog.educastur.es\/ixuxu\/2025\/05\/48429\/\">Fiesta de la bicicleta 2025 n\u2019Uvi\u00e9u<\/a><span class=\"post-date\">11\/05\/2025<\/span><\/li>\n<li><a href=\"https:\/\/edublog.educastur.es\/ixuxu\/2025\/05\/48370\/\">Campa\u00f1a: \u00abUna bandera pa toles ocasiones\u00bb.<\/a><span class=\"post-date\">11\/05\/2025<\/span><\/li>\n<li><a href=\"https:\/\/edublog.educastur.es\/ixuxu\/2025\/05\/48300\/\">(sin t\u00edtulo)<\/a><span class=\"post-date\">11\/05\/2025<\/span><\/li>\n<li><a href=\"https:\/\/edublog.educastur.es\/ixuxu\/2025\/05\/folclore-na-cai-2025\/\">Folclore na cai 2025, n\u2019Uvi\u00e9u<\/a><span class=\"post-date\">11\/05\/2025<\/span><\/li>\n<li><a href=\"https:\/\/edublog.educastur.es\/ixuxu\/2025\/05\/un-avatar-como-alumnu-na-coruna\/\">Un avatar como alumnu n\u2019A Coru\u00f1a<\/a><span class=\"post-date\">11\/05\/2025<\/span><\/li>\n<li><a href=\"https:\/\/edublog.educastur.es\/ixuxu\/2025\/05\/48304\/\">(sin t\u00edtulo)<\/a><span class=\"post-date\">11\/05\/2025<\/span><\/li>\n<li><a href=\"https:\/\/edublog.educastur.es\/ixuxu\/2025\/05\/el-carbayon-que-dio-nome-a-los-habitantes-de-la-ciuda-duvieu\/\">El Carbay\u00f3n que dio nome a los habitantes de la ciud\u00e1 d\u2019Uvi\u00e9u<\/a><span class=\"post-date\">11\/05\/2025<\/span><\/li>\n<li><a href=\"https:\/\/edublog.educastur.es\/ixuxu\/2025\/05\/2a-xornada-de-voluntariau-de-retirada-despecies-invasores\/\">2\u00aa Xornada de Voluntari\u00e1u de Retirada d\u2019Especies Invasores<\/a><span class=\"post-date\">11\/05\/2025<\/span><\/li>\n<li><a href=\"https:\/\/edublog.educastur.es\/ixuxu\/2025\/05\/mas-semeyes-de-limicoles\/\">M\u00e1s semeyes de lim\u00edcoles<\/a><span class=\"post-date\">11\/05\/2025<\/span><\/li>\n<li><a href=\"https:\/\/edublog.educastur.es\/ixuxu\/2025\/05\/esculibiertu\/\">\u00abEsculibiertu\u00bb<\/a><span class=\"post-date\">11\/05\/2025<\/span><\/li>\n<li><a href=\"https:\/\/edublog.educastur.es\/ixuxu\/2025\/05\/48261\/\">La convivencia d\u2019osos y humanos estela a los turistes<\/a><span class=\"post-date\">11\/05\/2025<\/span><\/li>\n<li><a href=\"https:\/\/edublog.educastur.es\/ixuxu\/2025\/05\/escueye-siempres-la-esperanza\/\">Escueye siempre la esperanza\u2026<\/a><span class=\"post-date\">11\/05\/2025<\/span><\/li>\n<li><a href=\"https:\/\/edublog.educastur.es\/ixuxu\/2025\/05\/tiempu-nasturies-el-comercio-13\/\">Tiempu n\u2019Asturies (El Comercio)<\/a><span class=\"post-date\">11\/05\/2025<\/span><\/li>\n<li><a href=\"https:\/\/edublog.educastur.es\/ixuxu\/2025\/05\/48258\/\">(sin t\u00edtulo)<\/a><span class=\"post-date\">10\/05\/2025<\/span><\/li>\n<li><a href=\"https:\/\/edublog.educastur.es\/ixuxu\/2025\/05\/el-celebru-opera-como-un-sistema-dinxenieria-avanzada\/\">El celebru opera como un sistema d\u2019inxenier\u00eda avanzada.<\/a><span class=\"post-date\">10\/05\/2025<\/span><\/li>\n<li><a href=\"https:\/\/edublog.educastur.es\/ixuxu\/2025\/05\/toca-para-dexar-cayer-una-gota-dagua-en-cualesquier-parte-del-mundu-y-mira-onde-termina\/\">Toca para dexar cayer una gota d\u2019agua en cualesquier parte del mundu y mira \u00f3nde termina\u2026<\/a><span class=\"post-date\">10\/05\/2025<\/span><\/li>\n<li><a href=\"https:\/\/edublog.educastur.es\/ixuxu\/2025\/05\/un-urbanismu-inspirau-na-naturaleza\/\">Un urbanismu inspir\u00e1u na naturaleza.<\/a><span class=\"post-date\">10\/05\/2025<\/span><\/li>\n<li><a href=\"https:\/\/edublog.educastur.es\/ixuxu\/2025\/05\/lestilu-ghibli-sienta-perbien-a-les-escultures-duvieu-por-casu\/\">L\u2019estilu Ghibli si\u00e9nta perbi\u00e9n a les escultures d\u2019Uvi\u00e9u. Por casu\u2026<\/a><span class=\"post-date\">10\/05\/2025<\/span><\/li>\n<li><a href=\"https:\/\/edublog.educastur.es\/ixuxu\/2025\/05\/les-noticies-del-sabadu-10-de-mayu-de-2025-nasturianu-tpanoticies\/\">Les noticies del s\u00e1badu 10 de mayu de 2025 n\u2019asturianu #TPANoticies<\/a><span class=\"post-date\">10\/05\/2025<\/span><\/li>\n<li><a href=\"https:\/\/edublog.educastur.es\/ixuxu\/2025\/05\/atapecer-na-sablera-darnao-castrillon\/\">Atapecer na sablera d\u2019Arnao (Castrill\u00f3n)<\/a><span class=\"post-date\">10\/05\/2025<\/span><\/li>\n<li><a href=\"https:\/\/edublog.educastur.es\/ixuxu\/2025\/05\/facemos-les-maletes\/\">Facemos les maletes\u2026<\/a><span class=\"post-date\">10\/05\/2025<\/span><\/li>\n<li><a href=\"https:\/\/edublog.educastur.es\/ixuxu\/2025\/05\/encantariame-quel-videoclip-de-la-carbonera-sia-tamien-vuesu\/\">\u00bfTen\u00e9is semeyes de muyeres que trabayaren na mina?<\/a><span class=\"post-date\">10\/05\/2025<\/span><\/li>\n<li><a href=\"https:\/\/edublog.educastur.es\/ixuxu\/2025\/05\/novinana-camin-del-faro-unes-cabres-bermeyes\/\">N\u2019Ovi\u00f1ana, cam\u00edn del faro, unes cabres bermeyes<\/a><span class=\"post-date\">10\/05\/2025<\/span><\/li>\n<li><a href=\"https:\/\/edublog.educastur.es\/ixuxu\/2025\/05\/48255\/\">(sin t\u00edtulo)<\/a><span class=\"post-date\">10\/05\/2025<\/span><\/li>\n<li><a href=\"https:\/\/edublog.educastur.es\/ixuxu\/2025\/05\/la-vuelta-ciclita-femenina-decidese-nasturies\/\">La Vuelta Ciclista femenina dec\u00eddese n\u2019Asturies<\/a><span class=\"post-date\">10\/05\/2025<\/span><\/li>\n<li><a href=\"https:\/\/edublog.educastur.es\/ixuxu\/2025\/05\/48155\/\">Informe sobre\u2019l est\u00e1u y situaci\u00f3n del Sistema Educativu asturianu 2022-23<\/a><span class=\"post-date\">10\/05\/2025<\/span><\/li>\n<li><a href=\"https:\/\/edublog.educastur.es\/ixuxu\/2025\/05\/programa-tei-pa-la-prevencion-del-acoso-escolar\/\">Programa TEI pa la prevenci\u00f3n del acoso escolar.<\/a><span class=\"post-date\">10\/05\/2025<\/span><\/li>\n<li><a href=\"https:\/\/edublog.educastur.es\/ixuxu\/2025\/05\/primeres-xornaes-sobro-gastronomia-circular-y-sostenibilida-alimentaria\/\">Primeres xornaes sobro Gastronom\u00eda circular y sostenibilid\u00e1 alimentaria<\/a><span class=\"post-date\">10\/05\/2025<\/span><\/li>\n<li><a href=\"https:\/\/edublog.educastur.es\/ixuxu\/2025\/05\/chigres-tienda-ayalga-del-nuesu-pasau\/\">Chigres-tienda, ayalga del nuesu pas\u00e1u<\/a><span class=\"post-date\">10\/05\/2025<\/span><\/li>\n<li><a href=\"https:\/\/edublog.educastur.es\/ixuxu\/2025\/05\/tpa-estrena-esti-domingu-xuntanza-un-programa-nuevu-dedicau-a-la-musica-popular\/\">TPA estrena esti domingu \u2018Xuntanza\u2019, un programa nuevu dedic\u00e1u a la m\u00fasica popular<\/a><span class=\"post-date\">10\/05\/2025<\/span><\/li>\n<li><a href=\"https:\/\/edublog.educastur.es\/ixuxu\/2025\/05\/falailo-mio-nenos-falailo\/\">Amb\u00e1s: \u00a1Falailo, mio nenos, falailo!<\/a><span class=\"post-date\">10\/05\/2025<\/span><\/li>\n<li><a href=\"https:\/\/edublog.educastur.es\/ixuxu\/2025\/05\/feria-de-san-isidro-en-llanera-desfile-danimales-y-carros\/\">Feria de San Isidro en Llanera: desfile d\u2019animales y carros\u2026<\/a><span class=\"post-date\">10\/05\/2025<\/span><\/li>\n<li><a href=\"https:\/\/edublog.educastur.es\/ixuxu\/2025\/05\/oficialida-ya-ya-ya\/\">Oficialid\u00e1\u2026 ya, ya, ya!!<\/a><span class=\"post-date\">10\/05\/2025<\/span><\/li>\n<li><a href=\"https:\/\/edublog.educastur.es\/ixuxu\/2025\/05\/6-riales-actuen-nacabando-la-manifestacion-pola-oficialida-desti-sabadu\/\">6 Riales act\u00faen n\u2019acabando la manifestaci\u00f3n pola oficialid\u00e1 d\u2019esti s\u00e1badu<\/a><span class=\"post-date\">10\/05\/2025<\/span><\/li>\n<li><a href=\"https:\/\/edublog.educastur.es\/ixuxu\/2025\/05\/manifestacion-pola-oficialida-y-reconocencia-de-la-llingua-nuvieu\/\">Manifestaci\u00f3n pola oficialid\u00e1 y reconocencia de la llingua n\u2019Uvi\u00e9u<\/a><span class=\"post-date\">10\/05\/2025<\/span><\/li>\n<li><a href=\"https:\/\/edublog.educastur.es\/ixuxu\/2025\/05\/48245\/\">(sin t\u00edtulo)<\/a><span class=\"post-date\">10\/05\/2025<\/span><\/li>\n<li><a href=\"https:\/\/edublog.educastur.es\/ixuxu\/2025\/05\/carta-a-una-fia-futura-de-pablo-texon\/\">\u201cCarta a una f\u00eda futura\u201d de Pablo Tex\u00f3n<\/a><span class=\"post-date\">10\/05\/2025<\/span><\/li>\n<li><a href=\"https:\/\/edublog.educastur.es\/ixuxu\/2025\/05\/manifestacion-pola-oficialida-del-asturianu\/\">Manifestaci\u00f3n pola oficialid\u00e1 del asturianu<\/a><span class=\"post-date\">10\/05\/2025<\/span><\/li>\n<li><a href=\"https:\/\/edublog.educastur.es\/ixuxu\/2025\/05\/feria-del-llibru-de-salas\/\">Feria del Llibru de Salas<\/a><span class=\"post-date\">10\/05\/2025<\/span><\/li>\n<li><a href=\"https:\/\/edublog.educastur.es\/ixuxu\/2025\/05\/el-10-de-mayu-de-1900-naz-lastronoma-quafayol-secretu-de-les-estrelles\/\">El 10 de mayu de 1900 naz l\u2019astr\u00f3noma qu\u2019afay\u00f3\u2019l secretu de les estrelles<\/a><span class=\"post-date\">10\/05\/2025<\/span><\/li>\n<li><a href=\"https:\/\/edublog.educastur.es\/ixuxu\/2025\/05\/dia-mundial-de-les-aves-migratories-5\/\">D\u00eda Mundial de les Aves Migratories<\/a><span class=\"post-date\">10\/05\/2025<\/span><\/li>\n<li><a href=\"https:\/\/edublog.educastur.es\/ixuxu\/2025\/05\/tiempu-nasturies-el-comercio-12\/\">Tiempu n\u2019Asturies (El Comercio)<\/a><span class=\"post-date\">10\/05\/2025<\/span><\/li>\n<li><a href=\"https:\/\/edublog.educastur.es\/ixuxu\/2025\/05\/46-dia-de-les-lletres-asturianes-dendel-teatru-campoamor-duvieu\/\">Asturies conmemora\u2019l \u201946 D\u00eda de les Lletres\u2019 con un actu cultural nel Teatru Campoamor<\/a><span class=\"post-date\">09\/05\/2025<\/span><\/li>\n<li><a href=\"https:\/\/edublog.educastur.es\/ixuxu\/2025\/05\/les-noticies-del-vienres-9-de-mayu-de-2025-nasturianu-tpanoticies\/\">Les noticies del vienres 9 de mayu de 2025 n\u2019asturianu #TPANoticies<\/a><span class=\"post-date\">09\/05\/2025<\/span><\/li>\n<li><a href=\"https:\/\/edublog.educastur.es\/ixuxu\/2025\/05\/feria-de-la-inovacion-nuvieu\/\">Feria de la Ciencia y l\u2019Innovaci\u00f3n d\u2019Asturies<\/a><span class=\"post-date\">09\/05\/2025<\/span><\/li>\n<li><a href=\"https:\/\/edublog.educastur.es\/ixuxu\/2025\/05\/paz-gonzalez-mesa-premiu-marin-pola-so-recuperacion-de-llana-de-oveya-xalda\/\">Paz Gonz\u00e1lez Mesa, premiu \u2018Marino\u2019 pola so recuperaci\u00f3n de llana de oveya xalda<\/a><span class=\"post-date\">09\/05\/2025<\/span><\/li>\n<li><a href=\"https:\/\/edublog.educastur.es\/ixuxu\/2025\/05\/46-dia-de-les-lletres-asturianes-en-rtpa\/\">46 D\u00eda de les Lletres Asturianes en RTPA<\/a><span class=\"post-date\">09\/05\/2025<\/span><\/li>\n<li><a href=\"https:\/\/edublog.educastur.es\/ixuxu\/2025\/05\/los-centros-educativos-tendran-desplicar-nun-plan-como-van-usar-los-recursos-dixitales\/\">Los centros educativos tendr\u00e1n d\u2019esplicar nun plan c\u00f3mo van usar los recursos dixitales<\/a><span class=\"post-date\">09\/05\/2025<\/span><\/li>\n<li><a href=\"https:\/\/edublog.educastur.es\/ixuxu\/2025\/05\/les-plaques-dinduccion\/\">Les plaques d\u2019inducci\u00f3n<\/a><span class=\"post-date\">09\/05\/2025<\/span><\/li>\n<li><a href=\"https:\/\/edublog.educastur.es\/ixuxu\/2025\/05\/namoraos-de-la-nuesa-llingua\/\">Namoraos de la nuesa llingua\u2026 Fala n\u2019asturianu<\/a><span class=\"post-date\">09\/05\/2025<\/span><\/li>\n<li><a href=\"https:\/\/edublog.educastur.es\/ixuxu\/2025\/05\/dia-de-les-lletres-dia-de-poemarios-nasturianu\/\">D\u00eda de les lletres, d\u00eda de poemarios n\u2019asturianu<\/a><span class=\"post-date\">09\/05\/2025<\/span><\/li>\n<li><a href=\"https:\/\/edublog.educastur.es\/ixuxu\/2025\/05\/acutai-el-sabadu-10-de-mayu-porque-nos-vemos-na-cai\/\">Acut\u00e1i el s\u00e1badu 10 de mayu porque nos vemos na cai<\/a><span class=\"post-date\">09\/05\/2025<\/span><\/li>\n<li><a href=\"https:\/\/edublog.educastur.es\/ixuxu\/2025\/05\/47912\/\">(sin t\u00edtulo)<\/a><span class=\"post-date\">09\/05\/2025<\/span><\/li>\n<li><a href=\"https:\/\/edublog.educastur.es\/ixuxu\/2025\/05\/48067\/\">(sin t\u00edtulo)<\/a><span class=\"post-date\">09\/05\/2025<\/span><\/li>\n<li><a href=\"https:\/\/edublog.educastur.es\/ixuxu\/2025\/05\/48042\/\">(sin t\u00edtulo)<\/a><span class=\"post-date\">09\/05\/2025<\/span><\/li>\n<li><a href=\"https:\/\/edublog.educastur.es\/ixuxu\/2025\/05\/xlvi-selmana-de-les-lletres\/\">XLVI Selmana de les Lletres: Xos\u00e9 \u00c1lvarez, Pin<\/a><span class=\"post-date\">09\/05\/2025<\/span><\/li>\n<li><a href=\"https:\/\/edublog.educastur.es\/ixuxu\/2025\/05\/wonderful-carbayu-poema-a-tres-manes\/\">\u00abWonderful Carbayu\u00bb, poema a tres manes.<\/a><span class=\"post-date\">09\/05\/2025<\/span><\/li>\n<li><a href=\"https:\/\/edublog.educastur.es\/ixuxu\/2025\/05\/agora-mas-que-nunca-oficialida\/\">Ye\u2019l Momentu de la Oficialid\u00e1<\/a><span class=\"post-date\">09\/05\/2025<\/span><\/li>\n<li><a href=\"https:\/\/edublog.educastur.es\/ixuxu\/2025\/05\/fai-75-anos-un-acontecimientu-historicu-sento-les-bases-de-lactual-union-europea\/\">Feliz D\u00eda d\u2019Europa<\/a><span class=\"post-date\">09\/05\/2025<\/span><\/li>\n<li><a href=\"https:\/\/edublog.educastur.es\/ixuxu\/2025\/05\/dia-deuropa-6\/\">D\u00eda d\u2019Europa<\/a><span class=\"post-date\">09\/05\/2025<\/span><\/li>\n<li><a href=\"https:\/\/edublog.educastur.es\/ixuxu\/2025\/05\/bon-dia-das-nosas-letras\/\">Bon d\u00eda das nosas letras<\/a><span class=\"post-date\">09\/05\/2025<\/span><\/li>\n<li><a href=\"https:\/\/edublog.educastur.es\/ixuxu\/2025\/05\/llego-la-hora-de-la-oficialida\/\">Lleg\u00f3 la hora de la OFICIALID\u00c1<\/a><span class=\"post-date\">09\/05\/2025<\/span><\/li>\n<li><a href=\"https:\/\/edublog.educastur.es\/ixuxu\/2025\/05\/bon-dia-de-les-lletres-asturianes-2\/\">Bon d\u00eda de les Lletres Asturianes<\/a><span class=\"post-date\">09\/05\/2025<\/span><\/li>\n<li><a href=\"https:\/\/edublog.educastur.es\/ixuxu\/2025\/05\/nel-dia-de-les-lletres-asturianes-bona-poesia-nasturianu\/\">Nel D\u00eda de les Lletres Asturianes, bona poes\u00eda n\u2019asturianu<\/a><span class=\"post-date\">09\/05\/2025<\/span><\/li>\n<li><a href=\"https:\/\/edublog.educastur.es\/ixuxu\/2025\/05\/tiempu-nasturies-el-comercio-11\/\">Tiempu n\u2019Asturies (El Comercio)<\/a><span class=\"post-date\">09\/05\/2025<\/span><\/li>\n<li><a href=\"https:\/\/edublog.educastur.es\/ixuxu\/2025\/05\/48116\/\">\u00abRumbu\u00bb, d\u2019Alfredo Garay, Premiu Teodoro Cuesta de Poes\u00eda<\/a><span class=\"post-date\">08\/05\/2025<\/span><\/li>\n<li><a href=\"https:\/\/edublog.educastur.es\/ixuxu\/2025\/05\/les-noticies-del-xueves-8-de-mayu-de-2025-nasturianu-tpanoticies\/\">Les noticies del xueves 8 de mayu de 2025 n\u2019asturianu #TPANoticies<\/a><span class=\"post-date\">08\/05\/2025<\/span><\/li>\n<li><a href=\"https:\/\/edublog.educastur.es\/ixuxu\/2025\/05\/fumata-blanca\/\">\u00a1Fumata blanca!<\/a><span class=\"post-date\">08\/05\/2025<\/span><\/li>\n<li><a href=\"https:\/\/edublog.educastur.es\/ixuxu\/2025\/05\/mercau-apunta-domingu-18-de-mayu-en-pilona\/\">Merc\u00e1u: domingu 18 de Mayu, en Pilo\u00f1a<\/a><span class=\"post-date\">08\/05\/2025<\/span><\/li>\n<li><a href=\"https:\/\/edublog.educastur.es\/ixuxu\/2025\/05\/47994\/\">Sir David Attenborough, de 99 a\u00f1os, unu de los divulgadores naturalistes m\u00e1s importantes del mundu<\/a><span class=\"post-date\">08\/05\/2025<\/span><\/li>\n<li><a href=\"https:\/\/edublog.educastur.es\/ixuxu\/2025\/05\/habemus-papa-en-latin-indica-que-ya-escoyeren-daquien\/\">\u00abHabemus Papam\u00bb, en lat\u00edn, indica que ya escoyeren daqui\u00e9n: Le\u00f3n XIV<\/a><span class=\"post-date\">08\/05\/2025<\/span><\/li>\n<li><a href=\"https:\/\/edublog.educastur.es\/ixuxu\/2025\/05\/47990\/\">(sin t\u00edtulo)<\/a><span class=\"post-date\">08\/05\/2025<\/span><\/li>\n<li><a href=\"https:\/\/edublog.educastur.es\/ixuxu\/2025\/05\/calendariu-escolar-2025-2026\/\">Calendariu Escolar 2025-2026<\/a><span class=\"post-date\">08\/05\/2025<\/span><\/li>\n<li><a href=\"https:\/\/edublog.educastur.es\/ixuxu\/2025\/05\/parque-natural-de-redes-casu-y-sobrescobiu-llegaron-a-esistir-unes-200-mayaes\/\">Nel Parque Natural de Redes (Casu y Sobrescobiu) llegaron a esistir unes 200 mayaes<\/a><span class=\"post-date\">08\/05\/2025<\/span><\/li>\n<li><a href=\"https:\/\/edublog.educastur.es\/ixuxu\/2025\/05\/dia-de-les-lletres-asturianes-2\/\">D\u00eda de les Lletres Asturianes: 10 % de descuentu y regalu d\u2019un llibru<\/a><span class=\"post-date\">08\/05\/2025<\/span><\/li>\n<li><a href=\"https:\/\/edublog.educastur.es\/ixuxu\/2025\/05\/paz-mesa-premiu-verdes-valles-asturianos\/\">Paz Mesa, Premiu Verdes Valles Asturianos<\/a><span class=\"post-date\">08\/05\/2025<\/span><\/li>\n<li><a href=\"https:\/\/edublog.educastur.es\/ixuxu\/2025\/05\/47957\/\">(sin t\u00edtulo)<\/a><span class=\"post-date\">08\/05\/2025<\/span><\/li>\n<li><a href=\"https:\/\/edublog.educastur.es\/ixuxu\/2025\/05\/asina-llucio-asturies-ayeri-nel-tiempu-dantena-3\/\">\u00a1Asina lluci\u00f3 Asturies ayeri n\u2019El Tiempu d\u2019Antena 3!<\/a><span class=\"post-date\">08\/05\/2025<\/span><\/li>\n<li><a href=\"https:\/\/edublog.educastur.es\/ixuxu\/2025\/05\/la-ensenanza-de-llingua-asturiana-va-llegar-a-la-etapa-infantil-el-proximu-cursu\/\">La ense\u00f1anza de llingua asturiana va llegar a la etapa infantil el pr\u00f3ximu cursu<\/a><span class=\"post-date\">08\/05\/2025<\/span><\/li>\n<li><a href=\"https:\/\/edublog.educastur.es\/ixuxu\/2025\/05\/refranes-asturianos-11\/\">Refranes asturianos<\/a><span class=\"post-date\">08\/05\/2025<\/span><\/li>\n<li><a href=\"https:\/\/edublog.educastur.es\/ixuxu\/2025\/05\/cruciando-larte-cuanto-sabes-dhorros-asturianos\/\">\u00bfCu\u00e1nto sabes d\u2019horros asturianos?<\/a><span class=\"post-date\">08\/05\/2025<\/span><\/li>\n<li><a href=\"https:\/\/edublog.educastur.es\/ixuxu\/2025\/05\/amazon-busca-pueblu\/\">Cadaveu pres\u00e9ntase al Concursu \u201cAmazon Busca Pueblu\u201d<\/a><span class=\"post-date\">08\/05\/2025<\/span><\/li>\n<li><a href=\"https:\/\/edublog.educastur.es\/ixuxu\/2025\/05\/esposicion-fotografica-nel-estragal-del-olvidu-danalia-pello\/\">Esposici\u00f3n: \u00abNel umbral del olv\u00edu\u00bb d\u2019Anal\u00eda Pello.<\/a><span class=\"post-date\">08\/05\/2025<\/span><\/li>\n<li><a href=\"https:\/\/edublog.educastur.es\/ixuxu\/2025\/05\/el-nuevu-mirador-de-cotu-bellu-nel-conceyu-dayer\/\">El nuevu mirador de Cotu Bellu, nel conceyu d\u2019Ayer<\/a><span class=\"post-date\">08\/05\/2025<\/span><\/li>\n<li><a href=\"https:\/\/edublog.educastur.es\/ixuxu\/2025\/05\/procesu-creativo\/\">Procesu creativo<\/a><span class=\"post-date\">08\/05\/2025<\/span><\/li>\n<li><a href=\"https:\/\/edublog.educastur.es\/ixuxu\/2025\/05\/esti-domingu-vuelve-a-tpa-sonadia-el-programa-dedicau-a-la-musica-fecha-nasturies\/\">Esti domingu vuelve a TPA \u2018Sonad\u00eda\u2019, el programa dedic\u00e1u a la m\u00fasica fecha n\u2019Asturies<\/a><span class=\"post-date\">08\/05\/2025<\/span><\/li>\n<li><a href=\"https:\/\/edublog.educastur.es\/ixuxu\/2025\/05\/skanda-folk-roll-circus\/\">Skanda: \u00abFolk &amp; Roll Circus\u00bb<\/a><span class=\"post-date\">08\/05\/2025<\/span><\/li>\n<li><a href=\"https:\/\/edublog.educastur.es\/ixuxu\/2025\/05\/54-o-festival-interceltico-de-lorient-en-francia\/\">54 Festival Interc\u00e9ltico de Lorient en Francia<\/a><span class=\"post-date\">08\/05\/2025<\/span><\/li>\n<li><a href=\"https:\/\/edublog.educastur.es\/ixuxu\/2025\/05\/nuevu-trabayu-de-la-banda-de-gaites-llacin\/\">Nuevu trabayu de la Banda de Gaites Llac\u00edn<\/a><span class=\"post-date\">08\/05\/2025<\/span><\/li>\n<li><a href=\"https:\/\/edublog.educastur.es\/ixuxu\/2025\/05\/lanuariu-de-la-musica-asturiana\/\">L\u2019Anuariu de la M\u00fasica Asturiana<\/a><span class=\"post-date\">08\/05\/2025<\/span><\/li>\n<li><a href=\"https:\/\/edublog.educastur.es\/ixuxu\/2025\/05\/iii-edicion-dia-mundial-de-los-tortos-de-maiz\/\">III Edici\u00f3n D\u00eda Mundial de los Tortos de Ma\u00edz<\/a><span class=\"post-date\">08\/05\/2025<\/span><\/li>\n<li><a href=\"https:\/\/edublog.educastur.es\/ixuxu\/2025\/05\/dia-mundial-de-la-cruz-roja-2\/\">D\u00eda Mundial de la Cruz Roja<\/a><span class=\"post-date\">08\/05\/2025<\/span><\/li>\n<li><a href=\"https:\/\/edublog.educastur.es\/ixuxu\/2025\/05\/tiempu-nasturies-el-comercio-10\/\">Tiempu n\u2019Asturies (El Comercio)<\/a><span class=\"post-date\">08\/05\/2025<\/span><\/li>\n<li><a href=\"https:\/\/edublog.educastur.es\/ixuxu\/2025\/05\/les-noticies-del-miercoles-7-de-mayu-de-2025-nasturianu-tpanoticies\/\">Les noticies del mi\u00e9rcoles 7 de mayu de 2025 n\u2019asturianu #TPANoticies<\/a><span class=\"post-date\">07\/05\/2025<\/span><\/li>\n<li><a href=\"https:\/\/edublog.educastur.es\/ixuxu\/2025\/05\/afayau-un-nuevu-antibioticu-que-dexa-atacar-les-superbacteries\/\">Afay\u00e1u un nuevu antibi\u00f3ticu que dexa atacar les superbacteries<\/a><span class=\"post-date\">07\/05\/2025<\/span><\/li>\n<li><a href=\"https:\/\/edublog.educastur.es\/ixuxu\/2025\/05\/amanez-nasturies-primeres-lluces-na-sablera-de-gueirua\/\">Amanez n\u2019Asturies: Primeres lluces na sablera de Gueir\u00faa.<\/a><span class=\"post-date\">07\/05\/2025<\/span><\/li>\n<li><a href=\"https:\/\/edublog.educastur.es\/ixuxu\/2025\/05\/ayudes-pa-proyectos-audiovisuales-nasturianu-y-eonaviegu\/\">Ayudes pa proyectos audiovisuales n\u2019asturianu y eonaviegu.<\/a><span class=\"post-date\">07\/05\/2025<\/span><\/li>\n<li><a href=\"https:\/\/edublog.educastur.es\/ixuxu\/2025\/05\/el-principau-va-llucir-14-ensenes-calidable-nes-sos-sableres-frente-a-16-lanu-pasau\/\">El Princip\u00e1u va llucir 14 ense\u00f1es calidable nes sos sableres, frente a 16 l\u2019a\u00f1u pas\u00e1u.<\/a><span class=\"post-date\">07\/05\/2025<\/span><\/li>\n<li><a href=\"https:\/\/edublog.educastur.es\/ixuxu\/2025\/05\/los-dolce-idiomes-mas-falaos-del-mundu-segun-el-numberu-total-de-falantes\/\">Los dolce idiomes m\u00e1s falaos del mundu, seg\u00fan el n\u00famberu total de falantes<\/a><span class=\"post-date\">07\/05\/2025<\/span><\/li>\n<li><a href=\"https:\/\/edublog.educastur.es\/ixuxu\/2025\/05\/charra-sobrol-concursu-indumentaria-del-dial-traxel-pais-de-grau\/\">Charra sobro\u2019l Concursu Indumentaria, del D\u00eda\u2019l traxe\u2019l pa\u00eds de Grau<\/a><span class=\"post-date\">07\/05\/2025<\/span><\/li>\n<li><a href=\"https:\/\/edublog.educastur.es\/ixuxu\/2025\/05\/47820\/\">(sin t\u00edtulo)<\/a><span class=\"post-date\">07\/05\/2025<\/span><\/li>\n<li><a href=\"https:\/\/edublog.educastur.es\/ixuxu\/2025\/05\/byung-chul-han-premiu-princesa-de-comunicacion-y-humanidaes\/\">Byung Chul Han, Premiu Princesa de Comunicaci\u00f3n y Humanidaes 2025<\/a><span class=\"post-date\">07\/05\/2025<\/span><\/li>\n<li><a href=\"https:\/\/edublog.educastur.es\/ixuxu\/2025\/05\/viva-la-llingua-asturiana\/\">\u00a1Viva la llingua Asturiana!<\/a><span class=\"post-date\">07\/05\/2025<\/span><\/li>\n<li><a href=\"https:\/\/edublog.educastur.es\/ixuxu\/2025\/05\/asturies-cumple-40-anos-como-paraisu-natural-y-tu-puedes-formar-parte-desta-hestoria\/\">Asturies cumple 40 a\u00f1os como Para\u00edsu Natural y tu puedes formar parte d\u2019esta hestoria<\/a><span class=\"post-date\">07\/05\/2025<\/span><\/li>\n<li><a href=\"https:\/\/edublog.educastur.es\/ixuxu\/2025\/05\/una-tarta-xigante-como-oficina-de-turismu-interactiva-del-principau-nes-cais-de-madrid-bilbao-y-valladolid\/\">Una tarta xigante como oficina de turismu interactiva del Princip\u00e1u nes cais de Madrid, Bilbao y Valladolid<\/a><span class=\"post-date\">07\/05\/2025<\/span><\/li>\n<li><a href=\"https:\/\/edublog.educastur.es\/ixuxu\/2025\/05\/el-principau-celebra-los-40-anos-de-la-marca-asturies-paraisu-natural\/\">El Princip\u00e1u celebra los 40 a\u00f1os de la marca \u2018Asturies, Para\u00edsu Natural\u2019<\/a><span class=\"post-date\">07\/05\/2025<\/span><\/li>\n<li><a href=\"https:\/\/edublog.educastur.es\/ixuxu\/2025\/05\/educacion-anima-al-alumnau-a-escoyer-asturianu-nel-segundu-ciclu-dinfantil\/\">Educaci\u00f3n anima al alumn\u00e1u a escoyer asturianu nel segundu ciclu d\u2019Infantil<\/a><span class=\"post-date\">07\/05\/2025<\/span><\/li>\n<li><a href=\"https:\/\/edublog.educastur.es\/ixuxu\/2025\/05\/los-meandros-del-nora-dende-laire\/\">Los Meandros del Nora, Monumentu Natural, dende l\u2019aire<\/a><span class=\"post-date\">07\/05\/2025<\/span><\/li>\n<li><a href=\"https:\/\/edublog.educastur.es\/ixuxu\/2025\/05\/quedar-como-la-gocha\/\">\u00abQuedar como la gocha\u00bb<\/a><span class=\"post-date\">07\/05\/2025<\/span><\/li>\n<li><a href=\"https:\/\/edublog.educastur.es\/ixuxu\/2025\/05\/los-anfibios-atopense-nuna-situacion-critica-nel-mundu\/\">\u00a0Los anfibios at\u00f3pense n\u2019una situaci\u00f3n cr\u00edtica nel mundu.<\/a><span class=\"post-date\">07\/05\/2025<\/span><\/li>\n<li><a href=\"https:\/\/edublog.educastur.es\/ixuxu\/2025\/05\/noveda-lo-verdadero-poemariu-de-lurdes-alvarez\/\">Noved\u00e1: \u00abLo verdadero\u00bb poemariu de Lurdes \u00c1lvarez<\/a><span class=\"post-date\">07\/05\/2025<\/span><\/li>\n<li><a href=\"https:\/\/edublog.educastur.es\/ixuxu\/2025\/05\/los-fayeos-de-mayo-del-grupu-felpeyu\/\">\u00abLos fayeos de mayo\u00bb del grupu Felpeyu<\/a><span class=\"post-date\">07\/05\/2025<\/span><\/li>\n<li><a href=\"https:\/\/edublog.educastur.es\/ixuxu\/2025\/05\/esposicion-cartelos-de-teatru-na-coleccion-del-museu-del-pueblu-dasturies-1935-1995\/\">Esposici\u00f3n \u00abCartelos de teatru na colecci\u00f3n del Mus\u00e9u del Pueblu d\u2019Asturies, 1935-1995\u00bb<\/a><span class=\"post-date\">07\/05\/2025<\/span><\/li>\n<li><a href=\"https:\/\/edublog.educastur.es\/ixuxu\/2025\/05\/la-banda-de-gaites-el-centru-del-centru-asturianu-de-madrid\/\">La Banda de Gaites El Centru, del Centru Asturianu de Madrid<\/a><span class=\"post-date\">07\/05\/2025<\/span><\/li>\n<li><a href=\"https:\/\/edublog.educastur.es\/ixuxu\/2025\/05\/%ea%9c%b0%e1%b4%87%ca%9f%c9%aa%e1%b4%a2-%e1%b4%85i%e1%b4%80-%e1%b4%85%e1%b4%87-%ca%9f%e1%b4%87%ea%9c%b1-%ca%9f%ca%9f%e1%b4%87%e1%b4%9b%ca%80%e1%b4%87%ea%9c%b1-%e1%b4%80%ea%9c%b1%e1%b4%9b\/\">\u00a0\ua730\u1d07\u029f\u026a\u1d22 \u1d05\u00ed\u1d00 \u1d05\u1d07 \u029f\u1d07\ua731 \u029f\u029f\u1d07\u1d1b\u0280\u1d07\ua731 \u1d00\ua731\u1d1b\u1d1c\u0280\u026a\u1d00\u0274\u1d07\ua731.\u00a0<\/a><span class=\"post-date\">07\/05\/2025<\/span><\/li>\n<li><a href=\"https:\/\/edublog.educastur.es\/ixuxu\/2025\/05\/programa-dactos-de-la-46-selmana-de-les-lletres-asturianes-pin-xose-alvarez\/\">Programa d\u2019actos 46 Selmana de les Lletres Asturianes: \u00abPin\u00bb, Xos\u00e9 \u00c1lvarez<\/a><span class=\"post-date\">07\/05\/2025<\/span><\/li>\n<li><a href=\"https:\/\/edublog.educastur.es\/ixuxu\/2025\/05\/tiempu-nasturies-el-comercio-9\/\">Tiempu n\u2019Asturies (El Comercio)<\/a><span class=\"post-date\">07\/05\/2025<\/span><\/li>\n<li><a href=\"https:\/\/edublog.educastur.es\/ixuxu\/2025\/05\/piedres-nel-camin\/\">Piedres nel cam\u00edn<\/a><span class=\"post-date\">06\/05\/2025<\/span><\/li>\n<li><a href=\"https:\/\/edublog.educastur.es\/ixuxu\/2025\/05\/xlvi-festival-del-arroz-con-lleche-en-santolaya-de-cabranes\/\">XLVI Festival del Arroz con Lleche, en Santolaya de Cabranes<\/a><span class=\"post-date\">06\/05\/2025<\/span><\/li>\n<li><a href=\"https:\/\/edublog.educastur.es\/ixuxu\/2025\/05\/la-xoyeria-tradicional-asturiana\/\">La xoyer\u00eda tradicional asturiana<\/a><span class=\"post-date\">06\/05\/2025<\/span><\/li>\n<li><a href=\"https:\/\/edublog.educastur.es\/ixuxu\/2025\/05\/les-noticies-del-martes-6-de-mayu-de-2025-nasturianu-tpanoticies\/\">Les noticies del martes 6 de mayu de 2025 n\u2019asturianu #TPANoticies<\/a><span class=\"post-date\">06\/05\/2025<\/span><\/li>\n<li><a href=\"https:\/\/edublog.educastur.es\/ixuxu\/2025\/05\/axenda-del-5-al-11-de-mayu\/\">Axenda del 5 al 11 de mayu<\/a><span class=\"post-date\">06\/05\/2025<\/span><\/li>\n<li><a href=\"https:\/\/edublog.educastur.es\/ixuxu\/2025\/05\/asturies-destierra-les-tablets-y-ordenadores-en-primaria\/\">Asturies destierra les tablets y ordenadores en Primaria<\/a><span class=\"post-date\">06\/05\/2025<\/span><\/li>\n<li><a href=\"https:\/\/edublog.educastur.es\/ixuxu\/2025\/05\/47733\/\">(sin t\u00edtulo)<\/a><span class=\"post-date\">06\/05\/2025<\/span><\/li>\n<li><a href=\"https:\/\/edublog.educastur.es\/ixuxu\/2025\/05\/ruta-de-los-vaqueros-dalzada\/\">Ruta de los Vaqueros d\u2019Alzada<\/a><span class=\"post-date\">06\/05\/2025<\/span><\/li>\n<li><a href=\"https:\/\/edublog.educastur.es\/ixuxu\/2025\/05\/nueva-web-de-la-fundacion-belenos\/\">Nueva web de la Fundaci\u00f3n Belenos<\/a><span class=\"post-date\">06\/05\/2025<\/span><\/li>\n<li><a href=\"https:\/\/edublog.educastur.es\/ixuxu\/2025\/05\/xlvi-dia-de-les-lletres-asturianes-vienres-9-de-mayu-nel-teatru-campoamor-duvieu\/\">XLVI D\u00eda de les Lletres Asturianes, 9 mayu nel Teatru Campoamor d\u2019Uvi\u00e9u<\/a><span class=\"post-date\">06\/05\/2025<\/span><\/li>\n<li><a href=\"https:\/\/edublog.educastur.es\/ixuxu\/2025\/05\/esposicion-los-cuentos-dandersen\/\">Esposici\u00f3n \u00abLos Cuentos d\u2019Andersen\u00bb dende\u2019l 6 hasta\u2019l 31 de mayu na Sala 3 del CCAI de Xix\u00f3n<\/a><span class=\"post-date\">06\/05\/2025<\/span><\/li>\n<li><a href=\"https:\/\/edublog.educastur.es\/ixuxu\/2025\/05\/la-pornacal-un-simbolu-vivu-del-nuesu-patrimoniu\/\">La Pornacal, un s\u00edmbolu vivu del nuesu patrimoniu<\/a><span class=\"post-date\">06\/05\/2025<\/span><\/li>\n<li><a href=\"https:\/\/edublog.educastur.es\/ixuxu\/2025\/05\/uvieu-na-lliteratura-asturiana\/\">Uvi\u00e9u na lliteratura asturiana<\/a><span class=\"post-date\">06\/05\/2025<\/span><\/li>\n<li><a href=\"https:\/\/edublog.educastur.es\/ixuxu\/2025\/05\/descripcion-duna-imaxe\/\">Descripci\u00f3n d\u2019una imaxe<\/a><span class=\"post-date\">06\/05\/2025<\/span><\/li>\n<li><a href=\"https:\/\/edublog.educastur.es\/ixuxu\/2025\/05\/uvieu-va-acoyer-el-11-de-mayu-la-fiesta-de-la-bicicleta\/\">Uvi\u00e9u va acoyer el 11 de mayu la Fiesta de la bicicleta<\/a><span class=\"post-date\">06\/05\/2025<\/span><\/li>\n<li><a href=\"https:\/\/edublog.educastur.es\/ixuxu\/2025\/05\/cancionero-duermite-nenin-del-alma\/\">Cancionero: \u00abDu\u00e9rmite ne\u00f1\u00edn del alma\u00bb<\/a><span class=\"post-date\">06\/05\/2025<\/span><\/li>\n<li><a href=\"https:\/\/edublog.educastur.es\/ixuxu\/2025\/05\/47685\/\">(sin t\u00edtulo)<\/a><span class=\"post-date\">06\/05\/2025<\/span><\/li>\n<li><a href=\"https:\/\/edublog.educastur.es\/ixuxu\/2025\/05\/la-xusticia-da-la-razon-a-un-asturianu-frente-a-una-reclamacion-indebida-duna-enerxetica\/\">La xusticia da la raz\u00f3n a un asturianu frente a una reclamaci\u00f3n d\u2019una enerx\u00e9tica<\/a><span class=\"post-date\">06\/05\/2025<\/span><\/li>\n<li><a href=\"https:\/\/edublog.educastur.es\/ixuxu\/2025\/05\/ayudes-pa-salvaguardar-el-patrimoniu-cultural-inmaterial\/\">Ayudes pa salvaguardar el patrimoniu cultural inmaterial<\/a><span class=\"post-date\">06\/05\/2025<\/span><\/li>\n<li><a href=\"https:\/\/edublog.educastur.es\/ixuxu\/2025\/05\/una-especie-dave-casi-extinta-pon-guevos-per-primer-vegada-en-40-anos\/\">Una especie d\u2019ave casi extinta pon g\u00fcevos per primer vegada en 40 a\u00f1os<\/a><span class=\"post-date\">06\/05\/2025<\/span><\/li>\n<li><a href=\"https:\/\/edublog.educastur.es\/ixuxu\/2025\/05\/estos-son-los-dinosaurios-que-tenien-plumes\/\">Estos son los dinosaurios que ten\u00eden plumes<\/a><span class=\"post-date\">06\/05\/2025<\/span><\/li>\n<li><a href=\"https:\/\/edublog.educastur.es\/ixuxu\/2025\/05\/mediu-rural-sofita-la-meyora-xenetica-de-les-races-autoctones\/\">Mediu Rural sofita la meyora xen\u00e9tica de les races aut\u00f3ctones<\/a><span class=\"post-date\">06\/05\/2025<\/span><\/li>\n<li><a href=\"https:\/\/edublog.educastur.es\/ixuxu\/2025\/05\/asturies-cunta-en-2025-cola-mayor-ufierta-de-conexones-directes-dendel-so-aeropuertu\/\">Asturies cunta en 2025 cola mayor ufierta de conexones directes dende\u2019l so aeropuertu<\/a><span class=\"post-date\">06\/05\/2025<\/span><\/li>\n<li><a href=\"https:\/\/edublog.educastur.es\/ixuxu\/2025\/05\/iii-feria-de-la-ciencia-y-linnovacion-dasturies-vienres-9-de-mayu\/\">III Feria de la Ciencia y l\u2019Innovaci\u00f3n d\u2019Asturies: vienres 9 de mayu<\/a><span class=\"post-date\">06\/05\/2025<\/span><\/li>\n<li><a href=\"https:\/\/edublog.educastur.es\/ixuxu\/2025\/05\/dia-mundial-del-acordion\/\">D\u00eda mundial del acordi\u00f3n<\/a><span class=\"post-date\">06\/05\/2025<\/span><\/li>\n<li><a href=\"https:\/\/edublog.educastur.es\/ixuxu\/2025\/05\/tiempu-nasturies-el-comercio-8\/\">Tiempu n\u2019Asturies (El Comercio)<\/a><span class=\"post-date\">06\/05\/2025<\/span><\/li>\n<li><a href=\"https:\/\/edublog.educastur.es\/ixuxu\/2025\/05\/llugares-maxicos-dasturies\/\">Les noticies del llunes 5 de mayu de 2025 n\u2019asturianu #TPANoticies<\/a><span class=\"post-date\">05\/05\/2025<\/span><\/li>\n<li><a href=\"https:\/\/edublog.educastur.es\/ixuxu\/2025\/05\/al-xirar-el-sol-del-grupo-skanda\/\">\u00abAl xirar el sol\u00bb del grupo Skanda<\/a><span class=\"post-date\">05\/05\/2025<\/span><\/li>\n<li><a href=\"https:\/\/edublog.educastur.es\/ixuxu\/2025\/05\/branu-nasturies-ye\/\">Branu n\u2019Asturies ye\u2026<\/a><span class=\"post-date\">05\/05\/2025<\/span><\/li>\n<li><a href=\"https:\/\/edublog.educastur.es\/ixuxu\/2025\/05\/dicires-nasturianu-9\/\">Dicires n\u2019asturianu<\/a><span class=\"post-date\">05\/05\/2025<\/span><\/li>\n<li><a href=\"https:\/\/edublog.educastur.es\/ixuxu\/2025\/05\/gayasperu-2\/\">\u00abGayasperu\u00bb<\/a><span class=\"post-date\">05\/05\/2025<\/span><\/li>\n<li><a href=\"https:\/\/edublog.educastur.es\/ixuxu\/2025\/05\/iniciativa-pol-asturianu-pon-en-marchal-buzon-del-asturianu\/\">Iniciativa pol Asturianu pon en marcha\u2019l\u00a0Buz\u00f3n del Asturianu.<\/a><span class=\"post-date\">05\/05\/2025<\/span><\/li>\n<li><a href=\"https:\/\/edublog.educastur.es\/ixuxu\/2025\/05\/ciberataque\/\">\u00abCiberataque\u00bb<\/a><span class=\"post-date\">05\/05\/2025<\/span><\/li>\n<li><a href=\"https:\/\/edublog.educastur.es\/ixuxu\/2025\/05\/dia-internacional-de-la-matrona\/\">D\u00eda Internacional de la Matrona<\/a><span class=\"post-date\">05\/05\/2025<\/span><\/li>\n<li><a href=\"https:\/\/edublog.educastur.es\/ixuxu\/2025\/05\/dia-mundial-de-la-higiene-de-manos-salu-recuerda-la-importancia-de-la-llavadura-de-manos\/\">Sal\u00fa recuerda la importancia de la llavadura de manos (D\u00eda Mundial Hixene Manos)<\/a><span class=\"post-date\">05\/05\/2025<\/span><\/li>\n<li><a href=\"https:\/\/edublog.educastur.es\/ixuxu\/2025\/05\/dia-mundial-de-la-hixene-de-manos-2\/\">D\u00eda Mundial de la Hixene de Manos: Campa\u00f1a d\u2019Hixene<\/a><span class=\"post-date\">05\/05\/2025<\/span><\/li>\n<li><a href=\"https:\/\/edublog.educastur.es\/ixuxu\/2025\/05\/tiempu-nasturies-el-comercio-7\/\">Tiempu n\u2019Asturies (El Comercio)<\/a><span class=\"post-date\">05\/05\/2025<\/span><\/li>\n<li><a href=\"https:\/\/edublog.educastur.es\/ixuxu\/2025\/05\/les-noticies-del-domingu-4-de-mayu-de-2025-nasturianu-tpanoticies\/\">Les noticies del domingu 4 de mayu de 2025 n\u2019asturianu #TPANoticies<\/a><span class=\"post-date\">04\/05\/2025<\/span><\/li>\n<li><a href=\"https:\/\/edublog.educastur.es\/ixuxu\/2025\/05\/47620\/\">(sin t\u00edtulo)<\/a><span class=\"post-date\">04\/05\/2025<\/span><\/li>\n<li><a href=\"https:\/\/edublog.educastur.es\/ixuxu\/2025\/05\/47589\/\">La sidra Val de Boides, del Llagar Casta\u00f1\u00f3n de Quintueles, medaya d\u2019Oru en Frankfurt (Alema\u00f1a)<\/a><span class=\"post-date\">04\/05\/2025<\/span><\/li>\n<li><a href=\"https:\/\/edublog.educastur.es\/ixuxu\/2025\/05\/madre-de-la-sidra\/\">Pallabreru: \u00absidra sobro la madre\u00bb<\/a><span class=\"post-date\">04\/05\/2025<\/span><\/li>\n<li><a href=\"https:\/\/edublog.educastur.es\/ixuxu\/2025\/05\/47550\/\">(sin t\u00edtulo)<\/a><span class=\"post-date\">04\/05\/2025<\/span><\/li>\n<li><a href=\"https:\/\/edublog.educastur.es\/ixuxu\/2025\/05\/hello-kitty-asina-nacio-una-gatina-para-que-la-xente-imaxinara-los-sos-propios-sentimientos-nella\/\">Hello Kitty: asina naci\u00f3 una gatina para que la xente imaxinara los sos propios sentimientos nella<\/a><span class=\"post-date\">04\/05\/2025<\/span><\/li>\n<li><a href=\"https:\/\/edublog.educastur.es\/ixuxu\/2025\/05\/un-riu-apinau-doru-que-caltien-viva-la-tradicion-minera-nasturies\/\">Un r\u00edu apin\u00e1u d\u2019oru que caltien viva la tradici\u00f3n minera n\u2019Asturies<\/a><span class=\"post-date\">04\/05\/2025<\/span><\/li>\n<li><a href=\"https:\/\/edublog.educastur.es\/ixuxu\/2025\/05\/angel-fernandez-artime-cardenal-asturiau-papable\/\">\u00c1ngel Fern\u00e1ndez Artime, cardenal asturiau \u00abpapable\u00bb<\/a><span class=\"post-date\">04\/05\/2025<\/span><\/li>\n<li><a href=\"https:\/\/edublog.educastur.es\/ixuxu\/2025\/05\/salsalel-campanu-del-sella-el-mas-tardiu-que-se-recuerda-56-quilos-de-salmon-que-pesco-un-cantabru\/\">Sale\u2019l Campanu del Sella, el m\u00e1s tard\u00edu que se recuerda: 5,6 quilos de salm\u00f3n que pesc\u00f3 un c\u00e1ntabru<\/a><span class=\"post-date\">04\/05\/2025<\/span><\/li>\n<li><a href=\"https:\/\/edublog.educastur.es\/ixuxu\/2025\/05\/familia-numberosa-nel-riu-guena-cangues-donis\/\">Familia numberosa de cor\u00edos nel R\u00edu G\u00fce\u00f1a (Cangues d\u2019Onis)<\/a><span class=\"post-date\">04\/05\/2025<\/span><\/li>\n<li><a href=\"https:\/\/edublog.educastur.es\/ixuxu\/2025\/05\/kokedama-bola-de-musgo-ye-una-tecnica-artesanal-xaponesa-de-cultivu-de-plantes\/\">Kokedama (bola de musgo) ye una t\u00e9cnica artesanal xaponesa de cultivu de plantes<\/a><span class=\"post-date\">04\/05\/2025<\/span><\/li>\n<li><a href=\"https:\/\/edublog.educastur.es\/ixuxu\/2025\/05\/dia-mundial-de-star-wars\/\">D\u00eda Mundial de Star Wars<\/a><span class=\"post-date\">04\/05\/2025<\/span><\/li>\n<li><a href=\"https:\/\/edublog.educastur.es\/ixuxu\/2025\/05\/tiempu-nasturies-el-comercio-6\/\">Tiempu n\u2019Asturies (El Comercio)<\/a><span class=\"post-date\">04\/05\/2025<\/span><\/li>\n<li><a href=\"https:\/\/edublog.educastur.es\/ixuxu\/2025\/05\/47548\/\">(sin t\u00edtulo)<\/a><span class=\"post-date\">04\/05\/2025<\/span><\/li>\n<li><a href=\"https:\/\/edublog.educastur.es\/ixuxu\/2025\/05\/les-noticies-del-sabadu-3-de-mayu-de-2025-nasturianu-tpanoticies\/\">Les noticies del s\u00e1badu 3 de mayu de 2025 n\u2019asturianu #TPANoticies<\/a><span class=\"post-date\">03\/05\/2025<\/span><\/li>\n<li><a href=\"https:\/\/edublog.educastur.es\/ixuxu\/2025\/05\/grupu-muneco-vudu-musica-popular-independiente\/\">Grupu \u00abMu\u00f1eco Vud\u00fa\u00bb: M\u00fasica Popular Independiente<\/a><span class=\"post-date\">03\/05\/2025<\/span><\/li>\n<li><a href=\"https:\/\/edublog.educastur.es\/ixuxu\/2025\/05\/los-figos-nun-son-frutos\/\">Los figos nun son frutos<\/a><span class=\"post-date\">03\/05\/2025<\/span><\/li>\n<li><a href=\"https:\/\/edublog.educastur.es\/ixuxu\/2025\/05\/una-teoria-apunta-que-va-ser-dientro-de-250-millones-danos-cuando-surda-otru-supercontinente\/\">Una teor\u00eda apunta que va ser dientro de 250 millones d\u2019a\u00f1os cuando surda otru supercontinente<\/a><span class=\"post-date\">03\/05\/2025<\/span><\/li>\n<li><a href=\"https:\/\/edublog.educastur.es\/ixuxu\/2025\/05\/esti-tiempu-cambiante-traenos-de-cabeza\/\">Esti tiempu cambiante tra\u00e9nos de cabeza<\/a><span class=\"post-date\">03\/05\/2025<\/span><\/li>\n<li><a href=\"https:\/\/edublog.educastur.es\/ixuxu\/2025\/05\/pequenos-grupos-de-correlimos-comunes\/\">Peque\u00f1os grupos de correlimos comunes<\/a><span class=\"post-date\">03\/05\/2025<\/span><\/li>\n<li><a href=\"https:\/\/edublog.educastur.es\/ixuxu\/2025\/05\/pallebreru-taraganu\/\">Pallebreru: \u00abTaraga\u00f1u\u00bb<\/a><span class=\"post-date\">03\/05\/2025<\/span><\/li>\n<li><a href=\"https:\/\/edublog.educastur.es\/ixuxu\/2025\/05\/47443\/\">(sin t\u00edtulo)<\/a><span class=\"post-date\">03\/05\/2025<\/span><\/li>\n<li><a href=\"https:\/\/edublog.educastur.es\/ixuxu\/2025\/05\/edicion-2025-de-porrua-en-boles\/\">Edici\u00f3n 2025 de \u00abPorr\u00faa en bolas\u00bb<\/a><span class=\"post-date\">03\/05\/2025<\/span><\/li>\n<li><a href=\"https:\/\/edublog.educastur.es\/ixuxu\/2025\/05\/2025-anu-internacional-del-caltenimientu-de-los-glaciares\/\">2025: A\u00f1u Internacional del Caltenimientu de los Glaciares.<\/a><span class=\"post-date\">03\/05\/2025<\/span><\/li>\n<li><a href=\"https:\/\/edublog.educastur.es\/ixuxu\/2025\/05\/cousteau-el-mar-guarda-secretos-capaces-de-namoranos-para-siempres\/\">Cousteau: El mar guarda secretos capaces de namoranos para siempres.<\/a><span class=\"post-date\">03\/05\/2025<\/span><\/li>\n<li><a href=\"https:\/\/edublog.educastur.es\/ixuxu\/2025\/05\/taramundi-inaugura-una-finca-unica-nasturies\/\">Taramundi inaugura una finca \u00fanica n\u2019Asturies<\/a><span class=\"post-date\">03\/05\/2025<\/span><\/li>\n<li><a href=\"https:\/\/edublog.educastur.es\/ixuxu\/2025\/05\/recital-poeticu-versovera-en-cancienes-corvera\/\">Recital po\u00e9ticu \u00abVersovera\u00bb en Cancienes (Corvera)<\/a><span class=\"post-date\">03\/05\/2025<\/span><\/li>\n<li><a href=\"https:\/\/edublog.educastur.es\/ixuxu\/2025\/05\/club-patin-la-corredoria-infantil-2024-2025\/\">Club Pat\u00edn La Corredoria Infantil 24-25<\/a><span class=\"post-date\">03\/05\/2025<\/span><\/li>\n<li><a href=\"https:\/\/edublog.educastur.es\/ixuxu\/2025\/05\/prueba-de-conocencia-de-la-llingua-asturiana\/\">Prueba de conocencia de la llingua asturiana<\/a><span class=\"post-date\">03\/05\/2025<\/span><\/li>\n<li><a href=\"https:\/\/edublog.educastur.es\/ixuxu\/2025\/05\/reabrel-mirador-del-fitu-tres-delles-selmanes-cerrau-por-riesgu-daccidentes\/\">Reabre\u2019l mirador del Fitu tres delles selmanes cerr\u00e1u por riesgu d\u2019accidentes<\/a><span class=\"post-date\">03\/05\/2025<\/span><\/li>\n<li><a href=\"https:\/\/edublog.educastur.es\/ixuxu\/2025\/05\/dia-mundial-de-la-lliberta-de-prensa\/\">D\u00eda Mundial de la Llibert\u00e1 de Prensa<\/a><span class=\"post-date\">03\/05\/2025<\/span><\/li>\n<li><a href=\"https:\/\/edublog.educastur.es\/ixuxu\/2025\/05\/tiempu-nasturies-el-comercio-5\/\">Tiempu n\u2019Asturies (El Comercio)<\/a><span class=\"post-date\">03\/05\/2025<\/span><\/li>\n<li><a href=\"https:\/\/edublog.educastur.es\/ixuxu\/2025\/05\/les-noticies-del-vienres-2-de-mayu-de-2025-nasturianu-tpanoticies\/\">Les noticies del vienres 2 de mayu de 2025 n\u2019asturianu #TPANoticies<\/a><span class=\"post-date\">02\/05\/2025<\/span><\/li>\n<li><a href=\"https:\/\/edublog.educastur.es\/ixuxu\/2025\/05\/arranca-un-fin-de-selmana-enllenu-de-musical-pais-per-toa-asturies\/\">Arranca un fin de selmana enllenu de m\u00fasica\u2019l pa\u00eds per toa Asturies<\/a><span class=\"post-date\">02\/05\/2025<\/span><\/li>\n<li><a href=\"https:\/\/edublog.educastur.es\/ixuxu\/2025\/05\/47486\/\">Jane Goodall, et\u00f3loga de 91 a\u00f1os, nel programa \u00abLa Revuelta\u00bb<\/a><span class=\"post-date\">02\/05\/2025<\/span><\/li>\n<li><a href=\"https:\/\/edublog.educastur.es\/ixuxu\/2025\/05\/xixontours-vuelve-con-visites-guiaes-al-rodiu-de-la-hestoria-del-asturianu-y-curiosidaes-de-la-villa\/\">XixonTours vuelve con visites guiaes al rodiu de la hestoria del asturianu y curiosidaes de la villa<\/a><span class=\"post-date\">02\/05\/2025<\/span><\/li>\n<li><a href=\"https:\/\/edublog.educastur.es\/ixuxu\/2025\/05\/premiu-de-lliteratura-de-la-xe\/\">Premiu de Lliteratura de la XE<\/a><span class=\"post-date\">02\/05\/2025<\/span><\/li>\n<li><a href=\"https:\/\/edublog.educastur.es\/ixuxu\/2025\/05\/viii-alcuentru-de-bandes-de-gaites-en-quiros\/\">VIII Alcuentru de Bandes de Gaites en Quir\u00f3s<\/a><span class=\"post-date\">02\/05\/2025<\/span><\/li>\n<li><a href=\"https:\/\/edublog.educastur.es\/ixuxu\/2025\/05\/cincuenta-anos-del-estrenu-dheidi-nel-nuesu-pais\/\">La serie d\u2019animaci\u00f3n \u2018Heidi\u2019 cumple 50 a\u00f1os nel nuesu pa\u00eds<\/a><span class=\"post-date\">02\/05\/2025<\/span><\/li>\n<li><a href=\"https:\/\/edublog.educastur.es\/ixuxu\/2025\/05\/la-benefica-enllenase-de-teatru-cola-llegada-del-grupu-ceceda-pueblu-astur\/\">La Ben\u00e9fica enll\u00e9nase de teatru cola llegada del Grupu Ceceda Pueblu Astur<\/a><span class=\"post-date\">02\/05\/2025<\/span><\/li>\n<li><a href=\"https:\/\/edublog.educastur.es\/ixuxu\/2025\/05\/segurida-alimentaria-aconseya-tirar-tres-un-apagon-de-mas-de-4-hores-dellos-alimentos\/\">Segurid\u00e1 Alimentaria aconseya tirar, tres un apag\u00f3n de m\u00e1s de 4 hores, dellos alimentos<\/a><span class=\"post-date\">02\/05\/2025<\/span><\/li>\n<li><a href=\"https:\/\/edublog.educastur.es\/ixuxu\/2025\/05\/47184\/\">(sin t\u00edtulo)<\/a><span class=\"post-date\">02\/05\/2025<\/span><\/li>\n<li><a href=\"https:\/\/edublog.educastur.es\/ixuxu\/2025\/05\/descensu-en-piragues-del-riu-pilona\/\">Descensu en pirag\u00fces del r\u00edu Pilo\u00f1a<\/a><span class=\"post-date\">02\/05\/2025<\/span><\/li>\n<li><a href=\"https:\/\/edublog.educastur.es\/ixuxu\/2025\/05\/asturies-preparase-para-otru-anu-de-record-turisticu\/\">Asturies prep\u00e1rase para otru a\u00f1u de r\u00e9cord tur\u00edsticu<\/a><span class=\"post-date\">02\/05\/2025<\/span><\/li>\n<li><a href=\"https:\/\/edublog.educastur.es\/ixuxu\/2025\/05\/vienres-2-de-mayu-naviles\/\">Vienres 2 de mayu n\u2019Avil\u00e9s, n\u2019alcordanza de Dami\u00e1n<\/a><span class=\"post-date\">02\/05\/2025<\/span><\/li>\n<li><a href=\"https:\/\/edublog.educastur.es\/ixuxu\/2025\/05\/dia-del-atun\/\">D\u00eda Internacional del At\u00fan<\/a><span class=\"post-date\">02\/05\/2025<\/span><\/li>\n<li><a href=\"https:\/\/edublog.educastur.es\/ixuxu\/2025\/05\/dia-internacional-contra-lacoso-escolar\/\">D\u00eda Internacional contra l\u2019Acoso Escolar<\/a><span class=\"post-date\">02\/05\/2025<\/span><\/li>\n<li><a href=\"https:\/\/edublog.educastur.es\/ixuxu\/2025\/05\/un-decretu-para-regular-la-prevencion-deteccion-y-erradicacion-del-acoso-escolar\/\">Un decretu para regular la prevenci\u00f3n, detecci\u00f3n y erradicaci\u00f3n del acoso escolar<\/a><span class=\"post-date\">02\/05\/2025<\/span><\/li>\n<li><a href=\"https:\/\/edublog.educastur.es\/ixuxu\/2025\/05\/dia-mundial-del-atun-2\/\">D\u00eda Mundial del At\u00fan<\/a><span class=\"post-date\">02\/05\/2025<\/span><\/li>\n<li><a href=\"https:\/\/edublog.educastur.es\/ixuxu\/2025\/05\/tiempu-nasturies-el-comercio-4\/\">Tiempu n\u2019Asturies (El Comercio)<\/a><span class=\"post-date\">02\/05\/2025<\/span><\/li>\n<li><a href=\"https:\/\/edublog.educastur.es\/ixuxu\/2025\/05\/feria-dabril-en-pilona-del-1-4-de-mayu\/\">Feria d\u2019abril en Pilo\u00f1a, del 1-4 de mayu<\/a><span class=\"post-date\">01\/05\/2025<\/span><\/li>\n<li><a href=\"https:\/\/edublog.educastur.es\/ixuxu\/2025\/05\/vero-rubio-presental-discu-llibru-vou\/\">Vero Rubio presenta\u2019l discu-llibru \u00abVou\u00bb n\u2019Uvi\u00e9u<\/a><span class=\"post-date\">01\/05\/2025<\/span><\/li>\n<li><a href=\"https:\/\/edublog.educastur.es\/ixuxu\/2025\/05\/les-noticies-del-xueves-1-de-mayu-de-2025-nasturianu-tpanoticies\/\">Les noticies del xueves 1 de mayu de 2025 n\u2019asturianu #TPANoticies<\/a><span class=\"post-date\">01\/05\/2025<\/span><\/li>\n<li><a href=\"https:\/\/edublog.educastur.es\/ixuxu\/2025\/05\/47066\/\">(sin t\u00edtulo)<\/a><span class=\"post-date\">01\/05\/2025<\/span><\/li>\n<li><a href=\"https:\/\/edublog.educastur.es\/ixuxu\/2025\/05\/limpresionante-amanecer-nuna-sablera-asturiana\/\">L\u2019impresionante amanecer n\u2019una sablera asturiana que protagoniza una campa\u00f1a de publicid\u00e1.<\/a><span class=\"post-date\">01\/05\/2025<\/span><\/li>\n<li><a href=\"https:\/\/edublog.educastur.es\/ixuxu\/2025\/05\/sablera-del-occidente-asturianu-escoyida-por-nutella-para-representar-a-asturies\/\">Sablera del Occidente asturianu escoyida por \u00abNutella\u00bb para representar a Asturies<\/a><span class=\"post-date\">01\/05\/2025<\/span><\/li>\n<li><a href=\"https:\/\/edublog.educastur.es\/ixuxu\/2025\/05\/refranes-asturianos-6\/\">Refranes asturianos<\/a><span class=\"post-date\">01\/05\/2025<\/span><\/li>\n<li><a href=\"https:\/\/edublog.educastur.es\/ixuxu\/2025\/05\/puertos-de-montana-asturianos\/\">Puertos de monta\u00f1a asturianos<\/a><span class=\"post-date\">01\/05\/2025<\/span><\/li>\n<li><a href=\"https:\/\/edublog.educastur.es\/ixuxu\/2025\/05\/selmana-de-les-lletres-asturianes-en-mieres\/\">Selmana de les Lletres Asturianes en Mieres<\/a><span class=\"post-date\">01\/05\/2025<\/span><\/li>\n<li><a href=\"https:\/\/edublog.educastur.es\/ixuxu\/2025\/05\/ma-pata-y-los-sos-patitos\/\">Ma pata y los sos patitos.<\/a><span class=\"post-date\">01\/05\/2025<\/span><\/li>\n<li><a href=\"https:\/\/edublog.educastur.es\/ixuxu\/2025\/05\/la-hestoria-de-la-pantera-rosa\/\">Friz Freleng, creador de la Pantera Rosa<\/a><span class=\"post-date\">01\/05\/2025<\/span><\/li>\n<li><a href=\"https:\/\/edublog.educastur.es\/ixuxu\/2025\/05\/kikuo-ibe-inventor-xapones-dle-relo-g-shock\/\">Kikuo Ibe, inventor xapon\u00e9s del rel\u00f3 G-Shock<\/a><span class=\"post-date\">01\/05\/2025<\/span><\/li>\n<li><a href=\"https:\/\/edublog.educastur.es\/ixuxu\/2025\/05\/47147\/\">(sin t\u00edtulo)<\/a><span class=\"post-date\">01\/05\/2025<\/span><\/li>\n<li><a href=\"https:\/\/edublog.educastur.es\/ixuxu\/2025\/05\/el-norte-despana-lleva-anos-quexandose-del-turismu-masivu\/\">El norte d\u2019Espa\u00f1a lleva a\u00f1os quex\u00e1ndose del turismu masivu<\/a><span class=\"post-date\">01\/05\/2025<\/span><\/li>\n<li><a href=\"https:\/\/edublog.educastur.es\/ixuxu\/2025\/05\/47165\/\">Asturies refuerza la so estratexa de internacionalizaci\u00f3n tur\u00edstica<\/a><span class=\"post-date\">01\/05\/2025<\/span><\/li>\n<li><a href=\"https:\/\/edublog.educastur.es\/ixuxu\/2025\/05\/47157\/\">El Princip\u00e1u promociona\u2019l so potencial tur\u00edstico y gastron\u00f3mico en Frankfurt (Alema\u00f1a)<\/a><span class=\"post-date\">01\/05\/2025<\/span><\/li>\n<li><a href=\"https:\/\/edublog.educastur.es\/ixuxu\/2025\/05\/asturies-participa-como-destin-convidau-na-edicion-britanica-de-spain-talks\/\">Asturies participa como dest\u00edn convid\u00e1u na edici\u00f3n brit\u00e1nica de Spain Talks<\/a><span class=\"post-date\">01\/05\/2025<\/span><\/li>\n<li><a href=\"https:\/\/edublog.educastur.es\/ixuxu\/2025\/05\/asturies-sigue-ameyorando-los-sos-datos-turisticos-fora-de-temporada-alta\/\">Asturies sigue ameyorando los sos datos tur\u00edsticos fora de temporada alta<\/a><span class=\"post-date\">01\/05\/2025<\/span><\/li>\n<li><a href=\"https:\/\/edublog.educastur.es\/ixuxu\/2025\/05\/turismu-asturies\/\">Turismu Asturies<\/a><span class=\"post-date\">01\/05\/2025<\/span><\/li>\n<li><a href=\"https:\/\/edublog.educastur.es\/ixuxu\/2025\/05\/corte-de-lluz\/\">\u201cCorte de lluz\u201d<\/a><span class=\"post-date\">01\/05\/2025<\/span><\/li>\n<li><a href=\"https:\/\/edublog.educastur.es\/ixuxu\/2025\/05\/verdures-de-mayu\/\">Verdures de mayu<\/a><span class=\"post-date\">01\/05\/2025<\/span><\/li>\n<li><a href=\"https:\/\/edublog.educastur.es\/ixuxu\/2025\/05\/bienveniu-mes-de-mayu\/\">\u00a1\u00a1\u00a1Bienven\u00edu mes de Mayu!!!<\/a><span class=\"post-date\">01\/05\/2025<\/span><\/li>\n<li><a href=\"https:\/\/edublog.educastur.es\/ixuxu\/2025\/05\/repasamos-los-meses-del-anu\/\">Repasu: meses del a\u00f1u y d\u00edes de la selmana<\/a><span class=\"post-date\">01\/05\/2025<\/span><\/li>\n<li><a href=\"https:\/\/edublog.educastur.es\/ixuxu\/2025\/05\/pexes-de-mayu\/\">Pexes de mayu<\/a><span class=\"post-date\">01\/05\/2025<\/span><\/li>\n<li><a href=\"https:\/\/edublog.educastur.es\/ixuxu\/2025\/05\/guei-celebramos-a-les-muyeres-que-sostienen-el-mundu-col-so-trabayu\/\">Trabayu y muyer nel arte<\/a><span class=\"post-date\">01\/05\/2025<\/span><\/li>\n<li><a href=\"https:\/\/edublog.educastur.es\/ixuxu\/2025\/05\/trabayu\/\">\u00abTrabayu\u00bb<\/a><span class=\"post-date\">01\/05\/2025<\/span><\/li>\n<li><a href=\"https:\/\/edublog.educastur.es\/ixuxu\/2025\/05\/bon-dia-del-trabayu\/\">Bon D\u00eda del Trabayu<\/a><span class=\"post-date\">01\/05\/2025<\/span><\/li>\n<li><a href=\"https:\/\/edublog.educastur.es\/ixuxu\/2025\/05\/47671\/\">Feliz d\u00eda a tolos que trabayen\u2026<\/a><span class=\"post-date\">01\/05\/2025<\/span><\/li>\n<li><a href=\"https:\/\/edublog.educastur.es\/ixuxu\/2025\/05\/feliz-dia-del-trabayu-2\/\">Feliz D\u00eda del trabayu<\/a><span class=\"post-date\">01\/05\/2025<\/span><\/li>\n<li><a href=\"https:\/\/edublog.educastur.es\/ixuxu\/2025\/05\/1-de-mayu-beltane-nel-calendariu-celta\/\">La vida ll\u00e9ganos cola fiesta de Beltane (1 de mayu) nel calendariu Celta<\/a><span class=\"post-date\">01\/05\/2025<\/span><\/li>\n<li><a href=\"https:\/\/edublog.educastur.es\/ixuxu\/2025\/05\/el-tiempu-nasturies-el-comercio-9\/\">El tiempu n\u2019Asturies (El Comercio)<\/a><span class=\"post-date\">01\/05\/2025<\/span><\/li>\n<li><a href=\"https:\/\/edublog.educastur.es\/ixuxu\/2025\/05\/fases-llunares-del-mes-de-mayu\/\">Fases llunares del mes de mayu<\/a><span class=\"post-date\">01\/05\/2025<\/span><\/li>\n<\/ul>\n","protected":false},"excerpt":{"rendered":"<p>Estrenu del cantar \u00abEscuela Asturiana\u00bb del grupu \u00abSKAMA LA REDE\u00bb31\/05\/2025 Les noticies del s\u00e1badu 31 de mayu de 2025 n\u2019asturianu #TPANoticies31\/05\/2025 El poema sinf\u00f3nicu \u201913 Reis\u2019 cor\u00f3nase per tolo alto nel Auditoriu.31\/05\/2025 Desfile folcl\u00f3ricu d\u2019esta edici\u00f3n de l\u2019Ascensi\u00f3n31\/05\/2025 Recordando a la gran escritora Cor\u00edn Tellado31\/05\/2025 Taller del escultor Herminio n\u2019A Carid\u00e1 (El Franco)31\/05\/2025 (sin t\u00edtulo)31\/05\/2025 [&hellip;]<\/p>\n","protected":false},"author":117,"featured_media":0,"parent":38590,"menu_order":0,"comment_status":"closed","ping_status":"closed","template":"","meta":{"footnotes":""},"class_list":["post-64917","page","type-page","status-publish","hentry"],"_links":{"self":[{"href":"https:\/\/edublog.educastur.es\/ixuxu\/wp-json\/wp\/v2\/pages\/64917","targetHints":{"allow":["GET"]}}],"collection":[{"href":"https:\/\/edublog.educastur.es\/ixuxu\/wp-json\/wp\/v2\/pages"}],"about":[{"href":"https:\/\/edublog.educastur.es\/ixuxu\/wp-json\/wp\/v2\/types\/page"}],"author":[{"embeddable":true,"href":"https:\/\/edublog.educastur.es\/ixuxu\/wp-json\/wp\/v2\/users\/117"}],"replies":[{"embeddable":true,"href":"https:\/\/edublog.educastur.es\/ixuxu\/wp-json\/wp\/v2\/comments?post=64917"}],"version-history":[{"count":1,"href":"https:\/\/edublog.educastur.es\/ixuxu\/wp-json\/wp\/v2\/pages\/64917\/revisions"}],"predecessor-version":[{"id":64918,"href":"https:\/\/edublog.educastur.es\/ixuxu\/wp-json\/wp\/v2\/pages\/64917\/revisions\/64918"}],"up":[{"embeddable":true,"href":"https:\/\/edublog.educastur.es\/ixuxu\/wp-json\/wp\/v2\/pages\/38590"}],"wp:attachment":[{"href":"https:\/\/edublog.educastur.es\/ixuxu\/wp-json\/wp\/v2\/media?parent=64917"}],"curies":[{"name":"wp","href":"https:\/\/api.w.org\/{rel}","templated":true}]}}