{"id":64919,"date":"2026-01-02T21:22:02","date_gmt":"2026-01-02T19:22:02","guid":{"rendered":"https:\/\/edublog.educastur.es\/ixuxu\/?page_id=64919"},"modified":"2026-01-02T21:22:03","modified_gmt":"2026-01-02T19:22:03","slug":"04_abril","status":"publish","type":"page","link":"https:\/\/edublog.educastur.es\/ixuxu\/archivu-blogue\/articulos\/2025-2\/04_abril\/","title":{"rendered":"04_Abril"},"content":{"rendered":"<ul>\n<li><a href=\"https:\/\/edublog.educastur.es\/ixuxu\/2025\/04\/47123\/\">Ang\u00e9lica, de tr\u00e9s a\u00f1inos, canta \u00abLet it be\u00bb (The Beatles)<\/a><span class=\"post-date\">30\/04\/2025<\/span><\/li>\n<li><a href=\"https:\/\/edublog.educastur.es\/ixuxu\/2025\/04\/les-noticies-del-miercoles-30-dabril-de-2025-nasturianu-tpanoticies\/\">Les noticies del mi\u00e9rcoles 30 d\u2019abril de 2025 n\u2019asturianu #TPANoticies<\/a><span class=\"post-date\">30\/04\/2025<\/span><\/li>\n<li><a href=\"https:\/\/edublog.educastur.es\/ixuxu\/2025\/04\/les-vespes-empiecen-a-tomar-xixon-vespa-world-days\/\">Les vespes empiecen a tomar Xix\u00f3n: Vespa World Days<\/a><span class=\"post-date\">30\/04\/2025<\/span><\/li>\n<li><a href=\"https:\/\/edublog.educastur.es\/ixuxu\/2025\/04\/una-ponte-del-primeru-de-mayu-apinau-de-planes-para-esfrutar-nasturies\/\">Una ponte del Primeru de Mayu apin\u00e1u de planes para esfrutar n\u2019Asturies<\/a><span class=\"post-date\">30\/04\/2025<\/span><\/li>\n<li><a href=\"https:\/\/edublog.educastur.es\/ixuxu\/2025\/04\/marina-pangua-novela-pel-norte-nel-cantu-llunada\/\">Marina Pangua: novela \u00abPel norte n\u2019el cantu Llunada\u00bb<\/a><span class=\"post-date\">30\/04\/2025<\/span><\/li>\n<li><a href=\"https:\/\/edublog.educastur.es\/ixuxu\/2025\/04\/47054\/\">(sin t\u00edtulo)<\/a><span class=\"post-date\">30\/04\/2025<\/span><\/li>\n<li><a href=\"https:\/\/edublog.educastur.es\/ixuxu\/2025\/04\/mas-pallabres-nasturianu\/\">M\u00e1s pallabres n\u2019asturianu: sable, soleyeru, xel\u00e1u, semeya.<\/a><span class=\"post-date\">30\/04\/2025<\/span><\/li>\n<li><a href=\"https:\/\/edublog.educastur.es\/ixuxu\/2025\/04\/traduxuntanza-en-piedrasblancas-castrillon-sabadu-17-de-mayu\/\">TraduXuntanza en Piedrasblancas (Castrill\u00f3n): s\u00e1badu 17 de mayu<\/a><span class=\"post-date\">30\/04\/2025<\/span><\/li>\n<li><a href=\"https:\/\/edublog.educastur.es\/ixuxu\/2025\/04\/47129\/\">(sin t\u00edtulo)<\/a><span class=\"post-date\">30\/04\/2025<\/span><\/li>\n<li><a href=\"https:\/\/edublog.educastur.es\/ixuxu\/2025\/04\/visita-al-colexu-de-dalgunos-es-xugadores-del-real-uvieu\/\">Visita al colexu de dalgunos\/es xugadores del Real Uvi\u00e9u<\/a><span class=\"post-date\">30\/04\/2025<\/span><\/li>\n<li><a href=\"https:\/\/edublog.educastur.es\/ixuxu\/2025\/04\/10-midies-sencielles-para-amenorgar-los-microplasticos-nel-to-dia-ente-dia\/\">10 mid\u00edes sencielles para amenorgar los micropl\u00e1sticos nel to d\u00eda ente d\u00eda<\/a><span class=\"post-date\">30\/04\/2025<\/span><\/li>\n<li><a href=\"https:\/\/edublog.educastur.es\/ixuxu\/2025\/04\/paquita-suarez-coalla-nueva-miembru-correspondiente-de-lalla\/\">Paquita Su\u00e1rez Coalla, nueva miembru correspondiente de l\u2019ALLA.<\/a><span class=\"post-date\">30\/04\/2025<\/span><\/li>\n<li><a href=\"https:\/\/edublog.educastur.es\/ixuxu\/2025\/04\/larbol-del-tule-de-paquita-suarez-coalla\/\">\u00abL\u2019\u00e1rbol del Tule\u00bb de Paquita Su\u00e1rez Coalla<\/a><span class=\"post-date\">30\/04\/2025<\/span><\/li>\n<li><a href=\"https:\/\/edublog.educastur.es\/ixuxu\/2025\/04\/visita-del-real-uvieu-al-colexu\/\">Visita del real Uvi\u00e9u al colexu<\/a><span class=\"post-date\">30\/04\/2025<\/span><\/li>\n<li><a href=\"https:\/\/edublog.educastur.es\/ixuxu\/2025\/04\/presentase-nuvieu-un-traductor-automaticu-neuronal\/\">Pres\u00e9ntase n\u2019Uvi\u00e9u un traductor autom\u00e1ticu neuronal<\/a><span class=\"post-date\">30\/04\/2025<\/span><\/li>\n<li><a href=\"https:\/\/edublog.educastur.es\/ixuxu\/2025\/04\/cartelu-de-fiestes-lasociacion-vecinal-del-uvieu-antiguu\/\">Cartelu de Fiestes: L\u2019Asociaci\u00f3n Vecinal del Uvi\u00e9u Antiguu<\/a><span class=\"post-date\">30\/04\/2025<\/span><\/li>\n<li><a href=\"https:\/\/edublog.educastur.es\/ixuxu\/2025\/04\/pozu-marta-ii-pumarabule-siero\/\">Pozu Marta II, Pumarabule (Siero)<\/a><span class=\"post-date\">30\/04\/2025<\/span><\/li>\n<li><a href=\"https:\/\/edublog.educastur.es\/ixuxu\/2025\/04\/los-guevos-mas-caros-de-la-decada-van-siguir-a-lalza-nee-uu\/\">Los g\u00fcevos m\u00e1s caros de la d\u00e9cada van siguir a l\u2019alza n\u2019EE UU<\/a><span class=\"post-date\">30\/04\/2025<\/span><\/li>\n<li><a href=\"https:\/\/edublog.educastur.es\/ixuxu\/2025\/04\/investigadores-de-la-universida-duvieu-validen-el-primer-test-nacional-de-comprension-llectora-ne-p\/\">Investigadores de la Universid\u00e1 d\u2019Uvi\u00e9u validen el primer test nacional de comprensi\u00f3n llectora n\u2019E. P.<\/a><span class=\"post-date\">30\/04\/2025<\/span><\/li>\n<li><a href=\"https:\/\/edublog.educastur.es\/ixuxu\/2025\/04\/xorna-entre-teitos-esti-xueves-1-de-mayu-abierta-a-tol-mundu\/\">\u00a0\u2018Xorn\u00e1 entre teitos\u2019, esti xueves 1 de mayu, abierta a tol mundu<\/a><span class=\"post-date\">30\/04\/2025<\/span><\/li>\n<li><a href=\"https:\/\/edublog.educastur.es\/ixuxu\/2025\/04\/dia-de-concienciacion-sobrol-ruiu\/\">D\u00eda de concienciaci\u00f3n sobro\u2019l ruiu<\/a><span class=\"post-date\">30\/04\/2025<\/span><\/li>\n<li><a href=\"https:\/\/edublog.educastur.es\/ixuxu\/2025\/04\/dia-internacional-del-jazz-2\/\">D\u00eda Internacional del Jazz.<\/a><span class=\"post-date\">30\/04\/2025<\/span><\/li>\n<li><a href=\"https:\/\/edublog.educastur.es\/ixuxu\/2025\/04\/tiempu-nasturies-el-comercio-3\/\">Tiempu n\u2019Asturies (El Comercio)<\/a><span class=\"post-date\">30\/04\/2025<\/span><\/li>\n<li><a href=\"https:\/\/edublog.educastur.es\/ixuxu\/2025\/04\/47092\/\">(sin t\u00edtulo)<\/a><span class=\"post-date\">30\/04\/2025<\/span><\/li>\n<li><a href=\"https:\/\/edublog.educastur.es\/ixuxu\/2025\/04\/aurores-boreales-en-filandia\/\">Aurores boreales en Filandia<\/a><span class=\"post-date\">30\/04\/2025<\/span><\/li>\n<li><a href=\"https:\/\/edublog.educastur.es\/ixuxu\/2025\/04\/les-noticies-del-martes-29-de-abril-de-2025-nasturianu-tpanoticies\/\">Les noticies del martes 29 de abril de 2025 n\u2019asturianu #TPANoticies<\/a><span class=\"post-date\">29\/04\/2025<\/span><\/li>\n<li><a href=\"https:\/\/edublog.educastur.es\/ixuxu\/2025\/04\/la-localida-mas-caliente-de-too-el-pais-ta-guei-nasturies-294-graos\/\">La localid\u00e1 m\u00e1s \u00abcaliente\u00bb de too el pa\u00eds ta g\u00fcei n\u2019Asturies: 29,4 graos<\/a><span class=\"post-date\">29\/04\/2025<\/span><\/li>\n<li><a href=\"https:\/\/edublog.educastur.es\/ixuxu\/2025\/04\/i-edicion-premios-la-flor-de-grau\/\">I Edici\u00f3n Premios \u00abLa Flor de Grau\u00bb<\/a><span class=\"post-date\">29\/04\/2025<\/span><\/li>\n<li><a href=\"https:\/\/edublog.educastur.es\/ixuxu\/2025\/04\/pitafesta-karmento-la-esplosion-damor-mas-guapa-en-bual\/\">PitaFesta + Karmento = La esplosi\u00f3n d\u2019amor m\u00e1s guapa en Bual<\/a><span class=\"post-date\">29\/04\/2025<\/span><\/li>\n<li><a href=\"https:\/\/edublog.educastur.es\/ixuxu\/2025\/04\/vero-rubio-afonda-nel-so-primer-trabayu-como-compositora\/\">Vero Rubio afonda nel so primer trabayu como compositora<\/a><span class=\"post-date\">29\/04\/2025<\/span><\/li>\n<li><a href=\"https:\/\/edublog.educastur.es\/ixuxu\/2025\/04\/corquieu-dos-conciertos-perprestosos-nestos-prosimos-dies\/\">Dos conciertos perprestosos de \u00abCorqui\u00e9u\u00bb nestos pr\u00f3simos d\u00edes\u2026<\/a><span class=\"post-date\">29\/04\/2025<\/span><\/li>\n<li><a href=\"https:\/\/edublog.educastur.es\/ixuxu\/2025\/04\/romemoria-un-mural-bien-guapu-pa-les-pares-de-la-benefica-pilona\/\">Romemoria: Un mural bien guapu pa les par\u00e9s de La Ben\u00e9fica (Pilo\u00f1a)<\/a><span class=\"post-date\">29\/04\/2025<\/span><\/li>\n<li><a href=\"https:\/\/edublog.educastur.es\/ixuxu\/2025\/04\/conciertu-estraordinariu-de-les-lletres-asturianes\/\">Conciertu Estraordinariu de les Lletres Asturianes: vienres 2 de mayu<\/a><span class=\"post-date\">29\/04\/2025<\/span><\/li>\n<li><a href=\"https:\/\/edublog.educastur.es\/ixuxu\/2025\/04\/46960\/\">(sin t\u00edtulo)<\/a><span class=\"post-date\">29\/04\/2025<\/span><\/li>\n<li><a href=\"https:\/\/edublog.educastur.es\/ixuxu\/2025\/04\/dicires-el-que-tolo-ayeno-quier-tolo-suyo-pierde\/\">Dicires: \u00abEl que tolo ayeno quier, tolo suyo pierde\u00bb.<\/a><span class=\"post-date\">29\/04\/2025<\/span><\/li>\n<li><a href=\"https:\/\/edublog.educastur.es\/ixuxu\/2025\/04\/el-dianu-burllon-en-riosa-la-14a-escuelina-de-la-rede-autonomica-publica-y-gratuita\/\">El Dia\u00f1u Burll\u00f3n, en Riosa, la 14\u00aa escuelina de la rede auton\u00f3mica, p\u00fablica y gratuita<\/a><span class=\"post-date\">29\/04\/2025<\/span><\/li>\n<li><a href=\"https:\/\/edublog.educastur.es\/ixuxu\/2025\/04\/pases-nasturianu-con-motivu-del-xlvi-dia-de-les-lletres-asturianes\/\">Pases n\u2019asturianu con motivu del XLVI D\u00eda de les Lletres Asturianes<\/a><span class=\"post-date\">29\/04\/2025<\/span><\/li>\n<li><a href=\"https:\/\/edublog.educastur.es\/ixuxu\/2025\/04\/floracion-del-mazanu-del-1-al-4-de-mazanu-nos-pumares-asturianos\/\">Floraci\u00f3n del mazanu: del 1 al 4 de mayu nos pumares asturianos<\/a><span class=\"post-date\">29\/04\/2025<\/span><\/li>\n<li><a href=\"https:\/\/edublog.educastur.es\/ixuxu\/2025\/04\/46851\/\">(sin t\u00edtulo)<\/a><span class=\"post-date\">29\/04\/2025<\/span><\/li>\n<li><a href=\"https:\/\/edublog.educastur.es\/ixuxu\/2025\/04\/una-sacaverina\/\">Una sacaverina\u2026<\/a><span class=\"post-date\">29\/04\/2025<\/span><\/li>\n<li><a href=\"https:\/\/edublog.educastur.es\/ixuxu\/2025\/04\/tener-un-kit-de-supervivencia-en-casa-nunca-foi-tan-importante\/\">Tener un kit de supervivencia en casa nunca foi tan importante\u2026<\/a><span class=\"post-date\">29\/04\/2025<\/span><\/li>\n<li><a href=\"https:\/\/edublog.educastur.es\/ixuxu\/2025\/04\/el-tiempu-nasturies-el-comercio-8\/\">El tiempu n\u2019Asturies (El Comercio)<\/a><span class=\"post-date\">29\/04\/2025<\/span><\/li>\n<li><a href=\"https:\/\/edublog.educastur.es\/ixuxu\/2025\/04\/europa-a-escures\/\">Asturies, Espa\u00f1a y Europa a escures<\/a><span class=\"post-date\">28\/04\/2025<\/span><\/li>\n<li><a href=\"https:\/\/edublog.educastur.es\/ixuxu\/2025\/04\/vivan-les-unes-de-colores\/\">Vivan les u\u00f1es de colores<\/a><span class=\"post-date\">28\/04\/2025<\/span><\/li>\n<li><a href=\"https:\/\/edublog.educastur.es\/ixuxu\/2025\/04\/46936\/\">Entrevista con Carmen Ruiz-Tilve<\/a><span class=\"post-date\">28\/04\/2025<\/span><\/li>\n<li><a href=\"https:\/\/edublog.educastur.es\/ixuxu\/2025\/04\/46930\/\">La Escuela Asturiana de Cuidos cumple diez a\u00f1os promoviendo\u2019l bienestar de tola poblaci\u00f3n<\/a><span class=\"post-date\">28\/04\/2025<\/span><\/li>\n<li><a href=\"https:\/\/edublog.educastur.es\/ixuxu\/2025\/04\/certamenes-escolares-na-xlvi-selmana-de-les-lletres-asturianes-2025\/\">Actividaes Dixitales y Cert\u00e1menes escolares na XLVI Selmana de les Lletres Asturianes 2025<\/a><span class=\"post-date\">28\/04\/2025<\/span><\/li>\n<li><a href=\"https:\/\/edublog.educastur.es\/ixuxu\/2025\/04\/carlitos-y-snoopy-les-meyores-tires-de-peanuts-pol-75-aniversariu\/\">\u00abCarlitos y Snoopy\u00bb Les meyores tires de Peanuts pol 75 aniversariu<\/a><span class=\"post-date\">28\/04\/2025<\/span><\/li>\n<li><a href=\"https:\/\/edublog.educastur.es\/ixuxu\/2025\/04\/el-cayente-del-turismu-rural-nasturies-quapura-soluciones-urxentes\/\">El cayente del turismu rural n\u2019Asturies qu\u2019apura soluciones urxentes<\/a><span class=\"post-date\">28\/04\/2025<\/span><\/li>\n<li><a href=\"https:\/\/edublog.educastur.es\/ixuxu\/2025\/04\/46909\/\">(sin t\u00edtulo)<\/a><span class=\"post-date\">28\/04\/2025<\/span><\/li>\n<li><a href=\"https:\/\/edublog.educastur.es\/ixuxu\/2025\/04\/46889\/\">El cl\u00e1sicu Seat 131, qu\u2019emprest\u00f3 serviciu como taxi n\u2019Uvi\u00e9u, matr\u00edcula O-0000-O<\/a><span class=\"post-date\">28\/04\/2025<\/span><\/li>\n<li><a href=\"https:\/\/edublog.educastur.es\/ixuxu\/2025\/04\/dia-mundial-de-la-segurida-y-la-salu-nel-trabayu-2\/\">D\u00eda Mundial de la Segurid\u00e1 y la Sal\u00fa nel Trabayu<\/a><span class=\"post-date\">28\/04\/2025<\/span><\/li>\n<li><a href=\"https:\/\/edublog.educastur.es\/ixuxu\/2025\/04\/46890\/\">Un 28 d\u2019abril de 1968 Tino Casal anunciaba que diba grabar un discu n\u2019asturianu<\/a><span class=\"post-date\">28\/04\/2025<\/span><\/li>\n<li><a href=\"https:\/\/edublog.educastur.es\/ixuxu\/2025\/04\/tiempu-nasturies-el-comercio-2\/\">Tiempu n\u2019Asturies (El Comercio)<\/a><span class=\"post-date\">28\/04\/2025<\/span><\/li>\n<li><a href=\"https:\/\/edublog.educastur.es\/ixuxu\/2025\/04\/46886\/\">Les noticies del domingu 27 d\u2019abril de 2025 n\u2019asturianu #TPANoticies<\/a><span class=\"post-date\">27\/04\/2025<\/span><\/li>\n<li><a href=\"https:\/\/edublog.educastur.es\/ixuxu\/2025\/04\/feria-del-click-na-pola-siero\/\">La Feria del Click trunfa na Pola Siero<\/a><span class=\"post-date\">27\/04\/2025<\/span><\/li>\n<li><a href=\"https:\/\/edublog.educastur.es\/ixuxu\/2025\/04\/asturies-ye-la-comunida-con-mas-muyeres-emprendedores\/\">Asturies ye la comunid\u00e1 con m\u00e1s muyeres emprendedores<\/a><span class=\"post-date\">27\/04\/2025<\/span><\/li>\n<li><a href=\"https:\/\/edublog.educastur.es\/ixuxu\/2025\/04\/46849\/\">(sin t\u00edtulo)<\/a><span class=\"post-date\">27\/04\/2025<\/span><\/li>\n<li><a href=\"https:\/\/edublog.educastur.es\/ixuxu\/2025\/04\/y-entonces-madera-pa-peonces\/\">\u00ab\u00bfY entonces?\u00bb Madera pa peonces.<\/a><span class=\"post-date\">27\/04\/2025<\/span><\/li>\n<li><a href=\"https:\/\/edublog.educastur.es\/ixuxu\/2025\/04\/46843\/\">(sin t\u00edtulo)<\/a><span class=\"post-date\">27\/04\/2025<\/span><\/li>\n<li><a href=\"https:\/\/edublog.educastur.es\/ixuxu\/2025\/04\/tres-atapeceres-pa-esfrutar-dasturies\/\">Tr\u00e9s atapeceres si quies esfrutar d\u2019Asturies<\/a><span class=\"post-date\">27\/04\/2025<\/span><\/li>\n<li><a href=\"https:\/\/edublog.educastur.es\/ixuxu\/2025\/04\/un-asturianu-nel-xardin-botanicu-de-londres\/\">Un asturianu nel Xard\u00edn Bot\u00e1nicu de Londres: Carlos Magdalena<\/a><span class=\"post-date\">27\/04\/2025<\/span><\/li>\n<li><a href=\"https:\/\/edublog.educastur.es\/ixuxu\/2025\/04\/xornaes-del-pulpu\/\">Xorn\u00e1es del pulpu<\/a><span class=\"post-date\">27\/04\/2025<\/span><\/li>\n<li><a href=\"https:\/\/edublog.educastur.es\/ixuxu\/2025\/04\/cultura-presental-programa-dactos-de-la-46-selmana-de-les-lletres-asturianes\/\">La 46\u00aa Selmana de les Lletres Asturianes homenaxa a Xos\u00e9 \u00c1lvarez \u00abPin\u00bb<\/a><span class=\"post-date\">27\/04\/2025<\/span><\/li>\n<li><a href=\"https:\/\/edublog.educastur.es\/ixuxu\/2025\/04\/el-gobiernu-dasturies-entama-un-programa-devaluacion-de-la-biodiversida-nel-parque-nacional-de-los-picos-deuropa\/\">El Gobiernu d\u2019Asturies entama un programa d\u2019evaluaci\u00f3n de la biodiversid\u00e1 nel Parque Nacional de los Picos d\u2019Europa<\/a><span class=\"post-date\">27\/04\/2025<\/span><\/li>\n<li><a href=\"https:\/\/edublog.educastur.es\/ixuxu\/2025\/04\/los-zamarrones-de-l-lena-los-pregoneros-desti-xx-mercau-tradicional-de-la-flor-de-%e1%b8%b7%e1%b8%b7ena\/\">Los Zamarrones de L.lena, pregoneros nel XX Merc\u00e1u Tradicional de La Flor de \u1e36\u1e37ena<\/a><span class=\"post-date\">27\/04\/2025<\/span><\/li>\n<li><a href=\"https:\/\/edublog.educastur.es\/ixuxu\/2025\/04\/46765\/\">(sin t\u00edtulo)<\/a><span class=\"post-date\">27\/04\/2025<\/span><\/li>\n<li><a href=\"https:\/\/edublog.educastur.es\/ixuxu\/2025\/04\/46771\/\">D\u00eda Internacional pa la conservaci\u00f3n de los anfibios<\/a><span class=\"post-date\">27\/04\/2025<\/span><\/li>\n<li><a href=\"https:\/\/edublog.educastur.es\/ixuxu\/2025\/04\/46767\/\">D\u00eda de concienciaci\u00f3n sobro\u2019l ruiu<\/a><span class=\"post-date\">27\/04\/2025<\/span><\/li>\n<li><a href=\"https:\/\/edublog.educastur.es\/ixuxu\/2025\/04\/dia-internacional-del-disenu-graficu-2\/\">D\u00eda Internacional del Dise\u00f1u Gr\u00e1ficu<\/a><span class=\"post-date\">27\/04\/2025<\/span><\/li>\n<li><a href=\"https:\/\/edublog.educastur.es\/ixuxu\/2025\/04\/el-tiempu-nasturies-10\/\">El tiempu n\u2019Asturies (El Comercio)<\/a><span class=\"post-date\">27\/04\/2025<\/span><\/li>\n<li><a href=\"https:\/\/edublog.educastur.es\/ixuxu\/2025\/04\/les-noticies-del-sabadu-26-dabril-de-2025-nasturianu-tpanoticies\/\">Les noticies del s\u00e1badu 26 d\u2019abril de 2025 n\u2019asturianu #TPANoticies<\/a><span class=\"post-date\">26\/04\/2025<\/span><\/li>\n<li><a href=\"https:\/\/edublog.educastur.es\/ixuxu\/2025\/04\/46758\/\">Dispidida de Xicu\u2019l Papa Francisco n\u2019asturianu<\/a><span class=\"post-date\">26\/04\/2025<\/span><\/li>\n<li><a href=\"https:\/\/edublog.educastur.es\/ixuxu\/2025\/04\/esti-domingu-julia-na-onda-dende-nava\/\">Esti domingu \u00abJulia na onda\u2026\u00bb \u00a1dende Nava!<\/a><span class=\"post-date\">26\/04\/2025<\/span><\/li>\n<li><a href=\"https:\/\/edublog.educastur.es\/ixuxu\/2025\/04\/descensu-del-riu-pilona\/\">Descensu del r\u00edu Pilo\u00f1a<\/a><span class=\"post-date\">26\/04\/2025<\/span><\/li>\n<li><a href=\"https:\/\/edublog.educastur.es\/ixuxu\/2025\/04\/dia-del-nenu-y-de-la-nena\/\">D\u00eda del Ne\u00f1u y de la Ne\u00f1a<\/a><span class=\"post-date\">26\/04\/2025<\/span><\/li>\n<li><a href=\"https:\/\/edublog.educastur.es\/ixuxu\/2025\/04\/dia-mundial-de-la-propieda-intelectual\/\">D\u00eda Mundial de la Propied\u00e1 Intelectual.<\/a><span class=\"post-date\">26\/04\/2025<\/span><\/li>\n<li><a href=\"https:\/\/edublog.educastur.es\/ixuxu\/2025\/04\/46829\/\">D\u00eda Mundial de los ping\u00fcinos<\/a><span class=\"post-date\">26\/04\/2025<\/span><\/li>\n<li><a href=\"https:\/\/edublog.educastur.es\/ixuxu\/2025\/04\/les-noticies-del-vienres-25-de-abril-de-2025-nasturianu-tpanoticies-1-d\/\">Les noticies del vienres 25 de abril de 2025 n\u2019asturianu #TPANoticies<\/a><span class=\"post-date\">25\/04\/2025<\/span><\/li>\n<li><a href=\"https:\/\/edublog.educastur.es\/ixuxu\/2025\/04\/creacion-de-canal-asturies\/\">Creaci\u00f3n de Canal Asturies, iniciativa rexonal con temes d\u2019actualid\u00e1, cultura y llingua d\u2019Asturies<\/a><span class=\"post-date\">25\/04\/2025<\/span><\/li>\n<li><a href=\"https:\/\/edublog.educastur.es\/ixuxu\/2025\/04\/alcuentru-cola-autora-lucia-alvarez-alvarez\/\">Alcuentru cola autora Luc\u00eda \u00c1lvarez \u00c1lvarez<\/a><span class=\"post-date\">25\/04\/2025<\/span><\/li>\n<li><a href=\"https:\/\/edublog.educastur.es\/ixuxu\/2025\/04\/actividaes-del-dia-del-llibru-nel-colexu\/\">Rematamos la Selmana del llibru nel Colexu Carmen Ruiz-Tilve<\/a><span class=\"post-date\">25\/04\/2025<\/span><\/li>\n<li><a href=\"https:\/\/edublog.educastur.es\/ixuxu\/2025\/04\/nivel-mariellu-por-agues-nuvieu\/\">Nivel Mariellu por ag\u00fces n\u2019Uvi\u00e9u<\/a><span class=\"post-date\">25\/04\/2025<\/span><\/li>\n<li><a href=\"https:\/\/edublog.educastur.es\/ixuxu\/2025\/04\/el-tiempu-nasturies-el-comercio-7\/\">El tiempu n\u2019Asturies (El Comercio)<\/a><span class=\"post-date\">25\/04\/2025<\/span><\/li>\n<li><a href=\"https:\/\/edublog.educastur.es\/ixuxu\/2025\/04\/la-lluna-va-allinease-con-venus-y-saturno\/\">La lluna va allinease con Venus y Saturno<\/a><span class=\"post-date\">25\/04\/2025<\/span><\/li>\n<li><a href=\"https:\/\/edublog.educastur.es\/ixuxu\/2025\/04\/les-noticies-del-xueves-24-de-abril-de-2025-nasturianu-tpanoticies\/\">Les noticies del xueves 24 de abril de 2025 n\u2019asturianu #TPANoticies<\/a><span class=\"post-date\">24\/04\/2025<\/span><\/li>\n<li><a href=\"https:\/\/edublog.educastur.es\/ixuxu\/2025\/04\/46666\/\">Escueyi asturianu nel to centru pal cursu que vien.\u00a0<\/a><span class=\"post-date\">24\/04\/2025<\/span><\/li>\n<li><a href=\"https:\/\/edublog.educastur.es\/ixuxu\/2025\/04\/46708\/\">En Grau: \u00abEspa\u00f1ate\u00bb, proyectu que revoluciona \u00abla forma d\u2019esperimentar y compartir l\u2019arte\u00bb.<\/a><span class=\"post-date\">24\/04\/2025<\/span><\/li>\n<li><a href=\"https:\/\/edublog.educastur.es\/ixuxu\/2025\/04\/46703\/\">Mediu Rural llibera en Llanera y Corvera un c\u00e1rabo y una curuxa rescataos en marzu.<\/a><span class=\"post-date\">24\/04\/2025<\/span><\/li>\n<li><a href=\"https:\/\/edublog.educastur.es\/ixuxu\/2025\/04\/texu-de-bermiego\/\">Texu de Bermiego<\/a><span class=\"post-date\">24\/04\/2025<\/span><\/li>\n<li><a href=\"https:\/\/edublog.educastur.es\/ixuxu\/2025\/04\/xxxiv-certame-del-quesu-en-salas\/\">XXXIV Certame del Quesu en Salas<\/a><span class=\"post-date\">24\/04\/2025<\/span><\/li>\n<li><a href=\"https:\/\/edublog.educastur.es\/ixuxu\/2025\/04\/nuevu-grupu-la-bandina_loscollainos\/\">Nuevu grupu: Bandina Los Collainos<\/a><span class=\"post-date\">24\/04\/2025<\/span><\/li>\n<li><a href=\"https:\/\/edublog.educastur.es\/ixuxu\/2025\/04\/refranes-asturianos-3\/\">Refranes asturianos<\/a><span class=\"post-date\">24\/04\/2025<\/span><\/li>\n<li><a href=\"https:\/\/edublog.educastur.es\/ixuxu\/2025\/04\/feria-del-%e1%b8%b7%e1%b8%b7ibru-de-%e1%b8%b7%e1%b8%b7uarca\/\">Feria del \u1e36\u1e37ibru de \u1e36\u1e37uarca!<\/a><span class=\"post-date\">24\/04\/2025<\/span><\/li>\n<li><a href=\"https:\/\/edublog.educastur.es\/ixuxu\/2025\/04\/46533\/\">Del 24 al 27 d\u2019abril en Grau<\/a><span class=\"post-date\">24\/04\/2025<\/span><\/li>\n<li><a href=\"https:\/\/edublog.educastur.es\/ixuxu\/2025\/04\/el-tiempu-nasturies-el-comercio-6\/\">El tiempu n\u2019Asturies El Comercio)<\/a><span class=\"post-date\">24\/04\/2025<\/span><\/li>\n<li><a href=\"https:\/\/edublog.educastur.es\/ixuxu\/2025\/04\/les-noticies-del-miercoles-23-de-abril-de-2025-nasturianu-tpanoticies\/\">Les noticies del mi\u00e9rcoles 23 de abril de 2025 n\u2019asturianu #TPANoticies<\/a><span class=\"post-date\">23\/04\/2025<\/span><\/li>\n<li><a href=\"https:\/\/edublog.educastur.es\/ixuxu\/2025\/04\/historieta-ultima-noche-en-palacio-de-gaspar-meana\/\">Historieta \u00ab\u00daltima noche en palacio\u00bb de Gaspar Meana<\/a><span class=\"post-date\">23\/04\/2025<\/span><\/li>\n<li><a href=\"https:\/\/edublog.educastur.es\/ixuxu\/2025\/04\/recordamos-esta-campana-informativa-nasturianu\/\">Recordamos esta campa\u00f1a informativa n\u2019asturianu<\/a><span class=\"post-date\">23\/04\/2025<\/span><\/li>\n<li><a href=\"https:\/\/edublog.educastur.es\/ixuxu\/2025\/04\/xx-mercau-tradicional-de-la-flor-de-lena\/\">XX Merc\u00e1u Tradicional de la Flor de L.lena, del 25-27 d\u2019abril<\/a><span class=\"post-date\">23\/04\/2025<\/span><\/li>\n<li><a href=\"https:\/\/edublog.educastur.es\/ixuxu\/2025\/04\/46691\/\">(sin t\u00edtulo)<\/a><span class=\"post-date\">23\/04\/2025<\/span><\/li>\n<li><a href=\"https:\/\/edublog.educastur.es\/ixuxu\/2025\/04\/abierta-la-campana-de-matriculacion-en-llingua-asturiana-y-eonaviego\/\">\u00a1Abierta la campa\u00f1a de matriculaci\u00f3n en Llingua Asturiana y Eonaviego!<\/a><span class=\"post-date\">23\/04\/2025<\/span><\/li>\n<li><a href=\"https:\/\/edublog.educastur.es\/ixuxu\/2025\/04\/asina-va-pasando-la-manana-nes-llibreries-asturianes\/\">Asina ta celebr\u00e1ndose \u00abSan Xurde\u00bb, nueva propuesta del D\u00eda del Llibru n\u2019Asturies.<\/a><span class=\"post-date\">23\/04\/2025<\/span><\/li>\n<li><a href=\"https:\/\/edublog.educastur.es\/ixuxu\/2025\/04\/46622\/\">(sin t\u00edtulo)<\/a><span class=\"post-date\">23\/04\/2025<\/span><\/li>\n<li><a href=\"https:\/\/edublog.educastur.es\/ixuxu\/2025\/04\/laeropuertu-nun-puede-utilizar-el-radar-para-operar-ensin-visibilida\/\">L\u2019aeropuertu nun puede utilizar el radar para operar ensin visibilid\u00e1<\/a><span class=\"post-date\">23\/04\/2025<\/span><\/li>\n<li><a href=\"https:\/\/edublog.educastur.es\/ixuxu\/2025\/04\/46721\/\">Celebramos el D\u00eda del Llibru d\u2019una forma bien nuesa<\/a><span class=\"post-date\">23\/04\/2025<\/span><\/li>\n<li><a href=\"https:\/\/edublog.educastur.es\/ixuxu\/2025\/04\/dia-del-llibru-2025\/\">D\u00eda del Llibru 2025<\/a><span class=\"post-date\">23\/04\/2025<\/span><\/li>\n<li><a href=\"https:\/\/edublog.educastur.es\/ixuxu\/2025\/04\/voces-poles-lletres-2025-na-faculta-de-filosofia-y-lletres-duvieu\/\">\u00abVoces poles Lletres\u00bb 2025 na facult\u00e1 de Filosof\u00eda y Lletres d\u2019Uvi\u00e9u<\/a><span class=\"post-date\">23\/04\/2025<\/span><\/li>\n<li><a href=\"https:\/\/edublog.educastur.es\/ixuxu\/2025\/04\/dia-del-llibru-nespana\/\">D\u00eda del llibru n\u2019Espa\u00f1a<\/a><span class=\"post-date\">23\/04\/2025<\/span><\/li>\n<li><a href=\"https:\/\/edublog.educastur.es\/ixuxu\/2025\/04\/dia-del-llibru-2025-una-cultura-para-la-paz\/\">D\u00eda del llibru 2025 n\u2019Asturies: \u201cUna cultura para la paz\u201d.<\/a><span class=\"post-date\">23\/04\/2025<\/span><\/li>\n<li><a href=\"https:\/\/edublog.educastur.es\/ixuxu\/2025\/04\/esti-miercoles-ye-san-xurde-el-dia-del-llibru\/\">Esti mi\u00e9rcoles ye San Xurde, el D\u00eda del Llibru!<\/a><span class=\"post-date\">23\/04\/2025<\/span><\/li>\n<li><a href=\"https:\/\/edublog.educastur.es\/ixuxu\/2025\/04\/llibru\/\">\u00abLlibru\u00bb<\/a><span class=\"post-date\">23\/04\/2025<\/span><\/li>\n<li><a href=\"https:\/\/edublog.educastur.es\/ixuxu\/2025\/04\/46612\/\">Cultura celebra\u2019l D\u00eda del Llibru coles rosques de San Xurde y m\u00e1s de 150 actividaes na rede de biblioteques p\u00fabliques<\/a><span class=\"post-date\">23\/04\/2025<\/span><\/li>\n<li><a href=\"https:\/\/edublog.educastur.es\/ixuxu\/2025\/04\/dia-del-llibru-5\/\">\u00abDe la estanter\u00eda a la pantalla\u00bb\u2026 nuevos vezos llectores\u2026<\/a><span class=\"post-date\">23\/04\/2025<\/span><\/li>\n<li><a href=\"https:\/\/edublog.educastur.es\/ixuxu\/2025\/04\/el-tiempu-nasturies-el-comercio-5\/\">El tiempu n\u2019Asturies (El Comercio)<\/a><span class=\"post-date\">23\/04\/2025<\/span><\/li>\n<li><a href=\"https:\/\/edublog.educastur.es\/ixuxu\/2025\/04\/vuelta-asturies-dendel-24-al-27-dabril-na-tpa\/\">Vuelta Asturies, dende\u2019l 24 al 27 d\u2019abril na TPA<\/a><span class=\"post-date\">22\/04\/2025<\/span><\/li>\n<li><a href=\"https:\/\/edublog.educastur.es\/ixuxu\/2025\/04\/46593\/\">(sin t\u00edtulo)<\/a><span class=\"post-date\">22\/04\/2025<\/span><\/li>\n<li><a href=\"https:\/\/edublog.educastur.es\/ixuxu\/2025\/04\/celebra-sanxurde2025-y-empieza-una-tradicion\/\">\u00a1Celebra #SanXurde2025 y empieza una tradici\u00f3n!<\/a><span class=\"post-date\">22\/04\/2025<\/span><\/li>\n<li><a href=\"https:\/\/edublog.educastur.es\/ixuxu\/2025\/04\/prepara-la-to-batea-doru-en-tineu\/\">Campeonatu Mundial de batea d\u2019oru en Tin\u00e9u<\/a><span class=\"post-date\">22\/04\/2025<\/span><\/li>\n<li><a href=\"https:\/\/edublog.educastur.es\/ixuxu\/2025\/04\/por-peticion-popular-vuelve-algaire-al-zarreu-fest\/\">II Sestaferia Cultural nel Monte \u00a1vuelve Zarr\u00e9u Fest!<\/a><span class=\"post-date\">22\/04\/2025<\/span><\/li>\n<li><a href=\"https:\/\/edublog.educastur.es\/ixuxu\/2025\/04\/nueves-propuestes-dacademicos-de-lalla\/\">Nueves propuestes d\u2019acad\u00e9micos de l\u2019ALLA<\/a><span class=\"post-date\">22\/04\/2025<\/span><\/li>\n<li><a href=\"https:\/\/edublog.educastur.es\/ixuxu\/2025\/04\/pitinos-llibres\/\">Pitinos llibres<\/a><span class=\"post-date\">22\/04\/2025<\/span><\/li>\n<li><a href=\"https:\/\/edublog.educastur.es\/ixuxu\/2025\/04\/fiesta-de-los-guevos-pintos-na-pola-siero\/\">Fiesta de los G\u00fcevos Pintos na Pola Siero<\/a><span class=\"post-date\">22\/04\/2025<\/span><\/li>\n<li><a href=\"https:\/\/edublog.educastur.es\/ixuxu\/2025\/04\/46502\/\">(sin t\u00edtulo)<\/a><span class=\"post-date\">22\/04\/2025<\/span><\/li>\n<li><a href=\"https:\/\/edublog.educastur.es\/ixuxu\/2025\/04\/asociacion-cultural-escontral-raiganu\/\">Asociaci\u00f3n Cultural Escontra\u2019l Raiga\u00f1u<\/a><span class=\"post-date\">22\/04\/2025<\/span><\/li>\n<li><a href=\"https:\/\/edublog.educastur.es\/ixuxu\/2025\/04\/nuevu-xuegu-de-mesa-nasturianu-asturpoli\/\">Nuevu xuegu de mesa n\u2019asturianu: \u00abAsturpoli\u00bb<\/a><span class=\"post-date\">22\/04\/2025<\/span><\/li>\n<li><a href=\"https:\/\/edublog.educastur.es\/ixuxu\/2025\/04\/47208\/\">(sin t\u00edtulo)<\/a><span class=\"post-date\">22\/04\/2025<\/span><\/li>\n<li><a href=\"https:\/\/edublog.educastur.es\/ixuxu\/2025\/04\/dia-internacional-de-la-madre-tierra-2\/\">D\u00eda Internacional de la Madre Tierra<\/a><span class=\"post-date\">22\/04\/2025<\/span><\/li>\n<li><a href=\"https:\/\/edublog.educastur.es\/ixuxu\/2025\/04\/el-tiempu-nasturies-el-comercio-4\/\">El tiempu n\u2019Asturies (El Comercio)<\/a><span class=\"post-date\">22\/04\/2025<\/span><\/li>\n<li><a href=\"https:\/\/edublog.educastur.es\/ixuxu\/2025\/04\/46465\/\">(sin t\u00edtulo)<\/a><span class=\"post-date\">21\/04\/2025<\/span><\/li>\n<li><a href=\"https:\/\/edublog.educastur.es\/ixuxu\/2025\/04\/cancioneru-yo-nun-soi-marineru\/\">Cancioneru \u00abYo nun soi marineru\u00bb<\/a><span class=\"post-date\">21\/04\/2025<\/span><\/li>\n<li><a href=\"https:\/\/edublog.educastur.es\/ixuxu\/2025\/04\/46478\/\">(sin t\u00edtulo)<\/a><span class=\"post-date\">21\/04\/2025<\/span><\/li>\n<li><a href=\"https:\/\/edublog.educastur.es\/ixuxu\/2025\/04\/les-noticies-del-llunes-21-dabril-de-2025-nasturianu-tpanoticies\/\">Les noticies del llunes 21 d\u2019abril de 2025 n\u2019asturianu #TPANoticies<\/a><span class=\"post-date\">21\/04\/2025<\/span><\/li>\n<li><a href=\"https:\/\/edublog.educastur.es\/ixuxu\/2025\/04\/escuela-de-teitau-restaurandol-patrimoniu-asturianu-teito-a-teito\/\">Escuela de Teit\u00e1u: restaurando\u2019l patrimoniu asturianu teito a teito<\/a><span class=\"post-date\">21\/04\/2025<\/span><\/li>\n<li><a href=\"https:\/\/edublog.educastur.es\/ixuxu\/2025\/04\/uvieu-ya-lluci-nhollywood-desvelen-nueves-imaxes-del-calatrava-en-los-cuatro-fantasticos\/\">Uvi\u00e9u y\u00e1 apaez en \u00abLos 4 fant\u00e1sticos\u00bb: el tr\u00e1iler oficial desvela les primeres imaxes grabaes n\u2019Asturies<\/a><span class=\"post-date\">21\/04\/2025<\/span><\/li>\n<li><a href=\"https:\/\/edublog.educastur.es\/ixuxu\/2025\/04\/fielatu\/\">\u00abFielatu\u00bb<\/a><span class=\"post-date\">21\/04\/2025<\/span><\/li>\n<li><a href=\"https:\/\/edublog.educastur.es\/ixuxu\/2025\/04\/46528\/\">La Santina, con mantu negru<\/a><span class=\"post-date\">21\/04\/2025<\/span><\/li>\n<li><a href=\"https:\/\/edublog.educastur.es\/ixuxu\/2025\/04\/morrio-el-papa-cenciellu-francisco\/\">Morri\u00f3 Francisco, el Papa m\u00e1s humilde<\/a><span class=\"post-date\">21\/04\/2025<\/span><\/li>\n<li><a href=\"https:\/\/edublog.educastur.es\/ixuxu\/2025\/04\/46452\/\">\u00abBruxa\u00bb,\u00a0l\u2019\u00e1lbum ilustr\u00e1u de\u00a0Pablo Fraile, protagonista de la selmana del llibru nel cole<\/a><span class=\"post-date\">21\/04\/2025<\/span><\/li>\n<li><a href=\"https:\/\/edublog.educastur.es\/ixuxu\/2025\/04\/zarrau\/\">\u201cZarr\u00e1u\u201d<\/a><span class=\"post-date\">21\/04\/2025<\/span><\/li>\n<li><a href=\"https:\/\/edublog.educastur.es\/ixuxu\/2025\/04\/recordamos-a-mark-twain-autor-de-tom-sawyer\/\">Recordamos a Mark Twain, autor de \u00abTom Sawyer\u00bb<\/a><span class=\"post-date\">21\/04\/2025<\/span><\/li>\n<li><a href=\"https:\/\/edublog.educastur.es\/ixuxu\/2025\/04\/el-tiempu-nasturies-el-comercio-3\/\">El tiempu n\u2019Asturies (El Comercio)<\/a><span class=\"post-date\">21\/04\/2025<\/span><\/li>\n<li><a href=\"https:\/\/edublog.educastur.es\/ixuxu\/2025\/04\/margarites-pasada-primavera-sol-cielu-de-los-dioses\/\">Margarites. Pasada primavera sol cielu de los dioses<\/a><span class=\"post-date\">21\/04\/2025<\/span><\/li>\n<li><a href=\"https:\/\/edublog.educastur.es\/ixuxu\/2025\/04\/educacion-abrel-plazu-dalmision-paral-proximu-cursu-2025-2026\/\">Educaci\u00f3n abre\u2019l plazu d\u2019almisi\u00f3n para\u2019l pr\u00f3ximu cursu 2025-2026.<\/a><span class=\"post-date\">21\/04\/2025<\/span><\/li>\n<li><a href=\"https:\/\/edublog.educastur.es\/ixuxu\/2025\/04\/axenda-del-21-al-27-dabril-dfind-pieces\/\">Axenda del 21 al 27 d\u2019abril #DFIND #Pieces<\/a><span class=\"post-date\">20\/04\/2025<\/span><\/li>\n<li><a href=\"https:\/\/edublog.educastur.es\/ixuxu\/2025\/04\/les-noticies-del-domingu-20-de-abril-de-2025-nasturianu-tpanoticies\/\">Les noticies del domingu 20 de abril de 2025 n\u2019asturianu #TPANoticies<\/a><span class=\"post-date\">20\/04\/2025<\/span><\/li>\n<li><a href=\"https:\/\/edublog.educastur.es\/ixuxu\/2025\/04\/46410\/\">(sin t\u00edtulo)<\/a><span class=\"post-date\">20\/04\/2025<\/span><\/li>\n<li><a href=\"https:\/\/edublog.educastur.es\/ixuxu\/2025\/04\/tania-pereira-asoleyal-discu-rousa-de-xerico\/\">Tania Pereira asoleya\u2019l discu \u00abRousa de Xeric\u00f3\u00bb<\/a><span class=\"post-date\">20\/04\/2025<\/span><\/li>\n<li><a href=\"https:\/\/edublog.educastur.es\/ixuxu\/2025\/04\/esposicion-smack-nel-pozu-santa-barbara-turon\/\">Esposici\u00f3n perinteresante nel Pozu Santa B\u00e1rbara (Tur\u00f3n)<\/a><span class=\"post-date\">20\/04\/2025<\/span><\/li>\n<li><a href=\"https:\/\/edublog.educastur.es\/ixuxu\/2025\/04\/xi-xornaes-del-certame-de-azabacheria-eliseo-nicolas-en-villaviciosa\/\">XI xornaes del Certame d\u2019Azabacher\u00eda \u00abELISEO NICOL\u00c1S\u00bb en Villaviciosa.<\/a><span class=\"post-date\">20\/04\/2025<\/span><\/li>\n<li><a href=\"https:\/\/edublog.educastur.es\/ixuxu\/2025\/04\/46395\/\">Borrasques o umbaes con gran impactu<\/a><span class=\"post-date\">20\/04\/2025<\/span><\/li>\n<li><a href=\"https:\/\/edublog.educastur.es\/ixuxu\/2025\/04\/tiempu-nasturies-el-comercio\/\">Tiempu n\u2019Asturies (El Comercio)<\/a><span class=\"post-date\">20\/04\/2025<\/span><\/li>\n<li><a href=\"https:\/\/edublog.educastur.es\/ixuxu\/2025\/04\/46407\/\">(sin t\u00edtulo)<\/a><span class=\"post-date\">20\/04\/2025<\/span><\/li>\n<li><a href=\"https:\/\/edublog.educastur.es\/ixuxu\/2025\/04\/paxarinos-pareya-de-tarabillas\/\">Paxarinos: pareya de tarabillas<\/a><span class=\"post-date\">19\/04\/2025<\/span><\/li>\n<li><a href=\"https:\/\/edublog.educastur.es\/ixuxu\/2025\/04\/xatina-na-corte-linfiestu-pilona\/\">Xatina na corte (L\u2019Infiestu, Pilo\u00f1a)<\/a><span class=\"post-date\">19\/04\/2025<\/span><\/li>\n<li><a href=\"https:\/\/edublog.educastur.es\/ixuxu\/2025\/04\/les-noticies-del-sabadu-19-de-abril-de-2025-nasturianu-tpanoticies-9-min\/\">Les noticies del s\u00e1badu 19 de abril de 2025 n\u2019asturianu #TPANoticies 9 min<\/a><span class=\"post-date\">19\/04\/2025<\/span><\/li>\n<li><a href=\"https:\/\/edublog.educastur.es\/ixuxu\/2025\/04\/el-parque-de-la-vida-de-valdes-recrea-la-galeria-duna-mina\/\">El Parque de la Vida de Vald\u00e9s recrea la galer\u00eda d\u2019una mina<\/a><span class=\"post-date\">19\/04\/2025<\/span><\/li>\n<li><a href=\"https:\/\/edublog.educastur.es\/ixuxu\/2025\/04\/fiesta-de-los-guevos-pintos-na-pola-de-siero\/\">Fiesta de los G\u00fcevos Pintos na Pola de Siero<\/a><span class=\"post-date\">19\/04\/2025<\/span><\/li>\n<li><a href=\"https:\/\/edublog.educastur.es\/ixuxu\/2025\/04\/consideracion\/\">\u00abConsideraci\u00f3n\u00bb<\/a><span class=\"post-date\">19\/04\/2025<\/span><\/li>\n<li><a href=\"https:\/\/edublog.educastur.es\/ixuxu\/2025\/04\/46330\/\">La vida d\u2019unu maruxu\/mariquita<\/a><span class=\"post-date\">19\/04\/2025<\/span><\/li>\n<li><a href=\"https:\/\/edublog.educastur.es\/ixuxu\/2025\/04\/creadores-asturianes-desitu-mayusculu\/\">Creadores asturianes d\u2019\u00e9situ may\u00fasculu<\/a><span class=\"post-date\">19\/04\/2025<\/span><\/li>\n<li><a href=\"https:\/\/edublog.educastur.es\/ixuxu\/2025\/04\/cantar-del-poema-llume-na-sebe-dinaciu-galan\/\">Cantar del poema \u00abLlume na sebe\u00bb d\u2019Inaciu Gal\u00e1n<\/a><span class=\"post-date\">19\/04\/2025<\/span><\/li>\n<li><a href=\"https:\/\/edublog.educastur.es\/ixuxu\/2025\/04\/46335\/\">XXII Alcuentros de la Moced\u00e1 cola Llingua en Xix\u00f3n<\/a><span class=\"post-date\">19\/04\/2025<\/span><\/li>\n<li><a href=\"https:\/\/edublog.educastur.es\/ixuxu\/2025\/04\/la-moza-uvieina-que-se-fixo-arbitru-de-futbol-con-dolce-anos\/\">La moza uvieina que se fixo \u00e1rbitru de f\u00fatbol con dolce a\u00f1os<\/a><span class=\"post-date\">19\/04\/2025<\/span><\/li>\n<li><a href=\"https:\/\/edublog.educastur.es\/ixuxu\/2025\/04\/la-fiesta-del-bollu-ya-ta-equi-del-19-al-21-dabril-naviles\/\">\u00a1La Fiesta del Bollu y\u00e1 ta equ\u00ed! Del 19 al 21 d\u2019abril n\u2019Avil\u00e9s<\/a><span class=\"post-date\">19\/04\/2025<\/span><\/li>\n<li><a href=\"https:\/\/edublog.educastur.es\/ixuxu\/2025\/04\/dia-mundial-de-los-simpson\/\">D\u00eda Mundial de Los Simpson<\/a><span class=\"post-date\">19\/04\/2025<\/span><\/li>\n<li><a href=\"https:\/\/edublog.educastur.es\/ixuxu\/2025\/04\/tiempu-bien-pocu-apacible-para-esti-sabadu-santu-nasturies\/\">Tiempu bien pocu apacible para esti S\u00e1badu Santu n\u2019Asturies<\/a><span class=\"post-date\">19\/04\/2025<\/span><\/li>\n<li><a href=\"https:\/\/edublog.educastur.es\/ixuxu\/2025\/04\/un-pescador-pravianu-prindol-campanu-2025-a-ultima-hora-del-xueves-nel-riu-narcea\/\">Un pescador pravianu prind\u00f3\u2019l Campanu 2025 a \u00faltima hora del xueves nel r\u00edu Narcea<\/a><span class=\"post-date\">18\/04\/2025<\/span><\/li>\n<li><a href=\"https:\/\/edublog.educastur.es\/ixuxu\/2025\/04\/les-noticies-del-vienres-18-dabril-de-2025-nasturianu-tpanoticies\/\">Les noticies del vienres 18 d\u2019abril de 2025 n\u2019asturianu #TPANoticies<\/a><span class=\"post-date\">18\/04\/2025<\/span><\/li>\n<li><a href=\"https:\/\/edublog.educastur.es\/ixuxu\/2025\/04\/46262\/\">(sin t\u00edtulo)<\/a><span class=\"post-date\">18\/04\/2025<\/span><\/li>\n<li><a href=\"https:\/\/edublog.educastur.es\/ixuxu\/2025\/04\/los-guevos-pintos-en-pola-de-siero\/\">Los G\u00fcevos Pintos, en Pola de Siero<\/a><span class=\"post-date\">18\/04\/2025<\/span><\/li>\n<li><a href=\"https:\/\/edublog.educastur.es\/ixuxu\/2025\/04\/decimu-certame-dazabacheria-en-villaviciosa\/\">D\u00e9cimu certame d\u2019azabacher\u00eda en Villaviciosa<\/a><span class=\"post-date\">18\/04\/2025<\/span><\/li>\n<li><a href=\"https:\/\/edublog.educastur.es\/ixuxu\/2025\/04\/rosques-san-tirso-en-santiso-dabres\/\">Rosques San Tirso en Santiso d\u2019Abres<\/a><span class=\"post-date\">18\/04\/2025<\/span><\/li>\n<li><a href=\"https:\/\/edublog.educastur.es\/ixuxu\/2025\/04\/dia-internacional-de-los-monumentos-y-sitios-dims\/\">D\u00eda Internacional de los Monumentos y Sitios (DIMS)<\/a><span class=\"post-date\">18\/04\/2025<\/span><\/li>\n<li><a href=\"https:\/\/edublog.educastur.es\/ixuxu\/2025\/04\/el-tiempu-nasturies-9\/\">El tiempu n\u2019Asturies<\/a><span class=\"post-date\">18\/04\/2025<\/span><\/li>\n<li><a href=\"https:\/\/edublog.educastur.es\/ixuxu\/2025\/04\/les-noticies-del-xueves-17-dabril-de-2025-nasturianu-tpanoticies\/\">Les noticies del xueves 17 d\u2019abril de 2025 n\u2019asturianu #TPANoticies<\/a><span class=\"post-date\">17\/04\/2025<\/span><\/li>\n<li><a href=\"https:\/\/edublog.educastur.es\/ixuxu\/2025\/04\/como-ye-baxar-a-una-mina-de-carbon-asturiana\/\">\u00bfC\u00f3mo ye baxar a una mina de carb\u00f3n asturiana?<\/a><span class=\"post-date\">17\/04\/2025<\/span><\/li>\n<li><a href=\"https:\/\/edublog.educastur.es\/ixuxu\/2025\/04\/lidolo-de-pena-tu-llanes-monumentu-prehistoricu-de-gran-valor\/\">L\u2019\u00cddolo de Pe\u00f1a T\u00fa (Llanes), monumentu prehist\u00f3ricu de gran valor<\/a><span class=\"post-date\">17\/04\/2025<\/span><\/li>\n<li><a href=\"https:\/\/edublog.educastur.es\/ixuxu\/2025\/04\/folkayer-%c2%b7-alcuentru-folcloricu-nayer-anuncia-feches-de-17-19-dochobre\/\">FolkAyer : Alcuentru Folcl\u00f3ricu n\u2019Ayer anuncia feches de 17-19 d\u2019ochobre<\/a><span class=\"post-date\">17\/04\/2025<\/span><\/li>\n<li><a href=\"https:\/\/edublog.educastur.es\/ixuxu\/2025\/04\/46236\/\">(sin t\u00edtulo)<\/a><span class=\"post-date\">17\/04\/2025<\/span><\/li>\n<li><a href=\"https:\/\/edublog.educastur.es\/ixuxu\/2025\/04\/refranes-asturianos-2\/\">Refranes asturianos<\/a><span class=\"post-date\">17\/04\/2025<\/span><\/li>\n<li><a href=\"https:\/\/edublog.educastur.es\/ixuxu\/2025\/04\/selmana-santa-en-cangas-del-narcea\/\">Selmana Santa en Cangas del Narcea<\/a><span class=\"post-date\">17\/04\/2025<\/span><\/li>\n<li><a href=\"https:\/\/edublog.educastur.es\/ixuxu\/2025\/04\/espo-xigante-de-guevos-pintos\/\">Espo Xigante de G\u00fcevos Pintos<\/a><span class=\"post-date\">17\/04\/2025<\/span><\/li>\n<li><a href=\"https:\/\/edublog.educastur.es\/ixuxu\/2025\/04\/dia-dapreciacion-de-los-esperteyos-o-murcielagos\/\">D\u00eda d\u2019apreciaci\u00f3n de los esperteyos o murci\u00e9lagos<\/a><span class=\"post-date\">17\/04\/2025<\/span><\/li>\n<li><a href=\"https:\/\/edublog.educastur.es\/ixuxu\/2025\/04\/indiz-de-riesgu-de-quemes-forestales-dasturies-xueves-17-dabril\/\">\u00cdndiz de Riesgu de Quemes Forestales d\u2019Asturies: xueves 17 d\u2019abril<\/a><span class=\"post-date\">17\/04\/2025<\/span><\/li>\n<li><a href=\"https:\/\/edublog.educastur.es\/ixuxu\/2025\/04\/el-llunes-quentra-en-nava\/\">\u00a1El llunes qu\u2019entra en Nava!<\/a><span class=\"post-date\">16\/04\/2025<\/span><\/li>\n<li><a href=\"https:\/\/edublog.educastur.es\/ixuxu\/2025\/04\/les-noticies-del-miercoles-16-dabril-de-2025-nasturianu-tpanoticies\/\">Les noticies del mi\u00e9rcoles 16 d\u2019abril de 2025 n\u2019asturianu #TPANoticies<\/a><span class=\"post-date\">16\/04\/2025<\/span><\/li>\n<li><a href=\"https:\/\/edublog.educastur.es\/ixuxu\/2025\/04\/cuatro-pallabres-nasturianu\/\">Cuatro pallabres n\u2019asturianu<\/a><span class=\"post-date\">16\/04\/2025<\/span><\/li>\n<li><a href=\"https:\/\/edublog.educastur.es\/ixuxu\/2025\/04\/museu-del-oru-dasturies-reabre-les-sos-puertes\/\">Mus\u00e9u del Oru d\u2019Asturies reabre les sos puertes<\/a><span class=\"post-date\">16\/04\/2025<\/span><\/li>\n<li><a href=\"https:\/\/edublog.educastur.es\/ixuxu\/2025\/04\/46194\/\">(sin t\u00edtulo)<\/a><span class=\"post-date\">16\/04\/2025<\/span><\/li>\n<li><a href=\"https:\/\/edublog.educastur.es\/ixuxu\/2025\/04\/73o-dia-damerica-nasturies\/\">73\u00ba D\u00eda d\u2019Am\u00e9rica n\u2019Asturies: vienres 19 setiembre 2025<\/a><span class=\"post-date\">16\/04\/2025<\/span><\/li>\n<li><a href=\"https:\/\/edublog.educastur.es\/ixuxu\/2025\/04\/la-imaxe-de-la-selmana-en-xixon\/\">La imaxe de la selmana en Xix\u00f3n<\/a><span class=\"post-date\">16\/04\/2025<\/span><\/li>\n<li><a href=\"https:\/\/edublog.educastur.es\/ixuxu\/2025\/04\/cariegu-careru\/\">\u201cCariegu \/ Careru\u201d<\/a><span class=\"post-date\">16\/04\/2025<\/span><\/li>\n<li><a href=\"https:\/\/edublog.educastur.es\/ixuxu\/2025\/04\/grupo-folklorico-trebeyu\/\">Grupo folkl\u00f3rico Trebeyu<\/a><span class=\"post-date\">16\/04\/2025<\/span><\/li>\n<li><a href=\"https:\/\/edublog.educastur.es\/ixuxu\/2025\/04\/6o-festival-decosturismu-en-peligru-destincion\/\">6\u00ba Festival d\u2019Ecosturismu en peligru d\u2019estinci\u00f3n<\/a><span class=\"post-date\">16\/04\/2025<\/span><\/li>\n<li><a href=\"https:\/\/edublog.educastur.es\/ixuxu\/2025\/04\/vuelve-xixon-tours-pa-que-conozas-xixon-dende-otra-perspectiva\/\">\u00a1Vuelve Xix\u00f3n Tours pa que conozas la ciud\u00e1 dende otra perspectiva!<\/a><span class=\"post-date\">16\/04\/2025<\/span><\/li>\n<li><a href=\"https:\/\/edublog.educastur.es\/ixuxu\/2025\/04\/10-de-mayu-manifestacion-pola-oficialida\/\">10 de mayu: manifestaci\u00f3n pola Oficialid\u00e1<\/a><span class=\"post-date\">16\/04\/2025<\/span><\/li>\n<li><a href=\"https:\/\/edublog.educastur.es\/ixuxu\/2025\/04\/tipica-postal-de-gueirua-glendor\/\">T\u00edpica Postal de Gueir\u00faa (Glendor)<\/a><span class=\"post-date\">16\/04\/2025<\/span><\/li>\n<li><a href=\"https:\/\/edublog.educastur.es\/ixuxu\/2025\/04\/flor-de-la-peral\/\">Flor de la peral<\/a><span class=\"post-date\">16\/04\/2025<\/span><\/li>\n<li><a href=\"https:\/\/edublog.educastur.es\/ixuxu\/2025\/04\/recursu-docente-especial-san-xurde\/\">Recursu Docente: Especial San Xurde<\/a><span class=\"post-date\">16\/04\/2025<\/span><\/li>\n<li><a href=\"https:\/\/edublog.educastur.es\/ixuxu\/2025\/04\/46145\/\">(sin t\u00edtulo)<\/a><span class=\"post-date\">16\/04\/2025<\/span><\/li>\n<li><a href=\"https:\/\/edublog.educastur.es\/ixuxu\/2025\/04\/la-lleenda-de-san-xurde-y-el-dragon\/\">La lleenda de San Xurde y el drag\u00f3n<\/a><span class=\"post-date\">16\/04\/2025<\/span><\/li>\n<li><a href=\"https:\/\/edublog.educastur.es\/ixuxu\/2025\/04\/46123\/\">La Central hidroel\u00e9ctrica de Salime<\/a><span class=\"post-date\">16\/04\/2025<\/span><\/li>\n<li><a href=\"https:\/\/edublog.educastur.es\/ixuxu\/2025\/04\/dia-mundial-de-la-voz-sol-lema-empodera-la-to-voz\/\">D\u00eda Mundial de la Voz, sol lema: \u00abEmpodera la to voz\u00bb<\/a><span class=\"post-date\">16\/04\/2025<\/span><\/li>\n<li><a href=\"https:\/\/edublog.educastur.es\/ixuxu\/2025\/04\/dia-mundial-del-emprendimiento-2\/\">D\u00eda Mundial del Emprendimiento<\/a><span class=\"post-date\">16\/04\/2025<\/span><\/li>\n<li><a href=\"https:\/\/edublog.educastur.es\/ixuxu\/2025\/04\/el-tiempu-nasturies-el-comercio-2\/\">El tiempu n\u2019Asturies (El Comercio)<\/a><span class=\"post-date\">16\/04\/2025<\/span><\/li>\n<li><a href=\"https:\/\/edublog.educastur.es\/ixuxu\/2025\/04\/amanecer-friu-nuvieu\/\">Amanecer fr\u00edo n\u2019Uvi\u00e9u<\/a><span class=\"post-date\">16\/04\/2025<\/span><\/li>\n<li><a href=\"https:\/\/edublog.educastur.es\/ixuxu\/2025\/04\/les-noticies-del-martes-15-dabril-de-2025-nasturianu-tpanoticies\/\">Les noticies del martes 15 d\u2019abril de 2025 n\u2019asturianu #TPANoticies<\/a><span class=\"post-date\">15\/04\/2025<\/span><\/li>\n<li><a href=\"https:\/\/edublog.educastur.es\/ixuxu\/2025\/04\/karate-un-nuevu-deporte-quanadir-a-la-nuestra-coleicion-de-pallabreros-de-deportes\/\">\u00a1\u00a1K\u00c1RATE!! Un nuevu deporte qu\u2019a\u00f1adir a la coleici\u00f3n de pallabreros de deportes.<\/a><span class=\"post-date\">15\/04\/2025<\/span><\/li>\n<li><a href=\"https:\/\/edublog.educastur.es\/ixuxu\/2025\/04\/xi-mercau-polesu-del-17-22-dabril-na-pola-siero\/\">XI Merc\u00e1u Polesu del 17-22 d\u2019abril na Pola Siero<\/a><span class=\"post-date\">15\/04\/2025<\/span><\/li>\n<li><a href=\"https:\/\/edublog.educastur.es\/ixuxu\/2025\/04\/san-tiso-dabres-preparase-para-la-xxvi-feria-de-les-rosques\/\">San Tiso d\u2019Abres prep\u00e1rase para la XXVI Feria de les Rosques<\/a><span class=\"post-date\">15\/04\/2025<\/span><\/li>\n<li><a href=\"https:\/\/edublog.educastur.es\/ixuxu\/2025\/04\/primer-sidre-lanu-2025-en-xixon\/\">Primer Sidre L\u2019A\u00f1u 2025 en Xix\u00f3n<\/a><span class=\"post-date\">15\/04\/2025<\/span><\/li>\n<li><a href=\"https:\/\/edublog.educastur.es\/ixuxu\/2025\/04\/san-xurde-para-conmemorar-el-dia-del-llibru-nasturies\/\">San Xurde para conmemorar el D\u00eda del Llibru n\u2019Asturies<\/a><span class=\"post-date\">15\/04\/2025<\/span><\/li>\n<li><a href=\"https:\/\/edublog.educastur.es\/ixuxu\/2025\/04\/46179\/\">(sin t\u00edtulo)<\/a><span class=\"post-date\">15\/04\/2025<\/span><\/li>\n<li><a href=\"https:\/\/edublog.educastur.es\/ixuxu\/2025\/04\/en-1452-nacia-leonardo-da-vinci\/\">En 1452, nac\u00eda Leonardo da Vinci.<\/a><span class=\"post-date\">15\/04\/2025<\/span><\/li>\n<li><a href=\"https:\/\/edublog.educastur.es\/ixuxu\/2025\/04\/a-el-bosco-gusta-y-el-pozu-santa-barbara\/\">A \u00abEl Bosco\u00bb g\u00fasta-y el Pozu Santa B\u00e1rbara<\/a><span class=\"post-date\">15\/04\/2025<\/span><\/li>\n<li><a href=\"https:\/\/edublog.educastur.es\/ixuxu\/2025\/04\/dia-mundial-del-arte-3\/\">Dia Mundial del arte<\/a><span class=\"post-date\">15\/04\/2025<\/span><\/li>\n<li><a href=\"https:\/\/edublog.educastur.es\/ixuxu\/2025\/04\/triptiko-una-vision-inspirada-por-el-bosco-ye-una-esperiencia-audiovisual-onde-delles-obres-del-gran-artista-flamencu-cobren-vida\/\">Tr\u00edptiko. Una visi\u00f3n inspirada por El Bosco\u00bb ye una esperiencia audiovisual onde delles obres del gran artista flamencu cobren vida.<\/a><span class=\"post-date\">15\/04\/2025<\/span><\/li>\n<li><a href=\"https:\/\/edublog.educastur.es\/ixuxu\/2025\/04\/el-tiempu-el-comercio-45\/\">El tiempu (El Comercio)<\/a><span class=\"post-date\">15\/04\/2025<\/span><\/li>\n<li><a href=\"https:\/\/edublog.educastur.es\/ixuxu\/2025\/04\/les-noticies-del-llunes-14-dabril-de-2025-nasturianu-tpanoticies-23-h\/\">Les noticies del llunes 14 d\u2019abril de 2025 n\u2019asturianu #TPANoticies 23 h<\/a><span class=\"post-date\">14\/04\/2025<\/span><\/li>\n<li><a href=\"https:\/\/edublog.educastur.es\/ixuxu\/2025\/04\/non-te-pierdas-eses-dos-fiestes-asturianes-esta-primavera\/\">Non te pierdas eses dos fiestes asturianes esta primavera<\/a><span class=\"post-date\">14\/04\/2025<\/span><\/li>\n<li><a href=\"https:\/\/edublog.educastur.es\/ixuxu\/2025\/04\/pola-salu-mental-quimporta\/\">Pola sal\u00fa mental, qu\u2019importa.<\/a><span class=\"post-date\">14\/04\/2025<\/span><\/li>\n<li><a href=\"https:\/\/edublog.educastur.es\/ixuxu\/2025\/04\/46041\/\">(sin t\u00edtulo)<\/a><span class=\"post-date\">14\/04\/2025<\/span><\/li>\n<li><a href=\"https:\/\/edublog.educastur.es\/ixuxu\/2025\/04\/prosima-publicacion-merlot-de-natalia-menendez\/\">Pr\u00f3sima publicaci\u00f3n: \u00abMerlot\u00bb de Natalia Men\u00e9ndez<\/a><span class=\"post-date\">14\/04\/2025<\/span><\/li>\n<li><a href=\"https:\/\/edublog.educastur.es\/ixuxu\/2025\/04\/coseyos-dautoproteccion-na-marina-asturiana\/\">Coseyos d\u2019autoprotecci\u00f3n na mari\u00f1a asturiana<\/a><span class=\"post-date\">14\/04\/2025<\/span><\/li>\n<li><a href=\"https:\/\/edublog.educastur.es\/ixuxu\/2025\/04\/feria-de-la-ciencia-y-linnovacion-dasturies-9-mayu-2025\/\">Feria de la Ciencia y l\u2019Innovaci\u00f3n d\u2019Asturies: 9 mayu 2025 n\u2019Uvi\u00e9u<\/a><span class=\"post-date\">14\/04\/2025<\/span><\/li>\n<li><a href=\"https:\/\/edublog.educastur.es\/ixuxu\/2025\/04\/dexando-perclaro-que-faigo-col-asturianu-inaciu-iglesias\/\">Dexando perclaro qu\u00e9 faigo col asturianu\u2026 (Inaciu Iglesias)<\/a><span class=\"post-date\">14\/04\/2025<\/span><\/li>\n<li><a href=\"https:\/\/edublog.educastur.es\/ixuxu\/2025\/04\/46010\/\">Paz Mesa nel Mus\u00e9u de Grandas de Salime<\/a><span class=\"post-date\">14\/04\/2025<\/span><\/li>\n<li><a href=\"https:\/\/edublog.educastur.es\/ixuxu\/2025\/04\/lurriellu-dende-poo-de-cabrales\/\">L\u2019Urriellu dende P\u00f3o de Cabrales<\/a><span class=\"post-date\">14\/04\/2025<\/span><\/li>\n<li><a href=\"https:\/\/edublog.educastur.es\/ixuxu\/2025\/04\/46002\/\">Dalgunos de los xuegos y deportes m\u00e1s tradicionales d\u2019Asturies<\/a><span class=\"post-date\">14\/04\/2025<\/span><\/li>\n<li><a href=\"https:\/\/edublog.educastur.es\/ixuxu\/2025\/04\/sariegu-un-conceyu-mui-venceyau-al-deporte-tradicional\/\">Sariegu, un conceyu mui vencey\u00e1u al deporte tradicional<\/a><span class=\"post-date\">14\/04\/2025<\/span><\/li>\n<li><a href=\"https:\/\/edublog.educastur.es\/ixuxu\/2025\/04\/sistema\/\">\u00abSistema\u00bb<\/a><span class=\"post-date\">14\/04\/2025<\/span><\/li>\n<li><a href=\"https:\/\/edublog.educastur.es\/ixuxu\/2025\/04\/la-flora-espanola-ye-estraordinaria\/\">La flora espa\u00f1ola ye estraordinaria<\/a><span class=\"post-date\">14\/04\/2025<\/span><\/li>\n<li><a href=\"https:\/\/edublog.educastur.es\/ixuxu\/2025\/04\/especies-invasores-nasturies-un-ataque-per-mar-y-aire\/\">Especies invasores n\u2019Asturies: un ataque per mar y aire<\/a><span class=\"post-date\">14\/04\/2025<\/span><\/li>\n<li><a href=\"https:\/\/edublog.educastur.es\/ixuxu\/2025\/04\/45808\/\">(sin t\u00edtulo)<\/a><span class=\"post-date\">14\/04\/2025<\/span><\/li>\n<li><a href=\"https:\/\/edublog.educastur.es\/ixuxu\/2025\/04\/sintonia-de-la-vuelta-asturies-suena-a-gaita-a-monte-a-llucha\/\">Sinton\u00eda de la Vuelta: Asturies suena a gaita, a monte, a llucha\u2026<\/a><span class=\"post-date\">14\/04\/2025<\/span><\/li>\n<li><a href=\"https:\/\/edublog.educastur.es\/ixuxu\/2025\/04\/bizarrap-el-siguidor-mas-popular-del-real-aviles\/\">Bizarrap, el siguidor m\u00e1s popular del Real Avil\u00e9s<\/a><span class=\"post-date\">14\/04\/2025<\/span><\/li>\n<li><a href=\"https:\/\/edublog.educastur.es\/ixuxu\/2025\/04\/xapon-un-destin-recomendable\/\">Xap\u00f3n, un dest\u00edn recomendable pola so guapura e inter\u00e9s<\/a><span class=\"post-date\">14\/04\/2025<\/span><\/li>\n<li><a href=\"https:\/\/edublog.educastur.es\/ixuxu\/2025\/04\/historicu-oru-para-espana-qualgama-la-division-i-del-h-oquei-xelo-femenin\/\">Hist\u00f3ricu oru para Espa\u00f1a qu\u2019algama la Divisi\u00f3n I del h.oquei xelo femen\u00edn<\/a><span class=\"post-date\">14\/04\/2025<\/span><\/li>\n<li><a href=\"https:\/\/edublog.educastur.es\/ixuxu\/2025\/04\/museu-del-oru-dasturies-en-navelgas-tineu\/\">Mus\u00e9u del oru d\u2019Asturies en Navelgas (Tin\u00e9u)<\/a><span class=\"post-date\">14\/04\/2025<\/span><\/li>\n<li><a href=\"https:\/\/edublog.educastur.es\/ixuxu\/2025\/04\/laula-del-oru-de-balmonte-reabre-en-selmana-santa\/\">L\u2019Aula del Oru de Balmonte reabre en Selmana Santa<\/a><span class=\"post-date\">14\/04\/2025<\/span><\/li>\n<li><a href=\"https:\/\/edublog.educastur.es\/ixuxu\/2025\/04\/rescatada-una-osezna-de-tres-meses-en-teberga\/\">Rescatada \u00abAlba\u00bb, una osezna de tr\u00e9s meses en Teberga<\/a><span class=\"post-date\">14\/04\/2025<\/span><\/li>\n<li><a href=\"https:\/\/edublog.educastur.es\/ixuxu\/2025\/04\/dexonos-un-gran-nobel-de-la-lliteratura\/\">Dex\u00f3nos un gran Nobel de la Lliteratura y Premiu Pr\u00edncipe de les lletres<\/a><span class=\"post-date\">14\/04\/2025<\/span><\/li>\n<li><a href=\"https:\/\/edublog.educastur.es\/ixuxu\/2025\/04\/el-tiempu-el-comercio-44\/\">El tiempu (El Comercio)<\/a><span class=\"post-date\">14\/04\/2025<\/span><\/li>\n<li><a href=\"https:\/\/edublog.educastur.es\/ixuxu\/2025\/04\/la-maxa-de-la-primavera\/\">La maxa de la primavera<\/a><span class=\"post-date\">13\/04\/2025<\/span><\/li>\n<li><a href=\"https:\/\/edublog.educastur.es\/ixuxu\/2025\/04\/les-noticies-del-domingu-13-dabril-de-2025-nasturianu-tpanoticies\/\">Les noticies del domingu 13 d\u2019abril de 2025 n\u2019asturianu #TPANoticies<\/a><span class=\"post-date\">13\/04\/2025<\/span><\/li>\n<li><a href=\"https:\/\/edublog.educastur.es\/ixuxu\/2025\/04\/cheira\/\">\u201cCheira\u201d<\/a><span class=\"post-date\">13\/04\/2025<\/span><\/li>\n<li><a href=\"https:\/\/edublog.educastur.es\/ixuxu\/2025\/04\/el-funicular-de-bulnes-va-reabrir-al-publicu-esta-tarde\/\">El funicular de Bulnes va reabrir al p\u00fablicu esta tarde<\/a><span class=\"post-date\">13\/04\/2025<\/span><\/li>\n<li><a href=\"https:\/\/edublog.educastur.es\/ixuxu\/2025\/04\/selmana-santa-en-cangues-del-narcea\/\">Selmana Santa en Cangues del Narcea<\/a><span class=\"post-date\">13\/04\/2025<\/span><\/li>\n<li><a href=\"https:\/\/edublog.educastur.es\/ixuxu\/2025\/04\/un-centenar-despecies-en-peligru-nasturies\/\">Un centenar d\u2019especies en peligru n\u2019Asturies<\/a><span class=\"post-date\">13\/04\/2025<\/span><\/li>\n<li><a href=\"https:\/\/edublog.educastur.es\/ixuxu\/2025\/04\/dia-del-astronomu-aficionau\/\">D\u00eda Mundial de l\u2019Astronom\u00eda y d\u00eda del astr\u00f3nomu aficion\u00e1u<\/a><span class=\"post-date\">13\/04\/2025<\/span><\/li>\n<li><a href=\"https:\/\/edublog.educastur.es\/ixuxu\/2025\/04\/dia-mundial-del-beso\/\">D\u00eda Mundial del besu<\/a><span class=\"post-date\">13\/04\/2025<\/span><\/li>\n<li><a href=\"https:\/\/edublog.educastur.es\/ixuxu\/2025\/04\/46069\/\">(sin t\u00edtulo)<\/a><span class=\"post-date\">13\/04\/2025<\/span><\/li>\n<li><a href=\"https:\/\/edublog.educastur.es\/ixuxu\/2025\/04\/la-lluna-rosa-la-lluna-llena-dabril\/\">La Lluna Rosa, la lluna llena d\u2019abril<\/a><span class=\"post-date\">13\/04\/2025<\/span><\/li>\n<li><a href=\"https:\/\/edublog.educastur.es\/ixuxu\/2025\/04\/dicires-nasturianu-8\/\">Dicires n\u2019asturianu<\/a><span class=\"post-date\">13\/04\/2025<\/span><\/li>\n<li><a href=\"https:\/\/edublog.educastur.es\/ixuxu\/2025\/04\/45909\/\">El tiempu (El Comercio)<\/a><span class=\"post-date\">13\/04\/2025<\/span><\/li>\n<li><a href=\"https:\/\/edublog.educastur.es\/ixuxu\/2025\/04\/les-noticies-del-sabadu-12-dabril-de-2025-nasturianu-tpanoticies\/\">Les noticies del s\u00e1badu 12 d\u2019abril de 2025 n\u2019asturianu #TPANoticies<\/a><span class=\"post-date\">12\/04\/2025<\/span><\/li>\n<li><a href=\"https:\/\/edublog.educastur.es\/ixuxu\/2025\/04\/celebremos-la-vida-vemonos-nel-parking-esterior-del-carlos-tartiere\/\">Celebremos la vida. \u00a1V\u00e9monos nel parking esterior del Carlos Tartiere!<\/a><span class=\"post-date\">12\/04\/2025<\/span><\/li>\n<li><a href=\"https:\/\/edublog.educastur.es\/ixuxu\/2025\/04\/les-nueses-lleones-lleven-el-rugby-europe-championship-2025\/\">Les nueses lleones lleven el Rugby Europe Championship 2025<\/a><span class=\"post-date\">12\/04\/2025<\/span><\/li>\n<li><a href=\"https:\/\/edublog.educastur.es\/ixuxu\/2025\/04\/non-al-racismu-y-la-xenofobia\/\">Non al racismu y la xenofobia<\/a><span class=\"post-date\">12\/04\/2025<\/span><\/li>\n<li><a href=\"https:\/\/edublog.educastur.es\/ixuxu\/2025\/04\/cancionero-virginia-and-the-wolf\/\">\u00abCancionero\u00bb de \u00abVirginia and the wolf\u00bb<\/a><span class=\"post-date\">12\/04\/2025<\/span><\/li>\n<li><a href=\"https:\/\/edublog.educastur.es\/ixuxu\/2025\/04\/45897\/\">(sin t\u00edtulo)<\/a><span class=\"post-date\">12\/04\/2025<\/span><\/li>\n<li><a href=\"https:\/\/edublog.educastur.es\/ixuxu\/2025\/04\/la-intelixencia-artificial-imaxina-nuevos-xuguetes\/\">La Intelixencia Artificial imaxina nuevos xuguetes<\/a><span class=\"post-date\">12\/04\/2025<\/span><\/li>\n<li><a href=\"https:\/\/edublog.educastur.es\/ixuxu\/2025\/04\/xuguetes-de-siempre-xuguetes-tamien-dasturies\/\">Xuguetes de siempre, xuguetes tami\u00e9n d\u2019Asturies<\/a><span class=\"post-date\">12\/04\/2025<\/span><\/li>\n<li><a href=\"https:\/\/edublog.educastur.es\/ixuxu\/2025\/04\/esfruta-del-monte-con-segurida\/\">Esfruta del monte con segurid\u00e1.<\/a><span class=\"post-date\">12\/04\/2025<\/span><\/li>\n<li><a href=\"https:\/\/edublog.educastur.es\/ixuxu\/2025\/04\/paxarinos-tarabillas-en-cuideiru\/\">Paxarinos: tarabilles en Cuideiru<\/a><span class=\"post-date\">12\/04\/2025<\/span><\/li>\n<li><a href=\"https:\/\/edublog.educastur.es\/ixuxu\/2025\/04\/dicires-nasturianu-7\/\">Dicires n\u2019asturianu<\/a><span class=\"post-date\">12\/04\/2025<\/span><\/li>\n<li><a href=\"https:\/\/edublog.educastur.es\/ixuxu\/2025\/04\/medaya-doru-pal-equipu-de-natacion-artistica\/\">Medaya d\u2019oru pal Equipu de Nataci\u00f3n Art\u00edstica<\/a><span class=\"post-date\">12\/04\/2025<\/span><\/li>\n<li><a href=\"https:\/\/edublog.educastur.es\/ixuxu\/2025\/04\/el-tiempu-el-comercio-43\/\">El tiempu n\u2019Asturies: esp\u00e9rase un d\u00eda inestable.<\/a><span class=\"post-date\">12\/04\/2025<\/span><\/li>\n<li><a href=\"https:\/\/edublog.educastur.es\/ixuxu\/2025\/04\/45864\/\">(sin t\u00edtulo)<\/a><span class=\"post-date\">11\/04\/2025<\/span><\/li>\n<li><a href=\"https:\/\/edublog.educastur.es\/ixuxu\/2025\/04\/cortin-rn-moal-cangas-del-narcea\/\">Cort\u00edn en Moal (Cangas del Narcea)<\/a><span class=\"post-date\">11\/04\/2025<\/span><\/li>\n<li><a href=\"https:\/\/edublog.educastur.es\/ixuxu\/2025\/04\/viavelez-una-visita-imprescindible-nel-occidente-asturianu\/\">Viav\u00e9lez, una visita imprescindible nel occidente asturianu<\/a><span class=\"post-date\">11\/04\/2025<\/span><\/li>\n<li><a href=\"https:\/\/edublog.educastur.es\/ixuxu\/2025\/04\/xlvi-dia-de-les-lletres-asturianes-2\/\">XLVI D\u00eda de les Lletres Asturianes<\/a><span class=\"post-date\">11\/04\/2025<\/span><\/li>\n<li><a href=\"https:\/\/edublog.educastur.es\/ixuxu\/2025\/04\/xlvi-dia-de-les-lletres-asturianes\/\">XLVI D\u00eda de les Lletres Asturianes<\/a><span class=\"post-date\">11\/04\/2025<\/span><\/li>\n<li><a href=\"https:\/\/edublog.educastur.es\/ixuxu\/2025\/04\/asina-va-ser-el-prosimu-calendariu-escolar-nasturies\/\">Asina va ser el pr\u00f3simu calendariu escolar n\u2019Asturies<\/a><span class=\"post-date\">11\/04\/2025<\/span><\/li>\n<li><a href=\"https:\/\/edublog.educastur.es\/ixuxu\/2025\/04\/la-osa-paca-simbolu-de-conservacion-nasturies\/\">La osa Paca, s\u00edmbolu de conservaci\u00f3n n\u2019Asturies<\/a><span class=\"post-date\">11\/04\/2025<\/span><\/li>\n<li><a href=\"https:\/\/edublog.educastur.es\/ixuxu\/2025\/04\/perguapu-cantar-dedicau-a-paca-y-tola-les-nueses-oses\/\">Perguapu cantar dedic\u00e1u a Paca y Tola, les nueses oses s\u00edmbolu d\u2019Asturies<\/a><span class=\"post-date\">11\/04\/2025<\/span><\/li>\n<li><a href=\"https:\/\/edublog.educastur.es\/ixuxu\/2025\/04\/museu-de-los-paises-celtes-en-corvera\/\">Mus\u00e9u de los Pa\u00edses Celtes, en Corvera.<\/a><span class=\"post-date\">11\/04\/2025<\/span><\/li>\n<li><a href=\"https:\/\/edublog.educastur.es\/ixuxu\/2025\/04\/taller-infantil-conociendo-la-vida-de-les-camparines\/\">Taller infantil: \u201cConociendo la vida de les camparines\u201d<\/a><span class=\"post-date\">11\/04\/2025<\/span><\/li>\n<li><a href=\"https:\/\/edublog.educastur.es\/ixuxu\/2025\/04\/una-espectacular-bandada-daves-de-gran-tamanu-toma-la-ria-de-villaviciosa\/\">Una espectacular bandada d\u2019aves de gran tama\u00f1u toma la r\u00eda de Villaviciosa<\/a><span class=\"post-date\">11\/04\/2025<\/span><\/li>\n<li><a href=\"https:\/\/edublog.educastur.es\/ixuxu\/2025\/04\/45828\/\">(sin t\u00edtulo)<\/a><span class=\"post-date\">11\/04\/2025<\/span><\/li>\n<li><a href=\"https:\/\/edublog.educastur.es\/ixuxu\/2025\/04\/lacebache-escasea-para-faer-artesania-asturiano\/\">L\u2019acebache escasea para faer artesan\u00eda asturiano<\/a><span class=\"post-date\">11\/04\/2025<\/span><\/li>\n<li><a href=\"https:\/\/edublog.educastur.es\/ixuxu\/2025\/04\/aviles-recupera-un-dulce-centenariu-dasturie\/\">Avil\u00e9s recupera un dulce centenariu d\u2019Asturie<\/a><span class=\"post-date\">11\/04\/2025<\/span><\/li>\n<li><a href=\"https:\/\/edublog.educastur.es\/ixuxu\/2025\/04\/lantiguu-poblau-da-paicega-pezos\/\">L\u2019antiguu pobl\u00e1u d\u2019A Paicega (Pez\u00f3s)<\/a><span class=\"post-date\">11\/04\/2025<\/span><\/li>\n<li><a href=\"https:\/\/edublog.educastur.es\/ixuxu\/2025\/04\/reflexon-dalfredo-garay\/\">Reflex\u00f3n d\u2019Alfredo Garay<\/a><span class=\"post-date\">11\/04\/2025<\/span><\/li>\n<li><a href=\"https:\/\/edublog.educastur.es\/ixuxu\/2025\/04\/campamentu-altomedieval-nel-centru-del-prerromanicu-asturianu\/\">Campamentu Altomedieval nel Centru del Prerrom\u00e1nicu Asturianu<\/a><span class=\"post-date\">11\/04\/2025<\/span><\/li>\n<li><a href=\"https:\/\/edublog.educastur.es\/ixuxu\/2025\/04\/45799\/\">La osa Molina, en semilibert\u00e1 dende g\u00fcei na corralada de Santo Adriano<\/a><span class=\"post-date\">11\/04\/2025<\/span><\/li>\n<li><a href=\"https:\/\/edublog.educastur.es\/ixuxu\/2025\/04\/guei-na-tpa-1455-hores-enantes-de-les-noticies\/\">G\u00fcei na TPA, 14:55 hores, enantes de les noticies\u2026<\/a><span class=\"post-date\">11\/04\/2025<\/span><\/li>\n<li><a href=\"https:\/\/edublog.educastur.es\/ixuxu\/2025\/04\/el-tiempu-el-comercio-42\/\">El tiempu (El Comercio)<\/a><span class=\"post-date\">11\/04\/2025<\/span><\/li>\n<li><a href=\"https:\/\/edublog.educastur.es\/ixuxu\/2025\/04\/les-noticies-del-xueves-10-dabril-de-2025-nasturianu-tpanoticies\/\">Les noticies del xueves 10 d\u2019abril de 2025 n\u2019asturianu #TPANoticies<\/a><span class=\"post-date\">10\/04\/2025<\/span><\/li>\n<li><a href=\"https:\/\/edublog.educastur.es\/ixuxu\/2025\/04\/45751\/\">(sin t\u00edtulo)<\/a><span class=\"post-date\">10\/04\/2025<\/span><\/li>\n<li><a href=\"https:\/\/edublog.educastur.es\/ixuxu\/2025\/04\/45868\/\">(sin t\u00edtulo)<\/a><span class=\"post-date\">10\/04\/2025<\/span><\/li>\n<li><a href=\"https:\/\/edublog.educastur.es\/ixuxu\/2025\/04\/45753\/\">En La ben\u00e9fica: \u00abYes una boro\u00f1a\u00bb m\u00fasica, comida, baille, alcuentru y fanfarria<\/a><span class=\"post-date\">10\/04\/2025<\/span><\/li>\n<li><a href=\"https:\/\/edublog.educastur.es\/ixuxu\/2025\/04\/unu-de-los-pueblos-mas-visitaos-del-monte-ta-nasturies\/\">Unu de los pueblos m\u00e1s visitaos del monte ta n\u2019Asturies<\/a><span class=\"post-date\">10\/04\/2025<\/span><\/li>\n<li><a href=\"https:\/\/edublog.educastur.es\/ixuxu\/2025\/04\/mas-de-tres-decades-siendol-simbolu-dasturies\/\">G\u00fcei, Paca, la nuestra osa, dex\u00f3nos<\/a><span class=\"post-date\">10\/04\/2025<\/span><\/li>\n<li><a href=\"https:\/\/edublog.educastur.es\/ixuxu\/2025\/04\/muerre-la-osa-paca-siete-anos-dempues-de-la-so-hermana-tola\/\">Muerre la osa \u00abPaca\u00bb siete a\u00f1os dempu\u00e9s de la so hermana \u00abTola<\/a><span class=\"post-date\">10\/04\/2025<\/span><\/li>\n<li><a href=\"https:\/\/edublog.educastur.es\/ixuxu\/2025\/04\/unu-de-los-animales-mas-bellos-de-la-fauna-asturiana-el-melandru\/\">Unu de los animales m\u00e1s bellos de la fauna asturiana: el melandru<\/a><span class=\"post-date\">10\/04\/2025<\/span><\/li>\n<li><a href=\"https:\/\/edublog.educastur.es\/ixuxu\/2025\/04\/podeis-facer-la-visita-guiada-nasturianu-a-la-xunta-xeneral-dasturies\/\">Pod\u00e9is facer la visita guiada n\u2019asturianu a la Xunta Xeneral d\u2019Asturies<\/a><span class=\"post-date\">10\/04\/2025<\/span><\/li>\n<li><a href=\"https:\/\/edublog.educastur.es\/ixuxu\/2025\/04\/45739\/\">(sin t\u00edtulo)<\/a><span class=\"post-date\">10\/04\/2025<\/span><\/li>\n<li><a href=\"https:\/\/edublog.educastur.es\/ixuxu\/2025\/04\/a-paceiga-un-llugar-que-paga-la-pena-visitar\/\">A Paceiga, un llugar que paga la pena visitar.<\/a><span class=\"post-date\">10\/04\/2025<\/span><\/li>\n<li><a href=\"https:\/\/edublog.educastur.es\/ixuxu\/2025\/04\/el-meyor-quesu-azul-despana-ye-ecoloxicu-y-tien-sellu-asturianu\/\">El meyor quesu azul d\u2019Espa\u00f1a ye ecol\u00f3xicu y tien sellu asturianu<\/a><span class=\"post-date\">10\/04\/2025<\/span><\/li>\n<li><a href=\"https:\/\/edublog.educastur.es\/ixuxu\/2025\/04\/refranes-asturianos\/\">Refranes asturianos<\/a><span class=\"post-date\">10\/04\/2025<\/span><\/li>\n<li><a href=\"https:\/\/edublog.educastur.es\/ixuxu\/2025\/04\/estampes-dasturies-uvieu-2\/\">Estampes d\u2019Asturies: Uvi\u00e9u<\/a><span class=\"post-date\">10\/04\/2025<\/span><\/li>\n<li><a href=\"https:\/\/edublog.educastur.es\/ixuxu\/2025\/04\/educacion-pon-nomes-nasturianu-a-les-catorce-nueves-escuelines\/\">Educaci\u00f3n pon nomes n\u2019asturianu a les catorce nueves escuelines<\/a><span class=\"post-date\">10\/04\/2025<\/span><\/li>\n<li><a href=\"https:\/\/edublog.educastur.es\/ixuxu\/2025\/04\/bonos-dies-dende-xixon\/\">Bonos d\u00edes dende Xix\u00f3n<\/a><span class=\"post-date\">10\/04\/2025<\/span><\/li>\n<li><a href=\"https:\/\/edublog.educastur.es\/ixuxu\/2025\/04\/el-tiempu-el-comercio-41\/\">El tiempu (El Comercio)<\/a><span class=\"post-date\">10\/04\/2025<\/span><\/li>\n<li><a href=\"https:\/\/edublog.educastur.es\/ixuxu\/2025\/04\/les-noticies-del-miercoles-9-dabril-de-2025-nasturianu-tpanoticies\/\">Les noticies del mi\u00e9rcoles 9 d\u2019abril de 2025 n\u2019asturianu #TPANoticies<\/a><span class=\"post-date\">09\/04\/2025<\/span><\/li>\n<li><a href=\"https:\/\/edublog.educastur.es\/ixuxu\/2025\/04\/mapa-con-delles-de-les-principales-rutes-xacobees\/\">Mapa con delles de les principales Rutes Xacobees<\/a><span class=\"post-date\">09\/04\/2025<\/span><\/li>\n<li><a href=\"https:\/\/edublog.educastur.es\/ixuxu\/2025\/04\/la-mayor-esposicion-inmersiva-de-alicia-nel-pais-de-les-maravies-abre-en-madrid\/\">La mayor esposici\u00f3n inmersiva de \u2018Alicia nel pa\u00eds de les marav\u00edes\u2019 abre en Madrid<\/a><span class=\"post-date\">09\/04\/2025<\/span><\/li>\n<li><a href=\"https:\/\/edublog.educastur.es\/ixuxu\/2025\/04\/cancion-basada-en-dime-paxarin-parleru\/\">Canci\u00f3n basada en \u00abDime paxar\u00edn parleru\u00bb<\/a><span class=\"post-date\">09\/04\/2025<\/span><\/li>\n<li><a href=\"https:\/\/edublog.educastur.es\/ixuxu\/2025\/04\/como-funcionen-los-vinilos\/\">\u00bfC\u00f3mo funcionen los vinilos?<\/a><span class=\"post-date\">09\/04\/2025<\/span><\/li>\n<li><a href=\"https:\/\/edublog.educastur.es\/ixuxu\/2025\/04\/primer-estudiu-integral-sobro-la-flora-del-cantabricu\/\">Primer estudiu integral sobro la flora del Cant\u00e1bricu<\/a><span class=\"post-date\">09\/04\/2025<\/span><\/li>\n<li><a href=\"https:\/\/edublog.educastur.es\/ixuxu\/2025\/04\/llevemos-plasticu-a-los-rincones-mas-remotos-del-planeta\/\">Llevemos pl\u00e1sticu a los rincones m\u00e1s remotos del planeta<\/a><span class=\"post-date\">09\/04\/2025<\/span><\/li>\n<li><a href=\"https:\/\/edublog.educastur.es\/ixuxu\/2025\/04\/grupu-de-conversacion-nasturianu\/\">Grupu de conversaci\u00f3n n\u2019asturianu<\/a><span class=\"post-date\">09\/04\/2025<\/span><\/li>\n<li><a href=\"https:\/\/edublog.educastur.es\/ixuxu\/2025\/04\/nacaros-dente-10-y-14-meses-ya-tienen-capacidaes-mentales-pa-combinar-idees\/\">\u00d1\u00e1caros d\u2019ente 10 y 14 meses y\u00e1 tienen capacidaes mentales pa combinar idees<\/a><span class=\"post-date\">09\/04\/2025<\/span><\/li>\n<li><a href=\"https:\/\/edublog.educastur.es\/ixuxu\/2025\/04\/dia-mundial-de-la-salu-4\/\">D\u00eda Mundial de la Sal\u00fa<\/a><span class=\"post-date\">09\/04\/2025<\/span><\/li>\n<li><a href=\"https:\/\/edublog.educastur.es\/ixuxu\/2025\/04\/el-tiempu-el-comercio-40\/\">El tiempu (El Comercio)<\/a><span class=\"post-date\">09\/04\/2025<\/span><\/li>\n<li><a href=\"https:\/\/edublog.educastur.es\/ixuxu\/2025\/04\/les-noticies-del-martes-8-de-abril-de-2025-nasturianu-tpanoticies\/\">Les noticies del martes 8 de abril de 2025 n\u2019asturianu #TPANoticies<\/a><span class=\"post-date\">08\/04\/2025<\/span><\/li>\n<li><a href=\"https:\/\/edublog.educastur.es\/ixuxu\/2025\/04\/una-vaqueira-de-la-brana-de-busindree\/\">Una vaqueira de la Bra\u00f1a de Busindree<\/a><span class=\"post-date\">08\/04\/2025<\/span><\/li>\n<li><a href=\"https:\/\/edublog.educastur.es\/ixuxu\/2025\/04\/45639\/\">I Concursu de Videoclips para\u2019l Festival Mediu G\u00fceyu<\/a><span class=\"post-date\">08\/04\/2025<\/span><\/li>\n<li><a href=\"https:\/\/edublog.educastur.es\/ixuxu\/2025\/04\/llega-la-xxv-feria-del-salmon-en-corniana\/\">Llega la XXV Feria del Salm\u00f3n en Corniana<\/a><span class=\"post-date\">08\/04\/2025<\/span><\/li>\n<li><a href=\"https:\/\/edublog.educastur.es\/ixuxu\/2025\/04\/selmana-santa-nel-museu-demostracion-doficios-tradicionales\/\">Selmana Santa nel Mus\u00e9u: Demostraci\u00f3n d\u2019oficios tradicionales<\/a><span class=\"post-date\">08\/04\/2025<\/span><\/li>\n<li><a href=\"https:\/\/edublog.educastur.es\/ixuxu\/2025\/04\/discu-dixital-al-son-de-les-muyeres\/\">(sin t\u00edtulo)<\/a><span class=\"post-date\">08\/04\/2025<\/span><\/li>\n<li><a href=\"https:\/\/edublog.educastur.es\/ixuxu\/2025\/04\/ma-jose-hevia-reflexona-al-rodiu-la-figura-del-tambor\/\">M\u00aa Jos\u00e9 Hevia reflexona al rodiu la figura del tambor<\/a><span class=\"post-date\">08\/04\/2025<\/span><\/li>\n<li><a href=\"https:\/\/edublog.educastur.es\/ixuxu\/2025\/04\/esti-domingu-empieza-la-selmana-santa-daviles\/\">Esti domingu empieza la Selmana Santa d\u2019Avil\u00e9s<\/a><span class=\"post-date\">08\/04\/2025<\/span><\/li>\n<li><a href=\"https:\/\/edublog.educastur.es\/ixuxu\/2025\/04\/con-mino-el-galacticu\/\">\u00a1Con Mino el gal\u00e1cticu!<\/a><span class=\"post-date\">08\/04\/2025<\/span><\/li>\n<li><a href=\"https:\/\/edublog.educastur.es\/ixuxu\/2025\/04\/xoyeria-tradicional-asturiana\/\">\u2018Xoyer\u00eda Tradicional Asturiana\u2019<\/a><span class=\"post-date\">08\/04\/2025<\/span><\/li>\n<li><a href=\"https:\/\/edublog.educastur.es\/ixuxu\/2025\/04\/si-l-lena-fuera-lescenariu-duna-serie-de-dibuxos-animaos\/\">Si L.lena fuera l\u2019escenariu d\u2019una serie de dibuxos animaos<\/a><span class=\"post-date\">08\/04\/2025<\/span><\/li>\n<li><a href=\"https:\/\/edublog.educastur.es\/ixuxu\/2025\/04\/45553\/\">(sin t\u00edtulo)<\/a><span class=\"post-date\">08\/04\/2025<\/span><\/li>\n<li><a href=\"https:\/\/edublog.educastur.es\/ixuxu\/2025\/04\/paez-un-milagru-bioloxicu\/\">Paez un milagru biol\u00f3xicu<\/a><span class=\"post-date\">08\/04\/2025<\/span><\/li>\n<li><a href=\"https:\/\/edublog.educastur.es\/ixuxu\/2025\/04\/abeya-o-mosca\/\">\u00bfAbeya o mosca?<\/a><span class=\"post-date\">08\/04\/2025<\/span><\/li>\n<li><a href=\"https:\/\/edublog.educastur.es\/ixuxu\/2025\/04\/interpretamos-un-anunciu\/\">Interpretamos un anunciu<\/a><span class=\"post-date\">08\/04\/2025<\/span><\/li>\n<li><a href=\"https:\/\/edublog.educastur.es\/ixuxu\/2025\/04\/el-tiempo-el-comercio-15\/\">El tiempo (El Comercio)<\/a><span class=\"post-date\">08\/04\/2025<\/span><\/li>\n<li><a href=\"https:\/\/edublog.educastur.es\/ixuxu\/2025\/04\/les-noticies-del-llunes-7-de-abril-de-2025-nasturianu-tpanoticies\/\">Les noticies del llunes 7 de abril de 2025 n\u2019asturianu #TPANoticies<\/a><span class=\"post-date\">07\/04\/2025<\/span><\/li>\n<li><a href=\"https:\/\/edublog.educastur.es\/ixuxu\/2025\/04\/asturies-un-paraisu-inolvidable-pa-la-reciella\/\">Asturies, un para\u00edsu inolvidable pa la reciella<\/a><span class=\"post-date\">07\/04\/2025<\/span><\/li>\n<li><a href=\"https:\/\/edublog.educastur.es\/ixuxu\/2025\/04\/45456\/\">(sin t\u00edtulo)<\/a><span class=\"post-date\">07\/04\/2025<\/span><\/li>\n<li><a href=\"https:\/\/edublog.educastur.es\/ixuxu\/2025\/04\/florecer-en-primavera-y-siempre\/\">Florecer en primavera y siempre\u2026<\/a><span class=\"post-date\">07\/04\/2025<\/span><\/li>\n<li><a href=\"https:\/\/edublog.educastur.es\/ixuxu\/2025\/04\/leonaviego\/\">L\u2019eonaviego<\/a><span class=\"post-date\">07\/04\/2025<\/span><\/li>\n<li><a href=\"https:\/\/edublog.educastur.es\/ixuxu\/2025\/04\/recordamos-esta-fantastica-campana\/\">Recordamos esta fant\u00e1stica campa\u00f1a sobro\u2019l sidre<\/a><span class=\"post-date\">07\/04\/2025<\/span><\/li>\n<li><a href=\"https:\/\/edublog.educastur.es\/ixuxu\/2025\/04\/tres-anos-de-la-campana-https-politicallinguistica-asturias-es-a-campa-c3-b1a-c2-aba-sidra-como-sempre-se-dixo-c2-bb-ten-un-folleto-propio-pral-estremo-occidentalredir\/\">Tres a\u00f1os de la campa\u00f1a \u00abLa sidra como sempre se dixo\u00bb (eonaviego)<\/a><span class=\"post-date\">07\/04\/2025<\/span><\/li>\n<li><a href=\"https:\/\/edublog.educastur.es\/ixuxu\/2025\/04\/nueva-campana-para-incentivar-la-matriculacion-en-llingua-asturiana-y-eonaviego\/\">Nueva campa\u00f1a para incentivar la matriculaci\u00f3n en llingua asturiana y eonaviego<\/a><span class=\"post-date\">07\/04\/2025<\/span><\/li>\n<li><a href=\"https:\/\/edublog.educastur.es\/ixuxu\/2025\/04\/xareu-espacial-cuentu-de-trazu-sueltu\/\">Cuentu de trazu sueltu: \u00abXare\u0301u espacial\u00bb<\/a><span class=\"post-date\">07\/04\/2025<\/span><\/li>\n<li><a href=\"https:\/\/edublog.educastur.es\/ixuxu\/2025\/04\/el-gobiernu-dasturies-alza-la-voz-pola-igualda-nel-deporte\/\">El Gobiernu d\u2019Asturies alza la voz pola iguald\u00e1 nel deporte<\/a><span class=\"post-date\">07\/04\/2025<\/span><\/li>\n<li><a href=\"https:\/\/edublog.educastur.es\/ixuxu\/2025\/04\/el-principau-autoriza-la-creacion-del-ies-margarita-sales-en-la-corredoria\/\">El Princip\u00e1u autoriza la creaci\u00f3n del IES Margarita Sales en La Corredoria<\/a><span class=\"post-date\">07\/04\/2025<\/span><\/li>\n<li><a href=\"https:\/\/edublog.educastur.es\/ixuxu\/2025\/04\/45508\/\">(sin t\u00edtulo)<\/a><span class=\"post-date\">07\/04\/2025<\/span><\/li>\n<li><a href=\"https:\/\/edublog.educastur.es\/ixuxu\/2025\/04\/convertir-les-tos-semeyes-en-dibuxos-animaos-pue-ser-peligrosu\/\">Convertir les tos semeyes en dibuxos animaos pue ser peligrosu<\/a><span class=\"post-date\">07\/04\/2025<\/span><\/li>\n<li><a href=\"https:\/\/edublog.educastur.es\/ixuxu\/2025\/04\/interpretamos-un-cartelu-9\/\">Interpretamos un cartelu<\/a><span class=\"post-date\">07\/04\/2025<\/span><\/li>\n<li><a href=\"https:\/\/edublog.educastur.es\/ixuxu\/2025\/04\/45491\/\">La manera en que les persones interact\u00faen cola naturaleza<\/a><span class=\"post-date\">07\/04\/2025<\/span><\/li>\n<li><a href=\"https:\/\/edublog.educastur.es\/ixuxu\/2025\/04\/corleo-primer-robot-pa-ser-montau-por-humanos-corleo\/\">Corleo, primer robot pa ser mont\u00e1u por humanos: Corleo.\u00a0<\/a><span class=\"post-date\">07\/04\/2025<\/span><\/li>\n<li><a href=\"https:\/\/edublog.educastur.es\/ixuxu\/2025\/04\/vecin-molestu\/\">\u00abVec\u00edn molestu\u00bb<\/a><span class=\"post-date\">07\/04\/2025<\/span><\/li>\n<li><a href=\"https:\/\/edublog.educastur.es\/ixuxu\/2025\/04\/son-guardines-del-patrimoniu-industrial-y-cultural-de-lieres\/\">Son guardines del patrimoniu industrial y cultural de Lieres.<\/a><span class=\"post-date\">07\/04\/2025<\/span><\/li>\n<li><a href=\"https:\/\/edublog.educastur.es\/ixuxu\/2025\/04\/l-dia-mundial-de-la-salu\/\">D\u00eda Mundial de la Sal\u00fa y 77 aniversariu de la OMS<\/a><span class=\"post-date\">07\/04\/2025<\/span><\/li>\n<li><a href=\"https:\/\/edublog.educastur.es\/ixuxu\/2025\/04\/el-tiempu-el-comercio-39\/\">El tiempu (El Comercio)<\/a><span class=\"post-date\">07\/04\/2025<\/span><\/li>\n<li><a href=\"https:\/\/edublog.educastur.es\/ixuxu\/2025\/04\/les-noticies-del-domingu-6-dabril-de-2025-nasturianu-tpanoticies\/\">Les noticies del domingu 6 d\u2019abril de 2025 n\u2019asturianu #TPANoticies<\/a><span class=\"post-date\">06\/04\/2025<\/span><\/li>\n<li><a href=\"https:\/\/edublog.educastur.es\/ixuxu\/2025\/04\/45372\/\">(sin t\u00edtulo)<\/a><span class=\"post-date\">06\/04\/2025<\/span><\/li>\n<li><a href=\"https:\/\/edublog.educastur.es\/ixuxu\/2025\/04\/lasociacion-descritores-dasturies-homenaxea-al-poeta-uviein-angel-gonzalez\/\">Homenaxe al poeta uvie\u00edn \u00c1ngel Gonz\u00e1lez de l\u2019Asociaci\u00f3n d\u2019Escritores d\u2019Asturies<\/a><span class=\"post-date\">06\/04\/2025<\/span><\/li>\n<li><a href=\"https:\/\/edublog.educastur.es\/ixuxu\/2025\/04\/feria-desposicion-y-vienta-nes-xxxi-xornaes-de-les-fabes-en-villaviciosa\/\">Feria d\u2019Esposici\u00f3n y Vienta nes XXXI Xorn\u00e1es de les fabes en Villaviciosa<\/a><span class=\"post-date\">06\/04\/2025<\/span><\/li>\n<li><a href=\"https:\/\/edublog.educastur.es\/ixuxu\/2025\/04\/el-camin-encantau-llanes-seres-mitoloxicos-ente-aldegues-y-montes-nel-valle-dardisana\/\">El Cam\u00edn Encantau: seres mitol\u00f3xicos ente aldegues y montes nel Valle d\u2019Ardisana<\/a><span class=\"post-date\">06\/04\/2025<\/span><\/li>\n<li><a href=\"https:\/\/edublog.educastur.es\/ixuxu\/2025\/04\/dia-internacional-del-deporte-pal-desarrollu-y-la-paz\/\">D\u00eda Internacional del Deporte pal Desarrollu y la Paz<\/a><span class=\"post-date\">06\/04\/2025<\/span><\/li>\n<li><a href=\"https:\/\/edublog.educastur.es\/ixuxu\/2025\/04\/el-tiempu-el-comercio-38\/\">El tiempu (El Comercio)<\/a><span class=\"post-date\">06\/04\/2025<\/span><\/li>\n<li><a href=\"https:\/\/edublog.educastur.es\/ixuxu\/2025\/04\/45401\/\">(sin t\u00edtulo)<\/a><span class=\"post-date\">05\/04\/2025<\/span><\/li>\n<li><a href=\"https:\/\/edublog.educastur.es\/ixuxu\/2025\/04\/homenaxe-a-los-mineros-fallecios-en-zarreu-nel-molinon\/\">Homenaxe a los mineros fallecios en Zarr\u00e9u n\u2019El Molin\u00f3n<\/a><span class=\"post-date\">05\/04\/2025<\/span><\/li>\n<li><a href=\"https:\/\/edublog.educastur.es\/ixuxu\/2025\/04\/llar\/\">\u201cLlar\u201d<\/a><span class=\"post-date\">05\/04\/2025<\/span><\/li>\n<li><a href=\"https:\/\/edublog.educastur.es\/ixuxu\/2025\/04\/el-calendariu-desti-anu-ye-comol-de-1969\/\">Preparando\u2019l D\u00eda del Llibru nel colexu<\/a><span class=\"post-date\">05\/04\/2025<\/span><\/li>\n<li><a href=\"https:\/\/edublog.educastur.es\/ixuxu\/2025\/04\/45354\/\">(sin t\u00edtulo)<\/a><span class=\"post-date\">05\/04\/2025<\/span><\/li>\n<li><a href=\"https:\/\/edublog.educastur.es\/ixuxu\/2025\/04\/ultimos-tramites-para-inaugurar-en-septiembrel-institutu-margarita-salas\/\">\u00daltimos tr\u00e1mites para inaugurar en septiembre\u2019l Institutu Margarita Salas<\/a><span class=\"post-date\">05\/04\/2025<\/span><\/li>\n<li><a href=\"https:\/\/edublog.educastur.es\/ixuxu\/2025\/04\/el-principau-defende-nel-parllamentu-la-oficialida-del-asturianu-y-leonaviegu\/\">El Princip\u00e1u defende nel Parllamentu la oficialid\u00e1 del asturianu y l\u2019eonaviegu<\/a><span class=\"post-date\">05\/04\/2025<\/span><\/li>\n<li><a href=\"https:\/\/edublog.educastur.es\/ixuxu\/2025\/04\/la-escritora-valdesana-maria-esther-garcia-lopez-va-cerrar-lelencu-dinvitaos-nel-salon-del-manga-dasturies\/\">La escritora valdesana Mar\u00eda Esther Garc\u00eda L\u00f3pez va cerrar l\u2019elencu d\u2019invitaos nel Sal\u00f3n del Manga d\u2019Asturies<\/a><span class=\"post-date\">05\/04\/2025<\/span><\/li>\n<li><a href=\"https:\/\/edublog.educastur.es\/ixuxu\/2025\/04\/v-seminariu-sobre-la-oficilida\/\">V Seminariu sobre la Oficialid\u00e1<\/a><span class=\"post-date\">05\/04\/2025<\/span><\/li>\n<li><a href=\"https:\/\/edublog.educastur.es\/ixuxu\/2025\/04\/larbol-de-la-vida-o-arbol-universal-de-la-vida\/\">L\u2019\u00e1rbol de la vida o \u00e1rbol universal de la vida.<\/a><span class=\"post-date\">05\/04\/2025<\/span><\/li>\n<li><a href=\"https:\/\/edublog.educastur.es\/ixuxu\/2025\/04\/45387\/\">Calendariu de los principales eventos astron\u00f3micos que tienen llugar n\u2019abril<\/a><span class=\"post-date\">05\/04\/2025<\/span><\/li>\n<li><a href=\"https:\/\/edublog.educastur.es\/ixuxu\/2025\/04\/dia-internacional-de-la-conciencia\/\">D\u00eda Internacional de la Conciencia<\/a><span class=\"post-date\">05\/04\/2025<\/span><\/li>\n<li><a href=\"https:\/\/edublog.educastur.es\/ixuxu\/2025\/04\/el-tiempu-el-comercio-32\/\">El tiempu (El Comercio)<\/a><span class=\"post-date\">05\/04\/2025<\/span><\/li>\n<li><a href=\"https:\/\/edublog.educastur.es\/ixuxu\/2025\/04\/les-noticies-del-vienres-4-de-abril-de-2025-nasturianu-tpanoticies\/\">Les noticies del vienres 4 de abril de 2025 n\u2019asturianu #TPANoticies<\/a><span class=\"post-date\">04\/04\/2025<\/span><\/li>\n<li><a href=\"https:\/\/edublog.educastur.es\/ixuxu\/2025\/04\/45367\/\">(sin t\u00edtulo)<\/a><span class=\"post-date\">04\/04\/2025<\/span><\/li>\n<li><a href=\"https:\/\/edublog.educastur.es\/ixuxu\/2025\/04\/labelugu-del-urriellu-abre-les-sos-puestes\/\">L\u2019Abelugu del Urriellu abre les sos puestes<\/a><span class=\"post-date\">04\/04\/2025<\/span><\/li>\n<li><a href=\"https:\/\/edublog.educastur.es\/ixuxu\/2025\/04\/llibru-el-dengue-nasturies\/\">Llibru \u00abEl dengue n\u2019Asturies\u00bb<\/a><span class=\"post-date\">04\/04\/2025<\/span><\/li>\n<li><a href=\"https:\/\/edublog.educastur.es\/ixuxu\/2025\/04\/cita-nel-museu-del-pueblu-dasturies-col-traxe-asturianu\/\">Cita nel Mus\u00e9u del Pueblu d\u2019Asturies col traxe asturianu<\/a><span class=\"post-date\">04\/04\/2025<\/span><\/li>\n<li><a href=\"https:\/\/edublog.educastur.es\/ixuxu\/2025\/04\/un-festival-de-naturaleza-para-viaxar-de-forma-distinta-y-respetuosa\/\">Celebrando\u2019l slow-tourism n\u2019Asturies: Un festival de naturaleza para viaxar de forma respetuosa<\/a><span class=\"post-date\">04\/04\/2025<\/span><\/li>\n<li><a href=\"https:\/\/edublog.educastur.es\/ixuxu\/2025\/04\/asturies-el-primer-camin-y-lorixe-de-los-demas\/\">Asturies: el primer Cam\u00edn y l\u2019orixe de los dem\u00e1s<\/a><span class=\"post-date\">04\/04\/2025<\/span><\/li>\n<li><a href=\"https:\/\/edublog.educastur.es\/ixuxu\/2025\/04\/francia-y-alemana-crearon-un-notion-europeu-un-software-colaborativu-y-de-codigu-abiertu\/\">Francia y Alema\u00f1a crearon un \u00abNotion europ\u00e9u\u00bb, un software colaborativu y de c\u00f3digu abiertu<\/a><span class=\"post-date\">04\/04\/2025<\/span><\/li>\n<li><a href=\"https:\/\/edublog.educastur.es\/ixuxu\/2025\/04\/el-tiempu-el-comercio-37\/\">El tiempu (El Comercio)<\/a><span class=\"post-date\">04\/04\/2025<\/span><\/li>\n<li><a href=\"https:\/\/edublog.educastur.es\/ixuxu\/2025\/04\/asturies-meeting-land-pasa-asturies-ye-tierra-dalcuentru-y-de-congresos\/\">Asturies Meeting Land: Pasa, Asturies ye tierra d\u2019alcuentru y de congresos<\/a><span class=\"post-date\">03\/04\/2025<\/span><\/li>\n<li><a href=\"https:\/\/edublog.educastur.es\/ixuxu\/2025\/04\/45293\/\">M\u00fasica en solidarid\u00e1 con Palestina<\/a><span class=\"post-date\">03\/04\/2025<\/span><\/li>\n<li><a href=\"https:\/\/edublog.educastur.es\/ixuxu\/2025\/04\/interpretamos-graficos-de-trabayu-y-paru-nasturies\/\">Interpretamos gr\u00e1ficos sobro empleu: trabayu y paru n\u2019Asturies<\/a><span class=\"post-date\">03\/04\/2025<\/span><\/li>\n<li><a href=\"https:\/\/edublog.educastur.es\/ixuxu\/2025\/04\/lindiz-de-riesgu-de-quemes-forestales-ye-bien-alto-en-toa-asturies\/\">L\u2019\u00edndiz de riesgu de quemes forestales ye bien alto en toa Asturies<\/a><span class=\"post-date\">03\/04\/2025<\/span><\/li>\n<li><a href=\"https:\/\/edublog.educastur.es\/ixuxu\/2025\/04\/45283\/\">Campa\u00f1es n\u2019asturianu: impuestos d\u2019Asturies<\/a><span class=\"post-date\">03\/04\/2025<\/span><\/li>\n<li><a href=\"https:\/\/edublog.educastur.es\/ixuxu\/2025\/04\/45317\/\">(sin t\u00edtulo)<\/a><span class=\"post-date\">03\/04\/2025<\/span><\/li>\n<li><a href=\"https:\/\/edublog.educastur.es\/ixuxu\/2025\/04\/como-ye-un-teito\/\">\u00bfC\u00f3mo ye un teito?<\/a><span class=\"post-date\">03\/04\/2025<\/span><\/li>\n<li><a href=\"https:\/\/edublog.educastur.es\/ixuxu\/2025\/04\/escuela-de-pueblos-en-linfiestu\/\">\u00abEscuela de pueblos\u00bb en L\u2019Infiestu<\/a><span class=\"post-date\">03\/04\/2025<\/span><\/li>\n<li><a href=\"https:\/\/edublog.educastur.es\/ixuxu\/2025\/04\/salvando-animales-del-xelu\/\">Salvando animales del xelu<\/a><span class=\"post-date\">03\/04\/2025<\/span><\/li>\n<li><a href=\"https:\/\/edublog.educastur.es\/ixuxu\/2025\/04\/los-osos-polares-del-articu-enfrenten-una-crisis-ensin-precedentes\/\">Los osos polares del \u00c1rticu enfrenten una crisis ensin precedentes<\/a><span class=\"post-date\">03\/04\/2025<\/span><\/li>\n<li><a href=\"https:\/\/edublog.educastur.es\/ixuxu\/2025\/04\/el-challenger-deep-el-puntu-mas-fondu-de-la-tierra\/\">El Challenger Deep, el puntu m\u00e1s fondu de la Tierra<\/a><span class=\"post-date\">03\/04\/2025<\/span><\/li>\n<li><a href=\"https:\/\/edublog.educastur.es\/ixuxu\/2025\/04\/lunica-manta-raya-rosa-del-mundu-una-maravia-bioloxica-ensin-precedentes\/\">L\u2019\u00fanica manta raya rosa del mundu, una marav\u00eda biol\u00f3xica ensin precedentes<\/a><span class=\"post-date\">03\/04\/2025<\/span><\/li>\n<li><a href=\"https:\/\/edublog.educastur.es\/ixuxu\/2025\/04\/celebramos-el-cumpleanos-de-jane-goodall\/\">Celebramos el cumplea\u00f1os de Jane Goodall, defensora incansable de la naturaleza<\/a><span class=\"post-date\">03\/04\/2025<\/span><\/li>\n<li><a href=\"https:\/\/edublog.educastur.es\/ixuxu\/2025\/04\/45101\/\">(sin t\u00edtulo)<\/a><span class=\"post-date\">03\/04\/2025<\/span><\/li>\n<li><a href=\"https:\/\/edublog.educastur.es\/ixuxu\/2025\/04\/45251\/\">Refranes asturianos 11<\/a><span class=\"post-date\">03\/04\/2025<\/span><\/li>\n<li><a href=\"https:\/\/edublog.educastur.es\/ixuxu\/2025\/04\/dia-mundial-del-arcuiris-2\/\">D\u00eda Mundial del arcuiris<\/a><span class=\"post-date\">03\/04\/2025<\/span><\/li>\n<li><a href=\"https:\/\/edublog.educastur.es\/ixuxu\/2025\/04\/si-me-dices-ven-dexolo-too-asturies\/\">\u00abSi me dices ven, d\u00e9xolo too\u00bb Asturies\u2026<\/a><span class=\"post-date\">02\/04\/2025<\/span><\/li>\n<li><a href=\"https:\/\/edublog.educastur.es\/ixuxu\/2025\/04\/poema-deva-gonzalez-lus-mineiros\/\">Poema d\u2019Eva Gonz\u00e1lez: \u00abLus Mineiros\u00bb<\/a><span class=\"post-date\">02\/04\/2025<\/span><\/li>\n<li><a href=\"https:\/\/edublog.educastur.es\/ixuxu\/2025\/04\/xi-concursu-escolar-guevos-pintos-en-parque-principau-vota-pol-to-favoritu\/\">XI concursu escolar G\u00fcevos Pintos en Parque Princip\u00e1u \u00a1Vota pol to favoritu!\u00a0<\/a><span class=\"post-date\">02\/04\/2025<\/span><\/li>\n<li><a href=\"https:\/\/edublog.educastur.es\/ixuxu\/2025\/04\/dona-sangre-a-quienes-teneis-compatibilida-sanguinea\/\">Dona sangre a persones col mesmu grupu sangu\u00edneu<\/a><span class=\"post-date\">02\/04\/2025<\/span><\/li>\n<li><a href=\"https:\/\/edublog.educastur.es\/ixuxu\/2025\/04\/velea-de-vero-rubio\/\">\u00abVelea\u00bb de Vero Rubio<\/a><span class=\"post-date\">02\/04\/2025<\/span><\/li>\n<li><a href=\"https:\/\/edublog.educastur.es\/ixuxu\/2025\/04\/45217\/\">(sin t\u00edtulo)<\/a><span class=\"post-date\">02\/04\/2025<\/span><\/li>\n<li><a href=\"https:\/\/edublog.educastur.es\/ixuxu\/2025\/04\/45220\/\">La Intelixencia Artificial y el peligru de xubir les nueses imaxes a Internet.<\/a><span class=\"post-date\">02\/04\/2025<\/span><\/li>\n<li><a href=\"https:\/\/edublog.educastur.es\/ixuxu\/2025\/04\/45201\/\">(sin t\u00edtulo)<\/a><span class=\"post-date\">02\/04\/2025<\/span><\/li>\n<li><a href=\"https:\/\/edublog.educastur.es\/ixuxu\/2025\/04\/demasiau-bones-pero-demasiau-moces\/\">Demasi\u00e1u bones, pero demasi\u00e1u moces.<\/a><span class=\"post-date\">02\/04\/2025<\/span><\/li>\n<li><a href=\"https:\/\/edublog.educastur.es\/ixuxu\/2025\/04\/v\/\">D\u00eda Mundial de Concienciaci\u00f3n sobro l\u2019autismu<\/a><span class=\"post-date\">02\/04\/2025<\/span><\/li>\n<li><a href=\"https:\/\/edublog.educastur.es\/ixuxu\/2025\/04\/abril-va-llegar-cargau-dincreibles-espectaculos-celestes\/\">Abril va llegar carg\u00e1u d\u2019incre\u00edbles espect\u00e1culos celestes<\/a><span class=\"post-date\">02\/04\/2025<\/span><\/li>\n<li><a href=\"https:\/\/edublog.educastur.es\/ixuxu\/2025\/04\/capiellina-verde-de-bruno-munari\/\">\u201cCapiellina verde\u201d, de Bruno Munari.<\/a><span class=\"post-date\">02\/04\/2025<\/span><\/li>\n<li><a href=\"https:\/\/edublog.educastur.es\/ixuxu\/2025\/04\/el-2-dabril-celebral-dia-internacional-del-llibru-infantil\/\">D\u00eda Internacional del Llibru Infantil y Xuvenil<\/a><span class=\"post-date\">02\/04\/2025<\/span><\/li>\n<li><a href=\"https:\/\/edublog.educastur.es\/ixuxu\/2025\/04\/45215\/\">(sin t\u00edtulo)<\/a><span class=\"post-date\">02\/04\/2025<\/span><\/li>\n<li><a href=\"https:\/\/edublog.educastur.es\/ixuxu\/2025\/04\/el-tiempu-el-comercio-36\/\">El tiempu (El Comercio)<\/a><span class=\"post-date\">02\/04\/2025<\/span><\/li>\n<li><a href=\"https:\/\/edublog.educastur.es\/ixuxu\/2025\/04\/salu-convida-a-realizar-una-revision-bucodental-para-prevenir-la-caries-y-otres-enfermedaes\/\">Sal\u00fa convida a realizar una revisi\u00f3n bucodental para prevenir la caries y otres enfermedaes<\/a><span class=\"post-date\">01\/04\/2025<\/span><\/li>\n<li><a href=\"https:\/\/edublog.educastur.es\/ixuxu\/2025\/04\/45142\/\">La mayor inversi\u00f3n realizada hasta agora nun colexu p\u00fablicu, n\u2019Uvi\u00e9u<\/a><span class=\"post-date\">01\/04\/2025<\/span><\/li>\n<li><a href=\"https:\/\/edublog.educastur.es\/ixuxu\/2025\/04\/una-inusual-acumuladura-dosos-bloquio-les-entraes-del-parque-nacional-de-yellowstone\/\">Una inusual acumuladura d\u2019osos bloqui\u00f3 les entraes del Parque Nacional de Yellowstone<\/a><span class=\"post-date\">01\/04\/2025<\/span><\/li>\n<li><a href=\"https:\/\/edublog.educastur.es\/ixuxu\/2025\/04\/hayao-miyazaki-refuga-de-les-animaciones-creaes-cola-intelixencia-artificial\/\">Hayao Miyazaki refuga de les animaciones creaes cola Intelixencia Artificial<\/a><span class=\"post-date\">01\/04\/2025<\/span><\/li>\n<li><a href=\"https:\/\/edublog.educastur.es\/ixuxu\/2025\/04\/les-noticies-del-martes-1-dabril-de-2025-nasturianu\/\">Les noticies del martes 1 d\u2019abril de 2025 n\u2019asturianu<\/a><span class=\"post-date\">01\/04\/2025<\/span><\/li>\n<li><a href=\"https:\/\/edublog.educastur.es\/ixuxu\/2025\/04\/estes-son-los-tres-mines-quasturies-caltien-actives\/\">Estes son los tr\u00e9s mines qu\u2019Asturies caltien actives<\/a><span class=\"post-date\">01\/04\/2025<\/span><\/li>\n<li><a href=\"https:\/\/edublog.educastur.es\/ixuxu\/2025\/04\/asturies-promociona-la-so-naturaleza-minera-na-principal-feria-de-turismu-industrial-del-pais\/\">Asturies promociona la so Naturaleza Minera\u2019 na principal feria de turismu industrial del pa\u00eds<\/a><span class=\"post-date\">01\/04\/2025<\/span><\/li>\n<li><a href=\"https:\/\/edublog.educastur.es\/ixuxu\/2025\/04\/45158\/\">(sin t\u00edtulo)<\/a><span class=\"post-date\">01\/04\/2025<\/span><\/li>\n<li><a href=\"https:\/\/edublog.educastur.es\/ixuxu\/2025\/04\/llaboratoriu-la-lluz-enantes-de-les-led\/\">Llaboratoriu: \u00abLa lluz enantes de les LED\u00bb<\/a><span class=\"post-date\">01\/04\/2025<\/span><\/li>\n<li><a href=\"https:\/\/edublog.educastur.es\/ixuxu\/2025\/04\/44611\/\">(sin t\u00edtulo)<\/a><span class=\"post-date\">01\/04\/2025<\/span><\/li>\n<li><a href=\"https:\/\/edublog.educastur.es\/ixuxu\/2025\/04\/delegacion-asturiana-na-prosima-edicion-del-festivalinterceltiquelorient\/\">Delegaci\u00f3n Asturiana na pr\u00f3sima edici\u00f3n del @festivalinterceltiquelorient<\/a><span class=\"post-date\">01\/04\/2025<\/span><\/li>\n<li><a href=\"https:\/\/edublog.educastur.es\/ixuxu\/2025\/04\/la-macroesposicion-fotografica-del-palaciu-de-revillaxixeu-maravia-a-los-visitantes\/\">La macroesposici\u00f3n fotogr\u00e1fica del Palaciu de Revillaxix\u00e9u marav\u00eda a los visitantes<\/a><span class=\"post-date\">01\/04\/2025<\/span><\/li>\n<li><a href=\"https:\/\/edublog.educastur.es\/ixuxu\/2025\/04\/45121\/\">MUJA\u00a0 \u00a1Una aventura prehist\u00f3rica con vistes al mar!<\/a><span class=\"post-date\">01\/04\/2025<\/span><\/li>\n<li><a href=\"https:\/\/edublog.educastur.es\/ixuxu\/2025\/04\/maraviyosu-momentu-pal-patinaxe-sobre-xelu-espanol\/\">Maraviyosu momentu na final del campeonatu de mundu patinaxe art\u00edsticu sobro xelu<\/a><span class=\"post-date\">01\/04\/2025<\/span><\/li>\n<li><a href=\"https:\/\/edublog.educastur.es\/ixuxu\/2025\/04\/dia-mundial-de-les-camperes-o-pastos-marinos\/\">D\u00eda Mundial de les Camperes o pastos Marinos<\/a><span class=\"post-date\">01\/04\/2025<\/span><\/li>\n<li><a href=\"https:\/\/edublog.educastur.es\/ixuxu\/2025\/04\/principales-fases-lunares-del-mes-dabril\/\">Principales fases lunares del mes d\u2019abril<\/a><span class=\"post-date\">01\/04\/2025<\/span><\/li>\n<li><a href=\"https:\/\/edublog.educastur.es\/ixuxu\/2025\/04\/espana-preparase-para-la-llegada-de-nuria-la-primer-umbada-del-mes-dabril\/\">Espa\u00f1a prep\u00e1rase para la llegada de Nuria, la primer umbada del mes d\u2019abril.<\/a><span class=\"post-date\">01\/04\/2025<\/span><\/li>\n<li><a href=\"https:\/\/edublog.educastur.es\/ixuxu\/2025\/04\/63408\/\">(sin t\u00edtulo)<\/a><span class=\"post-date\">01\/04\/2025<\/span><\/li>\n<li><a href=\"https:\/\/edublog.educastur.es\/ixuxu\/2025\/04\/el-tiempu-el-comercio-35\/\">El tiempu (El Comercio)<\/a><span class=\"post-date\">01\/04\/2025<\/span><\/li>\n<\/ul>\n","protected":false},"excerpt":{"rendered":"<p>Ang\u00e9lica, de tr\u00e9s a\u00f1inos, canta \u00abLet it be\u00bb (The Beatles)30\/04\/2025 Les noticies del mi\u00e9rcoles 30 d\u2019abril de 2025 n\u2019asturianu #TPANoticies30\/04\/2025 Les vespes empiecen a tomar Xix\u00f3n: Vespa World Days30\/04\/2025 Una ponte del Primeru de Mayu apin\u00e1u de planes para esfrutar n\u2019Asturies30\/04\/2025 Marina Pangua: novela \u00abPel norte n\u2019el cantu Llunada\u00bb30\/04\/2025 (sin t\u00edtulo)30\/04\/2025 M\u00e1s pallabres n\u2019asturianu: sable, [&hellip;]<\/p>\n","protected":false},"author":117,"featured_media":0,"parent":38590,"menu_order":0,"comment_status":"closed","ping_status":"closed","template":"","meta":{"footnotes":""},"class_list":["post-64919","page","type-page","status-publish","hentry"],"_links":{"self":[{"href":"https:\/\/edublog.educastur.es\/ixuxu\/wp-json\/wp\/v2\/pages\/64919","targetHints":{"allow":["GET"]}}],"collection":[{"href":"https:\/\/edublog.educastur.es\/ixuxu\/wp-json\/wp\/v2\/pages"}],"about":[{"href":"https:\/\/edublog.educastur.es\/ixuxu\/wp-json\/wp\/v2\/types\/page"}],"author":[{"embeddable":true,"href":"https:\/\/edublog.educastur.es\/ixuxu\/wp-json\/wp\/v2\/users\/117"}],"replies":[{"embeddable":true,"href":"https:\/\/edublog.educastur.es\/ixuxu\/wp-json\/wp\/v2\/comments?post=64919"}],"version-history":[{"count":1,"href":"https:\/\/edublog.educastur.es\/ixuxu\/wp-json\/wp\/v2\/pages\/64919\/revisions"}],"predecessor-version":[{"id":64920,"href":"https:\/\/edublog.educastur.es\/ixuxu\/wp-json\/wp\/v2\/pages\/64919\/revisions\/64920"}],"up":[{"embeddable":true,"href":"https:\/\/edublog.educastur.es\/ixuxu\/wp-json\/wp\/v2\/pages\/38590"}],"wp:attachment":[{"href":"https:\/\/edublog.educastur.es\/ixuxu\/wp-json\/wp\/v2\/media?parent=64919"}],"curies":[{"name":"wp","href":"https:\/\/api.w.org\/{rel}","templated":true}]}}