{"id":64921,"date":"2026-01-02T21:23:14","date_gmt":"2026-01-02T19:23:14","guid":{"rendered":"https:\/\/edublog.educastur.es\/ixuxu\/?page_id=64921"},"modified":"2026-01-02T21:23:14","modified_gmt":"2026-01-02T19:23:14","slug":"03_marzu","status":"publish","type":"page","link":"https:\/\/edublog.educastur.es\/ixuxu\/archivu-blogue\/articulos\/2025-2\/03_marzu\/","title":{"rendered":"03_Marzu"},"content":{"rendered":"<ul>\n<li><a href=\"https:\/\/edublog.educastur.es\/ixuxu\/2025\/03\/45086\/\">Les noticies del llunes 31 de marzu de 2024 n\u2019asturianu #TPANoticies<\/a><span class=\"post-date\">31\/03\/2025<\/span><\/li>\n<li><a href=\"https:\/\/edublog.educastur.es\/ixuxu\/2025\/03\/45065\/\">La vista ye\u2019l sent\u00edu que dexa captar y procesar la lluz para formar imaxes<\/a><span class=\"post-date\">31\/03\/2025<\/span><\/li>\n<li><a href=\"https:\/\/edublog.educastur.es\/ixuxu\/2025\/03\/a-ver-que-vos-paez-esta-selmana-esta-hestoria-sobre-bertu-y-un-cuelebre\/\">Hestoria sobre Bertu\u2026 \u00a1y un cu\u00e9lebre!<\/a><span class=\"post-date\">31\/03\/2025<\/span><\/li>\n<li><a href=\"https:\/\/edublog.educastur.es\/ixuxu\/2025\/03\/45058\/\">(sin t\u00edtulo)<\/a><span class=\"post-date\">31\/03\/2025<\/span><\/li>\n<li><a href=\"https:\/\/edublog.educastur.es\/ixuxu\/2025\/03\/esboligar\/\">\u201cEsboligar\u201d<\/a><span class=\"post-date\">31\/03\/2025<\/span><\/li>\n<li><a href=\"https:\/\/edublog.educastur.es\/ixuxu\/2025\/03\/los-cromos-garren-protagonismu-cada-domingu-nel-fontan\/\">Los cromos garren protagonismu cada domingu n\u2019El Font\u00e1n<\/a><span class=\"post-date\">31\/03\/2025<\/span><\/li>\n<li><a href=\"https:\/\/edublog.educastur.es\/ixuxu\/2025\/03\/asturies-tien-cinco-anos-pa-medrar-el-tarren-dedicau-a-produccion-ecoloxica\/\">Asturies tien cinco a\u00f1os pa medrar el tarr\u00e9n dedic\u00e1u a producci\u00f3n ecol\u00f3xica<\/a><span class=\"post-date\">31\/03\/2025<\/span><\/li>\n<li><a href=\"https:\/\/edublog.educastur.es\/ixuxu\/2025\/03\/fruela-757-clasicos-de-lasturianada-con-un-acompanamientu-delectronica\/\">Fruela 757: cl\u00e1sicos de l\u2019asturianada con un acompa\u00f1amientu d\u2019electr\u00f3nica<\/a><span class=\"post-date\">31\/03\/2025<\/span><\/li>\n<li><a href=\"https:\/\/edublog.educastur.es\/ixuxu\/2025\/03\/45076\/\">(sin t\u00edtulo)<\/a><span class=\"post-date\">31\/03\/2025<\/span><\/li>\n<li><a href=\"https:\/\/edublog.educastur.es\/ixuxu\/2025\/03\/la-xeneracion-alfa\/\">La xeneraci\u00f3n Alfa, los nacios a partir de xineru de 2025<\/a><span class=\"post-date\">31\/03\/2025<\/span><\/li>\n<li><a href=\"https:\/\/edublog.educastur.es\/ixuxu\/2025\/03\/kurios-un-tributu-a-la-imaxinacion-y-linteres-en-solo-un-minutu\/\">\u00abKurios\u00bb: Un tributu a la imaxinaci\u00f3n y l\u2019inter\u00e9s<\/a><span class=\"post-date\">31\/03\/2025<\/span><\/li>\n<li><a href=\"https:\/\/edublog.educastur.es\/ixuxu\/2025\/03\/miraor-de-olinacu-de-los-cantiles-de-linfiernu\/\">Miraor de Olinacu de los cantiles de l\u2019Infiernu<\/a><span class=\"post-date\">31\/03\/2025<\/span><\/li>\n<li><a href=\"https:\/\/edublog.educastur.es\/ixuxu\/2025\/03\/especializacion\/\">\u00abEspecializaci\u00f3n\u00bb<\/a><span class=\"post-date\">31\/03\/2025<\/span><\/li>\n<li><a href=\"https:\/\/edublog.educastur.es\/ixuxu\/2025\/03\/aeropuetu-dasturies-la-mayor-ufierta-de-la-hestoria\/\">Aeropuetu d\u2019Asturies: la mayor ufierta de la hestoria<\/a><span class=\"post-date\">31\/03\/2025<\/span><\/li>\n<li><a href=\"https:\/\/edublog.educastur.es\/ixuxu\/2025\/03\/selmana-de-la-ciencia-margarita-salas-del-31-marzu-al-4-dabril\/\">Selmana de la Ciencia Margarita Salas, del 31 marzu al 4 d\u2019abril<\/a><span class=\"post-date\">31\/03\/2025<\/span><\/li>\n<li><a href=\"https:\/\/edublog.educastur.es\/ixuxu\/2025\/03\/el-tiempu-nasturies-8\/\">El tiempu n\u2019Asturies<\/a><span class=\"post-date\">31\/03\/2025<\/span><\/li>\n<li><a href=\"https:\/\/edublog.educastur.es\/ixuxu\/2025\/03\/les-noticies-del-domingu-30-de-marzo-de-2025-nasturianu-tpanoticies\/\">Les noticies del domingu 30 de marzo de 2025 n\u2019asturianu #TPANoticies<\/a><span class=\"post-date\">30\/03\/2025<\/span><\/li>\n<li><a href=\"https:\/\/edublog.educastur.es\/ixuxu\/2025\/03\/eva-rami-presental-llibru-ilustrau-asturies-de-la-a-la-z-en-pieces\/\">Eva Rami presenta\u2019l llibru ilustr\u00e1u \u2018Asturies de l\u2019A a la Z\u2019 en Pieces<\/a><span class=\"post-date\">30\/03\/2025<\/span><\/li>\n<li><a href=\"https:\/\/edublog.educastur.es\/ixuxu\/2025\/03\/semeya-duna-ilesia-en-llanera\/\">La ilesia Skate, un templu dedic\u00e1u al skate y al street art.<\/a><span class=\"post-date\">30\/03\/2025<\/span><\/li>\n<li><a href=\"https:\/\/edublog.educastur.es\/ixuxu\/2025\/03\/paisaxe-llinguisticu\/\">Paisaxe Lling\u00fc\u00edsticu<\/a><span class=\"post-date\">30\/03\/2025<\/span><\/li>\n<li><a href=\"https:\/\/edublog.educastur.es\/ixuxu\/2025\/03\/prestanos-pola-vida-dicitelo-nasturianu\/\">Pr\u00e9stanos pola vida dic\u00edtelo n\u2019asturianu<\/a><span class=\"post-date\">30\/03\/2025<\/span><\/li>\n<li><a href=\"https:\/\/edublog.educastur.es\/ixuxu\/2025\/03\/quies-conocer-la-maxa-de-la-musica\/\">\u00bfQuies conocer\u2026 la maxa de la m\u00fasica?<\/a><span class=\"post-date\">30\/03\/2025<\/span><\/li>\n<li><a href=\"https:\/\/edublog.educastur.es\/ixuxu\/2025\/03\/el-manneken-pis-estrenal-so-nuevu-traxe-asturianu-vaqueiru-en-bruexeles-belxica\/\">El Manneken Pis estrena\u2019l so nuevu traxe asturianu vaqueiru en Bruexeles (B\u00e9lxica)<\/a><span class=\"post-date\">30\/03\/2025<\/span><\/li>\n<li><a href=\"https:\/\/edublog.educastur.es\/ixuxu\/2025\/03\/telarana-que-relluma-con-toos-los-colores-del-arcuiris\/\">Telara\u00f1a que relluma con toos los colores del arcu\u00edris<\/a><span class=\"post-date\">30\/03\/2025<\/span><\/li>\n<li><a href=\"https:\/\/edublog.educastur.es\/ixuxu\/2025\/03\/44940\/\">Asturies tien unos 350 km d\u2019abrupta mari\u00f1a<\/a><span class=\"post-date\">30\/03\/2025<\/span><\/li>\n<li><a href=\"https:\/\/edublog.educastur.es\/ixuxu\/2025\/03\/la-flor-2025-a-la-vuelta-de-la-esquina\/\">\u00a1La Flor 2025 a la vuelta de la esquina!<\/a><span class=\"post-date\">30\/03\/2025<\/span><\/li>\n<li><a href=\"https:\/\/edublog.educastur.es\/ixuxu\/2025\/03\/llangreu-cultural-del-11-al-13-dabril-2025\/\">Festival Internacional Llangr\u00e9u cultural: del 11 al 13 d\u2019abril 2025<\/a><span class=\"post-date\">30\/03\/2025<\/span><\/li>\n<li><a href=\"https:\/\/edublog.educastur.es\/ixuxu\/2025\/03\/zarreu-fest-rn-zarreu\/\">Zarr\u00e9u Fest en Zarr\u00e9u, del 27 al 29 de xunu<\/a><span class=\"post-date\">30\/03\/2025<\/span><\/li>\n<li><a href=\"https:\/\/edublog.educastur.es\/ixuxu\/2025\/03\/primer-plantiu-profesional-de-zrezales-nayande\/\">Primer plant\u00edu profesional de zrezales n\u2019Ayande<\/a><span class=\"post-date\">30\/03\/2025<\/span><\/li>\n<li><a href=\"https:\/\/edublog.educastur.es\/ixuxu\/2025\/03\/44883\/\">(sin t\u00edtulo)<\/a><span class=\"post-date\">30\/03\/2025<\/span><\/li>\n<li><a href=\"https:\/\/edublog.educastur.es\/ixuxu\/2025\/03\/la-evolucion-del-relo-midiendol-tiempu-a-lo-llargo-de-la-hestoria\/\">La evoluci\u00f3n del rel\u00f3: Midiendo\u2019l tiempu a lo llargo de la hestoria<\/a><span class=\"post-date\">30\/03\/2025<\/span><\/li>\n<li><a href=\"https:\/\/edublog.educastur.es\/ixuxu\/2025\/03\/44965\/\">Un peri\u00f3dicu brit\u00e1nicu faise ecu de la nuesa cultura milenaria<\/a><span class=\"post-date\">30\/03\/2025<\/span><\/li>\n<li><a href=\"https:\/\/edublog.educastur.es\/ixuxu\/2025\/03\/laniciu-de-cultura-sidrera-asturiana\/\">L\u2019aniciu de Cultura Sidrera Asturiana<\/a><span class=\"post-date\">30\/03\/2025<\/span><\/li>\n<li><a href=\"https:\/\/edublog.educastur.es\/ixuxu\/2025\/03\/un-eclipse-parcial-caltuvo-pendientes-del-cielu-a-millones-de-persones-pel-mundu\/\">Un eclipse parcial caltuvo pendientes del cielu a millones de persones pel mundu<\/a><span class=\"post-date\">30\/03\/2025<\/span><\/li>\n<li><a href=\"https:\/\/edublog.educastur.es\/ixuxu\/2025\/03\/dia-internacional-de-cero-refugayes-zerowasteday\/\">D\u00eda Internacional de Cero deshechos o refugayes #ZeroWasteDay<\/a><span class=\"post-date\">30\/03\/2025<\/span><\/li>\n<li><a href=\"https:\/\/edublog.educastur.es\/ixuxu\/2025\/03\/dia-internacional-de-cero-desechos-refugayes\/\">D\u00eda Internacional de Cero Desechos\/Refugayes<\/a><span class=\"post-date\">30\/03\/2025<\/span><\/li>\n<li><a href=\"https:\/\/edublog.educastur.es\/ixuxu\/2025\/03\/el-tiempu-el-comercio-34\/\">El tiempu (El Comercio)<\/a><span class=\"post-date\">30\/03\/2025<\/span><\/li>\n<li><a href=\"https:\/\/edublog.educastur.es\/ixuxu\/2025\/03\/les-noticies-del-sabadu-29-de-marzu-de-2025-nasturianu-tpanoticies\/\">Les noticies del s\u00e1badu 29 de marzu de 2025 n\u2019asturianu #TPANoticies<\/a><span class=\"post-date\">29\/03\/2025<\/span><\/li>\n<li><a href=\"https:\/\/edublog.educastur.es\/ixuxu\/2025\/03\/poesia-musica-y-arte-ia-en-al-otro-lado-de-fernando-caicoya-na-laboral-xixon\/\">Poes\u00eda, m\u00fasica y arte IA en \u00abAl otru llau\u00bb de Fernando Caicoya na LABoral, Xix\u00f3n.\u00a0<\/a><span class=\"post-date\">29\/03\/2025<\/span><\/li>\n<li><a href=\"https:\/\/edublog.educastur.es\/ixuxu\/2025\/03\/44631\/\">(sin t\u00edtulo)<\/a><span class=\"post-date\">29\/03\/2025<\/span><\/li>\n<li><a href=\"https:\/\/edublog.educastur.es\/ixuxu\/2025\/03\/44911\/\">Ecl\u00eds consigu\u00edu\u2026<\/a><span class=\"post-date\">29\/03\/2025<\/span><\/li>\n<li><a href=\"https:\/\/edublog.educastur.es\/ixuxu\/2025\/03\/44908\/\">Dende l\u2019Observatoriu del Teide, siguimos l\u2019ecl\u00eds parcial de Sol<\/a><span class=\"post-date\">29\/03\/2025<\/span><\/li>\n<li><a href=\"https:\/\/edublog.educastur.es\/ixuxu\/2025\/03\/asina-fueron-les-mazcaraes-diviernu-na-localida-sierense-de-valdesoto\/\">Asina fueron les Mazcaraes d\u2019Iviernu na localid\u00e1 sierense de Valdesoto<\/a><span class=\"post-date\">29\/03\/2025<\/span><\/li>\n<li><a href=\"https:\/\/edublog.educastur.es\/ixuxu\/2025\/03\/llego-la-primavera-y-celebramos-con-arguyu-la-guapura-de-los-nuesos-paisaxes-nesta-estacion\/\">Lleg\u00f3 la primavera y celebramos con arguyu la guapura de los nuesos paisaxes nesta estaci\u00f3n.<\/a><span class=\"post-date\">29\/03\/2025<\/span><\/li>\n<li><a href=\"https:\/\/edublog.educastur.es\/ixuxu\/2025\/03\/dia-mundial-del-piano\/\">D\u00eda Mundial del piano<\/a><span class=\"post-date\">29\/03\/2025<\/span><\/li>\n<li><a href=\"https:\/\/edublog.educastur.es\/ixuxu\/2025\/03\/convocatoria-de-los-premios-lliterarios-mas-veteranos\/\">Convocatoria de los Premios Lliterarios m\u00e1s veteranos<\/a><span class=\"post-date\">28\/03\/2025<\/span><\/li>\n<li><a href=\"https:\/\/edublog.educastur.es\/ixuxu\/2025\/03\/la-eda-moderna\/\">La Ed\u00e1 Moderna<\/a><span class=\"post-date\">28\/03\/2025<\/span><\/li>\n<li><a href=\"https:\/\/edublog.educastur.es\/ixuxu\/2025\/03\/el-vistir-va-tar-presente-nel-54-festival-intercelticu-de-lorient\/\">El Vistir va tar presente nel 54 Festival Interc\u00e9lticu de Lorient<\/a><span class=\"post-date\">28\/03\/2025<\/span><\/li>\n<li><a href=\"https:\/\/edublog.educastur.es\/ixuxu\/2025\/03\/31834\/\">(sin t\u00edtulo)<\/a><span class=\"post-date\">28\/03\/2025<\/span><\/li>\n<li><a href=\"https:\/\/edublog.educastur.es\/ixuxu\/2025\/03\/44850\/\">Mus\u00e9u Etnogr\u00e1ficu \u00abPepe\u2019l Ferreiro\u00bb en Grandas de Salime<\/a><span class=\"post-date\">28\/03\/2025<\/span><\/li>\n<li><a href=\"https:\/\/edublog.educastur.es\/ixuxu\/2025\/03\/los-servicios-demerxencia-protagonistes-del-proyectu-de-mandilones-de-colores\/\">Los servicios d\u2019emerxencia, protagonistes del proyectu de \u2018Mandilones de colores\u2019\u2002<\/a><span class=\"post-date\">28\/03\/2025<\/span><\/li>\n<li><a href=\"https:\/\/edublog.educastur.es\/ixuxu\/2025\/03\/la-nueche-del-sabadu-hai-que-camudar-la-hora-a-los-reloes-nespana\/\">La nueche del s\u00e1badu hai que camudar la hora a los rel\u00f3es n\u2019Espa\u00f1a<\/a><span class=\"post-date\">28\/03\/2025<\/span><\/li>\n<li><a href=\"https:\/\/edublog.educastur.es\/ixuxu\/2025\/03\/sabies-quel-29-de-marzu-hai-un-eclis-solar-parcial\/\">Uvi\u00e9u entama un actu para ver l\u2019ecl\u00eds solar del s\u00e1badu<\/a><span class=\"post-date\">28\/03\/2025<\/span><\/li>\n<li><a href=\"https:\/\/edublog.educastur.es\/ixuxu\/2025\/03\/el-tiempu-el-comercio-33\/\">El tiempu (El Comercio)<\/a><span class=\"post-date\">28\/03\/2025<\/span><\/li>\n<li><a href=\"https:\/\/edublog.educastur.es\/ixuxu\/2025\/03\/estau-del-tiempu-vienres-28-marzu-2025\/\">Est\u00e1u del tiempu: vienres 28 marzu 2025<\/a><span class=\"post-date\">28\/03\/2025<\/span><\/li>\n<li><a href=\"https:\/\/edublog.educastur.es\/ixuxu\/2025\/03\/44867\/\">La cueva de Pe\u00f1a Castil, cada vegada con menos xelu<\/a><span class=\"post-date\">28\/03\/2025<\/span><\/li>\n<li><a href=\"https:\/\/edublog.educastur.es\/ixuxu\/2025\/03\/les-noticies-del-xueves-27-de-marzu-de-2025-nasturianu-tpanoticies\/\">Les noticies del xueves 27 de marzu de 2025 n\u2019asturianu #TPANoticies<\/a><span class=\"post-date\">27\/03\/2025<\/span><\/li>\n<li><a href=\"https:\/\/edublog.educastur.es\/ixuxu\/2025\/03\/44783\/\">(sin t\u00edtulo)<\/a><span class=\"post-date\">27\/03\/2025<\/span><\/li>\n<li><a href=\"https:\/\/edublog.educastur.es\/ixuxu\/2025\/03\/bras-rodrigo-creador-de-la-gaita-led\/\">Bras Rodrigo, creador de la gaita Led<\/a><span class=\"post-date\">27\/03\/2025<\/span><\/li>\n<li><a href=\"https:\/\/edublog.educastur.es\/ixuxu\/2025\/03\/los-nenos-con-leucemia-nespana-tamien-se-merecen-el-meyor-tratamientu\/\">Los ne\u00f1os con leucemia n\u2019Espa\u00f1a tami\u00e9n se merecen el meyor tratamientu<\/a><span class=\"post-date\">27\/03\/2025<\/span><\/li>\n<li><a href=\"https:\/\/edublog.educastur.es\/ixuxu\/2025\/03\/festival-voces-nel-fornu-nuvieu\/\">Festival \u00abVoces nel Fornu\u00bbde poes\u00eda, n\u2019Uvi\u00e9u<\/a><span class=\"post-date\">27\/03\/2025<\/span><\/li>\n<li><a href=\"https:\/\/edublog.educastur.es\/ixuxu\/2025\/03\/centenariu-del-real-uvieu\/\">Centenariu del Real Uvi\u00e9u<\/a><span class=\"post-date\">27\/03\/2025<\/span><\/li>\n<li><a href=\"https:\/\/edublog.educastur.es\/ixuxu\/2025\/03\/refranes-asturianos-10\/\">Refranes asturianos 10<\/a><span class=\"post-date\">27\/03\/2025<\/span><\/li>\n<li><a href=\"https:\/\/edublog.educastur.es\/ixuxu\/2025\/03\/esti-finde-a-esfrutar-de-les-mazcaraes-en-valdesoto\/\">\u00a1Esti finde a esfrutar de les mazcaraes en Valdesoto!<\/a><span class=\"post-date\">27\/03\/2025<\/span><\/li>\n<li><a href=\"https:\/\/edublog.educastur.es\/ixuxu\/2025\/03\/asoleyar\/\">\u00abAsoleyar\u00bb<\/a><span class=\"post-date\">27\/03\/2025<\/span><\/li>\n<li><a href=\"https:\/\/edublog.educastur.es\/ixuxu\/2025\/03\/vemonos-na-folixa\/\">\u00a1V\u00e9monos na Folixa!<\/a><span class=\"post-date\">27\/03\/2025<\/span><\/li>\n<li><a href=\"https:\/\/edublog.educastur.es\/ixuxu\/2025\/03\/44623\/\">(sin t\u00edtulo)<\/a><span class=\"post-date\">27\/03\/2025<\/span><\/li>\n<li><a href=\"https:\/\/edublog.educastur.es\/ixuxu\/2025\/03\/44791\/\">Asturies refuerza la so proyecci\u00f3n internacional como dest\u00edn sostenible n\u2019Italia<\/a><span class=\"post-date\">27\/03\/2025<\/span><\/li>\n<li><a href=\"https:\/\/edublog.educastur.es\/ixuxu\/2025\/03\/dia-mundial-del-quesu-4\/\">D\u00eda Mundial del quesu<\/a><span class=\"post-date\">27\/03\/2025<\/span><\/li>\n<li><a href=\"https:\/\/edublog.educastur.es\/ixuxu\/2025\/03\/estau-del-tiempu-xueves-27-marzu-2025\/\">Est\u00e1u del tiempu: xueves 27 marzu 2025<\/a><span class=\"post-date\">27\/03\/2025<\/span><\/li>\n<li><a href=\"https:\/\/edublog.educastur.es\/ixuxu\/2025\/03\/44243\/\">(sin t\u00edtulo)<\/a><span class=\"post-date\">26\/03\/2025<\/span><\/li>\n<li><a href=\"https:\/\/edublog.educastur.es\/ixuxu\/2025\/03\/xviii-festival-internacional-de-la-gaita\/\">XVIII Festival Internacional de la Gaita, del 4 al 7 de setiembre en Villaviciosa<\/a><span class=\"post-date\">26\/03\/2025<\/span><\/li>\n<li><a href=\"https:\/\/edublog.educastur.es\/ixuxu\/2025\/03\/el-gran-institutu-que-va-abrir-nuvieu-ies-margarita-salas\/\">El gran institutu que va abrir n\u2019Uvi\u00e9u: IES Margarita Salas<\/a><span class=\"post-date\">26\/03\/2025<\/span><\/li>\n<li><a href=\"https:\/\/edublog.educastur.es\/ixuxu\/2025\/03\/al-descubiertul-mapa-mas-detallau-hasta-agora-de-lantartida\/\">Al descubiertu\u2019l mapa m\u00e1s detall\u00e1u hasta agora de l\u2019Ant\u00e1rtida<\/a><span class=\"post-date\">26\/03\/2025<\/span><\/li>\n<li><a href=\"https:\/\/edublog.educastur.es\/ixuxu\/2025\/03\/44747\/\">(sin t\u00edtulo)<\/a><span class=\"post-date\">26\/03\/2025<\/span><\/li>\n<li><a href=\"https:\/\/edublog.educastur.es\/ixuxu\/2025\/03\/un-nuevu-documental-viaxa-al-travies-de-picos-deuropa\/\">Un nuevu documental viaxa al travi\u00e9s de Picos d\u2019Europa<\/a><span class=\"post-date\">26\/03\/2025<\/span><\/li>\n<li><a href=\"https:\/\/edublog.educastur.es\/ixuxu\/2025\/03\/tallerin-pa-deprender-a-echar-sidre\/\">Taller\u00edn pa deprender a echar sidre<\/a><span class=\"post-date\">26\/03\/2025<\/span><\/li>\n<li><a href=\"https:\/\/edublog.educastur.es\/ixuxu\/2025\/03\/subvenciones-pa-la-normalizacion-social-del-asturianu-o-eonaviegu\/\">Subvenciones pa la normalizaci\u00f3n social del asturianu o eonaviegu<\/a><span class=\"post-date\">26\/03\/2025<\/span><\/li>\n<li><a href=\"https:\/\/edublog.educastur.es\/ixuxu\/2025\/03\/los-bolis\/\">Los bolis<\/a><span class=\"post-date\">26\/03\/2025<\/span><\/li>\n<li><a href=\"https:\/\/edublog.educastur.es\/ixuxu\/2025\/03\/quienes-tan-detras-destes-xoyes-testiles\/\">Qui\u00e9nes t\u00e1n detr\u00e1s d\u2019estes xoyes testiles\u2026<\/a><span class=\"post-date\">26\/03\/2025<\/span><\/li>\n<li><a href=\"https:\/\/edublog.educastur.es\/ixuxu\/2025\/03\/44715\/\">El sellu de calid\u00e1 IGP<\/a><span class=\"post-date\">26\/03\/2025<\/span><\/li>\n<li><a href=\"https:\/\/edublog.educastur.es\/ixuxu\/2025\/03\/espresion-facer-la-colada\/\">Espresi\u00f3n: \u00abFacer la colada\u00bb<\/a><span class=\"post-date\">26\/03\/2025<\/span><\/li>\n<li><a href=\"https:\/\/edublog.educastur.es\/ixuxu\/2025\/03\/asturies-va-regular-lusu-de-dispositivos-electronicos-nes-aules\/\">Asturies va regular l\u2019usu de dispositivos electr\u00f3nicos nes aules<\/a><span class=\"post-date\">26\/03\/2025<\/span><\/li>\n<li><a href=\"https:\/\/edublog.educastur.es\/ixuxu\/2025\/03\/la-primavera-quinvita-a-cntar-la-vida\/\">La primavera, qu\u2019invita a c@ntar la vida<\/a><span class=\"post-date\">26\/03\/2025<\/span><\/li>\n<li><a href=\"https:\/\/edublog.educastur.es\/ixuxu\/2025\/03\/44698\/\">El tiempu (El Comercio)<\/a><span class=\"post-date\">26\/03\/2025<\/span><\/li>\n<li><a href=\"https:\/\/edublog.educastur.es\/ixuxu\/2025\/03\/estau-del-tiempu-miercoles-26-marzu-2025\/\">Est\u00e1u del tiempu: mi\u00e9rcoles 26 marzu 2025<\/a><span class=\"post-date\">26\/03\/2025<\/span><\/li>\n<li><a href=\"https:\/\/edublog.educastur.es\/ixuxu\/2025\/03\/44762\/\">(sin t\u00edtulo)<\/a><span class=\"post-date\">26\/03\/2025<\/span><\/li>\n<li><a href=\"https:\/\/edublog.educastur.es\/ixuxu\/2025\/03\/les-noticies-del-martes-25-de-marzu-de-2025-nasturianu-tpanoticies-1-11-h\/\">Les noticies del martes 25 de marzu de 2025 n\u2019asturianu #TPANoticies (1) 11 h<\/a><span class=\"post-date\">25\/03\/2025<\/span><\/li>\n<li><a href=\"https:\/\/edublog.educastur.es\/ixuxu\/2025\/03\/cancion-asturies-tiempu-de-nosotros-de-nuberu\/\">Canci\u00f3n: \u00abAsturies, tiempu de nosotros\u00bb de Nuberu<\/a><span class=\"post-date\">25\/03\/2025<\/span><\/li>\n<li><a href=\"https:\/\/edublog.educastur.es\/ixuxu\/2025\/03\/llevolul-sumiciu-toma-xixon\/\">\u00abLlev\u00f3lu\u2019l Sumiciu\u00bb, d\u00fau d\u2019electr\u00f3nica de raiga\u00f1u, toma Xix\u00f3n<\/a><span class=\"post-date\">25\/03\/2025<\/span><\/li>\n<li><a href=\"https:\/\/edublog.educastur.es\/ixuxu\/2025\/03\/ii-edicion-de-la-x-o-t-a-la-xira-loriente-trad-alcuentru\/\">II edici\u00f3n de la X.O.T.A. (La Xira L\u2019Oriente Trad Alcuentru)<\/a><span class=\"post-date\">25\/03\/2025<\/span><\/li>\n<li><a href=\"https:\/\/edublog.educastur.es\/ixuxu\/2025\/03\/miguel-rodriguez-monteavaro\/\">Poema de Miguel Rodr\u00edguez Monteavaro<\/a><span class=\"post-date\">25\/03\/2025<\/span><\/li>\n<li><a href=\"https:\/\/edublog.educastur.es\/ixuxu\/2025\/03\/picos-deuropa-nacen-tres-pollos-de-franguesos-nuna-mesma-temporada-reproductiva\/\">Picos d\u2019Europa: Nacen tr\u00e9s pollos de frang\u00fcesos n\u2019una mesma temporada reproductiva<\/a><span class=\"post-date\">25\/03\/2025<\/span><\/li>\n<li><a href=\"https:\/\/edublog.educastur.es\/ixuxu\/2025\/03\/42715\/\">(sin t\u00edtulo)<\/a><span class=\"post-date\">25\/03\/2025<\/span><\/li>\n<li><a href=\"https:\/\/edublog.educastur.es\/ixuxu\/2025\/03\/bioindicadores-de-calida-y-salu-ambiental\/\">Los liquen, bioindicadores de calid\u00e1 y sal\u00fa ambiental<\/a><span class=\"post-date\">25\/03\/2025<\/span><\/li>\n<li><a href=\"https:\/\/edublog.educastur.es\/ixuxu\/2025\/03\/afaya-toles-actividaes-de-la-rede-natural-dasturies-para-anguano\/\">\u00a1Afaya toles actividaes de la Rede Natural d\u2019Asturies para angua\u00f1o!\u00a0<\/a><span class=\"post-date\">25\/03\/2025<\/span><\/li>\n<li><a href=\"https:\/\/edublog.educastur.es\/ixuxu\/2025\/03\/defender-el-bien-comun-pa-toles-persones\/\">Defender el bien com\u00fan pa toles persones\u2026<\/a><span class=\"post-date\">25\/03\/2025<\/span><\/li>\n<li><a href=\"https:\/\/edublog.educastur.es\/ixuxu\/2025\/03\/cancion-popular-el-relo\/\">Canci\u00f3n popular infantil: \u00abEl rel\u00f3\u00bb<\/a><span class=\"post-date\">25\/03\/2025<\/span><\/li>\n<li><a href=\"https:\/\/edublog.educastur.es\/ixuxu\/2025\/03\/el-tiempu-el-comercio-31\/\">El tiempu (El Comercio)<\/a><span class=\"post-date\">25\/03\/2025<\/span><\/li>\n<li><a href=\"https:\/\/edublog.educastur.es\/ixuxu\/2025\/03\/axenda-del-24-al-30-de-marzu-dfind-pieces-3-h\/\">Axenda del 24 al 30 de marzu #DFIND #pieces 3 h<\/a><span class=\"post-date\">24\/03\/2025<\/span><\/li>\n<li><a href=\"https:\/\/edublog.educastur.es\/ixuxu\/2025\/03\/les-noticies-del-llunes-24-de-marzu-de-2025-nasturianu-tpanoticies\/\">Les noticies del llunes 24 de marzu de 2025 n\u2019asturianu #TPANoticies<\/a><span class=\"post-date\">24\/03\/2025<\/span><\/li>\n<li><a href=\"https:\/\/edublog.educastur.es\/ixuxu\/2025\/03\/44498\/\">(sin t\u00edtulo)<\/a><span class=\"post-date\">24\/03\/2025<\/span><\/li>\n<li><a href=\"https:\/\/edublog.educastur.es\/ixuxu\/2025\/03\/12-imaxes-del-sol-cada-mes-mesmu-llugar-mesma-hora\/\">12 imaxes del sol, cada mes, mesmu llugar, mesma hora.<\/a><span class=\"post-date\">24\/03\/2025<\/span><\/li>\n<li><a href=\"https:\/\/edublog.educastur.es\/ixuxu\/2025\/03\/falo-yo-o-canta-un-carru\/\">\u00ab\u00bfFalo yo o canta un carru?\u00bb<\/a><span class=\"post-date\">24\/03\/2025<\/span><\/li>\n<li><a href=\"https:\/\/edublog.educastur.es\/ixuxu\/2025\/03\/postre\/\">\u00abPostre\u00bb<\/a><span class=\"post-date\">24\/03\/2025<\/span><\/li>\n<li><a href=\"https:\/\/edublog.educastur.es\/ixuxu\/2025\/03\/lescanu-de-les-cocines-dantano\/\">L\u2019esca\u00f1u de les cocines d\u2019anta\u00f1o<\/a><span class=\"post-date\">24\/03\/2025<\/span><\/li>\n<li><a href=\"https:\/\/edublog.educastur.es\/ixuxu\/2025\/03\/44584\/\">(sin t\u00edtulo)<\/a><span class=\"post-date\">24\/03\/2025<\/span><\/li>\n<li><a href=\"https:\/\/edublog.educastur.es\/ixuxu\/2025\/03\/afayen-petroleu-y-gas-nestes-zones-dasturies\/\">Afayen petr\u00f3leu y gas nestes zones d\u2019Asturies<\/a><span class=\"post-date\">24\/03\/2025<\/span><\/li>\n<li><a href=\"https:\/\/edublog.educastur.es\/ixuxu\/2025\/03\/ixuxu\/\">\u201cIxux\u00fa\u201d<\/a><span class=\"post-date\">24\/03\/2025<\/span><\/li>\n<li><a href=\"https:\/\/edublog.educastur.es\/ixuxu\/2025\/03\/44496\/\">(sin t\u00edtulo)<\/a><span class=\"post-date\">24\/03\/2025<\/span><\/li>\n<li><a href=\"https:\/\/edublog.educastur.es\/ixuxu\/2025\/03\/el-tiempu-el-comercio-30\/\">El tiempu (El Comercio)<\/a><span class=\"post-date\">24\/03\/2025<\/span><\/li>\n<li><a href=\"https:\/\/edublog.educastur.es\/ixuxu\/2025\/03\/les-noticies-del-domingu-23-de-marzu-de-2025-nasturianu-tpanoticies\/\">Les noticies del domingu 23 de marzu de 2025 n\u2019asturianu #TPANoticies<\/a><span class=\"post-date\">23\/03\/2025<\/span><\/li>\n<li><a href=\"https:\/\/edublog.educastur.es\/ixuxu\/2025\/03\/juncal-alonso-de-la-cuenca-minera-al-imperiu-de-twitch\/\">Juncal Alonso, de la cuenca minera al imperiu de Twitch<\/a><span class=\"post-date\">23\/03\/2025<\/span><\/li>\n<li><a href=\"https:\/\/edublog.educastur.es\/ixuxu\/2025\/03\/panderertes-del-tardiu\/\">Panderetes del tard\u00edu<\/a><span class=\"post-date\">23\/03\/2025<\/span><\/li>\n<li><a href=\"https:\/\/edublog.educastur.es\/ixuxu\/2025\/03\/44467\/\">(sin t\u00edtulo)<\/a><span class=\"post-date\">23\/03\/2025<\/span><\/li>\n<li><a href=\"https:\/\/edublog.educastur.es\/ixuxu\/2025\/03\/noveda-por-mi-diba-volver-a-nacer\/\">Noved\u00e1: \u00abPor mi diba volver a nacer\u00bb<\/a><span class=\"post-date\">23\/03\/2025<\/span><\/li>\n<li><a href=\"https:\/\/edublog.educastur.es\/ixuxu\/2025\/03\/44505\/\">\u00abAsturies Esterior\u00bb: mapa interactivu pa poder atopar a m\u00e1s asturianos pel mundu<\/a><span class=\"post-date\">23\/03\/2025<\/span><\/li>\n<li><a href=\"https:\/\/edublog.educastur.es\/ixuxu\/2025\/03\/bocarte-na-primavera-bonitu-peronde-quiera\/\">\u00abBocarte na primavera, bonitu peronde quiera\u00bb<\/a><span class=\"post-date\">23\/03\/2025<\/span><\/li>\n<li><a href=\"https:\/\/edublog.educastur.es\/ixuxu\/2025\/03\/44485\/\">Espinar\u00e9u ye tierra de maxa\u2026<\/a><span class=\"post-date\">23\/03\/2025<\/span><\/li>\n<li><a href=\"https:\/\/edublog.educastur.es\/ixuxu\/2025\/03\/44111\/\">(sin t\u00edtulo)<\/a><span class=\"post-date\">23\/03\/2025<\/span><\/li>\n<li><a href=\"https:\/\/edublog.educastur.es\/ixuxu\/2025\/03\/bronce-mundial-dana-peleteiro-nos-mundiales-2025-de-pista-cubierta-de-nanjing-china\/\">Bronce mundial d\u2019Ana Peleteiro nos Mundiales 2025 de pista cubierta de Nanjing (China)<\/a><span class=\"post-date\">23\/03\/2025<\/span><\/li>\n<li><a href=\"https:\/\/edublog.educastur.es\/ixuxu\/2025\/03\/dia-mundial-de-losu-ocho-especies\/\">D\u00eda Mundial de l\u2019osu (ocho especies)<\/a><span class=\"post-date\">23\/03\/2025<\/span><\/li>\n<li><a href=\"https:\/\/edublog.educastur.es\/ixuxu\/2025\/03\/dia-metereoloxicu-mundial-2\/\">D\u00eda Metereol\u00f3xicu Mundial<\/a><span class=\"post-date\">23\/03\/2025<\/span><\/li>\n<li><a href=\"https:\/\/edublog.educastur.es\/ixuxu\/2025\/03\/el-tiempu-el-comercio-29\/\">El tiempu (El Comercio)<\/a><span class=\"post-date\">23\/03\/2025<\/span><\/li>\n<li><a href=\"https:\/\/edublog.educastur.es\/ixuxu\/2025\/03\/gracies-uvieu\/\">\u00abGracies, Uvi\u00e9u\u00bb<\/a><span class=\"post-date\">22\/03\/2025<\/span><\/li>\n<li><a href=\"https:\/\/edublog.educastur.es\/ixuxu\/2025\/03\/emocionante-conciertu-daniversariu-tierra-de-naide\/\">Emocionante conciertu 25 aniversariu del Platinum Europe Award per \u00abTierra de Naide\u00bb.<\/a><span class=\"post-date\">22\/03\/2025<\/span><\/li>\n<li><a href=\"https:\/\/edublog.educastur.es\/ixuxu\/2025\/03\/les-noticies-del-sabadu-22-de-marzu-de-2025-nasturianu-tpanoticies\/\">Les noticies del s\u00e1badu 22 de marzu de 2025 n\u2019asturianu #TPANoticies<\/a><span class=\"post-date\">22\/03\/2025<\/span><\/li>\n<li><a href=\"https:\/\/edublog.educastur.es\/ixuxu\/2025\/03\/44534\/\">(sin t\u00edtulo)<\/a><span class=\"post-date\">22\/03\/2025<\/span><\/li>\n<li><a href=\"https:\/\/edublog.educastur.es\/ixuxu\/2025\/03\/conocies-esto-ta-dientro-dun-restoran-en-castropol\/\">\u00bfConoc\u00edes esto? \u00a1Ta dientro d\u2019un restor\u00e1n en Castropol!<\/a><span class=\"post-date\">22\/03\/2025<\/span><\/li>\n<li><a href=\"https:\/\/edublog.educastur.es\/ixuxu\/2025\/03\/la-esencia-dasturies-ta-nos-mercaos\/\">La esencia d\u2019Asturies ta nos mercaos\u2026<\/a><span class=\"post-date\">22\/03\/2025<\/span><\/li>\n<li><a href=\"https:\/\/edublog.educastur.es\/ixuxu\/2025\/03\/44407\/\">\u00abTarazar\u00bb<\/a><span class=\"post-date\">22\/03\/2025<\/span><\/li>\n<li><a href=\"https:\/\/edublog.educastur.es\/ixuxu\/2025\/03\/retiren-el-cartelu-contad-con-nos-del-huca\/\">Homenaxe a los sanitarios del Covid nel HUCA<\/a><span class=\"post-date\">22\/03\/2025<\/span><\/li>\n<li><a href=\"https:\/\/edublog.educastur.es\/ixuxu\/2025\/03\/va-tres-anos\/\">Va tr\u00e9s a\u00f1os\u2026<\/a><span class=\"post-date\">22\/03\/2025<\/span><\/li>\n<li><a href=\"https:\/\/edublog.educastur.es\/ixuxu\/2025\/03\/feria-dartesania-de-lascension\/\">Feria d\u2019Artesan\u00eda de L\u2019Ascensi\u00f3n<\/a><span class=\"post-date\">22\/03\/2025<\/span><\/li>\n<li><a href=\"https:\/\/edublog.educastur.es\/ixuxu\/2025\/03\/44387\/\">Los da\u00f1os causaos pol llobu, la cifra m\u00e1s alta desque esisten rexistros<\/a><span class=\"post-date\">22\/03\/2025<\/span><\/li>\n<li><a href=\"https:\/\/edublog.educastur.es\/ixuxu\/2025\/03\/44422\/\">Cultura convoca siete premios lliterarios y art\u00edsticos n\u2019asturianu y n\u2019eonaviegu \u00a0<\/a><span class=\"post-date\">22\/03\/2025<\/span><\/li>\n<li><a href=\"https:\/\/edublog.educastur.es\/ixuxu\/2025\/03\/44443\/\">Rutes con cascaes d\u2019agua n\u2019Asturies<\/a><span class=\"post-date\">22\/03\/2025<\/span><\/li>\n<li><a href=\"https:\/\/edublog.educastur.es\/ixuxu\/2025\/03\/entama-la-primavera-2\/\">Entama la primavera\u2026<\/a><span class=\"post-date\">22\/03\/2025<\/span><\/li>\n<li><a href=\"https:\/\/edublog.educastur.es\/ixuxu\/2025\/03\/necesitamos-curiar-los-nuesos-recursos-hidricos-y-ser-mas-sostenibles\/\">Necesitamos curiar los nuesos recursos h\u00eddricos y ser m\u00e1s sostenibles<\/a><span class=\"post-date\">22\/03\/2025<\/span><\/li>\n<li><a href=\"https:\/\/edublog.educastur.es\/ixuxu\/2025\/03\/dia-mundial-de-lagua-4\/\">D\u00eda Mundial de l\u2019Agua<\/a><span class=\"post-date\">22\/03\/2025<\/span><\/li>\n<li><a href=\"https:\/\/edublog.educastur.es\/ixuxu\/2025\/03\/primavera-lluz-solin-larcu-la-vieya-paxarinos-flores\/\">Primavera: lluz, sol\u00edn, l\u2019arcu la vieya, paxarinos, flores\u2026<\/a><span class=\"post-date\">22\/03\/2025<\/span><\/li>\n<li><a href=\"https:\/\/edublog.educastur.es\/ixuxu\/2025\/03\/el-tiempu-el-comercio-28\/\">El tiempu (El Comercio)<\/a><span class=\"post-date\">22\/03\/2025<\/span><\/li>\n<li><a href=\"https:\/\/edublog.educastur.es\/ixuxu\/2025\/03\/les-noticies-del-vienres-21-de-marzu-de-2025-nasturianu-tpanoticies\/\">Les noticies del vienres 21 de marzu de 2025 n\u2019asturianu #TPANoticies<\/a><span class=\"post-date\">21\/03\/2025<\/span><\/li>\n<li><a href=\"https:\/\/edublog.educastur.es\/ixuxu\/2025\/03\/les-verdaderes-poses-del-home-planta-de-francisco-priegue\/\">\u00abLes verdaderes poses del home planta\u00bb, de Francisco Priegue.<\/a><span class=\"post-date\">21\/03\/2025<\/span><\/li>\n<li><a href=\"https:\/\/edublog.educastur.es\/ixuxu\/2025\/03\/el-corveranu-berto-garcia-publical-so-decimu-poemariu-cinetica\/\">El corveranu Berto Garc\u00eda publica\u2019l so d\u00e9cimu poemariu, \u00abCin\u00e9tica\u00bb<\/a><span class=\"post-date\">21\/03\/2025<\/span><\/li>\n<li><a href=\"https:\/\/edublog.educastur.es\/ixuxu\/2025\/03\/festival-poex-en-pieces\/\">Festival POEX en Pieces<\/a><span class=\"post-date\">21\/03\/2025<\/span><\/li>\n<li><a href=\"https:\/\/edublog.educastur.es\/ixuxu\/2025\/03\/iii-tarde-de-poesia-en-coya-pilona\/\">III tarde de poes\u00eda en Coya, Pilo\u00f1a<\/a><span class=\"post-date\">21\/03\/2025<\/span><\/li>\n<li><a href=\"https:\/\/edublog.educastur.es\/ixuxu\/2025\/03\/29956\/\">(sin t\u00edtulo)<\/a><span class=\"post-date\">21\/03\/2025<\/span><\/li>\n<li><a href=\"https:\/\/edublog.educastur.es\/ixuxu\/2025\/03\/la-vieya-del-carbayon\/\">\u00abLa vieya del Carbay\u00f3n\u00bb<\/a><span class=\"post-date\">21\/03\/2025<\/span><\/li>\n<li><a href=\"https:\/\/edublog.educastur.es\/ixuxu\/2025\/03\/hola-primavera\/\">Hola primavera<\/a><span class=\"post-date\">21\/03\/2025<\/span><\/li>\n<li><a href=\"https:\/\/edublog.educastur.es\/ixuxu\/2025\/03\/diferencia-ente-restauracion-y-conservacion-patrimonial\/\">Diferencia ente restauraci\u00f3n y conservaci\u00f3n\/caltenimientu patrimonial<\/a><span class=\"post-date\">21\/03\/2025<\/span><\/li>\n<li><a href=\"https:\/\/edublog.educastur.es\/ixuxu\/2025\/03\/marisa-valle-roso-cenicientes-del-carbon\/\">Marisa Valle Roso: \u00abCenicientes del Carb\u00f3n\u00bb<\/a><span class=\"post-date\">21\/03\/2025<\/span><\/li>\n<li><a href=\"https:\/\/edublog.educastur.es\/ixuxu\/2025\/03\/44212\/\">(sin t\u00edtulo)<\/a><span class=\"post-date\">21\/03\/2025<\/span><\/li>\n<li><a href=\"https:\/\/edublog.educastur.es\/ixuxu\/2025\/03\/el-pozu-santa-barbara-mieres-el-xardin-de-les-delicies-del-sieglu-xxi\/\">El pozu Santa B\u00e1rbara (Mieres), \u00abEl Xard\u00edn de les Delicies\u00bb del sieglu XXI<\/a><span class=\"post-date\">21\/03\/2025<\/span><\/li>\n<li><a href=\"https:\/\/edublog.educastur.es\/ixuxu\/2025\/03\/44446\/\">\u00abSi yo he morrer\u00bb de Refaat Alareer<\/a><span class=\"post-date\">21\/03\/2025<\/span><\/li>\n<li><a href=\"https:\/\/edublog.educastur.es\/ixuxu\/2025\/03\/poema-el-vestidin-blancu-david-fueyo\/\">Poema: \u00abEl vestid\u00edn blancu\u00bb (David Fueyo)<\/a><span class=\"post-date\">21\/03\/2025<\/span><\/li>\n<li><a href=\"https:\/\/edublog.educastur.es\/ixuxu\/2025\/03\/poema-instante-memorable\/\">Poema: \u00abInstante memorable\u00bb (Marta Mori)<\/a><span class=\"post-date\">21\/03\/2025<\/span><\/li>\n<li><a href=\"https:\/\/edublog.educastur.es\/ixuxu\/2025\/03\/poema-encargu\/\">Poema: \u00abEncargu\u00bb<\/a><span class=\"post-date\">21\/03\/2025<\/span><\/li>\n<li><a href=\"https:\/\/edublog.educastur.es\/ixuxu\/2025\/03\/44128\/\">Dalgunos de los meyores poemes publicaos n\u2019Asturies.<\/a><span class=\"post-date\">21\/03\/2025<\/span><\/li>\n<li><a href=\"https:\/\/edublog.educastur.es\/ixuxu\/2025\/03\/dia-internacional-de-los-montes-4\/\">D\u00eda Internacional de los Montes<\/a><span class=\"post-date\">21\/03\/2025<\/span><\/li>\n<li><a href=\"https:\/\/edublog.educastur.es\/ixuxu\/2025\/03\/poema-el-calendariu-dicia-de-vanesa-linero\/\">Poema: \u00abEl calendariu dic\u00eda\u00bb de Vanesa Li\u00f1ero<\/a><span class=\"post-date\">21\/03\/2025<\/span><\/li>\n<li><a href=\"https:\/\/edublog.educastur.es\/ixuxu\/2025\/03\/44338\/\">\u00abPoes\u00eda yes t\u00fa\u00bb d\u2019Asturies Capital Mundial de la Poes\u00eda<\/a><span class=\"post-date\">21\/03\/2025<\/span><\/li>\n<li><a href=\"https:\/\/edublog.educastur.es\/ixuxu\/2025\/03\/44320\/\">\u00abPoes\u00eda yes t\u00fa\u00bb pa cellebrar el D\u00eda Mundial de la poes\u00eda<\/a><span class=\"post-date\">21\/03\/2025<\/span><\/li>\n<li><a href=\"https:\/\/edublog.educastur.es\/ixuxu\/2025\/03\/selmana-de-la-poesia-na-tpa\/\">Selmana de la poes\u00eda na TPA<\/a><span class=\"post-date\">21\/03\/2025<\/span><\/li>\n<li><a href=\"https:\/\/edublog.educastur.es\/ixuxu\/2025\/03\/44573\/\">(sin t\u00edtulo)<\/a><span class=\"post-date\">21\/03\/2025<\/span><\/li>\n<li><a href=\"https:\/\/edublog.educastur.es\/ixuxu\/2025\/03\/primavera-nuvieu\/\">Primavera n\u2019Uvi\u00e9u<\/a><span class=\"post-date\">21\/03\/2025<\/span><\/li>\n<li><a href=\"https:\/\/edublog.educastur.es\/ixuxu\/2025\/03\/estau-del-tiempu-vienres-21-marzu-2025\/\">El tiempu (El Comercio)<\/a><span class=\"post-date\">21\/03\/2025<\/span><\/li>\n<li><a href=\"https:\/\/edublog.educastur.es\/ixuxu\/2025\/03\/31153\/\">(sin t\u00edtulo)<\/a><span class=\"post-date\">21\/03\/2025<\/span><\/li>\n<li><a href=\"https:\/\/edublog.educastur.es\/ixuxu\/2025\/03\/44365\/\">POEX Xix\u00f3n, charra y lectura po\u00e9tica de tres grandes plumes asturianes: Pi\u00f1\u00e1n, Casta\u00f1\u00f3n y Torres<\/a><span class=\"post-date\">20\/03\/2025<\/span><\/li>\n<li><a href=\"https:\/\/edublog.educastur.es\/ixuxu\/2025\/03\/les-noticies-del-xueves-20-de-marzu-de-2025-nasturianu-tpanoticies\/\">Les noticies del xueves 20 de marzu de 2025 n\u2019asturianu #TPANoticies<\/a><span class=\"post-date\">20\/03\/2025<\/span><\/li>\n<li><a href=\"https:\/\/edublog.educastur.es\/ixuxu\/2025\/03\/44950\/\">Refranes asturianos<\/a><span class=\"post-date\">20\/03\/2025<\/span><\/li>\n<li><a href=\"https:\/\/edublog.educastur.es\/ixuxu\/2025\/03\/44315\/\">(sin t\u00edtulo)<\/a><span class=\"post-date\">20\/03\/2025<\/span><\/li>\n<li><a href=\"https:\/\/edublog.educastur.es\/ixuxu\/2025\/03\/dicires-nasturianu-6\/\">Dicires n\u2019asturianu<\/a><span class=\"post-date\">20\/03\/2025<\/span><\/li>\n<li><a href=\"https:\/\/edublog.educastur.es\/ixuxu\/2025\/03\/44309\/\">(sin t\u00edtulo)<\/a><span class=\"post-date\">20\/03\/2025<\/span><\/li>\n<li><a href=\"https:\/\/edublog.educastur.es\/ixuxu\/2025\/03\/i-feria-dinnovacion-y-creativida-universida-duvieu\/\">I Feria d\u2019Innovaci\u00f3n y Creativid\u00e1 (Universid\u00e1 d\u2019Uvi\u00e9u)<\/a><span class=\"post-date\">20\/03\/2025<\/span><\/li>\n<li><a href=\"https:\/\/edublog.educastur.es\/ixuxu\/2025\/03\/esposicion-en-llanes-asina-ye-lespectacular-mural-dun-pintor-llaniscu\/\">Esposici\u00f3n en Llanes: asina ye l\u2019espectacular mural d\u2019un pintor llaniscu<\/a><span class=\"post-date\">20\/03\/2025<\/span><\/li>\n<li><a href=\"https:\/\/edublog.educastur.es\/ixuxu\/2025\/03\/entamu-de-la-primavera\/\">Entamu de la primavera<\/a><span class=\"post-date\">20\/03\/2025<\/span><\/li>\n<li><a href=\"https:\/\/edublog.educastur.es\/ixuxu\/2025\/03\/dia-mundial-de-la-farina\/\">D\u00eda Mundial de la Farina<\/a><span class=\"post-date\">20\/03\/2025<\/span><\/li>\n<li><a href=\"https:\/\/edublog.educastur.es\/ixuxu\/2025\/03\/guei-celebrasel-dia-de-la-felicida-segun-la-onu\/\">G\u00fcei cel\u00e9brase\u2019l D\u00eda de la Felicid\u00e1, seg\u00fan la ONU.<\/a><span class=\"post-date\">20\/03\/2025<\/span><\/li>\n<li><a href=\"https:\/\/edublog.educastur.es\/ixuxu\/2025\/03\/44101\/\">(sin t\u00edtulo)<\/a><span class=\"post-date\">20\/03\/2025<\/span><\/li>\n<li><a href=\"https:\/\/edublog.educastur.es\/ixuxu\/2025\/03\/les-noticies\/\">D\u00eda de la Narraci\u00f3n Oral<\/a><span class=\"post-date\">20\/03\/2025<\/span><\/li>\n<li><a href=\"https:\/\/edublog.educastur.es\/ixuxu\/2025\/03\/dia-internacional-de-la-felicid\/\">D\u00eda Internacional de la Felicid\u00e1<\/a><span class=\"post-date\">20\/03\/2025<\/span><\/li>\n<li><a href=\"https:\/\/edublog.educastur.es\/ixuxu\/2025\/03\/asturies-rexistra-esta-manana-una-decena-de-quemes-forestales-en-dolce-conceyos\/\">Asturies rexistra esta ma\u00f1ana una decena de quemes forestales en dolce conceyos.<\/a><span class=\"post-date\">20\/03\/2025<\/span><\/li>\n<li><a href=\"https:\/\/edublog.educastur.es\/ixuxu\/2025\/03\/guei-llega-la-primavera-la-estacion-favorita-de-la-naturaleza\/\">G\u00fcei llega la primavera, la estaci\u00f3n favorita de la naturaleza.\u2026<\/a><span class=\"post-date\">20\/03\/2025<\/span><\/li>\n<li><a href=\"https:\/\/edublog.educastur.es\/ixuxu\/2025\/03\/estau-del-tiempu-xueves-20-marzu-2025\/\">Est\u00e1u del tiempu: xueves 20 marzu 2025<\/a><span class=\"post-date\">20\/03\/2025<\/span><\/li>\n<li><a href=\"https:\/\/edublog.educastur.es\/ixuxu\/2025\/03\/les-noticies-del-miercoles-19-de-marzu-de-2025-nasturianu-tpanoticies\/\">Les noticies del mi\u00e9rcoles 19 de marzu de 2025 n\u2019asturianu #TPANoticies<\/a><span class=\"post-date\">19\/03\/2025<\/span><\/li>\n<li><a href=\"https:\/\/edublog.educastur.es\/ixuxu\/2025\/03\/tabla-periodica-de-los-elementos-quimicos-y-les-sos-aplicaciones\/\">Tabla peri\u00f3dica de los elementos qu\u00edmicos y les sos aplicaciones n\u2019asturianu.<\/a><span class=\"post-date\">19\/03\/2025<\/span><\/li>\n<li><a href=\"https:\/\/edublog.educastur.es\/ixuxu\/2025\/03\/propuesta-del-club-de-futbol-femenino-frida-pa-toles-nenes-del-barriu\/\">Propuesta del club de f\u00fatbol femenino \u00abFrida CFF\u00bb pa toles ne\u00f1es del barriu<\/a><span class=\"post-date\">19\/03\/2025<\/span><\/li>\n<li><a href=\"https:\/\/edublog.educastur.es\/ixuxu\/2025\/03\/sabes-que-significa-quuvieu-aspire-a-ser-capital-europea-de-la-cultura-2031\/\">\u00bfSabes qu\u00e9 significa qu\u2019Uvi\u00e9u aspire a ser Capital Europea de la Cultura 2031?<\/a><span class=\"post-date\">19\/03\/2025<\/span><\/li>\n<li><a href=\"https:\/\/edublog.educastur.es\/ixuxu\/2025\/03\/44220\/\">(sin t\u00edtulo)<\/a><span class=\"post-date\">19\/03\/2025<\/span><\/li>\n<li><a href=\"https:\/\/edublog.educastur.es\/ixuxu\/2025\/03\/salu-actualizal-calendariu-de-vacunacion-infantil\/\">Sal\u00fa actualiza\u2019l calendariu de vacunaci\u00f3n infantil<\/a><span class=\"post-date\">19\/03\/2025<\/span><\/li>\n<li><a href=\"https:\/\/edublog.educastur.es\/ixuxu\/2025\/03\/gracies-por-tar-ende-sofitando-a-esta-deportista-de-la-vida\/\">Gracies por tar ende sofitando a esta deportista de la vida.<\/a><span class=\"post-date\">19\/03\/2025<\/span><\/li>\n<li><a href=\"https:\/\/edublog.educastur.es\/ixuxu\/2025\/03\/el-programa-deducacion-ambiental-guxarapu\/\">El Programa d\u2019educaci\u00f3n ambiental \u00abGuxarapu\u00bb<\/a><span class=\"post-date\">19\/03\/2025<\/span><\/li>\n<li><a href=\"https:\/\/edublog.educastur.es\/ixuxu\/2025\/03\/estes-son-les-22-meyores-fabaes-del-mundu-en-2025\/\">Estes son les 22 meyores fabaes del mundu en 2025<\/a><span class=\"post-date\">19\/03\/2025<\/span><\/li>\n<li><a href=\"https:\/\/edublog.educastur.es\/ixuxu\/2025\/03\/asina-foi-la-primera-bocartada-de-la-temporada-en-xixon\/\">Asina foi la primera bocartada de la temporada en Xix\u00f3n<\/a><span class=\"post-date\">19\/03\/2025<\/span><\/li>\n<li><a href=\"https:\/\/edublog.educastur.es\/ixuxu\/2025\/03\/44196\/\">(sin t\u00edtulo)<\/a><span class=\"post-date\">19\/03\/2025<\/span><\/li>\n<li><a href=\"https:\/\/edublog.educastur.es\/ixuxu\/2025\/03\/refranes-asturianos-9\/\">Refranes asturianos 9<\/a><span class=\"post-date\">19\/03\/2025<\/span><\/li>\n<li><a href=\"https:\/\/edublog.educastur.es\/ixuxu\/2025\/03\/linstintu-del-trunfu-primer-subida-al-picu-urriellu\/\">L\u2019instintu del trunfu: Primer subida al Picu Urriellu<\/a><span class=\"post-date\">19\/03\/2025<\/span><\/li>\n<li><a href=\"https:\/\/edublog.educastur.es\/ixuxu\/2025\/03\/has-visitar-estos-pueblos-y-ver-los-sos-horros\/\">\u00a1Has visitar estos pueblos y ver los sos horros!<\/a><span class=\"post-date\">19\/03\/2025<\/span><\/li>\n<li><a href=\"https:\/\/edublog.educastur.es\/ixuxu\/2025\/03\/segun-el-112-asturies-va-poder-haber-raches-de-vientu-al-mediudia\/\">Seg\u00fan el 112 Asturies va poder haber raches de vientu al mediud\u00eda<\/a><span class=\"post-date\">19\/03\/2025<\/span><\/li>\n<li><a href=\"https:\/\/edublog.educastur.es\/ixuxu\/2025\/03\/44191\/\">(sin t\u00edtulo)<\/a><span class=\"post-date\">19\/03\/2025<\/span><\/li>\n<li><a href=\"https:\/\/edublog.educastur.es\/ixuxu\/2025\/03\/la-primavera-ya-ta-cerca\/\">La primavera y\u00e1 ta cerca<\/a><span class=\"post-date\">19\/03\/2025<\/span><\/li>\n<li><a href=\"https:\/\/edublog.educastur.es\/ixuxu\/2025\/03\/un-fotografu-llogro-prindar-la-rara-via-lactea-doble-arcu\/\">Un fot\u00f3grafu llogr\u00f3 prindar la rara V\u00eda L\u00e1ctea doble arcu<\/a><span class=\"post-date\">19\/03\/2025<\/span><\/li>\n<li><a href=\"https:\/\/edublog.educastur.es\/ixuxu\/2025\/03\/alerta-astronomica-otru-eclis\/\">Alerta astron\u00f3mica: otru ecl\u00eds<\/a><span class=\"post-date\">19\/03\/2025<\/span><\/li>\n<li><a href=\"https:\/\/edublog.educastur.es\/ixuxu\/2025\/03\/el-tiempu-el-comercio-27\/\">El tiempu (El Comercio)<\/a><span class=\"post-date\">19\/03\/2025<\/span><\/li>\n<li><a href=\"https:\/\/edublog.educastur.es\/ixuxu\/2025\/03\/melodia-de-dime-paxarin-parleru\/\">Melod\u00eda de \u00abDime paxar\u00edn parleru\u00bb<\/a><span class=\"post-date\">18\/03\/2025<\/span><\/li>\n<li><a href=\"https:\/\/edublog.educastur.es\/ixuxu\/2025\/03\/lantroxu-foi-lempiezu-duna-nueva-era-en-la-benefica-pilona\/\">L\u2019Antroxu foi l\u2019empiezu d\u2019una nueva era en La Ben\u00e9fica (Pilo\u00f1a)<\/a><span class=\"post-date\">18\/03\/2025<\/span><\/li>\n<li><a href=\"https:\/\/edublog.educastur.es\/ixuxu\/2025\/03\/les-noticies-del-martes-18-de-marzu-de-2025-nasturianu-tpanoticies\/\">Les noticies del martes 18 de marzu de 2025 n\u2019asturianu #TPANoticies<\/a><span class=\"post-date\">18\/03\/2025<\/span><\/li>\n<li><a href=\"https:\/\/edublog.educastur.es\/ixuxu\/2025\/03\/promocion-del-cine-y-el-sector-audiovisual\/\">Promoci\u00f3n del cine y sector audiovisual<\/a><span class=\"post-date\">18\/03\/2025<\/span><\/li>\n<li><a href=\"https:\/\/edublog.educastur.es\/ixuxu\/2025\/03\/la-pandereta-ye-pueblu-ye-llingua-ye-poderio-ye-red-ye-comuna-ye-cultura-ye-patrimoniu-ye-identida\/\">La Pandereta ye pueblu, ye llingua, ye poder\u00edo, ye red, ye comu\u00f1a, ye cultura, ye patrimoniu, ye identid\u00e1\u2026<\/a><span class=\"post-date\">18\/03\/2025<\/span><\/li>\n<li><a href=\"https:\/\/edublog.educastur.es\/ixuxu\/2025\/03\/el-llaboratoriu-de-playpresta\/\">El llaboratoriu de PlayPresta<\/a><span class=\"post-date\">18\/03\/2025<\/span><\/li>\n<li><a href=\"https:\/\/edublog.educastur.es\/ixuxu\/2025\/03\/lhorticultor-xixones-carlos-madalena-ente-les-33-figures-internacionales-que-tan-camudandol-mundu\/\">L\u2019horticultor xixon\u00e9s Carlos Madalena, ente les 33 figures internacionales \u00abque t\u00e1n camudando\u2019l mundu\u00bb<\/a><span class=\"post-date\">18\/03\/2025<\/span><\/li>\n<li><a href=\"https:\/\/edublog.educastur.es\/ixuxu\/2025\/03\/manana-mui-entretenida-con-esta-pareya-de-somormujos-lavancos\/\">Pareya de somormujos lavancos.<\/a><span class=\"post-date\">18\/03\/2025<\/span><\/li>\n<li><a href=\"https:\/\/edublog.educastur.es\/ixuxu\/2025\/03\/44165\/\">(sin t\u00edtulo)<\/a><span class=\"post-date\">18\/03\/2025<\/span><\/li>\n<li><a href=\"https:\/\/edublog.educastur.es\/ixuxu\/2025\/03\/una-hestoria-de-setes-de-dos-pisos\/\">Hestoria de \u00a1setes de dos pisos!<\/a><span class=\"post-date\">18\/03\/2025<\/span><\/li>\n<li><a href=\"https:\/\/edublog.educastur.es\/ixuxu\/2025\/03\/espectaculares-semeyes-de-flores-rellumando\/\">Espectaculares semeyes de flores rellumando<\/a><span class=\"post-date\">18\/03\/2025<\/span><\/li>\n<li><a href=\"https:\/\/edublog.educastur.es\/ixuxu\/2025\/03\/protexeles-les-caparines-ye-caltener-lequilibriu-natural\/\">Protexeles les caparines ye caltener l\u2019equilibriu natural<\/a><span class=\"post-date\">18\/03\/2025<\/span><\/li>\n<li><a href=\"https:\/\/edublog.educastur.es\/ixuxu\/2025\/03\/43945\/\">(sin t\u00edtulo)<\/a><span class=\"post-date\">18\/03\/2025<\/span><\/li>\n<li><a href=\"https:\/\/edublog.educastur.es\/ixuxu\/2025\/03\/el-foin-conxelau-nalemana-la-hestoria-detras-duna-imaxe-viral\/\">El fo\u00edn conxel\u00e1u n\u2019Alema\u00f1a: la hestoria detr\u00e1s d\u2019una imaxe viral<\/a><span class=\"post-date\">18\/03\/2025<\/span><\/li>\n<li><a href=\"https:\/\/edublog.educastur.es\/ixuxu\/2025\/03\/llega-la-primavera-con-temperatures-que-ronden-los-20-graos\/\">Llega la primavera con temperatures que ronden los 20 graos<\/a><span class=\"post-date\">18\/03\/2025<\/span><\/li>\n<li><a href=\"https:\/\/edublog.educastur.es\/ixuxu\/2025\/03\/el-tiempu-el-comercio-26\/\">El tiempu (El Comercio)<\/a><span class=\"post-date\">18\/03\/2025<\/span><\/li>\n<li><a href=\"https:\/\/edublog.educastur.es\/ixuxu\/2025\/03\/estau-del-tiempu-martes-18-de-marzu-2025\/\">Est\u00e1u del tiempu: martes 18 de marzu 2025<\/a><span class=\"post-date\">18\/03\/2025<\/span><\/li>\n<li><a href=\"https:\/\/edublog.educastur.es\/ixuxu\/2025\/03\/poesia-apazible-para-celebrar-el-dia-mundial-de-la-poesia\/\">\u00abPoes\u00eda aPAZible\u00bb, para celebrar el D\u00eda Mundial de la Poes\u00eda<\/a><span class=\"post-date\">17\/03\/2025<\/span><\/li>\n<li><a href=\"https:\/\/edublog.educastur.es\/ixuxu\/2025\/03\/les-noticies-del-llunes-17-de-marzu-de-2025-nasturianu-tpanoticies\/\">Les noticies del llunes 17 de marzu de 2025 n\u2019asturianu #TPANoticies<\/a><span class=\"post-date\">17\/03\/2025<\/span><\/li>\n<li><a href=\"https:\/\/edublog.educastur.es\/ixuxu\/2025\/03\/san-patriciu\/\">San Patriciu, una de les festividaes m\u00e1s celebraes nel mundu<\/a><span class=\"post-date\">17\/03\/2025<\/span><\/li>\n<li><a href=\"https:\/\/edublog.educastur.es\/ixuxu\/2025\/03\/sofitos-y-felicitaciones-a-la-banda-de-gaites-villa-de-xixon\/\">La Banda de gaites \u00abVilla de Xix\u00f3n\u00bb desfila peles cais de Nueva York<\/a><span class=\"post-date\">17\/03\/2025<\/span><\/li>\n<li><a href=\"https:\/\/edublog.educastur.es\/ixuxu\/2025\/03\/campana-nun-ye-maxa-ye-agua\/\">Campa\u00f1a \u00abNun ye maxa, ye agua\u00bb<\/a><span class=\"post-date\">17\/03\/2025<\/span><\/li>\n<li><a href=\"https:\/\/edublog.educastur.es\/ixuxu\/2025\/03\/44044\/\">Segundu nel \u00abIII Certame Talentos\u00bb col postre,\u00a0 \u2018La mazana d\u2019Eva\u2019,<\/a><span class=\"post-date\">17\/03\/2025<\/span><\/li>\n<li><a href=\"https:\/\/edublog.educastur.es\/ixuxu\/2025\/03\/la-seleccion-espanola-de-baloncestu-3x3-cuelgase-otra-medaya-de-plata\/\">La selecci\u00f3n espa\u00f1ola de Baloncestu 3\u00d73 cu\u00e9lgase otra medaya de plata<\/a><span class=\"post-date\">17\/03\/2025<\/span><\/li>\n<li><a href=\"https:\/\/edublog.educastur.es\/ixuxu\/2025\/03\/ya-ta-na-cai-la-revista-la-sidra-del-mes-de-marzu\/\">Y\u00e1 ta na cai la revista LA SIDRA del mes de marzu.<\/a><span class=\"post-date\">17\/03\/2025<\/span><\/li>\n<li><a href=\"https:\/\/edublog.educastur.es\/ixuxu\/2025\/03\/dicires-nasturianu-5\/\">Dicires n\u2019asturianu<\/a><span class=\"post-date\">17\/03\/2025<\/span><\/li>\n<li><a href=\"https:\/\/edublog.educastur.es\/ixuxu\/2025\/03\/monumentu-2\/\">\u00abMonumentu\u00bb<\/a><span class=\"post-date\">17\/03\/2025<\/span><\/li>\n<li><a href=\"https:\/\/edublog.educastur.es\/ixuxu\/2025\/03\/dia-del-comic-y-del-tebeu\/\">D\u00eda del C\u00f3mic y del Teb\u00e9u<\/a><span class=\"post-date\">17\/03\/2025<\/span><\/li>\n<li><a href=\"https:\/\/edublog.educastur.es\/ixuxu\/2025\/03\/el-tiempu-el-comercio-25\/\">El tiempu (El Comercio)<\/a><span class=\"post-date\">17\/03\/2025<\/span><\/li>\n<li><a href=\"https:\/\/edublog.educastur.es\/ixuxu\/2025\/03\/les-noticies-del-domingu-16-de-marzu-de-2025-nasturianu-tpanoticies\/\">Les noticies del domingu 16 de marzu de 2025 n\u2019asturianu #TPANoticies<\/a><span class=\"post-date\">16\/03\/2025<\/span><\/li>\n<li><a href=\"https:\/\/edublog.educastur.es\/ixuxu\/2025\/03\/cenicientes-del-carbon-unu-de-les-nueves-temes-de-marisa-valle-roso\/\">\u201cCenicientes del carb\u00f3n\u201d unu de les nueves temes de Marisa Valle Roso<\/a><span class=\"post-date\">16\/03\/2025<\/span><\/li>\n<li><a href=\"https:\/\/edublog.educastur.es\/ixuxu\/2025\/03\/presentamonos-somos-rellume\/\">Present\u00e1monos, somos \u00abRellume\u00bb<\/a><span class=\"post-date\">16\/03\/2025<\/span><\/li>\n<li><a href=\"https:\/\/edublog.educastur.es\/ixuxu\/2025\/03\/poesia-del-autor-italianu-gianni-rodari-el-magu-de-les-palabres\/\">Poes\u00eda del autor italianu Gianni Rodari, el magu de les palabres.<\/a><span class=\"post-date\">16\/03\/2025<\/span><\/li>\n<li><a href=\"https:\/\/edublog.educastur.es\/ixuxu\/2025\/03\/protexer-la-tierra-nun-ye-solo-una-responsabilida\/\">Protexer la Tierra nun ye solo una responsabilid\u00e1, sin\u00f3n una necesid\u00e1 urxente<\/a><span class=\"post-date\">16\/03\/2025<\/span><\/li>\n<li><a href=\"https:\/\/edublog.educastur.es\/ixuxu\/2025\/03\/refranes-asturianos-8\/\">Refranes asturianos 8<\/a><span class=\"post-date\">16\/03\/2025<\/span><\/li>\n<li><a href=\"https:\/\/edublog.educastur.es\/ixuxu\/2025\/03\/les-cigarreres-fueron-pioneres-del-asociacionismu-femenin-na-ciuda-de-xixon\/\">Les cigarreres fueron pioneres del asociacionismu femen\u00edn na ciud\u00e1 de Xix\u00f3n<\/a><span class=\"post-date\">16\/03\/2025<\/span><\/li>\n<li><a href=\"https:\/\/edublog.educastur.es\/ixuxu\/2025\/03\/43928\/\">(sin t\u00edtulo)<\/a><span class=\"post-date\">16\/03\/2025<\/span><\/li>\n<li><a href=\"https:\/\/edublog.educastur.es\/ixuxu\/2025\/03\/el-cume-del-picu-tiatordos\/\">El cume del Picu Tiatordos (1951 metros)<\/a><span class=\"post-date\">16\/03\/2025<\/span><\/li>\n<li><a href=\"https:\/\/edublog.educastur.es\/ixuxu\/2025\/03\/interpretamos-un-cartelu-8\/\">Interpretamos un cartelu \u00abCaleyando per Nava\u00bb<\/a><span class=\"post-date\">16\/03\/2025<\/span><\/li>\n<li><a href=\"https:\/\/edublog.educastur.es\/ixuxu\/2025\/03\/andar-a-la-parpayuela\/\">\u00abAndar a la parpayuela\u00bb<\/a><span class=\"post-date\">16\/03\/2025<\/span><\/li>\n<li><a href=\"https:\/\/edublog.educastur.es\/ixuxu\/2025\/03\/dia-nacional-del-oso-panda\/\">D\u00eda Nacional del Oso Panda<\/a><span class=\"post-date\">16\/03\/2025<\/span><\/li>\n<li><a href=\"https:\/\/edublog.educastur.es\/ixuxu\/2025\/03\/el-tiempu-el-comercio-24\/\">El tiempu (El Comercio)<\/a><span class=\"post-date\">16\/03\/2025<\/span><\/li>\n<li><a href=\"https:\/\/edublog.educastur.es\/ixuxu\/2025\/03\/cartelos-xv-primer-sidre-lanu\/\">Cartelos: XV Primer Sidre L\u2019A\u00f1u<\/a><span class=\"post-date\">15\/03\/2025<\/span><\/li>\n<li><a href=\"https:\/\/edublog.educastur.es\/ixuxu\/2025\/03\/les-noticies-del-sabadu-15-de-marzu-de-2025-nasturianu-tpanoticies\/\">Les noticies del s\u00e1badu 15 de marzu de 2025 n\u2019asturianu #TPANoticies<\/a><span class=\"post-date\">15\/03\/2025<\/span><\/li>\n<li><a href=\"https:\/\/edublog.educastur.es\/ixuxu\/2025\/03\/43889\/\">(sin t\u00edtulo)<\/a><span class=\"post-date\">15\/03\/2025<\/span><\/li>\n<li><a href=\"https:\/\/edublog.educastur.es\/ixuxu\/2025\/03\/ultimos-desfiles-dantroxu-en-llena-y-pilona\/\">\u00daltimos desfiles d\u2019Antroxu en Llena y Pilo\u00f1a<\/a><span class=\"post-date\">15\/03\/2025<\/span><\/li>\n<li><a href=\"https:\/\/edublog.educastur.es\/ixuxu\/2025\/03\/disenu-del-cartelu-oficial-de-lavueltafem-2025\/\">Dise\u00f1u del cartelu oficial de @lavueltafem 2025<\/a><span class=\"post-date\">15\/03\/2025<\/span><\/li>\n<li><a href=\"https:\/\/edublog.educastur.es\/ixuxu\/2025\/03\/rafa-nadal-referente-nel-deporte\/\">Rafa Nadal, referente nel deporte<\/a><span class=\"post-date\">15\/03\/2025<\/span><\/li>\n<li><a href=\"https:\/\/edublog.educastur.es\/ixuxu\/2025\/03\/poema-de-angeles-carbajal\/\">Poema d\u2019\u00c1ngeles Carbajal<\/a><span class=\"post-date\">15\/03\/2025<\/span><\/li>\n<li><a href=\"https:\/\/edublog.educastur.es\/ixuxu\/2025\/03\/una-riestra-de-panoyes-colgaes-de-los-gabitos-en-samartin-dozcos\/\">Una riestra de panoyes colgaes de los gabitos en Samart\u00edn d\u2019Ozcos<\/a><span class=\"post-date\">15\/03\/2025<\/span><\/li>\n<li><a href=\"https:\/\/edublog.educastur.es\/ixuxu\/2025\/03\/les-noticies-2\/\">Les Noticies<\/a><span class=\"post-date\">15\/03\/2025<\/span><\/li>\n<li><a href=\"https:\/\/edublog.educastur.es\/ixuxu\/2025\/03\/el-balagar-nun-se-fai-sin-yerba\/\">El balagar nun se fai sin yerba<\/a><span class=\"post-date\">15\/03\/2025<\/span><\/li>\n<li><a href=\"https:\/\/edublog.educastur.es\/ixuxu\/2025\/03\/rescamplau\/\">\u00abRescampl\u00e1u\u00bb<\/a><span class=\"post-date\">15\/03\/2025<\/span><\/li>\n<li><a href=\"https:\/\/edublog.educastur.es\/ixuxu\/2025\/03\/la-escandalera-va-tener-una-escalinata-frente-al-campoamor\/\">La Escandalera va tener una escalinata frente al Campoamor<\/a><span class=\"post-date\">15\/03\/2025<\/span><\/li>\n<li><a href=\"https:\/\/edublog.educastur.es\/ixuxu\/2025\/03\/cola-intelixencia-artificial\/\">Dalgo terrible asocedi\u00f3\u2026<\/a><span class=\"post-date\">15\/03\/2025<\/span><\/li>\n<li><a href=\"https:\/\/edublog.educastur.es\/ixuxu\/2025\/03\/llaboral-centru-darte-y-creacion-industrial-publica-la-convocatoria-pa-cubrir-el-puestu-de-direccion\/\">LLABoral Centru d\u2019Arte y Creaci\u00f3n Industrial publica la convocatoria pa cubrir el puestu de direcci\u00f3n<\/a><span class=\"post-date\">15\/03\/2025<\/span><\/li>\n<li><a href=\"https:\/\/edublog.educastur.es\/ixuxu\/2025\/03\/el-desafiu-2025dalimerka\/\">\u201cEl Desaf\u00edu 2025\u201d de supermercaos Alimerka<\/a><span class=\"post-date\">15\/03\/2025<\/span><\/li>\n<li><a href=\"https:\/\/edublog.educastur.es\/ixuxu\/2025\/03\/sotripar\/\">\u201cSotripar\u201d<\/a><span class=\"post-date\">15\/03\/2025<\/span><\/li>\n<li><a href=\"https:\/\/edublog.educastur.es\/ixuxu\/2025\/03\/activida-esperimenta-la-coeducacion\/\">Activida \u00abEsperimenta la coeducaci\u00f3n\u00bb<\/a><span class=\"post-date\">15\/03\/2025<\/span><\/li>\n<li><a href=\"https:\/\/edublog.educastur.es\/ixuxu\/2025\/03\/dia-mundial-contra-la-matanza-de-foques\/\">D\u00eda Mundial Contra la Matanza de Foques.<\/a><span class=\"post-date\">15\/03\/2025<\/span><\/li>\n<li><a href=\"https:\/\/edublog.educastur.es\/ixuxu\/2025\/03\/dia-mundial-de-los-derechos-del-consumidor\/\">D\u00eda Mundial de los Derechos del Consumidor<\/a><span class=\"post-date\">15\/03\/2025<\/span><\/li>\n<li><a href=\"https:\/\/edublog.educastur.es\/ixuxu\/2025\/03\/leclis-llunar-total-lluna-de-sangre-de-marzu\/\">L\u2019ecl\u00eds llunar total: \u00abLluna de Sangre\u00bb de marzu<\/a><span class=\"post-date\">15\/03\/2025<\/span><\/li>\n<li><a href=\"https:\/\/edublog.educastur.es\/ixuxu\/2025\/03\/el-tiempu-el-comercio-23\/\">El tiempu (El Comercio)<\/a><span class=\"post-date\">15\/03\/2025<\/span><\/li>\n<li><a href=\"https:\/\/edublog.educastur.es\/ixuxu\/2025\/03\/43803\/\">(sin t\u00edtulo)<\/a><span class=\"post-date\">15\/03\/2025<\/span><\/li>\n<li><a href=\"https:\/\/edublog.educastur.es\/ixuxu\/2025\/03\/les-noticies-del-vienres-14-de-marzu-de-2025-nasturianu-tpanoticies\/\">Les noticies del vienres 14 de marzu de 2025 n\u2019asturianu #TPANoticies<\/a><span class=\"post-date\">14\/03\/2025<\/span><\/li>\n<li><a href=\"https:\/\/edublog.educastur.es\/ixuxu\/2025\/03\/inauguracion-de-la-benefica-en-pilona\/\">Inauguraci\u00f3n de La Ben\u00e9fica en Pilo\u00f1a<\/a><span class=\"post-date\">14\/03\/2025<\/span><\/li>\n<li><a href=\"https:\/\/edublog.educastur.es\/ixuxu\/2025\/03\/43670\/\">(sin t\u00edtulo)<\/a><span class=\"post-date\">14\/03\/2025<\/span><\/li>\n<li><a href=\"https:\/\/edublog.educastur.es\/ixuxu\/2025\/03\/prehistovisites-a-les-corralaes-danimales-del-parque-la-prehistoria-teberga\/\">Prehistovisites a les corralaes d\u2019animales del Parque la Prehistoria (Teberga)<\/a><span class=\"post-date\">14\/03\/2025<\/span><\/li>\n<li><a href=\"https:\/\/edublog.educastur.es\/ixuxu\/2025\/03\/materiales-del-i-plan-digualda-de-lalministracion-del-principau-dasturies\/\">Materiales del I Plan d\u2019Iguald\u00e1 de l\u2019Alministraci\u00f3n del Princip\u00e1u d\u2019Asturies<\/a><span class=\"post-date\">14\/03\/2025<\/span><\/li>\n<li><a href=\"https:\/\/edublog.educastur.es\/ixuxu\/2025\/03\/va-cinco-anos-la-covid-nos-confinaba-nes-nueses-cases\/\">Va cinco a\u00f1os la COVID nos confinaba nes nueses cases.<\/a><span class=\"post-date\">14\/03\/2025<\/span><\/li>\n<li><a href=\"https:\/\/edublog.educastur.es\/ixuxu\/2025\/03\/14-de-marzu-triple-celebracion\/\">14 de marzu: Triple celebraci\u00f3n<\/a><span class=\"post-date\">14\/03\/2025<\/span><\/li>\n<li><a href=\"https:\/\/edublog.educastur.es\/ixuxu\/2025\/03\/dia-internacional-de-laccion-pelos-rios\/\">D\u00eda Internacional de l\u2019Acci\u00f3n pelos R\u00edos<\/a><span class=\"post-date\">14\/03\/2025<\/span><\/li>\n<li><a href=\"https:\/\/edublog.educastur.es\/ixuxu\/2025\/03\/piiii-piiii-dia-del-numberu-pi-y-de-les-matematiques\/\">\u00a1Piiii, piiii! D\u00eda del N\u00famberu Pi y de les Matem\u00e1tiques<\/a><span class=\"post-date\">14\/03\/2025<\/span><\/li>\n<li><a href=\"https:\/\/edublog.educastur.es\/ixuxu\/2025\/03\/el-tiempu-rtpa\/\">El tiempu na RTPA<\/a><span class=\"post-date\">14\/03\/2025<\/span><\/li>\n<li><a href=\"https:\/\/edublog.educastur.es\/ixuxu\/2025\/03\/43742\/\">El tiempu (El Comercio)<\/a><span class=\"post-date\">14\/03\/2025<\/span><\/li>\n<li><a href=\"https:\/\/edublog.educastur.es\/ixuxu\/2025\/03\/estau-del-tiempu-vienres-14-marzu-2025\/\">Est\u00e1u del tiempu: vienres 14 marzu 2025<\/a><span class=\"post-date\">14\/03\/2025<\/span><\/li>\n<li><a href=\"https:\/\/edublog.educastur.es\/ixuxu\/2025\/03\/el-camin-de-santiago-de-la-marina-nasturies\/\">El Cam\u00edn de Santiago de la Mari\u00f1a n\u2019Asturies<\/a><span class=\"post-date\">13\/03\/2025<\/span><\/li>\n<li><a href=\"https:\/\/edublog.educastur.es\/ixuxu\/2025\/03\/43718\/\">(sin t\u00edtulo)<\/a><span class=\"post-date\">13\/03\/2025<\/span><\/li>\n<li><a href=\"https:\/\/edublog.educastur.es\/ixuxu\/2025\/03\/el-duu-mestura-asoleya-un-adelantu-del-so-proximu-discu\/\">El D\u00fau Mestura asoleya un adelantu \u00abNun son Ulises\u00bb del so discu \u00abAbre la ventana\u00bb<\/a><span class=\"post-date\">13\/03\/2025<\/span><\/li>\n<li><a href=\"https:\/\/edublog.educastur.es\/ixuxu\/2025\/03\/la-musica-nasturianu-va-tar-presente-na-xira-didactica\/\">La m\u00fasica n\u2019asturianu va tar presente na Xira Did\u00e1ctica<\/a><span class=\"post-date\">13\/03\/2025<\/span><\/li>\n<li><a href=\"https:\/\/edublog.educastur.es\/ixuxu\/2025\/03\/va-tres-anos-tovia-tabemos-asina\/\">Va tres a\u00f1os tov\u00eda t\u00e1bemos asina, saliendo del andanciu<\/a><span class=\"post-date\">13\/03\/2025<\/span><\/li>\n<li><a href=\"https:\/\/edublog.educastur.es\/ixuxu\/2025\/03\/envernia-hibernacion-na-fundacion-oso-dasturies\/\">Hibernaci\u00f3n na Fundaci\u00f3n Oso d\u2019Asturies<\/a><span class=\"post-date\">13\/03\/2025<\/span><\/li>\n<li><a href=\"https:\/\/edublog.educastur.es\/ixuxu\/2025\/03\/iniciatives-culturales-notables\/\">\u00abIniciatives culturales notables\u00bb<\/a><span class=\"post-date\">13\/03\/2025<\/span><\/li>\n<li><a href=\"https:\/\/edublog.educastur.es\/ixuxu\/2025\/03\/dende-lantigua-grecia-educar-yera-y-ye-acompanar\/\">Dende l\u2019antigua Grecia \u00abeducar yera y ye acompa\u00f1ar\u00bb.<\/a><span class=\"post-date\">13\/03\/2025<\/span><\/li>\n<li><a href=\"https:\/\/edublog.educastur.es\/ixuxu\/2025\/03\/pink-la-cara-fosil-mas-antigua-deuropa\/\">\u2018Pink\u2019, la cara f\u00f3sil m\u00e1s antigua d\u2019Europa<\/a><span class=\"post-date\">13\/03\/2025<\/span><\/li>\n<li><a href=\"https:\/\/edublog.educastur.es\/ixuxu\/2025\/03\/america-del-sur-apaez-nel-cordal-de-los-andes\/\">Am\u00e9rica del Sur, nel Cordal de los Andes.<\/a><span class=\"post-date\">13\/03\/2025<\/span><\/li>\n<li><a href=\"https:\/\/edublog.educastur.es\/ixuxu\/2025\/03\/charran-ana-ano\/\">\u201cCharr\u00e1n, -ana, -ano\u201d<\/a><span class=\"post-date\">13\/03\/2025<\/span><\/li>\n<li><a href=\"https:\/\/edublog.educastur.es\/ixuxu\/2025\/03\/43668\/\">(sin t\u00edtulo)<\/a><span class=\"post-date\">13\/03\/2025<\/span><\/li>\n<li><a href=\"https:\/\/edublog.educastur.es\/ixuxu\/2025\/03\/este-ye-ruperto-el-nuevu-dinosauriu-dasturies\/\">Este ye \u00abRuperto\u00bb, el nuevu dinosauriu d\u2019Asturies<\/a><span class=\"post-date\">13\/03\/2025<\/span><\/li>\n<li><a href=\"https:\/\/edublog.educastur.es\/ixuxu\/2025\/03\/dia-internacional-ensin-faltes-dortografia\/\">D\u00eda Internacional Ensin Faltes D\u2019Ortograf\u00eda<\/a><span class=\"post-date\">13\/03\/2025<\/span><\/li>\n<li><a href=\"https:\/\/edublog.educastur.es\/ixuxu\/2025\/03\/liviernu-aguanta-y-resistese-a-abandonar-el-principau\/\">L\u2019iviernu aguanta y res\u00edstese a abandonar el Princip\u00e1u.<\/a><span class=\"post-date\">13\/03\/2025<\/span><\/li>\n<li><a href=\"https:\/\/edublog.educastur.es\/ixuxu\/2025\/03\/activaul-plan-de-viabilida-ivernal-en-payares-y-el-guerna\/\">Activ\u00e1u\u2019l plan de viabilid\u00e1 ivernal en Payares y El G\u00fcerna<\/a><span class=\"post-date\">13\/03\/2025<\/span><\/li>\n<li><a href=\"https:\/\/edublog.educastur.es\/ixuxu\/2025\/03\/el-tiempu-el-comercio-22\/\">El tiempu (El Comercio)<\/a><span class=\"post-date\">13\/03\/2025<\/span><\/li>\n<li><a href=\"https:\/\/edublog.educastur.es\/ixuxu\/2025\/03\/estau-del-tiempu-xueves-13-marzu-2025\/\">Est\u00e1u del tiempu: xueves 13 marzu 2025<\/a><span class=\"post-date\">13\/03\/2025<\/span><\/li>\n<li><a href=\"https:\/\/edublog.educastur.es\/ixuxu\/2025\/03\/precuru-nes-carreteres-de-montana-ya-ta-nevando-en-cotes-altes\/\">\u00a1Precuru nes carreteres de monta\u00f1a! Y\u00e1 ta nevando en cotes altes<\/a><span class=\"post-date\">13\/03\/2025<\/span><\/li>\n<li><a href=\"https:\/\/edublog.educastur.es\/ixuxu\/2025\/03\/lluna-cuasi-llena\/\">Lluna cuasi llena<\/a><span class=\"post-date\">13\/03\/2025<\/span><\/li>\n<li><a href=\"https:\/\/edublog.educastur.es\/ixuxu\/2025\/03\/les-noticies-del-miercoles-12-de-marzu-de-2025-nasturianu-tpanoticies-18-h\/\">Les noticies del mi\u00e9rcoles 12 de marzu de 2025 n\u2019asturianu #TPANoticies 18 h<\/a><span class=\"post-date\">12\/03\/2025<\/span><\/li>\n<li><a href=\"https:\/\/edublog.educastur.es\/ixuxu\/2025\/03\/43636\/\">(sin t\u00edtulo)<\/a><span class=\"post-date\">12\/03\/2025<\/span><\/li>\n<li><a href=\"https:\/\/edublog.educastur.es\/ixuxu\/2025\/03\/cultura-y-educacion-ponen-en-marcha-una-%f0%9d%90%97%f0%9d%90%a2%f0%9d%90%ab%f0%9d%90%9a-%f0%9d%90%83%f0%9d%90%a2%f0%9d%90%9d%f0%9d%90%9a%f0%9d%90%9c%f0%9d%90%ad%f0%9d%90%a2%f0%9d%90%9c\/\">En marcha una Xira Did\u00e1ctica para ufiertar actividaes gratuites n\u2019asturianu y eonaviego<\/a><span class=\"post-date\">12\/03\/2025<\/span><\/li>\n<li><a href=\"https:\/\/edublog.educastur.es\/ixuxu\/2025\/03\/nos-cines-ambaxadores-foncalada-uvieu\/\">Nos cines \u00abEmbaxadores\u00bb Foncalada, Uvi\u00e9u<\/a><span class=\"post-date\">12\/03\/2025<\/span><\/li>\n<li><a href=\"https:\/\/edublog.educastur.es\/ixuxu\/2025\/03\/cuentos-de-trazu-sueltu-nueva-historia-duna-trasga-mui-especial\/\">Cuentos de trazu sueltu: nueva historia d\u2019una Trasga mui especial<\/a><span class=\"post-date\">12\/03\/2025<\/span><\/li>\n<li><a href=\"https:\/\/edublog.educastur.es\/ixuxu\/2025\/03\/del-4-al-6-dabril-folixa-na-primavera-en-mieres\/\">Del 4 al 6 d\u2019abril, Folixa na Primavera en Mieres<\/a><span class=\"post-date\">12\/03\/2025<\/span><\/li>\n<li><a href=\"https:\/\/edublog.educastur.es\/ixuxu\/2025\/03\/versos-dasturies-la-tercer-edicion-dun-poemariu-que-sigue-enamorando\/\">\u00abVersos d\u2019Asturies\u00bb: la tercer edici\u00f3n d\u2019un poemariu que sigue enamorando.<\/a><span class=\"post-date\">12\/03\/2025<\/span><\/li>\n<li><a href=\"https:\/\/edublog.educastur.es\/ixuxu\/2025\/03\/la-presencia-de-los-insectos-ye-esencial-para-caltener-lequilibriu-y-la-salu-de-los-ecosistemes\/\">La presencia de los insectos ye esencial para caltener l\u2019equilibriu y la sal\u00fa de los ecosistemes<\/a><span class=\"post-date\">12\/03\/2025<\/span><\/li>\n<li><a href=\"https:\/\/edublog.educastur.es\/ixuxu\/2025\/03\/la-banda-de-gaites-villa-de-xixon-va-desfilar-en-san-patriciu-pol-so-25-aniversariu\/\">La Banda de Gaites \u2018Villa de Xix\u00f3n\u2019 va desfilar en San Patriciu pol so 25 aniversariu<\/a><span class=\"post-date\">12\/03\/2025<\/span><\/li>\n<li><a href=\"https:\/\/edublog.educastur.es\/ixuxu\/2025\/03\/un-xigantescu-dinosauriu-diplodocu-paral-muja\/\">Un xigantescu dinosauriu diplodocus para\u2019l MUXA<\/a><span class=\"post-date\">12\/03\/2025<\/span><\/li>\n<li><a href=\"https:\/\/edublog.educastur.es\/ixuxu\/2025\/03\/confirman-un-choque-de-masas-de-aire-y-laemet-avisa\/\">Confirman un choque de masas de aire y l\u2019AEMET avisa<\/a><span class=\"post-date\">12\/03\/2025<\/span><\/li>\n<li><a href=\"https:\/\/edublog.educastur.es\/ixuxu\/2025\/03\/estau-del-tiempu-miercoles-12-marzu-2025\/\">Est\u00e1u del tiempu: mi\u00e9rcoles 12 marzu 2025<\/a><span class=\"post-date\">12\/03\/2025<\/span><\/li>\n<li><a href=\"https:\/\/edublog.educastur.es\/ixuxu\/2025\/03\/semeyes-de-patos-na-zona-de-cuideiru\/\">Semeyes de patos na zona de Cuideiru<\/a><span class=\"post-date\">11\/03\/2025<\/span><\/li>\n<li><a href=\"https:\/\/edublog.educastur.es\/ixuxu\/2025\/03\/43544\/\">(sin t\u00edtulo)<\/a><span class=\"post-date\">11\/03\/2025<\/span><\/li>\n<li><a href=\"https:\/\/edublog.educastur.es\/ixuxu\/2025\/03\/preparando-la-celebracion-del-dia-de-la-narracion-oral\/\">Preparando la celebraci\u00f3n del D\u00eda de la Narraci\u00f3n Oral<\/a><span class=\"post-date\">11\/03\/2025<\/span><\/li>\n<li><a href=\"https:\/\/edublog.educastur.es\/ixuxu\/2025\/03\/les-noticies-del-martes-11-de-marzu-de-2025-nasturianu-tpanoticies\/\">Les noticies del martes 11 de marzu de 2025 n\u2019asturianu #TPANoticies<\/a><span class=\"post-date\">11\/03\/2025<\/span><\/li>\n<li><a href=\"https:\/\/edublog.educastur.es\/ixuxu\/2025\/03\/la-bata-pa-dar-la-sintaxis\/\">La bata pa dar la sintaxis<\/a><span class=\"post-date\">11\/03\/2025<\/span><\/li>\n<li><a href=\"https:\/\/edublog.educastur.es\/ixuxu\/2025\/03\/reapertura-antroxu-en-danza-en-la-benefica\/\">Reapertura \u00abAntroxu en danza\u00bb en La Ben\u00e9fica<\/a><span class=\"post-date\">11\/03\/2025<\/span><\/li>\n<li><a href=\"https:\/\/edublog.educastur.es\/ixuxu\/2025\/03\/x-feria-dantiguedaes-coleccionismu-y-vintage\/\">X Feria d\u2019Antig\u00fcedaes, Coleccionismu y Vintage<\/a><span class=\"post-date\">11\/03\/2025<\/span><\/li>\n<li><a href=\"https:\/\/edublog.educastur.es\/ixuxu\/2025\/03\/cada-anu-millones-de-tonelaes-de-plasticu-lleguen-al-oceanu\/\">Cada a\u00f1u, millones de tonelaes de pl\u00e1sticu lleguen al oc\u00e9anu<\/a><span class=\"post-date\">11\/03\/2025<\/span><\/li>\n<li><a href=\"https:\/\/edublog.educastur.es\/ixuxu\/2025\/03\/poema-el-pumar-del-guertu\/\">Poema: \u00abEl pumar del g\u00fcertu\u00bb<\/a><span class=\"post-date\">11\/03\/2025<\/span><\/li>\n<li><a href=\"https:\/\/edublog.educastur.es\/ixuxu\/2025\/03\/interpretamos-un-cartelu-7\/\">Interpretamos un cartelu: \u00abIV Cursu de sidra escanciao\u00bb<\/a><span class=\"post-date\">11\/03\/2025<\/span><\/li>\n<li><a href=\"https:\/\/edublog.educastur.es\/ixuxu\/2025\/03\/43503\/\">(sin t\u00edtulo)<\/a><span class=\"post-date\">11\/03\/2025<\/span><\/li>\n<li><a href=\"https:\/\/edublog.educastur.es\/ixuxu\/2025\/03\/el-tiempu-el-comercio-21\/\">El tiempu (El Comercio)<\/a><span class=\"post-date\">11\/03\/2025<\/span><\/li>\n<li><a href=\"https:\/\/edublog.educastur.es\/ixuxu\/2025\/03\/43492\/\">(sin t\u00edtulo)<\/a><span class=\"post-date\">10\/03\/2025<\/span><\/li>\n<li><a href=\"https:\/\/edublog.educastur.es\/ixuxu\/2025\/03\/les-noticies-del-llunes-10-de-marzu-de-2025-nasturianu-tpanoticies\/\">Les noticies del llunes 10 de marzu de 2025 n\u2019asturianu #TPANoticies<\/a><span class=\"post-date\">10\/03\/2025<\/span><\/li>\n<li><a href=\"https:\/\/edublog.educastur.es\/ixuxu\/2025\/03\/presentamos-el-cartel-del-pitafesta-2025\/\">Presentamos el cartel del PitaFesta 2025 en Bual<\/a><span class=\"post-date\">10\/03\/2025<\/span><\/li>\n<li><a href=\"https:\/\/edublog.educastur.es\/ixuxu\/2025\/03\/la-vuelta-ciclista-a-espana-femenina-va-acabar-nasturies\/\">La Vuelta Ciclista a Espa\u00f1a Femenina va acabar n\u2019Asturies<\/a><span class=\"post-date\">10\/03\/2025<\/span><\/li>\n<li><a href=\"https:\/\/edublog.educastur.es\/ixuxu\/2025\/03\/grupu-muyeres-la-llingua-de-los-amantes\/\">Grupu Muyeres: \u00abLa llingua de los amantes\u00bb (\u00c1lbum: Humanes)<\/a><span class=\"post-date\">10\/03\/2025<\/span><\/li>\n<li><a href=\"https:\/\/edublog.educastur.es\/ixuxu\/2025\/03\/v-seminariu-oficialida\/\">V Seminariu Oficialid\u00e1<\/a><span class=\"post-date\">10\/03\/2025<\/span><\/li>\n<li><a href=\"https:\/\/edublog.educastur.es\/ixuxu\/2025\/03\/xornaes-destudiu-del-traxe-asturianu-de-luis-arguelles\/\">Xorn\u00e1es d\u2019estudiu del Traxe asturianu de \u00abLuis Arg\u00fcelles\u00bb<\/a><span class=\"post-date\">10\/03\/2025<\/span><\/li>\n<li><a href=\"https:\/\/edublog.educastur.es\/ixuxu\/2025\/03\/tres-visitar-la-fea\/\">Tres visitar la FEA<\/a><span class=\"post-date\">10\/03\/2025<\/span><\/li>\n<li><a href=\"https:\/\/edublog.educastur.es\/ixuxu\/2025\/03\/cancion-popular-474-de-torner\/\">Canci\u00f3n popular asturiana 474 de Torner<\/a><span class=\"post-date\">10\/03\/2025<\/span><\/li>\n<li><a href=\"https:\/\/edublog.educastur.es\/ixuxu\/2025\/03\/rtpaoficial-original-audio-2-me-gusta-axendal-10-al-16-de-marzu-dfind-pieces\/\">Axenda\u2019l 10 al 16 de marzu #DFIND #Pieces<\/a><span class=\"post-date\">10\/03\/2025<\/span><\/li>\n<li><a href=\"https:\/\/edublog.educastur.es\/ixuxu\/2025\/03\/43465\/\">\u00abCapiellina verde\u00bb de Bruno Munari<\/a><span class=\"post-date\">10\/03\/2025<\/span><\/li>\n<li><a href=\"https:\/\/edublog.educastur.es\/ixuxu\/2025\/03\/febrero-llocu-y-marzo-otru-poco\/\">\u00abFebrero llocu y marzo otru poco\u00bb<\/a><span class=\"post-date\">10\/03\/2025<\/span><\/li>\n<li><a href=\"https:\/\/edublog.educastur.es\/ixuxu\/2025\/03\/veme-para-creeme-y-creame-y-moveme\/\">Veme para creeme, creame, y moveme.<\/a><span class=\"post-date\">10\/03\/2025<\/span><\/li>\n<li><a href=\"https:\/\/edublog.educastur.es\/ixuxu\/2025\/03\/refranes-asturianos-7\/\">Refranes asturianos 7<\/a><span class=\"post-date\">10\/03\/2025<\/span><\/li>\n<li><a href=\"https:\/\/edublog.educastur.es\/ixuxu\/2025\/03\/prebes-de-certificacion-en-llingua-asturiana\/\">Y\u00e1 tan equ\u00ed les Pruebes de Certificaci\u00f3n de Llingua Asturiana<\/a><span class=\"post-date\">10\/03\/2025<\/span><\/li>\n<li><a href=\"https:\/\/edublog.educastur.es\/ixuxu\/2025\/03\/algoritmos\/\">\u00abAlgoritmos\u00bb<\/a><span class=\"post-date\">10\/03\/2025<\/span><\/li>\n<li><a href=\"https:\/\/edublog.educastur.es\/ixuxu\/2025\/03\/los-tres-xeneros-del-asturianu\/\">Los tr\u00e9s x\u00e9neros del asturianu<\/a><span class=\"post-date\">10\/03\/2025<\/span><\/li>\n<li><a href=\"https:\/\/edublog.educastur.es\/ixuxu\/2025\/03\/les-cinco-coses-que-deberiamos-saber-de-la-llingua-asturiana\/\">Les cinco coses que deber\u00edamos saber de la Llingua asturiana<\/a><span class=\"post-date\">10\/03\/2025<\/span><\/li>\n<li><a href=\"https:\/\/edublog.educastur.es\/ixuxu\/2025\/03\/campana-anti-bullying-tu-puedes-ser-el-cambeu-tu-tienes-la-voz\/\">Campa\u00f1a anti bullying: Tu puedes ser el camb\u00e9u, tu tienes la voz<\/a><span class=\"post-date\">10\/03\/2025<\/span><\/li>\n<li><a href=\"https:\/\/edublog.educastur.es\/ixuxu\/2025\/03\/interpretamos-un-cartelu-6\/\">Interpretamos un cartelu: \u00f3nde, cu\u00e1ndo, qui\u00e9n, qu\u00e9\u2026 sobro arqueolox\u00eda<\/a><span class=\"post-date\">10\/03\/2025<\/span><\/li>\n<li><a href=\"https:\/\/edublog.educastur.es\/ixuxu\/2025\/03\/el-tiempu-el-comercio-20\/\">El tiempu (El Comercio)<\/a><span class=\"post-date\">10\/03\/2025<\/span><\/li>\n<li><a href=\"https:\/\/edublog.educastur.es\/ixuxu\/2025\/03\/estau-del-tiempu-llunes-10-marzu-2025\/\">Est\u00e1u del tiempu: llunes 10 marzu 2025<\/a><span class=\"post-date\">10\/03\/2025<\/span><\/li>\n<li><a href=\"https:\/\/edublog.educastur.es\/ixuxu\/2025\/03\/la-lluna-y-venus\/\">La Lluna y Venus<\/a><span class=\"post-date\">10\/03\/2025<\/span><\/li>\n<li><a href=\"https:\/\/edublog.educastur.es\/ixuxu\/2025\/03\/un-xuegu-de-mesa-estilo-quien-ye-quien-y-un-llibru-con-biografies-de-mas-de-60-muyeres-allandeses\/\">Un xuegu de mesa y un llibru con biograf\u00edes de m\u00e1s de 60 muyeres allandeses<\/a><span class=\"post-date\">09\/03\/2025<\/span><\/li>\n<li><a href=\"https:\/\/edublog.educastur.es\/ixuxu\/2025\/03\/memories-de-deva-del-grupu-guieldu\/\">Guieldu: \u00abMemories de Deva\u00bb<\/a><span class=\"post-date\">09\/03\/2025<\/span><\/li>\n<li><a href=\"https:\/\/edublog.educastur.es\/ixuxu\/2025\/03\/43351\/\">Fin de xira en Xix\u00f3n de \u00abHumanes\u00bb del grupu \u00abMuyeres\u00bb<\/a><span class=\"post-date\">09\/03\/2025<\/span><\/li>\n<li><a href=\"https:\/\/edublog.educastur.es\/ixuxu\/2025\/03\/les-noticies-del-domingu-9-de-marzu-de-2025-nasturianu-tpanoticies\/\">Les noticies del domingu 9 de marzu de 2025 n\u2019asturianu #TPANoticies<\/a><span class=\"post-date\">09\/03\/2025<\/span><\/li>\n<li><a href=\"https:\/\/edublog.educastur.es\/ixuxu\/2025\/03\/sablera-darnao-al-atapecer\/\">Sablera d\u2019Arnao (Castrill\u00f3n), al atapecer y con baxamar\u2026<\/a><span class=\"post-date\">09\/03\/2025<\/span><\/li>\n<li><a href=\"https:\/\/edublog.educastur.es\/ixuxu\/2025\/03\/radiografia-de-les-asturianes\/\">Radiograf\u00eda de les asturianes: m\u00e1s formaes y preparaes pero m\u00e1s paru y salarios m\u00e1s baxos\u2026<\/a><span class=\"post-date\">09\/03\/2025<\/span><\/li>\n<li><a href=\"https:\/\/edublog.educastur.es\/ixuxu\/2025\/03\/visita-a-la-fea-feria-edicion-asturiana-2025\/\">\u00dan de los cuentos que presentar\u00e1n nel cole nel \u00abD\u00eda del llibru\u00bb<\/a><span class=\"post-date\">09\/03\/2025<\/span><\/li>\n<li><a href=\"https:\/\/edublog.educastur.es\/ixuxu\/2025\/03\/va-un-anu-fea-2024\/\">Va un a\u00f1u: FEA 2024<\/a><span class=\"post-date\">09\/03\/2025<\/span><\/li>\n<li><a href=\"https:\/\/edublog.educastur.es\/ixuxu\/2025\/03\/la-cultura-asturiana-de-la-gaita-camin-a-ser-bien-dinteres-cultural\/\">La cultura asturiana de la gaita, cam\u00edn a ser Bien d\u2019Inter\u00e9s Cultural<\/a><span class=\"post-date\">09\/03\/2025<\/span><\/li>\n<li><a href=\"https:\/\/edublog.educastur.es\/ixuxu\/2025\/03\/editoriales-que-sofiten-y-espublizen-na-nuesa-llingua\/\">Editoriales que sofiten y espublizen na nuesa Llingua<\/a><span class=\"post-date\">09\/03\/2025<\/span><\/li>\n<li><a href=\"https:\/\/edublog.educastur.es\/ixuxu\/2025\/03\/dia-internacional-de-la-gaita-2\/\">D\u00eda Internacional de la gaita<\/a><span class=\"post-date\">09\/03\/2025<\/span><\/li>\n<li><a href=\"https:\/\/edublog.educastur.es\/ixuxu\/2025\/03\/43284\/\">(sin t\u00edtulo)<\/a><span class=\"post-date\">09\/03\/2025<\/span><\/li>\n<li><a href=\"https:\/\/edublog.educastur.es\/ixuxu\/2025\/03\/el-meyor-febreru-en-16-anos-con-mas-afiliaos-a-la-segurida-social\/\">El meyor febreru en 16 a\u00f1os con m\u00e1s afiliaos a la Segurid\u00e1 Social<\/a><span class=\"post-date\">09\/03\/2025<\/span><\/li>\n<li><a href=\"https:\/\/edublog.educastur.es\/ixuxu\/2025\/03\/selmana-mundial-del-celebru-selmana-del-11-al-17-de-marzu\/\">Selmana Mundial del Celebru Selmana: del 10 al 14 de marzu<\/a><span class=\"post-date\">09\/03\/2025<\/span><\/li>\n<li><a href=\"https:\/\/edublog.educastur.es\/ixuxu\/2025\/03\/el-tiempo-el-comercio-13\/\">El tiempo (El Comercio)<\/a><span class=\"post-date\">09\/03\/2025<\/span><\/li>\n<li><a href=\"https:\/\/edublog.educastur.es\/ixuxu\/2025\/03\/los-ganadores-nos-concursos-dantroxu\/\">Los ganadores nos Concursos d\u2019Antroxu d\u2019Uvi\u00e9u<\/a><span class=\"post-date\">08\/03\/2025<\/span><\/li>\n<li><a href=\"https:\/\/edublog.educastur.es\/ixuxu\/2025\/03\/les-noticies-del-sabadu-8-de-marzu-de-2025-nasturianu-tpanoticies\/\">Les noticies del s\u00e1badu 8 de marzu de 2025 n\u2019asturianu #TPANoticies<\/a><span class=\"post-date\">08\/03\/2025<\/span><\/li>\n<li><a href=\"https:\/\/edublog.educastur.es\/ixuxu\/2025\/03\/el-sector-de-la-traduccion-nespana\/\">El sector de la traducci\u00f3n n\u2019Espa\u00f1a<\/a><span class=\"post-date\">08\/03\/2025<\/span><\/li>\n<li><a href=\"https:\/\/edublog.educastur.es\/ixuxu\/2025\/03\/la-hestoria-duna-heroina-escaecida\/\">La hestoria d\u2019una hero\u00edna escaecida<\/a><span class=\"post-date\">08\/03\/2025<\/span><\/li>\n<li><a href=\"https:\/\/edublog.educastur.es\/ixuxu\/2025\/03\/feria-de-la-edicion-asturiana-2025-la-fea-2025\/\">\u00a1Feria de la Edici\u00f3n Asturiana 2025, La FEA 2025!<\/a><span class=\"post-date\">08\/03\/2025<\/span><\/li>\n<li><a href=\"https:\/\/edublog.educastur.es\/ixuxu\/2025\/03\/al-son-de-les-muyeres-que-compila-22-cantares-interpretaos-por-proyectos-musicales-protagonizaos-por-muyeres\/\">\u2018Al son de les muyeres\u2019 que compila 22 cantares interpretaos por proyectos musicales protagonizaos por muyeres<\/a><span class=\"post-date\">08\/03\/2025<\/span><\/li>\n<li><a href=\"https:\/\/edublog.educastur.es\/ixuxu\/2025\/03\/el-medicu-y-la-enfermera\/\">\u2018El m\u00e9dicu y la enfermera\u2019<\/a><span class=\"post-date\">08\/03\/2025<\/span><\/li>\n<li><a href=\"https:\/\/edublog.educastur.es\/ixuxu\/2025\/03\/como-esplicar-el-feminismu-a-nenos-y-nenes\/\">\u00bfC\u00f3mo esplicar el feminismu y la coeducaci\u00f3n a ne\u00f1os y ne\u00f1es?<\/a><span class=\"post-date\">08\/03\/2025<\/span><\/li>\n<li><a href=\"https:\/\/edublog.educastur.es\/ixuxu\/2025\/03\/43931\/\">(sin t\u00edtulo)<\/a><span class=\"post-date\">08\/03\/2025<\/span><\/li>\n<li><a href=\"https:\/\/edublog.educastur.es\/ixuxu\/2025\/03\/un-anu-mas-companera-dame-tira\/\">#compa\u00f1eradametira<\/a><span class=\"post-date\">08\/03\/2025<\/span><\/li>\n<li><a href=\"https:\/\/edublog.educastur.es\/ixuxu\/2025\/03\/xixon-vistese-de-morau\/\">Un a\u00f1u m\u00e1s: \u00abcompa\u00f1era, dame tira\u00bb<\/a><span class=\"post-date\">08\/03\/2025<\/span><\/li>\n<li><a href=\"https:\/\/edublog.educastur.es\/ixuxu\/2025\/03\/43451\/\">(sin t\u00edtulo)<\/a><span class=\"post-date\">08\/03\/2025<\/span><\/li>\n<li><a href=\"https:\/\/edublog.educastur.es\/ixuxu\/2025\/03\/poema-de-nene-losada\/\">Poema de Nen\u00e9 Losada<\/a><span class=\"post-date\">08\/03\/2025<\/span><\/li>\n<li><a href=\"https:\/\/edublog.educastur.es\/ixuxu\/2025\/03\/maria-balbin-una-de-les-pioneres-de-la-lliteratura-nasturianu\/\">Mar\u00eda Balb\u00edn, una de les pioneres de la lliteratura n\u2019asturianu<\/a><span class=\"post-date\">08\/03\/2025<\/span><\/li>\n<li><a href=\"https:\/\/edublog.educastur.es\/ixuxu\/2025\/03\/43286\/\">(sin t\u00edtulo)<\/a><span class=\"post-date\">08\/03\/2025<\/span><\/li>\n<li><a href=\"https:\/\/edublog.educastur.es\/ixuxu\/2025\/03\/guei-rindimos-homenaxe-a-les-muyeres-carboneres-dasturies\/\">G\u00fcei rindimos homenaxe a les muyeres carboneres d\u2019Asturies.<\/a><span class=\"post-date\">08\/03\/2025<\/span><\/li>\n<li><a href=\"https:\/\/edublog.educastur.es\/ixuxu\/2025\/03\/semeyes-del-dia-de-la-muyer-trabayadora\/\">Semeyes de la muyer trabayadora<\/a><span class=\"post-date\">08\/03\/2025<\/span><\/li>\n<li><a href=\"https:\/\/edublog.educastur.es\/ixuxu\/2025\/03\/a-la-solombra-deinstein-la-so-muyer\/\">A la solombra d\u2019Einstein, la so muyer Mileva, a quien reconoci\u00f3 la so contribuci\u00f3n intelectual<\/a><span class=\"post-date\">08\/03\/2025<\/span><\/li>\n<li><a href=\"https:\/\/edublog.educastur.es\/ixuxu\/2025\/03\/8m-muyer-y-musica-nasturies\/\">8M: Muyer y m\u00fasica n\u2019Asturies<\/a><span class=\"post-date\">08\/03\/2025<\/span><\/li>\n<li><a href=\"https:\/\/edublog.educastur.es\/ixuxu\/2025\/03\/43776\/\">La bicicleta, el veh\u00edculu feminista qu\u2019empoder\u00f3 a les muyeres nel sieglu XIX.<\/a><span class=\"post-date\">08\/03\/2025<\/span><\/li>\n<li><a href=\"https:\/\/edublog.educastur.es\/ixuxu\/2025\/03\/muyeres-arandol-campu-va-60-anos\/\">Muyeres arando\u2019l campu va 60 a\u00f1os<\/a><span class=\"post-date\">08\/03\/2025<\/span><\/li>\n<li><a href=\"https:\/\/edublog.educastur.es\/ixuxu\/2025\/03\/dende-lasociacion-vecinal-queremos-rindir-homenaxe-a-toles-muyeres\/\">Dende l\u2019Asociaci\u00f3n Vecinal queremos rindir homenaxe a toles muyeres<\/a><span class=\"post-date\">08\/03\/2025<\/span><\/li>\n<li><a href=\"https:\/\/edublog.educastur.es\/ixuxu\/2025\/03\/mafiosa\/\">\u00abMafiosa\u00bb<\/a><span class=\"post-date\">08\/03\/2025<\/span><\/li>\n<li><a href=\"https:\/\/edublog.educastur.es\/ixuxu\/2025\/03\/sabies-que-grandes-inventos-tienen-nome-de-muyer\/\">\u00abSab\u00edes que\u2026 Grandes inventos tienen nome de muyer?\u00bb<\/a><span class=\"post-date\">08\/03\/2025<\/span><\/li>\n<li><a href=\"https:\/\/edublog.educastur.es\/ixuxu\/2025\/03\/sara-garcia-alonso-cientifica-y-astronauta-espanola\/\">Sara Garc\u00eda Alonso, cient\u00edfica y astronauta espa\u00f1ola<\/a><span class=\"post-date\">08\/03\/2025<\/span><\/li>\n<li><a href=\"https:\/\/edublog.educastur.es\/ixuxu\/2025\/03\/exemplu-de-superacion\/\">Exemplu de superaci\u00f3n<\/a><span class=\"post-date\">08\/03\/2025<\/span><\/li>\n<li><a href=\"https:\/\/edublog.educastur.es\/ixuxu\/2025\/03\/feliz-8m\/\">Feliz 8M<\/a><span class=\"post-date\">08\/03\/2025<\/span><\/li>\n<li><a href=\"https:\/\/edublog.educastur.es\/ixuxu\/2025\/03\/feliz-dia-internacional-de-la-muyer-8-de-marzu\/\">\u00a1Feliz D\u00eda Internacional de la Muyer, 8 de marzu!<\/a><span class=\"post-date\">08\/03\/2025<\/span><\/li>\n<li><a href=\"https:\/\/edublog.educastur.es\/ixuxu\/2025\/03\/42913\/\">(sin t\u00edtulo)<\/a><span class=\"post-date\">08\/03\/2025<\/span><\/li>\n<li><a href=\"https:\/\/edublog.educastur.es\/ixuxu\/2025\/03\/dia-internacional-de-les-muyeres-2\/\">D\u00eda Internacional de les Muyeres<\/a><span class=\"post-date\">08\/03\/2025<\/span><\/li>\n<li><a href=\"https:\/\/edublog.educastur.es\/ixuxu\/2025\/03\/el-tiempo-el-comercio-14\/\">El tiempo (El Comercio)<\/a><span class=\"post-date\">08\/03\/2025<\/span><\/li>\n<li><a href=\"https:\/\/edublog.educastur.es\/ixuxu\/2025\/03\/estau-del-tiempu-sabadu-8-marzu-2025\/\">Est\u00e1u del tiempu: s\u00e1badu 8 marzu 2025<\/a><span class=\"post-date\">08\/03\/2025<\/span><\/li>\n<li><a href=\"https:\/\/edublog.educastur.es\/ixuxu\/2025\/03\/la-xx-gala-dentrega-de-premios-amas-de-la-musica-asturiana\/\">La XX Gala d\u2019entrega de Premios AMAS de la M\u00fasica Asturiana<\/a><span class=\"post-date\">07\/03\/2025<\/span><\/li>\n<li><a href=\"https:\/\/edublog.educastur.es\/ixuxu\/2025\/03\/esconsuenu-de-haim-alvarez\/\">Haim \u00c1lvarez: \u00abEsconsue\u00f1u\u00bb<\/a><span class=\"post-date\">07\/03\/2025<\/span><\/li>\n<li><a href=\"https:\/\/edublog.educastur.es\/ixuxu\/2025\/03\/gala-benefica-con-musica-y-poesia-con-pallabres-de-solidarida-y-esperanza\/\">Gala ben\u00e9fica con m\u00fasica y poes\u00eda, con pallabres de solidarid\u00e1 y esperanza.<\/a><span class=\"post-date\">07\/03\/2025<\/span><\/li>\n<li><a href=\"https:\/\/edublog.educastur.es\/ixuxu\/2025\/03\/la-lluna-llena-de-marzu-un-espectaculu-astronomicu-de-gran-relevancia\/\">La lluna llena de marzu, un espect\u00e1culu astron\u00f3micu de gran relevancia<\/a><span class=\"post-date\">07\/03\/2025<\/span><\/li>\n<li><a href=\"https:\/\/edublog.educastur.es\/ixuxu\/2025\/03\/ana-peleteiro-vuelve-a-ser-doru\/\">Ana Peleteiro vuelve a ser d\u2019oru<\/a><span class=\"post-date\">07\/03\/2025<\/span><\/li>\n<li><a href=\"https:\/\/edublog.educastur.es\/ixuxu\/2025\/03\/les-noticies-del-vienres-7-de-marzu-de-2025-nasturianu-tpanoticies\/\">Les noticies del vienres 7 de marzu de 2025 n\u2019asturianu #TPANoticies<\/a><span class=\"post-date\">07\/03\/2025<\/span><\/li>\n<li><a href=\"https:\/\/edublog.educastur.es\/ixuxu\/2025\/03\/katia-krafft-vulcanologa\/\">Exemplu de muyer cient\u00edfica: Katia Krafft, vulcan\u00f3loga<\/a><span class=\"post-date\">07\/03\/2025<\/span><\/li>\n<li><a href=\"https:\/\/edublog.educastur.es\/ixuxu\/2025\/03\/43335\/\">Cultura financia xires, esposiciones y formaci\u00f3n art\u00edstica<\/a><span class=\"post-date\">07\/03\/2025<\/span><\/li>\n<li><a href=\"https:\/\/edublog.educastur.es\/ixuxu\/2025\/03\/lantroxu-del-ruiz-tilve-da-color-a-la-corredoria\/\">L\u2019Antroxu del Ruiz-Tilve da color a La Corredoria<\/a><span class=\"post-date\">07\/03\/2025<\/span><\/li>\n<li><a href=\"https:\/\/edublog.educastur.es\/ixuxu\/2025\/03\/antroxu-nel-colexu\/\">Antroxu nel colexu<\/a><span class=\"post-date\">07\/03\/2025<\/span><\/li>\n<li><a href=\"https:\/\/edublog.educastur.es\/ixuxu\/2025\/03\/taraganu\/\">\u00abTaraga\u00f1u\u00bb<\/a><span class=\"post-date\">07\/03\/2025<\/span><\/li>\n<li><a href=\"https:\/\/edublog.educastur.es\/ixuxu\/2025\/03\/vamos-ver-tolos-disfraces-de-lanimalada-de-la-temporada\/\">\u00a1Vamos ver tolos disfraces de l\u2019Animalada de la temporada!<\/a><span class=\"post-date\">07\/03\/2025<\/span><\/li>\n<li><a href=\"https:\/\/edublog.educastur.es\/ixuxu\/2025\/03\/les-pioneres-del-deporte-asturiano-cunten-les-sos-hestories\/\">Les pioneres del deporte asturiano cunten les sos hestories<\/a><span class=\"post-date\">07\/03\/2025<\/span><\/li>\n<li><a href=\"https:\/\/edublog.educastur.es\/ixuxu\/2025\/03\/dia-del-cereal\/\">D\u00eda del cereal<\/a><span class=\"post-date\">07\/03\/2025<\/span><\/li>\n<li><a href=\"https:\/\/edublog.educastur.es\/ixuxu\/2025\/03\/el-tiempu-el-comercio-19\/\">El tiempu (El Comercio)<\/a><span class=\"post-date\">07\/03\/2025<\/span><\/li>\n<li><a href=\"https:\/\/edublog.educastur.es\/ixuxu\/2025\/03\/marzu\/\">Marzu\u2026<\/a><span class=\"post-date\">06\/03\/2025<\/span><\/li>\n<li><a href=\"https:\/\/edublog.educastur.es\/ixuxu\/2025\/03\/el-telefonu-de-la-esperanza-dasturies-cumple-cinco-decades-de-sofitu-emocional\/\">El Tel\u00e9fonu de la Esperanza d\u2019Asturies cumple cinco d\u00e9cades de sofitu emocional<\/a><span class=\"post-date\">06\/03\/2025<\/span><\/li>\n<li><a href=\"https:\/\/edublog.educastur.es\/ixuxu\/2025\/03\/una-promesa-asturiana-na-alta-cocina\/\">Una promesa asturiana na alta cocina, finalista del \u00abPremiu Promeses\u00bb de Le Cordon Bleu<\/a><span class=\"post-date\">06\/03\/2025<\/span><\/li>\n<li><a href=\"https:\/\/edublog.educastur.es\/ixuxu\/2025\/03\/esfalliu-ida-io\/\">\u201cEsfall\u00edu, -ida, -\u00edo\u201d<\/a><span class=\"post-date\">06\/03\/2025<\/span><\/li>\n<li><a href=\"https:\/\/edublog.educastur.es\/ixuxu\/2025\/03\/branes-dasturies\/\">Bra\u00f1es d\u2019Asturies<\/a><span class=\"post-date\">06\/03\/2025<\/span><\/li>\n<li><a href=\"https:\/\/edublog.educastur.es\/ixuxu\/2025\/03\/inaugurase-arco-la-feria-darte-contemporaneo-en-madrid\/\">Inaug\u00farase ARCO, la Feria d\u2019Arte Contempor\u00e1neo en Madrid<\/a><span class=\"post-date\">06\/03\/2025<\/span><\/li>\n<li><a href=\"https:\/\/edublog.educastur.es\/ixuxu\/2025\/03\/el-tiempu-el-comercio-18\/\">El tiempu (El Comercio)<\/a><span class=\"post-date\">06\/03\/2025<\/span><\/li>\n<li><a href=\"https:\/\/edublog.educastur.es\/ixuxu\/2025\/03\/estau-del-tiempu-xueves-6-de-marzu-2025\/\">Est\u00e1u del tiempu: xueves 6 de marzu 2025<\/a><span class=\"post-date\">06\/03\/2025<\/span><\/li>\n<li><a href=\"https:\/\/edublog.educastur.es\/ixuxu\/2025\/03\/les-noticies-del-miercoles-5-de-marzu-de-2025-nasturianu-tpanoticies\/\">Les noticies del mi\u00e9rcoles 5 de marzu de 2025 n\u2019asturianu #TPANoticies<\/a><span class=\"post-date\">05\/03\/2025<\/span><\/li>\n<li><a href=\"https:\/\/edublog.educastur.es\/ixuxu\/2025\/03\/43114\/\">(sin t\u00edtulo)<\/a><span class=\"post-date\">05\/03\/2025<\/span><\/li>\n<li><a href=\"https:\/\/edublog.educastur.es\/ixuxu\/2025\/03\/lasturiana-que-dedica-la-so-carrera-investigadora-nestaos-xunios-a-dar-visibilida-a-la-llingua\/\">L\u2019asturiana que dedica la so carrera n\u2019Estaos Xun\u00edos a \u201cdar visibilid\u00e1 a la llingua\u201d<\/a><span class=\"post-date\">05\/03\/2025<\/span><\/li>\n<li><a href=\"https:\/\/edublog.educastur.es\/ixuxu\/2025\/03\/educacion-pon-en-marcha-un-programa-de-prevencion-del-acoso-escolar-nel-quel-mesmu-alumnau-realiza-llabores-de-tutoria\/\">Educaci\u00f3n pon en marcha un programa de prevenci\u00f3n del acoso escolar nel qu\u2019el mesmu alumn\u00e1u realiza llabores de tutor\u00eda<\/a><span class=\"post-date\">05\/03\/2025<\/span><\/li>\n<li><a href=\"https:\/\/edublog.educastur.es\/ixuxu\/2025\/03\/el-tiempo-el-comercio-12\/\">El tiempo (El Comercio)<\/a><span class=\"post-date\">05\/03\/2025<\/span><\/li>\n<li><a href=\"https:\/\/edublog.educastur.es\/ixuxu\/2025\/03\/cancioneru-onde-vas-de-madrugada\/\">Cancioneru: \u00ab\u00d3nde vas de madrugada\u00bb<\/a><span class=\"post-date\">04\/03\/2025<\/span><\/li>\n<li><a href=\"https:\/\/edublog.educastur.es\/ixuxu\/2025\/03\/desi-fuelle-tengo-yo-una-gaita\/\">\u00abD\u2019esi fuelle tengo yo una gaita\u00bb<\/a><span class=\"post-date\">04\/03\/2025<\/span><\/li>\n<li><a href=\"https:\/\/edublog.educastur.es\/ixuxu\/2025\/03\/43081\/\">Primer mural de Muralia 2025<\/a><span class=\"post-date\">04\/03\/2025<\/span><\/li>\n<li><a href=\"https:\/\/edublog.educastur.es\/ixuxu\/2025\/03\/43089\/\">Serie en comu\u00f1a Asturies-Galicia emplegando mayoritariamente les lling\u00fces propies<\/a><span class=\"post-date\">04\/03\/2025<\/span><\/li>\n<li><a href=\"https:\/\/edublog.educastur.es\/ixuxu\/2025\/03\/postre-frixuelos-fayuelos-cereixolos-feixolos\/\">Postre: Frixuelos, fayuelos, cereixolos, feixolos<\/a><span class=\"post-date\">04\/03\/2025<\/span><\/li>\n<li><a href=\"https:\/\/edublog.educastur.es\/ixuxu\/2025\/03\/el-tiempu-el-comercio-17\/\">El tiempu (El Comercio)<\/a><span class=\"post-date\">04\/03\/2025<\/span><\/li>\n<li><a href=\"https:\/\/edublog.educastur.es\/ixuxu\/2025\/03\/estau-del-tiempu-martes-4-de-marzu\/\">Est\u00e1u del tiempu: martes 4 de marzu<\/a><span class=\"post-date\">04\/03\/2025<\/span><\/li>\n<li><a href=\"https:\/\/edublog.educastur.es\/ixuxu\/2025\/03\/antroxu-5\/\">\u00abAntroxu\u00bb<\/a><span class=\"post-date\">03\/03\/2025<\/span><\/li>\n<li><a href=\"https:\/\/edublog.educastur.es\/ixuxu\/2025\/03\/42718\/\">(sin t\u00edtulo)<\/a><span class=\"post-date\">03\/03\/2025<\/span><\/li>\n<li><a href=\"https:\/\/edublog.educastur.es\/ixuxu\/2025\/03\/entrega-de-los-premios-oscars\/\">Entrega de la 97 edici\u00f3n de Premios Oscars<\/a><span class=\"post-date\">03\/03\/2025<\/span><\/li>\n<li><a href=\"https:\/\/edublog.educastur.es\/ixuxu\/2025\/03\/el-cocanu-personaxe-del-antroxu-daviles\/\">El Coca\u00f1u, personaxe del Antroxu d\u2019Avil\u00e9s<\/a><span class=\"post-date\">03\/03\/2025<\/span><\/li>\n<li><a href=\"https:\/\/edublog.educastur.es\/ixuxu\/2025\/03\/42786\/\">(sin t\u00edtulo)<\/a><span class=\"post-date\">03\/03\/2025<\/span><\/li>\n<li><a href=\"https:\/\/edublog.educastur.es\/ixuxu\/2025\/03\/el-comerciu-illegal-de-vida-montesa-ye-una-de-les-mayores-amenaces-para-la-biodiversida\/\">El comerciu illegal de vida montesa ye una de les mayores amenaces para la biodiversid\u00e1<\/a><span class=\"post-date\">03\/03\/2025<\/span><\/li>\n<li><a href=\"https:\/\/edublog.educastur.es\/ixuxu\/2025\/03\/dia-mundial-de-la-vida-silvestre-o-montesa\/\">D\u00eda Mundial de la Vida Silvestre o Montesa<\/a><span class=\"post-date\">03\/03\/2025<\/span><\/li>\n<li><a href=\"https:\/\/edublog.educastur.es\/ixuxu\/2025\/03\/dia-mundial-de-la-vida-silvestre\/\">D\u00eda Mundial de la Vida silvestre o montesa<\/a><span class=\"post-date\">03\/03\/2025<\/span><\/li>\n<li><a href=\"https:\/\/edublog.educastur.es\/ixuxu\/2025\/03\/el-tiempu-segun-laemet\/\">El tiempu seg\u00fan l\u2019AEMET<\/a><span class=\"post-date\">03\/03\/2025<\/span><\/li>\n<li><a href=\"https:\/\/edublog.educastur.es\/ixuxu\/2025\/03\/el-tiempu-el-comercio-16\/\">El tiempu (EL Comercio)<\/a><span class=\"post-date\">03\/03\/2025<\/span><\/li>\n<li><a href=\"https:\/\/edublog.educastur.es\/ixuxu\/2025\/03\/quema-una-panera-de-1651-en-cangas-del-narcea\/\">Quema una panera de 374 a\u00f1os en Cangas del Narcea<\/a><span class=\"post-date\">02\/03\/2025<\/span><\/li>\n<li><a href=\"https:\/\/edublog.educastur.es\/ixuxu\/2025\/03\/les-noticies-del-domingu-3-de-marzu-de-2025-nasturianu-tpanoticies\/\">Les noticies del domingu 3 de marzu de 2025 n\u2019asturianu #TPANoticies<\/a><span class=\"post-date\">02\/03\/2025<\/span><\/li>\n<li><a href=\"https:\/\/edublog.educastur.es\/ixuxu\/2025\/03\/desfile-dantroxu-infantil-en-xixon\/\">Desfile infantil del Antroxu de Xix\u00f3n: lliteratura, hestoria, fantas\u00eda y m\u00fasica de toa una xeneraci\u00f3n<\/a><span class=\"post-date\">02\/03\/2025<\/span><\/li>\n<li><a href=\"https:\/\/edublog.educastur.es\/ixuxu\/2025\/03\/42996\/\">(sin t\u00edtulo)<\/a><span class=\"post-date\">02\/03\/2025<\/span><\/li>\n<li><a href=\"https:\/\/edublog.educastur.es\/ixuxu\/2025\/03\/los-zamarrones-de-l-lena\/\">Los Zamarrones de L.lena<\/a><span class=\"post-date\">02\/03\/2025<\/span><\/li>\n<li><a href=\"https:\/\/edublog.educastur.es\/ixuxu\/2025\/03\/42980\/\">Va dos a\u00f1os present\u00e1base la maqueta del Institutu de La Corredoria<\/a><span class=\"post-date\">02\/03\/2025<\/span><\/li>\n<li><a href=\"https:\/\/edublog.educastur.es\/ixuxu\/2025\/03\/marzu-mes-de-la-muyer\/\">Marzu, mes de la muyer<\/a><span class=\"post-date\">02\/03\/2025<\/span><\/li>\n<li><a href=\"https:\/\/edublog.educastur.es\/ixuxu\/2025\/03\/el-tiempu-el-comercio-15\/\">El tiempu (El Comercio)<\/a><span class=\"post-date\">02\/03\/2025<\/span><\/li>\n<li><a href=\"https:\/\/edublog.educastur.es\/ixuxu\/2025\/03\/les-espectaculares-imaxes-ganadores-del-world-nature-photography-2025\/\">Les espectaculares imaxes ganadores del World Nature Photography 2025<\/a><span class=\"post-date\">01\/03\/2025<\/span><\/li>\n<li><a href=\"https:\/\/edublog.educastur.es\/ixuxu\/2025\/03\/semeya-ganadora-del-certame-fotograficu-memorial-ma-luisa\/\">Semeya ganadora del Certame fotogr\u00e1ficu Memorial M\u00aa Luisa<\/a><span class=\"post-date\">01\/03\/2025<\/span><\/li>\n<li><a href=\"https:\/\/edublog.educastur.es\/ixuxu\/2025\/03\/ebano-supernova-primer-premiu-del-descenso-de-galiana-daviles\/\">\u2018\u00c9bano Supernova\u2019, primer premiu del Descensu de Galiana d\u2019Avil\u00e9s<\/a><span class=\"post-date\">01\/03\/2025<\/span><\/li>\n<li><a href=\"https:\/\/edublog.educastur.es\/ixuxu\/2025\/03\/descensu-internacional-y-fluvial-de-la-cai-galiana-daviles\/\">Descensu Internacional y Fluvial de la Cai Galiana d\u2019Avil\u00e9s<\/a><span class=\"post-date\">01\/03\/2025<\/span><\/li>\n<li><a href=\"https:\/\/edublog.educastur.es\/ixuxu\/2025\/03\/sabadu-frixueleru-los-mazcaritos-duvieu-empiecen-lantroxu-tradicional-duvieu\/\">S\u00e1badu frixueleru, los Mazcaritos d\u2019Uvi\u00e9u, empiecen l\u2019Antroxu Tradicional d\u2019Uvi\u00e9u<\/a><span class=\"post-date\">01\/03\/2025<\/span><\/li>\n<li><a href=\"https:\/\/edublog.educastur.es\/ixuxu\/2025\/03\/les-noticies-del-sabadu-1-de-marzu-de-2025-nasturianu-tpanoticies\/\">Les noticies del s\u00e1badu 1 de marzu de 2025 n\u2019asturianu #TPANoticies<\/a><span class=\"post-date\">01\/03\/2025<\/span><\/li>\n<li><a href=\"https:\/\/edublog.educastur.es\/ixuxu\/2025\/03\/42506\/\">(sin t\u00edtulo)<\/a><span class=\"post-date\">01\/03\/2025<\/span><\/li>\n<li><a href=\"https:\/\/edublog.educastur.es\/ixuxu\/2025\/03\/portal-de-traduccion-na-alministracion-asturiana\/\">Portal de traducci\u00f3n na Alministraci\u00f3n asturiana<\/a><span class=\"post-date\">01\/03\/2025<\/span><\/li>\n<li><a href=\"https:\/\/edublog.educastur.es\/ixuxu\/2025\/03\/poema-el-calendariu-dicia\/\">Poema: \u00abEl calendariu dic\u00eda\u00bb<\/a><span class=\"post-date\">01\/03\/2025<\/span><\/li>\n<li><a href=\"https:\/\/edublog.educastur.es\/ixuxu\/2025\/03\/calendariu-de-marzu-y-de-2025\/\">Calendariu de Marzu y de 2025<\/a><span class=\"post-date\">01\/03\/2025<\/span><\/li>\n<li><a href=\"https:\/\/edublog.educastur.es\/ixuxu\/2025\/03\/marzu-2\/\">\u00abMarzu\u00bb<\/a><span class=\"post-date\">01\/03\/2025<\/span><\/li>\n<li><a href=\"https:\/\/edublog.educastur.es\/ixuxu\/2025\/03\/asturies-vistese-dantroxu\/\">Asturies v\u00edstese d\u2019Antroxu<\/a><span class=\"post-date\">01\/03\/2025<\/span><\/li>\n<li><a href=\"https:\/\/edublog.educastur.es\/ixuxu\/2025\/03\/dia-de-les-praderies-marines\/\">D\u00eda de les Prader\u00edes Marines<\/a><span class=\"post-date\">01\/03\/2025<\/span><\/li>\n<li><a href=\"https:\/\/edublog.educastur.es\/ixuxu\/2025\/03\/antroxu-4\/\">Antroxu<\/a><span class=\"post-date\">01\/03\/2025<\/span><\/li>\n<li><a href=\"https:\/\/edublog.educastur.es\/ixuxu\/2025\/03\/42911\/\">(sin t\u00edtulo)<\/a><span class=\"post-date\">01\/03\/2025<\/span><\/li>\n<li><a href=\"https:\/\/edublog.educastur.es\/ixuxu\/2025\/03\/dia-mundial-de-la-proteccion-civil\/\">D\u00eda Mundial de la Protecci\u00f3n Civil<\/a><span class=\"post-date\">01\/03\/2025<\/span><\/li>\n<li><a href=\"https:\/\/edublog.educastur.es\/ixuxu\/2025\/03\/el-tiempu-el-comercio-14\/\">El tiempu (El Comercio)<\/a><span class=\"post-date\">01\/03\/2025<\/span><\/li>\n<li><a href=\"https:\/\/edublog.educastur.es\/ixuxu\/2025\/03\/estau-del-tiempu-sabadu-1-de-marzu-2025\/\">Est\u00e1u del tiempu: s\u00e1badu 1 de marzu 2025<\/a><span class=\"post-date\">01\/03\/2025<\/span><\/li>\n<li><a href=\"https:\/\/edublog.educastur.es\/ixuxu\/2025\/03\/muyeres-inspiradores-nel-8m-vienres-7-de-marzu\/\">Muyeres inspiradores nel 8M: vienres 7 de marzu<\/a><span class=\"post-date\">01\/03\/2025<\/span><\/li>\n<\/ul>\n","protected":false},"excerpt":{"rendered":"<p>Les noticies del llunes 31 de marzu de 2024 n\u2019asturianu #TPANoticies31\/03\/2025 La vista ye\u2019l sent\u00edu que dexa captar y procesar la lluz para formar imaxes31\/03\/2025 Hestoria sobre Bertu\u2026 \u00a1y un cu\u00e9lebre!31\/03\/2025 (sin t\u00edtulo)31\/03\/2025 \u201cEsboligar\u201d31\/03\/2025 Los cromos garren protagonismu cada domingu n\u2019El Font\u00e1n31\/03\/2025 Asturies tien cinco a\u00f1os pa medrar el tarr\u00e9n dedic\u00e1u a producci\u00f3n ecol\u00f3xica31\/03\/2025 Fruela [&hellip;]<\/p>\n","protected":false},"author":117,"featured_media":0,"parent":38590,"menu_order":0,"comment_status":"closed","ping_status":"closed","template":"","meta":{"footnotes":""},"class_list":["post-64921","page","type-page","status-publish","hentry"],"_links":{"self":[{"href":"https:\/\/edublog.educastur.es\/ixuxu\/wp-json\/wp\/v2\/pages\/64921","targetHints":{"allow":["GET"]}}],"collection":[{"href":"https:\/\/edublog.educastur.es\/ixuxu\/wp-json\/wp\/v2\/pages"}],"about":[{"href":"https:\/\/edublog.educastur.es\/ixuxu\/wp-json\/wp\/v2\/types\/page"}],"author":[{"embeddable":true,"href":"https:\/\/edublog.educastur.es\/ixuxu\/wp-json\/wp\/v2\/users\/117"}],"replies":[{"embeddable":true,"href":"https:\/\/edublog.educastur.es\/ixuxu\/wp-json\/wp\/v2\/comments?post=64921"}],"version-history":[{"count":1,"href":"https:\/\/edublog.educastur.es\/ixuxu\/wp-json\/wp\/v2\/pages\/64921\/revisions"}],"predecessor-version":[{"id":64922,"href":"https:\/\/edublog.educastur.es\/ixuxu\/wp-json\/wp\/v2\/pages\/64921\/revisions\/64922"}],"up":[{"embeddable":true,"href":"https:\/\/edublog.educastur.es\/ixuxu\/wp-json\/wp\/v2\/pages\/38590"}],"wp:attachment":[{"href":"https:\/\/edublog.educastur.es\/ixuxu\/wp-json\/wp\/v2\/media?parent=64921"}],"curies":[{"name":"wp","href":"https:\/\/api.w.org\/{rel}","templated":true}]}}