{"id":64931,"date":"2026-01-02T21:30:51","date_gmt":"2026-01-02T19:30:51","guid":{"rendered":"https:\/\/edublog.educastur.es\/ixuxu\/?page_id=64931"},"modified":"2026-01-02T21:30:51","modified_gmt":"2026-01-02T19:30:51","slug":"12_avientu","status":"publish","type":"page","link":"https:\/\/edublog.educastur.es\/ixuxu\/archivu-blogue\/articulos\/2024-2\/12_avientu\/","title":{"rendered":"12_Avientu"},"content":{"rendered":"<ul>\n<li><a href=\"https:\/\/edublog.educastur.es\/ixuxu\/2024\/12\/cerrar-un-anu-trai-daques-para-soltar\/\">Cerrar un a\u00f1u trai daqu\u00e9(s) para soltar.<\/a><span class=\"post-date\">31\/12\/2024<\/span><\/li>\n<li><a href=\"https:\/\/edublog.educastur.es\/ixuxu\/2024\/12\/mensaxe-de-fin-danu-de-barbon\/\">Mensaxe de fin d\u2019a\u00f1u del Presidente del Princip\u00e1u<\/a><span class=\"post-date\">31\/12\/2024<\/span><\/li>\n<li><a href=\"https:\/\/edublog.educastur.es\/ixuxu\/2024\/12\/33762\/\">(sin t\u00edtulo)<\/a><span class=\"post-date\">31\/12\/2024<\/span><\/li>\n<li><a href=\"https:\/\/edublog.educastur.es\/ixuxu\/2024\/12\/los-cantiles-de-cuideiru-tienen-enforma-arte\/\">Los cantiles de Cuideiru tienen enforma arte<\/a><span class=\"post-date\">31\/12\/2024<\/span><\/li>\n<li><a href=\"https:\/\/edublog.educastur.es\/ixuxu\/2024\/12\/tradicion-del-anu-nuevo-en-beleno-conceyu-de-ponga\/\">Tradici\u00f3n del A\u00f1u Nuevo en Bele\u00f1o, Conceyu de Ponga<\/a><span class=\"post-date\">31\/12\/2024<\/span><\/li>\n<li><a href=\"https:\/\/edublog.educastur.es\/ixuxu\/2024\/12\/despidir-el-2024-na-nieve-ye-la-opcion-escoyida-por-munchos-asturianos\/\">Despidir el 2024 na nieve ye la opci\u00f3n escoyida por munchos asturianos.<\/a><span class=\"post-date\">31\/12\/2024<\/span><\/li>\n<li><a href=\"https:\/\/edublog.educastur.es\/ixuxu\/2024\/12\/fiesta-dinteres-turistucu-laguinaldo-en-ponga\/\">Fiesta d\u2019inter\u00e9s tur\u00edstucu: L\u2019Aguinaldo en Ponga<\/a><span class=\"post-date\">31\/12\/2024<\/span><\/li>\n<li><a href=\"https:\/\/edublog.educastur.es\/ixuxu\/2024\/12\/fiesta-de-laguinaldu-y-guirria-en-ponga\/\">Fiesta de L\u2019Aguinaldu y Guirria en Ponga: 1 de xineru<\/a><span class=\"post-date\">31\/12\/2024<\/span><\/li>\n<li><a href=\"https:\/\/edublog.educastur.es\/ixuxu\/2024\/12\/nuechevieya\/\">\u201cNuechevieya\u201d<\/a><span class=\"post-date\">31\/12\/2024<\/span><\/li>\n<li><a href=\"https:\/\/edublog.educastur.es\/ixuxu\/2024\/12\/30248\/\">(sin t\u00edtulo)<\/a><span class=\"post-date\">31\/12\/2024<\/span><\/li>\n<li><a href=\"https:\/\/edublog.educastur.es\/ixuxu\/2024\/12\/estau-del-tiempu-martes-31-davientu\/\">Est\u00e1u del tiempu: martes 31 d\u2019avientu<\/a><span class=\"post-date\">31\/12\/2024<\/span><\/li>\n<li><a href=\"https:\/\/edublog.educastur.es\/ixuxu\/2024\/12\/asociate-a-lensame-musicasturiana-com\/\">As\u00f3ciate a l\u2019Ensame (MusicAsturiana.com)<\/a><span class=\"post-date\">30\/12\/2024<\/span><\/li>\n<li><a href=\"https:\/\/edublog.educastur.es\/ixuxu\/2024\/12\/iii-semando-fest-8-de-febreru-nuvieu\/\">III Semando Fest: 8 de febreru n\u2019Uvi\u00e9u<\/a><span class=\"post-date\">30\/12\/2024<\/span><\/li>\n<li><a href=\"https:\/\/edublog.educastur.es\/ixuxu\/2024\/12\/ponemos-el-ramu-al-espectaculu-humanes\/\">Ponemos el ramu al espect\u00e1culu \u00abHumanes\u00bb del grupu \u00abMuyeres\u00bb, \u00fan de los nomes m\u00e1s importantes del folclor asturianu.<\/a><span class=\"post-date\">30\/12\/2024<\/span><\/li>\n<li><a href=\"https:\/\/edublog.educastur.es\/ixuxu\/2024\/12\/nueva-edicion-de-los-premios-jugamos-por-la-igualdad-no-al-machismo\/\">Nueva edici\u00f3n de los premios Jugamos por la Igualdad. No al Machismo<\/a><span class=\"post-date\">30\/12\/2024<\/span><\/li>\n<li><a href=\"https:\/\/edublog.educastur.es\/ixuxu\/2024\/12\/tas-gachu-a-animu\/\">\u00bfTas gachu\/a? \u00a1\u00c1nimu!<\/a><span class=\"post-date\">30\/12\/2024<\/span><\/li>\n<li><a href=\"https:\/\/edublog.educastur.es\/ixuxu\/2024\/12\/38285\/\">(sin t\u00edtulo)<\/a><span class=\"post-date\">30\/12\/2024<\/span><\/li>\n<li><a href=\"https:\/\/edublog.educastur.es\/ixuxu\/2024\/12\/cena-de-nuechevieya\/\">\u00abCena de Nuechevieya\u00bb<\/a><span class=\"post-date\">30\/12\/2024<\/span><\/li>\n<li><a href=\"https:\/\/edublog.educastur.es\/ixuxu\/2024\/12\/axenda-del-30-davientu-al-5-de-xineru-definde-pieces\/\">Axenda del 30 d\u2019avientu al 5 de xineru #Definde #Pieces<\/a><span class=\"post-date\">30\/12\/2024<\/span><\/li>\n<li><a href=\"https:\/\/edublog.educastur.es\/ixuxu\/2024\/12\/les-noticies-del-llunes-30-davientu-de-2024-nasturianu-tpanoticies\/\">Les noticies del llunes 30 d\u2019avientu de 2024 n\u2019asturianu #TPANoticies<\/a><span class=\"post-date\">30\/12\/2024<\/span><\/li>\n<li><a href=\"https:\/\/edublog.educastur.es\/ixuxu\/2024\/12\/ria-del-eolestuariu-que-separa-asturies-y-galicia\/\">L\u2019estuariu que separa Asturies y Galicia: \u201cR\u00eda del Eo\u201d<\/a><span class=\"post-date\">30\/12\/2024<\/span><\/li>\n<li><a href=\"https:\/\/edublog.educastur.es\/ixuxu\/2024\/12\/39049\/\">El pueblu \u2018m\u00e1s navidiegu del mundu\u2019 ta n\u2019Asturies y tien menos de 40 habitantes: Aciera, nel conceyu de Quir\u00f3s<\/a><span class=\"post-date\">30\/12\/2024<\/span><\/li>\n<li><a href=\"https:\/\/edublog.educastur.es\/ixuxu\/2024\/12\/39103\/\">Reconocen la trayectoria d\u2019I\u00f1aki S. Santianes y Ismael Tom\u00e1s<\/a><span class=\"post-date\">30\/12\/2024<\/span><\/li>\n<li><a href=\"https:\/\/edublog.educastur.es\/ixuxu\/2024\/12\/38222\/\">(sin t\u00edtulo)<\/a><span class=\"post-date\">30\/12\/2024<\/span><\/li>\n<li><a href=\"https:\/\/edublog.educastur.es\/ixuxu\/2024\/12\/reapertura-de-la-cueva-de-la-lluera-en-les-caldes\/\">Reapertura de la cueva de La Lluera en Les Caldes<\/a><span class=\"post-date\">30\/12\/2024<\/span><\/li>\n<li><a href=\"https:\/\/edublog.educastur.es\/ixuxu\/2024\/12\/la-primer-campeona-de-la-hestoria-del-mundial-femenin-espanola\/\">La primer campeona de la hestoria del Mundial femen\u00edn, espa\u00f1ola<\/a><span class=\"post-date\">30\/12\/2024<\/span><\/li>\n<li><a href=\"https:\/\/edublog.educastur.es\/ixuxu\/2024\/12\/l-lena-impulsal-proyectu-pintaius-para-redescubrir-la-cultura-castrena-y-el-so-legau-al-travies-dun-soldau-romanu\/\">L.lena impulsa\u2019l Proyectu Pintaius para redescubrir la cultura castre\u00f1a y el so leg\u00e1u al travi\u00e9s d\u2019un sold\u00e1u romanu.<\/a><span class=\"post-date\">30\/12\/2024<\/span><\/li>\n<li><a href=\"https:\/\/edublog.educastur.es\/ixuxu\/2024\/12\/blincar\/\">\u00abBlincar\u00bb<\/a><span class=\"post-date\">30\/12\/2024<\/span><\/li>\n<li><a href=\"https:\/\/edublog.educastur.es\/ixuxu\/2024\/12\/estau-del-tiempu-llunes-30-davientu-2024\/\">Est\u00e1u del tiempu: llunes 30 d\u2019avientu 2024<\/a><span class=\"post-date\">30\/12\/2024<\/span><\/li>\n<li><a href=\"https:\/\/edublog.educastur.es\/ixuxu\/2024\/12\/38553\/\">(sin t\u00edtulo)<\/a><span class=\"post-date\">29\/12\/2024<\/span><\/li>\n<li><a href=\"https:\/\/edublog.educastur.es\/ixuxu\/2024\/12\/la-guerra-de-los-rohirrim-lanime-de-el-senor-de-los-anios-en-streaming\/\">\u2018La guerra de los Rohirrim\u2019. L\u2019anime de \u2018El se\u00f1or de los an\u00edos\u2019 en streaming<\/a><span class=\"post-date\">29\/12\/2024<\/span><\/li>\n<li><a href=\"https:\/\/edublog.educastur.es\/ixuxu\/2024\/12\/38987\/\">Nam\u00e1 18 de los 78 conceyos, el 23%, cunten con m\u00e1s cotizantes a la Segurid\u00e1 Social que pensionistes<\/a><span class=\"post-date\">29\/12\/2024<\/span><\/li>\n<li><a href=\"https:\/\/edublog.educastur.es\/ixuxu\/2024\/12\/asturies-ye-la-comunida-que-mas-muyeres-dexen-por-motivos-de-trabayu\/\">Asturies ye la comunid\u00e1 que m\u00e1s muyeres dexen por motivos de trabayu<\/a><span class=\"post-date\">29\/12\/2024<\/span><\/li>\n<li><a href=\"https:\/\/edublog.educastur.es\/ixuxu\/2024\/12\/36258\/\">(sin t\u00edtulo)<\/a><span class=\"post-date\">29\/12\/2024<\/span><\/li>\n<li><a href=\"https:\/\/edublog.educastur.es\/ixuxu\/2024\/12\/asturies-rexistral-mayor-aumentu-dinmigracion-forana-nos-postreros-tres-anos\/\">Asturies rexistra\u2019l mayor aumentu d\u2019inmigraci\u00f3n forana nos postreros tr\u00e9s a\u00f1os<\/a><span class=\"post-date\">29\/12\/2024<\/span><\/li>\n<li><a href=\"https:\/\/edublog.educastur.es\/ixuxu\/2024\/12\/felicitacion-del-grupu-lenguedeyu-de-llangreu\/\">Felicitaci\u00f3n del grupu \u00abL\u2019Enguedeyu\u00bb de Llangr\u00e9u<\/a><span class=\"post-date\">29\/12\/2024<\/span><\/li>\n<li><a href=\"https:\/\/edublog.educastur.es\/ixuxu\/2024\/12\/puede-vesel-picu-urriellu-dende-una-tumbona-na-sablera\/\">\u00bfPuede vese\u2019l Picu Urriellu, dende una tumbona na sablera?<\/a><span class=\"post-date\">29\/12\/2024<\/span><\/li>\n<li><a href=\"https:\/\/edublog.educastur.es\/ixuxu\/2024\/12\/irene-garcia-que-trabaya-na-uci-cardiaca-del-huca-campeona-del-mister-olympia-destoril\/\">Irene Garc\u00eda, que trabaya na UCI cardiaca del HUCA, campeona del M\u00edster Olympia d\u2019Estoril<\/a><span class=\"post-date\">29\/12\/2024<\/span><\/li>\n<li><a href=\"https:\/\/edublog.educastur.es\/ixuxu\/2024\/12\/33315\/\">(sin t\u00edtulo)<\/a><span class=\"post-date\">29\/12\/2024<\/span><\/li>\n<li><a href=\"https:\/\/edublog.educastur.es\/ixuxu\/2024\/12\/lestrechu-de-xibraltar-onde-casi-besense-europa-y-africa\/\">L\u2019Estrechu de Xibraltar: onde casi b\u00e9sense Europa y \u00c1frica<\/a><span class=\"post-date\">29\/12\/2024<\/span><\/li>\n<li><a href=\"https:\/\/edublog.educastur.es\/ixuxu\/2024\/12\/antiguos-refranes-asturianos-del-mes-davientu\/\">Antiguos Refranes Asturianos del mes d\u2019avientu<\/a><span class=\"post-date\">29\/12\/2024<\/span><\/li>\n<li><a href=\"https:\/\/edublog.educastur.es\/ixuxu\/2024\/12\/38964\/\">L\u2019AEMET da la bienvenida al 2025 con una bona dosis d\u2019agua y nieve<\/a><span class=\"post-date\">29\/12\/2024<\/span><\/li>\n<li><a href=\"https:\/\/edublog.educastur.es\/ixuxu\/2024\/12\/rodrigo-cuevas-folixa-colectiva-en-casa\/\">\u00abRodrigo Cuevas, folixa colectiva en casa\u00bb<\/a><span class=\"post-date\">28\/12\/2024<\/span><\/li>\n<li><a href=\"https:\/\/edublog.educastur.es\/ixuxu\/2024\/12\/38976\/\">\u00abSeronda\u00bb<\/a><span class=\"post-date\">28\/12\/2024<\/span><\/li>\n<li><a href=\"https:\/\/edublog.educastur.es\/ixuxu\/2024\/12\/38834\/\">(sin t\u00edtulo)<\/a><span class=\"post-date\">28\/12\/2024<\/span><\/li>\n<li><a href=\"https:\/\/edublog.educastur.es\/ixuxu\/2024\/12\/llume-navidiego-en-cinco-pueblos-dasturies\/\">Llume navidiego en cinco pueblos d\u2019Asturies<\/a><span class=\"post-date\">28\/12\/2024<\/span><\/li>\n<li><a href=\"https:\/\/edublog.educastur.es\/ixuxu\/2024\/12\/la-bidul-24-davientu-a-20-de-xineru\/\">La BIDUL: 24 d\u2019avientu a 20 de xineru<\/a><span class=\"post-date\">28\/12\/2024<\/span><\/li>\n<li><a href=\"https:\/\/edublog.educastur.es\/ixuxu\/2024\/12\/38882\/\">\u201cCarambelu\u201d<\/a><span class=\"post-date\">28\/12\/2024<\/span><\/li>\n<li><a href=\"https:\/\/edublog.educastur.es\/ixuxu\/2024\/12\/tarxeta-de-navida-1949\/\">Tarxeta de Navid\u00e1 (1949)<\/a><span class=\"post-date\">28\/12\/2024<\/span><\/li>\n<li><a href=\"https:\/\/edublog.educastur.es\/ixuxu\/2024\/12\/38811\/\">(sin t\u00edtulo)<\/a><span class=\"post-date\">28\/12\/2024<\/span><\/li>\n<li><a href=\"https:\/\/edublog.educastur.es\/ixuxu\/2024\/12\/reivindicol-mio-llau-inocente\/\">Reivindico\u2019l mio llau inocente.<\/a><span class=\"post-date\">28\/12\/2024<\/span><\/li>\n<li><a href=\"https:\/\/edublog.educastur.es\/ixuxu\/2024\/12\/les-noticies-del-vienres-27-de-avientu-de-2024-nasturianu-tpanoticies\/\">Les noticies del vienres 27 d\u2019avientu de 2024 n\u2019asturianu #TPANoticies<\/a><span class=\"post-date\">27\/12\/2024<\/span><\/li>\n<li><a href=\"https:\/\/edublog.educastur.es\/ixuxu\/2024\/12\/entrevista-a-leticia-baselgas\/\">Entrevista a Leticia Baselgas<\/a><span class=\"post-date\">27\/12\/2024<\/span><\/li>\n<li><a href=\"https:\/\/edublog.educastur.es\/ixuxu\/2024\/12\/aldericar-2\/\">\u00abAldericar\u00bb<\/a><span class=\"post-date\">27\/12\/2024<\/span><\/li>\n<li><a href=\"https:\/\/edublog.educastur.es\/ixuxu\/2024\/12\/sonios-del-arcu-atlanticu-navida-2024\/\">Son\u00edos del Arcu Atl\u00e1nticu \u00abNavid\u00e1 2024\u00bb<\/a><span class=\"post-date\">27\/12\/2024<\/span><\/li>\n<li><a href=\"https:\/\/edublog.educastur.es\/ixuxu\/2024\/12\/38779\/\">(sin t\u00edtulo)<\/a><span class=\"post-date\">27\/12\/2024<\/span><\/li>\n<li><a href=\"https:\/\/edublog.educastur.es\/ixuxu\/2024\/12\/pa-reflexonar-4\/\">Pa reflexonar\u2026<\/a><span class=\"post-date\">27\/12\/2024<\/span><\/li>\n<li><a href=\"https:\/\/edublog.educastur.es\/ixuxu\/2024\/12\/brindis-pola-sororida-ente-muyeres\/\">Brindis pola sororid\u00e1 ente muyeres<\/a><span class=\"post-date\">27\/12\/2024<\/span><\/li>\n<li><a href=\"https:\/\/edublog.educastur.es\/ixuxu\/2024\/12\/la-gastrificacion-nasturies\/\">La gastrificaci\u00f3n n\u2019Asturies\u2026<\/a><span class=\"post-date\">27\/12\/2024<\/span><\/li>\n<li><a href=\"https:\/\/edublog.educastur.es\/ixuxu\/2024\/12\/lexecutivu-declara-la-cultura-del-acebache-bien-dinteres-cultural-de-calter-inmaterial\/\">L\u2019Executivu declara la cultura del acebache bien d\u2019inter\u00e9s cultural de calter inmaterial<\/a><span class=\"post-date\">27\/12\/2024<\/span><\/li>\n<li><a href=\"https:\/\/edublog.educastur.es\/ixuxu\/2024\/12\/13a-muestra-de-cine-social-y-derechos-humanos-musoc-del-10-31-de-xineru\/\">13\u00aa Muestra de Cine Social y Derechos Humanos (MUSOC) del 10-31 de xineru<\/a><span class=\"post-date\">27\/12\/2024<\/span><\/li>\n<li><a href=\"https:\/\/edublog.educastur.es\/ixuxu\/2024\/12\/36436\/\">(sin t\u00edtulo)<\/a><span class=\"post-date\">27\/12\/2024<\/span><\/li>\n<li><a href=\"https:\/\/edublog.educastur.es\/ixuxu\/2024\/12\/tradicion-asturiana-del-ramu-de-nadal\/\">Tradici\u00f3n asturiana del Ramu de Nadal<\/a><span class=\"post-date\">27\/12\/2024<\/span><\/li>\n<li><a href=\"https:\/\/edublog.educastur.es\/ixuxu\/2024\/12\/lamenaza-pola-quasturies-tuvo-que-blindar-el-gochu-asturcelta-una-raza-autoctona-en-peligru\/\">L\u2019amenaza pola qu\u2019Asturies tuvo que blindar el gochu asturcelta: una raza aut\u00f3ctona en peligru<\/a><span class=\"post-date\">27\/12\/2024<\/span><\/li>\n<li><a href=\"https:\/\/edublog.educastur.es\/ixuxu\/2024\/12\/30398\/\">(sin t\u00edtulo)<\/a><span class=\"post-date\">27\/12\/2024<\/span><\/li>\n<li><a href=\"https:\/\/edublog.educastur.es\/ixuxu\/2024\/12\/38787\/\">Nueche Folki n\u2019Uvi\u00e9u<\/a><span class=\"post-date\">27\/12\/2024<\/span><\/li>\n<li><a href=\"https:\/\/edublog.educastur.es\/ixuxu\/2024\/12\/como-nos-prestar-ver-lo-quacontece-nos-picos-deuropa\/\">C\u00f3mo nos prestar ver lo qu\u2019acontece nos Picos d\u2019Europa<\/a><span class=\"post-date\">27\/12\/2024<\/span><\/li>\n<li><a href=\"https:\/\/edublog.educastur.es\/ixuxu\/2024\/12\/efemerides-por-inaciu-galan\/\">Efem\u00e9rides (por Inaciu Gal\u00e1n)<\/a><span class=\"post-date\">27\/12\/2024<\/span><\/li>\n<li><a href=\"https:\/\/edublog.educastur.es\/ixuxu\/2024\/12\/atapecer\/\">\u00abAtapecer\u00bb<\/a><span class=\"post-date\">27\/12\/2024<\/span><\/li>\n<li><a href=\"https:\/\/edublog.educastur.es\/ixuxu\/2024\/12\/el-friu-y-les-xelaes-ganen-terrenal\/\">El fr\u00edu y les xelaes ganen terrenal<\/a><span class=\"post-date\">27\/12\/2024<\/span><\/li>\n<li><a href=\"https:\/\/edublog.educastur.es\/ixuxu\/2024\/12\/estau-del-tiempu-vienres-27-davientu\/\">Est\u00e1u del tiempu: vienres 27 d\u2019avientu<\/a><span class=\"post-date\">27\/12\/2024<\/span><\/li>\n<li><a href=\"https:\/\/edublog.educastur.es\/ixuxu\/2024\/12\/36264\/\">(sin t\u00edtulo)<\/a><span class=\"post-date\">26\/12\/2024<\/span><\/li>\n<li><a href=\"https:\/\/edublog.educastur.es\/ixuxu\/2024\/12\/ainhoa-arteta-llena-de-versos-en-navida-a-los-asturianos-nel-teatru-campoamor-duvieu\/\">Ainhoa Arteta llena de \u00abVersos en Navid\u00e1\u00bb a los asturianos nel Teatru Campoamor d\u2019Uvi\u00e9u<\/a><span class=\"post-date\">26\/12\/2024<\/span><\/li>\n<li><a href=\"https:\/\/edublog.educastur.es\/ixuxu\/2024\/12\/les-noticies-del-xueves-26-de-avientu-de-2024-nasturianu-tpanoticies\/\">Les noticies del xueves 26 d\u2019avientu de 2024 n\u2019asturianu #TPANoticies<\/a><span class=\"post-date\">26\/12\/2024<\/span><\/li>\n<li><a href=\"https:\/\/edublog.educastur.es\/ixuxu\/2024\/12\/amestar\/\">\u00abAmestar\u00bb<\/a><span class=\"post-date\">26\/12\/2024<\/span><\/li>\n<li><a href=\"https:\/\/edublog.educastur.es\/ixuxu\/2024\/12\/38765\/\">Album \u00abPanderetes\u00bb<\/a><span class=\"post-date\">26\/12\/2024<\/span><\/li>\n<li><a href=\"https:\/\/edublog.educastur.es\/ixuxu\/2024\/12\/una-poeta-mierense-espunta-nespana\/\">Una poeta mierense espunta n\u2019Espa\u00f1a formando parte del premiu \u00abAdon\u00e1is\u00bb de poes\u00eda<\/a><span class=\"post-date\">26\/12\/2024<\/span><\/li>\n<li><a href=\"https:\/\/edublog.educastur.es\/ixuxu\/2024\/12\/36091\/\">(sin t\u00edtulo)<\/a><span class=\"post-date\">26\/12\/2024<\/span><\/li>\n<li><a href=\"https:\/\/edublog.educastur.es\/ixuxu\/2024\/12\/sintonia-del-programa-el-canciul-cuelebre-en-radio-sele\/\">Sinton\u00eda del programa El Canciu\u2019l Cu\u00e9lebre, en Radio Sele.<\/a><span class=\"post-date\">26\/12\/2024<\/span><\/li>\n<li><a href=\"https:\/\/edublog.educastur.es\/ixuxu\/2024\/12\/llagu-del-valle-somieu-fotopabloac\/\">Llagu del Valle (Somieu) FotoPabloac<\/a><span class=\"post-date\">26\/12\/2024<\/span><\/li>\n<li><a href=\"https:\/\/edublog.educastur.es\/ixuxu\/2024\/12\/los-estatutos-nuevos-de-la-universida-duvieu-apuesten-pol-asturianu\/\">Los estatutos nuevos de la Universid\u00e1 d\u2019Uvi\u00e9u apuesten pol asturianu<\/a><span class=\"post-date\">26\/12\/2024<\/span><\/li>\n<li><a href=\"https:\/\/edublog.educastur.es\/ixuxu\/2024\/12\/calendariu-llunar-de-los-arboles\/\">Calendariu Llunar de los \u00c1rboles<\/a><span class=\"post-date\">26\/12\/2024<\/span><\/li>\n<li><a href=\"https:\/\/edublog.educastur.es\/ixuxu\/2024\/12\/raitan\/\">\u00abRait\u00e1n\u00bb<\/a><span class=\"post-date\">26\/12\/2024<\/span><\/li>\n<li><a href=\"https:\/\/edublog.educastur.es\/ixuxu\/2024\/12\/37781\/\">(sin t\u00edtulo)<\/a><span class=\"post-date\">26\/12\/2024<\/span><\/li>\n<li><a href=\"https:\/\/edublog.educastur.es\/ixuxu\/2024\/12\/estau-del-tiempu-xueves-26-davientu\/\">Est\u00e1u del tiempu: xueves 26 d\u2019avientu<\/a><span class=\"post-date\">26\/12\/2024<\/span><\/li>\n<li><a href=\"https:\/\/edublog.educastur.es\/ixuxu\/2024\/12\/inventate-una-marina-ondel-mar-sias-tu-gonzalo-rojas\/\">\u00abInv\u00e9ntate una mari\u00f1a onde\u2019l mar s\u00edas tu\u00bb. (Gonzalo Rojas)<\/a><span class=\"post-date\">25\/12\/2024<\/span><\/li>\n<li><a href=\"https:\/\/edublog.educastur.es\/ixuxu\/2024\/12\/la-verdadera-riqueza-ta-en-tener-estes-12-coses\/\">La verdadera riqueza ye tener estes 12 \u201ccoses\u201d<\/a><span class=\"post-date\">25\/12\/2024<\/span><\/li>\n<li><a href=\"https:\/\/edublog.educastur.es\/ixuxu\/2024\/12\/les-noticies-del-miercoles-25-davientu-de-2024-nasturianu-tpanoticies\/\">Les noticies del mi\u00e9rcoles 25 d\u2019avientu de 2024 n\u2019asturianu #TPANoticies<\/a><span class=\"post-date\">25\/12\/2024<\/span><\/li>\n<li><a href=\"https:\/\/edublog.educastur.es\/ixuxu\/2024\/12\/38643\/\">(sin t\u00edtulo)<\/a><span class=\"post-date\">25\/12\/2024<\/span><\/li>\n<li><a href=\"https:\/\/edublog.educastur.es\/ixuxu\/2024\/12\/cascada-de-la-mexona\/\">Cascada de la Mexona<\/a><span class=\"post-date\">25\/12\/2024<\/span><\/li>\n<li><a href=\"https:\/\/edublog.educastur.es\/ixuxu\/2024\/12\/nel-conceyu-de-taramundi\/\">Nel conceyu de Taramundi<\/a><span class=\"post-date\">25\/12\/2024<\/span><\/li>\n<li><a href=\"https:\/\/edublog.educastur.es\/ixuxu\/2024\/12\/sobre-la-faba-tipu-verdina\/\">Sobre la faba tipu \u00abverdina\u00bb<\/a><span class=\"post-date\">25\/12\/2024<\/span><\/li>\n<li><a href=\"https:\/\/edublog.educastur.es\/ixuxu\/2024\/12\/vuelve-abrir-nuvieu-una-de-les-grandes-xoyes-del-arte-paleolitico\/\">Vuelve abrir n\u2019Uvi\u00e9u una de les grandes xoyes del arte paleol\u00edtico<\/a><span class=\"post-date\">25\/12\/2024<\/span><\/li>\n<li><a href=\"https:\/\/edublog.educastur.es\/ixuxu\/2024\/12\/38625\/\">(sin t\u00edtulo)<\/a><span class=\"post-date\">25\/12\/2024<\/span><\/li>\n<li><a href=\"https:\/\/edublog.educastur.es\/ixuxu\/2024\/12\/evocacion-del-iviernu-daurelio-gonzalez-ovies\/\">\u00abEvocaci\u00f3n del iviernu\u00bb d\u2019Aurelio Gonz\u00e1lez Ovies<\/a><span class=\"post-date\">25\/12\/2024<\/span><\/li>\n<li><a href=\"https:\/\/edublog.educastur.es\/ixuxu\/2024\/12\/bosque-de-muniellos\/\">Bosque de Muniellos<\/a><span class=\"post-date\">25\/12\/2024<\/span><\/li>\n<li><a href=\"https:\/\/edublog.educastur.es\/ixuxu\/2024\/12\/este-ye-la-mayor-carbayera-despana-y-atopase-nasturies\/\">Muniellos: la mayor carbayera d\u2019Espa\u00f1a qu\u2019at\u00f3pase n\u2019Asturies<\/a><span class=\"post-date\">25\/12\/2024<\/span><\/li>\n<li><a href=\"https:\/\/edublog.educastur.es\/ixuxu\/2024\/12\/en-verasturies-queremos-ver-los-regalos-que-vos-traxo-languleru\/\">\u00a1En VerAsturies queremos ver los regalos que vos traxo l\u2019Anguleru!<\/a><span class=\"post-date\">25\/12\/2024<\/span><\/li>\n<li><a href=\"https:\/\/edublog.educastur.es\/ixuxu\/2024\/12\/38634\/\">Bras Rodrigo<\/a><span class=\"post-date\">25\/12\/2024<\/span><\/li>\n<li><a href=\"https:\/\/edublog.educastur.es\/ixuxu\/2024\/12\/nadal-y-dia-de-navida\/\">\u00abNADAL\u00bb y \u2018D\u00eda de Navid\u00e1\u2019<\/a><span class=\"post-date\">25\/12\/2024<\/span><\/li>\n<li><a href=\"https:\/\/edublog.educastur.es\/ixuxu\/2024\/12\/grinch-yera\/\">Grinch yera\u2026<\/a><span class=\"post-date\">25\/12\/2024<\/span><\/li>\n<li><a href=\"https:\/\/edublog.educastur.es\/ixuxu\/2024\/12\/nadal\/\">\u00abNadal\u00bb<\/a><span class=\"post-date\">25\/12\/2024<\/span><\/li>\n<li><a href=\"https:\/\/edublog.educastur.es\/ixuxu\/2024\/12\/38555\/\">(sin t\u00edtulo)<\/a><span class=\"post-date\">24\/12\/2024<\/span><\/li>\n<li><a href=\"https:\/\/edublog.educastur.es\/ixuxu\/2024\/12\/languleru-encabezal-cortexu-del-nataliegu\/\">L\u2019Anguleru encabeza\u2019l Cortexu del Nataliegu<\/a><span class=\"post-date\">24\/12\/2024<\/span><\/li>\n<li><a href=\"https:\/\/edublog.educastur.es\/ixuxu\/2024\/12\/desfile-de-nadal-de-la-bnada-de-gaites-ciuda-duvieu\/\">La Maxa de P\u00e1 Noel: Desfile de Nadal n\u2019Uvi\u00e9u<\/a><span class=\"post-date\">24\/12\/2024<\/span><\/li>\n<li><a href=\"https:\/\/edublog.educastur.es\/ixuxu\/2024\/12\/ya-tienes-el-nataliegu-preparau-pa-esta-nueche\/\">\u00bfY\u00e1 tienes el nataliegu prepar\u00e1u pa esta nueche?<\/a><span class=\"post-date\">24\/12\/2024<\/span><\/li>\n<li><a href=\"https:\/\/edublog.educastur.es\/ixuxu\/2024\/12\/montse-garnacho-esplica-como-yel-ramu-nadal\/\">Montse Garnacho esplica c\u00f3mo ye\u2019l Ramu Nadal<\/a><span class=\"post-date\">24\/12\/2024<\/span><\/li>\n<li><a href=\"https:\/\/edublog.educastur.es\/ixuxu\/2024\/12\/nes-saturnalias-de-la-socieda-romanal-solsticiu-diviernu-yera-un-momentu-dalcuentru-dunion-y-reconciliacion\/\">Nes Saturnalias de la socied\u00e1 romana\u2019l solsticiu d\u2019iviernu yera un momentu d\u2019alcuentru, d\u2019uni\u00f3n y reconciliaci\u00f3n<\/a><span class=\"post-date\">24\/12\/2024<\/span><\/li>\n<li><a href=\"https:\/\/edublog.educastur.es\/ixuxu\/2024\/12\/bierzu\/\">\u00abBierzu\u00bb<\/a><span class=\"post-date\">24\/12\/2024<\/span><\/li>\n<li><a href=\"https:\/\/edublog.educastur.es\/ixuxu\/2024\/12\/estau-del-tiempu-martes-24-davientu\/\">Est\u00e1u del tiempu: martes 24 d\u2019avientu<\/a><span class=\"post-date\">24\/12\/2024<\/span><\/li>\n<li><a href=\"https:\/\/edublog.educastur.es\/ixuxu\/2024\/12\/espana-va-ser-unu-de-los-paises-mas-afectaos-pol-hidrometeoro-que-va-asombrar-la-navida-neuropa\/\">Espa\u00f1a va ser unu de los pa\u00edses m\u00e1s afectaos pol hidrometeoro que va asombrar la Navid\u00e1 n\u2019Europa<\/a><span class=\"post-date\">24\/12\/2024<\/span><\/li>\n<li><a href=\"https:\/\/edublog.educastur.es\/ixuxu\/2024\/12\/34150\/\">(sin t\u00edtulo)<\/a><span class=\"post-date\">24\/12\/2024<\/span><\/li>\n<li><a href=\"https:\/\/edublog.educastur.es\/ixuxu\/2024\/12\/toponimia-en-cabrales\/\">Toponimia en Cabrales<\/a><span class=\"post-date\">23\/12\/2024<\/span><\/li>\n<li><a href=\"https:\/\/edublog.educastur.es\/ixuxu\/2024\/12\/38607\/\">Toca\u2019l rubil Piricu (villancico tradicional asturiano)<\/a><span class=\"post-date\">23\/12\/2024<\/span><\/li>\n<li><a href=\"https:\/\/edublog.educastur.es\/ixuxu\/2024\/12\/poema-una-casa-berta-pinan\/\">Poema \u00abUna casa\u00bb (Berta Pi\u00f1\u00e1n)<\/a><span class=\"post-date\">23\/12\/2024<\/span><\/li>\n<li><a href=\"https:\/\/edublog.educastur.es\/ixuxu\/2024\/12\/axenda-del-23-al-29-davientu-definde-pieces\/\">Axenda del 23 al 29 d\u2019avientu #Definde #Pieces<\/a><span class=\"post-date\">23\/12\/2024<\/span><\/li>\n<li><a href=\"https:\/\/edublog.educastur.es\/ixuxu\/2024\/12\/escenines-teatrales-pa-la-reciella\/\">Festival \u00abEscenines\u00bb teatrales pa la Reciella<\/a><span class=\"post-date\">23\/12\/2024<\/span><\/li>\n<li><a href=\"https:\/\/edublog.educastur.es\/ixuxu\/2024\/12\/anuariu-estadisticu-coles-principales-cifres-educatives-del-2022-2023\/\">Anuariu estad\u00edsticu, coles principales cifres educatives del 2022-2023.<\/a><span class=\"post-date\">23\/12\/2024<\/span><\/li>\n<li><a href=\"https:\/\/edublog.educastur.es\/ixuxu\/2024\/12\/feliz-navida\/\">\u00abFeliz Navid\u00e1\u00bb<\/a><span class=\"post-date\">23\/12\/2024<\/span><\/li>\n<li><a href=\"https:\/\/edublog.educastur.es\/ixuxu\/2024\/12\/xornaes-de-puerets-abiertes-nel-taller-de-paz-mesa\/\">Xorn\u00e1es de puertes abiertes nel taller de Paz Mesa<\/a><span class=\"post-date\">23\/12\/2024<\/span><\/li>\n<li><a href=\"https:\/\/edublog.educastur.es\/ixuxu\/2024\/12\/38548\/\">(sin t\u00edtulo)<\/a><span class=\"post-date\">23\/12\/2024<\/span><\/li>\n<li><a href=\"https:\/\/edublog.educastur.es\/ixuxu\/2024\/12\/felicitaciones-navidiegues-prestoses\/\">Felicitaciones navidiegues prestoses<\/a><span class=\"post-date\">23\/12\/2024<\/span><\/li>\n<li><a href=\"https:\/\/edublog.educastur.es\/ixuxu\/2024\/12\/cuencauentos-en-grau-un-trasgu-na-ciuda-de-histories-sonores\/\">Cuentauentos en Grau: \u00abUn trasgu na ciud\u00e1 de Histories sonores\u00bb.<\/a><span class=\"post-date\">23\/12\/2024<\/span><\/li>\n<li><a href=\"https:\/\/edublog.educastur.es\/ixuxu\/2024\/12\/38559\/\">(sin t\u00edtulo)<\/a><span class=\"post-date\">23\/12\/2024<\/span><\/li>\n<li><a href=\"https:\/\/edublog.educastur.es\/ixuxu\/2024\/12\/38534\/\">\u00abIviernu\u00bb<\/a><span class=\"post-date\">23\/12\/2024<\/span><\/li>\n<li><a href=\"https:\/\/edublog.educastur.es\/ixuxu\/2024\/12\/29299\/\">(sin t\u00edtulo)<\/a><span class=\"post-date\">23\/12\/2024<\/span><\/li>\n<li><a href=\"https:\/\/edublog.educastur.es\/ixuxu\/2024\/12\/de-xuru-que-conoces-asturies\/\">\u00bfDe xuru que conoces Asturies?<\/a><span class=\"post-date\">23\/12\/2024<\/span><\/li>\n<li><a href=\"https:\/\/edublog.educastur.es\/ixuxu\/2024\/12\/senarda\/\">\u00abSe\u00f1ard\u00e1\u00bb<\/a><span class=\"post-date\">23\/12\/2024<\/span><\/li>\n<li><a href=\"https:\/\/edublog.educastur.es\/ixuxu\/2024\/12\/31979\/\">(sin t\u00edtulo)<\/a><span class=\"post-date\">23\/12\/2024<\/span><\/li>\n<li><a href=\"https:\/\/edublog.educastur.es\/ixuxu\/2024\/12\/la-vieya-en-les-mazcaraes-diviernu-representa-liviernu\/\">La vieya en les mazcaraes d\u2019iviernu representa l\u2019iviernu<\/a><span class=\"post-date\">23\/12\/2024<\/span><\/li>\n<li><a href=\"https:\/\/edublog.educastur.es\/ixuxu\/2024\/12\/estau-del-tiempu-llunes-23-davientu\/\">Est\u00e1u del tiempu: llunes 23 d\u2019avientu<\/a><span class=\"post-date\">23\/12\/2024<\/span><\/li>\n<\/ul>\n<ul>\n<li><a href=\"https:\/\/edublog.educastur.es\/ixuxu\/2024\/12\/calendarios-de-vacunes\/\">Calendarios de vacunes<\/a>\u00a0<span class=\"post-date\">22\/12\/2024<\/span><\/li>\n<li><a href=\"https:\/\/edublog.educastur.es\/ixuxu\/2024\/12\/38520\/\">(sin t\u00edtulo)<\/a>\u00a0<span class=\"post-date\">22\/12\/2024<\/span><\/li>\n<li><a href=\"https:\/\/edublog.educastur.es\/ixuxu\/2024\/12\/xunta-anal-del-observatoriu-asturianu-contra-la-lgtbifobia\/\">Xunta a\u00f1al del Observatoriu Asturianu contra la LGTBIfobia<\/a>\u00a0<span class=\"post-date\">22\/12\/2024<\/span><\/li>\n<li><a href=\"https:\/\/edublog.educastur.es\/ixuxu\/2024\/12\/naciones-celtes\/\">Naciones celtes<\/a>\u00a0<span class=\"post-date\">22\/12\/2024<\/span><\/li>\n<li><a href=\"https:\/\/edublog.educastur.es\/ixuxu\/2024\/12\/collecha-de-la-seronda-nasturies\/\">Collecha de la seronda n\u2019Asturies<\/a>\u00a0<span class=\"post-date\">22\/12\/2024<\/span><\/li>\n<li><a href=\"https:\/\/edublog.educastur.es\/ixuxu\/2024\/12\/os-reis-del-valledor\/\">Os Reis del Valledor<\/a>\u00a0<span class=\"post-date\">22\/12\/2024<\/span><\/li>\n<li><a href=\"https:\/\/edublog.educastur.es\/ixuxu\/2024\/12\/estratexa-de-conectivida-aerea-para-promocionar-el-destin-asturies\/\">Estratexa de Conectivid\u00e1 A\u00e9rea para promocionar el dest\u00edn Asturies.<\/a>\u00a0<span class=\"post-date\">22\/12\/2024<\/span><\/li>\n<li><a href=\"https:\/\/edublog.educastur.es\/ixuxu\/2024\/12\/38292\/\">(sin t\u00edtulo)<\/a>\u00a0<span class=\"post-date\">22\/12\/2024<\/span><\/li>\n<li><a href=\"https:\/\/edublog.educastur.es\/ixuxu\/2024\/12\/semifinal-del-premio-obdulia-alvarez-la-busdonga-de-asturianada\/\">Semifinal del Premio Obdulia \u00c1lvarez \u2018La Busdonga\u2019 de Asturianada<\/a>\u00a0<span class=\"post-date\">22\/12\/2024<\/span><\/li>\n<li><a href=\"https:\/\/edublog.educastur.es\/ixuxu\/2024\/12\/aves-nel-so-habitat-del-concursu-bird-photographer-of-the-year-2024\/\">\u2018Aves nel so h\u00e1bitat\u2019 del concursu Bird Photographer of the Year 2024.<\/a>\u00a0<span class=\"post-date\">22\/12\/2024<\/span><\/li>\n<li><a href=\"https:\/\/edublog.educastur.es\/ixuxu\/2024\/12\/mozu-estadounidense-convierte-laniu-de-picos-nun-espectacular-curtiu-viral\/\">Mozu estadounidense convierte l\u2019An\u00edu de Picos nun espectacular curtiu viral<\/a>\u00a0<span class=\"post-date\">22\/12\/2024<\/span><\/li>\n<li><a href=\"https:\/\/edublog.educastur.es\/ixuxu\/2024\/12\/cantar-esti-iviernu-ta-al-reves-pop-piquinin\/\">Cantar \u00abEsti iviernu ta al rev\u00e9s\u00bb (Pop Piqui\u00f1\u00edn)<\/a>\u00a0<span class=\"post-date\">22\/12\/2024<\/span><\/li>\n<li><a href=\"https:\/\/edublog.educastur.es\/ixuxu\/2024\/12\/34779\/\">(sin t\u00edtulo)<\/a>\u00a0<span class=\"post-date\">22\/12\/2024<\/span><\/li>\n<li><a href=\"https:\/\/edublog.educastur.es\/ixuxu\/2024\/12\/aemet-activo-para-guei-domingu-lavisu-naranxa-por-fenomenos-costeros-nasturies\/\">AEMET activ\u00f3 para g\u00fcei domingu l\u2019avisu naranxa por fen\u00f3menos costeros n\u2019Asturies.<\/a>\u00a0<span class=\"post-date\">22\/12\/2024<\/span><\/li>\n<li><a href=\"https:\/\/edublog.educastur.es\/ixuxu\/2024\/12\/solisticiu-diviernu\/\">Solisticiu d\u2019iviernu<\/a>\u00a0<span class=\"post-date\">22\/12\/2024<\/span><\/li>\n<li><a href=\"https:\/\/edublog.educastur.es\/ixuxu\/2024\/12\/asina-de-rapido-pasen-les-nueches-en-valgrande-payares\/\">Asina de r\u00e1pido pasen les nueches en Valgrande Payares<\/a>\u00a0<span class=\"post-date\">21\/12\/2024<\/span><\/li>\n<li><a href=\"https:\/\/edublog.educastur.es\/ixuxu\/2024\/12\/la-vuelta-ciclista-a-espana-presentase-col-angliru-como-xuno-de-los-sos-grandes-alicientes\/\">La Vuelta ciclista a Espa\u00f1a pres\u00e9ntase col Angliru como xuno de los sos grandes alicientes<\/a>\u00a0<span class=\"post-date\">21\/12\/2024<\/span><\/li>\n<li><a href=\"https:\/\/edublog.educastur.es\/ixuxu\/2024\/12\/campana-alquila-ho\/\">Campa\u00f1a \u00ab\u00a1Alquila ho!\u00bb<\/a>\u00a0<span class=\"post-date\">21\/12\/2024<\/span><\/li>\n<li><a href=\"https:\/\/edublog.educastur.es\/ixuxu\/2024\/12\/les-noticies-del-vienres-20-davientu-de-2024-nasturianu\/\">Tres idiomes, un mesmu sentimientu: Bones fiestes y feliz A\u00f1u 2025<\/a>\u00a0<span class=\"post-date\">21\/12\/2024<\/span><\/li>\n<li><a href=\"https:\/\/edublog.educastur.es\/ixuxu\/2024\/12\/35921\/\">(sin t\u00edtulo)<\/a>\u00a0<span class=\"post-date\">21\/12\/2024<\/span><\/li>\n<li><a href=\"https:\/\/edublog.educastur.es\/ixuxu\/2024\/12\/asturian-writers-pa-visibilizar-y-promocionar-la-lliteratura-propia-nasturianu\/\">\u00abAsturian Writers\u00bb pa visibilizar y promocionar la lliteratura propia n\u2019asturianu<\/a>\u00a0<span class=\"post-date\">21\/12\/2024<\/span><\/li>\n<li><a href=\"https:\/\/edublog.educastur.es\/ixuxu\/2024\/12\/el-nome-de-pegarata-dase-nasturies-al-bollu\/\">El nome de \u00abPegarata\u00bb dase n\u2019Asturies al bollu o torta que reciben los afiaos de los sos padrinos per Pascua.<\/a>\u00a0<span class=\"post-date\">21\/12\/2024<\/span><\/li>\n<li><a href=\"https:\/\/edublog.educastur.es\/ixuxu\/2024\/12\/vocabulariu-turriamos\/\">Vocabulariu: \u00abturriar\u00bb\u00a0<\/a>\u00a0<span class=\"post-date\">21\/12\/2024<\/span><\/li>\n<li><a href=\"https:\/\/edublog.educastur.es\/ixuxu\/2024\/12\/en-nadal-regala-llibros-regala-poesia\/\">En Nadal, regala llibros, regala poes\u00eda<\/a>\u00a0<span class=\"post-date\">21\/12\/2024<\/span><\/li>\n<li><a href=\"https:\/\/edublog.educastur.es\/ixuxu\/2024\/12\/languleru-en-mieres\/\">L\u2019Anguleru visita Mieres<\/a>\u00a0<span class=\"post-date\">21\/12\/2024<\/span><\/li>\n<li><a href=\"https:\/\/edublog.educastur.es\/ixuxu\/2024\/12\/38290\/\">(sin t\u00edtulo)<\/a>\u00a0<span class=\"post-date\">21\/12\/2024<\/span><\/li>\n<li><a href=\"https:\/\/edublog.educastur.es\/ixuxu\/2024\/12\/seguimos-trabayando-lote-de-llibros-pal-colexu-carmen-ruiz-tilve-duvieu\/\">Seguimos trabayando, Lote de llibros pal Colexu Carmen Ruiz-Tilve d\u2019Uvi\u00e9u<\/a>\u00a0<span class=\"post-date\">21\/12\/2024<\/span><\/li>\n<li><a href=\"https:\/\/edublog.educastur.es\/ixuxu\/2024\/12\/iviernu-2\/\">\u00abIviernu\u00bb<\/a>\u00a0<span class=\"post-date\">21\/12\/2024<\/span><\/li>\n<li><a href=\"https:\/\/edublog.educastur.es\/ixuxu\/2024\/12\/38450\/\">G\u00fcei ye\u2019l solsticiu d\u2019iviernu<\/a>\u00a0<span class=\"post-date\">21\/12\/2024<\/span><\/li>\n<li><a href=\"https:\/\/edublog.educastur.es\/ixuxu\/2024\/12\/iviernu\/\">Iviernu<\/a>\u00a0<span class=\"post-date\">21\/12\/2024<\/span><\/li>\n<li><a href=\"https:\/\/edublog.educastur.es\/ixuxu\/2024\/12\/estau-del-tiempu-sabadu-21-davientu\/\">Est\u00e1u del tiempu: s\u00e1badu 21 d\u2019avientu<\/a>\u00a0<span class=\"post-date\">21\/12\/2024<\/span><\/li>\n<li><a href=\"https:\/\/edublog.educastur.es\/ixuxu\/2024\/12\/entrega-de-los-premios-gastronomicos-maria-luisa-garcia\/\">Entrega de los Premios Gastron\u00f3micos Mar\u00eda Luisa Garc\u00eda<\/a>\u00a0<span class=\"post-date\">20\/12\/2024<\/span><\/li>\n<li><a href=\"https:\/\/edublog.educastur.es\/ixuxu\/2024\/12\/38294\/\">(sin t\u00edtulo)<\/a>\u00a0<span class=\"post-date\">20\/12\/2024<\/span><\/li>\n<li><a href=\"https:\/\/edublog.educastur.es\/ixuxu\/2024\/12\/les-noticies-del-vienres-20-davientu-de-2024-nasturianu-2\/\">Les noticies del vienres 20 d\u2019avientu de 2024 n\u2019asturianu<\/a>\u00a0<span class=\"post-date\">20\/12\/2024<\/span><\/li>\n<li><a href=\"https:\/\/edublog.educastur.es\/ixuxu\/2024\/12\/vero-rubio-vou\/\">Vero Rubio \u00abVou\u00bb<\/a>\u00a0<span class=\"post-date\">20\/12\/2024<\/span><\/li>\n<li><a href=\"https:\/\/edublog.educastur.es\/ixuxu\/2024\/12\/iluminacion-navidiega-en-cortesia-dempreses\/\">Iluminaci\u00f3n navidiega cortes\u00eda d\u2019empreses<\/a>\u00a0<span class=\"post-date\">20\/12\/2024<\/span><\/li>\n<li><a href=\"https:\/\/edublog.educastur.es\/ixuxu\/2024\/12\/felices-fiestes-navidiegues-y-bones-vacaciones\/\">Felices Fiestes navidiegues y bones vacaciones<\/a>\u00a0<span class=\"post-date\">20\/12\/2024<\/span><\/li>\n<li><a href=\"https:\/\/edublog.educastur.es\/ixuxu\/2024\/12\/pablo-rodriguez-medina-premiu-de-novela-curtia-andres-solar-santurio\/\">Pablo Rodr\u00edguez Medina, Premiu de Novela Curtia Andr\u00e9s Solar<\/a>\u00a0<span class=\"post-date\">20\/12\/2024<\/span><\/li>\n<li><a href=\"https:\/\/edublog.educastur.es\/ixuxu\/2024\/12\/los-sones-de-la-navida-asturiana\/\">\u00abLos sones de la Navid\u00e1 asturiana\u00bb<\/a>\u00a0<span class=\"post-date\">20\/12\/2024<\/span><\/li>\n<li><a href=\"https:\/\/edublog.educastur.es\/ixuxu\/2024\/12\/hector-braga-llanza-single-nuevu-roubiltones\/\">H\u00e9ctor Braga llanza single nuevu \u00abRoubiltones\u00bb<\/a>\u00a0<span class=\"post-date\">20\/12\/2024<\/span><\/li>\n<li><a href=\"https:\/\/edublog.educastur.es\/ixuxu\/2024\/12\/38398\/\">El Ramu Nadal<\/a>\u00a0<span class=\"post-date\">20\/12\/2024<\/span><\/li>\n<li><a href=\"https:\/\/edublog.educastur.es\/ixuxu\/2024\/12\/ven-vistir-el-ramu-de-navida-en-grau\/\">\u00abVen vistir el Ramu de Navid\u00e1\u00bb en Grau<\/a>\u00a0<span class=\"post-date\">20\/12\/2024<\/span><\/li>\n<li><a href=\"https:\/\/edublog.educastur.es\/ixuxu\/2024\/12\/felicitacion-de-la-conseyeria-deducacion\/\">Felicitaci\u00f3n de la Conseyer\u00eda d\u2019Educaci\u00f3n<\/a>\u00a0<span class=\"post-date\">20\/12\/2024<\/span><\/li>\n<li><a href=\"https:\/\/edublog.educastur.es\/ixuxu\/2024\/12\/fortalez-la-to-empresa-con-talentu-fp\/\">Fortalez la to empresa con Talentu FP.<\/a>\u00a0<span class=\"post-date\">20\/12\/2024<\/span><\/li>\n<li><a href=\"https:\/\/edublog.educastur.es\/ixuxu\/2024\/12\/estau-del-tiempu-wienres-20-davientu\/\">Est\u00e1u del tiempu: vienres 20 d\u2019avientu<\/a>\u00a0<span class=\"post-date\">20\/12\/2024<\/span><\/li>\n<li><a href=\"https:\/\/edublog.educastur.es\/ixuxu\/2024\/12\/les-noticies-del-xueves-19-davientu-de-2024-nasturianu\/\">Les noticies del xueves 19 d\u2019avientu de 2024 n\u2019asturianu<\/a>\u00a0<span class=\"post-date\">19\/12\/2024<\/span><\/li>\n<li><a href=\"https:\/\/edublog.educastur.es\/ixuxu\/2024\/12\/proyectu-cultural-tha-house\/\">Proyectu cultural \u2018Tha House\u2019<\/a>\u00a0<span class=\"post-date\">19\/12\/2024<\/span><\/li>\n<li><a href=\"https:\/\/edublog.educastur.es\/ixuxu\/2024\/12\/38580\/\">(sin t\u00edtulo)<\/a>\u00a0<span class=\"post-date\">19\/12\/2024<\/span><\/li>\n<li><a href=\"https:\/\/edublog.educastur.es\/ixuxu\/2024\/12\/31955\/\">(sin t\u00edtulo)<\/a>\u00a0<span class=\"post-date\">19\/12\/2024<\/span><\/li>\n<li><a href=\"https:\/\/edublog.educastur.es\/ixuxu\/2024\/12\/montse-garnacho-ganal-xxvi-concursu-de-cuentos-pola-oficialida-del-asturianu-de-bimenes\/\">Montse Garnacho gana\u2019l XXVI Concursu de Cuentos pola Oficialid\u00e1 del Asturianu de Bimenes<\/a>\u00a0<span class=\"post-date\">19\/12\/2024<\/span><\/li>\n<li><a href=\"https:\/\/edublog.educastur.es\/ixuxu\/2024\/12\/presentacion-de-asturian_writers\/\">Presentaci\u00f3n de @asturian_writers<\/a>\u00a0<span class=\"post-date\">19\/12\/2024<\/span><\/li>\n<li><a href=\"https:\/\/edublog.educastur.es\/ixuxu\/2024\/12\/38282\/\">(sin t\u00edtulo)<\/a>\u00a0<span class=\"post-date\">19\/12\/2024<\/span><\/li>\n<li><a href=\"https:\/\/edublog.educastur.es\/ixuxu\/2024\/12\/de-quien-son-aquellos-gues-que-lleven-los-esquilones\/\">\u00bfDe qui\u00e9n son aquellos g\u00fces que lleven los esquilones?<\/a>\u00a0<span class=\"post-date\">19\/12\/2024<\/span><\/li>\n<li><a href=\"https:\/\/edublog.educastur.es\/ixuxu\/2024\/12\/bon-anu-nuevu\/\">\u00a1Bon a\u00f1u nuevu!<\/a>\u00a0<span class=\"post-date\">19\/12\/2024<\/span><\/li>\n<li><a href=\"https:\/\/edublog.educastur.es\/ixuxu\/2024\/12\/35704\/\">(sin t\u00edtulo)<\/a>\u00a0<span class=\"post-date\">19\/12\/2024<\/span><\/li>\n<li><a href=\"https:\/\/edublog.educastur.es\/ixuxu\/2024\/12\/pintaron-los-neandertales-les-pintures-rupestres-dasturies\/\">\u00bfPintaron los neandertales les pintures rupestres d\u2019Asturies?<\/a>\u00a0<span class=\"post-date\">19\/12\/2024<\/span><\/li>\n<li><a href=\"https:\/\/edublog.educastur.es\/ixuxu\/2024\/12\/chiscar-2\/\">\u201cChiscar\u201d<\/a>\u00a0<span class=\"post-date\">19\/12\/2024<\/span><\/li>\n<li><a href=\"https:\/\/edublog.educastur.es\/ixuxu\/2024\/12\/presentacion-del-llibru-muyeres-quechen-sidre\/\">Presentaci\u00f3n del llibru \u00abMuyeres qu\u2019echen sidre\u00bb, en Nava<\/a>\u00a0<span class=\"post-date\">19\/12\/2024<\/span><\/li>\n<li><a href=\"https:\/\/edublog.educastur.es\/ixuxu\/2024\/12\/el-conservatoriu-de-mieres-homenaxea-esti-xueves-a-xentiquina-y-nacho-fonseca\/\">El Conservatoriu de Mieres homenaxea esti xueves a Xentiquina y Nacho Fonseca<\/a>\u00a0<span class=\"post-date\">19\/12\/2024<\/span><\/li>\n<li><a href=\"https:\/\/edublog.educastur.es\/ixuxu\/2024\/12\/38333\/\">(sin t\u00edtulo)<\/a>\u00a0<span class=\"post-date\">19\/12\/2024<\/span><\/li>\n<li><a href=\"https:\/\/edublog.educastur.es\/ixuxu\/2024\/12\/declaracion-de-la-cultura-del-acebache-como-bien-dinteres-cultural\/\">Declaraci\u00f3n de la cultura del acebache como Bien d\u2019Inter\u00e9s Cultural<\/a>\u00a0<span class=\"post-date\">19\/12\/2024<\/span><\/li>\n<li><a href=\"https:\/\/edublog.educastur.es\/ixuxu\/2024\/12\/38302\/\">Semeyes como alcordanza de la to aventura y viaxes<\/a>\u00a0<span class=\"post-date\">19\/12\/2024<\/span><\/li>\n<li><a href=\"https:\/\/edublog.educastur.es\/ixuxu\/2024\/12\/recreacion-del-vistir-nel-s-xviii\/\">Recreaci\u00f3n del vistir nel Sieglu XVIII.<\/a>\u00a0<span class=\"post-date\">19\/12\/2024<\/span><\/li>\n<li><a href=\"https:\/\/edublog.educastur.es\/ixuxu\/2024\/12\/38347\/\">(sin t\u00edtulo)<\/a>\u00a0<span class=\"post-date\">19\/12\/2024<\/span><\/li>\n<li><a href=\"https:\/\/edublog.educastur.es\/ixuxu\/2024\/12\/mercando-xamon\/\">\u2018Mercando xam\u00f3n\u2019<\/a>\u00a0<span class=\"post-date\">19\/12\/2024<\/span><\/li>\n<li><a href=\"https:\/\/edublog.educastur.es\/ixuxu\/2024\/12\/mas-friu-nespana-esbarrumbe-termicu-dhasta-10oc-de-golpe-y-mas-xelaes\/\">M\u00e1s fr\u00edu n\u2019Espa\u00f1a: esbarrumbe t\u00e9rmicu d\u2019hasta 10\u00baC de golpe y m\u00e1s xelaes<\/a>\u00a0<span class=\"post-date\">19\/12\/2024<\/span><\/li>\n<li><a href=\"https:\/\/edublog.educastur.es\/ixuxu\/2024\/12\/estau-del-tiempu-xueves-19-davientu-2024\/\">Est\u00e1u del tiempu: xueves 19 d\u2019avientu<\/a>\u00a0<span class=\"post-date\">19\/12\/2024<\/span><\/li>\n<li><a href=\"https:\/\/edublog.educastur.es\/ixuxu\/2024\/12\/38187\/\">(sin t\u00edtulo)<\/a>\u00a0<span class=\"post-date\">18\/12\/2024<\/span><\/li>\n<li><a href=\"https:\/\/edublog.educastur.es\/ixuxu\/2024\/12\/larbol-de-navida-tien-raiganos-en-tradiciones-vida-y-renovacion-mientres-liviernu\/\">L\u2019\u00e1rbol de Navid\u00e1 tien raiga\u00f1os en tradiciones que simbolizaben vida y renovaci\u00f3n mientres l\u2019iviernu.<\/a>\u00a0<span class=\"post-date\">18\/12\/2024<\/span><\/li>\n<li><a href=\"https:\/\/edublog.educastur.es\/ixuxu\/2024\/12\/38278\/\">(sin t\u00edtulo)<\/a>\u00a0<span class=\"post-date\">18\/12\/2024<\/span><\/li>\n<li><a href=\"https:\/\/edublog.educastur.es\/ixuxu\/2024\/12\/38314\/\">Entrega de Premios Lliterarios en Llingua Asturiana 2023<\/a>\u00a0<span class=\"post-date\">18\/12\/2024<\/span><\/li>\n<li><a href=\"https:\/\/edublog.educastur.es\/ixuxu\/2024\/12\/adeste-fideles-venid-fieles-un-de-los-villancicos-mas-conocidos\/\">Adeste Fideles (Venid Fieles), un de los villancicos m\u00e1s conocidos<\/a>\u00a0<span class=\"post-date\">18\/12\/2024<\/span><\/li>\n<li><a href=\"https:\/\/edublog.educastur.es\/ixuxu\/2024\/12\/pozu-soton-un-paseu-poles-coraes-entranes-de-la-tierra\/\">Pozu Sot\u00f3n: Un pas\u00e9u poles entra\u00f1es de la tierra<\/a>\u00a0<span class=\"post-date\">18\/12\/2024<\/span><\/li>\n<li><a href=\"https:\/\/edublog.educastur.es\/ixuxu\/2024\/12\/38216\/\">(sin t\u00edtulo)<\/a>\u00a0<span class=\"post-date\">18\/12\/2024<\/span><\/li>\n<li><a href=\"https:\/\/edublog.educastur.es\/ixuxu\/2024\/12\/el-nivel-educativu-dasturies-en-datos-4-de-cada-10-asturianos-tien-un-titulu-cimeru\/\">El nivel educativu d\u2019Asturies, en datos: 4 de cada 10 asturianos tien un t\u00edtulu cimeru<\/a>\u00a0<span class=\"post-date\">18\/12\/2024<\/span><\/li>\n<li><a href=\"https:\/\/edublog.educastur.es\/ixuxu\/2024\/12\/por-que-asturies-yel-principal-puntu-caliente-de-la-vivienda-nel-norte\/\">Asturies ye\u2019l principal puntu de la vivienda nel norte<\/a>\u00a0<span class=\"post-date\">18\/12\/2024<\/span><\/li>\n<li><a href=\"https:\/\/edublog.educastur.es\/ixuxu\/2024\/12\/sabes-que-ye-esti-edificiu-pasa-la-paxina-y-conozla\/\">\u00bfSabes qu\u00e9 ye esti edificiu? \u00a1Pasa la p\u00e1xina y conozla!<\/a>\u00a0<span class=\"post-date\">18\/12\/2024<\/span><\/li>\n<li><a href=\"https:\/\/edublog.educastur.es\/ixuxu\/2024\/12\/la-felicida\/\">\u00abLa Felicid\u00e1\u00bb<\/a>\u00a0<span class=\"post-date\">18\/12\/2024<\/span><\/li>\n<li><a href=\"https:\/\/edublog.educastur.es\/ixuxu\/2024\/12\/presentacion-del-curtiometraje-soleda-de-howi-alvarez\/\">Presentaci\u00f3n del curtiometraxe \u201cSoled\u00e1\u201d<\/a>\u00a0<span class=\"post-date\">18\/12\/2024<\/span><\/li>\n<li><a href=\"https:\/\/edublog.educastur.es\/ixuxu\/2024\/12\/aver-vite-na-fonte\/\">Cantar: \u00abVite ayeri na fonte\u00bb<\/a>\u00a0<span class=\"post-date\">18\/12\/2024<\/span><\/li>\n<li><a href=\"https:\/\/edublog.educastur.es\/ixuxu\/2024\/12\/mas-felicitaciones-navidiegues-nasturianu\/\">M\u00e1s felicitaciones navidiegues n\u2019asturianu<\/a>\u00a0<span class=\"post-date\">18\/12\/2024<\/span><\/li>\n<li><a href=\"https:\/\/edublog.educastur.es\/ixuxu\/2024\/12\/nun-quedes-sin-la-to-carta\/\">Nun quedes sin la to carta<\/a>\u00a0<span class=\"post-date\">18\/12\/2024<\/span><\/li>\n<li><a href=\"https:\/\/edublog.educastur.es\/ixuxu\/2024\/12\/llibru-cercal-cielu-2\/\">Llibru \u00abCerca\u2019l cielu\u00bb<\/a>\u00a0<span class=\"post-date\">18\/12\/2024<\/span><\/li>\n<li><a href=\"https:\/\/edublog.educastur.es\/ixuxu\/2024\/12\/dexonos-una-de-les-meyores-actrices-danguano-dep\/\">Dex\u00f3nos una de les meyores actrices d\u2019angua\u00f1o. DEP<\/a>\u00a0<span class=\"post-date\">18\/12\/2024<\/span><\/li>\n<li><a href=\"https:\/\/edublog.educastur.es\/ixuxu\/2024\/12\/poesia-plizcos-alfredo-garay\/\">Poes\u00eda: \u00abPlizcos\u00bb (Alfredo Garay)<\/a>\u00a0<span class=\"post-date\">18\/12\/2024<\/span><\/li>\n<li><a href=\"https:\/\/edublog.educastur.es\/ixuxu\/2024\/12\/38135\/\">(sin t\u00edtulo)<\/a>\u00a0<span class=\"post-date\">18\/12\/2024<\/span><\/li>\n<li><a href=\"https:\/\/edublog.educastur.es\/ixuxu\/2024\/12\/petirrojo-europeu\/\">El mar ye protagonista de munches de la noveles de Xulio Verne.<\/a>\u00a0<span class=\"post-date\">18\/12\/2024<\/span><\/li>\n<li><a href=\"https:\/\/edublog.educastur.es\/ixuxu\/2024\/12\/tradiciones-asturianes-ramu-nadal-y-nataliegu\/\">Tradiciones asturianes: Ramu Nadal y Nataliegu<\/a>\u00a0<span class=\"post-date\">18\/12\/2024<\/span><\/li>\n<li><a href=\"https:\/\/edublog.educastur.es\/ixuxu\/2024\/12\/38198\/\">Est\u00e1u del tiempu: mi\u00e9rcoles 18 d\u2019avientu<\/a>\u00a0<span class=\"post-date\">18\/12\/2024<\/span><\/li>\n<li><a href=\"https:\/\/edublog.educastur.es\/ixuxu\/2024\/12\/38195\/\">El color mariello<\/a>\u00a0<span class=\"post-date\">17\/12\/2024<\/span><\/li>\n<li><a href=\"https:\/\/edublog.educastur.es\/ixuxu\/2024\/12\/38184\/\">(sin t\u00edtulo)<\/a>\u00a0<span class=\"post-date\">17\/12\/2024<\/span><\/li>\n<li><a href=\"https:\/\/edublog.educastur.es\/ixuxu\/2024\/12\/38176\/\">La Primer Llei de Newton: Principiu de la inercia<\/a>\u00a0<span class=\"post-date\">17\/12\/2024<\/span><\/li>\n<li><a href=\"https:\/\/edublog.educastur.es\/ixuxu\/2024\/12\/taller-de-gaita-asturiana-en-grau\/\">Taller de gaita asturiana en Grau<\/a>\u00a0<span class=\"post-date\">17\/12\/2024<\/span><\/li>\n<li><a href=\"https:\/\/edublog.educastur.es\/ixuxu\/2024\/12\/poema-les-manes-de-mio-guela\/\">Poema: \u00abLes manes de mio g\u00fcela\u00bb<\/a>\u00a0<span class=\"post-date\">17\/12\/2024<\/span><\/li>\n<li><a href=\"https:\/\/edublog.educastur.es\/ixuxu\/2024\/12\/feliz-navida-y-paz-paral-2025\/\">Feliz Navid\u00e1 y Paz para\u2019l 2025<\/a>\u00a0<span class=\"post-date\">17\/12\/2024<\/span><\/li>\n<li><a href=\"https:\/\/edublog.educastur.es\/ixuxu\/2024\/12\/38132\/\">(sin t\u00edtulo)<\/a>\u00a0<span class=\"post-date\">17\/12\/2024<\/span><\/li>\n<li><a href=\"https:\/\/edublog.educastur.es\/ixuxu\/2024\/12\/otru-color-de-moda-pa-2025\/\">Otru color de moda pa 2025<\/a>\u00a0<span class=\"post-date\">17\/12\/2024<\/span><\/li>\n<li><a href=\"https:\/\/edublog.educastur.es\/ixuxu\/2024\/12\/el-color-del-anu-2025-cinnamon-slate-2113-40\/\">Mocha Mousse: Color Pantone del 2025<\/a>\u00a0<span class=\"post-date\">17\/12\/2024<\/span><\/li>\n<li><a href=\"https:\/\/edublog.educastur.es\/ixuxu\/2024\/12\/visita-medica\/\">\u00abVisita m\u00e9dica\u00bb<\/a>\u00a0<span class=\"post-date\">17\/12\/2024<\/span><\/li>\n<li><a href=\"https:\/\/edublog.educastur.es\/ixuxu\/2024\/12\/los-nomes-de-nenos-y-nenes-mas-famosos-na-eda-media-nasturies\/\">Los nomes de ne\u00f1os y ne\u00f1es m\u00e1s famosos na Ed\u00e1 Media n\u2019Asturies<\/a>\u00a0<span class=\"post-date\">17\/12\/2024<\/span><\/li>\n<li><a href=\"https:\/\/edublog.educastur.es\/ixuxu\/2024\/12\/37805\/\">(sin t\u00edtulo)<\/a>\u00a0<span class=\"post-date\">17\/12\/2024<\/span><\/li>\n<li><a href=\"https:\/\/edublog.educastur.es\/ixuxu\/2024\/12\/concursu-que-ye-pa-ti-el-017\/\">Concursu \u00bfQu\u00e9 ye pa ti el 017?<\/a>\u00a0<span class=\"post-date\">17\/12\/2024<\/span><\/li>\n<li><a href=\"https:\/\/edublog.educastur.es\/ixuxu\/2024\/12\/nueves-pallabres-nel-diccionariu-de-la-rae\/\">Novedaes del Diccionariu de la Llingua Espa\u00f1ola<\/a>\u00a0<span class=\"post-date\">17\/12\/2024<\/span><\/li>\n<li><a href=\"https:\/\/edublog.educastur.es\/ixuxu\/2024\/12\/pumar\/\">\u00abPumar\u00bb<\/a>\u00a0<span class=\"post-date\">17\/12\/2024<\/span><\/li>\n<li><a href=\"https:\/\/edublog.educastur.es\/ixuxu\/2024\/12\/color-prietu-o-negru\/\">Color prietu o negru<\/a>\u00a0<span class=\"post-date\">17\/12\/2024<\/span><\/li>\n<li><a href=\"https:\/\/edublog.educastur.es\/ixuxu\/2024\/12\/38128\/\">(sin t\u00edtulo)<\/a>\u00a0<span class=\"post-date\">17\/12\/2024<\/span><\/li>\n<li><a href=\"https:\/\/edublog.educastur.es\/ixuxu\/2024\/12\/38099\/\">G\u00fceyu de g\u00fce (Pe\u00f1a Mea)<\/a>\u00a0<span class=\"post-date\">17\/12\/2024<\/span><\/li>\n<li><a href=\"https:\/\/edublog.educastur.es\/ixuxu\/2024\/12\/iviernu-na-so-maxima-espresion\/\">Iviernu na so m\u00e1xima espresi\u00f3n<\/a>\u00a0<span class=\"post-date\">17\/12\/2024<\/span><\/li>\n<li><a href=\"https:\/\/edublog.educastur.es\/ixuxu\/2024\/12\/estau-del-tiempu-martes-17-davientu\/\">Est\u00e1u del tiempu: martes 17 d\u2019avientu<\/a>\u00a0<span class=\"post-date\">17\/12\/2024<\/span><\/li>\n<li><a href=\"https:\/\/edublog.educastur.es\/ixuxu\/2024\/12\/38090\/\">(sin t\u00edtulo)<\/a>\u00a0<span class=\"post-date\">16\/12\/2024<\/span><\/li>\n<li><a href=\"https:\/\/edublog.educastur.es\/ixuxu\/2024\/12\/lautoestima-ye-crucial-pal-bienestar-xeneral\/\">L\u2019autoestima ye crucial pal bienestar xeneral<\/a>\u00a0<span class=\"post-date\">16\/12\/2024<\/span><\/li>\n<li><a href=\"https:\/\/edublog.educastur.es\/ixuxu\/2024\/12\/lasturleones\/\">Tolo que precises saber del ASTURLEON\u00c9S<\/a>\u00a0<span class=\"post-date\">16\/12\/2024<\/span><\/li>\n<li><a href=\"https:\/\/edublog.educastur.es\/ixuxu\/2024\/12\/imaxinar\/\">\u00abImaxinar\u00bb<\/a>\u00a0<span class=\"post-date\">16\/12\/2024<\/span><\/li>\n<li><a href=\"https:\/\/edublog.educastur.es\/ixuxu\/2024\/12\/premios-lliterarios-y-artisticos\/\">Premios Lliterarios y Art\u00edsticos<\/a>\u00a0<span class=\"post-date\">16\/12\/2024<\/span><\/li>\n<li><a href=\"https:\/\/edublog.educastur.es\/ixuxu\/2024\/12\/bona-navida-y-bayurosu-anu-2025\/\">Bona Navid\u00e1 y Bayurosu a\u00f1u 2025<\/a>\u00a0<span class=\"post-date\">16\/12\/2024<\/span><\/li>\n<li><a href=\"https:\/\/edublog.educastur.es\/ixuxu\/2024\/12\/labshop-na-llaboral-de-xixon\/\">LabShop na Llaboral de Xix\u00f3n.<\/a>\u00a0<span class=\"post-date\">16\/12\/2024<\/span><\/li>\n<li><a href=\"https:\/\/edublog.educastur.es\/ixuxu\/2024\/12\/37809\/\">(sin t\u00edtulo)<\/a>\u00a0<span class=\"post-date\">16\/12\/2024<\/span><\/li>\n<li><a href=\"https:\/\/edublog.educastur.es\/ixuxu\/2024\/12\/refranes\/\">Refranes<\/a>\u00a0<span class=\"post-date\">16\/12\/2024<\/span><\/li>\n<li><a href=\"https:\/\/edublog.educastur.es\/ixuxu\/2024\/12\/allandestars\/\">Taller de Cohetes \u00abAllande Stars\u00bb nel colexu<\/a>\u00a0<span class=\"post-date\">16\/12\/2024<\/span><\/li>\n<li><a href=\"https:\/\/edublog.educastur.es\/ixuxu\/2024\/12\/significau-del-color-viola\/\">Signific\u00e1u del color viola\/mor\u00e1u<\/a>\u00a0<span class=\"post-date\">16\/12\/2024<\/span><\/li>\n<li><a href=\"https:\/\/edublog.educastur.es\/ixuxu\/2024\/12\/37979\/\">(sin t\u00edtulo)<\/a>\u00a0<span class=\"post-date\">16\/12\/2024<\/span><\/li>\n<li><a href=\"https:\/\/edublog.educastur.es\/ixuxu\/2024\/12\/la-superluna-del-castor-la-postrera-del-2024\/\">La \u2018Superluna del Castor\u2019, la postrera del 2024<\/a>\u00a0<span class=\"post-date\">16\/12\/2024<\/span><\/li>\n<li><a href=\"https:\/\/edublog.educastur.es\/ixuxu\/2024\/12\/el-pueblu-mas-guapu-dasturies-precisa-personal-para-trabayar-nun-miticu-hotel-a-veres-del-cantabricu\/\">Ribeseya, \u00fan de los pueblos m\u00e1s guapos d\u2019Asturies<\/a>\u00a0<span class=\"post-date\">16\/12\/2024<\/span><\/li>\n<li><a href=\"https:\/\/edublog.educastur.es\/ixuxu\/2024\/12\/los-aguilandeiros-de-san-xuan-de-villapanada\/\">Los Aguilandeiros de San Xuan de Villapa\u00f1ada (Grau).<\/a>\u00a0<span class=\"post-date\">16\/12\/2024<\/span><\/li>\n<li><a href=\"https:\/\/edublog.educastur.es\/ixuxu\/2024\/12\/selmana-previa-a-la-navida\/\">Selmana previa a la Navid\u00e1.<\/a>\u00a0<span class=\"post-date\">16\/12\/2024<\/span><\/li>\n<li><a href=\"https:\/\/edublog.educastur.es\/ixuxu\/2024\/12\/37985\/\">(sin t\u00edtulo)<\/a>\u00a0<span class=\"post-date\">16\/12\/2024<\/span><\/li>\n<li><a href=\"https:\/\/edublog.educastur.es\/ixuxu\/2024\/12\/37976\/\">Est\u00e1u del tiempu: llunes 16 d\u2019avientu<\/a>\u00a0<span class=\"post-date\">16\/12\/2024<\/span><\/li>\n<li><a href=\"https:\/\/edublog.educastur.es\/ixuxu\/2024\/12\/37650\/\">(sin t\u00edtulo)<\/a>\u00a0<span class=\"post-date\">15\/12\/2024<\/span><\/li>\n<li><a href=\"https:\/\/edublog.educastur.es\/ixuxu\/2024\/12\/cotoneaster-horizontalis-una-especie-darbustu\/\">Cotoneaster horizontalis, una especie d\u2019arbustu<\/a>\u00a0<span class=\"post-date\">15\/12\/2024<\/span><\/li>\n<li><a href=\"https:\/\/edublog.educastur.es\/ixuxu\/2024\/12\/poesia-de-berta-pinan\/\">Poes\u00eda de Berta Pi\u00f1\u00e1n<\/a>\u00a0<span class=\"post-date\">15\/12\/2024<\/span><\/li>\n<li><a href=\"https:\/\/edublog.educastur.es\/ixuxu\/2024\/12\/37967\/\">(sin t\u00edtulo)<\/a>\u00a0<span class=\"post-date\">15\/12\/2024<\/span><\/li>\n<li><a href=\"https:\/\/edublog.educastur.es\/ixuxu\/2024\/12\/asina-suenen-les-canciones-de-xentiquina-y-nacho-fonseca\/\">Asina suenen les canciones de \u00abXentiquina\u00bb y Nacho Fonseca<\/a>\u00a0<span class=\"post-date\">15\/12\/2024<\/span><\/li>\n<li><a href=\"https:\/\/edublog.educastur.es\/ixuxu\/2024\/12\/presentacion-del-calendariomontepio2025-na-via\/\">Presentaci\u00f3n del #CalendarioMontep\u00edo2025 \u00abNa v\u00eda\u00bb<\/a>\u00a0<span class=\"post-date\">15\/12\/2024<\/span><\/li>\n<li><a href=\"https:\/\/edublog.educastur.es\/ixuxu\/2024\/12\/aconceyar\/\">\u00abAconceyar\u00bb<\/a>\u00a0<span class=\"post-date\">15\/12\/2024<\/span><\/li>\n<li><a href=\"https:\/\/edublog.educastur.es\/ixuxu\/2024\/12\/37771\/\">(sin t\u00edtulo)<\/a>\u00a0<span class=\"post-date\">15\/12\/2024<\/span><\/li>\n<li><a href=\"https:\/\/edublog.educastur.es\/ixuxu\/2024\/12\/37956\/\">L\u2019AEMET alerta de la borrasca Dorothea<\/a>\u00a0<span class=\"post-date\">15\/12\/2024<\/span><\/li>\n<li><a href=\"https:\/\/edublog.educastur.es\/ixuxu\/2024\/12\/visitamos-la-esposicion-el-zoo-del-museu-nel-museul-taller-de-titeres-de-siero\/\">Visitamos la esposici\u00f3n \u2018El Zoo del Mus\u00e9u\u2019 nel Mus\u00e9u\u2019l Taller de T\u00edteres de Siero.<\/a>\u00a0<span class=\"post-date\">15\/12\/2024<\/span><\/li>\n<li><a href=\"https:\/\/edublog.educastur.es\/ixuxu\/2024\/12\/37935\/\">(sin t\u00edtulo)<\/a>\u00a0<span class=\"post-date\">15\/12\/2024<\/span><\/li>\n<li><a href=\"https:\/\/edublog.educastur.es\/ixuxu\/2024\/12\/salvador-ondo-%f0%9d%91%90%f0%9d%91%8e%f0%9d%91%9a%f0%9d%91%9d%f0%9d%91%92%f0%9d%91%9c%f0%9d%91%9b-%f0%9d%91%92%f0%9d%91%a0%f0%9d%91%90%f0%9d%91%8e%f0%9d%91%9b%f0%9d%91%90%f0%9d%91%96\/\">Salvador Ond\u00f3: ??????\u0301? ???????????.<\/a>\u00a0<span class=\"post-date\">15\/12\/2024<\/span><\/li>\n<li><a href=\"https:\/\/edublog.educastur.es\/ixuxu\/2024\/12\/este-yel-preciosu-pueblu-onde-se-grabo-la-serie-de-netflix-la-ultima-nueche-en-tremor\/\">Este ye\u2019l preciosu pueblu onde se grab\u00f3 la serie de Netflix \u2018La \u00faltima nueche en Tremor\u2019<\/a>\u00a0<span class=\"post-date\">15\/12\/2024<\/span><\/li>\n<li><a href=\"https:\/\/edublog.educastur.es\/ixuxu\/2024\/12\/37937\/\">(sin t\u00edtulo)<\/a>\u00a0<span class=\"post-date\">15\/12\/2024<\/span><\/li>\n<li><a href=\"https:\/\/edublog.educastur.es\/ixuxu\/2024\/12\/fotografia-duna-luciernaga-nel-momentu-esactu-quemite-lluz\/\">Fotograf\u00eda d\u2019una luciernaga nel momentu esactu qu\u2019emite lluz (n\u2019intervalos 6-8 sg).<\/a>\u00a0<span class=\"post-date\">15\/12\/2024<\/span><\/li>\n<li><a href=\"https:\/\/edublog.educastur.es\/ixuxu\/2024\/12\/que-nun-debemos-usar-na-decoracion-navidiega\/\">\u00bfQu\u00e9 nun debemos usar na decoraci\u00f3n navidiega?<\/a>\u00a0<span class=\"post-date\">15\/12\/2024<\/span><\/li>\n<li><a href=\"https:\/\/edublog.educastur.es\/ixuxu\/2024\/12\/37926\/\">(sin t\u00edtulo)<\/a>\u00a0<span class=\"post-date\">15\/12\/2024<\/span><\/li>\n<li><a href=\"https:\/\/edublog.educastur.es\/ixuxu\/2024\/12\/esti-graffiti-la-mensaxera-dun-pueblu-de-llion-puede-ser-el-meyor-del-mundu\/\">Esti graffiti \u00abLa mensaxera\u00bb d\u2019un pueblu de Lli\u00f3n puede ser el meyor del mundu<\/a>\u00a0<span class=\"post-date\">15\/12\/2024<\/span><\/li>\n<li><a href=\"https:\/\/edublog.educastur.es\/ixuxu\/2024\/12\/estacion-valgrande-payares-2\/\">Estaci\u00f3n Valgrande-Payares<\/a>\u00a0<span class=\"post-date\">15\/12\/2024<\/span><\/li>\n<li><a href=\"https:\/\/edublog.educastur.es\/ixuxu\/2024\/12\/llenazu-total-nes-estaciones-desqui-asturianes\/\">Llenazu total nes Estaciones d\u2019esqu\u00ed asturianes<\/a>\u00a0<span class=\"post-date\">15\/12\/2024<\/span><\/li>\n<li><a href=\"https:\/\/edublog.educastur.es\/ixuxu\/2024\/12\/37888\/\">(sin t\u00edtulo)<\/a>\u00a0<span class=\"post-date\">15\/12\/2024<\/span><\/li>\n<li><a href=\"https:\/\/edublog.educastur.es\/ixuxu\/2024\/12\/culin\/\">\u00abCul\u00edn\u00bb<\/a>\u00a0<span class=\"post-date\">15\/12\/2024<\/span><\/li>\n<li><a href=\"https:\/\/edublog.educastur.es\/ixuxu\/2024\/12\/escaparates-diversos-de-poesia-en-candas-carreno\/\">\u00abEscaparates diversos\u00bb de poes\u00eda en Cand\u00e1s (Carre\u00f1o)<\/a>\u00a0<span class=\"post-date\">15\/12\/2024<\/span><\/li>\n<li><a href=\"https:\/\/edublog.educastur.es\/ixuxu\/2024\/12\/esitos-deportivos-del-nuesu-alumnau\/\">\u00c9sitos deportivos del nuesu alumn\u00e1u<\/a>\u00a0<span class=\"post-date\">15\/12\/2024<\/span><\/li>\n<li><a href=\"https:\/\/edublog.educastur.es\/ixuxu\/2024\/12\/ilustraciones-de-los-azulexos\/\">Ilustraciones d\u2019azulexos<\/a>\u00a0<span class=\"post-date\">15\/12\/2024<\/span><\/li>\n<li><a href=\"https:\/\/edublog.educastur.es\/ixuxu\/2024\/12\/el-llagu-ercina-conxelau\/\">El Llagu Ercina, conxel\u00e1u!<\/a>\u00a0<span class=\"post-date\">15\/12\/2024<\/span><\/li>\n<li><a href=\"https:\/\/edublog.educastur.es\/ixuxu\/2024\/12\/la-lluna-llena-davientu-o-lluna-fria-la-postrera-del-2024\/\">La lluna llena d\u2019avientu o \u00ablluna fr\u00eda\u00bb: \u00a1la postrera del 2024!<\/a>\u00a0<span class=\"post-date\">15\/12\/2024<\/span><\/li>\n<li><a href=\"https:\/\/edublog.educastur.es\/ixuxu\/2024\/12\/xeometria-y-naturaleza\/\">Xeometr\u00eda y naturaleza<\/a>\u00a0<span class=\"post-date\">14\/12\/2024<\/span><\/li>\n<li><a href=\"https:\/\/edublog.educastur.es\/ixuxu\/2024\/12\/sotres-nos-picos-deuropa\/\">Sotres, nos Picos d\u2019Europa<\/a>\u00a0<span class=\"post-date\">14\/12\/2024<\/span><\/li>\n<li><a href=\"https:\/\/edublog.educastur.es\/ixuxu\/2024\/12\/los-rayos-lluminosos-de-la-lluna\/\">Los rayos lluminosos de la lluna<\/a>\u00a0<span class=\"post-date\">14\/12\/2024<\/span><\/li>\n<li><a href=\"https:\/\/edublog.educastur.es\/ixuxu\/2024\/12\/nun-conoces-invest-in-asturies-2\/\">\u00bfNun conoces Invest in Asturies? Invierte N\u2019ASTURIES<\/a>\u00a0<span class=\"post-date\">14\/12\/2024<\/span><\/li>\n<li><a href=\"https:\/\/edublog.educastur.es\/ixuxu\/2024\/12\/campana-artesania-dasturies\/\">Campa\u00f1a Artesan\u00eda d\u2019Asturies<\/a>\u00a0<span class=\"post-date\">14\/12\/2024<\/span><\/li>\n<li><a href=\"https:\/\/edublog.educastur.es\/ixuxu\/2024\/12\/guei-en-grau-los-aguilandeiros-de-san-xuan-de-villapanada\/\">G\u00fcei, en Grau, los Aguilandeiros de San Xuan de Villapa\u00f1ada<\/a>\u00a0<span class=\"post-date\">14\/12\/2024<\/span><\/li>\n<li><a href=\"https:\/\/edublog.educastur.es\/ixuxu\/2024\/12\/29221\/\">(sin t\u00edtulo)<\/a>\u00a0<span class=\"post-date\">14\/12\/2024<\/span><\/li>\n<li><a href=\"https:\/\/edublog.educastur.es\/ixuxu\/2024\/12\/banase\/\">\u00abBa\u00f1ase\u00bb<\/a>\u00a0<span class=\"post-date\">14\/12\/2024<\/span><\/li>\n<li><a href=\"https:\/\/edublog.educastur.es\/ixuxu\/2024\/12\/poemes-nos-escaparates-poemes-en-candas\/\">Poemes nos escaparates, poemes en Cand\u00e1s<\/a>\u00a0<span class=\"post-date\">14\/12\/2024<\/span><\/li>\n<li><a href=\"https:\/\/edublog.educastur.es\/ixuxu\/2024\/12\/combatir-el-acoso-escolar-es-una-tarea-que-debe-implicar-a-toda-la-sociedad\/\">Combatir l\u2019acosu escolar ye una xera que tien d\u2019implicar a tola socied\u00e1<\/a>\u00a0<span class=\"post-date\">14\/12\/2024<\/span><\/li>\n<li><a href=\"https:\/\/edublog.educastur.es\/ixuxu\/2024\/12\/los-mofos-musgos-son-pequenos-xigantes-del-ecosistema\/\">Los mofos\/musgos son pequenos xigantes del ecosistema<\/a>\u00a0<span class=\"post-date\">14\/12\/2024<\/span><\/li>\n<li><a href=\"https:\/\/edublog.educastur.es\/ixuxu\/2024\/12\/37673\/\">(sin t\u00edtulo)<\/a>\u00a0<span class=\"post-date\">14\/12\/2024<\/span><\/li>\n<li><a href=\"https:\/\/edublog.educastur.es\/ixuxu\/2024\/12\/espectaculares-murales-de-musicos-en-pola-de-siero\/\">Espectaculares murales de m\u00fasicos na Pola de Siero<\/a>\u00a0<span class=\"post-date\">14\/12\/2024<\/span><\/li>\n<li><a href=\"https:\/\/edublog.educastur.es\/ixuxu\/2024\/12\/asturias-semanal-en-tpa\/\">\u00abAsturias semanal\u00bb en TPA: \u00abOsos y humanos\u00bb<\/a>\u00a0<span class=\"post-date\">14\/12\/2024<\/span><\/li>\n<li><a href=\"https:\/\/edublog.educastur.es\/ixuxu\/2024\/12\/los-puntos-dasturies-que-se-colen-nel-mapa-de-los-llugares-mas-estraordinarios-del-mundu\/\">Los 23 puntos d\u2019Asturies que se colen nel mapa de \u00ablos llugares m\u00e1s estraordinarios del mundu\u00bb<\/a>\u00a0<span class=\"post-date\">14\/12\/2024<\/span><\/li>\n<li><a href=\"https:\/\/edublog.educastur.es\/ixuxu\/2024\/12\/37750\/\">(sin t\u00edtulo)<\/a>\u00a0<span class=\"post-date\">14\/12\/2024<\/span><\/li>\n<li><a href=\"https:\/\/edublog.educastur.es\/ixuxu\/2024\/12\/dia-mundial-del-mono\/\">D\u00eda Mundial del Monu<\/a>\u00a0<span class=\"post-date\">14\/12\/2024<\/span><\/li>\n<li><a href=\"https:\/\/edublog.educastur.es\/ixuxu\/2024\/12\/los-conceyos-asturianos-que-ganaron-poblacion-en-2023\/\">Los conceyos asturianos que ganaron poblaci\u00f3n en 2023<\/a>\u00a0<span class=\"post-date\">14\/12\/2024<\/span><\/li>\n<li><a href=\"https:\/\/edublog.educastur.es\/ixuxu\/2024\/12\/un-dia-como-guei-va-160-anos-nacia-pin-de-pria-en-llanes\/\">Un d\u00eda como g\u00fcei, va 160 a\u00f1os, nac\u00eda Pin de Pr\u00eda en Llanes.<\/a>\u00a0<span class=\"post-date\">14\/12\/2024<\/span><\/li>\n<li><a href=\"https:\/\/edublog.educastur.es\/ixuxu\/2024\/12\/30913\/\">(sin t\u00edtulo)<\/a>\u00a0<span class=\"post-date\">14\/12\/2024<\/span><\/li>\n<li><a href=\"https:\/\/edublog.educastur.es\/ixuxu\/2024\/12\/parte-de-nieve-nes-estaciones-asturianes\/\">Parte de nieve nes estaciones asturianes<\/a>\u00a0<span class=\"post-date\">14\/12\/2024<\/span><\/li>\n<li><a href=\"https:\/\/edublog.educastur.es\/ixuxu\/2024\/12\/37741\/\">Est\u00e1u del tiempu: s\u00e1badu 14 d\u2019avientu<\/a>\u00a0<span class=\"post-date\">14\/12\/2024<\/span><\/li>\n<li><a href=\"https:\/\/edublog.educastur.es\/ixuxu\/2024\/12\/37766\/\">As\u00ed remata el @qed.poesia deste 2024<\/a>\u00a0<span class=\"post-date\">13\/12\/2024<\/span><\/li>\n<li><a href=\"https:\/\/edublog.educastur.es\/ixuxu\/2024\/12\/les-noticies-del-vienres-13-davientu-de-2024-nasturianu-tpanoticies\/\">Les noticies del vienres 13 d\u2019avientu de 2024 n\u2019asturianu #TPANoticies<\/a>\u00a0<span class=\"post-date\">13\/12\/2024<\/span><\/li>\n<li><a href=\"https:\/\/edublog.educastur.es\/ixuxu\/2024\/12\/diarios-duna-panderetera-de-leticia-balselgas\/\">\u00abDiarios d\u2019una panderetera\u00bb de Leticia Balselgas<\/a>\u00a0<span class=\"post-date\">13\/12\/2024<\/span><\/li>\n<li><a href=\"https:\/\/edublog.educastur.es\/ixuxu\/2024\/12\/afayen-como-y-cuando-los-sapiens-heredaron-xenes-clave-de-los-neandertales-fai-47-000\/\">Afayen c\u00f3mo y cu\u00e1ndo los sapiens heredaron xenes clave de los neandertales<\/a>\u00a0<span class=\"post-date\">13\/12\/2024<\/span><\/li>\n<li><a href=\"https:\/\/edublog.educastur.es\/ixuxu\/2024\/12\/37621\/\">(sin t\u00edtulo)<\/a>\u00a0<span class=\"post-date\">13\/12\/2024<\/span><\/li>\n<li><a href=\"https:\/\/edublog.educastur.es\/ixuxu\/2024\/12\/rapacin-ina\/\">\u201cRapac\u00edn,-ina\u201d<\/a>\u00a0<span class=\"post-date\">13\/12\/2024<\/span><\/li>\n<li><a href=\"https:\/\/edublog.educastur.es\/ixuxu\/2024\/12\/ruta-de-monte-guiada-nasturianu-camin-de-bulnes\/\">Ruta n\u2019asturianu Cam\u00edn de Bulnes<\/a>\u00a0<span class=\"post-date\">13\/12\/2024<\/span><\/li>\n<li><a href=\"https:\/\/edublog.educastur.es\/ixuxu\/2024\/12\/arfueyu-ye-como-se-llama-nasturianu-al-muerdago\/\">\u00abArfueyu\u00bb ye como se llama n\u2019asturianu al Mu\u00e9rdago.<\/a>\u00a0<span class=\"post-date\">13\/12\/2024<\/span><\/li>\n<li><a href=\"https:\/\/edublog.educastur.es\/ixuxu\/2024\/12\/dende-guei-el-pulpu-yel-protagonista-nasturies\/\">\u00a1Dende g\u00fcei, el pulpu ye\u2019l protagonista n\u2019Asturies!<\/a>\u00a0<span class=\"post-date\">13\/12\/2024<\/span><\/li>\n<li><a href=\"https:\/\/edublog.educastur.es\/ixuxu\/2024\/12\/cola-prevision-de-bon-tiempu-para-la-fin-de-selmana\/\">Cola previsi\u00f3n de bon tiempu para la fin de selmana\u2026<\/a>\u00a0<span class=\"post-date\">13\/12\/2024<\/span><\/li>\n<li><a href=\"https:\/\/edublog.educastur.es\/ixuxu\/2024\/12\/estau-del-tiempu-vienres-13-davientu\/\">Est\u00e1u del tiempu: vienres 13 d\u2019avientu<\/a>\u00a0<span class=\"post-date\">13\/12\/2024<\/span><\/li>\n<li><a href=\"https:\/\/edublog.educastur.es\/ixuxu\/2024\/12\/37676\/\">(sin t\u00edtulo)<\/a>\u00a0<span class=\"post-date\">13\/12\/2024<\/span><\/li>\n<li><a href=\"https:\/\/edublog.educastur.es\/ixuxu\/2024\/12\/un-llibru-de-cantares-ondel-ritmu-que-resuena-yel-de-la-palabra-escrita\/\">Un llibru de cantares: \u00abLo que hab\u00eda guardado\u00bb d\u2019Alfredo Gonz\u00e1lez<\/a>\u00a0<span class=\"post-date\">12\/12\/2024<\/span><\/li>\n<li><a href=\"https:\/\/edublog.educastur.es\/ixuxu\/2024\/12\/asturies-ye-rexon-europea-del-deporte-2025\/\">\u00a1Asturies ye Rex\u00f3n Europea del Deporte 2025!<\/a>\u00a0<span class=\"post-date\">12\/12\/2024<\/span><\/li>\n<li><a href=\"https:\/\/edublog.educastur.es\/ixuxu\/2024\/12\/les-noticies-del-xueves-12-davientu-de-2024-nasturianu-tpanoticies\/\">Les noticies del xueves 12 d\u2019avientu de 2024 n\u2019asturianu<\/a>\u00a0<span class=\"post-date\">12\/12\/2024<\/span><\/li>\n<li><a href=\"https:\/\/edublog.educastur.es\/ixuxu\/2024\/12\/imaxe-de-dellos-traxes-tradicionales-despana\/\">Imaxe de dellos traxes tradicionales d\u2019Espa\u00f1a<\/a>\u00a0<span class=\"post-date\">12\/12\/2024<\/span><\/li>\n<li><a href=\"https:\/\/edublog.educastur.es\/ixuxu\/2024\/12\/dime-paxarin-parleru-2\/\">\u00abDime paxar\u00edn parleru\u00bb<\/a>\u00a0<span class=\"post-date\">12\/12\/2024<\/span><\/li>\n<li><a href=\"https:\/\/edublog.educastur.es\/ixuxu\/2024\/12\/dalgunos-datos-sobro-millennials-o-xeneracion-y\/\">Dalgunos datos sobro \u00abMillennials o Xeneraci\u00f3n Y\u00bb<\/a>\u00a0<span class=\"post-date\">12\/12\/2024<\/span><\/li>\n<li><a href=\"https:\/\/edublog.educastur.es\/ixuxu\/2024\/12\/busindre-reel-25-hevia\/\">\u00abBUSINDRE REEL 25\u00bb (Hevia)<\/a>\u00a0<span class=\"post-date\">12\/12\/2024<\/span><\/li>\n<li><a href=\"https:\/\/edublog.educastur.es\/ixuxu\/2024\/12\/les-meyores-semeyes-de-la-primer-xornada-desqui-nasturies\/\">Les meyores semeyes de la primer xornada d\u2019esqu\u00ed n\u2019Asturies<\/a>\u00a0<span class=\"post-date\">12\/12\/2024<\/span><\/li>\n<li><a href=\"https:\/\/edublog.educastur.es\/ixuxu\/2024\/12\/37849\/\">(sin t\u00edtulo)<\/a>\u00a0<span class=\"post-date\">12\/12\/2024<\/span><\/li>\n<li><a href=\"https:\/\/edublog.educastur.es\/ixuxu\/2024\/12\/aniciu-de-la-temporada-desqui\/\">Aniciu de la temporada d\u2019esqu\u00ed<\/a>\u00a0<span class=\"post-date\">12\/12\/2024<\/span><\/li>\n<li><a href=\"https:\/\/edublog.educastur.es\/ixuxu\/2024\/12\/timbre\/\">\u00abTimbre\u00bb<\/a>\u00a0<span class=\"post-date\">12\/12\/2024<\/span><\/li>\n<li><a href=\"https:\/\/edublog.educastur.es\/ixuxu\/2024\/12\/34834\/\">(sin t\u00edtulo)<\/a>\u00a0<span class=\"post-date\">12\/12\/2024<\/span><\/li>\n<li><a href=\"https:\/\/edublog.educastur.es\/ixuxu\/2024\/12\/cuantu-llueve-milio-ureta\/\">Cu\u00e1ntu llueve\u2026 (Milio Ureta)<\/a>\u00a0<span class=\"post-date\">12\/12\/2024<\/span><\/li>\n<li><a href=\"https:\/\/edublog.educastur.es\/ixuxu\/2024\/12\/estau-del-tiempu-xueves-12-davientu-2024\/\">Est\u00e1u del tiempu: xueves 12 d\u2019avientu 2024<\/a>\u00a0<span class=\"post-date\">12\/12\/2024<\/span><\/li>\n<li><a href=\"https:\/\/edublog.educastur.es\/ixuxu\/2024\/12\/ia-mundial-del-llobu-cerval-ibericu-lince-ibericu\/\">D\u00eda Mundial del Llobu cerval Ib\u00e9ricu (lince ib\u00e9ricu)<\/a>\u00a0<span class=\"post-date\">12\/12\/2024<\/span><\/li>\n<li><a href=\"https:\/\/edublog.educastur.es\/ixuxu\/2024\/12\/37666\/\">(sin t\u00edtulo)<\/a>\u00a0<span class=\"post-date\">11\/12\/2024<\/span><\/li>\n<li><a href=\"https:\/\/edublog.educastur.es\/ixuxu\/2024\/12\/languleru-en-ribeseya\/\">L\u2019Anguleru, en Ribeseya<\/a>\u00a0<span class=\"post-date\">11\/12\/2024<\/span><\/li>\n<li><a href=\"https:\/\/edublog.educastur.es\/ixuxu\/2024\/12\/les-semeyes-danimales-mas-risonderes-de-2024\/\">Les semeyes d\u2019animales m\u00e1s risonderes de 2024<\/a>\u00a0<span class=\"post-date\">11\/12\/2024<\/span><\/li>\n<li><a href=\"https:\/\/edublog.educastur.es\/ixuxu\/2024\/12\/san-francisco-dasis-creo-la-primer-representacion-viviente-de-la-nacencia-para-ensenar-el-significau-de-la-navida-de-manera-visual\/\">San Francisco d\u2019As\u00eds cre\u00f3 la primer representaci\u00f3n viviente de la nacencia para ense\u00f1ar el signific\u00e1u de la Navid\u00e1 de manera visual.<\/a>\u00a0<span class=\"post-date\">11\/12\/2024<\/span><\/li>\n<li><a href=\"https:\/\/edublog.educastur.es\/ixuxu\/2024\/12\/estes-fiestes-regala-nasturianu\/\">\u00a1Estes fiestes regala n\u2019asturianu!<\/a>\u00a0<span class=\"post-date\">11\/12\/2024<\/span><\/li>\n<li><a href=\"https:\/\/edublog.educastur.es\/ixuxu\/2024\/12\/espana-va-ser-see-del-mundial-2030-de-futbol\/\">Espa\u00f1a va ser see del Mundial 2030 de f\u00fatbol<\/a>\u00a0<span class=\"post-date\">11\/12\/2024<\/span><\/li>\n<li><a href=\"https:\/\/edublog.educastur.es\/ixuxu\/2024\/12\/la-proxima-madrugada-va-ser-xeliza-les-xelaes-estiendense\/\">La pr\u00f3xima madrugada va ser xeliza: les xelaes esti\u00e9ndense<\/a>\u00a0<span class=\"post-date\">11\/12\/2024<\/span><\/li>\n<li><a href=\"https:\/\/edublog.educastur.es\/ixuxu\/2024\/12\/les-noticies-del-miercoles-11-davientu-de-2024-nasturianu\/\">Les noticies del mi\u00e9rcoles 11 d\u2019avientu de 2024 n\u2019asturianu<\/a>\u00a0<span class=\"post-date\">11\/12\/2024<\/span><\/li>\n<li><a href=\"https:\/\/edublog.educastur.es\/ixuxu\/2024\/12\/les-noticies-del-martes-11-davientu-de-2024-nasturianu\/\">Les noticies del martes 10 d\u2019avientu de 2024 n\u2019asturianu<\/a>\u00a0<span class=\"post-date\">11\/12\/2024<\/span><\/li>\n<li><a href=\"https:\/\/edublog.educastur.es\/ixuxu\/2024\/12\/axenda-selmanal-del-conceyu-de-mieres\/\">Axenda selmanal del Conceyu de Mieres<\/a>\u00a0<span class=\"post-date\">11\/12\/2024<\/span><\/li>\n<li><a href=\"https:\/\/edublog.educastur.es\/ixuxu\/2024\/12\/semeya-ganadora-del-concursu-dastronomia-del-anu-2023-24-dragon-del-articu\/\">Semeya ganadora del Concursu d\u2019astronom\u00eda del a\u00f1u 2023-24: \u00abDrag\u00f3n del \u00c1rticu\u00bb<\/a>\u00a0<span class=\"post-date\">11\/12\/2024<\/span><\/li>\n<li><a href=\"https:\/\/edublog.educastur.es\/ixuxu\/2024\/12\/37578\/\">Ganadores del certame de fotograf\u00eda marina MARE, que promueve l\u2019amor pel mar dende l\u2019arte<\/a>\u00a0<span class=\"post-date\">11\/12\/2024<\/span><\/li>\n<li><a href=\"https:\/\/edublog.educastur.es\/ixuxu\/2024\/12\/37424\/\">(sin t\u00edtulo)<\/a>\u00a0<span class=\"post-date\">11\/12\/2024<\/span><\/li>\n<li><a href=\"https:\/\/edublog.educastur.es\/ixuxu\/2024\/12\/conseyu-fomenta-linteres-y-laprendizaxe\/\">Conseyu: Fomenta l\u2019inter\u00e9s y l\u2019aprendizaxe.<\/a>\u00a0<span class=\"post-date\">11\/12\/2024<\/span><\/li>\n<li><a href=\"https:\/\/edublog.educastur.es\/ixuxu\/2024\/12\/presentacion-del-poemariu-fondures-de-david-fueyo\/\">Presentaci\u00f3n del poemariu \u00abFondures\u00bb de David Fueyo<\/a>\u00a0<span class=\"post-date\">11\/12\/2024<\/span><\/li>\n<li><a href=\"https:\/\/edublog.educastur.es\/ixuxu\/2024\/12\/lescanda-loru-dasturies\/\">L\u2019escanda, l\u2019oru d\u2019Asturies<\/a>\u00a0<span class=\"post-date\">11\/12\/2024<\/span><\/li>\n<li><a href=\"https:\/\/edublog.educastur.es\/ixuxu\/2024\/12\/artesania-dasturies\/\">Artesan\u00eda d\u2019Asturies.<\/a>\u00a0<span class=\"post-date\">11\/12\/2024<\/span><\/li>\n<li><a href=\"https:\/\/edublog.educastur.es\/ixuxu\/2024\/12\/34814\/\">(sin t\u00edtulo)<\/a>\u00a0<span class=\"post-date\">11\/12\/2024<\/span><\/li>\n<li><a href=\"https:\/\/edublog.educastur.es\/ixuxu\/2024\/12\/consulta-lestau-de-la-rede-viaria-y-la-prevision-del-tiempu\/\">Consulta l\u2019est\u00e1u de la rede viaria y la previsi\u00f3n del tiempu.<\/a>\u00a0<span class=\"post-date\">11\/12\/2024<\/span><\/li>\n<li><a href=\"https:\/\/edublog.educastur.es\/ixuxu\/2024\/12\/dia-internacional-de-los-montes-3\/\">D\u00eda Internacional de los Montes<\/a>\u00a0<span class=\"post-date\">11\/12\/2024<\/span><\/li>\n<li><a href=\"https:\/\/edublog.educastur.es\/ixuxu\/2024\/12\/dia-internacional-de-los-montes-2\/\">D\u00eda Internacional de los Montes<\/a>\u00a0<span class=\"post-date\">11\/12\/2024<\/span><\/li>\n<li><a href=\"https:\/\/edublog.educastur.es\/ixuxu\/2024\/12\/dia-de-los-montes-protexelos-ye-protexer-la-salu-del-planeta-y-nuesa-salu\/\">\u00abD\u00eda de los montes\u00bb. Protexelos ye protexer la sal\u00fa del planeta y nuesa sal\u00fa<\/a>\u00a0<span class=\"post-date\">11\/12\/2024<\/span><\/li>\n<li><a href=\"https:\/\/edublog.educastur.es\/ixuxu\/2024\/12\/alborecer-na-sablera-de-gueirua-cuideiru\/\">Alborecer na Sablera de Gueir\u00faa, Cuideiru<\/a>\u00a0<span class=\"post-date\">11\/12\/2024<\/span><\/li>\n<li><a href=\"https:\/\/edublog.educastur.es\/ixuxu\/2024\/12\/la-lluna-fria-va-ser-la-ultima-lluna-llena-del-anu\/\">La Lluna Fr\u00eda va ser la \u00faltima Lluna Llena del a\u00f1u<\/a>\u00a0<span class=\"post-date\">11\/12\/2024<\/span><\/li>\n<li><a href=\"https:\/\/edublog.educastur.es\/ixuxu\/2024\/12\/37597\/\">(sin t\u00edtulo)<\/a>\u00a0<span class=\"post-date\">11\/12\/2024<\/span><\/li>\n<li><a href=\"https:\/\/edublog.educastur.es\/ixuxu\/2024\/12\/estau-del-tiempu-miercoles-11-davientu\/\">Est\u00e1u del tiempu: mi\u00e9rcoles 11 d\u2019avientu<\/a>\u00a0<span class=\"post-date\">11\/12\/2024<\/span><\/li>\n<li><a href=\"https:\/\/edublog.educastur.es\/ixuxu\/2024\/12\/designacion-dasturies-como-rexon-europea-del-deporte-2025\/\">Designaci\u00f3n d\u2019Asturies como Rex\u00f3n Europea del Deporte 2025<\/a>\u00a0<span class=\"post-date\">11\/12\/2024<\/span><\/li>\n<li><a href=\"https:\/\/edublog.educastur.es\/ixuxu\/2024\/12\/asina-tan-les-estaciones-desqui-dasturies\/\">Asina tan les Estaciones d\u2019esqu\u00ed d\u2019Asturies<\/a>\u00a0<span class=\"post-date\">10\/12\/2024<\/span><\/li>\n<li><a href=\"https:\/\/edublog.educastur.es\/ixuxu\/2024\/12\/37465\/\">(sin t\u00edtulo)<\/a>\u00a0<span class=\"post-date\">10\/12\/2024<\/span><\/li>\n<li><a href=\"https:\/\/edublog.educastur.es\/ixuxu\/2024\/12\/xeres-pa-furrular-niviernu-materiales-digitales-para-el-aula-de-asturiano\/\">\u00a1Xeres pa furrular n\u2019iviernu! Materiales digitales para el aula de asturiano<\/a>\u00a0<span class=\"post-date\">10\/12\/2024<\/span><\/li>\n<li><a href=\"https:\/\/edublog.educastur.es\/ixuxu\/2024\/12\/feria-de-ganau-de-sellanu-ponga\/\">Feria de gan\u00e1u de Sellanu (Ponga)<\/a>\u00a0<span class=\"post-date\">10\/12\/2024<\/span><\/li>\n<li><a href=\"https:\/\/edublog.educastur.es\/ixuxu\/2024\/12\/xxxiii-selmana-de-les-fabes-de-colunga\/\">XXXIII Selmana de les Fabes de Colunga<\/a>\u00a0<span class=\"post-date\">10\/12\/2024<\/span><\/li>\n<li><a href=\"https:\/\/edublog.educastur.es\/ixuxu\/2024\/12\/los-bufones-de-pria-ruxen-estos-dies\/\">Los Bufones de Pr\u00eda ruxen estos d\u00edes\u2026<\/a>\u00a0<span class=\"post-date\">10\/12\/2024<\/span><\/li>\n<li><a href=\"https:\/\/edublog.educastur.es\/ixuxu\/2024\/12\/la-cultura-sidrera\/\">\u00abLa cultura sidrera\u00bb<\/a>\u00a0<span class=\"post-date\">10\/12\/2024<\/span><\/li>\n<li><a href=\"https:\/\/edublog.educastur.es\/ixuxu\/2024\/12\/el-pueblu-mas-antiguu-dasturies-cuando-la-naturaleza-paral-pasu-del-tiempu\/\">El pueblu m\u00e1s antiguu d\u2019Asturies: cuando la naturaleza para\u2019l pasu del tiempu<\/a>\u00a0<span class=\"post-date\">10\/12\/2024<\/span><\/li>\n<li><a href=\"https:\/\/edublog.educastur.es\/ixuxu\/2024\/12\/tecnoloxia-holografica-en-dubai-ballenes-nel-aire-y-escenarios-impresionantes\/\">Tecnolox\u00eda hologr\u00e1fica en Dub\u00e1i<\/a>\u00a0<span class=\"post-date\">10\/12\/2024<\/span><\/li>\n<li><a href=\"https:\/\/edublog.educastur.es\/ixuxu\/2024\/12\/carla-una-nena-xixonesa-campeona-nacional-de-surf\/\">Carla, una ne\u00f1a xixonesa campeona nacional de surf<\/a>\u00a0<span class=\"post-date\">10\/12\/2024<\/span><\/li>\n<li><a href=\"https:\/\/edublog.educastur.es\/ixuxu\/2024\/12\/la-brecha-del-empleu-por-xeneru-dasturies-ye-la-mas-equitativa-despana\/\">La brecha del empl\u00e9u por x\u00e9neru d\u2019Asturies ye la m\u00e1s equitativa d\u2019Espa\u00f1a\u00a0<\/a>\u00a0<span class=\"post-date\">10\/12\/2024<\/span><\/li>\n<li><a href=\"https:\/\/edublog.educastur.es\/ixuxu\/2024\/12\/ya-hai-ganes-de-nieve\/\">\u00bfY\u00e1 hai ganes de nieve?<\/a>\u00a0<span class=\"post-date\">10\/12\/2024<\/span><\/li>\n<li><a href=\"https:\/\/edublog.educastur.es\/ixuxu\/2024\/12\/dia-internacional-de-los-derechos-de-los-animales\/\">D\u00eda Internacional de los Derechos de los Animales.<\/a>\u00a0<span class=\"post-date\">10\/12\/2024<\/span><\/li>\n<li><a href=\"https:\/\/edublog.educastur.es\/ixuxu\/2024\/12\/dia-internacional-de-los-derechos-humanos\/\">D\u00eda Internacional de los Derechos Humanos<\/a>\u00a0<span class=\"post-date\">10\/12\/2024<\/span><\/li>\n<li><a href=\"https:\/\/edublog.educastur.es\/ixuxu\/2024\/12\/32619\/\">(sin t\u00edtulo)<\/a>\u00a0<span class=\"post-date\">10\/12\/2024<\/span><\/li>\n<li><a href=\"https:\/\/edublog.educastur.es\/ixuxu\/2024\/12\/asturies-dexa-atras-lavisu-colorau-por-nieve\/\">Asturies dexa atr\u00e1s l\u2019avisu color\u00e1u por nieve<\/a>\u00a0<span class=\"post-date\">10\/12\/2024<\/span><\/li>\n<li><a href=\"https:\/\/edublog.educastur.es\/ixuxu\/2024\/12\/ultima-hora-de-la-envernada-de-nieve-y-friu-nespana-asina-va-evolucionar\/\">\u00daltima hora de la envernada de nieve y fr\u00edu n\u2019Espa\u00f1a: asina va evolucionar<\/a>\u00a0<span class=\"post-date\">10\/12\/2024<\/span><\/li>\n<li><a href=\"https:\/\/edublog.educastur.es\/ixuxu\/2024\/12\/estau-del-tiempu-martes-10-davientu\/\">Est\u00e1u del tiempu: martes 10 d\u2019avientu<\/a>\u00a0<span class=\"post-date\">10\/12\/2024<\/span><\/li>\n<li><a href=\"https:\/\/edublog.educastur.es\/ixuxu\/2024\/12\/en-2050-la-educacion-va-ser-dafechu-personalizada-gracies-a-la-intelixencia-artificial\/\">En 2050, la educaci\u00f3n va ser dafechu personalizada gracies a la intelixencia artificial<\/a>\u00a0<span class=\"post-date\">09\/12\/2024<\/span><\/li>\n<li><a href=\"https:\/\/edublog.educastur.es\/ixuxu\/2024\/12\/37493\/\">(sin t\u00edtulo)<\/a>\u00a0<span class=\"post-date\">09\/12\/2024<\/span><\/li>\n<li><a href=\"https:\/\/edublog.educastur.es\/ixuxu\/2024\/12\/llega-la-borrasca-darragh-al-pie-de-una-dana-nespana\/\">Llega la borrasca Darragh al pie de una DANA n\u2019Espa\u00f1a<\/a>\u00a0<span class=\"post-date\">09\/12\/2024<\/span><\/li>\n<li><a href=\"https:\/\/edublog.educastur.es\/ixuxu\/2024\/12\/calcar\/\">\u00abCalcar\u00bb<\/a>\u00a0<span class=\"post-date\">09\/12\/2024<\/span><\/li>\n<li><a href=\"https:\/\/edublog.educastur.es\/ixuxu\/2024\/12\/les-propiedaes-de-la-sidra-dasturies\/\">Mus\u00e9u de la Sidra en Nava<\/a>\u00a0<span class=\"post-date\">09\/12\/2024<\/span><\/li>\n<li><a href=\"https:\/\/edublog.educastur.es\/ixuxu\/2024\/12\/la-cultura-sidrera-ye-fonte-inspiracion-y-unu-de-los-motivos-mas-representaos-nel-arte\/\">La cultura sidrera ye fonte inspiraci\u00f3n y unu de los motivos m\u00e1s representaos nel arte<\/a>\u00a0<span class=\"post-date\">09\/12\/2024<\/span><\/li>\n<li><a href=\"https:\/\/edublog.educastur.es\/ixuxu\/2024\/12\/la-sidra-un-productu-bien-permediau-para-la-salu\/\">La sidra, un productu bien permedi\u00e1u para la sal\u00fa.<\/a>\u00a0<span class=\"post-date\">09\/12\/2024<\/span><\/li>\n<li><a href=\"https:\/\/edublog.educastur.es\/ixuxu\/2024\/12\/axenda-del-9-al-15-davientu-definde-pieces\/\">Axenda del 9 al 15 d\u2019avientu #Definde #Pieces<\/a>\u00a0<span class=\"post-date\">09\/12\/2024<\/span><\/li>\n<li><a href=\"https:\/\/edublog.educastur.es\/ixuxu\/2024\/12\/musica-la-bedur-tema\/\">M\u00fasica: \u00abLa Bedur\u00bb<\/a>\u00a0<span class=\"post-date\">09\/12\/2024<\/span><\/li>\n<li><a href=\"https:\/\/edublog.educastur.es\/ixuxu\/2024\/12\/37367\/\">(sin t\u00edtulo)<\/a>\u00a0<span class=\"post-date\">09\/12\/2024<\/span><\/li>\n<li><a href=\"https:\/\/edublog.educastur.es\/ixuxu\/2024\/12\/cine-mufasa-el-rei-llion-estrenul-20-davientu\/\">Cine: \u00abMufasa, el Rei Lli\u00f3n\u00bb, estrenu\u2019l 20 d\u2019avientu<\/a>\u00a0<span class=\"post-date\">09\/12\/2024<\/span><\/li>\n<li><a href=\"https:\/\/edublog.educastur.es\/ixuxu\/2024\/12\/cine-vaiana-2-estrenose-29-de-payares\/\">Cine: \u00abVaiana 2\u00bb Estrenose\u2019l 29 de payares<\/a>\u00a0<span class=\"post-date\">09\/12\/2024<\/span><\/li>\n<li><a href=\"https:\/\/edublog.educastur.es\/ixuxu\/2024\/12\/34417\/\">(sin t\u00edtulo)<\/a>\u00a0<span class=\"post-date\">09\/12\/2024<\/span><\/li>\n<li><a href=\"https:\/\/edublog.educastur.es\/ixuxu\/2024\/12\/gala-del-deporte-asturianu-2023\/\">Gala del Deporte Asturianu 2023: GDA XXXIX edici\u00f3n<\/a>\u00a0<span class=\"post-date\">09\/12\/2024<\/span><\/li>\n<li><a href=\"https:\/\/edublog.educastur.es\/ixuxu\/2024\/12\/la-vara-yerba-un-oxetu-de-museu\/\">La vara yerba, un oxetu de mus\u00e9u.<\/a>\u00a0<span class=\"post-date\">09\/12\/2024<\/span><\/li>\n<li><a href=\"https:\/\/edublog.educastur.es\/ixuxu\/2024\/12\/37419\/\">(sin t\u00edtulo)<\/a>\u00a0<span class=\"post-date\">09\/12\/2024<\/span><\/li>\n<li><a href=\"https:\/\/edublog.educastur.es\/ixuxu\/2024\/12\/la-escuela-de-danza-lia-marcal-ritmu-nespana-duende-doru\/\">La Escuela de Danza L\u00eda marca\u2019l ritmu n\u2019Espa\u00f1a: \u00abDuende d\u2019Oru\u00bb<\/a>\u00a0<span class=\"post-date\">09\/12\/2024<\/span><\/li>\n<li><a href=\"https:\/\/edublog.educastur.es\/ixuxu\/2024\/12\/llagar-de-sidra-en-colunga\/\">Llagar de sidra en Colunga<\/a>\u00a0<span class=\"post-date\">09\/12\/2024<\/span><\/li>\n<li><a href=\"https:\/\/edublog.educastur.es\/ixuxu\/2024\/12\/37587\/\">(sin t\u00edtulo)<\/a>\u00a0<span class=\"post-date\">09\/12\/2024<\/span><\/li>\n<li><a href=\"https:\/\/edublog.educastur.es\/ixuxu\/2024\/12\/asina-tamos-nasturies\/\">Asina tamos n\u2019Asturies<\/a>\u00a0<span class=\"post-date\">09\/12\/2024<\/span><\/li>\n<li><a href=\"https:\/\/edublog.educastur.es\/ixuxu\/2024\/12\/estau-del-tiempu-llunes-9-davientu\/\">Est\u00e1u del tiempu: llunes 9 d\u2019avientu<\/a>\u00a0<span class=\"post-date\">09\/12\/2024<\/span><\/li>\n<li><a href=\"https:\/\/edublog.educastur.es\/ixuxu\/2024\/12\/37357\/\">(sin t\u00edtulo)<\/a>\u00a0<span class=\"post-date\">08\/12\/2024<\/span><\/li>\n<li><a href=\"https:\/\/edublog.educastur.es\/ixuxu\/2024\/12\/37378\/\">La obra d\u2019El Greco \u2018La anunciaci\u00f3n de la Virxe\u2019, BIC: Bien d\u2019Inter\u00e9s Cultural<\/a>\u00a0<span class=\"post-date\">08\/12\/2024<\/span><\/li>\n<li><a href=\"https:\/\/edublog.educastur.es\/ixuxu\/2024\/12\/sigui-activu-un-avisu-colorau-nel-cordal-y-nos-picos-deuropa\/\">Sigui activu un avisu color\u00e1u nel Cordal y nos Picos d\u2019Europa<\/a>\u00a0<span class=\"post-date\">08\/12\/2024<\/span><\/li>\n<li><a href=\"https:\/\/edublog.educastur.es\/ixuxu\/2024\/12\/sabadu-14-davientu-aguilandeiros-de-san-xuan-de-villapanada\/\">S\u00e1badu 14 d\u2019avientu, Aguilandeiros de San Xuan de Villapa\u00f1ada<\/a>\u00a0<span class=\"post-date\">08\/12\/2024<\/span><\/li>\n<li><a href=\"https:\/\/edublog.educastur.es\/ixuxu\/2024\/12\/naturaller-rutes-guiaes-nasturies\/\">Naturaller Rutes Guiaes n\u2019Asturies<\/a>\u00a0<span class=\"post-date\">08\/12\/2024<\/span><\/li>\n<li><a href=\"https:\/\/edublog.educastur.es\/ixuxu\/2024\/12\/37301\/\">Na Ap-66 vuelve nevar con intensid\u00e1<\/a>\u00a0<span class=\"post-date\">08\/12\/2024<\/span><\/li>\n<li><a href=\"https:\/\/edublog.educastur.es\/ixuxu\/2024\/12\/34401\/\">(sin t\u00edtulo)<\/a>\u00a0<span class=\"post-date\">08\/12\/2024<\/span><\/li>\n<li><a href=\"https:\/\/edublog.educastur.es\/ixuxu\/2024\/12\/avisu-colorau-por-acumuladura-de-nieve-nel-cordal\/\">Avisu color\u00e1u por acumuladura de nieve nel Cordal<\/a>\u00a0<span class=\"post-date\">08\/12\/2024<\/span><\/li>\n<li><a href=\"https:\/\/edublog.educastur.es\/ixuxu\/2024\/12\/laemet-alza-a-colorada-lalerta-por-nevaes-nasturies\/\">L\u2019Aemet alza a colorada l\u2019alerta por nevaes n\u2019Asturies<\/a>\u00a0<span class=\"post-date\">08\/12\/2024<\/span><\/li>\n<li><a href=\"https:\/\/edublog.educastur.es\/ixuxu\/2024\/12\/37332\/\">Abondoses precipitaciones con una nueva baxada de les temperatures.<\/a>\u00a0<span class=\"post-date\">08\/12\/2024<\/span><\/li>\n<li><a href=\"https:\/\/edublog.educastur.es\/ixuxu\/2024\/12\/estau-del-tiempu-domingu-8-davientu\/\">Est\u00e1u del tiempu: domingu 8 d\u2019avientu<\/a>\u00a0<span class=\"post-date\">08\/12\/2024<\/span><\/li>\n<li><a href=\"https:\/\/edublog.educastur.es\/ixuxu\/2024\/12\/panar\/\">\u00abPa\u00f1ar\u00bb<\/a>\u00a0<span class=\"post-date\">07\/12\/2024<\/span><\/li>\n<li><a href=\"https:\/\/edublog.educastur.es\/ixuxu\/2024\/12\/37329\/\">\u00abLa sidra, virt\u00fa asturiana\u00bb<\/a>\u00a0<span class=\"post-date\">07\/12\/2024<\/span><\/li>\n<li><a href=\"https:\/\/edublog.educastur.es\/ixuxu\/2024\/12\/estrenu-el-senor-d-elos-anios-la-guerra-de-los-rohirrim\/\">Estrenu: \u00abEl Se\u00f1or de los An\u00edos: La guerra de los Rohirrim\u00bb<\/a>\u00a0<span class=\"post-date\">07\/12\/2024<\/span><\/li>\n<li><a href=\"https:\/\/edublog.educastur.es\/ixuxu\/2024\/12\/un-dia-como-guei-7-davientu-de-va-50-anos\/\">Un d\u00eda como g\u00fcei, 7 d\u2019avientu, de va 50 a\u00f1os\u2026<\/a>\u00a0<span class=\"post-date\">07\/12\/2024<\/span><\/li>\n<li><a href=\"https:\/\/edublog.educastur.es\/ixuxu\/2024\/12\/vival-mal-vival-celular\/\">\u00abViva\u2019l mal, viva\u2019l celular\u00bb<\/a>\u00a0<span class=\"post-date\">07\/12\/2024<\/span><\/li>\n<li><a href=\"https:\/\/edublog.educastur.es\/ixuxu\/2024\/12\/estau-del-tiempu-sabadu-7-davientu\/\">Est\u00e1u del tiempu: s\u00e1badu 7 d\u2019avientu<\/a>\u00a0<span class=\"post-date\">07\/12\/2024<\/span><\/li>\n<li><a href=\"https:\/\/edublog.educastur.es\/ixuxu\/2024\/12\/les-noticies-del-vienres-6-de-avientu-de-2024-nasturianu-tpanoticies\/\">Les noticies del vienres 6 de avientu de 2024 n\u2019asturianu #TPANoticies<\/a>\u00a0<span class=\"post-date\">06\/12\/2024<\/span><\/li>\n<li><a href=\"https:\/\/edublog.educastur.es\/ixuxu\/2024\/12\/fiesta-de-los-pimientos-rellenos-en-smartin-del-rei-aurelio\/\">Fiesta de los Pimientos Rellenos en Smart\u00edn del Rei Aurelio<\/a>\u00a0<span class=\"post-date\">06\/12\/2024<\/span><\/li>\n<li><a href=\"https:\/\/edublog.educastur.es\/ixuxu\/2024\/12\/37229\/\">(sin t\u00edtulo)<\/a>\u00a0<span class=\"post-date\">06\/12\/2024<\/span><\/li>\n<li><a href=\"https:\/\/edublog.educastur.es\/ixuxu\/2024\/12\/mayar\/\">\u00abMayar\u00bb<\/a>\u00a0<span class=\"post-date\">06\/12\/2024<\/span><\/li>\n<li><a href=\"https:\/\/edublog.educastur.es\/ixuxu\/2024\/12\/los-13-del-sidron\/\">Neandertales n\u2019Asturies: Los 13 d\u2019El Sidr\u00f3n<\/a>\u00a0<span class=\"post-date\">06\/12\/2024<\/span><\/li>\n<li><a href=\"https:\/\/edublog.educastur.es\/ixuxu\/2024\/12\/la-cultura-castrense-conteniu-de-quintu-de-primaria\/\">La cultura castrense, conten\u00edu de quintu de Primaria<\/a>\u00a0<span class=\"post-date\">06\/12\/2024<\/span><\/li>\n<li><a href=\"https:\/\/edublog.educastur.es\/ixuxu\/2024\/12\/reflexos-en-tapia-de-casariego\/\">Reflexos en Tapia de Casariego<\/a>\u00a0<span class=\"post-date\">06\/12\/2024<\/span><\/li>\n<li><a href=\"https:\/\/edublog.educastur.es\/ixuxu\/2024\/12\/37278\/\">(sin t\u00edtulo)<\/a>\u00a0<span class=\"post-date\">06\/12\/2024<\/span><\/li>\n<li><a href=\"https:\/\/edublog.educastur.es\/ixuxu\/2024\/12\/canciu-damor-del-grupu-dixebra\/\">\u00abCanciu d\u2019amor\u00bb del grupu Dixebra<\/a>\u00a0<span class=\"post-date\">06\/12\/2024<\/span><\/li>\n<li><a href=\"https:\/\/edublog.educastur.es\/ixuxu\/2024\/12\/el-grandiosu-rrte-de-la-naturaleza\/\">El grandiosu arte de la naturaleza<\/a>\u00a0<span class=\"post-date\">06\/12\/2024<\/span><\/li>\n<li><a href=\"https:\/\/edublog.educastur.es\/ixuxu\/2024\/12\/guei-vienres-en-direutu-en-facebook-languleru\/\">L\u2019Anguleru\u00a0y\u00e1 ta n\u2019Asturies<\/a>\u00a0<span class=\"post-date\">06\/12\/2024<\/span><\/li>\n<li><a href=\"https:\/\/edublog.educastur.es\/ixuxu\/2024\/12\/37261\/\">(sin t\u00edtulo)<\/a>\u00a0<span class=\"post-date\">06\/12\/2024<\/span><\/li>\n<li><a href=\"https:\/\/edublog.educastur.es\/ixuxu\/2024\/12\/reconoces-les-primeres-imaxes-desti-videu-promocional\/\">\u00bfReconoces les primeres imaxes d\u2019esti videu promocional?<\/a>\u00a0<span class=\"post-date\">06\/12\/2024<\/span><\/li>\n<li><a href=\"https:\/\/edublog.educastur.es\/ixuxu\/2024\/12\/culiebra\/\">\u00abCuliebra\u00bb<\/a>\u00a0<span class=\"post-date\">06\/12\/2024<\/span><\/li>\n<li><a href=\"https:\/\/edublog.educastur.es\/ixuxu\/2024\/12\/37251\/\">\u00abSidra\u00bb poemas y m\u00e1s\u2026<\/a>\u00a0<span class=\"post-date\">06\/12\/2024<\/span><\/li>\n<li><a href=\"https:\/\/edublog.educastur.es\/ixuxu\/2024\/12\/llibretin-de-la-sidra-2001\/\">\u00abLlibret\u00edn de la sidra\u00bb 2001<\/a>\u00a0<span class=\"post-date\">06\/12\/2024<\/span><\/li>\n<li><a href=\"https:\/\/edublog.educastur.es\/ixuxu\/2024\/12\/esposicion-que-tenemos-na-plaza-de-trascorrales-nuvieu\/\">Esposici\u00f3n na Plaza de Trascorrales n\u2019Uvi\u00e9u<\/a>\u00a0<span class=\"post-date\">06\/12\/2024<\/span><\/li>\n<li><a href=\"https:\/\/edublog.educastur.es\/ixuxu\/2024\/12\/la-tradicion-que-conquisto-al-mundu\/\">La tradici\u00f3n que conquist\u00f3 al mundu<\/a>\u00a0<span class=\"post-date\">06\/12\/2024<\/span><\/li>\n<li><a href=\"https:\/\/edublog.educastur.es\/ixuxu\/2024\/12\/dia-de-la-constitucion\/\">D\u00eda de la Constituci\u00f3n<\/a>\u00a0<span class=\"post-date\">06\/12\/2024<\/span><\/li>\n<li><a href=\"https:\/\/edublog.educastur.es\/ixuxu\/2024\/12\/estau-del-tiempu-vienres-6-davientu\/\">Est\u00e1u del tiempu: vienres 6 d\u2019avientu<\/a>\u00a0<span class=\"post-date\">06\/12\/2024<\/span><\/li>\n<li><a href=\"https:\/\/edublog.educastur.es\/ixuxu\/2024\/12\/37220\/\">(sin t\u00edtulo)<\/a>\u00a0<span class=\"post-date\">05\/12\/2024<\/span><\/li>\n<li><a href=\"https:\/\/edublog.educastur.es\/ixuxu\/2024\/12\/37224\/\">L\u2019iviernu faise esperar, pero llega con fuerza<\/a>\u00a0<span class=\"post-date\">05\/12\/2024<\/span><\/li>\n<li><a href=\"https:\/\/edublog.educastur.es\/ixuxu\/2024\/12\/esta-navida-brinda-con-sidra-dasturies\/\">Esta Navid\u00e1 brinda con Sidra d\u2019Asturies.<\/a>\u00a0<span class=\"post-date\">05\/12\/2024<\/span><\/li>\n<li><a href=\"https:\/\/edublog.educastur.es\/ixuxu\/2024\/12\/cartelu-que-tien-esta-sidra-de-neto\/\">Cartelu \u00bfQu\u00e9 tien esta sidra? de NETO<\/a>\u00a0<span class=\"post-date\">05\/12\/2024<\/span><\/li>\n<li><a href=\"https:\/\/edublog.educastur.es\/ixuxu\/2024\/12\/sidra\/\">\u00abSidra\u00bb<\/a>\u00a0<span class=\"post-date\">05\/12\/2024<\/span><\/li>\n<li><a href=\"https:\/\/edublog.educastur.es\/ixuxu\/2024\/12\/asturies-promocionase-en-madrid\/\">Asturies promoci\u00f3nase en Madrid<\/a>\u00a0<span class=\"post-date\">05\/12\/2024<\/span><\/li>\n<li><a href=\"https:\/\/edublog.educastur.es\/ixuxu\/2024\/12\/les-noticies-del-xueves-5-davientu-de-2024-nasturianu-tpanoticies\/\">Les noticies del xueves 5 d\u2019avientu de 2024 n\u2019asturianu #TPANoticies<\/a>\u00a0<span class=\"post-date\">05\/12\/2024<\/span><\/li>\n<li><a href=\"https:\/\/edublog.educastur.es\/ixuxu\/2024\/12\/37205\/\">(sin t\u00edtulo)<\/a>\u00a0<span class=\"post-date\">05\/12\/2024<\/span><\/li>\n<li><a href=\"https:\/\/edublog.educastur.es\/ixuxu\/2024\/12\/tamos-de-celebracion-2\/\">Tamos de celebraci\u00f3n\u2026<\/a>\u00a0<span class=\"post-date\">05\/12\/2024<\/span><\/li>\n<li><a href=\"https:\/\/edublog.educastur.es\/ixuxu\/2024\/12\/esbardu-2\/\">\u00abEsbardu\u00bb<\/a>\u00a0<span class=\"post-date\">05\/12\/2024<\/span><\/li>\n<li><a href=\"https:\/\/edublog.educastur.es\/ixuxu\/2024\/12\/ortografia\/\">\u00abOrtograf\u00eda\u00bb<\/a>\u00a0<span class=\"post-date\">05\/12\/2024<\/span><\/li>\n<li><a href=\"https:\/\/edublog.educastur.es\/ixuxu\/2024\/12\/nasturies-tenemos-76-variedaes-de-mazana-dop-cola-que-seellabora-la-nuesa-sidra\/\">N\u2019Asturies tenemos 76 variedaes de mazana DOP cola que se\u2019ellabora la nuesa sidra.<\/a>\u00a0<span class=\"post-date\">05\/12\/2024<\/span><\/li>\n<li><a href=\"https:\/\/edublog.educastur.es\/ixuxu\/2024\/12\/37175\/\">\u00abUn s\u00edmbolu qu\u2019exemplifica la forma de ser d\u2019un pueblu\u00bb<\/a>\u00a0<span class=\"post-date\">05\/12\/2024<\/span><\/li>\n<li><a href=\"https:\/\/edublog.educastur.es\/ixuxu\/2024\/12\/la-sidra-y-la-so-cultura-fixeron-hestoria\/\">\u00a1La sidra y la so cultura fixeron hestoria!<\/a>\u00a0<span class=\"post-date\">05\/12\/2024<\/span><\/li>\n<li><a href=\"https:\/\/edublog.educastur.es\/ixuxu\/2024\/12\/dia-mundial-del-suelu-2\/\">D\u00eda Mundial del suelu<\/a>\u00a0<span class=\"post-date\">05\/12\/2024<\/span><\/li>\n<li><a href=\"https:\/\/edublog.educastur.es\/ixuxu\/2024\/12\/estau-del-tiempu-xueves-5-davientu\/\">Est\u00e1u del tiempu: xueves 5 d\u2019avientu<\/a>\u00a0<span class=\"post-date\">05\/12\/2024<\/span><\/li>\n<li><a href=\"https:\/\/edublog.educastur.es\/ixuxu\/2024\/12\/34841\/\">(sin t\u00edtulo)<\/a>\u00a0<span class=\"post-date\">04\/12\/2024<\/span><\/li>\n<li><a href=\"https:\/\/edublog.educastur.es\/ixuxu\/2024\/12\/ya-ye-oficial-la-sidra-asturiana-patrimoniu-inmaterial-de-lhumanida\/\">Ya ye oficial: la cultura sidrera asturiana, Patrimoniu Cultural Inmaterial de l\u2019Humanid\u00e1<\/a>\u00a0<span class=\"post-date\">04\/12\/2024<\/span><\/li>\n<li><a href=\"https:\/\/edublog.educastur.es\/ixuxu\/2024\/12\/37143\/\">L\u2019alumn\u00e1u asturianu de Primaria: los primeros en competencia cient\u00edfica y segundos en matem\u00e1tiques<\/a>\u00a0<span class=\"post-date\">04\/12\/2024<\/span><\/li>\n<li><a href=\"https:\/\/edublog.educastur.es\/ixuxu\/2024\/12\/a-partir-del-llunes-nos-quioscos\/\">A partir del llunes nos quioscos.<\/a>\u00a0<span class=\"post-date\">04\/12\/2024<\/span><\/li>\n<li><a href=\"https:\/\/edublog.educastur.es\/ixuxu\/2024\/12\/37189\/\">La cultura sidrera asturiana ya ye Patrimoniu Cultural Inmaterial de la Humanidad<\/a>\u00a0<span class=\"post-date\">04\/12\/2024<\/span><\/li>\n<li><a href=\"https:\/\/edublog.educastur.es\/ixuxu\/2024\/12\/tamos-navientu-diciembre\/\">Tamos n\u2019avientu (diciembre)<\/a>\u00a0<span class=\"post-date\">04\/12\/2024<\/span><\/li>\n<li><a href=\"https:\/\/edublog.educastur.es\/ixuxu\/2024\/12\/area-recreativa-de-la-pesanca-en-pilona\/\">\u00c1rea recreativa de La Pesanca, en Pilo\u00f1a<\/a>\u00a0<span class=\"post-date\">04\/12\/2024<\/span><\/li>\n<li><a href=\"https:\/\/edublog.educastur.es\/ixuxu\/2024\/12\/uvieu-maraviyosa-ciuda\/\">Uvi\u00e9u, maraviyosa ciud\u00e1.<\/a>\u00a0<span class=\"post-date\">04\/12\/2024<\/span><\/li>\n<li><a href=\"https:\/\/edublog.educastur.es\/ixuxu\/2024\/12\/sabes-onde-se-concentral-mayor-numberu-dhores-de-sol-en-toa-asturies\/\">\u00bfSabes \u00f3nde se concentra\u2019l mayor n\u00famberu d\u2019hores de sol en toa Asturies?<\/a>\u00a0<span class=\"post-date\">04\/12\/2024<\/span><\/li>\n<li><a href=\"https:\/\/edublog.educastur.es\/ixuxu\/2024\/12\/37116\/\">(sin t\u00edtulo)<\/a>\u00a0<span class=\"post-date\">04\/12\/2024<\/span><\/li>\n<li><a href=\"https:\/\/edublog.educastur.es\/ixuxu\/2024\/12\/coses-nueses-la-oveya-xalda\/\">Coses nueses: La oveya Xalda<\/a>\u00a0<span class=\"post-date\">04\/12\/2024<\/span><\/li>\n<li><a href=\"https:\/\/edublog.educastur.es\/ixuxu\/2024\/12\/sidros-y-comedies-de-valdesoto-embaxaores-de-la-cultura-sidrera\/\">Sidros y Comedies de Valdesoto, Embaxaores de la Cultura Sidrera<\/a>\u00a0<span class=\"post-date\">04\/12\/2024<\/span><\/li>\n<li><a href=\"https:\/\/edublog.educastur.es\/ixuxu\/2024\/12\/la-fiesta-dixital-y-mas-esparcimientu-de-la-nuesa-cultura\/\">\u00abLa fiesta dixital\u00bb y m\u00e1s esparcimientu de la nuesa cultura sidrera en Nava<\/a>\u00a0<span class=\"post-date\">04\/12\/2024<\/span><\/li>\n<li><a href=\"https:\/\/edublog.educastur.es\/ixuxu\/2024\/12\/la-cultura-sidrera-asturiana-ta-a-piques-de-recibir-un-reconocimientu-mundia\/\">La cultura sidrera asturiana ta a piques de recibir un reconocimientu mundia<\/a>\u00a0<span class=\"post-date\">04\/12\/2024<\/span><\/li>\n<li><a href=\"https:\/\/edublog.educastur.es\/ixuxu\/2024\/12\/tamos-de-celebracion\/\">\u00a1Tamos de celebraci\u00f3n!<\/a>\u00a0<span class=\"post-date\">04\/12\/2024<\/span><\/li>\n<li><a href=\"https:\/\/edublog.educastur.es\/ixuxu\/2024\/12\/la-sidra-ye-patrimoniu\/\">La sidra ye patrimoniu\u2026<\/a>\u00a0<span class=\"post-date\">04\/12\/2024<\/span><\/li>\n<li><a href=\"https:\/\/edublog.educastur.es\/ixuxu\/2024\/12\/coriu\/\">\u00abCor\u00edu\u00bb<\/a>\u00a0<span class=\"post-date\">04\/12\/2024<\/span><\/li>\n<li><a href=\"https:\/\/edublog.educastur.es\/ixuxu\/2024\/12\/puxa-los-mineros\/\">\u00a1Puxa los mineros! Santa B\u00e1rbara<\/a>\u00a0<span class=\"post-date\">04\/12\/2024<\/span><\/li>\n<li><a href=\"https:\/\/edublog.educastur.es\/ixuxu\/2024\/12\/37613\/\">G\u00fcei ye Santa B\u00e1rbara, patrona de los mineros<\/a>\u00a0<span class=\"post-date\">04\/12\/2024<\/span><\/li>\n<li><a href=\"https:\/\/edublog.educastur.es\/ixuxu\/2024\/12\/dia-del-mineru-y-la-minera\/\">D\u00eda del Mineru y la Minera<\/a>\u00a0<span class=\"post-date\">04\/12\/2024<\/span><\/li>\n<li><a href=\"https:\/\/edublog.educastur.es\/ixuxu\/2024\/12\/guei-ye-santa-barbara-patrona-de-los-mineros\/\">G\u00fcei ye Santa B\u00e1rbara, patrona de los mineros.<\/a>\u00a0<span class=\"post-date\">04\/12\/2024<\/span><\/li>\n<li><a href=\"https:\/\/edublog.educastur.es\/ixuxu\/2024\/12\/una-masa-daire-polar-llegaral-domingu\/\">Una masa d\u2019aire polar llegar\u00e1\u2019l domingu<\/a>\u00a0<span class=\"post-date\">04\/12\/2024<\/span><\/li>\n<li><a href=\"https:\/\/edublog.educastur.es\/ixuxu\/2024\/12\/estau-del-tiempu-miercoles-4-davientu\/\">Est\u00e1u del tiempu: mi\u00e9rcoles 4 d\u2019avientu<\/a>\u00a0<span class=\"post-date\">04\/12\/2024<\/span><\/li>\n<li><a href=\"https:\/\/edublog.educastur.es\/ixuxu\/2024\/12\/programa-escuela-paisana-de-cabranes-2024\/\">Programa Escuela Paisana de Cabranes 2024.<\/a>\u00a0<span class=\"post-date\">03\/12\/2024<\/span><\/li>\n<li><a href=\"https:\/\/edublog.educastur.es\/ixuxu\/2024\/12\/exemplu-de-menu-nasturianu-zarramos-lanu-comiendo-bien\/\">Exemplu de Men\u00fa n\u2019asturianu \u00bfZarramos l\u2019a\u00f1u comiendo bien?<\/a>\u00a0<span class=\"post-date\">03\/12\/2024<\/span><\/li>\n<li><a href=\"https:\/\/edublog.educastur.es\/ixuxu\/2024\/12\/esta-navida-pide-y-brinda-con-sidra-dasturies\/\">Esta Navid\u00e1 pide y brinda con sidra d\u2019Asturies<\/a>\u00a0<span class=\"post-date\">03\/12\/2024<\/span><\/li>\n<li><a href=\"https:\/\/edublog.educastur.es\/ixuxu\/2024\/12\/teatru-campoamor-duvieu-asturies-espana\/\">Teatru Campoamor d\u2019Uvi\u00e9u<\/a>\u00a0<span class=\"post-date\">03\/12\/2024<\/span><\/li>\n<li><a href=\"https:\/\/edublog.educastur.es\/ixuxu\/2024\/12\/engarriar\/\">\u00abEngarriar\u00bb<\/a>\u00a0<span class=\"post-date\">03\/12\/2024<\/span><\/li>\n<li><a href=\"https:\/\/edublog.educastur.es\/ixuxu\/2024\/12\/les-noticies-del-martes-3-de-avientu-de-2024-nasturianu-tpanoticies\/\">Les noticies del martes 3 de avientu de 2024 n\u2019asturianu #TPANoticies<\/a>\u00a0<span class=\"post-date\">03\/12\/2024<\/span><\/li>\n<li><a href=\"https:\/\/edublog.educastur.es\/ixuxu\/2024\/12\/un-cocodrilu-de-mazapan-xigante-que-pesa-105-quilos\/\">Un cocodrilu de mazap\u00e1n xigante que pesa 105 quilos<\/a>\u00a0<span class=\"post-date\">03\/12\/2024<\/span><\/li>\n<li><a href=\"https:\/\/edublog.educastur.es\/ixuxu\/2024\/12\/telefonos-ensin-internet-para-los-adolescentes-dente-12-y-16-anos-y-nada-de-pantalles-pa-los-menores-de-6\/\">Tel\u00e9fonos ensin internet para los adolescentes d\u2019ente 12 y 16 a\u00f1os y nada de pantalles pa los menores de 6<\/a>\u00a0<span class=\"post-date\">03\/12\/2024<\/span><\/li>\n<li><a href=\"https:\/\/edublog.educastur.es\/ixuxu\/2024\/12\/lo-quescuendel-paseu-de-la-marina-oriental-asturiana-hestories-de-dinosaurios-y-fondos-marinos\/\">Lo qu\u2019escuende\u2019l pas\u00e9u de la mari\u00f1a oriental asturiana: hestories de dinosaurios y fondos marinos<\/a>\u00a0<span class=\"post-date\">03\/12\/2024<\/span><\/li>\n<li><a href=\"https:\/\/edublog.educastur.es\/ixuxu\/2024\/12\/ribeseya-panoramica-a-gueyu-paxaru\/\">Ribeseya: panor\u00e1mica a g\u00fceyu p\u00e1xaru<\/a>\u00a0<span class=\"post-date\">03\/12\/2024<\/span><\/li>\n<li><a href=\"https:\/\/edublog.educastur.es\/ixuxu\/2024\/12\/curuxa\/\">\u00abCuruxa\u00bb<\/a>\u00a0<span class=\"post-date\">03\/12\/2024<\/span><\/li>\n<li><a href=\"https:\/\/edublog.educastur.es\/ixuxu\/2024\/12\/37027\/\">Os Reises del Valledor, 4 de xineru 2025<\/a>\u00a0<span class=\"post-date\">03\/12\/2024<\/span><\/li>\n<li><a href=\"https:\/\/edublog.educastur.es\/ixuxu\/2024\/12\/37025\/\">(sin t\u00edtulo)<\/a>\u00a0<span class=\"post-date\">03\/12\/2024<\/span><\/li>\n<li><a href=\"https:\/\/edublog.educastur.es\/ixuxu\/2024\/12\/anos-50-cuando-nevaba-de-verda\/\">A\u00f1os 50, cuando \u00f1evaba de verd\u00e1\u2026<\/a>\u00a0<span class=\"post-date\">03\/12\/2024<\/span><\/li>\n<li><a href=\"https:\/\/edublog.educastur.es\/ixuxu\/2024\/12\/37020\/\">\u00abXVI Filand\u00f3n: falamos de les nuestres coses\u00bb<\/a>\u00a0<span class=\"post-date\">03\/12\/2024<\/span><\/li>\n<li><a href=\"https:\/\/edublog.educastur.es\/ixuxu\/2024\/12\/la-fpa-convoco-una-edicion-estraordinaria-pa-centros-educativos\/\">La FPA convoc\u00f3 una edici\u00f3n estraordinaria pa centros educativos.<\/a>\u00a0<span class=\"post-date\">03\/12\/2024<\/span><\/li>\n<li><a href=\"https:\/\/edublog.educastur.es\/ixuxu\/2024\/12\/dia-internacional-de-les-persones-con-discapacida\/\">D\u00eda Internacional de les Persones con Discapacid\u00e1<\/a>\u00a0<span class=\"post-date\">03\/12\/2024<\/span><\/li>\n<li><a href=\"https:\/\/edublog.educastur.es\/ixuxu\/2024\/12\/estau-del-tiempu-martes\/\">Est\u00e1u del tiempu: martes<\/a>\u00a0<span class=\"post-date\">03\/12\/2024<\/span><\/li>\n<li><a href=\"https:\/\/edublog.educastur.es\/ixuxu\/2024\/12\/les-noticies-del-llunes-2-de-avientu-de-2024-nasturianu-tpanoticies\/\">Les noticies del llunes 2 de avientu de 2024 n\u2019asturianu #TPANoticies<\/a>\u00a0<span class=\"post-date\">02\/12\/2024<\/span><\/li>\n<li><a href=\"https:\/\/edublog.educastur.es\/ixuxu\/2024\/12\/36152\/\">(sin t\u00edtulo)<\/a>\u00a0<span class=\"post-date\">02\/12\/2024<\/span><\/li>\n<li><a href=\"https:\/\/edublog.educastur.es\/ixuxu\/2024\/12\/el-turismu-rural-interior-nel-principau-crez-un-312-impulsau-pola-campana-de-promocion-seguru-que-conoces-asturies\/\">El turismu rural interior nel Princip\u00e1u crez un 31,2% impuls\u00e1u pola campa\u00f1a de promoci\u00f3n<\/a>\u00a0<span class=\"post-date\">02\/12\/2024<\/span><\/li>\n<li><a href=\"https:\/\/edublog.educastur.es\/ixuxu\/2024\/12\/36997\/\">(sin t\u00edtulo)<\/a>\u00a0<span class=\"post-date\">02\/12\/2024<\/span><\/li>\n<li><a href=\"https:\/\/edublog.educastur.es\/ixuxu\/2024\/12\/axenda-del-2-al-8-davientu\/\">Axenda del 2 al 8 d\u2019avientu<\/a>\u00a0<span class=\"post-date\">02\/12\/2024<\/span><\/li>\n<li><a href=\"https:\/\/edublog.educastur.es\/ixuxu\/2024\/12\/avientu-2\/\">\u00abAvientu\u00bb<\/a>\u00a0<span class=\"post-date\">02\/12\/2024<\/span><\/li>\n<li><a href=\"https:\/\/edublog.educastur.es\/ixuxu\/2024\/12\/documental-nia\/\">Documental: \u00abN\u00eda\u00bb Xa casi tamos<\/a>\u00a0<span class=\"post-date\">02\/12\/2024<\/span><\/li>\n<li><a href=\"https:\/\/edublog.educastur.es\/ixuxu\/2024\/12\/repasamos-los-posesivos\/\">Repasamos los posesivos<\/a>\u00a0<span class=\"post-date\">02\/12\/2024<\/span><\/li>\n<li><a href=\"https:\/\/edublog.educastur.es\/ixuxu\/2024\/12\/estau-del-tiempu-llunes-2-davientu\/\">Est\u00e1u del tiempu: llunes 2 d\u2019avientu<\/a>\u00a0<span class=\"post-date\">02\/12\/2024<\/span><\/li>\n<li><a href=\"https:\/\/edublog.educastur.es\/ixuxu\/2024\/12\/36957\/\">(sin t\u00edtulo)<\/a>\u00a0<span class=\"post-date\">01\/12\/2024<\/span><\/li>\n<li><a href=\"https:\/\/edublog.educastur.es\/ixuxu\/2024\/12\/la-temporada-desqui-24-25-va-desarrollase-dendel-2-davientu-hasta-el-20-dabril\/\">La temporada d\u2019esqu\u00ed 24-25 va desarrollase dende\u2019l 2 d\u2019avientu hasta el 20 d\u2019abril<\/a>\u00a0<span class=\"post-date\">01\/12\/2024<\/span><\/li>\n<li><a href=\"https:\/\/edublog.educastur.es\/ixuxu\/2024\/12\/carrera-de-san-silvestre-duvieu\/\">Carrera de San Silvestre d\u2019Uvi\u00e9u<\/a>\u00a0<span class=\"post-date\">01\/12\/2024<\/span><\/li>\n<li><a href=\"https:\/\/edublog.educastur.es\/ixuxu\/2024\/12\/llobu\/\">\u00abLlobu\u00bb<\/a>\u00a0<span class=\"post-date\">01\/12\/2024<\/span><\/li>\n<li><a href=\"https:\/\/edublog.educastur.es\/ixuxu\/2024\/12\/bona-idea\/\">\u00abBona idea!<\/a>\u00a0<span class=\"post-date\">01\/12\/2024<\/span><\/li>\n<li><a href=\"https:\/\/edublog.educastur.es\/ixuxu\/2024\/12\/37200\/\">La postrera de les ll\u00e1mines del CalendarioMontep\u00edo2024 dedic\u00e1 a la miner\u00eda<\/a>\u00a0<span class=\"post-date\">01\/12\/2024<\/span><\/li>\n<li><a href=\"https:\/\/edublog.educastur.es\/ixuxu\/2024\/12\/36945\/\">Asturies va introducir nel cursu 25-26 la ense\u00f1anza voluntaria d\u2019asturianu nel segundu ciclu d\u2019Infantil<\/a>\u00a0<span class=\"post-date\">01\/12\/2024<\/span><\/li>\n<li><a href=\"https:\/\/edublog.educastur.es\/ixuxu\/2024\/12\/propuesta-musical-pa-colexos-cantol-miou-cantar-de-vero-rubio\/\">Propuesta musical pa colexos: \u00abCanto\u00b4l miou cantar\u00bb de Vero Rubio<\/a>\u00a0<span class=\"post-date\">01\/12\/2024<\/span><\/li>\n<li><a href=\"https:\/\/edublog.educastur.es\/ixuxu\/2024\/12\/les-pallabres-de-guela\/\">\u00abLes pallabres de g\u00fcela\u00bb<\/a>\u00a0<span class=\"post-date\">01\/12\/2024<\/span><\/li>\n<li><a href=\"https:\/\/edublog.educastur.es\/ixuxu\/2024\/12\/36858\/\">(sin t\u00edtulo)<\/a>\u00a0<span class=\"post-date\">01\/12\/2024<\/span><\/li>\n<li><a href=\"https:\/\/edublog.educastur.es\/ixuxu\/2024\/12\/aguilandeiros-de-san-xuan-de-villapanada-grau\/\">S\u00e1badu 14 d\u2019Advientu per los pueblos de Villapa\u00f1ada (Grau)<\/a>\u00a0<span class=\"post-date\">01\/12\/2024<\/span><\/li>\n<li><a href=\"https:\/\/edublog.educastur.es\/ixuxu\/2024\/12\/premiu-animayo-international-film-festival\/\">Premiu \u00abAnimayo International Film Festival\u00bb<\/a>\u00a0<span class=\"post-date\">01\/12\/2024<\/span><\/li>\n<li><a href=\"https:\/\/edublog.educastur.es\/ixuxu\/2024\/12\/curtiometraxe-que-ganol-premiu-felicida-en-2018\/\">Curtiometraxe que gan\u00f3\u2019l premiu \u00abFelicid\u00e1\u00bb en 2018<\/a>\u00a0<span class=\"post-date\">01\/12\/2024<\/span><\/li>\n<li><a href=\"https:\/\/edublog.educastur.es\/ixuxu\/2024\/12\/asturiesderestallu-papoyar-la-candidatura-de-la-cultura-sidrera\/\">#AsturiesDeRestallu pa sofitar la candidatura de la Cultura Sidrera<\/a>\u00a0<span class=\"post-date\">01\/12\/2024<\/span><\/li>\n<li><a href=\"https:\/\/edublog.educastur.es\/ixuxu\/2024\/12\/vuela-alto-cola-ciencia-y-linteres\/\">\u00a1Vuela alto cola ciencia y l\u2019inter\u00e9s!<\/a>\u00a0<span class=\"post-date\">01\/12\/2024<\/span><\/li>\n<li><a href=\"https:\/\/edublog.educastur.es\/ixuxu\/2024\/12\/dia-internacional-de-lantartida\/\">D\u00eda Internacional de l\u2019Ant\u00e1rtida<\/a>\u00a0<span class=\"post-date\">01\/12\/2024<\/span><\/li>\n<li><a href=\"https:\/\/edublog.educastur.es\/ixuxu\/2024\/12\/pescaos-de-temporada-avientu\/\">Pescaos de temporada: avientu<\/a>\u00a0<span class=\"post-date\">01\/12\/2024<\/span><\/li>\n<li><a href=\"https:\/\/edublog.educastur.es\/ixuxu\/2024\/12\/estau-del-tiempu-domingu-1-davientu\/\">Est\u00e1u del tiempu: domingu 1 d\u2019avientu<\/a>\u00a0<span class=\"post-date\">01\/12\/2024<\/span><\/li>\n<\/ul>\n","protected":false},"excerpt":{"rendered":"<p>Cerrar un a\u00f1u trai daqu\u00e9(s) para soltar.31\/12\/2024 Mensaxe de fin d\u2019a\u00f1u del Presidente del Princip\u00e1u31\/12\/2024 (sin t\u00edtulo)31\/12\/2024 Los cantiles de Cuideiru tienen enforma arte31\/12\/2024 Tradici\u00f3n del A\u00f1u Nuevo en Bele\u00f1o, Conceyu de Ponga31\/12\/2024 Despidir el 2024 na nieve ye la opci\u00f3n escoyida por munchos asturianos.31\/12\/2024 Fiesta d\u2019inter\u00e9s tur\u00edstucu: L\u2019Aguinaldo en Ponga31\/12\/2024 Fiesta de L\u2019Aguinaldu y [&hellip;]<\/p>\n","protected":false},"author":117,"featured_media":0,"parent":34967,"menu_order":0,"comment_status":"closed","ping_status":"closed","template":"","meta":{"footnotes":""},"class_list":["post-64931","page","type-page","status-publish","hentry"],"_links":{"self":[{"href":"https:\/\/edublog.educastur.es\/ixuxu\/wp-json\/wp\/v2\/pages\/64931","targetHints":{"allow":["GET"]}}],"collection":[{"href":"https:\/\/edublog.educastur.es\/ixuxu\/wp-json\/wp\/v2\/pages"}],"about":[{"href":"https:\/\/edublog.educastur.es\/ixuxu\/wp-json\/wp\/v2\/types\/page"}],"author":[{"embeddable":true,"href":"https:\/\/edublog.educastur.es\/ixuxu\/wp-json\/wp\/v2\/users\/117"}],"replies":[{"embeddable":true,"href":"https:\/\/edublog.educastur.es\/ixuxu\/wp-json\/wp\/v2\/comments?post=64931"}],"version-history":[{"count":1,"href":"https:\/\/edublog.educastur.es\/ixuxu\/wp-json\/wp\/v2\/pages\/64931\/revisions"}],"predecessor-version":[{"id":64932,"href":"https:\/\/edublog.educastur.es\/ixuxu\/wp-json\/wp\/v2\/pages\/64931\/revisions\/64932"}],"up":[{"embeddable":true,"href":"https:\/\/edublog.educastur.es\/ixuxu\/wp-json\/wp\/v2\/pages\/34967"}],"wp:attachment":[{"href":"https:\/\/edublog.educastur.es\/ixuxu\/wp-json\/wp\/v2\/media?parent=64931"}],"curies":[{"name":"wp","href":"https:\/\/api.w.org\/{rel}","templated":true}]}}