{"id":64933,"date":"2026-01-02T21:31:28","date_gmt":"2026-01-02T19:31:28","guid":{"rendered":"https:\/\/edublog.educastur.es\/ixuxu\/?page_id=64933"},"modified":"2026-01-02T21:31:28","modified_gmt":"2026-01-02T19:31:28","slug":"11_payares","status":"publish","type":"page","link":"https:\/\/edublog.educastur.es\/ixuxu\/archivu-blogue\/articulos\/2024-2\/11_payares\/","title":{"rendered":"11_Payares"},"content":{"rendered":"<ul>\n<li><a href=\"https:\/\/edublog.educastur.es\/ixuxu\/2024\/11\/35751\/\">(sin t\u00edtulo)<\/a><span class=\"post-date\">30\/11\/2024<\/span><\/li>\n<li><a href=\"https:\/\/edublog.educastur.es\/ixuxu\/2024\/11\/programacion-de-les-mazcaraes-diviernu-nel-museu-de-belles-artes-dasturies\/\">Programaci\u00f3n de Les Mazcaraes d\u2019Iviernu nel Mus\u00e9u de Belles Artes d\u2019Asturies.<\/a><span class=\"post-date\">30\/11\/2024<\/span><\/li>\n<li><a href=\"https:\/\/edublog.educastur.es\/ixuxu\/2024\/11\/el-grinch-odia-la-navida-y-tolo-que-representa\/\">El Grinch odia la Navid\u00e1 y tolo que representa<\/a><span class=\"post-date\">30\/11\/2024<\/span><\/li>\n<li><a href=\"https:\/\/edublog.educastur.es\/ixuxu\/2024\/11\/36780\/\">(sin t\u00edtulo)<\/a><span class=\"post-date\">30\/11\/2024<\/span><\/li>\n<li><a href=\"https:\/\/edublog.educastur.es\/ixuxu\/2024\/11\/36879\/\">Fiestes Santa B\u00e1rbara en Mieres<\/a><span class=\"post-date\">30\/11\/2024<\/span><\/li>\n<li><a href=\"https:\/\/edublog.educastur.es\/ixuxu\/2024\/11\/vi-campeonato-de-espana-de-pote-asturiano-ciudad-de-oviedo\/\">VI Campeonato de Espa\u00f1a de Pote Asturiano \u00abCiudad de Oviedo\u00bb<\/a><span class=\"post-date\">30\/11\/2024<\/span><\/li>\n<li><a href=\"https:\/\/edublog.educastur.es\/ixuxu\/2024\/11\/entrega-premiu-de-poesia-de-afundacion\/\">Entrega XXII Premio de poes\u00eda Afundaci\u00f3n<\/a><span class=\"post-date\">30\/11\/2024<\/span><\/li>\n<li><a href=\"https:\/\/edublog.educastur.es\/ixuxu\/2024\/11\/herbamora-vuelven-a-revolucionar-la-pandereta-col-so-tercer-discu-286-llunes-el-quintetu-publica-un-ep-con-cinco-temes-protagonizaos-pola-musica-electronica-la-tradicion-los-ritmos\/\">Herbamora vuelven a revolucionar la pandereta col so tercer discu \u2018286 Llunes\u2019<\/a><span class=\"post-date\">30\/11\/2024<\/span><\/li>\n<li><a href=\"https:\/\/edublog.educastur.es\/ixuxu\/2024\/11\/semeyes-prestoses-de-la-naturaleza\/\">Semeyes prestoses de la naturaleza<\/a><span class=\"post-date\">30\/11\/2024<\/span><\/li>\n<li><a href=\"https:\/\/edublog.educastur.es\/ixuxu\/2024\/11\/nel-ultimu-mes-del-anu-vamos-tener-doble-lluna-nueva-van-ser-el-1-y-el-30-davientu\/\">Nel \u00faltimu mes del a\u00f1u vamos tener doble Lluna Nueva, van ser el 1 y el 30 d\u2019avientu.<\/a><span class=\"post-date\">30\/11\/2024<\/span><\/li>\n<li><a href=\"https:\/\/edublog.educastur.es\/ixuxu\/2024\/11\/36165\/\">(sin t\u00edtulo)<\/a><span class=\"post-date\">30\/11\/2024<\/span><\/li>\n<li><a href=\"https:\/\/edublog.educastur.es\/ixuxu\/2024\/11\/cantares-de-y-pa-nens\/\">Recordamos estos \u2018Cantares de\u2026 y pa ne\u00f1@s\u2019 de 2021<\/a><span class=\"post-date\">30\/11\/2024<\/span><\/li>\n<li><a href=\"https:\/\/edublog.educastur.es\/ixuxu\/2024\/11\/el-titan-acantilados-de-tomason-en-ribeseya\/\">\u00abEl Tit\u00e1n\u00bb Acantilados de Tomas\u00f3n, en Ribeseya<\/a><span class=\"post-date\">30\/11\/2024<\/span><\/li>\n<li><a href=\"https:\/\/edublog.educastur.es\/ixuxu\/2024\/11\/gamayu\/\">\u201cGamayu\u201d<\/a><span class=\"post-date\">30\/11\/2024<\/span><\/li>\n<li><a href=\"https:\/\/edublog.educastur.es\/ixuxu\/2024\/11\/esperteyu-o-gritagueyos\/\">\u00abEsperteyu\u00bb o \u00abgritag\u00fceyos\u00bb<\/a><span class=\"post-date\">30\/11\/2024<\/span><\/li>\n<li><a href=\"https:\/\/edublog.educastur.es\/ixuxu\/2024\/11\/35929\/\">(sin t\u00edtulo)<\/a><span class=\"post-date\">30\/11\/2024<\/span><\/li>\n<li><a href=\"https:\/\/edublog.educastur.es\/ixuxu\/2024\/11\/un-30-de-payares-nacio-lescritor-estadounidense-mark-twain\/\">Un 30 de payares naci\u00f3 l\u2019escritor estadounidense Mark Twain<\/a><span class=\"post-date\">30\/11\/2024<\/span><\/li>\n<li><a href=\"https:\/\/edublog.educastur.es\/ixuxu\/2024\/11\/la-culpa-de-too-tienenla\/\">\u00abLa culpa de too tienenla\u2026\u00bb<\/a><span class=\"post-date\">30\/11\/2024<\/span><\/li>\n<li><a href=\"https:\/\/edublog.educastur.es\/ixuxu\/2024\/11\/selmana-margarita-salas\/\">G\u00fcei celebramos el leg\u00e1u eternu de Margarita Salas, bioqu\u00edmica asturiana<\/a><span class=\"post-date\">30\/11\/2024<\/span><\/li>\n<li><a href=\"https:\/\/edublog.educastur.es\/ixuxu\/2024\/11\/concursu-y-esposiciones-danimales-en-sobrescobiu\/\">Concursu y esposiciones d\u2019animales en Sobrescobiu<\/a><span class=\"post-date\">30\/11\/2024<\/span><\/li>\n<li><a href=\"https:\/\/edublog.educastur.es\/ixuxu\/2024\/11\/dia-de-lacuicultura\/\">D\u00eda de l\u2019Acuicultura<\/a><span class=\"post-date\">30\/11\/2024<\/span><\/li>\n<li><a href=\"https:\/\/edublog.educastur.es\/ixuxu\/2024\/11\/estau-del-tiempu-sabadu-30-de-payares\/\">Est\u00e1u del tiempu: s\u00e1badu 30 de payares<\/a><span class=\"post-date\">30\/11\/2024<\/span><\/li>\n<li><a href=\"https:\/\/edublog.educastur.es\/ixuxu\/2024\/11\/les-noticies-del-vienres-29-de-payares-de-2024-nasturianu-tpanoticies\/\">Les noticies del vienres 29 de payares de 2024 n\u2019asturianu #TPANoticies<\/a><span class=\"post-date\">29\/11\/2024<\/span><\/li>\n<li><a href=\"https:\/\/edublog.educastur.es\/ixuxu\/2024\/11\/36761\/\">(sin t\u00edtulo)<\/a><span class=\"post-date\">29\/11\/2024<\/span><\/li>\n<li><a href=\"https:\/\/edublog.educastur.es\/ixuxu\/2024\/11\/ya-ye-navida-nuvieu\/\">Y\u00e1 ye Navid\u00e1 n\u2019Uvi\u00e9u<\/a><span class=\"post-date\">29\/11\/2024<\/span><\/li>\n<li><a href=\"https:\/\/edublog.educastur.es\/ixuxu\/2024\/11\/aguamala-o-medusa\/\">\u00abAguamala\u00bb o medusa<\/a><span class=\"post-date\">29\/11\/2024<\/span><\/li>\n<li><a href=\"https:\/\/edublog.educastur.es\/ixuxu\/2024\/11\/el-ciclismu-asturianu-ta-de-norabona-langliru-y-la-farrapona-van-tar-na-proxima-vuelta-a-espana\/\">El ciclismu asturianu ta de norabona: L\u2019Angliru y La Farrapona van tar na pr\u00f3xima Vuelta a Espa\u00f1a<\/a><span class=\"post-date\">29\/11\/2024<\/span><\/li>\n<li><a href=\"https:\/\/edublog.educastur.es\/ixuxu\/2024\/11\/36768\/\">Somos suelu, somos tierra\u2026<\/a><span class=\"post-date\">29\/11\/2024<\/span><\/li>\n<li><a href=\"https:\/\/edublog.educastur.es\/ixuxu\/2024\/11\/la-xunta-xeneral-acueye-la-presentacion-de-la-version-nasturianu-de-la-ciuda-de-les-nenos-y-los-nenos-de-tonucci\/\">La Xunta Xeneral acueye la presentaci\u00f3n de la versi\u00f3n n\u2019asturianu de \u00abLa ciud\u00e1 de les ne\u00f1os y los ne\u00f1os\u00bb, de Tonucci<\/a><span class=\"post-date\">29\/11\/2024<\/span><\/li>\n<li><a href=\"https:\/\/edublog.educastur.es\/ixuxu\/2024\/11\/taller-lliterariu-creacion-y-interpretacion-de-poesia\/\">Taller lliterariu \u00abCreaci\u00f3n y interpretaci\u00f3n de poes\u00eda\u00bb<\/a><span class=\"post-date\">29\/11\/2024<\/span><\/li>\n<li><a href=\"https:\/\/edublog.educastur.es\/ixuxu\/2024\/11\/la-formiga-reina\/\">La formiga reina<\/a><span class=\"post-date\">29\/11\/2024<\/span><\/li>\n<li><a href=\"https:\/\/edublog.educastur.es\/ixuxu\/2024\/11\/32888\/\">(sin t\u00edtulo)<\/a><span class=\"post-date\">29\/11\/2024<\/span><\/li>\n<li><a href=\"https:\/\/edublog.educastur.es\/ixuxu\/2024\/11\/la-programacion-navidiega-va-arrincar-esti-vienres-conl-encendiu-de-lluces\/\">La programaci\u00f3n navidiega va arrincar esti vienres col encend\u00edu de lluces<\/a><span class=\"post-date\">29\/11\/2024<\/span><\/li>\n<li><a href=\"https:\/\/edublog.educastur.es\/ixuxu\/2024\/11\/llondriga\/\">\u00abLl\u00f3ndriga\u00bb<\/a><span class=\"post-date\">29\/11\/2024<\/span><\/li>\n<li><a href=\"https:\/\/edublog.educastur.es\/ixuxu\/2024\/11\/36555\/\">(sin t\u00edtulo)<\/a><span class=\"post-date\">29\/11\/2024<\/span><\/li>\n<li><a href=\"https:\/\/edublog.educastur.es\/ixuxu\/2024\/11\/les-aviespes-xigantes-procedentes-dasia-suponen-una-amenaza-para-la-biodiversida\/\">Les aviespes xigantes procedentes d\u2019Asia suponen una amenaza pa la biodiversid\u00e1.<\/a><span class=\"post-date\">29\/11\/2024<\/span><\/li>\n<li><a href=\"https:\/\/edublog.educastur.es\/ixuxu\/2024\/11\/reserves-de-la-biosfera-dasturies\/\">Repasamos les Reserves de la Biosfera d\u2019Asturies<\/a><span class=\"post-date\">29\/11\/2024<\/span><\/li>\n<li><a href=\"https:\/\/edublog.educastur.es\/ixuxu\/2024\/11\/alborecer-nuvieu\/\">Alborecer n\u2019Uvi\u00e9u y Xix\u00f3n<\/a><span class=\"post-date\">29\/11\/2024<\/span><\/li>\n<li><a href=\"https:\/\/edublog.educastur.es\/ixuxu\/2024\/11\/estau-del-tiempu-vienres-29-de-payarews\/\">Est\u00e1u del tiempu: vienres 29 de payares<\/a><span class=\"post-date\">29\/11\/2024<\/span><\/li>\n<li><a href=\"https:\/\/edublog.educastur.es\/ixuxu\/2024\/11\/esti-domingu-ye-1-davientu-y-tamien-empieza-liviernu-meteoroloxicu\/\">Esti domingu ye 1 d\u2019avientu y tami\u00e9n empieza l\u2019iviernu meteorol\u00f3xicu<\/a><span class=\"post-date\">28\/11\/2024<\/span><\/li>\n<li><a href=\"https:\/\/edublog.educastur.es\/ixuxu\/2024\/11\/imaxe-pa-reflexonar-un-pocu\/\">Imaxe pa reflexonar un pocu ;-(<\/a><span class=\"post-date\">28\/11\/2024<\/span><\/li>\n<li><a href=\"https:\/\/edublog.educastur.es\/ixuxu\/2024\/11\/36713\/\">(sin t\u00edtulo)<\/a><span class=\"post-date\">28\/11\/2024<\/span><\/li>\n<li><a href=\"https:\/\/edublog.educastur.es\/ixuxu\/2024\/11\/palabres-de-lurdes-alvarez\/\">\u00abPalabres\u00bb de Lurdes \u00c1lvarez<\/a><span class=\"post-date\">28\/11\/2024<\/span><\/li>\n<li><a href=\"https:\/\/edublog.educastur.es\/ixuxu\/2024\/11\/la-ospa-presenta-en-xixon-y-uvieul-segundu-conciertu-dabonu-arquitectura-fecha-musica\/\">La OSPA presenta en Xix\u00f3n y Uvi\u00e9u\u2019l segundu conciertu \u00abArquitectura fecha m\u00fasica\u00bb\u00a0<\/a><span class=\"post-date\">28\/11\/2024<\/span><\/li>\n<li><a href=\"https:\/\/edublog.educastur.es\/ixuxu\/2024\/11\/36683\/\">\u00abCiencies\u00bb 14 : Revista de l\u2019Academia de la Llingua Asturiana (Payares 2024)<\/a><span class=\"post-date\">28\/11\/2024<\/span><\/li>\n<li><a href=\"https:\/\/edublog.educastur.es\/ixuxu\/2024\/11\/36154\/\">(sin t\u00edtulo)<\/a><span class=\"post-date\">28\/11\/2024<\/span><\/li>\n<li><a href=\"https:\/\/edublog.educastur.es\/ixuxu\/2024\/11\/congresu-mundial-de-cultura-asturiana-cmca25\/\">Congresu Mundial de Cultura Asturiana CMCA25<\/a><span class=\"post-date\">28\/11\/2024<\/span><\/li>\n<li><a href=\"https:\/\/edublog.educastur.es\/ixuxu\/2024\/11\/mercadin-davientu\/\">Mercad\u00edn d\u2019Avientu nel Oriente d\u2019Asturies<\/a><span class=\"post-date\">28\/11\/2024<\/span><\/li>\n<li><a href=\"https:\/\/edublog.educastur.es\/ixuxu\/2024\/11\/dame-la-risa-llibru-de-vinetes-defren-dandres\/\">\u2018Dame la risa\u2019, llibru de vi\u00f1etes d\u2019Efr\u00e9n d\u2019Andr\u00e9s<\/a><span class=\"post-date\">28\/11\/2024<\/span><\/li>\n<li><a href=\"https:\/\/edublog.educastur.es\/ixuxu\/2024\/11\/nada\/\">\u00abNada\u00bb.<\/a><span class=\"post-date\">28\/11\/2024<\/span><\/li>\n<li><a href=\"https:\/\/edublog.educastur.es\/ixuxu\/2024\/11\/36618\/\">(sin t\u00edtulo)<\/a><span class=\"post-date\">28\/11\/2024<\/span><\/li>\n<li><a href=\"https:\/\/edublog.educastur.es\/ixuxu\/2024\/11\/guetar\/\">\u00abGuetar\u00bb<\/a><span class=\"post-date\">28\/11\/2024<\/span><\/li>\n<li><a href=\"https:\/\/edublog.educastur.es\/ixuxu\/2024\/11\/asturies-patria-querida\/\">\u00abAsturies, Patria querida\u00bb<\/a><span class=\"post-date\">28\/11\/2024<\/span><\/li>\n<li><a href=\"https:\/\/edublog.educastur.es\/ixuxu\/2024\/11\/mientres-el-decimu-anu-de-vida\/\">Mientres el d\u00e9cimu a\u00f1u de vida\u2026<\/a><span class=\"post-date\">28\/11\/2024<\/span><\/li>\n<li><a href=\"https:\/\/edublog.educastur.es\/ixuxu\/2024\/11\/mientres-el-novenu-anu-de-vida\/\">Mientres el novenu a\u00f1u de vida\u2026<\/a><span class=\"post-date\">28\/11\/2024<\/span><\/li>\n<li><a href=\"https:\/\/edublog.educastur.es\/ixuxu\/2024\/11\/pallabreru-del-banu-2\/\">Pallabreru del ba\u00f1u<\/a><span class=\"post-date\">28\/11\/2024<\/span><\/li>\n<li><a href=\"https:\/\/edublog.educastur.es\/ixuxu\/2024\/11\/36551\/\">(sin t\u00edtulo)<\/a><span class=\"post-date\">28\/11\/2024<\/span><\/li>\n<li><a href=\"https:\/\/edublog.educastur.es\/ixuxu\/2024\/11\/tres-homes-paxaru-travesaron-a-200-km-h-el-gueyu-de-gue-de-pena-mea\/\">Tr\u00e9s homes-p\u00e1xaru travesaron a 200 km\/h el g\u00fceyu de g\u00fce de Pe\u00f1a Mea<\/a><span class=\"post-date\">28\/11\/2024<\/span><\/li>\n<li><a href=\"https:\/\/edublog.educastur.es\/ixuxu\/2024\/11\/campana-prevencion-bullying-tu-puedes-ser-el-cambeu-tu-tienes-la-voz\/\">Campa\u00f1a anti bullying: Tu puedes ser el camb\u00e9u, tu tienes la voz<\/a><span class=\"post-date\">28\/11\/2024<\/span><\/li>\n<li><a href=\"https:\/\/edublog.educastur.es\/ixuxu\/2024\/11\/36455\/\">(sin t\u00edtulo)<\/a><span class=\"post-date\">28\/11\/2024<\/span><\/li>\n<li><a href=\"https:\/\/edublog.educastur.es\/ixuxu\/2024\/11\/estau-del-tiempu-xueves-28-de-payares\/\">Est\u00e1u del tiempu: xueves 28 de payares<\/a><span class=\"post-date\">28\/11\/2024<\/span><\/li>\n<li><a href=\"https:\/\/edublog.educastur.es\/ixuxu\/2024\/11\/dia-del-mar-mediterraneo\/\">D\u00eda del Mar Mediterr\u00e1neo<\/a><span class=\"post-date\">28\/11\/2024<\/span><\/li>\n<li><a href=\"https:\/\/edublog.educastur.es\/ixuxu\/2024\/11\/losu-ye-un-emblema-de-fortaleza-introspeicion-y-renovacion\/\">L\u2019osu ye un emblema de fortaleza, introspeici\u00f3n y renovaci\u00f3n.<\/a><span class=\"post-date\">27\/11\/2024<\/span><\/li>\n<li><a href=\"https:\/\/edublog.educastur.es\/ixuxu\/2024\/11\/36581\/\">Caballines de mar<\/a><span class=\"post-date\">27\/11\/2024<\/span><\/li>\n<li><a href=\"https:\/\/edublog.educastur.es\/ixuxu\/2024\/11\/charles-darwin-dixo\/\">Charles Darwin dixo:<\/a><span class=\"post-date\">27\/11\/2024<\/span><\/li>\n<li><a href=\"https:\/\/edublog.educastur.es\/ixuxu\/2024\/11\/36593\/\">(sin t\u00edtulo)<\/a><span class=\"post-date\">27\/11\/2024<\/span><\/li>\n<li><a href=\"https:\/\/edublog.educastur.es\/ixuxu\/2024\/11\/videoconferencia-con-languleru\/\">Videoconferencia con L\u2019Anguleru, esti domingu, nel Acuariu de Xix\u00f3n<\/a><span class=\"post-date\">27\/11\/2024<\/span><\/li>\n<li><a href=\"https:\/\/edublog.educastur.es\/ixuxu\/2024\/11\/faer-rellumar-la-to-lluz-mas-brilloso-ye-ser-quien-realmente-yes\/\">\u00abFaer rellumar la to lluz m\u00e1s brilloso ye ser quien realmente yes\u00bb.<\/a><span class=\"post-date\">27\/11\/2024<\/span><\/li>\n<li><a href=\"https:\/\/edublog.educastur.es\/ixuxu\/2024\/11\/atarraquitar\/\">\u201cAtarraquitar\u201d<\/a><span class=\"post-date\">27\/11\/2024<\/span><\/li>\n<li><a href=\"https:\/\/edublog.educastur.es\/ixuxu\/2024\/11\/escribayar\/\">\u00abEscribayar\u00bb<\/a><span class=\"post-date\">27\/11\/2024<\/span><\/li>\n<li><a href=\"https:\/\/edublog.educastur.es\/ixuxu\/2024\/11\/nevadona-nel-anu-1953-nel-puertu-payares\/\">Nevadona nel a\u00f1u 1953 nel Puertu Payares<\/a><span class=\"post-date\">27\/11\/2024<\/span><\/li>\n<li><a href=\"https:\/\/edublog.educastur.es\/ixuxu\/2024\/11\/en-casa-del-poemariu-nes-ruines-de-la-nueche-y-les-hores\/\">En casa\u201d, del poemariu \u201cNes ruines de la nueche y les hores\u201d<\/a><span class=\"post-date\">27\/11\/2024<\/span><\/li>\n<li><a href=\"https:\/\/edublog.educastur.es\/ixuxu\/2024\/11\/curiar-curiase-curianos\/\">Protexer, protexeme, protexemos\u2026<\/a><span class=\"post-date\">27\/11\/2024<\/span><\/li>\n<li><a href=\"https:\/\/edublog.educastur.es\/ixuxu\/2024\/11\/36494\/\">(sin t\u00edtulo)<\/a><span class=\"post-date\">27\/11\/2024<\/span><\/li>\n<li><a href=\"https:\/\/edublog.educastur.es\/ixuxu\/2024\/11\/un-refran-asturianu-que-ye-una-invitacion-a-aceptar-el-pasu-del-tiempu\/\">Un refr\u00e1n asturianu que ye una invitaci\u00f3n a aceptar el pasu del tiempu<\/a><span class=\"post-date\">27\/11\/2024<\/span><\/li>\n<li><a href=\"https:\/\/edublog.educastur.es\/ixuxu\/2024\/11\/recordamos-tamien-a-lalmirada-almudena-grandes\/\">Recordamos tami\u00e9n a l\u2019almirada Almudena Grandes<\/a><span class=\"post-date\">27\/11\/2024<\/span><\/li>\n<li><a href=\"https:\/\/edublog.educastur.es\/ixuxu\/2024\/11\/estos-son-los-conceyos-con-mas-cases-verdes-dasturies\/\">Estos son los conceyos con m\u00e1s \u00abcases verdes\u00bb d\u2019Asturies<\/a><span class=\"post-date\">27\/11\/2024<\/span><\/li>\n<li><a href=\"https:\/\/edublog.educastur.es\/ixuxu\/2024\/11\/34732\/\">(sin t\u00edtulo)<\/a><span class=\"post-date\">27\/11\/2024<\/span><\/li>\n<li><a href=\"https:\/\/edublog.educastur.es\/ixuxu\/2024\/11\/asturies-yel-nuesu-patrimoniu-y-la-sidra-yel-nuesu-legau\/\">ASTURIES ye\u2019l nuesu PATRIMONIU y la SIDRA ye\u2019l nuesu LEG\u00c1U.<\/a><span class=\"post-date\">27\/11\/2024<\/span><\/li>\n<li><a href=\"https:\/\/edublog.educastur.es\/ixuxu\/2024\/11\/seronda-2\/\">Seronda<\/a><span class=\"post-date\">27\/11\/2024<\/span><\/li>\n<li><a href=\"https:\/\/edublog.educastur.es\/ixuxu\/2024\/11\/victor-manuel-nuvieu\/\">V\u00edctor Manuel n\u2019Uvi\u00e9u<\/a><span class=\"post-date\">27\/11\/2024<\/span><\/li>\n<li><a href=\"https:\/\/edublog.educastur.es\/ixuxu\/2024\/11\/el-xuegu-de-tirar-de-la-cuerda-remontase-a-delles-cultures-antigues\/\">El xuegu de \u00abtirar de la cuerda\u00bb rem\u00f3ntase a delles cultures antig\u00fces<\/a><span class=\"post-date\">27\/11\/2024<\/span><\/li>\n<li><a href=\"https:\/\/edublog.educastur.es\/ixuxu\/2024\/11\/36453\/\">(sin t\u00edtulo)<\/a><span class=\"post-date\">27\/11\/2024<\/span><\/li>\n<li><a href=\"https:\/\/edublog.educastur.es\/ixuxu\/2024\/11\/una-camara-de-segurida-capta-como-un-robot-con-intelixencia-artificial-convence-a-otros-12-pa-escapase\/\">Una c\u00e1mara de segurid\u00e1 capta como un robot con Intelixencia Artificial convence a otros 12 pa escapase<\/a><span class=\"post-date\">27\/11\/2024<\/span><\/li>\n<li><a href=\"https:\/\/edublog.educastur.es\/ixuxu\/2024\/11\/un-descubrimientu-recuerda-que-lantartida-non-siempres-foi-xuna-tierra-inhospita\/\">Un descubrimientu recuerda que l\u2019Ant\u00e1rtida non siempres foi xuna tierra inh\u00f3spita<\/a><span class=\"post-date\">27\/11\/2024<\/span><\/li>\n<li><a href=\"https:\/\/edublog.educastur.es\/ixuxu\/2024\/11\/los-perros-se-centrifuguen-pa-caltener-la-so-salu-y-bienestar\/\">Los perros se centrifuguen pa caltener la so sal\u00fa y bienestar.<\/a><span class=\"post-date\">27\/11\/2024<\/span><\/li>\n<li><a href=\"https:\/\/edublog.educastur.es\/ixuxu\/2024\/11\/el-mio-corazon-texe-hestories-con-otros-corazones-hestories-que-texen-el-mio-corazon-el-mio-corazon-texe-hestories-con-otros-corazones-hestories-que-texen-el-mio-corazon\/\">El mio coraz\u00f3n texe hestories con otros corazones.<\/a><span class=\"post-date\">27\/11\/2024<\/span><\/li>\n<li><a href=\"https:\/\/edublog.educastur.es\/ixuxu\/2024\/11\/36488\/\">(sin t\u00edtulo)<\/a><span class=\"post-date\">27\/11\/2024<\/span><\/li>\n<li><a href=\"https:\/\/edublog.educastur.es\/ixuxu\/2024\/11\/lautopista-ente-llion-y-asturies-reabre-a-40-kilometru-per-hora\/\">L\u2019autopista ente Lli\u00f3n y Asturies reabre a 40 kil\u00f3metros per hora<\/a><span class=\"post-date\">27\/11\/2024<\/span><\/li>\n<li><a href=\"https:\/\/edublog.educastur.es\/ixuxu\/2024\/11\/proyectu-contral-cambeu-climaticu-que-combina-la-produccion-forestal-y-el-llendo-con-races-autoctones\/\">Proyectu contra\u2019l camb\u00e9u clim\u00e1ticu que combina la producci\u00f3n forestal con races aut\u00f3ctones\u00b4.<\/a><span class=\"post-date\">27\/11\/2024<\/span><\/li>\n<li><a href=\"https:\/\/edublog.educastur.es\/ixuxu\/2024\/11\/36449\/\">Pa 2110 la Tierra va tar dafechu refecha, con ciudaes sostenibles qu\u2019operen como sistemes vivos, autorregulados y dafechu aut\u00f3nomos.<\/a><span class=\"post-date\">27\/11\/2024<\/span><\/li>\n<li><a href=\"https:\/\/edublog.educastur.es\/ixuxu\/2024\/11\/36440\/\">Un restor\u00e1n parragu\u00e9s convi\u00e9rtese nel primeru d\u2019Asturies con tr\u00e9s Estrelles Michelin.<\/a><span class=\"post-date\">27\/11\/2024<\/span><\/li>\n<li><a href=\"https:\/\/edublog.educastur.es\/ixuxu\/2024\/11\/36427\/\">(sin t\u00edtulo)<\/a><span class=\"post-date\">27\/11\/2024<\/span><\/li>\n<li><a href=\"https:\/\/edublog.educastur.es\/ixuxu\/2024\/11\/fiestes-dinteres-turisticu-gastronomicu-de-la-seronda-nasturies\/\">Fiestes d\u2019Inter\u00e9s Tur\u00edsticu Gastron\u00f3micu de la seronda n\u2019Asturies<\/a><span class=\"post-date\">27\/11\/2024<\/span><\/li>\n<li><a href=\"https:\/\/edublog.educastur.es\/ixuxu\/2024\/11\/los-celtes-celebraben-xuntes-nocherniegues-nel-monte-en-redol-al-fueu-el-magnus-ustus\/\">Los celtes celebraben xuntes nocherniegues nel monte en redol al fueu, el magnus ustus<\/a><span class=\"post-date\">27\/11\/2024<\/span><\/li>\n<li><a href=\"https:\/\/edublog.educastur.es\/ixuxu\/2024\/11\/dia-del-maestru\/\">D\u00eda de los maestros y maestres<\/a><span class=\"post-date\">27\/11\/2024<\/span><\/li>\n<li><a href=\"https:\/\/edublog.educastur.es\/ixuxu\/2024\/11\/miercoles-27-de-payares-2024\/\">Mi\u00e9rcoles 27 de payares 2024<\/a><span class=\"post-date\">27\/11\/2024<\/span><\/li>\n<li><a href=\"https:\/\/edublog.educastur.es\/ixuxu\/2024\/11\/estau-del-tiempu-miercoles-27-de-payares\/\">Est\u00e1u del tiempu: mi\u00e9rcoles 27 de payares<\/a><span class=\"post-date\">27\/11\/2024<\/span><\/li>\n<li><a href=\"https:\/\/edublog.educastur.es\/ixuxu\/2024\/11\/36414\/\">Cartelos n\u2019asturianu<\/a><span class=\"post-date\">26\/11\/2024<\/span><\/li>\n<li><a href=\"https:\/\/edublog.educastur.es\/ixuxu\/2024\/11\/consideracion-importante\/\">\u2018Consideraci\u00f3n importante\u2019<\/a><span class=\"post-date\">26\/11\/2024<\/span><\/li>\n<li><a href=\"https:\/\/edublog.educastur.es\/ixuxu\/2024\/11\/arboles-na-seronda-pilona-asturies\/\">\u00c1rboles na seronda (Pilo\u00f1a)<\/a><span class=\"post-date\">26\/11\/2024<\/span><\/li>\n<li><a href=\"https:\/\/edublog.educastur.es\/ixuxu\/2024\/11\/santa-maria-del-naranco\/\">Santa Mar\u00eda del Naranco<\/a><span class=\"post-date\">26\/11\/2024<\/span><\/li>\n<li><a href=\"https:\/\/edublog.educastur.es\/ixuxu\/2024\/11\/31755\/\">(sin t\u00edtulo)<\/a><span class=\"post-date\">26\/11\/2024<\/span><\/li>\n<li><a href=\"https:\/\/edublog.educastur.es\/ixuxu\/2024\/11\/36391\/\">Y\u00e1 hai hora para l\u2019apertura del G\u00fcerna ma\u00f1ana.<\/a><span class=\"post-date\">26\/11\/2024<\/span><\/li>\n<li><a href=\"https:\/\/edublog.educastur.es\/ixuxu\/2024\/11\/36388\/\">(sin t\u00edtulo)<\/a><span class=\"post-date\">26\/11\/2024<\/span><\/li>\n<li><a href=\"https:\/\/edublog.educastur.es\/ixuxu\/2024\/11\/seis-finalistes-van-competir-pol-i-premiu-obdulia-alvarez-la-busdonga-dasturianada\/\">Seis finalistes van competir pol I Premiu Obdulia \u00c1lvarez \u2018La Busdonga\u2019 d\u2019asturianada<\/a><span class=\"post-date\">26\/11\/2024<\/span><\/li>\n<li><a href=\"https:\/\/edublog.educastur.es\/ixuxu\/2024\/11\/axenda-del-25-de-payares-al-1-davientu\/\">Axenda del 25 de payares al 1 d\u2019avientu<\/a><span class=\"post-date\">26\/11\/2024<\/span><\/li>\n<li><a href=\"https:\/\/edublog.educastur.es\/ixuxu\/2024\/11\/un-mapa-dasturies-con-300-allugamientos-para-los-amantes-del-senderismu\/\">Un mapa d\u2019Asturies con 300 allugamientos para los amantes del senderismu<\/a><span class=\"post-date\">26\/11\/2024<\/span><\/li>\n<li><a href=\"https:\/\/edublog.educastur.es\/ixuxu\/2024\/11\/36319\/\">(sin t\u00edtulo)<\/a><span class=\"post-date\">26\/11\/2024<\/span><\/li>\n<li><a href=\"https:\/\/edublog.educastur.es\/ixuxu\/2024\/11\/valoraremos-mas-los-recursos-esteticos-quofrez-larquitectura-asturiana\/\">Valoremos m\u00e1s los recursos est\u00e9ticos qu\u2019ofrez l\u2019arquitectura asturiana.<\/a><span class=\"post-date\">26\/11\/2024<\/span><\/li>\n<li><a href=\"https:\/\/edublog.educastur.es\/ixuxu\/2024\/11\/llibru-la-ciuda-de-les-nenes-y-los-nenos-f-tonucci\/\">Llibru \u00abLa ciud\u00e1 de les ne\u00f1es y los ne\u00f1os\u00bb (F. Tonucci)<\/a><span class=\"post-date\">26\/11\/2024<\/span><\/li>\n<li><a href=\"https:\/\/edublog.educastur.es\/ixuxu\/2024\/11\/ser-agradecios-y-estimosos\/\">Ser agradec\u00edos y estimosos\u2026<\/a><span class=\"post-date\">26\/11\/2024<\/span><\/li>\n<li><a href=\"https:\/\/edublog.educastur.es\/ixuxu\/2024\/11\/el-misteriu-del-astronauta-de-salamanca\/\">El Misteriu del Astronauta de Salamanca<\/a><span class=\"post-date\">26\/11\/2024<\/span><\/li>\n<li><a href=\"https:\/\/edublog.educastur.es\/ixuxu\/2024\/11\/31753\/\">(sin t\u00edtulo)<\/a><span class=\"post-date\">26\/11\/2024<\/span><\/li>\n<li><a href=\"https:\/\/edublog.educastur.es\/ixuxu\/2024\/11\/alimentos-de-temporada\/\">Escuela de sostenibilid\u00e1: alimentos de temporada<\/a><span class=\"post-date\">26\/11\/2024<\/span><\/li>\n<li><a href=\"https:\/\/edublog.educastur.es\/ixuxu\/2024\/11\/muyeres-homes-y-nenos-montaos-nun-burru-posando-paral-fotografu\/\">Muyeres, homes y ne\u00f1os montaos nun burru posando para\u2019l fot\u00f3grafu.<\/a><span class=\"post-date\">26\/11\/2024<\/span><\/li>\n<li><a href=\"https:\/\/edublog.educastur.es\/ixuxu\/2024\/11\/dispidise\/\">\u00abDispidise\u00bb<\/a><span class=\"post-date\">26\/11\/2024<\/span><\/li>\n<li><a href=\"https:\/\/edublog.educastur.es\/ixuxu\/2024\/11\/el-cantar-de-la-reina-unicorniu\/\">\u00abEl cantar de la Reina Unicorniu\u00bb<\/a><span class=\"post-date\">26\/11\/2024<\/span><\/li>\n<li><a href=\"https:\/\/edublog.educastur.es\/ixuxu\/2024\/11\/28494\/\">(sin t\u00edtulo)<\/a><span class=\"post-date\">26\/11\/2024<\/span><\/li>\n<li><a href=\"https:\/\/edublog.educastur.es\/ixuxu\/2024\/11\/dia-mundial-del-tresporte-sostenible\/\">D\u00eda Mundial del Tresporte Sostenible<\/a><span class=\"post-date\">26\/11\/2024<\/span><\/li>\n<li><a href=\"https:\/\/edublog.educastur.es\/ixuxu\/2024\/11\/36229\/\">A\u00f1u 1981<\/a><span class=\"post-date\">26\/11\/2024<\/span><\/li>\n<li><a href=\"https:\/\/edublog.educastur.es\/ixuxu\/2024\/11\/estau-del-tiempu-martes-26-de-payares\/\">Est\u00e1u del tiempu: martes 26 de payares<\/a><span class=\"post-date\">26\/11\/2024<\/span><\/li>\n<li><a href=\"https:\/\/edublog.educastur.es\/ixuxu\/2024\/11\/el-simbolu-de-la-suma-tien-los-sos-raiganos-na-antigua-roma\/\">El s\u00edmbolu de la suma (+) tien los sos raiga\u00f1os na antigua Roma<\/a><span class=\"post-date\">25\/11\/2024<\/span><\/li>\n<li><a href=\"https:\/\/edublog.educastur.es\/ixuxu\/2024\/11\/36289\/\">(sin t\u00edtulo)<\/a><span class=\"post-date\">25\/11\/2024<\/span><\/li>\n<li><a href=\"https:\/\/edublog.educastur.es\/ixuxu\/2024\/11\/con-lletra-del-poema-senarda\/\">Seronda na \u00e1rea recreativa de la Pesanca (Pilo\u00f1a)<\/a><span class=\"post-date\">25\/11\/2024<\/span><\/li>\n<li><a href=\"https:\/\/edublog.educastur.es\/ixuxu\/2024\/11\/les-noticies-del-llunes-25-de-payares-de-2024-nasturianu-tpanoticies\/\">Les noticies del llunes 25 de payares de 2024 n\u2019asturianu #TPANoticies<\/a><span class=\"post-date\">25\/11\/2024<\/span><\/li>\n<li><a href=\"https:\/\/edublog.educastur.es\/ixuxu\/2024\/11\/36394\/\">El silenciu convi\u00e9rtenos en c\u00f3mplices de la violencia de x\u00e9neru<\/a><span class=\"post-date\">25\/11\/2024<\/span><\/li>\n<li><a href=\"https:\/\/edublog.educastur.es\/ixuxu\/2024\/11\/35302\/\">(sin t\u00edtulo)<\/a><span class=\"post-date\">25\/11\/2024<\/span><\/li>\n<li><a href=\"https:\/\/edublog.educastur.es\/ixuxu\/2024\/11\/36294\/\">L\u2019ocalitu<\/a><span class=\"post-date\">25\/11\/2024<\/span><\/li>\n<li><a href=\"https:\/\/edublog.educastur.es\/ixuxu\/2024\/11\/xelau\/\">\u00abXel\u00e1u\u00bb<\/a><span class=\"post-date\">25\/11\/2024<\/span><\/li>\n<li><a href=\"https:\/\/edublog.educastur.es\/ixuxu\/2024\/11\/muyer\/\">\u00abMuyer\u00bb<\/a><span class=\"post-date\">25\/11\/2024<\/span><\/li>\n<li><a href=\"https:\/\/edublog.educastur.es\/ixuxu\/2024\/11\/36103\/\">(sin t\u00edtulo)<\/a><span class=\"post-date\">25\/11\/2024<\/span><\/li>\n<li><a href=\"https:\/\/edublog.educastur.es\/ixuxu\/2024\/11\/asturies-ye-tierra-digualda\/\">Asturies ye tierra d\u2019iguald\u00e1: Premiu Menina 2024<\/a><span class=\"post-date\">25\/11\/2024<\/span><\/li>\n<li><a href=\"https:\/\/edublog.educastur.es\/ixuxu\/2024\/11\/atapecer-tres-el-picu-tesoreru-picos-deuropa\/\">Atapecer tres el Picu Tesoreru (Picos d\u2019Europa)<\/a><span class=\"post-date\">25\/11\/2024<\/span><\/li>\n<li><a href=\"https:\/\/edublog.educastur.es\/ixuxu\/2024\/11\/la-corredoria-planta-cara-a-una-dura-enfermeda-con-una-carrera-para-recaldar-fondos\/\">La Corredoria planta cara a una dura enfermed\u00e1 con una carrera para recaldar fondos<\/a><span class=\"post-date\">25\/11\/2024<\/span><\/li>\n<li><a href=\"https:\/\/edublog.educastur.es\/ixuxu\/2024\/11\/vii-premiu-carmen-ruiz-tilve-pola-paz\/\">\u00a0VII Premiu por La Paz<\/a><span class=\"post-date\">25\/11\/2024<\/span><\/li>\n<li><a href=\"https:\/\/edublog.educastur.es\/ixuxu\/2024\/11\/sama-de-llangreu-asturies-1943-quiosco-de-prensa\/\">Sama de Llangr\u00e9u \u2013 Asturies-1943. Quiosco de Prensa.<\/a><span class=\"post-date\">25\/11\/2024<\/span><\/li>\n<li><a href=\"https:\/\/edublog.educastur.es\/ixuxu\/2024\/11\/el-riu-navia\/\">El R\u00edu Navia<\/a><span class=\"post-date\">25\/11\/2024<\/span><\/li>\n<li><a href=\"https:\/\/edublog.educastur.es\/ixuxu\/2024\/11\/uvieu-igualda-y-respetu-nel-25n\/\">Uvi\u00e9u: Iguald\u00e1 y respetu nel 25N<\/a><span class=\"post-date\">25\/11\/2024<\/span><\/li>\n<li><a href=\"https:\/\/edublog.educastur.es\/ixuxu\/2024\/11\/vamos-iluminar-asturies-de-verde\/\">Vamos iluminar Asturies de verde<\/a><span class=\"post-date\">25\/11\/2024<\/span><\/li>\n<li><a href=\"https:\/\/edublog.educastur.es\/ixuxu\/2024\/11\/35958\/\">(sin t\u00edtulo)<\/a><span class=\"post-date\">25\/11\/2024<\/span><\/li>\n<li><a href=\"https:\/\/edublog.educastur.es\/ixuxu\/2024\/11\/36195\/\">25N: D\u00eda Internacional de la eliminaci\u00f3n de la violencia contra le muyeres<\/a><span class=\"post-date\">25\/11\/2024<\/span><\/li>\n<li><a href=\"https:\/\/edublog.educastur.es\/ixuxu\/2024\/11\/25n-vives-llibres-en-paz\/\">25N: vives, llibres, en Paz\u2026<\/a><span class=\"post-date\">25\/11\/2024<\/span><\/li>\n<li><a href=\"https:\/\/edublog.educastur.es\/ixuxu\/2024\/11\/25-n\/\">\u00a1El 25 N vamos glayar xuntes!<\/a><span class=\"post-date\">25\/11\/2024<\/span><\/li>\n<li><a href=\"https:\/\/edublog.educastur.es\/ixuxu\/2024\/11\/dia-internacional-contra-la-violencia-escontra-les-muyeres\/\">D\u00eda Internacional contra la Violencia escontra les Muyeres<\/a><span class=\"post-date\">25\/11\/2024<\/span><\/li>\n<li><a href=\"https:\/\/edublog.educastur.es\/ixuxu\/2024\/11\/36233\/\">Dempu\u00e9s de l\u2019agua vamos ver el sol<\/a><span class=\"post-date\">25\/11\/2024<\/span><\/li>\n<li><a href=\"https:\/\/edublog.educastur.es\/ixuxu\/2024\/11\/estau-del-tiempu-llunes-25-de-payares\/\">Est\u00e1u del tiempu: llunes 25 de payares<\/a><span class=\"post-date\">25\/11\/2024<\/span><\/li>\n<li><a href=\"https:\/\/edublog.educastur.es\/ixuxu\/2024\/11\/35257\/\">(sin t\u00edtulo)<\/a><span class=\"post-date\">25\/11\/2024<\/span><\/li>\n<li><a href=\"https:\/\/edublog.educastur.es\/ixuxu\/2024\/11\/el-sabadu-14-davientu-los-aguilandeiros-de-san-xuan-de-villapanada\/\">El s\u00e1badu 14 d\u2019avientu, los Aguilandeiros de San Xuan de Villapa\u00f1ada.<\/a><span class=\"post-date\">24\/11\/2024<\/span><\/li>\n<li><a href=\"https:\/\/edublog.educastur.es\/ixuxu\/2024\/11\/sabes-lo-que-ye-la-muchosida\/\">\u00bfSabes lo que ye la MUCHOSID\u00c1?<\/a><span class=\"post-date\">24\/11\/2024<\/span><\/li>\n<li><a href=\"https:\/\/edublog.educastur.es\/ixuxu\/2024\/11\/emerxencia\/\">\u00abEmerxencia\u00bb<\/a><span class=\"post-date\">24\/11\/2024<\/span><\/li>\n<li><a href=\"https:\/\/edublog.educastur.es\/ixuxu\/2024\/11\/36207\/\">(sin t\u00edtulo)<\/a><span class=\"post-date\">24\/11\/2024<\/span><\/li>\n<li><a href=\"https:\/\/edublog.educastur.es\/ixuxu\/2024\/11\/queda-un-mes-pa-que-languleru-y-lolina-tornes-a-asturies\/\">Queda un mes pa que L\u2019Anguleru y Lolina tornes a Asturies<\/a><span class=\"post-date\">24\/11\/2024<\/span><\/li>\n<li><a href=\"https:\/\/edublog.educastur.es\/ixuxu\/2024\/11\/36184\/\">En tr\u00e9s parroquies conc\u00e9ntrase m\u00e1s poblaci\u00f3n que nel restu de la comunid\u00e1.<\/a><span class=\"post-date\">24\/11\/2024<\/span><\/li>\n<li><a href=\"https:\/\/edublog.educastur.es\/ixuxu\/2024\/11\/sabes-cualos-son-los-apellios-y-nomes-mas-comunes-de-los-asturianos-estos-diez\/\">Apell\u00edos y nomes m\u00e1s comunes de los asturianos, a fecha 1 de xineru 2024<\/a><span class=\"post-date\">24\/11\/2024<\/span><\/li>\n<li><a href=\"https:\/\/edublog.educastur.es\/ixuxu\/2024\/11\/estes-20-montes-despana-son-impresionantes\/\">Estos 20 montes d\u2019Espa\u00f1a (dos n\u2019Asturies) son impresionantes<\/a><span class=\"post-date\">24\/11\/2024<\/span><\/li>\n<li><a href=\"https:\/\/edublog.educastur.es\/ixuxu\/2024\/11\/36161\/\">(sin t\u00edtulo)<\/a><span class=\"post-date\">24\/11\/2024<\/span><\/li>\n<li><a href=\"https:\/\/edublog.educastur.es\/ixuxu\/2024\/11\/premios-de-fotografia-oceanica-2021\/\">Premios de Fotograf\u00eda Oce\u00e1nica 2021<\/a><span class=\"post-date\">24\/11\/2024<\/span><\/li>\n<li><a href=\"https:\/\/edublog.educastur.es\/ixuxu\/2024\/11\/semeyes-de-viuda-montesa-pa-poder-esfrutar-de-la-natura\/\">Semeyes de viuda montesa pa poder esfrutar de la natura<\/a><span class=\"post-date\">24\/11\/2024<\/span><\/li>\n<li><a href=\"https:\/\/edublog.educastur.es\/ixuxu\/2024\/11\/36111\/\">(sin t\u00edtulo)<\/a><span class=\"post-date\">24\/11\/2024<\/span><\/li>\n<li><a href=\"https:\/\/edublog.educastur.es\/ixuxu\/2024\/11\/tar-fuera-bolos\/\">\u00abTar fuera bolos\u00bb<\/a><span class=\"post-date\">24\/11\/2024<\/span><\/li>\n<li><a href=\"https:\/\/edublog.educastur.es\/ixuxu\/2024\/11\/suenu-versus-suanu\/\">\u00abSue\u00f1u\u00bb versus \u00absua\u00f1u\u00bb<\/a><span class=\"post-date\">24\/11\/2024<\/span><\/li>\n<li><a href=\"https:\/\/edublog.educastur.es\/ixuxu\/2024\/11\/robon-ona-on-ono\/\">\u201cRob\u00f3n, -ona, -\u00f3n (-ono)\u201d<\/a><span class=\"post-date\">24\/11\/2024<\/span><\/li>\n<li><a href=\"https:\/\/edublog.educastur.es\/ixuxu\/2024\/11\/36124\/\">(sin t\u00edtulo)<\/a><span class=\"post-date\">24\/11\/2024<\/span><\/li>\n<li><a href=\"https:\/\/edublog.educastur.es\/ixuxu\/2024\/11\/para-2040-el-mundu-algamaria-una-era-dintegracion-tecnoloxica-ensin-precedentes\/\">Para 2040, el mundu algamar\u00eda una era d\u2019integraci\u00f3n tecnol\u00f3xica ensin precedentes<\/a><span class=\"post-date\">24\/11\/2024<\/span><\/li>\n<li><a href=\"https:\/\/edublog.educastur.es\/ixuxu\/2024\/11\/el-2030-va-ser-una-decada-daxustes-con-meyores-significatives-pero-desiguales\/\">El 2030 va ser una d\u00e9cada d\u2019axustes, con meyores significatives pero desiguales<\/a><span class=\"post-date\">24\/11\/2024<\/span><\/li>\n<li><a href=\"https:\/\/edublog.educastur.es\/ixuxu\/2024\/11\/pa-reflexonar-intelixencia-artificial\/\">Pa reflexonar\u2026 \u00abIntelixencia Artificial\u00bb.<\/a><span class=\"post-date\">24\/11\/2024<\/span><\/li>\n<li><a href=\"https:\/\/edublog.educastur.es\/ixuxu\/2024\/11\/la-ciencia-tien-una-nueva-teoria-sobro-lorixe-del-besu\/\">La ciencia tien una nueva teor\u00eda sobro l\u2019orixe del besu<\/a><span class=\"post-date\">24\/11\/2024<\/span><\/li>\n<li><a href=\"https:\/\/edublog.educastur.es\/ixuxu\/2024\/11\/los-pinguinos-tienen-plumes\/\">Los ping\u00fcinos tienen plumes\u2026<\/a><span class=\"post-date\">24\/11\/2024<\/span><\/li>\n<li><a href=\"https:\/\/edublog.educastur.es\/ixuxu\/2024\/11\/lexemplu-tien-mas-fuerza-que-les-riegles\/\">L\u2019exemplu tien m\u00e1s fuerza que les riegles<\/a><span class=\"post-date\">24\/11\/2024<\/span><\/li>\n<li><a href=\"https:\/\/edublog.educastur.es\/ixuxu\/2024\/11\/36105\/\">(sin t\u00edtulo)<\/a><span class=\"post-date\">24\/11\/2024<\/span><\/li>\n<li><a href=\"https:\/\/edublog.educastur.es\/ixuxu\/2024\/11\/los-payasos-de-clowntigo-cumplen-15-anos\/\">Los payasos de Clowntigo cumplen 15 a\u00f1os \u00a1Felicidaes y gracies!<\/a><span class=\"post-date\">24\/11\/2024<\/span><\/li>\n<li><a href=\"https:\/\/edublog.educastur.es\/ixuxu\/2024\/11\/35708\/\">(sin t\u00edtulo)<\/a><span class=\"post-date\">24\/11\/2024<\/span><\/li>\n<li><a href=\"https:\/\/edublog.educastur.es\/ixuxu\/2024\/11\/dia-mundial-de-la-evolucion-2\/\">D\u00eda Mundial de la Evoluci\u00f3n<\/a><span class=\"post-date\">24\/11\/2024<\/span><\/li>\n<li><a href=\"https:\/\/edublog.educastur.es\/ixuxu\/2024\/11\/el-tiempu-de-javimo\/\">El tiempu de Javimo<\/a><span class=\"post-date\">24\/11\/2024<\/span><\/li>\n<li><a href=\"https:\/\/edublog.educastur.es\/ixuxu\/2024\/11\/estau-del-tiempu-domingu-24-de-payares\/\">Est\u00e1u del tiempu: domingu 24 de payares<\/a><span class=\"post-date\">24\/11\/2024<\/span><\/li>\n<li><a href=\"https:\/\/edublog.educastur.es\/ixuxu\/2024\/11\/bert-solmena-asturies-con-raches-de-vientu-dhasta-111-kilometros-hora\/\">\u2018Bert\u2019 solmena Asturies con raches de vientu d\u2019hasta 111 kil\u00f3metros\/hora<\/a><span class=\"post-date\">23\/11\/2024<\/span><\/li>\n<li><a href=\"https:\/\/edublog.educastur.es\/ixuxu\/2024\/11\/semeya-muyer-lleendol-diariu\/\">Semeya: muyer lleendo\u2019l diariu<\/a><span class=\"post-date\">23\/11\/2024<\/span><\/li>\n<li><a href=\"https:\/\/edublog.educastur.es\/ixuxu\/2024\/11\/33521\/\">(sin t\u00edtulo)<\/a><span class=\"post-date\">23\/11\/2024<\/span><\/li>\n<li><a href=\"https:\/\/edublog.educastur.es\/ixuxu\/2024\/11\/vuelve-la-seronda-en-danza-en-grau\/\">Vuelve la Seronda en Danza, en Grau<\/a><span class=\"post-date\">23\/11\/2024<\/span><\/li>\n<li><a href=\"https:\/\/edublog.educastur.es\/ixuxu\/2024\/11\/la-nube-ye-como-una-gran-caxa-maxica-ninternet\/\">La nube ye como una gran caxa m\u00e1xica n\u2019Internet\u2026<\/a><span class=\"post-date\">23\/11\/2024<\/span><\/li>\n<li><a href=\"https:\/\/edublog.educastur.es\/ixuxu\/2024\/11\/conmovedora-imaxe-ganadora-del-premiu-seleccion-del-publicu\/\">Conmovedora imaxe Ganadora del Premiu Vida Montesa del A\u00f1u<\/a><span class=\"post-date\">23\/11\/2024<\/span><\/li>\n<li><a href=\"https:\/\/edublog.educastur.es\/ixuxu\/2024\/11\/35801\/\">(sin t\u00edtulo)<\/a><span class=\"post-date\">23\/11\/2024<\/span><\/li>\n<li><a href=\"https:\/\/edublog.educastur.es\/ixuxu\/2024\/11\/ablucar-3\/\">\u00abAblucar\u00bb<\/a><span class=\"post-date\">23\/11\/2024<\/span><\/li>\n<li><a href=\"https:\/\/edublog.educastur.es\/ixuxu\/2024\/11\/dia-de-fibonacci\/\">D\u00eda de Fibonacci, una secuencia infinita de n\u00famberos naturales<\/a><span class=\"post-date\">23\/11\/2024<\/span><\/li>\n<li><a href=\"https:\/\/edublog.educastur.es\/ixuxu\/2024\/11\/estau-del-tiempu-sabadu-23-de-payares\/\">Est\u00e1u del tiempu: s\u00e1badu 23 de payares<\/a><span class=\"post-date\">23\/11\/2024<\/span><\/li>\n<li><a href=\"https:\/\/edublog.educastur.es\/ixuxu\/2024\/11\/35980\/\">(sin t\u00edtulo)<\/a><span class=\"post-date\">22\/11\/2024<\/span><\/li>\n<li><a href=\"https:\/\/edublog.educastur.es\/ixuxu\/2024\/11\/36043\/\">\u00abEmburriar\u00bb<\/a><span class=\"post-date\">22\/11\/2024<\/span><\/li>\n<li><a href=\"https:\/\/edublog.educastur.es\/ixuxu\/2024\/11\/esti-sabadu-cita-ganadera-en-corao\/\">Esti s\u00e1badu cita ganadera en Corao<\/a><span class=\"post-date\">22\/11\/2024<\/span><\/li>\n<li><a href=\"https:\/\/edublog.educastur.es\/ixuxu\/2024\/11\/ciclu-de-poesia\/\">Ciclu de poes\u00eda<\/a><span class=\"post-date\">22\/11\/2024<\/span><\/li>\n<li><a href=\"https:\/\/edublog.educastur.es\/ixuxu\/2024\/11\/54-edicion-festival-interceltic-de-lorient-les-cousins-damerica-1-10-dagostu\/\">54 edici\u00f3n Festival Interceltic de Lorient, \u00abLes Cousins d\u2019America\u00bb (1-10 d\u2019agostu)<\/a><span class=\"post-date\">22\/11\/2024<\/span><\/li>\n<li><a href=\"https:\/\/edublog.educastur.es\/ixuxu\/2024\/11\/muga-y-el-corin-de-reciella-pequena-lay-bestiariu-3\/\">Muga y el cor\u00edn de Reciella- Peque\u00f1a Lay (BESTIARIU 3)<\/a><span class=\"post-date\">22\/11\/2024<\/span><\/li>\n<li><a href=\"https:\/\/edublog.educastur.es\/ixuxu\/2024\/11\/30583\/\">(sin t\u00edtulo)<\/a><span class=\"post-date\">22\/11\/2024<\/span><\/li>\n<li><a href=\"https:\/\/edublog.educastur.es\/ixuxu\/2024\/11\/picos-deuropa-onde-dormir-gratis-viendo-les-estrelles-nun-portaviones-como-abelugu\/\">Picos d\u2019Europa, onde dormir gratis viendo les estrelles nun portaviones como abelugu<\/a><span class=\"post-date\">22\/11\/2024<\/span><\/li>\n<li><a href=\"https:\/\/edublog.educastur.es\/ixuxu\/2024\/11\/un-de-los-miradores-mas-impresionantes-dasturies-mirador-del-fitu\/\">Un de los miradores m\u00e1s impresionantes d\u2019Asturies: Mirador del Fitu<\/a><span class=\"post-date\">22\/11\/2024<\/span><\/li>\n<li><a href=\"https:\/\/edublog.educastur.es\/ixuxu\/2024\/11\/el-meyor-llugar-despana-onde-ver-osos-en-lliberta\/\">El meyor llugar d\u2019Espa\u00f1a onde ver osos en llibert\u00e1<\/a><span class=\"post-date\">22\/11\/2024<\/span><\/li>\n<li><a href=\"https:\/\/edublog.educastur.es\/ixuxu\/2024\/11\/36001\/\">(sin t\u00edtulo)<\/a><span class=\"post-date\">22\/11\/2024<\/span><\/li>\n<li><a href=\"https:\/\/edublog.educastur.es\/ixuxu\/2024\/11\/aforrar\/\">\u00abAforrar\u00bb<\/a><span class=\"post-date\">22\/11\/2024<\/span><\/li>\n<li><a href=\"https:\/\/edublog.educastur.es\/ixuxu\/2024\/11\/bert-una-de-les-nubes-mas-intenses-de-la-temporada\/\">Bert, una de les nubes m\u00e1s intenses de la temporada.<\/a><span class=\"post-date\">22\/11\/2024<\/span><\/li>\n<li><a href=\"https:\/\/edublog.educastur.es\/ixuxu\/2024\/11\/dia-internacional-de-la-musica-2\/\">D\u00eda Internacional de la M\u00fasica<\/a><span class=\"post-date\">22\/11\/2024<\/span><\/li>\n<li><a href=\"https:\/\/edublog.educastur.es\/ixuxu\/2024\/11\/caetano-atopase-ya-de-camin-a-europa\/\">Caetano at\u00f3pase y\u00e1 de cam\u00edn a Europa.<\/a><span class=\"post-date\">22\/11\/2024<\/span><\/li>\n<li><a href=\"https:\/\/edublog.educastur.es\/ixuxu\/2024\/11\/36219\/\">(sin t\u00edtulo)<\/a><span class=\"post-date\">22\/11\/2024<\/span><\/li>\n<li><a href=\"https:\/\/edublog.educastur.es\/ixuxu\/2024\/11\/estau-del-tiempu-vienres-22-de-payares\/\">Est\u00e1u del tiempu: vienres 22 de payares<\/a><span class=\"post-date\">22\/11\/2024<\/span><\/li>\n<li><a href=\"https:\/\/edublog.educastur.es\/ixuxu\/2024\/11\/35976\/\">(sin t\u00edtulo)<\/a><span class=\"post-date\">21\/11\/2024<\/span><\/li>\n<li><a href=\"https:\/\/edublog.educastur.es\/ixuxu\/2024\/11\/aprovechal-fin-de-selmana-nos-ozcos\/\">Aprovecha\u2019l fin de selmana n\u2019Os Ozcos<\/a><span class=\"post-date\">21\/11\/2024<\/span><\/li>\n<li><a href=\"https:\/\/edublog.educastur.es\/ixuxu\/2024\/11\/collecha-de-castanes\/\">Collecha de casta\u00f1es<\/a><span class=\"post-date\">21\/11\/2024<\/span><\/li>\n<li><a href=\"https:\/\/edublog.educastur.es\/ixuxu\/2024\/11\/35985\/\">El llinguaxe de les matem\u00e1tiques<\/a><span class=\"post-date\">21\/11\/2024<\/span><\/li>\n<li><a href=\"https:\/\/edublog.educastur.es\/ixuxu\/2024\/11\/35961\/\">Avisos vixentes n\u2019Asturies<\/a><span class=\"post-date\">21\/11\/2024<\/span><\/li>\n<li><a href=\"https:\/\/edublog.educastur.es\/ixuxu\/2024\/11\/coime\/\">\u00abCoime\u00bb<\/a><span class=\"post-date\">21\/11\/2024<\/span><\/li>\n<li><a href=\"https:\/\/edublog.educastur.es\/ixuxu\/2024\/11\/35982\/\">Aurora Berm\u00fadez Nava presenta \u00abLlambisques\u00bb<\/a><span class=\"post-date\">21\/11\/2024<\/span><\/li>\n<li><a href=\"https:\/\/edublog.educastur.es\/ixuxu\/2024\/11\/alerta-colorada-en-santa-rosa-llanera\/\">Alerta colorada en Santa Rosa (Llanera)<\/a><span class=\"post-date\">21\/11\/2024<\/span><\/li>\n<li><a href=\"https:\/\/edublog.educastur.es\/ixuxu\/2024\/11\/35918\/\">(sin t\u00edtulo)<\/a><span class=\"post-date\">21\/11\/2024<\/span><\/li>\n<li><a href=\"https:\/\/edublog.educastur.es\/ixuxu\/2024\/11\/va-un-anu-desta-campana-pa-promover-lusu-de-la-llingua\/\">Va un a\u00f1u d\u2019esta campa\u00f1a pa promover l\u2019usu de la llingua<\/a><span class=\"post-date\">21\/11\/2024<\/span><\/li>\n<li><a href=\"https:\/\/edublog.educastur.es\/ixuxu\/2024\/11\/alerta-por-bombogenesis-agues-intenses-y-vientos-huracanaos-nel-noroeste-peninsular\/\">Alerta por \u2018bombog\u00e9nesis\u2019: Ag\u00fces intenses y vientos huracanaos nel noroeste peninsular<\/a><span class=\"post-date\">21\/11\/2024<\/span><\/li>\n<li><a href=\"https:\/\/edublog.educastur.es\/ixuxu\/2024\/11\/cuencas-hidrografiques-de-la-peninsula-iberica\/\">Confederaci\u00f3n Hidrogr\u00e1fica del Cant\u00e1bricu y cuenques hidrogr\u00e1fiques<\/a><span class=\"post-date\">21\/11\/2024<\/span><\/li>\n<li><a href=\"https:\/\/edublog.educastur.es\/ixuxu\/2024\/11\/el-xardon-especia-protexia\/\">El xard\u00f3n, especie protex\u00eda con munches propiedaes melecinales<\/a><span class=\"post-date\">21\/11\/2024<\/span><\/li>\n<li><a href=\"https:\/\/edublog.educastur.es\/ixuxu\/2024\/11\/que-belleza-la-quietu\/\">Qu\u00e9 belleza la quiet\u00fa y el silenciu<\/a><span class=\"post-date\">21\/11\/2024<\/span><\/li>\n<li><a href=\"https:\/\/edublog.educastur.es\/ixuxu\/2024\/11\/nel-xuntoiro-2024-dia-23-igresia-de-santalla\/\">Nel Xuntoiro 2024!!! D\u00eda 23 Igresia de Santalla<\/a><span class=\"post-date\">21\/11\/2024<\/span><\/li>\n<li><a href=\"https:\/\/edublog.educastur.es\/ixuxu\/2024\/11\/dia-mundial-del-saludu\/\">D\u00eda Mundial del saludu<\/a><span class=\"post-date\">21\/11\/2024<\/span><\/li>\n<li><a href=\"https:\/\/edublog.educastur.es\/ixuxu\/2024\/11\/dia-mundial-de-la-television-2\/\">D\u00eda Mundial de la Televisi\u00f3n<\/a><span class=\"post-date\">21\/11\/2024<\/span><\/li>\n<li><a href=\"https:\/\/edublog.educastur.es\/ixuxu\/2024\/11\/dia-mundial-de-la-filosofia\/\">D\u00eda Mundial de la Filosof\u00eda<\/a><span class=\"post-date\">21\/11\/2024<\/span><\/li>\n<li><a href=\"https:\/\/edublog.educastur.es\/ixuxu\/2024\/11\/estau-del-tiempu-xueves-21-de-payares\/\">Est\u00e1u del tiempu: xueves 21 de payares<\/a><span class=\"post-date\">21\/11\/2024<\/span><\/li>\n<li><a href=\"https:\/\/edublog.educastur.es\/ixuxu\/2024\/11\/35870\/\">(sin t\u00edtulo)<\/a><span class=\"post-date\">20\/11\/2024<\/span><\/li>\n<li><a href=\"https:\/\/edublog.educastur.es\/ixuxu\/2024\/11\/mercar\/\">\u00abMercar\u00bb<\/a><span class=\"post-date\">20\/11\/2024<\/span><\/li>\n<li><a href=\"https:\/\/edublog.educastur.es\/ixuxu\/2024\/11\/cuideiru-anu-1925\/\">Cuideiru, a\u00f1u 1925<\/a><span class=\"post-date\">20\/11\/2024<\/span><\/li>\n<li><a href=\"https:\/\/edublog.educastur.es\/ixuxu\/2024\/11\/cancion-sali-nena-de-la-ilesia\/\">Canci\u00f3n: \u00abSali ne\u00f1a de la ilesia\u00bb<\/a><span class=\"post-date\">20\/11\/2024<\/span><\/li>\n<li><a href=\"https:\/\/edublog.educastur.es\/ixuxu\/2024\/11\/divulgacion-sobro-fibra-nun-programa-infantil-y-mirai-como-suenen-les-llingues-dasturies\/\">Divulgaci\u00f3n sobro fibra, nun programa infantil y\u2026 \u00a1Mir\u00e1i como suenen les lling\u00fces d\u2019Asturies!<\/a><span class=\"post-date\">20\/11\/2024<\/span><\/li>\n<li><a href=\"https:\/\/edublog.educastur.es\/ixuxu\/2024\/11\/seronda-fest-2024-unu-amiestu-sostenible-de-mediu-rural-diversion-y-reciclaxe\/\">Seronda Fest 2024, unu amiestu sostenible de mediu rural, diversi\u00f3n y reciclaxe<\/a><span class=\"post-date\">20\/11\/2024<\/span><\/li>\n<li><a href=\"https:\/\/edublog.educastur.es\/ixuxu\/2024\/11\/selmana-europea-de-prevencion-de-borrafes-residuos\/\">Selmana Europea de Prevenci\u00f3n de Borrafes\/residuos<\/a><span class=\"post-date\">20\/11\/2024<\/span><\/li>\n<li><a href=\"https:\/\/edublog.educastur.es\/ixuxu\/2024\/11\/35706\/\">(sin t\u00edtulo)<\/a><span class=\"post-date\">20\/11\/2024<\/span><\/li>\n<li><a href=\"https:\/\/edublog.educastur.es\/ixuxu\/2024\/11\/35218\/\">Aniversariu de Puru Remangu<\/a><span class=\"post-date\">20\/11\/2024<\/span><\/li>\n<li><a href=\"https:\/\/edublog.educastur.es\/ixuxu\/2024\/11\/riquir\/\">\u201cRiquir\u201d<\/a><span class=\"post-date\">20\/11\/2024<\/span><\/li>\n<li><a href=\"https:\/\/edublog.educastur.es\/ixuxu\/2024\/11\/35835\/\">Mapi Quintana abre les puertes de la so casa a \u00abMusicAsturiana\u00bb<\/a><span class=\"post-date\">20\/11\/2024<\/span><\/li>\n<li><a href=\"https:\/\/edublog.educastur.es\/ixuxu\/2024\/11\/35829\/\">(sin t\u00edtulo)<\/a><span class=\"post-date\">20\/11\/2024<\/span><\/li>\n<li><a href=\"https:\/\/edublog.educastur.es\/ixuxu\/2024\/11\/nuevu-programa-de-cria-y-meyora-del-gochu-asturcelta-raza-autoctona-dasturies\/\">Nuevu programa de cr\u00eda y meyora del gochu asturcelta, raza aut\u00f3ctona d\u2019Asturies<\/a><span class=\"post-date\">20\/11\/2024<\/span><\/li>\n<li><a href=\"https:\/\/edublog.educastur.es\/ixuxu\/2024\/11\/35816\/\">Alerta d\u2019avisu naranxa por fen\u00f3menos costeros na mari\u00f1a asturiana<\/a><span class=\"post-date\">20\/11\/2024<\/span><\/li>\n<li><a href=\"https:\/\/edublog.educastur.es\/ixuxu\/2024\/11\/caetano-la-nueva-borrasca-naturies\/\">Intensa envernada\u2019l que va encarar Asturies los pr\u00f3ximos d\u00edes.<\/a><span class=\"post-date\">20\/11\/2024<\/span><\/li>\n<li><a href=\"https:\/\/edublog.educastur.es\/ixuxu\/2024\/11\/35395\/\">(sin t\u00edtulo)<\/a><span class=\"post-date\">20\/11\/2024<\/span><\/li>\n<li><a href=\"https:\/\/edublog.educastur.es\/ixuxu\/2024\/11\/presentacion-la-ciuda-de-les-nenes-y-los-nenos-con-francesco-tonucci\/\">Presentaci\u00f3n \u00abLa ciud\u00e1 de les ne\u00f1es y los ne\u00f1os\u00bb con Francesco Tonucci<\/a><span class=\"post-date\">20\/11\/2024<\/span><\/li>\n<li><a href=\"https:\/\/edublog.educastur.es\/ixuxu\/2024\/11\/construyamos-un-mundu-para-por-y-cola-infancia\/\">\u00a1Construyamos un mundu para, por y cola infancia!<\/a><span class=\"post-date\">20\/11\/2024<\/span><\/li>\n<li><a href=\"https:\/\/edublog.educastur.es\/ixuxu\/2024\/11\/dia-de-los-derechos-de-los-nenos-y-de-les-nenes\/\">D\u00eda de los derechos de los ne\u00f1os y de les ne\u00f1es<\/a><span class=\"post-date\">20\/11\/2024<\/span><\/li>\n<li><a href=\"https:\/\/edublog.educastur.es\/ixuxu\/2024\/11\/estau-del-tiempu-miercoles-20-de-payares\/\">Est\u00e1u del tiempu: mi\u00e9rcoles 20 de payares<\/a><span class=\"post-date\">20\/11\/2024<\/span><\/li>\n<li><a href=\"https:\/\/edublog.educastur.es\/ixuxu\/2024\/11\/la-collecha-2024-esta-dando-los-sos-ultimes-coletazos\/\">La collecha 2024 esta dando los sos \u00faltimos coletazos<\/a><span class=\"post-date\">19\/11\/2024<\/span><\/li>\n<li><a href=\"https:\/\/edublog.educastur.es\/ixuxu\/2024\/11\/35791\/\">(sin t\u00edtulo)<\/a><span class=\"post-date\">19\/11\/2024<\/span><\/li>\n<li><a href=\"https:\/\/edublog.educastur.es\/ixuxu\/2024\/11\/x-filandon\/\">X FILAND\u00d3N<\/a><span class=\"post-date\">19\/11\/2024<\/span><\/li>\n<li><a href=\"https:\/\/edublog.educastur.es\/ixuxu\/2024\/11\/35781\/\">\u00abTarrecer\u00bb<\/a><span class=\"post-date\">19\/11\/2024<\/span><\/li>\n<li><a href=\"https:\/\/edublog.educastur.es\/ixuxu\/2024\/11\/les-oses-paca-y-molina\/\">Les oses Paca y Molina<\/a><span class=\"post-date\">19\/11\/2024<\/span><\/li>\n<li><a href=\"https:\/\/edublog.educastur.es\/ixuxu\/2024\/11\/35767\/\">(sin t\u00edtulo)<\/a><span class=\"post-date\">19\/11\/2024<\/span><\/li>\n<li><a href=\"https:\/\/edublog.educastur.es\/ixuxu\/2024\/11\/campana-nasturianu-del-serviciu-publicu-dempleu\/\">Campa\u00f1a n\u2019asturianu del Serviciu P\u00fablicu d\u2019Empl\u00e9u<\/a><span class=\"post-date\">19\/11\/2024<\/span><\/li>\n<li><a href=\"https:\/\/edublog.educastur.es\/ixuxu\/2024\/11\/el-valir-de-los-cuentos\/\">El valir de los cuentos<\/a><span class=\"post-date\">19\/11\/2024<\/span><\/li>\n<li><a href=\"https:\/\/edublog.educastur.es\/ixuxu\/2024\/11\/xxxi-xornaes-gastronomiques-de-la-matanza-en-felechosa\/\">XXXI Xornaes gastron\u00f3miques de la matanza en Felechosa.<\/a><span class=\"post-date\">19\/11\/2024<\/span><\/li>\n<li><a href=\"https:\/\/edublog.educastur.es\/ixuxu\/2024\/11\/el-cra-de-llena-ganador-de-los-xiv-premios-impulso-tic\/\">El CRA de Llena ganador de los XIV premios Impulso TIC \u00a1Norabona!<\/a><span class=\"post-date\">19\/11\/2024<\/span><\/li>\n<li><a href=\"https:\/\/edublog.educastur.es\/ixuxu\/2024\/11\/35702\/\">(sin t\u00edtulo)<\/a><span class=\"post-date\">19\/11\/2024<\/span><\/li>\n<li><a href=\"https:\/\/edublog.educastur.es\/ixuxu\/2024\/11\/santalla-dozcos-funde-arte-y-naturaleza-cola-so-nueva-ruta-artistica\/\">Santalla d\u2019Ozcos funde arte y naturaleza cola so nueva ruta art\u00edstica<\/a><span class=\"post-date\">19\/11\/2024<\/span><\/li>\n<li><a href=\"https:\/\/edublog.educastur.es\/ixuxu\/2024\/11\/35754\/\">D\u00eda Mundial del retrete<\/a><span class=\"post-date\">19\/11\/2024<\/span><\/li>\n<li><a href=\"https:\/\/edublog.educastur.es\/ixuxu\/2024\/11\/estau-del-tiempu-martes-19-de-payares\/\">Est\u00e1u del tiempu: martes 19 de payares<\/a><span class=\"post-date\">19\/11\/2024<\/span><\/li>\n<li><a href=\"https:\/\/edublog.educastur.es\/ixuxu\/2024\/11\/35712\/\">Este venres, 22 de novembre, Aurora Berm\u00fadez Nava, presenta \u00abLlambisques\u00bb.<\/a><span class=\"post-date\">18\/11\/2024<\/span><\/li>\n<li><a href=\"https:\/\/edublog.educastur.es\/ixuxu\/2024\/11\/mapa-de-los-llugares-mas-altos-de-cada-pais\/\">Mapa de los llugares mas altos de cada pa\u00eds.<\/a><span class=\"post-date\">18\/11\/2024<\/span><\/li>\n<li><a href=\"https:\/\/edublog.educastur.es\/ixuxu\/2024\/11\/35697\/\">(sin t\u00edtulo)<\/a><span class=\"post-date\">18\/11\/2024<\/span><\/li>\n<li><a href=\"https:\/\/edublog.educastur.es\/ixuxu\/2024\/11\/ferla-megia-publica-paxaros-01\/\">Ferla Meg\u00eda publica \u2018P\u00e1xaros 01\u2019<\/a><span class=\"post-date\">18\/11\/2024<\/span><\/li>\n<li><a href=\"https:\/\/edublog.educastur.es\/ixuxu\/2024\/11\/nasturies-la-seronda-ye-tiempu-de-castanes-yamaguestos\/\">N\u2019Asturies la seronda ye tiempu de casta\u00f1es y amag\u00fcestos.<\/a><span class=\"post-date\">18\/11\/2024<\/span><\/li>\n<li><a href=\"https:\/\/edublog.educastur.es\/ixuxu\/2024\/11\/non-y-nun\/\">\u00abNon\u00bb y \u00abNun\u00bb<\/a><span class=\"post-date\">18\/11\/2024<\/span><\/li>\n<li><a href=\"https:\/\/edublog.educastur.es\/ixuxu\/2024\/11\/les-noticies-del-llunes-18-de-payares-de-2024-nasturianu-tpanoticies\/\">Les noticies del llunes 18 de payares de 2024 n\u2019asturianu #TPANoticies<\/a><span class=\"post-date\">18\/11\/2024<\/span><\/li>\n<li><a href=\"https:\/\/edublog.educastur.es\/ixuxu\/2024\/11\/35667\/\">(sin t\u00edtulo)<\/a><span class=\"post-date\">18\/11\/2024<\/span><\/li>\n<li><a href=\"https:\/\/edublog.educastur.es\/ixuxu\/2024\/11\/asturias-hoy-fin-de-selmana-ye-linformativu-del-sabadu-y-domingu-de-rpa\/\">Noticies d\u2019inter\u00e9s na RTPA y TPA<\/a><span class=\"post-date\">18\/11\/2024<\/span><\/li>\n<li><a href=\"https:\/\/edublog.educastur.es\/ixuxu\/2024\/11\/ledificiu-calatrava-va-convertise-esta-selmana-en-sede-de-la-nueva-pelicula-de-marvel-los-4-fantasticos-first-steps\/\">L\u2019edificiu Calatrava va convertise esta selmana en sede de la nueva pel\u00edcula de Marvel \u2018Los 4 Fant\u00e1sticos: First Steps\u2019<\/a><span class=\"post-date\">18\/11\/2024<\/span><\/li>\n<li><a href=\"https:\/\/edublog.educastur.es\/ixuxu\/2024\/11\/35451\/\">(sin t\u00edtulo)<\/a><span class=\"post-date\">18\/11\/2024<\/span><\/li>\n<li><a href=\"https:\/\/edublog.educastur.es\/ixuxu\/2024\/11\/el-fotografu-persiguiol-esguil-seis-anos\/\">El fot\u00f3grafu persigui\u00f3 l\u2019esguil seis a\u00f1os pa poder facer estes prestoes semeyes<\/a><span class=\"post-date\">18\/11\/2024<\/span><\/li>\n<li><a href=\"https:\/\/edublog.educastur.es\/ixuxu\/2024\/11\/cuidau-con-bilordiar\/\">\u00a1Cuid\u00e1u con bilordiar!<\/a><span class=\"post-date\">18\/11\/2024<\/span><\/li>\n<li><a href=\"https:\/\/edublog.educastur.es\/ixuxu\/2024\/11\/madrugar-pa-nun-facer-nada-ye-llocura-o-ye-bobada\/\">\u00abMadrugar pa nun facer nada ye llocura o ye bobada\u00bb<\/a><span class=\"post-date\">18\/11\/2024<\/span><\/li>\n<li><a href=\"https:\/\/edublog.educastur.es\/ixuxu\/2024\/11\/al-platu-vendras-arbeyu-si-nun-ye-de-xoven-sera-de-vieyu\/\">\u00abAl platu vendr\u00e1s, arbeyu, si nun ye de xoven, ser\u00e1 de vieyu\u00bb<\/a><span class=\"post-date\">18\/11\/2024<\/span><\/li>\n<li><a href=\"https:\/\/edublog.educastur.es\/ixuxu\/2024\/11\/35458\/\">(sin t\u00edtulo)<\/a><span class=\"post-date\">18\/11\/2024<\/span><\/li>\n<li><a href=\"https:\/\/edublog.educastur.es\/ixuxu\/2024\/11\/fiches-de-trabayu-pensaes-pa-lo-mas-piquinino-2\/\">Fiches de trabayu pensaes pa lo m\u00e1s piqui\u00f1ino.<\/a><span class=\"post-date\">18\/11\/2024<\/span><\/li>\n<li><a href=\"https:\/\/edublog.educastur.es\/ixuxu\/2024\/11\/35614\/\">El tunel que cruza Cuideiru pa dar accesu al pueblu y evitar inundaciones<\/a><span class=\"post-date\">18\/11\/2024<\/span><\/li>\n<li><a href=\"https:\/\/edublog.educastur.es\/ixuxu\/2024\/11\/xxxiii-edicion-del-certame-de-la-castana-y-los-productos-de-la-guerta\/\">XXXIII edici\u00f3n del Certame de la Casta\u00f1a y los productos de la G\u00fcerta<\/a><span class=\"post-date\">18\/11\/2024<\/span><\/li>\n<li><a href=\"https:\/\/edublog.educastur.es\/ixuxu\/2024\/11\/35390\/\">(sin t\u00edtulo)<\/a><span class=\"post-date\">18\/11\/2024<\/span><\/li>\n<li><a href=\"https:\/\/edublog.educastur.es\/ixuxu\/2024\/11\/asina-alborecio-guei-nuvieu\/\">Asina alboreci\u00f3 g\u00fcei n\u2019Uvi\u00e9u<\/a><span class=\"post-date\">18\/11\/2024<\/span><\/li>\n<li><a href=\"https:\/\/edublog.educastur.es\/ixuxu\/2024\/11\/asina-amanecio-guei-en-xixon-2\/\">Asina amaneci\u00f3 g\u00fcei en Xix\u00f3n<\/a><span class=\"post-date\">18\/11\/2024<\/span><\/li>\n<li><a href=\"https:\/\/edublog.educastur.es\/ixuxu\/2024\/11\/esbardu\/\">\u00abEsbardu\u00bb<\/a><span class=\"post-date\">18\/11\/2024<\/span><\/li>\n<li><a href=\"https:\/\/edublog.educastur.es\/ixuxu\/2024\/11\/los-prados-acueye-una-amuesa-sobro-los-50-anos-de-los-clicks-de-playmobil\/\">\u00abLos Prados\u00bb acueye una amuesa sobro los 50 a\u00f1os de los \u00abClicks\u00bb de Playmobil<\/a><span class=\"post-date\">17\/11\/2024<\/span><\/li>\n<li><a href=\"https:\/\/edublog.educastur.es\/ixuxu\/2024\/11\/quien-foi\/\">\u00bfQui\u00e9n foi?<\/a><span class=\"post-date\">17\/11\/2024<\/span><\/li>\n<li><a href=\"https:\/\/edublog.educastur.es\/ixuxu\/2024\/11\/una-solucion-patayar-los-problemes-que-causen-los-suidos-na-ria-de-villaviciosa\/\">Una soluci\u00f3n p\u2019atayar los problemes que causen los suidos na R\u00eda de Villaviciosa<\/a><span class=\"post-date\">17\/11\/2024<\/span><\/li>\n<li><a href=\"https:\/\/edublog.educastur.es\/ixuxu\/2024\/11\/llobetu-hector-braga\/\">\u00abLlobatu\u00bb H\u00e9ctor Braga<\/a><span class=\"post-date\">17\/11\/2024<\/span><\/li>\n<li><a href=\"https:\/\/edublog.educastur.es\/ixuxu\/2024\/11\/35557\/\">(sin t\u00edtulo)<\/a><span class=\"post-date\">17\/11\/2024<\/span><\/li>\n<li><a href=\"https:\/\/edublog.educastur.es\/ixuxu\/2024\/11\/les-semeyes-que-ganaron-el-premiu-a-les-meyores-semeyes-del-anu-2024\/\">Les semeyes que ganaron el premiu a les meyores semeyes del a\u00f1u 2024<\/a><span class=\"post-date\">17\/11\/2024<\/span><\/li>\n<li><a href=\"https:\/\/edublog.educastur.es\/ixuxu\/2024\/11\/el-fotografu-hugo-suissas-revelal-poder-de-la-perspectiva-en-tas-composiciones\/\">El fot\u00f3grafu Hugo Su\u00edssas revela\u2019l poder de la perspectiva nes dos composiciones<\/a><span class=\"post-date\">17\/11\/2024<\/span><\/li>\n<li><a href=\"https:\/\/edublog.educastur.es\/ixuxu\/2024\/11\/llarga-vida-a-los-cuentos-ana-rossetti\/\">\u00abLlarga vida a los cuentos\u00bb, Ana Rossetti<\/a><span class=\"post-date\">17\/11\/2024<\/span><\/li>\n<li><a href=\"https:\/\/edublog.educastur.es\/ixuxu\/2024\/11\/35522\/\">(sin t\u00edtulo)<\/a><span class=\"post-date\">17\/11\/2024<\/span><\/li>\n<li><a href=\"https:\/\/edublog.educastur.es\/ixuxu\/2024\/11\/quivis\/\">Quivis<\/a><span class=\"post-date\">17\/11\/2024<\/span><\/li>\n<li><a href=\"https:\/\/edublog.educastur.es\/ixuxu\/2024\/11\/ciao-peskao-produciu-pol-avilesin-nacho-campa-preseleccionau-pa-los-goya\/\">\u2018Ciao Peskao\u2019, produc\u00edu pol aviles\u00edn Nacho Campa, preseleccion\u00e1u pa los Goya<\/a><span class=\"post-date\">17\/11\/2024<\/span><\/li>\n<li><a href=\"https:\/\/edublog.educastur.es\/ixuxu\/2024\/11\/un-25-menos-de-quivis-y-mas-caros\/\">Un 25% menos de quivis y m\u00e1s caros<\/a><span class=\"post-date\">17\/11\/2024<\/span><\/li>\n<li><a href=\"https:\/\/edublog.educastur.es\/ixuxu\/2024\/11\/una-ayalga-historica-en-salas\/\">Una ayalga hist\u00f3rica en Salas<\/a><span class=\"post-date\">17\/11\/2024<\/span><\/li>\n<li><a href=\"https:\/\/edublog.educastur.es\/ixuxu\/2024\/11\/debaxo-la-to-ventana-de-slum-suit-la-casa-vieya-2022\/\">\u00abDebaxo la to ventana\u00bb, de Slum Suit (\u2018La Casa Vieya\u2019 2022)<\/a><span class=\"post-date\">17\/11\/2024<\/span><\/li>\n<li><a href=\"https:\/\/edublog.educastur.es\/ixuxu\/2024\/11\/35448\/\">(sin t\u00edtulo)<\/a><span class=\"post-date\">17\/11\/2024<\/span><\/li>\n<li><a href=\"https:\/\/edublog.educastur.es\/ixuxu\/2024\/11\/35444\/\">\u00c1lbum \u00abMuyeres\u00bb<\/a><span class=\"post-date\">17\/11\/2024<\/span><\/li>\n<li><a href=\"https:\/\/edublog.educastur.es\/ixuxu\/2024\/11\/chloe-algama-un-sestu-puestu-pa-espana-neurovision-junior\/\">Chloe algama un sestu puestu pa Espa\u00f1a na 22 edidi\u00f3n d\u2019Eurovisi\u00f3n Junior qu\u2019angua\u00f1o se celebr\u00f3 na Caxa M\u00e1xica (Madrid)<\/a><span class=\"post-date\">17\/11\/2024<\/span><\/li>\n<li><a href=\"https:\/\/edublog.educastur.es\/ixuxu\/2024\/11\/como-va-ser-la-nueva-escandalera-la-plaza-emblematica-duvieu\/\">\u00bfC\u00f3mo va ser la nueva Escandalera, la plaza emblem\u00e1tica d\u2019Uvi\u00e9u?<\/a><span class=\"post-date\">17\/11\/2024<\/span><\/li>\n<li><a href=\"https:\/\/edublog.educastur.es\/ixuxu\/2024\/11\/34455\/\">(sin t\u00edtulo)<\/a><span class=\"post-date\">17\/11\/2024<\/span><\/li>\n<li><a href=\"https:\/\/edublog.educastur.es\/ixuxu\/2024\/11\/35410\/\">Avance d\u2019un reportaxe documental \u00abN\u00eda\u2026\u00bb en gallego-asturiano<\/a><span class=\"post-date\">17\/11\/2024<\/span><\/li>\n<li><a href=\"https:\/\/edublog.educastur.es\/ixuxu\/2024\/11\/lanunciu-de-la-lloteria-de-navida-pon-en-valor-la-solidarida-frente-a-la-soleda\/\">L\u2019anunciu de la Lloter\u00eda de Navid\u00e1 pon en valor la solidarid\u00e1 frente a la soled\u00e1<\/a><span class=\"post-date\">17\/11\/2024<\/span><\/li>\n<li><a href=\"https:\/\/edublog.educastur.es\/ixuxu\/2024\/11\/dia-internacional-de-los-estudiantes\/\">D\u00eda Internacional de los Estudiantes<\/a><span class=\"post-date\">17\/11\/2024<\/span><\/li>\n<li><a href=\"https:\/\/edublog.educastur.es\/ixuxu\/2024\/11\/anabel-santiago\/\">Anabel Santiago<\/a><span class=\"post-date\">16\/11\/2024<\/span><\/li>\n<li><a href=\"https:\/\/edublog.educastur.es\/ixuxu\/2024\/11\/33034\/\">(sin t\u00edtulo)<\/a><span class=\"post-date\">16\/11\/2024<\/span><\/li>\n<li><a href=\"https:\/\/edublog.educastur.es\/ixuxu\/2024\/11\/16-24-payares-selmana-europea-del-amenorgamientu-de-borrafes-ewwr\/\">16-24 payares. Selmana Europea del Amenorgamientu de Borrafes (EWWR)<\/a><span class=\"post-date\">16\/11\/2024<\/span><\/li>\n<li><a href=\"https:\/\/edublog.educastur.es\/ixuxu\/2024\/11\/un-espectaculu-de-la-naturaleza\/\">Un espect\u00e1culu de la naturaleza<\/a><span class=\"post-date\">16\/11\/2024<\/span><\/li>\n<li><a href=\"https:\/\/edublog.educastur.es\/ixuxu\/2024\/11\/reintegrarnos-na-naturaleza-va-traenos-bayura-plenitu-y-bienestar\/\">\u00abReintegrarnos na naturaleza va traenos bayura, plenit\u00fa y bienestar\u00bb<\/a><span class=\"post-date\">16\/11\/2024<\/span><\/li>\n<li><a href=\"https:\/\/edublog.educastur.es\/ixuxu\/2024\/11\/35460\/\">(sin t\u00edtulo)<\/a><span class=\"post-date\">16\/11\/2024<\/span><\/li>\n<li><a href=\"https:\/\/edublog.educastur.es\/ixuxu\/2024\/11\/esti-artista-creo-ilustraciones-para-revelar-la-verdadera-cara-de-la-socieda-actual\/\">Esti artista cre\u00f3 ilustraciones para revelar la verdadera cara de la socied\u00e1 actual<\/a><span class=\"post-date\">16\/11\/2024<\/span><\/li>\n<li><a href=\"https:\/\/edublog.educastur.es\/ixuxu\/2024\/11\/pequenos-mundos-imaxinarios-a-partir-doxetos-cotidianos-fotografia-en-miniatura\/\">Pequenos mundos imaxinarios a partir d\u2019oxetos cotidianos: fotograf\u00eda en miniatura<\/a><span class=\"post-date\">16\/11\/2024<\/span><\/li>\n<li><a href=\"https:\/\/edublog.educastur.es\/ixuxu\/2024\/11\/garabatos-de-suanu-esti-artista-tresforma-les-nubes-nescenes-fantastiques\/\">Garabatos de sua\u00f1u: esti artista tresforma les nubes n\u2019escenes fant\u00e1stiques<\/a><span class=\"post-date\">16\/11\/2024<\/span><\/li>\n<li><a href=\"https:\/\/edublog.educastur.es\/ixuxu\/2024\/11\/escultures-de-solombres-increiblemente-detallaes-de-diet-wiegman\/\">Escultures de solombres incre\u00edblemente detallaes de Diet Wiegman<\/a><span class=\"post-date\">16\/11\/2024<\/span><\/li>\n<li><a href=\"https:\/\/edublog.educastur.es\/ixuxu\/2024\/11\/esti-fotografu-combina-retayos-de-carton-para-tomar-risonderes-fotografies-mientres-les-puestes-de-sol\/\">Esti fot\u00f3grafu combina retayos de cart\u00f3n para tomar risonderes fotograf\u00edes mientres les puestes de sol<\/a><span class=\"post-date\">16\/11\/2024<\/span><\/li>\n<li><a href=\"https:\/\/edublog.educastur.es\/ixuxu\/2024\/11\/30885\/\">(sin t\u00edtulo)<\/a><span class=\"post-date\">16\/11\/2024<\/span><\/li>\n<li><a href=\"https:\/\/edublog.educastur.es\/ixuxu\/2024\/11\/gayasperu\/\">\u00abGayasperu\u00bb<\/a><span class=\"post-date\">16\/11\/2024<\/span><\/li>\n<li><a href=\"https:\/\/edublog.educastur.es\/ixuxu\/2024\/11\/problemes-danguano\/\">Problemes d\u2019angua\u00f1o<\/a><span class=\"post-date\">16\/11\/2024<\/span><\/li>\n<li><a href=\"https:\/\/edublog.educastur.es\/ixuxu\/2024\/11\/35353\/\">XXVII Xornaes Gastron\u00f3miques del Gochu.<\/a><span class=\"post-date\">16\/11\/2024<\/span><\/li>\n<li><a href=\"https:\/\/edublog.educastur.es\/ixuxu\/2024\/11\/axenda-dactividaes-pa-esta-seronda\/\">Axenda d\u2019actividaes pa esta seronda<\/a><span class=\"post-date\">16\/11\/2024<\/span><\/li>\n<li><a href=\"https:\/\/edublog.educastur.es\/ixuxu\/2024\/11\/ii-xornaes-gastronomiques-%f0%9d%90%85%f0%9d%90%9a%f0%9d%90%9b%f0%9d%90%9e%f0%9d%90%ac-%f0%9d%90%9d%f0%9d%90%9e-%f0%9d%90%8b%f0%9d%90%9a-%f0%9d%90%8c%f0%9d%90%9a%f0%9d%90%a7%f0%9d%90%b1%f0%9d%90%a8\/\">II Xornaes Gastron\u00f3miques ????? ?? ?? ???????, del 15 al 18 de payares.<\/a><span class=\"post-date\">16\/11\/2024<\/span><\/li>\n<li><a href=\"https:\/\/edublog.educastur.es\/ixuxu\/2024\/11\/dia-internacional-para-la-tolerancia-2\/\">D\u00eda Internacional pala Tolerancia<\/a><span class=\"post-date\">16\/11\/2024<\/span><\/li>\n<li><a href=\"https:\/\/edublog.educastur.es\/ixuxu\/2024\/11\/estau-del-tiempu-sabadu-16-de-payares\/\">Est\u00e1u del tiempu: s\u00e1badu 16 de payares<\/a><span class=\"post-date\">16\/11\/2024<\/span><\/li>\n<li><a href=\"https:\/\/edublog.educastur.es\/ixuxu\/2024\/11\/35314\/\">(sin t\u00edtulo)<\/a><span class=\"post-date\">15\/11\/2024<\/span><\/li>\n<li><a href=\"https:\/\/edublog.educastur.es\/ixuxu\/2024\/11\/35339\/\">La Seronda<\/a><span class=\"post-date\">15\/11\/2024<\/span><\/li>\n<li><a href=\"https:\/\/edublog.educastur.es\/ixuxu\/2024\/11\/el-turismu-sidreru-crez-en-asturies\/\">El turismu sidreru crez en Asturies.<\/a><span class=\"post-date\">15\/11\/2024<\/span><\/li>\n<li><a href=\"https:\/\/edublog.educastur.es\/ixuxu\/2024\/11\/liceberg-a23a-empezol-so-increible-viaxe-2\/\">\u00a1L\u2019iceberg A23A empez\u00f3\u2019l so incre\u00edble viaxe!<\/a><span class=\"post-date\">15\/11\/2024<\/span><\/li>\n<li><a href=\"https:\/\/edublog.educastur.es\/ixuxu\/2024\/11\/35326\/\">El Monesteriu de Corniana cellebra mil a\u00f1os de la so fundaci\u00f3n.<\/a><span class=\"post-date\">15\/11\/2024<\/span><\/li>\n<li><a href=\"https:\/\/edublog.educastur.es\/ixuxu\/2024\/11\/35182\/\">(sin t\u00edtulo)<\/a><span class=\"post-date\">15\/11\/2024<\/span><\/li>\n<li><a href=\"https:\/\/edublog.educastur.es\/ixuxu\/2024\/11\/ya-pue-sentisel-viaxe-desther-fonseca-dende-toles-partes-del-mundu\/\">Y\u00e1 pue sentise\u2019l \u2018Viaxe\u2019 d\u2019Esther Fonseca dende toles partes del mundu<\/a><span class=\"post-date\">15\/11\/2024<\/span><\/li>\n<li><a href=\"https:\/\/edublog.educastur.es\/ixuxu\/2024\/11\/empiecen-les-voladures-para-reabrir-lautopista-del-guerna\/\">Empiecen les voladures para reabrir l\u2019autopista del G\u00fcerna<\/a><span class=\"post-date\">15\/11\/2024<\/span><\/li>\n<li><a href=\"https:\/\/edublog.educastur.es\/ixuxu\/2024\/11\/el-cartiru-vital-la-tia-sarmientu\/\">El \u00abcartiru\u00bb Vital, la T\u00eda Sarmientu\u2026<\/a><span class=\"post-date\">15\/11\/2024<\/span><\/li>\n<li><a href=\"https:\/\/edublog.educastur.es\/ixuxu\/2024\/11\/el-conceyu-duvieu-actua-escontra-los-rates-detectaes-cerca-de-la-e-infantil-d-medio\/\">El Conceyu d\u2019Uvi\u00e9u act\u00faa escontra los rates detectaes cerca de la E. Infantil D. Medio<\/a><span class=\"post-date\">15\/11\/2024<\/span><\/li>\n<li><a href=\"https:\/\/edublog.educastur.es\/ixuxu\/2024\/11\/34204\/\">(sin t\u00edtulo)<\/a><span class=\"post-date\">15\/11\/2024<\/span><\/li>\n<li><a href=\"https:\/\/edublog.educastur.es\/ixuxu\/2024\/11\/el-pergamin-fundacional-del-monesteriu-de-corniana-vuelve-a-casa\/\">El pergam\u00edn fundacional del Monesteriu de Corniana vuelve a casa<\/a><span class=\"post-date\">15\/11\/2024<\/span><\/li>\n<li><a href=\"https:\/\/edublog.educastur.es\/ixuxu\/2024\/11\/investigadores-de-la-universida-duvieu-llogren-un-nuevu-finxu-en-fisica\/\">Investigadores de la Universid\u00e1 d\u2019Uvi\u00e9u llogren un nuevu finxu en f\u00edsica<\/a><span class=\"post-date\">15\/11\/2024<\/span><\/li>\n<li><a href=\"https:\/\/edublog.educastur.es\/ixuxu\/2024\/11\/el-principau-empieza-la-formacion-pa-prevenir-la-violencia-contra-menores-nel-deporte\/\">El Princip\u00e1u empieza la formaci\u00f3n pa prevenir la violencia contra menores nel deporte<\/a><span class=\"post-date\">15\/11\/2024<\/span><\/li>\n<li><a href=\"https:\/\/edublog.educastur.es\/ixuxu\/2024\/11\/les-noticies-del-vienres-15-de-payares-de-2024-nasturianu-tpanoticies\/\">Les noticies: vienres 15 payares 2024 n\u2019asturianu #TPANoticies<\/a><span class=\"post-date\">15\/11\/2024<\/span><\/li>\n<li><a href=\"https:\/\/edublog.educastur.es\/ixuxu\/2024\/11\/premiu-cervantes-2024\/\">Premiu Cervantes 2024<\/a><span class=\"post-date\">15\/11\/2024<\/span><\/li>\n<li><a href=\"https:\/\/edublog.educastur.es\/ixuxu\/2024\/11\/dia-mundial-de-la-tabla-de-multiplicar\/\">D\u00eda Mundial de la Tabla de Multiplicar<\/a><span class=\"post-date\">15\/11\/2024<\/span><\/li>\n<li><a href=\"https:\/\/edublog.educastur.es\/ixuxu\/2024\/11\/estau-del-tiempu-vienres-15-de-payares\/\">Est\u00e1u del tiempu: vienres 15 de payares<\/a><span class=\"post-date\">15\/11\/2024<\/span><\/li>\n<li><a href=\"https:\/\/edublog.educastur.es\/ixuxu\/2024\/11\/alloriar\/\">\u00abAlloriar\u00bb<\/a><span class=\"post-date\">15\/11\/2024<\/span><\/li>\n<li><a href=\"https:\/\/edublog.educastur.es\/ixuxu\/2024\/11\/na-musica-y-na-vida-hai-quesforzase-pa-consiguir-resultaos-que-nos-presten\/\">Na m\u00fasica y na vida, \u00a1hai qu\u2019esforzase pa consiguir resultaos que nos presten!<\/a><span class=\"post-date\">15\/11\/2024<\/span><\/li>\n<li><a href=\"https:\/\/edublog.educastur.es\/ixuxu\/2024\/11\/35259\/\">(sin t\u00edtulo)<\/a><span class=\"post-date\">15\/11\/2024<\/span><\/li>\n<li><a href=\"https:\/\/edublog.educastur.es\/ixuxu\/2024\/11\/monolitu-dedicau-en-xixon-a-un-gran-melicu-y-cientificu\/\">Monolitu en Xix\u00f3n como reconocimientu a un gran cient\u00edficu<\/a><span class=\"post-date\">15\/11\/2024<\/span><\/li>\n<li><a href=\"https:\/\/edublog.educastur.es\/ixuxu\/2024\/11\/semeyes-dun-pedreru-en-cuideiru\/\">Dalgunes semeyes nun pedreru en Cuideiru<\/a><span class=\"post-date\">15\/11\/2024<\/span><\/li>\n<li><a href=\"https:\/\/edublog.educastur.es\/ixuxu\/2024\/11\/35133\/\">(sin t\u00edtulo)<\/a><span class=\"post-date\">14\/11\/2024<\/span><\/li>\n<li><a href=\"https:\/\/edublog.educastur.es\/ixuxu\/2024\/11\/el-principau-dedica-la-campana-del-25n-a-reivindicar-la-rotura-del-silenciu-sobro-la-violencia-de-xeneru\/\">El Princip\u00e1u dedica la campa\u00f1a del 25N a reivindicar la rotura del silenciu sobro la violencia de x\u00e9neru<\/a><span class=\"post-date\">14\/11\/2024<\/span><\/li>\n<li><a href=\"https:\/\/edublog.educastur.es\/ixuxu\/2024\/11\/la-sinfonia-del-gatu-representacion-humoristica-con-gatinos\/\">La \u00abSinfon\u00eda del Gatu\u00bb, representaci\u00f3n humor\u00edstica con gatinos<\/a><span class=\"post-date\">14\/11\/2024<\/span><\/li>\n<li><a href=\"https:\/\/edublog.educastur.es\/ixuxu\/2024\/11\/esti-horru-yel-galardonau-col-premiu-llinu-2024-pola-asociacion-del-horru-asturianu\/\">Esti horru ye\u2019l galardon\u00e1u col Premiu Lli\u00f1u 2024 pola Asociaci\u00f3n del Horru Asturianu.<\/a><span class=\"post-date\">14\/11\/2024<\/span><\/li>\n<li><a href=\"https:\/\/edublog.educastur.es\/ixuxu\/2024\/11\/les-plantes-invasores-tomen-asturies\/\">Les plantes invasores tomen Asturies<\/a><span class=\"post-date\">14\/11\/2024<\/span><\/li>\n<li><a href=\"https:\/\/edublog.educastur.es\/ixuxu\/2024\/11\/va-dos-anos-falabamos-desti-cartelu-que-opinais\/\">Va dos a\u00f1os fal\u00e1bamos d\u2019esti cartelu \u00bfqu\u00e9 opin\u00e1is?<\/a><span class=\"post-date\">14\/11\/2024<\/span><\/li>\n<li><a href=\"https:\/\/edublog.educastur.es\/ixuxu\/2024\/11\/35129\/\">(sin t\u00edtulo)<\/a><span class=\"post-date\">14\/11\/2024<\/span><\/li>\n<li><a href=\"https:\/\/edublog.educastur.es\/ixuxu\/2024\/11\/35185\/\">Identificaci\u00f3n Xeogr\u00e1fica Protex\u00eda \u2013IGP\u2013 Miel d\u2019Asturies<\/a><span class=\"post-date\">14\/11\/2024<\/span><\/li>\n<li><a href=\"https:\/\/edublog.educastur.es\/ixuxu\/2024\/11\/vista-del-picu-urriellu-dende-pena-blanca\/\">Vista del Picu Urriellu dende PE\u00d1A BLANCA<\/a><span class=\"post-date\">14\/11\/2024<\/span><\/li>\n<li><a href=\"https:\/\/edublog.educastur.es\/ixuxu\/2024\/11\/el-carbayon-de-cornellana-quier-ser-larbol-europeu-2025\/\">El carbay\u00f3n de Cornellana quier ser l\u2019\u00e1rbol europ\u00e9u 2025.<\/a><span class=\"post-date\">14\/11\/2024<\/span><\/li>\n<li><a href=\"https:\/\/edublog.educastur.es\/ixuxu\/2024\/11\/lincreible-gueyu-duna-ballena-azul-fema-el-mamiferu-mas-grande-del-planeta\/\">L\u2019incre\u00edble g\u00fceyu d\u2019una ballena azul fema, el mam\u00edferu m\u00e1s grande del planeta<\/a><span class=\"post-date\">14\/11\/2024<\/span><\/li>\n<li><a href=\"https:\/\/edublog.educastur.es\/ixuxu\/2024\/11\/xxxiii-premiu-teodoro-cuesta-de-poesia\/\">XXXIII Premiu Teodoro Cuesta de Poes\u00eda para \u00abRumbu\u00bb d\u2019Alfredo Garay<\/a><span class=\"post-date\">14\/11\/2024<\/span><\/li>\n<li><a href=\"https:\/\/edublog.educastur.es\/ixuxu\/2024\/11\/35178\/\">(sin t\u00edtulo)<\/a><span class=\"post-date\">14\/11\/2024<\/span><\/li>\n<li><a href=\"https:\/\/edublog.educastur.es\/ixuxu\/2024\/11\/la-gran-fola-de-kanagawa-de-katsushika-hokusai-recreada-en-lego\/\">\u00abLa gran fola de Kanagawa\u00bb de Katsushika Hokusai recreada en LEGO<\/a><span class=\"post-date\">14\/11\/2024<\/span><\/li>\n<li><a href=\"https:\/\/edublog.educastur.es\/ixuxu\/2024\/11\/35144\/\">III Convenci\u00f3n de Fantas\u00eda Asturiana<\/a><span class=\"post-date\">14\/11\/2024<\/span><\/li>\n<li><a href=\"https:\/\/edublog.educastur.es\/ixuxu\/2024\/11\/canciones-populares-asturianes-16\/\">Canciones Populares Asturianes 16<\/a><span class=\"post-date\">14\/11\/2024<\/span><\/li>\n<li><a href=\"https:\/\/edublog.educastur.es\/ixuxu\/2024\/11\/premiu-enguelu-2024-pa-lasociacion-vecinal-riu-fontoria-darenes-pilona\/\">\u00abPremiu Eng\u00fcelu 2024\u00bb pa l\u2019Asociaci\u00f3n Vecinal Riu Fontoria d\u2019Are\u00f1es (Pilo\u00f1a)<\/a><span class=\"post-date\">14\/11\/2024<\/span><\/li>\n<li><a href=\"https:\/\/edublog.educastur.es\/ixuxu\/2024\/11\/si-too-lo-faes-online-por-que-nun-faes-igual-cola-to-salu\/\">Si too lo faes online, \u00bfpor qu\u00e9 nun faes igual cola to sal\u00fa<\/a><span class=\"post-date\">14\/11\/2024<\/span><\/li>\n<li><a href=\"https:\/\/edublog.educastur.es\/ixuxu\/2024\/11\/35123\/\">(sin t\u00edtulo)<\/a><span class=\"post-date\">14\/11\/2024<\/span><\/li>\n<li><a href=\"https:\/\/edublog.educastur.es\/ixuxu\/2024\/11\/la-seleccion-espanola-de-padel-cuelga-loru-en-qatar\/\">La Selecci\u00f3n Espa\u00f1ola de p\u00e1del cuelga l\u2019oru en Qatar<\/a><span class=\"post-date\">14\/11\/2024<\/span><\/li>\n<li><a href=\"https:\/\/edublog.educastur.es\/ixuxu\/2024\/11\/semeyes-del-ayeri\/\">Semeyes del Mus\u00e9u del Pueblu d\u2019Asturies<\/a><span class=\"post-date\">14\/11\/2024<\/span><\/li>\n<li><a href=\"https:\/\/edublog.educastur.es\/ixuxu\/2024\/11\/conoz-la-obra-dandres-solar-y-la-parroquia-xixonesa\/\">Conoz la obra d\u2019Andr\u00e9s Solar y la parroquia xixonesa de Deva<\/a><span class=\"post-date\">14\/11\/2024<\/span><\/li>\n<li><a href=\"https:\/\/edublog.educastur.es\/ixuxu\/2024\/11\/35100\/\">(sin t\u00edtulo)<\/a><span class=\"post-date\">14\/11\/2024<\/span><\/li>\n<li><a href=\"https:\/\/edublog.educastur.es\/ixuxu\/2024\/11\/presentacion-dun-discu-de-gaiteros-en-llanera\/\">Presentaci\u00f3n d\u2019un discu de gaiteros en Llanera<\/a><span class=\"post-date\">14\/11\/2024<\/span><\/li>\n<li><a href=\"https:\/\/edublog.educastur.es\/ixuxu\/2024\/11\/seronda-en-posa\/\">\u00abSeronda en posa\u00bb<\/a><span class=\"post-date\">14\/11\/2024<\/span><\/li>\n<li><a href=\"https:\/\/edublog.educastur.es\/ixuxu\/2024\/11\/la-xente-tien-mieu-a-la-dana\/\">\u00bfLa xente tien mieu a la DANA?<\/a><span class=\"post-date\">14\/11\/2024<\/span><\/li>\n<li><a href=\"https:\/\/edublog.educastur.es\/ixuxu\/2024\/11\/35075\/\">Web nomencl\u00e1tor de los seres vivos pa normalizar l\u2019usu de los nomes asturianos<\/a><span class=\"post-date\">14\/11\/2024<\/span><\/li>\n<li><a href=\"https:\/\/edublog.educastur.es\/ixuxu\/2024\/11\/el-llacon-ye-de-gran-importancia-na-gastronomia-asturiana\/\">El llac\u00f3n ye de gran importancia na gastronom\u00eda asturiana.<\/a><span class=\"post-date\">14\/11\/2024<\/span><\/li>\n<li><a href=\"https:\/\/edublog.educastur.es\/ixuxu\/2024\/11\/35096\/\">(sin t\u00edtulo)<\/a><span class=\"post-date\">14\/11\/2024<\/span><\/li>\n<li><a href=\"https:\/\/edublog.educastur.es\/ixuxu\/2024\/11\/estau-del-tiempu-xueves-14-de-payares\/\">Est\u00e1u del tiempu: xueves 14 de payares<\/a><span class=\"post-date\">14\/11\/2024<\/span><\/li>\n<li><a href=\"https:\/\/edublog.educastur.es\/ixuxu\/2024\/11\/asonsanar\/\">\u201cAsonsa\u00f1ar\u201d<\/a><span class=\"post-date\">14\/11\/2024<\/span><\/li>\n<li><a href=\"https:\/\/edublog.educastur.es\/ixuxu\/2024\/11\/dende-les-1905-hores-el-puertu-de-payares-ta-en-nivel-colorau\/\">Dende les 19:05 hores el puertu de Payares ta en nivel color\u00e1u<\/a><span class=\"post-date\">14\/11\/2024<\/span><\/li>\n<li><a href=\"https:\/\/edublog.educastur.es\/ixuxu\/2024\/11\/fueya-de-seronda-so-la-lluz-dun-atapecer\/\">Fueya de seronda so la lluz d\u2019un atapecer<\/a><span class=\"post-date\">14\/11\/2024<\/span><\/li>\n<li><a href=\"https:\/\/edublog.educastur.es\/ixuxu\/2024\/11\/35031\/\">(sin t\u00edtulo)<\/a><span class=\"post-date\">14\/11\/2024<\/span><\/li>\n<li><a href=\"https:\/\/edublog.educastur.es\/ixuxu\/2024\/11\/una-collecha-historica-dabiyotes-nos-montes-cantabricos\/\">Una collecha hist\u00f3rica d\u2019abiyotes nos montes cant\u00e1bricos.<\/a><span class=\"post-date\">14\/11\/2024<\/span><\/li>\n<li><a href=\"https:\/\/edublog.educastur.es\/ixuxu\/2024\/11\/un-final-feliz-pa-la-osezna-cova\/\">Un final feliz pa la osezna \u2018Cova\u2019 y\u00e1 en libert\u00e1 nel Parque N. de Redes<\/a><span class=\"post-date\">13\/11\/2024<\/span><\/li>\n<li><a href=\"https:\/\/edublog.educastur.es\/ixuxu\/2024\/11\/xi-sestaferia-educativa-paral-profesorau-de-llingua-asturiana\/\">XI Sestaferia Educativa para\u2019l Profesor\u00e1u de Llingua Asturiana<\/a><span class=\"post-date\">13\/11\/2024<\/span><\/li>\n<li><a href=\"https:\/\/edublog.educastur.es\/ixuxu\/2024\/11\/agabitar\/\">\u201cAgabitar\u201d<\/a><span class=\"post-date\">13\/11\/2024<\/span><\/li>\n<li><a href=\"https:\/\/edublog.educastur.es\/ixuxu\/2024\/11\/33768\/\">(sin t\u00edtulo)<\/a><span class=\"post-date\">13\/11\/2024<\/span><\/li>\n<li><a href=\"https:\/\/edublog.educastur.es\/ixuxu\/2024\/11\/escoyer\/\">\u00abEscoyer\u00bb<\/a><span class=\"post-date\">13\/11\/2024<\/span><\/li>\n<li><a href=\"https:\/\/edublog.educastur.es\/ixuxu\/2024\/11\/dia-de-la-dieta-mediterranea\/\">D\u00eda Mundial de la Dieta Mediterr\u00e1nea<\/a><span class=\"post-date\">13\/11\/2024<\/span><\/li>\n<li><a href=\"https:\/\/edublog.educastur.es\/ixuxu\/2024\/11\/35135\/\">Nel d\u00eda de l\u2019amabilid\u00e1 y la bond\u00e1, una imaxe que lo diz too.<\/a><span class=\"post-date\">13\/11\/2024<\/span><\/li>\n<li><a href=\"https:\/\/edublog.educastur.es\/ixuxu\/2024\/11\/35014\/\">Apu\u00e9base la llei pionera que regula la rede p\u00fablica, auton\u00f3mica y gratuita de Les Escuelines<\/a><span class=\"post-date\">13\/11\/2024<\/span><\/li>\n<li><a href=\"https:\/\/edublog.educastur.es\/ixuxu\/2024\/11\/dia-mundial-de-lamabilida-o-de-la-bonda\/\">D\u00eda Mundial de l\u2019Amabilid\u00e1 o de la Bond\u00e1<\/a><span class=\"post-date\">13\/11\/2024<\/span><\/li>\n<li><a href=\"https:\/\/edublog.educastur.es\/ixuxu\/2024\/11\/32389\/\">(sin t\u00edtulo)<\/a><span class=\"post-date\">13\/11\/2024<\/span><\/li>\n<li><a href=\"https:\/\/edublog.educastur.es\/ixuxu\/2024\/11\/miercoles-con-agues-y-friu\/\">Mi\u00e9rcoles con ag\u00fces y fr\u00edu<\/a><span class=\"post-date\">13\/11\/2024<\/span><\/li>\n<li><a href=\"https:\/\/edublog.educastur.es\/ixuxu\/2024\/11\/estau-del-tiempu-miercoles-13-de-payares\/\">Est\u00e1u del tiempu: mi\u00e9rcoles 13 de payares<\/a><span class=\"post-date\">13\/11\/2024<\/span><\/li>\n<li><a href=\"https:\/\/edublog.educastur.es\/ixuxu\/2024\/11\/asina-amanez-nos-montes-asturianos\/\">Asina amanez nos montes asturianos<\/a><span class=\"post-date\">13\/11\/2024<\/span><\/li>\n<li><a href=\"https:\/\/edublog.educastur.es\/ixuxu\/2024\/11\/lalerta-por-nieve-el-puertu-de-payares-ta-en-nivel-colorau\/\">L\u2019alerta por nieve, el puertu de Payares ta en nivel color\u00e1u<\/a><span class=\"post-date\">13\/11\/2024<\/span><\/li>\n<li><a href=\"https:\/\/edublog.educastur.es\/ixuxu\/2024\/11\/35034\/\">Esp\u00e9rense fuertes ag\u00fces n\u2019unes hores y nieve percima de los 1000<\/a><span class=\"post-date\">13\/11\/2024<\/span><\/li>\n<li><a href=\"https:\/\/edublog.educastur.es\/ixuxu\/2024\/11\/34940\/\">Cellebramos l\u2019amag\u00fcestu al son de gaita, curdi\u00f3n, baillando la danza prima y cantando l\u2019himnu d\u2019Asturies<\/a><span class=\"post-date\">12\/11\/2024<\/span><\/li>\n<li><a href=\"https:\/\/edublog.educastur.es\/ixuxu\/2024\/11\/34062\/\">(sin t\u00edtulo)<\/a><span class=\"post-date\">12\/11\/2024<\/span><\/li>\n<li><a href=\"https:\/\/edublog.educastur.es\/ixuxu\/2024\/11\/xabalies-mariscadores-y-nadadores-na-ria-de-villaviciosa\/\">Xabal\u00edes mariscadores y nadadores na r\u00eda de Villaviciosa<\/a><span class=\"post-date\">12\/11\/2024<\/span><\/li>\n<li><a href=\"https:\/\/edublog.educastur.es\/ixuxu\/2024\/11\/pallabreru-de-la-seronda\/\">Pallabreru de la seronda<\/a><span class=\"post-date\">12\/11\/2024<\/span><\/li>\n<li><a href=\"https:\/\/edublog.educastur.es\/ixuxu\/2024\/11\/impresionante-imaxe-el-monte-submarin-de-renacuajos\/\">\u00a0Impresionante monte submar\u00edn de renacuayos en Canad\u00e1<\/a><span class=\"post-date\">12\/11\/2024<\/span><\/li>\n<li><a href=\"https:\/\/edublog.educastur.es\/ixuxu\/2024\/11\/34895\/\">Interpretamos un cartelu<\/a><span class=\"post-date\">12\/11\/2024<\/span><\/li>\n<li><a href=\"https:\/\/edublog.educastur.es\/ixuxu\/2024\/11\/exemplu-de-recuperacion-de-dalguna-basoria\/\">Exemplu de recuperaci\u00f3n de dalguna basoria que tiren los dem\u00e1s<\/a><span class=\"post-date\">12\/11\/2024<\/span><\/li>\n<li><a href=\"https:\/\/edublog.educastur.es\/ixuxu\/2024\/11\/premiu-rtpa-a-meyor-videoclip-asturianu-nel-fivoviedo\/\">Premiu RTPA a meyor videoclip asturianu nel Fivoviedo<\/a><span class=\"post-date\">12\/11\/2024<\/span><\/li>\n<li><a href=\"https:\/\/edublog.educastur.es\/ixuxu\/2024\/11\/paulo-freire-la-alfabetizacion-ye-lhabilida-de-leer-el-mundu\/\">Paulo Freire \u00abLa alfabetizaci\u00f3n ye l\u2019habilid\u00e1 de leer el mundu\u2026\u00bb<\/a><span class=\"post-date\">11\/11\/2024<\/span><\/li>\n<li><a href=\"https:\/\/edublog.educastur.es\/ixuxu\/2024\/11\/redibuxando-asturies\/\">\u00abRedibuxando Asturies\u00bb por Ivor, profesor de dibuxu y artista<\/a><span class=\"post-date\">11\/11\/2024<\/span><\/li>\n<li><a href=\"https:\/\/edublog.educastur.es\/ixuxu\/2024\/11\/les-noticies-del-llunes-11-de-payares-2024-nasturianu-tpanoticies\/\">Les noticies del llunes 11 de payares 2024 n\u2019asturianu #TPANoticies<\/a><span class=\"post-date\">11\/11\/2024<\/span><\/li>\n<li><a href=\"https:\/\/edublog.educastur.es\/ixuxu\/2024\/11\/la-sidra-ya-ye-mundial-exame-aprobau-y-con-nota-para-ser-patrimoniu-de-la-humanida\/\">\u00a1La sidra y\u00e1 ye mundial! Exame aprob\u00e1u pa ser Patrimoniu Inmaterial de la Humanid\u00e1<\/a><span class=\"post-date\">11\/11\/2024<\/span><\/li>\n<li><a href=\"https:\/\/edublog.educastur.es\/ixuxu\/2024\/11\/candial\/\">\u00abCandial\u00bb<\/a><span class=\"post-date\">11\/11\/2024<\/span><\/li>\n<li><a href=\"https:\/\/edublog.educastur.es\/ixuxu\/2024\/11\/30911\/\">(sin t\u00edtulo)<\/a><span class=\"post-date\">11\/11\/2024<\/span><\/li>\n<li><a href=\"https:\/\/edublog.educastur.es\/ixuxu\/2024\/11\/reflexon-linconsciente-gobierna-la-nuesa-vida\/\">Reflex\u00f3n: L\u2019inconsciente gobierna la nuesa vida<\/a><span class=\"post-date\">11\/11\/2024<\/span><\/li>\n<li><a href=\"https:\/\/edublog.educastur.es\/ixuxu\/2024\/11\/lo-que-nun-sentama-nun-sacaba\/\">\u00abLo que nun s\u2019entama nun s\u2019acaba\u00bb<\/a><span class=\"post-date\">11\/11\/2024<\/span><\/li>\n<li><a href=\"https:\/\/edublog.educastur.es\/ixuxu\/2024\/11\/artista-conceptual-helga-stentzel\/\">L\u2019artista conceptual Helga Stentzel, humaniza lo cotidiano.<\/a><span class=\"post-date\">11\/11\/2024<\/span><\/li>\n<li><a href=\"https:\/\/edublog.educastur.es\/ixuxu\/2024\/11\/34802\/\">(sin t\u00edtulo)<\/a><span class=\"post-date\">11\/11\/2024<\/span><\/li>\n<li><a href=\"https:\/\/edublog.educastur.es\/ixuxu\/2024\/11\/el-factor-humanu\/\">Vi\u00f1eta: \u00abEl factor humanu\u00bb<\/a><span class=\"post-date\">11\/11\/2024<\/span><\/li>\n<li><a href=\"https:\/\/edublog.educastur.es\/ixuxu\/2024\/11\/34809\/\">Una de les m\u00e1s importantes obres del movimientu espresionista<\/a><span class=\"post-date\">11\/11\/2024<\/span><\/li>\n<li><a href=\"https:\/\/edublog.educastur.es\/ixuxu\/2024\/11\/como-nos-antiguos-filandones-nos-que-la-xente-axuntabase\/\">Llaranes prep\u00e1rase pal so X Filand\u00f3n<\/a><span class=\"post-date\">11\/11\/2024<\/span><\/li>\n<li><a href=\"https:\/\/edublog.educastur.es\/ixuxu\/2024\/11\/dia-mundial-de-lorigami\/\">D\u00eda Mundial de l\u2019Origami<\/a><span class=\"post-date\">11\/11\/2024<\/span><\/li>\n<li><a href=\"https:\/\/edublog.educastur.es\/ixuxu\/2024\/11\/ehi-likigai\/\">Eh\u00ed: l\u2019IKIGAI<\/a><span class=\"post-date\">11\/11\/2024<\/span><\/li>\n<li><a href=\"https:\/\/edublog.educastur.es\/ixuxu\/2024\/11\/dia-les-llibreries\/\">D\u00eda les Llibrer\u00edes<\/a><span class=\"post-date\">11\/11\/2024<\/span><\/li>\n<li><a href=\"https:\/\/edublog.educastur.es\/ixuxu\/2024\/11\/estau-del-tiempu-llunes-11-de-payares\/\">Est\u00e1u del tiempu: llunes 11 de payares<\/a><span class=\"post-date\">11\/11\/2024<\/span><\/li>\n<li><a href=\"https:\/\/edublog.educastur.es\/ixuxu\/2024\/11\/noveda-discu-de-pauline-en-la-playa\/\">Noved\u00e1: Discu de \u00abPauline en la playa\u00bb<\/a><span class=\"post-date\">10\/11\/2024<\/span><\/li>\n<li><a href=\"https:\/\/edublog.educastur.es\/ixuxu\/2024\/11\/34728\/\">(sin t\u00edtulo)<\/a><span class=\"post-date\">10\/11\/2024<\/span><\/li>\n<li><a href=\"https:\/\/edublog.educastur.es\/ixuxu\/2024\/11\/el-llobu-simbolu-de-resiliencia-y-recuperacion\/\">El llobu, s\u00edmbolu de resiliencia y recuperaci\u00f3n, desendolca un papel vital nel mantenimientu d\u2019ecosistemes saludables<\/a><span class=\"post-date\">10\/11\/2024<\/span><\/li>\n<li><a href=\"https:\/\/edublog.educastur.es\/ixuxu\/2024\/11\/nenos-xugando-xunta-la-ilesia-de-santa-maria-del-puertu\/\">Ne\u00f1os xugando xunta la ilesia de Santa Mar\u00eda d\u2019El Puertu<\/a><span class=\"post-date\">10\/11\/2024<\/span><\/li>\n<li><a href=\"https:\/\/edublog.educastur.es\/ixuxu\/2024\/11\/el-bote-de-vela-llatina-bien-dinteres-cultural-inmaterial-nel-principau\/\">El bote de vela llatina, Bien d\u2019Inter\u00e9s Cultural Inmaterial nel Princip\u00e1u.<\/a><span class=\"post-date\">10\/11\/2024<\/span><\/li>\n<li><a href=\"https:\/\/edublog.educastur.es\/ixuxu\/2024\/11\/a-partir-del-martes-llega-una-nueva-a-espana\/\">Avisu urxente de los espertos: a partir del martes llega una nueva DANA a Espa\u00f1a<\/a><span class=\"post-date\">10\/11\/2024<\/span><\/li>\n<li><a href=\"https:\/\/edublog.educastur.es\/ixuxu\/2024\/11\/acarriar\/\">\u00abAcarriar\u00bb<\/a><span class=\"post-date\">10\/11\/2024<\/span><\/li>\n<li><a href=\"https:\/\/edublog.educastur.es\/ixuxu\/2024\/11\/el-magu-doz\/\">El magu d\u2019Oz.<\/a><span class=\"post-date\">10\/11\/2024<\/span><\/li>\n<li><a href=\"https:\/\/edublog.educastur.es\/ixuxu\/2024\/11\/cultura-va-financiar-la-restauracion-del-patrimoniu-de-les-branes-asturianes\/\">Cultura va financiar la restauraci\u00f3n del patrimoniu de les bra\u00f1es asturianes<\/a><span class=\"post-date\">10\/11\/2024<\/span><\/li>\n<li><a href=\"https:\/\/edublog.educastur.es\/ixuxu\/2024\/11\/34678\/\">(sin t\u00edtulo)<\/a><span class=\"post-date\">10\/11\/2024<\/span><\/li>\n<li><a href=\"https:\/\/edublog.educastur.es\/ixuxu\/2024\/11\/cain-atopase-a-tan-solo-30-kilometros-del-cantabricu\/\">Ca\u00edn at\u00f3pase a tan solo 30 kil\u00f3metros del Cant\u00e1bricu.<\/a><span class=\"post-date\">10\/11\/2024<\/span><\/li>\n<li><a href=\"https:\/\/edublog.educastur.es\/ixuxu\/2024\/11\/multitu-de-calabaces\/\">Multit\u00fa\u00a0de calabaces<\/a><span class=\"post-date\">10\/11\/2024<\/span><\/li>\n<li><a href=\"https:\/\/edublog.educastur.es\/ixuxu\/2024\/11\/cual-ye-la-carrera-universitaria-mas-dificil-segun-chatgpt\/\">\u00bfCu\u00e1l ye la carrera universitaria m\u00e1s dif\u00edcil, seg\u00fan ChatGPT?<\/a><span class=\"post-date\">10\/11\/2024<\/span><\/li>\n<li><a href=\"https:\/\/edublog.educastur.es\/ixuxu\/2024\/11\/33898\/\">(sin t\u00edtulo)<\/a><span class=\"post-date\">10\/11\/2024<\/span><\/li>\n<li><a href=\"https:\/\/edublog.educastur.es\/ixuxu\/2024\/11\/la-dana-ye-una-manifestacion-clara-del-cambeu-climaticu\/\">La dana ye una manifestaci\u00f3n clara del camb\u00e9u clim\u00e1ticu<\/a><span class=\"post-date\">10\/11\/2024<\/span><\/li>\n<li><a href=\"https:\/\/edublog.educastur.es\/ixuxu\/2024\/11\/argayu-descomunal-na-autopista-del-guerna\/\">Argayu descomunal na Autopista del G\u00fcerna en dambos sent\u00edos<\/a><span class=\"post-date\">10\/11\/2024<\/span><\/li>\n<li><a href=\"https:\/\/edublog.educastur.es\/ixuxu\/2024\/11\/diferencia-ente-dana-y-borrasca-bofarra\/\">Diferencia ente DANA y borrasca<\/a><span class=\"post-date\">10\/11\/2024<\/span><\/li>\n<li><a href=\"https:\/\/edublog.educastur.es\/ixuxu\/2024\/11\/33695\/\">XI Sestaferia educativa: Ferramientes audiovisuales y d\u2019IA pal aula de Llingua Asturiana<\/a><span class=\"post-date\">10\/11\/2024<\/span><\/li>\n<li><a href=\"https:\/\/edublog.educastur.es\/ixuxu\/2024\/11\/el-cambeu-climaticu-primer-nevada-narabia-saudita\/\">El Camb\u00e9u Clim\u00e1ticu: primer nevada rexistr\u00e1 n\u2019Arabia Saudita<\/a><span class=\"post-date\">10\/11\/2024<\/span><\/li>\n<li><a href=\"https:\/\/edublog.educastur.es\/ixuxu\/2024\/11\/amaguestu-na-cai-gascona\/\">Amag\u00fcestu na Cai Gascona<\/a><span class=\"post-date\">10\/11\/2024<\/span><\/li>\n<li><a href=\"https:\/\/edublog.educastur.es\/ixuxu\/2024\/11\/34828\/\">(sin t\u00edtulo)<\/a><span class=\"post-date\">10\/11\/2024<\/span><\/li>\n<li><a href=\"https:\/\/edublog.educastur.es\/ixuxu\/2024\/11\/la-lluz-de-la-esperanza\/\">\u00abLa lluz de la esperanza\u00bb<\/a><span class=\"post-date\">10\/11\/2024<\/span><\/li>\n<li><a href=\"https:\/\/edublog.educastur.es\/ixuxu\/2024\/11\/dia-de-los-y-les-dibuxantes\/\">D\u00eda de los y les Dibuxantes<\/a><span class=\"post-date\">10\/11\/2024<\/span><\/li>\n<li><a href=\"https:\/\/edublog.educastur.es\/ixuxu\/2024\/11\/estau-del-tiempu-domingu-10-de-payares\/\">Est\u00e1u del tiempu: domingu 10 de payares<\/a><span class=\"post-date\">10\/11\/2024<\/span><\/li>\n<li><a href=\"https:\/\/edublog.educastur.es\/ixuxu\/2024\/11\/33828\/\">(sin t\u00edtulo)<\/a><span class=\"post-date\">10\/11\/2024<\/span><\/li>\n<li><a href=\"https:\/\/edublog.educastur.es\/ixuxu\/2024\/11\/una-de-les-principales-rutes-del-camin-de-santiago\/\">Una de les principales rutes del Cam\u00edn de Santiago<\/a><span class=\"post-date\">09\/11\/2024<\/span><\/li>\n<li><a href=\"https:\/\/edublog.educastur.es\/ixuxu\/2024\/11\/gue-bue-guei\/\">G\u00fce \/ bue \/ g\u00fcei<\/a><span class=\"post-date\">09\/11\/2024<\/span><\/li>\n<li><a href=\"https:\/\/edublog.educastur.es\/ixuxu\/2024\/11\/34619\/\">Otra poes\u00eda n\u2019asturianu: Lola Koundakjian<\/a><span class=\"post-date\">09\/11\/2024<\/span><\/li>\n<li><a href=\"https:\/\/edublog.educastur.es\/ixuxu\/2024\/11\/amaguestu-na-xusticia\/\">Amag\u00fcestu na Xusticia.<\/a><span class=\"post-date\">09\/11\/2024<\/span><\/li>\n<li><a href=\"https:\/\/edublog.educastur.es\/ixuxu\/2024\/11\/estes-son-los-tres-meyores-sidres-dasturies\/\">Estes son los tres meyores sidres d\u2019Asturies<\/a><span class=\"post-date\">09\/11\/2024<\/span><\/li>\n<li><a href=\"https:\/\/edublog.educastur.es\/ixuxu\/2024\/11\/cada-vez-savera-mas-la-reconocencia-de-la-sidra-como-patrimoniu-inmaterial-de-la-unesco\/\">Cada vez s\u2019avera m\u00e1s la reconocencia de la Sidra como Patrimoniu Inmaterial de la UNESCO.<\/a><span class=\"post-date\">09\/11\/2024<\/span><\/li>\n<li><a href=\"https:\/\/edublog.educastur.es\/ixuxu\/2024\/11\/los-llagares-siguen-prensando-la-mazana\/\">Los llagares siguen prensando mazana: poca mazana, pero de bona calid\u00e1<\/a><span class=\"post-date\">09\/11\/2024<\/span><\/li>\n<li><a href=\"https:\/\/edublog.educastur.es\/ixuxu\/2024\/11\/34650\/\">(sin t\u00edtulo)<\/a><span class=\"post-date\">09\/11\/2024<\/span><\/li>\n<li><a href=\"https:\/\/edublog.educastur.es\/ixuxu\/2024\/11\/rtpa-va-emitir-la-final-del-xvi-premiu-camareta-domingu-2245-hores\/\">RTPA va emitir la Final del XVI Premiu Camaret\u00e1: domingu 22:45 hores<\/a><span class=\"post-date\">09\/11\/2024<\/span><\/li>\n<li><a href=\"https:\/\/edublog.educastur.es\/ixuxu\/2024\/11\/abegosu-2\/\">\u00abAbegosu\u00bb<\/a><span class=\"post-date\">09\/11\/2024<\/span><\/li>\n<li><a href=\"https:\/\/edublog.educastur.es\/ixuxu\/2024\/11\/pal-que-nun-quier-nada-tengo-yo-muncho\/\">\u00abPal que nun quier nada, tengo yo muncho\u00bb.<\/a><span class=\"post-date\">09\/11\/2024<\/span><\/li>\n<li><a href=\"https:\/\/edublog.educastur.es\/ixuxu\/2024\/11\/34566\/\">(sin t\u00edtulo)<\/a><span class=\"post-date\">09\/11\/2024<\/span><\/li>\n<li><a href=\"https:\/\/edublog.educastur.es\/ixuxu\/2024\/11\/34553\/\">Anuariu de la M\u00fasica Asturiana 2023<\/a><span class=\"post-date\">09\/11\/2024<\/span><\/li>\n<li><a href=\"https:\/\/edublog.educastur.es\/ixuxu\/2024\/11\/semeyes-de-la-final-del-premiu-camareta-al-meyor-cantar-2024\/\">Semeyes de la Final del Premiu Camaret\u00e1 al Meyor Cantar 2024<\/a><span class=\"post-date\">09\/11\/2024<\/span><\/li>\n<li><a href=\"https:\/\/edublog.educastur.es\/ixuxu\/2024\/11\/acompanando-a-los-ganadores-del-premiu-camareta-2024\/\">La Bonturn\u00e9, una de les esperiencies m\u00e1s tresformadores del folk asturianu.<\/a><span class=\"post-date\">09\/11\/2024<\/span><\/li>\n<li><a href=\"https:\/\/edublog.educastur.es\/ixuxu\/2024\/11\/la-bonturne-ganal-xvi-premiu-camareta-al-meyor-cantar-col-tema-odisea-la-nui\/\">\u00abLa Bonturn\u00e9\u00bb gana\u2019l XVI Premiu \u00abCamaret\u00e1 al meyor cantar\u00bb col tema \u00abOdisea la nui\u00bb<\/a><span class=\"post-date\">09\/11\/2024<\/span><\/li>\n<li><a href=\"https:\/\/edublog.educastur.es\/ixuxu\/2024\/11\/tiempu-damaguestos-nasturies\/\">Tiempu d\u2019amag\u00fcestos n\u2019Asturies<\/a><span class=\"post-date\">09\/11\/2024<\/span><\/li>\n<li><a href=\"https:\/\/edublog.educastur.es\/ixuxu\/2024\/11\/amagostar\/\">\u00abAmagostar\u00bb<\/a><span class=\"post-date\">09\/11\/2024<\/span><\/li>\n<li><a href=\"https:\/\/edublog.educastur.es\/ixuxu\/2024\/11\/dia-internacional-de-la-inventora-y-linventor\/\">D\u00eda Internacional de la Inventora y l\u2019Inventor<\/a><span class=\"post-date\">09\/11\/2024<\/span><\/li>\n<li><a href=\"https:\/\/edublog.educastur.es\/ixuxu\/2024\/11\/estau-del-tiempu-sabadu-9-de-payares\/\">Est\u00e1u del tiempu: s\u00e1badu 9 de payares<\/a><span class=\"post-date\">09\/11\/2024<\/span><\/li>\n<li><a href=\"https:\/\/edublog.educastur.es\/ixuxu\/2024\/11\/34498\/\">(sin t\u00edtulo)<\/a><span class=\"post-date\">08\/11\/2024<\/span><\/li>\n<li><a href=\"https:\/\/edublog.educastur.es\/ixuxu\/2024\/11\/atapecer-na-sablera-de-salinas-castrillon\/\">Atapecer na Sablera de Salinas (Castrill\u00f3n)<\/a><span class=\"post-date\">08\/11\/2024<\/span><\/li>\n<li><a href=\"https:\/\/edublog.educastur.es\/ixuxu\/2024\/11\/facil-dentender-quasocedio-en-valencia\/\">F\u00e1cil d\u2019entender qu\u2019asocedi\u00f3 en Valencia<\/a><span class=\"post-date\">08\/11\/2024<\/span><\/li>\n<li><a href=\"https:\/\/edublog.educastur.es\/ixuxu\/2024\/11\/conase\/\">\u201cCo\u00f1ase\u201d<\/a><span class=\"post-date\">08\/11\/2024<\/span><\/li>\n<li><a href=\"https:\/\/edublog.educastur.es\/ixuxu\/2024\/11\/34540\/\">Charra y taller d\u2019escanci\u00e1u con Salvador Ond\u00f3<\/a><span class=\"post-date\">08\/11\/2024<\/span><\/li>\n<li><a href=\"https:\/\/edublog.educastur.es\/ixuxu\/2024\/11\/cuentu-valentina-y-la-dana\/\">Cuentu \u00abValentina y la DANA\u00bb<\/a><span class=\"post-date\">08\/11\/2024<\/span><\/li>\n<li><a href=\"https:\/\/edublog.educastur.es\/ixuxu\/2024\/11\/ye-prestoso-tar-nominau-a-un-premiu-que-quier-prestixar-la-llingua\/\">\u00abYe prestoso tar nomin\u00e1u a un premiu que quier prestixar la llingua\u00bb<\/a><span class=\"post-date\">08\/11\/2024<\/span><\/li>\n<li><a href=\"https:\/\/edublog.educastur.es\/ixuxu\/2024\/11\/siempres-ye-un-bon-momentu-para-esfrutar-de-nuesa-sidra\/\">Siempres ye un bon momentu para esfrutar de nuesa sidra<\/a><span class=\"post-date\">08\/11\/2024<\/span><\/li>\n<li><a href=\"https:\/\/edublog.educastur.es\/ixuxu\/2024\/11\/34525\/\">(sin t\u00edtulo)<\/a><span class=\"post-date\">08\/11\/2024<\/span><\/li>\n<li><a href=\"https:\/\/edublog.educastur.es\/ixuxu\/2024\/11\/34523\/\">(sin t\u00edtulo)<\/a><span class=\"post-date\">08\/11\/2024<\/span><\/li>\n<li><a href=\"https:\/\/edublog.educastur.es\/ixuxu\/2024\/11\/dia-mundial-ensin-wifi\/\">D\u00eda Mundial ensin WIFI<\/a><span class=\"post-date\">08\/11\/2024<\/span><\/li>\n<li><a href=\"https:\/\/edublog.educastur.es\/ixuxu\/2024\/11\/estau-del-tiempu-vienres-8-de-payares\/\">Est\u00e1u del tiempu: vienres 8 de payares<\/a><span class=\"post-date\">08\/11\/2024<\/span><\/li>\n<li><a href=\"https:\/\/edublog.educastur.es\/ixuxu\/2024\/11\/34507\/\">La voz de Severo Ochoa suena otra vuelta gracies a la IA<\/a><span class=\"post-date\">07\/11\/2024<\/span><\/li>\n<li><a href=\"https:\/\/edublog.educastur.es\/ixuxu\/2024\/11\/el-belles-artes-acueye-la-so-primer-esposicion-dedicada-al-arte-xapones\/\">El Belles Artes acueye la so primer esposici\u00f3n dedicada al arte xapon\u00e9s<\/a><span class=\"post-date\">07\/11\/2024<\/span><\/li>\n<li><a href=\"https:\/\/edublog.educastur.es\/ixuxu\/2024\/11\/les-noticies-del-xueves-7-de-payares-de-2024-nasturianu-tpanoticies\/\">Les noticies del xueves 7 de payares de 2024 n\u2019asturianu #TPANoticies<\/a><span class=\"post-date\">07\/11\/2024<\/span><\/li>\n<li><a href=\"https:\/\/edublog.educastur.es\/ixuxu\/2024\/11\/34496\/\">(sin t\u00edtulo)<\/a><span class=\"post-date\">07\/11\/2024<\/span><\/li>\n<li><a href=\"https:\/\/edublog.educastur.es\/ixuxu\/2024\/11\/mural-colaborativu-en-poo-de-cabrales\/\">Mural colaborativu en Poo de Cabrales<\/a><span class=\"post-date\">07\/11\/2024<\/span><\/li>\n<li><a href=\"https:\/\/edublog.educastur.es\/ixuxu\/2024\/11\/amaguestu-etnograficu-y-musical-en-vistrimir-val-le-de-cuna-mieres\/\">Amag\u00fcestu etnogr\u00e1ficu y musical en Vistrimir, Val.le de Cuna (Mieres)<\/a><span class=\"post-date\">07\/11\/2024<\/span><\/li>\n<li><a href=\"https:\/\/edublog.educastur.es\/ixuxu\/2024\/11\/como-presta-panar-castanes\/\">\u00a1C\u00f3mo presta pa\u00f1ar casta\u00f1es!<\/a><span class=\"post-date\">07\/11\/2024<\/span><\/li>\n<li><a href=\"https:\/\/edublog.educastur.es\/ixuxu\/2024\/11\/34453\/\">(sin t\u00edtulo)<\/a><span class=\"post-date\">07\/11\/2024<\/span><\/li>\n<li><a href=\"https:\/\/edublog.educastur.es\/ixuxu\/2024\/11\/el-principau-desembarca-na-feria-darte-west-bund-de-shanghai-con-obres-de-seis-creadores-asturianos\/\">El Princip\u00e1u desembarca na feria d\u2019arte West Bund de Shangh\u00e1i con obres de seis creadores asturianos<\/a><span class=\"post-date\">07\/11\/2024<\/span><\/li>\n<li><a href=\"https:\/\/edublog.educastur.es\/ixuxu\/2024\/11\/la-interesante-hestoria-del-codigu-qr\/\">La interesante hestoria del C\u00f3digu QR<\/a><span class=\"post-date\">07\/11\/2024<\/span><\/li>\n<li><a href=\"https:\/\/edublog.educastur.es\/ixuxu\/2024\/11\/alumnau-de-robotix\/\">Alumn\u00e1u de Robotix<\/a><span class=\"post-date\">07\/11\/2024<\/span><\/li>\n<li><a href=\"https:\/\/edublog.educastur.es\/ixuxu\/2024\/11\/un-7-de-payares-dexonos-margarita-salas\/\">Un 7 de payares dex\u00f3nos Margarita Salas.\u00a0<\/a><span class=\"post-date\">07\/11\/2024<\/span><\/li>\n<li><a href=\"https:\/\/edublog.educastur.es\/ixuxu\/2024\/11\/guei-8-anos-ensin-leonard-cohen\/\">G\u00fcei, 8 a\u00f1os ensin Leonard Cohen<\/a><span class=\"post-date\">07\/11\/2024<\/span><\/li>\n<li><a href=\"https:\/\/edublog.educastur.es\/ixuxu\/2024\/11\/dia-internacional-contra-la-violencia-y-lacoso-escolar\/\">D\u00eda Internacional contra la Violencia y l\u2019Acoso Escolar<\/a><span class=\"post-date\">07\/11\/2024<\/span><\/li>\n<li><a href=\"https:\/\/edublog.educastur.es\/ixuxu\/2024\/11\/estau-del-tiempu-xueves-7-de-payares\/\">Est\u00e1u del tiempu: xueves 7 de payares<\/a><span class=\"post-date\">07\/11\/2024<\/span><\/li>\n<li><a href=\"https:\/\/edublog.educastur.es\/ixuxu\/2024\/11\/esti-foil-dia-que-michael-jackson-fizo-historia\/\">Esti foi\u2019l d\u00eda que Michael Jackson, el rei del Pop, fizo historia<\/a><span class=\"post-date\">07\/11\/2024<\/span><\/li>\n<li><a href=\"https:\/\/edublog.educastur.es\/ixuxu\/2024\/11\/canciones-populares-asturianes-15\/\">Canciones Populares Asturianes 15<\/a><span class=\"post-date\">06\/11\/2024<\/span><\/li>\n<li><a href=\"https:\/\/edublog.educastur.es\/ixuxu\/2024\/11\/esti-yel-pueblu-asturianu-nel-que-se-rodo-la-nueva-miniserie-de-netflix\/\">Esti ye\u2019l pueblu asturianu nel que se rod\u00f3 la nueva miniserie de Netflix.<\/a><span class=\"post-date\">06\/11\/2024<\/span><\/li>\n<li><a href=\"https:\/\/edublog.educastur.es\/ixuxu\/2024\/11\/34421\/\">(sin t\u00edtulo)<\/a><span class=\"post-date\">06\/11\/2024<\/span><\/li>\n<li><a href=\"https:\/\/edublog.educastur.es\/ixuxu\/2024\/11\/exemplu-danunciu-turisticu-dun-parque-natural\/\">Exemplu d\u2019anunciu tur\u00edsticu d\u2019un Parque Natural<\/a><span class=\"post-date\">06\/11\/2024<\/span><\/li>\n<li><a href=\"https:\/\/edublog.educastur.es\/ixuxu\/2024\/11\/trump-yel-presidente-electu-de-los-estaos-xunios\/\">Trump ye\u2019l presidente electu de los Estaos Xun\u00edos<\/a><span class=\"post-date\">06\/11\/2024<\/span><\/li>\n<li><a href=\"https:\/\/edublog.educastur.es\/ixuxu\/2024\/11\/mapa-del-reinu-visigodo-586-711\/\">Mapa del Reinu Visigodo, 586-711.<\/a><span class=\"post-date\">06\/11\/2024<\/span><\/li>\n<li><a href=\"https:\/\/edublog.educastur.es\/ixuxu\/2024\/11\/acoyer\/\">\u201cAcoyer\u201d<\/a><span class=\"post-date\">06\/11\/2024<\/span><\/li>\n<li><a href=\"https:\/\/edublog.educastur.es\/ixuxu\/2024\/11\/la-unida-canina-de-rescate-del-principau-dasturies-trabaya-en-valencia-sobrol-terren\/\">La Unid\u00e1 Canina de Rescate del Princip\u00e1u d\u2019Asturies trabaya en Valencia sobro\u2019l terr\u00e9n<\/a><span class=\"post-date\">06\/11\/2024<\/span><\/li>\n<li><a href=\"https:\/\/edublog.educastur.es\/ixuxu\/2024\/11\/34386\/\">(sin t\u00edtulo)<\/a><span class=\"post-date\">06\/11\/2024<\/span><\/li>\n<li><a href=\"https:\/\/edublog.educastur.es\/ixuxu\/2024\/11\/les-viesques-necesaries-xuan-porta\/\">Art\u00edculu: \u00abLes viesques necesaries\u00bb (Xuan Porta)<\/a><span class=\"post-date\">06\/11\/2024<\/span><\/li>\n<li><a href=\"https:\/\/edublog.educastur.es\/ixuxu\/2024\/11\/espana-encabezal-ranking-con-mas-espacios-reserves-de-la-biosfera-del-mundu\/\">Espa\u00f1a encabeza\u2019l ranking con m\u00e1s espacios Reserves de la Biosfera del mundu<\/a><span class=\"post-date\">06\/11\/2024<\/span><\/li>\n<li><a href=\"https:\/\/edublog.educastur.es\/ixuxu\/2024\/11\/melendi-compon-un-cantar-nhomenxe-a-los-afectaos-pola-dana\/\">Melendi comp\u00f3n un cantar n\u2019homenxe a los afectaos pola DANA<\/a><span class=\"post-date\">06\/11\/2024<\/span><\/li>\n<li><a href=\"https:\/\/edublog.educastur.es\/ixuxu\/2024\/11\/alvertencia\/\">\u2018Alvertencia\u2019.<\/a><span class=\"post-date\">06\/11\/2024<\/span><\/li>\n<li><a href=\"https:\/\/edublog.educastur.es\/ixuxu\/2024\/11\/34341\/\">(sin t\u00edtulo)<\/a><span class=\"post-date\">06\/11\/2024<\/span><\/li>\n<li><a href=\"https:\/\/edublog.educastur.es\/ixuxu\/2024\/11\/xixon-va-acoyer-pel-branu-lestrenu-nespana-de-kurios\/\">Xix\u00f3n va acoyer pel branu l\u2019estrenu n\u2019Espa\u00f1a de \u2018Kurios\u2019<\/a><span class=\"post-date\">06\/11\/2024<\/span><\/li>\n<li><a href=\"https:\/\/edublog.educastur.es\/ixuxu\/2024\/11\/asturies-patria-queria-entra-nel-primer-cancioneru-europeu\/\">\u00abAsturies, Patria quer\u00eda\u00bb entra nel primer cancioneru europ\u00e9u<\/a><span class=\"post-date\">06\/11\/2024<\/span><\/li>\n<li><a href=\"https:\/\/edublog.educastur.es\/ixuxu\/2024\/11\/crea-una-lloteria-de-cartes-asturmexicana-para-xugar-a-xuntar-dos-continentes\/\">Crea una lloter\u00eda de cartes \u00abasturmexicana\u00bb para xugar a xuntar dos continentes.<\/a><span class=\"post-date\">06\/11\/2024<\/span><\/li>\n<li><a href=\"https:\/\/edublog.educastur.es\/ixuxu\/2024\/11\/seguro-que-conoces-asturies-afayala\/\">\u00bfSeguro que conoces Asturies? Af\u00e1yala<\/a><span class=\"post-date\">06\/11\/2024<\/span><\/li>\n<li><a href=\"https:\/\/edublog.educastur.es\/ixuxu\/2024\/11\/linstintu-de-proteccion-y-descansu-destos-osos-polares\/\">L\u2019instintu de protecci\u00f3n y descansu d\u2019estos osos polares<\/a><span class=\"post-date\">06\/11\/2024<\/span><\/li>\n<li><a href=\"https:\/\/edublog.educastur.es\/ixuxu\/2024\/11\/34361\/\">(sin t\u00edtulo)<\/a><span class=\"post-date\">06\/11\/2024<\/span><\/li>\n<li><a href=\"https:\/\/edublog.educastur.es\/ixuxu\/2024\/11\/dibuxar-sobro-una-semeya\/\">Dibuxar sobro una semeya<\/a><span class=\"post-date\">06\/11\/2024<\/span><\/li>\n<li><a href=\"https:\/\/edublog.educastur.es\/ixuxu\/2024\/11\/precisase-piensu-pa-los-animales-de-la-granxa-valencianos\/\">Prec\u00edsase piensu pa los animales de la granxa valencianos<\/a><span class=\"post-date\">06\/11\/2024<\/span><\/li>\n<li><a href=\"https:\/\/edublog.educastur.es\/ixuxu\/2024\/11\/dia-mundial-del-saxofon\/\">D\u00eda Mundial del Saxof\u00f3n<\/a><span class=\"post-date\">06\/11\/2024<\/span><\/li>\n<li><a href=\"https:\/\/edublog.educastur.es\/ixuxu\/2024\/11\/estau-del-tiempu-miercoles-6-de-payares\/\">Est\u00e1u del tiempu: mi\u00e9rcoles 6 de payares<\/a><span class=\"post-date\">06\/11\/2024<\/span><\/li>\n<li><a href=\"https:\/\/edublog.educastur.es\/ixuxu\/2024\/11\/34331\/\">(sin t\u00edtulo)<\/a><span class=\"post-date\">06\/11\/2024<\/span><\/li>\n<li><a href=\"https:\/\/edublog.educastur.es\/ixuxu\/2024\/11\/verdina-el-musical\/\">\u00abVerdina\u00bb, El Musical<\/a><span class=\"post-date\">05\/11\/2024<\/span><\/li>\n<li><a href=\"https:\/\/edublog.educastur.es\/ixuxu\/2024\/11\/34316\/\">\u00abPola sienda del vientu\u00bb<\/a><span class=\"post-date\">05\/11\/2024<\/span><\/li>\n<li><a href=\"https:\/\/edublog.educastur.es\/ixuxu\/2024\/11\/gala-final-del-xvi-premiu-camareta-al-meyor-cantar\/\">Gala Final del XVI Premiu Camaret\u00e1 al Meyor Cantar<\/a><span class=\"post-date\">05\/11\/2024<\/span><\/li>\n<li><a href=\"https:\/\/edublog.educastur.es\/ixuxu\/2024\/11\/34302\/\">(sin t\u00edtulo)<\/a><span class=\"post-date\">05\/11\/2024<\/span><\/li>\n<li><a href=\"https:\/\/edublog.educastur.es\/ixuxu\/2024\/11\/solidariu-a-o\/\">\u201cSolidariu, -a, -o\u201d<\/a><span class=\"post-date\">05\/11\/2024<\/span><\/li>\n<li><a href=\"https:\/\/edublog.educastur.es\/ixuxu\/2024\/11\/34304\/\">Cinco mozos de distintos pa\u00edses formen la primer banda internacional creada dende la rede social favorita del Xen Z.<\/a><span class=\"post-date\">05\/11\/2024<\/span><\/li>\n<li><a href=\"https:\/\/edublog.educastur.es\/ixuxu\/2024\/11\/ya-se-recoyeron-unes-200-tonelaes-dalimentos-agua-y-productos-dhixene\/\">Y\u00e1 se recoyeron unes 200 tonelaes d\u2019alimentos, agua y productos d\u2019hixene.<\/a><span class=\"post-date\">05\/11\/2024<\/span><\/li>\n<li><a href=\"https:\/\/edublog.educastur.es\/ixuxu\/2024\/11\/34207\/\">(sin t\u00edtulo)<\/a><span class=\"post-date\">05\/11\/2024<\/span><\/li>\n<li><a href=\"https:\/\/edublog.educastur.es\/ixuxu\/2024\/11\/selmana-de-la-ciencia-nuniovi\/\">Selmana de la Ciencia n\u2019Uniovi<\/a><span class=\"post-date\">05\/11\/2024<\/span><\/li>\n<li><a href=\"https:\/\/edublog.educastur.es\/ixuxu\/2024\/11\/estau-del-tiempu-martes-5-de-payares\/\">Est\u00e1u del tiempu: martes 5 de payares<\/a><span class=\"post-date\">05\/11\/2024<\/span><\/li>\n<li><a href=\"https:\/\/edublog.educastur.es\/ixuxu\/2024\/11\/tutorial-incluyir-h-y-l-l-nel-word\/\">Tutorial Incluyir H. y L.l nel Word<\/a><span class=\"post-date\">04\/11\/2024<\/span><\/li>\n<li><a href=\"https:\/\/edublog.educastur.es\/ixuxu\/2024\/11\/34277\/\">(sin t\u00edtulo)<\/a><span class=\"post-date\">04\/11\/2024<\/span><\/li>\n<li><a href=\"https:\/\/edublog.educastur.es\/ixuxu\/2024\/11\/norabona-a-les-subcampeones-sub-17-de-futbol\/\">Norabona: Subcampeones Sub 17 f\u00fatbol<\/a><span class=\"post-date\">04\/11\/2024<\/span><\/li>\n<li><a href=\"https:\/\/edublog.educastur.es\/ixuxu\/2024\/11\/casper-el-pulpu-fantasma\/\">C\u00e1sper, el pulpu fantasma que nun se dexa capturar<\/a><span class=\"post-date\">04\/11\/2024<\/span><\/li>\n<li><a href=\"https:\/\/edublog.educastur.es\/ixuxu\/2024\/11\/34269\/\">\u00abClar\u00edn, \u00a1c\u00fantanos un cuentu! \u2013 La Rexenta\u00bb<\/a><span class=\"post-date\">04\/11\/2024<\/span><\/li>\n<li><a href=\"https:\/\/edublog.educastur.es\/ixuxu\/2024\/11\/34163\/\">(sin t\u00edtulo)<\/a><span class=\"post-date\">04\/11\/2024<\/span><\/li>\n<li><a href=\"https:\/\/edublog.educastur.es\/ixuxu\/2024\/11\/34259\/\">El discu, \u2018Los d\u00edes llargos\u2019 va ver la lluz el pr\u00f3ximu 8 de payares<\/a><span class=\"post-date\">04\/11\/2024<\/span><\/li>\n<li><a href=\"https:\/\/edublog.educastur.es\/ixuxu\/2024\/11\/alabate-borona-que-nun-hai-quien-te-coma\/\">\u00abAl\u00e1bate boro\u00f1a, que nun hai quien te coma\u00bb<\/a><span class=\"post-date\">04\/11\/2024<\/span><\/li>\n<li><a href=\"https:\/\/edublog.educastur.es\/ixuxu\/2024\/11\/vivir-col-corazon-agradeciu-gracies\/\">Vivir col coraz\u00f3n agradec\u00edu: GRACIES<\/a><span class=\"post-date\">04\/11\/2024<\/span><\/li>\n<li><a href=\"https:\/\/edublog.educastur.es\/ixuxu\/2024\/11\/34223\/\">(sin t\u00edtulo)<\/a><span class=\"post-date\">04\/11\/2024<\/span><\/li>\n<li><a href=\"https:\/\/edublog.educastur.es\/ixuxu\/2024\/11\/espolletar\/\">\u201cEspolletar\u201d<\/a><span class=\"post-date\">04\/11\/2024<\/span><\/li>\n<li><a href=\"https:\/\/edublog.educastur.es\/ixuxu\/2024\/11\/dia-de-la-unesco\/\">D\u00eda de la UNESCO<\/a><span class=\"post-date\">04\/11\/2024<\/span><\/li>\n<li><a href=\"https:\/\/edublog.educastur.es\/ixuxu\/2024\/11\/estau-del-tiempu-llunes-4-de-payares\/\">Est\u00e1u del tiempu: llunes 4 de payares<\/a><span class=\"post-date\">04\/11\/2024<\/span><\/li>\n<li><a href=\"https:\/\/edublog.educastur.es\/ixuxu\/2024\/11\/alarma\/\">\u00abAlarma\u00bb<\/a><span class=\"post-date\">03\/11\/2024<\/span><\/li>\n<li><a href=\"https:\/\/edublog.educastur.es\/ixuxu\/2024\/11\/34202\/\">(sin t\u00edtulo)<\/a><span class=\"post-date\">03\/11\/2024<\/span><\/li>\n<li><a href=\"https:\/\/edublog.educastur.es\/ixuxu\/2024\/11\/34194\/\">Mead, la muyer m\u00e1s influyente nel mundu de l\u2019Antropolox\u00eda<\/a><span class=\"post-date\">03\/11\/2024<\/span><\/li>\n<li><a href=\"https:\/\/edublog.educastur.es\/ixuxu\/2024\/11\/protexer-la-biodiversida-marina-empieza-per-caltener-el-so-habitat\/\">Protexer la biodiversid\u00e1 marina empieza per caltener el so h\u00e1bitat<\/a><span class=\"post-date\">03\/11\/2024<\/span><\/li>\n<li><a href=\"https:\/\/edublog.educastur.es\/ixuxu\/2024\/11\/34136\/\">(sin t\u00edtulo)<\/a><span class=\"post-date\">03\/11\/2024<\/span><\/li>\n<li><a href=\"https:\/\/edublog.educastur.es\/ixuxu\/2024\/11\/la-solidarida-nun-tien-fronteres-tol-sofitu-del-mundu-ye-poco-pa-valencia\/\">Sestaferia y solidarid\u00e1 en Valencia. Tol sofitu del mundu ye necesariu\u2026<\/a><span class=\"post-date\">03\/11\/2024<\/span><\/li>\n<li><a href=\"https:\/\/edublog.educastur.es\/ixuxu\/2024\/11\/conectar-cola-naturaleza\/\">Conectar cola naturaleza\u2026<\/a><span class=\"post-date\">03\/11\/2024<\/span><\/li>\n<li><a href=\"https:\/\/edublog.educastur.es\/ixuxu\/2024\/11\/alerta-naranxa-y-mariella-nel-mediterraneu\/\">Nube DANA n\u2019Espa\u00f1a: Alerta naranxa y mariella nel Mediterr\u00e1neu<\/a><span class=\"post-date\">03\/11\/2024<\/span><\/li>\n<li><a href=\"https:\/\/edublog.educastur.es\/ixuxu\/2024\/11\/felechu-2\/\">\u00abFelechu\u00bb<\/a><span class=\"post-date\">03\/11\/2024<\/span><\/li>\n<li><a href=\"https:\/\/edublog.educastur.es\/ixuxu\/2024\/11\/dia-mundial-del-sandwich\/\">D\u00eda Mundial del S\u00e1ndwich<\/a><span class=\"post-date\">03\/11\/2024<\/span><\/li>\n<li><a href=\"https:\/\/edublog.educastur.es\/ixuxu\/2024\/11\/estau-del-tiempu-domingu-3-de-payares\/\">Est\u00e1u del tiempu: Domingu 3 de payares<\/a><span class=\"post-date\">03\/11\/2024<\/span><\/li>\n<li><a href=\"https:\/\/edublog.educastur.es\/ixuxu\/2024\/11\/reflexon-3\/\">Reflex\u00f3n<\/a><span class=\"post-date\">02\/11\/2024<\/span><\/li>\n<li><a href=\"https:\/\/edublog.educastur.es\/ixuxu\/2024\/11\/recemos\/\">Recemos: \u00abWe pray\u00bb<\/a><span class=\"post-date\">02\/11\/2024<\/span><\/li>\n<li><a href=\"https:\/\/edublog.educastur.es\/ixuxu\/2024\/11\/pallabreru-de-les-comies\/\">Pallabreru de les com\u00edes<\/a><span class=\"post-date\">02\/11\/2024<\/span><\/li>\n<li><a href=\"https:\/\/edublog.educastur.es\/ixuxu\/2024\/11\/recordar-a-quien-ya-nun-tais\/\">Recordar a qui\u00e9n y\u00e1 nun t\u00e1is<\/a><span class=\"post-date\">02\/11\/2024<\/span><\/li>\n<li><a href=\"https:\/\/edublog.educastur.es\/ixuxu\/2024\/11\/dia-internacional-contra-la-violencia-y-lacoso-escolar-2\/\">D\u00eda Internacional Contra la Violencia y l\u2019Acoso Escolar<\/a><span class=\"post-date\">02\/11\/2024<\/span><\/li>\n<li><a href=\"https:\/\/edublog.educastur.es\/ixuxu\/2024\/11\/estau-del-tiempu-sabadu-2-de-payares\/\">Est\u00e1u del tiempu: s\u00e1badu 2 de payares<\/a><span class=\"post-date\">02\/11\/2024<\/span><\/li>\n<li><a href=\"https:\/\/edublog.educastur.es\/ixuxu\/2024\/11\/pa-reflexonar-3\/\">Pa reflexonar\u2026<\/a><span class=\"post-date\">01\/11\/2024<\/span><\/li>\n<li><a href=\"https:\/\/edublog.educastur.es\/ixuxu\/2024\/11\/34130\/\">(sin t\u00edtulo)<\/a><span class=\"post-date\">01\/11\/2024<\/span><\/li>\n<li><a href=\"https:\/\/edublog.educastur.es\/ixuxu\/2024\/11\/fiesta-de-samain-nel-xardin-botanicu-de-xixon\/\">Fiesta de Sama\u00edn nel Bot\u00e1nicu de Xix\u00f3n<\/a><span class=\"post-date\">01\/11\/2024<\/span><\/li>\n<li><a href=\"https:\/\/edublog.educastur.es\/ixuxu\/2024\/11\/bellisimas-tomes-de-les-fotografies-ganadores-del-ocean-photography-2021\/\">Bell\u00edsimas tomes de les fotograf\u00edes ganadores del \u00abOcean Photography 2021\u00bb<\/a><span class=\"post-date\">01\/11\/2024<\/span><\/li>\n<li><a href=\"https:\/\/edublog.educastur.es\/ixuxu\/2024\/11\/i-concursu-fotografia-dindumentaria-de-domina-del-sieglu-xix\/\">I Concursu fotografia d\u2019Indumentaria de D\u00f3mina del sieglu XIX<\/a><span class=\"post-date\">01\/11\/2024<\/span><\/li>\n<li><a href=\"https:\/\/edublog.educastur.es\/ixuxu\/2024\/11\/hai-que-vivir-cada-segundu-cada-minutu-cada-dia\/\">Hai que vivir cada segundu, cada minutu, cada d\u00eda\u2026<\/a><span class=\"post-date\">01\/11\/2024<\/span><\/li>\n<li><a href=\"https:\/\/edublog.educastur.es\/ixuxu\/2024\/11\/en-lluanco-gozon\/\">En Lluanco (Goz\u00f3n)<\/a><span class=\"post-date\">01\/11\/2024<\/span><\/li>\n<li><a href=\"https:\/\/edublog.educastur.es\/ixuxu\/2024\/11\/celebra-con-nos-el-dia-internacional-de-les-reserves-de-la-biosfera\/\">\u00a1Celebra con n\u00f3s el D\u00eda Internacional de les Reserves de la Biosfera!<\/a><span class=\"post-date\">01\/11\/2024<\/span><\/li>\n<li><a href=\"https:\/\/edublog.educastur.es\/ixuxu\/2024\/11\/toi-repunante-rodrigo-cuevas\/\">\u00abToi repunante\u00bb (Rodrigo Cuevas)<\/a><span class=\"post-date\">01\/11\/2024<\/span><\/li>\n<\/ul>\n","protected":false},"excerpt":{"rendered":"<p>(sin t\u00edtulo)30\/11\/2024 Programaci\u00f3n de Les Mazcaraes d\u2019Iviernu nel Mus\u00e9u de Belles Artes d\u2019Asturies.30\/11\/2024 El Grinch odia la Navid\u00e1 y tolo que representa30\/11\/2024 (sin t\u00edtulo)30\/11\/2024 Fiestes Santa B\u00e1rbara en Mieres30\/11\/2024 VI Campeonato de Espa\u00f1a de Pote Asturiano \u00abCiudad de Oviedo\u00bb30\/11\/2024 Entrega XXII Premio de poes\u00eda Afundaci\u00f3n30\/11\/2024 Herbamora vuelven a revolucionar la pandereta col so tercer discu [&hellip;]<\/p>\n","protected":false},"author":117,"featured_media":0,"parent":34967,"menu_order":0,"comment_status":"closed","ping_status":"closed","template":"","meta":{"footnotes":""},"class_list":["post-64933","page","type-page","status-publish","hentry"],"_links":{"self":[{"href":"https:\/\/edublog.educastur.es\/ixuxu\/wp-json\/wp\/v2\/pages\/64933","targetHints":{"allow":["GET"]}}],"collection":[{"href":"https:\/\/edublog.educastur.es\/ixuxu\/wp-json\/wp\/v2\/pages"}],"about":[{"href":"https:\/\/edublog.educastur.es\/ixuxu\/wp-json\/wp\/v2\/types\/page"}],"author":[{"embeddable":true,"href":"https:\/\/edublog.educastur.es\/ixuxu\/wp-json\/wp\/v2\/users\/117"}],"replies":[{"embeddable":true,"href":"https:\/\/edublog.educastur.es\/ixuxu\/wp-json\/wp\/v2\/comments?post=64933"}],"version-history":[{"count":1,"href":"https:\/\/edublog.educastur.es\/ixuxu\/wp-json\/wp\/v2\/pages\/64933\/revisions"}],"predecessor-version":[{"id":64934,"href":"https:\/\/edublog.educastur.es\/ixuxu\/wp-json\/wp\/v2\/pages\/64933\/revisions\/64934"}],"up":[{"embeddable":true,"href":"https:\/\/edublog.educastur.es\/ixuxu\/wp-json\/wp\/v2\/pages\/34967"}],"wp:attachment":[{"href":"https:\/\/edublog.educastur.es\/ixuxu\/wp-json\/wp\/v2\/media?parent=64933"}],"curies":[{"name":"wp","href":"https:\/\/api.w.org\/{rel}","templated":true}]}}