{"id":64935,"date":"2026-01-02T21:32:03","date_gmt":"2026-01-02T19:32:03","guid":{"rendered":"https:\/\/edublog.educastur.es\/ixuxu\/?page_id=64935"},"modified":"2026-01-02T21:32:09","modified_gmt":"2026-01-02T19:32:09","slug":"10_ochobre","status":"publish","type":"page","link":"https:\/\/edublog.educastur.es\/ixuxu\/archivu-blogue\/articulos\/2024-2\/10_ochobre\/","title":{"rendered":"10_Ochobre"},"content":{"rendered":"<ul>\n<li><a href=\"https:\/\/edublog.educastur.es\/ixuxu\/2024\/10\/halloween-en-new-york-a-ritmu-de-michael-jackson\/\">Halloween en New York a ritmu de Michael Jackson<\/a>\u00a0<span class=\"post-date\">31\/10\/2024<\/span><\/li>\n<li><a href=\"https:\/\/edublog.educastur.es\/ixuxu\/2024\/10\/el-verdaderu-calendariu-nel-mundu-rural-asturianu-lanu-acabal-31-dochobre-coincidiendo-col-samahin-celta\/\">El verdaderu calendariu nel mundu rural asturianu l\u2019a\u00f1u acaba\u2019l 31 d\u2019ochobre coincidiendo col Samahin celta<\/a>\u00a0<span class=\"post-date\">31\/10\/2024<\/span><\/li>\n<li><a href=\"https:\/\/edublog.educastur.es\/ixuxu\/2024\/10\/34093\/\">Halloween tien los sos raiga\u00f1os na antigua festivid\u00e1 celta de Samhain<\/a>\u00a0<span class=\"post-date\">31\/10\/2024<\/span><\/li>\n<li><a href=\"https:\/\/edublog.educastur.es\/ixuxu\/2024\/10\/festival-de-jazz-y-poesia-daviles-10-de-payares\/\">Festival de Jazz y Poes\u00eda d\u2019Avil\u00e9s (10 de payares)<\/a>\u00a0<span class=\"post-date\">31\/10\/2024<\/span><\/li>\n<li><a href=\"https:\/\/edublog.educastur.es\/ixuxu\/2024\/10\/34068\/\">#MiFotodeGijon<\/a>\u00a0<span class=\"post-date\">31\/10\/2024<\/span><\/li>\n<li><a href=\"https:\/\/edublog.educastur.es\/ixuxu\/2024\/10\/ya-hai-entraes-gratuites-pal-xvi-premiu-camareta-al-meyor-cantar\/\">Y\u00e1 hai entraes gratuites pal XVI Premiu Camaret\u00e1 al Meyor Cantar<\/a>\u00a0<span class=\"post-date\">31\/10\/2024<\/span><\/li>\n<li><a href=\"https:\/\/edublog.educastur.es\/ixuxu\/2024\/10\/34052\/\">(sin t\u00edtulo)<\/a>\u00a0<span class=\"post-date\">31\/10\/2024<\/span><\/li>\n<li><a href=\"https:\/\/edublog.educastur.es\/ixuxu\/2024\/10\/reflexon-escueye-bien-con-quien-rellumar\/\">Reflex\u00f3n: \u00abEscueye bien con quien rellumar\u00bb<\/a>\u00a0<span class=\"post-date\">31\/10\/2024<\/span><\/li>\n<li><a href=\"https:\/\/edublog.educastur.es\/ixuxu\/2024\/10\/33900\/\">Feliz NUECHE D\u2019\u00c1NIMES<\/a>\u00a0<span class=\"post-date\">31\/10\/2024<\/span><\/li>\n<li><a href=\"https:\/\/edublog.educastur.es\/ixuxu\/2024\/10\/33624\/\">(sin t\u00edtulo)<\/a>\u00a0<span class=\"post-date\">31\/10\/2024<\/span><\/li>\n<li><a href=\"https:\/\/edublog.educastur.es\/ixuxu\/2024\/10\/lorixe-de-halloween-nueche-de-samhain\/\">L\u2019orixe de Halloween; Nueche de Samhain<\/a>\u00a0<span class=\"post-date\">31\/10\/2024<\/span><\/li>\n<li><a href=\"https:\/\/edublog.educastur.es\/ixuxu\/2024\/10\/en-samain-pa-protexese-y-evitar-ser-reconocios-les-persones-usaben-mazcares-y-amarutabense-de-seres-estranos-y-sobrenaturales\/\">En Sama\u00edn, pa protexese y evitar ser reconoc\u00edos, les persones usaben m\u00e1zcares y amarut\u00e1bense de seres estra\u00f1os y sobrenaturales<\/a>\u00a0<span class=\"post-date\">31\/10\/2024<\/span><\/li>\n<li><a href=\"https:\/\/edublog.educastur.es\/ixuxu\/2024\/10\/33824\/\">(sin t\u00edtulo)<\/a>\u00a0<span class=\"post-date\">31\/10\/2024<\/span><\/li>\n<li><a href=\"https:\/\/edublog.educastur.es\/ixuxu\/2024\/10\/34234\/\">Paellada n\u2019Amag\u00fcestu<\/a>\u00a0<span class=\"post-date\">31\/10\/2024<\/span><\/li>\n<li><a href=\"https:\/\/edublog.educastur.es\/ixuxu\/2024\/10\/estau-del-tiempu-xueves-31-dochobre\/\">Est\u00e1u del tiempu: xueves 31 d\u2019ochobre<\/a>\u00a0<span class=\"post-date\">31\/10\/2024<\/span><\/li>\n<li><a href=\"https:\/\/edublog.educastur.es\/ixuxu\/2024\/10\/llega-a-espana-la-cometa-de-halloween\/\">Llega a Espa\u00f1a la cometa d\u2019Halloween<\/a>\u00a0<span class=\"post-date\">30\/10\/2024<\/span><\/li>\n<li><a href=\"https:\/\/edublog.educastur.es\/ixuxu\/2024\/10\/xubite-al-movimientu-pola-economia-circular\/\">\u00abX\u00fabite\u00bb al movimientu pola econom\u00eda circular<\/a>\u00a0<span class=\"post-date\">30\/10\/2024<\/span><\/li>\n<li><a href=\"https:\/\/edublog.educastur.es\/ixuxu\/2024\/10\/nueche-danimes-en-lluanco-asina-si\/\">Nueche d\u2019\u00c1nimes en Lluanco\u2026 \u00a1asina s\u00ed!<\/a>\u00a0<span class=\"post-date\">30\/10\/2024<\/span><\/li>\n<li><a href=\"https:\/\/edublog.educastur.es\/ixuxu\/2024\/10\/34028\/\">Cartel pal 25 N<\/a>\u00a0<span class=\"post-date\">30\/10\/2024<\/span><\/li>\n<li><a href=\"https:\/\/edublog.educastur.es\/ixuxu\/2024\/10\/34026\/\">(sin t\u00edtulo)<\/a>\u00a0<span class=\"post-date\">30\/10\/2024<\/span><\/li>\n<li><a href=\"https:\/\/edublog.educastur.es\/ixuxu\/2024\/10\/32045\/\">(sin t\u00edtulo)<\/a>\u00a0<span class=\"post-date\">30\/10\/2024<\/span><\/li>\n<li><a href=\"https:\/\/edublog.educastur.es\/ixuxu\/2024\/10\/coordinacion\/\">Coordinaci\u00f3n: \u00abEspect\u00e1culo Murmuration\u00bb o vuelu sincroniz\u00e1u<\/a>\u00a0<span class=\"post-date\">30\/10\/2024<\/span><\/li>\n<li><a href=\"https:\/\/edublog.educastur.es\/ixuxu\/2024\/10\/reflexon-tar-dispuestu-a-camudar-ye-de-persones-intelixentes\/\">Reflex\u00f3n: Tar dispuestu a camudar ye de persones intelixentes<\/a>\u00a0<span class=\"post-date\">30\/10\/2024<\/span><\/li>\n<li><a href=\"https:\/\/edublog.educastur.es\/ixuxu\/2024\/10\/32025\/\">(sin t\u00edtulo)<\/a>\u00a0<span class=\"post-date\">30\/10\/2024<\/span><\/li>\n<li><a href=\"https:\/\/edublog.educastur.es\/ixuxu\/2024\/10\/la-vida-ensin-amor\/\">LA VIDA ENSIN AMOR\u2026<\/a>\u00a0<span class=\"post-date\">30\/10\/2024<\/span><\/li>\n<li><a href=\"https:\/\/edublog.educastur.es\/ixuxu\/2024\/10\/espicha-desfoyaza-especial-de-la-seronda\/\">Espicha d\u2019esfoyaza especial de la seronda<\/a>\u00a0<span class=\"post-date\">30\/10\/2024<\/span><\/li>\n<li><a href=\"https:\/\/edublog.educastur.es\/ixuxu\/2024\/10\/33997\/\">(sin t\u00edtulo)<\/a>\u00a0<span class=\"post-date\">30\/10\/2024<\/span><\/li>\n<li><a href=\"https:\/\/edublog.educastur.es\/ixuxu\/2024\/10\/sabies-que\/\">Sabies que\u2026<\/a>\u00a0<span class=\"post-date\">30\/10\/2024<\/span><\/li>\n<li><a href=\"https:\/\/edublog.educastur.es\/ixuxu\/2024\/10\/una-de-les-muyeres-mas-influyentes-de-lantigua-grecia\/\">Una de les muyeres m\u00e1s influyentes de l\u2019antigua Grecia<\/a>\u00a0<span class=\"post-date\">30\/10\/2024<\/span><\/li>\n<li><a href=\"https:\/\/edublog.educastur.es\/ixuxu\/2024\/10\/estau-del-tiempu-miercoles-30-dochobre\/\">Est\u00e1u del tiempu: mi\u00e9rcoles 30 d\u2019ochobre<\/a>\u00a0<span class=\"post-date\">30\/10\/2024<\/span><\/li>\n<li><a href=\"https:\/\/edublog.educastur.es\/ixuxu\/2024\/10\/ultimu-conciertu-de-la-temporada-de-llan-de-cubel\/\">Llan de Cubel protagoniza un conciertu de Sama\u00edn en La Pola<\/a>\u00a0<span class=\"post-date\">30\/10\/2024<\/span><\/li>\n<li><a href=\"https:\/\/edublog.educastur.es\/ixuxu\/2024\/10\/33992\/\">Podcast familiar, Verdina, el d\u00eda qu\u2019una faba c\u00f3smica aterriz\u00f3 n\u2019Asturies.<\/a>\u00a0<span class=\"post-date\">30\/10\/2024<\/span><\/li>\n<li><a href=\"https:\/\/edublog.educastur.es\/ixuxu\/2024\/10\/33773\/\">(sin t\u00edtulo)<\/a>\u00a0<span class=\"post-date\">30\/10\/2024<\/span><\/li>\n<li><a href=\"https:\/\/edublog.educastur.es\/ixuxu\/2024\/10\/la-dana-a-su-pasu\/\">La DANA a su pasu\u2026<\/a>\u00a0<span class=\"post-date\">29\/10\/2024<\/span><\/li>\n<li><a href=\"https:\/\/edublog.educastur.es\/ixuxu\/2024\/10\/fred-warrior-pallabres-nasturianu\/\">Fred Warrior \u2013 Pallabres N\u2019Asturianu<\/a>\u00a0<span class=\"post-date\">29\/10\/2024<\/span><\/li>\n<li><a href=\"https:\/\/edublog.educastur.es\/ixuxu\/2024\/10\/33775\/\">(sin t\u00edtulo)<\/a>\u00a0<span class=\"post-date\">29\/10\/2024<\/span><\/li>\n<li><a href=\"https:\/\/edublog.educastur.es\/ixuxu\/2024\/10\/33943\/\">(sin t\u00edtulo)<\/a>\u00a0<span class=\"post-date\">29\/10\/2024<\/span><\/li>\n<li><a href=\"https:\/\/edublog.educastur.es\/ixuxu\/2024\/10\/atapecer-sobro-la-sierra-de-penamayor\/\">Atapecer sobro la Sierra de Pe\u00f1amayor<\/a>\u00a0<span class=\"post-date\">29\/10\/2024<\/span><\/li>\n<li><a href=\"https:\/\/edublog.educastur.es\/ixuxu\/2024\/10\/una-de-mieu\/\">\u00abUna de mieu\u2026\u00bb<\/a>\u00a0<span class=\"post-date\">29\/10\/2024<\/span><\/li>\n<li><a href=\"https:\/\/edublog.educastur.es\/ixuxu\/2024\/10\/33950\/\">(sin t\u00edtulo)<\/a>\u00a0<span class=\"post-date\">29\/10\/2024<\/span><\/li>\n<li><a href=\"https:\/\/edublog.educastur.es\/ixuxu\/2024\/10\/una-de-mieu-2\/\">\u00abUna de mieu\u00bb<\/a>\u00a0<span class=\"post-date\">29\/10\/2024<\/span><\/li>\n<li><a href=\"https:\/\/edublog.educastur.es\/ixuxu\/2024\/10\/estau-del-tiempu-martes-29-dochobre\/\">Est\u00e1u del tiempu: martes 29 d\u2019ochobre<\/a>\u00a0<span class=\"post-date\">29\/10\/2024<\/span><\/li>\n<li><a href=\"https:\/\/edublog.educastur.es\/ixuxu\/2024\/10\/33972\/\">La Selecci\u00f3n sub-17 femenina, en semifinales<\/a>\u00a0<span class=\"post-date\">28\/10\/2024<\/span><\/li>\n<li><a href=\"https:\/\/edublog.educastur.es\/ixuxu\/2024\/10\/33821\/\">(sin t\u00edtulo)<\/a>\u00a0<span class=\"post-date\">28\/10\/2024<\/span><\/li>\n<li><a href=\"https:\/\/edublog.educastur.es\/ixuxu\/2024\/10\/publicida\/\">\u00abPublicid\u00e1\u00bb<\/a>\u00a0<span class=\"post-date\">28\/10\/2024<\/span><\/li>\n<li><a href=\"https:\/\/edublog.educastur.es\/ixuxu\/2024\/10\/33928\/\">Cinco tradiciones asturianes de la Nueche d\u2019\u00c1nimes<\/a>\u00a0<span class=\"post-date\">28\/10\/2024<\/span><\/li>\n<li><a href=\"https:\/\/edublog.educastur.es\/ixuxu\/2024\/10\/preparando-samain-nasturies\/\">\u00bfPreparando Sama\u00edn n\u2019Asturies?<\/a>\u00a0<span class=\"post-date\">28\/10\/2024<\/span><\/li>\n<li><a href=\"https:\/\/edublog.educastur.es\/ixuxu\/2024\/10\/lagueyamientu-gueyu-y-la-cigua-figa-asturiana-o-punu-dacebache-para-combatilo\/\">L\u2019ag\u00fceyamientu, g\u00fceyu, cigua o figa, pu\u00f1u d\u2019acebache pa combatilo<\/a>\u00a0<span class=\"post-date\">28\/10\/2024<\/span><\/li>\n<li><a href=\"https:\/\/edublog.educastur.es\/ixuxu\/2024\/10\/33027\/\">(sin t\u00edtulo)<\/a>\u00a0<span class=\"post-date\">28\/10\/2024<\/span><\/li>\n<li><a href=\"https:\/\/edublog.educastur.es\/ixuxu\/2024\/10\/reflexon-sobro-les-grandes-virtues\/\">Reflex\u00f3n sobro \u00abLes grandes virt\u00faes\u00bb<\/a>\u00a0<span class=\"post-date\">28\/10\/2024<\/span><\/li>\n<li><a href=\"https:\/\/edublog.educastur.es\/ixuxu\/2024\/10\/33892\/\">Asturies, protagonista n\u2019anuncios publicitarios y pel\u00edcules<\/a>\u00a0<span class=\"post-date\">28\/10\/2024<\/span><\/li>\n<li><a href=\"https:\/\/edublog.educastur.es\/ixuxu\/2024\/10\/33874\/\">(sin t\u00edtulo)<\/a>\u00a0<span class=\"post-date\">28\/10\/2024<\/span><\/li>\n<li><a href=\"https:\/\/edublog.educastur.es\/ixuxu\/2024\/10\/33887\/\">Un barcu asturianu, fabric\u00e1u por Arm\u00f3n, meyor pesqueru de M\u00e9xico<\/a>\u00a0<span class=\"post-date\">28\/10\/2024<\/span><\/li>\n<li><a href=\"https:\/\/edublog.educastur.es\/ixuxu\/2024\/10\/el-pilotu-mexicanu-que-quier-aprender-a-falar-asturianu-en-nueva-york\/\">El pilotu mexicanu que quier aprender a falar asturianu en Nueva York<\/a>\u00a0<span class=\"post-date\">28\/10\/2024<\/span><\/li>\n<li><a href=\"https:\/\/edublog.educastur.es\/ixuxu\/2024\/10\/resiliencia\/\">Resiliencia<\/a>\u00a0<span class=\"post-date\">28\/10\/2024<\/span><\/li>\n<li><a href=\"https:\/\/edublog.educastur.es\/ixuxu\/2024\/10\/32289\/\">(sin t\u00edtulo)<\/a>\u00a0<span class=\"post-date\">28\/10\/2024<\/span><\/li>\n<li><a href=\"https:\/\/edublog.educastur.es\/ixuxu\/2024\/10\/per-san-simon-castanes-al-trompon\/\">\u00abPer San Sim\u00f3n casta\u00f1es al tromp\u00f3n\u00bb\u00a0<\/a>\u00a0<span class=\"post-date\">28\/10\/2024<\/span><\/li>\n<li><a href=\"https:\/\/edublog.educastur.es\/ixuxu\/2024\/10\/pantasma\/\">\u00abPantasma\u00bb<\/a>\u00a0<span class=\"post-date\">28\/10\/2024<\/span><\/li>\n<li><a href=\"https:\/\/edublog.educastur.es\/ixuxu\/2024\/10\/nieve-dende-los-1700-mts-daltitu\/\">Nieve dende los 1700 mts d\u2019altit\u00fa<\/a>\u00a0<span class=\"post-date\">28\/10\/2024<\/span><\/li>\n<li><a href=\"https:\/\/edublog.educastur.es\/ixuxu\/2024\/10\/estau-del-tiempu-llunes-28-dochobre\/\">Est\u00e1u del tiempu: llunes 28 d\u2019ochobre<\/a>\u00a0<span class=\"post-date\">28\/10\/2024<\/span><\/li>\n<li><a href=\"https:\/\/edublog.educastur.es\/ixuxu\/2024\/10\/33112\/\">(sin t\u00edtulo)<\/a>\u00a0<span class=\"post-date\">28\/10\/2024<\/span><\/li>\n<li><a href=\"https:\/\/edublog.educastur.es\/ixuxu\/2024\/10\/seronda-na-viesca\/\">Seronda na viesca<\/a>\u00a0<span class=\"post-date\">27\/10\/2024<\/span><\/li>\n<li><a href=\"https:\/\/edublog.educastur.es\/ixuxu\/2024\/10\/anabel-santiago-zarra-la-so-xira-na-felguera\/\">Anabel Santiago zarra la so xira na Felguera. Equipazu d\u2019artistes nel escenariu.<\/a>\u00a0<span class=\"post-date\">27\/10\/2024<\/span><\/li>\n<li><a href=\"https:\/\/edublog.educastur.es\/ixuxu\/2024\/10\/entamamos-la-selmana-de-samain-nel-colexu\/\">Entamamos la selmana de Sama\u00edn nel colexu<\/a>\u00a0<span class=\"post-date\">27\/10\/2024<\/span><\/li>\n<li><a href=\"https:\/\/edublog.educastur.es\/ixuxu\/2024\/10\/33849\/\">(sin t\u00edtulo)<\/a>\u00a0<span class=\"post-date\">27\/10\/2024<\/span><\/li>\n<li><a href=\"https:\/\/edublog.educastur.es\/ixuxu\/2024\/10\/dir-a-la-gueta\/\">\u00abDir a la gueta\u00bb<\/a>\u00a0<span class=\"post-date\">27\/10\/2024<\/span><\/li>\n<li><a href=\"https:\/\/edublog.educastur.es\/ixuxu\/2024\/10\/33605\/\">(sin t\u00edtulo)<\/a>\u00a0<span class=\"post-date\">27\/10\/2024<\/span><\/li>\n<li><a href=\"https:\/\/edublog.educastur.es\/ixuxu\/2024\/10\/meudia\/\">\u201cMeud\u00eda\u201d<\/a>\u00a0<span class=\"post-date\">27\/10\/2024<\/span><\/li>\n<li><a href=\"https:\/\/edublog.educastur.es\/ixuxu\/2024\/10\/una-llondra-nutria-avista-na-ria-de-villaviciosa\/\">Una llondra\/nutria avist\u00e1 na r\u00eda de Villaviciosa.<\/a>\u00a0<span class=\"post-date\">27\/10\/2024<\/span><\/li>\n<li><a href=\"https:\/\/edublog.educastur.es\/ixuxu\/2024\/10\/sestaferia-pa-recuperar-lunicu-horro-de-cuberta-de-palla\/\">Sestaferia pa recuperar l\u2019\u00fanicu horro de cuberta de palla<\/a>\u00a0<span class=\"post-date\">27\/10\/2024<\/span><\/li>\n<li><a href=\"https:\/\/edublog.educastur.es\/ixuxu\/2024\/10\/32118\/\">(sin t\u00edtulo)<\/a>\u00a0<span class=\"post-date\">27\/10\/2024<\/span><\/li>\n<li><a href=\"https:\/\/edublog.educastur.es\/ixuxu\/2024\/10\/estau-del-tiempu-domingu-27-dochobre\/\">Est\u00e1u del tiempu: domingu 27 d\u2019ochobre<\/a>\u00a0<span class=\"post-date\">27\/10\/2024<\/span><\/li>\n<li><a href=\"https:\/\/edublog.educastur.es\/ixuxu\/2024\/10\/el-cambeu-dhora-2024-ta-a-puntu-de-llegar\/\">El camb\u00e9u d\u2019hora 2024 y horariu d\u2019iviernu a puntu de llegar<\/a>\u00a0<span class=\"post-date\">26\/10\/2024<\/span><\/li>\n<li><a href=\"https:\/\/edublog.educastur.es\/ixuxu\/2024\/10\/33722\/\">(sin t\u00edtulo)<\/a>\u00a0<span class=\"post-date\">26\/10\/2024<\/span><\/li>\n<li><a href=\"https:\/\/edublog.educastur.es\/ixuxu\/2024\/10\/liniciu-de-el-cantar-de-la-reina-unicorniu\/\">\u00abEl cantar de la Reina Unicorniu\u00bb<\/a>\u00a0<span class=\"post-date\">26\/10\/2024<\/span><\/li>\n<li><a href=\"https:\/\/edublog.educastur.es\/ixuxu\/2024\/10\/la-zanfona-o-gaita-de-rabil-asturiana\/\">La zanfona (instrumentu medieval) o gaita de rabil asturiana<\/a>\u00a0<span class=\"post-date\">26\/10\/2024<\/span><\/li>\n<li><a href=\"https:\/\/edublog.educastur.es\/ixuxu\/2024\/10\/premiu-princesa-dasturies-al-pueblu-exemplar-2024\/\">La Familia Real foi aclamada esti s\u00e1badu en Sotres na so visita pol premiu Pueblo Exemplar 2024.<\/a>\u00a0<span class=\"post-date\">26\/10\/2024<\/span><\/li>\n<li><a href=\"https:\/\/edublog.educastur.es\/ixuxu\/2024\/10\/33627\/\">(sin t\u00edtulo)<\/a>\u00a0<span class=\"post-date\">26\/10\/2024<\/span><\/li>\n<li><a href=\"https:\/\/edublog.educastur.es\/ixuxu\/2024\/10\/cantar-diendo-camin-de-la-pola\/\">Cantar: \u00abDiendo Cam\u00edn de la Pola\u00bb<\/a>\u00a0<span class=\"post-date\">26\/10\/2024<\/span><\/li>\n<li><a href=\"https:\/\/edublog.educastur.es\/ixuxu\/2024\/10\/viviendes-dusu-turisticu\/\">\u00abViviendes d\u2019usu tur\u00edsticu\u00bb<\/a>\u00a0<span class=\"post-date\">26\/10\/2024<\/span><\/li>\n<li><a href=\"https:\/\/edublog.educastur.es\/ixuxu\/2024\/10\/33708\/\">(sin t\u00edtulo)<\/a>\u00a0<span class=\"post-date\">26\/10\/2024<\/span><\/li>\n<li><a href=\"https:\/\/edublog.educastur.es\/ixuxu\/2024\/10\/carolina-marin-dexanos-una-frase-motivadora\/\">Carolina Mar\u00edn d\u00e9xanos una frase motivadora<\/a>\u00a0<span class=\"post-date\">26\/10\/2024<\/span><\/li>\n<li><a href=\"https:\/\/edublog.educastur.es\/ixuxu\/2024\/10\/aporta-la-neve-a-les-cumes-dasturies\/\">Aporta la \u00f1eve a les cumes d\u2019Asturies<\/a>\u00a0<span class=\"post-date\">26\/10\/2024<\/span><\/li>\n<li><a href=\"https:\/\/edublog.educastur.es\/ixuxu\/2024\/10\/estau-del-tiempu-26-dochobre\/\">Est\u00e1u del tiempu: 26 d\u2019ochobre<\/a>\u00a0<span class=\"post-date\">26\/10\/2024<\/span><\/li>\n<li><a href=\"https:\/\/edublog.educastur.es\/ixuxu\/2024\/10\/27363\/\">(sin t\u00edtulo)<\/a>\u00a0<span class=\"post-date\">26\/10\/2024<\/span><\/li>\n<li><a href=\"https:\/\/edublog.educastur.es\/ixuxu\/2024\/10\/semeyes-de-premiaos-esti-anu\/\">Semeyes de premiaos esti a\u00f1u<\/a>\u00a0<span class=\"post-date\">25\/10\/2024<\/span><\/li>\n<li><a href=\"https:\/\/edublog.educastur.es\/ixuxu\/2024\/10\/33673\/\">Cantar: \u00abAquelles peque\u00f1es coses\u00bb<\/a>\u00a0<span class=\"post-date\">25\/10\/2024<\/span><\/li>\n<li><a href=\"https:\/\/edublog.educastur.es\/ixuxu\/2024\/10\/marjane-satrapi-pintora-irani-defensora-de-los-drechos-humanos\/\">Marjane Satrapi, pintora iran\u00ed, defensora de los drechos humanos<\/a>\u00a0<span class=\"post-date\">25\/10\/2024<\/span><\/li>\n<li><a href=\"https:\/\/edublog.educastur.es\/ixuxu\/2024\/10\/vuelven-les-campeones\/\">Vuelven les campeones, g\u00fcei hai part\u00edu<\/a>\u00a0<span class=\"post-date\">25\/10\/2024<\/span><\/li>\n<li><a href=\"https:\/\/edublog.educastur.es\/ixuxu\/2024\/10\/pronosticu-deseyau-para-la-fin-de-selmana-concretamente-paral-sabadu\/\">Pron\u00f3sticu desey\u00e1u para\u2019l s\u00e1badu\u00a0<\/a>\u00a0<span class=\"post-date\">25\/10\/2024<\/span><\/li>\n<li><a href=\"https:\/\/edublog.educastur.es\/ixuxu\/2024\/10\/33618\/\">(sin t\u00edtulo)<\/a>\u00a0<span class=\"post-date\">25\/10\/2024<\/span><\/li>\n<li><a href=\"https:\/\/edublog.educastur.es\/ixuxu\/2024\/10\/dia-mundial-de-la-opera\/\">D\u00eda Mundial de la \u00d3pera<\/a>\u00a0<span class=\"post-date\">25\/10\/2024<\/span><\/li>\n<li><a href=\"https:\/\/edublog.educastur.es\/ixuxu\/2024\/10\/guixu\/\">\u201cGuixu\u201d<\/a>\u00a0<span class=\"post-date\">25\/10\/2024<\/span><\/li>\n<li><a href=\"https:\/\/edublog.educastur.es\/ixuxu\/2024\/10\/33637\/\">Vero Rubio publica \u201cEl d\u00eda\u201d, single del so primer discu en gallego-asturianu<\/a>\u00a0<span class=\"post-date\">25\/10\/2024<\/span><\/li>\n<li><a href=\"https:\/\/edublog.educastur.es\/ixuxu\/2024\/10\/curiosidaes-sobrol-llobu\/\">Curiosid\u00e1es sobro\u2019l llobu<\/a>\u00a0<span class=\"post-date\">25\/10\/2024<\/span><\/li>\n<li><a href=\"https:\/\/edublog.educastur.es\/ixuxu\/2024\/10\/esti-curtiumetraxe-de-solo-4-minutos-gano-un-oscar\/\">Esti curtiumetraxe de solo 4 minutos gan\u00f3 un Oscar.<\/a>\u00a0<span class=\"post-date\">25\/10\/2024<\/span><\/li>\n<li><a href=\"https:\/\/edublog.educastur.es\/ixuxu\/2024\/10\/banduxu-un-pueblu-medieval\/\">Banduxu, un pueblu medieval<\/a>\u00a0<span class=\"post-date\">25\/10\/2024<\/span><\/li>\n<li><a href=\"https:\/\/edublog.educastur.es\/ixuxu\/2024\/10\/33597\/\">Est\u00e1u del tiempu: vienres 25 d\u2019ochobre<\/a>\u00a0<span class=\"post-date\">25\/10\/2024<\/span><\/li>\n<li><a href=\"https:\/\/edublog.educastur.es\/ixuxu\/2024\/10\/33610\/\">(sin t\u00edtulo)<\/a>\u00a0<span class=\"post-date\">25\/10\/2024<\/span><\/li>\n<li><a href=\"https:\/\/edublog.educastur.es\/ixuxu\/2024\/10\/25-dochobre\/\">25 d\u2019ochobre<\/a>\u00a0<span class=\"post-date\">25\/10\/2024<\/span><\/li>\n<li><a href=\"https:\/\/edublog.educastur.es\/ixuxu\/2024\/10\/32806\/\">(sin t\u00edtulo)<\/a>\u00a0<span class=\"post-date\">24\/10\/2024<\/span><\/li>\n<li><a href=\"https:\/\/edublog.educastur.es\/ixuxu\/2024\/10\/acachar\/\">\u00abAcachar\u00bb<\/a>\u00a0<span class=\"post-date\">24\/10\/2024<\/span><\/li>\n<li><a href=\"https:\/\/edublog.educastur.es\/ixuxu\/2024\/10\/platu-sofisticao-vineta-defren-dandres\/\">\u2018Platu sofisticao\u2019, vi\u00f1eta d\u2019Efr\u00e9n d\u2019Andr\u00e9s.<\/a>\u00a0<span class=\"post-date\">24\/10\/2024<\/span><\/li>\n<li><a href=\"https:\/\/edublog.educastur.es\/ixuxu\/2024\/10\/33581\/\">Noved\u00e1: \u00abLa mio cabeza ye una llavadora\u00bb<\/a>\u00a0<span class=\"post-date\">24\/10\/2024<\/span><\/li>\n<li><a href=\"https:\/\/edublog.educastur.es\/ixuxu\/2024\/10\/la-intelixencia-artificial-permite-facer-estes-coses\/\">La Intelixencia Artificial permite facer estes coses\u2026<\/a>\u00a0<span class=\"post-date\">24\/10\/2024<\/span><\/li>\n<li><a href=\"https:\/\/edublog.educastur.es\/ixuxu\/2024\/10\/33553\/\">Mazcaritos d\u2019Uvi\u00e9u<\/a>\u00a0<span class=\"post-date\">24\/10\/2024<\/span><\/li>\n<li><a href=\"https:\/\/edublog.educastur.es\/ixuxu\/2024\/10\/33615\/\">(sin t\u00edtulo)<\/a>\u00a0<span class=\"post-date\">24\/10\/2024<\/span><\/li>\n<li><a href=\"https:\/\/edublog.educastur.es\/ixuxu\/2024\/10\/33529\/\">Esposici\u00f3n del D\u00eda de les Biblioteques<\/a>\u00a0<span class=\"post-date\">24\/10\/2024<\/span><\/li>\n<li><a href=\"https:\/\/edublog.educastur.es\/ixuxu\/2024\/10\/estau-del-tiempu-xueves-24-dochobre\/\">Est\u00e1u del tiempu, xueves 24 d\u2019ochobre<\/a>\u00a0<span class=\"post-date\">24\/10\/2024<\/span><\/li>\n<li><a href=\"https:\/\/edublog.educastur.es\/ixuxu\/2024\/10\/33397\/\">(sin t\u00edtulo)<\/a>\u00a0<span class=\"post-date\">23\/10\/2024<\/span><\/li>\n<li><a href=\"https:\/\/edublog.educastur.es\/ixuxu\/2024\/10\/poema-dalba-quintas-residencia-lliteraria-de-xixon\/\">Poema d\u2019Alba Quintas (Residencia Lliteraria de Xix\u00f3n)<\/a>\u00a0<span class=\"post-date\">23\/10\/2024<\/span><\/li>\n<li><a href=\"https:\/\/edublog.educastur.es\/ixuxu\/2024\/10\/premiu-nel-amaro-de-teatru-nasturianu-pa-perendi\/\">Premiu \u201cNel Amaro\u201d de teatru n\u2019asturianu<\/a>\u00a0<span class=\"post-date\">23\/10\/2024<\/span><\/li>\n<li><a href=\"https:\/\/edublog.educastur.es\/ixuxu\/2024\/10\/33558\/\">\u2018Muyeres\u2019 y \u2018Muyeres II\u2019, dos grabaciones de m\u00fasica tradicional Muyeres<\/a>\u00a0<span class=\"post-date\">23\/10\/2024<\/span><\/li>\n<li><a href=\"https:\/\/edublog.educastur.es\/ixuxu\/2024\/10\/el-duu-de-folk-intimista-nuramay\/\">El d\u00fau de \u00abfolk intimista\u00bb Nuramay<\/a>\u00a0<span class=\"post-date\">23\/10\/2024<\/span><\/li>\n<li><a href=\"https:\/\/edublog.educastur.es\/ixuxu\/2024\/10\/31141\/\">(sin t\u00edtulo)<\/a>\u00a0<span class=\"post-date\">23\/10\/2024<\/span><\/li>\n<li><a href=\"https:\/\/edublog.educastur.es\/ixuxu\/2024\/10\/los-monstruos-y-les-bisarmes-tan-fuera-desti-mundu\/\">Los monstruos y les bisarmes t\u00e1n fuera d\u2019esti mundu<\/a>\u00a0<span class=\"post-date\">23\/10\/2024<\/span><\/li>\n<li><a href=\"https:\/\/edublog.educastur.es\/ixuxu\/2024\/10\/una-ballena-duna-aurora-sobrol-monte-suecu-2\/\">Una ballena d\u2019una aurora sobro\u2019l monte suecu<\/a>\u00a0<span class=\"post-date\">23\/10\/2024<\/span><\/li>\n<li><a href=\"https:\/\/edublog.educastur.es\/ixuxu\/2024\/10\/la-maxa-de-laurora-boreal\/\">La maxa de l\u2019aurora boreal<\/a>\u00a0<span class=\"post-date\">23\/10\/2024<\/span><\/li>\n<li><a href=\"https:\/\/edublog.educastur.es\/ixuxu\/2024\/10\/arroz-con-lleche-asturiano\/\">Arroz con lleche asturiano<\/a>\u00a0<span class=\"post-date\">23\/10\/2024<\/span><\/li>\n<li><a href=\"https:\/\/edublog.educastur.es\/ixuxu\/2024\/10\/32196\/\">(sin t\u00edtulo)<\/a>\u00a0<span class=\"post-date\">23\/10\/2024<\/span><\/li>\n<li><a href=\"https:\/\/edublog.educastur.es\/ixuxu\/2024\/10\/33517\/\">\u201cCaleyar\u201d<\/a>\u00a0<span class=\"post-date\">23\/10\/2024<\/span><\/li>\n<li><a href=\"https:\/\/edublog.educastur.es\/ixuxu\/2024\/10\/cafe-piramide-nexiptu\/\">Caf\u00e9 Pir\u00e1mide n\u2019Exiptu<\/a>\u00a0<span class=\"post-date\">23\/10\/2024<\/span><\/li>\n<li><a href=\"https:\/\/edublog.educastur.es\/ixuxu\/2024\/10\/32280\/\">(sin t\u00edtulo)<\/a>\u00a0<span class=\"post-date\">23\/10\/2024<\/span><\/li>\n<li><a href=\"https:\/\/edublog.educastur.es\/ixuxu\/2024\/10\/aves-nochernieges-nespana\/\">Aves nochernieges n\u2019Espa\u00f1a<\/a>\u00a0<span class=\"post-date\">23\/10\/2024<\/span><\/li>\n<li><a href=\"https:\/\/edublog.educastur.es\/ixuxu\/2024\/10\/samain-nel-botanicu-calabaces-y-calaveres\/\">Sama\u00edn nel Bot\u00e1nicu: calabaces y calaveres.<\/a>\u00a0<span class=\"post-date\">23\/10\/2024<\/span><\/li>\n<li><a href=\"https:\/\/edublog.educastur.es\/ixuxu\/2024\/10\/32306\/\">(sin t\u00edtulo)<\/a>\u00a0<span class=\"post-date\">23\/10\/2024<\/span><\/li>\n<li><a href=\"https:\/\/edublog.educastur.es\/ixuxu\/2024\/10\/interpretamos-un-cartelu-2\/\">Interpretamos un cartelu<\/a>\u00a0<span class=\"post-date\">23\/10\/2024<\/span><\/li>\n<li><a href=\"https:\/\/edublog.educastur.es\/ixuxu\/2024\/10\/los-personaxes-de-robot-selvaxe\/\">Los personaxes de Robot Selvaxe<\/a>\u00a0<span class=\"post-date\">23\/10\/2024<\/span><\/li>\n<li><a href=\"https:\/\/edublog.educastur.es\/ixuxu\/2024\/10\/vase-ya-la-cometa\/\">V\u00e1se ya la cometa<\/a>\u00a0<span class=\"post-date\">23\/10\/2024<\/span><\/li>\n<li><a href=\"https:\/\/edublog.educastur.es\/ixuxu\/2024\/10\/33464\/\">(sin t\u00edtulo)<\/a>\u00a0<span class=\"post-date\">23\/10\/2024<\/span><\/li>\n<li><a href=\"https:\/\/edublog.educastur.es\/ixuxu\/2024\/10\/33455\/\">Sotres, pueblu exemplar 2024.<\/a>\u00a0<span class=\"post-date\">23\/10\/2024<\/span><\/li>\n<li><a href=\"https:\/\/edublog.educastur.es\/ixuxu\/2024\/10\/33447\/\">Llecci\u00f3n de vida de \u00abCapi\u00bb en La Corredoria<\/a>\u00a0<span class=\"post-date\">23\/10\/2024<\/span><\/li>\n<li><a href=\"https:\/\/edublog.educastur.es\/ixuxu\/2024\/10\/estau-del-tiempu-miercoles-23-dochobre\/\">Est\u00e1u del tiempu: mi\u00e9rcoles 23 d\u2019ochobre<\/a>\u00a0<span class=\"post-date\">23\/10\/2024<\/span><\/li>\n<li><a href=\"https:\/\/edublog.educastur.es\/ixuxu\/2024\/10\/33389\/\">(sin t\u00edtulo)<\/a>\u00a0<span class=\"post-date\">22\/10\/2024<\/span><\/li>\n<li><a href=\"https:\/\/edublog.educastur.es\/ixuxu\/2024\/10\/33513\/\">\u201cQui\u00e9rote\u201d<\/a>\u00a0<span class=\"post-date\">22\/10\/2024<\/span><\/li>\n<li><a href=\"https:\/\/edublog.educastur.es\/ixuxu\/2024\/10\/tabayon-del-mongayu\/\">Tabay\u00f3n del Mongayu<\/a>\u00a0<span class=\"post-date\">22\/10\/2024<\/span><\/li>\n<li><a href=\"https:\/\/edublog.educastur.es\/ixuxu\/2024\/10\/el-tiempu-nasturies-martes-22-dochobre\/\">El Tiempu n\u2019Asturies: martes 22 d\u2019ochobre<\/a>\u00a0<span class=\"post-date\">22\/10\/2024<\/span><\/li>\n<li><a href=\"https:\/\/edublog.educastur.es\/ixuxu\/2024\/10\/surferu-al-atapecer\/\">Surferu al atapecer\u2026<\/a>\u00a0<span class=\"post-date\">21\/10\/2024<\/span><\/li>\n<li><a href=\"https:\/\/edublog.educastur.es\/ixuxu\/2024\/10\/33387\/\">(sin t\u00edtulo)<\/a>\u00a0<span class=\"post-date\">21\/10\/2024<\/span><\/li>\n<li><a href=\"https:\/\/edublog.educastur.es\/ixuxu\/2024\/10\/33423\/\">El Cuento de Asturias, Para\u00edso Natural!<\/a>\u00a0<span class=\"post-date\">21\/10\/2024<\/span><\/li>\n<li><a href=\"https:\/\/edublog.educastur.es\/ixuxu\/2024\/10\/dia-de-les-biblioteques-5\/\">D\u00eda de les biblioteques: 24 d\u2019ochobre<\/a>\u00a0<span class=\"post-date\">21\/10\/2024<\/span><\/li>\n<li><a href=\"https:\/\/edublog.educastur.es\/ixuxu\/2024\/10\/corales-de-cristal-ganador-dabril-nos-european-cinematography-awards\/\">Corales de Cristal \u2013 Ganador d\u2019abril nos European Cinematography Awards<\/a>\u00a0<span class=\"post-date\">21\/10\/2024<\/span><\/li>\n<li><a href=\"https:\/\/edublog.educastur.es\/ixuxu\/2024\/10\/33325\/\">(sin t\u00edtulo)<\/a>\u00a0<span class=\"post-date\">21\/10\/2024<\/span><\/li>\n<li><a href=\"https:\/\/edublog.educastur.es\/ixuxu\/2024\/10\/el-badminton-el-reinu-de-la-princesa\/\">El b\u00e1dminton, el reinu de la Princesa<\/a>\u00a0<span class=\"post-date\">21\/10\/2024<\/span><\/li>\n<li><a href=\"https:\/\/edublog.educastur.es\/ixuxu\/2024\/10\/33508\/\">\u00abL\u2019alteru\u00bb<\/a>\u00a0<span class=\"post-date\">21\/10\/2024<\/span><\/li>\n<li><a href=\"https:\/\/edublog.educastur.es\/ixuxu\/2024\/10\/pesadilla-enantes-de-navida-tim-burton\/\">Pesadilla enantes de Navid\u00e1 (Tim Burton)<\/a>\u00a0<span class=\"post-date\">21\/10\/2024<\/span><\/li>\n<li><a href=\"https:\/\/edublog.educastur.es\/ixuxu\/2024\/10\/reflexonamos-sobro-lo-importante-na-vida\/\">Reflex\u00f3n: lo importante na vida\u2026<\/a>\u00a0<span class=\"post-date\">21\/10\/2024<\/span><\/li>\n<li><a href=\"https:\/\/edublog.educastur.es\/ixuxu\/2024\/10\/33371\/\">(sin t\u00edtulo)<\/a>\u00a0<span class=\"post-date\">21\/10\/2024<\/span><\/li>\n<li><a href=\"https:\/\/edublog.educastur.es\/ixuxu\/2024\/10\/en-les-arriondes-un-mirador-sobrol-sella\/\">En Les Arriondes, un mirador sobro\u2019l Sella<\/a>\u00a0<span class=\"post-date\">21\/10\/2024<\/span><\/li>\n<li><a href=\"https:\/\/edublog.educastur.es\/ixuxu\/2024\/10\/tamos-nepoca-de-panar-mazanes\/\">Tamos n\u2019\u00e9poca de pa\u00f1ar mazanes<\/a>\u00a0<span class=\"post-date\">21\/10\/2024<\/span><\/li>\n<li><a href=\"https:\/\/edublog.educastur.es\/ixuxu\/2024\/10\/samain-en-mieres\/\">Sama\u00edn en Mieres<\/a>\u00a0<span class=\"post-date\">21\/10\/2024<\/span><\/li>\n<li><a href=\"https:\/\/edublog.educastur.es\/ixuxu\/2024\/10\/vocabulariu-les-frutes\/\">Vocabulariu: Les frutes<\/a>\u00a0<span class=\"post-date\">21\/10\/2024<\/span><\/li>\n<li><a href=\"https:\/\/edublog.educastur.es\/ixuxu\/2024\/10\/laire-les-castanes-2\/\">L\u2019aire les casta\u00f1es<\/a>\u00a0<span class=\"post-date\">21\/10\/2024<\/span><\/li>\n<li><a href=\"https:\/\/edublog.educastur.es\/ixuxu\/2024\/10\/tiempu-nasturies-llunes-24-dochobre-2024\/\">Tiempu n\u2019Asturies: llunes 24 d\u2019ochobre 2024<\/a>\u00a0<span class=\"post-date\">21\/10\/2024<\/span><\/li>\n<li><a href=\"https:\/\/edublog.educastur.es\/ixuxu\/2024\/10\/asina-entamal-dia-en-xixon\/\">Asina entama\u2019l d\u00eda en Xix\u00f3n<\/a>\u00a0<span class=\"post-date\">21\/10\/2024<\/span><\/li>\n<li><a href=\"https:\/\/edublog.educastur.es\/ixuxu\/2024\/10\/33318\/\">(sin t\u00edtulo)<\/a>\u00a0<span class=\"post-date\">20\/10\/2024<\/span><\/li>\n<li><a href=\"https:\/\/edublog.educastur.es\/ixuxu\/2024\/10\/el-nuesu-planeta-tien-dos-polmones-un-azul-y-otru-verde\/\">El nuesu Planeta tien dos polmones: \u00fan ye azul y l\u2019otru ye verde<\/a>\u00a0<span class=\"post-date\">20\/10\/2024<\/span><\/li>\n<li><a href=\"https:\/\/edublog.educastur.es\/ixuxu\/2024\/10\/cometa-2023-a3-tsuchinshan-atles\/\">Cometa 2023 A3 Tsuchinshan-ATLES<\/a>\u00a0<span class=\"post-date\">20\/10\/2024<\/span><\/li>\n<li><a href=\"https:\/\/edublog.educastur.es\/ixuxu\/2024\/10\/gran-recreacion-historica-de-les-batalles-que-protagonizaron-en-1836\/\">Gran recreaci\u00f3n hist\u00f3rica de les batalles que protagonizaron en 1836<\/a>\u00a0<span class=\"post-date\">20\/10\/2024<\/span><\/li>\n<li><a href=\"https:\/\/edublog.educastur.es\/ixuxu\/2024\/10\/espectacular-simulacion-dun-grave-accidente-de-traficu-nuvieu\/\">Espectacular simulaci\u00f3n d\u2019un grave accidente de tr\u00e1ficu n\u2019Uvi\u00e9u<\/a>\u00a0<span class=\"post-date\">20\/10\/2024<\/span><\/li>\n<li><a href=\"https:\/\/edublog.educastur.es\/ixuxu\/2024\/10\/33592\/\">\u2018L\u2019aire les casta\u00f1es\u2019<\/a>\u00a0<span class=\"post-date\">20\/10\/2024<\/span><\/li>\n<li><a href=\"https:\/\/edublog.educastur.es\/ixuxu\/2024\/10\/33300\/\">(sin t\u00edtulo)<\/a>\u00a0<span class=\"post-date\">20\/10\/2024<\/span><\/li>\n<li><a href=\"https:\/\/edublog.educastur.es\/ixuxu\/2024\/10\/cientificos-presentaron-un-nuevu-robot-humanoide-que-corre-a-13-kilometru-per-hora\/\">Cient\u00edficos presentaron un nuevu robot humanoide que corre a 13 kil\u00f3metru per hora<\/a>\u00a0<span class=\"post-date\">20\/10\/2024<\/span><\/li>\n<li><a href=\"https:\/\/edublog.educastur.es\/ixuxu\/2024\/10\/reflexon-2\/\">Reflex\u00f3n<\/a>\u00a0<span class=\"post-date\">20\/10\/2024<\/span><\/li>\n<li><a href=\"https:\/\/edublog.educastur.es\/ixuxu\/2024\/10\/prendamos-el-dia\/\">Prendamos el d\u00eda..<\/a>\u00a0<span class=\"post-date\">20\/10\/2024<\/span><\/li>\n<li><a href=\"https:\/\/edublog.educastur.es\/ixuxu\/2024\/10\/iv-concursu-lliterariu-de-derechos-humanos\/\">IV Concursu Lliterariu de Derechos Humanos<\/a>\u00a0<span class=\"post-date\">19\/10\/2024<\/span><\/li>\n<li><a href=\"https:\/\/edublog.educastur.es\/ixuxu\/2024\/10\/la-increible-astrofotografia-de-viaxe-de-rositsa-dimitrova\/\">La incre\u00edble astrofotograf\u00eda de viaxe de Rositsa Dimitrova<\/a>\u00a0<span class=\"post-date\">19\/10\/2024<\/span><\/li>\n<li><a href=\"https:\/\/edublog.educastur.es\/ixuxu\/2024\/10\/cometa-c-2023-a3\/\">Cometa C\/2023 A3<\/a>\u00a0<span class=\"post-date\">19\/10\/2024<\/span><\/li>\n<li><a href=\"https:\/\/edublog.educastur.es\/ixuxu\/2024\/10\/33157\/\">(sin t\u00edtulo)<\/a>\u00a0<span class=\"post-date\">19\/10\/2024<\/span><\/li>\n<li><a href=\"https:\/\/edublog.educastur.es\/ixuxu\/2024\/10\/bermeyu-a-o\/\">\u201cBermeyu, -a, -o\u201d<\/a>\u00a0<span class=\"post-date\">19\/10\/2024<\/span><\/li>\n<li><a href=\"https:\/\/edublog.educastur.es\/ixuxu\/2024\/10\/selmana-de-la-prevencion-dincendios\/\">Selmana de la Prevenci\u00f3n d\u2019Incendios<\/a>\u00a0<span class=\"post-date\">19\/10\/2024<\/span><\/li>\n<li><a href=\"https:\/\/edublog.educastur.es\/ixuxu\/2024\/10\/tolo-que-se-sabe-de-pintaius-el-primer-asturianu-conociu\/\">Tolo que se sabe de Pintaius, el primer asturianu conoc\u00edu<\/a>\u00a0<span class=\"post-date\">19\/10\/2024<\/span><\/li>\n<li><a href=\"https:\/\/edublog.educastur.es\/ixuxu\/2024\/10\/33204\/\">Campa\u00f1a \u2018Asturies puxa poles coses que te importen\u2019<\/a>\u00a0<span class=\"post-date\">19\/10\/2024<\/span><\/li>\n<li><a href=\"https:\/\/edublog.educastur.es\/ixuxu\/2024\/10\/33252\/\">\u00abAnimalada Xabaz\u00bb na TPA<\/a>\u00a0<span class=\"post-date\">19\/10\/2024<\/span><\/li>\n<li><a href=\"https:\/\/edublog.educastur.es\/ixuxu\/2024\/10\/33070\/\">(sin t\u00edtulo)<\/a>\u00a0<span class=\"post-date\">19\/10\/2024<\/span><\/li>\n<li><a href=\"https:\/\/edublog.educastur.es\/ixuxu\/2024\/10\/conciertu-fies-del-mediterraneu-nhonor-de-j-m-serrat\/\">Conciertu \u00abF\u00edes del Mediterr\u00e1neu\u00bb n\u2019honor de J. M. Serrat<\/a>\u00a0<span class=\"post-date\">18\/10\/2024<\/span><\/li>\n<li><a href=\"https:\/\/edublog.educastur.es\/ixuxu\/2024\/10\/congresu-de-coeducacion\/\">Congresu de Coeducaci\u00f3n n\u2019Avil\u00e9s<\/a>\u00a0<span class=\"post-date\">18\/10\/2024<\/span><\/li>\n<li><a href=\"https:\/\/edublog.educastur.es\/ixuxu\/2024\/10\/32139\/\">(sin t\u00edtulo)<\/a>\u00a0<span class=\"post-date\">18\/10\/2024<\/span><\/li>\n<li><a href=\"https:\/\/edublog.educastur.es\/ixuxu\/2024\/10\/acollinar\/\">\u201cAcolli\u00f1ar\u201d<\/a>\u00a0<span class=\"post-date\">18\/10\/2024<\/span><\/li>\n<li><a href=\"https:\/\/edublog.educastur.es\/ixuxu\/2024\/10\/semeya-llibre-como-un-paxaru-dun-nenu-aficionau-a-la-fotografia\/\">\u00abLlibre como un p\u00e1xaru\u00bb semeya premiada d\u2019un ne\u00f1u aficion\u00e1u a la fotograf\u00eda<\/a>\u00a0<span class=\"post-date\">18\/10\/2024<\/span><\/li>\n<li><a href=\"https:\/\/edublog.educastur.es\/ixuxu\/2024\/10\/amusea-testil-nel-museu-al-cargu-la-especialista-paz-mesa\/\">Amuesa testil nel Mus\u00e9u al cargu la especialista Paz Mesa<\/a>\u00a0<span class=\"post-date\">18\/10\/2024<\/span><\/li>\n<li><a href=\"https:\/\/edublog.educastur.es\/ixuxu\/2024\/10\/ods-nes-biblioteques-duvieu\/\">ODS nes Biblioteques d\u2019Uvi\u00e9u<\/a>\u00a0<span class=\"post-date\">18\/10\/2024<\/span><\/li>\n<li><a href=\"https:\/\/edublog.educastur.es\/ixuxu\/2024\/10\/espectacular-imaxe-del-cometa-del-sieglu\/\">Espectacular imaxe del \u00abcometa del sieglu\u00bb C\/2023 A3<\/a>\u00a0<span class=\"post-date\">18\/10\/2024<\/span><\/li>\n<li><a href=\"https:\/\/edublog.educastur.es\/ixuxu\/2024\/10\/33151\/\">(sin t\u00edtulo)<\/a>\u00a0<span class=\"post-date\">18\/10\/2024<\/span><\/li>\n<li><a href=\"https:\/\/edublog.educastur.es\/ixuxu\/2024\/10\/el-principau-llanza-la-marca-adn-asturies-deporte-y-naturaleza-pa-promocionar-el-deporte-nel-mediu-natural\/\">El Princip\u00e1u llanza la marca ADN. Asturies, Deporte y Naturaleza pa promocionar el deporte nel mediu natural<\/a>\u00a0<span class=\"post-date\">18\/10\/2024<\/span><\/li>\n<li><a href=\"https:\/\/edublog.educastur.es\/ixuxu\/2024\/10\/33128\/\">(sin t\u00edtulo)<\/a>\u00a0<span class=\"post-date\">18\/10\/2024<\/span><\/li>\n<li><a href=\"https:\/\/edublog.educastur.es\/ixuxu\/2024\/10\/la-seronda-2\/\">La seronda y les sos tradiciones faen qu\u2019esta \u00e9poca del a\u00f1u seya mui especial<\/a>\u00a0<span class=\"post-date\">18\/10\/2024<\/span><\/li>\n<li><a href=\"https:\/\/edublog.educastur.es\/ixuxu\/2024\/10\/donana-ta-sometida-a-una-presion-insostenible-pola-activida-humana\/\">Do\u00f1ana ta sometida a una presi\u00f3n insostenible pola activid\u00e1 humana<\/a>\u00a0<span class=\"post-date\">18\/10\/2024<\/span><\/li>\n<li><a href=\"https:\/\/edublog.educastur.es\/ixuxu\/2024\/10\/33187\/\">D\u00eda Mundial de la protecci\u00f3n de la naturaleza<\/a>\u00a0<span class=\"post-date\">18\/10\/2024<\/span><\/li>\n<li><a href=\"https:\/\/edublog.educastur.es\/ixuxu\/2024\/10\/amanez-en-xixon\/\">Amanez en Xix\u00f3n<\/a>\u00a0<span class=\"post-date\">18\/10\/2024<\/span><\/li>\n<li><a href=\"https:\/\/edublog.educastur.es\/ixuxu\/2024\/10\/29387\/\">(sin t\u00edtulo)<\/a>\u00a0<span class=\"post-date\">18\/10\/2024<\/span><\/li>\n<li><a href=\"https:\/\/edublog.educastur.es\/ixuxu\/2024\/10\/lartista-sophie-auster\/\">Uvi\u00e9u y Asturies ocupen un llugar destac\u00e1u nel mapa emocional de la cantautora Sophie Auster<\/a>\u00a0<span class=\"post-date\">17\/10\/2024<\/span><\/li>\n<li><a href=\"https:\/\/edublog.educastur.es\/ixuxu\/2024\/10\/33118\/\">\u2018Semando Son. Compilatoriu de m\u00fasica moza n\u2019asturianu\u2019.<\/a>\u00a0<span class=\"post-date\">17\/10\/2024<\/span><\/li>\n<li><a href=\"https:\/\/edublog.educastur.es\/ixuxu\/2024\/10\/superluna-del-cazador-dende-xixon\/\">Superluna del Cazador, dende Xix\u00f3n<\/a>\u00a0<span class=\"post-date\">17\/10\/2024<\/span><\/li>\n<li><a href=\"https:\/\/edublog.educastur.es\/ixuxu\/2024\/10\/atapecer-na-sablera-de-los-quebranto\/\">Atapecer na sablera de los Quebrantos<\/a>\u00a0<span class=\"post-date\">17\/10\/2024<\/span><\/li>\n<li><a href=\"https:\/\/edublog.educastur.es\/ixuxu\/2024\/10\/33036\/\">(sin t\u00edtulo)<\/a>\u00a0<span class=\"post-date\">17\/10\/2024<\/span><\/li>\n<li><a href=\"https:\/\/edublog.educastur.es\/ixuxu\/2024\/10\/xente-minero\/\">Xente minero<\/a>\u00a0<span class=\"post-date\">17\/10\/2024<\/span><\/li>\n<li><a href=\"https:\/\/edublog.educastur.es\/ixuxu\/2024\/10\/el-melandru\/\">El Melandru<\/a>\u00a0<span class=\"post-date\">17\/10\/2024<\/span><\/li>\n<li><a href=\"https:\/\/edublog.educastur.es\/ixuxu\/2024\/10\/simpaticu-mur\/\">Simp\u00e1ticu mur<\/a>\u00a0<span class=\"post-date\">17\/10\/2024<\/span><\/li>\n<li><a href=\"https:\/\/edublog.educastur.es\/ixuxu\/2024\/10\/esa-nueche-llovieronnos-colores\/\">Esa nueche llovieron colores<\/a>\u00a0<span class=\"post-date\">17\/10\/2024<\/span><\/li>\n<li><a href=\"https:\/\/edublog.educastur.es\/ixuxu\/2024\/10\/33042\/\">(sin t\u00edtulo)<\/a>\u00a0<span class=\"post-date\">17\/10\/2024<\/span><\/li>\n<li><a href=\"https:\/\/edublog.educastur.es\/ixuxu\/2024\/10\/33077\/\">Los oficios vinculaos al horru, Patrimoniu Inmaterial<\/a>\u00a0<span class=\"post-date\">17\/10\/2024<\/span><\/li>\n<li><a href=\"https:\/\/edublog.educastur.es\/ixuxu\/2024\/10\/los-sidros-patrimoniu-inmaterial\/\">Los sidros, Patrimoniu Inmaterial<\/a>\u00a0<span class=\"post-date\">17\/10\/2024<\/span><\/li>\n<li><a href=\"https:\/\/edublog.educastur.es\/ixuxu\/2024\/10\/lasturianada-patrimoniu-inmaterial-dasturies\/\">L\u2019asturianada, patrimoniu Inmaterial d\u2019Asturies<\/a>\u00a0<span class=\"post-date\">17\/10\/2024<\/span><\/li>\n<li><a href=\"https:\/\/edublog.educastur.es\/ixuxu\/2024\/10\/dia-del-patrimoniu-inmaterial\/\">La cultura sidrera, Patrimoniu Inmaterial<\/a>\u00a0<span class=\"post-date\">17\/10\/2024<\/span><\/li>\n<li><a href=\"https:\/\/edublog.educastur.es\/ixuxu\/2024\/10\/dia-del-patrimoniu-inmaterial-dasturies\/\">D\u00eda del Patrimoniu Inmaterial d\u2019Asturies<\/a>\u00a0<span class=\"post-date\">17\/10\/2024<\/span><\/li>\n<li><a href=\"https:\/\/edublog.educastur.es\/ixuxu\/2024\/10\/asina-amanecio-guei-en-xixon\/\">Asina amaneci\u00f3 g\u00fcei en Xix\u00f3n<\/a>\u00a0<span class=\"post-date\">17\/10\/2024<\/span><\/li>\n<li><a href=\"https:\/\/edublog.educastur.es\/ixuxu\/2024\/10\/32790\/\">(sin t\u00edtulo)<\/a>\u00a0<span class=\"post-date\">16\/10\/2024<\/span><\/li>\n<li><a href=\"https:\/\/edublog.educastur.es\/ixuxu\/2024\/10\/fiestes-gastronomiques-de-la-seronda-nasturies\/\">Fiestes gastron\u00f3miques de la seronda n\u2019Asturies<\/a>\u00a0<span class=\"post-date\">16\/10\/2024<\/span><\/li>\n<li><a href=\"https:\/\/edublog.educastur.es\/ixuxu\/2024\/10\/canciones-populares-asturianes-14\/\">Canciones Populares Asturianes 14<\/a>\u00a0<span class=\"post-date\">16\/10\/2024<\/span><\/li>\n<li><a href=\"https:\/\/edublog.educastur.es\/ixuxu\/2024\/10\/32896\/\">(sin t\u00edtulo)<\/a>\u00a0<span class=\"post-date\">16\/10\/2024<\/span><\/li>\n<li><a href=\"https:\/\/edublog.educastur.es\/ixuxu\/2024\/10\/duermite-nenin-del-alma\/\">\u00abDu\u00e9rmite, ne\u00f1\u00edn del alma\u00bb<\/a>\u00a0<span class=\"post-date\">16\/10\/2024<\/span><\/li>\n<li><a href=\"https:\/\/edublog.educastur.es\/ixuxu\/2024\/10\/increible-vista-del-parque-nacional-canyonlands-nutah\/\">Incre\u00edble vista del Parque Nacional Canyonlands, n\u2019Utah\u00a0<\/a>\u00a0<span class=\"post-date\">16\/10\/2024<\/span><\/li>\n<li><a href=\"https:\/\/edublog.educastur.es\/ixuxu\/2024\/10\/cambeu-climaticu\/\">Cambeu clim\u00e1ticu<\/a>\u00a0<span class=\"post-date\">16\/10\/2024<\/span><\/li>\n<li><a href=\"https:\/\/edublog.educastur.es\/ixuxu\/2024\/10\/camudar\/\">\u00abCamudar\u00bb<\/a>\u00a0<span class=\"post-date\">16\/10\/2024<\/span><\/li>\n<li><a href=\"https:\/\/edublog.educastur.es\/ixuxu\/2024\/10\/32984\/\">(sin t\u00edtulo)<\/a>\u00a0<span class=\"post-date\">16\/10\/2024<\/span><\/li>\n<li><a href=\"https:\/\/edublog.educastur.es\/ixuxu\/2024\/10\/32976\/\">Ap\u00fantate al nuesu trucu o tratu.<\/a>\u00a0<span class=\"post-date\">16\/10\/2024<\/span><\/li>\n<li><a href=\"https:\/\/edublog.educastur.es\/ixuxu\/2024\/10\/dia-mundial-de-lalimentacion-2\/\">D\u00eda Mundial de l\u2019Alimentaci\u00f3n<\/a>\u00a0<span class=\"post-date\">16\/10\/2024<\/span><\/li>\n<li><a href=\"https:\/\/edublog.educastur.es\/ixuxu\/2024\/10\/dia-mundial-de-lalimentacion-3\/\">D\u00eda Mundial de l\u2019Alimentaci\u00f3n (ODS n\u00ba2: Fame cero)<\/a>\u00a0<span class=\"post-date\">16\/10\/2024<\/span><\/li>\n<li><a href=\"https:\/\/edublog.educastur.es\/ixuxu\/2024\/10\/dia-mundial-de-lalimentacion-4\/\">D\u00eda Mundial de l\u2019Alimentaci\u00f3n<\/a>\u00a0<span class=\"post-date\">16\/10\/2024<\/span><\/li>\n<li><a href=\"https:\/\/edublog.educastur.es\/ixuxu\/2024\/10\/33834\/\">(sin t\u00edtulo)<\/a>\u00a0<span class=\"post-date\">16\/10\/2024<\/span><\/li>\n<li><a href=\"https:\/\/edublog.educastur.es\/ixuxu\/2024\/10\/32940\/\">(sin t\u00edtulo)<\/a>\u00a0<span class=\"post-date\">15\/10\/2024<\/span><\/li>\n<li><a href=\"https:\/\/edublog.educastur.es\/ixuxu\/2024\/10\/15-intereses-sobro-la-musica-que-nun-conocies\/\">15 Intereses sobro la m\u00fasica que nun conoc\u00edes<\/a>\u00a0<span class=\"post-date\">15\/10\/2024<\/span><\/li>\n<li><a href=\"https:\/\/edublog.educastur.es\/ixuxu\/2024\/10\/32954\/\">El g\u00fcevu de colibr\u00ed ye unu de los m\u00e1s pequenos d\u2019ente les aves<\/a>\u00a0<span class=\"post-date\">15\/10\/2024<\/span><\/li>\n<li><a href=\"https:\/\/edublog.educastur.es\/ixuxu\/2024\/10\/el-reinu-fungi\/\">El reinu fungi, ente 2,2 y 3,8 millones d\u2019especies<\/a>\u00a0<span class=\"post-date\">15\/10\/2024<\/span><\/li>\n<li><a href=\"https:\/\/edublog.educastur.es\/ixuxu\/2024\/10\/xxi-seronda-naviles\/\">XXI Seronda n\u2019Avil\u00e9s, 25 y 26 d\u2019ochobre<\/a>\u00a0<span class=\"post-date\">15\/10\/2024<\/span><\/li>\n<li><a href=\"https:\/\/edublog.educastur.es\/ixuxu\/2024\/10\/ix-alcuentru-folcloricu-nayer\/\">IX Alcuentru folcl\u00f3ricu n\u2019Ayer<\/a>\u00a0<span class=\"post-date\">15\/10\/2024<\/span><\/li>\n<li><a href=\"https:\/\/edublog.educastur.es\/ixuxu\/2024\/10\/32892\/\">(sin t\u00edtulo)<\/a>\u00a0<span class=\"post-date\">15\/10\/2024<\/span><\/li>\n<li><a href=\"https:\/\/edublog.educastur.es\/ixuxu\/2024\/10\/queda-pocos-dies-pa-samain\/\">Queden pocos d\u00edes pa Sama\u00edn<\/a>\u00a0<span class=\"post-date\">15\/10\/2024<\/span><\/li>\n<li><a href=\"https:\/\/edublog.educastur.es\/ixuxu\/2024\/10\/32918\/\">(sin t\u00edtulo)<\/a>\u00a0<span class=\"post-date\">15\/10\/2024<\/span><\/li>\n<li><a href=\"https:\/\/edublog.educastur.es\/ixuxu\/2024\/10\/abegosu\/\">\u00abAbegosu\u00bb<\/a>\u00a0<span class=\"post-date\">15\/10\/2024<\/span><\/li>\n<li><a href=\"https:\/\/edublog.educastur.es\/ixuxu\/2024\/10\/la-lluna-llena-dochobre-va-ser-la-mas-grande-y-brillante-de-2024\/\">La Lluna Llena d\u2019ochobre va ser la m\u00e1s grande y brillante de 2024<\/a>\u00a0<span class=\"post-date\">15\/10\/2024<\/span><\/li>\n<li><a href=\"https:\/\/edublog.educastur.es\/ixuxu\/2024\/10\/vineta-detector-de-cansanciu\/\">Vi\u00f1eta: \u00abDetector de cansanciu\u00bb<\/a>\u00a0<span class=\"post-date\">15\/10\/2024<\/span><\/li>\n<li><a href=\"https:\/\/edublog.educastur.es\/ixuxu\/2024\/10\/que-signifiquen-los-aros-olimpicos\/\">\u00bfQu\u00e9 signifiquen los Aros Ol\u00edmpicos?<\/a>\u00a0<span class=\"post-date\">15\/10\/2024<\/span><\/li>\n<li><a href=\"https:\/\/edublog.educastur.es\/ixuxu\/2024\/10\/poema-tierra-podre\/\">Poema \u201cTierra podre\u201d<\/a>\u00a0<span class=\"post-date\">15\/10\/2024<\/span><\/li>\n<li><a href=\"https:\/\/edublog.educastur.es\/ixuxu\/2024\/10\/lucia-gonzalez-muyer-rural-dasturies-2024\/\">Luc\u00eda Gonz\u00e1lez, Muyer Rural d\u2019Asturies 2024<\/a>\u00a0<span class=\"post-date\">15\/10\/2024<\/span><\/li>\n<li><a href=\"https:\/\/edublog.educastur.es\/ixuxu\/2024\/10\/lucia-gonzalez-lastrofisica-que-funde-astronomia-y-turismu-premio-muyer-rural-dasturies\/\">Luc\u00eda Gonz\u00e1lez, l\u2019astrof\u00edsica que funde astronom\u00eda y turismu, Premio Muyer Rural d\u2019Asturies<\/a>\u00a0<span class=\"post-date\">15\/10\/2024<\/span><\/li>\n<li><a href=\"https:\/\/edublog.educastur.es\/ixuxu\/2024\/10\/32924\/\">D\u00eda de les Muyeres Rurales<\/a>\u00a0<span class=\"post-date\">15\/10\/2024<\/span><\/li>\n<li><a href=\"https:\/\/edublog.educastur.es\/ixuxu\/2024\/10\/33838\/\">(sin t\u00edtulo)<\/a>\u00a0<span class=\"post-date\">15\/10\/2024<\/span><\/li>\n<li><a href=\"https:\/\/edublog.educastur.es\/ixuxu\/2024\/10\/32869\/\">(sin t\u00edtulo)<\/a>\u00a0<span class=\"post-date\">14\/10\/2024<\/span><\/li>\n<li><a href=\"https:\/\/edublog.educastur.es\/ixuxu\/2024\/10\/calcanu\/\">\u00abCalca\u00f1u\u00bb<\/a>\u00a0<span class=\"post-date\">14\/10\/2024<\/span><\/li>\n<li><a href=\"https:\/\/edublog.educastur.es\/ixuxu\/2024\/10\/32864\/\">Dambos padres albatros t\u00farnense pa caltener el g\u00fcevu caliente y protex\u00edu<\/a>\u00a0<span class=\"post-date\">14\/10\/2024<\/span><\/li>\n<li><a href=\"https:\/\/edublog.educastur.es\/ixuxu\/2024\/10\/32859\/\">(sin t\u00edtulo)<\/a>\u00a0<span class=\"post-date\">14\/10\/2024<\/span><\/li>\n<li><a href=\"https:\/\/edublog.educastur.es\/ixuxu\/2024\/10\/la-llegada-daguamales-o-meduses-puede-afectar-al-turismu\/\">\u00abLa llegada d\u2019aguamales o meduses puede afectar al turismu\u00bb<\/a>\u00a0<span class=\"post-date\">14\/10\/2024<\/span><\/li>\n<li><a href=\"https:\/\/edublog.educastur.es\/ixuxu\/2024\/10\/cuentu-latin-el-conquistador-2\/\">Cuentu: \u00abLat\u00edn el conquistador\u00bb<\/a>\u00a0<span class=\"post-date\">14\/10\/2024<\/span><\/li>\n<li><a href=\"https:\/\/edublog.educastur.es\/ixuxu\/2024\/10\/32840\/\">(sin t\u00edtulo)<\/a>\u00a0<span class=\"post-date\">14\/10\/2024<\/span><\/li>\n<li><a href=\"https:\/\/edublog.educastur.es\/ixuxu\/2024\/10\/la-meyor-fotografia-selvaxe-deuropa-danguano-tien-como-protagonista-al-lince-o-llobu-cerval-ibericu\/\">El resurdir del llobu cerval ib\u00e9ricu\/lince: la meyor fotograf\u00eda d\u2019Europa en 2024<\/a>\u00a0<span class=\"post-date\">14\/10\/2024<\/span><\/li>\n<li><a href=\"https:\/\/edublog.educastur.es\/ixuxu\/2024\/10\/carbayu-roble\/\">\u00abCarbayu\u00bb (roble)<\/a>\u00a0<span class=\"post-date\">14\/10\/2024<\/span><\/li>\n<li><a href=\"https:\/\/edublog.educastur.es\/ixuxu\/2024\/10\/poema-siguir-tirando-elvira-laruelo\/\">Poema \u00abSiguir tirando\u00bb Elvira Laruelo<\/a>\u00a0<span class=\"post-date\">14\/10\/2024<\/span><\/li>\n<li><a href=\"https:\/\/edublog.educastur.es\/ixuxu\/2024\/10\/32824\/\">(sin t\u00edtulo)<\/a>\u00a0<span class=\"post-date\">14\/10\/2024<\/span><\/li>\n<li><a href=\"https:\/\/edublog.educastur.es\/ixuxu\/2024\/10\/afaya-la-maxa-dasturies-al-travies-de-los-cuatro-estaciones\/\">Afaya la maxa d\u2019Asturies al travi\u00e9s d\u2019esti curtiumetraxe<\/a>\u00a0<span class=\"post-date\">14\/10\/2024<\/span><\/li>\n<li><a href=\"https:\/\/edublog.educastur.es\/ixuxu\/2024\/10\/samain-en-mieres-analizamos-un-cartelu\/\">Sama\u00edn en Mieres: analizamos un cartelu y tornamos al asturianu<\/a>\u00a0<span class=\"post-date\">14\/10\/2024<\/span><\/li>\n<li><a href=\"https:\/\/edublog.educastur.es\/ixuxu\/2024\/10\/queda-poco-pa-samain\/\">Queda poco pa Sama\u00edn<\/a>\u00a0<span class=\"post-date\">14\/10\/2024<\/span><\/li>\n<li><a href=\"https:\/\/edublog.educastur.es\/ixuxu\/2024\/10\/la-maxa-de-la-seronda-nasturies\/\">La maxa de la seronda n\u2019Asturies<\/a>\u00a0<span class=\"post-date\">14\/10\/2024<\/span><\/li>\n<li><a href=\"https:\/\/edublog.educastur.es\/ixuxu\/2024\/10\/mieres-bien-merez-una-bola\/\">Mieres bien merez una bola<\/a>\u00a0<span class=\"post-date\">14\/10\/2024<\/span><\/li>\n<li><a href=\"https:\/\/edublog.educastur.es\/ixuxu\/2024\/10\/gueyu\/\">\u00abG\u00fceyu\u00bb<\/a>\u00a0<span class=\"post-date\">14\/10\/2024<\/span><\/li>\n<li><a href=\"https:\/\/edublog.educastur.es\/ixuxu\/2024\/10\/32699\/\">(sin t\u00edtulo)<\/a>\u00a0<span class=\"post-date\">14\/10\/2024<\/span><\/li>\n<li><a href=\"https:\/\/edublog.educastur.es\/ixuxu\/2024\/10\/distopia\/\">DISTOP\u00cdA<\/a>\u00a0<span class=\"post-date\">14\/10\/2024<\/span><\/li>\n<li><a href=\"https:\/\/edublog.educastur.es\/ixuxu\/2024\/10\/llibru-dinteres-pa-protexer-el-planeta\/\">Llibru d\u2019inter\u00e9s pa protexer el planeta<\/a>\u00a0<span class=\"post-date\">14\/10\/2024<\/span><\/li>\n<li><a href=\"https:\/\/edublog.educastur.es\/ixuxu\/2024\/10\/dia-mundial-de-la-cordurera-costurera\/\">D\u00eda Mundial de la Cordurera\/costurera<\/a>\u00a0<span class=\"post-date\">14\/10\/2024<\/span><\/li>\n<li><a href=\"https:\/\/edublog.educastur.es\/ixuxu\/2024\/10\/32798\/\">INTRES\/INSTANTES<\/a>\u00a0<span class=\"post-date\">14\/10\/2024<\/span><\/li>\n<li><a href=\"https:\/\/edublog.educastur.es\/ixuxu\/2024\/10\/33831\/\">(sin t\u00edtulo)<\/a>\u00a0<span class=\"post-date\">14\/10\/2024<\/span><\/li>\n<li><a href=\"https:\/\/edublog.educastur.es\/ixuxu\/2024\/10\/32787\/\">(sin t\u00edtulo)<\/a>\u00a0<span class=\"post-date\">13\/10\/2024<\/span><\/li>\n<li><a href=\"https:\/\/edublog.educastur.es\/ixuxu\/2024\/10\/atabasar\/\">\u201cAtabasar\u201d<\/a>\u00a0<span class=\"post-date\">13\/10\/2024<\/span><\/li>\n<li><a href=\"https:\/\/edublog.educastur.es\/ixuxu\/2024\/10\/guei-la-catedral-duvieu-cumple-1200-anos\/\">G\u00fcei la catedral d\u2019Uvi\u00e9u cumple 1200 a\u00f1os<\/a>\u00a0<span class=\"post-date\">13\/10\/2024<\/span><\/li>\n<li><a href=\"https:\/\/edublog.educastur.es\/ixuxu\/2024\/10\/colores-dun-amanecer-na-sablera-de-xixon\/\">Colores d\u2019un amanecer na sablera de Xix\u00f3n<\/a>\u00a0<span class=\"post-date\">13\/10\/2024<\/span><\/li>\n<li><a href=\"https:\/\/edublog.educastur.es\/ixuxu\/2024\/10\/33836\/\">(sin t\u00edtulo)<\/a>\u00a0<span class=\"post-date\">13\/10\/2024<\/span><\/li>\n<li><a href=\"https:\/\/edublog.educastur.es\/ixuxu\/2024\/10\/han-kang-premiu-nobel-de-lliteratura-2024\/\">Han Kang, premiu Nobel de Lliteratura 2024<\/a>\u00a0<span class=\"post-date\">12\/10\/2024<\/span><\/li>\n<li><a href=\"https:\/\/edublog.educastur.es\/ixuxu\/2024\/10\/32749\/\">\u00abLlibru\u00bb<\/a>\u00a0<span class=\"post-date\">12\/10\/2024<\/span><\/li>\n<li><a href=\"https:\/\/edublog.educastur.es\/ixuxu\/2024\/10\/musical-de-coco-recuerdame-en-llugones\/\">Musical de Coco \u00abRecu\u00e9rdame\u00bb en Llugones<\/a>\u00a0<span class=\"post-date\">12\/10\/2024<\/span><\/li>\n<li><a href=\"https:\/\/edublog.educastur.es\/ixuxu\/2024\/10\/espectacular-fotografia-asina-foi-laurora-boreal-que-se-vio-nel-puntal-villaviciosa\/\">Espectacular fotograf\u00eda: asina foi l\u2019aurora boreal que se vio n\u2019El Puntal, Villaviciosa.\u00a0<\/a>\u00a0<span class=\"post-date\">12\/10\/2024<\/span><\/li>\n<li><a href=\"https:\/\/edublog.educastur.es\/ixuxu\/2024\/10\/32436\/\">(sin t\u00edtulo)<\/a>\u00a0<span class=\"post-date\">12\/10\/2024<\/span><\/li>\n<li><a href=\"https:\/\/edublog.educastur.es\/ixuxu\/2024\/10\/sofitar\/\">\u201cSofitar\u201d<\/a>\u00a0<span class=\"post-date\">12\/10\/2024<\/span><\/li>\n<li><a href=\"https:\/\/edublog.educastur.es\/ixuxu\/2024\/10\/dia-de-la-fiesta-nacional-nespana\/\">D\u00eda de la Fiesta Nacional n\u2019Espa\u00f1a<\/a>\u00a0<span class=\"post-date\">12\/10\/2024<\/span><\/li>\n<li><a href=\"https:\/\/edublog.educastur.es\/ixuxu\/2024\/10\/dia-mundial-de-les-aves-migratories-4\/\">D\u00eda Mundial de les Aves Migratories<\/a>\u00a0<span class=\"post-date\">12\/10\/2024<\/span><\/li>\n<li><a href=\"https:\/\/edublog.educastur.es\/ixuxu\/2024\/10\/marisa-valle-roso-en-reguerada-fest\/\">Marisa Valle Roso en Reguerada Fest<\/a>\u00a0<span class=\"post-date\">11\/10\/2024<\/span><\/li>\n<li><a href=\"https:\/\/edublog.educastur.es\/ixuxu\/2024\/10\/llunes-14-dia-de-les-escritores\/\">Llunes 14, D\u00eda de les escritores<\/a>\u00a0<span class=\"post-date\">11\/10\/2024<\/span><\/li>\n<li><a href=\"https:\/\/edublog.educastur.es\/ixuxu\/2024\/10\/32723\/\">Esti s\u00e1badu \u00abAnimalada Xabaz\u00bb na TPA<\/a>\u00a0<span class=\"post-date\">11\/10\/2024<\/span><\/li>\n<li><a href=\"https:\/\/edublog.educastur.es\/ixuxu\/2024\/10\/interpretamos-un-anunciu-dun-curso\/\">Interpretamos un anunciu d\u2019un curso<\/a>\u00a0<span class=\"post-date\">11\/10\/2024<\/span><\/li>\n<li><a href=\"https:\/\/edublog.educastur.es\/ixuxu\/2024\/10\/32637\/\">(sin t\u00edtulo)<\/a>\u00a0<span class=\"post-date\">11\/10\/2024<\/span><\/li>\n<li><a href=\"https:\/\/edublog.educastur.es\/ixuxu\/2024\/10\/32710\/\">Les meyores fotograf\u00edes de naturaleza di\u00e9ronse cita nel festival Montphoto<\/a>\u00a0<span class=\"post-date\">11\/10\/2024<\/span><\/li>\n<li><a href=\"https:\/\/edublog.educastur.es\/ixuxu\/2024\/10\/la-increible-imaxe-en-llanes-captada-por-un-fotografu\/\">La incre\u00edble imaxe en Llanes captada por un fot\u00f3grafu<\/a>\u00a0<span class=\"post-date\">11\/10\/2024<\/span><\/li>\n<li><a href=\"https:\/\/edublog.educastur.es\/ixuxu\/2024\/10\/32766\/\">Aurora boreal na Villa<\/a>\u00a0<span class=\"post-date\">11\/10\/2024<\/span><\/li>\n<li><a href=\"https:\/\/edublog.educastur.es\/ixuxu\/2024\/10\/aurora-boreal-en-plenu-corazon-de-picos-deuropa\/\">Aurora Boreal en plenu coraz\u00f3n de Picos d\u2019Europa<\/a>\u00a0<span class=\"post-date\">11\/10\/2024<\/span><\/li>\n<li><a href=\"https:\/\/edublog.educastur.es\/ixuxu\/2024\/10\/kraken-asturianu-guei-apaecio-esti-calamar-xigante-en-sablera-del-sablon-llanes\/\">Kraken asturianu: g\u00fcei apaeci\u00f3 esti calamar xigante en Sablera del Sabl\u00f3n (Llanes)<\/a>\u00a0<span class=\"post-date\">11\/10\/2024<\/span><\/li>\n<li><a href=\"https:\/\/edublog.educastur.es\/ixuxu\/2024\/10\/32691\/\">(sin t\u00edtulo)<\/a>\u00a0<span class=\"post-date\">11\/10\/2024<\/span><\/li>\n<li><a href=\"https:\/\/edublog.educastur.es\/ixuxu\/2024\/10\/la-ultima-superlluna-del-branu\/\">La \u00faltima superlluna del branu<\/a>\u00a0<span class=\"post-date\">11\/10\/2024<\/span><\/li>\n<li><a href=\"https:\/\/edublog.educastur.es\/ixuxu\/2024\/10\/animales-que-se-fundieron-llogren-tornar-la-muerte\/\">Animales que se fundieron llogren tornar la muerte<\/a>\u00a0<span class=\"post-date\">11\/10\/2024<\/span><\/li>\n<li><a href=\"https:\/\/edublog.educastur.es\/ixuxu\/2024\/10\/32681\/\">Los ganadores del \u2018Premio de Astrofotograf\u00eda\u2019 2024 para paisaxes astro<\/a>\u00a0<span class=\"post-date\">11\/10\/2024<\/span><\/li>\n<li><a href=\"https:\/\/edublog.educastur.es\/ixuxu\/2024\/10\/32675\/\">(sin t\u00edtulo)<\/a>\u00a0<span class=\"post-date\">11\/10\/2024<\/span><\/li>\n<li><a href=\"https:\/\/edublog.educastur.es\/ixuxu\/2024\/10\/tar-sollerte\/\">\u00abTar sollerte\u00bb<\/a>\u00a0<span class=\"post-date\">11\/10\/2024<\/span><\/li>\n<li><a href=\"https:\/\/edublog.educastur.es\/ixuxu\/2024\/10\/aloyeru-a-o\/\">\u201cAloyeru, -a, -o\u201d<\/a>\u00a0<span class=\"post-date\">11\/10\/2024<\/span><\/li>\n<li><a href=\"https:\/\/edublog.educastur.es\/ixuxu\/2024\/10\/32677\/\">Gond\u00e1n, en Castropol, va fabricar el mayor barcu de la so hestoria<\/a>\u00a0<span class=\"post-date\">11\/10\/2024<\/span><\/li>\n<li><a href=\"https:\/\/edublog.educastur.es\/ixuxu\/2024\/10\/rafa-nadal-una-fonte-dinspiracion-y-exemplu-para-tol-mundu-del-deporte\/\">Rafa Nadal, una fonte d\u2019inspiraci\u00f3n y exemplu para tol mundu del deporte.<\/a>\u00a0<span class=\"post-date\">11\/10\/2024<\/span><\/li>\n<li><a href=\"https:\/\/edublog.educastur.es\/ixuxu\/2024\/10\/fiesta-de-la-vendimia-en-cangas-del-narcea\/\">Fiesta de la Vendimia en Cangas del Narcea, del 10 al 13 d\u2019ochobre<\/a>\u00a0<span class=\"post-date\">11\/10\/2024<\/span><\/li>\n<li><a href=\"https:\/\/edublog.educastur.es\/ixuxu\/2024\/10\/dia-internacional-de-la-nena\/\">D\u00eda Internacional de la Ne\u00f1a<\/a>\u00a0<span class=\"post-date\">11\/10\/2024<\/span><\/li>\n<li><a href=\"https:\/\/edublog.educastur.es\/ixuxu\/2024\/10\/asina-amanecia-guei-xixon\/\">Asina amanec\u00eda g\u00fcei Xix\u00f3n<\/a>\u00a0<span class=\"post-date\">11\/10\/2024<\/span><\/li>\n<li><a href=\"https:\/\/edublog.educastur.es\/ixuxu\/2024\/10\/32614\/\">(sin t\u00edtulo)<\/a>\u00a0<span class=\"post-date\">10\/10\/2024<\/span><\/li>\n<li><a href=\"https:\/\/edublog.educastur.es\/ixuxu\/2024\/10\/alcordaisvos-de-la-campana-del-gobiernu-del-principau-para-promocionar-el-turismu-nasturies-col-osu-yogui\/\">\u00bfAlcord\u00e1isvos de la campa\u00f1a del Gobiernu del Princip\u00e1u para promocionar el turismu n\u2019Asturies col osu Yogui?<\/a>\u00a0<span class=\"post-date\">10\/10\/2024<\/span><\/li>\n<li><a href=\"https:\/\/edublog.educastur.es\/ixuxu\/2024\/10\/cantar-tierra-de-nuramay\/\">Cantar \u00abTierra\u00bb de Nuramay<\/a>\u00a0<span class=\"post-date\">10\/10\/2024<\/span><\/li>\n<li><a href=\"https:\/\/edublog.educastur.es\/ixuxu\/2024\/10\/32616\/\">(sin t\u00edtulo)<\/a>\u00a0<span class=\"post-date\">10\/10\/2024<\/span><\/li>\n<li><a href=\"https:\/\/edublog.educastur.es\/ixuxu\/2024\/10\/entama-la-feria-lablana-nel-infiestu\/\">Entama la feria l\u2019ablana nel Infiestu.<\/a>\u00a0<span class=\"post-date\">10\/10\/2024<\/span><\/li>\n<li><a href=\"https:\/\/edublog.educastur.es\/ixuxu\/2024\/10\/amanecer-de-guei-en-xixon\/\">Amanecer de g\u00fcei en Xix\u00f3n, dempu\u00e9s de la tormenta, la calma\u2026<\/a>\u00a0<span class=\"post-date\">10\/10\/2024<\/span><\/li>\n<li><a href=\"https:\/\/edublog.educastur.es\/ixuxu\/2024\/10\/seronda\/\">Seronda<\/a>\u00a0<span class=\"post-date\">10\/10\/2024<\/span><\/li>\n<li><a href=\"https:\/\/edublog.educastur.es\/ixuxu\/2024\/10\/32633\/\">(sin t\u00edtulo)<\/a>\u00a0<span class=\"post-date\">10\/10\/2024<\/span><\/li>\n<li><a href=\"https:\/\/edublog.educastur.es\/ixuxu\/2024\/10\/la-lluna-2\/\">La lluna\u2026<\/a>\u00a0<span class=\"post-date\">10\/10\/2024<\/span><\/li>\n<li><a href=\"https:\/\/edublog.educastur.es\/ixuxu\/2024\/10\/afayase-una-llata-de-bebora-de-3-000-anos-dantigueda\/\">Af\u00e1yase una llata de b\u00e9bora de 3.000 a\u00f1os d\u2019antig\u00fced\u00e1<\/a>\u00a0<span class=\"post-date\">10\/10\/2024<\/span><\/li>\n<li><a href=\"https:\/\/edublog.educastur.es\/ixuxu\/2024\/10\/la-seronda-tan-maxica\/\">El ciclu vital d\u2019una fueya na seronda<\/a>\u00a0<span class=\"post-date\">10\/10\/2024<\/span><\/li>\n<li><a href=\"https:\/\/edublog.educastur.es\/ixuxu\/2024\/10\/autenticida\/\">(sin t\u00edtulo)<\/a>\u00a0<span class=\"post-date\">10\/10\/2024<\/span><\/li>\n<li><a href=\"https:\/\/edublog.educastur.es\/ixuxu\/2024\/10\/el-festival-de-lablana-en-linfiestu-pilona\/\">El Festival de L\u2019Ablana en L\u2019Infiestu (Pilo\u00f1a)<\/a>\u00a0<span class=\"post-date\">10\/10\/2024<\/span><\/li>\n<li><a href=\"https:\/\/edublog.educastur.es\/ixuxu\/2024\/10\/bilordiar\/\">\u00abBilordiar\u00bb<\/a>\u00a0<span class=\"post-date\">10\/10\/2024<\/span><\/li>\n<li><a href=\"https:\/\/edublog.educastur.es\/ixuxu\/2024\/10\/losu-afamiau-quapavora-a-un-pueblu-asturianu\/\">L\u2019osu afami\u00e1u qu\u2019apavora a un pueblu asturianu<\/a>\u00a0<span class=\"post-date\">10\/10\/2024<\/span><\/li>\n<li><a href=\"https:\/\/edublog.educastur.es\/ixuxu\/2024\/10\/felechu\/\">\u00abFelechu\u00bb<\/a>\u00a0<span class=\"post-date\">10\/10\/2024<\/span><\/li>\n<li><a href=\"https:\/\/edublog.educastur.es\/ixuxu\/2024\/10\/un-torbolin-y-un-arcuiris-arcu-la-vieya\/\">Un torbol\u00edn y un arcuiris (arcu la vieya)<\/a>\u00a0<span class=\"post-date\">10\/10\/2024<\/span><\/li>\n<li><a href=\"https:\/\/edublog.educastur.es\/ixuxu\/2024\/10\/dia-mundial-de-la-salu-mental-2\/\">D\u00eda Mundial de la Sal\u00fa Mental<\/a>\u00a0<span class=\"post-date\">10\/10\/2024<\/span><\/li>\n<li><a href=\"https:\/\/edublog.educastur.es\/ixuxu\/2024\/10\/32610\/\">(sin t\u00edtulo)<\/a>\u00a0<span class=\"post-date\">10\/10\/2024<\/span><\/li>\n<li><a href=\"https:\/\/edublog.educastur.es\/ixuxu\/2024\/10\/xi-edicion-del-ochobre-folk\/\">XI edici\u00f3n del Ochobre Folk<\/a>\u00a0<span class=\"post-date\">10\/10\/2024<\/span><\/li>\n<li><a href=\"https:\/\/edublog.educastur.es\/ixuxu\/2024\/10\/reguerada-fest-en-candas-carreno\/\">Reguerada Fest en Cand\u00e1s (Carre\u00f1o)<\/a>\u00a0<span class=\"post-date\">09\/10\/2024<\/span><\/li>\n<li><a href=\"https:\/\/edublog.educastur.es\/ixuxu\/2024\/10\/xornaes-gastronomiques-de-el-desarme-nuvieu\/\">Xorn\u00e1es Gastron\u00f3miques de \u00abEl Desarme\u00bb n\u2019Uvi\u00e9u<\/a>\u00a0<span class=\"post-date\">09\/10\/2024<\/span><\/li>\n<li><a href=\"https:\/\/edublog.educastur.es\/ixuxu\/2024\/10\/32612\/\">(sin t\u00edtulo)<\/a>\u00a0<span class=\"post-date\">09\/10\/2024<\/span><\/li>\n<li><a href=\"https:\/\/edublog.educastur.es\/ixuxu\/2024\/10\/un-anu-mas-vamos-celebrar-samain-halloween\/\">Un a\u00f1u m\u00e1s vamos celebrar Sama\u00edn\/Halloween<\/a>\u00a0<span class=\"post-date\">09\/10\/2024<\/span><\/li>\n<li><a href=\"https:\/\/edublog.educastur.es\/ixuxu\/2024\/10\/la-escasez-de-precipitaciones-ye-una-de-les-causes-que-contribuin-a-la-desertificacion\/\">La escasez de precipitaciones ye una de les causes que contrib\u00fain a la desertificaci\u00f3n<\/a>\u00a0<span class=\"post-date\">09\/10\/2024<\/span><\/li>\n<li><a href=\"https:\/\/edublog.educastur.es\/ixuxu\/2024\/10\/cantajuego-naviles-el-12-dochobre-a-les-1630-y-19-h-nel-centru-niemeyer\/\">\u00a1CantaJuego n\u2019Avil\u00e9s! El 12 d\u2019Ochobre nel Centru Niemeyer.<\/a>\u00a0<span class=\"post-date\">09\/10\/2024<\/span><\/li>\n<li><a href=\"https:\/\/edublog.educastur.es\/ixuxu\/2024\/10\/32416\/\">(sin t\u00edtulo)<\/a>\u00a0<span class=\"post-date\">09\/10\/2024<\/span><\/li>\n<li><a href=\"https:\/\/edublog.educastur.es\/ixuxu\/2024\/10\/32477\/\">(sin t\u00edtulo)<\/a>\u00a0<span class=\"post-date\">09\/10\/2024<\/span><\/li>\n<li><a href=\"https:\/\/edublog.educastur.es\/ixuxu\/2024\/10\/32189\/\">(sin t\u00edtulo)<\/a>\u00a0<span class=\"post-date\">09\/10\/2024<\/span><\/li>\n<li><a href=\"https:\/\/edublog.educastur.es\/ixuxu\/2024\/10\/32484\/\">\u00abAnimales so les estrelles\u00bb Lurdes Santander<\/a>\u00a0<span class=\"post-date\">09\/10\/2024<\/span><\/li>\n<li><a href=\"https:\/\/edublog.educastur.es\/ixuxu\/2024\/10\/les-cuatro-estaciones-del-anu-nuna-imaxe\/\">Les cuatro estaciones del a\u00f1u nuna imaxe<\/a>\u00a0<span class=\"post-date\">09\/10\/2024<\/span><\/li>\n<li><a href=\"https:\/\/edublog.educastur.es\/ixuxu\/2024\/10\/manca-la-madera\/\">\u00abManca la madera\u00bb<\/a>\u00a0<span class=\"post-date\">09\/10\/2024<\/span><\/li>\n<li><a href=\"https:\/\/edublog.educastur.es\/ixuxu\/2024\/10\/la-forma-del-picu-de-les-aves-ye-un-fascinante-exemplu-dadaptacion-evolutiva\/\">La forma del picu de les aves ye un fascinante exemplu d\u2019adaptaci\u00f3n evolutiva.<\/a>\u00a0<span class=\"post-date\">09\/10\/2024<\/span><\/li>\n<li><a href=\"https:\/\/edublog.educastur.es\/ixuxu\/2024\/10\/32469\/\">(sin t\u00edtulo)<\/a>\u00a0<span class=\"post-date\">09\/10\/2024<\/span><\/li>\n<li><a href=\"https:\/\/edublog.educastur.es\/ixuxu\/2024\/10\/el-circulu-cromaticu-de-goethe-una-perspectiva-revolucionaria-sobro-la-teoria-del-color\/\">El C\u00edrculu Crom\u00e1ticu de Goethe: Una Perspectiva Revolucionaria sobro la Teor\u00eda del Color<\/a>\u00a0<span class=\"post-date\">09\/10\/2024<\/span><\/li>\n<li><a href=\"https:\/\/edublog.educastur.es\/ixuxu\/2024\/10\/galeria-de-semeyes-dindumentaria\/\">Galer\u00eda de semeyes d\u2019Indumentaria<\/a>\u00a0<span class=\"post-date\">09\/10\/2024<\/span><\/li>\n<li><a href=\"https:\/\/edublog.educastur.es\/ixuxu\/2024\/10\/canciones-populares-asturianes-4\/\">Canciones Populares Asturianes 4<\/a>\u00a0<span class=\"post-date\">09\/10\/2024<\/span><\/li>\n<li><a href=\"https:\/\/edublog.educastur.es\/ixuxu\/2024\/10\/adulces\/\">\u00abAdulces\u00bb<\/a>\u00a0<span class=\"post-date\">09\/10\/2024<\/span><\/li>\n<li><a href=\"https:\/\/edublog.educastur.es\/ixuxu\/2024\/10\/el-cielu-nasturies\/\">El cielu n\u2019Asturies<\/a>\u00a0<span class=\"post-date\">09\/10\/2024<\/span><\/li>\n<li><a href=\"https:\/\/edublog.educastur.es\/ixuxu\/2024\/10\/esti-miercoles-la-borrasca-kirk-dexa-raches-huracanaes-de-vientu\/\">Esti mi\u00e9rcoles, la borrasca Kirk dexa raches huracanaes de vientu<\/a>\u00a0<span class=\"post-date\">09\/10\/2024<\/span><\/li>\n<li><a href=\"https:\/\/edublog.educastur.es\/ixuxu\/2024\/10\/casa\/\">\u00abCasa\u00bb<\/a>\u00a0<span class=\"post-date\">09\/10\/2024<\/span><\/li>\n<li><a href=\"https:\/\/edublog.educastur.es\/ixuxu\/2024\/10\/web-de-proteccion-civil\/\">Web de Protecci\u00f3n Civil<\/a>\u00a0<span class=\"post-date\">09\/10\/2024<\/span><\/li>\n<li><a href=\"https:\/\/edublog.educastur.es\/ixuxu\/2024\/10\/32571\/\">Recomendaciones por vientos fuertes y riesgos costeros<\/a>\u00a0<span class=\"post-date\">09\/10\/2024<\/span><\/li>\n<li><a href=\"https:\/\/edublog.educastur.es\/ixuxu\/2024\/10\/maxima-prudencia-y-evitar-los-desplazamientos\/\">M\u00e1xima prudencia y evitar los desplazamientos<\/a>\u00a0<span class=\"post-date\">09\/10\/2024<\/span><\/li>\n<li><a href=\"https:\/\/edublog.educastur.es\/ixuxu\/2024\/10\/dia-mundial-del-correu-2\/\">D\u00eda Mundial del Corr\u00e9u.<\/a>\u00a0<span class=\"post-date\">09\/10\/2024<\/span><\/li>\n<li><a href=\"https:\/\/edublog.educastur.es\/ixuxu\/2024\/10\/atapecer-en-xixon-2\/\">Atapecer en Xix\u00f3n<\/a>\u00a0<span class=\"post-date\">08\/10\/2024<\/span><\/li>\n<li><a href=\"https:\/\/edublog.educastur.es\/ixuxu\/2024\/10\/32452\/\">(sin t\u00edtulo)<\/a>\u00a0<span class=\"post-date\">08\/10\/2024<\/span><\/li>\n<li><a href=\"https:\/\/edublog.educastur.es\/ixuxu\/2024\/10\/respetar-los-espacios-verdes-urbanos-ciudaes-verdes\/\">Respetar los espacios verdes urbanos: ciudaes verdes.<\/a>\u00a0<span class=\"post-date\">08\/10\/2024<\/span><\/li>\n<li><a href=\"https:\/\/edublog.educastur.es\/ixuxu\/2024\/10\/tresforma-nubes-ordinaries-en-garabatos-caprichosos\/\">Tresforma nubes ordinaries en garabatos caprichosos<\/a>\u00a0<span class=\"post-date\">08\/10\/2024<\/span><\/li>\n<li><a href=\"https:\/\/edublog.educastur.es\/ixuxu\/2024\/10\/32447\/\">(sin t\u00edtulo)<\/a>\u00a0<span class=\"post-date\">08\/10\/2024<\/span><\/li>\n<li><a href=\"https:\/\/edublog.educastur.es\/ixuxu\/2024\/10\/guestia\/\">\u201cG\u00fcestia\u201d<\/a>\u00a0<span class=\"post-date\">08\/10\/2024<\/span><\/li>\n<li><a href=\"https:\/\/edublog.educastur.es\/ixuxu\/2024\/10\/guei-fai-50-anos-que-sestreno-en-tve-un-globu-dos-globos-tres-globos\/\">G\u00fcei fai 50 a\u00f1os que s\u2019estren\u00f3 en TVE \u00abUn globu, dos globos, tr\u00e9s globos\u00bb.<\/a>\u00a0<span class=\"post-date\">08\/10\/2024<\/span><\/li>\n<li><a href=\"https:\/\/edublog.educastur.es\/ixuxu\/2024\/10\/selmana-mundial-del-espaciu-del-4-al-10-dochobre\/\">Selmana Mundial del Espaciu, del 4 al 10 d\u2019ochobre<\/a>\u00a0<span class=\"post-date\">08\/10\/2024<\/span><\/li>\n<li><a href=\"https:\/\/edublog.educastur.es\/ixuxu\/2024\/10\/32431\/\">(sin t\u00edtulo)<\/a>\u00a0<span class=\"post-date\">08\/10\/2024<\/span><\/li>\n<li><a href=\"https:\/\/edublog.educastur.es\/ixuxu\/2024\/10\/cada-ventana-ye-distinta-y-tien-una-hestoria-distinta-y-unica\/\">Cada ventana ye distinta y tien una hestoria distinta y \u00fanica.<\/a>\u00a0<span class=\"post-date\">08\/10\/2024<\/span><\/li>\n<li><a href=\"https:\/\/edublog.educastur.es\/ixuxu\/2024\/10\/esposicion-90-ochobres\/\">Esposici\u00f3n \u00abArguyoses d\u2019ochobre\u00bb<\/a>\u00a0<span class=\"post-date\">08\/10\/2024<\/span><\/li>\n<li><a href=\"https:\/\/edublog.educastur.es\/ixuxu\/2024\/10\/kirk-la-borrasca-o-bisarma-de-vientu-y-agua-averase-a-asturies\/\">\u2018Kirk\u2019, la borrasca de vientu y agua, av\u00e9rase a Asturies<\/a>\u00a0<span class=\"post-date\">08\/10\/2024<\/span><\/li>\n<li><a href=\"https:\/\/edublog.educastur.es\/ixuxu\/2024\/10\/dia-internacional-de-la-dislexa\/\">D\u00eda Internacional de la Dislexa<\/a>\u00a0<span class=\"post-date\">08\/10\/2024<\/span><\/li>\n<li><a href=\"https:\/\/edublog.educastur.es\/ixuxu\/2024\/10\/32345\/\">(sin t\u00edtulo)<\/a>\u00a0<span class=\"post-date\">07\/10\/2024<\/span><\/li>\n<li><a href=\"https:\/\/edublog.educastur.es\/ixuxu\/2024\/10\/espoxigar\/\">\u00abEspoxigar\u00bb<\/a>\u00a0<span class=\"post-date\">07\/10\/2024<\/span><\/li>\n<li><a href=\"https:\/\/edublog.educastur.es\/ixuxu\/2024\/10\/frases-de-les-pegatines-que-ya-tienen-na-consulta-de-pediatria\/\">Frases de les pegatines na consulta de Pediatr\u00eda<\/a>\u00a0<span class=\"post-date\">07\/10\/2024<\/span><\/li>\n<li><a href=\"https:\/\/edublog.educastur.es\/ixuxu\/2024\/10\/32391\/\">(sin t\u00edtulo)<\/a>\u00a0<span class=\"post-date\">07\/10\/2024<\/span><\/li>\n<li><a href=\"https:\/\/edublog.educastur.es\/ixuxu\/2024\/10\/gotes-dagua-de-seronda\/\">Gotes d\u2019agua na seronda<\/a>\u00a0<span class=\"post-date\">07\/10\/2024<\/span><\/li>\n<li><a href=\"https:\/\/edublog.educastur.es\/ixuxu\/2024\/10\/32380\/\">(sin t\u00edtulo)<\/a>\u00a0<span class=\"post-date\">07\/10\/2024<\/span><\/li>\n<li><a href=\"https:\/\/edublog.educastur.es\/ixuxu\/2024\/10\/como-en-casa-guelu\/\">\u00abComo en casa g\u00fcelu\u00bb<\/a>\u00a0<span class=\"post-date\">07\/10\/2024<\/span><\/li>\n<li><a href=\"https:\/\/edublog.educastur.es\/ixuxu\/2024\/10\/amanecer-de-guei-domingu-en-xixon\/\">Amanecer de g\u00fcei domingu en Xix\u00f3n<\/a>\u00a0<span class=\"post-date\">07\/10\/2024<\/span><\/li>\n<li><a href=\"https:\/\/edublog.educastur.es\/ixuxu\/2024\/10\/monstruos-xigantes-nel-mar\/\">Monstruos xigantes nel mar<\/a>\u00a0<span class=\"post-date\">07\/10\/2024<\/span><\/li>\n<li><a href=\"https:\/\/edublog.educastur.es\/ixuxu\/2024\/10\/32510\/\">El pulpu ye un animal fascinante\u2026<\/a>\u00a0<span class=\"post-date\">07\/10\/2024<\/span><\/li>\n<li><a href=\"https:\/\/edublog.educastur.es\/ixuxu\/2024\/10\/na-seronda-hai-munches-tradiciones\/\">Na seronda hai munches tradiciones<\/a>\u00a0<span class=\"post-date\">07\/10\/2024<\/span><\/li>\n<li><a href=\"https:\/\/edublog.educastur.es\/ixuxu\/2024\/10\/26882\/\">(sin t\u00edtulo)<\/a>\u00a0<span class=\"post-date\">07\/10\/2024<\/span><\/li>\n<li><a href=\"https:\/\/edublog.educastur.es\/ixuxu\/2024\/10\/espresion-tar-como-una-teya\/\">Espresi\u00f3n: \u00abTar como una teya\u00bb<\/a>\u00a0<span class=\"post-date\">07\/10\/2024<\/span><\/li>\n<li><a href=\"https:\/\/edublog.educastur.es\/ixuxu\/2024\/10\/non-a-la-guerra-banksy\/\">\u00abNon a la guerra\u00bb Banksy<\/a>\u00a0<span class=\"post-date\">07\/10\/2024<\/span><\/li>\n<li><a href=\"https:\/\/edublog.educastur.es\/ixuxu\/2024\/10\/32287\/\">(sin t\u00edtulo)<\/a>\u00a0<span class=\"post-date\">07\/10\/2024<\/span><\/li>\n<li><a href=\"https:\/\/edublog.educastur.es\/ixuxu\/2024\/10\/dia-de-la-reciella-nel-museu-del-pueblu-dasturies-de-xixon\/\">\u00abCol Asturianu xugamos n\u2019equipu\u00bb, cantar del D\u00eda de la Reciella<\/a>\u00a0<span class=\"post-date\">07\/10\/2024<\/span><\/li>\n<li><a href=\"https:\/\/edublog.educastur.es\/ixuxu\/2024\/10\/32515\/\">Rede Natura 2000 n\u2019Asturies<\/a>\u00a0<span class=\"post-date\">07\/10\/2024<\/span><\/li>\n<li><a href=\"https:\/\/edublog.educastur.es\/ixuxu\/2024\/10\/hevia-torna-a-los-bufones-de-pria-al-cumplise-25-anos-del-so-esitu-internacional\/\">Hevia torna a los bufones de Pr\u00eda al cumplise 25 a\u00f1os del so \u00e9situ internacional<\/a>\u00a0<span class=\"post-date\">07\/10\/2024<\/span><\/li>\n<li><a href=\"https:\/\/edublog.educastur.es\/ixuxu\/2024\/10\/dia-mundial-del-habitat\/\">D\u00eda Mundial del H\u00e1bitat<\/a>\u00a0<span class=\"post-date\">07\/10\/2024<\/span><\/li>\n<li><a href=\"https:\/\/edublog.educastur.es\/ixuxu\/2024\/10\/s-de-seronda\/\">S de SERONDA<\/a>\u00a0<span class=\"post-date\">07\/10\/2024<\/span><\/li>\n<li><a href=\"https:\/\/edublog.educastur.es\/ixuxu\/2024\/10\/atapeceres-maxicos-los-de-la-sablera-de-salinas\/\">Atapeceres m\u00e1xicos los de la sablera de Salinas<\/a>\u00a0<span class=\"post-date\">07\/10\/2024<\/span><\/li>\n<li><a href=\"https:\/\/edublog.educastur.es\/ixuxu\/2024\/10\/dia-del-sombrereru-llocu\/\">D\u00eda del Sombrereru Llocu<\/a>\u00a0<span class=\"post-date\">07\/10\/2024<\/span><\/li>\n<li><a href=\"https:\/\/edublog.educastur.es\/ixuxu\/2024\/10\/nsin-palabres\/\">\u00abEnsin palabres\u00bb<\/a>\u00a0<span class=\"post-date\">06\/10\/2024<\/span><\/li>\n<li><a href=\"https:\/\/edublog.educastur.es\/ixuxu\/2024\/10\/festival-de-lablana-en-linfiestu-pilona\/\">Festival de l\u2019ablana en L\u2019Infiestu (Pilo\u00f1a)<\/a>\u00a0<span class=\"post-date\">06\/10\/2024<\/span><\/li>\n<li><a href=\"https:\/\/edublog.educastur.es\/ixuxu\/2024\/10\/32362\/\">Semeyes d\u2019Aves en Cuideiru<\/a>\u00a0<span class=\"post-date\">06\/10\/2024<\/span><\/li>\n<li><a href=\"https:\/\/edublog.educastur.es\/ixuxu\/2024\/10\/dia-mundial-de-la-xeodiversida\/\">D\u00eda Mundial de la Xeodiversid\u00e1<\/a>\u00a0<span class=\"post-date\">06\/10\/2024<\/span><\/li>\n<li><a href=\"https:\/\/edublog.educastur.es\/ixuxu\/2024\/10\/dia-mundial-de-les-aves-2\/\">D\u00eda Mundial de les Aves<\/a>\u00a0<span class=\"post-date\">06\/10\/2024<\/span><\/li>\n<li><a href=\"https:\/\/edublog.educastur.es\/ixuxu\/2024\/10\/32169\/\">(sin t\u00edtulo)<\/a>\u00a0<span class=\"post-date\">05\/10\/2024<\/span><\/li>\n<li><a href=\"https:\/\/edublog.educastur.es\/ixuxu\/2024\/10\/larrancadera\/\">L\u2019arrancadera<\/a>\u00a0<span class=\"post-date\">05\/10\/2024<\/span><\/li>\n<li><a href=\"https:\/\/edublog.educastur.es\/ixuxu\/2024\/10\/32300\/\">(sin t\u00edtulo)<\/a>\u00a0<span class=\"post-date\">05\/10\/2024<\/span><\/li>\n<li><a href=\"https:\/\/edublog.educastur.es\/ixuxu\/2024\/10\/dia-de-la-reciella-nel-pueblu-dasturies-xixon\/\">D\u00eda de la Reciella nel Pueblu d\u2019Asturies (Xix\u00f3n)<\/a>\u00a0<span class=\"post-date\">05\/10\/2024<\/span><\/li>\n<li><a href=\"https:\/\/edublog.educastur.es\/ixuxu\/2024\/10\/asina-amanecia-en-xixon\/\">Asina amanec\u00eda en Xix\u00f3n<\/a>\u00a0<span class=\"post-date\">05\/10\/2024<\/span><\/li>\n<li><a href=\"https:\/\/edublog.educastur.es\/ixuxu\/2024\/10\/32177\/\">(sin t\u00edtulo)<\/a>\u00a0<span class=\"post-date\">04\/10\/2024<\/span><\/li>\n<li><a href=\"https:\/\/edublog.educastur.es\/ixuxu\/2024\/10\/espirriar\/\">\u201cEspirriar\u201d<\/a>\u00a0<span class=\"post-date\">04\/10\/2024<\/span><\/li>\n<li><a href=\"https:\/\/edublog.educastur.es\/ixuxu\/2024\/10\/l-xi-dia-de-la-reciella\/\">l XI D\u00cdA DE LA RECIELLA<\/a>\u00a0<span class=\"post-date\">04\/10\/2024<\/span><\/li>\n<li><a href=\"https:\/\/edublog.educastur.es\/ixuxu\/2024\/10\/32263\/\">(sin t\u00edtulo)<\/a>\u00a0<span class=\"post-date\">04\/10\/2024<\/span><\/li>\n<li><a href=\"https:\/\/edublog.educastur.es\/ixuxu\/2024\/10\/ochobre-folk-del-11-al-13-dochobre\/\">Ochobre Folk del 11 al 13 d\u2019ochobre<\/a>\u00a0<span class=\"post-date\">04\/10\/2024<\/span><\/li>\n<li><a href=\"https:\/\/edublog.educastur.es\/ixuxu\/2024\/10\/inauguracion-de-lamuesa-la-ciencia-segun-forges-nel-huca\/\">Inauguraci\u00f3n de l\u2019amuesa La Ciencia Seg\u00fan Forges, nel HUCA<\/a>\u00a0<span class=\"post-date\">04\/10\/2024<\/span><\/li>\n<li><a href=\"https:\/\/edublog.educastur.es\/ixuxu\/2024\/10\/32282\/\">Av\u00e9rate\u2026<\/a>\u00a0<span class=\"post-date\">04\/10\/2024<\/span><\/li>\n<li><a href=\"https:\/\/edublog.educastur.es\/ixuxu\/2024\/10\/32265\/\">Espresiones n\u2019asturianu \u00abFalar m\u00e1s qu\u2019una sacavera\u00bb<\/a>\u00a0<span class=\"post-date\">04\/10\/2024<\/span><\/li>\n<li><a href=\"https:\/\/edublog.educastur.es\/ixuxu\/2024\/10\/dia-mundial-de-los-animales-4\/\">D\u00eda Mundial de los Animales<\/a>\u00a0<span class=\"post-date\">04\/10\/2024<\/span><\/li>\n<li><a href=\"https:\/\/edublog.educastur.es\/ixuxu\/2024\/10\/dia-mundial-de-los-animales-5\/\">D\u00eda Mundial de los Animales<\/a>\u00a0<span class=\"post-date\">04\/10\/2024<\/span><\/li>\n<li><a href=\"https:\/\/edublog.educastur.es\/ixuxu\/2024\/10\/32297\/\">D\u00eda Internacional de los Animales nel Mus\u00e9u de la Prehistoria<\/a>\u00a0<span class=\"post-date\">04\/10\/2024<\/span><\/li>\n<li><a href=\"https:\/\/edublog.educastur.es\/ixuxu\/2024\/10\/32254\/\">(sin t\u00edtulo)<\/a>\u00a0<span class=\"post-date\">04\/10\/2024<\/span><\/li>\n<li><a href=\"https:\/\/edublog.educastur.es\/ixuxu\/2024\/10\/dia-mundial-de-la-sorrisa-2\/\">D\u00eda Mundial de la Sorrisa<\/a>\u00a0<span class=\"post-date\">04\/10\/2024<\/span><\/li>\n<li><a href=\"https:\/\/edublog.educastur.es\/ixuxu\/2024\/10\/dime-paxarin-parleru%c2%b7\/\">\u00abDime paxar\u00edn parleru\u00bb\u00b7<\/a>\u00a0<span class=\"post-date\">04\/10\/2024<\/span><\/li>\n<li><a href=\"https:\/\/edublog.educastur.es\/ixuxu\/2024\/10\/32161\/\">(sin t\u00edtulo)<\/a>\u00a0<span class=\"post-date\">03\/10\/2024<\/span><\/li>\n<li><a href=\"https:\/\/edublog.educastur.es\/ixuxu\/2024\/10\/canciones-populares-asturianes-13\/\">Canciones Populares Asturianes 13<\/a>\u00a0<span class=\"post-date\">03\/10\/2024<\/span><\/li>\n<li><a href=\"https:\/\/edublog.educastur.es\/ixuxu\/2024\/10\/145-anos-ensin-el-carbayon\/\">145 a\u00f1os ensin \u00abEl Carbay\u00f3n\u00bb<\/a>\u00a0<span class=\"post-date\">03\/10\/2024<\/span><\/li>\n<li><a href=\"https:\/\/edublog.educastur.es\/ixuxu\/2024\/10\/rap-nast\/\">RAP N\u2019AST<\/a>\u00a0<span class=\"post-date\">03\/10\/2024<\/span><\/li>\n<li><a href=\"https:\/\/edublog.educastur.es\/ixuxu\/2024\/10\/32233\/\">(sin t\u00edtulo)<\/a>\u00a0<span class=\"post-date\">03\/10\/2024<\/span><\/li>\n<li><a href=\"https:\/\/edublog.educastur.es\/ixuxu\/2024\/10\/aldericar\/\">\u201cAldericar\u201d<\/a>\u00a0<span class=\"post-date\">03\/10\/2024<\/span><\/li>\n<li><a href=\"https:\/\/edublog.educastur.es\/ixuxu\/2024\/10\/dia-internacional-del-mosqueteru\/\">D\u00eda Internacional del Mosqueteru<\/a>\u00a0<span class=\"post-date\">03\/10\/2024<\/span><\/li>\n<li><a href=\"https:\/\/edublog.educastur.es\/ixuxu\/2024\/10\/32216\/\">Esisten cuatro celebros: el collor\u00e1u, el verde, l\u2019azul y el mariellu.<\/a>\u00a0<span class=\"post-date\">02\/10\/2024<\/span><\/li>\n<li><a href=\"https:\/\/edublog.educastur.es\/ixuxu\/2024\/10\/32142\/\">(sin t\u00edtulo)<\/a>\u00a0<span class=\"post-date\">02\/10\/2024<\/span><\/li>\n<li><a href=\"https:\/\/edublog.educastur.es\/ixuxu\/2024\/10\/pequenu-homenaxe-a-la-llegada-de-la-seronda\/\">Pequenu homenaxe a la llegada de la seronda.<\/a>\u00a0<span class=\"post-date\">02\/10\/2024<\/span><\/li>\n<li><a href=\"https:\/\/edublog.educastur.es\/ixuxu\/2024\/10\/un-2-dochobre-de-1869-nacia-mohandas-k-gandhi\/\">Un 2 d\u2019Ochobre de 1869 nac\u00eda Gandhi<\/a>\u00a0<span class=\"post-date\">02\/10\/2024<\/span><\/li>\n<li><a href=\"https:\/\/edublog.educastur.es\/ixuxu\/2024\/10\/naquella-ventana-hai-lluz\/\">\u00abN\u2019aquella ventana hai lluz\u00bb<\/a>\u00a0<span class=\"post-date\">02\/10\/2024<\/span><\/li>\n<li><a href=\"https:\/\/edublog.educastur.es\/ixuxu\/2024\/10\/pa-pasar-una-seronda-entefueyes\/\">Pa pasar una seronda \u201cENTEFUEYES\u201d<\/a>\u00a0<span class=\"post-date\">02\/10\/2024<\/span><\/li>\n<li><a href=\"https:\/\/edublog.educastur.es\/ixuxu\/2024\/10\/31959\/\">(sin t\u00edtulo)<\/a>\u00a0<span class=\"post-date\">02\/10\/2024<\/span><\/li>\n<li><a href=\"https:\/\/edublog.educastur.es\/ixuxu\/2024\/10\/el-nictografo-linventu-de-lewis-carroll-para-escribir-na-escurida\/\">El nict\u00f3grafo: l\u2019inventu de Lewis Carroll para escribir na escurid\u00e1<\/a>\u00a0<span class=\"post-date\">02\/10\/2024<\/span><\/li>\n<li><a href=\"https:\/\/edublog.educastur.es\/ixuxu\/2024\/10\/la-imaxe-mas-recien-de-la-tierra-y-la-lluna-vista-dende-lespaciu-por-satelite-xapones-himawari-8\/\">La imaxe m\u00e1s reci\u00e9n de la Tierra y la Lluna vista dende l\u2019espaciu por sat\u00e9lite xapon\u00e9s Himawari-8<\/a>\u00a0<span class=\"post-date\">02\/10\/2024<\/span><\/li>\n<li><a href=\"https:\/\/edublog.educastur.es\/ixuxu\/2024\/10\/32147\/\">Estudiantes d\u2019UNIOVI converten pel\u00edcules en xuegos dixitales sofitaos na intelixencia artificial<\/a>\u00a0<span class=\"post-date\">02\/10\/2024<\/span><\/li>\n<li><a href=\"https:\/\/edublog.educastur.es\/ixuxu\/2024\/10\/32137\/\">(sin t\u00edtulo)<\/a>\u00a0<span class=\"post-date\">02\/10\/2024<\/span><\/li>\n<li><a href=\"https:\/\/edublog.educastur.es\/ixuxu\/2024\/10\/dia-mundial-de-les-aves\/\">D\u00eda Mundial de les Aves<\/a>\u00a0<span class=\"post-date\">02\/10\/2024<\/span><\/li>\n<li><a href=\"https:\/\/edublog.educastur.es\/ixuxu\/2024\/10\/dia-internacional-de-dir-andando-al-colexu\/\">D\u00eda Internacional de dir andando al colexu<\/a>\u00a0<span class=\"post-date\">02\/10\/2024<\/span><\/li>\n<li><a href=\"https:\/\/edublog.educastur.es\/ixuxu\/2024\/10\/la-galana-y-la-mar-un-cantar-tradicional-sefardi-cantau-orixinalmente-nel-idioma-ladinu\/\">\u201cLa Galana y la mar\u201d, un cantar tradicional sefard\u00ed cantau orixinalmente nel idioma ladinu.<\/a>\u00a0<span class=\"post-date\">01\/10\/2024<\/span><\/li>\n<li><a href=\"https:\/\/edublog.educastur.es\/ixuxu\/2024\/10\/32115\/\">(sin t\u00edtulo)<\/a>\u00a0<span class=\"post-date\">01\/10\/2024<\/span><\/li>\n<li><a href=\"https:\/\/edublog.educastur.es\/ixuxu\/2024\/10\/animalada-xabaz-el-crossover-perfeutu-nun-exist\/\">\u00abEl crossover perfeutu nun exist\u2026\u00bb<\/a>\u00a0<span class=\"post-date\">01\/10\/2024<\/span><\/li>\n<li><a href=\"https:\/\/edublog.educastur.es\/ixuxu\/2024\/10\/32088\/\">(sin t\u00edtulo)<\/a>\u00a0<span class=\"post-date\">01\/10\/2024<\/span><\/li>\n<li><a href=\"https:\/\/edublog.educastur.es\/ixuxu\/2024\/10\/ochobre\/\">Ochobre<\/a>\u00a0<span class=\"post-date\">01\/10\/2024<\/span><\/li>\n<li><a href=\"https:\/\/edublog.educastur.es\/ixuxu\/2024\/10\/principales-fases-llunares-mes-dochobre\/\">Principales fases llunares mes d\u2019Ochobre.<\/a>\u00a0<span class=\"post-date\">01\/10\/2024<\/span><\/li>\n<li><a href=\"https:\/\/edublog.educastur.es\/ixuxu\/2024\/10\/feliz-cumpleanos-matilda\/\">\u00a1Feliz cumplea\u00f1os, Matilda!<\/a>\u00a0<span class=\"post-date\">01\/10\/2024<\/span><\/li>\n<li><a href=\"https:\/\/edublog.educastur.es\/ixuxu\/2024\/10\/31169\/\">Ochobres\u2026<\/a>\u00a0<span class=\"post-date\">01\/10\/2024<\/span><\/li>\n<li><a href=\"https:\/\/edublog.educastur.es\/ixuxu\/2024\/10\/dia-internacional-del-cafe\/\">D\u00eda Internacional del Caf\u00e9<\/a>\u00a0<span class=\"post-date\">01\/10\/2024<\/span><\/li>\n<li><a href=\"https:\/\/edublog.educastur.es\/ixuxu\/2024\/10\/29971\/\">(sin t\u00edtulo)<\/a>\u00a0<span class=\"post-date\">01\/10\/2024<\/span><\/li>\n<\/ul>\n","protected":false},"excerpt":{"rendered":"<p>Halloween en New York a ritmu de Michael Jackson\u00a031\/10\/2024 El verdaderu calendariu nel mundu rural asturianu l\u2019a\u00f1u acaba\u2019l 31 d\u2019ochobre coincidiendo col Samahin celta\u00a031\/10\/2024 Halloween tien los sos raiga\u00f1os na antigua festivid\u00e1 celta de Samhain\u00a031\/10\/2024 Festival de Jazz y Poes\u00eda d\u2019Avil\u00e9s (10 de payares)\u00a031\/10\/2024 #MiFotodeGijon\u00a031\/10\/2024 Y\u00e1 hai entraes gratuites pal XVI Premiu Camaret\u00e1 al Meyor [&hellip;]<\/p>\n","protected":false},"author":117,"featured_media":0,"parent":34967,"menu_order":0,"comment_status":"closed","ping_status":"closed","template":"","meta":{"footnotes":""},"class_list":["post-64935","page","type-page","status-publish","hentry"],"_links":{"self":[{"href":"https:\/\/edublog.educastur.es\/ixuxu\/wp-json\/wp\/v2\/pages\/64935","targetHints":{"allow":["GET"]}}],"collection":[{"href":"https:\/\/edublog.educastur.es\/ixuxu\/wp-json\/wp\/v2\/pages"}],"about":[{"href":"https:\/\/edublog.educastur.es\/ixuxu\/wp-json\/wp\/v2\/types\/page"}],"author":[{"embeddable":true,"href":"https:\/\/edublog.educastur.es\/ixuxu\/wp-json\/wp\/v2\/users\/117"}],"replies":[{"embeddable":true,"href":"https:\/\/edublog.educastur.es\/ixuxu\/wp-json\/wp\/v2\/comments?post=64935"}],"version-history":[{"count":1,"href":"https:\/\/edublog.educastur.es\/ixuxu\/wp-json\/wp\/v2\/pages\/64935\/revisions"}],"predecessor-version":[{"id":64936,"href":"https:\/\/edublog.educastur.es\/ixuxu\/wp-json\/wp\/v2\/pages\/64935\/revisions\/64936"}],"up":[{"embeddable":true,"href":"https:\/\/edublog.educastur.es\/ixuxu\/wp-json\/wp\/v2\/pages\/34967"}],"wp:attachment":[{"href":"https:\/\/edublog.educastur.es\/ixuxu\/wp-json\/wp\/v2\/media?parent=64935"}],"curies":[{"name":"wp","href":"https:\/\/api.w.org\/{rel}","templated":true}]}}