{"id":64937,"date":"2026-01-02T21:32:45","date_gmt":"2026-01-02T19:32:45","guid":{"rendered":"https:\/\/edublog.educastur.es\/ixuxu\/?page_id=64937"},"modified":"2026-01-02T21:32:45","modified_gmt":"2026-01-02T19:32:45","slug":"09_setiembre","status":"publish","type":"page","link":"https:\/\/edublog.educastur.es\/ixuxu\/archivu-blogue\/articulos\/2024-2\/09_setiembre\/","title":{"rendered":"09_Setiembre"},"content":{"rendered":"<ul>\n<li><a href=\"https:\/\/edublog.educastur.es\/ixuxu\/2024\/09\/llamber\/\">\u00abLlamber\u00bb<\/a>\u00a0<span class=\"post-date\">30\/09\/2024<\/span><\/li>\n<li><a href=\"https:\/\/edublog.educastur.es\/ixuxu\/2024\/09\/32035\/\">(sin t\u00edtulo)<\/a>\u00a0<span class=\"post-date\">30\/09\/2024<\/span><\/li>\n<li><a href=\"https:\/\/edublog.educastur.es\/ixuxu\/2024\/09\/maravillosu-videu-de-llanes\/\">Maravillosu videu de Llanes<\/a>\u00a0<span class=\"post-date\">30\/09\/2024<\/span><\/li>\n<li><a href=\"https:\/\/edublog.educastur.es\/ixuxu\/2024\/09\/viii-festival-nel-amaro-nel-teatru\/\">VIII Festival Nel Amaro nel Teatru<\/a>\u00a0<span class=\"post-date\">30\/09\/2024<\/span><\/li>\n<li><a href=\"https:\/\/edublog.educastur.es\/ixuxu\/2024\/09\/32017\/\">(sin t\u00edtulo)<\/a>\u00a0<span class=\"post-date\">30\/09\/2024<\/span><\/li>\n<li><a href=\"https:\/\/edublog.educastur.es\/ixuxu\/2024\/09\/iv-concursu-de-gaiteros-solistes-en-ribeseya\/\">IV Concursu de gaiteros solistes en Ribeseya<\/a>\u00a0<span class=\"post-date\">30\/09\/2024<\/span><\/li>\n<li><a href=\"https:\/\/edublog.educastur.es\/ixuxu\/2024\/09\/nun-nos-dexamos-manipular\/\">Nun nos dexamos manipular<\/a>\u00a0<span class=\"post-date\">30\/09\/2024<\/span><\/li>\n<li><a href=\"https:\/\/edublog.educastur.es\/ixuxu\/2024\/09\/32020\/\">(sin t\u00edtulo)<\/a>\u00a0<span class=\"post-date\">30\/09\/2024<\/span><\/li>\n<li><a href=\"https:\/\/edublog.educastur.es\/ixuxu\/2024\/09\/dia-internacional-del-podcast-2\/\">D\u00eda Internacional del Podcast<\/a>\u00a0<span class=\"post-date\">30\/09\/2024<\/span><\/li>\n<li><a href=\"https:\/\/edublog.educastur.es\/ixuxu\/2024\/09\/dia-internacional-de-la-traduccion-2\/\">D\u00eda Internacional de los traductores e int\u00e9rpretes<\/a>\u00a0<span class=\"post-date\">30\/09\/2024<\/span><\/li>\n<li><a href=\"https:\/\/edublog.educastur.es\/ixuxu\/2024\/09\/dia-intensu-y-guapisimu-guei-en-grau-la-capital-del-traxel-pais\/\">D\u00eda intensu y guap\u00edsimu g\u00fcei en Grau, la capital del traxe\u2019l pa\u00eds.<\/a>\u00a0<span class=\"post-date\">29\/09\/2024<\/span><\/li>\n<li><a href=\"https:\/\/edublog.educastur.es\/ixuxu\/2024\/09\/grau-a-tope-en-el-dial-traxel-pais\/\">Grau, a tope en el D\u00eda\u2019l Traxe\u2019l Pa\u00eds<\/a>\u00a0<span class=\"post-date\">29\/09\/2024<\/span><\/li>\n<li><a href=\"https:\/\/edublog.educastur.es\/ixuxu\/2024\/09\/31976\/\">Un 29 de setiembre nacio\u2019l escritor Miguel de Unamuno<\/a>\u00a0<span class=\"post-date\">29\/09\/2024<\/span><\/li>\n<li><a href=\"https:\/\/edublog.educastur.es\/ixuxu\/2024\/09\/32007\/\">(sin t\u00edtulo)<\/a>\u00a0<span class=\"post-date\">29\/09\/2024<\/span><\/li>\n<li><a href=\"https:\/\/edublog.educastur.es\/ixuxu\/2024\/09\/poema-lleer-lleer-lleer-vivir-la-vida\/\">Poema: \u201cLleer, lleer, lleer, vivir la vida\u201d<\/a>\u00a0<span class=\"post-date\">29\/09\/2024<\/span><\/li>\n<li><a href=\"https:\/\/edublog.educastur.es\/ixuxu\/2024\/09\/lestranu-mundu-de-jack-de-tim-burton\/\">L\u2019Estra\u00f1u mundu de Jack, de Tim Burton (1993)<\/a>\u00a0<span class=\"post-date\">29\/09\/2024<\/span><\/li>\n<li><a href=\"https:\/\/edublog.educastur.es\/ixuxu\/2024\/09\/31981\/\">Pareya de vaques puxando per un rastru<\/a>\u00a0<span class=\"post-date\">29\/09\/2024<\/span><\/li>\n<li><a href=\"https:\/\/edublog.educastur.es\/ixuxu\/2024\/09\/31971\/\">(sin t\u00edtulo)<\/a>\u00a0<span class=\"post-date\">29\/09\/2024<\/span><\/li>\n<li><a href=\"https:\/\/edublog.educastur.es\/ixuxu\/2024\/09\/asina-van-ser-los-buses-del-futuru-quarrinquen-nasturies\/\">Asina van ser los buses del futuru qu\u2019arrinquen n\u2019Asturies.<\/a>\u00a0<span class=\"post-date\">29\/09\/2024<\/span><\/li>\n<li><a href=\"https:\/\/edublog.educastur.es\/ixuxu\/2024\/09\/amenorgar-el-desperdiciu-dalimentos-ye-curiar-el-medio-ambiente\/\">Amenorgar el desperdiciu d\u2019alimentos ye curiar el mediu ambiente<\/a>\u00a0<span class=\"post-date\">29\/09\/2024<\/span><\/li>\n<li><a href=\"https:\/\/edublog.educastur.es\/ixuxu\/2024\/09\/29165\/\">Mafalda public\u00f3se\u2019l 29 de setiembre de 1964<\/a>\u00a0<span class=\"post-date\">29\/09\/2024<\/span><\/li>\n<li><a href=\"https:\/\/edublog.educastur.es\/ixuxu\/2024\/09\/asina-qua-baillar-y-a-cantar\/\">\u00a1Asina qu\u2019a baillar y a cantar!<\/a>\u00a0<span class=\"post-date\">29\/09\/2024<\/span><\/li>\n<li><a href=\"https:\/\/edublog.educastur.es\/ixuxu\/2024\/09\/28392\/\">(sin t\u00edtulo)<\/a>\u00a0<span class=\"post-date\">28\/09\/2024<\/span><\/li>\n<li><a href=\"https:\/\/edublog.educastur.es\/ixuxu\/2024\/09\/abondo\/\">\u00abAbondo\u00bb<\/a>\u00a0<span class=\"post-date\">28\/09\/2024<\/span><\/li>\n<li><a href=\"https:\/\/edublog.educastur.es\/ixuxu\/2024\/09\/el-prosimu-finde-en-ribeseya-muncha-sidre-y-muncha-musica\/\">El pr\u00f3simu finde en Ribeseya, muncha sidre y muncha m\u00fasica.<\/a>\u00a0<span class=\"post-date\">28\/09\/2024<\/span><\/li>\n<li><a href=\"https:\/\/edublog.educastur.es\/ixuxu\/2024\/09\/31950\/\">(sin t\u00edtulo)<\/a>\u00a0<span class=\"post-date\">28\/09\/2024<\/span><\/li>\n<li><a href=\"https:\/\/edublog.educastur.es\/ixuxu\/2024\/09\/el-diente-de-lleon-ye-la-unica-flor-que-representa-los-tres-cuerpos-celestiales-del-sol-la-lluna-y-les-estrelles\/\">El diente de lle\u00f3n: \u00fanica flor que representa los tr\u00e9s cuerpos celestiales del sol, la lluna y les estrelles<\/a>\u00a0<span class=\"post-date\">28\/09\/2024<\/span><\/li>\n<li><a href=\"https:\/\/edublog.educastur.es\/ixuxu\/2024\/09\/los-dientes-de-lleon-son-una-amuesa-de-les-matematiques-ocultes-de-la-naturaleza\/\">Los dientes de lle\u00f3n son una amuesa de les matem\u00e1tiques ocultes de la naturaleza<\/a>\u00a0<span class=\"post-date\">28\/09\/2024<\/span><\/li>\n<li><a href=\"https:\/\/edublog.educastur.es\/ixuxu\/2024\/09\/31173\/\">(sin t\u00edtulo)<\/a>\u00a0<span class=\"post-date\">28\/09\/2024<\/span><\/li>\n<li><a href=\"https:\/\/edublog.educastur.es\/ixuxu\/2024\/09\/festival-darquitectura-cultura-y-territoriu-ecos\/\">Cultura presenta\u2019l Festival d\u2019Arquitectura, Cultura y Territoriu ECOS<\/a>\u00a0<span class=\"post-date\">28\/09\/2024<\/span><\/li>\n<li><a href=\"https:\/\/edublog.educastur.es\/ixuxu\/2024\/09\/31920\/\">#NamoraosdELAvida<\/a>\u00a0<span class=\"post-date\">28\/09\/2024<\/span><\/li>\n<li><a href=\"https:\/\/edublog.educastur.es\/ixuxu\/2024\/09\/el-domingu-29-en-grau-una-programacion-pal-dia-completu\/\">El domingu 29, en Grau, una programaci\u00f3n pal d\u00eda completu.<\/a>\u00a0<span class=\"post-date\">28\/09\/2024<\/span><\/li>\n<li><a href=\"https:\/\/edublog.educastur.es\/ixuxu\/2024\/09\/ablayar\/\">\u201cAblayar\u201d<\/a>\u00a0<span class=\"post-date\">28\/09\/2024<\/span><\/li>\n<li><a href=\"https:\/\/edublog.educastur.es\/ixuxu\/2024\/09\/rozaes-adelantra-la-so-feria-de-los-figos-pola-maduracion-prematura-del-frutu\/\">Rozaes adelantra la so feria de los figos pola maduraci\u00f3n prematura del frutu<\/a>\u00a0<span class=\"post-date\">28\/09\/2024<\/span><\/li>\n<li><a href=\"https:\/\/edublog.educastur.es\/ixuxu\/2024\/09\/ix-feria-los-figos\/\">IX Feria Los Figos en Villaviciosa<\/a>\u00a0<span class=\"post-date\">28\/09\/2024<\/span><\/li>\n<li><a href=\"https:\/\/edublog.educastur.es\/ixuxu\/2024\/09\/el-cume-del-monte-everest-a-vista-de-dron\/\">El cume del monte Everest a vista de dron<\/a>\u00a0<span class=\"post-date\">28\/09\/2024<\/span><\/li>\n<li><a href=\"https:\/\/edublog.educastur.es\/ixuxu\/2024\/09\/guei-empecipia-la-parte-escrita-de-les-pruebes-de-certificacion-de-llingua-asturiana\/\">G\u00fcei empecipia la parte escrita de les pruebes de certificaci\u00f3n de llingua asturiana<\/a>\u00a0<span class=\"post-date\">28\/09\/2024<\/span><\/li>\n<li><a href=\"https:\/\/edublog.educastur.es\/ixuxu\/2024\/09\/31877\/\">(sin t\u00edtulo)<\/a>\u00a0<span class=\"post-date\">28\/09\/2024<\/span><\/li>\n<li><a href=\"https:\/\/edublog.educastur.es\/ixuxu\/2024\/09\/morrio-la-profesora-de-la-serie-harry-potter\/\">Muerre l\u2019actriz Maggie Smith, profesora na serie \u00abHarry Potter\u00bb<\/a>\u00a0<span class=\"post-date\">27\/09\/2024<\/span><\/li>\n<li><a href=\"https:\/\/edublog.educastur.es\/ixuxu\/2024\/09\/sidra-ensin-alcohol\/\">Sidra ensin alcohol<\/a>\u00a0<span class=\"post-date\">27\/09\/2024<\/span><\/li>\n<li><a href=\"https:\/\/edublog.educastur.es\/ixuxu\/2024\/09\/31887\/\">(sin t\u00edtulo)<\/a>\u00a0<span class=\"post-date\">27\/09\/2024<\/span><\/li>\n<li><a href=\"https:\/\/edublog.educastur.es\/ixuxu\/2024\/09\/valleando-visites-guiaes-de-baldre-gratuites\/\">\u00abValleando\u00bb visites gui\u00e1es de baldre<\/a>\u00a0<span class=\"post-date\">27\/09\/2024<\/span><\/li>\n<li><a href=\"https:\/\/edublog.educastur.es\/ixuxu\/2024\/09\/les-frases-mas-poderoses-de-la-cantante-amy-winehouse\/\">Les frases m\u00e1s poderoses de la cantante Amy Winehouse<\/a>\u00a0<span class=\"post-date\">27\/09\/2024<\/span><\/li>\n<li><a href=\"https:\/\/edublog.educastur.es\/ixuxu\/2024\/09\/31769\/\">(sin t\u00edtulo)<\/a>\u00a0<span class=\"post-date\">27\/09\/2024<\/span><\/li>\n<li><a href=\"https:\/\/edublog.educastur.es\/ixuxu\/2024\/09\/los-montes-y-valles-asturianos-escenariu-privilexau-de-la-berrea\/\">Los montes y valles asturianos, escenariu privilex\u00e1u de la \u00abberrea\u00bb.<\/a>\u00a0<span class=\"post-date\">27\/09\/2024<\/span><\/li>\n<li><a href=\"https:\/\/edublog.educastur.es\/ixuxu\/2024\/09\/montes-dasturies\/\">Semeyes d\u2019Asturies<\/a>\u00a0<span class=\"post-date\">27\/09\/2024<\/span><\/li>\n<li><a href=\"https:\/\/edublog.educastur.es\/ixuxu\/2024\/09\/31315\/\">(sin t\u00edtulo)<\/a>\u00a0<span class=\"post-date\">27\/09\/2024<\/span><\/li>\n<li><a href=\"https:\/\/edublog.educastur.es\/ixuxu\/2024\/09\/%f0%9d%97%ab%f0%9d%97%ab%f0%9d%97%9c-%f0%9d%97%ab%f0%9d%97%bc%f0%9d%97%bf%f0%9d%97%bb%f0%9d%97%ae%f0%9d%97%b2%f0%9d%98%80-%f0%9d%97%b1%f0%9d%97%b2-%f0%9d%97%b9%f0%9d%97%b2%f0%9d%98%80-%f0%9d%98%80\/\">XXI Xorn\u00e1es de les setes, del 12 al 27 d\u2019ochobre\u2063\u2063 \u2063\u2063\u2063<\/a>\u00a0<span class=\"post-date\">27\/09\/2024<\/span><\/li>\n<li><a href=\"https:\/\/edublog.educastur.es\/ixuxu\/2024\/09\/ayudes-a-la-natalida-nel-principau-dasturies\/\">Ayudes a la Natalid\u00e1 nel Princip\u00e1u d\u2019Asturies<\/a>\u00a0<span class=\"post-date\">27\/09\/2024<\/span><\/li>\n<li><a href=\"https:\/\/edublog.educastur.es\/ixuxu\/2024\/09\/l-luarca-y-la-sablera-doutur-mientres-les-marees-vives-de-la-pasada-selmana\/\">L.luarca y la Sablera d\u2019Outur mientres les marees vives de la pasada selmana.<\/a>\u00a0<span class=\"post-date\">27\/09\/2024<\/span><\/li>\n<li><a href=\"https:\/\/edublog.educastur.es\/ixuxu\/2024\/09\/fayuela-2\/\">\u201cFayuela\u201d<\/a>\u00a0<span class=\"post-date\">27\/09\/2024<\/span><\/li>\n<li><a href=\"https:\/\/edublog.educastur.es\/ixuxu\/2024\/09\/31779\/\">(sin t\u00edtulo)<\/a>\u00a0<span class=\"post-date\">27\/09\/2024<\/span><\/li>\n<li><a href=\"https:\/\/edublog.educastur.es\/ixuxu\/2024\/09\/dia-mundial-del-turismu\/\">D\u00eda Mundial del Turismu<\/a>\u00a0<span class=\"post-date\">27\/09\/2024<\/span><\/li>\n<li><a href=\"https:\/\/edublog.educastur.es\/ixuxu\/2024\/09\/31802\/\">PROEL: Promotora Espa\u00f1ola de Ling\u00fc\u00edstica<\/a>\u00a0<span class=\"post-date\">26\/09\/2024<\/span><\/li>\n<li><a href=\"https:\/\/edublog.educastur.es\/ixuxu\/2024\/09\/viii-festival-nel-amaro\/\">\u00abAmanda y les casta\u00f1es m\u00e1xiques\u00bb, finalista del VIII festival Nel Amaro<\/a>\u00a0<span class=\"post-date\">26\/09\/2024<\/span><\/li>\n<li><a href=\"https:\/\/edublog.educastur.es\/ixuxu\/2024\/09\/%f0%9d%90%88%f0%9d%90%88%f0%9d%90%88-%f0%9d%90%82%f0%9d%90%a8%f0%9d%90%a7%f0%9d%90%9c%f0%9d%90%ae%f0%9d%90%ab%f0%9d%90%acu-%f0%9d%90%9d%f0%9d%90%88%f0%9d%90%a7%f0%9d%90%9d%f0%9d%90%ae%f0%9d%90%a6\/\">??? ???????u ?\u2019???????????? ?\u2019?\u0301????<\/a>\u00a0<span class=\"post-date\">26\/09\/2024<\/span><\/li>\n<li><a href=\"https:\/\/edublog.educastur.es\/ixuxu\/2024\/09\/mary-anderson-lheroe-anonimu-quinvento-los-llimpiaparabrises\/\">Mary Anderson: l\u2019h\u00e9roe an\u00f3nimu qu\u2019invent\u00f3 los llimpiaparabrises<\/a>\u00a0<span class=\"post-date\">26\/09\/2024<\/span><\/li>\n<li><a href=\"https:\/\/edublog.educastur.es\/ixuxu\/2024\/09\/27330\/\">(sin t\u00edtulo)<\/a>\u00a0<span class=\"post-date\">26\/09\/2024<\/span><\/li>\n<li><a href=\"https:\/\/edublog.educastur.es\/ixuxu\/2024\/09\/canciones-populares-asturianes-12\/\">Canciones Populares Asturianes 12<\/a>\u00a0<span class=\"post-date\">26\/09\/2024<\/span><\/li>\n<li><a href=\"https:\/\/edublog.educastur.es\/ixuxu\/2024\/09\/asturies-mas-y-meyor-conectada-que-nunca\/\">Asturies, m\u00e1s y meyor conect\u00e1 que nunca<\/a>\u00a0<span class=\"post-date\">26\/09\/2024<\/span><\/li>\n<li><a href=\"https:\/\/edublog.educastur.es\/ixuxu\/2024\/09\/ablucar-2\/\">\u201cAblucar\u201d<\/a>\u00a0<span class=\"post-date\">26\/09\/2024<\/span><\/li>\n<li><a href=\"https:\/\/edublog.educastur.es\/ixuxu\/2024\/09\/los-fuertes-vientos-podrien-algamar-los-90-kilometru-per-hora-hasta-les-15-hores\/\">Los fuertes vientos podr\u00eden algamar los 90 kil\u00f3metru per hora hasta les 15 hores<\/a>\u00a0<span class=\"post-date\">26\/09\/2024<\/span><\/li>\n<li><a href=\"https:\/\/edublog.educastur.es\/ixuxu\/2024\/09\/29176\/\">(sin t\u00edtulo)<\/a>\u00a0<span class=\"post-date\">26\/09\/2024<\/span><\/li>\n<li><a href=\"https:\/\/edublog.educastur.es\/ixuxu\/2024\/09\/31860\/\">D\u00eda Europ\u00e9u de les Lling\u00fces nel Congresu de los Diputaos (Madrid)<\/a>\u00a0<span class=\"post-date\">26\/09\/2024<\/span><\/li>\n<li><a href=\"https:\/\/edublog.educastur.es\/ixuxu\/2024\/09\/fiches-de-trabayu-pensaes-pa-lo-mas-piquinino\/\">Fiches de trabayu pensaes pa lo m\u00e1s piqui\u00f1ino.<\/a>\u00a0<span class=\"post-date\">26\/09\/2024<\/span><\/li>\n<li><a href=\"https:\/\/edublog.educastur.es\/ixuxu\/2024\/09\/31747\/\">D\u00eda de les Lling\u00fces d\u2019Europa<\/a>\u00a0<span class=\"post-date\">26\/09\/2024<\/span><\/li>\n<li><a href=\"https:\/\/edublog.educastur.es\/ixuxu\/2024\/09\/feliz-dia-europeu-de-les-llingues\/\">D\u00eda Europ\u00e9u de les Lling\u00fces<\/a>\u00a0<span class=\"post-date\">26\/09\/2024<\/span><\/li>\n<li><a href=\"https:\/\/edublog.educastur.es\/ixuxu\/2024\/09\/31758\/\">(sin t\u00edtulo)<\/a>\u00a0<span class=\"post-date\">26\/09\/2024<\/span><\/li>\n<li><a href=\"https:\/\/edublog.educastur.es\/ixuxu\/2024\/09\/contaminacion-acustica\/\">Contaminaci\u00f3n ac\u00fastica<\/a>\u00a0<span class=\"post-date\">26\/09\/2024<\/span><\/li>\n<li><a href=\"https:\/\/edublog.educastur.es\/ixuxu\/2024\/09\/dia-maritimo-mundial\/\">D\u00eda Mar\u00edtimo Mundial<\/a>\u00a0<span class=\"post-date\">26\/09\/2024<\/span><\/li>\n<li><a href=\"https:\/\/edublog.educastur.es\/ixuxu\/2024\/09\/el-conseyu-deuropa-pide-que-se-declare-la-oficialida-del-asturianu\/\">El Conseyu d\u2019Europa pide que se declare la oficialid\u00e1 del asturianu\u00a0<\/a>\u00a0<span class=\"post-date\">26\/09\/2024<\/span><\/li>\n<li><a href=\"https:\/\/edublog.educastur.es\/ixuxu\/2024\/09\/dia-internacional-de-la-salu-ambiental\/\">D\u00eda Internacional de la Sal\u00fa Ambiental<\/a>\u00a0<span class=\"post-date\">26\/09\/2024<\/span><\/li>\n<li><a href=\"https:\/\/edublog.educastur.es\/ixuxu\/2024\/09\/viii-premiu-y-festival-de-teatru-en-llingua-asturiana\/\">VIII Premiu y festival de teatru en llingua asturiana<\/a>\u00a0<span class=\"post-date\">25\/09\/2024<\/span><\/li>\n<li><a href=\"https:\/\/edublog.educastur.es\/ixuxu\/2024\/09\/31601\/\">(sin t\u00edtulo)<\/a>\u00a0<span class=\"post-date\">25\/09\/2024<\/span><\/li>\n<li><a href=\"https:\/\/edublog.educastur.es\/ixuxu\/2024\/09\/xorrecer\/\">\u201cXorrecer\u201d<\/a>\u00a0<span class=\"post-date\">25\/09\/2024<\/span><\/li>\n<li><a href=\"https:\/\/edublog.educastur.es\/ixuxu\/2024\/09\/lasturiana-monica-rodriguez-ganal-premiu-nacional-de-lliteratura-infantil-y-xuvenil\/\">L\u2019asturiana M\u00f3nica Rodr\u00edguez gana\u2019l Premiu Nacional de Lliteratura Infantil y Xuvenil<\/a>\u00a0<span class=\"post-date\">25\/09\/2024<\/span><\/li>\n<li><a href=\"https:\/\/edublog.educastur.es\/ixuxu\/2024\/09\/31715\/\">(sin t\u00edtulo)<\/a>\u00a0<span class=\"post-date\">25\/09\/2024<\/span><\/li>\n<li><a href=\"https:\/\/edublog.educastur.es\/ixuxu\/2024\/09\/el-festival-de-lablana-cumple-la-so-50-aniversariu\/\">El Festival de l\u2019Ablana cumple la so 50 aniversariu.<\/a>\u00a0<span class=\"post-date\">25\/09\/2024<\/span><\/li>\n<li><a href=\"https:\/\/edublog.educastur.es\/ixuxu\/2024\/09\/pauline-en-la-playa-yo-podria-ser-john-wayne\/\">Pauline en la Playa: \u00abYo podr\u00eda ser John Wayne\u00bb<\/a>\u00a0<span class=\"post-date\">25\/09\/2024<\/span><\/li>\n<li><a href=\"https:\/\/edublog.educastur.es\/ixuxu\/2024\/09\/31706\/\">(sin t\u00edtulo)<\/a>\u00a0<span class=\"post-date\">24\/09\/2024<\/span><\/li>\n<li><a href=\"https:\/\/edublog.educastur.es\/ixuxu\/2024\/09\/llega-la-borrasca-aitor\/\">Llega la borrasca \u00abAitor\u00bb que va dexar vientos fuertes y ag\u00fces intenses nel Norte<\/a>\u00a0<span class=\"post-date\">24\/09\/2024<\/span><\/li>\n<li><a href=\"https:\/\/edublog.educastur.es\/ixuxu\/2024\/09\/31819\/\">\u201cEstrapallar\u201d<\/a>\u00a0<span class=\"post-date\">24\/09\/2024<\/span><\/li>\n<li><a href=\"https:\/\/edublog.educastur.es\/ixuxu\/2024\/09\/quince-datos-que-nun-sabies-sobro-leonardo-da-vinci\/\">Quince datos que nun sab\u00edes sobro Leonardo Da Vinci<\/a>\u00a0<span class=\"post-date\">24\/09\/2024<\/span><\/li>\n<li><a href=\"https:\/\/edublog.educastur.es\/ixuxu\/2024\/09\/siguinos-hasta-la-lluna\/\">S\u00edguinos hasta la lluna\u2026<\/a>\u00a0<span class=\"post-date\">24\/09\/2024<\/span><\/li>\n<li><a href=\"https:\/\/edublog.educastur.es\/ixuxu\/2024\/09\/31672\/\">(sin t\u00edtulo)<\/a>\u00a0<span class=\"post-date\">24\/09\/2024<\/span><\/li>\n<li><a href=\"https:\/\/edublog.educastur.es\/ixuxu\/2024\/09\/playpresta-la-xanzana\/\">PlayPresta: LA XANZANA<\/a>\u00a0<span class=\"post-date\">24\/09\/2024<\/span><\/li>\n<li><a href=\"https:\/\/edublog.educastur.es\/ixuxu\/2024\/09\/xiii-edicion-de-mediu-gueyu\/\">XIII edici\u00f3n de Mediu G\u00fceyu, festival de cine<\/a>\u00a0<span class=\"post-date\">24\/09\/2024<\/span><\/li>\n<li><a href=\"https:\/\/edublog.educastur.es\/ixuxu\/2024\/09\/31639\/\">(sin t\u00edtulo)<\/a>\u00a0<span class=\"post-date\">24\/09\/2024<\/span><\/li>\n<li><a href=\"https:\/\/edublog.educastur.es\/ixuxu\/2024\/09\/31633\/\">Vero Rubio asoleya la pieza audiovisual del tema col qu\u2019algam\u00f3 el XV Premiu Camaret\u00e1<\/a>\u00a0<span class=\"post-date\">24\/09\/2024<\/span><\/li>\n<li><a href=\"https:\/\/edublog.educastur.es\/ixuxu\/2024\/09\/presentasel-videoclip-de-dixo-miou-padre-de-la-compositora-y-interprete-canguesa-vero-rubio\/\">Pres\u00e9ntase\u2019l videoclip de \u00abDixo miou padre\u00bb, de la compositora y int\u00e9rprete canguesa Vero Rubio<\/a>\u00a0<span class=\"post-date\">24\/09\/2024<\/span><\/li>\n<li><a href=\"https:\/\/edublog.educastur.es\/ixuxu\/2024\/09\/31649\/\">(sin t\u00edtulo)<\/a>\u00a0<span class=\"post-date\">24\/09\/2024<\/span><\/li>\n<li><a href=\"https:\/\/edublog.educastur.es\/ixuxu\/2024\/09\/xareu\/\">\u201cXar\u00e9u\u201d\u00a0<\/a>\u00a0<span class=\"post-date\">24\/09\/2024<\/span><\/li>\n<li><a href=\"https:\/\/edublog.educastur.es\/ixuxu\/2024\/09\/la-pequena-angelica-nero-de-3-anos-sospriende-a-toos-cantando\/\">La peque\u00f1a Angelica, de 3 a\u00f1os, sospriende a toos cantando<\/a>\u00a0<span class=\"post-date\">24\/09\/2024<\/span><\/li>\n<li><a href=\"https:\/\/edublog.educastur.es\/ixuxu\/2024\/09\/dia-mundial-del-gorila\/\">D\u00eda Mundial del gorila<\/a>\u00a0<span class=\"post-date\">24\/09\/2024<\/span><\/li>\n<li><a href=\"https:\/\/edublog.educastur.es\/ixuxu\/2024\/09\/31613\/\">(sin t\u00edtulo)<\/a>\u00a0<span class=\"post-date\">23\/09\/2024<\/span><\/li>\n<li><a href=\"https:\/\/edublog.educastur.es\/ixuxu\/2024\/09\/31646\/\">(sin t\u00edtulo)<\/a>\u00a0<span class=\"post-date\">23\/09\/2024<\/span><\/li>\n<li><a href=\"https:\/\/edublog.educastur.es\/ixuxu\/2024\/09\/31824\/\">\u201cCoime\u201d<\/a>\u00a0<span class=\"post-date\">23\/09\/2024<\/span><\/li>\n<li><a href=\"https:\/\/edublog.educastur.es\/ixuxu\/2024\/09\/bruxeles-y-el-manneken-pis-vistieron-los-colores-dasturies\/\">Bruxeles y el Manneken Pis vistieron los colores d\u2019Asturies.<\/a>\u00a0<span class=\"post-date\">23\/09\/2024<\/span><\/li>\n<li><a href=\"https:\/\/edublog.educastur.es\/ixuxu\/2024\/09\/imaxe-dun-rayu\/\">Imaxe d\u2019un rayu<\/a>\u00a0<span class=\"post-date\">23\/09\/2024<\/span><\/li>\n<li><a href=\"https:\/\/edublog.educastur.es\/ixuxu\/2024\/09\/llibera1m2-poles-sableres-y-mares-ya-ta-equi\/\">#LLIBERA1m2 poles sableres y mares<\/a>\u00a0<span class=\"post-date\">23\/09\/2024<\/span><\/li>\n<li><a href=\"https:\/\/edublog.educastur.es\/ixuxu\/2024\/09\/biblioteca-de-la-corredoria\/\">Biblioteca de La Corredoria<\/a>\u00a0<span class=\"post-date\">23\/09\/2024<\/span><\/li>\n<li><a href=\"https:\/\/edublog.educastur.es\/ixuxu\/2024\/09\/panando-oricios-en-pedreru\/\">Pa\u00f1ando oricios en pedreru.<\/a>\u00a0<span class=\"post-date\">23\/09\/2024<\/span><\/li>\n<li><a href=\"https:\/\/edublog.educastur.es\/ixuxu\/2024\/09\/museu-van-gogh-namsterdam-arrodiau-de-125-000-xirasoles\/\">Mus\u00e9u Van Gogh n\u2019Amsterdam, arrodi\u00e1u de 125.000 xirasoles.<\/a>\u00a0<span class=\"post-date\">23\/09\/2024<\/span><\/li>\n<li><a href=\"https:\/\/edublog.educastur.es\/ixuxu\/2024\/09\/cursu-para-toos-aquellos-quaspiren-a-convertise-en-maquinistes-de-tren\/\">Cursu para toos aquellos qu\u2019aspiren a convertise en maquinistes de tren.<\/a>\u00a0<span class=\"post-date\">23\/09\/2024<\/span><\/li>\n<li><a href=\"https:\/\/edublog.educastur.es\/ixuxu\/2024\/09\/31595\/\">(sin t\u00edtulo)<\/a>\u00a0<span class=\"post-date\">23\/09\/2024<\/span><\/li>\n<li><a href=\"https:\/\/edublog.educastur.es\/ixuxu\/2024\/09\/campeonatu-de-patinaxe-artisticu-dasturies\/\">Escelentes resultancies de les patinadores del nuesu colexu nel Campeonatu de Patinaxe Art\u00edsticu d\u2019Asturies<\/a>\u00a0<span class=\"post-date\">23\/09\/2024<\/span><\/li>\n<li><a href=\"https:\/\/edublog.educastur.es\/ixuxu\/2024\/09\/31585\/\">(sin t\u00edtulo)<\/a>\u00a0<span class=\"post-date\">23\/09\/2024<\/span><\/li>\n<li><a href=\"https:\/\/edublog.educastur.es\/ixuxu\/2024\/09\/31557\/\">Concursu\u00a0\u00a0Australian Geographic Nature Photographer of the Year 2024<\/a>\u00a0<span class=\"post-date\">23\/09\/2024<\/span><\/li>\n<li><a href=\"https:\/\/edublog.educastur.es\/ixuxu\/2024\/09\/remata-un-branu-perbonu-pal-sector-del-camping\/\">Remata un branu perbonu pal sector del camping<\/a>\u00a0<span class=\"post-date\">23\/09\/2024<\/span><\/li>\n<li><a href=\"https:\/\/edublog.educastur.es\/ixuxu\/2024\/09\/marcha-peles-cais-daviles-pa-visibilizar-la-utilida-de-los-perros-guies\/\">Marcha peles cais d\u2019Avil\u00e9s pa visibilizar la utilid\u00e1 de los perros gu\u00edes<\/a>\u00a0<span class=\"post-date\">23\/09\/2024<\/span><\/li>\n<li><a href=\"https:\/\/edublog.educastur.es\/ixuxu\/2024\/09\/sobro-limpactu-del-calentamientu-global-nel-turismu\/\">Sobro l\u2019impactu del calentamientu global nel turismu<\/a>\u00a0<span class=\"post-date\">23\/09\/2024<\/span><\/li>\n<li><a href=\"https:\/\/edublog.educastur.es\/ixuxu\/2024\/09\/31535\/\">(sin t\u00edtulo)<\/a>\u00a0<span class=\"post-date\">23\/09\/2024<\/span><\/li>\n<li><a href=\"https:\/\/edublog.educastur.es\/ixuxu\/2024\/09\/cancion-senor-san-xuan\/\">Canci\u00f3n: \u00abSe\u00f1or San Xuan\u00bb<\/a>\u00a0<span class=\"post-date\">23\/09\/2024<\/span><\/li>\n<li><a href=\"https:\/\/edublog.educastur.es\/ixuxu\/2024\/09\/usu-del-movil\/\">\u00abUsu del m\u00f3vil\u00bb<\/a>\u00a0<span class=\"post-date\">23\/09\/2024<\/span><\/li>\n<li><a href=\"https:\/\/edublog.educastur.es\/ixuxu\/2024\/09\/31531\/\">(sin t\u00edtulo)<\/a>\u00a0<span class=\"post-date\">23\/09\/2024<\/span><\/li>\n<li><a href=\"https:\/\/edublog.educastur.es\/ixuxu\/2024\/09\/cartelu\/\">El Cancioneru L\u2019Andecha<\/a>\u00a0<span class=\"post-date\">23\/09\/2024<\/span><\/li>\n<li><a href=\"https:\/\/edublog.educastur.es\/ixuxu\/2024\/09\/dicires-nun-me-da-mas\/\">Dicires: \u00abNun me da m\u00e1s\u00bb<\/a>\u00a0<span class=\"post-date\">23\/09\/2024<\/span><\/li>\n<li><a href=\"https:\/\/edublog.educastur.es\/ixuxu\/2024\/09\/la-imaxe-mas-clara-de-mercuriu-enxamas-tomada\/\">La imaxe m\u00e1s clara de Mercuriu enxam\u00e1s tomada.<\/a>\u00a0<span class=\"post-date\">23\/09\/2024<\/span><\/li>\n<li><a href=\"https:\/\/edublog.educastur.es\/ixuxu\/2024\/09\/31244\/\">(sin t\u00edtulo)<\/a>\u00a0<span class=\"post-date\">23\/09\/2024<\/span><\/li>\n<li><a href=\"https:\/\/edublog.educastur.es\/ixuxu\/2024\/09\/ablucar\/\">\u201cAblucar\u201d<\/a>\u00a0<span class=\"post-date\">23\/09\/2024<\/span><\/li>\n<li><a href=\"https:\/\/edublog.educastur.es\/ixuxu\/2024\/09\/dia-internacional-de-les-llingues-de-senes\/\">D\u00eda Internacional de les lling\u00fces de se\u00f1es<\/a>\u00a0<span class=\"post-date\">23\/09\/2024<\/span><\/li>\n<li><a href=\"https:\/\/edublog.educastur.es\/ixuxu\/2024\/09\/31481\/\">El xpon\u00e9s Lito Leaf fai peque\u00f1es obres d\u2019arte con fueyes<\/a>\u00a0<span class=\"post-date\">23\/09\/2024<\/span><\/li>\n<li><a href=\"https:\/\/edublog.educastur.es\/ixuxu\/2024\/09\/mapa-de-los-faros-despana\/\">Mapa de los faros d\u2019Asturies y d\u2019Espa\u00f1a<\/a>\u00a0<span class=\"post-date\">22\/09\/2024<\/span><\/li>\n<li><a href=\"https:\/\/edublog.educastur.es\/ixuxu\/2024\/09\/31488\/\">La fuesa de les Marianes: 11 kil\u00f3metros de fondura<\/a>\u00a0<span class=\"post-date\">22\/09\/2024<\/span><\/li>\n<li><a href=\"https:\/\/edublog.educastur.es\/ixuxu\/2024\/09\/concursu-indumentaria-2024-2\/\">Concursu Indumentaria 2024<\/a>\u00a0<span class=\"post-date\">22\/09\/2024<\/span><\/li>\n<li><a href=\"https:\/\/edublog.educastur.es\/ixuxu\/2024\/09\/una-peli-grabada-nasturies-nomina-a-los-premios-goya\/\">Una peli grabada n\u2019Asturies, nomin\u00e1 a los Premios Goya<\/a>\u00a0<span class=\"post-date\">22\/09\/2024<\/span><\/li>\n<li><a href=\"https:\/\/edublog.educastur.es\/ixuxu\/2024\/09\/estos-mozos-van-dar-que-falar\/\">Estos mozos van dar que falar. \u00a1Norabona!<\/a>\u00a0<span class=\"post-date\">22\/09\/2024<\/span><\/li>\n<li><a href=\"https:\/\/edublog.educastur.es\/ixuxu\/2024\/09\/31452\/\">(sin t\u00edtulo)<\/a>\u00a0<span class=\"post-date\">22\/09\/2024<\/span><\/li>\n<li><a href=\"https:\/\/edublog.educastur.es\/ixuxu\/2024\/09\/la-seronda\/\">La seronda<\/a>\u00a0<span class=\"post-date\">22\/09\/2024<\/span><\/li>\n<li><a href=\"https:\/\/edublog.educastur.es\/ixuxu\/2024\/09\/tamos-na-seronda-2\/\">Tamos na seronda y va ser templada y previsiblemente m\u00e1s secu de lo habitual<\/a>\u00a0<span class=\"post-date\">22\/09\/2024<\/span><\/li>\n<li><a href=\"https:\/\/edublog.educastur.es\/ixuxu\/2024\/09\/como-funcional-tiempu-nasturies\/\">\u00bfC\u00f3mo funciona\u2019l tiempu n\u2019Asturies?<\/a>\u00a0<span class=\"post-date\">22\/09\/2024<\/span><\/li>\n<li><a href=\"https:\/\/edublog.educastur.es\/ixuxu\/2024\/09\/31429\/\">El Princip\u00e1u traves\u00f3\u2019l so branu m\u00e1s templ\u00e1u dende 1961<\/a>\u00a0<span class=\"post-date\">22\/09\/2024<\/span><\/li>\n<li><a href=\"https:\/\/edublog.educastur.es\/ixuxu\/2024\/09\/fayuela\/\">\u201cFayuela\u201d<\/a>\u00a0<span class=\"post-date\">22\/09\/2024<\/span><\/li>\n<li><a href=\"https:\/\/edublog.educastur.es\/ixuxu\/2024\/09\/dia-mundial-ensin-coches-2\/\">D\u00eda Mundial ensin coches<\/a>\u00a0<span class=\"post-date\">22\/09\/2024<\/span><\/li>\n<li><a href=\"https:\/\/edublog.educastur.es\/ixuxu\/2024\/09\/31407\/\">(sin t\u00edtulo)<\/a>\u00a0<span class=\"post-date\">22\/09\/2024<\/span><\/li>\n<li><a href=\"https:\/\/edublog.educastur.es\/ixuxu\/2024\/09\/pequenu-grupu-de-correlimos-comunes-tridactilos-y-chorlitejos-grandes-xovenes\/\">Peque\u00f1u grupu de correlimos comunes, trid\u00e1ctilos y chorlitejos grandes x\u00f3venes.<\/a>\u00a0<span class=\"post-date\">21\/09\/2024<\/span><\/li>\n<li><a href=\"https:\/\/edublog.educastur.es\/ixuxu\/2024\/09\/31418\/\">Mal\u00fa, La Er\u00eda ye \u00abenteramente tuya\u00bb<\/a>\u00a0<span class=\"post-date\">21\/09\/2024<\/span><\/li>\n<li><a href=\"https:\/\/edublog.educastur.es\/ixuxu\/2024\/09\/pallabreru-calcanu\/\">Pallabreru: \u00abCalca\u00f1u\u00bb<\/a>\u00a0<span class=\"post-date\">21\/09\/2024<\/span><\/li>\n<li><a href=\"https:\/\/edublog.educastur.es\/ixuxu\/2024\/09\/31445\/\">\u00abXente d\u2019Uvi\u00e9u, tambor y gaita\u2026\u00bb<\/a>\u00a0<span class=\"post-date\">21\/09\/2024<\/span><\/li>\n<li><a href=\"https:\/\/edublog.educastur.es\/ixuxu\/2024\/09\/28397\/\">(sin t\u00edtulo)<\/a>\u00a0<span class=\"post-date\">21\/09\/2024<\/span><\/li>\n<li><a href=\"https:\/\/edublog.educastur.es\/ixuxu\/2024\/09\/selmana-europea-de-la-movilida-3\/\">Selmana Europea de la Movilid\u00e1<\/a>\u00a0<span class=\"post-date\">21\/09\/2024<\/span><\/li>\n<li><a href=\"https:\/\/edublog.educastur.es\/ixuxu\/2024\/09\/encetar\/\">\u00abEncetar\u00bb<\/a>\u00a0<span class=\"post-date\">21\/09\/2024<\/span><\/li>\n<li><a href=\"https:\/\/edublog.educastur.es\/ixuxu\/2024\/09\/lluna-llena-2\/\">Lluna llena<\/a>\u00a0<span class=\"post-date\">21\/09\/2024<\/span><\/li>\n<li><a href=\"https:\/\/edublog.educastur.es\/ixuxu\/2024\/09\/interesante-graficu-sobro-los-nuesos-planetes-y-la-so-rotacion\/\">Interesante gr\u00e1ficu sobro los nuesos planetes y la so rotaci\u00f3n<\/a>\u00a0<span class=\"post-date\">21\/09\/2024<\/span><\/li>\n<li><a href=\"https:\/\/edublog.educastur.es\/ixuxu\/2024\/09\/la-tierra-va-cuntar-con-una-nueva-miniluna-mientres-los-dos-proximos-meses\/\">La Tierra va cuntar con una nueva miniluna mientres los dos pr\u00f3ximos meses<\/a>\u00a0<span class=\"post-date\">21\/09\/2024<\/span><\/li>\n<li><a href=\"https:\/\/edublog.educastur.es\/ixuxu\/2024\/09\/dia-damerica-nasturies\/\">D\u00eda d\u2019Am\u00e9rica n\u2019Asturies<\/a>\u00a0<span class=\"post-date\">20\/09\/2024<\/span><\/li>\n<li><a href=\"https:\/\/edublog.educastur.es\/ixuxu\/2024\/09\/31393\/\">La Tierra ta estrenando minilluna<\/a>\u00a0<span class=\"post-date\">20\/09\/2024<\/span><\/li>\n<li><a href=\"https:\/\/edublog.educastur.es\/ixuxu\/2024\/09\/un-barcu-electricu-batel-record-de-distancia-saleada-en-24-hores\/\">Un barcu el\u00e9ctricu bate\u2019l r\u00e9cord de distancia saleada en 24 hores (50 \u20ac)<\/a>\u00a0<span class=\"post-date\">20\/09\/2024<\/span><\/li>\n<li><a href=\"https:\/\/edublog.educastur.es\/ixuxu\/2024\/09\/31155\/\">(sin t\u00edtulo)<\/a>\u00a0<span class=\"post-date\">20\/09\/2024<\/span><\/li>\n<li><a href=\"https:\/\/edublog.educastur.es\/ixuxu\/2024\/09\/31382\/\">\u00abOrtograf\u00eda nun minutu\u00bb<\/a>\u00a0<span class=\"post-date\">20\/09\/2024<\/span><\/li>\n<li><a href=\"https:\/\/edublog.educastur.es\/ixuxu\/2024\/09\/31472\/\">\u00bfConoces ??? ??????????<\/a>\u00a0<span class=\"post-date\">20\/09\/2024<\/span><\/li>\n<li><a href=\"https:\/\/edublog.educastur.es\/ixuxu\/2024\/09\/31377\/\">(sin t\u00edtulo)<\/a>\u00a0<span class=\"post-date\">20\/09\/2024<\/span><\/li>\n<li><a href=\"https:\/\/edublog.educastur.es\/ixuxu\/2024\/09\/parriba-y-palantre\/\">P\u2019arriba y p\u2019alantre<\/a>\u00a0<span class=\"post-date\">20\/09\/2024<\/span><\/li>\n<li><a href=\"https:\/\/edublog.educastur.es\/ixuxu\/2024\/09\/poesia-asturiana-fecha-nasturies-2\/\">Poes\u00eda asturiana, fecha n\u2019Asturies<\/a>\u00a0<span class=\"post-date\">20\/09\/2024<\/span><\/li>\n<li><a href=\"https:\/\/edublog.educastur.es\/ixuxu\/2024\/09\/el-contactu-cola-naturaleza-apurrenos-salu-y-bienestar-2\/\">El contactu cola naturaleza ap\u00farrenos sal\u00fa y bienestar<\/a>\u00a0<span class=\"post-date\">20\/09\/2024<\/span><\/li>\n<li><a href=\"https:\/\/edublog.educastur.es\/ixuxu\/2024\/09\/31359\/\">(sin t\u00edtulo)<\/a>\u00a0<span class=\"post-date\">20\/09\/2024<\/span><\/li>\n<li><a href=\"https:\/\/edublog.educastur.es\/ixuxu\/2024\/09\/la-casacada-glaciar-mas-alta-del-mundu-atopase-en-svalvard-noruega\/\">La casacada glaciar m\u00e1s alta del mundu at\u00f3pase en Svalvard (Noruega)<\/a>\u00a0<span class=\"post-date\">20\/09\/2024<\/span><\/li>\n<li><a href=\"https:\/\/edublog.educastur.es\/ixuxu\/2024\/09\/poesia-asturiana-fecha-nasturies\/\">Miguel Rojo ap\u00farrenos una novela llena d\u2019humor y traxedia, d\u2019aventures (castell\u00e1n)<\/a>\u00a0<span class=\"post-date\">20\/09\/2024<\/span><\/li>\n<li><a href=\"https:\/\/edublog.educastur.es\/ixuxu\/2024\/09\/lagricultura-familiar-ye-clave-para-alimentar-al-mundu\/\">L\u2019agricultura familiar ye clave para alimentar al mundu.<\/a>\u00a0<span class=\"post-date\">20\/09\/2024<\/span><\/li>\n<li><a href=\"https:\/\/edublog.educastur.es\/ixuxu\/2024\/09\/siguimos-col-tema-de-les-meduses-nel-cantabricu\/\">Siguimos col tema de les meduses nel cant\u00e1bricu<\/a>\u00a0<span class=\"post-date\">20\/09\/2024<\/span><\/li>\n<li><a href=\"https:\/\/edublog.educastur.es\/ixuxu\/2024\/09\/a-poques-hores-de-la-seronda\/\">A poques hores de la seronda<\/a>\u00a0<span class=\"post-date\">20\/09\/2024<\/span><\/li>\n<li><a href=\"https:\/\/edublog.educastur.es\/ixuxu\/2024\/09\/el-regresu-de-los-indianos-mas-alla-de-los-mares\/\">El regresu de los indianos m\u00e1s all\u00e1 de los mares<\/a>\u00a0<span class=\"post-date\">20\/09\/2024<\/span><\/li>\n<li><a href=\"https:\/\/edublog.educastur.es\/ixuxu\/2024\/09\/31397\/\">M\u00e1s semeyes del Desfile del D\u00eda d\u2019Am\u00e9rica n\u2019Asturies<\/a>\u00a0<span class=\"post-date\">20\/09\/2024<\/span><\/li>\n<li><a href=\"https:\/\/edublog.educastur.es\/ixuxu\/2024\/09\/31151\/\">(sin t\u00edtulo)<\/a>\u00a0<span class=\"post-date\">19\/09\/2024<\/span><\/li>\n<li><a href=\"https:\/\/edublog.educastur.es\/ixuxu\/2024\/09\/artista-caleyeru-pintando-solombres-falses-risonderes-para-confundir-a-la-xente\/\">Artista caleyeru pintando solombres falses risonderes para confundir a la xente<\/a>\u00a0<span class=\"post-date\">19\/09\/2024<\/span><\/li>\n<li><a href=\"https:\/\/edublog.educastur.es\/ixuxu\/2024\/09\/cartelu-anunciador-del-festival-de-lablana-desti-anu-en-linfiestu-pilona\/\">Cartelu anunciador del Festival de l\u2019Ablana d\u2019esti a\u00f1u en L\u2019Infiestu (Pilo\u00f1a)<\/a>\u00a0<span class=\"post-date\">19\/09\/2024<\/span><\/li>\n<li><a href=\"https:\/\/edublog.educastur.es\/ixuxu\/2024\/09\/canciones-populares-asturianes-11\/\">Canciones Populares Asturianes 11<\/a>\u00a0<span class=\"post-date\">19\/09\/2024<\/span><\/li>\n<li><a href=\"https:\/\/edublog.educastur.es\/ixuxu\/2024\/09\/31295\/\">(sin t\u00edtulo)<\/a>\u00a0<span class=\"post-date\">18\/09\/2024<\/span><\/li>\n<li><a href=\"https:\/\/edublog.educastur.es\/ixuxu\/2024\/09\/32542\/\">La berrea anuncia la llegada del oto\u00f1o<\/a>\u00a0<span class=\"post-date\">18\/09\/2024<\/span><\/li>\n<li><a href=\"https:\/\/edublog.educastur.es\/ixuxu\/2024\/09\/31274\/\">L\u2019alimentaci\u00f3n ap\u00farre-y el so caracter\u00edstica fluorescencia a la \u00aboveya de mar\u00bb<\/a>\u00a0<span class=\"post-date\">18\/09\/2024<\/span><\/li>\n<li><a href=\"https:\/\/edublog.educastur.es\/ixuxu\/2024\/09\/31104\/\">(sin t\u00edtulo)<\/a>\u00a0<span class=\"post-date\">18\/09\/2024<\/span><\/li>\n<li><a href=\"https:\/\/edublog.educastur.es\/ixuxu\/2024\/09\/reiventando-semeyes-duna-manera-bien-orixinal\/\">Reiventando semeyes d\u2019una manera bien orixinal<\/a>\u00a0<span class=\"post-date\">18\/09\/2024<\/span><\/li>\n<li><a href=\"https:\/\/edublog.educastur.es\/ixuxu\/2024\/09\/31317\/\">Argayu Fest \u00f1az pa conocer un pocu meyor esti rincon\u00edn de la cordillera cant\u00e1brica<\/a>\u00a0<span class=\"post-date\">18\/09\/2024<\/span><\/li>\n<li><a href=\"https:\/\/edublog.educastur.es\/ixuxu\/2024\/09\/31242\/\">(sin t\u00edtulo)<\/a>\u00a0<span class=\"post-date\">18\/09\/2024<\/span><\/li>\n<li><a href=\"https:\/\/edublog.educastur.es\/ixuxu\/2024\/09\/31307\/\">(sin t\u00edtulo)<\/a>\u00a0<span class=\"post-date\">18\/09\/2024<\/span><\/li>\n<li><a href=\"https:\/\/edublog.educastur.es\/ixuxu\/2024\/09\/poemes-de-plizcos\/\">Poemes de \u00abPlizcos\u00bb n\u2019asturianu<\/a>\u00a0<span class=\"post-date\">17\/09\/2024<\/span><\/li>\n<li><a href=\"https:\/\/edublog.educastur.es\/ixuxu\/2024\/09\/31279\/\">(sin t\u00edtulo)<\/a>\u00a0<span class=\"post-date\">17\/09\/2024<\/span><\/li>\n<li><a href=\"https:\/\/edublog.educastur.es\/ixuxu\/2024\/09\/les-cubiertes-vexetales-verdes-pa-ciudaes-sostenibles\/\">Les cubiertes vexetales, verdes, pa ciudaes sostenibles<\/a>\u00a0<span class=\"post-date\">17\/09\/2024<\/span><\/li>\n<li><a href=\"https:\/\/edublog.educastur.es\/ixuxu\/2024\/09\/30843\/\">Les primeres cases hobbit d\u2019Asturies constr\u00fayense n\u2019Arg\u00fceru, Villaviciosa<\/a>\u00a0<span class=\"post-date\">17\/09\/2024<\/span><\/li>\n<li><a href=\"https:\/\/edublog.educastur.es\/ixuxu\/2024\/09\/31262\/\">(sin t\u00edtulo)<\/a>\u00a0<span class=\"post-date\">17\/09\/2024<\/span><\/li>\n<li><a href=\"https:\/\/edublog.educastur.es\/ixuxu\/2024\/09\/guapura\/\">Guapura<\/a>\u00a0<span class=\"post-date\">17\/09\/2024<\/span><\/li>\n<li><a href=\"https:\/\/edublog.educastur.es\/ixuxu\/2024\/09\/finalistes-del-xvi-premiu-camareta-al-meyor-cantar\/\">Finalistes del XVI Premiu Camaret\u00e1 al Meyor Cantar<\/a>\u00a0<span class=\"post-date\">17\/09\/2024<\/span><\/li>\n<li><a href=\"https:\/\/edublog.educastur.es\/ixuxu\/2024\/09\/31240\/\">(sin t\u00edtulo)<\/a>\u00a0<span class=\"post-date\">17\/09\/2024<\/span><\/li>\n<li><a href=\"https:\/\/edublog.educastur.es\/ixuxu\/2024\/09\/una-nueva-nebulosa-foi-descubiertu-cerca-de-la-galaxa-dandromeda\/\">Una nueva nebulosa foi descubiertu cerca de la galaxa d\u2019Andr\u00f3meda<\/a>\u00a0<span class=\"post-date\">17\/09\/2024<\/span><\/li>\n<li><a href=\"https:\/\/edublog.educastur.es\/ixuxu\/2024\/09\/esmolecer\/\">\u00abEsmolecer\u00bb<\/a>\u00a0<span class=\"post-date\">17\/09\/2024<\/span><\/li>\n<li><a href=\"https:\/\/edublog.educastur.es\/ixuxu\/2024\/09\/31217\/\">(sin t\u00edtulo)<\/a>\u00a0<span class=\"post-date\">16\/09\/2024<\/span><\/li>\n<li><a href=\"https:\/\/edublog.educastur.es\/ixuxu\/2024\/09\/nel-ochobre-folk-la-reciella-tamien-tien-les-sos-actividaes-y-el-so-espaciu-propiu\/\">Nel Ochobre Folk la reciella tami\u00e9n tien les sos actividaes y el so espaciu propiu<\/a>\u00a0<span class=\"post-date\">16\/09\/2024<\/span><\/li>\n<li><a href=\"https:\/\/edublog.educastur.es\/ixuxu\/2024\/09\/videu-de-pela-carretera\/\">La Tarrancha espubliza\u2019l videoclip \u201cPela carretera\u201d<\/a>\u00a0<span class=\"post-date\">16\/09\/2024<\/span><\/li>\n<li><a href=\"https:\/\/edublog.educastur.es\/ixuxu\/2024\/09\/31206\/\">(sin t\u00edtulo)<\/a>\u00a0<span class=\"post-date\">16\/09\/2024<\/span><\/li>\n<li><a href=\"https:\/\/edublog.educastur.es\/ixuxu\/2024\/09\/31225\/\">Cultura va iniciar la Selmana Blanca\u2019l 10 d\u2019avientu en Fuentes de Invierno y Payares<\/a>\u00a0<span class=\"post-date\">16\/09\/2024<\/span><\/li>\n<li><a href=\"https:\/\/edublog.educastur.es\/ixuxu\/2024\/09\/vineta-problema-solucionau\/\">Vi\u00f1eta: \u00abProblema solucion\u00e1u\u00bb<\/a>\u00a0<span class=\"post-date\">16\/09\/2024<\/span><\/li>\n<li><a href=\"https:\/\/edublog.educastur.es\/ixuxu\/2024\/09\/31231\/\">(sin t\u00edtulo)<\/a>\u00a0<span class=\"post-date\">16\/09\/2024<\/span><\/li>\n<li><a href=\"https:\/\/edublog.educastur.es\/ixuxu\/2024\/09\/la-ufierta-de-vuelos-dasturies-inclui-destinos-directos-y-mas-frecuencies-que-nunca\/\">La ufierta de vuelos d\u2019Asturies incl\u00fai destinos directos y m\u00e1s frecuencies que nunca<\/a>\u00a0<span class=\"post-date\">16\/09\/2024<\/span><\/li>\n<li><a href=\"https:\/\/edublog.educastur.es\/ixuxu\/2024\/09\/31215\/\">(sin t\u00edtulo)<\/a>\u00a0<span class=\"post-date\">16\/09\/2024<\/span><\/li>\n<li><a href=\"https:\/\/edublog.educastur.es\/ixuxu\/2024\/09\/panoramica-de-sotres-pueblu-exemplar-2024-desde-la-caballar\/\">Panor\u00e1mica de Sotres, Pueblu Exemplar 2024, desde la Caballar.<\/a>\u00a0<span class=\"post-date\">16\/09\/2024<\/span><\/li>\n<li><a href=\"https:\/\/edublog.educastur.es\/ixuxu\/2024\/09\/lluna-llena\/\">Setiembre tr\u00e1inos la primera Superluna de 2024 y un ecl\u00eds parcial.<\/a>\u00a0<span class=\"post-date\">16\/09\/2024<\/span><\/li>\n<li><a href=\"https:\/\/edublog.educastur.es\/ixuxu\/2024\/09\/pintura-hiperrealista-que-paez-una-semeya\/\">Pintura hiperrealista que paez una semeya<\/a>\u00a0<span class=\"post-date\">16\/09\/2024<\/span><\/li>\n<li><a href=\"https:\/\/edublog.educastur.es\/ixuxu\/2024\/09\/selmana-europea-de-la-movilida-2\/\">Selmana Europea de la Movilid\u00e1 (SEM)<\/a>\u00a0<span class=\"post-date\">16\/09\/2024<\/span><\/li>\n<li><a href=\"https:\/\/edublog.educastur.es\/ixuxu\/2024\/09\/31210\/\">(sin t\u00edtulo)<\/a>\u00a0<span class=\"post-date\">16\/09\/2024<\/span><\/li>\n<li><a href=\"https:\/\/edublog.educastur.es\/ixuxu\/2024\/09\/31270\/\">(sin t\u00edtulo)<\/a>\u00a0<span class=\"post-date\">16\/09\/2024<\/span><\/li>\n<li><a href=\"https:\/\/edublog.educastur.es\/ixuxu\/2024\/09\/dia-internacional-de-la-preservacion-de-la-capa-dozonu\/\">D\u00eda Internacional de la Preservaci\u00f3n de la capa d\u2019ozonu<\/a>\u00a0<span class=\"post-date\">16\/09\/2024<\/span><\/li>\n<li><a href=\"https:\/\/edublog.educastur.es\/ixuxu\/2024\/09\/31229\/\">(sin t\u00edtulo)<\/a>\u00a0<span class=\"post-date\">16\/09\/2024<\/span><\/li>\n<li><a href=\"https:\/\/edublog.educastur.es\/ixuxu\/2024\/09\/31189\/\">Artista: Charles Wysocki<\/a>\u00a0<span class=\"post-date\">15\/09\/2024<\/span><\/li>\n<li><a href=\"https:\/\/edublog.educastur.es\/ixuxu\/2024\/09\/31184\/\">Asturian Word: \u00ab\u00d1arru\u00bb<\/a>\u00a0<span class=\"post-date\">15\/09\/2024<\/span><\/li>\n<li><a href=\"https:\/\/edublog.educastur.es\/ixuxu\/2024\/09\/asturian-words-escaecer\/\">Asturian Words: \u00abEscaecer\u00bb<\/a>\u00a0<span class=\"post-date\">15\/09\/2024<\/span><\/li>\n<li><a href=\"https:\/\/edublog.educastur.es\/ixuxu\/2024\/09\/asina-se-cazaben-mamuts-na-prehistoria\/\">Asina se cazaben mamuts na prehistoria<\/a>\u00a0<span class=\"post-date\">15\/09\/2024<\/span><\/li>\n<li><a href=\"https:\/\/edublog.educastur.es\/ixuxu\/2024\/09\/31164\/\">(sin t\u00edtulo)<\/a>\u00a0<span class=\"post-date\">15\/09\/2024<\/span><\/li>\n<li><a href=\"https:\/\/edublog.educastur.es\/ixuxu\/2024\/09\/animales-curiosos-lajolote\/\">Animales curiosos: \u00abL\u2019Ajolote\u00bb (anfibiu)<\/a>\u00a0<span class=\"post-date\">15\/09\/2024<\/span><\/li>\n<li><a href=\"https:\/\/edublog.educastur.es\/ixuxu\/2024\/09\/31123\/\">(sin t\u00edtulo)<\/a>\u00a0<span class=\"post-date\">15\/09\/2024<\/span><\/li>\n<li><a href=\"https:\/\/edublog.educastur.es\/ixuxu\/2024\/09\/lhorariu-diviernu-va-empezar-lultimu-domingu-del-mes-dochobre\/\">L\u2019horariu d\u2019iviernu va empezar l\u2019\u00faltimu domingu del mes d\u2019ochobre<\/a>\u00a0<span class=\"post-date\">15\/09\/2024<\/span><\/li>\n<li><a href=\"https:\/\/edublog.educastur.es\/ixuxu\/2024\/09\/la-seronda-a-pocos-dies\/\">La seronda, a pocos d\u00edes\u2026<\/a>\u00a0<span class=\"post-date\">15\/09\/2024<\/span><\/li>\n<li><a href=\"https:\/\/edublog.educastur.es\/ixuxu\/2024\/09\/31125\/\">(sin t\u00edtulo)<\/a>\u00a0<span class=\"post-date\">15\/09\/2024<\/span><\/li>\n<li><a href=\"https:\/\/edublog.educastur.es\/ixuxu\/2024\/09\/31129\/\">Asina va la vida\u2026<\/a>\u00a0<span class=\"post-date\">15\/09\/2024<\/span><\/li>\n<li><a href=\"https:\/\/edublog.educastur.es\/ixuxu\/2024\/09\/indumentaria-el-domingu-viniente\/\">Indumentaria, el domingu 29 de setiembre<\/a>\u00a0<span class=\"post-date\">15\/09\/2024<\/span><\/li>\n<li><a href=\"https:\/\/edublog.educastur.es\/ixuxu\/2024\/09\/31132\/\">(sin t\u00edtulo)<\/a>\u00a0<span class=\"post-date\">15\/09\/2024<\/span><\/li>\n<li><a href=\"https:\/\/edublog.educastur.es\/ixuxu\/2024\/09\/31117\/\">El traz\u00e1u Vascu Asturianu volvi\u00f3 tener el so tren mineru entre Trubia y Collanzo<\/a>\u00a0<span class=\"post-date\">15\/09\/2024<\/span><\/li>\n<li><a href=\"https:\/\/edublog.educastur.es\/ixuxu\/2024\/09\/poema-de-rosa-cunqueiro-antoloxia-descritores-asturianes\/\">Poema de Rosa Cunqueiro (\u00abAntolox\u00eda d\u2019Escritores asturianes\u00bb)<\/a>\u00a0<span class=\"post-date\">15\/09\/2024<\/span><\/li>\n<li><a href=\"https:\/\/edublog.educastur.es\/ixuxu\/2024\/09\/31111\/\">(sin t\u00edtulo)<\/a>\u00a0<span class=\"post-date\">14\/09\/2024<\/span><\/li>\n<li><a href=\"https:\/\/edublog.educastur.es\/ixuxu\/2024\/09\/corales-de-cristal-seleccionau-nos-los-angeles-film-and-documentary-awards\/\">Corales de Cristal: seleccion\u00e1u nos Los Angeles Film and Documentary Awards<\/a>\u00a0<span class=\"post-date\">14\/09\/2024<\/span><\/li>\n<li><a href=\"https:\/\/edublog.educastur.es\/ixuxu\/2024\/09\/llibru-cercal-cielu\/\">Llibru: \u00abCerca\u00b4l cielu\u00bb<\/a>\u00a0<span class=\"post-date\">14\/09\/2024<\/span><\/li>\n<li><a href=\"https:\/\/edublog.educastur.es\/ixuxu\/2024\/09\/31088\/\">(sin t\u00edtulo)<\/a>\u00a0<span class=\"post-date\">14\/09\/2024<\/span><\/li>\n<li><a href=\"https:\/\/edublog.educastur.es\/ixuxu\/2024\/09\/los-osos-buscando-frutos\/\">Los osos buscando frutos<\/a>\u00a0<span class=\"post-date\">14\/09\/2024<\/span><\/li>\n<li><a href=\"https:\/\/edublog.educastur.es\/ixuxu\/2024\/09\/31066\/\">(sin t\u00edtulo)<\/a>\u00a0<span class=\"post-date\">14\/09\/2024<\/span><\/li>\n<li><a href=\"https:\/\/edublog.educastur.es\/ixuxu\/2024\/09\/31054\/\">Escuela de M\u00fasica<\/a>\u00a0<span class=\"post-date\">14\/09\/2024<\/span><\/li>\n<li><a href=\"https:\/\/edublog.educastur.es\/ixuxu\/2024\/09\/espresion-del-dia-nuedu-de-xente\/\">Espresi\u00f3n del D\u00eda: \u2018Nuedu de Xente\u2019<\/a>\u00a0<span class=\"post-date\">14\/09\/2024<\/span><\/li>\n<li><a href=\"https:\/\/edublog.educastur.es\/ixuxu\/2024\/09\/tres-proyectos-de-sienda-circular\/\">Tr\u00e9s proyectos de Sienda Circular<\/a>\u00a0<span class=\"post-date\">14\/09\/2024<\/span><\/li>\n<li><a href=\"https:\/\/edublog.educastur.es\/ixuxu\/2024\/09\/el-mes-dagostu-foil-quintu-mas-templau-nasturies-dende-1961\/\">El mes d\u2019agostu foi\u2019l quintu m\u00e1s templ\u00e1u n\u2019Asturies dende 1961<\/a>\u00a0<span class=\"post-date\">14\/09\/2024<\/span><\/li>\n<li><a href=\"https:\/\/edublog.educastur.es\/ixuxu\/2024\/09\/astujrian-words-piescu\/\">Asturian Words: \u00abPiescu\u00bb<\/a>\u00a0<span class=\"post-date\">13\/09\/2024<\/span><\/li>\n<li><a href=\"https:\/\/edublog.educastur.es\/ixuxu\/2024\/09\/atentos-a-este-fin-de-selmana-cargaau-de-fiestes-nasturies\/\">Atentos a este fin de selmana carga\u00e1u de fiestes n\u2019Asturies<\/a>\u00a0<span class=\"post-date\">13\/09\/2024<\/span><\/li>\n<li><a href=\"https:\/\/edublog.educastur.es\/ixuxu\/2024\/09\/31099\/\">M\u00fasica y baille peles cais d\u2019Avil\u00e9s.<\/a>\u00a0<span class=\"post-date\">13\/09\/2024<\/span><\/li>\n<li><a href=\"https:\/\/edublog.educastur.es\/ixuxu\/2024\/09\/cumpleanos-de-roald-dahl\/\">108 Cumplea\u00f1os de Roald Dahl: dellos intereses sobro l\u2019autor y la so obra.<\/a>\u00a0<span class=\"post-date\">13\/09\/2024<\/span><\/li>\n<li><a href=\"https:\/\/edublog.educastur.es\/ixuxu\/2024\/09\/31060\/\">(sin t\u00edtulo)<\/a>\u00a0<span class=\"post-date\">13\/09\/2024<\/span><\/li>\n<li><a href=\"https:\/\/edublog.educastur.es\/ixuxu\/2024\/09\/el-pais-de-les-maravies-turqueses\/\">El pa\u00eds de les marav\u00edes turqueses<\/a>\u00a0<span class=\"post-date\">13\/09\/2024<\/span><\/li>\n<li><a href=\"https:\/\/edublog.educastur.es\/ixuxu\/2024\/09\/pallabreru-llimiagu\/\">Pallabreru: \u00abLlimiagu\u00bb<\/a>\u00a0<span class=\"post-date\">13\/09\/2024<\/span><\/li>\n<li><a href=\"https:\/\/edublog.educastur.es\/ixuxu\/2024\/09\/31032\/\">Noved\u00e1: \u00abTo\u00f1a y el paxar\u00edn da barb\u00eda marella\u00bb<\/a>\u00a0<span class=\"post-date\">12\/09\/2024<\/span><\/li>\n<li><a href=\"https:\/\/edublog.educastur.es\/ixuxu\/2024\/09\/llaboral-ciuda-de-la-cultura-reabriral-domingu\/\">Llaboral Ciud\u00e1 de la Cultura reabrir\u00e1\u2019l domingu dalgunos espacios rehabilitaos<\/a>\u00a0<span class=\"post-date\">12\/09\/2024<\/span><\/li>\n<li><a href=\"https:\/\/edublog.educastur.es\/ixuxu\/2024\/09\/31029\/\">(sin t\u00edtulo)<\/a>\u00a0<span class=\"post-date\">12\/09\/2024<\/span><\/li>\n<li><a href=\"https:\/\/edublog.educastur.es\/ixuxu\/2024\/09\/asturian-words-mancar\/\">Asturian Words: \u00abMancar\u00bb<\/a>\u00a0<span class=\"post-date\">12\/09\/2024<\/span><\/li>\n<li><a href=\"https:\/\/edublog.educastur.es\/ixuxu\/2024\/09\/canciones-populares-asturianes-10\/\">Canciones Populares Asturianes 10<\/a>\u00a0<span class=\"post-date\">12\/09\/2024<\/span><\/li>\n<li><a href=\"https:\/\/edublog.educastur.es\/ixuxu\/2024\/09\/ablana\/\">Asturian Words: \u201cAblana\u201d<\/a>\u00a0<span class=\"post-date\">12\/09\/2024<\/span><\/li>\n<li><a href=\"https:\/\/edublog.educastur.es\/ixuxu\/2024\/09\/siguir-aprendiendo\/\">Siguir deprendiendo, tiempu d\u2019aprender<\/a>\u00a0<span class=\"post-date\">12\/09\/2024<\/span><\/li>\n<li><a href=\"https:\/\/edublog.educastur.es\/ixuxu\/2024\/09\/30960\/\">(sin t\u00edtulo)<\/a>\u00a0<span class=\"post-date\">11\/09\/2024<\/span><\/li>\n<li><a href=\"https:\/\/edublog.educastur.es\/ixuxu\/2024\/09\/llegal-friu-polar-al-norte-despana\/\">Llega\u2019l fr\u00edu polar al norte d\u2019Espa\u00f1a<\/a>\u00a0<span class=\"post-date\">11\/09\/2024<\/span><\/li>\n<li><a href=\"https:\/\/edublog.educastur.es\/ixuxu\/2024\/09\/30948\/\">\u2018Sones d\u2019Aldea\u2019 de Sandra S\u00e1nchez<\/a>\u00a0<span class=\"post-date\">11\/09\/2024<\/span><\/li>\n<li><a href=\"https:\/\/edublog.educastur.es\/ixuxu\/2024\/09\/30883\/\">(sin t\u00edtulo)<\/a>\u00a0<span class=\"post-date\">11\/09\/2024<\/span><\/li>\n<li><a href=\"https:\/\/edublog.educastur.es\/ixuxu\/2024\/09\/cogersa-rede-descueles-pola-circularida-escueles-biocirculares\/\">COGERSA: Rede d\u2019Escueles pola Circularid\u00e1 = \u201cEscueles Biocirculares\u201d<\/a>\u00a0<span class=\"post-date\">11\/09\/2024<\/span><\/li>\n<li><a href=\"https:\/\/edublog.educastur.es\/ixuxu\/2024\/09\/30946\/\">(sin t\u00edtulo)<\/a>\u00a0<span class=\"post-date\">11\/09\/2024<\/span><\/li>\n<li><a href=\"https:\/\/edublog.educastur.es\/ixuxu\/2024\/09\/reflexon-la-muchosida-alicia-nel-pais-de-les-maravies\/\">Reflex\u00f3n: La muchosid\u00e1, la nuesa capacid\u00e1 para ser n\u00f3s mesmos<\/a>\u00a0<span class=\"post-date\">11\/09\/2024<\/span><\/li>\n<li><a href=\"https:\/\/edublog.educastur.es\/ixuxu\/2024\/09\/asturian-word-saltapraos\/\">Asturian Word: \u00abSaltapraos\u00bb<\/a>\u00a0<span class=\"post-date\">11\/09\/2024<\/span><\/li>\n<li><a href=\"https:\/\/edublog.educastur.es\/ixuxu\/2024\/09\/30257\/\">(sin t\u00edtulo)<\/a>\u00a0<span class=\"post-date\">11\/09\/2024<\/span><\/li>\n<li><a href=\"https:\/\/edublog.educastur.es\/ixuxu\/2024\/09\/promocion-dasturies-en-paises-baxos\/\">Promoci\u00f3n d\u2019Asturies en Pa\u00edses Baxos<\/a>\u00a0<span class=\"post-date\">11\/09\/2024<\/span><\/li>\n<li><a href=\"https:\/\/edublog.educastur.es\/ixuxu\/2024\/09\/xi-dia-de-la-reciella\/\">XI D\u00eda de la Reciella<\/a>\u00a0<span class=\"post-date\">11\/09\/2024<\/span><\/li>\n<li><a href=\"https:\/\/edublog.educastur.es\/ixuxu\/2024\/09\/el-domingu-detras-lacebu\/\">\u00abEl domingu detr\u00e1s\u00bb L\u2019Acebu<\/a>\u00a0<span class=\"post-date\">11\/09\/2024<\/span><\/li>\n<li><a href=\"https:\/\/edublog.educastur.es\/ixuxu\/2024\/09\/30905\/\">(sin t\u00edtulo)<\/a>\u00a0<span class=\"post-date\">11\/09\/2024<\/span><\/li>\n<li><a href=\"https:\/\/edublog.educastur.es\/ixuxu\/2024\/09\/30900\/\">\u00abO, bella, ciao\u00bb n\u2019\u00e1rabe<\/a>\u00a0<span class=\"post-date\">10\/09\/2024<\/span><\/li>\n<li><a href=\"https:\/\/edublog.educastur.es\/ixuxu\/2024\/09\/un-mural-en-mieres-en-solidarida-con-los-seis-de-la-suiza\/\">Un mural en Mieres en solidarid\u00e1 con \u2018Los seis de La Suiza\u2019<\/a>\u00a0<span class=\"post-date\">10\/09\/2024<\/span><\/li>\n<li><a href=\"https:\/\/edublog.educastur.es\/ixuxu\/2024\/09\/bona-nueche-y-bon-descansu\/\">Bona nueche y bon descansu<\/a>\u00a0<span class=\"post-date\">10\/09\/2024<\/span><\/li>\n<li><a href=\"https:\/\/edublog.educastur.es\/ixuxu\/2024\/09\/fiestes-del-solsticiu-de-branu\/\">Fiestes del solsticiu de branu<\/a>\u00a0<span class=\"post-date\">10\/09\/2024<\/span><\/li>\n<li><a href=\"https:\/\/edublog.educastur.es\/ixuxu\/2024\/09\/30881\/\">(sin t\u00edtulo)<\/a>\u00a0<span class=\"post-date\">10\/09\/2024<\/span><\/li>\n<li><a href=\"https:\/\/edublog.educastur.es\/ixuxu\/2024\/09\/les-impresionantes-imaxes-de-les-aguamales-sol-mar-en-xixon\/\">Les impresionantes imaxes de les aguamales sol mar en Xix\u00f3n<\/a>\u00a0<span class=\"post-date\">10\/09\/2024<\/span><\/li>\n<li><a href=\"https:\/\/edublog.educastur.es\/ixuxu\/2024\/09\/ods-2030\/\">ODS 2030<\/a>\u00a0<span class=\"post-date\">10\/09\/2024<\/span><\/li>\n<li><a href=\"https:\/\/edublog.educastur.es\/ixuxu\/2024\/09\/maina-la-maquina-espendedora-de-quesu-cabrales\/\">\u00abMaina\u00bb, la m\u00e1quina espendedora de Quesu Cabrales<\/a>\u00a0<span class=\"post-date\">10\/09\/2024<\/span><\/li>\n<li><a href=\"https:\/\/edublog.educastur.es\/ixuxu\/2024\/09\/30868\/\">Lleer \u00abpaga la pena\u00bb<\/a>\u00a0<span class=\"post-date\">10\/09\/2024<\/span><\/li>\n<li><a href=\"https:\/\/edublog.educastur.es\/ixuxu\/2024\/09\/30866\/\">(sin t\u00edtulo)<\/a>\u00a0<span class=\"post-date\">10\/09\/2024<\/span><\/li>\n<li><a href=\"https:\/\/edublog.educastur.es\/ixuxu\/2024\/09\/falar\/\">\u00abFalar\u00bb<\/a>\u00a0<span class=\"post-date\">10\/09\/2024<\/span><\/li>\n<li><a href=\"https:\/\/edublog.educastur.es\/ixuxu\/2024\/09\/30837\/\">(sin t\u00edtulo)<\/a>\u00a0<span class=\"post-date\">10\/09\/2024<\/span><\/li>\n<li><a href=\"https:\/\/edublog.educastur.es\/ixuxu\/2024\/09\/el-mes-dagostu-foil-mas-templau-de-tola-serie-historica-nespana\/\">El mes d\u2019agostu foi\u2019l m\u00e1s templ\u00e1u de tola serie hist\u00f3rica n\u2019Espa\u00f1a.<\/a>\u00a0<span class=\"post-date\">10\/09\/2024<\/span><\/li>\n<li><a href=\"https:\/\/edublog.educastur.es\/ixuxu\/2024\/09\/30820\/\">Poes\u00eda<\/a>\u00a0<span class=\"post-date\">10\/09\/2024<\/span><\/li>\n<li><a href=\"https:\/\/edublog.educastur.es\/ixuxu\/2024\/09\/los-neandertales-fueron-los-primeros-hominidos-en-convertir-montes-en-pacionales\/\">Los neandertales fueron los primeros hom\u00ednidos en convertir montes en pacionales<\/a>\u00a0<span class=\"post-date\">10\/09\/2024<\/span><\/li>\n<li><a href=\"https:\/\/edublog.educastur.es\/ixuxu\/2024\/09\/xuegos-nos-picos-deuropa\/\">Robecos xugando nos Picos d\u2019Europa<\/a>\u00a0<span class=\"post-date\">10\/09\/2024<\/span><\/li>\n<li><a href=\"https:\/\/edublog.educastur.es\/ixuxu\/2024\/09\/30790\/\">(sin t\u00edtulo)<\/a>\u00a0<span class=\"post-date\">10\/09\/2024<\/span><\/li>\n<li><a href=\"https:\/\/edublog.educastur.es\/ixuxu\/2024\/09\/30792\/\">Concursu \u00abThe Ocean Photographer of the Year\u00bb<\/a>\u00a0<span class=\"post-date\">10\/09\/2024<\/span><\/li>\n<li><a href=\"https:\/\/edublog.educastur.es\/ixuxu\/2024\/09\/30721\/\">(sin t\u00edtulo)<\/a>\u00a0<span class=\"post-date\">10\/09\/2024<\/span><\/li>\n<li><a href=\"https:\/\/edublog.educastur.es\/ixuxu\/2024\/09\/campana-nacional-conectate-a-la-vida-sal-del-aislamientu\/\">Campa\u00f1a nacional: \u201cCon\u00e9ctate a la vida, sal del aislamientu\u201d<\/a>\u00a0<span class=\"post-date\">10\/09\/2024<\/span><\/li>\n<li><a href=\"https:\/\/edublog.educastur.es\/ixuxu\/2024\/09\/dicires\/\">Dicires<\/a>\u00a0<span class=\"post-date\">10\/09\/2024<\/span><\/li>\n<li><a href=\"https:\/\/edublog.educastur.es\/ixuxu\/2024\/09\/31718\/\">(sin t\u00edtulo)<\/a>\u00a0<span class=\"post-date\">10\/09\/2024<\/span><\/li>\n<li><a href=\"https:\/\/edublog.educastur.es\/ixuxu\/2024\/09\/vuelta-al-cole\/\">\u00abVuelta al cole\u00bb<\/a>\u00a0<span class=\"post-date\">10\/09\/2024<\/span><\/li>\n<li><a href=\"https:\/\/edublog.educastur.es\/ixuxu\/2024\/09\/entamal-cursu-escolar-2024-2025-nasturies\/\">Entama\u2019l cursu escolar 2024-2025 n\u2019Asturies<\/a>\u00a0<span class=\"post-date\">10\/09\/2024<\/span><\/li>\n<li><a href=\"https:\/\/edublog.educastur.es\/ixuxu\/2024\/09\/entamal-cursu-escolar-nasturies\/\">Asturies arrinca\u2019l cursu con menos alumnos y muncha ilusi\u00f3n<\/a>\u00a0<span class=\"post-date\">10\/09\/2024<\/span><\/li>\n<li><a href=\"https:\/\/edublog.educastur.es\/ixuxu\/2024\/09\/30712\/\">(sin t\u00edtulo)<\/a>\u00a0<span class=\"post-date\">09\/09\/2024<\/span><\/li>\n<li><a href=\"https:\/\/edublog.educastur.es\/ixuxu\/2024\/09\/el-nuesu-historicu-camin-primitivu-foi-escoyiu-comol-meyor-destin-cultural-del-pais\/\">El nuesu hist\u00f3ricu Cam\u00edn Primitivu foi escoy\u00edu como\u2019l meyor dest\u00edn cultural del pa\u00eds<\/a>\u00a0<span class=\"post-date\">09\/09\/2024<\/span><\/li>\n<li><a href=\"https:\/\/edublog.educastur.es\/ixuxu\/2024\/09\/tamos-en-tiempu-de-la-berrea\/\">Tamos en tiempu de la \u00abberrea\u00bb<\/a>\u00a0<span class=\"post-date\">09\/09\/2024<\/span><\/li>\n<li><a href=\"https:\/\/edublog.educastur.es\/ixuxu\/2024\/09\/proyeutu-inter-cole\/\">Proyeutu Inter-cole<\/a>\u00a0<span class=\"post-date\">09\/09\/2024<\/span><\/li>\n<li><a href=\"https:\/\/edublog.educastur.es\/ixuxu\/2024\/09\/28687\/\">(sin t\u00edtulo)<\/a>\u00a0<span class=\"post-date\">09\/09\/2024<\/span><\/li>\n<li><a href=\"https:\/\/edublog.educastur.es\/ixuxu\/2024\/09\/nun-lo-llames-bable\/\">Nun lo llames \u00abbable\u00bb<\/a>\u00a0<span class=\"post-date\">09\/09\/2024<\/span><\/li>\n<li><a href=\"https:\/\/edublog.educastur.es\/ixuxu\/2024\/09\/conoce-al-trasgu-asturianu\/\">\u00a1Conoce al\u00a0 Trasgu Asturianu!<\/a>\u00a0<span class=\"post-date\">09\/09\/2024<\/span><\/li>\n<li><a href=\"https:\/\/edublog.educastur.es\/ixuxu\/2024\/09\/30710\/\">(sin t\u00edtulo)<\/a>\u00a0<span class=\"post-date\">09\/09\/2024<\/span><\/li>\n<li><a href=\"https:\/\/edublog.educastur.es\/ixuxu\/2024\/09\/nueve-datos-de-la-importancia-del-axedrez-para-la-humanida\/\">Nueve datos de la importancia del axedrez para la humanid\u00e1<\/a>\u00a0<span class=\"post-date\">09\/09\/2024<\/span><\/li>\n<li><a href=\"https:\/\/edublog.educastur.es\/ixuxu\/2024\/09\/numberoses-aguamales-de-grandes-dimensiones-nes-sableres-asturianes\/\">Numberoses aguamales de grandes dimensiones nes sableres asturianes<\/a>\u00a0<span class=\"post-date\">09\/09\/2024<\/span><\/li>\n<li><a href=\"https:\/\/edublog.educastur.es\/ixuxu\/2024\/09\/una-planta-xerminando\/\">Una planta xerminando<\/a>\u00a0<span class=\"post-date\">09\/09\/2024<\/span><\/li>\n<li><a href=\"https:\/\/edublog.educastur.es\/ixuxu\/2024\/09\/30432\/\">(sin t\u00edtulo)<\/a>\u00a0<span class=\"post-date\">09\/09\/2024<\/span><\/li>\n<li><a href=\"https:\/\/edublog.educastur.es\/ixuxu\/2024\/09\/lultimu-domingu-de-setiembre-dia-del-traxe-o-indumentaria\/\">L\u2019\u00faltimu domingu de setiembre: D\u00eda del Traxe o Indumentaria<\/a>\u00a0<span class=\"post-date\">09\/09\/2024<\/span><\/li>\n<li><a href=\"https:\/\/edublog.educastur.es\/ixuxu\/2024\/09\/lecomuseu-de-samuno-bate-recor-historicu-de-visites-en-branu-con-14-144-persones\/\">L\u2019Ecomus\u00e9u de Samu\u00f1o bate r\u00e9cor hist\u00f3ricu de visites en branu con 14.144 persones<\/a>\u00a0<span class=\"post-date\">09\/09\/2024<\/span><\/li>\n<li><a href=\"https:\/\/edublog.educastur.es\/ixuxu\/2024\/09\/tres-esbardos-cola-so-ma-en-busca-dalimentu\/\">Tres esbardos cola so m\u00e1 en busca d\u2019alimentu<\/a>\u00a0<span class=\"post-date\">09\/09\/2024<\/span><\/li>\n<li><a href=\"https:\/\/edublog.educastur.es\/ixuxu\/2024\/09\/30259\/\">(sin t\u00edtulo)<\/a>\u00a0<span class=\"post-date\">09\/09\/2024<\/span><\/li>\n<li><a href=\"https:\/\/edublog.educastur.es\/ixuxu\/2024\/09\/vineta-hooru-panel\/\">Vi\u00f1eta: \u00abHorru-panel\u00bb<\/a>\u00a0<span class=\"post-date\">09\/09\/2024<\/span><\/li>\n<li><a href=\"https:\/\/edublog.educastur.es\/ixuxu\/2024\/09\/cartelu-oficial-de-les-xornaes-del-vigulin\/\">Xorn\u00e1es del Vigul\u00edn Tradicional, 13 al 15 de setiembre<\/a>\u00a0<span class=\"post-date\">09\/09\/2024<\/span><\/li>\n<li><a href=\"https:\/\/edublog.educastur.es\/ixuxu\/2024\/09\/el-calentamientu-global-ta-aumentando-la-frecuencia-y-el-tamanu-del-xarazo\/\">El calentamientu global ta aumentando la frecuencia y el tama\u00f1u del xarazo<\/a>\u00a0<span class=\"post-date\">09\/09\/2024<\/span><\/li>\n<li><a href=\"https:\/\/edublog.educastur.es\/ixuxu\/2024\/09\/dia-mundial-de-lagricultura\/\">D\u00eda Mundial de l\u2019Agricultura<\/a>\u00a0<span class=\"post-date\">09\/09\/2024<\/span><\/li>\n<li><a href=\"https:\/\/edublog.educastur.es\/ixuxu\/2024\/09\/30250\/\">(sin t\u00edtulo)<\/a>\u00a0<span class=\"post-date\">09\/09\/2024<\/span><\/li>\n<li><a href=\"https:\/\/edublog.educastur.es\/ixuxu\/2024\/09\/mctamapar-puso-escuela-nel-nuesu-coleva-unos-anos\/\">Tamara puso escuela nel nuesu cole va cuatro a\u00f1os<\/a>\u00a0<span class=\"post-date\">09\/09\/2024<\/span><\/li>\n<li><a href=\"https:\/\/edublog.educastur.es\/ixuxu\/2024\/09\/lasturies-del-futuru\/\">L\u2019Asturies del futuru: \u00abRepresenta nuna cara nueva a l\u2019Asturies moderna\u00bb<\/a>\u00a0<span class=\"post-date\">08\/09\/2024<\/span><\/li>\n<li><a href=\"https:\/\/edublog.educastur.es\/ixuxu\/2024\/09\/dia-internacional-de-lalfabetizacion\/\">D\u00eda Internacional de l\u2019Alfabetizaci\u00f3n (llectura y escritura)<\/a>\u00a0<span class=\"post-date\">08\/09\/2024<\/span><\/li>\n<li><a href=\"https:\/\/edublog.educastur.es\/ixuxu\/2024\/09\/30703\/\">Arte con sable para celebrar el D\u00eda d\u2019Asturies<\/a>\u00a0<span class=\"post-date\">08\/09\/2024<\/span><\/li>\n<li><a href=\"https:\/\/edublog.educastur.es\/ixuxu\/2024\/09\/noveda-el-cantar-de-la-reina-unicorniu\/\">Noved\u00e1: \u00abEl cantar de la reina Unicorniu\u00bb (ne\u00f1os 4-5 a\u00f1os)<\/a>\u00a0<span class=\"post-date\">08\/09\/2024<\/span><\/li>\n<li><a href=\"https:\/\/edublog.educastur.es\/ixuxu\/2024\/09\/himnu-asturies-patria-querida\/\">Himnu: \u00abAsturies, Patria Querida\u00bb<\/a>\u00a0<span class=\"post-date\">08\/09\/2024<\/span><\/li>\n<li><a href=\"https:\/\/edublog.educastur.es\/ixuxu\/2024\/09\/techau-dhorros-mercau-y-conciertos-en-samartin\/\">Tech\u00e1u d\u2019horros, merc\u00e1u y conciertos en Samart\u00edn<\/a>\u00a0<span class=\"post-date\">08\/09\/2024<\/span><\/li>\n<li><a href=\"https:\/\/edublog.educastur.es\/ixuxu\/2024\/09\/santalla-esfruto-dactividaes-por-motivu-del-dia-dasturies\/\">Santalla esfrut\u00f3 d\u2019actividaes por motivu del d\u00eda d\u2019Asturies<\/a>\u00a0<span class=\"post-date\">08\/09\/2024<\/span><\/li>\n<li><a href=\"https:\/\/edublog.educastur.es\/ixuxu\/2024\/09\/deseamos-que-paseis-un-dia-dasturies-bien-prestosu\/\">Deseamos que pas\u00e9is un d\u00eda d\u2019Asturies bien prestosu<\/a>\u00a0<span class=\"post-date\">08\/09\/2024<\/span><\/li>\n<li><a href=\"https:\/\/edublog.educastur.es\/ixuxu\/2024\/09\/30240\/\">(sin t\u00edtulo)<\/a>\u00a0<span class=\"post-date\">08\/09\/2024<\/span><\/li>\n<li><a href=\"https:\/\/edublog.educastur.es\/ixuxu\/2024\/09\/dia-dasturies-varios\/\">D\u00eda d\u2019Asturies: VARIOS<\/a>\u00a0<span class=\"post-date\">08\/09\/2024<\/span><\/li>\n<li><a href=\"https:\/\/edublog.educastur.es\/ixuxu\/2024\/09\/rei-pelayo\/\">Rei Pelayo<\/a>\u00a0<span class=\"post-date\">08\/09\/2024<\/span><\/li>\n<li><a href=\"https:\/\/edublog.educastur.es\/ixuxu\/2024\/09\/programacion-especial-con-motivu-del-dia-dasturies-en-rtpa\/\">Programaci\u00f3n especial con motivu del D\u00eda d\u2019Asturies en RTPA<\/a>\u00a0<span class=\"post-date\">08\/09\/2024<\/span><\/li>\n<li><a href=\"https:\/\/edublog.educastur.es\/ixuxu\/2024\/09\/30297\/\">(sin t\u00edtulo)<\/a>\u00a0<span class=\"post-date\">07\/09\/2024<\/span><\/li>\n<li><a href=\"https:\/\/edublog.educastur.es\/ixuxu\/2024\/09\/los-3-conceyos-de-los-ozcos-acueyen-del-6-al-8-de-setiembre-los-actos-del-dia-dasturies\/\">Los 3 conceyos de los Ozcos acueyen del 6 al 8 de setiembre los actos del D\u00eda d\u2019Asturies<\/a>\u00a0<span class=\"post-date\">07\/09\/2024<\/span><\/li>\n<li><a href=\"https:\/\/edublog.educastur.es\/ixuxu\/2024\/09\/30602\/\">(sin t\u00edtulo)<\/a>\u00a0<span class=\"post-date\">07\/09\/2024<\/span><\/li>\n<li><a href=\"https:\/\/edublog.educastur.es\/ixuxu\/2024\/09\/asturies-reflexu-de-la-nuesa-identida\/\">Asturies, reflexu de la nuesa identid\u00e1<\/a>\u00a0<span class=\"post-date\">07\/09\/2024<\/span><\/li>\n<li><a href=\"https:\/\/edublog.educastur.es\/ixuxu\/2024\/09\/sietes-villaviciosa-ficimos-facines-baillamos-dibuxamos-y-prestonos-enforma\/\">Sietes (Villaviciosa) ficimos facines, baillamos, dibuxamos y prest\u00f3nos enforma!<\/a>\u00a0<span class=\"post-date\">07\/09\/2024<\/span><\/li>\n<li><a href=\"https:\/\/edublog.educastur.es\/ixuxu\/2024\/09\/concursu-de-sidra-casero-de-pilona-y-gozon\/\">Concursu de Sidra Casero de Pilo\u00f1a y Goz\u00f3n<\/a>\u00a0<span class=\"post-date\">07\/09\/2024<\/span><\/li>\n<li><a href=\"https:\/\/edublog.educastur.es\/ixuxu\/2024\/09\/dia-internacional-del-buitre-utre-3\/\">D\u00eda Internacional del buitre\/utre<\/a>\u00a0<span class=\"post-date\">07\/09\/2024<\/span><\/li>\n<li><a href=\"https:\/\/edublog.educastur.es\/ixuxu\/2024\/09\/dia-internacional-del-aire-llimpio\/\">D\u00eda Internacional del Aire Llimpio per un Cielu Azul.<\/a>\u00a0<span class=\"post-date\">07\/09\/2024<\/span><\/li>\n<li><a href=\"https:\/\/edublog.educastur.es\/ixuxu\/2024\/09\/30295\/\">(sin t\u00edtulo)<\/a>\u00a0<span class=\"post-date\">06\/09\/2024<\/span><\/li>\n<li><a href=\"https:\/\/edublog.educastur.es\/ixuxu\/2024\/09\/30238\/\">(sin t\u00edtulo)<\/a>\u00a0<span class=\"post-date\">06\/09\/2024<\/span><\/li>\n<li><a href=\"https:\/\/edublog.educastur.es\/ixuxu\/2024\/09\/canciones-populares-asturianes-9\/\">Canciones Populares Asturianes 9<\/a>\u00a0<span class=\"post-date\">06\/09\/2024<\/span><\/li>\n<li><a href=\"https:\/\/edublog.educastur.es\/ixuxu\/2024\/09\/21-edicion-del-concursu-de-microrrelatos-mineros\/\">21 edici\u00f3n del Concursu de Microrrelatos Mineros<\/a>\u00a0<span class=\"post-date\">06\/09\/2024<\/span><\/li>\n<li><a href=\"https:\/\/edublog.educastur.es\/ixuxu\/2024\/09\/ii-alcuentru-de-folclor-de-linfiestu\/\">II Alcuentru de Folclor de L\u2019Infiestu<\/a>\u00a0<span class=\"post-date\">06\/09\/2024<\/span><\/li>\n<li><a href=\"https:\/\/edublog.educastur.es\/ixuxu\/2024\/09\/31854\/\">(sin t\u00edtulo)<\/a>\u00a0<span class=\"post-date\">06\/09\/2024<\/span><\/li>\n<li><a href=\"https:\/\/edublog.educastur.es\/ixuxu\/2024\/09\/30430\/\">(sin t\u00edtulo)<\/a>\u00a0<span class=\"post-date\">06\/09\/2024<\/span><\/li>\n<li><a href=\"https:\/\/edublog.educastur.es\/ixuxu\/2024\/09\/entama-a-nevar-nos-picos-deuropa\/\">Entama a nevar nos Picos d\u2019Europa<\/a>\u00a0<span class=\"post-date\">05\/09\/2024<\/span><\/li>\n<li><a href=\"https:\/\/edublog.educastur.es\/ixuxu\/2024\/09\/30528\/\">(sin t\u00edtulo)<\/a>\u00a0<span class=\"post-date\">05\/09\/2024<\/span><\/li>\n<li><a href=\"https:\/\/edublog.educastur.es\/ixuxu\/2024\/09\/30596\/\">Dibuxos al pastel incre\u00edblemente realistes<\/a>\u00a0<span class=\"post-date\">05\/09\/2024<\/span><\/li>\n<li><a href=\"https:\/\/edublog.educastur.es\/ixuxu\/2024\/09\/liceberg-a23a-empezol-so-increible-viaxe\/\">\u00a1L\u2019iceberg A23A empez\u00f3\u2019l so incre\u00edble viaxe!<\/a>\u00a0<span class=\"post-date\">05\/09\/2024<\/span><\/li>\n<li><a href=\"https:\/\/edublog.educastur.es\/ixuxu\/2024\/09\/30291\/\">(sin t\u00edtulo)<\/a>\u00a0<span class=\"post-date\">05\/09\/2024<\/span><\/li>\n<li><a href=\"https:\/\/edublog.educastur.es\/ixuxu\/2024\/09\/30567\/\">El Princip\u00e1u inaugura \u00abLes Escuelines\u00bb<\/a>\u00a0<span class=\"post-date\">05\/09\/2024<\/span><\/li>\n<li><a href=\"https:\/\/edublog.educastur.es\/ixuxu\/2024\/09\/28693\/\">(sin t\u00edtulo)<\/a>\u00a0<span class=\"post-date\">05\/09\/2024<\/span><\/li>\n<li><a href=\"https:\/\/edublog.educastur.es\/ixuxu\/2024\/09\/reciella\/\">\u201cReciella\u201d<\/a>\u00a0<span class=\"post-date\">05\/09\/2024<\/span><\/li>\n<li><a href=\"https:\/\/edublog.educastur.es\/ixuxu\/2024\/09\/fervor-pol-ave-nasturies\/\">Fervor pol AVE n\u2019Asturies<\/a>\u00a0<span class=\"post-date\">05\/09\/2024<\/span><\/li>\n<li><a href=\"https:\/\/edublog.educastur.es\/ixuxu\/2024\/09\/30218\/\">(sin t\u00edtulo)<\/a>\u00a0<span class=\"post-date\">05\/09\/2024<\/span><\/li>\n<li><a href=\"https:\/\/edublog.educastur.es\/ixuxu\/2024\/09\/dia-internacional-de-la-muyer-indixena\/\">D\u00eda Internacional de la Muyer Ind\u00edxena<\/a>\u00a0<span class=\"post-date\">05\/09\/2024<\/span><\/li>\n<li><a href=\"https:\/\/edublog.educastur.es\/ixuxu\/2024\/09\/la-seronda-ta-mui-cerca-nel-hemisferiu-norte\/\">La seronda ta mui cerca nel Hemisferiu Norte<\/a>\u00a0<span class=\"post-date\">05\/09\/2024<\/span><\/li>\n<li><a href=\"https:\/\/edublog.educastur.es\/ixuxu\/2024\/09\/wood-wide-web-linternet-de-los-arboles\/\">Wood Wide Web: l\u2019Internet de los \u00e1rboles<\/a>\u00a0<span class=\"post-date\">05\/09\/2024<\/span><\/li>\n<li><a href=\"https:\/\/edublog.educastur.es\/ixuxu\/2024\/09\/30122\/\">(sin t\u00edtulo)<\/a>\u00a0<span class=\"post-date\">05\/09\/2024<\/span><\/li>\n<li><a href=\"https:\/\/edublog.educastur.es\/ixuxu\/2024\/09\/30629\/\">Les dos tort\u00faes recuperaes nel Acuariu, llistes para volver al mar<\/a>\u00a0<span class=\"post-date\">04\/09\/2024<\/span><\/li>\n<li><a href=\"https:\/\/edublog.educastur.es\/ixuxu\/2024\/09\/30558\/\">Asina funciona\u2019l sanatoriu del Acuariu de Xix\u00f3n<\/a>\u00a0<span class=\"post-date\">04\/09\/2024<\/span><\/li>\n<li><a href=\"https:\/\/edublog.educastur.es\/ixuxu\/2024\/09\/30492\/\">(sin t\u00edtulo)<\/a>\u00a0<span class=\"post-date\">04\/09\/2024<\/span><\/li>\n<li><a href=\"https:\/\/edublog.educastur.es\/ixuxu\/2024\/09\/promocionando-la-llingua-asturiana-nel-corazon-de-cataluna\/\">Promocionando la Llingua Asturiana nel coraz\u00f3n de Catalu\u00f1a.<\/a>\u00a0<span class=\"post-date\">04\/09\/2024<\/span><\/li>\n<li><a href=\"https:\/\/edublog.educastur.es\/ixuxu\/2024\/09\/centros-educativos-quufren-llingua-asturiana\/\">Centros educativos qu\u2019ufren Llingua Asturiana<\/a>\u00a0<span class=\"post-date\">04\/09\/2024<\/span><\/li>\n<li><a href=\"https:\/\/edublog.educastur.es\/ixuxu\/2024\/09\/30074\/\">(sin t\u00edtulo)<\/a>\u00a0<span class=\"post-date\">04\/09\/2024<\/span><\/li>\n<li><a href=\"https:\/\/edublog.educastur.es\/ixuxu\/2024\/09\/30415\/\">Lo meyor de la vida ye tar vivu<\/a>\u00a0<span class=\"post-date\">04\/09\/2024<\/span><\/li>\n<li><a href=\"https:\/\/edublog.educastur.es\/ixuxu\/2024\/09\/agosto-secu-castanes-en-cestu-setiembre-moyau-en-cestu-y-al-llau\/\">\u00abAgosto secu, casta\u00f1es en cestu, setiembre moy\u00e1u, en cestu y al llau\u00bb<\/a>\u00a0<span class=\"post-date\">04\/09\/2024<\/span><\/li>\n<li><a href=\"https:\/\/edublog.educastur.es\/ixuxu\/2024\/09\/30515\/\">(sin t\u00edtulo)<\/a>\u00a0<span class=\"post-date\">04\/09\/2024<\/span><\/li>\n<li><a href=\"https:\/\/edublog.educastur.es\/ixuxu\/2024\/09\/30500\/\">Apurando les \u00faltimes ablanes<\/a>\u00a0<span class=\"post-date\">04\/09\/2024<\/span><\/li>\n<li><a href=\"https:\/\/edublog.educastur.es\/ixuxu\/2024\/09\/los-humedales-y-los-rios-esenciales-na-xestion-de-lagua\/\">Los humedales y los r\u00edos esenciales na xesti\u00f3n de l\u2019agua<\/a>\u00a0<span class=\"post-date\">04\/09\/2024<\/span><\/li>\n<li><a href=\"https:\/\/edublog.educastur.es\/ixuxu\/2024\/09\/i-alcuentru-de-folclor-de-linfiestu-7-de-setiembre\/\">I Alcuentru de Folclor de L\u2019Infiestu, 7 de setiembre<\/a>\u00a0<span class=\"post-date\">04\/09\/2024<\/span><\/li>\n<li><a href=\"https:\/\/edublog.educastur.es\/ixuxu\/2024\/09\/30484\/\">Actos del D\u00eda d\u2019Asturies<\/a>\u00a0<span class=\"post-date\">04\/09\/2024<\/span><\/li>\n<li><a href=\"https:\/\/edublog.educastur.es\/ixuxu\/2024\/09\/30293\/\">(sin t\u00edtulo)<\/a>\u00a0<span class=\"post-date\">04\/09\/2024<\/span><\/li>\n<li><a href=\"https:\/\/edublog.educastur.es\/ixuxu\/2024\/09\/30481\/\">Premiu Pueblu Exemplar<\/a>\u00a0<span class=\"post-date\">04\/09\/2024<\/span><\/li>\n<li><a href=\"https:\/\/edublog.educastur.es\/ixuxu\/2024\/09\/neve-en-sotres-una-semeya-premiada-de-miki-lopez\/\">\u00d1eve en Sotres, una semeya premiada de Miki L\u00f3pez<\/a>\u00a0<span class=\"post-date\">04\/09\/2024<\/span><\/li>\n<li><a href=\"https:\/\/edublog.educastur.es\/ixuxu\/2024\/09\/dia-mundial-de-los-animales-3\/\">D\u00eda Mundial de los Animales<\/a>\u00a0<span class=\"post-date\">04\/09\/2024<\/span><\/li>\n<li><a href=\"https:\/\/edublog.educastur.es\/ixuxu\/2024\/09\/la-cobertoria-forestal-ocupal-552-del-territoriu-espanol\/\">La cobertoria forestal ocupa\u2019l 55,2% del territoriu espa\u00f1ol.<\/a>\u00a0<span class=\"post-date\">04\/09\/2024<\/span><\/li>\n<li><a href=\"https:\/\/edublog.educastur.es\/ixuxu\/2024\/09\/30413\/\">(sin t\u00edtulo)<\/a>\u00a0<span class=\"post-date\">03\/09\/2024<\/span><\/li>\n<li><a href=\"https:\/\/edublog.educastur.es\/ixuxu\/2024\/09\/guei-damos-entamu-a-un-nuevu-capitulu-en-parees-2024\/\">\u00a1G\u00fcei damos entamu a un nuevu cap\u00edtulu en Parees 2024!<\/a>\u00a0<span class=\"post-date\">03\/09\/2024<\/span><\/li>\n<li><a href=\"https:\/\/edublog.educastur.es\/ixuxu\/2024\/09\/ya-vien-el-dia-dasturies-xa-ven-el-dia-dasturias-%f0%9f%98%8d\/\">Y\u00e1 vien el D\u00eda d\u2019Asturies.<\/a>\u00a0<span class=\"post-date\">03\/09\/2024<\/span><\/li>\n<li><a href=\"https:\/\/edublog.educastur.es\/ixuxu\/2024\/09\/30447\/\">Esti artista noruegu de la madera ta escondiendo trolls xigantes pel mundu<\/a>\u00a0<span class=\"post-date\">03\/09\/2024<\/span><\/li>\n<li><a href=\"https:\/\/edublog.educastur.es\/ixuxu\/2024\/09\/un-xigante-de-sal-provoco-la-estincion-de-la-biodiversida-mediterranea\/\">Un xigante de sal provoc\u00f3 la estinci\u00f3n de la biodiversid\u00e1 mediterr\u00e1nea<\/a>\u00a0<span class=\"post-date\">03\/09\/2024<\/span><\/li>\n<li><a href=\"https:\/\/edublog.educastur.es\/ixuxu\/2024\/09\/30434\/\">(sin t\u00edtulo)<\/a>\u00a0<span class=\"post-date\">03\/09\/2024<\/span><\/li>\n<li><a href=\"https:\/\/edublog.educastur.es\/ixuxu\/2024\/09\/concutu-kidult\/\">\u00abKidult\u00bb surde de xuntar kid (ne\u00f1u n\u2019ingl\u00e9s) y adult (adultu)<\/a>\u00a0<span class=\"post-date\">03\/09\/2024<\/span><\/li>\n<li><a href=\"https:\/\/edublog.educastur.es\/ixuxu\/2024\/09\/contemplandol-firmamentu-a-veres-del-llagu-de-sanabria\/\">Contemplando\u2019l firmamentu a veres del Llagu de Sanabria (Zamora)<\/a>\u00a0<span class=\"post-date\">03\/09\/2024<\/span><\/li>\n<li><a href=\"https:\/\/edublog.educastur.es\/ixuxu\/2024\/09\/reflexones-2\/\">Reflexones<\/a>\u00a0<span class=\"post-date\">03\/09\/2024<\/span><\/li>\n<li><a href=\"https:\/\/edublog.educastur.es\/ixuxu\/2024\/09\/30129\/\">(sin t\u00edtulo)<\/a>\u00a0<span class=\"post-date\">03\/09\/2024<\/span><\/li>\n<li><a href=\"https:\/\/edublog.educastur.es\/ixuxu\/2024\/09\/v-festival-de-titeres-de-llanera\/\">V Festival de T\u00edteres de Llanera<\/a>\u00a0<span class=\"post-date\">03\/09\/2024<\/span><\/li>\n<li><a href=\"https:\/\/edublog.educastur.es\/ixuxu\/2024\/09\/un-cantar-que-fala-de-la-seronda-y-de-tola-maxa-que-mos-trae\/\">Un cantar a la seronda \u00abNuramay \u2013 Xuxurien les fueyes\u00bb<\/a>\u00a0<span class=\"post-date\">03\/09\/2024<\/span><\/li>\n<li><a href=\"https:\/\/edublog.educastur.es\/ixuxu\/2024\/09\/30364\/\">RENFE recupera la circulaci\u00f3n habitual de los trenes Civis nes ll\u00ednees C1 y C3<\/a>\u00a0<span class=\"post-date\">03\/09\/2024<\/span><\/li>\n<li><a href=\"https:\/\/edublog.educastur.es\/ixuxu\/2024\/09\/30349\/\">(sin t\u00edtulo)<\/a>\u00a0<span class=\"post-date\">03\/09\/2024<\/span><\/li>\n<li><a href=\"https:\/\/edublog.educastur.es\/ixuxu\/2024\/09\/real-xardin-botanicu-de-madrid\/\">Primer flor del nen\u00fafar xigante nel Real Xard\u00edn Bot\u00e1nicu de Madrid<\/a>\u00a0<span class=\"post-date\">03\/09\/2024<\/span><\/li>\n<li><a href=\"https:\/\/edublog.educastur.es\/ixuxu\/2024\/09\/nueche-celta\/\">\u00abNueche Celta Conceyu d\u2019Ayer\u00bb<\/a>\u00a0<span class=\"post-date\">03\/09\/2024<\/span><\/li>\n<li><a href=\"https:\/\/edublog.educastur.es\/ixuxu\/2024\/09\/mapa-dasturies\/\">Mapa d\u2019Asturies<\/a>\u00a0<span class=\"post-date\">03\/09\/2024<\/span><\/li>\n<li><a href=\"https:\/\/edublog.educastur.es\/ixuxu\/2024\/09\/30323\/\">(sin t\u00edtulo)<\/a>\u00a0<span class=\"post-date\">03\/09\/2024<\/span><\/li>\n<li><a href=\"https:\/\/edublog.educastur.es\/ixuxu\/2024\/09\/lasturianu-fran-juesas-creo-una-tema-dedicada-a-uvieu\/\">L\u2019asturianu Fran Juesas cre\u00f3 un tema dedic\u00e1u a Uvi\u00e9u<\/a>\u00a0<span class=\"post-date\">03\/09\/2024<\/span><\/li>\n<li><a href=\"https:\/\/edublog.educastur.es\/ixuxu\/2024\/09\/parque-natural-de-les-ubines-la-mesa\/\">Parque Natural de Les Ubi\u00f1es-La Mesa.<\/a>\u00a0<span class=\"post-date\">03\/09\/2024<\/span><\/li>\n<li><a href=\"https:\/\/edublog.educastur.es\/ixuxu\/2024\/09\/lanunciu-de-1999-con-el-garrotin-dhevia\/\">L\u2019anunciu de 1999 con El Garrot\u00edn d\u2019Hevia<\/a>\u00a0<span class=\"post-date\">03\/09\/2024<\/span><\/li>\n<li><a href=\"https:\/\/edublog.educastur.es\/ixuxu\/2024\/09\/30374\/\">D\u00eda Internacional del buitre \/ utre<\/a>\u00a0<span class=\"post-date\">03\/09\/2024<\/span><\/li>\n<li><a href=\"https:\/\/edublog.educastur.es\/ixuxu\/2024\/09\/los-osos-siguen-ganando-pesu\/\">Los osos siguen ganando pesu<\/a>\u00a0<span class=\"post-date\">02\/09\/2024<\/span><\/li>\n<li><a href=\"https:\/\/edublog.educastur.es\/ixuxu\/2024\/09\/29991\/\">(sin t\u00edtulo)<\/a>\u00a0<span class=\"post-date\">02\/09\/2024<\/span><\/li>\n<li><a href=\"https:\/\/edublog.educastur.es\/ixuxu\/2024\/09\/30310\/\">\u00abCarabeles Portugueses\u00bb<\/a>\u00a0<span class=\"post-date\">02\/09\/2024<\/span><\/li>\n<li><a href=\"https:\/\/edublog.educastur.es\/ixuxu\/2024\/09\/sotres-cabrales-premiu-al-pueblu-exemplar-dasturies-2024\/\">Sotres (Cabrales), Premiu al Pueblu Exemplar d\u2019Asturies 2024.<\/a>\u00a0<span class=\"post-date\">02\/09\/2024<\/span><\/li>\n<li><a href=\"https:\/\/edublog.educastur.es\/ixuxu\/2024\/09\/30127\/\">(sin t\u00edtulo)<\/a>\u00a0<span class=\"post-date\">02\/09\/2024<\/span><\/li>\n<li><a href=\"https:\/\/edublog.educastur.es\/ixuxu\/2024\/09\/en-sietes-villaviciosa-ficimos-facines-baillamos-dibuxamos-y-prestonos-enforma\/\">En Sietes (Villaviciosa) ficimos facines, baillamos, dibuxamos y prest\u00f3nos enforma!<\/a>\u00a0<span class=\"post-date\">02\/09\/2024<\/span><\/li>\n<li><a href=\"https:\/\/edublog.educastur.es\/ixuxu\/2024\/09\/30266\/\">Espectacular animaci\u00f3n del cuadru de La Gioconda<\/a>\u00a0<span class=\"post-date\">02\/09\/2024<\/span><\/li>\n<li><a href=\"https:\/\/edublog.educastur.es\/ixuxu\/2024\/09\/30279\/\">(sin t\u00edtulo)<\/a>\u00a0<span class=\"post-date\">02\/09\/2024<\/span><\/li>\n<li><a href=\"https:\/\/edublog.educastur.es\/ixuxu\/2024\/09\/micky-formau-por-mas-de-1500-drones-en-disneyland\/\">Micky form\u00e1u por m\u00e1s de 1500 drones en Disneyland<\/a>\u00a0<span class=\"post-date\">02\/09\/2024<\/span><\/li>\n<li><a href=\"https:\/\/edublog.educastur.es\/ixuxu\/2024\/09\/30424\/\">A quien g\u00fcei retomamos activid\u00e1 llaboral.<\/a>\u00a0<span class=\"post-date\">02\/09\/2024<\/span><\/li>\n<li><a href=\"https:\/\/edublog.educastur.es\/ixuxu\/2024\/09\/amazon-abrel-so-centru-loxisticu-en-siero-con-casi-un-50-dasturianos-na-so-plantiya\/\">Amazon abre\u2019l so centru lox\u00edsticu en Siero con casi un 50% d\u2019asturianos na so plantiya<\/a>\u00a0<span class=\"post-date\">02\/09\/2024<\/span><\/li>\n<li><a href=\"https:\/\/edublog.educastur.es\/ixuxu\/2024\/09\/la-imaxe-mas-clara-de-pluton-capturada-pola-nave-espacial-new-horizons\/\">La imaxe m\u00e1s clara de Plut\u00f3n capturada pola nave espacial New Horizons.<\/a>\u00a0<span class=\"post-date\">01\/09\/2024<\/span><\/li>\n<li><a href=\"https:\/\/edublog.educastur.es\/ixuxu\/2024\/09\/calendariu-astronomicu-de-setiembre\/\">Calendariu astron\u00f3micu de setiembre<\/a>\u00a0<span class=\"post-date\">01\/09\/2024<\/span><\/li>\n<li><a href=\"https:\/\/edublog.educastur.es\/ixuxu\/2024\/09\/activida-solar-del-1-de-setiembre\/\">Activid\u00e1 solar del 1 de setiembre<\/a>\u00a0<span class=\"post-date\">01\/09\/2024<\/span><\/li>\n<li><a href=\"https:\/\/edublog.educastur.es\/ixuxu\/2024\/09\/nun-conoces-invest-in-asturies\/\">Programa internacional coles mires de crear el clima de negocios<\/a>\u00a0<span class=\"post-date\">01\/09\/2024<\/span><\/li>\n<li><a href=\"https:\/\/edublog.educastur.es\/ixuxu\/2024\/09\/27607\/\">(sin t\u00edtulo)<\/a>\u00a0<span class=\"post-date\">01\/09\/2024<\/span><\/li>\n<li><a href=\"https:\/\/edublog.educastur.es\/ixuxu\/2024\/09\/29986\/\">(sin t\u00edtulo)<\/a>\u00a0<span class=\"post-date\">01\/09\/2024<\/span><\/li>\n<li><a href=\"https:\/\/edublog.educastur.es\/ixuxu\/2024\/09\/30115\/\">(sin t\u00edtulo)<\/a>\u00a0<span class=\"post-date\">01\/09\/2024<\/span><\/li>\n<li><a href=\"https:\/\/edublog.educastur.es\/ixuxu\/2024\/09\/31994\/\">Revoluci\u00f3n d\u2019ochobre del 34<\/a>\u00a0<span class=\"post-date\">01\/09\/2024<\/span><\/li>\n<li><a href=\"https:\/\/edublog.educastur.es\/ixuxu\/2024\/09\/peculiaridaes-de-la-nuesa-llingua\/\">\u00a0Peculiaridaes de la nuesa llingua<\/a>\u00a0<span class=\"post-date\">01\/09\/2024<\/span><\/li>\n<li><a href=\"https:\/\/edublog.educastur.es\/ixuxu\/2024\/09\/30213\/\">(sin t\u00edtulo)<\/a>\u00a0<span class=\"post-date\">01\/09\/2024<\/span><\/li>\n<li><a href=\"https:\/\/edublog.educastur.es\/ixuxu\/2024\/09\/30288\/\">Reflexu de la nuestra identid\u00e1<\/a>\u00a0<span class=\"post-date\">01\/09\/2024<\/span><\/li>\n<li><a href=\"https:\/\/edublog.educastur.es\/ixuxu\/2024\/09\/campos-de-lavanda-en-brihuega-espana\/\">Campos de lavanda, en Brihuega, Espa\u00f1a.<\/a>\u00a0<span class=\"post-date\">01\/09\/2024<\/span><\/li>\n<li><a href=\"https:\/\/edublog.educastur.es\/ixuxu\/2024\/09\/30246\/\">(sin t\u00edtulo)<\/a>\u00a0<span class=\"post-date\">01\/09\/2024<\/span><\/li>\n<li><a href=\"https:\/\/edublog.educastur.es\/ixuxu\/2024\/09\/nagostu-maizales-y-en-setiembre-panoyales\/\">\u00abN\u2019agostu maizales y en setiembre panoyales\u00bb.<\/a>\u00a0<span class=\"post-date\">01\/09\/2024<\/span><\/li>\n<li><a href=\"https:\/\/edublog.educastur.es\/ixuxu\/2024\/09\/30932\/\">Cantar \u00abLa Galana y la mar\u00bb<\/a>\u00a0<span class=\"post-date\">01\/09\/2024<\/span><\/li>\n<li><a href=\"https:\/\/edublog.educastur.es\/ixuxu\/2024\/09\/la-verdadera-felicida-ta-basada-na-paz\/\">(sin t\u00edtulo)<\/a>\u00a0<span class=\"post-date\">01\/09\/2024<\/span><\/li>\n<li><a href=\"https:\/\/edublog.educastur.es\/ixuxu\/2024\/09\/reflexon-esta-mirada-dual-resulta-si-queremos-inevitable\/\">Reflex\u00f3n: Esta mirada dual resulta, si queremos, inevitable<\/a>\u00a0<span class=\"post-date\">01\/09\/2024<\/span><\/li>\n<li><a href=\"https:\/\/edublog.educastur.es\/ixuxu\/2024\/09\/30220\/\">Teresa Perales igual\u2019l record de Michael Phelps<\/a>\u00a0<span class=\"post-date\">01\/09\/2024<\/span><\/li>\n<li><a href=\"https:\/\/edublog.educastur.es\/ixuxu\/2024\/09\/30207\/\">(sin t\u00edtulo)<\/a>\u00a0<span class=\"post-date\">01\/09\/2024<\/span><\/li>\n<li><a href=\"https:\/\/edublog.educastur.es\/ixuxu\/2024\/09\/el-1-de-setiembre-empieza-la-seronda-meteoroloxica\/\">G\u00fcei arrinca la seronda meteorol\u00f3xica<\/a>\u00a0<span class=\"post-date\">01\/09\/2024<\/span><\/li>\n<li><a href=\"https:\/\/edublog.educastur.es\/ixuxu\/2024\/09\/toles-sableres-dasturies-son-aptes-paral-banu\/\">Toles sableres d\u2019Asturies son aptes para\u2019l ba\u00f1u.<\/a>\u00a0<span class=\"post-date\">01\/09\/2024<\/span><\/li>\n<li><a href=\"https:\/\/edublog.educastur.es\/ixuxu\/2024\/09\/recordamos-a-refrescar-xeres-braniegues\/\">Recordamos: \u00a1A refrescar, Xeres braniegues!<\/a>\u00a0<span class=\"post-date\">01\/09\/2024<\/span><\/li>\n<li><a href=\"https:\/\/edublog.educastur.es\/ixuxu\/2024\/09\/nel-mes-de-setiembre-vamos-tener-un-eclis-parcial-de-superluna\/\">Nel mes de setiembre vamos tener un Ecl\u00eds Parcial de Superluna.<\/a>\u00a0<span class=\"post-date\">01\/09\/2024<\/span><\/li>\n<li><a href=\"https:\/\/edublog.educastur.es\/ixuxu\/2024\/09\/revista-ver-asturies-viaxast-no-27-xunu-setiembre-2024\/\">Revista \u00abVer Asturies \u2013 ViaxAst\u00bb n\u00ba 27 (xunu-setiembre 2024)<\/a>\u00a0<span class=\"post-date\">01\/09\/2024<\/span><\/li>\n<\/ul>\n","protected":false},"excerpt":{"rendered":"<p>\u00abLlamber\u00bb\u00a030\/09\/2024 (sin t\u00edtulo)\u00a030\/09\/2024 Maravillosu videu de Llanes\u00a030\/09\/2024 VIII Festival Nel Amaro nel Teatru\u00a030\/09\/2024 (sin t\u00edtulo)\u00a030\/09\/2024 IV Concursu de gaiteros solistes en Ribeseya\u00a030\/09\/2024 Nun nos dexamos manipular\u00a030\/09\/2024 (sin t\u00edtulo)\u00a030\/09\/2024 D\u00eda Internacional del Podcast\u00a030\/09\/2024 D\u00eda Internacional de los traductores e int\u00e9rpretes\u00a030\/09\/2024 D\u00eda intensu y guap\u00edsimu g\u00fcei en Grau, la capital del traxe\u2019l pa\u00eds.\u00a029\/09\/2024 Grau, a tope en [&hellip;]<\/p>\n","protected":false},"author":117,"featured_media":0,"parent":34967,"menu_order":0,"comment_status":"closed","ping_status":"closed","template":"","meta":{"footnotes":""},"class_list":["post-64937","page","type-page","status-publish","hentry"],"_links":{"self":[{"href":"https:\/\/edublog.educastur.es\/ixuxu\/wp-json\/wp\/v2\/pages\/64937","targetHints":{"allow":["GET"]}}],"collection":[{"href":"https:\/\/edublog.educastur.es\/ixuxu\/wp-json\/wp\/v2\/pages"}],"about":[{"href":"https:\/\/edublog.educastur.es\/ixuxu\/wp-json\/wp\/v2\/types\/page"}],"author":[{"embeddable":true,"href":"https:\/\/edublog.educastur.es\/ixuxu\/wp-json\/wp\/v2\/users\/117"}],"replies":[{"embeddable":true,"href":"https:\/\/edublog.educastur.es\/ixuxu\/wp-json\/wp\/v2\/comments?post=64937"}],"version-history":[{"count":1,"href":"https:\/\/edublog.educastur.es\/ixuxu\/wp-json\/wp\/v2\/pages\/64937\/revisions"}],"predecessor-version":[{"id":64938,"href":"https:\/\/edublog.educastur.es\/ixuxu\/wp-json\/wp\/v2\/pages\/64937\/revisions\/64938"}],"up":[{"embeddable":true,"href":"https:\/\/edublog.educastur.es\/ixuxu\/wp-json\/wp\/v2\/pages\/34967"}],"wp:attachment":[{"href":"https:\/\/edublog.educastur.es\/ixuxu\/wp-json\/wp\/v2\/media?parent=64937"}],"curies":[{"name":"wp","href":"https:\/\/api.w.org\/{rel}","templated":true}]}}