{"id":64941,"date":"2026-01-02T21:34:43","date_gmt":"2026-01-02T19:34:43","guid":{"rendered":"https:\/\/edublog.educastur.es\/ixuxu\/?page_id=64941"},"modified":"2026-01-02T21:34:43","modified_gmt":"2026-01-02T19:34:43","slug":"07_xunetu","status":"publish","type":"page","link":"https:\/\/edublog.educastur.es\/ixuxu\/archivu-blogue\/articulos\/2024-2\/07_xunetu\/","title":{"rendered":"07_Xunetu"},"content":{"rendered":"<ul>\n<li><a href=\"https:\/\/edublog.educastur.es\/ixuxu\/2024\/07\/28689\/\">(sin t\u00edtulo)<\/a>\u00a0<span class=\"post-date\">31\/07\/2024<\/span><\/li>\n<li><a href=\"https:\/\/edublog.educastur.es\/ixuxu\/2024\/07\/crios-y-bolas-2024\/\">Resume de \u00abCrios y Bolas\u00bb 2024<\/a>\u00a0<span class=\"post-date\">31\/07\/2024<\/span><\/li>\n<li><a href=\"https:\/\/edublog.educastur.es\/ixuxu\/2024\/07\/dia-mundial-de-los-axentes-forestales\/\">D\u00eda Mundial de los Axentes Forestales.<\/a>\u00a0<span class=\"post-date\">31\/07\/2024<\/span><\/li>\n<li><a href=\"https:\/\/edublog.educastur.es\/ixuxu\/2024\/07\/el-mercau-dagostu\/\">El merc\u00e1u d\u2019agostu<\/a>\u00a0<span class=\"post-date\">30\/07\/2024<\/span><\/li>\n<li><a href=\"https:\/\/edublog.educastur.es\/ixuxu\/2024\/07\/28727\/\">(sin t\u00edtulo)<\/a>\u00a0<span class=\"post-date\">30\/07\/2024<\/span><\/li>\n<li><a href=\"https:\/\/edublog.educastur.es\/ixuxu\/2024\/07\/28724\/\">Los cartelos de Par\u00eds 2024 reflexen el proyectu: llevar el deporte a la ciud\u00e1.<\/a>\u00a0<span class=\"post-date\">30\/07\/2024<\/span><\/li>\n<li><a href=\"https:\/\/edublog.educastur.es\/ixuxu\/2024\/07\/simon-biles-relluma-nos-xuegos-olimpicos\/\">Asina foi como Simone Biles cautiv\u00f3nos en #Paris2024 colos sos brillosos saltos<\/a>\u00a0<span class=\"post-date\">30\/07\/2024<\/span><\/li>\n<li><a href=\"https:\/\/edublog.educastur.es\/ixuxu\/2024\/07\/28677\/\">(sin t\u00edtulo)<\/a>\u00a0<span class=\"post-date\">30\/07\/2024<\/span><\/li>\n<li><a href=\"https:\/\/edublog.educastur.es\/ixuxu\/2024\/07\/pravia-celebral-xirinfantil-el-xiringuelu-de-los-nenos\/\">Pravia celebra\u2019l Xirinfantil, el Xiring\u00fcelu de los ne\u00f1os<\/a>\u00a0<span class=\"post-date\">30\/07\/2024<\/span><\/li>\n<li><a href=\"https:\/\/edublog.educastur.es\/ixuxu\/2024\/07\/28730\/\">G\u00fcei martes esperamos otru d\u00eda de calor intenso<\/a>\u00a0<span class=\"post-date\">30\/07\/2024<\/span><\/li>\n<li><a href=\"https:\/\/edublog.educastur.es\/ixuxu\/2024\/07\/28703\/\">(sin t\u00edtulo)<\/a>\u00a0<span class=\"post-date\">29\/07\/2024<\/span><\/li>\n<li><a href=\"https:\/\/edublog.educastur.es\/ixuxu\/2024\/07\/28685\/\">(sin t\u00edtulo)<\/a>\u00a0<span class=\"post-date\">28\/07\/2024<\/span><\/li>\n<li><a href=\"https:\/\/edublog.educastur.es\/ixuxu\/2024\/07\/les-reforestadoras-bombes-de-granes-xaponeses-nendo-dango\/\">Les reforestadoras bombes de granes xaponeses: Nendo Dango<\/a>\u00a0<span class=\"post-date\">28\/07\/2024<\/span><\/li>\n<li><a href=\"https:\/\/edublog.educastur.es\/ixuxu\/2024\/07\/28432\/\">(sin t\u00edtulo)<\/a>\u00a0<span class=\"post-date\">28\/07\/2024<\/span><\/li>\n<li><a href=\"https:\/\/edublog.educastur.es\/ixuxu\/2024\/07\/ikigai-afayar-el-motivu-y-sentiu-desistir\/\">IKIGAI: El secretu xapon\u00e9s p\u2019afayar el motivu y sent\u00edu d\u2019esistir.<\/a>\u00a0<span class=\"post-date\">28\/07\/2024<\/span><\/li>\n<li><a href=\"https:\/\/edublog.educastur.es\/ixuxu\/2024\/07\/28971\/\">(sin t\u00edtulo)<\/a>\u00a0<span class=\"post-date\">28\/07\/2024<\/span><\/li>\n<li><a href=\"https:\/\/edublog.educastur.es\/ixuxu\/2024\/07\/esplicandol-sentimientu-ennui\/\">Esplicando\u2019l sentimientu \u00abEnnui\u00bb o aburrimientu, apat\u00eda\u2026<\/a>\u00a0<span class=\"post-date\">28\/07\/2024<\/span><\/li>\n<li><a href=\"https:\/\/edublog.educastur.es\/ixuxu\/2024\/07\/28623\/\">(sin t\u00edtulo)<\/a>\u00a0<span class=\"post-date\">28\/07\/2024<\/span><\/li>\n<li><a href=\"https:\/\/edublog.educastur.es\/ixuxu\/2024\/07\/28648\/\">La Princesa d\u2019Asturies y l\u2019Infanta Sof\u00eda feliciten a los nuesos tenistes<\/a>\u00a0<span class=\"post-date\">28\/07\/2024<\/span><\/li>\n<li><a href=\"https:\/\/edublog.educastur.es\/ixuxu\/2024\/07\/28616\/\">Un llibru ta fechu d\u2019un \u00e1rbol.<\/a>\u00a0<span class=\"post-date\">28\/07\/2024<\/span><\/li>\n<li><a href=\"https:\/\/edublog.educastur.es\/ixuxu\/2024\/07\/festival-aereu-de-xixon\/\">Festival A\u00e9reu de Xix\u00f3n<\/a>\u00a0<span class=\"post-date\">28\/07\/2024<\/span><\/li>\n<li><a href=\"https:\/\/edublog.educastur.es\/ixuxu\/2024\/07\/28625\/\">(sin t\u00edtulo)<\/a>\u00a0<span class=\"post-date\">28\/07\/2024<\/span><\/li>\n<li><a href=\"https:\/\/edublog.educastur.es\/ixuxu\/2024\/07\/28605\/\">Hogares residuo cero: amenorgar, reutilizar y reciclar.<\/a>\u00a0<span class=\"post-date\">28\/07\/2024<\/span><\/li>\n<li><a href=\"https:\/\/edublog.educastur.es\/ixuxu\/2024\/07\/28599\/\">Vuelos directos dende Asturies a 29 destinos en 8 pa\u00edses<\/a>\u00a0<span class=\"post-date\">28\/07\/2024<\/span><\/li>\n<li><a href=\"https:\/\/edublog.educastur.es\/ixuxu\/2024\/07\/paca-y-molina-ya-dan-nome-a-les-aules-de-la-escuelina-de-proaza\/\">Paca y Molina y\u00e1 dan nome a les aules de la escuelina de Proaza<\/a>\u00a0<span class=\"post-date\">28\/07\/2024<\/span><\/li>\n<li><a href=\"https:\/\/edublog.educastur.es\/ixuxu\/2024\/07\/dime-paxarin-parleru\/\">\u00abDime paxar\u00edn parleru\u00bb<\/a>\u00a0<span class=\"post-date\">28\/07\/2024<\/span><\/li>\n<li><a href=\"https:\/\/edublog.educastur.es\/ixuxu\/2024\/07\/28243\/\">(sin t\u00edtulo)<\/a>\u00a0<span class=\"post-date\">28\/07\/2024<\/span><\/li>\n<li><a href=\"https:\/\/edublog.educastur.es\/ixuxu\/2024\/07\/larbol-de-los-amigos\/\">L\u2019\u00e1rbol de los amigos<\/a>\u00a0<span class=\"post-date\">27\/07\/2024<\/span><\/li>\n<li><a href=\"https:\/\/edublog.educastur.es\/ixuxu\/2024\/07\/plan-nacional-contral-calor-2024\/\">Plan Nacional contra\u2019l Calor 2024<\/a>\u00a0<span class=\"post-date\">27\/07\/2024<\/span><\/li>\n<li><a href=\"https:\/\/edublog.educastur.es\/ixuxu\/2024\/07\/chiste-bateria\/\">Chiste: \u00abBater\u00eda\u00bb<\/a>\u00a0<span class=\"post-date\">27\/07\/2024<\/span><\/li>\n<li><a href=\"https:\/\/edublog.educastur.es\/ixuxu\/2024\/07\/28407\/\">(sin t\u00edtulo)<\/a>\u00a0<span class=\"post-date\">27\/07\/2024<\/span><\/li>\n<li><a href=\"https:\/\/edublog.educastur.es\/ixuxu\/2024\/07\/antoloxia-coral-asturiana\/\">Antolox\u00eda Coral Asturiana<\/a>\u00a0<span class=\"post-date\">27\/07\/2024<\/span><\/li>\n<li><a href=\"https:\/\/edublog.educastur.es\/ixuxu\/2024\/07\/canciones-populares-asturienes-4\/\">Canciones Populares Asturianes 4<\/a>\u00a0<span class=\"post-date\">27\/07\/2024<\/span><\/li>\n<li><a href=\"https:\/\/edublog.educastur.es\/ixuxu\/2024\/07\/estatues-griegues-vives-de-lapertura-de-los-xuegos-olimpicos-de-branu-2024\/\">Estatues griegues vives de l\u2019apertura de los Xuegos Ol\u00edmpicos de Branu 2024<\/a>\u00a0<span class=\"post-date\">27\/07\/2024<\/span><\/li>\n<li><a href=\"https:\/\/edublog.educastur.es\/ixuxu\/2024\/07\/28961\/\">El caballu de metal de la inauguraci\u00f3n<\/a>\u00a0<span class=\"post-date\">27\/07\/2024<\/span><\/li>\n<li><a href=\"https:\/\/edublog.educastur.es\/ixuxu\/2024\/07\/28572\/\">Paris (Francia)<\/a>\u00a0<span class=\"post-date\">27\/07\/2024<\/span><\/li>\n<li><a href=\"https:\/\/edublog.educastur.es\/ixuxu\/2024\/07\/un-flaire-frances-foil-ceador-del-lema-de-los-xuegos-olimpicos\/\">Un flaire franc\u00e9s foi\u2019l ceador del lema de los Xuegos Ol\u00edmpicos.<\/a>\u00a0<span class=\"post-date\">27\/07\/2024<\/span><\/li>\n<li><a href=\"https:\/\/edublog.educastur.es\/ixuxu\/2024\/07\/deportistes-espanoles\/\">Deportistes espa\u00f1oles<\/a>\u00a0<span class=\"post-date\">27\/07\/2024<\/span><\/li>\n<li><a href=\"https:\/\/edublog.educastur.es\/ixuxu\/2024\/07\/deportistes-asturianos\/\">Notable participaci\u00f3n asturiana nos Xuegos Ol\u00edmpicos<\/a>\u00a0<span class=\"post-date\">27\/07\/2024<\/span><\/li>\n<li><a href=\"https:\/\/edublog.educastur.es\/ixuxu\/2024\/07\/28610\/\">Los hermanos Montgolfier, pioneros franceses del globu aerost\u00e1ticu<\/a>\u00a0<span class=\"post-date\">27\/07\/2024<\/span><\/li>\n<li><a href=\"https:\/\/edublog.educastur.es\/ixuxu\/2024\/07\/26300\/\">(sin t\u00edtulo)<\/a>\u00a0<span class=\"post-date\">27\/07\/2024<\/span><\/li>\n<li><a href=\"https:\/\/edublog.educastur.es\/ixuxu\/2024\/07\/hai-13-deportistes-asturiano-nos-xuegos-olimpicos-de-paris2024\/\">Hai 13 deportistes asturianos nos Xuegos Ol\u00edmpicos de #Par\u00eds2024<\/a>\u00a0<span class=\"post-date\">26\/07\/2024<\/span><\/li>\n<li><a href=\"https:\/\/edublog.educastur.es\/ixuxu\/2024\/07\/celine-dion-regalanos-el-momentu-mas-emotivu-de-la-ceremonia-dapertura-nos-xuegos-olimpicos\/\">C\u00e9line Dion reg\u00e1lanos el momentu m\u00e1s emotivu de la ceremonia d\u2019apertura nos Xuegos Ol\u00edmpicos<\/a>\u00a0<span class=\"post-date\">26\/07\/2024<\/span><\/li>\n<li><a href=\"https:\/\/edublog.educastur.es\/ixuxu\/2024\/07\/28974\/\">L\u2019equipu ol\u00edmpicu d\u2019Espa\u00f1a<\/a>\u00a0<span class=\"post-date\">26\/07\/2024<\/span><\/li>\n<li><a href=\"https:\/\/edublog.educastur.es\/ixuxu\/2024\/07\/28675\/\">(sin t\u00edtulo)<\/a>\u00a0<span class=\"post-date\">26\/07\/2024<\/span><\/li>\n<li><a href=\"https:\/\/edublog.educastur.es\/ixuxu\/2024\/07\/col-propositu-de-faer-un-llamau-a-la-solidarida-y-la-paz\/\">Col prop\u00f3situ de faer un llam\u00e1u a la solidarid\u00e1 y la paz<\/a>\u00a0<span class=\"post-date\">26\/07\/2024<\/span><\/li>\n<li><a href=\"https:\/\/edublog.educastur.es\/ixuxu\/2024\/07\/28696\/\">(sin t\u00edtulo)<\/a>\u00a0<span class=\"post-date\">26\/07\/2024<\/span><\/li>\n<li><a href=\"https:\/\/edublog.educastur.es\/ixuxu\/2024\/07\/28545\/\">Ceremonia inaugural de los Xuegos Ol\u00edmpicos 2024<\/a>\u00a0<span class=\"post-date\">26\/07\/2024<\/span><\/li>\n<li><a href=\"https:\/\/edublog.educastur.es\/ixuxu\/2024\/07\/asina-se-vivio-la-inauguracion-de-los-xuegos-olimpicos-de-paris-2024-%f0%9f%87%ab%f0%9f%87%b7\/\">Asina se vivi\u00f3 la inauguraci\u00f3n de los Xuegos Ol\u00edmpicos de Par\u00eds 2024. ??<\/a>\u00a0<span class=\"post-date\">26\/07\/2024<\/span><\/li>\n<li><a href=\"https:\/\/edublog.educastur.es\/ixuxu\/2024\/07\/28529\/\">(sin t\u00edtulo)<\/a>\u00a0<span class=\"post-date\">26\/07\/2024<\/span><\/li>\n<li><a href=\"https:\/\/edublog.educastur.es\/ixuxu\/2024\/07\/28523\/\">(sin t\u00edtulo)<\/a>\u00a0<span class=\"post-date\">26\/07\/2024<\/span><\/li>\n<li><a href=\"https:\/\/edublog.educastur.es\/ixuxu\/2024\/07\/paris-inventa-un-nuevu-monumentu-el-globu-cola-llapada-olimpica-que-cautiva-a-la-ciuda\/\">Par\u00eds inventa un nuevu monumentu: el globu cola llapada ol\u00edmpica que cautiva a la ciud\u00e1.<\/a>\u00a0<span class=\"post-date\">26\/07\/2024<\/span><\/li>\n<li><a href=\"https:\/\/edublog.educastur.es\/ixuxu\/2024\/07\/phryge-mascota-de-los-xuegos-olimpicos-de-paris-2024\/\">Phryge ye la mascota de los xuegos ol\u00edmpicos de Paris 2024.<\/a>\u00a0<span class=\"post-date\">26\/07\/2024<\/span><\/li>\n<li><a href=\"https:\/\/edublog.educastur.es\/ixuxu\/2024\/07\/dia-de-los-guelos\/\">D\u00eda de los G\u00fcelos<\/a>\u00a0<span class=\"post-date\">26\/07\/2024<\/span><\/li>\n<li><a href=\"https:\/\/edublog.educastur.es\/ixuxu\/2024\/07\/28280\/\">(sin t\u00edtulo)<\/a>\u00a0<span class=\"post-date\">26\/07\/2024<\/span><\/li>\n<li><a href=\"https:\/\/edublog.educastur.es\/ixuxu\/2024\/07\/28282\/\">(sin t\u00edtulo)<\/a>\u00a0<span class=\"post-date\">26\/07\/2024<\/span><\/li>\n<li><a href=\"https:\/\/edublog.educastur.es\/ixuxu\/2024\/07\/28514\/\">Curiosidaes Xuegos Ol\u00edmpicos<\/a>\u00a0<span class=\"post-date\">25\/07\/2024<\/span><\/li>\n<li><a href=\"https:\/\/edublog.educastur.es\/ixuxu\/2024\/07\/28385\/\">(sin t\u00edtulo)<\/a>\u00a0<span class=\"post-date\">25\/07\/2024<\/span><\/li>\n<li><a href=\"https:\/\/edublog.educastur.es\/ixuxu\/2024\/07\/imaxe-que-convida-a-pensar-un-pocu\/\">Imaxe que convida a pensar un pocu\u2026<\/a>\u00a0<span class=\"post-date\">25\/07\/2024<\/span><\/li>\n<li><a href=\"https:\/\/edublog.educastur.es\/ixuxu\/2024\/07\/28533\/\">Sororid\u00e1 ente muyeres, l\u2019humild\u00e1 de Karol G convidando a Amaia al so escenariu nel Bernab\u00e9u<\/a>\u00a0<span class=\"post-date\">25\/07\/2024<\/span><\/li>\n<li><a href=\"https:\/\/edublog.educastur.es\/ixuxu\/2024\/07\/medayes-de-los-xuegos-paris-2024\/\">Medayes de los Xuegos Paris 2024<\/a>\u00a0<span class=\"post-date\">25\/07\/2024<\/span><\/li>\n<li><a href=\"https:\/\/edublog.educastur.es\/ixuxu\/2024\/07\/28478\/\">(sin t\u00edtulo)<\/a>\u00a0<span class=\"post-date\">25\/07\/2024<\/span><\/li>\n<li><a href=\"https:\/\/edublog.educastur.es\/ixuxu\/2024\/07\/torna-animalada-xabaz\/\">\u00a1\u00a1Torna Animalada Xabaz!!<\/a>\u00a0<span class=\"post-date\">25\/07\/2024<\/span><\/li>\n<li><a href=\"https:\/\/edublog.educastur.es\/ixuxu\/2024\/07\/28487\/\">Torna\u2019l Festival Arcu Atl\u00e1nticu con nueve conciertos de m\u00fasica asturiana<\/a>\u00a0<span class=\"post-date\">25\/07\/2024<\/span><\/li>\n<li><a href=\"https:\/\/edublog.educastur.es\/ixuxu\/2024\/07\/28452\/\">(sin t\u00edtulo)<\/a>\u00a0<span class=\"post-date\">24\/07\/2024<\/span><\/li>\n<li><a href=\"https:\/\/edublog.educastur.es\/ixuxu\/2024\/07\/el-puntu-mas-altu-de-tolos-paises-deuropa-en-metros\/\">El puntu m\u00e1s altu de tolos pa\u00edses d\u2019Europa [en metros]<\/a>\u00a0<span class=\"post-date\">24\/07\/2024<\/span><\/li>\n<li><a href=\"https:\/\/edublog.educastur.es\/ixuxu\/2024\/07\/28469\/\">Lleer identifica al home de g\u00fcei col so mundu.<\/a>\u00a0<span class=\"post-date\">24\/07\/2024<\/span><\/li>\n<li><a href=\"https:\/\/edublog.educastur.es\/ixuxu\/2024\/07\/28459\/\">Castru de Cua\u00f1a<\/a>\u00a0<span class=\"post-date\">24\/07\/2024<\/span><\/li>\n<li><a href=\"https:\/\/edublog.educastur.es\/ixuxu\/2024\/07\/agues-glaciares-nalaska\/\">Ag\u00fces glaciares n\u2019Alaska<\/a>\u00a0<span class=\"post-date\">24\/07\/2024<\/span><\/li>\n<li><a href=\"https:\/\/edublog.educastur.es\/ixuxu\/2024\/07\/28466\/\">(sin t\u00edtulo)<\/a>\u00a0<span class=\"post-date\">24\/07\/2024<\/span><\/li>\n<li><a href=\"https:\/\/edublog.educastur.es\/ixuxu\/2024\/07\/canciones-populares-asturianes-3\/\">Canciones Populares Asturianes 3<\/a>\u00a0<span class=\"post-date\">24\/07\/2024<\/span><\/li>\n<li><a href=\"https:\/\/edublog.educastur.es\/ixuxu\/2024\/07\/la-llectura-va-dsiguir-curiandonos\/\">Lleer ens\u00e9\u00f1anos a falar, ed\u00facanos nel arte del di\u00e1logu\u2026<\/a>\u00a0<span class=\"post-date\">24\/07\/2024<\/span><\/li>\n<li><a href=\"https:\/\/edublog.educastur.es\/ixuxu\/2024\/07\/6-coses-increibles-que-desconoces-si-enta-utilices-windows-xp\/\">6 coses incre\u00edbles que desconoces si ent\u00e1 utilices Windows XP<\/a>\u00a0<span class=\"post-date\">24\/07\/2024<\/span><\/li>\n<li><a href=\"https:\/\/edublog.educastur.es\/ixuxu\/2024\/07\/28383\/\">(sin t\u00edtulo)<\/a>\u00a0<span class=\"post-date\">24\/07\/2024<\/span><\/li>\n<li><a href=\"https:\/\/edublog.educastur.es\/ixuxu\/2024\/07\/cada-arbol-plantau-averanos-a-un-planeta-mas-sanu\/\">Cada \u00e1rbol plant\u00e1u av\u00e9ranos a un planeta m\u00e1s sanu<\/a>\u00a0<span class=\"post-date\">24\/07\/2024<\/span><\/li>\n<li><a href=\"https:\/\/edublog.educastur.es\/ixuxu\/2024\/07\/28423\/\">(sin t\u00edtulo)<\/a>\u00a0<span class=\"post-date\">23\/07\/2024<\/span><\/li>\n<li><a href=\"https:\/\/edublog.educastur.es\/ixuxu\/2024\/07\/28416\/\">25 aniversariu de \u201cTierra de Naide\u201d.<\/a>\u00a0<span class=\"post-date\">23\/07\/2024<\/span><\/li>\n<li><a href=\"https:\/\/edublog.educastur.es\/ixuxu\/2024\/07\/feria-de-la-conserva-de-candas\/\">Feria de la Conserva de Cand\u00e1s<\/a>\u00a0<span class=\"post-date\">23\/07\/2024<\/span><\/li>\n<li><a href=\"https:\/\/edublog.educastur.es\/ixuxu\/2024\/07\/poesia-de-manuel-dandres\/\">Poes\u00eda de Manuel d\u2019Andr\u00e9s<\/a>\u00a0<span class=\"post-date\">23\/07\/2024<\/span><\/li>\n<li><a href=\"https:\/\/edublog.educastur.es\/ixuxu\/2024\/07\/28381\/\">(sin t\u00edtulo)<\/a>\u00a0<span class=\"post-date\">23\/07\/2024<\/span><\/li>\n<li><a href=\"https:\/\/edublog.educastur.es\/ixuxu\/2024\/07\/la-hestoria-del-cafe\/\">La hestoria del caf\u00e9<\/a>\u00a0<span class=\"post-date\">23\/07\/2024<\/span><\/li>\n<li><a href=\"https:\/\/edublog.educastur.es\/ixuxu\/2024\/07\/28388\/\">9\u00ba Festival de los frutos coloraos d\u2019Asturies<\/a>\u00a0<span class=\"post-date\">23\/07\/2024<\/span><\/li>\n<li><a href=\"https:\/\/edublog.educastur.es\/ixuxu\/2024\/07\/27565\/\">(sin t\u00edtulo)<\/a>\u00a0<span class=\"post-date\">23\/07\/2024<\/span><\/li>\n<li><a href=\"https:\/\/edublog.educastur.es\/ixuxu\/2024\/07\/espectacular-ascensu-al-monte-everest\/\">Espectacular ascensu al Monte Everest con un dron<\/a>\u00a0<span class=\"post-date\">22\/07\/2024<\/span><\/li>\n<li><a href=\"https:\/\/edublog.educastur.es\/ixuxu\/2024\/07\/28369\/\">Mirasoles moraos<\/a>\u00a0<span class=\"post-date\">22\/07\/2024<\/span><\/li>\n<li><a href=\"https:\/\/edublog.educastur.es\/ixuxu\/2024\/07\/28379\/\">(sin t\u00edtulo)<\/a>\u00a0<span class=\"post-date\">22\/07\/2024<\/span><\/li>\n<li><a href=\"https:\/\/edublog.educastur.es\/ixuxu\/2024\/07\/28361\/\">L\u2019Alhambra gana\u2019l concursu \u00abEurocopa Monumental\u00bb de National Geographic<\/a>\u00a0<span class=\"post-date\">22\/07\/2024<\/span><\/li>\n<li><a href=\"https:\/\/edublog.educastur.es\/ixuxu\/2024\/07\/%e2%9d%97-tola-proteccion-ye-poco\/\">\u2757\u00a0Tola protecci\u00f3n ye poco\u2026<\/a>\u00a0<span class=\"post-date\">22\/07\/2024<\/span><\/li>\n<li><a href=\"https:\/\/edublog.educastur.es\/ixuxu\/2024\/07\/28348\/\">Formigues tresportando pequenes gotes d\u2019agua<\/a>\u00a0<span class=\"post-date\">22\/07\/2024<\/span><\/li>\n<li><a href=\"https:\/\/edublog.educastur.es\/ixuxu\/2024\/07\/28276\/\">(sin t\u00edtulo)<\/a>\u00a0<span class=\"post-date\">22\/07\/2024<\/span><\/li>\n<li><a href=\"https:\/\/edublog.educastur.es\/ixuxu\/2024\/07\/sableres-ensin-fumu\/\">Sableres ensin fumu<\/a>\u00a0<span class=\"post-date\">22\/07\/2024<\/span><\/li>\n<li><a href=\"https:\/\/edublog.educastur.es\/ixuxu\/2024\/07\/el-fermosu-espectaculu-de-drones-y-fueos-artificiales-en-torre-eiffel\/\">El fermosu espect\u00e1culu de drones y fueos artificiales en Torre Eiffel<\/a>\u00a0<span class=\"post-date\">22\/07\/2024<\/span><\/li>\n<li><a href=\"https:\/\/edublog.educastur.es\/ixuxu\/2024\/07\/ufierta-de-rutes-del-consorciu-de-tresportes\/\">Ufierta de rutes del Consorciu de Tresportes<\/a>\u00a0<span class=\"post-date\">22\/07\/2024<\/span><\/li>\n<li><a href=\"https:\/\/edublog.educastur.es\/ixuxu\/2024\/07\/el-principau-va-instalar-pantalles-dixitales-nos-puertos-de-monte\/\">El Princip\u00e1u va instalar pantalles dixitales nos puertos de monte<\/a>\u00a0<span class=\"post-date\">22\/07\/2024<\/span><\/li>\n<li><a href=\"https:\/\/edublog.educastur.es\/ixuxu\/2024\/07\/28314\/\">(sin t\u00edtulo)<\/a>\u00a0<span class=\"post-date\">21\/07\/2024<\/span><\/li>\n<li><a href=\"https:\/\/edublog.educastur.es\/ixuxu\/2024\/07\/28321\/\">(sin t\u00edtulo)<\/a>\u00a0<span class=\"post-date\">21\/07\/2024<\/span><\/li>\n<li><a href=\"https:\/\/edublog.educastur.es\/ixuxu\/2024\/07\/xxvi-festival-dartes-esceniques-na-cai-las-tres-noches-de-lastres\/\">XXVI Festival d\u2019Artes Esc\u00e9niques na cai \u00abLAS TRES NOCHES DE LASTRES\u00bb<\/a>\u00a0<span class=\"post-date\">21\/07\/2024<\/span><\/li>\n<li><a href=\"https:\/\/edublog.educastur.es\/ixuxu\/2024\/07\/quino-humorista-graficu-ya-historietista-arxentin-nacionalizau-espanol\/\">Quino, humorista gr\u00e1ficu ya historietista arxent\u00edn nacionaliz\u00e1u espa\u00f1ol.<\/a>\u00a0<span class=\"post-date\">21\/07\/2024<\/span><\/li>\n<li><a href=\"https:\/\/edublog.educastur.es\/ixuxu\/2024\/07\/28294\/\">(sin t\u00edtulo)<\/a>\u00a0<span class=\"post-date\">21\/07\/2024<\/span><\/li>\n<li><a href=\"https:\/\/edublog.educastur.es\/ixuxu\/2024\/07\/platon-el-mitu-de-la-caverna-covaron\/\">Plat\u00f3n: \u00abEl mitu de la caverna\/covar\u00f3n\u00bb<\/a>\u00a0<span class=\"post-date\">21\/07\/2024<\/span><\/li>\n<li><a href=\"https:\/\/edublog.educastur.es\/ixuxu\/2024\/07\/la-banda-sonora-de-tasio\/\">La Banda Sonora de Tasio<\/a>\u00a0<span class=\"post-date\">21\/07\/2024<\/span><\/li>\n<li><a href=\"https:\/\/edublog.educastur.es\/ixuxu\/2024\/07\/28274\/\">(sin t\u00edtulo)<\/a>\u00a0<span class=\"post-date\">21\/07\/2024<\/span><\/li>\n<li><a href=\"https:\/\/edublog.educastur.es\/ixuxu\/2024\/07\/luc-hoffmann-una-figura-esencial-para-entender-el-caltenimientu-de-la-naturaleza-neuropa\/\">Luc Hoffmann, una figura esencial para entender el caltenimientu de la naturaleza n\u2019Europa.<\/a>\u00a0<span class=\"post-date\">21\/07\/2024<\/span><\/li>\n<li><a href=\"https:\/\/edublog.educastur.es\/ixuxu\/2024\/07\/el-gobiernu-dasturies-va-averar-lalta-velocida-al-92-de-la-poblacion\/\">El Gobiernu d\u2019Asturies va averar l\u2019alta velocid\u00e1 al 92% de la poblaci\u00f3n<\/a>\u00a0<span class=\"post-date\">21\/07\/2024<\/span><\/li>\n<li><a href=\"https:\/\/edublog.educastur.es\/ixuxu\/2024\/07\/dia-mundial-del-perru\/\">D\u00eda Mundial del Perru<\/a>\u00a0<span class=\"post-date\">21\/07\/2024<\/span><\/li>\n<li><a href=\"https:\/\/edublog.educastur.es\/ixuxu\/2024\/07\/28259\/\">(sin t\u00edtulo)<\/a>\u00a0<span class=\"post-date\">20\/07\/2024<\/span><\/li>\n<li><a href=\"https:\/\/edublog.educastur.es\/ixuxu\/2024\/07\/asina-foil-primer-espectaculu-de-drones-en-xixon\/\">Asina foi\u2019l primer espect\u00e1culu de drones en Xix\u00f3n<\/a>\u00a0<span class=\"post-date\">20\/07\/2024<\/span><\/li>\n<li><a href=\"https:\/\/edublog.educastur.es\/ixuxu\/2024\/07\/28340\/\">Hai t\u00faneles soterra\u00f1os na lluna: \u00bfvan ser habitables?<\/a>\u00a0<span class=\"post-date\">20\/07\/2024<\/span><\/li>\n<li><a href=\"https:\/\/edublog.educastur.es\/ixuxu\/2024\/07\/dia-internacional-de-la-%e1%b8%b7%e1%b8%b7una\/\">D\u00eda Internacional de la \u1e36\u1e37una<\/a>\u00a0<span class=\"post-date\">20\/07\/2024<\/span><\/li>\n<li><a href=\"https:\/\/edublog.educastur.es\/ixuxu\/2024\/07\/28262\/\">(sin t\u00edtulo)<\/a>\u00a0<span class=\"post-date\">18\/07\/2024<\/span><\/li>\n<li><a href=\"https:\/\/edublog.educastur.es\/ixuxu\/2024\/07\/28271\/\">(sin t\u00edtulo)<\/a>\u00a0<span class=\"post-date\">18\/07\/2024<\/span><\/li>\n<li><a href=\"https:\/\/edublog.educastur.es\/ixuxu\/2024\/07\/llegal-festivalin-escueles-de-grupos-folcloricos\/\">Llega\u2019l Festival\u00edn Escueles de Grupos Folcl\u00f3ricos.<\/a>\u00a0<span class=\"post-date\">18\/07\/2024<\/span><\/li>\n<li><a href=\"https:\/\/edublog.educastur.es\/ixuxu\/2024\/07\/28232\/\">Asturies promoci\u00f3nase como dest\u00edn d\u2019ecoturismu<\/a>\u00a0<span class=\"post-date\">18\/07\/2024<\/span><\/li>\n<li><a href=\"https:\/\/edublog.educastur.es\/ixuxu\/2024\/07\/28149\/\">(sin t\u00edtulo)<\/a>\u00a0<span class=\"post-date\">18\/07\/2024<\/span><\/li>\n<li><a href=\"https:\/\/edublog.educastur.es\/ixuxu\/2024\/07\/la-unica-mina-submarina-deuropa-reabre-les-sos-puertes-a-los-visitantes\/\">La \u00fanica mina submarina d\u2019Europa reabre les sos puertes a los visitantes<\/a>\u00a0<span class=\"post-date\">17\/07\/2024<\/span><\/li>\n<li><a href=\"https:\/\/edublog.educastur.es\/ixuxu\/2024\/07\/28227\/\">(sin t\u00edtulo)<\/a>\u00a0<span class=\"post-date\">17\/07\/2024<\/span><\/li>\n<li><a href=\"https:\/\/edublog.educastur.es\/ixuxu\/2024\/07\/dicires-andar-pelo-segao\/\">Dicires: \u00abAndar pelo segao\u00bb<\/a>\u00a0<span class=\"post-date\">17\/07\/2024<\/span><\/li>\n<li><a href=\"https:\/\/edublog.educastur.es\/ixuxu\/2024\/07\/27790\/\">(sin t\u00edtulo)<\/a>\u00a0<span class=\"post-date\">17\/07\/2024<\/span><\/li>\n<li><a href=\"https:\/\/edublog.educastur.es\/ixuxu\/2024\/07\/tenemos-de-protexer-la-naturaleza\/\">Tenemos de protexer la naturaleza<\/a>\u00a0<span class=\"post-date\">16\/07\/2024<\/span><\/li>\n<li><a href=\"https:\/\/edublog.educastur.es\/ixuxu\/2024\/07\/28216\/\">(sin t\u00edtulo)<\/a>\u00a0<span class=\"post-date\">16\/07\/2024<\/span><\/li>\n<li><a href=\"https:\/\/edublog.educastur.es\/ixuxu\/2024\/07\/28268\/\">D\u00eda Mundial de les serpientes<\/a>\u00a0<span class=\"post-date\">16\/07\/2024<\/span><\/li>\n<li><a href=\"https:\/\/edublog.educastur.es\/ixuxu\/2024\/07\/sema-mas-arboles\/\">Sema m\u00e1s \u00e1rboles<\/a>\u00a0<span class=\"post-date\">15\/07\/2024<\/span><\/li>\n<li><a href=\"https:\/\/edublog.educastur.es\/ixuxu\/2024\/07\/28214\/\">(sin t\u00edtulo)<\/a>\u00a0<span class=\"post-date\">15\/07\/2024<\/span><\/li>\n<li><a href=\"https:\/\/edublog.educastur.es\/ixuxu\/2024\/07\/amaneceres-y-atapeceres-de-suanu-na-marisma-de-donana\/\">Amaneceres y atapeceres de sua\u00f1u na marisma de Do\u00f1ana<\/a>\u00a0<span class=\"post-date\">15\/07\/2024<\/span><\/li>\n<li><a href=\"https:\/\/edublog.educastur.es\/ixuxu\/2024\/07\/vineta-asturianos\/\">Vi\u00f1eta: \u00abAsturianos\u00bb<\/a>\u00a0<span class=\"post-date\">15\/07\/2024<\/span><\/li>\n<li><a href=\"https:\/\/edublog.educastur.es\/ixuxu\/2024\/07\/una-imaxe-pa-reflexonar\/\">Una imaxe pa reflexonar<\/a>\u00a0<span class=\"post-date\">15\/07\/2024<\/span><\/li>\n<li><a href=\"https:\/\/edublog.educastur.es\/ixuxu\/2024\/07\/28212\/\">(sin t\u00edtulo)<\/a>\u00a0<span class=\"post-date\">15\/07\/2024<\/span><\/li>\n<li><a href=\"https:\/\/edublog.educastur.es\/ixuxu\/2024\/07\/porrua-enllenase-darte-col-festival-dintervencion-artistica-de-boles-de-silu\/\">Porr\u00faa enll\u00e9nase d\u2019arte col Festival d\u2019Intervenci\u00f3n Art\u00edstica de Boles de Silu<\/a>\u00a0<span class=\"post-date\">15\/07\/2024<\/span><\/li>\n<li><a href=\"https:\/\/edublog.educastur.es\/ixuxu\/2024\/07\/28238\/\">Espa\u00f1a, campeona de la Eurocopa 2024 de f\u00fatbol<\/a>\u00a0<span class=\"post-date\">14\/07\/2024<\/span><\/li>\n<li><a href=\"https:\/\/edublog.educastur.es\/ixuxu\/2024\/07\/inspirau-pol-reinu-animal-crea-arte-cola-ayuda-de-tendales\/\">Inspir\u00e1u pol reinu animal, crea arte cola ayuda de tendales<\/a>\u00a0<span class=\"post-date\">14\/07\/2024<\/span><\/li>\n<li><a href=\"https:\/\/edublog.educastur.es\/ixuxu\/2024\/07\/28189\/\">(sin t\u00edtulo)<\/a>\u00a0<span class=\"post-date\">14\/07\/2024<\/span><\/li>\n<li><a href=\"https:\/\/edublog.educastur.es\/ixuxu\/2024\/07\/paris-para-los-xuegos-olimpicos-2024\/\">Paris para los Xuegos Ol\u00edmpicos 2024<\/a>\u00a0<span class=\"post-date\">14\/07\/2024<\/span><\/li>\n<li><a href=\"https:\/\/edublog.educastur.es\/ixuxu\/2024\/07\/un-punau-de-colores\/\">Un pu\u00f1\u00e1u de colores \u2026<\/a>\u00a0<span class=\"post-date\">14\/07\/2024<\/span><\/li>\n<li><a href=\"https:\/\/edublog.educastur.es\/ixuxu\/2024\/07\/la-lluz-del-atapecer-en-stonehenge\/\">La lluz del atapecer en Stonehenge<\/a>\u00a0<span class=\"post-date\">14\/07\/2024<\/span><\/li>\n<li><a href=\"https:\/\/edublog.educastur.es\/ixuxu\/2024\/07\/47a-edicion-del-festival-de-la-sidra-de-nava\/\">47\u00aa edici\u00f3n del Festival de la Sidra de Nava<\/a>\u00a0<span class=\"post-date\">14\/07\/2024<\/span><\/li>\n<li><a href=\"https:\/\/edublog.educastur.es\/ixuxu\/2024\/07\/28168\/\">D\u00eda Internacional de los tiburones<\/a>\u00a0<span class=\"post-date\">14\/07\/2024<\/span><\/li>\n<li><a href=\"https:\/\/edublog.educastur.es\/ixuxu\/2024\/07\/28123\/\">(sin t\u00edtulo)<\/a>\u00a0<span class=\"post-date\">13\/07\/2024<\/span><\/li>\n<li><a href=\"https:\/\/edublog.educastur.es\/ixuxu\/2024\/07\/guia-bichos-de-la-to-redolada\/\">Gu\u00eda: Bichos de la to redolada<\/a>\u00a0<span class=\"post-date\">13\/07\/2024<\/span><\/li>\n<li><a href=\"https:\/\/edublog.educastur.es\/ixuxu\/2024\/07\/vineta-asturianos-2\/\">Vi\u00f1eta: \u00abAsturianos\u00bb<\/a>\u00a0<span class=\"post-date\">13\/07\/2024<\/span><\/li>\n<li><a href=\"https:\/\/edublog.educastur.es\/ixuxu\/2024\/07\/27611\/\">(sin t\u00edtulo)<\/a>\u00a0<span class=\"post-date\">12\/07\/2024<\/span><\/li>\n<li><a href=\"https:\/\/edublog.educastur.es\/ixuxu\/2024\/07\/xornaes-gastronomiques-de-tortos-del-camin\/\">Xorn\u00e1es gastron\u00f3miques de Tortos del Cam\u00edn<\/a>\u00a0<span class=\"post-date\">11\/07\/2024<\/span><\/li>\n<li><a href=\"https:\/\/edublog.educastur.es\/ixuxu\/2024\/07\/nun-hai-tiempu-pa-nada-mas\/\">\u00abNun hai tiempu pa nada m\u00e1s\u00bb<\/a>\u00a0<span class=\"post-date\">11\/07\/2024<\/span><\/li>\n<li><a href=\"https:\/\/edublog.educastur.es\/ixuxu\/2024\/07\/mitoloxia-deva-diosa-de-lagua-y-la-feminida\/\">Mitolox\u00eda: \u00abDeva, diosa de l\u2019agua y la feminid\u00e1\u00bb<\/a>\u00a0<span class=\"post-date\">11\/07\/2024<\/span><\/li>\n<li><a href=\"https:\/\/edublog.educastur.es\/ixuxu\/2024\/07\/articulu-dopinion-nun-yel-talentu-ye-la-inversion\/\">Art\u00edculu d\u2019opini\u00f3n: \u00abNun ye\u2019l talentu, ye la inversi\u00f3n\u00bb<\/a>\u00a0<span class=\"post-date\">11\/07\/2024<\/span><\/li>\n<li><a href=\"https:\/\/edublog.educastur.es\/ixuxu\/2024\/07\/una-de-pirates\/\">Una de pirates<\/a>\u00a0<span class=\"post-date\">11\/07\/2024<\/span><\/li>\n<li><a href=\"https:\/\/edublog.educastur.es\/ixuxu\/2024\/07\/28111\/\">(sin t\u00edtulo)<\/a>\u00a0<span class=\"post-date\">11\/07\/2024<\/span><\/li>\n<li><a href=\"https:\/\/edublog.educastur.es\/ixuxu\/2024\/07\/amosando-mapi-quintana\/\">Amosando: Mapi Quintana<\/a>\u00a0<span class=\"post-date\">11\/07\/2024<\/span><\/li>\n<li><a href=\"https:\/\/edublog.educastur.es\/ixuxu\/2024\/07\/canciones-populares-asturianes-2\/\">Canciones Populares Asturianes 2<\/a>\u00a0<span class=\"post-date\">11\/07\/2024<\/span><\/li>\n<li><a href=\"https:\/\/edublog.educastur.es\/ixuxu\/2024\/07\/28100\/\">Esposici\u00f3n sobre un ne\u00f1u neardental d\u2019El Sidr\u00f3n (Pilo\u00f1a)<\/a>\u00a0<span class=\"post-date\">11\/07\/2024<\/span><\/li>\n<li><a href=\"https:\/\/edublog.educastur.es\/ixuxu\/2024\/07\/28117\/\">(sin t\u00edtulo)<\/a>\u00a0<span class=\"post-date\">11\/07\/2024<\/span><\/li>\n<li><a href=\"https:\/\/edublog.educastur.es\/ixuxu\/2024\/07\/28146\/\">(sin t\u00edtulo)<\/a>\u00a0<span class=\"post-date\">11\/07\/2024<\/span><\/li>\n<li><a href=\"https:\/\/edublog.educastur.es\/ixuxu\/2024\/07\/uabra-ehi-tabemos-el-branu-pasau\/\">UABRA: Eh\u00ed t\u00e1bemos el branu pas\u00e1u\u2026<\/a>\u00a0<span class=\"post-date\">10\/07\/2024<\/span><\/li>\n<li><a href=\"https:\/\/edublog.educastur.es\/ixuxu\/2024\/07\/28085\/\">(sin t\u00edtulo)<\/a>\u00a0<span class=\"post-date\">10\/07\/2024<\/span><\/li>\n<li><a href=\"https:\/\/edublog.educastur.es\/ixuxu\/2024\/07\/xuegos-de-nenos-joaquin-parajon\/\">Xuegos de ne\u00f1os (Joaqu\u00edn Paraj\u00f3n)<\/a>\u00a0<span class=\"post-date\">10\/07\/2024<\/span><\/li>\n<li><a href=\"https:\/\/edublog.educastur.es\/ixuxu\/2024\/07\/28128\/\">(sin t\u00edtulo)<\/a>\u00a0<span class=\"post-date\">10\/07\/2024<\/span><\/li>\n<li><a href=\"https:\/\/edublog.educastur.es\/ixuxu\/2024\/07\/28056\/\">(sin t\u00edtulo)<\/a>\u00a0<span class=\"post-date\">10\/07\/2024<\/span><\/li>\n<li><a href=\"https:\/\/edublog.educastur.es\/ixuxu\/2024\/07\/vaqueirada-naristebano\/\">Vaqueirada n\u2019Arist\u00e9bano<\/a>\u00a0<span class=\"post-date\">10\/07\/2024<\/span><\/li>\n<li><a href=\"https:\/\/edublog.educastur.es\/ixuxu\/2024\/07\/ensin-azul-nun-hai-verde\/\">Ensin azul, nun hai verde<\/a>\u00a0<span class=\"post-date\">10\/07\/2024<\/span><\/li>\n<li><a href=\"https:\/\/edublog.educastur.es\/ixuxu\/2024\/07\/27369\/\">(sin t\u00edtulo)<\/a>\u00a0<span class=\"post-date\">10\/07\/2024<\/span><\/li>\n<li><a href=\"https:\/\/edublog.educastur.es\/ixuxu\/2024\/07\/vineta-estratexa\/\">Vi\u00f1eta: \u00abEstratexa\u00bb<\/a>\u00a0<span class=\"post-date\">10\/07\/2024<\/span><\/li>\n<li><a href=\"https:\/\/edublog.educastur.es\/ixuxu\/2024\/07\/la-universida-laboral-en-xixon\/\">Los estrunfinos col deporte<\/a>\u00a0<span class=\"post-date\">10\/07\/2024<\/span><\/li>\n<li><a href=\"https:\/\/edublog.educastur.es\/ixuxu\/2024\/07\/28058\/\">(sin t\u00edtulo)<\/a>\u00a0<span class=\"post-date\">09\/07\/2024<\/span><\/li>\n<li><a href=\"https:\/\/edublog.educastur.es\/ixuxu\/2024\/07\/a-los-dragones-gusta-yos-suanar\/\">A los dragones g\u00fasta-yos sua\u00f1ar.<\/a>\u00a0<span class=\"post-date\">09\/07\/2024<\/span><\/li>\n<li><a href=\"https:\/\/edublog.educastur.es\/ixuxu\/2024\/07\/teatru-al-rodiu-lhorru-un-llugar-maxicu\/\">Teatru: \u00abAl rodiu l\u2019horru. Un llugar m\u00e1xicu\u00bb<\/a>\u00a0<span class=\"post-date\">09\/07\/2024<\/span><\/li>\n<li><a href=\"https:\/\/edublog.educastur.es\/ixuxu\/2024\/07\/28070\/\">(sin t\u00edtulo)<\/a>\u00a0<span class=\"post-date\">09\/07\/2024<\/span><\/li>\n<li><a href=\"https:\/\/edublog.educastur.es\/ixuxu\/2024\/07\/el-primer-pelegrin\/\">El Primer Pelegr\u00edn<\/a>\u00a0<span class=\"post-date\">09\/07\/2024<\/span><\/li>\n<li><a href=\"https:\/\/edublog.educastur.es\/ixuxu\/2024\/07\/exconxuraos-en-llanera\/\">Exconxuraos en Llanera<\/a>\u00a0<span class=\"post-date\">09\/07\/2024<\/span><\/li>\n<li><a href=\"https:\/\/edublog.educastur.es\/ixuxu\/2024\/07\/26807\/\">(sin t\u00edtulo)<\/a>\u00a0<span class=\"post-date\">09\/07\/2024<\/span><\/li>\n<li><a href=\"https:\/\/edublog.educastur.es\/ixuxu\/2024\/07\/trasegando-los-caballos-a-los-pastos-daltura\/\">\u00abTrasegando\u00bb los caballos a los pastos d\u2019altura<\/a>\u00a0<span class=\"post-date\">08\/07\/2024<\/span><\/li>\n<li><a href=\"https:\/\/edublog.educastur.es\/ixuxu\/2024\/07\/una-aprosimacion-localista-a-la-lliteratura-espanola\/\">Una aprosimaci\u00f3n localista a la lliteratura espa\u00f1ola.<\/a>\u00a0<span class=\"post-date\">08\/07\/2024<\/span><\/li>\n<li><a href=\"https:\/\/edublog.educastur.es\/ixuxu\/2024\/07\/asturies-ciclismu-por-naturaleza\/\">Asturies, ciclismu por naturaleza<\/a>\u00a0<span class=\"post-date\">08\/07\/2024<\/span><\/li>\n<li><a href=\"https:\/\/edublog.educastur.es\/ixuxu\/2024\/07\/28010\/\">(sin t\u00edtulo)<\/a>\u00a0<span class=\"post-date\">07\/07\/2024<\/span><\/li>\n<li><a href=\"https:\/\/edublog.educastur.es\/ixuxu\/2024\/07\/el-numbero-aureo\/\">El n\u00fambero \u00e1ureo o de Fibonacci<\/a>\u00a0<span class=\"post-date\">07\/07\/2024<\/span><\/li>\n<li><a href=\"https:\/\/edublog.educastur.es\/ixuxu\/2024\/07\/28038\/\">Reivindicando el rural<\/a>\u00a0<span class=\"post-date\">07\/07\/2024<\/span><\/li>\n<li><a href=\"https:\/\/edublog.educastur.es\/ixuxu\/2024\/07\/latapecer-nesta-sablera-unu-de-los-mas-guapos\/\">L\u2019atapecer nesta sablera, unu de los m\u00e1s guapos\u2026<\/a>\u00a0<span class=\"post-date\">07\/07\/2024<\/span><\/li>\n<li><a href=\"https:\/\/edublog.educastur.es\/ixuxu\/2024\/07\/bimenes-yerbatos-cooficialida\/\">Bimenes: Yerbatos Cooficialid\u00e1<\/a>\u00a0<span class=\"post-date\">07\/07\/2024<\/span><\/li>\n<li><a href=\"https:\/\/edublog.educastur.es\/ixuxu\/2024\/07\/28072\/\">Los suelos son cruciales y merecen protecci\u00f3n<\/a>\u00a0<span class=\"post-date\">07\/07\/2024<\/span><\/li>\n<li><a href=\"https:\/\/edublog.educastur.es\/ixuxu\/2024\/07\/28096\/\">D\u00eda de la conservaci\u00f3n del suelu<\/a>\u00a0<span class=\"post-date\">07\/07\/2024<\/span><\/li>\n<li><a href=\"https:\/\/edublog.educastur.es\/ixuxu\/2024\/07\/27262\/\">(sin t\u00edtulo)<\/a>\u00a0<span class=\"post-date\">07\/07\/2024<\/span><\/li>\n<li><a href=\"https:\/\/edublog.educastur.es\/ixuxu\/2024\/07\/28005\/\">Horru tur\u00edsticu<\/a>\u00a0<span class=\"post-date\">06\/07\/2024<\/span><\/li>\n<li><a href=\"https:\/\/edublog.educastur.es\/ixuxu\/2024\/07\/domingu-7-de-xunetu-nel-xardin-botanico\/\">Domingu 7 de xunetu nel Xard\u00edn Bot\u00e1nico<\/a>\u00a0<span class=\"post-date\">06\/07\/2024<\/span><\/li>\n<li><a href=\"https:\/\/edublog.educastur.es\/ixuxu\/2024\/07\/27949\/\">(sin t\u00edtulo)<\/a>\u00a0<span class=\"post-date\">05\/07\/2024<\/span><\/li>\n<li><a href=\"https:\/\/edublog.educastur.es\/ixuxu\/2024\/07\/nueche-celta-del-puntal-villaviciosa\/\">Nueche Celta d\u2019El Puntal (Villaviciosa)<\/a>\u00a0<span class=\"post-date\">05\/07\/2024<\/span><\/li>\n<li><a href=\"https:\/\/edublog.educastur.es\/ixuxu\/2024\/07\/27997\/\">(sin t\u00edtulo)<\/a>\u00a0<span class=\"post-date\">05\/07\/2024<\/span><\/li>\n<li><a href=\"https:\/\/edublog.educastur.es\/ixuxu\/2024\/07\/canciones-populares-asturianes-1\/\">Canciones Populares Asturianes 1<\/a>\u00a0<span class=\"post-date\">05\/07\/2024<\/span><\/li>\n<li><a href=\"https:\/\/edublog.educastur.es\/ixuxu\/2024\/07\/entama-la-selmana-negra-en-xixon\/\">Entama la Selmana Negra en Xix\u00f3n.<\/a>\u00a0<span class=\"post-date\">05\/07\/2024<\/span><\/li>\n<li><a href=\"https:\/\/edublog.educastur.es\/ixuxu\/2024\/07\/25672\/\">(sin t\u00edtulo)<\/a>\u00a0<span class=\"post-date\">05\/07\/2024<\/span><\/li>\n<li><a href=\"https:\/\/edublog.educastur.es\/ixuxu\/2024\/07\/la-romeria-de-llacin-en-porrua-llanes\/\">La Romer\u00eda de llac\u00edn en Porr\u00faa (Llanes)<\/a>\u00a0<span class=\"post-date\">04\/07\/2024<\/span><\/li>\n<li><a href=\"https:\/\/edublog.educastur.es\/ixuxu\/2024\/07\/26819\/\">(sin t\u00edtulo)<\/a>\u00a0<span class=\"post-date\">04\/07\/2024<\/span><\/li>\n<li><a href=\"https:\/\/edublog.educastur.es\/ixuxu\/2024\/07\/27955\/\">Billing\u00fcismu y turismu: Baleares y Asturies<\/a>\u00a0<span class=\"post-date\">03\/07\/2024<\/span><\/li>\n<li><a href=\"https:\/\/edublog.educastur.es\/ixuxu\/2024\/07\/quiero-ser-influencers\/\">Que nada t\u2019apare. Sua\u00f1a a lo grande<\/a>\u00a0<span class=\"post-date\">03\/07\/2024<\/span><\/li>\n<li><a href=\"https:\/\/edublog.educastur.es\/ixuxu\/2024\/07\/27613\/\">(sin t\u00edtulo)<\/a>\u00a0<span class=\"post-date\">03\/07\/2024<\/span><\/li>\n<li><a href=\"https:\/\/edublog.educastur.es\/ixuxu\/2024\/07\/avanzando-nel-estudiu-cientifico-del-oso-pardo\/\">Avanzando nel estudiu cient\u00edfico del oso pardo<\/a>\u00a0<span class=\"post-date\">02\/07\/2024<\/span><\/li>\n<li><a href=\"https:\/\/edublog.educastur.es\/ixuxu\/2024\/07\/esposicion-asturies-notra-domina-la-ropa\/\">Esposici\u00f3n \u00abAsturies n\u2019otra d\u00f3mina. La ropa\u00bb<\/a>\u00a0<span class=\"post-date\">02\/07\/2024<\/span><\/li>\n<li><a href=\"https:\/\/edublog.educastur.es\/ixuxu\/2024\/07\/el-calentamientu-climaticu-dos-graos-mas\/\">El calentamientu clim\u00e1ticu: dos graos m\u00e1s<\/a>\u00a0<span class=\"post-date\">02\/07\/2024<\/span><\/li>\n<li><a href=\"https:\/\/edublog.educastur.es\/ixuxu\/2024\/07\/27562\/\">(sin t\u00edtulo)<\/a>\u00a0<span class=\"post-date\">01\/07\/2024<\/span><\/li>\n<li><a href=\"https:\/\/edublog.educastur.es\/ixuxu\/2024\/07\/cola-que-ta-cayendo\/\">\u00abCola que ta cayendo\u00bb<\/a>\u00a0<span class=\"post-date\">01\/07\/2024<\/span><\/li>\n<li><a href=\"https:\/\/edublog.educastur.es\/ixuxu\/2024\/07\/27977\/\">Esposici\u00f3n \u00abAsturianes\u00bb<\/a>\u00a0<span class=\"post-date\">01\/07\/2024<\/span><\/li>\n<li><a href=\"https:\/\/edublog.educastur.es\/ixuxu\/2024\/07\/27974\/\">Primer muyer espa\u00f1ola en participar nuna espedici\u00f3n internacional na Ant\u00e1rtida.<\/a>\u00a0<span class=\"post-date\">01\/07\/2024<\/span><\/li>\n<li><a href=\"https:\/\/edublog.educastur.es\/ixuxu\/2024\/07\/xuneto\/\">Xuneto<\/a>\u00a0<span class=\"post-date\">01\/07\/2024<\/span><\/li>\n<\/ul>\n<ul>\n<li><\/li>\n<\/ul>\n","protected":false},"excerpt":{"rendered":"<p>(sin t\u00edtulo)\u00a031\/07\/2024 Resume de \u00abCrios y Bolas\u00bb 2024\u00a031\/07\/2024 D\u00eda Mundial de los Axentes Forestales.\u00a031\/07\/2024 El merc\u00e1u d\u2019agostu\u00a030\/07\/2024 (sin t\u00edtulo)\u00a030\/07\/2024 Los cartelos de Par\u00eds 2024 reflexen el proyectu: llevar el deporte a la ciud\u00e1.\u00a030\/07\/2024 Asina foi como Simone Biles cautiv\u00f3nos en #Paris2024 colos sos brillosos saltos\u00a030\/07\/2024 (sin t\u00edtulo)\u00a030\/07\/2024 Pravia celebra\u2019l Xirinfantil, el Xiring\u00fcelu de los ne\u00f1os\u00a030\/07\/2024 [&hellip;]<\/p>\n","protected":false},"author":117,"featured_media":0,"parent":34967,"menu_order":0,"comment_status":"closed","ping_status":"closed","template":"","meta":{"footnotes":""},"class_list":["post-64941","page","type-page","status-publish","hentry"],"_links":{"self":[{"href":"https:\/\/edublog.educastur.es\/ixuxu\/wp-json\/wp\/v2\/pages\/64941","targetHints":{"allow":["GET"]}}],"collection":[{"href":"https:\/\/edublog.educastur.es\/ixuxu\/wp-json\/wp\/v2\/pages"}],"about":[{"href":"https:\/\/edublog.educastur.es\/ixuxu\/wp-json\/wp\/v2\/types\/page"}],"author":[{"embeddable":true,"href":"https:\/\/edublog.educastur.es\/ixuxu\/wp-json\/wp\/v2\/users\/117"}],"replies":[{"embeddable":true,"href":"https:\/\/edublog.educastur.es\/ixuxu\/wp-json\/wp\/v2\/comments?post=64941"}],"version-history":[{"count":1,"href":"https:\/\/edublog.educastur.es\/ixuxu\/wp-json\/wp\/v2\/pages\/64941\/revisions"}],"predecessor-version":[{"id":64942,"href":"https:\/\/edublog.educastur.es\/ixuxu\/wp-json\/wp\/v2\/pages\/64941\/revisions\/64942"}],"up":[{"embeddable":true,"href":"https:\/\/edublog.educastur.es\/ixuxu\/wp-json\/wp\/v2\/pages\/34967"}],"wp:attachment":[{"href":"https:\/\/edublog.educastur.es\/ixuxu\/wp-json\/wp\/v2\/media?parent=64941"}],"curies":[{"name":"wp","href":"https:\/\/api.w.org\/{rel}","templated":true}]}}