{"id":64953,"date":"2026-01-02T21:37:41","date_gmt":"2026-01-02T19:37:41","guid":{"rendered":"https:\/\/edublog.educastur.es\/ixuxu\/?page_id=64953"},"modified":"2026-01-02T22:08:20","modified_gmt":"2026-01-02T20:08:20","slug":"01_xineru","status":"publish","type":"page","link":"https:\/\/edublog.educastur.es\/ixuxu\/archivu-blogue\/articulos\/2024-2\/01_xineru\/","title":{"rendered":"01_Xineru"},"content":{"rendered":"<ul>\n<li><a href=\"https:\/\/edublog.educastur.es\/ixuxu\/2024\/01\/pescau-de-temporada-febreru\/\">Pesc\u00e1u de temporada: febreru<\/a>\u00a0<span class=\"post-date\">31\/01\/2024<\/span><\/li>\n<li><a href=\"https:\/\/edublog.educastur.es\/ixuxu\/2024\/01\/confederacion-hidrografica-del-cantabricu\/\">Confederaci\u00f3n Hidrogr\u00e1fica del Cant\u00e1bricu.<\/a>\u00a0<span class=\"post-date\">31\/01\/2024<\/span><\/li>\n<li><a href=\"https:\/\/edublog.educastur.es\/ixuxu\/2024\/01\/24066\/\">L\u2019Antroxu n\u2019Uvi\u00e9u, del 12 al 17 de febreru<\/a>\u00a0<span class=\"post-date\">31\/01\/2024<\/span><\/li>\n<li><a href=\"https:\/\/edublog.educastur.es\/ixuxu\/2024\/01\/el-activista-palestino-por-los-derechos-humanos-y-fedema-reciben-el-premio-por-la-paz-ruiz-tilve\/\">El activista palestino por los derechos humanos y Fedema reciben el Premio por la Paz \u00abRuiz-Tilve\u00bb<\/a>\u00a0<span class=\"post-date\">31\/01\/2024<\/span><\/li>\n<li><a href=\"https:\/\/edublog.educastur.es\/ixuxu\/2024\/01\/24054\/\">Entrega de Premios pola Paz nel colexu<\/a>\u00a0<span class=\"post-date\">31\/01\/2024<\/span><\/li>\n<li><a href=\"https:\/\/edublog.educastur.es\/ixuxu\/2024\/01\/lampa-acompana-les-candidatures-presentaes-al-premiu-pola-paz\/\">L\u2019AMPA acompa\u00f1a les candidatures presentaes al Premiu pola Paz<\/a>\u00a0<span class=\"post-date\">31\/01\/2024<\/span><\/li>\n<li><a href=\"https:\/\/edublog.educastur.es\/ixuxu\/2024\/01\/24044\/\">(sin t\u00edtulo)<\/a>\u00a0<span class=\"post-date\">31\/01\/2024<\/span><\/li>\n<li><a href=\"https:\/\/edublog.educastur.es\/ixuxu\/2024\/01\/area-del-triangulu\/\">\u00c1rea del tri\u00e1ngulu<\/a>\u00a0<span class=\"post-date\">30\/01\/2024<\/span><\/li>\n<li><a href=\"https:\/\/edublog.educastur.es\/ixuxu\/2024\/01\/24185\/\">Acompa\u00f1aos de Carmen Ruiz-Tilve<\/a>\u00a0<span class=\"post-date\">30\/01\/2024<\/span><\/li>\n<li><a href=\"https:\/\/edublog.educastur.es\/ixuxu\/2024\/01\/24048\/\">(sin t\u00edtulo)<\/a>\u00a0<span class=\"post-date\">30\/01\/2024<\/span><\/li>\n<li><a href=\"https:\/\/edublog.educastur.es\/ixuxu\/2024\/01\/alcuentros-de-parpayuela\/\">Alcuentros n\u2019asturianu pa dar la parpayuela<\/a>\u00a0<span class=\"post-date\">30\/01\/2024<\/span><\/li>\n<li><a href=\"https:\/\/edublog.educastur.es\/ixuxu\/2024\/01\/24009\/\">\u00abCuanto m\u00e1s ricu, m\u00e1s borricu\u00bb<\/a>\u00a0<span class=\"post-date\">30\/01\/2024<\/span><\/li>\n<li><a href=\"https:\/\/edublog.educastur.es\/ixuxu\/2024\/01\/23999\/\">Xuegu pa dar a conocer les muyeres asturianes<\/a>\u00a0<span class=\"post-date\">30\/01\/2024<\/span><\/li>\n<li><a href=\"https:\/\/edublog.educastur.es\/ixuxu\/2024\/01\/dia-de-la-paz-nel-colexu\/\">D\u00eda de la Paz nel colexu<\/a>\u00a0<span class=\"post-date\">30\/01\/2024<\/span><\/li>\n<li><a href=\"https:\/\/edublog.educastur.es\/ixuxu\/2024\/01\/dia-escolar-de-la-non-violencia-y-la-paz\/\">D\u00eda Escolar de la Non Violencia y la Paz<\/a>\u00a0<span class=\"post-date\">30\/01\/2024<\/span><\/li>\n<li><a href=\"https:\/\/edublog.educastur.es\/ixuxu\/2024\/01\/gases-liquidos\/\">Gases l\u00edquidos<\/a>\u00a0<span class=\"post-date\">29\/01\/2024<\/span><\/li>\n<li><a href=\"https:\/\/edublog.educastur.es\/ixuxu\/2024\/01\/unida-de-pesu-nel-sistema-internacional\/\">Unid\u00e1 de pesu nel Sistema Internacional<\/a>\u00a0<span class=\"post-date\">29\/01\/2024<\/span><\/li>\n<li><a href=\"https:\/\/edublog.educastur.es\/ixuxu\/2024\/01\/23989\/\">(sin t\u00edtulo)<\/a>\u00a0<span class=\"post-date\">29\/01\/2024<\/span><\/li>\n<li><a href=\"https:\/\/edublog.educastur.es\/ixuxu\/2024\/01\/lanimal-mas-vieyu-del-mundu-celebral-so-191-cumpleanos\/\">L\u2019animal m\u00e1s vieyu del mundu celebra\u2019l so 191 cumplea\u00f1os<\/a>\u00a0<span class=\"post-date\">29\/01\/2024<\/span><\/li>\n<li><a href=\"https:\/\/edublog.educastur.es\/ixuxu\/2024\/01\/lluna-de\/\">Fases llunares de febreru<\/a>\u00a0<span class=\"post-date\">29\/01\/2024<\/span><\/li>\n<li><a href=\"https:\/\/edublog.educastur.es\/ixuxu\/2024\/01\/la-mar-doricios-en-xixon\/\">La Mar d\u2019Oricios en Xix\u00f3n<\/a>\u00a0<span class=\"post-date\">29\/01\/2024<\/span><\/li>\n<li><a href=\"https:\/\/edublog.educastur.es\/ixuxu\/2024\/01\/como-duermen-los-cachalotes-fondamente-y-en-vertical\/\">\u00bfC\u00f3mo duermen los cachalotes? Fondamente y en vertical<\/a>\u00a0<span class=\"post-date\">29\/01\/2024<\/span><\/li>\n<li><a href=\"https:\/\/edublog.educastur.es\/ixuxu\/2024\/01\/tetrabrick\/\">Tetrabrick<\/a>\u00a0<span class=\"post-date\">28\/01\/2024<\/span><\/li>\n<li><a href=\"https:\/\/edublog.educastur.es\/ixuxu\/2024\/01\/23827\/\">(sin t\u00edtulo)<\/a>\u00a0<span class=\"post-date\">28\/01\/2024<\/span><\/li>\n<li><a href=\"https:\/\/edublog.educastur.es\/ixuxu\/2024\/01\/temperatura-de-fervor-de-lagua-a-diferentes-presiones\/\">Temperatura de fervor de l\u2019agua a diferentes presiones<\/a>\u00a0<span class=\"post-date\">27\/01\/2024<\/span><\/li>\n<li><a href=\"https:\/\/edublog.educastur.es\/ixuxu\/2024\/01\/rectes-verticales\/\">Rectes verticales<\/a>\u00a0<span class=\"post-date\">27\/01\/2024<\/span><\/li>\n<li><a href=\"https:\/\/edublog.educastur.es\/ixuxu\/2024\/01\/dia-mundial-de-la-tarta-de-chocolate\/\">D\u00eda Mundial de la Tarta de Chocolate<\/a>\u00a0<span class=\"post-date\">27\/01\/2024<\/span><\/li>\n<li><a href=\"https:\/\/edublog.educastur.es\/ixuxu\/2024\/01\/24446\/\">DNI<\/a>\u00a0<span class=\"post-date\">26\/01\/2024<\/span><\/li>\n<li><a href=\"https:\/\/edublog.educastur.es\/ixuxu\/2024\/01\/monte-lescamellau-na-parte-oriental-de-los-picos-deuropa\/\">Monte: L\u2019Escamellau, na parte oriental de los Picos d\u2019Europa<\/a>\u00a0<span class=\"post-date\">26\/01\/2024<\/span><\/li>\n<li><a href=\"https:\/\/edublog.educastur.es\/ixuxu\/2024\/01\/23952\/\">Asturies estudia 19 destinos direutos n\u2019Europa pa siguir aumentando la conex\u00f3n a\u00e9rea<\/a>\u00a0<span class=\"post-date\">26\/01\/2024<\/span><\/li>\n<li><a href=\"https:\/\/edublog.educastur.es\/ixuxu\/2024\/01\/23949\/\">Los Mazcaritinos d\u2019Uvi\u00e9u van tar poles cais de la ciud\u00e1 celebrando\u2019l Antroxu 2024<\/a>\u00a0<span class=\"post-date\">26\/01\/2024<\/span><\/li>\n<li><a href=\"https:\/\/edublog.educastur.es\/ixuxu\/2024\/01\/23947\/\">(sin t\u00edtulo)<\/a>\u00a0<span class=\"post-date\">26\/01\/2024<\/span><\/li>\n<li><a href=\"https:\/\/edublog.educastur.es\/ixuxu\/2024\/01\/non-vs-nun\/\">Negaciones n\u2019asturianu: non \/ nun<\/a>\u00a0<span class=\"post-date\">26\/01\/2024<\/span><\/li>\n<li><a href=\"https:\/\/edublog.educastur.es\/ixuxu\/2024\/01\/dia-d-ela-enerxia-llimpia\/\">D\u00eda Internacional de la Enerx\u00eda Llimpia.<\/a>\u00a0<span class=\"post-date\">26\/01\/2024<\/span><\/li>\n<li><a href=\"https:\/\/edublog.educastur.es\/ixuxu\/2024\/01\/23803\/\">(sin t\u00edtulo)<\/a>\u00a0<span class=\"post-date\">26\/01\/2024<\/span><\/li>\n<li><a href=\"https:\/\/edublog.educastur.es\/ixuxu\/2024\/01\/dia-mundial-de-la-educacion-ambiental-2\/\">D\u00eda Mundial de la Educaci\u00f3n Ambiental<\/a>\u00a0<span class=\"post-date\">26\/01\/2024<\/span><\/li>\n<li><a href=\"https:\/\/edublog.educastur.es\/ixuxu\/2024\/01\/24450\/\">Principiu d\u2019Arqu\u00edmedes<\/a>\u00a0<span class=\"post-date\">25\/01\/2024<\/span><\/li>\n<li><a href=\"https:\/\/edublog.educastur.es\/ixuxu\/2024\/01\/23942\/\">(sin t\u00edtulo)<\/a>\u00a0<span class=\"post-date\">25\/01\/2024<\/span><\/li>\n<li><a href=\"https:\/\/edublog.educastur.es\/ixuxu\/2024\/01\/uvieu-en-fitur2024-con-mafalda-como-protagonista\/\">Uvi\u00e9u en #FITUR2024 con Mafalda como protagonista.<\/a>\u00a0<span class=\"post-date\">25\/01\/2024<\/span><\/li>\n<li><a href=\"https:\/\/edublog.educastur.es\/ixuxu\/2024\/01\/superyate-descultura-de-xelu-en-xintan-china\/\">L\u2019inventu que va soterrar al iPhone<\/a>\u00a0<span class=\"post-date\">25\/01\/2024<\/span><\/li>\n<li><a href=\"https:\/\/edublog.educastur.es\/ixuxu\/2024\/01\/criadora-doveya-xanlda-asturiana\/\">Criadora d\u2019oveya xalda asturiana<\/a>\u00a0<span class=\"post-date\">25\/01\/2024<\/span><\/li>\n<li><a href=\"https:\/\/edublog.educastur.es\/ixuxu\/2024\/01\/primer-lluna-llena-de-2024\/\">Primer lluna llena de 2024<\/a>\u00a0<span class=\"post-date\">25\/01\/2024<\/span><\/li>\n<li><a href=\"https:\/\/edublog.educastur.es\/ixuxu\/2024\/01\/23925\/\">(sin t\u00edtulo)<\/a>\u00a0<span class=\"post-date\">25\/01\/2024<\/span><\/li>\n<li><a href=\"https:\/\/edublog.educastur.es\/ixuxu\/2024\/01\/23762\/\">(sin t\u00edtulo)<\/a>\u00a0<span class=\"post-date\">25\/01\/2024<\/span><\/li>\n<li><a href=\"https:\/\/edublog.educastur.es\/ixuxu\/2024\/01\/iv-selmana-redonda-de-la-educacion-ambiental\/\">IV Selmana Redonda de la Educaci\u00f3n Ambiental<\/a>\u00a0<span class=\"post-date\">24\/01\/2024<\/span><\/li>\n<li><a href=\"https:\/\/edublog.educastur.es\/ixuxu\/2024\/01\/videu-promocional-de-cangues-donis-en-fitur\/\">Videu promocional de Cangues d\u2019Onis en Fitur<\/a>\u00a0<span class=\"post-date\">24\/01\/2024<\/span><\/li>\n<li><a href=\"https:\/\/edublog.educastur.es\/ixuxu\/2024\/01\/23907\/\">\u00abLa segadora\/Campesina asturiana\u00bb Agusto Junquera<\/a>\u00a0<span class=\"post-date\">24\/01\/2024<\/span><\/li>\n<li><a href=\"https:\/\/edublog.educastur.es\/ixuxu\/2024\/01\/23851\/\">(sin t\u00edtulo)<\/a>\u00a0<span class=\"post-date\">24\/01\/2024<\/span><\/li>\n<li><a href=\"https:\/\/edublog.educastur.es\/ixuxu\/2024\/01\/dia-internacional-de-la-educacion-3\/\">D\u00eda Internacional de la educaci\u00f3n<\/a>\u00a0<span class=\"post-date\">24\/01\/2024<\/span><\/li>\n<li><a href=\"https:\/\/edublog.educastur.es\/ixuxu\/2024\/01\/23919\/\">D\u00eda Internacional del chorizu.<\/a>\u00a0<span class=\"post-date\">23\/01\/2024<\/span><\/li>\n<li><a href=\"https:\/\/edublog.educastur.es\/ixuxu\/2024\/01\/la-sidra-dasturies\/\">La sidra d\u2019Asturies<\/a>\u00a0<span class=\"post-date\">23\/01\/2024<\/span><\/li>\n<li><a href=\"https:\/\/edublog.educastur.es\/ixuxu\/2024\/01\/oferta-de-cursos-dinstrumentos-tradicionales\/\">Cursu d\u2019instrumentos tradicionales<\/a>\u00a0<span class=\"post-date\">23\/01\/2024<\/span><\/li>\n<li><a href=\"https:\/\/edublog.educastur.es\/ixuxu\/2024\/01\/vi-carrera-solidaria-de-galban\/\">VI Carrera solidaria de Galb\u00e1n<\/a>\u00a0<span class=\"post-date\">23\/01\/2024<\/span><\/li>\n<li><a href=\"https:\/\/edublog.educastur.es\/ixuxu\/2024\/01\/23877\/\">Conciertu ac\u00fasticu de les hermanes \u00c1lvarez<\/a>\u00a0<span class=\"post-date\">23\/01\/2024<\/span><\/li>\n<li><a href=\"https:\/\/edublog.educastur.es\/ixuxu\/2024\/01\/23961\/\">Cristina, primer muyer espa\u00f1ola en ganar el Dakar.<\/a>\u00a0<span class=\"post-date\">22\/01\/2024<\/span><\/li>\n<li><a href=\"https:\/\/edublog.educastur.es\/ixuxu\/2024\/01\/dicires-tener-trabayos\/\">Dicires: \u00abTener trabayos\u00bb<\/a>\u00a0<span class=\"post-date\">22\/01\/2024<\/span><\/li>\n<li><a href=\"https:\/\/edublog.educastur.es\/ixuxu\/2024\/01\/robecos-en-picos-deuropa\/\">Robecos en Picos d\u2019Europa<\/a>\u00a0<span class=\"post-date\">22\/01\/2024<\/span><\/li>\n<li><a href=\"https:\/\/edublog.educastur.es\/ixuxu\/2024\/01\/sidros-y-comedies\/\">Sidros y Comedies<\/a>\u00a0<span class=\"post-date\">22\/01\/2024<\/span><\/li>\n<li><a href=\"https:\/\/edublog.educastur.es\/ixuxu\/2024\/01\/23881\/\">Restauraci\u00f3n de la Navallona de Pardi\u00f1as (Taramundi)<\/a>\u00a0<span class=\"post-date\">22\/01\/2024<\/span><\/li>\n<li><a href=\"https:\/\/edublog.educastur.es\/ixuxu\/2024\/01\/23968\/\">Aniversariu de les Normes ortogr\u00e1fiques<\/a>\u00a0<span class=\"post-date\">22\/01\/2024<\/span><\/li>\n<li><a href=\"https:\/\/edublog.educastur.es\/ixuxu\/2024\/01\/el-meyor-pueblo-dasturies-pel-hibiernu-segun-the-telegraph\/\">El meyor pueblo d\u2019Asturies pel hibiernu, seg\u00fan The Telegraph<\/a>\u00a0<span class=\"post-date\">21\/01\/2024<\/span><\/li>\n<li><a href=\"https:\/\/edublog.educastur.es\/ixuxu\/2024\/01\/xlii-certame-del-quesu-afuegal-pitu\/\">XLII Certame del Quesu Afuega\u2019l Pitu<\/a>\u00a0<span class=\"post-date\">21\/01\/2024<\/span><\/li>\n<li><a href=\"https:\/\/edublog.educastur.es\/ixuxu\/2024\/01\/banksy-en-gaza-palestina\/\">Banksy en Gaza (Palestina)<\/a>\u00a0<span class=\"post-date\">21\/01\/2024<\/span><\/li>\n<li><a href=\"https:\/\/edublog.educastur.es\/ixuxu\/2024\/01\/dia-internacional-del-abrazu\/\">D\u00eda Internacional del abrazu<\/a>\u00a0<span class=\"post-date\">21\/01\/2024<\/span><\/li>\n<li><a href=\"https:\/\/edublog.educastur.es\/ixuxu\/2024\/01\/dicires-asturianos\/\">Dicires asturianos<\/a>\u00a0<span class=\"post-date\">20\/01\/2024<\/span><\/li>\n<li><a href=\"https:\/\/edublog.educastur.es\/ixuxu\/2024\/01\/la-nasa-publico-96-posters-fantasticos-del-universu-que-puedes-descargar-de-baldre-en-hd\/\">La NASA public\u00f3 96 p\u00f3sters fant\u00e1sticos del universu<\/a>\u00a0<span class=\"post-date\">19\/01\/2024<\/span><\/li>\n<li><a href=\"https:\/\/edublog.educastur.es\/ixuxu\/2024\/01\/un-nuevu-afayu-sobro-lagua-va-obligar-a-reescribir-los-llibros-de-testu\/\">Un nuevu afayu sobro l\u2019agua va obligar a reescribir los llibros de testu<\/a>\u00a0<span class=\"post-date\">19\/01\/2024<\/span><\/li>\n<li><a href=\"https:\/\/edublog.educastur.es\/ixuxu\/2024\/01\/usu-del-por-y-per\/\">Usu del \u00abPor\u00bb y \u00abper\u00bb<\/a>\u00a0<span class=\"post-date\">19\/01\/2024<\/span><\/li>\n<li><a href=\"https:\/\/edublog.educastur.es\/ixuxu\/2024\/01\/islandia-va-construyir-el-primer-tunel-del-mundu-escontra-una-camara-de-magma-dun-volcan\/\">Islandia va construyir el primer t\u00fanel del mundu escontra una c\u00e1mara de magma d\u2019un volc\u00e1n<\/a>\u00a0<span class=\"post-date\">19\/01\/2024<\/span><\/li>\n<li><a href=\"https:\/\/edublog.educastur.es\/ixuxu\/2024\/01\/23812\/\">Somiedu, primer parque natural d\u2019Asturies<\/a>\u00a0<span class=\"post-date\">19\/01\/2024<\/span><\/li>\n<li><a href=\"https:\/\/edublog.educastur.es\/ixuxu\/2024\/01\/el-picu-pierzu\/\">El Picu Pierzu (Ponga)<\/a>\u00a0<span class=\"post-date\">19\/01\/2024<\/span><\/li>\n<li><a href=\"https:\/\/edublog.educastur.es\/ixuxu\/2024\/01\/lantroxu-tiempu-de-mazcares\/\">L\u2019Antroxu, tiempu de m\u00e1zcares<\/a>\u00a0<span class=\"post-date\">19\/01\/2024<\/span><\/li>\n<li><a href=\"https:\/\/edublog.educastur.es\/ixuxu\/2024\/01\/23797\/\">L\u2019alta velocid\u00e1 ferroviaria, protagonista del pabell\u00f3n d\u2019Asturies en Fitur<\/a>\u00a0<span class=\"post-date\">19\/01\/2024<\/span><\/li>\n<li><a href=\"https:\/\/edublog.educastur.es\/ixuxu\/2024\/01\/23744\/\">(sin t\u00edtulo)<\/a>\u00a0<span class=\"post-date\">19\/01\/2024<\/span><\/li>\n<li><a href=\"https:\/\/edublog.educastur.es\/ixuxu\/2024\/01\/mirador-de-el-sueve\/\">Mirador de El Sueve<\/a>\u00a0<span class=\"post-date\">18\/01\/2024<\/span><\/li>\n<li><a href=\"https:\/\/edublog.educastur.es\/ixuxu\/2024\/01\/primer-edicion-del-so-premiu-de-cuentos-nasturianu\/\">Efem\u00e9rides n\u2019asturianu<\/a>\u00a0<span class=\"post-date\">18\/01\/2024<\/span><\/li>\n<li><a href=\"https:\/\/edublog.educastur.es\/ixuxu\/2024\/01\/23789\/\">La palomba<\/a>\u00a0<span class=\"post-date\">18\/01\/2024<\/span><\/li>\n<li><a href=\"https:\/\/edublog.educastur.es\/ixuxu\/2024\/01\/bolines-o-pellets-de-plasticu-nel-mar-cantabricu\/\">Bolines o pellets de pl\u00e1sticu nel mar Cant\u00e1bricu<\/a>\u00a0<span class=\"post-date\">17\/01\/2024<\/span><\/li>\n<li><a href=\"https:\/\/edublog.educastur.es\/ixuxu\/2024\/01\/iguar-una-casa-nun-avion\/\">Iguar una casa nun avi\u00f3n Boeing 737<\/a>\u00a0<span class=\"post-date\">17\/01\/2024<\/span><\/li>\n<li><a href=\"https:\/\/edublog.educastur.es\/ixuxu\/2024\/01\/viesca-o-monte\/\">Viesca o monte<\/a>\u00a0<span class=\"post-date\">17\/01\/2024<\/span><\/li>\n<li><a href=\"https:\/\/edublog.educastur.es\/ixuxu\/2024\/01\/23730\/\">(sin t\u00edtulo)<\/a>\u00a0<span class=\"post-date\">17\/01\/2024<\/span><\/li>\n<li><a href=\"https:\/\/edublog.educastur.es\/ixuxu\/2024\/01\/asina-ye-liviernu\/\">Asina ye l\u2019iviernu<\/a>\u00a0<span class=\"post-date\">16\/01\/2024<\/span><\/li>\n<li><a href=\"https:\/\/edublog.educastur.es\/ixuxu\/2024\/01\/un-falopu-de-nieve-de-seis-puntes\/\">Un falopu de nieve de seis puntes<\/a>\u00a0<span class=\"post-date\">16\/01\/2024<\/span><\/li>\n<li><a href=\"https:\/\/edublog.educastur.es\/ixuxu\/2024\/01\/vi-edicion-de-los-premios-carmen-ruiz-tilve-pola-paz\/\">VI Edici\u00f3n de los Premios Carmen Ruiz-Tilve pola Paz<\/a>\u00a0<span class=\"post-date\">16\/01\/2024<\/span><\/li>\n<li><a href=\"https:\/\/edublog.educastur.es\/ixuxu\/2024\/01\/el-meyor-cachopu-asturianu\/\">El meyor cachopu asturianu<\/a>\u00a0<span class=\"post-date\">15\/01\/2024<\/span><\/li>\n<li><a href=\"https:\/\/edublog.educastur.es\/ixuxu\/2024\/01\/puntu-de-vacunacion-ensin-cita-previa\/\">Puntu de vacunaci\u00f3n ensin cita previa<\/a>\u00a0<span class=\"post-date\">15\/01\/2024<\/span><\/li>\n<li><a href=\"https:\/\/edublog.educastur.es\/ixuxu\/2024\/01\/dicires-nasturianu-2\/\">Dicires n\u2019asturianu<\/a>\u00a0<span class=\"post-date\">15\/01\/2024<\/span><\/li>\n<li><a href=\"https:\/\/edublog.educastur.es\/ixuxu\/2024\/01\/coses-que-nos-presta-guardar\/\">Coses que nos prestar\u00eda guardar\u2026<\/a>\u00a0<span class=\"post-date\">15\/01\/2024<\/span><\/li>\n<li><a href=\"https:\/\/edublog.educastur.es\/ixuxu\/2024\/01\/23719\/\">(sin t\u00edtulo)<\/a>\u00a0<span class=\"post-date\">15\/01\/2024<\/span><\/li>\n<li><a href=\"https:\/\/edublog.educastur.es\/ixuxu\/2024\/01\/equipamientos-culturales-nasturies-resume-de-2023\/\">Equipamientos culturales n\u2019Asturies, resume de 2023<\/a>\u00a0<span class=\"post-date\">15\/01\/2024<\/span><\/li>\n<li><a href=\"https:\/\/edublog.educastur.es\/ixuxu\/2024\/01\/23706\/\">(sin t\u00edtulo)<\/a>\u00a0<span class=\"post-date\">15\/01\/2024<\/span><\/li>\n<li><a href=\"https:\/\/edublog.educastur.es\/ixuxu\/2024\/01\/la-temporada-desqui-nasturies\/\">La temporada d\u2019esqu\u00ed n\u2019Asturies<\/a>\u00a0<span class=\"post-date\">15\/01\/2024<\/span><\/li>\n<li><a href=\"https:\/\/edublog.educastur.es\/ixuxu\/2024\/01\/tar-namorau-dasturies\/\">Tar namor\u00e1u d\u2019Asturies<\/a>\u00a0<span class=\"post-date\">15\/01\/2024<\/span><\/li>\n<li><a href=\"https:\/\/edublog.educastur.es\/ixuxu\/2024\/01\/el-tiempu-nasturianu\/\">El tiempu n\u2019asturianu<\/a>\u00a0<span class=\"post-date\">15\/01\/2024<\/span><\/li>\n<li><a href=\"https:\/\/edublog.educastur.es\/ixuxu\/2024\/01\/23692\/\">(sin t\u00edtulo)<\/a>\u00a0<span class=\"post-date\">15\/01\/2024<\/span><\/li>\n<li><a href=\"https:\/\/edublog.educastur.es\/ixuxu\/2024\/01\/23739\/\">Pallabreru: la fuina (gardu\u00f1a)<\/a>\u00a0<span class=\"post-date\">14\/01\/2024<\/span><\/li>\n<li><a href=\"https:\/\/edublog.educastur.es\/ixuxu\/2024\/01\/breve-hestoria-del-rei-pelayo\/\">Breve hestoria del Rei Pelayo<\/a>\u00a0<span class=\"post-date\">14\/01\/2024<\/span><\/li>\n<li><a href=\"https:\/\/edublog.educastur.es\/ixuxu\/2024\/01\/lluvia\/\">Lluvia<\/a>\u00a0<span class=\"post-date\">14\/01\/2024<\/span><\/li>\n<li><a href=\"https:\/\/edublog.educastur.es\/ixuxu\/2024\/01\/23670\/\">(sin t\u00edtulo)<\/a>\u00a0<span class=\"post-date\">13\/01\/2024<\/span><\/li>\n<li><a href=\"https:\/\/edublog.educastur.es\/ixuxu\/2024\/01\/23685\/\">(sin t\u00edtulo)<\/a>\u00a0<span class=\"post-date\">12\/01\/2024<\/span><\/li>\n<li><a href=\"https:\/\/edublog.educastur.es\/ixuxu\/2024\/01\/premios-streetartcities-llangreu\/\">\u00abCobertoria 2.0\u00bb en Llangr\u00e9u, finalista de #StreetArtCities<\/a>\u00a0<span class=\"post-date\">11\/01\/2024<\/span><\/li>\n<li><a href=\"https:\/\/edublog.educastur.es\/ixuxu\/2024\/01\/montes-asturianos\/\">Montes asturianos<\/a>\u00a0<span class=\"post-date\">11\/01\/2024<\/span><\/li>\n<li><a href=\"https:\/\/edublog.educastur.es\/ixuxu\/2024\/01\/23675\/\">(sin t\u00edtulo)<\/a>\u00a0<span class=\"post-date\">11\/01\/2024<\/span><\/li>\n<li><a href=\"https:\/\/edublog.educastur.es\/ixuxu\/2024\/01\/hestoria-de-les-lletres\/\">Hestoria de les lletres del alfabetu espa\u00f1ol<\/a>\u00a0<span class=\"post-date\">10\/01\/2024<\/span><\/li>\n<li><a href=\"https:\/\/edublog.educastur.es\/ixuxu\/2024\/01\/23679\/\">Poblaci\u00f3n n\u2019Asturies<\/a>\u00a0<span class=\"post-date\">10\/01\/2024<\/span><\/li>\n<li><a href=\"https:\/\/edublog.educastur.es\/ixuxu\/2024\/01\/dicires-repunante\/\">Dicires: \u00abRepunante\u00bb<\/a>\u00a0<span class=\"post-date\">10\/01\/2024<\/span><\/li>\n<li><a href=\"https:\/\/edublog.educastur.es\/ixuxu\/2024\/01\/nevando-nestos-momentos-en-fuentes-diviernu\/\">\u00d1evando nestos momentos en Fuentes d\u2019Iviernu<\/a>\u00a0<span class=\"post-date\">10\/01\/2024<\/span><\/li>\n<li><a href=\"https:\/\/edublog.educastur.es\/ixuxu\/2024\/01\/23667\/\">(sin t\u00edtulo)<\/a>\u00a0<span class=\"post-date\">10\/01\/2024<\/span><\/li>\n<li><a href=\"https:\/\/edublog.educastur.es\/ixuxu\/2024\/01\/como-lo-faen\/\">\u00bfC\u00f3mo lo faen?<\/a>\u00a0<span class=\"post-date\">10\/01\/2024<\/span><\/li>\n<li><a href=\"https:\/\/edublog.educastur.es\/ixuxu\/2024\/01\/aniversariu-de-tintin\/\">Aniversariu de Tint\u00edn<\/a>\u00a0<span class=\"post-date\">10\/01\/2024<\/span><\/li>\n<li><a href=\"https:\/\/edublog.educastur.es\/ixuxu\/2024\/01\/vuelve-nevar-en-cotes-altes\/\">Vuelve nevar en cotes altes<\/a>\u00a0<span class=\"post-date\">10\/01\/2024<\/span><\/li>\n<li><a href=\"https:\/\/edublog.educastur.es\/ixuxu\/2024\/01\/campana-desqui-nel-valle-de-l-laciana\/\">Campa\u00f1a d\u2019esqu\u00ed nel Valle de L.laciana<\/a>\u00a0<span class=\"post-date\">10\/01\/2024<\/span><\/li>\n<li><a href=\"https:\/\/edublog.educastur.es\/ixuxu\/2024\/01\/el-nublau-de-xineru-trai-la-nieve-tres-el-capiellu\/\">\u00abEl \u00f1ubl\u00e1u de xineru trai la nieve tres el capiellu\u00bb.<\/a>\u00a0<span class=\"post-date\">10\/01\/2024<\/span><\/li>\n<li><a href=\"https:\/\/edublog.educastur.es\/ixuxu\/2024\/01\/23250\/\">(sin t\u00edtulo)<\/a>\u00a0<span class=\"post-date\">10\/01\/2024<\/span><\/li>\n<li><a href=\"https:\/\/edublog.educastur.es\/ixuxu\/2024\/01\/llana-asturiano-de-la-raza-doveya-xalda-asturiana\/\">Llana asturiano de la raza d\u2019oveya xalda asturiana<\/a>\u00a0<span class=\"post-date\">09\/01\/2024<\/span><\/li>\n<li><a href=\"https:\/\/edublog.educastur.es\/ixuxu\/2024\/01\/collaboraciones-pa-terminar-suelos-y-demas\/\">Collaboraciones pa terminar suelos y dem\u00e1s\u2026<\/a>\u00a0<span class=\"post-date\">09\/01\/2024<\/span><\/li>\n<li><a href=\"https:\/\/edublog.educastur.es\/ixuxu\/2024\/01\/23638\/\">\u00bfCu\u00e1ndo entama la selmana?<\/a>\u00a0<span class=\"post-date\">09\/01\/2024<\/span><\/li>\n<li><a href=\"https:\/\/edublog.educastur.es\/ixuxu\/2024\/01\/la-ballena-azul-lanimal-conociu-mas-grande-que-vive-na-tierra\/\">La ballena azul, l\u2019animal conoc\u00edu m\u00e1s grande que vive na Tierra<\/a>\u00a0<span class=\"post-date\">09\/01\/2024<\/span><\/li>\n<li><a href=\"https:\/\/edublog.educastur.es\/ixuxu\/2024\/01\/festival-interceticu-de-lorient-en\/\">Festival Interc\u00e9ticu de Lorient, del 12-18 d\u2019agostu<\/a>\u00a0<span class=\"post-date\">09\/01\/2024<\/span><\/li>\n<li><a href=\"https:\/\/edublog.educastur.es\/ixuxu\/2024\/01\/23613\/\">Burbuxa conxel\u00e1<\/a>\u00a0<span class=\"post-date\">09\/01\/2024<\/span><\/li>\n<li><a href=\"https:\/\/edublog.educastur.es\/ixuxu\/2024\/01\/mas-paisaxes-nevaos\/\">M\u00e1s paisaxes \u00f1evaos<\/a>\u00a0<span class=\"post-date\">09\/01\/2024<\/span><\/li>\n<li><a href=\"https:\/\/edublog.educastur.es\/ixuxu\/2024\/01\/23619\/\">(sin t\u00edtulo)<\/a>\u00a0<span class=\"post-date\">09\/01\/2024<\/span><\/li>\n<li><a href=\"https:\/\/edublog.educastur.es\/ixuxu\/2024\/01\/estau-del-tiempu-nasturies-25\/\">Est\u00e1u del tiempu n\u2019Asturies<\/a>\u00a0<span class=\"post-date\">09\/01\/2024<\/span><\/li>\n<li><a href=\"https:\/\/edublog.educastur.es\/ixuxu\/2024\/01\/23589\/\">(sin t\u00edtulo)<\/a>\u00a0<span class=\"post-date\">09\/01\/2024<\/span><\/li>\n<li><a href=\"https:\/\/edublog.educastur.es\/ixuxu\/2024\/01\/dicires-6\/\">Dicires<\/a>\u00a0<span class=\"post-date\">08\/01\/2024<\/span><\/li>\n<li><a href=\"https:\/\/edublog.educastur.es\/ixuxu\/2024\/01\/entama-la-temporada-desqui-payares-abre-manana-y-fuentes-el-miercoles\/\">Entama la temporada d\u2019esqu\u00ed: Payares abre ma\u00f1ana y Fuentes, el mi\u00e9rcoles<\/a>\u00a0<span class=\"post-date\">08\/01\/2024<\/span><\/li>\n<li><a href=\"https:\/\/edublog.educastur.es\/ixuxu\/2024\/01\/provincies-despana\/\">Provincies d\u2019Espa\u00f1a<\/a>\u00a0<span class=\"post-date\">08\/01\/2024<\/span><\/li>\n<li><a href=\"https:\/\/edublog.educastur.es\/ixuxu\/2024\/01\/por-que-son-templaos-los-iglus\/\">\u00bfPor qu\u00e9 son templaos los igl\u00fas?<\/a>\u00a0<span class=\"post-date\">08\/01\/2024<\/span><\/li>\n<li><a href=\"https:\/\/edublog.educastur.es\/ixuxu\/2024\/01\/esti-iviernu-ta-al-reves\/\">Esti iviernu ta al rev\u00e9s<\/a>\u00a0<span class=\"post-date\">08\/01\/2024<\/span><\/li>\n<li><a href=\"https:\/\/edublog.educastur.es\/ixuxu\/2024\/01\/el-8-de-xineru-un-dia-de-grandes-mentes-cientifiques\/\">El 8 de xineru: Un d\u00eda de grandes mentes cient\u00edfiques<\/a>\u00a0<span class=\"post-date\">08\/01\/2024<\/span><\/li>\n<li><a href=\"https:\/\/edublog.educastur.es\/ixuxu\/2024\/01\/esta-ye-la-palabra-nasturianu-quusen-toos-los-espanoles\/\">Esta ye la palabra n\u2019asturianu qu\u2019usen toos los espa\u00f1oles.<\/a>\u00a0<span class=\"post-date\">08\/01\/2024<\/span><\/li>\n<li><a href=\"https:\/\/edublog.educastur.es\/ixuxu\/2024\/01\/23526\/\">(sin t\u00edtulo)<\/a>\u00a0<span class=\"post-date\">07\/01\/2024<\/span><\/li>\n<li><a href=\"https:\/\/edublog.educastur.es\/ixuxu\/2024\/01\/tamos-niviernu\/\">Tamos n\u2019iviernu<\/a>\u00a0<span class=\"post-date\">07\/01\/2024<\/span><\/li>\n<li><a href=\"https:\/\/edublog.educastur.es\/ixuxu\/2024\/01\/23601\/\">Radio \u00abSentir Asturies\u00bb: los Reis Magos y l\u2019amor pol Nadal<\/a>\u00a0<span class=\"post-date\">07\/01\/2024<\/span><\/li>\n<li><a href=\"https:\/\/edublog.educastur.es\/ixuxu\/2024\/01\/el-dia-7-en-valdesoto-sidros-y-comedia\/\">El d\u00eda 7 en Valdesoto, Sidros y comedia<\/a>\u00a0<span class=\"post-date\">06\/01\/2024<\/span><\/li>\n<li><a href=\"https:\/\/edublog.educastur.es\/ixuxu\/2024\/01\/una-escuela-ye-una-casa-daurelio-gonzalez-ovies\/\">\u00abUna escuela ye una casa\u00bb d\u2019Aurelio Gonz\u00e1lez Ovies.<\/a>\u00a0<span class=\"post-date\">06\/01\/2024<\/span><\/li>\n<li><a href=\"https:\/\/edublog.educastur.es\/ixuxu\/2024\/01\/pallabreru-nasturianu-soleyeru\/\">Pallabreru n\u2019asturianu: Soleyeru<\/a>\u00a0<span class=\"post-date\">06\/01\/2024<\/span><\/li>\n<li><a href=\"https:\/\/edublog.educastur.es\/ixuxu\/2024\/01\/si-te-tocal-munecu-o-la-fabona-nun-lo-escuendas\/\">Si te toca\u2019l mu\u00f1ecu o la fabona, nun lo escuendas<\/a>\u00a0<span class=\"post-date\">06\/01\/2024<\/span><\/li>\n<li><a href=\"https:\/\/edublog.educastur.es\/ixuxu\/2024\/01\/el-lleche\/\">El lleche<\/a>\u00a0<span class=\"post-date\">06\/01\/2024<\/span><\/li>\n<li><a href=\"https:\/\/edublog.educastur.es\/ixuxu\/2024\/01\/alerta-de-friu-nasturies-un-mantu-de-nieve-cubrel-paisaxe-asturiano\/\">Alerta de fr\u00edu n\u2019Asturies: un mantu de nieve cubre\u2019l paisaxe asturiano<\/a>\u00a0<span class=\"post-date\">06\/01\/2024<\/span><\/li>\n<li><a href=\"https:\/\/edublog.educastur.es\/ixuxu\/2024\/01\/los-reis-magos-doriente\/\">Los Reis Magos d\u2019Oriente<\/a>\u00a0<span class=\"post-date\">06\/01\/2024<\/span><\/li>\n<li><a href=\"https:\/\/edublog.educastur.es\/ixuxu\/2024\/01\/neva-nel-puertu-de-leitariegos\/\">\u00d1eva nel Puertu de Leitariegos<\/a>\u00a0<span class=\"post-date\">05\/01\/2024<\/span><\/li>\n<li><a href=\"https:\/\/edublog.educastur.es\/ixuxu\/2024\/01\/cabalgata-de-reis-megos-nuvieu\/\">Cabalgata de Reis Megos n\u2019Uvi\u00e9u<\/a>\u00a0<span class=\"post-date\">05\/01\/2024<\/span><\/li>\n<li><a href=\"https:\/\/edublog.educastur.es\/ixuxu\/2024\/01\/llega-la-neve-a-asturies\/\">Aporta la \u00f1eve a Asturies<\/a>\u00a0<span class=\"post-date\">05\/01\/2024<\/span><\/li>\n<li><a href=\"https:\/\/edublog.educastur.es\/ixuxu\/2024\/01\/como-faemos-los-chorizos-y-morcielles\/\">C\u00f3mo faemos los chorizos y morcielles\u2026<\/a>\u00a0<span class=\"post-date\">05\/01\/2024<\/span><\/li>\n<li><a href=\"https:\/\/edublog.educastur.es\/ixuxu\/2024\/01\/23448\/\">Edici\u00f3n n\u2019asturianu de \u00abLa mochila de Valeria\u00bb, alumna del nuesu colexu<\/a>\u00a0<span class=\"post-date\">05\/01\/2024<\/span><\/li>\n<li><a href=\"https:\/\/edublog.educastur.es\/ixuxu\/2024\/01\/23617\/\">(sin t\u00edtulo)<\/a>\u00a0<span class=\"post-date\">05\/01\/2024<\/span><\/li>\n<li><a href=\"https:\/\/edublog.educastur.es\/ixuxu\/2024\/01\/23437\/\">El Cuetu d\u2019Arbas ye\u2019l picu m\u00e1s conoc\u00edu del conceyu de Cangas del Narcea<\/a>\u00a0<span class=\"post-date\">05\/01\/2024<\/span><\/li>\n<li><a href=\"https:\/\/edublog.educastur.es\/ixuxu\/2024\/01\/situacion-de-la-rede-de-carreteres-del-estau\/\">Situaci\u00f3n de la Rede de Carreteres del Est\u00e1u<\/a>\u00a0<span class=\"post-date\">05\/01\/2024<\/span><\/li>\n<li><a href=\"https:\/\/edublog.educastur.es\/ixuxu\/2024\/01\/estau-del-tiempu-nasturies-24\/\">Est\u00e1u del tiempu n\u2019Asturies<\/a>\u00a0<span class=\"post-date\">05\/01\/2024<\/span><\/li>\n<li><a href=\"https:\/\/edublog.educastur.es\/ixuxu\/2024\/01\/cangas-kilometru-cero-mundial-de-la-carbayera-robledal\/\">Cangas, \u00abkil\u00f3metru cero mundial de la carbayera\/robledal\u2019<\/a>\u00a0<span class=\"post-date\">04\/01\/2024<\/span><\/li>\n<li><a href=\"https:\/\/edublog.educastur.es\/ixuxu\/2024\/01\/pallabreru-picar-a-la-puerta\/\">Pallabreru: picar a la puerta<\/a>\u00a0<span class=\"post-date\">04\/01\/2024<\/span><\/li>\n<li><a href=\"https:\/\/edublog.educastur.es\/ixuxu\/2024\/01\/una-version-nueva-de-como-ye\/\">Una versi\u00f3n nueva de \u2018C\u00f3mo ye?\u2019<\/a>\u00a0<span class=\"post-date\">04\/01\/2024<\/span><\/li>\n<li><a href=\"https:\/\/edublog.educastur.es\/ixuxu\/2024\/01\/mapa-del-supercontinente-pangea\/\">Mapa del supercontinente Pangea.<\/a>\u00a0<span class=\"post-date\">03\/01\/2024<\/span><\/li>\n<li><a href=\"https:\/\/edublog.educastur.es\/ixuxu\/2024\/01\/embobaos-o-atechecios-cola-tele\/\">Embobaos o atechec\u00edos cola tele<\/a>\u00a0<span class=\"post-date\">03\/01\/2024<\/span><\/li>\n<li><a href=\"https:\/\/edublog.educastur.es\/ixuxu\/2024\/01\/les-meyores-aurores-boreales-del-2024\/\">Les meyores aurores boreales t\u00e1n empecipi\u00e1u en 2024<\/a>\u00a0<span class=\"post-date\">03\/01\/2024<\/span><\/li>\n<li><a href=\"https:\/\/edublog.educastur.es\/ixuxu\/2024\/01\/dicires-quedar-como-la-gocha\/\">Dicires: \u00abQuedar como la gocha\u00bb<\/a>\u00a0<span class=\"post-date\">02\/01\/2024<\/span><\/li>\n<li><a href=\"https:\/\/edublog.educastur.es\/ixuxu\/2024\/01\/24025\/\">(sin t\u00edtulo)<\/a>\u00a0<span class=\"post-date\">02\/01\/2024<\/span><\/li>\n<li><a href=\"https:\/\/edublog.educastur.es\/ixuxu\/2024\/01\/felices-fiestes-y-bon-anu-2024\/\">(sin t\u00edtulo)<\/a>\u00a0<span class=\"post-date\">02\/01\/2024<\/span><\/li>\n<li><a href=\"https:\/\/edublog.educastur.es\/ixuxu\/2024\/01\/tpa-asturias-repor\/\">TPA: Asturias. repor<\/a>\u00a0<span class=\"post-date\">01\/01\/2024<\/span><\/li>\n<li><a href=\"https:\/\/edublog.educastur.es\/ixuxu\/2024\/01\/el-gurria-en-ponga\/\">El Gurria y l\u2019aguinaldo en Ponga<\/a>\u00a0<span class=\"post-date\">01\/01\/2024<\/span><\/li>\n<\/ul>\n","protected":false},"excerpt":{"rendered":"<p>Pesc\u00e1u de temporada: febreru\u00a031\/01\/2024 Confederaci\u00f3n Hidrogr\u00e1fica del Cant\u00e1bricu.\u00a031\/01\/2024 L\u2019Antroxu n\u2019Uvi\u00e9u, del 12 al 17 de febreru\u00a031\/01\/2024 El activista palestino por los derechos humanos y Fedema reciben el Premio por la Paz \u00abRuiz-Tilve\u00bb\u00a031\/01\/2024 Entrega de Premios pola Paz nel colexu\u00a031\/01\/2024 L\u2019AMPA acompa\u00f1a les candidatures presentaes al Premiu pola Paz\u00a031\/01\/2024 (sin t\u00edtulo)\u00a031\/01\/2024 \u00c1rea del tri\u00e1ngulu\u00a030\/01\/2024 Acompa\u00f1aos de [&hellip;]<\/p>\n","protected":false},"author":117,"featured_media":0,"parent":34967,"menu_order":0,"comment_status":"closed","ping_status":"closed","template":"","meta":{"footnotes":""},"class_list":["post-64953","page","type-page","status-publish","hentry"],"_links":{"self":[{"href":"https:\/\/edublog.educastur.es\/ixuxu\/wp-json\/wp\/v2\/pages\/64953","targetHints":{"allow":["GET"]}}],"collection":[{"href":"https:\/\/edublog.educastur.es\/ixuxu\/wp-json\/wp\/v2\/pages"}],"about":[{"href":"https:\/\/edublog.educastur.es\/ixuxu\/wp-json\/wp\/v2\/types\/page"}],"author":[{"embeddable":true,"href":"https:\/\/edublog.educastur.es\/ixuxu\/wp-json\/wp\/v2\/users\/117"}],"replies":[{"embeddable":true,"href":"https:\/\/edublog.educastur.es\/ixuxu\/wp-json\/wp\/v2\/comments?post=64953"}],"version-history":[{"count":1,"href":"https:\/\/edublog.educastur.es\/ixuxu\/wp-json\/wp\/v2\/pages\/64953\/revisions"}],"predecessor-version":[{"id":64954,"href":"https:\/\/edublog.educastur.es\/ixuxu\/wp-json\/wp\/v2\/pages\/64953\/revisions\/64954"}],"up":[{"embeddable":true,"href":"https:\/\/edublog.educastur.es\/ixuxu\/wp-json\/wp\/v2\/pages\/34967"}],"wp:attachment":[{"href":"https:\/\/edublog.educastur.es\/ixuxu\/wp-json\/wp\/v2\/media?parent=64953"}],"curies":[{"name":"wp","href":"https:\/\/api.w.org\/{rel}","templated":true}]}}