{"id":64959,"date":"2026-01-02T21:57:47","date_gmt":"2026-01-02T19:57:47","guid":{"rendered":"https:\/\/edublog.educastur.es\/ixuxu\/?page_id=64959"},"modified":"2026-01-02T21:57:47","modified_gmt":"2026-01-02T19:57:47","slug":"11_payares","status":"publish","type":"page","link":"https:\/\/edublog.educastur.es\/ixuxu\/archivu-blogue\/articulos\/2023-2\/11_payares\/","title":{"rendered":"11_Payares"},"content":{"rendered":"<ul>\n<li><\/li>\n<li><a href=\"https:\/\/edublog.educastur.es\/ixuxu\/2023\/11\/17571\/\">(sin t\u00edtulo)<\/a> <span class=\"post-date\">28\/11\/2023<\/span><\/li>\n<li><a href=\"https:\/\/edublog.educastur.es\/ixuxu\/2023\/11\/22983\/\">Nuesa representante trunf\u00f3 n\u2019Eurovisi\u00f3nJunior2023<\/a> <span class=\"post-date\">28\/11\/2023<\/span><\/li>\n<li><a href=\"https:\/\/edublog.educastur.es\/ixuxu\/2023\/11\/a-esgaya\/\">\u00abA esgaya\u00bb<\/a> <span class=\"post-date\">26\/11\/2023<\/span><\/li>\n<li><a href=\"https:\/\/edublog.educastur.es\/ixuxu\/2023\/11\/platos-tipicos-asturianos-na-mesa-navidiega\/\">Platos t\u00edpicos asturianos na mesa navidiega<\/a> <span class=\"post-date\">24\/11\/2023<\/span><\/li>\n<li><a href=\"https:\/\/edublog.educastur.es\/ixuxu\/2023\/11\/premiu-castana-dacebache\/\">Premiu \u00abCasta\u00f1a d\u2019acebache\u00bb<\/a> <span class=\"post-date\">24\/11\/2023<\/span><\/li>\n<li><a href=\"https:\/\/edublog.educastur.es\/ixuxu\/2023\/11\/cernicalo-vulgar\/\">Cern\u00edcalo vulgar<\/a> <span class=\"post-date\">24\/11\/2023<\/span><\/li>\n<li><a href=\"https:\/\/edublog.educastur.es\/ixuxu\/2023\/11\/22967\/\">(sin t\u00edtulo)<\/a> <span class=\"post-date\">24\/11\/2023<\/span><\/li>\n<li><a href=\"https:\/\/edublog.educastur.es\/ixuxu\/2023\/11\/22964\/\">(sin t\u00edtulo)<\/a> <span class=\"post-date\">24\/11\/2023<\/span><\/li>\n<li><a href=\"https:\/\/edublog.educastur.es\/ixuxu\/2023\/11\/los-robecos-gocien-duna-bona-salu\/\">Los robecos gocien d\u2019una bona sal\u00fa<\/a> <span class=\"post-date\">24\/11\/2023<\/span><\/li>\n<li><a href=\"https:\/\/edublog.educastur.es\/ixuxu\/2023\/11\/ortografia-nun-minutu\/\">Ortograf\u00eda nun minutu<\/a> <span class=\"post-date\">24\/11\/2023<\/span><\/li>\n<li><a href=\"https:\/\/edublog.educastur.es\/ixuxu\/2023\/11\/xixon\/\">Xix\u00f3n<\/a> <span class=\"post-date\">24\/11\/2023<\/span><\/li>\n<li><a href=\"https:\/\/edublog.educastur.es\/ixuxu\/2023\/11\/dia-mundial-de-la-evolucion\/\">D\u00eda Mundial de la Evoluci\u00f3n<\/a> <span class=\"post-date\">24\/11\/2023<\/span><\/li>\n<li><a href=\"https:\/\/edublog.educastur.es\/ixuxu\/2023\/11\/estau-del-tiempu-nasturies-19\/\">Est\u00e1u del tiempu n\u2019Asturies<\/a> <span class=\"post-date\">24\/11\/2023<\/span><\/li>\n<li><a href=\"https:\/\/edublog.educastur.es\/ixuxu\/2023\/11\/queden-veinti-dies-pa-que-llegue-languleru\/\">Queden venti d\u00edes pa que llegue l\u2019Anguleru<\/a> <span class=\"post-date\">23\/11\/2023<\/span><\/li>\n<li><a href=\"https:\/\/edublog.educastur.es\/ixuxu\/2023\/11\/campana-promocion-del-ave\/\">Campa\u00f1a promoci\u00f3n del AVE<\/a> <span class=\"post-date\">23\/11\/2023<\/span><\/li>\n<li><a href=\"https:\/\/edublog.educastur.es\/ixuxu\/2023\/11\/pallabreru-del-banu\/\">Pallabreru del ba\u00f1u<\/a> <span class=\"post-date\">23\/11\/2023<\/span><\/li>\n<li><a href=\"https:\/\/edublog.educastur.es\/ixuxu\/2023\/11\/lhorru-beyusco\/\">L\u2019Horru beyusco (Conceyu de Ponga)<\/a> <span class=\"post-date\">23\/11\/2023<\/span><\/li>\n<li><a href=\"https:\/\/edublog.educastur.es\/ixuxu\/2023\/11\/ser-asturianu\/\">Pallabreru: Fervidiellu<\/a> <span class=\"post-date\">23\/11\/2023<\/span><\/li>\n<li><a href=\"https:\/\/edublog.educastur.es\/ixuxu\/2023\/11\/pequena-tortua-con-una-hora-de-vida\/\">Pequena tort\u00faa con una hora de vida<\/a> <span class=\"post-date\">23\/11\/2023<\/span><\/li>\n<li><a href=\"https:\/\/edublog.educastur.es\/ixuxu\/2023\/11\/54o-totalenergies-san-silvestre-de-xixon\/\">54\u00ba TotalEnergies San Silvestre de Xix\u00f3n<\/a> <span class=\"post-date\">23\/11\/2023<\/span><\/li>\n<li><a href=\"https:\/\/edublog.educastur.es\/ixuxu\/2023\/11\/22903\/\">(sin t\u00edtulo)<\/a> <span class=\"post-date\">23\/11\/2023<\/span><\/li>\n<li><a href=\"https:\/\/edublog.educastur.es\/ixuxu\/2023\/11\/en-payares-xornaes-gastronomiques-del-gochu\/\">En payares\u2026 xorn\u00e1es gastron\u00f3miques del gochu<\/a> <span class=\"post-date\">23\/11\/2023<\/span><\/li>\n<li><a href=\"https:\/\/edublog.educastur.es\/ixuxu\/2023\/11\/numberu-13-de-ciencies\/\">N\u00famberu 13 de \u2018Ciencies\u2019<\/a> <span class=\"post-date\">23\/11\/2023<\/span><\/li>\n<li><a href=\"https:\/\/edublog.educastur.es\/ixuxu\/2023\/11\/el-polu-norte-la-tierra-que-non-te-amuesen\/\">El Polu Norte. La Tierra que non te amuesen.<\/a> <span class=\"post-date\">23\/11\/2023<\/span><\/li>\n<li><a href=\"https:\/\/edublog.educastur.es\/ixuxu\/2023\/11\/17417\/\">(sin t\u00edtulo)<\/a> <span class=\"post-date\">23\/11\/2023<\/span><\/li>\n<li><a href=\"https:\/\/edublog.educastur.es\/ixuxu\/2023\/11\/22878\/\">Viesca na seronda<\/a> <span class=\"post-date\">22\/11\/2023<\/span><\/li>\n<li><a href=\"https:\/\/edublog.educastur.es\/ixuxu\/2023\/11\/dia-internacional-de-la-musica\/\">D\u00eda Internacional de la M\u00fasica<\/a> <span class=\"post-date\">22\/11\/2023<\/span><\/li>\n<li><a href=\"https:\/\/edublog.educastur.es\/ixuxu\/2023\/11\/22905\/\">D\u00eda Mundial de la TV<\/a> <span class=\"post-date\">21\/11\/2023<\/span><\/li>\n<li><a href=\"https:\/\/edublog.educastur.es\/ixuxu\/2023\/11\/22869\/\">El Princip\u00e1u llanza la campa\u00f1a pa promover l\u2019usu de les lling\u00fces propies d\u2019Asturies<\/a> <span class=\"post-date\">21\/11\/2023<\/span><\/li>\n<li><a href=\"https:\/\/edublog.educastur.es\/ixuxu\/2023\/11\/22867\/\">(sin t\u00edtulo)<\/a> <span class=\"post-date\">20\/11\/2023<\/span><\/li>\n<li><a href=\"https:\/\/edublog.educastur.es\/ixuxu\/2023\/11\/la-reserva-hidrica-espanola-atopase-al-436-de-la-so-capacida\/\">La reserva h\u00eddrica espa\u00f1ola at\u00f3pase al 43,6% de la so capacid\u00e1.<\/a> <span class=\"post-date\">20\/11\/2023<\/span><\/li>\n<li><a href=\"https:\/\/edublog.educastur.es\/ixuxu\/2023\/11\/axeda-dactos-del-principau-dasturies\/\">Axeda d\u2019actos del Princip\u00e1u d\u2019Asturies<\/a> <span class=\"post-date\">20\/11\/2023<\/span><\/li>\n<li><a href=\"https:\/\/edublog.educastur.es\/ixuxu\/2023\/11\/estau-del-tiempu-nasturies-18\/\">Est\u00e1u del tiempu n\u2019Asturies<\/a> <span class=\"post-date\">20\/11\/2023<\/span><\/li>\n<li><a href=\"https:\/\/edublog.educastur.es\/ixuxu\/2023\/11\/dia-internacional-del-ninu\/\">D\u00eda Internacional del ni\u00f1u<\/a> <span class=\"post-date\">20\/11\/2023<\/span><\/li>\n<li><a href=\"https:\/\/edublog.educastur.es\/ixuxu\/2023\/11\/22745\/\">(sin t\u00edtulo)<\/a> <span class=\"post-date\">20\/11\/2023<\/span><\/li>\n<li><a href=\"https:\/\/edublog.educastur.es\/ixuxu\/2023\/11\/falamos-3\/\">Falamos<\/a> <span class=\"post-date\">19\/11\/2023<\/span><\/li>\n<li><a href=\"https:\/\/edublog.educastur.es\/ixuxu\/2023\/11\/cosines-de-clas-pildores-gramaticales\/\">Cosines de clas: P\u00edldores gramaticales<\/a> <span class=\"post-date\">19\/11\/2023<\/span><\/li>\n<li><a href=\"https:\/\/edublog.educastur.es\/ixuxu\/2023\/11\/shakira-durante-su-presentacion-xunto-a-bizzarap-nos-latingrammy\/\">#Shakira durante su presentaci\u00f3n xunto a #bizzarap nos #LatinGRAMMY<\/a> <span class=\"post-date\">19\/11\/2023<\/span><\/li>\n<li><a href=\"https:\/\/edublog.educastur.es\/ixuxu\/2023\/11\/mas-aviones-despegando-y-aterrizando\/\">M\u00e1s aviones despegando y aterrizando<\/a> <span class=\"post-date\">19\/11\/2023<\/span><\/li>\n<li><a href=\"https:\/\/edublog.educastur.es\/ixuxu\/2023\/11\/22802\/\">(sin t\u00edtulo)<\/a> <span class=\"post-date\">19\/11\/2023<\/span><\/li>\n<li><a href=\"https:\/\/edublog.educastur.es\/ixuxu\/2023\/11\/increibles-vistes-de-la-tierra\/\">Incre\u00edbles vistes de la Tierra<\/a> <span class=\"post-date\">19\/11\/2023<\/span><\/li>\n<li><a href=\"https:\/\/edublog.educastur.es\/ixuxu\/2023\/11\/22795\/\">Poes\u00eda selmanal d\u2019Inaciu Gal\u00e1n<\/a> <span class=\"post-date\">19\/11\/2023<\/span><\/li>\n<li><a href=\"https:\/\/edublog.educastur.es\/ixuxu\/2023\/11\/dia-de-la-muyer-emprendedora\/\">D\u00eda de la Muyer Emprendedora<\/a> <span class=\"post-date\">19\/11\/2023<\/span><\/li>\n<li><a href=\"https:\/\/edublog.educastur.es\/ixuxu\/2023\/11\/22743\/\">(sin t\u00edtulo)<\/a> <span class=\"post-date\">18\/11\/2023<\/span><\/li>\n<li><a href=\"https:\/\/edublog.educastur.es\/ixuxu\/2023\/11\/22790\/\">Viesca<\/a> <span class=\"post-date\">17\/11\/2023<\/span><\/li>\n<li><a href=\"https:\/\/edublog.educastur.es\/ixuxu\/2023\/11\/18421\/\">Les persones nun s\u2019escaecen.<\/a> <span class=\"post-date\">17\/11\/2023<\/span><\/li>\n<li><a href=\"https:\/\/edublog.educastur.es\/ixuxu\/2023\/11\/pa-rir-un-pocu\/\">Pa rir un pocu\u2026<\/a> <span class=\"post-date\">16\/11\/2023<\/span><\/li>\n<li><a href=\"https:\/\/edublog.educastur.es\/ixuxu\/2023\/11\/dia-internacional-del-flamencu\/\">D\u00eda Internacional del Flamencu<\/a> <span class=\"post-date\">16\/11\/2023<\/span><\/li>\n<li><a href=\"https:\/\/edublog.educastur.es\/ixuxu\/2023\/11\/cosines-de-clas-3\/\">Cosines de clas<\/a> <span class=\"post-date\">16\/11\/2023<\/span><\/li>\n<li><a href=\"https:\/\/edublog.educastur.es\/ixuxu\/2023\/11\/feliz-dia-internacional-para-la-tolerancia\/\">\u00a1Feliz D\u00eda Internacional para la Tolerancia!<\/a> <span class=\"post-date\">16\/11\/2023<\/span><\/li>\n<li><a href=\"https:\/\/edublog.educastur.es\/ixuxu\/2023\/11\/xv-premiu-camareta-al-meyor-cantar-2023-pa-vero-rubio\/\">XV Premiu Camaret\u00e1 al Meyor Cantar 2023 pa Vero Rubio<\/a> <span class=\"post-date\">15\/11\/2023<\/span><\/li>\n<li><a href=\"https:\/\/edublog.educastur.es\/ixuxu\/2023\/11\/18404\/\">(sin t\u00edtulo)<\/a> <span class=\"post-date\">15\/11\/2023<\/span><\/li>\n<li><a href=\"https:\/\/edublog.educastur.es\/ixuxu\/2023\/11\/laeropuertu-dasturies-supera-los-1-950-000-viaxeros-nos-postreros-dolce-meses\/\">L\u2019aeropuertu d\u2019Asturies supera los 1.950.000 viaxeros nos postreros dolce meses<\/a> <span class=\"post-date\">14\/11\/2023<\/span><\/li>\n<li><a href=\"https:\/\/edublog.educastur.es\/ixuxu\/2023\/11\/mapa-del-reino-visigodo-586-711\/\">Mapa del Reinu Visigodo, 586-711.<\/a> <span class=\"post-date\">14\/11\/2023<\/span><\/li>\n<li><a href=\"https:\/\/edublog.educastur.es\/ixuxu\/2023\/11\/la-lluna-la-tierra-y-la-via-lactea-nuna-imaxe-increible\/\">La Lluna, la Tierra y la V\u00eda L\u00e1ctea n\u2019una imaxe incre\u00edble.<\/a> <span class=\"post-date\">14\/11\/2023<\/span><\/li>\n<li><a href=\"https:\/\/edublog.educastur.es\/ixuxu\/2023\/11\/sigue-la-mayanza-2023\/\">Sigue la Mayanza 2023<\/a> <span class=\"post-date\">14\/11\/2023<\/span><\/li>\n<li><a href=\"https:\/\/edublog.educastur.es\/ixuxu\/2023\/11\/con-esti-friu-como-presta-xintar-esti-pote\/\">Con esti fr\u00edu, \u00a1c\u00f3mo presta xintar esti pote!<\/a> <span class=\"post-date\">14\/11\/2023<\/span><\/li>\n<li><a href=\"https:\/\/edublog.educastur.es\/ixuxu\/2023\/11\/22764\/\">(sin t\u00edtulo)<\/a> <span class=\"post-date\">14\/11\/2023<\/span><\/li>\n<li><a href=\"https:\/\/edublog.educastur.es\/ixuxu\/2023\/11\/22757\/\">La meyor que vimos en trampol\u00edn femen\u00edn<\/a> <span class=\"post-date\">14\/11\/2023<\/span><\/li>\n<li><a href=\"https:\/\/edublog.educastur.es\/ixuxu\/2023\/11\/aterrizando-nel-aeropuertu-de-barcelona\/\">Aterrizando nel Aeropuertu de Barcelona<\/a> <span class=\"post-date\">14\/11\/2023<\/span><\/li>\n<li><a href=\"https:\/\/edublog.educastur.es\/ixuxu\/2023\/11\/esta-ye-la-palabra-mas-guapa-que-solo-susa-nasturies-y-el-so-significau\/\">Esta ye la palabra m\u00e1s guapa que solo s\u2019usa n\u2019Asturies (y el so signific\u00e1u)<\/a> <span class=\"post-date\">14\/11\/2023<\/span><\/li>\n<li><a href=\"https:\/\/edublog.educastur.es\/ixuxu\/2023\/11\/norabona-a-aitana-alumna-del-nuesu-colexu\/\">Norabona a Aitana, alumna del nuesu colexu<\/a> <span class=\"post-date\">14\/11\/2023<\/span><\/li>\n<li><a href=\"https:\/\/edublog.educastur.es\/ixuxu\/2023\/11\/dia-mundial-de-la-diabetes\/\">D\u00eda Mundial de la Diabetes<\/a> <span class=\"post-date\">14\/11\/2023<\/span><\/li>\n<li><a href=\"https:\/\/edublog.educastur.es\/ixuxu\/2023\/11\/dia-mundial-de-lamabilida-y-la-bonda\/\">D\u00eda Mundial de l\u2019Amabilid\u00e1 y la Bond\u00e1.<\/a> <span class=\"post-date\">13\/11\/2023<\/span><\/li>\n<li><a href=\"https:\/\/edublog.educastur.es\/ixuxu\/2023\/11\/22644\/\">(sin t\u00edtulo)<\/a> <span class=\"post-date\">13\/11\/2023<\/span><\/li>\n<li><a href=\"https:\/\/edublog.educastur.es\/ixuxu\/2023\/11\/22733\/\">(sin t\u00edtulo)<\/a> <span class=\"post-date\">12\/11\/2023<\/span><\/li>\n<li><a href=\"https:\/\/edublog.educastur.es\/ixuxu\/2023\/11\/xv-premiu-camareta-al-meyor-cantar-2023\/\">XV Premiu Camaret\u00e1 al Meyor Cantar 2023<\/a> <span class=\"post-date\">12\/11\/2023<\/span><\/li>\n<li><a href=\"https:\/\/edublog.educastur.es\/ixuxu\/2023\/11\/una-escuela-ye-una-casa\/\">\u00abUna escuela ye una casa\u00bb noved\u00e1 de Pintar-Pintar<\/a> <span class=\"post-date\">12\/11\/2023<\/span><\/li>\n<li><a href=\"https:\/\/edublog.educastur.es\/ixuxu\/2023\/11\/22713\/\">(sin t\u00edtulo)<\/a> <span class=\"post-date\">12\/11\/2023<\/span><\/li>\n<li><a href=\"https:\/\/edublog.educastur.es\/ixuxu\/2023\/11\/los-placeres-de-la-seronda-nos-montes-oseros\/\">Los placeres de la seronda nos montes oseros.<\/a> <span class=\"post-date\">12\/11\/2023<\/span><\/li>\n<li><a href=\"https:\/\/edublog.educastur.es\/ixuxu\/2023\/11\/22708\/\">(sin t\u00edtulo)<\/a> <span class=\"post-date\">12\/11\/2023<\/span><\/li>\n<li><a href=\"https:\/\/edublog.educastur.es\/ixuxu\/2023\/11\/lesitu-del-anunciu-navidiegu-de-suchard\/\">L\u2019\u00e9situ del anunciu navidiegu de Suchard<\/a> <span class=\"post-date\">12\/11\/2023<\/span><\/li>\n<li><a href=\"https:\/\/edublog.educastur.es\/ixuxu\/2023\/11\/22685\/\">La vida na Tierra ta absolutamente apoderada por seres diminutos<\/a> <span class=\"post-date\">12\/11\/2023<\/span><\/li>\n<li><a href=\"https:\/\/edublog.educastur.es\/ixuxu\/2023\/11\/xornaes-gastronomiques-de-les-castanes-valdunes-en-les-regueres\/\">Xorn\u00e1es gastron\u00f3miques de les casta\u00f1es valdunes en Les Regueres<\/a> <span class=\"post-date\">12\/11\/2023<\/span><\/li>\n<li><a href=\"https:\/\/edublog.educastur.es\/ixuxu\/2023\/11\/el-kiwino-tamien-llamau-quivi-nanu-quivi-baby-y-minikiwi\/\">El kiwi\u00f1o, tami\u00e9n llam\u00e1u quivi nanu, quivi baby y minikiwi.<\/a> <span class=\"post-date\">12\/11\/2023<\/span><\/li>\n<li><a href=\"https:\/\/edublog.educastur.es\/ixuxu\/2023\/11\/dicires-ser-asturianu-2\/\">\u00abA falta pan, bono ye boro\u00f1a\u00bb.<\/a> <span class=\"post-date\">12\/11\/2023<\/span><\/li>\n<li><a href=\"https:\/\/edublog.educastur.es\/ixuxu\/2023\/11\/22663\/\">Pr\u00f3sima apertura de la variante ferroviaria de Payares<\/a> <span class=\"post-date\">12\/11\/2023<\/span><\/li>\n<li><a href=\"https:\/\/edublog.educastur.es\/ixuxu\/2023\/11\/dia-de-les-llibreries-11-de-payares\/\">D\u00eda de les Llibrer\u00edes: 11 de payares<\/a> <span class=\"post-date\">11\/11\/2023<\/span><\/li>\n<li><a href=\"https:\/\/edublog.educastur.es\/ixuxu\/2023\/11\/dia-mundial-del-origami-2\/\">D\u00eda Mundial del Origami<\/a> <span class=\"post-date\">11\/11\/2023<\/span><\/li>\n<li><a href=\"https:\/\/edublog.educastur.es\/ixuxu\/2023\/11\/22652\/\">(sin t\u00edtulo)<\/a> <span class=\"post-date\">11\/11\/2023<\/span><\/li>\n<li><a href=\"https:\/\/edublog.educastur.es\/ixuxu\/2023\/11\/dia-mundial-de-la-ciencia-pa-la-paz-y-el-desarrollu\/\">D\u00eda Mundial de la Ciencia pa la paz y el desarrollu<\/a> <span class=\"post-date\">10\/11\/2023<\/span><\/li>\n<li><a href=\"https:\/\/edublog.educastur.es\/ixuxu\/2023\/11\/22649\/\">(sin t\u00edtulo)<\/a> <span class=\"post-date\">09\/11\/2023<\/span><\/li>\n<li><a href=\"https:\/\/edublog.educastur.es\/ixuxu\/2023\/11\/los-aguilandeiros-de-san-xuan\/\">Los Aguilandeiros de San Xuan!!!<\/a> <span class=\"post-date\">09\/11\/2023<\/span><\/li>\n<li><a href=\"https:\/\/edublog.educastur.es\/ixuxu\/2023\/11\/pallabreru-escucar\/\">Pallabreru: Escucar<\/a> <span class=\"post-date\">09\/11\/2023<\/span><\/li>\n<li><a href=\"https:\/\/edublog.educastur.es\/ixuxu\/2023\/11\/de-samhain-a-yule\/\">De Samhain a Yule\u2026<\/a> <span class=\"post-date\">09\/11\/2023<\/span><\/li>\n<li><a href=\"https:\/\/edublog.educastur.es\/ixuxu\/2023\/11\/22735\/\">D\u00eda de Carl Sagan<\/a> <span class=\"post-date\">09\/11\/2023<\/span><\/li>\n<li><a href=\"https:\/\/edublog.educastur.es\/ixuxu\/2023\/11\/estau-del-tiempu-nasturies-17\/\">Est\u00e1u del tiempu n\u2019Asturies<\/a> <span class=\"post-date\">09\/11\/2023<\/span><\/li>\n<li><a href=\"https:\/\/edublog.educastur.es\/ixuxu\/2023\/11\/22583\/\">(sin t\u00edtulo)<\/a> <span class=\"post-date\">09\/11\/2023<\/span><\/li>\n<li><a href=\"https:\/\/edublog.educastur.es\/ixuxu\/2023\/11\/22639\/\">\u00a1Fin de selmana para nun salir de Les Arriondes!\u00a0<\/a> <span class=\"post-date\">08\/11\/2023<\/span><\/li>\n<li><a href=\"https:\/\/edublog.educastur.es\/ixuxu\/2023\/11\/22629\/\">(sin t\u00edtulo)<\/a> <span class=\"post-date\">08\/11\/2023<\/span><\/li>\n<li><a href=\"https:\/\/edublog.educastur.es\/ixuxu\/2023\/11\/la-hestoria-de-zealandia\/\">La hestoria de Zealandia, l\u2019octavu continente<\/a> <span class=\"post-date\">08\/11\/2023<\/span><\/li>\n<li><a href=\"https:\/\/edublog.educastur.es\/ixuxu\/2023\/11\/22620\/\">(sin t\u00edtulo)<\/a> <span class=\"post-date\">08\/11\/2023<\/span><\/li>\n<li><a href=\"https:\/\/edublog.educastur.es\/ixuxu\/2023\/11\/correos-emite-un-sellu-dedicau-a-rozalen\/\">Correos emite un sellu dedic\u00e1u a Rozal\u00e9n<\/a> <span class=\"post-date\">08\/11\/2023<\/span><\/li>\n<li><a href=\"https:\/\/edublog.educastur.es\/ixuxu\/2023\/11\/carreteres-del-imperiu-romano\/\">Carreteres del Imperiu Romano<\/a> <span class=\"post-date\">08\/11\/2023<\/span><\/li>\n<li><a href=\"https:\/\/edublog.educastur.es\/ixuxu\/2023\/11\/xugando-nes-nubes-un-deseo-para-la-paz\/\">Xugando nes Nubes: Un Deseo para la Paz<\/a> <span class=\"post-date\">08\/11\/2023<\/span><\/li>\n<li><a href=\"https:\/\/edublog.educastur.es\/ixuxu\/2023\/11\/tiempu-de-dir-a-la-gueta-les-castanes\/\">Tiempu de dir a la gueta les casta\u00f1es<\/a> <span class=\"post-date\">08\/11\/2023<\/span><\/li>\n<li><a href=\"https:\/\/edublog.educastur.es\/ixuxu\/2023\/11\/mazcaritos-duvieu-3\/\">Mazcaritos d\u2019Uvi\u00e9u<\/a> <span class=\"post-date\">08\/11\/2023<\/span><\/li>\n<li><a href=\"https:\/\/edublog.educastur.es\/ixuxu\/2023\/11\/22590\/\">Pallabreru de les com\u00edes<\/a> <span class=\"post-date\">08\/11\/2023<\/span><\/li>\n<li><a href=\"https:\/\/edublog.educastur.es\/ixuxu\/2023\/11\/22580\/\">Espaciu dixital personal<\/a> <span class=\"post-date\">08\/11\/2023<\/span><\/li>\n<li><a href=\"https:\/\/edublog.educastur.es\/ixuxu\/2023\/11\/el-7-de-payares-de-1867-naz-marie-curie-2\/\">El 7 de payares de 1867 naz Marie Curie<\/a> <span class=\"post-date\">07\/11\/2023<\/span><\/li>\n<li><a href=\"https:\/\/edublog.educastur.es\/ixuxu\/2023\/11\/22550\/\">(sin t\u00edtulo)<\/a> <span class=\"post-date\">07\/11\/2023<\/span><\/li>\n<li><a href=\"https:\/\/edublog.educastur.es\/ixuxu\/2023\/11\/22514\/\">(sin t\u00edtulo)<\/a> <span class=\"post-date\">06\/11\/2023<\/span><\/li>\n<li><a href=\"https:\/\/edublog.educastur.es\/ixuxu\/2023\/11\/cruciando-los-deos-por-que-pixar-faiga-una-pelicula-animada-sobrol-pozu-soton\/\">Cruciando los deos por que Pixar faiga una pel\u00edcula animada sobro\u2019l Pozu Sot\u00f3n.<\/a> <span class=\"post-date\">05\/11\/2023<\/span><\/li>\n<li><a href=\"https:\/\/edublog.educastur.es\/ixuxu\/2023\/11\/22568\/\">25 aniversario del Mus\u00e9u del Ferrocarril d\u2019Asturies<\/a> <span class=\"post-date\">05\/11\/2023<\/span><\/li>\n<li><a href=\"https:\/\/edublog.educastur.es\/ixuxu\/2023\/11\/escuela-procede-del-griegu-schole-y-significa-ociu-tiempu-llibre\/\">\u201cEscuela\u201d procede del griegu \u201cschol\u00e9\u201d y significa \u201cociu, tiempu llibre\u201d.<\/a> <span class=\"post-date\">05\/11\/2023<\/span><\/li>\n<li><a href=\"https:\/\/edublog.educastur.es\/ixuxu\/2023\/11\/22509\/\">(sin t\u00edtulo)<\/a> <span class=\"post-date\">05\/11\/2023<\/span><\/li>\n<li><a href=\"https:\/\/edublog.educastur.es\/ixuxu\/2023\/11\/foncalada-una-ayalga-historica-dasturies\/\">Foncalada, una ayalga hist\u00f3rica d\u2019Asturies<\/a> <span class=\"post-date\">05\/11\/2023<\/span><\/li>\n<li><a href=\"https:\/\/edublog.educastur.es\/ixuxu\/2023\/11\/salu-ya-friu\/\">Sal\u00fa ya fr\u00edu<\/a> <span class=\"post-date\">05\/11\/2023<\/span><\/li>\n<li><a href=\"https:\/\/edublog.educastur.es\/ixuxu\/2023\/11\/falamos-2\/\">Falamos: Pallabreru de la familia<\/a> <span class=\"post-date\">05\/11\/2023<\/span><\/li>\n<li><a href=\"https:\/\/edublog.educastur.es\/ixuxu\/2023\/11\/22539\/\">(sin t\u00edtulo)<\/a> <span class=\"post-date\">05\/11\/2023<\/span><\/li>\n<li><a href=\"https:\/\/edublog.educastur.es\/ixuxu\/2023\/11\/22537\/\">(sin t\u00edtulo)<\/a> <span class=\"post-date\">05\/11\/2023<\/span><\/li>\n<li><a href=\"https:\/\/edublog.educastur.es\/ixuxu\/2023\/11\/22520\/\">Dificultaes teunol\u00f3xiques<\/a> <span class=\"post-date\">05\/11\/2023<\/span><\/li>\n<li><a href=\"https:\/\/edublog.educastur.es\/ixuxu\/2023\/11\/22516\/\">Ramu navidiegu<\/a> <span class=\"post-date\">05\/11\/2023<\/span><\/li>\n<li><a href=\"https:\/\/edublog.educastur.es\/ixuxu\/2023\/11\/apertura-d-ela-variante-de-payares-29\/\">Apertura de la Variante de Payares: 29<\/a> <span class=\"post-date\">05\/11\/2023<\/span><\/li>\n<li><a href=\"https:\/\/edublog.educastur.es\/ixuxu\/2023\/11\/22496\/\">(sin t\u00edtulo)<\/a> <span class=\"post-date\">05\/11\/2023<\/span><\/li>\n<li><a href=\"https:\/\/edublog.educastur.es\/ixuxu\/2023\/11\/selmana-europea-de-prevencion-de-residuos\/\">Selmana Europea de Prevenci\u00f3n de residuos n\u2019Asturies 2023<\/a> <span class=\"post-date\">05\/11\/2023<\/span><\/li>\n<li><a href=\"https:\/\/edublog.educastur.es\/ixuxu\/2023\/11\/22484\/\">(sin t\u00edtulo)<\/a> <span class=\"post-date\">05\/11\/2023<\/span><\/li>\n<li><a href=\"https:\/\/edublog.educastur.es\/ixuxu\/2023\/11\/les-sacaveres\/\">Les sacaveres\u2026<\/a> <span class=\"post-date\">05\/11\/2023<\/span><\/li>\n<li><a href=\"https:\/\/edublog.educastur.es\/ixuxu\/2023\/11\/este-yel-trucu-xapones-para-preparar-les-meyores-castanes-asaes\/\">Este ye\u2019l trucu xapon\u00e9s para preparar les meyores casta\u00f1es asaes<\/a> <span class=\"post-date\">05\/11\/2023<\/span><\/li>\n<li><a href=\"https:\/\/edublog.educastur.es\/ixuxu\/2023\/11\/la-cai-gascona-cellebral-tradicional-amaguestu\/\">La cai Gascona cellebra\u2019l tradicional amag\u00fcestu<\/a> <span class=\"post-date\">05\/11\/2023<\/span><\/li>\n<li><a href=\"https:\/\/edublog.educastur.es\/ixuxu\/2023\/11\/poesia-selmanal\/\">Poes\u00eda Selmanal d\u2019Inaciu Gal\u00e1n<\/a> <span class=\"post-date\">04\/11\/2023<\/span><\/li>\n<li><a href=\"https:\/\/edublog.educastur.es\/ixuxu\/2023\/11\/alertes-por-fuertes-vientos-nasturies\/\">Alertes por fuertes vientos n\u2019Asturies<\/a> <span class=\"post-date\">04\/11\/2023<\/span><\/li>\n<li><a href=\"https:\/\/edublog.educastur.es\/ixuxu\/2023\/11\/dias-de-ciclogenesis-galernes-y-temporales\/\">D\u00edes de Ciclog\u00e9nesis, galernes y temporales.<\/a> <span class=\"post-date\">04\/11\/2023<\/span><\/li>\n<li><a href=\"https:\/\/edublog.educastur.es\/ixuxu\/2023\/11\/22456\/\">(sin t\u00edtulo)<\/a> <span class=\"post-date\">04\/11\/2023<\/span><\/li>\n<li><a href=\"https:\/\/edublog.educastur.es\/ixuxu\/2023\/11\/fenomenal-imaxe-de-la-lluna-aguda\/\">Fenomenal imaxe de la lluna aguda<\/a> <span class=\"post-date\">03\/11\/2023<\/span><\/li>\n<li><a href=\"https:\/\/edublog.educastur.es\/ixuxu\/2023\/11\/22450\/\">(sin t\u00edtulo)<\/a> <span class=\"post-date\">03\/11\/2023<\/span><\/li>\n<li><a href=\"https:\/\/edublog.educastur.es\/ixuxu\/2023\/11\/falamos\/\">Falamos<\/a> <span class=\"post-date\">03\/11\/2023<\/span><\/li>\n<li><a href=\"https:\/\/edublog.educastur.es\/ixuxu\/2023\/11\/esposicion-de-la-fundacion-montepio-de-la-mineria\/\">Esposici\u00f3n de la Fundaci\u00f3n Montep\u00edo de la Miner\u00eda<\/a> <span class=\"post-date\">03\/11\/2023<\/span><\/li>\n<li><a href=\"https:\/\/edublog.educastur.es\/ixuxu\/2023\/11\/4-tonos-dazul-prindaos-nuna-sola-imaxe-na-antartida\/\">4 tonos d\u2019azul prindaos n\u2019una sola imaxe na Ant\u00e1rtida.<\/a> <span class=\"post-date\">03\/11\/2023<\/span><\/li>\n<li><a href=\"https:\/\/edublog.educastur.es\/ixuxu\/2023\/11\/22429\/\">Xornada de debates sobre temes lliterarios<\/a> <span class=\"post-date\">03\/11\/2023<\/span><\/li>\n<li><a href=\"https:\/\/edublog.educastur.es\/ixuxu\/2023\/11\/22525\/\">D\u00eda I. de la Reserva de la Biosfera<\/a> <span class=\"post-date\">03\/11\/2023<\/span><\/li>\n<li><a href=\"https:\/\/edublog.educastur.es\/ixuxu\/2023\/11\/dia-internacional-de-les-reserves-de-la-biosfera\/\">D\u00eda Internacional de les reserves de la Biosfera<\/a> <span class=\"post-date\">03\/11\/2023<\/span><\/li>\n<li><a href=\"https:\/\/edublog.educastur.es\/ixuxu\/2023\/11\/oficialida-si\/\">Oficialid\u00e1 SI<\/a> <span class=\"post-date\">02\/11\/2023<\/span><\/li>\n<li><a href=\"https:\/\/edublog.educastur.es\/ixuxu\/2023\/11\/dicires-5\/\">Dicires<\/a> <span class=\"post-date\">02\/11\/2023<\/span><\/li>\n<li><a href=\"https:\/\/edublog.educastur.es\/ixuxu\/2023\/11\/cosines-de-clas-2\/\">Cosines de clas<\/a> <span class=\"post-date\">02\/11\/2023<\/span><\/li>\n<li><a href=\"https:\/\/edublog.educastur.es\/ixuxu\/2023\/11\/22409\/\">La Cuerria<\/a> <span class=\"post-date\">01\/11\/2023<\/span><\/li>\n<li><a href=\"https:\/\/edublog.educastur.es\/ixuxu\/2023\/11\/dicires-ser-asturianu\/\">Dicires: SER ASTURIANU<\/a> <span class=\"post-date\">01\/11\/2023<\/span><\/li>\n<li><a href=\"https:\/\/edublog.educastur.es\/ixuxu\/2023\/11\/en-fenreru-tara-listu-linstitutu-de-la-florida\/\">En febreru tar\u00e1 listu l\u2019Institutu de La Florida<\/a> <span class=\"post-date\">01\/11\/2023<\/span><\/li>\n<li><a href=\"https:\/\/edublog.educastur.es\/ixuxu\/2023\/11\/decoracion-dhorros\/\">Decoraci\u00f3n d\u2019horros<\/a> <span class=\"post-date\">01\/11\/2023<\/span><\/li>\n<li><a href=\"https:\/\/edublog.educastur.es\/ixuxu\/2023\/11\/22448\/\">(sin t\u00edtulo)<\/a> <span class=\"post-date\">01\/11\/2023<\/span><\/li>\n<li><a href=\"https:\/\/edublog.educastur.es\/ixuxu\/2023\/11\/la-importancia-de-los-llabradores-campesinos\/\">La importancia de los llabradores\/campesinos<\/a> <span class=\"post-date\">01\/11\/2023<\/span><\/li>\n<li><a href=\"https:\/\/edublog.educastur.es\/ixuxu\/2023\/11\/pexes-de-payares-noviembre\/\">Pexes de payares\/noviembre<\/a> <span class=\"post-date\">01\/11\/2023<\/span><\/li>\n<li><a href=\"https:\/\/edublog.educastur.es\/ixuxu\/2023\/11\/22432\/\">(sin t\u00edtulo)<\/a> <span class=\"post-date\">01\/11\/2023<\/span><\/li>\n<li><a href=\"https:\/\/edublog.educastur.es\/ixuxu\/2023\/11\/22480\/\">(sin t\u00edtulo)<\/a> <span class=\"post-date\">01\/11\/2023<\/span><\/li>\n<li><a href=\"https:\/\/edublog.educastur.es\/ixuxu\/2023\/11\/22499\/\">(sin t\u00edtulo)<\/a> <span class=\"post-date\">01\/11\/2023<\/span><\/li>\n<li><a href=\"https:\/\/edublog.educastur.es\/ixuxu\/2023\/11\/la-ilesia-asturiana-que-camudol-crucifixu-pol-arte-urbanu\/\">La ilesia asturiana que camud\u00f3\u2019l crucifixu pol arte urbanu.<\/a> <span class=\"post-date\">01\/11\/2023<\/span><\/li>\n<li><a href=\"https:\/\/edublog.educastur.es\/ixuxu\/2023\/11\/22472\/\">Noviembre = payares<\/a> <span class=\"post-date\">01\/11\/2023<\/span><\/li>\n<li><a href=\"https:\/\/edublog.educastur.es\/ixuxu\/2023\/11\/22422\/\">D\u00eda de los que ya nun tan\u2026 Recordavos<\/a> <span class=\"post-date\">01\/11\/2023<\/span><\/li>\n<\/ul>\n","protected":false},"excerpt":{"rendered":"<p>(sin t\u00edtulo) 28\/11\/2023 Nuesa representante trunf\u00f3 n\u2019Eurovisi\u00f3nJunior2023 28\/11\/2023 \u00abA esgaya\u00bb 26\/11\/2023 Platos t\u00edpicos asturianos na mesa navidiega 24\/11\/2023 Premiu \u00abCasta\u00f1a d\u2019acebache\u00bb 24\/11\/2023 Cern\u00edcalo vulgar 24\/11\/2023 (sin t\u00edtulo) 24\/11\/2023 (sin t\u00edtulo) 24\/11\/2023 Los robecos gocien d\u2019una bona sal\u00fa 24\/11\/2023 Ortograf\u00eda nun minutu 24\/11\/2023 Xix\u00f3n 24\/11\/2023 D\u00eda Mundial de la Evoluci\u00f3n 24\/11\/2023 Est\u00e1u del tiempu n\u2019Asturies 24\/11\/2023 [&hellip;]<\/p>\n","protected":false},"author":117,"featured_media":0,"parent":34962,"menu_order":0,"comment_status":"closed","ping_status":"closed","template":"","meta":{"footnotes":""},"class_list":["post-64959","page","type-page","status-publish","hentry"],"_links":{"self":[{"href":"https:\/\/edublog.educastur.es\/ixuxu\/wp-json\/wp\/v2\/pages\/64959","targetHints":{"allow":["GET"]}}],"collection":[{"href":"https:\/\/edublog.educastur.es\/ixuxu\/wp-json\/wp\/v2\/pages"}],"about":[{"href":"https:\/\/edublog.educastur.es\/ixuxu\/wp-json\/wp\/v2\/types\/page"}],"author":[{"embeddable":true,"href":"https:\/\/edublog.educastur.es\/ixuxu\/wp-json\/wp\/v2\/users\/117"}],"replies":[{"embeddable":true,"href":"https:\/\/edublog.educastur.es\/ixuxu\/wp-json\/wp\/v2\/comments?post=64959"}],"version-history":[{"count":1,"href":"https:\/\/edublog.educastur.es\/ixuxu\/wp-json\/wp\/v2\/pages\/64959\/revisions"}],"predecessor-version":[{"id":64960,"href":"https:\/\/edublog.educastur.es\/ixuxu\/wp-json\/wp\/v2\/pages\/64959\/revisions\/64960"}],"up":[{"embeddable":true,"href":"https:\/\/edublog.educastur.es\/ixuxu\/wp-json\/wp\/v2\/pages\/34962"}],"wp:attachment":[{"href":"https:\/\/edublog.educastur.es\/ixuxu\/wp-json\/wp\/v2\/media?parent=64959"}],"curies":[{"name":"wp","href":"https:\/\/api.w.org\/{rel}","templated":true}]}}