{"id":64961,"date":"2026-01-02T21:58:23","date_gmt":"2026-01-02T19:58:23","guid":{"rendered":"https:\/\/edublog.educastur.es\/ixuxu\/?page_id=64961"},"modified":"2026-01-02T21:58:23","modified_gmt":"2026-01-02T19:58:23","slug":"10_ochobre","status":"publish","type":"page","link":"https:\/\/edublog.educastur.es\/ixuxu\/archivu-blogue\/articulos\/2023-2\/10_ochobre\/","title":{"rendered":"10_Ochobre"},"content":{"rendered":"<p>&nbsp;<\/p>\n<ul>\n<li><a href=\"https:\/\/edublog.educastur.es\/ixuxu\/2023\/10\/lleguen-los-efectos-de-la-borrasca-ciaran\/\">Lleguen los efectos de la borrasca Ciar\u00e1n<\/a> <span class=\"post-date\">31\/10\/2023<\/span><\/li>\n<li><a href=\"https:\/\/edublog.educastur.es\/ixuxu\/2023\/10\/llega-la-nueche-danimes-2\/\">Llega la Nueche d\u2019\u00c1nimes<\/a> <span class=\"post-date\">31\/10\/2023<\/span><\/li>\n<li><a href=\"https:\/\/edublog.educastur.es\/ixuxu\/2023\/10\/nueche-danimes-4\/\">Nueche d\u2019\u00c1nimes<\/a> <span class=\"post-date\">31\/10\/2023<\/span><\/li>\n<li><a href=\"https:\/\/edublog.educastur.es\/ixuxu\/2023\/10\/31-dochobre\/\">31 d\u2019ochobre<\/a> <span class=\"post-date\">31\/10\/2023<\/span><\/li>\n<li><a href=\"https:\/\/edublog.educastur.es\/ixuxu\/2023\/10\/22458\/\">Mitos y tradiciones m\u00e1s comunes n\u2019Asturies anteriores al Halloween<\/a> <span class=\"post-date\">31\/10\/2023<\/span><\/li>\n<li><a href=\"https:\/\/edublog.educastur.es\/ixuxu\/2023\/10\/vocabulariu-que-mete-mieu-inaciu-galan\/\">Vocabulariu que mete mieu (Inaciu Gal\u00e1n)<\/a> <span class=\"post-date\">31\/10\/2023<\/span><\/li>\n<li><a href=\"https:\/\/edublog.educastur.es\/ixuxu\/2023\/10\/22530\/\">Breve hestoria d\u2019Halloween<\/a> <span class=\"post-date\">31\/10\/2023<\/span><\/li>\n<li><a href=\"https:\/\/edublog.educastur.es\/ixuxu\/2023\/10\/nueche-danimes-3\/\">Nueche d\u2019\u00e1nimes<\/a> <span class=\"post-date\">31\/10\/2023<\/span><\/li>\n<li><a href=\"https:\/\/edublog.educastur.es\/ixuxu\/2023\/10\/nueche-danimes-2\/\">Nueche d\u2019\u00e1nimes<\/a> <span class=\"post-date\">31\/10\/2023<\/span><\/li>\n<li><a href=\"https:\/\/edublog.educastur.es\/ixuxu\/2023\/10\/22404\/\">(sin t\u00edtulo)<\/a> <span class=\"post-date\">31\/10\/2023<\/span><\/li>\n<li><a href=\"https:\/\/edublog.educastur.es\/ixuxu\/2023\/10\/samain\/\">Sama\u00edn<\/a> <span class=\"post-date\">30\/10\/2023<\/span><\/li>\n<li><a href=\"https:\/\/edublog.educastur.es\/ixuxu\/2023\/10\/22378\/\">(sin t\u00edtulo)<\/a> <span class=\"post-date\">30\/10\/2023<\/span><\/li>\n<li><a href=\"https:\/\/edublog.educastur.es\/ixuxu\/2023\/10\/22368\/\">\u00abSi nun t\u00e1s\u00bb el cantar m\u00e1s viral del mundu<\/a> <span class=\"post-date\">30\/10\/2023<\/span><\/li>\n<li><a href=\"https:\/\/edublog.educastur.es\/ixuxu\/2023\/10\/22364\/\">(sin t\u00edtulo)<\/a> <span class=\"post-date\">30\/10\/2023<\/span><\/li>\n<li><a href=\"https:\/\/edublog.educastur.es\/ixuxu\/2023\/10\/frutes-de-seronda-nasturies\/\">Frutes de seronda n\u2019Asturies<\/a> <span class=\"post-date\">29\/10\/2023<\/span><\/li>\n<li><a href=\"https:\/\/edublog.educastur.es\/ixuxu\/2023\/10\/22344\/\">La seronda<\/a> <span class=\"post-date\">29\/10\/2023<\/span><\/li>\n<li><a href=\"https:\/\/edublog.educastur.es\/ixuxu\/2023\/10\/22334\/\">Madonna ye reconocida como l\u2019artista femenina con m\u00e1s vientes na industria musical<\/a> <span class=\"post-date\">29\/10\/2023<\/span><\/li>\n<li><a href=\"https:\/\/edublog.educastur.es\/ixuxu\/2023\/10\/larana-texe-que-texe\/\">L\u2019ara\u00f1a texe que texe<\/a> <span class=\"post-date\">29\/10\/2023<\/span><\/li>\n<li><a href=\"https:\/\/edublog.educastur.es\/ixuxu\/2023\/10\/amaguestu-nel-museu-pepe-el-ferreiru-grandas-de-salime\/\">Amag\u00fcestu nel Mus\u00e9u Pepe el Ferreiru (Grandas de Salime)<\/a> <span class=\"post-date\">29\/10\/2023<\/span><\/li>\n<li><a href=\"https:\/\/edublog.educastur.es\/ixuxu\/2023\/10\/22298\/\">Samhain, el fin del branu y l\u2019entamu del iviernu<\/a> <span class=\"post-date\">29\/10\/2023<\/span><\/li>\n<li><a href=\"https:\/\/edublog.educastur.es\/ixuxu\/2023\/10\/de-calabaces-bruxes-y-cadarmes\/\">De calabaces, bruxes y cadarmes.<\/a> <span class=\"post-date\">29\/10\/2023<\/span><\/li>\n<li><a href=\"https:\/\/edublog.educastur.es\/ixuxu\/2023\/10\/rescate-nel-pais-del-gamoneu\/\">\u00abRescate nel pa\u00eds del Gamon\u00e9u\u00bb<\/a> <span class=\"post-date\">29\/10\/2023<\/span><\/li>\n<li><a href=\"https:\/\/edublog.educastur.es\/ixuxu\/2023\/10\/certame-del-quesu-de-gamoneu-en-benia-donis\/\">XLIII Certame del Quesu DOP de Gamoneu en Benia d\u2019Onis<\/a> <span class=\"post-date\">29\/10\/2023<\/span><\/li>\n<li><a href=\"https:\/\/edublog.educastur.es\/ixuxu\/2023\/10\/22366\/\">(sin t\u00edtulo)<\/a> <span class=\"post-date\">29\/10\/2023<\/span><\/li>\n<li><a href=\"https:\/\/edublog.educastur.es\/ixuxu\/2023\/10\/22318\/\">Seis aeroll\u00ednees van operar 28 rutes regulares a 13 aeropuertos nacionales y nueve internacionales<\/a> <span class=\"post-date\">28\/10\/2023<\/span><\/li>\n<li><a href=\"https:\/\/edublog.educastur.es\/ixuxu\/2023\/10\/lluna-del-cazador-28-dochobre\/\">Lluna del cazador, 28 d\u2019ochobre<\/a> <span class=\"post-date\">27\/10\/2023<\/span><\/li>\n<li><a href=\"https:\/\/edublog.educastur.es\/ixuxu\/2023\/10\/samain-nel-xardin-botanicu-atlanticu-de-xixon\/\">Sama\u00edn nel Xard\u00edn Bot\u00e1nicu Atl\u00e1nticu de Xix\u00f3n<\/a> <span class=\"post-date\">27\/10\/2023<\/span><\/li>\n<li><a href=\"https:\/\/edublog.educastur.es\/ixuxu\/2023\/10\/los-osos-en-plena-lliberta\/\">Los osos en plena llibert\u00e1<\/a> <span class=\"post-date\">27\/10\/2023<\/span><\/li>\n<li><a href=\"https:\/\/edublog.educastur.es\/ixuxu\/2023\/10\/samain-en-cangas-del-narcea\/\">Sama\u00edn en Cangas del Narcea<\/a> <span class=\"post-date\">27\/10\/2023<\/span><\/li>\n<li><a href=\"https:\/\/edublog.educastur.es\/ixuxu\/2023\/10\/palabreru-de-la-seronda\/\">Palabreru de la SERONDA<\/a> <span class=\"post-date\">27\/10\/2023<\/span><\/li>\n<li><a href=\"https:\/\/edublog.educastur.es\/ixuxu\/2023\/10\/samain-nel-barriu\/\">Sama\u00edn nel barriu<\/a> <span class=\"post-date\">27\/10\/2023<\/span><\/li>\n<li><a href=\"https:\/\/edublog.educastur.es\/ixuxu\/2023\/10\/dia-mundial-del-patrimoniu\/\">D\u00eda Mundial del Patrimoniu Audiovisual<\/a> <span class=\"post-date\">27\/10\/2023<\/span><\/li>\n<li><a href=\"https:\/\/edublog.educastur.es\/ixuxu\/2023\/10\/liris-blanc-ye-laventura-nueva-dasterix\/\">\u2018L\u2019iris blanc\u2019 ye l\u2019aventura nueva d\u2019Ast\u00e9rix<\/a> <span class=\"post-date\">26\/10\/2023<\/span><\/li>\n<li><a href=\"https:\/\/edublog.educastur.es\/ixuxu\/2023\/10\/una-de-mieu-xentiquina\/\">\u00abUna de mieu\u00bb Xentiquina<\/a> <span class=\"post-date\">25\/10\/2023<\/span><\/li>\n<li><a href=\"https:\/\/edublog.educastur.es\/ixuxu\/2023\/10\/pesadilla-enantes-de-navida\/\">Peli: \u00abPesadilla enantes de Navid\u00e1\u00bb<\/a> <span class=\"post-date\">25\/10\/2023<\/span><\/li>\n<li><a href=\"https:\/\/edublog.educastur.es\/ixuxu\/2023\/10\/videos-de-mieuuuu\/\">Videos de cadarmas (esqueletos)<\/a> <span class=\"post-date\">25\/10\/2023<\/span><\/li>\n<li><a href=\"https:\/\/edublog.educastur.es\/ixuxu\/2023\/10\/la-biblioteca-de-la-oficina-de-normalizacion-abre-les-puertes\/\">La biblioteca de la Oficina de Normalizaci\u00f3n abre les puertes!<\/a> <span class=\"post-date\">24\/10\/2023<\/span><\/li>\n<li><a href=\"https:\/\/edublog.educastur.es\/ixuxu\/2023\/10\/dia-de-les-biblioteques-4\/\">D\u00eda de les biblioteques: \u00abTexendo comunidaes\u00bb<\/a> <span class=\"post-date\">24\/10\/2023<\/span><\/li>\n<li><a href=\"https:\/\/edublog.educastur.es\/ixuxu\/2023\/10\/dia-de-les-biblioteques-3\/\">D\u00eda de les Biblioteques<\/a> <span class=\"post-date\">24\/10\/2023<\/span><\/li>\n<li><a href=\"https:\/\/edublog.educastur.es\/ixuxu\/2023\/10\/efren-dandres\/\">Efr\u00e9n d\u2019Andr\u00e9s<\/a> <span class=\"post-date\">23\/10\/2023<\/span><\/li>\n<li><a href=\"https:\/\/edublog.educastur.es\/ixuxu\/2023\/10\/a-la-gueta-saturnu\/\">A la gueta: \u00abSATURNU\u00bb<\/a> <span class=\"post-date\">20\/10\/2023<\/span><\/li>\n<li><a href=\"https:\/\/edublog.educastur.es\/ixuxu\/2023\/10\/empieza-la-campana-de-la-mazana\/\">Empieza la campa\u00f1a de la mazana<\/a> <span class=\"post-date\">20\/10\/2023<\/span><\/li>\n<li><a href=\"https:\/\/edublog.educastur.es\/ixuxu\/2023\/10\/el-desarme\/\">El Desarme,<\/a> <span class=\"post-date\">19\/10\/2023<\/span><\/li>\n<li><a href=\"https:\/\/edublog.educastur.es\/ixuxu\/2023\/10\/estau-del-tiempu-nasturies-16\/\">Est\u00e1u del tiempu n\u2019Asturies<\/a> <span class=\"post-date\">19\/10\/2023<\/span><\/li>\n<li><a href=\"https:\/\/edublog.educastur.es\/ixuxu\/2023\/10\/17403\/\">(sin t\u00edtulo)<\/a> <span class=\"post-date\">19\/10\/2023<\/span><\/li>\n<li><a href=\"https:\/\/edublog.educastur.es\/ixuxu\/2023\/10\/esta-selmana-entreguense-los-premios-princesa-dasturies\/\">Esta selmana entr\u00e9guense los Premios Princesa d\u2019Asturies<\/a> <span class=\"post-date\">18\/10\/2023<\/span><\/li>\n<li><a href=\"https:\/\/edublog.educastur.es\/ixuxu\/2023\/10\/19624\/\">(sin t\u00edtulo)<\/a> <span class=\"post-date\">18\/10\/2023<\/span><\/li>\n<li><a href=\"https:\/\/edublog.educastur.es\/ixuxu\/2023\/10\/dia-de-les-muyeres-escritores\/\">D\u00eda de les muyeres escritores<\/a> <span class=\"post-date\">17\/10\/2023<\/span><\/li>\n<li><a href=\"https:\/\/edublog.educastur.es\/ixuxu\/2023\/10\/18205\/\">(sin t\u00edtulo)<\/a> <span class=\"post-date\">15\/10\/2023<\/span><\/li>\n<li><a href=\"https:\/\/edublog.educastur.es\/ixuxu\/2023\/10\/les-guardianes-del-planeta\/\">\u00abLes guardianes del planeta\u00bb (Xuan Porta)<\/a> <span class=\"post-date\">12\/10\/2023<\/span><\/li>\n<li><a href=\"https:\/\/edublog.educastur.es\/ixuxu\/2023\/10\/onde-tal-conceyu-de-%e1%b8%b7%e1%b8%b7ena-una-de-les-puertes-dasturies\/\">\u00bf\u00d3nde ta\u2019l Conceyu de \u1e36\u1e37ena?<\/a> <span class=\"post-date\">12\/10\/2023<\/span><\/li>\n<li><a href=\"https:\/\/edublog.educastur.es\/ixuxu\/2023\/10\/fiesta-gastronomica-nuvieu-el-desarme\/\">El Desarme n\u2019Uvi\u00e9u, del 13 al 22 d\u2019ochobre<\/a> <span class=\"post-date\">12\/10\/2023<\/span><\/li>\n<li><a href=\"https:\/\/edublog.educastur.es\/ixuxu\/2023\/10\/12-dochobre-dia-de-la-hispanida\/\">12 d\u2019ochobre, D\u00eda de la Hispanid\u00e1<\/a> <span class=\"post-date\">12\/10\/2023<\/span><\/li>\n<li><a href=\"https:\/\/edublog.educastur.es\/ixuxu\/2023\/10\/18029\/\">(sin t\u00edtulo)<\/a> <span class=\"post-date\">12\/10\/2023<\/span><\/li>\n<li><a href=\"https:\/\/edublog.educastur.es\/ixuxu\/2023\/10\/efren-dandres-2\/\">Efr\u00e9n d\u2019Andr\u00e9s<\/a> <span class=\"post-date\">09\/10\/2023<\/span><\/li>\n<li><a href=\"https:\/\/edublog.educastur.es\/ixuxu\/2023\/10\/tradu-xuntanza-del-anu\/\">Tradu Xuntanza del a\u00f1u<\/a> <span class=\"post-date\">05\/10\/2023<\/span><\/li>\n<li><a href=\"https:\/\/edublog.educastur.es\/ixuxu\/2023\/10\/22185\/\">(sin t\u00edtulo)<\/a> <span class=\"post-date\">05\/10\/2023<\/span><\/li>\n<li><a href=\"https:\/\/edublog.educastur.es\/ixuxu\/2023\/10\/la-familia-del-asturianu-crez\/\">La familia del asturianu crez<\/a> <span class=\"post-date\">05\/10\/2023<\/span><\/li>\n<li><a href=\"https:\/\/edublog.educastur.es\/ixuxu\/2023\/10\/alisys-preve-instalar-nasturies-una-fabrica-densamblaxe-de-robots\/\">Alisys prev\u00e9 instalar n\u2019Asturies una f\u00e1brica d\u2019ensamblaxe de robots<\/a> <span class=\"post-date\">05\/10\/2023<\/span><\/li>\n<li><a href=\"https:\/\/edublog.educastur.es\/ixuxu\/2023\/10\/evolucion-de-la-moda\/\">Evoluci\u00f3n de la moda<\/a> <span class=\"post-date\">05\/10\/2023<\/span><\/li>\n<li><a href=\"https:\/\/edublog.educastur.es\/ixuxu\/2023\/10\/na-seronda-setes\/\">Na seronda, setes\u2026<\/a> <span class=\"post-date\">05\/10\/2023<\/span><\/li>\n<li><a href=\"https:\/\/edublog.educastur.es\/ixuxu\/2023\/10\/22164\/\">(sin t\u00edtulo)<\/a> <span class=\"post-date\">05\/10\/2023<\/span><\/li>\n<li><a href=\"https:\/\/edublog.educastur.es\/ixuxu\/2023\/10\/22154\/\">T\u00e9uniques d\u2019estudiu<\/a> <span class=\"post-date\">04\/10\/2023<\/span><\/li>\n<li><a href=\"https:\/\/edublog.educastur.es\/ixuxu\/2023\/10\/escucha-loviu-el-cantar-de-sandra-valero-para-eurovision-junior-2023\/\">Escucha \u00abLoviu\u00bb, el cantar de Sandra Valero para Eurovisi\u00f3n Junior 2023<\/a> <span class=\"post-date\">04\/10\/2023<\/span><\/li>\n<li><a href=\"https:\/\/edublog.educastur.es\/ixuxu\/2023\/10\/los-10-pexes-mas-consumios-nespana\/\">Los 10 pexes m\u00e1s consum\u00edos n\u2019Espa\u00f1a<\/a> <span class=\"post-date\">04\/10\/2023<\/span><\/li>\n<li><a href=\"https:\/\/edublog.educastur.es\/ixuxu\/2023\/10\/rede-natural-dasturies\/\">Rede Natural d\u2019Asturies<\/a> <span class=\"post-date\">04\/10\/2023<\/span><\/li>\n<li><a href=\"https:\/\/edublog.educastur.es\/ixuxu\/2023\/10\/el-ii-reguerada-fest-programa-30-actividaes-nasturianu-en-candas\/\">El II Reguerada Fest programa 30 actividaes n\u2019asturianu en Cand\u00e1s<\/a> <span class=\"post-date\">04\/10\/2023<\/span><\/li>\n<li><a href=\"https:\/\/edublog.educastur.es\/ixuxu\/2023\/10\/na-seronda-collores-asgaya\/\">Na seronda, collores asgaya<\/a> <span class=\"post-date\">04\/10\/2023<\/span><\/li>\n<li><a href=\"https:\/\/edublog.educastur.es\/ixuxu\/2023\/10\/dia-mundial-de-los-animales-2\/\">D\u00eda Mundial de los animales<\/a> <span class=\"post-date\">04\/10\/2023<\/span><\/li>\n<li><a href=\"https:\/\/edublog.educastur.es\/ixuxu\/2023\/10\/22144\/\">(sin t\u00edtulo)<\/a> <span class=\"post-date\">04\/10\/2023<\/span><\/li>\n<li><a href=\"https:\/\/edublog.educastur.es\/ixuxu\/2023\/10\/cuertu-menguante-llunar\/\">Cuartu menguante llunar<\/a> <span class=\"post-date\">02\/10\/2023<\/span><\/li>\n<li><a href=\"https:\/\/edublog.educastur.es\/ixuxu\/2023\/10\/jesus-calleja-amuesa-esti-llunes-en-prime-time-el-meyor-cielu-dasturies\/\">Jes\u00fas Calleja amuesa esti llunes en \u00abprime time\u00bb el meyor cielu d\u2019Asturies<\/a> <span class=\"post-date\">02\/10\/2023<\/span><\/li>\n<li><a href=\"https:\/\/edublog.educastur.es\/ixuxu\/2023\/10\/22146\/\">(sin t\u00edtulo)<\/a> <span class=\"post-date\">02\/10\/2023<\/span><\/li>\n<li><a href=\"https:\/\/edublog.educastur.es\/ixuxu\/2023\/10\/les-meyores-ablanes-en-linfiestu\/\">Les meyores ablanes en L\u2019Infiestu<\/a> <span class=\"post-date\">01\/10\/2023<\/span><\/li>\n<li><a href=\"https:\/\/edublog.educastur.es\/ixuxu\/2023\/10\/comic-para-la-revista-del-festival-de-lablana\/\">Comic para la revista del festival de l\u2019Ablana.<\/a> <span class=\"post-date\">01\/10\/2023<\/span><\/li>\n<li><a href=\"https:\/\/edublog.educastur.es\/ixuxu\/2023\/10\/nochobre\/\">N\u2019ochobre<\/a> <span class=\"post-date\">01\/10\/2023<\/span><\/li>\n<li><a href=\"https:\/\/edublog.educastur.es\/ixuxu\/2023\/10\/22468\/\">Ochobre<\/a> <span class=\"post-date\">01\/10\/2023<\/span><\/li>\n<li><a href=\"https:\/\/edublog.educastur.es\/ixuxu\/2023\/10\/x-ochobre-folk-en-mieres-del-6-al-8-dochobre\/\">X Ochobre Folk en Mieres, del 6-8<\/a> <span class=\"post-date\">01\/10\/2023<\/span><\/li>\n<\/ul>\n","protected":false},"excerpt":{"rendered":"<p>&nbsp; Lleguen los efectos de la borrasca Ciar\u00e1n 31\/10\/2023 Llega la Nueche d\u2019\u00c1nimes 31\/10\/2023 Nueche d\u2019\u00c1nimes 31\/10\/2023 31 d\u2019ochobre 31\/10\/2023 Mitos y tradiciones m\u00e1s comunes n\u2019Asturies anteriores al Halloween 31\/10\/2023 Vocabulariu que mete mieu (Inaciu Gal\u00e1n) 31\/10\/2023 Breve hestoria d\u2019Halloween 31\/10\/2023 Nueche d\u2019\u00e1nimes 31\/10\/2023 Nueche d\u2019\u00e1nimes 31\/10\/2023 (sin t\u00edtulo) 31\/10\/2023 Sama\u00edn 30\/10\/2023 (sin t\u00edtulo) 30\/10\/2023 [&hellip;]<\/p>\n","protected":false},"author":117,"featured_media":0,"parent":34962,"menu_order":0,"comment_status":"closed","ping_status":"closed","template":"","meta":{"footnotes":""},"class_list":["post-64961","page","type-page","status-publish","hentry"],"_links":{"self":[{"href":"https:\/\/edublog.educastur.es\/ixuxu\/wp-json\/wp\/v2\/pages\/64961","targetHints":{"allow":["GET"]}}],"collection":[{"href":"https:\/\/edublog.educastur.es\/ixuxu\/wp-json\/wp\/v2\/pages"}],"about":[{"href":"https:\/\/edublog.educastur.es\/ixuxu\/wp-json\/wp\/v2\/types\/page"}],"author":[{"embeddable":true,"href":"https:\/\/edublog.educastur.es\/ixuxu\/wp-json\/wp\/v2\/users\/117"}],"replies":[{"embeddable":true,"href":"https:\/\/edublog.educastur.es\/ixuxu\/wp-json\/wp\/v2\/comments?post=64961"}],"version-history":[{"count":1,"href":"https:\/\/edublog.educastur.es\/ixuxu\/wp-json\/wp\/v2\/pages\/64961\/revisions"}],"predecessor-version":[{"id":64962,"href":"https:\/\/edublog.educastur.es\/ixuxu\/wp-json\/wp\/v2\/pages\/64961\/revisions\/64962"}],"up":[{"embeddable":true,"href":"https:\/\/edublog.educastur.es\/ixuxu\/wp-json\/wp\/v2\/pages\/34962"}],"wp:attachment":[{"href":"https:\/\/edublog.educastur.es\/ixuxu\/wp-json\/wp\/v2\/media?parent=64961"}],"curies":[{"name":"wp","href":"https:\/\/api.w.org\/{rel}","templated":true}]}}