{"id":64977,"date":"2026-01-02T22:03:07","date_gmt":"2026-01-02T20:03:07","guid":{"rendered":"https:\/\/edublog.educastur.es\/ixuxu\/?page_id=64977"},"modified":"2026-01-02T22:03:07","modified_gmt":"2026-01-02T20:03:07","slug":"02_febreru","status":"publish","type":"page","link":"https:\/\/edublog.educastur.es\/ixuxu\/archivu-blogue\/articulos\/2023-2\/02_febreru\/","title":{"rendered":"02_Febreru"},"content":{"rendered":"<ul>\n<li><\/li>\n<li><a href=\"https:\/\/edublog.educastur.es\/ixuxu\/2023\/02\/pescau-de-temporada-marzu\/\">Pesc\u00e1u de temporada: marzu<\/a> <span class=\"post-date\">28\/02\/2023<\/span><\/li>\n<li><a href=\"https:\/\/edublog.educastur.es\/ixuxu\/2023\/02\/16950\/\">Morri\u00f3 l\u2019escritor de lliteratura infantil Juan Mu\u00f1oz Mart\u00edn.\u00a0<\/a> <span class=\"post-date\">28\/02\/2023<\/span><\/li>\n<li><a href=\"https:\/\/edublog.educastur.es\/ixuxu\/2023\/02\/16812\/\">(sin t\u00edtulo)<\/a> <span class=\"post-date\">28\/02\/2023<\/span><\/li>\n<li><a href=\"https:\/\/edublog.educastur.es\/ixuxu\/2023\/02\/nueva-cancion-de-shakira-y-karol-g\/\">Nueva canci\u00f3n de Shakira y Karol G<\/a> <span class=\"post-date\">27\/02\/2023<\/span><\/li>\n<li><a href=\"https:\/\/edublog.educastur.es\/ixuxu\/2023\/02\/densida-de-poblacion-nasturies\/\">Densid\u00e1 de poblaci\u00f3n n\u2019Asturies<\/a> <span class=\"post-date\">27\/02\/2023<\/span><\/li>\n<li><a href=\"https:\/\/edublog.educastur.es\/ixuxu\/2023\/02\/16843\/\">Gr\u00e1ficos y datos<\/a> <span class=\"post-date\">27\/02\/2023<\/span><\/li>\n<li><a href=\"https:\/\/edublog.educastur.es\/ixuxu\/2023\/02\/promocion-dasturies-namsterdan\/\">Asturies promoci\u00f3nase n\u2019Amsterdam, capital de Pa\u00edses Baxos<\/a> <span class=\"post-date\">27\/02\/2023<\/span><\/li>\n<li><a href=\"https:\/\/edublog.educastur.es\/ixuxu\/2023\/02\/nasturies-tenemos-tou-para-ser-una-superpotencia-de-la-guerta\/\">C\u00e9sar, llabrador ecol\u00f3xicu<\/a> <span class=\"post-date\">27\/02\/2023<\/span><\/li>\n<li><a href=\"https:\/\/edublog.educastur.es\/ixuxu\/2023\/02\/imaxineste-un-mundial-de-futbol-nasturies\/\">\u00bfImax\u00edneste un Mundial de F\u00fatbol n\u2019Asturies? Asturies ye mundial<\/a> <span class=\"post-date\">27\/02\/2023<\/span><\/li>\n<li><a href=\"https:\/\/edublog.educastur.es\/ixuxu\/2023\/02\/16728\/\">(sin t\u00edtulo)<\/a> <span class=\"post-date\">27\/02\/2023<\/span><\/li>\n<li><a href=\"https:\/\/edublog.educastur.es\/ixuxu\/2023\/02\/i-edicion-del-dia-de-los-autores-europeos\/\">I Edici\u00f3n del D\u00eda de los Autores Europeos<\/a> <span class=\"post-date\">27\/02\/2023<\/span><\/li>\n<li><a href=\"https:\/\/edublog.educastur.es\/ixuxu\/2023\/02\/estau-del-tiempu-llunes-27-de-febreru\/\">Est\u00e1u del tiempu: llunes 27 de febreru<\/a> <span class=\"post-date\">27\/02\/2023<\/span><\/li>\n<li><a href=\"https:\/\/edublog.educastur.es\/ixuxu\/2023\/02\/lasturianu-esguila-hastal-puestu-50-nel-barometru-de-les-llingues-del-mundu\/\">L\u2019asturianu esguila hasta\u2019l puestu 50 nel bar\u00f3metru de les lling\u00fces del mundu<\/a> <span class=\"post-date\">26\/02\/2023<\/span><\/li>\n<li><a href=\"https:\/\/edublog.educastur.es\/ixuxu\/2023\/02\/16793\/\">Llagu Ercina, so mantu de \u00f1eve<\/a> <span class=\"post-date\">26\/02\/2023<\/span><\/li>\n<li><a href=\"https:\/\/edublog.educastur.es\/ixuxu\/2023\/02\/les-naciones-celtas\/\">Les naciones celtas<\/a> <span class=\"post-date\">26\/02\/2023<\/span><\/li>\n<li><a href=\"https:\/\/edublog.educastur.es\/ixuxu\/2023\/02\/la-cultura-vaqueira-faise-cuento\/\">La cultura vaqueira faise cuento<\/a> <span class=\"post-date\">26\/02\/2023<\/span><\/li>\n<li><a href=\"https:\/\/edublog.educastur.es\/ixuxu\/2023\/02\/toles-coses-selvaxes-que-puedes-faer-colos-robots-de-boston-dynamics\/\">Toles coses selvaxes que puedes faer colos robots de Boston Dynamics.<\/a> <span class=\"post-date\">26\/02\/2023<\/span><\/li>\n<li><a href=\"https:\/\/edublog.educastur.es\/ixuxu\/2023\/02\/16765\/\">(sin t\u00edtulo)<\/a> <span class=\"post-date\">26\/02\/2023<\/span><\/li>\n<li><a href=\"https:\/\/edublog.educastur.es\/ixuxu\/2023\/02\/queseria-main-quesu-de-cabrales\/\">Queser\u00eda Main, quesu de Cabrales<\/a> <span class=\"post-date\">26\/02\/2023<\/span><\/li>\n<li><a href=\"https:\/\/edublog.educastur.es\/ixuxu\/2023\/02\/cirque-du-soleil-en-xixon-del-26-de-xunetu-al-6-dagostu\/\">Cirque du Soleil en Xix\u00f3n, del 26 de xunetu al 6 d\u2019agostu<\/a> <span class=\"post-date\">26\/02\/2023<\/span><\/li>\n<li><a href=\"https:\/\/edublog.educastur.es\/ixuxu\/2023\/02\/asturies-cider-week-del-20-al-26-de-marzu-en-toa-asturies\/\">Asturies Cider Week, del 20 al 26 de marzu, en toa Asturies<\/a> <span class=\"post-date\">26\/02\/2023<\/span><\/li>\n<li><a href=\"https:\/\/edublog.educastur.es\/ixuxu\/2023\/02\/16725\/\">(sin t\u00edtulo)<\/a> <span class=\"post-date\">26\/02\/2023<\/span><\/li>\n<li><a href=\"https:\/\/edublog.educastur.es\/ixuxu\/2023\/02\/16716\/\">Tapia de Casariegu<\/a> <span class=\"post-date\">26\/02\/2023<\/span><\/li>\n<li><a href=\"https:\/\/edublog.educastur.es\/ixuxu\/2023\/02\/xapon-creo-periodicu-que-al-semase-tresformase-en-flores-para-abeyes\/\">Xap\u00f3n cre\u00f3 peri\u00f3dicu que al semase tresformase en flores para abeyes<\/a> <span class=\"post-date\">26\/02\/2023<\/span><\/li>\n<li><a href=\"https:\/\/edublog.educastur.es\/ixuxu\/2023\/02\/estau-de-la-rede-de-carreteres-del-principau-dasturies\/\">Est\u00e1u de la Rede de Carreteres del Princip\u00e1u d\u2019Asturies<\/a> <span class=\"post-date\">26\/02\/2023<\/span><\/li>\n<li><a href=\"https:\/\/edublog.educastur.es\/ixuxu\/2023\/02\/antroxu-nuvieu\/\">Antroxu n\u2019Uvi\u00e9u y en Mieres<\/a> <span class=\"post-date\">25\/02\/2023<\/span><\/li>\n<li><a href=\"https:\/\/edublog.educastur.es\/ixuxu\/2023\/02\/prosimamente-en-cines\/\">Pr\u00f3simamente en cines\u2026<\/a> <span class=\"post-date\">25\/02\/2023<\/span><\/li>\n<li><a href=\"https:\/\/edublog.educastur.es\/ixuxu\/2023\/02\/16768\/\">Asturies, Para\u00edsu Natural<\/a> <span class=\"post-date\">25\/02\/2023<\/span><\/li>\n<li><a href=\"https:\/\/edublog.educastur.es\/ixuxu\/2023\/02\/16580\/\">(sin t\u00edtulo)<\/a> <span class=\"post-date\">25\/02\/2023<\/span><\/li>\n<li><a href=\"https:\/\/edublog.educastur.es\/ixuxu\/2023\/02\/16791\/\">(sin t\u00edtulo)<\/a> <span class=\"post-date\">24\/02\/2023<\/span><\/li>\n<li><a href=\"https:\/\/edublog.educastur.es\/ixuxu\/2023\/02\/termast-de-cine\/\">TermAst de cine<\/a> <span class=\"post-date\">24\/02\/2023<\/span><\/li>\n<li><a href=\"https:\/\/edublog.educastur.es\/ixuxu\/2023\/02\/cuarta-revolucion-industrial\/\">Cuarta Revoluci\u00f3n Industrial: la era de la hiperconectivid\u00e1<\/a> <span class=\"post-date\">24\/02\/2023<\/span><\/li>\n<li><a href=\"https:\/\/edublog.educastur.es\/ixuxu\/2023\/02\/promocion-turistica-dasturies-en-bruxeles\/\">Promoci\u00f3n tur\u00edstica d\u2019Asturies en Bruxeles<\/a> <span class=\"post-date\">24\/02\/2023<\/span><\/li>\n<li><a href=\"https:\/\/edublog.educastur.es\/ixuxu\/2023\/02\/16702\/\">(sin t\u00edtulo)<\/a> <span class=\"post-date\">24\/02\/2023<\/span><\/li>\n<li><a href=\"https:\/\/edublog.educastur.es\/ixuxu\/2023\/02\/caballin-de-mar\/\">Caball\u00edn de mar<\/a> <span class=\"post-date\">24\/02\/2023<\/span><\/li>\n<li><a href=\"https:\/\/edublog.educastur.es\/ixuxu\/2023\/02\/llagu-del-valle-un-percorriu-aptu-para-nenos-de-cualquier-eda\/\">Llagu del Valle: un percorr\u00edu aptu para ne\u00f1os de cualquier ed\u00e1.<\/a> <span class=\"post-date\">24\/02\/2023<\/span><\/li>\n<li><a href=\"https:\/\/edublog.educastur.es\/ixuxu\/2023\/02\/el-principau-participa-en-feries-especializaes-en-naturaleza-y-ecoturismu\/\">El Princip\u00e1u participa en feries especializaes en naturaleza y ecoturismu<\/a> <span class=\"post-date\">24\/02\/2023<\/span><\/li>\n<li><a href=\"https:\/\/edublog.educastur.es\/ixuxu\/2023\/02\/llambiotaes-dantroxu\/\">Llambiotaes d\u2019Antroxu<\/a> <span class=\"post-date\">24\/02\/2023<\/span><\/li>\n<li><a href=\"https:\/\/edublog.educastur.es\/ixuxu\/2023\/02\/videu-resume-de-les-mazcaraes-de-valdesoto-2023\/\">Videu resume de les Mazcar\u00e1es de Valdesoto 2023<\/a> <span class=\"post-date\">24\/02\/2023<\/span><\/li>\n<li><a href=\"https:\/\/edublog.educastur.es\/ixuxu\/2023\/02\/arguyosos-de-xixon\/\">Arguyu de Xix\u00f3n<\/a> <span class=\"post-date\">24\/02\/2023<\/span><\/li>\n<li><a href=\"https:\/\/edublog.educastur.es\/ixuxu\/2023\/02\/16608\/\">(sin t\u00edtulo)<\/a> <span class=\"post-date\">24\/02\/2023<\/span><\/li>\n<li><a href=\"https:\/\/edublog.educastur.es\/ixuxu\/2023\/02\/16613\/\">Vezos d\u2019Asturies<\/a> <span class=\"post-date\">24\/02\/2023<\/span><\/li>\n<li><a href=\"https:\/\/edublog.educastur.es\/ixuxu\/2023\/02\/febreru\/\">Febreru\u2026<\/a> <span class=\"post-date\">24\/02\/2023<\/span><\/li>\n<li><a href=\"https:\/\/edublog.educastur.es\/ixuxu\/2023\/02\/los-miradores-mas-espectaculares-despana\/\">Los miradores m\u00e1s espectaculares d\u2019Espa\u00f1a<\/a> <span class=\"post-date\">23\/02\/2023<\/span><\/li>\n<li><a href=\"https:\/\/edublog.educastur.es\/ixuxu\/2023\/02\/frecuencies-y-interconexiones-como-va-ser-el-metro-dasturies\/\">C\u00f3mo va ser el metro d\u2019Asturies<\/a> <span class=\"post-date\">23\/02\/2023<\/span><\/li>\n<li><a href=\"https:\/\/edublog.educastur.es\/ixuxu\/2023\/02\/feria-demprendedores\/\">II Feria d\u2019emprendedores d\u2019Asturies en Llanera<\/a> <span class=\"post-date\">23\/02\/2023<\/span><\/li>\n<li><a href=\"https:\/\/edublog.educastur.es\/ixuxu\/2023\/02\/serandinas-en-bual\/\">Serandinas, en Bual<\/a> <span class=\"post-date\">23\/02\/2023<\/span><\/li>\n<li><a href=\"https:\/\/edublog.educastur.es\/ixuxu\/2023\/02\/estrenase-en-febreru-momias\/\">Estr\u00e9nase ma\u00f1ana en cines: \u00abMomias\u00bb<\/a> <span class=\"post-date\">23\/02\/2023<\/span><\/li>\n<li><a href=\"https:\/\/edublog.educastur.es\/ixuxu\/2023\/02\/valgrande-payares-estrena-telecabina\/\">Valgrande-Payares estrena telecabina<\/a> <span class=\"post-date\">23\/02\/2023<\/span><\/li>\n<li><a href=\"https:\/\/edublog.educastur.es\/ixuxu\/2023\/02\/estau-del-tiempu-nasturies-xueves-23\/\">Est\u00e1u del tiempu n\u2019Asturies: xueves 23<\/a> <span class=\"post-date\">23\/02\/2023<\/span><\/li>\n<li><a href=\"https:\/\/edublog.educastur.es\/ixuxu\/2023\/02\/16577\/\">(sin t\u00edtulo)<\/a> <span class=\"post-date\">23\/02\/2023<\/span><\/li>\n<li><a href=\"https:\/\/edublog.educastur.es\/ixuxu\/2023\/02\/cultura-edita-un-mapamundi-nasturianu\/\">Ya tenemos esti\u00a0perguapu mapamundi n\u2019asturianu. \ud83d\ude09<\/a> <span class=\"post-date\">22\/02\/2023<\/span><\/li>\n<li><a href=\"https:\/\/edublog.educastur.es\/ixuxu\/2023\/02\/16623\/\">(sin t\u00edtulo)<\/a> <span class=\"post-date\">22\/02\/2023<\/span><\/li>\n<li><a href=\"https:\/\/edublog.educastur.es\/ixuxu\/2023\/02\/ribeseya\/\">Ribeseya<\/a> <span class=\"post-date\">21\/02\/2023<\/span><\/li>\n<li><a href=\"https:\/\/edublog.educastur.es\/ixuxu\/2023\/02\/cantaxuego-naviles-el-12-de-marzu-nel-centru-niemeyer\/\">CantaXuego n\u2019Avil\u00e9s el 12 de marzu nel Centru Niemeyer<\/a> <span class=\"post-date\">21\/02\/2023<\/span><\/li>\n<li><a href=\"https:\/\/edublog.educastur.es\/ixuxu\/2023\/02\/cartel-perguapu-de-xixon\/\">Cartel perguapu de Xix\u00f3n<\/a> <span class=\"post-date\">21\/02\/2023<\/span><\/li>\n<li><a href=\"https:\/\/edublog.educastur.es\/ixuxu\/2023\/02\/proyeutu-ixuxu-cultura\/\">Proyeutu \u00abIxux\u00fa Cultura\u00bb<\/a> <span class=\"post-date\">21\/02\/2023<\/span><\/li>\n<li><a href=\"https:\/\/edublog.educastur.es\/ixuxu\/2023\/02\/16575\/\">(sin t\u00edtulo)<\/a> <span class=\"post-date\">21\/02\/2023<\/span><\/li>\n<li><a href=\"https:\/\/edublog.educastur.es\/ixuxu\/2023\/02\/premios-amas-los-premios-de-la-musica-nasturies\/\">Premios AMAS, los premios de la m\u00fasica n\u2019Asturies<\/a> <span class=\"post-date\">21\/02\/2023<\/span><\/li>\n<li><a href=\"https:\/\/edublog.educastur.es\/ixuxu\/2023\/02\/escosaes-les-entraes-pal-bombastic-de-xunetu-en-llanera\/\">Escosaes les entraes pal Bombastic de xunetu en Llanera<\/a> <span class=\"post-date\">21\/02\/2023<\/span><\/li>\n<li><a href=\"https:\/\/edublog.educastur.es\/ixuxu\/2023\/02\/nasturianu\/\">N\u2019asturianu<\/a> <span class=\"post-date\">21\/02\/2023<\/span><\/li>\n<li><a href=\"https:\/\/edublog.educastur.es\/ixuxu\/2023\/02\/16659\/\">(sin t\u00edtulo)<\/a> <span class=\"post-date\">21\/02\/2023<\/span><\/li>\n<li><a href=\"https:\/\/edublog.educastur.es\/ixuxu\/2023\/02\/articulu-los-nomes-de-les-tierres-y-otres-coses\/\">Art\u00edculu: \u00abLos nomes de les tierres y otres coses\u00bb<\/a> <span class=\"post-date\">21\/02\/2023<\/span><\/li>\n<li><a href=\"https:\/\/edublog.educastur.es\/ixuxu\/2023\/02\/16571\/\">(sin t\u00edtulo)<\/a> <span class=\"post-date\">21\/02\/2023<\/span><\/li>\n<li><a href=\"https:\/\/edublog.educastur.es\/ixuxu\/2023\/02\/desfile-dantroxu-nuvieu-sabadu-25-de-febreru\/\">Desfile d\u2019Antroxu n\u2019Uvi\u00e9u: s\u00e1badu 25 de febreru<\/a> <span class=\"post-date\">21\/02\/2023<\/span><\/li>\n<li><a href=\"https:\/\/edublog.educastur.es\/ixuxu\/2023\/02\/los-sidros-portada-de-abc-viaxar\/\">Los Sidros, portada de ABC Viaxar<\/a> <span class=\"post-date\">21\/02\/2023<\/span><\/li>\n<li><a href=\"https:\/\/edublog.educastur.es\/ixuxu\/2023\/02\/16532\/\">(sin t\u00edtulo)<\/a> <span class=\"post-date\">21\/02\/2023<\/span><\/li>\n<li><a href=\"https:\/\/edublog.educastur.es\/ixuxu\/2023\/02\/16551\/\">D\u00eda de la Llingua Materna<\/a> <span class=\"post-date\">21\/02\/2023<\/span><\/li>\n<li><a href=\"https:\/\/edublog.educastur.es\/ixuxu\/2023\/02\/dia-internacional-del-guia-de-turismu\/\">D\u00eda Internacional del Gu\u00eda de Turismu<\/a> <span class=\"post-date\">21\/02\/2023<\/span><\/li>\n<li><a href=\"https:\/\/edublog.educastur.es\/ixuxu\/2023\/02\/bienestar-animal\/\">La importancia del \u00abbienestar animal\u00bb, un oxetivu de l\u2019Axenda 2030<\/a> <span class=\"post-date\">21\/02\/2023<\/span><\/li>\n<li><a href=\"https:\/\/edublog.educastur.es\/ixuxu\/2023\/02\/la-esplotacion-ecoloxica\/\">La esplotaci\u00f3n ecol\u00f3xica<\/a> <span class=\"post-date\">21\/02\/2023<\/span><\/li>\n<li><a href=\"https:\/\/edublog.educastur.es\/ixuxu\/2023\/02\/16508\/\">XVI Festival Internacional de la Gaita en Villaviciosa<\/a> <span class=\"post-date\">21\/02\/2023<\/span><\/li>\n<li><a href=\"https:\/\/edublog.educastur.es\/ixuxu\/2023\/02\/16491\/\">Recursos pa la Reciella 0-3 a\u00f1os<\/a> <span class=\"post-date\">21\/02\/2023<\/span><\/li>\n<li><a href=\"https:\/\/edublog.educastur.es\/ixuxu\/2023\/02\/dia-internacional-del-idioma-maternu\/\">D\u00eda Internacional del Idioma Maternu<\/a> <span class=\"post-date\">21\/02\/2023<\/span><\/li>\n<li><a href=\"https:\/\/edublog.educastur.es\/ixuxu\/2023\/02\/16536\/\">Domingu de Sidros y Comedies<\/a> <span class=\"post-date\">21\/02\/2023<\/span><\/li>\n<li><a href=\"https:\/\/edublog.educastur.es\/ixuxu\/2023\/02\/desfile-dantroxu-en-xixon\/\">Desfile d\u2019Antroxu en Xix\u00f3n<\/a> <span class=\"post-date\">21\/02\/2023<\/span><\/li>\n<li><a href=\"https:\/\/edublog.educastur.es\/ixuxu\/2023\/02\/torrijas-un-postre-tipicu-del-antroxu-segun-turismu-dasturies\/\">\u2018Torrijas\u2019, un postre t\u00edpicu del Antroxu seg\u00fan Turismu d\u2019Asturies<\/a> <span class=\"post-date\">20\/02\/2023<\/span><\/li>\n<li><a href=\"https:\/\/edublog.educastur.es\/ixuxu\/2023\/02\/16502\/\">(sin t\u00edtulo)<\/a> <span class=\"post-date\">20\/02\/2023<\/span><\/li>\n<li><a href=\"https:\/\/edublog.educastur.es\/ixuxu\/2023\/02\/sidru\/\">Sidru<\/a> <span class=\"post-date\">20\/02\/2023<\/span><\/li>\n<li><a href=\"https:\/\/edublog.educastur.es\/ixuxu\/2023\/02\/16494\/\">Semeyes espectaculares<\/a> <span class=\"post-date\">20\/02\/2023<\/span><\/li>\n<li><a href=\"https:\/\/edublog.educastur.es\/ixuxu\/2023\/02\/xuegu-cuentin-interactivu-dantroxu\/\">Xuegu: Cuent\u00edn interactivu d\u2019Antroxu<\/a> <span class=\"post-date\">20\/02\/2023<\/span><\/li>\n<li><a href=\"https:\/\/edublog.educastur.es\/ixuxu\/2023\/02\/nuria-cueto-primer-aguilandera-de-cazu\/\">Nuria Cueto, primer aguilandera de Cazu<\/a> <span class=\"post-date\">20\/02\/2023<\/span><\/li>\n<li><a href=\"https:\/\/edublog.educastur.es\/ixuxu\/2023\/02\/dia-internacional-de-la-llingua-materna-2\/\">D\u00eda Internacional de la Llingua Materna<\/a> <span class=\"post-date\">20\/02\/2023<\/span><\/li>\n<li><a href=\"https:\/\/edublog.educastur.es\/ixuxu\/2023\/02\/asina-foil-descensu-dantroxu-de-la-cai-galiana-naviles\/\">Descensu d\u2019Antroxu de la Cai Galiana n\u2019Avil\u00e9s<\/a> <span class=\"post-date\">19\/02\/2023<\/span><\/li>\n<li><a href=\"https:\/\/edublog.educastur.es\/ixuxu\/2023\/02\/mazcaritos-duvieu-domingu-gordu-19-de-febreru\/\">Mazcaritos d\u2019Uvi\u00e9u: domingu gordu, 19 de febreru<\/a> <span class=\"post-date\">19\/02\/2023<\/span><\/li>\n<li><a href=\"https:\/\/edublog.educastur.es\/ixuxu\/2023\/02\/grau-viaxa-al-so-pasau-comercial-industrial-y-cultural\/\">Grau viaxa al so pas\u00e1u comercial, industrial y cultural<\/a> <span class=\"post-date\">18\/02\/2023<\/span><\/li>\n<li><a href=\"https:\/\/edublog.educastur.es\/ixuxu\/2023\/02\/16396\/\">(sin t\u00edtulo)<\/a> <span class=\"post-date\">17\/02\/2023<\/span><\/li>\n<li><a href=\"https:\/\/edublog.educastur.es\/ixuxu\/2023\/02\/16686\/\">\u00bfD\u2019onde vien Antroxu?<\/a> <span class=\"post-date\">17\/02\/2023<\/span><\/li>\n<li><a href=\"https:\/\/edublog.educastur.es\/ixuxu\/2023\/02\/el-camin-de-santiago-nasturies\/\">El cam\u00edn de Santiago n\u2019Asturies<\/a> <span class=\"post-date\">16\/02\/2023<\/span><\/li>\n<li><a href=\"https:\/\/edublog.educastur.es\/ixuxu\/2023\/02\/16461\/\">(sin t\u00edtulo)<\/a> <span class=\"post-date\">16\/02\/2023<\/span><\/li>\n<li><a href=\"https:\/\/edublog.educastur.es\/ixuxu\/2023\/02\/antroxu-naviles\/\">Antroxu n\u2019Avil\u00e9s<\/a> <span class=\"post-date\">16\/02\/2023<\/span><\/li>\n<li><a href=\"https:\/\/edublog.educastur.es\/ixuxu\/2023\/02\/lantroxu-modernu-trai-cinco-dies-de-mazcaritos-y-celebraciones\/\">L\u2019Antroxu modernu trai cinco d\u00edes de mazcaritos y celebraciones<\/a> <span class=\"post-date\">16\/02\/2023<\/span><\/li>\n<li><a href=\"https:\/\/edublog.educastur.es\/ixuxu\/2023\/02\/antroxando-nel-colexu\/\">Antroxando nel colexu<\/a> <span class=\"post-date\">16\/02\/2023<\/span><\/li>\n<li><a href=\"https:\/\/edublog.educastur.es\/ixuxu\/2023\/02\/el-principau-dasturies-esparde-la-mayor-publicacion-de-datos-cartograficos-hasta-la-fecha\/\">El Princip\u00e1u d\u2019Asturies esparde la mayor publicaci\u00f3n de datos cartogr\u00e1ficos hasta la fecha<\/a> <span class=\"post-date\">15\/02\/2023<\/span><\/li>\n<li><a href=\"https:\/\/edublog.educastur.es\/ixuxu\/2023\/02\/picu-urriellu-bajo-la-constelacion-de-orion\/\">Picu Urriellu so la constelaci\u00f3n d\u2019Ori\u00f3n.<\/a> <span class=\"post-date\">15\/02\/2023<\/span><\/li>\n<li><a href=\"https:\/\/edublog.educastur.es\/ixuxu\/2023\/02\/dia-de-la-llingua-materna-2\/\">D\u00eda Internacional de la Llingua Materna: 21 de febreru<\/a> <span class=\"post-date\">15\/02\/2023<\/span><\/li>\n<li><a href=\"https:\/\/edublog.educastur.es\/ixuxu\/2023\/02\/antroxu-3\/\">Bingo antroxeru pa xugar en familia<\/a> <span class=\"post-date\">15\/02\/2023<\/span><\/li>\n<li><a href=\"https:\/\/edublog.educastur.es\/ixuxu\/2023\/02\/16244\/\">(sin t\u00edtulo)<\/a> <span class=\"post-date\">15\/02\/2023<\/span><\/li>\n<li><a href=\"https:\/\/edublog.educastur.es\/ixuxu\/2023\/02\/16415\/\">(sin t\u00edtulo)<\/a> <span class=\"post-date\">15\/02\/2023<\/span><\/li>\n<li><a href=\"https:\/\/edublog.educastur.es\/ixuxu\/2023\/02\/les-abeyes-son-reconocies-como-les-criatures-mas-importantes-de-la-tierra\/\">Les abeyes son reconoc\u00edes como les criatures m\u00e1s importantes de la Tierra<\/a> <span class=\"post-date\">15\/02\/2023<\/span><\/li>\n<li><a href=\"https:\/\/edublog.educastur.es\/ixuxu\/2023\/02\/pote-dantroxu\/\">Pote d\u2019Antroxu<\/a> <span class=\"post-date\">15\/02\/2023<\/span><\/li>\n<li><a href=\"https:\/\/edublog.educastur.es\/ixuxu\/2023\/02\/antroxu-2\/\">Antroxu<\/a> <span class=\"post-date\">15\/02\/2023<\/span><\/li>\n<li><a href=\"https:\/\/edublog.educastur.es\/ixuxu\/2023\/02\/dia-mundial-de-la-poesia\/\">D\u00eda Mundial de la Poes\u00eda<\/a> <span class=\"post-date\">15\/02\/2023<\/span><\/li>\n<li><a href=\"https:\/\/edublog.educastur.es\/ixuxu\/2023\/02\/16355\/\">(sin t\u00edtulo)<\/a> <span class=\"post-date\">14\/02\/2023<\/span><\/li>\n<li><a href=\"https:\/\/edublog.educastur.es\/ixuxu\/2023\/02\/mazcaritos-duvieu-2\/\">Mazcaritos d\u2019Uvi\u00e9u<\/a> <span class=\"post-date\">14\/02\/2023<\/span><\/li>\n<li><a href=\"https:\/\/edublog.educastur.es\/ixuxu\/2023\/02\/feliz-dia-de-lamor-y-lamista\/\">Feliz d\u00eda de l\u2019amor y l\u2019amist\u00e1<\/a> <span class=\"post-date\">14\/02\/2023<\/span><\/li>\n<li><a href=\"https:\/\/edublog.educastur.es\/ixuxu\/2023\/02\/los-cinco-llinguaxes-del-amor\/\">Los cinco llinguaxes del amor<\/a> <span class=\"post-date\">14\/02\/2023<\/span><\/li>\n<li><a href=\"https:\/\/edublog.educastur.es\/ixuxu\/2023\/02\/pompa-de-xabon-xela\/\">Pompa de xab\u00f3n xel\u00e1<\/a> <span class=\"post-date\">14\/02\/2023<\/span><\/li>\n<li><a href=\"https:\/\/edublog.educastur.es\/ixuxu\/2023\/02\/el-corazon-de-los-collibris\/\">El coraz\u00f3n de los collibr\u00eds\u2026<\/a> <span class=\"post-date\">14\/02\/2023<\/span><\/li>\n<li><a href=\"https:\/\/edublog.educastur.es\/ixuxu\/2023\/02\/16382\/\">El globo d\u2019Asturies Para\u00edsu Natural tuvo 10 d\u00edes en Los Alpes<\/a> <span class=\"post-date\">14\/02\/2023<\/span><\/li>\n<li><a href=\"https:\/\/edublog.educastur.es\/ixuxu\/2023\/02\/que-ye-lamor\/\">\u00bfQu\u00e9 ye l\u2019amor?<\/a> <span class=\"post-date\">14\/02\/2023<\/span><\/li>\n<li><a href=\"https:\/\/edublog.educastur.es\/ixuxu\/2023\/02\/imaxe-de-los-xuegos-olimpicos-de-paris-2024\/\">Imaxe Xuegos Ol\u00edmpicos de Par\u00eds 2024<\/a> <span class=\"post-date\">13\/02\/2023<\/span><\/li>\n<li><a href=\"https:\/\/edublog.educastur.es\/ixuxu\/2023\/02\/16365\/\">(sin t\u00edtulo)<\/a> <span class=\"post-date\">13\/02\/2023<\/span><\/li>\n<li><a href=\"https:\/\/edublog.educastur.es\/ixuxu\/2023\/02\/16363\/\">(sin t\u00edtulo)<\/a> <span class=\"post-date\">13\/02\/2023<\/span><\/li>\n<li><a href=\"https:\/\/edublog.educastur.es\/ixuxu\/2023\/02\/laguilandu-en-ponga\/\">L\u2019aguilandu en Ponga<\/a> <span class=\"post-date\">13\/02\/2023<\/span><\/li>\n<li><a href=\"https:\/\/edublog.educastur.es\/ixuxu\/2023\/02\/curtiu-animau-que-gano-los-premios-goya\/\">Curtiu anim\u00e1u que gan\u00f3 los Premios Goya, Academia del Cine<\/a> <span class=\"post-date\">13\/02\/2023<\/span><\/li>\n<li><a href=\"https:\/\/edublog.educastur.es\/ixuxu\/2023\/02\/cancios-de-chigre-o-cantares-de-bar\/\">Cancios de chigre o cantares de bar<\/a> <span class=\"post-date\">13\/02\/2023<\/span><\/li>\n<li><a href=\"https:\/\/edublog.educastur.es\/ixuxu\/2023\/02\/16294\/\">(sin t\u00edtulo)<\/a> <span class=\"post-date\">13\/02\/2023<\/span><\/li>\n<li><a href=\"https:\/\/edublog.educastur.es\/ixuxu\/2023\/02\/tiempu-nasturies-llunes-13\/\">Tiempu n\u2019Asturies llunes 13<\/a> <span class=\"post-date\">13\/02\/2023<\/span><\/li>\n<li><a href=\"https:\/\/edublog.educastur.es\/ixuxu\/2023\/02\/dia-mundial-de-la-radio\/\">D\u00eda Mundial de la radio<\/a> <span class=\"post-date\">13\/02\/2023<\/span><\/li>\n<li><a href=\"https:\/\/edublog.educastur.es\/ixuxu\/2023\/02\/la-lliberta-apriendese-exerciendola\/\">\u00abLa llibert\u00e1 apri\u00e9ndese exerci\u00e9ndola\u00bb<\/a> <span class=\"post-date\">12\/02\/2023<\/span><\/li>\n<li><a href=\"https:\/\/edublog.educastur.es\/ixuxu\/2023\/02\/tal-dia-como-guei-nacia-charles-darwin\/\">Tal d\u00eda como g\u00fcei nac\u00eda Charles Darwin.<\/a> <span class=\"post-date\">12\/02\/2023<\/span><\/li>\n<li><a href=\"https:\/\/edublog.educastur.es\/ixuxu\/2023\/02\/16263\/\">(sin t\u00edtulo)<\/a> <span class=\"post-date\">12\/02\/2023<\/span><\/li>\n<li><a href=\"https:\/\/edublog.educastur.es\/ixuxu\/2023\/02\/national-geographic-asitia-cinco-pueblos-asturianos-ente-los-100-mas-guapos-despana\/\">National Geographic asitia cinco pueblos asturianos ente los 100 m\u00e1s guapos d\u2019Espa\u00f1a<\/a> <span class=\"post-date\">11\/02\/2023<\/span><\/li>\n<li><a href=\"https:\/\/edublog.educastur.es\/ixuxu\/2023\/02\/guei-yel-dia-de-la-muyer-y-la-nena-na-ciencia\/\">G\u00fcei ye\u2019l D\u00eda de la Muyer y la Ne\u00f1a na Ciencia<\/a> <span class=\"post-date\">11\/02\/2023<\/span><\/li>\n<li><a href=\"https:\/\/edublog.educastur.es\/ixuxu\/2023\/02\/dia-de-les-llegumes\/\">D\u00eda de les llegumes<\/a> <span class=\"post-date\">11\/02\/2023<\/span><\/li>\n<li><a href=\"https:\/\/edublog.educastur.es\/ixuxu\/2023\/02\/dia-internacional-de-la-muyer-y-la-nena-na-ciencia-3\/\">D\u00eda internacional de la Muyer y la Ne\u00f1a na Ciencia.<\/a> <span class=\"post-date\">11\/02\/2023<\/span><\/li>\n<li><a href=\"https:\/\/edublog.educastur.es\/ixuxu\/2023\/02\/dia-del-pote\/\">D\u00eda del Pote<\/a> <span class=\"post-date\">10\/02\/2023<\/span><\/li>\n<li><a href=\"https:\/\/edublog.educastur.es\/ixuxu\/2023\/02\/16214\/\">(sin t\u00edtulo)<\/a> <span class=\"post-date\">10\/02\/2023<\/span><\/li>\n<li><a href=\"https:\/\/edublog.educastur.es\/ixuxu\/2023\/02\/un-asturianu-cuelase-na-llista-de-los-50-grandes-creativos-de-la-gastronomia\/\">Un asturianu cu\u00e9lase na llista de los 50 grandes creativos de la gastronom\u00eda<\/a> <span class=\"post-date\">09\/02\/2023<\/span><\/li>\n<li><a href=\"https:\/\/edublog.educastur.es\/ixuxu\/2023\/02\/16307\/\">L\u2019Anuariu de la M\u00fasica Asturiana<\/a> <span class=\"post-date\">09\/02\/2023<\/span><\/li>\n<li><a href=\"https:\/\/edublog.educastur.es\/ixuxu\/2023\/02\/dia-de-la-muyer-y-la-nena-na-ciencia\/\">D\u00eda de la Muyer y la Ne\u00f1a na Ciencia.<\/a> <span class=\"post-date\">09\/02\/2023<\/span><\/li>\n<li><a href=\"https:\/\/edublog.educastur.es\/ixuxu\/2023\/02\/16291\/\">(sin t\u00edtulo)<\/a> <span class=\"post-date\">09\/02\/2023<\/span><\/li>\n<li><a href=\"https:\/\/edublog.educastur.es\/ixuxu\/2023\/02\/spot-guilandeiros-de-tineu\/\">Spot \u00abGuilandeiros\u00bb de Tin\u00e9u<\/a> <span class=\"post-date\">09\/02\/2023<\/span><\/li>\n<li><a href=\"https:\/\/edublog.educastur.es\/ixuxu\/2023\/02\/esta-ye-la-rexon-mas-infravalorada-despana-segun-the-telegraph\/\">Esta ye la rex\u00f3n m\u00e1s infravalorada d\u2019Espa\u00f1a, seg\u00fan \u2018The Telegraph\u2019<\/a> <span class=\"post-date\">09\/02\/2023<\/span><\/li>\n<li><a href=\"https:\/\/edublog.educastur.es\/ixuxu\/2023\/02\/arroz-con-lleche\/\">Arroz con lleche<\/a> <span class=\"post-date\">09\/02\/2023<\/span><\/li>\n<li><a href=\"https:\/\/edublog.educastur.es\/ixuxu\/2023\/02\/cursu-dasturianu\/\">Cursu d\u2019asturianu<\/a> <span class=\"post-date\">09\/02\/2023<\/span><\/li>\n<li><a href=\"https:\/\/edublog.educastur.es\/ixuxu\/2023\/02\/estau-del-tiempu-nasturies-xueves-9\/\">Est\u00e1u del tiempu n\u2019Asturies<\/a> <span class=\"post-date\">09\/02\/2023<\/span><\/li>\n<li><a href=\"https:\/\/edublog.educastur.es\/ixuxu\/2023\/02\/16239\/\">(sin t\u00edtulo)<\/a> <span class=\"post-date\">09\/02\/2023<\/span><\/li>\n<li><a href=\"https:\/\/edublog.educastur.es\/ixuxu\/2023\/02\/ciclu-de-crecimientu-duna-fresa\/\">Ciclu de vida d\u2019una fresa<\/a> <span class=\"post-date\">08\/02\/2023<\/span><\/li>\n<li><a href=\"https:\/\/edublog.educastur.es\/ixuxu\/2023\/02\/bizarrap-compositor-y-productor-discograficu-arxentin\/\">Bizarrap: compositor y productor discogr\u00e1ficu arxent\u00edn<\/a> <span class=\"post-date\">08\/02\/2023<\/span><\/li>\n<li><a href=\"https:\/\/edublog.educastur.es\/ixuxu\/2023\/02\/16253\/\">(sin t\u00edtulo)<\/a> <span class=\"post-date\">08\/02\/2023<\/span><\/li>\n<li><a href=\"https:\/\/edublog.educastur.es\/ixuxu\/2023\/02\/lasturianu-entra-na-universida-duvieu\/\">L\u2019asturianu entra na Universid\u00e1 d\u2019Uvi\u00e9u<\/a> <span class=\"post-date\">07\/02\/2023<\/span><\/li>\n<li><a href=\"https:\/\/edublog.educastur.es\/ixuxu\/2023\/02\/el-turismu-rural-nasturies-consolidal-so-lideralgu-nespana\/\">El turismu rural n\u2019Asturies consolida\u2019l so lideralgu n\u2019Espa\u00f1a<\/a> <span class=\"post-date\">07\/02\/2023<\/span><\/li>\n<li><a href=\"https:\/\/edublog.educastur.es\/ixuxu\/2023\/02\/lultimu-pallabreru-publicau-pola-oficina-de-normalizacion-llinguistica\/\">L\u2019\u00faltimu pallabreru public\u00e1u pola Oficina de Normalizaci\u00f3n Lling\u00fc\u00edstica.<\/a> <span class=\"post-date\">07\/02\/2023<\/span><\/li>\n<li><a href=\"https:\/\/edublog.educastur.es\/ixuxu\/2023\/02\/renfe-retrasa-la-entrega-de-31-trenes-a-asturies-porque-yeren-demasiau-grandes-para-pasar-por-dellos-tuneles\/\">Renfe retrasa la entrega de 31 trenes a Asturies porque yeren demasi\u00e1u grandes para pasar por dellos t\u00faneles.<\/a> <span class=\"post-date\">06\/02\/2023<\/span><\/li>\n<li><a href=\"https:\/\/edublog.educastur.es\/ixuxu\/2023\/02\/en-ruta-por-picos-deuropa-ensin-salir-dasturies\/\">En ruta por Picos d\u2019Europa ensin salir d\u2019Asturies<\/a> <span class=\"post-date\">06\/02\/2023<\/span><\/li>\n<li><a href=\"https:\/\/edublog.educastur.es\/ixuxu\/2023\/02\/les-abeyes\/\">Les abeyes\u2026<\/a> <span class=\"post-date\">06\/02\/2023<\/span><\/li>\n<li><a href=\"https:\/\/edublog.educastur.es\/ixuxu\/2023\/02\/domingu-de-sidros-y-comedies-en-bimenes\/\">Domingu de Sidros y Comedies en Bimenes<\/a> <span class=\"post-date\">06\/02\/2023<\/span><\/li>\n<li><a href=\"https:\/\/edublog.educastur.es\/ixuxu\/2023\/02\/16302\/\">Mazcaritos d\u2019Uvi\u00e9u<\/a> <span class=\"post-date\">06\/02\/2023<\/span><\/li>\n<li><a href=\"https:\/\/edublog.educastur.es\/ixuxu\/2023\/02\/16196\/\">Lluna llena, lluna de \u00f1eve<\/a> <span class=\"post-date\">05\/02\/2023<\/span><\/li>\n<li><a href=\"https:\/\/edublog.educastur.es\/ixuxu\/2023\/02\/llagu-enol-nes-pasaes-nevaes-a-principio-de-febreru\/\">Llagu Enol nes pasaes nevaes a principio de febreru.<\/a> <span class=\"post-date\">04\/02\/2023<\/span><\/li>\n<li><a href=\"https:\/\/edublog.educastur.es\/ixuxu\/2023\/02\/16190\/\">(sin t\u00edtulo)<\/a> <span class=\"post-date\">03\/02\/2023<\/span><\/li>\n<li><a href=\"https:\/\/edublog.educastur.es\/ixuxu\/2023\/02\/vista-casi-ensin-nubes-diberia\/\">Vista casi ensin nubes d\u2019Iberia<\/a> <span class=\"post-date\">03\/02\/2023<\/span><\/li>\n<li><a href=\"https:\/\/edublog.educastur.es\/ixuxu\/2023\/02\/gueyu-de-gue-en-pena-mea-nevada-a-vista-de-dron\/\">G\u00fceyu de G\u00fce en Pe\u00f1a Mea nevada a vista de dron<\/a> <span class=\"post-date\">02\/02\/2023<\/span><\/li>\n<li><a href=\"https:\/\/edublog.educastur.es\/ixuxu\/2023\/02\/16127\/\">(sin t\u00edtulo)<\/a> <span class=\"post-date\">02\/02\/2023<\/span><\/li>\n<li><a href=\"https:\/\/edublog.educastur.es\/ixuxu\/2023\/02\/san-valentin-el-14-de-febreru\/\">San Valent\u00edn, el 14 de febreru<\/a> <span class=\"post-date\">01\/02\/2023<\/span><\/li>\n<li><a href=\"https:\/\/edublog.educastur.es\/ixuxu\/2023\/02\/el-principau-anicial-procesu-pa-declarar-la-cultura-del-acebache-bien-dinteres-cultural-inmaterial\/\">El Princip\u00e1u anicia\u2019l procesu pa declarar la cultura del acebache bien d\u2019inter\u00e9s cultural inmaterial<\/a> <span class=\"post-date\">01\/02\/2023<\/span><\/li>\n<li><a href=\"https:\/\/edublog.educastur.es\/ixuxu\/2023\/02\/16185\/\">Algaire presenta \u00abLlume\u00bb, la so collaboraci\u00f3n con Ahez<\/a> <span class=\"post-date\">01\/02\/2023<\/span><\/li>\n<li><a href=\"https:\/\/edublog.educastur.es\/ixuxu\/2023\/02\/xornaes-de-la-matanza\/\">Xorn\u00e1es de la matanza, tolos fines de selmana de febreru<\/a> <span class=\"post-date\">01\/02\/2023<\/span><\/li>\n<li><a href=\"https:\/\/edublog.educastur.es\/ixuxu\/2023\/02\/16151\/\">Fases llunares en febreru<\/a> <span class=\"post-date\">01\/02\/2023<\/span><\/li>\n<li><a href=\"https:\/\/edublog.educastur.es\/ixuxu\/2023\/02\/estacion-fontes-diviernu-2\/\">Estaci\u00f3n Fontes d\u2019Iviernu<\/a> <span class=\"post-date\">01\/02\/2023<\/span><\/li>\n<li><a href=\"https:\/\/edublog.educastur.es\/ixuxu\/2023\/02\/16106\/\">(sin t\u00edtulo)<\/a> <span class=\"post-date\">01\/02\/2023<\/span><\/li>\n<li><a href=\"https:\/\/edublog.educastur.es\/ixuxu\/2023\/02\/16166\/\">(sin t\u00edtulo)<\/a> <span class=\"post-date\">01\/02\/2023<\/span><\/li>\n<\/ul>\n","protected":false},"excerpt":{"rendered":"<p>Pesc\u00e1u de temporada: marzu 28\/02\/2023 Morri\u00f3 l\u2019escritor de lliteratura infantil Juan Mu\u00f1oz Mart\u00edn.\u00a0 28\/02\/2023 (sin t\u00edtulo) 28\/02\/2023 Nueva canci\u00f3n de Shakira y Karol G 27\/02\/2023 Densid\u00e1 de poblaci\u00f3n n\u2019Asturies 27\/02\/2023 Gr\u00e1ficos y datos 27\/02\/2023 Asturies promoci\u00f3nase n\u2019Amsterdam, capital de Pa\u00edses Baxos 27\/02\/2023 C\u00e9sar, llabrador ecol\u00f3xicu 27\/02\/2023 \u00bfImax\u00edneste un Mundial de F\u00fatbol n\u2019Asturies? Asturies ye mundial [&hellip;]<\/p>\n","protected":false},"author":117,"featured_media":0,"parent":34962,"menu_order":0,"comment_status":"closed","ping_status":"closed","template":"","meta":{"footnotes":""},"class_list":["post-64977","page","type-page","status-publish","hentry"],"_links":{"self":[{"href":"https:\/\/edublog.educastur.es\/ixuxu\/wp-json\/wp\/v2\/pages\/64977","targetHints":{"allow":["GET"]}}],"collection":[{"href":"https:\/\/edublog.educastur.es\/ixuxu\/wp-json\/wp\/v2\/pages"}],"about":[{"href":"https:\/\/edublog.educastur.es\/ixuxu\/wp-json\/wp\/v2\/types\/page"}],"author":[{"embeddable":true,"href":"https:\/\/edublog.educastur.es\/ixuxu\/wp-json\/wp\/v2\/users\/117"}],"replies":[{"embeddable":true,"href":"https:\/\/edublog.educastur.es\/ixuxu\/wp-json\/wp\/v2\/comments?post=64977"}],"version-history":[{"count":1,"href":"https:\/\/edublog.educastur.es\/ixuxu\/wp-json\/wp\/v2\/pages\/64977\/revisions"}],"predecessor-version":[{"id":64978,"href":"https:\/\/edublog.educastur.es\/ixuxu\/wp-json\/wp\/v2\/pages\/64977\/revisions\/64978"}],"up":[{"embeddable":true,"href":"https:\/\/edublog.educastur.es\/ixuxu\/wp-json\/wp\/v2\/pages\/34962"}],"wp:attachment":[{"href":"https:\/\/edublog.educastur.es\/ixuxu\/wp-json\/wp\/v2\/media?parent=64977"}],"curies":[{"name":"wp","href":"https:\/\/api.w.org\/{rel}","templated":true}]}}