{"id":64982,"date":"2026-01-02T22:05:26","date_gmt":"2026-01-02T20:05:26","guid":{"rendered":"https:\/\/edublog.educastur.es\/ixuxu\/?page_id=64982"},"modified":"2026-01-02T22:05:26","modified_gmt":"2026-01-02T20:05:26","slug":"12_avientu","status":"publish","type":"page","link":"https:\/\/edublog.educastur.es\/ixuxu\/archivu-blogue\/articulos\/2022-2\/12_avientu\/","title":{"rendered":"12_Avientu"},"content":{"rendered":"<ul>\n<li><a href=\"https:\/\/edublog.educastur.es\/ixuxu\/2022\/12\/15510\/\">(sin t\u00edtulo)<\/a> <span class=\"post-date\">31\/12\/2022<\/span><\/li>\n<li><a href=\"https:\/\/edublog.educastur.es\/ixuxu\/2022\/12\/bonos-deseos-del-presidente-del-principau-dasturies\/\">Bonos deseos del Presidente del Princip\u00e1u d\u2019Asturies<\/a> <span class=\"post-date\">31\/12\/2022<\/span><\/li>\n<li><a href=\"https:\/\/edublog.educastur.es\/ixuxu\/2022\/12\/15415\/\">(sin t\u00edtulo)<\/a> <span class=\"post-date\">31\/12\/2022<\/span><\/li>\n<li><a href=\"https:\/\/edublog.educastur.es\/ixuxu\/2022\/12\/maraviyes-del-mundu-les-catarates-del-niagara-conxelaes\/\">Maraviyes del mundu: les catarates del Ni\u00e1gara conxel\u00e1es<\/a> <span class=\"post-date\">30\/12\/2022<\/span><\/li>\n<li><a href=\"https:\/\/edublog.educastur.es\/ixuxu\/2022\/12\/postales-navidiegues\/\">Postales navidiegues d\u2019Uvi\u00e9u<\/a> <span class=\"post-date\">30\/12\/2022<\/span><\/li>\n<li><a href=\"https:\/\/edublog.educastur.es\/ixuxu\/2022\/12\/laventura-nueva-dasterix-estrena-guionista\/\">L\u2019aventura nueva d\u2019Ast\u00e9rix estrena guionista<\/a> <span class=\"post-date\">30\/12\/2022<\/span><\/li>\n<li><a href=\"https:\/\/edublog.educastur.es\/ixuxu\/2022\/12\/15507\/\">(sin t\u00edtulo)<\/a> <span class=\"post-date\">30\/12\/2022<\/span><\/li>\n<li><a href=\"https:\/\/edublog.educastur.es\/ixuxu\/2022\/12\/dicires-3\/\">Dicires<\/a> <span class=\"post-date\">30\/12\/2022<\/span><\/li>\n<li><a href=\"https:\/\/edublog.educastur.es\/ixuxu\/2022\/12\/estau-del-tiempu-vienres-30-davientu-de-2022\/\">Est\u00e1u del tiempu: vienres 30 d\u2019avientu de 2022<\/a> <span class=\"post-date\">30\/12\/2022<\/span><\/li>\n<li><a href=\"https:\/\/edublog.educastur.es\/ixuxu\/2022\/12\/los-anos-escribense-ensin-puntu-coma-nin-espaciu-ente-la-cifra-que-marca-los-millares-y-la-quindica-les-centenes\/\">Los a\u00f1os escr\u00edbense ensin puntu, coma nin espaciu ente la cifra que marca los millares y la qu\u2019indica les centenes.<\/a> <span class=\"post-date\">30\/12\/2022<\/span><\/li>\n<li><a href=\"https:\/\/edublog.educastur.es\/ixuxu\/2022\/12\/bonos-deseos-pal-anu-nuevu-2\/\">BON A\u00d1U 2023<\/a> <span class=\"post-date\">30\/12\/2022<\/span><\/li>\n<li><a href=\"https:\/\/edublog.educastur.es\/ixuxu\/2022\/12\/15480\/\">(sin t\u00edtulo)<\/a> <span class=\"post-date\">30\/12\/2022<\/span><\/li>\n<li><a href=\"https:\/\/edublog.educastur.es\/ixuxu\/2022\/12\/morrio-pele-xuno-de-los-meyores-futbolistes-y-deportistes-de-tolos-tiempos\/\">Morri\u00f3 Pel\u00e9: xuno de los meyores futbolistes y deportistes de tolos tiempos<\/a> <span class=\"post-date\">29\/12\/2022<\/span><\/li>\n<li><a href=\"https:\/\/edublog.educastur.es\/ixuxu\/2022\/12\/danza-astronomica\/\">Danza astron\u00f3mica<\/a> <span class=\"post-date\">27\/12\/2022<\/span><\/li>\n<li><a href=\"https:\/\/edublog.educastur.es\/ixuxu\/2022\/12\/15429\/\">(sin t\u00edtulo)<\/a> <span class=\"post-date\">25\/12\/2022<\/span><\/li>\n<li><a href=\"https:\/\/edublog.educastur.es\/ixuxu\/2022\/12\/monteres-picones\/\">Monteres picones<\/a> <span class=\"post-date\">24\/12\/2022<\/span><\/li>\n<li><a href=\"https:\/\/edublog.educastur.es\/ixuxu\/2022\/12\/15484\/\">(sin t\u00edtulo)<\/a> <span class=\"post-date\">24\/12\/2022<\/span><\/li>\n<li><a href=\"https:\/\/edublog.educastur.es\/ixuxu\/2022\/12\/estau-del-tiempu-nasturies-3\/\">Est\u00e1u del Tiempu n\u2019Asturies<\/a> <span class=\"post-date\">24\/12\/2022<\/span><\/li>\n<li><a href=\"https:\/\/edublog.educastur.es\/ixuxu\/2022\/12\/15435\/\">(sin t\u00edtulo)<\/a> <span class=\"post-date\">23\/12\/2022<\/span><\/li>\n<li><a href=\"https:\/\/edublog.educastur.es\/ixuxu\/2022\/12\/el-tiempu-nasturies-3\/\">El Tiempu n\u2019Asturies<\/a> <span class=\"post-date\">23\/12\/2022<\/span><\/li>\n<li><a href=\"https:\/\/edublog.educastur.es\/ixuxu\/2022\/12\/andres-valencia-el-pequenu-picasso-de-11-anos-que-viende-cuadros-por-miles-de-dolares\/\">Andr\u00e9s Valencia, el \u00abpequenu Picasso\u00bb de 11 a\u00f1os que viende cuadros por miles de d\u00f3lares<\/a> <span class=\"post-date\">22\/12\/2022<\/span><\/li>\n<li><a href=\"https:\/\/edublog.educastur.es\/ixuxu\/2022\/12\/pieslle-de-lanu\/\">Pieslle de l\u2019a\u00f1u<\/a> <span class=\"post-date\">22\/12\/2022<\/span><\/li>\n<li><a href=\"https:\/\/edublog.educastur.es\/ixuxu\/2022\/12\/como-cambiar-el-nome-y-apellios-al-asturianu\/\">\u00bfC\u00f3mo cambiar el nome y apell\u00edos al asturianu?<\/a> <span class=\"post-date\">22\/12\/2022<\/span><\/li>\n<li><a href=\"https:\/\/edublog.educastur.es\/ixuxu\/2022\/12\/io-saturnalia-la-festivida-dedica-a-saturno\/\">Io Saturnalia! La festivid\u00e1 dedic\u00e1 al Dios Saturno<\/a> <span class=\"post-date\">20\/12\/2022<\/span><\/li>\n<li><a href=\"https:\/\/edublog.educastur.es\/ixuxu\/2022\/12\/ramu-nadal\/\">Ramu Nadal<\/a> <span class=\"post-date\">20\/12\/2022<\/span><\/li>\n<li><a href=\"https:\/\/edublog.educastur.es\/ixuxu\/2022\/12\/una-ballena-duna-aurora-sobrol-monte-suecu\/\">Una ballena d\u2019una aurora sobro\u2019l monte suecu.<\/a> <span class=\"post-date\">20\/12\/2022<\/span><\/li>\n<li><a href=\"https:\/\/edublog.educastur.es\/ixuxu\/2022\/12\/stonehenge\/\">Stonehenge<\/a> <span class=\"post-date\">20\/12\/2022<\/span><\/li>\n<li><a href=\"https:\/\/edublog.educastur.es\/ixuxu\/2022\/12\/navibus-dexa-esfrutar-dun-percorriu-pela-navida-de-la-ciuda-duvieu\/\">Navib\u00fas: dexa esfrutar d\u2019un percorr\u00edu pela Navid\u00e1 de la ciud\u00e1 d\u2019Uvi\u00e9u<\/a> <span class=\"post-date\">20\/12\/2022<\/span><\/li>\n<li><a href=\"https:\/\/edublog.educastur.es\/ixuxu\/2022\/12\/bon-nadal\/\">Bon Nadal<\/a> <span class=\"post-date\">20\/12\/2022<\/span><\/li>\n<li><a href=\"https:\/\/edublog.educastur.es\/ixuxu\/2022\/12\/15427\/\">(sin t\u00edtulo)<\/a> <span class=\"post-date\">20\/12\/2022<\/span><\/li>\n<li><a href=\"https:\/\/edublog.educastur.es\/ixuxu\/2022\/12\/15425\/\">(sin t\u00edtulo)<\/a> <span class=\"post-date\">20\/12\/2022<\/span><\/li>\n<li><a href=\"https:\/\/edublog.educastur.es\/ixuxu\/2022\/12\/onde-hai-mas-nenos-nasturies\/\">\u00bf\u00d3nde hai m\u00e1s ne\u00f1os n\u2019Asturies?<\/a> <span class=\"post-date\">20\/12\/2022<\/span><\/li>\n<li><a href=\"https:\/\/edublog.educastur.es\/ixuxu\/2022\/12\/iviernu-tiempu-daguilanderos\/\">Tiempu d\u2019Aguilanderos y mazcarada d\u2019iviernu<\/a> <span class=\"post-date\">20\/12\/2022<\/span><\/li>\n<li><a href=\"https:\/\/edublog.educastur.es\/ixuxu\/2022\/12\/bonos-deseos-pal-anu-nuevu\/\">Bonos deseos pal A\u00f1u Nuevu<\/a> <span class=\"post-date\">20\/12\/2022<\/span><\/li>\n<li><a href=\"https:\/\/edublog.educastur.es\/ixuxu\/2022\/12\/15404\/\">(sin t\u00edtulo)<\/a> <span class=\"post-date\">20\/12\/2022<\/span><\/li>\n<li><a href=\"https:\/\/edublog.educastur.es\/ixuxu\/2022\/12\/2023-calendariu-llaboral-nespana\/\">2023: Calendariu llaboral n\u2019Espa\u00f1a<\/a> <span class=\"post-date\">20\/12\/2022<\/span><\/li>\n<li><a href=\"https:\/\/edublog.educastur.es\/ixuxu\/2022\/12\/decalogu-del-xuguete-non-sexista-2\/\">Dec\u00e1logu del xuguete non sexista<\/a> <span class=\"post-date\">20\/12\/2022<\/span><\/li>\n<li><a href=\"https:\/\/edublog.educastur.es\/ixuxu\/2022\/12\/solsticiu-diviernu-2022-que-esperar-de-la-nueche-mas-llarga-del-anu\/\">Solsticiu d\u2019iviernu 2022: qu\u00e9 esperar de la nueche m\u00e1s llarga del a\u00f1u<\/a> <span class=\"post-date\">20\/12\/2022<\/span><\/li>\n<li><a href=\"https:\/\/edublog.educastur.es\/ixuxu\/2022\/12\/los-reis-magos\/\">Los Reis Magos<\/a> <span class=\"post-date\">20\/12\/2022<\/span><\/li>\n<li><a href=\"https:\/\/edublog.educastur.es\/ixuxu\/2022\/12\/15413\/\">(sin t\u00edtulo)<\/a> <span class=\"post-date\">20\/12\/2022<\/span><\/li>\n<li><a href=\"https:\/\/edublog.educastur.es\/ixuxu\/2022\/12\/ondes-casi-conxelaes\/\">Ondes casi conxelaes<\/a> <span class=\"post-date\">19\/12\/2022<\/span><\/li>\n<li><a href=\"https:\/\/edublog.educastur.es\/ixuxu\/2022\/12\/dalgunes-recomendaciones-llectores\/\">Dalgunes recomendaciones llectores<\/a> <span class=\"post-date\">19\/12\/2022<\/span><\/li>\n<li><a href=\"https:\/\/edublog.educastur.es\/ixuxu\/2022\/12\/15338\/\">(sin t\u00edtulo)<\/a> <span class=\"post-date\">17\/12\/2022<\/span><\/li>\n<li><a href=\"https:\/\/edublog.educastur.es\/ixuxu\/2022\/12\/15373\/\">Revista dixital Educallingua. Avientu 2022<\/a> <span class=\"post-date\">16\/12\/2022<\/span><\/li>\n<li><a href=\"https:\/\/edublog.educastur.es\/ixuxu\/2022\/12\/v-premio-por-la-paz\/\">V\u00a0Premiu pola Paz\u00a0<\/a> <span class=\"post-date\">16\/12\/2022<\/span><\/li>\n<li><a href=\"https:\/\/edublog.educastur.es\/ixuxu\/2022\/12\/15366\/\">I Certame de Cantares d\u2019Inviernu y Avientu<\/a> <span class=\"post-date\">16\/12\/2022<\/span><\/li>\n<li><a href=\"https:\/\/edublog.educastur.es\/ixuxu\/2022\/12\/15356\/\">(sin t\u00edtulo)<\/a> <span class=\"post-date\">16\/12\/2022<\/span><\/li>\n<li><a href=\"https:\/\/edublog.educastur.es\/ixuxu\/2022\/12\/cual-ye-lorixe-del-arbol-de-navida\/\">\u00bfCu\u00e1l ye l\u2019orixe del \u00e1rbol de Navid\u00e1?<\/a> <span class=\"post-date\">16\/12\/2022<\/span><\/li>\n<li><a href=\"https:\/\/edublog.educastur.es\/ixuxu\/2022\/12\/del-llince-al-urogallo-cantabricu-espana-nocho-animales\/\">Del llince al urogallo cant\u00e1bricu, Espa\u00f1a n\u2019ocho animales<\/a> <span class=\"post-date\">16\/12\/2022<\/span><\/li>\n<li><a href=\"https:\/\/edublog.educastur.es\/ixuxu\/2022\/12\/iluminacion-navideiega-nuvieu\/\">Iluminaci\u00f3n navideiega n\u2019Uvi\u00e9u<\/a> <span class=\"post-date\">16\/12\/2022<\/span><\/li>\n<li><a href=\"https:\/\/edublog.educastur.es\/ixuxu\/2022\/12\/llunes-llenes-del-anu-2022\/\">Llunes llenes del a\u00f1u 2022<\/a> <span class=\"post-date\">16\/12\/2022<\/span><\/li>\n<li><a href=\"https:\/\/edublog.educastur.es\/ixuxu\/2022\/12\/palomba-urbana\/\">Palomba urbana<\/a> <span class=\"post-date\">16\/12\/2022<\/span><\/li>\n<li><a href=\"https:\/\/edublog.educastur.es\/ixuxu\/2022\/12\/15324\/\">(sin t\u00edtulo)<\/a> <span class=\"post-date\">16\/12\/2022<\/span><\/li>\n<li><a href=\"https:\/\/edublog.educastur.es\/ixuxu\/2022\/12\/lavance-de-pelis-sotitulaes-al-asturianu\/\">L\u2019avance de pelis sotitulaes al asturianu<\/a> <span class=\"post-date\">16\/12\/2022<\/span><\/li>\n<li><a href=\"https:\/\/edublog.educastur.es\/ixuxu\/2022\/12\/vuelvel-pase-anal-b-gratuitu\/\">\u00a1Vuelve\u2019l Pase A\u00f1al B! gratuitu<\/a> <span class=\"post-date\">15\/12\/2022<\/span><\/li>\n<li><a href=\"https:\/\/edublog.educastur.es\/ixuxu\/2022\/12\/languleru-salta-al-cine-na-ultima-pelicula-de-amazon\/\">L\u2019Anguleru salta al cine na \u00faltima pel\u00edcula d\u2019Amazon\u00a0<\/a> <span class=\"post-date\">15\/12\/2022<\/span><\/li>\n<li><a href=\"https:\/\/edublog.educastur.es\/ixuxu\/2022\/12\/aurora-sobrol-glaciar-islandes\/\">Aurora sobro\u2019l glaciar island\u00e9s<\/a> <span class=\"post-date\">14\/12\/2022<\/span><\/li>\n<li><a href=\"https:\/\/edublog.educastur.es\/ixuxu\/2022\/12\/un-cielu-artisticu-sobro-les-isles-lofoten-13-12-2022\/\">Un cielu art\u00edsticu sobro les isles Lofoten (13\/12\/2022)<\/a> <span class=\"post-date\">14\/12\/2022<\/span><\/li>\n<li><a href=\"https:\/\/edublog.educastur.es\/ixuxu\/2022\/12\/un-percorriu-un-virtual-pola-lluna\/\">Un percorr\u00edu un virtual pola Lluna<\/a> <span class=\"post-date\">14\/12\/2022<\/span><\/li>\n<li><a href=\"https:\/\/edublog.educastur.es\/ixuxu\/2022\/12\/15210\/\">(sin t\u00edtulo)<\/a> <span class=\"post-date\">11\/12\/2022<\/span><\/li>\n<li><a href=\"https:\/\/edublog.educastur.es\/ixuxu\/2022\/12\/languleru-2\/\">L\u2019Anguleru<\/a> <span class=\"post-date\">10\/12\/2022<\/span><\/li>\n<li><a href=\"https:\/\/edublog.educastur.es\/ixuxu\/2022\/12\/15255\/\">(sin t\u00edtulo)<\/a> <span class=\"post-date\">10\/12\/2022<\/span><\/li>\n<li><a href=\"https:\/\/edublog.educastur.es\/ixuxu\/2022\/12\/arbol-frankenstein-el-frutal-que-produz-40-frutes-distintes\/\">\u00c1rbol Frankenstein, el frutal que produz 40 frutes distintes<\/a> <span class=\"post-date\">10\/12\/2022<\/span><\/li>\n<li><a href=\"https:\/\/edublog.educastur.es\/ixuxu\/2022\/12\/el-toque-manual-de-campanes-espanol-patrimoniu-cultural-inmaterial-de-la-humanida\/\">El toque manual de campanes espa\u00f1ol Patrimoniu Cultural Inmaterial de la Humanid\u00e1.<\/a> <span class=\"post-date\">10\/12\/2022<\/span><\/li>\n<li><a href=\"https:\/\/edublog.educastur.es\/ixuxu\/2022\/12\/mar-de-ventana-en-riosa\/\">\u00abMar de ventana\u00bb en Riosa<\/a> <span class=\"post-date\">10\/12\/2022<\/span><\/li>\n<li><a href=\"https:\/\/edublog.educastur.es\/ixuxu\/2022\/12\/la-mas-cara-despana-langula-asturiano\/\">La m\u00e1s cara d\u2019Espa\u00f1a: l\u2019angula asturiano<\/a> <span class=\"post-date\">10\/12\/2022<\/span><\/li>\n<li><a href=\"https:\/\/edublog.educastur.es\/ixuxu\/2022\/12\/15286\/\">(sin t\u00edtulo)<\/a> <span class=\"post-date\">10\/12\/2022<\/span><\/li>\n<li><a href=\"https:\/\/edublog.educastur.es\/ixuxu\/2022\/12\/15280\/\">(sin t\u00edtulo)<\/a> <span class=\"post-date\">10\/12\/2022<\/span><\/li>\n<li><a href=\"https:\/\/edublog.educastur.es\/ixuxu\/2022\/12\/la-nueva-dindiana-jones\/\">La nueva d\u2019Indiana Jones<\/a> <span class=\"post-date\">10\/12\/2022<\/span><\/li>\n<li><a href=\"https:\/\/edublog.educastur.es\/ixuxu\/2022\/12\/15253\/\">(sin t\u00edtulo)<\/a> <span class=\"post-date\">10\/12\/2022<\/span><\/li>\n<li><a href=\"https:\/\/edublog.educastur.es\/ixuxu\/2022\/12\/15246\/\">(sin t\u00edtulo)<\/a> <span class=\"post-date\">10\/12\/2022<\/span><\/li>\n<li><a href=\"https:\/\/edublog.educastur.es\/ixuxu\/2022\/12\/cual-ye-la-diferencia-ente-una-serpiente-xuna-vibora-y-xuna-culiebra\/\">\u00bfCu\u00e1l ye la diferencia ente una serpiente, xuna v\u00edbora y xuna culiebra?<\/a> <span class=\"post-date\">10\/12\/2022<\/span><\/li>\n<li><a href=\"https:\/\/edublog.educastur.es\/ixuxu\/2022\/12\/15234\/\">(sin t\u00edtulo)<\/a> <span class=\"post-date\">10\/12\/2022<\/span><\/li>\n<li><a href=\"https:\/\/edublog.educastur.es\/ixuxu\/2022\/12\/el-belen-marineru-de-tazones-un-gran-reclamu-turisticu\/\">El \u2018bel\u00e9n marineru\u2019 de Tazones, un gran reclamu tur\u00edsticu<\/a> <span class=\"post-date\">10\/12\/2022<\/span><\/li>\n<li><a href=\"https:\/\/edublog.educastur.es\/ixuxu\/2022\/12\/la-hestoria-y-tradicional-receta-del-pote-asturianu-el-platu-mas-antiguu-dasturies\/\">La hestoria y tradicional receta del pote asturianu, el platu m\u00e1s antiguu d\u2019Asturies<\/a> <span class=\"post-date\">10\/12\/2022<\/span><\/li>\n<li><a href=\"https:\/\/edublog.educastur.es\/ixuxu\/2022\/12\/15208\/\">(sin t\u00edtulo)<\/a> <span class=\"post-date\">10\/12\/2022<\/span><\/li>\n<li><a href=\"https:\/\/edublog.educastur.es\/ixuxu\/2022\/12\/asturies-nel-festival-intercelticu-de-llorient-francia\/\">Asturies nel Festival Interc\u00e9lticu de Llorient (Francia)<\/a> <span class=\"post-date\">10\/12\/2022<\/span><\/li>\n<li><a href=\"https:\/\/edublog.educastur.es\/ixuxu\/2022\/12\/15198\/\">(sin t\u00edtulo)<\/a> <span class=\"post-date\">10\/12\/2022<\/span><\/li>\n<li><a href=\"https:\/\/edublog.educastur.es\/ixuxu\/2022\/12\/cuadonga-2022-camin-de-los-santuarios\/\">Cuadonga 2022: Cam\u00edn de los Santuarios<\/a> <span class=\"post-date\">10\/12\/2022<\/span><\/li>\n<li><a href=\"https:\/\/edublog.educastur.es\/ixuxu\/2022\/12\/15189\/\">(sin t\u00edtulo)<\/a> <span class=\"post-date\">10\/12\/2022<\/span><\/li>\n<li><a href=\"https:\/\/edublog.educastur.es\/ixuxu\/2022\/12\/15187\/\">(sin t\u00edtulo)<\/a> <span class=\"post-date\">10\/12\/2022<\/span><\/li>\n<li><a href=\"https:\/\/edublog.educastur.es\/ixuxu\/2022\/12\/les-tradiciones-del-nadal-asturianu\/\">Les tradiciones del Nadal asturianu<\/a> <span class=\"post-date\">10\/12\/2022<\/span><\/li>\n<li><a href=\"https:\/\/edublog.educastur.es\/ixuxu\/2022\/12\/asina-cellebra-europa-la-navida\/\">Asina cellebra Europa la Navid\u00e1<\/a> <span class=\"post-date\">10\/12\/2022<\/span><\/li>\n<li><a href=\"https:\/\/edublog.educastur.es\/ixuxu\/2022\/12\/dia-de-los-drechos-humanos\/\">D\u00eda de los Derechos Humanos<\/a> <span class=\"post-date\">10\/12\/2022<\/span><\/li>\n<li><a href=\"https:\/\/edublog.educastur.es\/ixuxu\/2022\/12\/15163\/\">XVII feria Agroalimentaria y d\u2019Artesan\u00eda<\/a> <span class=\"post-date\">10\/12\/2022<\/span><\/li>\n<li><a href=\"https:\/\/edublog.educastur.es\/ixuxu\/2022\/12\/15160\/\">(sin t\u00edtulo)<\/a> <span class=\"post-date\">10\/12\/2022<\/span><\/li>\n<li><a href=\"https:\/\/edublog.educastur.es\/ixuxu\/2022\/12\/animales-nasturianu\/\">Animales n\u2019asturianu<\/a> <span class=\"post-date\">10\/12\/2022<\/span><\/li>\n<li><a href=\"https:\/\/edublog.educastur.es\/ixuxu\/2022\/12\/15171\/\">(sin t\u00edtulo)<\/a> <span class=\"post-date\">08\/12\/2022<\/span><\/li>\n<li><a href=\"https:\/\/edublog.educastur.es\/ixuxu\/2022\/12\/los-premios-cinve-compensen-a-les-bebores-asturianes\/\">Los Premios Cinve compensen a les b\u00e9bores asturianes<\/a> <span class=\"post-date\">08\/12\/2022<\/span><\/li>\n<li><a href=\"https:\/\/edublog.educastur.es\/ixuxu\/2022\/12\/arbol-de-xelu\/\">\u00c1rbol de xelu<\/a> <span class=\"post-date\">08\/12\/2022<\/span><\/li>\n<li><a href=\"https:\/\/edublog.educastur.es\/ixuxu\/2022\/12\/aporta-la-navida\/\">\u00a1Aporta la navid\u00e1!<\/a> <span class=\"post-date\">07\/12\/2022<\/span><\/li>\n<li><a href=\"https:\/\/edublog.educastur.es\/ixuxu\/2022\/12\/contaminacion-luminica\/\">Contaminaci\u00f3n lum\u00ednica<\/a> <span class=\"post-date\">07\/12\/2022<\/span><\/li>\n<li><a href=\"https:\/\/edublog.educastur.es\/ixuxu\/2022\/12\/esta-nueche-va-algamar-el-so-maximu-la-lluna-llena-davientu-conocida-como-lluna-fria-pol-so-escurrimientu-antes-del-solsticiu-diviernu\/\">Esta nueche va algamar el so m\u00e1ximu la lluna llena d\u2019avientu, conocida como Lluna Fr\u00eda pol so escurrimientu antes del solsticiu d\u2019iviernu.<\/a> <span class=\"post-date\">07\/12\/2022<\/span><\/li>\n<li><a href=\"https:\/\/edublog.educastur.es\/ixuxu\/2022\/12\/dos-cuentacuentos-nasturianu-nel-programa-navidiegu-del-botanicu\/\">Dos cuentacuentos n\u2019asturianu nel programa navidiegu del Bot\u00e1nicu<\/a> <span class=\"post-date\">07\/12\/2022<\/span><\/li>\n<li><a href=\"https:\/\/edublog.educastur.es\/ixuxu\/2022\/12\/dia-de-la-constitucion-espanola-2\/\">D\u00eda de la Constituci\u00f3n Espa\u00f1ola<\/a> <span class=\"post-date\">06\/12\/2022<\/span><\/li>\n<li><a href=\"https:\/\/edublog.educastur.es\/ixuxu\/2022\/12\/la-nasa-pudo-prindar-la-imaxe-mas-bella-de-la-tierra\/\">La NASA pudo prindar la imaxe m\u00e1s bella de la Tierra<\/a> <span class=\"post-date\">06\/12\/2022<\/span><\/li>\n<li><a href=\"https:\/\/edublog.educastur.es\/ixuxu\/2022\/12\/nueches-diviernu-en-picos-deuropa\/\">Nueches d\u2019iviernu en Picos d\u2019Europa.<\/a> <span class=\"post-date\">06\/12\/2022<\/span><\/li>\n<li><a href=\"https:\/\/edublog.educastur.es\/ixuxu\/2022\/12\/identificada-una-nueva-y-extranisima-especie-de-dinosauriu-marin-depredador\/\">Identificada una nueva y extra\u00f1\u00edsima especie de dinosauriu mar\u00edn depredador<\/a> <span class=\"post-date\">06\/12\/2022<\/span><\/li>\n<li><a href=\"https:\/\/edublog.educastur.es\/ixuxu\/2022\/12\/15114\/\">(sin t\u00edtulo)<\/a> <span class=\"post-date\">06\/12\/2022<\/span><\/li>\n<li><a href=\"https:\/\/edublog.educastur.es\/ixuxu\/2022\/12\/15110\/\">Campa\u00f1a: \u2018Asturies Sidra Brut 2022\u2019<\/a> <span class=\"post-date\">06\/12\/2022<\/span><\/li>\n<li><a href=\"https:\/\/edublog.educastur.es\/ixuxu\/2022\/12\/un-completisimu-documental-que-repasa-la-hestoria-de-la-bandera-y-del-escudu-despana\/\">Un complet\u00edsimu documental que repasa la hestoria de la bandera y del escudu d\u2019Espa\u00f1a<\/a> <span class=\"post-date\">06\/12\/2022<\/span><\/li>\n<li><a href=\"https:\/\/edublog.educastur.es\/ixuxu\/2022\/12\/patagopelta-el-nuevu-dinosauriu-acorazau-atopau-na-patagonia-arxentina\/\">Patagopelta, el nuevu dinosauriu acoraz\u00e1u atop\u00e1u na Patagonia Arxentina<\/a> <span class=\"post-date\">06\/12\/2022<\/span><\/li>\n<li><a href=\"https:\/\/edublog.educastur.es\/ixuxu\/2022\/12\/articulu-separtaos-y-xuntos\/\">Art\u00edculu: Separtaos y xuntos<\/a> <span class=\"post-date\">05\/12\/2022<\/span><\/li>\n<li><a href=\"https:\/\/edublog.educastur.es\/ixuxu\/2022\/12\/15216\/\">(sin t\u00edtulo)<\/a> <span class=\"post-date\">05\/12\/2022<\/span><\/li>\n<li><a href=\"https:\/\/edublog.educastur.es\/ixuxu\/2022\/12\/15238\/\">D\u00eda Mundial del suelu (WSD).<\/a> <span class=\"post-date\">05\/12\/2022<\/span><\/li>\n<li><a href=\"https:\/\/edublog.educastur.es\/ixuxu\/2022\/12\/certame-del-quesu-de-los-beyos-en-ponga\/\">Certame del Quesu de los Beyos en Ponga<\/a> <span class=\"post-date\">04\/12\/2022<\/span><\/li>\n<li><a href=\"https:\/\/edublog.educastur.es\/ixuxu\/2022\/12\/santa-barbara-patrona-de-los-mineros\/\">Santa B\u00e1rbara, patrona de los mineros<\/a> <span class=\"post-date\">04\/12\/2022<\/span><\/li>\n<li><a href=\"https:\/\/edublog.educastur.es\/ixuxu\/2022\/12\/espectaculu-audiovisual-uvieu-relluma-en-navida\/\">Espect\u00e1culu audiovisual \u00abUvi\u00e9u relluma en Navid\u00e1\u00bb<\/a> <span class=\"post-date\">03\/12\/2022<\/span><\/li>\n<li><a href=\"https:\/\/edublog.educastur.es\/ixuxu\/2022\/12\/15310\/\">El 3 d\u2019avientu ye\u2019l D\u00eda Internacional de les Persones con Discapacid\u00e1.<\/a> <span class=\"post-date\">03\/12\/2022<\/span><\/li>\n<li><a href=\"https:\/\/edublog.educastur.es\/ixuxu\/2022\/12\/15271\/\">L\u2019iviernu meteorol\u00f3xicu<\/a> <span class=\"post-date\">01\/12\/2022<\/span><\/li>\n<li><a href=\"https:\/\/edublog.educastur.es\/ixuxu\/2022\/12\/avientu\/\">Avientu<\/a> <span class=\"post-date\">01\/12\/2022<\/span><\/li>\n<\/ul>\n","protected":false},"excerpt":{"rendered":"<p>(sin t\u00edtulo) 31\/12\/2022 Bonos deseos del Presidente del Princip\u00e1u d\u2019Asturies 31\/12\/2022 (sin t\u00edtulo) 31\/12\/2022 Maraviyes del mundu: les catarates del Ni\u00e1gara conxel\u00e1es 30\/12\/2022 Postales navidiegues d\u2019Uvi\u00e9u 30\/12\/2022 L\u2019aventura nueva d\u2019Ast\u00e9rix estrena guionista 30\/12\/2022 (sin t\u00edtulo) 30\/12\/2022 Dicires 30\/12\/2022 Est\u00e1u del tiempu: vienres 30 d\u2019avientu de 2022 30\/12\/2022 Los a\u00f1os escr\u00edbense ensin puntu, coma nin espaciu [&hellip;]<\/p>\n","protected":false},"author":117,"featured_media":0,"parent":34960,"menu_order":0,"comment_status":"closed","ping_status":"closed","template":"","meta":{"footnotes":""},"class_list":["post-64982","page","type-page","status-publish","hentry"],"_links":{"self":[{"href":"https:\/\/edublog.educastur.es\/ixuxu\/wp-json\/wp\/v2\/pages\/64982","targetHints":{"allow":["GET"]}}],"collection":[{"href":"https:\/\/edublog.educastur.es\/ixuxu\/wp-json\/wp\/v2\/pages"}],"about":[{"href":"https:\/\/edublog.educastur.es\/ixuxu\/wp-json\/wp\/v2\/types\/page"}],"author":[{"embeddable":true,"href":"https:\/\/edublog.educastur.es\/ixuxu\/wp-json\/wp\/v2\/users\/117"}],"replies":[{"embeddable":true,"href":"https:\/\/edublog.educastur.es\/ixuxu\/wp-json\/wp\/v2\/comments?post=64982"}],"version-history":[{"count":1,"href":"https:\/\/edublog.educastur.es\/ixuxu\/wp-json\/wp\/v2\/pages\/64982\/revisions"}],"predecessor-version":[{"id":64983,"href":"https:\/\/edublog.educastur.es\/ixuxu\/wp-json\/wp\/v2\/pages\/64982\/revisions\/64983"}],"up":[{"embeddable":true,"href":"https:\/\/edublog.educastur.es\/ixuxu\/wp-json\/wp\/v2\/pages\/34960"}],"wp:attachment":[{"href":"https:\/\/edublog.educastur.es\/ixuxu\/wp-json\/wp\/v2\/media?parent=64982"}],"curies":[{"name":"wp","href":"https:\/\/api.w.org\/{rel}","templated":true}]}}