{"id":64987,"date":"2026-01-02T22:06:35","date_gmt":"2026-01-02T20:06:35","guid":{"rendered":"https:\/\/edublog.educastur.es\/ixuxu\/?page_id=64987"},"modified":"2026-01-02T22:06:35","modified_gmt":"2026-01-02T20:06:35","slug":"10_ochobre","status":"publish","type":"page","link":"https:\/\/edublog.educastur.es\/ixuxu\/archivu-blogue\/articulos\/2022-2\/10_ochobre\/","title":{"rendered":"10_Ochobre"},"content":{"rendered":"<ul>\n<li><a href=\"https:\/\/edublog.educastur.es\/ixuxu\/2022\/10\/llega-la-nueche-danimes-el-pasu-del-branu-al-iviernu\/\">Llega la Nueche d\u2019\u00c1nimes, el pasu del branu al iviernu<\/a> <span class=\"post-date\">31\/10\/2022<\/span><\/li>\n<li><a href=\"https:\/\/edublog.educastur.es\/ixuxu\/2022\/10\/14900\/\">Nueche lliteraria en Sama\u00edn: Primer alcuentru d\u2019escritores y editores d\u2019Asturies<\/a> <span class=\"post-date\">31\/10\/2022<\/span><\/li>\n<li><a href=\"https:\/\/edublog.educastur.es\/ixuxu\/2022\/10\/samain-nasociacion-de-prau-la-vega\/\">Sama\u00edn n\u2019Asociaci\u00f3n de Prau La Vega<\/a> <span class=\"post-date\">31\/10\/2022<\/span><\/li>\n<li><a href=\"https:\/\/edublog.educastur.es\/ixuxu\/2022\/10\/iv-edicion-del-club-de-llectura-nasturianu\/\">IV edici\u00f3n del\u00a0Club de Llectura n\u2019asturianu<\/a> <span class=\"post-date\">30\/10\/2022<\/span><\/li>\n<li><a href=\"https:\/\/edublog.educastur.es\/ixuxu\/2022\/10\/14813\/\">(sin t\u00edtulo)<\/a> <span class=\"post-date\">30\/10\/2022<\/span><\/li>\n<li><a href=\"https:\/\/edublog.educastur.es\/ixuxu\/2022\/10\/samhain-halloween\/\">Samh\u00e1in (Halloween)<\/a> <span class=\"post-date\">28\/10\/2022<\/span><\/li>\n<li><a href=\"https:\/\/edublog.educastur.es\/ixuxu\/2022\/10\/14869\/\">(sin t\u00edtulo)<\/a> <span class=\"post-date\">25\/10\/2022<\/span><\/li>\n<li><a href=\"https:\/\/edublog.educastur.es\/ixuxu\/2022\/10\/laire-les-castanes\/\">L\u2019aire les casta\u00f1es<\/a> <span class=\"post-date\">25\/10\/2022<\/span><\/li>\n<li><a href=\"https:\/\/edublog.educastur.es\/ixuxu\/2022\/10\/campana-les-coses-pol-so-nome\/\">Campa\u00f1a: \u00abLes coses pol so nome\u00bb<\/a> <span class=\"post-date\">25\/10\/2022<\/span><\/li>\n<li><a href=\"https:\/\/edublog.educastur.es\/ixuxu\/2022\/10\/cantar-una-de-mieu-xentiquina\/\">Cantar: \u00abUna de mieu\u00bb Xentiquina<\/a> <span class=\"post-date\">25\/10\/2022<\/span><\/li>\n<li><a href=\"https:\/\/edublog.educastur.es\/ixuxu\/2022\/10\/videu-les-calabaces-espantibles\/\">Videu: Les Calabaces Espantibles<\/a> <span class=\"post-date\">25\/10\/2022<\/span><\/li>\n<li><a href=\"https:\/\/edublog.educastur.es\/ixuxu\/2022\/10\/cuentu-xunta-de-bruxes\/\">Cuentu: \u00abXunta de bruxes\u00bb<\/a> <span class=\"post-date\">25\/10\/2022<\/span><\/li>\n<li><a href=\"https:\/\/edublog.educastur.es\/ixuxu\/2022\/10\/les-meyores-semeyes-del-premiu-fotografu-de-la-vida-montesa-2022\/\">Les meyores semeyes del premiu Fot\u00f3grafu de la Vida Montesa 2022<\/a> <span class=\"post-date\">25\/10\/2022<\/span><\/li>\n<li><a href=\"https:\/\/edublog.educastur.es\/ixuxu\/2022\/10\/14840\/\">Sama\u00edn, nueche d\u2019\u00e1nimes<\/a> <span class=\"post-date\">24\/10\/2022<\/span><\/li>\n<li><a href=\"https:\/\/edublog.educastur.es\/ixuxu\/2022\/10\/14833\/\">Vi\u00f1eta: \u2018Refrescu\u2019.<\/a> <span class=\"post-date\">24\/10\/2022<\/span><\/li>\n<li><a href=\"https:\/\/edublog.educastur.es\/ixuxu\/2022\/10\/lalfilada-un-de-los-postres-mas-conocios-de-valdes\/\">L\u2019alfilada, \u00fan de los postres m\u00e1s conoc\u00edos de Vald\u00e9s<\/a> <span class=\"post-date\">24\/10\/2022<\/span><\/li>\n<li><a href=\"https:\/\/edublog.educastur.es\/ixuxu\/2022\/10\/14811\/\">(sin t\u00edtulo)<\/a> <span class=\"post-date\">24\/10\/2022<\/span><\/li>\n<li><a href=\"https:\/\/edublog.educastur.es\/ixuxu\/2022\/10\/llee\/\">Llee<\/a> <span class=\"post-date\">24\/10\/2022<\/span><\/li>\n<li><a href=\"https:\/\/edublog.educastur.es\/ixuxu\/2022\/10\/multa-a-un-ganaderu-de-siero-polos-berrios-duna-vaca\/\">Multa a un ganaderu de Siero polos berr\u00edos d\u2019una vaca<\/a> <span class=\"post-date\">24\/10\/2022<\/span><\/li>\n<li><a href=\"https:\/\/edublog.educastur.es\/ixuxu\/2022\/10\/xiv-premiu-camareta-al-meyor-cantar\/\">XIV Premiu Camaret\u00e1 al Meyor Cantar<\/a> <span class=\"post-date\">24\/10\/2022<\/span><\/li>\n<li><a href=\"https:\/\/edublog.educastur.es\/ixuxu\/2022\/10\/14797\/\">(sin t\u00edtulo)<\/a> <span class=\"post-date\">24\/10\/2022<\/span><\/li>\n<li><a href=\"https:\/\/edublog.educastur.es\/ixuxu\/2022\/10\/14789\/\">Coldplay aterriza nel Centru Niemeyer<\/a> <span class=\"post-date\">24\/10\/2022<\/span><\/li>\n<li><a href=\"https:\/\/edublog.educastur.es\/ixuxu\/2022\/10\/que-la-biblioteca-sia\/\">Que la biblioteca s\u00eda\u2026<\/a> <span class=\"post-date\">24\/10\/2022<\/span><\/li>\n<li><a href=\"https:\/\/edublog.educastur.es\/ixuxu\/2022\/10\/activida-social-xuegos-olimpicos-tradicionales\/\">Activid\u00e1 social: \u201cXuegos Ol\u00edmpicos Tradicionales\u201d.<\/a> <span class=\"post-date\">24\/10\/2022<\/span><\/li>\n<li><a href=\"https:\/\/edublog.educastur.es\/ixuxu\/2022\/10\/14774\/\">(sin t\u00edtulo)<\/a> <span class=\"post-date\">24\/10\/2022<\/span><\/li>\n<li><a href=\"https:\/\/edublog.educastur.es\/ixuxu\/2022\/10\/14887\/\">(sin t\u00edtulo)<\/a> <span class=\"post-date\">24\/10\/2022<\/span><\/li>\n<li><a href=\"https:\/\/edublog.educastur.es\/ixuxu\/2022\/10\/14650\/\">D\u00eda de les biblioteques<\/a> <span class=\"post-date\">24\/10\/2022<\/span><\/li>\n<li><a href=\"https:\/\/edublog.educastur.es\/ixuxu\/2022\/10\/14760\/\">(sin t\u00edtulo)<\/a> <span class=\"post-date\">21\/10\/2022<\/span><\/li>\n<li><a href=\"https:\/\/edublog.educastur.es\/ixuxu\/2022\/10\/el-videoclip-del-cantar-ganador-de-camareta-el-que-conoz-a-tierra\/\">El videoclip del cantar ganador de Camaret\u00e1: \u00abEl que conoz a tierra\u00bb<\/a> <span class=\"post-date\">20\/10\/2022<\/span><\/li>\n<li><a href=\"https:\/\/edublog.educastur.es\/ixuxu\/2022\/10\/130-anos-cumplel-teatru-campoamor-duvieu\/\">130 a\u00f1os cumple\u2019l Teatru Campoamor d\u2019Uvi\u00e9u<\/a> <span class=\"post-date\">20\/10\/2022<\/span><\/li>\n<li><a href=\"https:\/\/edublog.educastur.es\/ixuxu\/2022\/10\/14855\/\">(sin t\u00edtulo)<\/a> <span class=\"post-date\">20\/10\/2022<\/span><\/li>\n<li><a href=\"https:\/\/edublog.educastur.es\/ixuxu\/2022\/10\/14729\/\">(sin t\u00edtulo)<\/a> <span class=\"post-date\">20\/10\/2022<\/span><\/li>\n<li><a href=\"https:\/\/edublog.educastur.es\/ixuxu\/2022\/10\/iv-congresu-y-xunta-xeneral-diniciativa-pol-asturianu\/\">IV Congresu y Xunta Xeneral d\u2019Iniciativa pol Asturianu<\/a> <span class=\"post-date\">17\/10\/2022<\/span><\/li>\n<li><a href=\"https:\/\/edublog.educastur.es\/ixuxu\/2022\/10\/la-casa-de-la-cultura-de-grau-homenaxara-al-artesanu-constructor-de-gaites-diogenes-garcia\/\">La Casa de la Cultura de Grau homenaxar\u00e1 al artesanu constructor de gaites Di\u00f3genes Garc\u00eda<\/a> <span class=\"post-date\">17\/10\/2022<\/span><\/li>\n<li><a href=\"https:\/\/edublog.educastur.es\/ixuxu\/2022\/10\/celebracion-del-desarme-nuvieu\/\">Celebraci\u00f3n d\u2019El desarme n\u2019Uvi\u00e9u<\/a> <span class=\"post-date\">17\/10\/2022<\/span><\/li>\n<li><a href=\"https:\/\/edublog.educastur.es\/ixuxu\/2022\/10\/dia-de-les-escritores-2\/\">D\u00eda de les escritores<\/a> <span class=\"post-date\">17\/10\/2022<\/span><\/li>\n<li><a href=\"https:\/\/edublog.educastur.es\/ixuxu\/2022\/10\/14757\/\">(sin t\u00edtulo)<\/a> <span class=\"post-date\">16\/10\/2022<\/span><\/li>\n<li><a href=\"https:\/\/edublog.educastur.es\/ixuxu\/2022\/10\/14669\/\">(sin t\u00edtulo)<\/a> <span class=\"post-date\">15\/10\/2022<\/span><\/li>\n<li><a href=\"https:\/\/edublog.educastur.es\/ixuxu\/2022\/10\/los-dinosaurios-con-plumes-fueron-mas-comunes-de-lo-que-se-creia\/\">Los dinosaurios con plumes fueron m\u00e1s comunes de lo que se cre\u00eda<\/a> <span class=\"post-date\">15\/10\/2022<\/span><\/li>\n<li><a href=\"https:\/\/edublog.educastur.es\/ixuxu\/2022\/10\/14692\/\">(sin t\u00edtulo)<\/a> <span class=\"post-date\">15\/10\/2022<\/span><\/li>\n<li><a href=\"https:\/\/edublog.educastur.es\/ixuxu\/2022\/10\/itinerariu-xeoloxicu-de-los-miradores-nel-parque-natural-de-ponga\/\">Itinerariu Xeol\u00f3xicu de los Miradores nel Parque Natural de Ponga.<\/a> <span class=\"post-date\">13\/10\/2022<\/span><\/li>\n<li><a href=\"https:\/\/edublog.educastur.es\/ixuxu\/2022\/10\/xuegu-de-la-prehistoria\/\">Xuegu de la Prehistoria<\/a> <span class=\"post-date\">12\/10\/2022<\/span><\/li>\n<li><a href=\"https:\/\/edublog.educastur.es\/ixuxu\/2022\/10\/circulu-maxicu-cuentos-nasturianu\/\">C\u00edrculu M\u00e1xicu: cuentos n\u2019asturianu<\/a> <span class=\"post-date\">12\/10\/2022<\/span><\/li>\n<li><a href=\"https:\/\/edublog.educastur.es\/ixuxu\/2022\/10\/la-collecha-de-sidra-va-ser-escasa\/\">\u00abLa collecha de sidra va ser escasa\u00bb<\/a> <span class=\"post-date\">12\/10\/2022<\/span><\/li>\n<li><a href=\"https:\/\/edublog.educastur.es\/ixuxu\/2022\/10\/xixon-open-atp-250\/\">Xix\u00f3n Open ATP 250<\/a> <span class=\"post-date\">12\/10\/2022<\/span><\/li>\n<li><a href=\"https:\/\/edublog.educastur.es\/ixuxu\/2022\/10\/14699\/\">Festival Lorient 2023: L\u2019a\u00f1u d\u2019Irlanda<\/a> <span class=\"post-date\">12\/10\/2022<\/span><\/li>\n<li><a href=\"https:\/\/edublog.educastur.es\/ixuxu\/2022\/10\/canales-de-youtube-pa-deprender-hestoria-de-manera-risondera\/\">7 Canales de Youtube pa deprender hestoria, de manera risondera<\/a> <span class=\"post-date\">12\/10\/2022<\/span><\/li>\n<li><a href=\"https:\/\/edublog.educastur.es\/ixuxu\/2022\/10\/14667\/\">(sin t\u00edtulo)<\/a> <span class=\"post-date\">11\/10\/2022<\/span><\/li>\n<li><a href=\"https:\/\/edublog.educastur.es\/ixuxu\/2022\/10\/14685\/\">(sin t\u00edtulo)<\/a> <span class=\"post-date\">09\/10\/2022<\/span><\/li>\n<li><a href=\"https:\/\/edublog.educastur.es\/ixuxu\/2022\/10\/ella-ye-nieve-la-nacaru-mas-antigua-deuropa-que-revela-como-yeren-los-embaranzos-fai-10000-an\/\">Ella ye \u2018Nieve\u2019, la \u00f1\u00e1caru m\u00e1s antigua d\u2019Europa<\/a> <span class=\"post-date\">09\/10\/2022<\/span><\/li>\n<li><a href=\"https:\/\/edublog.educastur.es\/ixuxu\/2022\/10\/afayen-el-verdaderu-propositu-de-stonehenge\/\">Afayen el verdaderu prop\u00f3situ de Stonehenge<\/a> <span class=\"post-date\">09\/10\/2022<\/span><\/li>\n<li><a href=\"https:\/\/edublog.educastur.es\/ixuxu\/2022\/10\/seronda-ye-sinonimu-de-dir-a-la-gueta\/\">Seronda ye sin\u00f3nimu de \u00abdir a la gueta\u00bb<\/a> <span class=\"post-date\">09\/10\/2022<\/span><\/li>\n<li><a href=\"https:\/\/edublog.educastur.es\/ixuxu\/2022\/10\/quierote-porque-te-quiero\/\">Qui\u00e9rote porque te quiero.<\/a> <span class=\"post-date\">09\/10\/2022<\/span><\/li>\n<li><a href=\"https:\/\/edublog.educastur.es\/ixuxu\/2022\/10\/entrevista-a-berto-suarez-creador-de-indumentaria-y-el-dial-traxel-pais\/\">Entrevista a Berto Su\u00e1rez, creador de \u2018Indumentaria\u2019 y el dia\u2019l traxe\u2019l pa\u00eds<\/a> <span class=\"post-date\">09\/10\/2022<\/span><\/li>\n<li><a href=\"https:\/\/edublog.educastur.es\/ixuxu\/2022\/10\/zapiques-de-compromisu\/\">Zapiques de compromisu<\/a> <span class=\"post-date\">09\/10\/2022<\/span><\/li>\n<li><a href=\"https:\/\/edublog.educastur.es\/ixuxu\/2022\/10\/14655\/\">(sin t\u00edtulo)<\/a> <span class=\"post-date\">09\/10\/2022<\/span><\/li>\n<li><a href=\"https:\/\/edublog.educastur.es\/ixuxu\/2022\/10\/tpa-dexate-dhistories\/\">TPA: D\u00e9xate d\u2019histories<\/a> <span class=\"post-date\">09\/10\/2022<\/span><\/li>\n<li><a href=\"https:\/\/edublog.educastur.es\/ixuxu\/2022\/10\/lesya-ye-un-nome-destrella\/\">Lesya ye un nome d\u2019estrella<\/a> <span class=\"post-date\">09\/10\/2022<\/span><\/li>\n<li><a href=\"https:\/\/edublog.educastur.es\/ixuxu\/2022\/10\/14662\/\">(sin t\u00edtulo)<\/a> <span class=\"post-date\">07\/10\/2022<\/span><\/li>\n<li><a href=\"https:\/\/edublog.educastur.es\/ixuxu\/2022\/10\/nueva-imaxen-grafica-del-principau-dasturies\/\">Nueva im\u00e1xen gr\u00e1fica del Princip\u00e1u d\u2019Asturies<\/a> <span class=\"post-date\">07\/10\/2022<\/span><\/li>\n<li><a href=\"https:\/\/edublog.educastur.es\/ixuxu\/2022\/10\/14687\/\">D\u00eda Mundial de los Animales<\/a> <span class=\"post-date\">04\/10\/2022<\/span><\/li>\n<li><a href=\"https:\/\/edublog.educastur.es\/ixuxu\/2022\/10\/14671\/\">El 3 d\u2019Ochobre de 1835, en N\u00faremberg, Alema\u00f1a, nac\u00eda \u00abStaedtler\u00bb<\/a> <span class=\"post-date\">03\/10\/2022<\/span><\/li>\n<li><a href=\"https:\/\/edublog.educastur.es\/ixuxu\/2022\/10\/pexes-dochobre\/\">Pexes d\u2019Ochobre<\/a> <span class=\"post-date\">02\/10\/2022<\/span><\/li>\n<li><a href=\"https:\/\/edublog.educastur.es\/ixuxu\/2022\/10\/mapa-de-les-naciones-celtes\/\">Mapa de les Naciones Celtes<\/a> <span class=\"post-date\">02\/10\/2022<\/span><\/li>\n<li><a href=\"https:\/\/edublog.educastur.es\/ixuxu\/2022\/10\/51-festival-de-la-avellana-de-linfiestu\/\">51 Festival de la Avellana de L\u00b4Infiestu<\/a> <span class=\"post-date\">02\/10\/2022<\/span><\/li>\n<li><a href=\"https:\/\/edublog.educastur.es\/ixuxu\/2022\/10\/lasturianu-conectate-dalfredo-gonzalez\/\">\u2018L\u2019asturianu con\u00e9ctate\u2019 d\u2019Alfredo Gonz\u00e1lez.<\/a> <span class=\"post-date\">01\/10\/2022<\/span><\/li>\n<\/ul>\n","protected":false},"excerpt":{"rendered":"<p>Llega la Nueche d\u2019\u00c1nimes, el pasu del branu al iviernu 31\/10\/2022 Nueche lliteraria en Sama\u00edn: Primer alcuentru d\u2019escritores y editores d\u2019Asturies 31\/10\/2022 Sama\u00edn n\u2019Asociaci\u00f3n de Prau La Vega 31\/10\/2022 IV edici\u00f3n del\u00a0Club de Llectura n\u2019asturianu 30\/10\/2022 (sin t\u00edtulo) 30\/10\/2022 Samh\u00e1in (Halloween) 28\/10\/2022 (sin t\u00edtulo) 25\/10\/2022 L\u2019aire les casta\u00f1es 25\/10\/2022 Campa\u00f1a: \u00abLes coses pol so nome\u00bb [&hellip;]<\/p>\n","protected":false},"author":117,"featured_media":0,"parent":34960,"menu_order":0,"comment_status":"closed","ping_status":"closed","template":"","meta":{"footnotes":""},"class_list":["post-64987","page","type-page","status-publish","hentry"],"_links":{"self":[{"href":"https:\/\/edublog.educastur.es\/ixuxu\/wp-json\/wp\/v2\/pages\/64987","targetHints":{"allow":["GET"]}}],"collection":[{"href":"https:\/\/edublog.educastur.es\/ixuxu\/wp-json\/wp\/v2\/pages"}],"about":[{"href":"https:\/\/edublog.educastur.es\/ixuxu\/wp-json\/wp\/v2\/types\/page"}],"author":[{"embeddable":true,"href":"https:\/\/edublog.educastur.es\/ixuxu\/wp-json\/wp\/v2\/users\/117"}],"replies":[{"embeddable":true,"href":"https:\/\/edublog.educastur.es\/ixuxu\/wp-json\/wp\/v2\/comments?post=64987"}],"version-history":[{"count":1,"href":"https:\/\/edublog.educastur.es\/ixuxu\/wp-json\/wp\/v2\/pages\/64987\/revisions"}],"predecessor-version":[{"id":64988,"href":"https:\/\/edublog.educastur.es\/ixuxu\/wp-json\/wp\/v2\/pages\/64987\/revisions\/64988"}],"up":[{"embeddable":true,"href":"https:\/\/edublog.educastur.es\/ixuxu\/wp-json\/wp\/v2\/pages\/34960"}],"wp:attachment":[{"href":"https:\/\/edublog.educastur.es\/ixuxu\/wp-json\/wp\/v2\/media?parent=64987"}],"curies":[{"name":"wp","href":"https:\/\/api.w.org\/{rel}","templated":true}]}}