{"id":64997,"date":"2026-01-02T22:09:53","date_gmt":"2026-01-02T20:09:53","guid":{"rendered":"https:\/\/edublog.educastur.es\/ixuxu\/?page_id=64997"},"modified":"2026-01-02T22:09:53","modified_gmt":"2026-01-02T20:09:53","slug":"05_mayu","status":"publish","type":"page","link":"https:\/\/edublog.educastur.es\/ixuxu\/archivu-blogue\/articulos\/2022-2\/05_mayu\/","title":{"rendered":"05_Mayu"},"content":{"rendered":"<ul>\n<li><a href=\"https:\/\/edublog.educastur.es\/ixuxu\/2022\/05\/discu-del-concursu-al-son-del-cantar\/\">Discu del concursu \u2018Al son del cantar\u2019<\/a>\u00a0<span class=\"post-date\">31\/05\/2022<\/span><\/li>\n<li><a href=\"https:\/\/edublog.educastur.es\/ixuxu\/2022\/05\/el-surf-con-perros-llega-a-espana-para-animar-a-faer-deporte-con-mascotes\/\">El surf con perros llega a Espa\u00f1a para animar a faer deporte con mascotes<\/a>\u00a0<span class=\"post-date\">30\/05\/2022<\/span><\/li>\n<li><a href=\"https:\/\/edublog.educastur.es\/ixuxu\/2022\/05\/eslema-y-la-traduccion-automatica-a-les-llingues-dasturies\/\">Eslema y la traducci\u00f3n autom\u00e1tica a les lling\u00fces d\u2019Asturies.<\/a>\u00a0<span class=\"post-date\">29\/05\/2022<\/span><\/li>\n<li><a href=\"https:\/\/edublog.educastur.es\/ixuxu\/2022\/05\/procesu-doficializacion-de-la-toponimia-tradicional-asturiana\/\">Procesu d\u2019oficializaci\u00f3n de la toponimia tradicional asturiana<\/a>\u00a0<span class=\"post-date\">29\/05\/2022<\/span><\/li>\n<li><a href=\"https:\/\/edublog.educastur.es\/ixuxu\/2022\/05\/feria-de-lascension-2022\/\">Feria de L\u2019Ascensi\u00f3n 2022<\/a>\u00a0<span class=\"post-date\">29\/05\/2022<\/span><\/li>\n<li><a href=\"https:\/\/edublog.educastur.es\/ixuxu\/2022\/05\/lescolanciu-o-esculibiertu\/\">L\u2019#escolanciu o #esculibiertu<\/a>\u00a0<span class=\"post-date\">25\/05\/2022<\/span><\/li>\n<li><a href=\"https:\/\/edublog.educastur.es\/ixuxu\/2022\/05\/dia-de-la-bandera-dasturies\/\">D\u00eda de la bandera d\u2019Asturies<\/a>\u00a0<span class=\"post-date\">25\/05\/2022<\/span><\/li>\n<li><a href=\"https:\/\/edublog.educastur.es\/ixuxu\/2022\/05\/retu-de-dir-al-urriellu-dende-xixon-en-diez-hores\/\">Retu de dir al Urriellu dende Xix\u00f3n en diez hores<\/a>\u00a0<span class=\"post-date\">25\/05\/2022<\/span><\/li>\n<li><a href=\"https:\/\/edublog.educastur.es\/ixuxu\/2022\/05\/dia-europeu-de-los-parques\/\">D\u00eda Europ\u00e9u de los Parques<\/a>\u00a0<span class=\"post-date\">24\/05\/2022<\/span><\/li>\n<li><a href=\"https:\/\/edublog.educastur.es\/ixuxu\/2022\/05\/el-pabellon-dasturies-nel-interceltique-de-lorient\/\">El pabell\u00f3n d\u2019Asturies nel Interceltique de Lorient<\/a>\u00a0<span class=\"post-date\">23\/05\/2022<\/span><\/li>\n<li><a href=\"https:\/\/edublog.educastur.es\/ixuxu\/2022\/05\/13602\/\">(sin t\u00edtulo)<\/a>\u00a0<span class=\"post-date\">22\/05\/2022<\/span><\/li>\n<li><a href=\"https:\/\/edublog.educastur.es\/ixuxu\/2022\/05\/feria-de-lascension-del-27-al-29-de-mayu-nuvieu\/\">Feria de L\u2019Ascensi\u00f3n: del 27 al 29 de mayu n\u2019Uvi\u00e9u<\/a>\u00a0<span class=\"post-date\">21\/05\/2022<\/span><\/li>\n<li><a href=\"https:\/\/edublog.educastur.es\/ixuxu\/2022\/05\/11885\/\">(sin t\u00edtulo)<\/a>\u00a0<span class=\"post-date\">21\/05\/2022<\/span><\/li>\n<li><a href=\"https:\/\/edublog.educastur.es\/ixuxu\/2022\/05\/el-barquin-dalicia-alvarez\/\">\u2018El barqu\u00edn\u2019 d\u2019Alicia \u00c1lvarez<\/a>\u00a0<span class=\"post-date\">21\/05\/2022<\/span><\/li>\n<li><a href=\"https:\/\/edublog.educastur.es\/ixuxu\/2022\/05\/12410\/\">(sin t\u00edtulo)<\/a>\u00a0<span class=\"post-date\">21\/05\/2022<\/span><\/li>\n<li><a href=\"https:\/\/edublog.educastur.es\/ixuxu\/2022\/05\/dia-internacional-de-los-museos-3\/\">D\u00eda Internacional de los Museos.<\/a>\u00a0<span class=\"post-date\">18\/05\/2022<\/span><\/li>\n<li><a href=\"https:\/\/edublog.educastur.es\/ixuxu\/2022\/05\/11861\/\">(sin t\u00edtulo)<\/a>\u00a0<span class=\"post-date\">17\/05\/2022<\/span><\/li>\n<li><a href=\"https:\/\/edublog.educastur.es\/ixuxu\/2022\/05\/13410\/\">(sin t\u00edtulo)<\/a>\u00a0<span class=\"post-date\">13\/05\/2022<\/span><\/li>\n<li><a href=\"https:\/\/edublog.educastur.es\/ixuxu\/2022\/05\/12368\/\">(sin t\u00edtulo)<\/a>\u00a0<span class=\"post-date\">11\/05\/2022<\/span><\/li>\n<li><a href=\"https:\/\/edublog.educastur.es\/ixuxu\/2022\/05\/13684\/\">(sin t\u00edtulo)<\/a>\u00a0<span class=\"post-date\">11\/05\/2022<\/span><\/li>\n<li><a href=\"https:\/\/edublog.educastur.es\/ixuxu\/2022\/05\/el-museo-etnografico-de-grandas-de-salime-xa-dispon-dua-version-en-eonaviego-dos-contidos-estaticos-da-sua-web\/\">El Museo Etnogr\u00e1fico de Grandas de Salime xa disp\u00f3n d\u2019\u00faa versi\u00f3n en eonaviego dos contidos est\u00e1ticos da s\u00faa web<\/a>\u00a0<span class=\"post-date\">10\/05\/2022<\/span><\/li>\n<li><a href=\"https:\/\/edublog.educastur.es\/ixuxu\/2022\/05\/13669\/\">(sin t\u00edtulo)<\/a>\u00a0<span class=\"post-date\">10\/05\/2022<\/span><\/li>\n<li><a href=\"https:\/\/edublog.educastur.es\/ixuxu\/2022\/05\/dia-deuropa-3\/\">D\u00eda d\u2019Europa<\/a>\u00a0<span class=\"post-date\">09\/05\/2022<\/span><\/li>\n<li><a href=\"https:\/\/edublog.educastur.es\/ixuxu\/2022\/05\/hansel-y-gretel-nasturianu\/\">\u00abHansel y Gretel\u00bb n\u2019asturianu<\/a>\u00a0<span class=\"post-date\">09\/05\/2022<\/span><\/li>\n<li><a href=\"https:\/\/edublog.educastur.es\/ixuxu\/2022\/05\/campana-la-sidra-como-siempre-se-dixo\/\">Campa\u00f1a \u00abLa sidra, como siempre se dixo\u00bb<\/a>\u00a0<span class=\"post-date\">09\/05\/2022<\/span><\/li>\n<li><a href=\"https:\/\/edublog.educastur.es\/ixuxu\/2022\/05\/discursu-43-dia-de-les-lletres-asturianes\/\">DISCURSU 43 D\u00cdA DE LES LLETRES ASTURIANES<\/a>\u00a0<span class=\"post-date\">06\/05\/2022<\/span><\/li>\n<li><a href=\"https:\/\/edublog.educastur.es\/ixuxu\/2022\/05\/xliii-dia-de-les-lletres-asturianes\/\">XLIII D\u00eda de les Lletres Asturianes<\/a>\u00a0<span class=\"post-date\">05\/05\/2022<\/span><\/li>\n<li><a href=\"https:\/\/edublog.educastur.es\/ixuxu\/2022\/05\/13943\/\">(sin t\u00edtulo)<\/a>\u00a0<span class=\"post-date\">04\/05\/2022<\/span><\/li>\n<li><a href=\"https:\/\/edublog.educastur.es\/ixuxu\/2022\/05\/13171\/\">(sin t\u00edtulo)<\/a>\u00a0<span class=\"post-date\">01\/05\/2022<\/span><\/li>\n<\/ul>\n","protected":false},"excerpt":{"rendered":"<p>Discu del concursu \u2018Al son del cantar\u2019\u00a031\/05\/2022 El surf con perros llega a Espa\u00f1a para animar a faer deporte con mascotes\u00a030\/05\/2022 Eslema y la traducci\u00f3n autom\u00e1tica a les lling\u00fces d\u2019Asturies.\u00a029\/05\/2022 Procesu d\u2019oficializaci\u00f3n de la toponimia tradicional asturiana\u00a029\/05\/2022 Feria de L\u2019Ascensi\u00f3n 2022\u00a029\/05\/2022 L\u2019#escolanciu o #esculibiertu\u00a025\/05\/2022 D\u00eda de la bandera d\u2019Asturies\u00a025\/05\/2022 Retu de dir al Urriellu dende [&hellip;]<\/p>\n","protected":false},"author":117,"featured_media":0,"parent":34960,"menu_order":0,"comment_status":"closed","ping_status":"closed","template":"","meta":{"footnotes":""},"class_list":["post-64997","page","type-page","status-publish","hentry"],"_links":{"self":[{"href":"https:\/\/edublog.educastur.es\/ixuxu\/wp-json\/wp\/v2\/pages\/64997","targetHints":{"allow":["GET"]}}],"collection":[{"href":"https:\/\/edublog.educastur.es\/ixuxu\/wp-json\/wp\/v2\/pages"}],"about":[{"href":"https:\/\/edublog.educastur.es\/ixuxu\/wp-json\/wp\/v2\/types\/page"}],"author":[{"embeddable":true,"href":"https:\/\/edublog.educastur.es\/ixuxu\/wp-json\/wp\/v2\/users\/117"}],"replies":[{"embeddable":true,"href":"https:\/\/edublog.educastur.es\/ixuxu\/wp-json\/wp\/v2\/comments?post=64997"}],"version-history":[{"count":1,"href":"https:\/\/edublog.educastur.es\/ixuxu\/wp-json\/wp\/v2\/pages\/64997\/revisions"}],"predecessor-version":[{"id":64998,"href":"https:\/\/edublog.educastur.es\/ixuxu\/wp-json\/wp\/v2\/pages\/64997\/revisions\/64998"}],"up":[{"embeddable":true,"href":"https:\/\/edublog.educastur.es\/ixuxu\/wp-json\/wp\/v2\/pages\/34960"}],"wp:attachment":[{"href":"https:\/\/edublog.educastur.es\/ixuxu\/wp-json\/wp\/v2\/media?parent=64997"}],"curies":[{"name":"wp","href":"https:\/\/api.w.org\/{rel}","templated":true}]}}