{"id":65005,"date":"2026-01-02T22:11:52","date_gmt":"2026-01-02T20:11:52","guid":{"rendered":"https:\/\/edublog.educastur.es\/ixuxu\/?page_id=65005"},"modified":"2026-01-02T22:12:14","modified_gmt":"2026-01-02T20:12:14","slug":"01_xineru","status":"publish","type":"page","link":"https:\/\/edublog.educastur.es\/ixuxu\/archivu-blogue\/articulos\/2022-2\/01_xineru\/","title":{"rendered":"01_Xineru"},"content":{"rendered":"<ul>\n<li><a href=\"https:\/\/edublog.educastur.es\/ixuxu\/2022\/01\/les-partes-del-arbol-inaciu-galan\/\">Les partes del \u00e1rbol (Inaciu Gal\u00e1n)<\/a>\u00a0<span class=\"post-date\">31\/01\/2022<\/span><\/li>\n<li><a href=\"https:\/\/edublog.educastur.es\/ixuxu\/2022\/01\/el-restu-del-mundu-dendel-puntu-de-vista-de-lantartida\/\">El restu del mundu dende\u2019l puntu de vista de l\u2019Ant\u00e1rtida.<\/a>\u00a0<span class=\"post-date\">31\/01\/2022<\/span><\/li>\n<li><a href=\"https:\/\/edublog.educastur.es\/ixuxu\/2022\/01\/llone-la-vineta-nueva-defren-dandres\/\">\u2018Llo\u00f1e\u2019, la vi\u00f1eta nueva d\u2019Efr\u00e9n d\u2019Andr\u00e9s.<\/a>\u00a0<span class=\"post-date\">31\/01\/2022<\/span><\/li>\n<li><a href=\"https:\/\/edublog.educastur.es\/ixuxu\/2022\/01\/25-aniversariu-de-harry-potter-y-la-piedra-filosofal\/\">25 aniversariu de Harry Potter y la piedra filosofal<\/a>\u00a0<span class=\"post-date\">31\/01\/2022<\/span><\/li>\n<li><a href=\"https:\/\/edublog.educastur.es\/ixuxu\/2022\/01\/13191\/\">Les cr\u00edes de xirafa reci\u00e9n nac\u00edes miden en redol a 1,80 metros , y pueden empezar a sostenese de pies y alimentase ente los primeres 30 minutos y l\u2019hora de vida.<\/a>\u00a0<span class=\"post-date\">31\/01\/2022<\/span><\/li>\n<li><a href=\"https:\/\/edublog.educastur.es\/ixuxu\/2022\/01\/13084\/\">(sin t\u00edtulo)<\/a>\u00a0<span class=\"post-date\">31\/01\/2022<\/span><\/li>\n<li><a href=\"https:\/\/edublog.educastur.es\/ixuxu\/2022\/01\/rafa-nadal\/\">Rafa Nadal y la so receta del \u00e9situ<\/a>\u00a0<span class=\"post-date\">31\/01\/2022<\/span><\/li>\n<li><a href=\"https:\/\/edublog.educastur.es\/ixuxu\/2022\/01\/guei-yel-dia-de-los-magos-ya-ilusionistes\/\">G\u00fcei ye\u2019l D\u00eda de los Magos ya Ilusionistes.<\/a>\u00a0<span class=\"post-date\">31\/01\/2022<\/span><\/li>\n<li><a href=\"https:\/\/edublog.educastur.es\/ixuxu\/2022\/01\/13117\/\">(sin t\u00edtulo)<\/a>\u00a0<span class=\"post-date\">30\/01\/2022<\/span><\/li>\n<li><a href=\"https:\/\/edublog.educastur.es\/ixuxu\/2022\/01\/dia-de-la-paz-y-la-non-violencia\/\">D\u00eda de la Paz y la non violencia<\/a>\u00a0<span class=\"post-date\">30\/01\/2022<\/span><\/li>\n<li><a href=\"https:\/\/edublog.educastur.es\/ixuxu\/2022\/01\/13119\/\">Nel mundu animal pasen les coses m\u00e1s belles de la vida<\/a>\u00a0<span class=\"post-date\">30\/01\/2022<\/span><\/li>\n<li><a href=\"https:\/\/edublog.educastur.es\/ixuxu\/2022\/01\/saltando-el-curtiu-que-va-ensenar-a-los-nenos-a-nun-rindise-enxamas\/\">\u00abSaltando\u00bb el curtiu que va ense\u00f1ar a los ne\u00f1os a nun rindise enxam\u00e1s<\/a>\u00a0<span class=\"post-date\">30\/01\/2022<\/span><\/li>\n<li><a href=\"https:\/\/edublog.educastur.es\/ixuxu\/2022\/01\/13304\/\">(sin t\u00edtulo)<\/a>\u00a0<span class=\"post-date\">30\/01\/2022<\/span><\/li>\n<li><a href=\"https:\/\/edublog.educastur.es\/ixuxu\/2022\/01\/13059\/\">(sin t\u00edtulo)<\/a>\u00a0<span class=\"post-date\">30\/01\/2022<\/span><\/li>\n<li><a href=\"https:\/\/edublog.educastur.es\/ixuxu\/2022\/01\/13076\/\">(sin t\u00edtulo)<\/a>\u00a0<span class=\"post-date\">30\/01\/2022<\/span><\/li>\n<li><a href=\"https:\/\/edublog.educastur.es\/ixuxu\/2022\/01\/tanxugueiras-adoraes-per-espana-y-feches-de-menos-pol-xurau-del-benidorm-fest\/\">Tanxugueiras, adoraes per Espa\u00f1a y feches de menos pol xur\u00e1u<\/a>\u00a0<span class=\"post-date\">30\/01\/2022<\/span><\/li>\n<li><a href=\"https:\/\/edublog.educastur.es\/ixuxu\/2022\/01\/11880\/\">(sin t\u00edtulo)<\/a>\u00a0<span class=\"post-date\">30\/01\/2022<\/span><\/li>\n<li><a href=\"https:\/\/edublog.educastur.es\/ixuxu\/2022\/01\/la-semeya-del-dia-2\/\">La semeya del d\u00eda\u2026<\/a>\u00a0<span class=\"post-date\">29\/01\/2022<\/span><\/li>\n<li><a href=\"https:\/\/edublog.educastur.es\/ixuxu\/2022\/01\/vota-a-tanxugueiras\/\">Vota a Tanxugueiras<\/a>\u00a0<span class=\"post-date\">29\/01\/2022<\/span><\/li>\n<li><a href=\"https:\/\/edublog.educastur.es\/ixuxu\/2022\/01\/semeya-del-dia-frailecillo-o-puffin\/\">Semeya del d\u00eda: frailecillo o Puffin<\/a>\u00a0<span class=\"post-date\">29\/01\/2022<\/span><\/li>\n<li><a href=\"https:\/\/edublog.educastur.es\/ixuxu\/2022\/01\/musica-con-preseos-de-xuguete-para-averar-a-los-nenos-a-esta-disciplina\/\">M\u00fasica con preseos de xuguete para averar a los ne\u00f1os a esta disciplina<\/a>\u00a0<span class=\"post-date\">29\/01\/2022<\/span><\/li>\n<li><a href=\"https:\/\/edublog.educastur.es\/ixuxu\/2022\/01\/movilizacion-pola-oficialida-de-les-llingues-dasturies\/\">Movilizaci\u00f3n pola Oficialid\u00e1 de les lling\u00fces d\u2019Asturies<\/a>\u00a0<span class=\"post-date\">29\/01\/2022<\/span><\/li>\n<li><a href=\"https:\/\/edublog.educastur.es\/ixuxu\/2022\/01\/dos-murales-asturianos-ente-los-100-meyores-del-mundu\/\">Dos murales asturianos, ente los 100 meyores del mundu<\/a>\u00a0<span class=\"post-date\">28\/01\/2022<\/span><\/li>\n<li><a href=\"https:\/\/edublog.educastur.es\/ixuxu\/2022\/01\/13138\/\">Delfines esfrutando en plenu ba\u00f1u en Xix\u00f3n<\/a>\u00a0<span class=\"post-date\">28\/01\/2022<\/span><\/li>\n<li><a href=\"https:\/\/edublog.educastur.es\/ixuxu\/2022\/01\/videu-del-conceyu-de-mieres-en-fitur-2022\/\">V\u00eddeu del Conceyu de Mieres en Fitur 2022<\/a>\u00a0<span class=\"post-date\">28\/01\/2022<\/span><\/li>\n<li><a href=\"https:\/\/edublog.educastur.es\/ixuxu\/2022\/01\/el-primer-coche-volador-aircar-consiguel-certificau-oficial-daeronavegabilidad\/\">El primer coche volador AirCar consigue\u2019l certific\u00e1u oficial d\u2019aeronavegabilidad<\/a>\u00a0<span class=\"post-date\">28\/01\/2022<\/span><\/li>\n<li><a href=\"https:\/\/edublog.educastur.es\/ixuxu\/2022\/01\/13125\/\">D\u00eda Mundial pol Amenorgamientu de les Emisiones de CO2<\/a>\u00a0<span class=\"post-date\">28\/01\/2022<\/span><\/li>\n<li><a href=\"https:\/\/edublog.educastur.es\/ixuxu\/2022\/01\/12337\/\">(sin t\u00edtulo)<\/a>\u00a0<span class=\"post-date\">28\/01\/2022<\/span><\/li>\n<li><a href=\"https:\/\/edublog.educastur.es\/ixuxu\/2022\/01\/13035\/\">(sin t\u00edtulo)<\/a>\u00a0<span class=\"post-date\">28\/01\/2022<\/span><\/li>\n<li><a href=\"https:\/\/edublog.educastur.es\/ixuxu\/2022\/01\/13030\/\">(sin t\u00edtulo)<\/a>\u00a0<span class=\"post-date\">27\/01\/2022<\/span><\/li>\n<li><a href=\"https:\/\/edublog.educastur.es\/ixuxu\/2022\/01\/los-colores-dependen-de-la-lluz-quunu-ve-james-joyce\/\">\u00abLos colores dependen de la lluz qu\u2019unu ve.\u00bb James Joyce<\/a>\u00a0<span class=\"post-date\">26\/01\/2022<\/span><\/li>\n<li><a href=\"https:\/\/edublog.educastur.es\/ixuxu\/2022\/01\/13021\/\">D\u00eda Mundial de la Educaci\u00f3n Ambiental<\/a>\u00a0<span class=\"post-date\">26\/01\/2022<\/span><\/li>\n<li><a href=\"https:\/\/edublog.educastur.es\/ixuxu\/2022\/01\/13032\/\">D\u00eda Mundial del fo\u00edn \/ zorro<\/a>\u00a0<span class=\"post-date\">26\/01\/2022<\/span><\/li>\n<li><a href=\"https:\/\/edublog.educastur.es\/ixuxu\/2022\/01\/13028\/\">(sin t\u00edtulo)<\/a>\u00a0<span class=\"post-date\">24\/01\/2022<\/span><\/li>\n<li><a href=\"https:\/\/edublog.educastur.es\/ixuxu\/2022\/01\/cantando-so-lagua-2\/\">\u00bfCantando so l\u2019agua?<\/a>\u00a0<span class=\"post-date\">24\/01\/2022<\/span><\/li>\n<li><a href=\"https:\/\/edublog.educastur.es\/ixuxu\/2022\/01\/dia-mundial-de-la-educacion\/\">D\u00eda Internacional de la Educaci\u00f3n<\/a>\u00a0<span class=\"post-date\">24\/01\/2022<\/span><\/li>\n<li><a href=\"https:\/\/edublog.educastur.es\/ixuxu\/2022\/01\/esta-semeya-ye-a-cencielles-adorable\/\">Esta semeya ye a cencielles adorable.<\/a>\u00a0<span class=\"post-date\">23\/01\/2022<\/span><\/li>\n<li><a href=\"https:\/\/edublog.educastur.es\/ixuxu\/2022\/01\/dia-de-la-escritura-a-mano\/\">D\u00eda de la escritura a mano<\/a>\u00a0<span class=\"post-date\">23\/01\/2022<\/span><\/li>\n<li><a href=\"https:\/\/edublog.educastur.es\/ixuxu\/2022\/01\/11878\/\">(sin t\u00edtulo)<\/a>\u00a0<span class=\"post-date\">23\/01\/2022<\/span><\/li>\n<li><a href=\"https:\/\/edublog.educastur.es\/ixuxu\/2022\/01\/musica-premios-amas\/\">M\u00fasica: Premios AMAS<\/a>\u00a0<span class=\"post-date\">22\/01\/2022<\/span><\/li>\n<li><a href=\"https:\/\/edublog.educastur.es\/ixuxu\/2022\/01\/premiu-al-meyor-stand-na-categoria-de-comunidaes-autonomes-e-instituciones-en-fitur\/\">Premiu al meyor stand na categor\u00eda de \u00abComunidaes Aut\u00f3nomes e Instituciones\u00bb<\/a>\u00a0<span class=\"post-date\">22\/01\/2022<\/span><\/li>\n<li><a href=\"https:\/\/edublog.educastur.es\/ixuxu\/2022\/01\/alimentamos-tu-orgullo\/\">Alimentamos tu orgullo<\/a>\u00a0<span class=\"post-date\">22\/01\/2022<\/span><\/li>\n<li><a href=\"https:\/\/edublog.educastur.es\/ixuxu\/2022\/01\/taller-de-musica-reciclada\/\">Taller de M\u00fasica reciclada<\/a>\u00a0<span class=\"post-date\">22\/01\/2022<\/span><\/li>\n<li><a href=\"https:\/\/edublog.educastur.es\/ixuxu\/2022\/01\/cultivu-del-guertu-e\/\">Cultivu del g\u00fcertu ecol\u00f3xicu n\u2019Asturies\u00a0<\/a>\u00a0<span class=\"post-date\">22\/01\/2022<\/span><\/li>\n<li><a href=\"https:\/\/edublog.educastur.es\/ixuxu\/2022\/01\/12934\/\">Dos letras nuevas por braille asturiano<\/a>\u00a0<span class=\"post-date\">22\/01\/2022<\/span><\/li>\n<li><a href=\"https:\/\/edublog.educastur.es\/ixuxu\/2022\/01\/axencia-espacial-escolar-asturiana\/\">La ciencia espacial na aula<\/a>\u00a0<span class=\"post-date\">22\/01\/2022<\/span><\/li>\n<li><a href=\"https:\/\/edublog.educastur.es\/ixuxu\/2022\/01\/12973\/\">(sin t\u00edtulo)<\/a>\u00a0<span class=\"post-date\">22\/01\/2022<\/span><\/li>\n<li><a href=\"https:\/\/edublog.educastur.es\/ixuxu\/2022\/01\/adaptacion-al-asturianu-del-popular-xuegu-spelling-bee\/\">Adaptaci\u00f3n al asturianu del popular xuegu \u2018Spelling Bee\u2019<\/a>\u00a0<span class=\"post-date\">21\/01\/2022<\/span><\/li>\n<li><a href=\"https:\/\/edublog.educastur.es\/ixuxu\/2022\/01\/13002\/\">(sin t\u00edtulo)<\/a>\u00a0<span class=\"post-date\">21\/01\/2022<\/span><\/li>\n<li><a href=\"https:\/\/edublog.educastur.es\/ixuxu\/2022\/01\/bien-llueu\/\">Bien llueu\u2026<\/a>\u00a0<span class=\"post-date\">20\/01\/2022<\/span><\/li>\n<li><a href=\"https:\/\/edublog.educastur.es\/ixuxu\/2022\/01\/12988\/\">Sabores y paisaxes de la Comarca de la Sidra<\/a>\u00a0<span class=\"post-date\">20\/01\/2022<\/span><\/li>\n<li><a href=\"https:\/\/edublog.educastur.es\/ixuxu\/2022\/01\/los-nomes-del-pan-nasturianu\/\">Los nomes del pan n\u2019asturianu<\/a>\u00a0<span class=\"post-date\">19\/01\/2022<\/span><\/li>\n<li><a href=\"https:\/\/edublog.educastur.es\/ixuxu\/2022\/01\/ponga-protagonizal-cupon-del-once-del-proximu-sabadu-22-de-xineru\/\">Ponga protagoniza\u2019l cup\u00f3n del Once del pr\u00f3ximu s\u00e1badu 22 de xineru<\/a>\u00a0<span class=\"post-date\">19\/01\/2022<\/span><\/li>\n<li><a href=\"https:\/\/edublog.educastur.es\/ixuxu\/2022\/01\/la-importancia-dinspirar-a-los-nuesos-fios-lamor-pola-naturaleza-y-toles-sos-criatures\/\">La importancia d\u2019inspirar a los nuesos f\u00edos l\u2019amor pola naturaleza y toles sos criatures<\/a>\u00a0<span class=\"post-date\">19\/01\/2022<\/span><\/li>\n<li><a href=\"https:\/\/edublog.educastur.es\/ixuxu\/2022\/01\/el-titanic-ii-va-salear-en-2022-pola-mesma-ruta-quel-titanic-fundiu\/\">El Titanic II va salear en 2022 pola mesma ruta qu\u2019el Titanic fund\u00edu<\/a>\u00a0<span class=\"post-date\">19\/01\/2022<\/span><\/li>\n<li><a href=\"https:\/\/edublog.educastur.es\/ixuxu\/2022\/01\/12896\/\">(sin t\u00edtulo)<\/a>\u00a0<span class=\"post-date\">19\/01\/2022<\/span><\/li>\n<li><a href=\"https:\/\/edublog.educastur.es\/ixuxu\/2022\/01\/animales\/\">Animales de la granxa<\/a>\u00a0<span class=\"post-date\">19\/01\/2022<\/span><\/li>\n<li><a href=\"https:\/\/edublog.educastur.es\/ixuxu\/2022\/01\/12889\/\">(sin t\u00edtulo)<\/a>\u00a0<span class=\"post-date\">19\/01\/2022<\/span><\/li>\n<li><a href=\"https:\/\/edublog.educastur.es\/ixuxu\/2022\/01\/calendariu-2022-2\/\">Calendariu 2022<\/a>\u00a0<span class=\"post-date\">19\/01\/2022<\/span><\/li>\n<li><a href=\"https:\/\/edublog.educastur.es\/ixuxu\/2022\/01\/lluna-de-llobu\/\">\u2018Lluna de Llobu\u2019<\/a>\u00a0<span class=\"post-date\">18\/01\/2022<\/span><\/li>\n<li><a href=\"https:\/\/edublog.educastur.es\/ixuxu\/2022\/01\/numberu-nuevu-del-boletin-dixital-educallingua\/\">N\u00famberu nuevu del bolet\u00edn dixital Educallingua<\/a>\u00a0<span class=\"post-date\">17\/01\/2022<\/span><\/li>\n<li><a href=\"https:\/\/edublog.educastur.es\/ixuxu\/2022\/01\/el-dia-mas-murniu-del-anu\/\">El d\u00eda m\u00e1s murniu del a\u00f1u<\/a>\u00a0<span class=\"post-date\">17\/01\/2022<\/span><\/li>\n<li><a href=\"https:\/\/edublog.educastur.es\/ixuxu\/2022\/01\/13061\/\">(sin t\u00edtulo)<\/a>\u00a0<span class=\"post-date\">16\/01\/2022<\/span><\/li>\n<li><a href=\"https:\/\/edublog.educastur.es\/ixuxu\/2022\/01\/nasturies-nun-tenemos-macrogranxes\/\">N\u2019Asturies nun tenemos macrogranxes<\/a>\u00a0<span class=\"post-date\">14\/01\/2022<\/span><\/li>\n<li><a href=\"https:\/\/edublog.educastur.es\/ixuxu\/2022\/01\/12876\/\">(sin t\u00edtulo)<\/a>\u00a0<span class=\"post-date\">14\/01\/2022<\/span><\/li>\n<li><a href=\"https:\/\/edublog.educastur.es\/ixuxu\/2022\/01\/estau-del-tiempu-vienres-14-de-xineru\/\">Est\u00e1u del tiempu: Vienres 14 de xineru<\/a>\u00a0<span class=\"post-date\">14\/01\/2022<\/span><\/li>\n<li><a href=\"https:\/\/edublog.educastur.es\/ixuxu\/2022\/01\/12856\/\">(sin t\u00edtulo)<\/a>\u00a0<span class=\"post-date\">14\/01\/2022<\/span><\/li>\n<li><a href=\"https:\/\/edublog.educastur.es\/ixuxu\/2022\/01\/como-tas-guei\/\">\u00bfC\u00f3mo tas g\u00fcei?<\/a>\u00a0<span class=\"post-date\">14\/01\/2022<\/span><\/li>\n<li><a href=\"https:\/\/edublog.educastur.es\/ixuxu\/2022\/01\/12848\/\">(sin t\u00edtulo)<\/a>\u00a0<span class=\"post-date\">13\/01\/2022<\/span><\/li>\n<li><a href=\"https:\/\/edublog.educastur.es\/ixuxu\/2022\/01\/falase-gallegu-nasturies\/\">\u00bfF\u00e1lase gallegu n\u2019Asturies?<\/a>\u00a0<span class=\"post-date\">13\/01\/2022<\/span><\/li>\n<li><a href=\"https:\/\/edublog.educastur.es\/ixuxu\/2022\/01\/sol-y-xelaes-casi-xeneralizaes-a-partir-de-manana\/\">Sol y xelaes xeneralizaes a partir de ma\u00f1ana<\/a>\u00a0<span class=\"post-date\">13\/01\/2022<\/span><\/li>\n<li><a href=\"https:\/\/edublog.educastur.es\/ixuxu\/2022\/01\/afayen-una-guarderia-de-dinosaurios-nel-articu-de-fai-70-millones-danos\/\">Afayen una \u00abguarder\u00eda\u00bb de dinosaurios nel \u00c1rticu de fai 70 millones d\u2019a\u00f1os.<\/a>\u00a0<span class=\"post-date\">13\/01\/2022<\/span><\/li>\n<li><a href=\"https:\/\/edublog.educastur.es\/ixuxu\/2022\/01\/12854\/\">(sin t\u00edtulo)<\/a>\u00a0<span class=\"post-date\">12\/01\/2022<\/span><\/li>\n<li><a href=\"https:\/\/edublog.educastur.es\/ixuxu\/2022\/01\/nuevu-contratu-pa-reforzar-la-conectivida-aerea-con-%f0%9d%97%bc%f0%9d%97%b0%f0%9d%97%b5%f0%9d%97%bc-%f0%9d%97%b1%f0%9d%97%b2%f0%9d%98%80%f0%9d%98%81%f0%9d%97%b6%f0%9d%97%bb%f0%9d%97%bc%f0%9d%98%80\/\">Nuevu contratu pa reforzar la conectivid\u00e1 a\u00e9rea<\/a>\u00a0<span class=\"post-date\">12\/01\/2022<\/span><\/li>\n<li><a href=\"https:\/\/edublog.educastur.es\/ixuxu\/2022\/01\/12838\/\">(sin t\u00edtulo)<\/a>\u00a0<span class=\"post-date\">12\/01\/2022<\/span><\/li>\n<li><a href=\"https:\/\/edublog.educastur.es\/ixuxu\/2022\/01\/la-publicacion-del-estatutu-dautonomia-dasturies-cumple-40-anos\/\">La publicaci\u00f3n del Estatutu d\u2019Autonom\u00eda d\u2019Asturies cumple 40 a\u00f1os<\/a>\u00a0<span class=\"post-date\">11\/01\/2022<\/span><\/li>\n<li><a href=\"https:\/\/edublog.educastur.es\/ixuxu\/2022\/01\/anu-nuevu-directora-nueva\/\">\u00a1A\u00f1u nuevu, directora nueva!<\/a>\u00a0<span class=\"post-date\">11\/01\/2022<\/span><\/li>\n<li><a href=\"https:\/\/edublog.educastur.es\/ixuxu\/2022\/01\/12806\/\">(sin t\u00edtulo)<\/a>\u00a0<span class=\"post-date\">11\/01\/2022<\/span><\/li>\n<li><a href=\"https:\/\/edublog.educastur.es\/ixuxu\/2022\/01\/el-calendariu-cientificu-escolar-2022-del-csic-nasturianu\/\">El \u2018Calendariu Cient\u00edficu Escolar 2022\u2019 del CSIC n\u2019asturianu<\/a>\u00a0<span class=\"post-date\">11\/01\/2022<\/span><\/li>\n<li><a href=\"https:\/\/edublog.educastur.es\/ixuxu\/2022\/01\/12796\/\">(sin t\u00edtulo)<\/a>\u00a0<span class=\"post-date\">11\/01\/2022<\/span><\/li>\n<li><a href=\"https:\/\/edublog.educastur.es\/ixuxu\/2022\/01\/12825\/\">Cuentos: Picufinu y el Llobu<\/a>\u00a0<span class=\"post-date\">11\/01\/2022<\/span><\/li>\n<li><a href=\"https:\/\/edublog.educastur.es\/ixuxu\/2022\/01\/12093\/\">(sin t\u00edtulo)<\/a>\u00a0<span class=\"post-date\">11\/01\/2022<\/span><\/li>\n<li><a href=\"https:\/\/edublog.educastur.es\/ixuxu\/2022\/01\/12821\/\">Los infantes de marina realicen exercicios d\u2019abordaxe con mochiles propulsores y aterricen nun barcu d\u2019alta velocid\u00e1<\/a>\u00a0<span class=\"post-date\">11\/01\/2022<\/span><\/li>\n<li><a href=\"https:\/\/edublog.educastur.es\/ixuxu\/2022\/01\/12804\/\">(sin t\u00edtulo)<\/a>\u00a0<span class=\"post-date\">11\/01\/2022<\/span><\/li>\n<li><a href=\"https:\/\/edublog.educastur.es\/ixuxu\/2022\/01\/12809\/\">Un hipn\u00f3ticu slow motion amuesa a camparines saliendo de la so cris\u00e1lida y alzando el vuelu<\/a>\u00a0<span class=\"post-date\">10\/01\/2022<\/span><\/li>\n<li><a href=\"https:\/\/edublog.educastur.es\/ixuxu\/2022\/01\/12781\/\">(sin t\u00edtulo)<\/a>\u00a0<span class=\"post-date\">10\/01\/2022<\/span><\/li>\n<li><a href=\"https:\/\/edublog.educastur.es\/ixuxu\/2022\/01\/escribir-la-paz\/\">\u00abEscribir la Paz\u00bb p\u2019algamar y adquirir competencies interculturales<\/a>\u00a0<span class=\"post-date\">10\/01\/2022<\/span><\/li>\n<li><a href=\"https:\/\/edublog.educastur.es\/ixuxu\/2022\/01\/13159\/\">(sin t\u00edtulo)<\/a>\u00a0<span class=\"post-date\">10\/01\/2022<\/span><\/li>\n<li><a href=\"https:\/\/edublog.educastur.es\/ixuxu\/2022\/01\/12091\/\">(sin t\u00edtulo)<\/a>\u00a0<span class=\"post-date\">10\/01\/2022<\/span><\/li>\n<li><a href=\"https:\/\/edublog.educastur.es\/ixuxu\/2022\/01\/un-domingu-de-sidros-y-comedies-de-cuasi-normalida\/\">Un domingu de Sidros y Comedies de \u2018cuasi normalid\u00e1\u2019<\/a>\u00a0<span class=\"post-date\">09\/01\/2022<\/span><\/li>\n<li><a href=\"https:\/\/edublog.educastur.es\/ixuxu\/2022\/01\/12772\/\">(sin t\u00edtulo)<\/a>\u00a0<span class=\"post-date\">09\/01\/2022<\/span><\/li>\n<li><a href=\"https:\/\/edublog.educastur.es\/ixuxu\/2022\/01\/goyas-2022-nacer-un-curtiu-nomau-a-los-goya-sobro-lo-que-siente-un-nenu-al-tener-un-hermanin\/\">Goyas 2022: \u2018Nacer\u2019, un curtiu nom\u00e1u a los Goya sobro lo que siente un ne\u00f1u al tener un hermanin<\/a>\u00a0<span class=\"post-date\">09\/01\/2022<\/span><\/li>\n<li><a href=\"https:\/\/edublog.educastur.es\/ixuxu\/2022\/01\/12326\/\">(sin t\u00edtulo)<\/a>\u00a0<span class=\"post-date\">09\/01\/2022<\/span><\/li>\n<li><a href=\"https:\/\/edublog.educastur.es\/ixuxu\/2022\/01\/12576\/\">(sin t\u00edtulo)<\/a>\u00a0<span class=\"post-date\">09\/01\/2022<\/span><\/li>\n<li><a href=\"https:\/\/edublog.educastur.es\/ixuxu\/2022\/01\/estau-del-tiempu-domingu-9-de-xineru\/\">Est\u00e1u del tiempu Domingu 9 de xineru<\/a>\u00a0<span class=\"post-date\">09\/01\/2022<\/span><\/li>\n<li><a href=\"https:\/\/edublog.educastur.es\/ixuxu\/2022\/01\/ocean-photography-awards-premiu-a-les-meyores-fotografies-del-oceanu\/\">Ocean Photography Awards, premiu a les meyores fotograf\u00edes del oc\u00e9anu<\/a>\u00a0<span class=\"post-date\">08\/01\/2022<\/span><\/li>\n<li><a href=\"https:\/\/edublog.educastur.es\/ixuxu\/2022\/01\/12662\/\">(sin t\u00edtulo)<\/a>\u00a0<span class=\"post-date\">07\/01\/2022<\/span><\/li>\n<li><a href=\"https:\/\/edublog.educastur.es\/ixuxu\/2022\/01\/mario-el-nenu-de-5-anos-que-pidio-una-xatina-a-los-reis\/\">Mario, el ne\u00f1u de 5 a\u00f1os que pidi\u00f3 una xatina a los Reis<\/a>\u00a0<span class=\"post-date\">07\/01\/2022<\/span><\/li>\n<li><a href=\"https:\/\/edublog.educastur.es\/ixuxu\/2022\/01\/12571\/\">(sin t\u00edtulo)<\/a>\u00a0<span class=\"post-date\">06\/01\/2022<\/span><\/li>\n<li><a href=\"https:\/\/edublog.educastur.es\/ixuxu\/2022\/01\/el-mes-davientu-foi-bien-templau-nasturies\/\">El mes d\u2019avientu foi bien templ\u00e1u n\u2019Asturies<\/a>\u00a0<span class=\"post-date\">06\/01\/2022<\/span><\/li>\n<li><a href=\"https:\/\/edublog.educastur.es\/ixuxu\/2022\/01\/los-regalos-nun-tienen-xenero\/\">Los xuguetes nun tienen x\u00e9neru y son solo para faer los sua\u00f1os realid\u00e1.<\/a>\u00a0<span class=\"post-date\">06\/01\/2022<\/span><\/li>\n<li><a href=\"https:\/\/edublog.educastur.es\/ixuxu\/2022\/01\/12080\/\">(sin t\u00edtulo)<\/a>\u00a0<span class=\"post-date\">06\/01\/2022<\/span><\/li>\n<li><a href=\"https:\/\/edublog.educastur.es\/ixuxu\/2022\/01\/una-escalera-infinita\/\">\u00bfUna escalera infinita?<\/a>\u00a0<span class=\"post-date\">05\/01\/2022<\/span><\/li>\n<li><a href=\"https:\/\/edublog.educastur.es\/ixuxu\/2022\/01\/12658\/\">(sin t\u00edtulo)<\/a>\u00a0<span class=\"post-date\">05\/01\/2022<\/span><\/li>\n<li><a href=\"https:\/\/edublog.educastur.es\/ixuxu\/2022\/01\/12758\/\">La naturaleza ye un espect\u00e1culu \u00fanicu ya irrepetible<\/a>\u00a0<span class=\"post-date\">05\/01\/2022<\/span><\/li>\n<li><a href=\"https:\/\/edublog.educastur.es\/ixuxu\/2022\/01\/12722\/\">(sin t\u00edtulo)<\/a>\u00a0<span class=\"post-date\">05\/01\/2022<\/span><\/li>\n<li><a href=\"https:\/\/edublog.educastur.es\/ixuxu\/2022\/01\/la-goma-de-borrar-milan-de-color-verde-va-sobrevivir\/\">La goma de borrar Milan de color verde va sobrevivir, si la xente sigui merc\u00e1ndola\u2026<\/a>\u00a0<span class=\"post-date\">05\/01\/2022<\/span><\/li>\n<li><a href=\"https:\/\/edublog.educastur.es\/ixuxu\/2022\/01\/12303\/\">(sin t\u00edtulo)<\/a>\u00a0<span class=\"post-date\">05\/01\/2022<\/span><\/li>\n<li><a href=\"https:\/\/edublog.educastur.es\/ixuxu\/2022\/01\/2022-ye-lanu-europeu-de-la-moceda\/\">2022 ye L\u2019A\u00f1u Europ\u00e9u de la Moced\u00e1<\/a>\u00a0<span class=\"post-date\">05\/01\/2022<\/span><\/li>\n<li><a href=\"https:\/\/edublog.educastur.es\/ixuxu\/2022\/01\/12565\/\">(sin t\u00edtulo)<\/a>\u00a0<span class=\"post-date\">05\/01\/2022<\/span><\/li>\n<li><a href=\"https:\/\/edublog.educastur.es\/ixuxu\/2022\/01\/xxiv-xuegos-olimpicos-diviernu\/\">XXIV Xuegos Ol\u00edmpicos d\u2019Iviernu<\/a>\u00a0<span class=\"post-date\">05\/01\/2022<\/span><\/li>\n<li><a href=\"https:\/\/edublog.educastur.es\/ixuxu\/2022\/01\/cuentu-xurde-ensin-mieu\/\">Cuentu: \u00abXurde ensin mieu\u00bb<\/a>\u00a0<span class=\"post-date\">05\/01\/2022<\/span><\/li>\n<li><a href=\"https:\/\/edublog.educastur.es\/ixuxu\/2022\/01\/12651\/\">(sin t\u00edtulo)<\/a>\u00a0<span class=\"post-date\">05\/01\/2022<\/span><\/li>\n<li><a href=\"https:\/\/edublog.educastur.es\/ixuxu\/2022\/01\/gustame-mas-obedecer-que-ser-capitan-y-mandar-gonzalomcj9\/\">\u00abCuando creza gustar\u00edame ser chef\u00bb<\/a>\u00a0<span class=\"post-date\">05\/01\/2022<\/span><\/li>\n<li><a href=\"https:\/\/edublog.educastur.es\/ixuxu\/2022\/01\/poema-cabalgata-de-versos-3\/\">Poema: \u00abCabalgata de versos 3\u00bb<\/a>\u00a0<span class=\"post-date\">05\/01\/2022<\/span><\/li>\n<li><a href=\"https:\/\/edublog.educastur.es\/ixuxu\/2022\/01\/12520\/\">(sin t\u00edtulo)<\/a>\u00a0<span class=\"post-date\">05\/01\/2022<\/span><\/li>\n<li><a href=\"https:\/\/edublog.educastur.es\/ixuxu\/2022\/01\/pallabreru-dinformatica-restolandopelarede\/\">Pallabreru de la Inform\u00e1tica: #Restol@andoPelaRede<\/a>\u00a0<span class=\"post-date\">05\/01\/2022<\/span><\/li>\n<li><a href=\"https:\/\/edublog.educastur.es\/ixuxu\/2022\/01\/esposicion-tocando-pieza\/\">Esposici\u00f3n \u00abTocando pieza\u00bb<\/a>\u00a0<span class=\"post-date\">05\/01\/2022<\/span><\/li>\n<li><a href=\"https:\/\/edublog.educastur.es\/ixuxu\/2022\/01\/ya-lleguen-los-reis-magos\/\">\u00a1Y\u00e1 lleguen los Reis Magos!<\/a>\u00a0<span class=\"post-date\">05\/01\/2022<\/span><\/li>\n<li><a href=\"https:\/\/edublog.educastur.es\/ixuxu\/2022\/01\/a-partir-desti-5-de-xineru-les-mascotes-espanoles-van-tener-un-dni-animal\/\">A partir d\u2019esti 5 de xineru les mascotes espa\u00f1oles van tener un DNI Animal.<\/a>\u00a0<span class=\"post-date\">05\/01\/2022<\/span><\/li>\n<li><a href=\"https:\/\/edublog.educastur.es\/ixuxu\/2022\/01\/12562\/\">(sin t\u00edtulo)<\/a>\u00a0<span class=\"post-date\">04\/01\/2022<\/span><\/li>\n<li><a href=\"https:\/\/edublog.educastur.es\/ixuxu\/2022\/01\/agora-puedes-visitar-el-museu-del-prau-y-descargar-les-sos-pintures-nanimal-crossing\/\">Agora puedes visitar el Mus\u00e9u del Prau y descargar les sos pintures n\u2019Animal Crossing<\/a>\u00a0<span class=\"post-date\">04\/01\/2022<\/span><\/li>\n<li><a href=\"https:\/\/edublog.educastur.es\/ixuxu\/2022\/01\/dia-mundial-del-braille\/\">D\u00eda Mundial del Braille<\/a>\u00a0<span class=\"post-date\">04\/01\/2022<\/span><\/li>\n<li><a href=\"https:\/\/edublog.educastur.es\/ixuxu\/2022\/01\/xuguetes-ensin-duldes-de-xeneru\/\">Xuguetes ensin duldes de x\u00e9neru<\/a>\u00a0<span class=\"post-date\">04\/01\/2022<\/span><\/li>\n<li><a href=\"https:\/\/edublog.educastur.es\/ixuxu\/2022\/01\/12627\/\">El telescopiu espacial completa\u2019l finxu d\u2019esplegar el so parasol<\/a>\u00a0<span class=\"post-date\">04\/01\/2022<\/span><\/li>\n<li><a href=\"https:\/\/edublog.educastur.es\/ixuxu\/2022\/01\/laguilandu-una-tradicion-del-iviernu-asturianu\/\">L\u2019aguilandu, una tradici\u00f3n del iviernu asturianu<\/a>\u00a0<span class=\"post-date\">04\/01\/2022<\/span><\/li>\n<li><a href=\"https:\/\/edublog.educastur.es\/ixuxu\/2022\/01\/12518\/\">(sin t\u00edtulo)<\/a>\u00a0<span class=\"post-date\">04\/01\/2022<\/span><\/li>\n<li><a href=\"https:\/\/edublog.educastur.es\/ixuxu\/2022\/01\/12593\/\">(sin t\u00edtulo)<\/a>\u00a0<span class=\"post-date\">04\/01\/2022<\/span><\/li>\n<li><a href=\"https:\/\/edublog.educastur.es\/ixuxu\/2022\/01\/12568\/\">(sin t\u00edtulo)<\/a>\u00a0<span class=\"post-date\">03\/01\/2022<\/span><\/li>\n<li><a href=\"https:\/\/edublog.educastur.es\/ixuxu\/2022\/01\/les-meyores-imaxes-de-tufotonatgeo-de-2021\/\">Les meyores imaxes de #TuFotoNatGeo de 2021<\/a>\u00a0<span class=\"post-date\">03\/01\/2022<\/span><\/li>\n<li><a href=\"https:\/\/edublog.educastur.es\/ixuxu\/2022\/01\/12537\/\">(sin t\u00edtulo)<\/a>\u00a0<span class=\"post-date\">03\/01\/2022<\/span><\/li>\n<li><a href=\"https:\/\/edublog.educastur.es\/ixuxu\/2022\/01\/lhome-vivu-mas-altu-y-la-muyer-viva-mas-baxa-del-mundu\/\">L\u2019home vivu m\u00e1s altu y la muyer viva m\u00e1s baxa del mundu<\/a>\u00a0<span class=\"post-date\">03\/01\/2022<\/span><\/li>\n<li><a href=\"https:\/\/edublog.educastur.es\/ixuxu\/2022\/01\/poblacion-nasturies-pal-2022\/\">Poblaci\u00f3n n\u2019Asturies pal 2022<\/a>\u00a0<span class=\"post-date\">03\/01\/2022<\/span><\/li>\n<li><a href=\"https:\/\/edublog.educastur.es\/ixuxu\/2022\/01\/linxenieru-xapones-masahiro-hara-creo-fai-27-anos-los-codigos-qr\/\">L\u2019inxenieru xapon\u00e9s Masahiro Hara cre\u00f3 fai 27 a\u00f1os los c\u00f3digos QR<\/a>\u00a0<span class=\"post-date\">03\/01\/2022<\/span><\/li>\n<li><a href=\"https:\/\/edublog.educastur.es\/ixuxu\/2022\/01\/12516\/\">(sin t\u00edtulo)<\/a>\u00a0<span class=\"post-date\">03\/01\/2022<\/span><\/li>\n<li><a href=\"https:\/\/edublog.educastur.es\/ixuxu\/2022\/01\/12513\/\">(sin t\u00edtulo)<\/a>\u00a0<span class=\"post-date\">03\/01\/2022<\/span><\/li>\n<li><a href=\"https:\/\/edublog.educastur.es\/ixuxu\/2022\/01\/vidriu-liquidu-el-descubrimientu-dun-nuevu-estau-de-la-materia\/\">Vidriu l\u00edquidu: el descubrimientu d\u2019un nuevu est\u00e1u de la materia<\/a>\u00a0<span class=\"post-date\">03\/01\/2022<\/span><\/li>\n<li><a href=\"https:\/\/edublog.educastur.es\/ixuxu\/2022\/01\/2022-anu-internacional-del-vidriu\/\">2022, A\u00f1u Internacional del Vidriu IYOG<\/a>\u00a0<span class=\"post-date\">03\/01\/2022<\/span><\/li>\n<li><a href=\"https:\/\/edublog.educastur.es\/ixuxu\/2022\/01\/35-quemes-actives\/\">35 Quemes actives<\/a>\u00a0<span class=\"post-date\">03\/01\/2022<\/span><\/li>\n<li><a href=\"https:\/\/edublog.educastur.es\/ixuxu\/2022\/01\/raquetes-de-neve-y-aurores-boreales-nes-isles-lofoten\/\">Raquetes de \u00f1eve y Aurores Boreales nes Isles Lofoten.<\/a>\u00a0<span class=\"post-date\">02\/01\/2022<\/span><\/li>\n<li><a href=\"https:\/\/edublog.educastur.es\/ixuxu\/2022\/01\/12442\/\">(sin t\u00edtulo)<\/a>\u00a0<span class=\"post-date\">02\/01\/2022<\/span><\/li>\n<li><a href=\"https:\/\/edublog.educastur.es\/ixuxu\/2022\/01\/asina-yeral-patagotitan-la-criatura-mas-grande-que-trio-y-piso-la-tierra\/\">Asina yera\u2019l Patagotitan, la criatura m\u00e1s grande que tri\u00f3 y pis\u00f3 la Tierra<\/a>\u00a0<span class=\"post-date\">02\/01\/2022<\/span><\/li>\n<li><a href=\"https:\/\/edublog.educastur.es\/ixuxu\/2022\/01\/estau-del-tiempu-domingu-2-de-xineru\/\">Est\u00e1u del tiempu: Domingu 2 de Xineru<\/a>\u00a0<span class=\"post-date\">02\/01\/2022<\/span><\/li>\n<li><a href=\"https:\/\/edublog.educastur.es\/ixuxu\/2022\/01\/11933\/\">(sin t\u00edtulo)<\/a>\u00a0<span class=\"post-date\">02\/01\/2022<\/span><\/li>\n<li><a href=\"https:\/\/edublog.educastur.es\/ixuxu\/2022\/01\/verdures-de-temporada-nasturies\/\">Verdures de temporada n\u2019Asturies<\/a>\u00a0<span class=\"post-date\">02\/01\/2022<\/span><\/li>\n<li><a href=\"https:\/\/edublog.educastur.es\/ixuxu\/2022\/01\/topen-una-nueva-especie-de-dinosauriu-depredador-en-forma-de-paxaru\/\">Topen una nueva especie de dinosauriu depredador en forma de p\u00e1xaru<\/a>\u00a0<span class=\"post-date\">01\/01\/2022<\/span><\/li>\n<li><a href=\"https:\/\/edublog.educastur.es\/ixuxu\/2022\/01\/12378\/\">(sin t\u00edtulo)<\/a>\u00a0<span class=\"post-date\">01\/01\/2022<\/span><\/li>\n<li><a href=\"https:\/\/edublog.educastur.es\/ixuxu\/2022\/01\/la-tradicion-del-ramu-nadal\/\">La tradici\u00f3n del ramu nadal<\/a>\u00a0<span class=\"post-date\">01\/01\/2022<\/span><\/li>\n<li><a href=\"https:\/\/edublog.educastur.es\/ixuxu\/2022\/01\/el-guirria\/\">La Guirria recupera la ilusi\u00f3n en Bele\u00f1u<\/a>\u00a0<span class=\"post-date\">01\/01\/2022<\/span><\/li>\n<li><a href=\"https:\/\/edublog.educastur.es\/ixuxu\/2022\/01\/harry-potter-20-aniversariu-regresu-a-hogwarts\/\">\u2018Harry Potter 20 aniversariu: Regresu a Hogwarts\u2019<\/a>\u00a0<span class=\"post-date\">01\/01\/2022<\/span><\/li>\n<li><a href=\"https:\/\/edublog.educastur.es\/ixuxu\/2022\/01\/el-tradicional-guirria-y-los-aguilanderos-vuelven-a-pisar-les-cais-de-ponga\/\">El tradicional guirria y los aguilanderos vuelven a pisar les cais de Ponga<\/a>\u00a0<span class=\"post-date\">01\/01\/2022<\/span><\/li>\n<li><a href=\"https:\/\/edublog.educastur.es\/ixuxu\/2022\/01\/el-guirria-y-laguilandu-de-belenu\/\">El guirria y l\u2019Aguilandu de Bele\u00f1u<\/a>\u00a0<span class=\"post-date\">01\/01\/2022<\/span><\/li>\n<li><a href=\"https:\/\/edublog.educastur.es\/ixuxu\/2022\/01\/declarada-dinteres-turisticu-rexonal-la-fiesta-del-aguilandu-celebra-cada-1-de-xineru\/\">Declarada d\u2019inter\u00e9s tur\u00edsticu rexonal, la fiesta del Aguilandu celebra cada 1 de xineru<\/a>\u00a0<span class=\"post-date\">01\/01\/2022<\/span><\/li>\n<li><a href=\"https:\/\/edublog.educastur.es\/ixuxu\/2022\/01\/12436\/\">(sin t\u00edtulo)<\/a>\u00a0<span class=\"post-date\">01\/01\/2022<\/span><\/li>\n<li><a href=\"https:\/\/edublog.educastur.es\/ixuxu\/2022\/01\/xineru-yel-primer-mes-del-anu\/\">#Xineru ye\u2019l primer mes del a\u00f1u.<\/a>\u00a0<span class=\"post-date\">01\/01\/2022<\/span><\/li>\n<\/ul>\n","protected":false},"excerpt":{"rendered":"<p>Les partes del \u00e1rbol (Inaciu Gal\u00e1n)\u00a031\/01\/2022 El restu del mundu dende\u2019l puntu de vista de l\u2019Ant\u00e1rtida.\u00a031\/01\/2022 \u2018Llo\u00f1e\u2019, la vi\u00f1eta nueva d\u2019Efr\u00e9n d\u2019Andr\u00e9s.\u00a031\/01\/2022 25 aniversariu de Harry Potter y la piedra filosofal\u00a031\/01\/2022 Les cr\u00edes de xirafa reci\u00e9n nac\u00edes miden en redol a 1,80 metros , y pueden empezar a sostenese de pies y alimentase ente los [&hellip;]<\/p>\n","protected":false},"author":117,"featured_media":0,"parent":34960,"menu_order":0,"comment_status":"closed","ping_status":"closed","template":"","meta":{"footnotes":""},"class_list":["post-65005","page","type-page","status-publish","hentry"],"_links":{"self":[{"href":"https:\/\/edublog.educastur.es\/ixuxu\/wp-json\/wp\/v2\/pages\/65005","targetHints":{"allow":["GET"]}}],"collection":[{"href":"https:\/\/edublog.educastur.es\/ixuxu\/wp-json\/wp\/v2\/pages"}],"about":[{"href":"https:\/\/edublog.educastur.es\/ixuxu\/wp-json\/wp\/v2\/types\/page"}],"author":[{"embeddable":true,"href":"https:\/\/edublog.educastur.es\/ixuxu\/wp-json\/wp\/v2\/users\/117"}],"replies":[{"embeddable":true,"href":"https:\/\/edublog.educastur.es\/ixuxu\/wp-json\/wp\/v2\/comments?post=65005"}],"version-history":[{"count":1,"href":"https:\/\/edublog.educastur.es\/ixuxu\/wp-json\/wp\/v2\/pages\/65005\/revisions"}],"predecessor-version":[{"id":65006,"href":"https:\/\/edublog.educastur.es\/ixuxu\/wp-json\/wp\/v2\/pages\/65005\/revisions\/65006"}],"up":[{"embeddable":true,"href":"https:\/\/edublog.educastur.es\/ixuxu\/wp-json\/wp\/v2\/pages\/34960"}],"wp:attachment":[{"href":"https:\/\/edublog.educastur.es\/ixuxu\/wp-json\/wp\/v2\/media?parent=65005"}],"curies":[{"name":"wp","href":"https:\/\/api.w.org\/{rel}","templated":true}]}}