{"id":65008,"date":"2026-01-02T22:13:43","date_gmt":"2026-01-02T20:13:43","guid":{"rendered":"https:\/\/edublog.educastur.es\/ixuxu\/?page_id=65008"},"modified":"2026-01-02T22:13:43","modified_gmt":"2026-01-02T20:13:43","slug":"12_avientu","status":"publish","type":"page","link":"https:\/\/edublog.educastur.es\/ixuxu\/archivu-blogue\/articulos\/2021-2\/12_avientu\/","title":{"rendered":"12_Avientu"},"content":{"rendered":"<ul>\n<li><a href=\"https:\/\/edublog.educastur.es\/ixuxu\/2021\/12\/campanaes-nasturianu-a-les-1130-hores\/\">Campanaes n\u2019Asturianu<\/a>\u00a0<span class=\"post-date\">31\/12\/2021<\/span><\/li>\n<li><a href=\"https:\/\/edublog.educastur.es\/ixuxu\/2021\/12\/les-siete-palabres-que-nasturies-signifiquen-daque-distinta-al-restu-del-mundu\/\">Les siete palabres que n\u2019Asturies signifiquen daqu\u00e9 distinta al restu del mundu<\/a>\u00a0<span class=\"post-date\">31\/12\/2021<\/span><\/li>\n<li><a href=\"https:\/\/edublog.educastur.es\/ixuxu\/2021\/12\/bayurosu-anu-nuevu\/\">Bayurosu a\u00f1u nuevu<\/a>\u00a0<span class=\"post-date\">31\/12\/2021<\/span><\/li>\n<li><a href=\"https:\/\/edublog.educastur.es\/ixuxu\/2021\/12\/12372\/\">(sin t\u00edtulo)<\/a>\u00a0<span class=\"post-date\">31\/12\/2021<\/span><\/li>\n<li><a href=\"https:\/\/edublog.educastur.es\/ixuxu\/2021\/12\/esta-singular-abeya-australiana-que-se-creia-estinta-fai-100-anos-remanecio\/\">Esta singular abeya australiana que se cre\u00eda estinta fai 100 a\u00f1os, remaneci\u00f3<\/a>\u00a0<span class=\"post-date\">31\/12\/2021<\/span><\/li>\n<li><a href=\"https:\/\/edublog.educastur.es\/ixuxu\/2021\/12\/la-risa-tampoco-ye-una-capacida-esclusiva-del-ser-humanu\/\">La risa tampoco ye una capacid\u00e1 esclusiva del ser humanu.<\/a>\u00a0<span class=\"post-date\">31\/12\/2021<\/span><\/li>\n<li><a href=\"https:\/\/edublog.educastur.es\/ixuxu\/2021\/12\/exemplu-de-manu-de-nochevieya\/\">Exemplu de Men\u00fa de NuecheVieya<\/a>\u00a0<span class=\"post-date\">31\/12\/2021<\/span><\/li>\n<li><a href=\"https:\/\/edublog.educastur.es\/ixuxu\/2021\/12\/mensaxe-de-fin-danu-del-presidente-del-principau\/\">Mensaxe de Fin d\u2019A\u00f1u del Presidente del Princip\u00e1u<\/a>\u00a0<span class=\"post-date\">31\/12\/2021<\/span><\/li>\n<li><a href=\"https:\/\/edublog.educastur.es\/ixuxu\/2021\/12\/felicitacion-de-navida\/\">Felicitaci\u00f3n de Navid\u00e1<\/a>\u00a0<span class=\"post-date\">31\/12\/2021<\/span><\/li>\n<li><a href=\"https:\/\/edublog.educastur.es\/ixuxu\/2021\/12\/estau-del-tiempu-vienres-31-davientu-2021\/\">Est\u00e1u del tiempu: Vienres 31 d\u2019avientu<\/a>\u00a0<span class=\"post-date\">31\/12\/2021<\/span><\/li>\n<li><a href=\"https:\/\/edublog.educastur.es\/ixuxu\/2021\/12\/les-meyores-semeyes-danimales-de-2021-de-national-geographic\/\">Les meyores semeyes d\u2019animales de 2021 de National Geographic<\/a>\u00a0<span class=\"post-date\">30\/12\/2021<\/span><\/li>\n<li><a href=\"https:\/\/edublog.educastur.es\/ixuxu\/2021\/12\/pallabra-del-anu-vacuna\/\">Pallabra del a\u00f1u: \u00abVacuna\u00bb<\/a>\u00a0<span class=\"post-date\">29\/12\/2021<\/span><\/li>\n<li><a href=\"https:\/\/edublog.educastur.es\/ixuxu\/2021\/12\/12258\/\">(sin t\u00edtulo)<\/a>\u00a0<span class=\"post-date\">29\/12\/2021<\/span><\/li>\n<li><a href=\"https:\/\/edublog.educastur.es\/ixuxu\/2021\/12\/12324\/\">(sin t\u00edtulo)<\/a>\u00a0<span class=\"post-date\">29\/12\/2021<\/span><\/li>\n<li><a href=\"https:\/\/edublog.educastur.es\/ixuxu\/2021\/12\/12309\/\">Asina ye como lluz un pioyu<\/a>\u00a0<span class=\"post-date\">29\/12\/2021<\/span><\/li>\n<li><a href=\"https:\/\/edublog.educastur.es\/ixuxu\/2021\/12\/12305\/\">Topen el f\u00f3sil d\u2019un embri\u00f3n de dinosauriu cercanu a la eclosi\u00f3n<\/a>\u00a0<span class=\"post-date\">29\/12\/2021<\/span><\/li>\n<li><a href=\"https:\/\/edublog.educastur.es\/ixuxu\/2021\/12\/12299\/\">El predador natural del pexe mosquitu, consider\u00e1u una de les especies invasores m\u00e1s nocives del mundu.<\/a>\u00a0<span class=\"post-date\">29\/12\/2021<\/span><\/li>\n<li><a href=\"https:\/\/edublog.educastur.es\/ixuxu\/2021\/12\/12287\/\">(sin t\u00edtulo)<\/a>\u00a0<span class=\"post-date\">29\/12\/2021<\/span><\/li>\n<li><a href=\"https:\/\/edublog.educastur.es\/ixuxu\/2021\/12\/les-meyores-fotografies-de-naturaleza-de-2021-segun-la-revista-nature\/\">Les meyores fotograf\u00edes de naturaleza de 2021 seg\u00fan la revista Nature<\/a>\u00a0<span class=\"post-date\">29\/12\/2021<\/span><\/li>\n<li><a href=\"https:\/\/edublog.educastur.es\/ixuxu\/2021\/12\/nadaliegos-4x02-berto-pena-y-los-aguilandos\/\">Nadaliegos | 4\u00d702 | Berto Pe\u00f1a y los aguilandos<\/a>\u00a0<span class=\"post-date\">29\/12\/2021<\/span><\/li>\n<li><a href=\"https:\/\/edublog.educastur.es\/ixuxu\/2021\/12\/12277\/\">Elefante mar\u00edn del sur, Ant\u00e1rtida<\/a>\u00a0<span class=\"post-date\">28\/12\/2021<\/span><\/li>\n<li><a href=\"https:\/\/edublog.educastur.es\/ixuxu\/2021\/12\/tanxugueiras-favorites-de-los-eurofans-espanoles-como-ganadores-del-benidorm-fest\/\">Tanxugueiras, favorites de los eurofans espa\u00f1oles como ganadores del Benidorm Fest<\/a>\u00a0<span class=\"post-date\">28\/12\/2021<\/span><\/li>\n<li><a href=\"https:\/\/edublog.educastur.es\/ixuxu\/2021\/12\/protexite-y-protexe-a-los-demas-practica-les-6m\/\">Prot\u00e9xite y protexe a los dem\u00e1s: practica les 6M<\/a>\u00a0<span class=\"post-date\">28\/12\/2021<\/span><\/li>\n<li><a href=\"https:\/\/edublog.educastur.es\/ixuxu\/2021\/12\/12256\/\">(sin t\u00edtulo)<\/a>\u00a0<span class=\"post-date\">28\/12\/2021<\/span><\/li>\n<li><a href=\"https:\/\/edublog.educastur.es\/ixuxu\/2021\/12\/calendario-2020-muyeres-esenciales\/\">Calendariu: \u00abMuyeres esenciales\u00bb<\/a>\u00a0<span class=\"post-date\">28\/12\/2021<\/span><\/li>\n<li><a href=\"https:\/\/edublog.educastur.es\/ixuxu\/2021\/12\/asina-yel-turron-jungly-ensin-azucre-de-nestle\/\">Asina ye\u2019l turr\u00f3n Jungly ensin azucre de Nestl\u00e9<\/a>\u00a0<span class=\"post-date\">28\/12\/2021<\/span><\/li>\n<li><a href=\"https:\/\/edublog.educastur.es\/ixuxu\/2021\/12\/11872\/\">(sin t\u00edtulo)<\/a>\u00a0<span class=\"post-date\">28\/12\/2021<\/span><\/li>\n<li><a href=\"https:\/\/edublog.educastur.es\/ixuxu\/2021\/12\/reportaxe-sobre-el-gurria-en-beleno\/\">reportaxe sobre \u00abEl Gurria\u00bb en Bele\u00f1o<\/a>\u00a0<span class=\"post-date\">28\/12\/2021<\/span><\/li>\n<li><a href=\"https:\/\/edublog.educastur.es\/ixuxu\/2021\/12\/villancicu-nueche-davientu\/\">Villancicu: \u00abNueche d\u2019Avientu\u00bb<\/a>\u00a0<span class=\"post-date\">27\/12\/2021<\/span><\/li>\n<li><a href=\"https:\/\/edublog.educastur.es\/ixuxu\/2021\/12\/lluna-y-marte-besaranse-la-ultima-nueche-del-anu-nun-increible-fenomenu-astronomicu\/\">Lluna y Marte besaranse la \u00faltima nueche del a\u00f1u nun incre\u00edble fen\u00f3menu astron\u00f3micu<\/a>\u00a0<span class=\"post-date\">27\/12\/2021<\/span><\/li>\n<li><a href=\"https:\/\/edublog.educastur.es\/ixuxu\/2021\/12\/12249\/\">(sin t\u00edtulo)<\/a>\u00a0<span class=\"post-date\">27\/12\/2021<\/span><\/li>\n<li><a href=\"https:\/\/edublog.educastur.es\/ixuxu\/2021\/12\/el-cestu-que-se-fixo-templu-los-horros-almacenes-de-la-identida-asturiana\/\">El cestu que se fixo templu: los horros, almacenes de la identid\u00e1 asturiana<\/a>\u00a0<span class=\"post-date\">27\/12\/2021<\/span><\/li>\n<li><a href=\"https:\/\/edublog.educastur.es\/ixuxu\/2021\/12\/11870\/\">(sin t\u00edtulo)<\/a>\u00a0<span class=\"post-date\">27\/12\/2021<\/span><\/li>\n<li><a href=\"https:\/\/edublog.educastur.es\/ixuxu\/2021\/12\/pinubina-2417-metros\/\">Pinubina (2417 metros)<\/a>\u00a0<span class=\"post-date\">27\/12\/2021<\/span><\/li>\n<li><a href=\"https:\/\/edublog.educastur.es\/ixuxu\/2021\/12\/12226\/\">(sin t\u00edtulo)<\/a>\u00a0<span class=\"post-date\">26\/12\/2021<\/span><\/li>\n<li><a href=\"https:\/\/edublog.educastur.es\/ixuxu\/2021\/12\/protesis-en-3d-pa-la-mano-de-marta\/\">Pr\u00f3tesis en 3D pa la mano de Marta<\/a>\u00a0<span class=\"post-date\">25\/12\/2021<\/span><\/li>\n<li><a href=\"https:\/\/edublog.educastur.es\/ixuxu\/2021\/12\/languleru-esi-personaxe-que-vive-na-mar-de-los-sargazos\/\">L\u2019Anguleru, esi personaxe que vive na Mar de los Sargazos<\/a>\u00a0<span class=\"post-date\">25\/12\/2021<\/span><\/li>\n<li><a href=\"https:\/\/edublog.educastur.es\/ixuxu\/2021\/12\/el-miruegano-navida-del-anu-2000\/\">\u00abEl miru\u00e9gano\u00bb Navid\u00e1 del a\u00f1u 2000<\/a>\u00a0<span class=\"post-date\">24\/12\/2021<\/span><\/li>\n<li><a href=\"https:\/\/edublog.educastur.es\/ixuxu\/2021\/12\/12200\/\">(sin t\u00edtulo)<\/a>\u00a0<span class=\"post-date\">24\/12\/2021<\/span><\/li>\n<li><a href=\"https:\/\/edublog.educastur.es\/ixuxu\/2021\/12\/felicitacion-de-lalla-con-un-mensaxe-doptimismu\/\">Felicitaci\u00f3n de L\u2019ALLA con un mensaxe d\u2019optimismu<\/a>\u00a0<span class=\"post-date\">24\/12\/2021<\/span><\/li>\n<li><a href=\"https:\/\/edublog.educastur.es\/ixuxu\/2021\/12\/bon-descansu-y-toca-esfrutar-de-la-familia-lo-mas-importante-pa-nos\/\">Bon descansu y toca esfrutar de la familia, lo m\u00e1s importante pa n\u00f3s!<\/a>\u00a0<span class=\"post-date\">24\/12\/2021<\/span><\/li>\n<li><a href=\"https:\/\/edublog.educastur.es\/ixuxu\/2021\/12\/12177\/\">Est\u00e1u del tiempu: Vienres 24 d\u2019Avientu<\/a>\u00a0<span class=\"post-date\">24\/12\/2021<\/span><\/li>\n<li><a href=\"https:\/\/edublog.educastur.es\/ixuxu\/2021\/12\/11718\/\">(sin t\u00edtulo)<\/a>\u00a0<span class=\"post-date\">24\/12\/2021<\/span><\/li>\n<li><a href=\"https:\/\/edublog.educastur.es\/ixuxu\/2021\/12\/acuariu-de-xixon-pase-anal-b-promocion-2022\/\">Acuariu de Xix\u00f3n: Pase A\u00f1al B! Promoci\u00f3n 2022<\/a>\u00a0<span class=\"post-date\">23\/12\/2021<\/span><\/li>\n<li><a href=\"https:\/\/edublog.educastur.es\/ixuxu\/2021\/12\/homenaxe-a-una-maestra-maite-fernandez\/\">Homenaxe a una maestra: Maite Fern\u00e1ndez<\/a>\u00a0<span class=\"post-date\">23\/12\/2021<\/span><\/li>\n<li><a href=\"https:\/\/edublog.educastur.es\/ixuxu\/2021\/12\/el-legau-de-grandes-muyeres-docentes\/\">El leg\u00e1u d\u2019una gran maestra<\/a>\u00a0<span class=\"post-date\">23\/12\/2021<\/span><\/li>\n<li><a href=\"https:\/\/edublog.educastur.es\/ixuxu\/2021\/12\/12192\/\">\u00abMaite dexa\u2019l llist\u00f3n bien alto, enforma trabayu y un cole que solo ye rodalo\u00bb<\/a>\u00a0<span class=\"post-date\">23\/12\/2021<\/span><\/li>\n<li><a href=\"https:\/\/edublog.educastur.es\/ixuxu\/2021\/12\/los-nenos-aprienden-porque-sentusiasmen-y-nun-estremen-ente-xugar-y-aprender\/\">\u201cLos ne\u00f1os aprienden porque s\u2019entusiasmen, y nun estremen ente xugar y aprender\u201d<\/a>\u00a0<span class=\"post-date\">22\/12\/2021<\/span><\/li>\n<li><a href=\"https:\/\/edublog.educastur.es\/ixuxu\/2021\/12\/poema-lloteria\/\">Poema: \u00abLloter\u00eda\u00bb<\/a>\u00a0<span class=\"post-date\">22\/12\/2021<\/span><\/li>\n<li><a href=\"https:\/\/edublog.educastur.es\/ixuxu\/2021\/12\/liviernu-nun-lu-comel-llobu\/\">\u00abL\u2019iviernu nun lu come\u2019l llobu\u00bb.<\/a>\u00a0<span class=\"post-date\">21\/12\/2021<\/span><\/li>\n<li><a href=\"https:\/\/edublog.educastur.es\/ixuxu\/2021\/12\/12205\/\">Solsticiu d\u2019iviernu 2021: la nueche m\u00e1s llarga llega al hemisferiu norte<\/a>\u00a0<span class=\"post-date\">21\/12\/2021<\/span><\/li>\n<li><a href=\"https:\/\/edublog.educastur.es\/ixuxu\/2021\/12\/ya-ta-equi-liviernu\/\">Y\u00e1 ta equ\u00ed l\u2019iviernu<\/a>\u00a0<span class=\"post-date\">21\/12\/2021<\/span><\/li>\n<li><a href=\"https:\/\/edublog.educastur.es\/ixuxu\/2021\/12\/12161\/\">(sin t\u00edtulo)<\/a>\u00a0<span class=\"post-date\">18\/12\/2021<\/span><\/li>\n<li><a href=\"https:\/\/edublog.educastur.es\/ixuxu\/2021\/12\/11906\/\">(sin t\u00edtulo)<\/a>\u00a0<span class=\"post-date\">18\/12\/2021<\/span><\/li>\n<li><a href=\"https:\/\/edublog.educastur.es\/ixuxu\/2021\/12\/12129\/\">Con enorme tristeza\/murnia despid\u00edmonos d\u2019Adela Turin<\/a>\u00a0<span class=\"post-date\">18\/12\/2021<\/span><\/li>\n<li><a href=\"https:\/\/edublog.educastur.es\/ixuxu\/2021\/12\/11941\/\">(sin t\u00edtulo)<\/a>\u00a0<span class=\"post-date\">18\/12\/2021<\/span><\/li>\n<li><a href=\"https:\/\/edublog.educastur.es\/ixuxu\/2021\/12\/12117\/\">Pantone inventa un nuevu color para\u2019l 2022: Very Peri<\/a>\u00a0<span class=\"post-date\">18\/12\/2021<\/span><\/li>\n<li><a href=\"https:\/\/edublog.educastur.es\/ixuxu\/2021\/12\/11827\/\">(sin t\u00edtulo)<\/a>\u00a0<span class=\"post-date\">18\/12\/2021<\/span><\/li>\n<li><a href=\"https:\/\/edublog.educastur.es\/ixuxu\/2021\/12\/la-desapaicion-de-les-mazcaraes-diviernu-nel-sieglu-pasau\/\">Esposici\u00f3n de mazcaraes d\u2019iviernu nel Mus\u00e9u \u00abPepe el Ferreriru\u00bb<\/a>\u00a0<span class=\"post-date\">18\/12\/2021<\/span><\/li>\n<li><a href=\"https:\/\/edublog.educastur.es\/ixuxu\/2021\/12\/11751\/\">(sin t\u00edtulo)<\/a>\u00a0<span class=\"post-date\">18\/12\/2021<\/span><\/li>\n<li><a href=\"https:\/\/edublog.educastur.es\/ixuxu\/2021\/12\/12085\/\">Arte en movimientu de Sadeck Waff, de lo meyor de 2021<\/a>\u00a0<span class=\"post-date\">17\/12\/2021<\/span><\/li>\n<li><a href=\"https:\/\/edublog.educastur.es\/ixuxu\/2021\/12\/12075\/\">Esta Navid\u00e1, pon Asturies na to mesa\u2026<\/a>\u00a0<span class=\"post-date\">17\/12\/2021<\/span><\/li>\n<li><a href=\"https:\/\/edublog.educastur.es\/ixuxu\/2021\/12\/empiecen-les-degustaciones-dasturies-sidra-brut\/\">Empiecen les degustaciones d\u2019Asturies Sidra Brut<\/a>\u00a0<span class=\"post-date\">17\/12\/2021<\/span><\/li>\n<li><a href=\"https:\/\/edublog.educastur.es\/ixuxu\/2021\/12\/11931\/\">(sin t\u00edtulo)<\/a>\u00a0<span class=\"post-date\">17\/12\/2021<\/span><\/li>\n<li><a href=\"https:\/\/edublog.educastur.es\/ixuxu\/2021\/12\/lluvia-destrelles-ursidas-2021-como-ver-la-ultima-lluvia-del-anu\/\">Lluvia d\u2019estrelles \u00darsidas 2021: c\u00f3mo ver la \u00faltima lluvia del a\u00f1u<\/a>\u00a0<span class=\"post-date\">17\/12\/2021<\/span><\/li>\n<li><a href=\"https:\/\/edublog.educastur.es\/ixuxu\/2021\/12\/los-mazcaritos-duvieu-en-direuto-en-la-llegra\/\">\u201cMazcaritos d\u2019Uvi\u00e9u\u201d recupera l\u2019antroxu tradicional nel conceyu d\u2019Uvi\u00e9u<\/a>\u00a0<span class=\"post-date\">16\/12\/2021<\/span><\/li>\n<li><a href=\"https:\/\/edublog.educastur.es\/ixuxu\/2021\/12\/12052\/\">Primer convocatoria de Les Xornaes de Traducci\u00f3n Asturiana.<\/a>\u00a0<span class=\"post-date\">16\/12\/2021<\/span><\/li>\n<li><a href=\"https:\/\/edublog.educastur.es\/ixuxu\/2021\/12\/11715\/\">(sin t\u00edtulo)<\/a>\u00a0<span class=\"post-date\">16\/12\/2021<\/span><\/li>\n<li><a href=\"https:\/\/edublog.educastur.es\/ixuxu\/2021\/12\/pallabre-nueves-nel-diccionariu-de-la-rae\/\">Pallabres nueves nel diccionariu RAE: \u00abcachopu\u00bb<\/a>\u00a0<span class=\"post-date\">16\/12\/2021<\/span><\/li>\n<li><a href=\"https:\/\/edublog.educastur.es\/ixuxu\/2021\/12\/12012\/\">(sin t\u00edtulo)<\/a>\u00a0<span class=\"post-date\">16\/12\/2021<\/span><\/li>\n<li><a href=\"https:\/\/edublog.educastur.es\/ixuxu\/2021\/12\/12010\/\">(sin t\u00edtulo)<\/a>\u00a0<span class=\"post-date\">15\/12\/2021<\/span><\/li>\n<li><a href=\"https:\/\/edublog.educastur.es\/ixuxu\/2021\/12\/iv-concursu-de-fotografia-escenes-dasturies\/\">IV Concursu de fotograf\u00eda \u00abEscenes d\u2019Asturies\u00bb<\/a>\u00a0<span class=\"post-date\">14\/12\/2021<\/span><\/li>\n<li><a href=\"https:\/\/edublog.educastur.es\/ixuxu\/2021\/12\/11713\/\">(sin t\u00edtulo)<\/a>\u00a0<span class=\"post-date\">14\/12\/2021<\/span><\/li>\n<li><a href=\"https:\/\/edublog.educastur.es\/ixuxu\/2021\/12\/les-zones-verdes-son-bones-para-la-salu\/\">Les zones verdes son bones para la sal\u00fa<\/a>\u00a0<span class=\"post-date\">14\/12\/2021<\/span><\/li>\n<li><a href=\"https:\/\/edublog.educastur.es\/ixuxu\/2021\/12\/11913\/\">(sin t\u00edtulo)<\/a>\u00a0<span class=\"post-date\">14\/12\/2021<\/span><\/li>\n<li><a href=\"https:\/\/edublog.educastur.es\/ixuxu\/2021\/12\/videomapping-uvieu-maxica-navida\/\">Videomapping \u201cUvi\u00e9u M\u00e1xica Navid\u00e1\u201d<\/a>\u00a0<span class=\"post-date\">14\/12\/2021<\/span><\/li>\n<li><a href=\"https:\/\/edublog.educastur.es\/ixuxu\/2021\/12\/11705\/\">(sin t\u00edtulo)<\/a>\u00a0<span class=\"post-date\">14\/12\/2021<\/span><\/li>\n<li><a href=\"https:\/\/edublog.educastur.es\/ixuxu\/2021\/12\/12026\/\">(sin t\u00edtulo)<\/a>\u00a0<span class=\"post-date\">14\/12\/2021<\/span><\/li>\n<li><a href=\"https:\/\/edublog.educastur.es\/ixuxu\/2021\/12\/12007\/\">(sin t\u00edtulo)<\/a>\u00a0<span class=\"post-date\">14\/12\/2021<\/span><\/li>\n<li><a href=\"https:\/\/edublog.educastur.es\/ixuxu\/2021\/12\/a-la-venta-el-llibru-de-lablanera\/\">A la venta el llibru de L\u2019Ablanera<\/a>\u00a0<span class=\"post-date\">13\/12\/2021<\/span><\/li>\n<li><a href=\"https:\/\/edublog.educastur.es\/ixuxu\/2021\/12\/11968\/\">(sin t\u00edtulo)<\/a>\u00a0<span class=\"post-date\">13\/12\/2021<\/span><\/li>\n<li><a href=\"https:\/\/edublog.educastur.es\/ixuxu\/2021\/12\/11915\/\">(sin t\u00edtulo)<\/a>\u00a0<span class=\"post-date\">13\/12\/2021<\/span><\/li>\n<li><a href=\"https:\/\/edublog.educastur.es\/ixuxu\/2021\/12\/12024\/\">(sin t\u00edtulo)<\/a>\u00a0<span class=\"post-date\">13\/12\/2021<\/span><\/li>\n<li><a href=\"https:\/\/edublog.educastur.es\/ixuxu\/2021\/12\/11994\/\">(sin t\u00edtulo)<\/a>\u00a0<span class=\"post-date\">12\/12\/2021<\/span><\/li>\n<li><a href=\"https:\/\/edublog.educastur.es\/ixuxu\/2021\/12\/les-imaxenes-mas-guapes-del-planeta-tierra\/\">Les im\u00e1xenes m\u00e1s guapes del Planeta Tierra<\/a>\u00a0<span class=\"post-date\">12\/12\/2021<\/span><\/li>\n<li><a href=\"https:\/\/edublog.educastur.es\/ixuxu\/2021\/12\/11982\/\">(sin t\u00edtulo)<\/a>\u00a0<span class=\"post-date\">12\/12\/2021<\/span><\/li>\n<li><a href=\"https:\/\/edublog.educastur.es\/ixuxu\/2021\/12\/huca-nacimientu-perguapo-con-materiales-medicos-reciclaos\/\">HUCA: Nacimientu perguapo con materiales m\u00e9dicos reciclaos<\/a>\u00a0<span class=\"post-date\">12\/12\/2021<\/span><\/li>\n<li><a href=\"https:\/\/edublog.educastur.es\/ixuxu\/2021\/12\/11970\/\">El mi\u00e9rcoles empecipia la vacunaci\u00f3n de la poblaci\u00f3n pedi\u00e1trica frente al Covid<\/a>\u00a0<span class=\"post-date\">12\/12\/2021<\/span><\/li>\n<li><a href=\"https:\/\/edublog.educastur.es\/ixuxu\/2021\/12\/dia-mundial-del-llince-ibericu\/\">D\u00eda Mundial del Llince Ib\u00e9ricu<\/a>\u00a0<span class=\"post-date\">12\/12\/2021<\/span><\/li>\n<li><a href=\"https:\/\/edublog.educastur.es\/ixuxu\/2021\/12\/11674\/\">(sin t\u00edtulo)<\/a>\u00a0<span class=\"post-date\">12\/12\/2021<\/span><\/li>\n<li><a href=\"https:\/\/edublog.educastur.es\/ixuxu\/2021\/12\/11979\/\">La selmana viniente va carauterizase pola estabilid\u00e1 atmosf\u00e9rica<\/a>\u00a0<span class=\"post-date\">12\/12\/2021<\/span><\/li>\n<li><a href=\"https:\/\/edublog.educastur.es\/ixuxu\/2021\/12\/en-xapon-los-arrozales-y-el-trigu-tresformen-cada-anu-nobres-darte\/\">En Xap\u00f3n, los arrozales y el trigu tresformen cada a\u00f1u n\u2019obres d\u2019arte<\/a>\u00a0<span class=\"post-date\">11\/12\/2021<\/span><\/li>\n<li><a href=\"https:\/\/edublog.educastur.es\/ixuxu\/2021\/12\/nun-importa-como-pero-llee-lleer-ye-tou-un-privilexu\/\">Nun importa c\u00f3mo pero llee. Lleer ye tou un privilexu<\/a>\u00a0<span class=\"post-date\">11\/12\/2021<\/span><\/li>\n<li><a href=\"https:\/\/edublog.educastur.es\/ixuxu\/2021\/12\/11925\/\">Asina suena\u2019l xil\u00f3fonu xigante nun monte de Xap\u00f3n<\/a>\u00a0<span class=\"post-date\">11\/12\/2021<\/span><\/li>\n<li><a href=\"https:\/\/edublog.educastur.es\/ixuxu\/2021\/12\/11908\/\">La felicid\u00e1\u2026<\/a>\u00a0<span class=\"post-date\">11\/12\/2021<\/span><\/li>\n<li><a href=\"https:\/\/edublog.educastur.es\/ixuxu\/2021\/12\/11834\/\">(sin t\u00edtulo)<\/a>\u00a0<span class=\"post-date\">11\/12\/2021<\/span><\/li>\n<li><a href=\"https:\/\/edublog.educastur.es\/ixuxu\/2021\/12\/11936\/\">Autores nel Cam\u00edn: Rodrigo Cuevas<\/a>\u00a0<span class=\"post-date\">11\/12\/2021<\/span><\/li>\n<li><a href=\"https:\/\/edublog.educastur.es\/ixuxu\/2021\/12\/once-datos-interesantes-de-la-lluna\/\">Once datos interesantes de la lluna<\/a>\u00a0<span class=\"post-date\">11\/12\/2021<\/span><\/li>\n<li><a href=\"https:\/\/edublog.educastur.es\/ixuxu\/2021\/12\/donde-vien-la-tradicion-de-quemar-larfueyul-13-davientu\/\">D\u2019\u00f3nde vien la tradici\u00f3n de quemar l\u2019arfueyu\u2019l 13 d\u2019avientu<\/a>\u00a0<span class=\"post-date\">11\/12\/2021<\/span><\/li>\n<li><a href=\"https:\/\/edublog.educastur.es\/ixuxu\/2021\/12\/dia-internacional-de-los-montes\/\">D\u00eda Internacional de los Montes<\/a>\u00a0<span class=\"post-date\">11\/12\/2021<\/span><\/li>\n<li><a href=\"https:\/\/edublog.educastur.es\/ixuxu\/2021\/12\/11681\/\">(sin t\u00edtulo)<\/a>\u00a0<span class=\"post-date\">11\/12\/2021<\/span><\/li>\n<li><a href=\"https:\/\/edublog.educastur.es\/ixuxu\/2021\/12\/11996\/\">(sin t\u00edtulo)<\/a>\u00a0<span class=\"post-date\">11\/12\/2021<\/span><\/li>\n<li><a href=\"https:\/\/edublog.educastur.es\/ixuxu\/2021\/12\/11984\/\">(sin t\u00edtulo)<\/a>\u00a0<span class=\"post-date\">11\/12\/2021<\/span><\/li>\n<li><a href=\"https:\/\/edublog.educastur.es\/ixuxu\/2021\/12\/11853\/\">(sin t\u00edtulo)<\/a>\u00a0<span class=\"post-date\">10\/12\/2021<\/span><\/li>\n<li><a href=\"https:\/\/edublog.educastur.es\/ixuxu\/2021\/12\/quedanos-bien-pocu-tiempu\/\">Qu\u00e9danos bien pocu tiempu\u2026<\/a>\u00a0<span class=\"post-date\">10\/12\/2021<\/span><\/li>\n<li><a href=\"https:\/\/edublog.educastur.es\/ixuxu\/2021\/12\/fuelga-de-xuguetes-la-nueva-campana-contra-la-publicida-sexista-dirixida-a-la-infancia\/\">\u00abFuelga de xuguetes\u00bb: la nueva campa\u00f1a contra la publicid\u00e1 sexista dirixida a la infancia<\/a>\u00a0<span class=\"post-date\">10\/12\/2021<\/span><\/li>\n<li><a href=\"https:\/\/edublog.educastur.es\/ixuxu\/2021\/12\/les-25-meyores-imaxes-daurores-boreales-y-australes-del-anu-2021\/\">Les 25 meyores imaxes d\u2019Aurores Boreales y Australes del a\u00f1u 2021<\/a>\u00a0<span class=\"post-date\">10\/12\/2021<\/span><\/li>\n<li><a href=\"https:\/\/edublog.educastur.es\/ixuxu\/2021\/12\/11807\/\">(sin t\u00edtulo)<\/a>\u00a0<span class=\"post-date\">10\/12\/2021<\/span><\/li>\n<li><a href=\"https:\/\/edublog.educastur.es\/ixuxu\/2021\/12\/11845\/\">Declaraci\u00f3n Universal de los Derechos Humanos<\/a>\u00a0<span class=\"post-date\">10\/12\/2021<\/span><\/li>\n<li><a href=\"https:\/\/edublog.educastur.es\/ixuxu\/2021\/12\/peli-encanto-cargada-de-valores-feministes-y-de-personaxes-que-sabracen\/\">Peli: \u00abEncanto\u00bb, cargada de valores feministes y de personaxes que s\u2019abracen.<\/a>\u00a0<span class=\"post-date\">09\/12\/2021<\/span><\/li>\n<li><a href=\"https:\/\/edublog.educastur.es\/ixuxu\/2021\/12\/manu-nueche-vieya-2021\/\">Man\u00fa Nueche Vieya 2021<\/a>\u00a0<span class=\"post-date\">09\/12\/2021<\/span><\/li>\n<li><a href=\"https:\/\/edublog.educastur.es\/ixuxu\/2021\/12\/11805\/\">(sin t\u00edtulo)<\/a>\u00a0<span class=\"post-date\">09\/12\/2021<\/span><\/li>\n<li><a href=\"https:\/\/edublog.educastur.es\/ixuxu\/2021\/12\/cuando-te-llamen\/\">Cuando te llamen\u2026<\/a>\u00a0<span class=\"post-date\">09\/12\/2021<\/span><\/li>\n<li><a href=\"https:\/\/edublog.educastur.es\/ixuxu\/2021\/12\/desenvulvese-con-esitu-la-esbilla-del-museu-etnograficu-del-oriente-dasturies\/\">Desenv\u00falvese con \u00e9situ la esbilla del Mus\u00e9u Etnogr\u00e1ficu del Oriente d\u2019Asturies<\/a>\u00a0<span class=\"post-date\">09\/12\/2021<\/span><\/li>\n<li><a href=\"https:\/\/edublog.educastur.es\/ixuxu\/2021\/12\/11761\/\">(sin t\u00edtulo)<\/a>\u00a0<span class=\"post-date\">09\/12\/2021<\/span><\/li>\n<li><a href=\"https:\/\/edublog.educastur.es\/ixuxu\/2021\/12\/bienestar-animal-controlau-tenral-asturiana\/\">Bienestar animal control\u00e1u Tenral Asturiana<\/a>\u00a0<span class=\"post-date\">09\/12\/2021<\/span><\/li>\n<li><a href=\"https:\/\/edublog.educastur.es\/ixuxu\/2021\/12\/11830\/\">(sin t\u00edtulo)<\/a>\u00a0<span class=\"post-date\">09\/12\/2021<\/span><\/li>\n<li><a href=\"https:\/\/edublog.educastur.es\/ixuxu\/2021\/12\/esti-esbardu-guerfanu-ve-per-primer-vegada-la-nieve-y-la-so-allegria-ye-felizmente-contaxosa\/\">Esti esbardu g\u00fc\u00e9rfanu ve per primer vegada la nieve y la so allegr\u00eda ye felizmente contaxosa<\/a>\u00a0<span class=\"post-date\">08\/12\/2021<\/span><\/li>\n<li><a href=\"https:\/\/edublog.educastur.es\/ixuxu\/2021\/12\/conozme-poles-mios-habilidaes-non-poles-mios-discapacidaes\/\">\u00abConozme poles mios habilid\u00e1es, non poles mios discapacid\u00e1es.\u00bb<\/a>\u00a0<span class=\"post-date\">08\/12\/2021<\/span><\/li>\n<li><a href=\"https:\/\/edublog.educastur.es\/ixuxu\/2021\/12\/11803\/\">(sin t\u00edtulo)<\/a>\u00a0<span class=\"post-date\">08\/12\/2021<\/span><\/li>\n<li><a href=\"https:\/\/edublog.educastur.es\/ixuxu\/2021\/12\/11787\/\">Poema d\u2019Ana Vanessa Guti\u00e9rrez<\/a>\u00a0<span class=\"post-date\">08\/12\/2021<\/span><\/li>\n<li><a href=\"https:\/\/edublog.educastur.es\/ixuxu\/2021\/12\/un-avientu-con-munchu-cuentu\/\">Programa de cuentacuentos n\u2019asturianu nos colexos de Mieres<\/a>\u00a0<span class=\"post-date\">08\/12\/2021<\/span><\/li>\n<li><a href=\"https:\/\/edublog.educastur.es\/ixuxu\/2021\/12\/estau-del-tiempu-miercoles-8-davientu\/\">Est\u00e1u del tiempu: Mi\u00e9rcoles 8 d\u2019avientu<\/a>\u00a0<span class=\"post-date\">08\/12\/2021<\/span><\/li>\n<li><a href=\"https:\/\/edublog.educastur.es\/ixuxu\/2021\/12\/preciosa-semeya-duna-amasuela\/\">Escondite nuna amasuela<\/a>\u00a0<span class=\"post-date\">08\/12\/2021<\/span><\/li>\n<li><a href=\"https:\/\/edublog.educastur.es\/ixuxu\/2021\/12\/11797\/\">(sin t\u00edtulo)<\/a>\u00a0<span class=\"post-date\">08\/12\/2021<\/span><\/li>\n<li><a href=\"https:\/\/edublog.educastur.es\/ixuxu\/2021\/12\/presentacion-charlie-y-la-fabrica-de-chocolate-nasturianu\/\">Presentaci\u00f3n: \u00abCharlie y la f\u00e1brica de chocolate\u00bb n\u2019asturianu<\/a>\u00a0<span class=\"post-date\">07\/12\/2021<\/span><\/li>\n<li><a href=\"https:\/\/edublog.educastur.es\/ixuxu\/2021\/12\/copos-de-neve\/\">Copos de \u00f1eve<\/a>\u00a0<span class=\"post-date\">07\/12\/2021<\/span><\/li>\n<li><a href=\"https:\/\/edublog.educastur.es\/ixuxu\/2021\/12\/como-se-conxela-una-burbuya-dagua-con-xabon\/\">Como se conxela una burbuya d\u2019agua<\/a>\u00a0<span class=\"post-date\">07\/12\/2021<\/span><\/li>\n<li><a href=\"https:\/\/edublog.educastur.es\/ixuxu\/2021\/12\/respirar-vs-alendar\/\">Respirar y alendar conscientemente\u2026<\/a>\u00a0<span class=\"post-date\">07\/12\/2021<\/span><\/li>\n<li><a href=\"https:\/\/edublog.educastur.es\/ixuxu\/2021\/12\/por-que-ye-de-color-rosa-esta-mantarraya\/\">\u00bfPor qu\u00e9 ye de color rosa esta mantarraya?<\/a>\u00a0<span class=\"post-date\">07\/12\/2021<\/span><\/li>\n<li><a href=\"https:\/\/edublog.educastur.es\/ixuxu\/2021\/12\/11672\/\">(sin t\u00edtulo)<\/a>\u00a0<span class=\"post-date\">07\/12\/2021<\/span><\/li>\n<li><a href=\"https:\/\/edublog.educastur.es\/ixuxu\/2021\/12\/11653\/\">Les flores tami\u00e9n comun\u00edquense coles abeyes\u2026<\/a>\u00a0<span class=\"post-date\">07\/12\/2021<\/span><\/li>\n<li><a href=\"https:\/\/edublog.educastur.es\/ixuxu\/2021\/12\/la-lluna-va-alliniase-con-xupiter-venus-y-saturno-nestos-dies\/\">La Lluna va alliniase con X\u00fapiter, Venus y Saturno nestos d\u00edes<\/a>\u00a0<span class=\"post-date\">07\/12\/2021<\/span><\/li>\n<li><a href=\"https:\/\/edublog.educastur.es\/ixuxu\/2021\/12\/11656\/\">(sin t\u00edtulo)<\/a>\u00a0<span class=\"post-date\">07\/12\/2021<\/span><\/li>\n<li><a href=\"https:\/\/edublog.educastur.es\/ixuxu\/2021\/12\/porrua-y-el-ritual-desbillar-el-maiz\/\">Porr\u00faa y el ritual d\u2019esbillar el ma\u00edz<\/a>\u00a0<span class=\"post-date\">06\/12\/2021<\/span><\/li>\n<li><a href=\"https:\/\/edublog.educastur.es\/ixuxu\/2021\/12\/11592\/\">(sin t\u00edtulo)<\/a>\u00a0<span class=\"post-date\">05\/12\/2021<\/span><\/li>\n<li><a href=\"https:\/\/edublog.educastur.es\/ixuxu\/2021\/12\/esposicion-derechos-humanos-y-cooperacion-cada-vez-esenciales-nes-cais-de-xixon\/\">Esposici\u00f3n \u00abDerechos Humanos y Cooperaci\u00f3n, cada vez + esenciales\u00bb, nes cais de Xix\u00f3n<\/a>\u00a0<span class=\"post-date\">05\/12\/2021<\/span><\/li>\n<li><a href=\"https:\/\/edublog.educastur.es\/ixuxu\/2021\/12\/11720\/\">(sin t\u00edtulo)<\/a>\u00a0<span class=\"post-date\">05\/12\/2021<\/span><\/li>\n<li><a href=\"https:\/\/edublog.educastur.es\/ixuxu\/2021\/12\/11642\/\">(sin t\u00edtulo)<\/a>\u00a0<span class=\"post-date\">05\/12\/2021<\/span><\/li>\n<li><a href=\"https:\/\/edublog.educastur.es\/ixuxu\/2021\/12\/11820\/\">D\u00eda Internacional del Voluntari\u00e1u<\/a>\u00a0<span class=\"post-date\">05\/12\/2021<\/span><\/li>\n<li><a href=\"https:\/\/edublog.educastur.es\/ixuxu\/2021\/12\/11730\/\">(sin t\u00edtulo)<\/a>\u00a0<span class=\"post-date\">04\/12\/2021<\/span><\/li>\n<li><a href=\"https:\/\/edublog.educastur.es\/ixuxu\/2021\/12\/11574\/\">(sin t\u00edtulo)<\/a>\u00a0<span class=\"post-date\">04\/12\/2021<\/span><\/li>\n<li><a href=\"https:\/\/edublog.educastur.es\/ixuxu\/2021\/12\/11696\/\">Santa B\u00e1rbara, patrona de los mineros<\/a>\u00a0<span class=\"post-date\">04\/12\/2021<\/span><\/li>\n<li><a href=\"https:\/\/edublog.educastur.es\/ixuxu\/2021\/12\/campana-yes-movimientu\/\">Campa\u00f1a: \u00abYes movimientu\u00bb promocionar l\u2019activid\u00e1 f\u00edsica ente la poblaci\u00f3n infantil y mozo.<\/a>\u00a0<span class=\"post-date\">04\/12\/2021<\/span><\/li>\n<li><a href=\"https:\/\/edublog.educastur.es\/ixuxu\/2021\/12\/la-guapura-del-reinu-animal\/\">La guapura del reinu animal<\/a>\u00a0<span class=\"post-date\">04\/12\/2021<\/span><\/li>\n<li><a href=\"https:\/\/edublog.educastur.es\/ixuxu\/2021\/12\/felechosa-celebra-les-sos-tradicionales-xornaes-gastronomiques-de-la-matanza\/\">Felechosa celebra les sos tradicionales Xorn\u00e1es Gastron\u00f3miques de la Matanza<\/a>\u00a0<span class=\"post-date\">04\/12\/2021<\/span><\/li>\n<li><a href=\"https:\/\/edublog.educastur.es\/ixuxu\/2021\/12\/11649\/\">(sin t\u00edtulo)<\/a>\u00a0<span class=\"post-date\">03\/12\/2021<\/span><\/li>\n<li><a href=\"https:\/\/edublog.educastur.es\/ixuxu\/2021\/12\/el-llume-foi-inaugurada-guei-tres-davientu\/\">El llume foi inaugurada g\u00fcei, tr\u00e9s d\u2019avientu<\/a>\u00a0<span class=\"post-date\">03\/12\/2021<\/span><\/li>\n<li><a href=\"https:\/\/edublog.educastur.es\/ixuxu\/2021\/12\/norena-capital-mundial-de-los-callos\/\">Nore\u00f1a, capital mundial de los callos<\/a>\u00a0<span class=\"post-date\">02\/12\/2021<\/span><\/li>\n<li><a href=\"https:\/\/edublog.educastur.es\/ixuxu\/2021\/12\/documental-el-guirria-y-laguilandu-de-belenu\/\">Documental: \u00abEl guirria y l\u2019Aguilandu de Bele\u00f1u\u00bb<\/a>\u00a0<span class=\"post-date\">02\/12\/2021<\/span><\/li>\n<li><a href=\"https:\/\/edublog.educastur.es\/ixuxu\/2021\/12\/11569\/\">(sin t\u00edtulo)<\/a>\u00a0<span class=\"post-date\">02\/12\/2021<\/span><\/li>\n<li><a href=\"https:\/\/edublog.educastur.es\/ixuxu\/2021\/12\/11956\/\">(sin t\u00edtulo)<\/a>\u00a0<span class=\"post-date\">02\/12\/2021<\/span><\/li>\n<li><a href=\"https:\/\/edublog.educastur.es\/ixuxu\/2021\/12\/concursu-los-nabos-na-cocina\/\">IX Concursu Rexonal \u00abLos nabos na cocina\u00bb<\/a>\u00a0<span class=\"post-date\">02\/12\/2021<\/span><\/li>\n<li><a href=\"https:\/\/edublog.educastur.es\/ixuxu\/2021\/12\/no-17-revista-visxast\/\">N\u00ba 16 y 17 revista Viaxast (Ver Asturies)<\/a>\u00a0<span class=\"post-date\">01\/12\/2021<\/span><\/li>\n<li><a href=\"https:\/\/edublog.educastur.es\/ixuxu\/2021\/12\/11564\/\">(sin t\u00edtulo)<\/a>\u00a0<span class=\"post-date\">01\/12\/2021<\/span><\/li>\n<\/ul>\n","protected":false},"excerpt":{"rendered":"<p>Campanaes n\u2019Asturianu\u00a031\/12\/2021 Les siete palabres que n\u2019Asturies signifiquen daqu\u00e9 distinta al restu del mundu\u00a031\/12\/2021 Bayurosu a\u00f1u nuevu\u00a031\/12\/2021 (sin t\u00edtulo)\u00a031\/12\/2021 Esta singular abeya australiana que se cre\u00eda estinta fai 100 a\u00f1os, remaneci\u00f3\u00a031\/12\/2021 La risa tampoco ye una capacid\u00e1 esclusiva del ser humanu.\u00a031\/12\/2021 Exemplu de Men\u00fa de NuecheVieya\u00a031\/12\/2021 Mensaxe de Fin d\u2019A\u00f1u del Presidente del Princip\u00e1u\u00a031\/12\/2021 Felicitaci\u00f3n [&hellip;]<\/p>\n","protected":false},"author":117,"featured_media":0,"parent":34958,"menu_order":0,"comment_status":"closed","ping_status":"closed","template":"","meta":{"footnotes":""},"class_list":["post-65008","page","type-page","status-publish","hentry"],"_links":{"self":[{"href":"https:\/\/edublog.educastur.es\/ixuxu\/wp-json\/wp\/v2\/pages\/65008","targetHints":{"allow":["GET"]}}],"collection":[{"href":"https:\/\/edublog.educastur.es\/ixuxu\/wp-json\/wp\/v2\/pages"}],"about":[{"href":"https:\/\/edublog.educastur.es\/ixuxu\/wp-json\/wp\/v2\/types\/page"}],"author":[{"embeddable":true,"href":"https:\/\/edublog.educastur.es\/ixuxu\/wp-json\/wp\/v2\/users\/117"}],"replies":[{"embeddable":true,"href":"https:\/\/edublog.educastur.es\/ixuxu\/wp-json\/wp\/v2\/comments?post=65008"}],"version-history":[{"count":1,"href":"https:\/\/edublog.educastur.es\/ixuxu\/wp-json\/wp\/v2\/pages\/65008\/revisions"}],"predecessor-version":[{"id":65009,"href":"https:\/\/edublog.educastur.es\/ixuxu\/wp-json\/wp\/v2\/pages\/65008\/revisions\/65009"}],"up":[{"embeddable":true,"href":"https:\/\/edublog.educastur.es\/ixuxu\/wp-json\/wp\/v2\/pages\/34958"}],"wp:attachment":[{"href":"https:\/\/edublog.educastur.es\/ixuxu\/wp-json\/wp\/v2\/media?parent=65008"}],"curies":[{"name":"wp","href":"https:\/\/api.w.org\/{rel}","templated":true}]}}