{"id":65010,"date":"2026-01-02T22:14:11","date_gmt":"2026-01-02T20:14:11","guid":{"rendered":"https:\/\/edublog.educastur.es\/ixuxu\/?page_id=65010"},"modified":"2026-01-02T22:14:11","modified_gmt":"2026-01-02T20:14:11","slug":"11_payares","status":"publish","type":"page","link":"https:\/\/edublog.educastur.es\/ixuxu\/archivu-blogue\/articulos\/2021-2\/11_payares\/","title":{"rendered":"11_Payares"},"content":{"rendered":"<ul>\n<li><a href=\"https:\/\/edublog.educastur.es\/ixuxu\/2021\/11\/11543\/\">(sin t\u00edtulo)<\/a>\u00a0<span class=\"post-date\">30\/11\/2021<\/span><\/li>\n<li><a href=\"https:\/\/edublog.educastur.es\/ixuxu\/2021\/11\/alexia-putellas-balon-doru-2021\/\">Alexia Putellas, Bal\u00f3n d\u2019Oru 2021<\/a>\u00a0<span class=\"post-date\">30\/11\/2021<\/span><\/li>\n<li><a href=\"https:\/\/edublog.educastur.es\/ixuxu\/2021\/11\/11528\/\">(sin t\u00edtulo)<\/a>\u00a0<span class=\"post-date\">29\/11\/2021<\/span><\/li>\n<li><a href=\"https:\/\/edublog.educastur.es\/ixuxu\/2021\/11\/11539\/\">(sin t\u00edtulo)<\/a>\u00a0<span class=\"post-date\">28\/11\/2021<\/span><\/li>\n<li><a href=\"https:\/\/edublog.educastur.es\/ixuxu\/2021\/11\/11520\/\">(sin t\u00edtulo)<\/a>\u00a0<span class=\"post-date\">28\/11\/2021<\/span><\/li>\n<li><a href=\"https:\/\/edublog.educastur.es\/ixuxu\/2021\/11\/la-tolina\/\">La tolina \/ delf\u00edn<\/a>\u00a0<span class=\"post-date\">28\/11\/2021<\/span><\/li>\n<li><a href=\"https:\/\/edublog.educastur.es\/ixuxu\/2021\/11\/11438\/\">(sin t\u00edtulo)<\/a>\u00a0<span class=\"post-date\">28\/11\/2021<\/span><\/li>\n<li><a href=\"https:\/\/edublog.educastur.es\/ixuxu\/2021\/11\/d-e-p-almudena-grandes\/\">D.E.P. Almudena Grandes<\/a>\u00a0<span class=\"post-date\">27\/11\/2021<\/span><\/li>\n<li><a href=\"https:\/\/edublog.educastur.es\/ixuxu\/2021\/11\/11486\/\">(sin t\u00edtulo)<\/a>\u00a0<span class=\"post-date\">27\/11\/2021<\/span><\/li>\n<li><a href=\"https:\/\/edublog.educastur.es\/ixuxu\/2021\/11\/11517\/\">(sin t\u00edtulo)<\/a>\u00a0<span class=\"post-date\">27\/11\/2021<\/span><\/li>\n<li><a href=\"https:\/\/edublog.educastur.es\/ixuxu\/2021\/11\/gala-final-xiii-premiu-camareta-al-meyor-cantar\/\">XIII Premiu Camaret\u00e1 al Meyor Cantar 2021.<\/a>\u00a0<span class=\"post-date\">27\/11\/2021<\/span><\/li>\n<li><a href=\"https:\/\/edublog.educastur.es\/ixuxu\/2021\/11\/el-color-rosa-nun-esiste-tou-ye-un-inventu-del-to-celebru\/\">El color rosa nun esiste (tou ye un inventu del to celebru)<\/a>\u00a0<span class=\"post-date\">27\/11\/2021<\/span><\/li>\n<li><a href=\"https:\/\/edublog.educastur.es\/ixuxu\/2021\/11\/migrants-un-conmovedor-periplu-animau-protagonizau-por-dos-osos-polares\/\">\u2018Migrants\u2019: un conmovedor periplu anim\u00e1u protagoniz\u00e1u por dos osos polares<\/a>\u00a0<span class=\"post-date\">27\/11\/2021<\/span><\/li>\n<li><a href=\"https:\/\/edublog.educastur.es\/ixuxu\/2021\/11\/11482\/\">(sin t\u00edtulo)<\/a>\u00a0<span class=\"post-date\">27\/11\/2021<\/span><\/li>\n<li><a href=\"https:\/\/edublog.educastur.es\/ixuxu\/2021\/11\/en-sotres-tan-avezaos-a-nevaes\/\">En Sotres tan avezaos a nevaes\u2026<\/a>\u00a0<span class=\"post-date\">27\/11\/2021<\/span><\/li>\n<li><a href=\"https:\/\/edublog.educastur.es\/ixuxu\/2021\/11\/estau-del-tiempu-sabadu-27-de-payares\/\">Est\u00e1u del tiempu: s\u00e1badu 27 de payares<\/a>\u00a0<span class=\"post-date\">27\/11\/2021<\/span><\/li>\n<li><a href=\"https:\/\/edublog.educastur.es\/ixuxu\/2021\/11\/dia-del-maestru-y-la-maestra\/\">D\u00eda del maestru y la maestra<\/a>\u00a0<span class=\"post-date\">27\/11\/2021<\/span><\/li>\n<li><a href=\"https:\/\/edublog.educastur.es\/ixuxu\/2021\/11\/11553\/\">(sin t\u00edtulo)<\/a>\u00a0<span class=\"post-date\">27\/11\/2021<\/span><\/li>\n<li><a href=\"https:\/\/edublog.educastur.es\/ixuxu\/2021\/11\/cumplinse-47-anos-del-afayu-de-lucy-madre-de-la-humanida\/\">Cumplinse 47 a\u00f1os del afayu de Lucy, \u2018Madre de la humanid\u00e1\u2019<\/a>\u00a0<span class=\"post-date\">26\/11\/2021<\/span><\/li>\n<li><a href=\"https:\/\/edublog.educastur.es\/ixuxu\/2021\/11\/la-imaxe-del-curiosity-que-nos-amuesa-la-guapura-eterea-de-marte\/\">La imaxe del Curiosity que nos amuesa la guapura et\u00e9rea de Marte<\/a>\u00a0<span class=\"post-date\">26\/11\/2021<\/span><\/li>\n<li><a href=\"https:\/\/edublog.educastur.es\/ixuxu\/2021\/11\/lincreible-efectu-opticu-llamau-fata-morgana\/\">L\u2019incre\u00edble efectu \u00f3pticu llam\u00e1u \u00abFata morgana\u00bb.<\/a>\u00a0<span class=\"post-date\">26\/11\/2021<\/span><\/li>\n<li><a href=\"https:\/\/edublog.educastur.es\/ixuxu\/2021\/11\/11447\/\">(sin t\u00edtulo)<\/a>\u00a0<span class=\"post-date\">26\/11\/2021<\/span><\/li>\n<li><a href=\"https:\/\/edublog.educastur.es\/ixuxu\/2021\/11\/11427\/\">(sin t\u00edtulo)<\/a>\u00a0<span class=\"post-date\">26\/11\/2021<\/span><\/li>\n<li><a href=\"https:\/\/edublog.educastur.es\/ixuxu\/2021\/11\/xxiv-xornaes-gastronomiques-del-gochu\/\">XXIV Xorn\u00e1es Gastron\u00f3miques del Gochu<\/a>\u00a0<span class=\"post-date\">26\/11\/2021<\/span><\/li>\n<li><a href=\"https:\/\/edublog.educastur.es\/ixuxu\/2021\/11\/vienres-26-de-payares-2021\/\">Vienres 26 de payares 2021<\/a>\u00a0<span class=\"post-date\">26\/11\/2021<\/span><\/li>\n<li><a href=\"https:\/\/edublog.educastur.es\/ixuxu\/2021\/11\/11512\/\">La revista TIME escueyi como una de les semeyes del a\u00f1u\u2026<\/a>\u00a0<span class=\"post-date\">26\/11\/2021<\/span><\/li>\n<li><a href=\"https:\/\/edublog.educastur.es\/ixuxu\/2021\/11\/11429\/\">Una lib\u00e9lula so l\u2019agua<\/a>\u00a0<span class=\"post-date\">26\/11\/2021<\/span><\/li>\n<li><a href=\"https:\/\/edublog.educastur.es\/ixuxu\/2021\/11\/11435\/\">(sin t\u00edtulo)<\/a>\u00a0<span class=\"post-date\">26\/11\/2021<\/span><\/li>\n<li><a href=\"https:\/\/edublog.educastur.es\/ixuxu\/2021\/11\/11432\/\">(sin t\u00edtulo)<\/a>\u00a0<span class=\"post-date\">26\/11\/2021<\/span><\/li>\n<li><a href=\"https:\/\/edublog.educastur.es\/ixuxu\/2021\/11\/11419\/\">(sin t\u00edtulo)<\/a>\u00a0<span class=\"post-date\">25\/11\/2021<\/span><\/li>\n<li><a href=\"https:\/\/edublog.educastur.es\/ixuxu\/2021\/11\/11401\/\">D\u00eda Internacional de la Eliminaci\u00f3n de la Violencia contra les muyeres.<\/a>\u00a0<span class=\"post-date\">25\/11\/2021<\/span><\/li>\n<li><a href=\"https:\/\/edublog.educastur.es\/ixuxu\/2021\/11\/serviciu-demerxencies-del-principau-dasturies-sepa\/\">Serviciu d\u2019Emerxencies del Princip\u00e1u d\u2019Asturies (SEPA)<\/a>\u00a0<span class=\"post-date\">25\/11\/2021<\/span><\/li>\n<li><a href=\"https:\/\/edublog.educastur.es\/ixuxu\/2021\/11\/laventurina-lablana-de-grupo-norte\/\">\u00abL\u2019Aventurina l\u2019ablana\u00bb de Grupo Norte.<\/a>\u00a0<span class=\"post-date\">25\/11\/2021<\/span><\/li>\n<li><a href=\"https:\/\/edublog.educastur.es\/ixuxu\/2021\/11\/fiestes-gastronomiques-cebolles-rellenes-en-samartin-del-rei-aurelio\/\">Fiestes gastron\u00f3miques \u00abCebolles rellenes\u00bb en Samart\u00edn del Rei Aurelio<\/a>\u00a0<span class=\"post-date\">25\/11\/2021<\/span><\/li>\n<li><a href=\"https:\/\/edublog.educastur.es\/ixuxu\/2021\/11\/11474\/\">Toles lling\u00fces d\u2019Europa que g\u00fcei son oficiales, recibieron nel so d\u00eda eses mesmes burlles per parte de los \u00abofendiditos\u00bb d\u2019ent\u00f3s.<\/a>\u00a0<span class=\"post-date\">25\/11\/2021<\/span><\/li>\n<li><a href=\"https:\/\/edublog.educastur.es\/ixuxu\/2021\/11\/11389\/\">\u00ab\u2026Foi parte d\u2019una estrella\u00bb<\/a>\u00a0<span class=\"post-date\">25\/11\/2021<\/span><\/li>\n<li><a href=\"https:\/\/edublog.educastur.es\/ixuxu\/2021\/11\/diversida-de-pexes-oseos\/\">Diversid\u00e1 de pexes \u00f3seos (cadarma de pexes)\u2026<\/a>\u00a0<span class=\"post-date\">25\/11\/2021<\/span><\/li>\n<li><a href=\"https:\/\/edublog.educastur.es\/ixuxu\/2021\/11\/xornaes-gastronomiques-de-la-caza-en-ponga\/\">Xorn\u00e1es gastron\u00f3miques de la caza en Ponga<\/a>\u00a0<span class=\"post-date\">24\/11\/2021<\/span><\/li>\n<li><a href=\"https:\/\/edublog.educastur.es\/ixuxu\/2021\/11\/languleru-el-pa-noel-asturianu-va-tar-en-parque-principau\/\">L\u2019Anguleru, el P\u00e1 Noel asturianu, va tar en Parque Princip\u00e1u<\/a>\u00a0<span class=\"post-date\">24\/11\/2021<\/span><\/li>\n<li><a href=\"https:\/\/edublog.educastur.es\/ixuxu\/2021\/11\/asina-aterrizo-un-airbus-a340-na-antartida-per-primer-vegada\/\">Asina aterriz\u00f3 un Airbus A340 na Ant\u00e1rtida per primer vegada<\/a>\u00a0<span class=\"post-date\">24\/11\/2021<\/span><\/li>\n<li><a href=\"https:\/\/edublog.educastur.es\/ixuxu\/2021\/11\/11352\/\">(sin t\u00edtulo)<\/a>\u00a0<span class=\"post-date\">24\/11\/2021<\/span><\/li>\n<li><a href=\"https:\/\/edublog.educastur.es\/ixuxu\/2021\/11\/espectacular-vista-dendel-visu-del-monte-everest\/\">Espectacular vista dende\u2019l visu del Monte Everest<\/a>\u00a0<span class=\"post-date\">24\/11\/2021<\/span><\/li>\n<li><a href=\"https:\/\/edublog.educastur.es\/ixuxu\/2021\/11\/11341\/\">Necesiten xente pa coyer, apurrir, enriestrar\u2026.<\/a>\u00a0<span class=\"post-date\">24\/11\/2021<\/span><\/li>\n<li><a href=\"https:\/\/edublog.educastur.es\/ixuxu\/2021\/11\/gasol-xugando-al-baloncestu-coles-fies-de-k-bryant\/\">Gasol \u00abxugando al baloncestu\u00bb coles f\u00edes de K. Bryant<\/a>\u00a0<span class=\"post-date\">24\/11\/2021<\/span><\/li>\n<li><a href=\"https:\/\/edublog.educastur.es\/ixuxu\/2021\/11\/11404\/\">30 a\u00f1os ensin Freddie Mercury<\/a>\u00a0<span class=\"post-date\">24\/11\/2021<\/span><\/li>\n<li><a href=\"https:\/\/edublog.educastur.es\/ixuxu\/2021\/11\/11472\/\">(sin t\u00edtulo)<\/a>\u00a0<span class=\"post-date\">23\/11\/2021<\/span><\/li>\n<li><a href=\"https:\/\/edublog.educastur.es\/ixuxu\/2021\/11\/soliciten-la-instalacion-dun-ramu-de-nadal-payudar-a-recuperar-esta-tradicion-navidiega\/\">Soliciten la instalaci\u00f3n d\u2019un Ramu de Nadal p\u2019ayudar a recuperar esta tradici\u00f3n navidiega<\/a>\u00a0<span class=\"post-date\">23\/11\/2021<\/span><\/li>\n<li><a href=\"https:\/\/edublog.educastur.es\/ixuxu\/2021\/11\/11366\/\">El fot\u00f3grafu suizu John Wilhelm ye un fotoh\u00f3lico que sospriende a internet<\/a>\u00a0<span class=\"post-date\">23\/11\/2021<\/span><\/li>\n<li><a href=\"https:\/\/edublog.educastur.es\/ixuxu\/2021\/11\/el-pexe-mas-feu-del-mundu\/\">\u00abEl pexe m\u00e1s feu del mundu\u00bb: Pez gota o Blobfish<\/a>\u00a0<span class=\"post-date\">22\/11\/2021<\/span><\/li>\n<li><a href=\"https:\/\/edublog.educastur.es\/ixuxu\/2021\/11\/11323\/\">(sin t\u00edtulo)<\/a>\u00a0<span class=\"post-date\">22\/11\/2021<\/span><\/li>\n<li><a href=\"https:\/\/edublog.educastur.es\/ixuxu\/2021\/11\/11316\/\">D\u00eda Mundial del Saludu<\/a>\u00a0<span class=\"post-date\">21\/11\/2021<\/span><\/li>\n<li><a href=\"https:\/\/edublog.educastur.es\/ixuxu\/2021\/11\/dia-mundial-de-la-television\/\">D\u00eda Mundial de la Televisi\u00f3n<\/a>\u00a0<span class=\"post-date\">21\/11\/2021<\/span><\/li>\n<li><a href=\"https:\/\/edublog.educastur.es\/ixuxu\/2021\/11\/inauguracion-de-la-tiendina-de-pintar-pintar-nuvieu\/\">Inauguraci\u00f3n de la tiendina de Pintar-Pintar n\u2019Uvi\u00e9u<\/a>\u00a0<span class=\"post-date\">20\/11\/2021<\/span><\/li>\n<li><a href=\"https:\/\/edublog.educastur.es\/ixuxu\/2021\/11\/una-de-les-semeyes-diceberg-mas-xeniales-quesisten\/\">Una de les semeyes d\u2019iceberg m\u00e1s xeniales qu\u2019esisten<\/a>\u00a0<span class=\"post-date\">20\/11\/2021<\/span><\/li>\n<li><a href=\"https:\/\/edublog.educastur.es\/ixuxu\/2021\/11\/11212\/\">(sin t\u00edtulo)<\/a>\u00a0<span class=\"post-date\">20\/11\/2021<\/span><\/li>\n<li><a href=\"https:\/\/edublog.educastur.es\/ixuxu\/2021\/11\/un-ferre-caminando\/\">Un ferre caminando<\/a>\u00a0<span class=\"post-date\">20\/11\/2021<\/span><\/li>\n<li><a href=\"https:\/\/edublog.educastur.es\/ixuxu\/2021\/11\/que-bon-tiempu-la-seronda-pa-dir-a-panar-ablanes\/\">\u00a1Qu\u00e9 bon tiempu la seronda pa dir a pa\u00f1ar ablanes!<\/a>\u00a0<span class=\"post-date\">20\/11\/2021<\/span><\/li>\n<li><a href=\"https:\/\/edublog.educastur.es\/ixuxu\/2021\/11\/larena-vista-dende-un-microscopiu\/\">L\u2019arena vista dende un microscopiu.<\/a>\u00a0<span class=\"post-date\">20\/11\/2021<\/span><\/li>\n<li><a href=\"https:\/\/edublog.educastur.es\/ixuxu\/2021\/11\/11224\/\">(sin t\u00edtulo)<\/a>\u00a0<span class=\"post-date\">20\/11\/2021<\/span><\/li>\n<li><a href=\"https:\/\/edublog.educastur.es\/ixuxu\/2021\/11\/asina-ye-lemperador-dumbo-la-nueva-especie-de-pulpu-recien-descubierta\/\">Asina ye l\u2019Emperador Dumbo, la nueva especie de pulpu reci\u00e9n descubierta<\/a>\u00a0<span class=\"post-date\">20\/11\/2021<\/span><\/li>\n<li><a href=\"https:\/\/edublog.educastur.es\/ixuxu\/2021\/11\/11449\/\">(sin t\u00edtulo)<\/a>\u00a0<span class=\"post-date\">20\/11\/2021<\/span><\/li>\n<li><a href=\"https:\/\/edublog.educastur.es\/ixuxu\/2021\/11\/menu-pal\/\">Men\u00fa pal llunes 22 de payares<\/a>\u00a0<span class=\"post-date\">20\/11\/2021<\/span><\/li>\n<li><a href=\"https:\/\/edublog.educastur.es\/ixuxu\/2021\/11\/11206\/\">(sin t\u00edtulo)<\/a>\u00a0<span class=\"post-date\">20\/11\/2021<\/span><\/li>\n<li><a href=\"https:\/\/edublog.educastur.es\/ixuxu\/2021\/11\/tetrasqueles-tayaos-nun-horru\/\">Tetrasqueles tayaos nun horru<\/a>\u00a0<span class=\"post-date\">20\/11\/2021<\/span><\/li>\n<li><a href=\"https:\/\/edublog.educastur.es\/ixuxu\/2021\/11\/dia-universal-del-nenu-y-la-nena\/\">D\u00eda Universal del Ne\u00f1u y la Ne\u00f1a<\/a>\u00a0<span class=\"post-date\">20\/11\/2021<\/span><\/li>\n<li><a href=\"https:\/\/edublog.educastur.es\/ixuxu\/2021\/11\/dia-universal-de-la-infancia\/\">D\u00eda Universal de la infancia.<\/a>\u00a0<span class=\"post-date\">20\/11\/2021<\/span><\/li>\n<li><a href=\"https:\/\/edublog.educastur.es\/ixuxu\/2021\/11\/11175\/\">(sin t\u00edtulo)<\/a>\u00a0<span class=\"post-date\">20\/11\/2021<\/span><\/li>\n<li><a href=\"https:\/\/edublog.educastur.es\/ixuxu\/2021\/11\/pulpu-selvaxe-siempres-ta-emocionau-de-ver-al-so-meyor-amigu-humanu\/\">Criatura maraviyosa: el pulpu<\/a>\u00a0<span class=\"post-date\">19\/11\/2021<\/span><\/li>\n<li><a href=\"https:\/\/edublog.educastur.es\/ixuxu\/2021\/11\/11115\/\">(sin t\u00edtulo)<\/a>\u00a0<span class=\"post-date\">19\/11\/2021<\/span><\/li>\n<li><a href=\"https:\/\/edublog.educastur.es\/ixuxu\/2021\/11\/onde-hai-materia-hai-enerxia\/\">Onde hai materia, hai xeometr\u00eda<\/a>\u00a0<span class=\"post-date\">19\/11\/2021<\/span><\/li>\n<li><a href=\"https:\/\/edublog.educastur.es\/ixuxu\/2021\/11\/sorteu-dun-llibru-charlie-y-la-fabrica-de-chocolate\/\">Sort\u00e9u d\u2019un llibru: \u00abCharlie y la f\u00e1brica de chocolate\u00bb<\/a>\u00a0<span class=\"post-date\">19\/11\/2021<\/span><\/li>\n<li><a href=\"https:\/\/edublog.educastur.es\/ixuxu\/2021\/11\/dia-mundial-del-retrete\/\">D\u00eda Mundial del Retrete<\/a>\u00a0<span class=\"post-date\">19\/11\/2021<\/span><\/li>\n<li><a href=\"https:\/\/edublog.educastur.es\/ixuxu\/2021\/11\/11158\/\">D\u00eda Internacional de la Muyer Emprendedora\/entamadora<\/a>\u00a0<span class=\"post-date\">19\/11\/2021<\/span><\/li>\n<li><a href=\"https:\/\/edublog.educastur.es\/ixuxu\/2021\/11\/11177\/\">(sin t\u00edtulo)<\/a>\u00a0<span class=\"post-date\">19\/11\/2021<\/span><\/li>\n<li><a href=\"https:\/\/edublog.educastur.es\/ixuxu\/2021\/11\/hubo-viquingos-en-cuideiru\/\">\u00bfHubo viquingos en Cuideiru?<\/a>\u00a0<span class=\"post-date\">18\/11\/2021<\/span><\/li>\n<li><a href=\"https:\/\/edublog.educastur.es\/ixuxu\/2021\/11\/11119\/\">(sin t\u00edtulo)<\/a>\u00a0<span class=\"post-date\">18\/11\/2021<\/span><\/li>\n<li><a href=\"https:\/\/edublog.educastur.es\/ixuxu\/2021\/11\/11132\/\">D\u00eda Mundial De La Filosof\u00eda<\/a>\u00a0<span class=\"post-date\">18\/11\/2021<\/span><\/li>\n<li><a href=\"https:\/\/edublog.educastur.es\/ixuxu\/2021\/11\/11188\/\">(sin t\u00edtulo)<\/a>\u00a0<span class=\"post-date\">18\/11\/2021<\/span><\/li>\n<li><a href=\"https:\/\/edublog.educastur.es\/ixuxu\/2021\/11\/11112\/\">(sin t\u00edtulo)<\/a>\u00a0<span class=\"post-date\">18\/11\/2021<\/span><\/li>\n<li><a href=\"https:\/\/edublog.educastur.es\/ixuxu\/2021\/11\/rembrandt-amoso-siempres-el-so-amor-pola-naturaleza\/\">Rembrandt amos\u00f3 siempres el so amor pola naturaleza.<\/a>\u00a0<span class=\"post-date\">17\/11\/2021<\/span><\/li>\n<li><a href=\"https:\/\/edublog.educastur.es\/ixuxu\/2021\/11\/arguyosos-de-nuesu-patrimoniu-natural-y-cultura\/\">Arguyosos de nuesu patrimoniu natural y cultura<\/a>\u00a0<span class=\"post-date\">17\/11\/2021<\/span><\/li>\n<li><a href=\"https:\/\/edublog.educastur.es\/ixuxu\/2021\/11\/un-calamar-diamante-amosando-unos-formosos-colores\/\">Un calamar diamante amosando unos formosos colores<\/a>\u00a0<span class=\"post-date\">17\/11\/2021<\/span><\/li>\n<li><a href=\"https:\/\/edublog.educastur.es\/ixuxu\/2021\/11\/estau-del-tiempu-nasturies-2\/\">Est\u00e1u del tiempu n\u2019Asturies<\/a>\u00a0<span class=\"post-date\">17\/11\/2021<\/span><\/li>\n<li><a href=\"https:\/\/edublog.educastur.es\/ixuxu\/2021\/11\/personaxes-nacho-manzano\/\">Personaxes: Nacho Manzano<\/a>\u00a0<span class=\"post-date\">17\/11\/2021<\/span><\/li>\n<li><a href=\"https:\/\/edublog.educastur.es\/ixuxu\/2021\/11\/confirmau-cristobal-colon-nun-foil-primeru-en-triar-america\/\">Confirm\u00e1u: Crist\u00f3bal Col\u00f3n nun foi\u2019l primeru en triar Am\u00e9rica<\/a>\u00a0<span class=\"post-date\">17\/11\/2021<\/span><\/li>\n<li><a href=\"https:\/\/edublog.educastur.es\/ixuxu\/2021\/11\/dia-internacional-para-la-tolerancia\/\">D\u00eda Internacional Para la Tolerancia<\/a>\u00a0<span class=\"post-date\">16\/11\/2021<\/span><\/li>\n<li><a href=\"https:\/\/edublog.educastur.es\/ixuxu\/2021\/11\/cantando-so-lagua\/\">\u00bfCantando so l\u2019agua?<\/a>\u00a0<span class=\"post-date\">15\/11\/2021<\/span><\/li>\n<li><a href=\"https:\/\/edublog.educastur.es\/ixuxu\/2021\/11\/imaxe-ganadora-del-certame-weather-photographer-of-the-year-2021\/\">Imaxe ganadora del certame Weather Photographer of the Year 2021<\/a>\u00a0<span class=\"post-date\">15\/11\/2021<\/span><\/li>\n<li><a href=\"https:\/\/edublog.educastur.es\/ixuxu\/2021\/11\/11168\/\">(sin t\u00edtulo)<\/a>\u00a0<span class=\"post-date\">15\/11\/2021<\/span><\/li>\n<li><a href=\"https:\/\/edublog.educastur.es\/ixuxu\/2021\/11\/la-fonte-de-cuatro-canos-vuelve-llucir-en-la-corredoria\/\">La fonte de Cuatro Ca\u00f1os vuelve llucir en La Corredoria<\/a>\u00a0<span class=\"post-date\">13\/11\/2021<\/span><\/li>\n<li><a href=\"https:\/\/edublog.educastur.es\/ixuxu\/2021\/11\/11130\/\">(sin t\u00edtulo)<\/a>\u00a0<span class=\"post-date\">13\/11\/2021<\/span><\/li>\n<li><a href=\"https:\/\/edublog.educastur.es\/ixuxu\/2021\/11\/esti-fosil-revela-como-mexaben-defecaben-y-copulaben-los-dinosaurios\/\">Esti f\u00f3sil revela c\u00f3mo mexaben, defecaben y copulaben los dinosaurios<\/a>\u00a0<span class=\"post-date\">12\/11\/2021<\/span><\/li>\n<li><a href=\"https:\/\/edublog.educastur.es\/ixuxu\/2021\/11\/11236\/\">Afayen una nueva especie de dinosauriu con traces \u00faniques<\/a>\u00a0<span class=\"post-date\">12\/11\/2021<\/span><\/li>\n<li><a href=\"https:\/\/edublog.educastur.es\/ixuxu\/2021\/11\/nueve-semeyes-ganadores-del-concursu-the-nature-conservancy-2021\/\">Semeyes ganadores del Concursu \u00abThe Nature Conservancy 2021\u00bb<\/a>\u00a0<span class=\"post-date\">12\/11\/2021<\/span><\/li>\n<li><a href=\"https:\/\/edublog.educastur.es\/ixuxu\/2021\/11\/un-artista-dixital-anede-los-sos-dibuxos-a-fotografies-quatopa-ninstagram-dando-yos-un-xiru-risible\/\">Un artista dixital a\u00f1ede los sos dibuxos a fotograf\u00edes qu\u2019atopa n\u2019Instagram d\u00e1ndo-yos un xiru risible<\/a>\u00a0<span class=\"post-date\">12\/11\/2021<\/span><\/li>\n<li><a href=\"https:\/\/edublog.educastur.es\/ixuxu\/2021\/11\/les-meyores-semeyes-aerees-del-anu-de-la-mano-de-drone-photo-awards\/\">Les meyores semeyes a\u00e9rees del a\u00f1u de la mano de Drone Photo Awards<\/a>\u00a0<span class=\"post-date\">11\/11\/2021<\/span><\/li>\n<li><a href=\"https:\/\/edublog.educastur.es\/ixuxu\/2021\/11\/museu-del-calamar-xigante\/\">Mus\u00e9u del calamar xigante, pal branu de 2022<\/a>\u00a0<span class=\"post-date\">11\/11\/2021<\/span><\/li>\n<li><a href=\"https:\/\/edublog.educastur.es\/ixuxu\/2021\/11\/dia-del-churro\/\">D\u00eda Internacional del churru<\/a>\u00a0<span class=\"post-date\">11\/11\/2021<\/span><\/li>\n<li><a href=\"https:\/\/edublog.educastur.es\/ixuxu\/2021\/11\/11285\/\">D\u00eda Mundial del Origami<\/a>\u00a0<span class=\"post-date\">11\/11\/2021<\/span><\/li>\n<li><a href=\"https:\/\/edublog.educastur.es\/ixuxu\/2021\/11\/san-martin-11-de-payares\/\">San Mart\u00edn, 11 de payares<\/a>\u00a0<span class=\"post-date\">11\/11\/2021<\/span><\/li>\n<li><a href=\"https:\/\/edublog.educastur.es\/ixuxu\/2021\/11\/una-tradicion-celta-del-otono\/\">Una tradici\u00f3n celta del oto\u00f1o<\/a>\u00a0<span class=\"post-date\">10\/11\/2021<\/span><\/li>\n<li><a href=\"https:\/\/edublog.educastur.es\/ixuxu\/2021\/11\/semeyes-del-diall-traxe-pais-2021\/\">Semeyes del D\u00eda del Traxe\u2019l Pa\u00eds: Indumentaria 2021<\/a>\u00a0<span class=\"post-date\">10\/11\/2021<\/span><\/li>\n<li><a href=\"https:\/\/edublog.educastur.es\/ixuxu\/2021\/11\/dia-del-inventor-internacional\/\">D\u00eda del Inventor\/a Internacional<\/a>\u00a0<span class=\"post-date\">09\/11\/2021<\/span><\/li>\n<li><a href=\"https:\/\/edublog.educastur.es\/ixuxu\/2021\/11\/dia-mundial-del-urbanismu\/\">D\u00eda Mundial del Urbanismu<\/a>\u00a0<span class=\"post-date\">08\/11\/2021<\/span><\/li>\n<li><a href=\"https:\/\/edublog.educastur.es\/ixuxu\/2021\/11\/xxx-edicion-del-certame-de-la-castana-13-y-14-de-payares\/\">XXX edici\u00f3n del Certame de la Casta\u00f1a: 13 y 14 de payares<\/a>\u00a0<span class=\"post-date\">07\/11\/2021<\/span><\/li>\n<li><a href=\"https:\/\/edublog.educastur.es\/ixuxu\/2021\/11\/el-dia-de-les-llibreries-celebraral-proximu-11-de-payares\/\">El D\u00eda de les Llibrer\u00edes celebrar\u00e1\u2019l pr\u00f3ximu 11 de payares<\/a>\u00a0<span class=\"post-date\">07\/11\/2021<\/span><\/li>\n<li><a href=\"https:\/\/edublog.educastur.es\/ixuxu\/2021\/11\/quesos-ganadores-nel-world-cheese-awards-nuvieu\/\">Quesos ganadores nel World Cheese Awards, n\u2019Uvi\u00e9u<\/a>\u00a0<span class=\"post-date\">07\/11\/2021<\/span><\/li>\n<li><a href=\"https:\/\/edublog.educastur.es\/ixuxu\/2021\/11\/tola-hestoria-del-universu-nuna-entrevesgada-espiral\/\">Tola hestoria del Universu n\u2019una entrevesgada espiral<\/a>\u00a0<span class=\"post-date\">07\/11\/2021<\/span><\/li>\n<li><a href=\"https:\/\/edublog.educastur.es\/ixuxu\/2021\/11\/zoom-increible-que-te-va-faer-reparalo-con-otros-gueyos\/\">Zoom incre\u00edble que te va faer reparalo con otros g\u00fceyos<\/a>\u00a0<span class=\"post-date\">07\/11\/2021<\/span><\/li>\n<li><a href=\"https:\/\/edublog.educastur.es\/ixuxu\/2021\/11\/susana-sela-gastar-el-nuesu-tiempu\/\">Susana Sela \u00abGastar el nuesu tiempu\u00bb<\/a>\u00a0<span class=\"post-date\">07\/11\/2021<\/span><\/li>\n<li><a href=\"https:\/\/edublog.educastur.es\/ixuxu\/2021\/11\/11022\/\">(sin t\u00edtulo)<\/a>\u00a0<span class=\"post-date\">07\/11\/2021<\/span><\/li>\n<li><a href=\"https:\/\/edublog.educastur.es\/ixuxu\/2021\/11\/seminariu-gastronomicu-asturies-benditu-yantar\/\">Seminariu gastron\u00f3micu: \u00abAsturies, benditu yantar\u00bb<\/a>\u00a0<span class=\"post-date\">07\/11\/2021<\/span><\/li>\n<li><a href=\"https:\/\/edublog.educastur.es\/ixuxu\/2021\/11\/mercadon-pola-seronda-en-grau\/\">Mercad\u00f3n pola seronda en Grau<\/a>\u00a0<span class=\"post-date\">06\/11\/2021<\/span><\/li>\n<li><a href=\"https:\/\/edublog.educastur.es\/ixuxu\/2021\/11\/trabayu-nequipu\/\">Trabayu n\u2019equipu<\/a>\u00a0<span class=\"post-date\">06\/11\/2021<\/span><\/li>\n<li><a href=\"https:\/\/edublog.educastur.es\/ixuxu\/2021\/11\/una-nube-electrica-dende-37000-pies\/\">Una nube el\u00e9ctrica dende 37,000 pies<\/a>\u00a0<span class=\"post-date\">06\/11\/2021<\/span><\/li>\n<li><a href=\"https:\/\/edublog.educastur.es\/ixuxu\/2021\/11\/10956\/\">(sin t\u00edtulo)<\/a>\u00a0<span class=\"post-date\">06\/11\/2021<\/span><\/li>\n<li><a href=\"https:\/\/edublog.educastur.es\/ixuxu\/2021\/11\/llega-lesperau-maguestu\/\">Llega l\u2019esper\u00e1u Mag\u00fcestu<\/a>\u00a0<span class=\"post-date\">06\/11\/2021<\/span><\/li>\n<li><a href=\"https:\/\/edublog.educastur.es\/ixuxu\/2021\/11\/videu-del-dia-the-ultimate-run\/\">V\u00eddeu del d\u00eda: \u00abThe Ultimate Run\u00bb<\/a>\u00a0<span class=\"post-date\">06\/11\/2021<\/span><\/li>\n<li><a href=\"https:\/\/edublog.educastur.es\/ixuxu\/2021\/11\/ya-tenemos-nomes-para-les-borrasques-desti-periodu-seronda-iverniza\/\">Y\u00e1 tenemos nomes para les borrasques d\u2019esti periodu seronda\/iverniza\u2026<\/a>\u00a0<span class=\"post-date\">06\/11\/2021<\/span><\/li>\n<li><a href=\"https:\/\/edublog.educastur.es\/ixuxu\/2021\/11\/el-meyor-quesu-del-mundu\/\">El meyor quesu del mundu<\/a>\u00a0<span class=\"post-date\">06\/11\/2021<\/span><\/li>\n<li><a href=\"https:\/\/edublog.educastur.es\/ixuxu\/2021\/11\/la-tierra-ye-un-teatru-maraviyosu-pero-falla-la-seleccion-de-los-actores\/\">La Tierra ye un teatru maraviyosu pero falla la selecci\u00f3n de los actores.<\/a>\u00a0<span class=\"post-date\">06\/11\/2021<\/span><\/li>\n<li><a href=\"https:\/\/edublog.educastur.es\/ixuxu\/2021\/11\/10897\/\">Dal\u00ed: xuno de los artistes m\u00e1s conoc\u00edos del movimientu surrealista<\/a>\u00a0<span class=\"post-date\">06\/11\/2021<\/span><\/li>\n<li><a href=\"https:\/\/edublog.educastur.es\/ixuxu\/2021\/11\/angel-fitor-coronase-como-meyor-fotografu-europeu-de-la-naturaleza-de-2021\/\">\u00c1ngel Fitor cor\u00f3nase como meyor fot\u00f3grafu europ\u00e9u de la naturaleza de 2021<\/a>\u00a0<span class=\"post-date\">06\/11\/2021<\/span><\/li>\n<li><a href=\"https:\/\/edublog.educastur.es\/ixuxu\/2021\/11\/campana-pa-recaudar-fondos-pa-la-benefica\/\">Campa\u00f1a pa recaudar fondos pa \u00abLa Ben\u00e9fica\u00bb<\/a>\u00a0<span class=\"post-date\">05\/11\/2021<\/span><\/li>\n<li><a href=\"https:\/\/edublog.educastur.es\/ixuxu\/2021\/11\/11584\/\">(sin t\u00edtulo)<\/a>\u00a0<span class=\"post-date\">05\/11\/2021<\/span><\/li>\n<li><a href=\"https:\/\/edublog.educastur.es\/ixuxu\/2021\/11\/11045\/\">(sin t\u00edtulo)<\/a>\u00a0<span class=\"post-date\">05\/11\/2021<\/span><\/li>\n<li><a href=\"https:\/\/edublog.educastur.es\/ixuxu\/2021\/11\/11016\/\">(sin t\u00edtulo)<\/a>\u00a0<span class=\"post-date\">05\/11\/2021<\/span><\/li>\n<li><a href=\"https:\/\/edublog.educastur.es\/ixuxu\/2021\/11\/amaguestu-nel-parque-de-la-prehistoria-de-teberga-2021\/\">Amag\u00fcestu nel Parque de la Prehistoria de Teberga 2021<\/a>\u00a0<span class=\"post-date\">05\/11\/2021<\/span><\/li>\n<li><a href=\"https:\/\/edublog.educastur.es\/ixuxu\/2021\/11\/11572\/\">(sin t\u00edtulo)<\/a>\u00a0<span class=\"post-date\">04\/11\/2021<\/span><\/li>\n<li><a href=\"https:\/\/edublog.educastur.es\/ixuxu\/2021\/11\/dia-internacional-del-sandwich%e2%80%8b\/\">D\u00eda Internacional del s\u00e1ndwich\u200b<\/a>\u00a0<span class=\"post-date\">03\/11\/2021<\/span><\/li>\n<li><a href=\"https:\/\/edublog.educastur.es\/ixuxu\/2021\/11\/dia-de-la-constitucion-espanola\/\">D\u00eda de la Constituci\u00f3n Espa\u00f1ola<\/a>\u00a0<span class=\"post-date\">03\/11\/2021<\/span><\/li>\n<li><a href=\"https:\/\/edublog.educastur.es\/ixuxu\/2021\/11\/10936\/\">(sin t\u00edtulo)<\/a>\u00a0<span class=\"post-date\">02\/11\/2021<\/span><\/li>\n<li><a href=\"https:\/\/edublog.educastur.es\/ixuxu\/2021\/11\/la-aguila-pescadora-xusto-nel-momentu-que-atrapa-a-la-so-presa\/\">La \u00e1guila pescadora xusto nel momentu que atrapa a la so presa.<\/a>\u00a0<span class=\"post-date\">01\/11\/2021<\/span><\/li>\n<li><a href=\"https:\/\/edublog.educastur.es\/ixuxu\/2021\/11\/%e1%b8%b7%e1%b8%b7ega-la-siruenda-seronda-y-el-cambiu-de-fruta-y-verdura\/\">\u1e36\u1e37ega la siruenda\/seronda y el cambiu de fruta y verdura<\/a>\u00a0<span class=\"post-date\">01\/11\/2021<\/span><\/li>\n<li><a href=\"https:\/\/edublog.educastur.es\/ixuxu\/2021\/11\/10871\/\">(sin t\u00edtulo)<\/a>\u00a0<span class=\"post-date\">01\/11\/2021<\/span><\/li>\n<\/ul>\n","protected":false},"excerpt":{"rendered":"<p>(sin t\u00edtulo)\u00a030\/11\/2021 Alexia Putellas, Bal\u00f3n d\u2019Oru 2021\u00a030\/11\/2021 (sin t\u00edtulo)\u00a029\/11\/2021 (sin t\u00edtulo)\u00a028\/11\/2021 (sin t\u00edtulo)\u00a028\/11\/2021 La tolina \/ delf\u00edn\u00a028\/11\/2021 (sin t\u00edtulo)\u00a028\/11\/2021 D.E.P. Almudena Grandes\u00a027\/11\/2021 (sin t\u00edtulo)\u00a027\/11\/2021 (sin t\u00edtulo)\u00a027\/11\/2021 XIII Premiu Camaret\u00e1 al Meyor Cantar 2021.\u00a027\/11\/2021 El color rosa nun esiste (tou ye un inventu del to celebru)\u00a027\/11\/2021 \u2018Migrants\u2019: un conmovedor periplu anim\u00e1u protagoniz\u00e1u por dos osos polares\u00a027\/11\/2021 [&hellip;]<\/p>\n","protected":false},"author":117,"featured_media":0,"parent":34958,"menu_order":0,"comment_status":"closed","ping_status":"closed","template":"","meta":{"footnotes":""},"class_list":["post-65010","page","type-page","status-publish","hentry"],"_links":{"self":[{"href":"https:\/\/edublog.educastur.es\/ixuxu\/wp-json\/wp\/v2\/pages\/65010","targetHints":{"allow":["GET"]}}],"collection":[{"href":"https:\/\/edublog.educastur.es\/ixuxu\/wp-json\/wp\/v2\/pages"}],"about":[{"href":"https:\/\/edublog.educastur.es\/ixuxu\/wp-json\/wp\/v2\/types\/page"}],"author":[{"embeddable":true,"href":"https:\/\/edublog.educastur.es\/ixuxu\/wp-json\/wp\/v2\/users\/117"}],"replies":[{"embeddable":true,"href":"https:\/\/edublog.educastur.es\/ixuxu\/wp-json\/wp\/v2\/comments?post=65010"}],"version-history":[{"count":1,"href":"https:\/\/edublog.educastur.es\/ixuxu\/wp-json\/wp\/v2\/pages\/65010\/revisions"}],"predecessor-version":[{"id":65011,"href":"https:\/\/edublog.educastur.es\/ixuxu\/wp-json\/wp\/v2\/pages\/65010\/revisions\/65011"}],"up":[{"embeddable":true,"href":"https:\/\/edublog.educastur.es\/ixuxu\/wp-json\/wp\/v2\/pages\/34958"}],"wp:attachment":[{"href":"https:\/\/edublog.educastur.es\/ixuxu\/wp-json\/wp\/v2\/media?parent=65010"}],"curies":[{"name":"wp","href":"https:\/\/api.w.org\/{rel}","templated":true}]}}