{"id":65021,"date":"2026-01-02T22:17:41","date_gmt":"2026-01-02T20:17:41","guid":{"rendered":"https:\/\/edublog.educastur.es\/ixuxu\/?page_id=65021"},"modified":"2026-01-02T22:17:41","modified_gmt":"2026-01-02T20:17:41","slug":"06_xunu","status":"publish","type":"page","link":"https:\/\/edublog.educastur.es\/ixuxu\/archivu-blogue\/articulos\/2021-2\/06_xunu\/","title":{"rendered":"06_Xunu"},"content":{"rendered":"<ul>\n<li><a href=\"https:\/\/edublog.educastur.es\/ixuxu\/2021\/06\/informacion-de-interes\/\">Informaci\u00f3n de inter\u00e9s<\/a>\u00a0<span class=\"post-date\">25\/06\/2021<\/span><\/li>\n<li><a href=\"https:\/\/edublog.educastur.es\/ixuxu\/2021\/06\/dia-del-arguyu-del-colectivu-lgtb\/\">D\u00eda del Arguyu del colectivu LGTB<\/a>\u00a0<span class=\"post-date\">25\/06\/2021<\/span><\/li>\n<li><a href=\"https:\/\/edublog.educastur.es\/ixuxu\/2021\/06\/dia-internacional-de-la-muyer-conductora\/\">D\u00eda Internacional de la Muyer Conductora<\/a>\u00a0<span class=\"post-date\">24\/06\/2021<\/span><\/li>\n<li><a href=\"https:\/\/edublog.educastur.es\/ixuxu\/2021\/06\/lenrame-de-fontes-en-san-xuan\/\">L\u2019enrame de fontes en San Xuan<\/a>\u00a0<span class=\"post-date\">23\/06\/2021<\/span><\/li>\n<li><a href=\"https:\/\/edublog.educastur.es\/ixuxu\/2021\/06\/en-xunetu-bon-tiempu\/\">Rede de Normalizaci\u00f3n Lling\u00fc\u00edstica<\/a>\u00a0<span class=\"post-date\">22\/06\/2021<\/span><\/li>\n<li><a href=\"https:\/\/edublog.educastur.es\/ixuxu\/2021\/06\/ve-en-direccion-contraria\/\">Ve en direcci\u00f3n contraria\u2026<\/a>\u00a0<span class=\"post-date\">22\/06\/2021<\/span><\/li>\n<li><a href=\"https:\/\/edublog.educastur.es\/ixuxu\/2021\/06\/sableres-fluviales-nasturies\/\">Sableres fluviales n\u00b4Asturies<\/a>\u00a0<span class=\"post-date\">22\/06\/2021<\/span><\/li>\n<li><a href=\"https:\/\/edublog.educastur.es\/ixuxu\/2021\/06\/la-normalida\/\">La normalid\u00e1\u2026<\/a>\u00a0<span class=\"post-date\">22\/06\/2021<\/span><\/li>\n<li><a href=\"https:\/\/edublog.educastur.es\/ixuxu\/2021\/06\/la-nueche-san-xuan\/\">La nueche San Xuan<\/a>\u00a0<span class=\"post-date\">22\/06\/2021<\/span><\/li>\n<li><a href=\"https:\/\/edublog.educastur.es\/ixuxu\/2021\/06\/guei-el-sol-algamal-so-puntu-mas-norte-nel-cielu-del-planeta-tierra\/\">G\u00fcei el Sol algama\u2019l so puntu m\u00e1s norte nel cielu del planeta Tierra.<\/a>\u00a0<span class=\"post-date\">21\/06\/2021<\/span><\/li>\n<li><a href=\"https:\/\/edublog.educastur.es\/ixuxu\/2021\/06\/el-21-de-xunu-yel-dia-mundial-del-skate\/\">El 21 de xunu ye\u2019l D\u00eda Mundial del Skate<\/a>\u00a0<span class=\"post-date\">21\/06\/2021<\/span><\/li>\n<li><a href=\"https:\/\/edublog.educastur.es\/ixuxu\/2021\/06\/dia-europeu-de-la-musica\/\">D\u00eda Europ\u00e9u de la M\u00fasica<\/a>\u00a0<span class=\"post-date\">21\/06\/2021<\/span><\/li>\n<li><a href=\"https:\/\/edublog.educastur.es\/ixuxu\/2021\/06\/solsticiu-de-branu-porque-yel-dia-mas-llargu-del-anu\/\">Solsticiu de branu: \u00bfporqu\u00e9 ye\u2019l d\u00eda m\u00e1s llargu del a\u00f1u?<\/a>\u00a0<span class=\"post-date\">21\/06\/2021<\/span><\/li>\n<li><a href=\"https:\/\/edublog.educastur.es\/ixuxu\/2021\/06\/nuevu-calendariu-escolar-2021-2022\/\">Calendariu Escolar 2021-2022<\/a>\u00a0<span class=\"post-date\">20\/06\/2021<\/span><\/li>\n<li><a href=\"https:\/\/edublog.educastur.es\/ixuxu\/2021\/06\/dia-mundial-del-refuxau\/\">D\u00eda Mundial del Refux\u00e1u.<\/a>\u00a0<span class=\"post-date\">20\/06\/2021<\/span><\/li>\n<li><a href=\"https:\/\/edublog.educastur.es\/ixuxu\/2021\/06\/por-que-guei-yel-dia-mas-feliz-del-anu\/\">\u00bfPor qu\u00e9 g\u00fcei ye\u2019l d\u00eda m\u00e1s feliz del a\u00f1u?<\/a>\u00a0<span class=\"post-date\">20\/06\/2021<\/span><\/li>\n<li><a href=\"https:\/\/edublog.educastur.es\/ixuxu\/2021\/06\/el-tamanu-de-los-planetes\/\">AMCA: \u00ab30 Aniversariu Conceyu Bable\u00bb<\/a>\u00a0<span class=\"post-date\">19\/06\/2021<\/span><\/li>\n<li><a href=\"https:\/\/edublog.educastur.es\/ixuxu\/2021\/06\/dia-internacional-del-sushi\/\">D\u00eda Internacional del Sushi<\/a>\u00a0<span class=\"post-date\">18\/06\/2021<\/span><\/li>\n<li><a href=\"https:\/\/edublog.educastur.es\/ixuxu\/2021\/06\/la-increible-imaxe-de-la-ximnasta-linoy-ashram-ensin-cabeza-que-sospriende-mientres-una-rutina\/\">La incre\u00edble imaxe de la ximnasta Linoy Ashram \u2018ensin cabeza\u2019 que sospriende mientres una rutina.<\/a>\u00a0<span class=\"post-date\">17\/06\/2021<\/span><\/li>\n<li><a href=\"https:\/\/edublog.educastur.es\/ixuxu\/2021\/06\/uvieu-reconocida-un-anu-mas-como-ciuda-amiga-de-la-infancia\/\">Uvi\u00e9u, reconocida, un a\u00f1u m\u00e1s, como Ciud\u00e1 Amiga de la Infancia<\/a>\u00a0<span class=\"post-date\">17\/06\/2021<\/span><\/li>\n<li><a href=\"https:\/\/edublog.educastur.es\/ixuxu\/2021\/06\/la-fascinante-intelixencia-de-los-pulpos\/\">La fascinante intelixencia de los pulpos<\/a>\u00a0<span class=\"post-date\">17\/06\/2021<\/span><\/li>\n<li><a href=\"https:\/\/edublog.educastur.es\/ixuxu\/2021\/06\/cada-particular-de-la-naturaleza-participa-de-la-perfeccion-del-todo\/\">\u00abCada particular de la naturaleza.. participa de la perfecci\u00f3n del todo.\u201d<\/a>\u00a0<span class=\"post-date\">17\/06\/2021<\/span><\/li>\n<li><a href=\"https:\/\/edublog.educastur.es\/ixuxu\/2021\/06\/7441\/\">Tolos caminos lleven a\u2026 Villaviciosa.<\/a>\u00a0<span class=\"post-date\">17\/06\/2021<\/span><\/li>\n<li><a href=\"https:\/\/edublog.educastur.es\/ixuxu\/2021\/06\/campana-la-sidra-con-mazana-dasturies\/\">Campa\u00f1a: \u2018La sidra, con mazana d\u2019Asturies\u2019<\/a>\u00a0<span class=\"post-date\">17\/06\/2021<\/span><\/li>\n<li><a href=\"https:\/\/edublog.educastur.es\/ixuxu\/2021\/06\/7433\/\">D\u2019espor | Vuelta a les Pe\u00f1asantes | 6\u00d709<\/a>\u00a0<span class=\"post-date\">17\/06\/2021<\/span><\/li>\n<li><a href=\"https:\/\/edublog.educastur.es\/ixuxu\/2021\/06\/dia-de-llucha-contra-la-desertificacion-y-la-seca\/\">D\u00eda de Llucha contra la Desertificaci\u00f3n y la Seca\/sequ\u00eda<\/a>\u00a0<span class=\"post-date\">17\/06\/2021<\/span><\/li>\n<li><a href=\"https:\/\/edublog.educastur.es\/ixuxu\/2021\/06\/dia-mundial-de-la-tapa\/\">D\u00eda Mundial de la Tapa<\/a>\u00a0<span class=\"post-date\">17\/06\/2021<\/span><\/li>\n<li><a href=\"https:\/\/edublog.educastur.es\/ixuxu\/2021\/06\/un-conciertu-mui-especial-dalberto-garcia\/\">Un conciertu mui especial\u2026<\/a>\u00a0<span class=\"post-date\">16\/06\/2021<\/span><\/li>\n<li><a href=\"https:\/\/edublog.educastur.es\/ixuxu\/2021\/06\/una-terrible-nube-colapsa-uvieu\/\">Una \u201cterrible\u201d nube colapsa Uvi\u00e9u<\/a>\u00a0<span class=\"post-date\">16\/06\/2021<\/span><\/li>\n<li><a href=\"https:\/\/edublog.educastur.es\/ixuxu\/2021\/06\/dia-internacional-de-la-biotecnoloxia\/\">D\u00eda Internacional de la Biotecnolox\u00eda.<\/a>\u00a0<span class=\"post-date\">16\/06\/2021<\/span><\/li>\n<li><a href=\"https:\/\/edublog.educastur.es\/ixuxu\/2021\/06\/dia-mundial-de-les-tortues-marines\/\">D\u00eda Mundial de les Tort\u00faes Marines<\/a>\u00a0<span class=\"post-date\">16\/06\/2021<\/span><\/li>\n<li><a href=\"https:\/\/edublog.educastur.es\/ixuxu\/2021\/06\/7376\/\">Festival Interc\u00e9lticu de Lorient (Francia)<\/a>\u00a0<span class=\"post-date\">15\/06\/2021<\/span><\/li>\n<li><a href=\"https:\/\/edublog.educastur.es\/ixuxu\/2021\/06\/idiomes-mas-falaos-nel-mundu-en-2016\/\">Idiomes m\u00e1s falaos nel mundu en 2016<\/a>\u00a0<span class=\"post-date\">15\/06\/2021<\/span><\/li>\n<li><a href=\"https:\/\/edublog.educastur.es\/ixuxu\/2021\/06\/7362\/\">Calendariu de la g\u00fcerta n\u00b4Asturies<\/a>\u00a0<span class=\"post-date\">15\/06\/2021<\/span><\/li>\n<li><a href=\"https:\/\/edublog.educastur.es\/ixuxu\/2021\/06\/lantartida-vista-dende-lespaciu\/\">L\u00b4Ant\u00e1rtida vista dende l\u2019espaciu<\/a>\u00a0<span class=\"post-date\">15\/06\/2021<\/span><\/li>\n<li><a href=\"https:\/\/edublog.educastur.es\/ixuxu\/2021\/06\/campana-panimar-a-la-matriculacion-en-llingua-asturiana\/\">Campa\u00f1a p\u2019animar a la matriculaci\u00f3n en Llingua Asturiana<\/a>\u00a0<span class=\"post-date\">15\/06\/2021<\/span><\/li>\n<li><a href=\"https:\/\/edublog.educastur.es\/ixuxu\/2021\/06\/de-francis-bacon\/\">\u2026de Francis Bacon<\/a>\u00a0<span class=\"post-date\">15\/06\/2021<\/span><\/li>\n<li><a href=\"https:\/\/edublog.educastur.es\/ixuxu\/2021\/06\/dia-global-del-vientu\/\">D\u00eda Global del Vientu<\/a>\u00a0<span class=\"post-date\">15\/06\/2021<\/span><\/li>\n<li><a href=\"https:\/\/edublog.educastur.es\/ixuxu\/2021\/06\/autores-nel-camin-2021\/\">Circuitu \u00abAutores nel cam\u00edn 2021\u00bb<\/a>\u00a0<span class=\"post-date\">15\/06\/2021<\/span><\/li>\n<li><a href=\"https:\/\/edublog.educastur.es\/ixuxu\/2021\/06\/camilo-va-ufiertar-naviles-el-so-unicu-conciertu-nasturies\/\">Camilo va ufiertar n\u2019Avil\u00e9s el so \u00fanicu conciertu n\u2019Asturies<\/a>\u00a0<span class=\"post-date\">14\/06\/2021<\/span><\/li>\n<li><a href=\"https:\/\/edublog.educastur.es\/ixuxu\/2021\/06\/7318\/\">d\u00b4Albert Camus<\/a>\u00a0<span class=\"post-date\">14\/06\/2021<\/span><\/li>\n<li><a href=\"https:\/\/edublog.educastur.es\/ixuxu\/2021\/06\/dia-de-la-sidre-na-cai-gascona-uvieu\/\">D\u00eda de la sidre na Cai Gascona (Uvi\u00e9u)<\/a>\u00a0<span class=\"post-date\">14\/06\/2021<\/span><\/li>\n<li><a href=\"https:\/\/edublog.educastur.es\/ixuxu\/2021\/06\/imaxinate-ver-apaecer-la-lluna-por-30-segundos\/\">Imax\u00ednate ver apaecer la lluna por 30 segundos<\/a>\u00a0<span class=\"post-date\">14\/06\/2021<\/span><\/li>\n<li><a href=\"https:\/\/edublog.educastur.es\/ixuxu\/2021\/06\/dicires-fueyes\/\">Dicires: \u00abFueyes\u00bb<\/a>\u00a0<span class=\"post-date\">14\/06\/2021<\/span><\/li>\n<li><a href=\"https:\/\/edublog.educastur.es\/ixuxu\/2021\/06\/como-distinguir-estremar-un-guevu-ecoloxicu\/\">\u00bfC\u00f3mo distinguir\/estremar un g\u00fcevu ecol\u00f3xicu?<\/a>\u00a0<span class=\"post-date\">14\/06\/2021<\/span><\/li>\n<li><a href=\"https:\/\/edublog.educastur.es\/ixuxu\/2021\/06\/uvieu-entama-a-promocionar-la-segunda-edicion-del-festival-vesu\/\">2\u00aa edici\u00f3n del Festival Vesu n\u00b4Uvi\u00e9u: 1-4 Xunetu<\/a>\u00a0<span class=\"post-date\">14\/06\/2021<\/span><\/li>\n<li><a href=\"https:\/\/edublog.educastur.es\/ixuxu\/2021\/06\/dia-mundial-del-donante-de-sangre\/\">D\u00eda Mundial del Donante de Sangre<\/a>\u00a0<span class=\"post-date\">14\/06\/2021<\/span><\/li>\n<li><a href=\"https:\/\/edublog.educastur.es\/ixuxu\/2021\/06\/dia-nacional-de-les-llingua-de-signos-espanoles\/\">D\u00eda Nacional de les Llingua de Signos Espa\u00f1oles<\/a>\u00a0<span class=\"post-date\">14\/06\/2021<\/span><\/li>\n<li><a href=\"https:\/\/edublog.educastur.es\/ixuxu\/2021\/06\/uma-yel-nome-escoyiu-en-redes-sociales-pal-gatu-negru-en-grafiti\/\">\u00abUma\u00bb ye\u2019l nome escoy\u00edu en redes sociales pal gatu negru en grafiti<\/a>\u00a0<span class=\"post-date\">13\/06\/2021<\/span><\/li>\n<li><a href=\"https:\/\/edublog.educastur.es\/ixuxu\/2021\/06\/hyperion-ye-larbol-mas-altu-del-mundu\/\">Hyperion ye l\u2019\u00e1rbol m\u00e1s altu del mundu<\/a>\u00a0<span class=\"post-date\">13\/06\/2021<\/span><\/li>\n<li><a href=\"https:\/\/edublog.educastur.es\/ixuxu\/2021\/06\/j-l-sampedro\/\">J. L. Sampedro<\/a>\u00a0<span class=\"post-date\">13\/06\/2021<\/span><\/li>\n<li><a href=\"https:\/\/edublog.educastur.es\/ixuxu\/2021\/06\/feria-del-llibru-de-xixon-felixixon-2021\/\">Feria del Llibru de Xix\u00f3n FeliXix\u00f3n 2021<\/a>\u00a0<span class=\"post-date\">13\/06\/2021<\/span><\/li>\n<li><a href=\"https:\/\/edublog.educastur.es\/ixuxu\/2021\/06\/fofito-de-camin-nuvieu-posa-con-mafalda\/\">Fofito, de cam\u00edn n\u2019Uvi\u00e9u, posa con Mafalda<\/a>\u00a0<span class=\"post-date\">13\/06\/2021<\/span><\/li>\n<li><a href=\"https:\/\/edublog.educastur.es\/ixuxu\/2021\/06\/pexes-presentes-nos-rios-y-llagos-dasturies\/\">Pexes presentes nos r\u00edos y llagos d\u00b4Asturies<\/a>\u00a0<span class=\"post-date\">13\/06\/2021<\/span><\/li>\n<li><a href=\"https:\/\/edublog.educastur.es\/ixuxu\/2021\/06\/cuantu-pesen-les-nubes\/\">\u00bfCu\u00e1ntu pesen les nubes?<\/a>\u00a0<span class=\"post-date\">13\/06\/2021<\/span><\/li>\n<li><a href=\"https:\/\/edublog.educastur.es\/ixuxu\/2021\/06\/recoyida-de-basures-en-xago\/\">Recoyida de basures en Xag\u00f3<\/a>\u00a0<span class=\"post-date\">13\/06\/2021<\/span><\/li>\n<li><a href=\"https:\/\/edublog.educastur.es\/ixuxu\/2021\/06\/galaxia-andromeda\/\">Galaxia Andr\u00f3meda: visible a g\u00fceyu so un cielu escuru.<\/a>\u00a0<span class=\"post-date\">13\/06\/2021<\/span><\/li>\n<li><a href=\"https:\/\/edublog.educastur.es\/ixuxu\/2021\/06\/la-travesera-oquendo-2021\/\">La Travesera Oquendo 2021<\/a>\u00a0<span class=\"post-date\">13\/06\/2021<\/span><\/li>\n<li><a href=\"https:\/\/edublog.educastur.es\/ixuxu\/2021\/06\/v-concursu-indumentaria-traxe-del-pais-2021\/\">V Concursu \u00abIndumentaria 2021\u00bb<\/a>\u00a0<span class=\"post-date\">13\/06\/2021<\/span><\/li>\n<li><a href=\"https:\/\/edublog.educastur.es\/ixuxu\/2021\/06\/asina-se-fai-la-fabada-de-la-consistorial-la-meyor-del-mundu\/\">Asina se fai la fabada de La Consistorial, la meyor del mundu<\/a>\u00a0<span class=\"post-date\">12\/06\/2021<\/span><\/li>\n<li><a href=\"https:\/\/edublog.educastur.es\/ixuxu\/2021\/06\/yogur-natural-vaqueiro\/\">Yogur Natural Vaqueiro<\/a>\u00a0<span class=\"post-date\">12\/06\/2021<\/span><\/li>\n<li><a href=\"https:\/\/edublog.educastur.es\/ixuxu\/2021\/06\/antonio-machado\/\">Antonio Machado<\/a>\u00a0<span class=\"post-date\">12\/06\/2021<\/span><\/li>\n<li><a href=\"https:\/\/edublog.educastur.es\/ixuxu\/2021\/06\/7078\/\">Uvi\u00e9u, orixe y dest\u00edn<\/a>\u00a0<span class=\"post-date\">12\/06\/2021<\/span><\/li>\n<li><a href=\"https:\/\/edublog.educastur.es\/ixuxu\/2021\/06\/foques-nel-musel-en-xixon\/\">Foques nel Musel en Xix\u00f3n<\/a>\u00a0<span class=\"post-date\">12\/06\/2021<\/span><\/li>\n<li><a href=\"https:\/\/edublog.educastur.es\/ixuxu\/2021\/06\/osos-famientos\/\">Osos famientos\u2026<\/a>\u00a0<span class=\"post-date\">12\/06\/2021<\/span><\/li>\n<li><a href=\"https:\/\/edublog.educastur.es\/ixuxu\/2021\/06\/ultimos-dies-para-esfrutar-d-pruebes-dautor-de-nel-amaro\/\">\u00daltimos d\u00edes para esfrutar d \u00abPruebes d\u2019autor\u00bb, de Nel Amaro<\/a>\u00a0<span class=\"post-date\">12\/06\/2021<\/span><\/li>\n<li><a href=\"https:\/\/edublog.educastur.es\/ixuxu\/2021\/06\/voluntarios-de-toa-asturies-movilicense-escontra-la-basuraleza\/\">Voluntarios de toa Asturies movil\u00edcense escontra la \u2018basuraleza\u2019<\/a>\u00a0<span class=\"post-date\">12\/06\/2021<\/span><\/li>\n<li><a href=\"https:\/\/edublog.educastur.es\/ixuxu\/2021\/06\/nemo-la-nueva-arana-saltadora-descubierta-naustralia\/\">\u00abNemo\u00bb, la nueva ara\u00f1a saltadora descubierta n\u2019Australia<\/a>\u00a0<span class=\"post-date\">12\/06\/2021<\/span><\/li>\n<li><a href=\"https:\/\/edublog.educastur.es\/ixuxu\/2021\/06\/dia-internacional-del-doblaxe\/\">D\u00eda Internacional del Doblaxe<\/a>\u00a0<span class=\"post-date\">12\/06\/2021<\/span><\/li>\n<li><a href=\"https:\/\/edublog.educastur.es\/ixuxu\/2021\/06\/7026\/\">Magawa, una rata condecor\u00e1 por detectar mines antipersona<\/a>\u00a0<span class=\"post-date\">12\/06\/2021<\/span><\/li>\n<li><a href=\"https:\/\/edublog.educastur.es\/ixuxu\/2021\/06\/ana-frank-cumpliria-guei-92-anos\/\">Ana Frank cumplir\u00eda g\u00fcei 92 a\u00f1os.<\/a>\u00a0<span class=\"post-date\">12\/06\/2021<\/span><\/li>\n<li><a href=\"https:\/\/edublog.educastur.es\/ixuxu\/2021\/06\/tpa-15-anos-contigo\/\">TPA, 15 a\u00f1os contigo<\/a>\u00a0<span class=\"post-date\">11\/06\/2021<\/span><\/li>\n<li><a href=\"https:\/\/edublog.educastur.es\/ixuxu\/2021\/06\/revista-no-14-de-viaxast\/\">Revista n\u00ba 14 de ViaxAst<\/a>\u00a0<span class=\"post-date\">11\/06\/2021<\/span><\/li>\n<li><a href=\"https:\/\/edublog.educastur.es\/ixuxu\/2021\/06\/los-carajitos-del-profesor\/\">Los \u2018Carajitos del Profesor\u2019<\/a>\u00a0<span class=\"post-date\">11\/06\/2021<\/span><\/li>\n<li><a href=\"https:\/\/edublog.educastur.es\/ixuxu\/2021\/06\/campana-minuto-xixon-caminando-too-mas-cerca\/\">Campa\u00f1a \u00abMinuto Xix\u00f3n: caminando, too m\u00e1s cerca\u00bb<\/a>\u00a0<span class=\"post-date\">11\/06\/2021<\/span><\/li>\n<li><a href=\"https:\/\/edublog.educastur.es\/ixuxu\/2021\/06\/numberu-nuevu-del-boletin-educallingua\/\">N\u00famberu nuevu del bolet\u00edn Educallingua<\/a>\u00a0<span class=\"post-date\">10\/06\/2021<\/span><\/li>\n<li><a href=\"https:\/\/edublog.educastur.es\/ixuxu\/2021\/06\/ene\/\">E\u00d1E<\/a>\u00a0<span class=\"post-date\">10\/06\/2021<\/span><\/li>\n<li><a href=\"https:\/\/edublog.educastur.es\/ixuxu\/2021\/06\/dicires-si-quies-probar-proba\/\">Dicires: \u00abSi quies probar, proba\u00bb<\/a>\u00a0<span class=\"post-date\">10\/06\/2021<\/span><\/li>\n<li><a href=\"https:\/\/edublog.educastur.es\/ixuxu\/2021\/06\/libroviedo-homenaxe-a-conchita-quiros-y-alberto-polledo\/\">LibrOviedo 2021: 11-20 Xunu<\/a>\u00a0<span class=\"post-date\">10\/06\/2021<\/span><\/li>\n<li><a href=\"https:\/\/edublog.educastur.es\/ixuxu\/2021\/06\/dicires-raitan\/\">\u00abRait\u00e1n\u00bb<\/a>\u00a0<span class=\"post-date\">10\/06\/2021<\/span><\/li>\n<li><a href=\"https:\/\/edublog.educastur.es\/ixuxu\/2021\/06\/dia-internacional-de-la-heraldica\/\">D\u00eda Internacional de la Her\u00e1ldica.<\/a>\u00a0<span class=\"post-date\">10\/06\/2021<\/span><\/li>\n<li><a href=\"https:\/\/edublog.educastur.es\/ixuxu\/2021\/06\/dia-mundial-del-modernismu\/\">D\u00eda Mundial del Modernismu<\/a>\u00a0<span class=\"post-date\">10\/06\/2021<\/span><\/li>\n<li><a href=\"https:\/\/edublog.educastur.es\/ixuxu\/2021\/06\/tierra-astur-ultimos-dies-para-esfrutar-del-menu-especial-del-mes\/\">Tierra Astur: \u00daltimos d\u00edes para esfrutar del men\u00fa especial del mes.<\/a>\u00a0<span class=\"post-date\">10\/06\/2021<\/span><\/li>\n<li><a href=\"https:\/\/edublog.educastur.es\/ixuxu\/2021\/06\/6930\/\">Felicidaes Wilson, padre del t\u00e9rminu biodiversid\u00e1.<\/a>\u00a0<span class=\"post-date\">10\/06\/2021<\/span><\/li>\n<li><a href=\"https:\/\/edublog.educastur.es\/ixuxu\/2021\/06\/les-abeyes-tienen-cada-vez-mas-microplasticos-nel-so-cuerpu-productu-de-la-contaminacion\/\">Les abeyes tienen cada vez m\u00e1s micropl\u00e1sticos nel so cuerpu productu de la contaminaci\u00f3n<\/a>\u00a0<span class=\"post-date\">10\/06\/2021<\/span><\/li>\n<li><a href=\"https:\/\/edublog.educastur.es\/ixuxu\/2021\/06\/la-reciella-tira-pal-monte\/\">La reciella tira pal monte\u2026<\/a>\u00a0<span class=\"post-date\">10\/06\/2021<\/span><\/li>\n<li><a href=\"https:\/\/edublog.educastur.es\/ixuxu\/2021\/06\/7531\/\">Los cascoxos son los comedores m\u00e1s fascinantes qu\u2019esisten<\/a>\u00a0<span class=\"post-date\">09\/06\/2021<\/span><\/li>\n<li><a href=\"https:\/\/edublog.educastur.es\/ixuxu\/2021\/06\/dia-mundial-contral-trabayu-infantil\/\">D\u00eda Mundial contra\u2019l Trabayu Infantil.<\/a>\u00a0<span class=\"post-date\">09\/06\/2021<\/span><\/li>\n<li><a href=\"https:\/\/edublog.educastur.es\/ixuxu\/2021\/06\/una-imaxe-tan-rara-como-historica-una-menada-delefantes-dormiendo\/\">Una imaxe tan rara como hist\u00f3rica: una menada d\u2019elefantes dormiendo<\/a>\u00a0<span class=\"post-date\">09\/06\/2021<\/span><\/li>\n<li><a href=\"https:\/\/edublog.educastur.es\/ixuxu\/2021\/06\/national-geographic-reconoz-la-esistencia-del-quintu-oceanu-de-la-tierra\/\">National Geographic reconoz la esistencia del quintu oc\u00e9anu de la Tierra<\/a>\u00a0<span class=\"post-date\">09\/06\/2021<\/span><\/li>\n<li><a href=\"https:\/\/edublog.educastur.es\/ixuxu\/2021\/06\/maccaca-mulatta\/\">Maccaca mulatta<\/a>\u00a0<span class=\"post-date\">09\/06\/2021<\/span><\/li>\n<li><a href=\"https:\/\/edublog.educastur.es\/ixuxu\/2021\/06\/dia-internacional-de-los-archivos\/\">D\u00eda Internacional de los Archivos<\/a>\u00a0<span class=\"post-date\">09\/06\/2021<\/span><\/li>\n<li><a href=\"https:\/\/edublog.educastur.es\/ixuxu\/2021\/06\/la-tienra-semeya-dun-cisne-que-curia-a-les-sos-cries-tres-la-muerte-de-la-madre\/\">La tienra semeya d\u2019un cisne que curia a les sos cr\u00edes tres la muerte de la madre<\/a>\u00a0<span class=\"post-date\">08\/06\/2021<\/span><\/li>\n<li><a href=\"https:\/\/edublog.educastur.es\/ixuxu\/2021\/06\/llugones-va-tener-en-2022-14-kilometros-de-carril-bici-nun-proyectu-que-considera-pioneru-nespana\/\">Llugones va tener en 2022 14 kil\u00f3metros de carril bici nun proyectu que considera pioneru n\u2019Espa\u00f1a<\/a>\u00a0<span class=\"post-date\">08\/06\/2021<\/span><\/li>\n<li><a href=\"https:\/\/edublog.educastur.es\/ixuxu\/2021\/06\/espana-referente-mundial-en-riqueza-y-proteccion-de-la-biodiversida\/\">Espa\u00f1a: referente mundial en riqueza y protecci\u00f3n de la biodiversid\u00e1<\/a>\u00a0<span class=\"post-date\">08\/06\/2021<\/span><\/li>\n<li><a href=\"https:\/\/edublog.educastur.es\/ixuxu\/2021\/06\/la-serenidas-una-forma-de-felicida\/\">La serenid\u00e1\u2026 una forma de felicid\u00e1<\/a>\u00a0<span class=\"post-date\">08\/06\/2021<\/span><\/li>\n<li><a href=\"https:\/\/edublog.educastur.es\/ixuxu\/2021\/06\/los-gorilas-tamien-adopten-a-cries-guerfanes-como-los-humanos\/\">Los gorilas tami\u00e9n adopten a cr\u00edes g\u00fc\u00e9rfanes como los humanos<\/a>\u00a0<span class=\"post-date\">08\/06\/2021<\/span><\/li>\n<li><a href=\"https:\/\/edublog.educastur.es\/ixuxu\/2021\/06\/el-lleopardu-alimentase-de-too\/\">El lleopardu alim\u00e9ntase de too\u2026<\/a>\u00a0<span class=\"post-date\">08\/06\/2021<\/span><\/li>\n<li><a href=\"https:\/\/edublog.educastur.es\/ixuxu\/2021\/06\/dia-mundial-de-los-oceanos\/\">D\u00eda Mundial de los Oceanos<\/a>\u00a0<span class=\"post-date\">08\/06\/2021<\/span><\/li>\n<li><a href=\"https:\/\/edublog.educastur.es\/ixuxu\/2021\/06\/mecanica-soldadora-o-fontanera-asturies-promueve-la-feminizacion-de-la-fp\/\">Mec\u00e1nica, soldadora o fontanera: Asturies promueve la feminizaci\u00f3n de la FP<\/a>\u00a0<span class=\"post-date\">07\/06\/2021<\/span><\/li>\n<li><a href=\"https:\/\/edublog.educastur.es\/ixuxu\/2021\/06\/nuevu-espaciu-na-tpa-axenda\/\">\u00abDe finde\u00bb: noved\u00e1 na TPA<\/a>\u00a0<span class=\"post-date\">07\/06\/2021<\/span><\/li>\n<li><a href=\"https:\/\/edublog.educastur.es\/ixuxu\/2021\/06\/un-osu-estroza-truebanos-nos-oscos-al-pie-duna-ruta-de-senderismu\/\">Un osu estroza tru\u00e9banos nos Oscos al pie d\u00b4una ruta de senderismu<\/a>\u00a0<span class=\"post-date\">07\/06\/2021<\/span><\/li>\n<li><a href=\"https:\/\/edublog.educastur.es\/ixuxu\/2021\/06\/norabona-atletes\/\">\u00a1Norabona, atletes!<\/a>\u00a0<span class=\"post-date\">07\/06\/2021<\/span><\/li>\n<li><a href=\"https:\/\/edublog.educastur.es\/ixuxu\/2021\/06\/uvieu-celebra-del-4-al-14-de-xunu-la-i-selmana-profesional-de-les-artes\/\">Uvi\u00e9u celebra del 4 al 14 de xunu la I Selmana Profesional de les Artes<\/a>\u00a0<span class=\"post-date\">06\/06\/2021<\/span><\/li>\n<li><a href=\"https:\/\/edublog.educastur.es\/ixuxu\/2021\/06\/xxiii-festival-de-la-borona-en-torazu\/\">XXIII Festival de la Boro\u00f1a en Torazu<\/a>\u00a0<span class=\"post-date\">06\/06\/2021<\/span><\/li>\n<li><a href=\"https:\/\/edublog.educastur.es\/ixuxu\/2021\/06\/sestaferia-llimpieza-del-cai-deportivu-de-xixon-y-del-seya-nel-dia-mundial-del-mediu-ambiente\/\">Sestaferia: Llimpieza del Cai Deportivu de Xix\u00f3n y del Seya nel D\u00eda Mundial del Mediu Ambiente<\/a>\u00a0<span class=\"post-date\">05\/06\/2021<\/span><\/li>\n<li><a href=\"https:\/\/edublog.educastur.es\/ixuxu\/2021\/06\/cais-enllenes-pa-esfrutar-dun-conciertu-de-campanes-nel-uvieu-antiguu\/\">Cais enllenes pa esfrutar d\u2019un conciertu de campanes nel Uvi\u00e9u antiguu<\/a>\u00a0<span class=\"post-date\">05\/06\/2021<\/span><\/li>\n<li><a href=\"https:\/\/edublog.educastur.es\/ixuxu\/2021\/06\/una-sestaferia-de-llimpieza\/\">Una sestaferia de llimpieza\u2026<\/a>\u00a0<span class=\"post-date\">05\/06\/2021<\/span><\/li>\n<li><a href=\"https:\/\/edublog.educastur.es\/ixuxu\/2021\/06\/celebramos-esti-dia-cola-estaya-de-la-llingua-daviles\/\">Celebr\u00e1mos esti d\u00eda cola Estaya de la Llingua d\u2019Avil\u00e9s<\/a>\u00a0<span class=\"post-date\">05\/06\/2021<\/span><\/li>\n<li><a href=\"https:\/\/edublog.educastur.es\/ixuxu\/2021\/06\/dia-del-mediu-ambiente-5-de-xunu\/\">D\u00eda Mundial del Mediu Ambiente, 5 de xunu<\/a>\u00a0<span class=\"post-date\">05\/06\/2021<\/span><\/li>\n<li><a href=\"https:\/\/edublog.educastur.es\/ixuxu\/2021\/06\/noveda-cantares-pa-nenos\/\">Noved\u00e1: \u00abCantares pa ne\u00f1os\u00bb<\/a>\u00a0<span class=\"post-date\">05\/06\/2021<\/span><\/li>\n<li><a href=\"https:\/\/edublog.educastur.es\/ixuxu\/2021\/06\/valdes-mercal-50-de-los-famosos-xardinos-de-la-fonte-baixa\/\">Vald\u00e9s merca\u2019l 50% de los famosos xardinos de La Fonte Baixa<\/a>\u00a0<span class=\"post-date\">04\/06\/2021<\/span><\/li>\n<li><a href=\"https:\/\/edublog.educastur.es\/ixuxu\/2021\/06\/les-mas-chimpances-son-como-nos-lloren-adoren-y-tomense-el-so-tiempu-dautocuidau\/\">Les mas chimpanc\u00e9s son como n\u00f3s: lloren, adoren y t\u00f3mense el so tiempu d\u00b4autocuidau<\/a>\u00a0<span class=\"post-date\">03\/06\/2021<\/span><\/li>\n<li><a href=\"https:\/\/edublog.educastur.es\/ixuxu\/2021\/06\/teresa-perales-premiu-princesa-dasturies-de-los-deportes-grande-y-formosa-exemplarida\/\">Teresa Perales, Premiu Princesa d\u00b4Asturies de los Deportes, grande y formosa exemplarid\u00e1<\/a>\u00a0<span class=\"post-date\">03\/06\/2021<\/span><\/li>\n<li><a href=\"https:\/\/edublog.educastur.es\/ixuxu\/2021\/06\/cientificos-de-google-y-luniversida-dharvard-crean-un-mapa-del-celebru-humanu\/\">Cient\u00edficos de Google y l\u2019universid\u00e1 d\u00b4Harvard crean un mapa del celebru humanu<\/a>\u00a0<span class=\"post-date\">03\/06\/2021<\/span><\/li>\n<li><a href=\"https:\/\/edublog.educastur.es\/ixuxu\/2021\/06\/premiu-2021-a-los-llibros-meyor-editaos-en-2020\/\">Opta al \u00abPremiu 2021 a los Llibros Meyor Editaos en 2020\u00bb.<\/a>\u00a0<span class=\"post-date\">03\/06\/2021<\/span><\/li>\n<li><a href=\"https:\/\/edublog.educastur.es\/ixuxu\/2021\/06\/reparen-per-primer-vegada-nespana-la-rapaz-mas-pequena-deuropa\/\">Reparen per primer vegada n\u2019Espa\u00f1a la rapaz m\u00e1s pequena d\u2019Europa<\/a>\u00a0<span class=\"post-date\">03\/06\/2021<\/span><\/li>\n<li><a href=\"https:\/\/edublog.educastur.es\/ixuxu\/2021\/06\/refuga-los-mazcaros-correchamente-nel-contenedor-de-restos\/\">Refuga los m\u00e1zcaros correchamente nel contenedor de restos<\/a>\u00a0<span class=\"post-date\">03\/06\/2021<\/span><\/li>\n<li><a href=\"https:\/\/edublog.educastur.es\/ixuxu\/2021\/06\/dia-mundial-de-la-bicicleta-2\/\">D\u00eda Mundial de la Bicicleta<\/a>\u00a0<span class=\"post-date\">03\/06\/2021<\/span><\/li>\n<li><a href=\"https:\/\/edublog.educastur.es\/ixuxu\/2021\/06\/dia-internacional-de-la-sidra-2\/\">D\u00eda Internacional de la sidra<\/a>\u00a0<span class=\"post-date\">03\/06\/2021<\/span><\/li>\n<li><a href=\"https:\/\/edublog.educastur.es\/ixuxu\/2021\/06\/concursu-oficial-meyor-cachopo-despana\/\">Concursu oficial \u00abMeyor cachopo d\u00b4Espa\u00f1a\u00bb del 3 al 30 de mayu<\/a>\u00a0<span class=\"post-date\">03\/06\/2021<\/span><\/li>\n<li><a href=\"https:\/\/edublog.educastur.es\/ixuxu\/2021\/06\/crear-otru-mundu-dafechu-astractu-frutu-de-la-so-imaxinacion-tresformando-lo-ordinario-nestraordinariu\/\">Crear otru mundu, dafechu astractu, frutu de la so imaxinaci\u00f3n, tresformando lo ordinario n\u2019estraordinariu<\/a>\u00a0<span class=\"post-date\">02\/06\/2021<\/span><\/li>\n<li><a href=\"https:\/\/edublog.educastur.es\/ixuxu\/2021\/06\/asina-ye-linterior-del-avril-lave-premium-quespera-asturies\/\">Asina ye l\u2019interior del Avril, l\u2019AVE pr\u00e9mium qu\u2019espera Asturies<\/a>\u00a0<span class=\"post-date\">02\/06\/2021<\/span><\/li>\n<li><a href=\"https:\/\/edublog.educastur.es\/ixuxu\/2021\/06\/entrevistamos-al-cosplayer-asturianu\/\">Entrevistamos al cosplayer asturianu ZananWars<\/a>\u00a0<span class=\"post-date\">02\/06\/2021<\/span><\/li>\n<li><a href=\"https:\/\/edublog.educastur.es\/ixuxu\/2021\/06\/osos-en-somiedu\/\">Osos en Somiedu<\/a>\u00a0<span class=\"post-date\">01\/06\/2021<\/span><\/li>\n<li><a href=\"https:\/\/edublog.educastur.es\/ixuxu\/2021\/06\/madrid-fusion-2021-la-gastronomia-circular-y-el-nuevu-comensal-concenciau\/\">Madrid Fusi\u00f3n 2021: La Gastronom\u00eda Circular y el Nuevu \u201cComensal Concenci\u00e1u\u201d.<\/a>\u00a0<span class=\"post-date\">01\/06\/2021<\/span><\/li>\n<li><a href=\"https:\/\/edublog.educastur.es\/ixuxu\/2021\/06\/x-concursu-cancion-asturiana-conceyu-siero\/\">X Concursu Canci\u00f3n Asturiana Conceyu Siero<\/a>\u00a0<span class=\"post-date\">01\/06\/2021<\/span><\/li>\n<li><a href=\"https:\/\/edublog.educastur.es\/ixuxu\/2021\/06\/eventos-astronomicos-en-xunu\/\">Eventos astron\u00f3micos en xunu\u2026<\/a>\u00a0<span class=\"post-date\">01\/06\/2021<\/span><\/li>\n<li><a href=\"https:\/\/edublog.educastur.es\/ixuxu\/2021\/06\/les-semeyes-danimales-mas-gracioses-de-2021\/\">Les semeyes d\u2019animales m\u00e1s gracioses de 2021<\/a>\u00a0<span class=\"post-date\">01\/06\/2021<\/span><\/li>\n<li><a href=\"https:\/\/edublog.educastur.es\/ixuxu\/2021\/06\/en-xunetu\/\">En Xunetu\u2026<\/a>\u00a0<span class=\"post-date\">01\/06\/2021<\/span><\/li>\n<li><a href=\"https:\/\/edublog.educastur.es\/ixuxu\/2021\/06\/dia-mundial-de-la-lleche\/\">D\u00eda Mundial de la lleche<\/a>\u00a0<span class=\"post-date\">01\/06\/2021<\/span><\/li>\n<li><a href=\"https:\/\/edublog.educastur.es\/ixuxu\/2021\/06\/2021-ye-lanu-emilia-pardo-bazan\/\">2021 ye l\u2019A\u00f1u Emilia Pardo Baz\u00e1n.<\/a>\u00a0<span class=\"post-date\">01\/06\/2021<\/span><\/li>\n<\/ul>\n","protected":false},"excerpt":{"rendered":"<p>Informaci\u00f3n de inter\u00e9s\u00a025\/06\/2021 D\u00eda del Arguyu del colectivu LGTB\u00a025\/06\/2021 D\u00eda Internacional de la Muyer Conductora\u00a024\/06\/2021 L\u2019enrame de fontes en San Xuan\u00a023\/06\/2021 Rede de Normalizaci\u00f3n Lling\u00fc\u00edstica\u00a022\/06\/2021 Ve en direcci\u00f3n contraria\u2026\u00a022\/06\/2021 Sableres fluviales n\u00b4Asturies\u00a022\/06\/2021 La normalid\u00e1\u2026\u00a022\/06\/2021 La nueche San Xuan\u00a022\/06\/2021 G\u00fcei el Sol algama\u2019l so puntu m\u00e1s norte nel cielu del planeta Tierra.\u00a021\/06\/2021 El 21 de xunu [&hellip;]<\/p>\n","protected":false},"author":117,"featured_media":0,"parent":34958,"menu_order":0,"comment_status":"closed","ping_status":"closed","template":"","meta":{"footnotes":""},"class_list":["post-65021","page","type-page","status-publish","hentry"],"_links":{"self":[{"href":"https:\/\/edublog.educastur.es\/ixuxu\/wp-json\/wp\/v2\/pages\/65021","targetHints":{"allow":["GET"]}}],"collection":[{"href":"https:\/\/edublog.educastur.es\/ixuxu\/wp-json\/wp\/v2\/pages"}],"about":[{"href":"https:\/\/edublog.educastur.es\/ixuxu\/wp-json\/wp\/v2\/types\/page"}],"author":[{"embeddable":true,"href":"https:\/\/edublog.educastur.es\/ixuxu\/wp-json\/wp\/v2\/users\/117"}],"replies":[{"embeddable":true,"href":"https:\/\/edublog.educastur.es\/ixuxu\/wp-json\/wp\/v2\/comments?post=65021"}],"version-history":[{"count":1,"href":"https:\/\/edublog.educastur.es\/ixuxu\/wp-json\/wp\/v2\/pages\/65021\/revisions"}],"predecessor-version":[{"id":65022,"href":"https:\/\/edublog.educastur.es\/ixuxu\/wp-json\/wp\/v2\/pages\/65021\/revisions\/65022"}],"up":[{"embeddable":true,"href":"https:\/\/edublog.educastur.es\/ixuxu\/wp-json\/wp\/v2\/pages\/34958"}],"wp:attachment":[{"href":"https:\/\/edublog.educastur.es\/ixuxu\/wp-json\/wp\/v2\/media?parent=65021"}],"curies":[{"name":"wp","href":"https:\/\/api.w.org\/{rel}","templated":true}]}}