{"id":65023,"date":"2026-01-02T22:18:09","date_gmt":"2026-01-02T20:18:09","guid":{"rendered":"https:\/\/edublog.educastur.es\/ixuxu\/?page_id=65023"},"modified":"2026-01-02T22:18:09","modified_gmt":"2026-01-02T20:18:09","slug":"05_mayu","status":"publish","type":"page","link":"https:\/\/edublog.educastur.es\/ixuxu\/archivu-blogue\/articulos\/2021-2\/05_mayu\/","title":{"rendered":"05_Mayu"},"content":{"rendered":"<ul>\n<li><a href=\"https:\/\/edublog.educastur.es\/ixuxu\/2021\/05\/fruta-arandanos\/\">Fruta: Ar\u00e1ndanos, dende mediaos de xunu a finales d\u00b4ochobre<\/a>\u00a0<span class=\"post-date\">29\/05\/2021<\/span><\/li>\n<li><a href=\"https:\/\/edublog.educastur.es\/ixuxu\/2021\/05\/limpresionante-llagu-baika-el-mas-grande-y-fondo-del-mundu\/\">L\u00b4impresionante Llagu Baika, el m\u00e1s grande y fondo del mundu<\/a>\u00a0<span class=\"post-date\">29\/05\/2021<\/span><\/li>\n<li><a href=\"https:\/\/edublog.educastur.es\/ixuxu\/2021\/05\/asombrosu-cascoxu-volcanicu\/\">Asombrosu cascoxu volc\u00e1nicu. \u00danicu ser vivu que desarrolla una armadura de fierro de forma natural.<\/a>\u00a0<span class=\"post-date\">29\/05\/2021<\/span><\/li>\n<li><a href=\"https:\/\/edublog.educastur.es\/ixuxu\/2021\/05\/veleru-que-llimpia-basoria-plastica-del-mar\/\">Veleru que llimpia basoria pl\u00e1stica del mar<\/a>\u00a0<span class=\"post-date\">29\/05\/2021<\/span><\/li>\n<li><a href=\"https:\/\/edublog.educastur.es\/ixuxu\/2021\/05\/asturiasfilm-videos-fechos-nasturies\/\">@AsturiasFilm. Videos fechos n\u00b4Asturies<\/a>\u00a0<span class=\"post-date\">29\/05\/2021<\/span><\/li>\n<li><a href=\"https:\/\/edublog.educastur.es\/ixuxu\/2021\/05\/tovia-nun-ye-san-xuan\/\">\u201cTov\u00eda nun ye San Xuan\u201d, dende 4 de xunu\u2026<\/a>\u00a0<span class=\"post-date\">29\/05\/2021<\/span><\/li>\n<li><a href=\"https:\/\/edublog.educastur.es\/ixuxu\/2021\/05\/symbaloo-dasturies\/\">Symbaloo d\u00b4Asturies<\/a>\u00a0<span class=\"post-date\">29\/05\/2021<\/span><\/li>\n<li><a href=\"https:\/\/edublog.educastur.es\/ixuxu\/2021\/05\/guies-pa-descubrir-asturies\/\">Gu\u00edes pa descubrir Asturies<\/a>\u00a0<span class=\"post-date\">29\/05\/2021<\/span><\/li>\n<li><a href=\"https:\/\/edublog.educastur.es\/ixuxu\/2021\/05\/6479\/\">135 Aniversariu del IOFV<\/a>\u00a0<span class=\"post-date\">29\/05\/2021<\/span><\/li>\n<li><a href=\"https:\/\/edublog.educastur.es\/ixuxu\/2021\/05\/pa-que-nun-taburras-2021-4\/\">Pa que nun t\u2019aburras 2021<\/a>\u00a0<span class=\"post-date\">29\/05\/2021<\/span><\/li>\n<li><a href=\"https:\/\/edublog.educastur.es\/ixuxu\/2021\/05\/dia-mundial-de-la-nutricion\/\">D\u00eda mundial de la nutrici\u00f3n<\/a>\u00a0<span class=\"post-date\">28\/05\/2021<\/span><\/li>\n<li><a href=\"https:\/\/edublog.educastur.es\/ixuxu\/2021\/05\/dia-internacional-del-xuegu\/\">D\u00eda Internacional del Xuegu<\/a>\u00a0<span class=\"post-date\">28\/05\/2021<\/span><\/li>\n<li><a href=\"https:\/\/edublog.educastur.es\/ixuxu\/2021\/05\/dia-mundial-de-lhamburguesa\/\">D\u00eda Mundial de l\u00b4Hamburguesa<\/a>\u00a0<span class=\"post-date\">28\/05\/2021<\/span><\/li>\n<li><a href=\"https:\/\/edublog.educastur.es\/ixuxu\/2021\/05\/carta-duna-madre-asturiana-al-so-fiu-que-ta-fora\/\">Carta d\u00b4una madre asturiana al so f\u00edu que ta fora.<\/a>\u00a0<span class=\"post-date\">27\/05\/2021<\/span><\/li>\n<li><a href=\"https:\/\/edublog.educastur.es\/ixuxu\/2021\/05\/cuentu-xente-con-suerte\/\">Cuentu: \u00abXente con suerte\u00bb<\/a>\u00a0<span class=\"post-date\">27\/05\/2021<\/span><\/li>\n<li><a href=\"https:\/\/edublog.educastur.es\/ixuxu\/2021\/05\/mas-de-cuarenta-titulos-pintar-pintar-disponibles-na-nube-a-un-solu-clic\/\">M\u00e1s de cuarenta t\u00edtulos Pintar-Pintar, disponibles na nube a un solu clic<\/a>\u00a0<span class=\"post-date\">27\/05\/2021<\/span><\/li>\n<li><a href=\"https:\/\/edublog.educastur.es\/ixuxu\/2021\/05\/cita-cola-hestoria-nel-nmr-carlos-tartiere-30m\/\">Cita cola hestoria nel NMR Carlos Tartiere 30M<\/a>\u00a0<span class=\"post-date\">27\/05\/2021<\/span><\/li>\n<li><a href=\"https:\/\/edublog.educastur.es\/ixuxu\/2021\/05\/asina-suena-la-nueva-biblia-nasturianu\/\">Asina suena la nueva Biblia n\u2019Asturianu<\/a>\u00a0<span class=\"post-date\">27\/05\/2021<\/span><\/li>\n<li><a href=\"https:\/\/edublog.educastur.es\/ixuxu\/2021\/05\/liceberg-mas-grande-del-mundu-esprendese-de-la-antartida\/\">L\u2019iceberg m\u00e1s grande del mundu esprendese de la Ant\u00e1rtida<\/a>\u00a0<span class=\"post-date\">27\/05\/2021<\/span><\/li>\n<li><a href=\"https:\/\/edublog.educastur.es\/ixuxu\/2021\/05\/eric-carle-in-memoriam\/\">Eric Carle, que la tierra te sea leve!<\/a>\u00a0<span class=\"post-date\">27\/05\/2021<\/span><\/li>\n<li><a href=\"https:\/\/edublog.educastur.es\/ixuxu\/2021\/05\/espana-precisaria-los-recursos-naturales-de-25-planetes-pabastecese-esti-2021\/\">Espa\u00f1a precisar\u00eda los recursos naturales de 25 planetes p\u2019abastecese esti 2021.<\/a>\u00a0<span class=\"post-date\">26\/05\/2021<\/span><\/li>\n<li><a href=\"https:\/\/edublog.educastur.es\/ixuxu\/2021\/05\/publicida-de-los-xuegos-olimpicos-de-xapon-2020\/\">Publicid\u00e1 de los Xuegos Ol\u00edmpicos en Xap\u00f3n al estilu de grab\u00e1u Katsushika Hokusai.<\/a>\u00a0<span class=\"post-date\">25\/05\/2021<\/span><\/li>\n<li><a href=\"https:\/\/edublog.educastur.es\/ixuxu\/2021\/05\/tres-coses-inda-caltenemos-del-paraisu\/\">Tres coses inda caltenemos del Para\u00edsu\u2026<\/a>\u00a0<span class=\"post-date\">25\/05\/2021<\/span><\/li>\n<li><a href=\"https:\/\/edublog.educastur.es\/ixuxu\/2021\/05\/demasiada-perfeccion-nuna-composicion\/\">Demasiada perfecci\u00f3n n\u2019una composici\u00f3n.<\/a>\u00a0<span class=\"post-date\">25\/05\/2021<\/span><\/li>\n<li><a href=\"https:\/\/edublog.educastur.es\/ixuxu\/2021\/05\/bollu-prenau\/\">Recetes del \u00abBollu pre\u00f1\u00e1u\u00bb<\/a>\u00a0<span class=\"post-date\">25\/05\/2021<\/span><\/li>\n<li><a href=\"https:\/\/edublog.educastur.es\/ixuxu\/2021\/05\/ultima-frase-nel-so-diariu\/\">\u00daltima frase nel diariu de Dian Fossey<\/a>\u00a0<span class=\"post-date\">25\/05\/2021<\/span><\/li>\n<li><a href=\"https:\/\/edublog.educastur.es\/ixuxu\/2021\/05\/espectaculu-doble-leclis-llunar-y-la-superluna-de-mayu\/\">Espect\u00e1culu doble: l\u2019ecl\u00eds llunar y la superluna de mayu<\/a>\u00a0<span class=\"post-date\">25\/05\/2021<\/span><\/li>\n<li><a href=\"https:\/\/edublog.educastur.es\/ixuxu\/2021\/05\/conmemoracion-del-25-de-mayu\/\">D\u00eda de la bandera asturiana (25 de mayu)<\/a>\u00a0<span class=\"post-date\">25\/05\/2021<\/span><\/li>\n<li><a href=\"https:\/\/edublog.educastur.es\/ixuxu\/2021\/05\/dia-del-arguyu-geek-friki\/\">D\u00eda del arguyu geek \/ friki<\/a>\u00a0<span class=\"post-date\">24\/05\/2021<\/span><\/li>\n<li><a href=\"https:\/\/edublog.educastur.es\/ixuxu\/2021\/05\/senarda-de-david-fernandez-mejuto\/\">\u00abSe\u00f1ard\u00e1\u00bb, de David Fern\u00e1ndez Mejuto<\/a>\u00a0<span class=\"post-date\">24\/05\/2021<\/span><\/li>\n<li><a href=\"https:\/\/edublog.educastur.es\/ixuxu\/2021\/05\/dia-europeo-de-los-parques-naturales\/\">D\u00eda Europeu de los Parques Naturales<\/a>\u00a0<span class=\"post-date\">24\/05\/2021<\/span><\/li>\n<li><a href=\"https:\/\/edublog.educastur.es\/ixuxu\/2021\/05\/el-stand-dasturies-en-fitur-recibel-premiu-al-stand-mas-sostenible\/\">El stand d\u2019Asturies en Fitur recibe\u2019l premiu al \u201cstand m\u00e1s sostenible\u201d.<\/a>\u00a0<span class=\"post-date\">23\/05\/2021<\/span><\/li>\n<li><a href=\"https:\/\/edublog.educastur.es\/ixuxu\/2021\/05\/el-catasol\/\">El catasol (mariquita)<\/a>\u00a0<span class=\"post-date\">22\/05\/2021<\/span><\/li>\n<li><a href=\"https:\/\/edublog.educastur.es\/ixuxu\/2021\/05\/asturies-cuna-mundial-de-la-sidra\/\">Asturies, cuna mundial de la sidra<\/a>\u00a0<span class=\"post-date\">21\/05\/2021<\/span><\/li>\n<li><a href=\"https:\/\/edublog.educastur.es\/ixuxu\/2021\/05\/xxvii-xornaes-de-les-fabes\/\">XXVII Xornaes de les Fabes<\/a>\u00a0<span class=\"post-date\">21\/05\/2021<\/span><\/li>\n<li><a href=\"https:\/\/edublog.educastur.es\/ixuxu\/2021\/05\/dia-europeu-de-la-rede-natura\/\">D\u00eda Europeu de la Rede Natura<\/a>\u00a0<span class=\"post-date\">21\/05\/2021<\/span><\/li>\n<li><a href=\"https:\/\/edublog.educastur.es\/ixuxu\/2021\/05\/dia-mundial-de-la-diversida-cultural\/\">D\u00eda Mundial de la Diversid\u00e1 Cultural<\/a>\u00a0<span class=\"post-date\">21\/05\/2021<\/span><\/li>\n<li><a href=\"https:\/\/edublog.educastur.es\/ixuxu\/2021\/05\/la-basura-espacial-ya-ye-un-problema\/\">La basura espacial y\u00e1 ye un problema<\/a>\u00a0<span class=\"post-date\">20\/05\/2021<\/span><\/li>\n<li><a href=\"https:\/\/edublog.educastur.es\/ixuxu\/2021\/05\/zapa-mountain-nel-tallerin-de-javier\/\">ZAPA-MOUNTAIN nel Tallerin de Javier<\/a>\u00a0<span class=\"post-date\">20\/05\/2021<\/span><\/li>\n<li><a href=\"https:\/\/edublog.educastur.es\/ixuxu\/2021\/05\/les-mosques-y-los-mosquitos-son-mas-intelixentes-quun-superordenador\/\">Les mosques y los mosquitos son m\u00e1s intelixentes qu\u2019un superordenador<\/a>\u00a0<span class=\"post-date\">20\/05\/2021<\/span><\/li>\n<li><a href=\"https:\/\/edublog.educastur.es\/ixuxu\/2021\/05\/por-nun-falar-de-susana-sela\/\">\u00abPor nun falar\u00bb de Susana Sela<\/a>\u00a0<span class=\"post-date\">20\/05\/2021<\/span><\/li>\n<li><a href=\"https:\/\/edublog.educastur.es\/ixuxu\/2021\/05\/claves\/\">Claves\u2026<\/a>\u00a0<span class=\"post-date\">20\/05\/2021<\/span><\/li>\n<li><a href=\"https:\/\/edublog.educastur.es\/ixuxu\/2021\/05\/la-primer-persona-na-hestoria-en-faelo\/\">La primer persona na hestoria en faelo\u2026<\/a>\u00a0<span class=\"post-date\">20\/05\/2021<\/span><\/li>\n<li><a href=\"https:\/\/edublog.educastur.es\/ixuxu\/2021\/05\/un-de-los-fenomenos-mas-fermosos-de-la-naturaleza\/\">Los eclises: \u00fan de los fen\u00f3menos m\u00e1s fermosos de la naturaleza<\/a>\u00a0<span class=\"post-date\">20\/05\/2021<\/span><\/li>\n<li><a href=\"https:\/\/edublog.educastur.es\/ixuxu\/2021\/05\/angelina-jolie-ta-trabayando-nuna-iniciativa-de-muyeres-poles-abeyes\/\">Angelina Jolie ta trabayando n\u2019una iniciativa de \u00abMuyeres poles abeyes\u00bb<\/a>\u00a0<span class=\"post-date\">20\/05\/2021<\/span><\/li>\n<li><a href=\"https:\/\/edublog.educastur.es\/ixuxu\/2021\/05\/primer-muyer-en-realizar-un-vuelu-solitariu-al-travies-del-oceanu-atlanticu\/\">Primer muyer en realizar un vuelu solitariu al travi\u00e9s del oc\u00e9anu Atl\u00e1nticu<\/a>\u00a0<span class=\"post-date\">20\/05\/2021<\/span><\/li>\n<li><a href=\"https:\/\/edublog.educastur.es\/ixuxu\/2021\/05\/dia-mundial-de-les-abeyes\/\">D\u00eda Mundial de les Abeyes<\/a>\u00a0<span class=\"post-date\">18\/05\/2021<\/span><\/li>\n<li><a href=\"https:\/\/edublog.educastur.es\/ixuxu\/2021\/05\/el-museu-casa-natal-de-xovellanos-cumple-50-anos\/\">El Mus\u00e9u Casa Natal de Xovellanos cumple 50 a\u00f1os.<\/a>\u00a0<span class=\"post-date\">18\/05\/2021<\/span><\/li>\n<li><a href=\"https:\/\/edublog.educastur.es\/ixuxu\/2021\/05\/asturies-en-fitur-2021\/\">Asturies en Fitur 2021: del 19-21 de mayu<\/a>\u00a0<span class=\"post-date\">18\/05\/2021<\/span><\/li>\n<li><a href=\"https:\/\/edublog.educastur.es\/ixuxu\/2021\/05\/muerrel-musicu-franco-battiato\/\">Muerre\u2019l m\u00fasicu Franco Battiato<\/a>\u00a0<span class=\"post-date\">18\/05\/2021<\/span><\/li>\n<li><a href=\"https:\/\/edublog.educastur.es\/ixuxu\/2021\/05\/dia-internacional-de-los-museos-2\/\">D\u00eda Internacional de los Museos<\/a>\u00a0<span class=\"post-date\">18\/05\/2021<\/span><\/li>\n<li><a href=\"https:\/\/edublog.educastur.es\/ixuxu\/2021\/05\/por-quel-18-de-mayu-celebral-dia-internacional-de-los-museos\/\">\u00bfPor qu\u00e9\u2019l 18 de mayu celebra\u2019l D\u00eda Internacional de los Museos?<\/a>\u00a0<span class=\"post-date\">18\/05\/2021<\/span><\/li>\n<li><a href=\"https:\/\/edublog.educastur.es\/ixuxu\/2021\/05\/edicion-especial-2020-un-ano-historico\/\">Edici\u00f3n Especial \u00ab2020 Un a\u00f1o hist\u00f3rico\u00bb<\/a>\u00a0<span class=\"post-date\">17\/05\/2021<\/span><\/li>\n<li><a href=\"https:\/\/edublog.educastur.es\/ixuxu\/2021\/05\/dia-mundial-del-reciclaje\/\">D\u00eda Mundial del reciclaje<\/a>\u00a0<span class=\"post-date\">17\/05\/2021<\/span><\/li>\n<li><a href=\"https:\/\/edublog.educastur.es\/ixuxu\/2021\/05\/lornitologu-asturianu-daniel-lopez-afaya-una-nueva-especie-dave-nespana\/\">L\u2019ornit\u00f3logu asturianu Daniel L\u00f3pez afaya una nueva especie d\u2019ave n\u2019Espa\u00f1a<\/a>\u00a0<span class=\"post-date\">17\/05\/2021<\/span><\/li>\n<li><a href=\"https:\/\/edublog.educastur.es\/ixuxu\/2021\/05\/dia-dinternet-o-dia-mundial-de-la-socieda-de-la-informacion\/\">D\u00eda d\u00b4Internet o D\u00eda Mundial de la Socied\u00e1 de la Informaci\u00f3n<\/a>\u00a0<span class=\"post-date\">17\/05\/2021<\/span><\/li>\n<li><a href=\"https:\/\/edublog.educastur.es\/ixuxu\/2021\/05\/6173\/\">D\u00eda Internacional contra l\u00b4Homofobia, la Transfobia y la Bifobia<\/a>\u00a0<span class=\"post-date\">17\/05\/2021<\/span><\/li>\n<li><a href=\"https:\/\/edublog.educastur.es\/ixuxu\/2021\/05\/moda-urbana-de-cubrir-con-ganchiyul-mobiliariu-urbanu\/\">Moda urbana de cubrir con ganchiyu\u2019l mobiliariu urbanu<\/a>\u00a0<span class=\"post-date\">16\/05\/2021<\/span><\/li>\n<li><a href=\"https:\/\/edublog.educastur.es\/ixuxu\/2021\/05\/6144\/\">\u00bfYes bonu saltando a la cuerda?<\/a>\u00a0<span class=\"post-date\">15\/05\/2021<\/span><\/li>\n<li><a href=\"https:\/\/edublog.educastur.es\/ixuxu\/2021\/05\/mitoloxies-carlos-alba-cellero\/\">Mitolox\u00edes. Carlos Alba, \u00abCellero\u00bb<\/a>\u00a0<span class=\"post-date\">15\/05\/2021<\/span><\/li>\n<li><a href=\"https:\/\/edublog.educastur.es\/ixuxu\/2021\/05\/dia-internacional-de-les-families-2\/\">D\u00eda Internacional de les Families<\/a>\u00a0<span class=\"post-date\">15\/05\/2021<\/span><\/li>\n<li><a href=\"https:\/\/edublog.educastur.es\/ixuxu\/2021\/05\/dia-mundial-del-de-la-entrenador-a-de-futbol\/\">D\u00eda Mundial del\/de la Entrenador\/a de F\u00fatbol<\/a>\u00a0<span class=\"post-date\">13\/05\/2021<\/span><\/li>\n<li><a href=\"https:\/\/edublog.educastur.es\/ixuxu\/2021\/05\/dia-de-la-infancia-hospitaliza\/\">D\u00eda del Ne\u00f1u Hospitaliz\u00e1u<\/a>\u00a0<span class=\"post-date\">13\/05\/2021<\/span><\/li>\n<li><a href=\"https:\/\/edublog.educastur.es\/ixuxu\/2021\/05\/el-xuegu-la-bola\/\">El Xuegu la Bola<\/a>\u00a0<span class=\"post-date\">12\/05\/2021<\/span><\/li>\n<li><a href=\"https:\/\/edublog.educastur.es\/ixuxu\/2021\/05\/6049\/\">\u00abQu\u00e9 importante ye qu\u2019esistan muyeres qu\u2019inspiren a otres muyeres\u00bb<\/a>\u00a0<span class=\"post-date\">12\/05\/2021<\/span><\/li>\n<li><a href=\"https:\/\/edublog.educastur.es\/ixuxu\/2021\/05\/pegoyos-y-patrimoniu-asturianu\/\">Pegoyos y patrimoniu asturianu<\/a>\u00a0<span class=\"post-date\">12\/05\/2021<\/span><\/li>\n<li><a href=\"https:\/\/edublog.educastur.es\/ixuxu\/2021\/05\/apaez-nuna-sablera-un-estranu-pexe-con-caniles-y-tentaculos-que-vive-nagues-fondes\/\">Apaez n\u2019una sablera un \u2018estra\u00f1u\u2019 pexe con caniles y tent\u00e1culos que vive n\u2019ag\u00fces fondes<\/a>\u00a0<span class=\"post-date\">12\/05\/2021<\/span><\/li>\n<li><a href=\"https:\/\/edublog.educastur.es\/ixuxu\/2021\/05\/dia-internacional-de-la-enfermeria\/\">D\u00eda Internacional de la Enfermer\u00eda.<\/a>\u00a0<span class=\"post-date\">12\/05\/2021<\/span><\/li>\n<li><a href=\"https:\/\/edublog.educastur.es\/ixuxu\/2021\/05\/menu-de-lascension\/\">Men\u00fa de l\u2019Ascensi\u00f3n<\/a>\u00a0<span class=\"post-date\">11\/05\/2021<\/span><\/li>\n<li><a href=\"https:\/\/edublog.educastur.es\/ixuxu\/2021\/05\/un-pexe-atrapau-dientro-duna-aguamala-medusa\/\">Un pexe atrap\u00e1u dientro d\u2019una aguamala\/medusa<\/a>\u00a0<span class=\"post-date\">11\/05\/2021<\/span><\/li>\n<li><a href=\"https:\/\/edublog.educastur.es\/ixuxu\/2021\/05\/caballin-del-dianu\/\">Caball\u00edn del dia\u00f1u<\/a>\u00a0<span class=\"post-date\">11\/05\/2021<\/span><\/li>\n<li><a href=\"https:\/\/edublog.educastur.es\/ixuxu\/2021\/05\/feria-de-lascension-nuvieu\/\">Feria de L\u00b4Ascensi\u00f3n n\u00b4Uvi\u00e9u<\/a>\u00a0<span class=\"post-date\">11\/05\/2021<\/span><\/li>\n<li><a href=\"https:\/\/edublog.educastur.es\/ixuxu\/2021\/05\/14-sableres-asturianes-que-van-llucir-la-bandera-azul-esti-branu\/\">14 sableres asturianes que van llucir la bandera azul esti branu<\/a>\u00a0<span class=\"post-date\">11\/05\/2021<\/span><\/li>\n<li><a href=\"https:\/\/edublog.educastur.es\/ixuxu\/2021\/05\/el-llince-boreal-recupera-asturies-cola-nacencia-de-tres-nueves-cries\/\">El llince\u00a0boreal recupera Asturies cola nacencia de tr\u00e9s nueves cr\u00edes<\/a>\u00a0<span class=\"post-date\">10\/05\/2021<\/span><\/li>\n<li><a href=\"https:\/\/edublog.educastur.es\/ixuxu\/2021\/05\/6085\/\">VI Enta\u00edna a escribir<\/a>\u00a0<span class=\"post-date\">10\/05\/2021<\/span><\/li>\n<li><a href=\"https:\/\/edublog.educastur.es\/ixuxu\/2021\/05\/dia-deuropa-2\/\">D\u00eda d\u2019Europa<\/a>\u00a0<span class=\"post-date\">09\/05\/2021<\/span><\/li>\n<li><a href=\"https:\/\/edublog.educastur.es\/ixuxu\/2021\/05\/curiosida-la-conocencia-ye-infinitu\/\">Curiosid\u00e1: La conocencia ye infinitu.<\/a>\u00a0<span class=\"post-date\">08\/05\/2021<\/span><\/li>\n<li><a href=\"https:\/\/edublog.educastur.es\/ixuxu\/2021\/05\/oficialida\/\">\u00abOficialid\u00e1\u00bb<\/a>\u00a0<span class=\"post-date\">08\/05\/2021<\/span><\/li>\n<li><a href=\"https:\/\/edublog.educastur.es\/ixuxu\/2021\/05\/amca-archivu-de-la-musica-contemporanea-asturiana\/\">AMCA: Archivu de la M\u00fasica Contempor\u00e1nea Asturiana<\/a>\u00a0<span class=\"post-date\">08\/05\/2021<\/span><\/li>\n<li><a href=\"https:\/\/edublog.educastur.es\/ixuxu\/2021\/05\/el-momento-e-agora-oficialida\/\">El momento \u00e9 agora: OFICIALID\u00c1<\/a>\u00a0<span class=\"post-date\">08\/05\/2021<\/span><\/li>\n<li><a href=\"https:\/\/edublog.educastur.es\/ixuxu\/2021\/05\/festival-de-xelu\/\">Festival de Xelu<\/a>\u00a0<span class=\"post-date\">08\/05\/2021<\/span><\/li>\n<li><a href=\"https:\/\/edublog.educastur.es\/ixuxu\/2021\/05\/poesia-en-gallego-asturiano\/\">Poes\u00eda en gallego-asturiano<\/a>\u00a0<span class=\"post-date\">07\/05\/2021<\/span><\/li>\n<li><a href=\"https:\/\/edublog.educastur.es\/ixuxu\/2021\/05\/conoces-dalguna-pallabra-nasturianu\/\">Conoces dalguna pallabra n\u00b4asturianu?<\/a>\u00a0<span class=\"post-date\">07\/05\/2021<\/span><\/li>\n<li><a href=\"https:\/\/edublog.educastur.es\/ixuxu\/2021\/05\/dia-de-les-lletres-asturianes\/\">G\u00fcei ye\u00b4l d\u00eda de les nueses lletres<\/a>\u00a0<span class=\"post-date\">06\/05\/2021<\/span><\/li>\n<li><a href=\"https:\/\/edublog.educastur.es\/ixuxu\/2021\/05\/dia-del-llibru-asturianu-2\/\">D\u00eda del Llibru asturianu<\/a>\u00a0<span class=\"post-date\">06\/05\/2021<\/span><\/li>\n<li><a href=\"https:\/\/edublog.educastur.es\/ixuxu\/2021\/05\/la-serie-sobro-la-hestoria-de-los-horros-dasturies\/\">La serie sobro la hestoria de los horros d\u2019Asturies\u2026<\/a>\u00a0<span class=\"post-date\">06\/05\/2021<\/span><\/li>\n<li><a href=\"https:\/\/edublog.educastur.es\/ixuxu\/2021\/05\/selmana-de-les-lletres-en-mieres\/\">Selmana de les Lletres en Mieres<\/a>\u00a0<span class=\"post-date\">06\/05\/2021<\/span><\/li>\n<li><a href=\"https:\/\/edublog.educastur.es\/ixuxu\/2021\/05\/dia-internacional-del-organu\/\">D\u00eda Internacional del \u00f3rganu.<\/a>\u00a0<span class=\"post-date\">06\/05\/2021<\/span><\/li>\n<li><a href=\"https:\/\/edublog.educastur.es\/ixuxu\/2021\/05\/dia-mundial-de-la-hixene-de-manos\/\">D\u00eda Mundial de la Hixene de Manos<\/a>\u00a0<span class=\"post-date\">05\/05\/2021<\/span><\/li>\n<li><a href=\"https:\/\/edublog.educastur.es\/ixuxu\/2021\/05\/dia-mundial-de-la-llingua-portuguesa\/\">D\u00eda Mundial de la Llingua Portuguesa<\/a>\u00a0<span class=\"post-date\">05\/05\/2021<\/span><\/li>\n<li><a href=\"https:\/\/edublog.educastur.es\/ixuxu\/2021\/05\/dia-de-star-wars-2\/\">D\u00eda de Star Wars<\/a>\u00a0<span class=\"post-date\">04\/05\/2021<\/span><\/li>\n<li><a href=\"https:\/\/edublog.educastur.es\/ixuxu\/2021\/05\/42-selmana-de-les-lletres-asturianes-nel-amaro\/\">42 Selmana de les lletres asturianes: Nel Amaro<\/a>\u00a0<span class=\"post-date\">03\/05\/2021<\/span><\/li>\n<li><a href=\"https:\/\/edublog.educastur.es\/ixuxu\/2021\/05\/patinas-como-una-nena\/\">Patinas como una ne\u00f1a<\/a>\u00a0<span class=\"post-date\">02\/05\/2021<\/span><\/li>\n<li><a href=\"https:\/\/edublog.educastur.es\/ixuxu\/2021\/05\/casil-70-del-aire-qualendamos-ye-al-travies-del-oceanu\/\">Casi\u2019l 70 % del aire qu\u2019alendamos ye al travi\u00e9s del oc\u00e9anu.<\/a>\u00a0<span class=\"post-date\">02\/05\/2021<\/span><\/li>\n<li><a href=\"https:\/\/edublog.educastur.es\/ixuxu\/2021\/05\/elsa-medra\/\">Elsa medra y cumple dos a\u00f1os<\/a>\u00a0<span class=\"post-date\">02\/05\/2021<\/span><\/li>\n<li><a href=\"https:\/\/edublog.educastur.es\/ixuxu\/2021\/05\/noveda-bum\/\">Noved\u00e1: \u00a1Bum! n\u00b4asturianu<\/a>\u00a0<span class=\"post-date\">02\/05\/2021<\/span><\/li>\n<li><a href=\"https:\/\/edublog.educastur.es\/ixuxu\/2021\/05\/homenaxe-a-les-madres\/\">Homenaxe a les madres<\/a>\u00a0<span class=\"post-date\">02\/05\/2021<\/span><\/li>\n<li><a href=\"https:\/\/edublog.educastur.es\/ixuxu\/2021\/05\/35-semeyes-macro-impresionantes-para-inspirate\/\">35 Semeyes Macro Impresionantes para Inspirate<\/a>\u00a0<span class=\"post-date\">02\/05\/2021<\/span><\/li>\n<li><a href=\"https:\/\/edublog.educastur.es\/ixuxu\/2021\/05\/5811\/\">Primer mapa cient\u00edficu del fondu del Oc\u00e9anu Atl\u00e1nticu.<\/a>\u00a0<span class=\"post-date\">02\/05\/2021<\/span><\/li>\n<li><a href=\"https:\/\/edublog.educastur.es\/ixuxu\/2021\/05\/la-naturaleza-cosmica-de-yayoi-kusama-invadel-xardin-botanicu-de-new-york\/\">La naturaleza c\u00f3smica\u00bb de Yayoi Kusama invade\u2019l Xard\u00edn Bot\u00e1nicu de New York<\/a>\u00a0<span class=\"post-date\">02\/05\/2021<\/span><\/li>\n<li><a href=\"https:\/\/edublog.educastur.es\/ixuxu\/2021\/05\/buho-considerau-el-mas-grande-del-mundu\/\">B\u00faho: consider\u00e1u el m\u00e1s grande del mundu<\/a>\u00a0<span class=\"post-date\">02\/05\/2021<\/span><\/li>\n<li><a href=\"https:\/\/edublog.educastur.es\/ixuxu\/2021\/05\/llanes-quier-tener-el-llaberintu-vexetal-mas-grande-despana\/\">Llanes quier tener el llaberintu vexetal m\u00e1s grande d\u2019Espa\u00f1a<\/a>\u00a0<span class=\"post-date\">02\/05\/2021<\/span><\/li>\n<li><a href=\"https:\/\/edublog.educastur.es\/ixuxu\/2021\/05\/el-traxe-dasturiana-protagonista-de-la-nueva-coleccion-de-reliquiae\/\">El traxe d\u2019asturiana, protagonista de la nueva colecci\u00f3n de Reliquiae<\/a>\u00a0<span class=\"post-date\">02\/05\/2021<\/span><\/li>\n<li><a href=\"https:\/\/edublog.educastur.es\/ixuxu\/2021\/05\/un-nuevu-record-mundial\/\">Un nuevu r\u00e9cord mundial<\/a>\u00a0<span class=\"post-date\">02\/05\/2021<\/span><\/li>\n<li><a href=\"https:\/\/edublog.educastur.es\/ixuxu\/2021\/05\/dicires\/\">Dicires<\/a>\u00a0<span class=\"post-date\">02\/05\/2021<\/span><\/li>\n<li><a href=\"https:\/\/edublog.educastur.es\/ixuxu\/2021\/05\/46-anos-de-heidi\/\">46 a\u00f1os que s\u00b4estren\u00f3 \u00abHeidi\u00bb<\/a>\u00a0<span class=\"post-date\">02\/05\/2021<\/span><\/li>\n<li><a href=\"https:\/\/edublog.educastur.es\/ixuxu\/2021\/05\/amor-de-ma\/\">Amor de m\u00e1<\/a>\u00a0<span class=\"post-date\">02\/05\/2021<\/span><\/li>\n<li><a href=\"https:\/\/edublog.educastur.es\/ixuxu\/2021\/05\/clowntigo-nel-huca\/\">Clowntigo nel HUCA<\/a>\u00a0<span class=\"post-date\">02\/05\/2021<\/span><\/li>\n<li><a href=\"https:\/\/edublog.educastur.es\/ixuxu\/2021\/05\/pa-que-nun-taburras-2021-3\/\">\u00abPa que nun t\u2019aburras 2021\u00bb<\/a>\u00a0<span class=\"post-date\">02\/05\/2021<\/span><\/li>\n<li><a href=\"https:\/\/edublog.educastur.es\/ixuxu\/2021\/05\/gracies-pola-vida-ma\/\">Gracies pola vida, m\u00e1<\/a>\u00a0<span class=\"post-date\">02\/05\/2021<\/span><\/li>\n<li><a href=\"https:\/\/edublog.educastur.es\/ixuxu\/2021\/05\/mural-sobro-la-curtia-darboles-con-hachu-y-tronzon\/\">Mural sobro \u00abla curtia d\u2019\u00e1rboles con hachu y tronz\u00f3n\u00bb<\/a>\u00a0<span class=\"post-date\">02\/05\/2021<\/span><\/li>\n<li><a href=\"https:\/\/edublog.educastur.es\/ixuxu\/2021\/05\/alcuentru-virtual-la-escuela-nasturianu\/\">Alcuentru virtual: La escuela n\u2019asturianu<\/a>\u00a0<span class=\"post-date\">01\/05\/2021<\/span><\/li>\n<li><a href=\"https:\/\/edublog.educastur.es\/ixuxu\/2021\/05\/un-grupu-xapones-versiona-el-famosu-cantar\/\">Un grupu xapon\u00e9s versiona el famosu cantar<\/a>\u00a0<span class=\"post-date\">01\/05\/2021<\/span><\/li>\n<li><a href=\"https:\/\/edublog.educastur.es\/ixuxu\/2021\/05\/eventos-astronomicos-de-mayu\/\">Eventos astron\u00f3micos de mayu<\/a>\u00a0<span class=\"post-date\">01\/05\/2021<\/span><\/li>\n<li><a href=\"https:\/\/edublog.educastur.es\/ixuxu\/2021\/05\/labeyeru-europeu-pernis-apivorus\/\">L\u2019abeyeru europ\u00e9u (Pernis apivorus)<\/a>\u00a0<span class=\"post-date\">01\/05\/2021<\/span><\/li>\n<li><a href=\"https:\/\/edublog.educastur.es\/ixuxu\/2021\/05\/canciu-nel-campu-nacen-flores\/\">Canciu: \u00abNel campu nacen flores\u00bb<\/a>\u00a0<span class=\"post-date\">01\/05\/2021<\/span><\/li>\n<li><a href=\"https:\/\/edublog.educastur.es\/ixuxu\/2021\/05\/dia-del-trabayu-2\/\">D\u00eda del Trabayu<\/a>\u00a0<span class=\"post-date\">01\/05\/2021<\/span><\/li>\n<li><a href=\"https:\/\/edublog.educastur.es\/ixuxu\/2021\/05\/semeya-mas-qualimentu\/\">Semeya: \u00abM\u00e1s qu\u2019alimentu\u00bb<\/a>\u00a0<span class=\"post-date\">01\/05\/2021<\/span><\/li>\n<li><a href=\"https:\/\/edublog.educastur.es\/ixuxu\/2021\/05\/llogren-rescatar-con-un-helicopteru-a-un-toru-de-1-000-quilos-que-baxo-por-un-cantil-en-gozon\/\">Llogren rescatar con un helic\u00f3pteru a un toru de 1.000 quilos que bax\u00f3 per un cantil en Goz\u00f3n<\/a>\u00a0<span class=\"post-date\">01\/05\/2021<\/span><\/li>\n<\/ul>\n","protected":false},"excerpt":{"rendered":"<p>Fruta: Ar\u00e1ndanos, dende mediaos de xunu a finales d\u00b4ochobre\u00a029\/05\/2021 L\u00b4impresionante Llagu Baika, el m\u00e1s grande y fondo del mundu\u00a029\/05\/2021 Asombrosu cascoxu volc\u00e1nicu. \u00danicu ser vivu que desarrolla una armadura de fierro de forma natural.\u00a029\/05\/2021 Veleru que llimpia basoria pl\u00e1stica del mar\u00a029\/05\/2021 @AsturiasFilm. Videos fechos n\u00b4Asturies\u00a029\/05\/2021 \u201cTov\u00eda nun ye San Xuan\u201d, dende 4 de xunu\u2026\u00a029\/05\/2021 Symbaloo [&hellip;]<\/p>\n","protected":false},"author":117,"featured_media":0,"parent":34958,"menu_order":0,"comment_status":"closed","ping_status":"closed","template":"","meta":{"footnotes":""},"class_list":["post-65023","page","type-page","status-publish","hentry"],"_links":{"self":[{"href":"https:\/\/edublog.educastur.es\/ixuxu\/wp-json\/wp\/v2\/pages\/65023","targetHints":{"allow":["GET"]}}],"collection":[{"href":"https:\/\/edublog.educastur.es\/ixuxu\/wp-json\/wp\/v2\/pages"}],"about":[{"href":"https:\/\/edublog.educastur.es\/ixuxu\/wp-json\/wp\/v2\/types\/page"}],"author":[{"embeddable":true,"href":"https:\/\/edublog.educastur.es\/ixuxu\/wp-json\/wp\/v2\/users\/117"}],"replies":[{"embeddable":true,"href":"https:\/\/edublog.educastur.es\/ixuxu\/wp-json\/wp\/v2\/comments?post=65023"}],"version-history":[{"count":1,"href":"https:\/\/edublog.educastur.es\/ixuxu\/wp-json\/wp\/v2\/pages\/65023\/revisions"}],"predecessor-version":[{"id":65024,"href":"https:\/\/edublog.educastur.es\/ixuxu\/wp-json\/wp\/v2\/pages\/65023\/revisions\/65024"}],"up":[{"embeddable":true,"href":"https:\/\/edublog.educastur.es\/ixuxu\/wp-json\/wp\/v2\/pages\/34958"}],"wp:attachment":[{"href":"https:\/\/edublog.educastur.es\/ixuxu\/wp-json\/wp\/v2\/media?parent=65023"}],"curies":[{"name":"wp","href":"https:\/\/api.w.org\/{rel}","templated":true}]}}